{"id":90314,"date":"2020-07-30T09:36:17","date_gmt":"2020-07-30T07:36:17","guid":{"rendered":"https:\/\/www.area-arch.it\/?page_id=90314"},"modified":"2020-07-30T09:40:11","modified_gmt":"2020-07-30T07:40:11","slug":"contemporary-itinerary-asuncion","status":"publish","type":"page","link":"https:\/\/www.area-arch.it\/en\/contemporary-itinerary\/contemporary-itinerary-asuncion\/","title":{"rendered":"Contemporary itinerary: Asunci\u00f3n"},"content":{"rendered":"<div class=\"area-mappa\">\n  <a name=\"mappa\" id=\"mappa\"><\/a>\n  <div id=\"js-wpv-addon-maps-render-map-1\" style=\"width:100%; height:500px;\" class=\"wpv-addon-maps-render js-wpv-addon-maps-render js-wpv-addon-maps-render-map-1 \" data-map=\"map-1\" data-generalzoom=\"5\" data-generalcenterlat=\"0\" data-generalcenterlon=\"0\" data-fitbounds=\"on\" data-singlezoom=\"14\" data-singlecenter=\"on\" data-osmlayer=\"standard\" data-maptype=\"roadmap\" data-showlayerinterests=\"false\" data-markericon=\"\" data-markericonhover=\"\" data-draggable=\"on\" data-scrollwheel=\"on\" data-doubleclickzoom=\"on\" data-maptypecontrol=\"on\" data-fullscreencontrol=\"on\" data-zoomcontrol=\"on\" data-streetviewcontrol=\"on\" data-backgroundcolor=\"\" data-cluster=\"on\" data-clustergridsize=\"60\" data-clustermaxzoom=\"\" data-clusterclickzoom=\"on\" data-clusterminsize=\"2\" data-stylejson=\"\/\/www.area-arch.it\/wp-content\/plugins\/toolset-maps\/resources\/json\/Standard.json\" data-spiderfy=\"off\" data-streetview=\"off\" data-markerid=\"\" data-location=\"\" data-lat=\"0\" data-long=\"0\" data-heading=\"\" data-pitch=\"\"><\/div>\n  \n\t<div class=\"sponsor\">\n    \n\t\t<a href=\"https:\/\/www.area-arch.it\/\" target=\"_blank\" rel=\"noopener noreferrer\">\n    \n          <img decoding=\"async\" src=\"https:\/\/www.area-arch.it\/wp-content\/uploads\/sites\/6\/2017\/10\/logo_area_369.png\" alt=\"sponsor\" class=\"attachment-full\" \/>\n    \n\t\t<\/a>\n    \n\t<\/div>\n  \n<\/div>\n<form autocomplete=\"off\" name=\"wpv-filter-28977-CATTRa13eb8c4f4a784524cd5326b7a70602f\" action=\"\/en\/wp-json\/wp\/v2\/pages\/90314?wpv_view_count=28977-CATTRa13eb8c4f4a784524cd5326b7a70602f\" method=\"get\" class=\"wpv-filter-form js-wpv-filter-form js-wpv-filter-form-28977-CATTRa13eb8c4f4a784524cd5326b7a70602f js-wpv-form-full\" data-viewnumber=\"28977-CATTRa13eb8c4f4a784524cd5326b7a70602f\" data-viewid=\"28977\" data-viewhash=\"eyJuYW1lIjoiaXRpbmVyYXJpIiwid3B2Y2l0dGFpdGluZXJhcmlvIjoiYXN1bmNpXHUwMGYzbiJ9\" data-viewwidgetid=\"0\" data-orderby=\"\" data-order=\"\" data-orderbyas=\"\" data-orderbysecond=\"\" data-ordersecond=\"\" data-parametric=\"{&quot;query&quot;:&quot;normal&quot;,&quot;id&quot;:28977,&quot;view_id&quot;:28977,&quot;widget_id&quot;:0,&quot;view_hash&quot;:&quot;28977-CATTRa13eb8c4f4a784524cd5326b7a70602f&quot;,&quot;action&quot;:&quot;\\\/en\\\/wp-json\\\/wp\\\/v2\\\/pages\\\/90314?wpv_view_count=28977-CATTRa13eb8c4f4a784524cd5326b7a70602f&quot;,&quot;sort&quot;:{&quot;orderby&quot;:&quot;&quot;,&quot;order&quot;:&quot;&quot;,&quot;orderby_as&quot;:&quot;&quot;,&quot;orderby_second&quot;:&quot;&quot;,&quot;order_second&quot;:&quot;&quot;},&quot;orderby&quot;:&quot;&quot;,&quot;order&quot;:&quot;&quot;,&quot;orderby_as&quot;:&quot;&quot;,&quot;orderby_second&quot;:&quot;&quot;,&quot;order_second&quot;:&quot;&quot;,&quot;ajax_form&quot;:&quot;&quot;,&quot;ajax_results&quot;:&quot;&quot;,&quot;effect&quot;:&quot;fade&quot;,&quot;prebefore&quot;:&quot;&quot;,&quot;before&quot;:&quot;&quot;,&quot;after&quot;:&quot;&quot;,&quot;attributes&quot;:{&quot;wpvcittaitinerario&quot;:&quot;asunci\\u00f3n&quot;},&quot;environment&quot;:{&quot;current_post_id&quot;:90314,&quot;parent_post_id&quot;:90314,&quot;parent_term_id&quot;:0,&quot;parent_user_id&quot;:0,&quot;archive&quot;:{&quot;type&quot;:&quot;&quot;,&quot;name&quot;:&quot;&quot;,&quot;data&quot;:[]}},&quot;loop&quot;:{&quot;type&quot;:&quot;&quot;,&quot;name&quot;:&quot;&quot;,&quot;data&quot;:[],&quot;id&quot;:0}}\" data-attributes=\"{&quot;wpvcittaitinerario&quot;:&quot;asunci\\u00f3n&quot;}\" data-environment=\"{&quot;current_post_id&quot;:90314,&quot;parent_post_id&quot;:90314,&quot;parent_term_id&quot;:0,&quot;parent_user_id&quot;:0,&quot;archive&quot;:{&quot;type&quot;:&quot;&quot;,&quot;name&quot;:&quot;&quot;,&quot;data&quot;:[]}}\"><input type=\"hidden\" class=\"js-wpv-dps-filter-data js-wpv-filter-data-for-this-form\" data-action=\"\/en\/wp-json\/wp\/v2\/pages\/90314?wpv_view_count=28977-CATTRa13eb8c4f4a784524cd5326b7a70602f\" data-page=\"1\" data-ajax=\"disable\" data-effect=\"fade\" data-maxpages=\"0\" data-ajaxprebefore=\"\" data-ajaxbefore=\"\" data-ajaxafter=\"\" \/><input class=\"wpv_view_count wpv_view_count-28977-CATTRa13eb8c4f4a784524cd5326b7a70602f\" type=\"hidden\" name=\"wpv_view_count\" value=\"28977-CATTRa13eb8c4f4a784524cd5326b7a70602f\" \/>\n\n<div class=\"filtro-itinerario\">\n  \tsearch:\n\t<input type=\"text\" name=\"wpv_post_search\"  class=\"js-wpv-filter-trigger-delayed\" \/>\n\ttipology:\n  \t\r\n<select  id=\"wpv_control_select_tipology\" name=\"tipology[]\" style=\"\" class=\"js-wpv-filter-trigger  wpcf-form-select form-select select\">\r\n<option value=\"\" selected=\"selected\" class=\"js-wpv-filter-trigger wpcf-form-option form-option option\">all<\/option>\r\n<option value=\"1\" class=\"js-wpv-filter-trigger wpcf-form-option form-option option\">art gallery<\/option>\r\n<option value=\"2\" class=\"js-wpv-filter-trigger wpcf-form-option form-option option\">art studios<\/option>\r\n<option value=\"3\" class=\"js-wpv-filter-trigger wpcf-form-option form-option option\">commercial<\/option>\r\n<option value=\"4\" class=\"js-wpv-filter-trigger wpcf-form-option form-option option\">education<\/option>\r\n<option value=\"5\" class=\"js-wpv-filter-trigger wpcf-form-option form-option option\">health<\/option>\r\n<option value=\"6\" class=\"js-wpv-filter-trigger wpcf-form-option form-option option\">infrastructure<\/option>\r\n<option value=\"7\" class=\"js-wpv-filter-trigger wpcf-form-option form-option option\">hotel<\/option>\r\n<option value=\"8\" class=\"js-wpv-filter-trigger wpcf-form-option form-option option\">library<\/option>\r\n<option value=\"9\" class=\"js-wpv-filter-trigger wpcf-form-option form-option option\">mixed use<\/option>\r\n<option value=\"10\" class=\"js-wpv-filter-trigger wpcf-form-option form-option option\">museum<\/option>\r\n<option value=\"11\" class=\"js-wpv-filter-trigger wpcf-form-option form-option option\">office<\/option>\r\n<option value=\"12\" class=\"js-wpv-filter-trigger wpcf-form-option form-option option\">public<\/option>\r\n<option value=\"13\" class=\"js-wpv-filter-trigger wpcf-form-option form-option option\">residential<\/option>\r\n<option value=\"14\" class=\"js-wpv-filter-trigger wpcf-form-option form-option option\">sport<\/option>\r\n<option value=\"15\" class=\"js-wpv-filter-trigger wpcf-form-option form-option option\">theatre<\/option>\r\n<option value=\"16\" class=\"js-wpv-filter-trigger wpcf-form-option form-option option\">student accomodation<\/option>\r\n<option value=\"17\" class=\"js-wpv-filter-trigger wpcf-form-option form-option option\">church<\/option>\r\n<option value=\"18\" class=\"js-wpv-filter-trigger wpcf-form-option form-option option\">parc<\/option>\r\n<option value=\"19\" class=\"js-wpv-filter-trigger wpcf-form-option form-option option\">winery<\/option>\r\n<option value=\"20\" class=\"js-wpv-filter-trigger wpcf-form-option form-option option\">restaurant<\/option>\r\n<\/select>\r\n\n    <input type=\"submit\" class=\"wpv-submit-trigger js-wpv-submit-trigger\" name=\"wpv_filter_submit\" value=\"Search\" \/>\n    <input type=\"button\" class=\"wpv-reset-trigger js-wpv-reset-trigger\" name=\"wpv_filter_reset\" value=\"Reset\" \/>\n<\/div>\n\n<\/form>\n<div id=\"wpv-view-layout-28977-CATTRa13eb8c4f4a784524cd5326b7a70602f\" class=\"js-wpv-view-layout js-wpv-layout-responsive js-wpv-view-layout-28977-CATTRa13eb8c4f4a784524cd5326b7a70602f\" data-viewnumber=\"28977-CATTRa13eb8c4f4a784524cd5326b7a70602f\" data-pagination=\"{&quot;id&quot;:28977,&quot;query&quot;:&quot;normal&quot;,&quot;type&quot;:&quot;disabled&quot;,&quot;effect&quot;:&quot;fade&quot;,&quot;duration&quot;:&quot;500&quot;,&quot;speed&quot;:5,&quot;pause_on_hover&quot;:&quot;disabled&quot;,&quot;stop_rollover&quot;:&quot;false&quot;,&quot;cache_pages&quot;:&quot;enabled&quot;,&quot;preload_images&quot;:&quot;enabled&quot;,&quot;preload_pages&quot;:&quot;enabled&quot;,&quot;preload_reach&quot;:&quot;1&quot;,&quot;spinner&quot;:&quot;builtin&quot;,&quot;spinner_image&quot;:&quot;https:\/\/test.area-arch.it\/wp-content\/plugins\/wp-views\/res\/img\/ajax-loader.gif&quot;,&quot;callback_next&quot;:&quot;&quot;,&quot;manage_history&quot;:&quot;enabled&quot;,&quot;has_controls_in_form&quot;:&quot;disabled&quot;,&quot;infinite_tolerance&quot;:&quot;0&quot;,&quot;max_pages&quot;:0,&quot;page&quot;:1,&quot;base_permalink&quot;:&quot;\/en\/wp-json\/wp\/v2\/pages\/90314?wpv_view_count=28977-CATTRa13eb8c4f4a784524cd5326b7a70602f&amp;wpv_paged=WPV_PAGE_NUM&quot;,&quot;loop&quot;:{&quot;type&quot;:&quot;&quot;,&quot;name&quot;:&quot;&quot;,&quot;data&quot;:[],&quot;id&quot;:0}}\" data-permalink=\"\/en\/wp-json\/wp\/v2\/pages\/90314?wpv_view_count=28977-CATTRa13eb8c4f4a784524cd5326b7a70602f\">\n\n<div class=\"entry-summary numero-area\">\n\n\t<span>area 171<\/span>\n\t\n  \t\t<span>|<\/span>\n  \t\n\n\n\t<span>Asunci\u00f3n<\/span>\n\n    <a href=\"https:\/\/share-eu1.hsforms.com\/1-8N7GglVTICUosdieEK9KA2b3nva\" class=\"download\" target=\"_blank\">Download the map (PDF)<\/a>\n<\/div>\n\n<div class=\"mappa-itinerario\">\n\t\n<ul>\n\t\n\t\t\n          <li>\n            \n          <div style=\"display:none\" class=\"wpv-addon-maps-marker js-wpv-addon-maps-marker js-wpv-addon-maps-marker-marker-90317 js-wpv-addon-maps-markerfor-map-1\" data-marker=\"marker-90317\" data-markertitle=\"Floating Units in Las Amarras\" data-markerfor=\"map-1\" data-markerlat=\"-25.2030941\" data-markerlon=\"-57.5243654\" data-markericon=\"\/wp-content\/uploads\/sites\/6\/2017\/11\/area_marker_12.png\" data-markericonhover=\"\" data-streetview=\"no\" data-fromview=\"\">\n            <article class=\"marker-itinerario\">\n\t<div class=\"entry-thumbnail\">\n      \n      \n      \t<img loading=\"lazy\" decoding=\"async\" width=\"1280\" height=\"853\" src=\"https:\/\/static.tecnichenuove.it\/areaarch\/2020\/07\/01_f2.jpg\" class=\"attachment-post-thumbnail size-post-thumbnail wp-post-image\" alt=\"\" srcset=\"https:\/\/static.tecnichenuove.it\/areaarch\/2020\/07\/01_f2.jpg 1280w, https:\/\/static.tecnichenuove.it\/areaarch\/2020\/07\/01_f2-300x200.jpg 300w, https:\/\/static.tecnichenuove.it\/areaarch\/2020\/07\/01_f2-1024x682.jpg 1024w, https:\/\/static.tecnichenuove.it\/areaarch\/2020\/07\/01_f2-150x100.jpg 150w, https:\/\/static.tecnichenuove.it\/areaarch\/2020\/07\/01_f2-768x512.jpg 768w, https:\/\/static.tecnichenuove.it\/areaarch\/2020\/07\/01_f2-696x464.jpg 696w, https:\/\/static.tecnichenuove.it\/areaarch\/2020\/07\/01_f2-1068x712.jpg 1068w, https:\/\/static.tecnichenuove.it\/areaarch\/2020\/07\/01_f2-630x420.jpg 630w\" sizes=\"auto, (max-width: 1280px) 100vw, 1280px\" \/>\n      \t<img decoding=\"async\" src=\"https:\/\/www.area-arch.it\/wp-content\/uploads\/sites\/6\/2020\/07\/01_d1.jpg\" class=\"attachment-post-thumbnail\" \/>\n      \n\t<\/div>\n  \t<div class=\"entry-column\">\n      <h3 class=\"entry-title td-module-title\">Floating Units in Las Amarras<\/h3>\n      <div class=\"td-excerpt\">\n            <div id=\"wpcf-field-tipology\" class=\"wpcf-field-select wpcf-field-tipology\"><span class=\"wpcf-field-name wpcf-field-select-name wpcf-field-tipology-name\">tipology:<\/span> <span class=\"wpcf-field-value wpcf-field-select-value wpcf-field-tipology-value\">public<\/span><\/div>\n            <div id=\"wpcf-field-architect\" class=\"wpcf-field-single-line wpcf-field-architect\"><span class=\"wpcf-field-name wpcf-field-single-line-name wpcf-field-architect-name\">architect:<\/span> <span class=\"wpcf-field-value wpcf-field-single-line-value wpcf-field-architect-value\">Colectivo Aqua Alta, F. Tomboly, S. Carisimo, Javier Corvalan<\/span><\/div>\n            <div id=\"wpcf-field-realization\" class=\"wpcf-field-number wpcf-field-realization\"><span class=\"wpcf-field-name wpcf-field-number-name wpcf-field-realization-name\">realization:<\/span> <span class=\"wpcf-field-value wpcf-field-number-value wpcf-field-realization-value\">2017<\/span><\/div>\n            Mariano Roque Alonso, Asunci\u00f3n, Paraguay\n          <\/div>\n  <\/div>\n<\/article>\n          <\/div>\n            <h4><a href=\"#\" onclick=\"cimap();\" class=\"link-marker js-wpv-addon-maps-focus-map js-toolset-maps-hover-map-map-1-marker-marker-90317 js-toolset-maps-open-infowindow-map-map-1-marker-marker-90317\" data-map=\"map-1\" data-marker=\"marker-90317\">01. Floating Units in Las Amarras<\/a><\/h4>\n            <div id=\"wpcf-field-tipology\" class=\"wpcf-field-select wpcf-field-tipology\"><span class=\"wpcf-field-name wpcf-field-select-name wpcf-field-tipology-name\">tipology:<\/span> <span class=\"wpcf-field-value wpcf-field-select-value wpcf-field-tipology-value\">public<\/span><\/div> | <div id=\"wpcf-field-architect\" class=\"wpcf-field-single-line wpcf-field-architect\"><span class=\"wpcf-field-name wpcf-field-single-line-name wpcf-field-architect-name\">architect:<\/span> <span class=\"wpcf-field-value wpcf-field-single-line-value wpcf-field-architect-value\">Colectivo Aqua Alta, F. Tomboly, S. Carisimo, Javier Corvalan<\/span><\/div> | <div id=\"wpcf-field-realization\" class=\"wpcf-field-number wpcf-field-realization\"><span class=\"wpcf-field-name wpcf-field-number-name wpcf-field-realization-name\">realization:<\/span> <span class=\"wpcf-field-value wpcf-field-number-value wpcf-field-realization-value\">2017<\/span><\/div>\n          <\/li>\n\t\t\n          <li>\n            \n          <div style=\"display:none\" class=\"wpv-addon-maps-marker js-wpv-addon-maps-marker js-wpv-addon-maps-marker-marker-90320 js-wpv-addon-maps-markerfor-map-1\" data-marker=\"marker-90320\" data-markertitle=\"Housing Between Trees\" data-markerfor=\"map-1\" data-markerlat=\"-25.2030941\" data-markerlon=\"-57.5243654\" data-markericon=\"\/wp-content\/uploads\/sites\/6\/2017\/11\/area_marker_11.png\" data-markericonhover=\"\" data-streetview=\"no\" data-fromview=\"\">\n            <article class=\"marker-itinerario\">\n\t<div class=\"entry-thumbnail\">\n      \n      \n      \t<img loading=\"lazy\" decoding=\"async\" width=\"1280\" height=\"854\" src=\"https:\/\/static.tecnichenuove.it\/areaarch\/2020\/07\/02_f1.jpg\" class=\"attachment-post-thumbnail size-post-thumbnail wp-post-image\" alt=\"\" srcset=\"https:\/\/static.tecnichenuove.it\/areaarch\/2020\/07\/02_f1.jpg 1280w, https:\/\/static.tecnichenuove.it\/areaarch\/2020\/07\/02_f1-300x200.jpg 300w, https:\/\/static.tecnichenuove.it\/areaarch\/2020\/07\/02_f1-1024x683.jpg 1024w, https:\/\/static.tecnichenuove.it\/areaarch\/2020\/07\/02_f1-150x100.jpg 150w, https:\/\/static.tecnichenuove.it\/areaarch\/2020\/07\/02_f1-768x512.jpg 768w, https:\/\/static.tecnichenuove.it\/areaarch\/2020\/07\/02_f1-696x464.jpg 696w, https:\/\/static.tecnichenuove.it\/areaarch\/2020\/07\/02_f1-1068x713.jpg 1068w, https:\/\/static.tecnichenuove.it\/areaarch\/2020\/07\/02_f1-630x420.jpg 630w\" sizes=\"auto, (max-width: 1280px) 100vw, 1280px\" \/>\n      \t<img decoding=\"async\" src=\"https:\/\/www.area-arch.it\/wp-content\/uploads\/sites\/6\/2020\/07\/Schermata-2020-07-28-alle-16.34.47.png\" class=\"attachment-post-thumbnail\" \/>\n      \n\t<\/div>\n  \t<div class=\"entry-column\">\n      <h3 class=\"entry-title td-module-title\">Housing Between Trees<\/h3>\n      <div class=\"td-excerpt\">\n            <div id=\"wpcf-field-tipology\" class=\"wpcf-field-select wpcf-field-tipology\"><span class=\"wpcf-field-name wpcf-field-select-name wpcf-field-tipology-name\">tipology:<\/span> <span class=\"wpcf-field-value wpcf-field-select-value wpcf-field-tipology-value\">office<\/span><\/div>\n            <div id=\"wpcf-field-architect\" class=\"wpcf-field-single-line wpcf-field-architect\"><span class=\"wpcf-field-name wpcf-field-single-line-name wpcf-field-architect-name\">architect:<\/span> <span class=\"wpcf-field-value wpcf-field-single-line-value wpcf-field-architect-value\">-=+X- Arquitectura<\/span><\/div>\n            <div id=\"wpcf-field-realization\" class=\"wpcf-field-number wpcf-field-realization\"><span class=\"wpcf-field-name wpcf-field-number-name wpcf-field-realization-name\">realization:<\/span> <span class=\"wpcf-field-value wpcf-field-number-value wpcf-field-realization-value\">2015<\/span><\/div>\n            Mariano Roque Alonso, Asunci\u00f3n, Paraguay\n          <\/div>\n  <\/div>\n<\/article>\n          <\/div>\n            <h4><a href=\"#\" onclick=\"cimap();\" class=\"link-marker js-wpv-addon-maps-focus-map js-toolset-maps-hover-map-map-1-marker-marker-90320 js-toolset-maps-open-infowindow-map-map-1-marker-marker-90320\" data-map=\"map-1\" data-marker=\"marker-90320\">02. Housing Between Trees<\/a><\/h4>\n            <div id=\"wpcf-field-tipology\" class=\"wpcf-field-select wpcf-field-tipology\"><span class=\"wpcf-field-name wpcf-field-select-name wpcf-field-tipology-name\">tipology:<\/span> <span class=\"wpcf-field-value wpcf-field-select-value wpcf-field-tipology-value\">office<\/span><\/div> | <div id=\"wpcf-field-architect\" class=\"wpcf-field-single-line wpcf-field-architect\"><span class=\"wpcf-field-name wpcf-field-single-line-name wpcf-field-architect-name\">architect:<\/span> <span class=\"wpcf-field-value wpcf-field-single-line-value wpcf-field-architect-value\">-=+X- Arquitectura<\/span><\/div> | <div id=\"wpcf-field-realization\" class=\"wpcf-field-number wpcf-field-realization\"><span class=\"wpcf-field-name wpcf-field-number-name wpcf-field-realization-name\">realization:<\/span> <span class=\"wpcf-field-value wpcf-field-number-value wpcf-field-realization-value\">2015<\/span><\/div>\n          <\/li>\n\t\t\n          <li>\n            \n          <div style=\"display:none\" class=\"wpv-addon-maps-marker js-wpv-addon-maps-marker js-wpv-addon-maps-marker-marker-90323 js-wpv-addon-maps-markerfor-map-1\" data-marker=\"marker-90323\" data-markertitle=\"Nordeste Office\" data-markerfor=\"map-1\" data-markerlat=\"-25.2077079\" data-markerlon=\"-57.5241706\" data-markericon=\"\/wp-content\/uploads\/sites\/6\/2017\/11\/area_marker_11.png\" data-markericonhover=\"\" data-streetview=\"no\" data-fromview=\"\">\n            <article class=\"marker-itinerario\">\n\t<div class=\"entry-thumbnail\">\n      \n      \n      \t<img loading=\"lazy\" decoding=\"async\" width=\"1280\" height=\"862\" src=\"https:\/\/static.tecnichenuove.it\/areaarch\/2020\/07\/03_f1.jpg\" class=\"attachment-post-thumbnail size-post-thumbnail wp-post-image\" alt=\"\" srcset=\"https:\/\/static.tecnichenuove.it\/areaarch\/2020\/07\/03_f1.jpg 1280w, https:\/\/static.tecnichenuove.it\/areaarch\/2020\/07\/03_f1-300x202.jpg 300w, https:\/\/static.tecnichenuove.it\/areaarch\/2020\/07\/03_f1-1024x690.jpg 1024w, https:\/\/static.tecnichenuove.it\/areaarch\/2020\/07\/03_f1-150x100.jpg 150w, https:\/\/static.tecnichenuove.it\/areaarch\/2020\/07\/03_f1-768x517.jpg 768w, https:\/\/static.tecnichenuove.it\/areaarch\/2020\/07\/03_f1-696x469.jpg 696w, https:\/\/static.tecnichenuove.it\/areaarch\/2020\/07\/03_f1-1068x719.jpg 1068w, https:\/\/static.tecnichenuove.it\/areaarch\/2020\/07\/03_f1-624x420.jpg 624w\" sizes=\"auto, (max-width: 1280px) 100vw, 1280px\" \/>\n      \t<img decoding=\"async\" src=\"https:\/\/www.area-arch.it\/wp-content\/uploads\/sites\/6\/2020\/07\/03_d3.jpg\" class=\"attachment-post-thumbnail\" \/>\n      \n\t<\/div>\n  \t<div class=\"entry-column\">\n      <h3 class=\"entry-title td-module-title\">Nordeste Office<\/h3>\n      <div class=\"td-excerpt\">\n            <div id=\"wpcf-field-tipology\" class=\"wpcf-field-select wpcf-field-tipology\"><span class=\"wpcf-field-name wpcf-field-select-name wpcf-field-tipology-name\">tipology:<\/span> <span class=\"wpcf-field-value wpcf-field-select-value wpcf-field-tipology-value\">office<\/span><\/div>\n            <div id=\"wpcf-field-architect\" class=\"wpcf-field-single-line wpcf-field-architect\"><span class=\"wpcf-field-name wpcf-field-single-line-name wpcf-field-architect-name\">architect:<\/span> <span class=\"wpcf-field-value wpcf-field-single-line-value wpcf-field-architect-value\">Minimo Com\u00fan  Arquitectura<\/span><\/div>\n            <div id=\"wpcf-field-realization\" class=\"wpcf-field-number wpcf-field-realization\"><span class=\"wpcf-field-name wpcf-field-number-name wpcf-field-realization-name\">realization:<\/span> <span class=\"wpcf-field-value wpcf-field-number-value wpcf-field-realization-value\">2018<\/span><\/div>\n            Avenida General D\u00edaz, Mariano Roque Alonso, Paraguay\n          <\/div>\n  <\/div>\n<\/article>\n          <\/div>\n            <h4><a href=\"#\" onclick=\"cimap();\" class=\"link-marker js-wpv-addon-maps-focus-map js-toolset-maps-hover-map-map-1-marker-marker-90323 js-toolset-maps-open-infowindow-map-map-1-marker-marker-90323\" data-map=\"map-1\" data-marker=\"marker-90323\">03. Nordeste Office<\/a><\/h4>\n            <div id=\"wpcf-field-tipology\" class=\"wpcf-field-select wpcf-field-tipology\"><span class=\"wpcf-field-name wpcf-field-select-name wpcf-field-tipology-name\">tipology:<\/span> <span class=\"wpcf-field-value wpcf-field-select-value wpcf-field-tipology-value\">office<\/span><\/div> | <div id=\"wpcf-field-architect\" class=\"wpcf-field-single-line wpcf-field-architect\"><span class=\"wpcf-field-name wpcf-field-single-line-name wpcf-field-architect-name\">architect:<\/span> <span class=\"wpcf-field-value wpcf-field-single-line-value wpcf-field-architect-value\">Minimo Com\u00fan  Arquitectura<\/span><\/div> | <div id=\"wpcf-field-realization\" class=\"wpcf-field-number wpcf-field-realization\"><span class=\"wpcf-field-name wpcf-field-number-name wpcf-field-realization-name\">realization:<\/span> <span class=\"wpcf-field-value wpcf-field-number-value wpcf-field-realization-value\">2018<\/span><\/div>\n          <\/li>\n\t\t\n          <li>\n            \n          <div style=\"display:none\" class=\"wpv-addon-maps-marker js-wpv-addon-maps-marker js-wpv-addon-maps-marker-marker-90326 js-wpv-addon-maps-markerfor-map-1\" data-marker=\"marker-90326\" data-markertitle=\"Palermo Headquarter\" data-markerfor=\"map-1\" data-markerlat=\"-25.2138363\" data-markerlon=\"-57.5060569\" data-markericon=\"\/wp-content\/uploads\/sites\/6\/2017\/11\/area_marker_11.png\" data-markericonhover=\"\" data-streetview=\"no\" data-fromview=\"\">\n            <article class=\"marker-itinerario\">\n\t<div class=\"entry-thumbnail\">\n      \n      \n      \t<img loading=\"lazy\" decoding=\"async\" width=\"908\" height=\"408\" src=\"https:\/\/static.tecnichenuove.it\/areaarch\/2020\/07\/04-f3.jpg\" class=\"attachment-post-thumbnail size-post-thumbnail wp-post-image\" alt=\"\" srcset=\"https:\/\/static.tecnichenuove.it\/areaarch\/2020\/07\/04-f3.jpg 908w, https:\/\/static.tecnichenuove.it\/areaarch\/2020\/07\/04-f3-300x135.jpg 300w, https:\/\/static.tecnichenuove.it\/areaarch\/2020\/07\/04-f3-768x345.jpg 768w, https:\/\/static.tecnichenuove.it\/areaarch\/2020\/07\/04-f3-696x313.jpg 696w\" sizes=\"auto, (max-width: 908px) 100vw, 908px\" \/>\n      \t<img decoding=\"async\" src=\"https:\/\/www.area-arch.it\/wp-content\/uploads\/sites\/6\/2020\/07\/04-d1-e1595947291299.jpg\" class=\"attachment-post-thumbnail\" \/>\n      \n\t<\/div>\n  \t<div class=\"entry-column\">\n      <h3 class=\"entry-title td-module-title\">Palermo Headquarter<\/h3>\n      <div class=\"td-excerpt\">\n            <div id=\"wpcf-field-tipology\" class=\"wpcf-field-select wpcf-field-tipology\"><span class=\"wpcf-field-name wpcf-field-select-name wpcf-field-tipology-name\">tipology:<\/span> <span class=\"wpcf-field-value wpcf-field-select-value wpcf-field-tipology-value\">office<\/span><\/div>\n            <div id=\"wpcf-field-architect\" class=\"wpcf-field-single-line wpcf-field-architect\"><span class=\"wpcf-field-name wpcf-field-single-line-name wpcf-field-architect-name\">architect:<\/span> <span class=\"wpcf-field-value wpcf-field-single-line-value wpcf-field-architect-value\">Estudio Ruggero Zarza<\/span><\/div>\n            <div id=\"wpcf-field-realization\" class=\"wpcf-field-number wpcf-field-realization\"><span class=\"wpcf-field-name wpcf-field-number-name wpcf-field-realization-name\">realization:<\/span> <span class=\"wpcf-field-value wpcf-field-number-value wpcf-field-realization-value\">2018<\/span><\/div>\n            Elio Serafini, Luque, Paraguay\n          <\/div>\n  <\/div>\n<\/article>\n          <\/div>\n            <h4><a href=\"#\" onclick=\"cimap();\" class=\"link-marker js-wpv-addon-maps-focus-map js-toolset-maps-hover-map-map-1-marker-marker-90326 js-toolset-maps-open-infowindow-map-map-1-marker-marker-90326\" data-map=\"map-1\" data-marker=\"marker-90326\">04. Palermo Headquarter<\/a><\/h4>\n            <div id=\"wpcf-field-tipology\" class=\"wpcf-field-select wpcf-field-tipology\"><span class=\"wpcf-field-name wpcf-field-select-name wpcf-field-tipology-name\">tipology:<\/span> <span class=\"wpcf-field-value wpcf-field-select-value wpcf-field-tipology-value\">office<\/span><\/div> | <div id=\"wpcf-field-architect\" class=\"wpcf-field-single-line wpcf-field-architect\"><span class=\"wpcf-field-name wpcf-field-single-line-name wpcf-field-architect-name\">architect:<\/span> <span class=\"wpcf-field-value wpcf-field-single-line-value wpcf-field-architect-value\">Estudio Ruggero Zarza<\/span><\/div> | <div id=\"wpcf-field-realization\" class=\"wpcf-field-number wpcf-field-realization\"><span class=\"wpcf-field-name wpcf-field-number-name wpcf-field-realization-name\">realization:<\/span> <span class=\"wpcf-field-value wpcf-field-number-value wpcf-field-realization-value\">2018<\/span><\/div>\n          <\/li>\n\t\t\n          <li>\n            \n          <div style=\"display:none\" class=\"wpv-addon-maps-marker js-wpv-addon-maps-marker js-wpv-addon-maps-marker-marker-90329 js-wpv-addon-maps-markerfor-map-1\" data-marker=\"marker-90329\" data-markertitle=\"Publica driving range\" data-markerfor=\"map-1\" data-markerlat=\"-25.2629482\" data-markerlon=\"-57.5417657\" data-markericon=\"\/wp-content\/uploads\/sites\/6\/2017\/11\/area_marker_6.png\" data-markericonhover=\"\" data-streetview=\"no\" data-fromview=\"\">\n            <article class=\"marker-itinerario\">\n\t<div class=\"entry-thumbnail\">\n      \n      \n      \t<img loading=\"lazy\" decoding=\"async\" width=\"1000\" height=\"666\" src=\"https:\/\/static.tecnichenuove.it\/areaarch\/2020\/07\/05-f1.jpg\" class=\"attachment-post-thumbnail size-post-thumbnail wp-post-image\" alt=\"\" srcset=\"https:\/\/static.tecnichenuove.it\/areaarch\/2020\/07\/05-f1.jpg 1000w, https:\/\/static.tecnichenuove.it\/areaarch\/2020\/07\/05-f1-300x200.jpg 300w, https:\/\/static.tecnichenuove.it\/areaarch\/2020\/07\/05-f1-150x100.jpg 150w, https:\/\/static.tecnichenuove.it\/areaarch\/2020\/07\/05-f1-768x511.jpg 768w, https:\/\/static.tecnichenuove.it\/areaarch\/2020\/07\/05-f1-696x464.jpg 696w, https:\/\/static.tecnichenuove.it\/areaarch\/2020\/07\/05-f1-631x420.jpg 631w\" sizes=\"auto, (max-width: 1000px) 100vw, 1000px\" \/>\n      \t<img decoding=\"async\" src=\"https:\/\/www.area-arch.it\/wp-content\/uploads\/sites\/6\/2020\/07\/05-d2.jpg\" class=\"attachment-post-thumbnail\" \/>\n      \n\t<\/div>\n  \t<div class=\"entry-column\">\n      <h3 class=\"entry-title td-module-title\">Publica driving range<\/h3>\n      <div class=\"td-excerpt\">\n            <div id=\"wpcf-field-tipology\" class=\"wpcf-field-select wpcf-field-tipology\"><span class=\"wpcf-field-name wpcf-field-select-name wpcf-field-tipology-name\">tipology:<\/span> <span class=\"wpcf-field-value wpcf-field-select-value wpcf-field-tipology-value\">infrastructure<\/span><\/div>\n            <div id=\"wpcf-field-architect\" class=\"wpcf-field-single-line wpcf-field-architect\"><span class=\"wpcf-field-name wpcf-field-single-line-name wpcf-field-architect-name\">architect:<\/span> <span class=\"wpcf-field-value wpcf-field-single-line-value wpcf-field-architect-value\">Javier Corval\u00e1n + Laboratorio de Arquitectura<\/span><\/div>\n            <div id=\"wpcf-field-realization\" class=\"wpcf-field-number wpcf-field-realization\"><span class=\"wpcf-field-name wpcf-field-number-name wpcf-field-realization-name\">realization:<\/span> <span class=\"wpcf-field-value wpcf-field-number-value wpcf-field-realization-value\">2013<\/span><\/div>\n            \u00d1u Guaz\u00fa, Asunci\u00f3n, Paraguay\n          <\/div>\n  <\/div>\n<\/article>\n          <\/div>\n            <h4><a href=\"#\" onclick=\"cimap();\" class=\"link-marker js-wpv-addon-maps-focus-map js-toolset-maps-hover-map-map-1-marker-marker-90329 js-toolset-maps-open-infowindow-map-map-1-marker-marker-90329\" data-map=\"map-1\" data-marker=\"marker-90329\">05. Publica driving range<\/a><\/h4>\n            <div id=\"wpcf-field-tipology\" class=\"wpcf-field-select wpcf-field-tipology\"><span class=\"wpcf-field-name wpcf-field-select-name wpcf-field-tipology-name\">tipology:<\/span> <span class=\"wpcf-field-value wpcf-field-select-value wpcf-field-tipology-value\">infrastructure<\/span><\/div> | <div id=\"wpcf-field-architect\" class=\"wpcf-field-single-line wpcf-field-architect\"><span class=\"wpcf-field-name wpcf-field-single-line-name wpcf-field-architect-name\">architect:<\/span> <span class=\"wpcf-field-value wpcf-field-single-line-value wpcf-field-architect-value\">Javier Corval\u00e1n + Laboratorio de Arquitectura<\/span><\/div> | <div id=\"wpcf-field-realization\" class=\"wpcf-field-number wpcf-field-realization\"><span class=\"wpcf-field-name wpcf-field-number-name wpcf-field-realization-name\">realization:<\/span> <span class=\"wpcf-field-value wpcf-field-number-value wpcf-field-realization-value\">2013<\/span><\/div>\n          <\/li>\n\t\t\n          <li>\n            \n          <div style=\"display:none\" class=\"wpv-addon-maps-marker js-wpv-addon-maps-marker js-wpv-addon-maps-marker-marker-90332 js-wpv-addon-maps-markerfor-map-1\" data-marker=\"marker-90332\" data-markertitle=\"Osypyte Single-family House\" data-markerfor=\"map-1\" data-markerlat=\"-25.2586399\" data-markerlon=\"-57.5089312\" data-markericon=\"\/wp-content\/uploads\/sites\/6\/2017\/11\/area_marker_11.png\" data-markericonhover=\"\" data-streetview=\"no\" data-fromview=\"\">\n            <article class=\"marker-itinerario\">\n\t<div class=\"entry-thumbnail\">\n      \n      \n      \t<img loading=\"lazy\" decoding=\"async\" width=\"1280\" height=\"854\" src=\"https:\/\/static.tecnichenuove.it\/areaarch\/2020\/07\/06-f3.jpg\" class=\"attachment-post-thumbnail size-post-thumbnail wp-post-image\" alt=\"\" srcset=\"https:\/\/static.tecnichenuove.it\/areaarch\/2020\/07\/06-f3.jpg 1280w, https:\/\/static.tecnichenuove.it\/areaarch\/2020\/07\/06-f3-300x200.jpg 300w, https:\/\/static.tecnichenuove.it\/areaarch\/2020\/07\/06-f3-1024x683.jpg 1024w, https:\/\/static.tecnichenuove.it\/areaarch\/2020\/07\/06-f3-150x100.jpg 150w, https:\/\/static.tecnichenuove.it\/areaarch\/2020\/07\/06-f3-768x512.jpg 768w, https:\/\/static.tecnichenuove.it\/areaarch\/2020\/07\/06-f3-696x464.jpg 696w, https:\/\/static.tecnichenuove.it\/areaarch\/2020\/07\/06-f3-1068x713.jpg 1068w, https:\/\/static.tecnichenuove.it\/areaarch\/2020\/07\/06-f3-630x420.jpg 630w\" sizes=\"auto, (max-width: 1280px) 100vw, 1280px\" \/>\n      \t<img decoding=\"async\" src=\"https:\/\/www.area-arch.it\/wp-content\/uploads\/sites\/6\/2020\/07\/06-d3.jpg\" class=\"attachment-post-thumbnail\" \/>\n      \n\t<\/div>\n  \t<div class=\"entry-column\">\n      <h3 class=\"entry-title td-module-title\">Osypyte Single-family House<\/h3>\n      <div class=\"td-excerpt\">\n            <div id=\"wpcf-field-tipology\" class=\"wpcf-field-select wpcf-field-tipology\"><span class=\"wpcf-field-name wpcf-field-select-name wpcf-field-tipology-name\">tipology:<\/span> <span class=\"wpcf-field-value wpcf-field-select-value wpcf-field-tipology-value\">office<\/span><\/div>\n            <div id=\"wpcf-field-architect\" class=\"wpcf-field-single-line wpcf-field-architect\"><span class=\"wpcf-field-name wpcf-field-single-line-name wpcf-field-architect-name\">architect:<\/span> <span class=\"wpcf-field-value wpcf-field-single-line-value wpcf-field-architect-value\">Javier Corval\u00e1n + Laboratorio de Arquitectura<\/span><\/div>\n            <div id=\"wpcf-field-realization\" class=\"wpcf-field-number wpcf-field-realization\"><span class=\"wpcf-field-name wpcf-field-number-name wpcf-field-realization-name\">realization:<\/span> <span class=\"wpcf-field-value wpcf-field-number-value wpcf-field-realization-value\">2005<\/span><\/div>\n            Teniente Cnel. Ramos Alfaro, Luque, Paraguay\n          <\/div>\n  <\/div>\n<\/article>\n          <\/div>\n            <h4><a href=\"#\" onclick=\"cimap();\" class=\"link-marker js-wpv-addon-maps-focus-map js-toolset-maps-hover-map-map-1-marker-marker-90332 js-toolset-maps-open-infowindow-map-map-1-marker-marker-90332\" data-map=\"map-1\" data-marker=\"marker-90332\">06. Osypyte Single-family House<\/a><\/h4>\n            <div id=\"wpcf-field-tipology\" class=\"wpcf-field-select wpcf-field-tipology\"><span class=\"wpcf-field-name wpcf-field-select-name wpcf-field-tipology-name\">tipology:<\/span> <span class=\"wpcf-field-value wpcf-field-select-value wpcf-field-tipology-value\">office<\/span><\/div> | <div id=\"wpcf-field-architect\" class=\"wpcf-field-single-line wpcf-field-architect\"><span class=\"wpcf-field-name wpcf-field-single-line-name wpcf-field-architect-name\">architect:<\/span> <span class=\"wpcf-field-value wpcf-field-single-line-value wpcf-field-architect-value\">Javier Corval\u00e1n + Laboratorio de Arquitectura<\/span><\/div> | <div id=\"wpcf-field-realization\" class=\"wpcf-field-number wpcf-field-realization\"><span class=\"wpcf-field-name wpcf-field-number-name wpcf-field-realization-name\">realization:<\/span> <span class=\"wpcf-field-value wpcf-field-number-value wpcf-field-realization-value\">2005<\/span><\/div>\n          <\/li>\n\t\t\n          <li>\n            \n          <div style=\"display:none\" class=\"wpv-addon-maps-marker js-wpv-addon-maps-marker js-wpv-addon-maps-marker-marker-90336 js-wpv-addon-maps-markerfor-map-1\" data-marker=\"marker-90336\" data-markertitle=\"House in the Air\" data-markerfor=\"map-1\" data-markerlat=\"-25.2609826\" data-markerlon=\"-57.5109514\" data-markericon=\"\/wp-content\/uploads\/sites\/6\/2017\/11\/area_marker_11.png\" data-markericonhover=\"\" data-streetview=\"no\" data-fromview=\"\">\n            <article class=\"marker-itinerario\">\n\t<div class=\"entry-thumbnail\">\n      \n      \n      \t<img loading=\"lazy\" decoding=\"async\" width=\"1280\" height=\"853\" src=\"https:\/\/static.tecnichenuove.it\/areaarch\/2020\/07\/07-f1.jpg\" class=\"attachment-post-thumbnail size-post-thumbnail wp-post-image\" alt=\"\" srcset=\"https:\/\/static.tecnichenuove.it\/areaarch\/2020\/07\/07-f1.jpg 1280w, https:\/\/static.tecnichenuove.it\/areaarch\/2020\/07\/07-f1-300x200.jpg 300w, https:\/\/static.tecnichenuove.it\/areaarch\/2020\/07\/07-f1-1024x682.jpg 1024w, https:\/\/static.tecnichenuove.it\/areaarch\/2020\/07\/07-f1-150x100.jpg 150w, https:\/\/static.tecnichenuove.it\/areaarch\/2020\/07\/07-f1-768x512.jpg 768w, https:\/\/static.tecnichenuove.it\/areaarch\/2020\/07\/07-f1-696x464.jpg 696w, https:\/\/static.tecnichenuove.it\/areaarch\/2020\/07\/07-f1-1068x712.jpg 1068w, https:\/\/static.tecnichenuove.it\/areaarch\/2020\/07\/07-f1-630x420.jpg 630w\" sizes=\"auto, (max-width: 1280px) 100vw, 1280px\" \/>\n      \t<img decoding=\"async\" src=\"https:\/\/www.area-arch.it\/wp-content\/uploads\/sites\/6\/2020\/07\/07-d1.jpg\" class=\"attachment-post-thumbnail\" \/>\n      \n\t<\/div>\n  \t<div class=\"entry-column\">\n      <h3 class=\"entry-title td-module-title\">House in the Air<\/h3>\n      <div class=\"td-excerpt\">\n            <div id=\"wpcf-field-tipology\" class=\"wpcf-field-select wpcf-field-tipology\"><span class=\"wpcf-field-name wpcf-field-select-name wpcf-field-tipology-name\">tipology:<\/span> <span class=\"wpcf-field-value wpcf-field-select-value wpcf-field-tipology-value\">office<\/span><\/div>\n            <div id=\"wpcf-field-architect\" class=\"wpcf-field-single-line wpcf-field-architect\"><span class=\"wpcf-field-name wpcf-field-single-line-name wpcf-field-architect-name\">architect:<\/span> <span class=\"wpcf-field-value wpcf-field-single-line-value wpcf-field-architect-value\">Estudio TDA<\/span><\/div>\n            <div id=\"wpcf-field-realization\" class=\"wpcf-field-number wpcf-field-realization\"><span class=\"wpcf-field-name wpcf-field-number-name wpcf-field-realization-name\">realization:<\/span> <span class=\"wpcf-field-value wpcf-field-number-value wpcf-field-realization-value\">2010<\/span><\/div>\n            Monte Alto, Luque, Paraguay\n          <\/div>\n  <\/div>\n<\/article>\n          <\/div>\n            <h4><a href=\"#\" onclick=\"cimap();\" class=\"link-marker js-wpv-addon-maps-focus-map js-toolset-maps-hover-map-map-1-marker-marker-90336 js-toolset-maps-open-infowindow-map-map-1-marker-marker-90336\" data-map=\"map-1\" data-marker=\"marker-90336\">07. House in the Air<\/a><\/h4>\n            <div id=\"wpcf-field-tipology\" class=\"wpcf-field-select wpcf-field-tipology\"><span class=\"wpcf-field-name wpcf-field-select-name wpcf-field-tipology-name\">tipology:<\/span> <span class=\"wpcf-field-value wpcf-field-select-value wpcf-field-tipology-value\">office<\/span><\/div> | <div id=\"wpcf-field-architect\" class=\"wpcf-field-single-line wpcf-field-architect\"><span class=\"wpcf-field-name wpcf-field-single-line-name wpcf-field-architect-name\">architect:<\/span> <span class=\"wpcf-field-value wpcf-field-single-line-value wpcf-field-architect-value\">Estudio TDA<\/span><\/div> | <div id=\"wpcf-field-realization\" class=\"wpcf-field-number wpcf-field-realization\"><span class=\"wpcf-field-name wpcf-field-number-name wpcf-field-realization-name\">realization:<\/span> <span class=\"wpcf-field-value wpcf-field-number-value wpcf-field-realization-value\">2010<\/span><\/div>\n          <\/li>\n\t\t\n          <li>\n            \n          <div style=\"display:none\" class=\"wpv-addon-maps-marker js-wpv-addon-maps-marker js-wpv-addon-maps-marker-marker-90339 js-wpv-addon-maps-markerfor-map-1\" data-marker=\"marker-90339\" data-markertitle=\"Las B\u00f3vedas\" data-markerfor=\"map-1\" data-markerlat=\"-25.2815922\" data-markerlon=\"-57.6054735\" data-markericon=\"\/wp-content\/uploads\/sites\/6\/2017\/11\/area_marker_13.png\" data-markericonhover=\"\" data-streetview=\"no\" data-fromview=\"\">\n            <article class=\"marker-itinerario\">\n\t<div class=\"entry-thumbnail\">\n      \n      \n      \t<img loading=\"lazy\" decoding=\"async\" width=\"751\" height=\"751\" src=\"https:\/\/static.tecnichenuove.it\/areaarch\/2020\/07\/08-f5.jpg\" class=\"attachment-post-thumbnail size-post-thumbnail wp-post-image\" alt=\"\" srcset=\"https:\/\/static.tecnichenuove.it\/areaarch\/2020\/07\/08-f5.jpg 751w, https:\/\/static.tecnichenuove.it\/areaarch\/2020\/07\/08-f5-300x300.jpg 300w, https:\/\/static.tecnichenuove.it\/areaarch\/2020\/07\/08-f5-696x696.jpg 696w, https:\/\/static.tecnichenuove.it\/areaarch\/2020\/07\/08-f5-420x420.jpg 420w\" sizes=\"auto, (max-width: 751px) 100vw, 751px\" \/>\n      \t<img decoding=\"async\" src=\"https:\/\/www.area-arch.it\/wp-content\/uploads\/sites\/6\/2020\/07\/Schermata-2020-07-28-alle-16.53.37.png\" class=\"attachment-post-thumbnail\" \/>\n      \n\t<\/div>\n  \t<div class=\"entry-column\">\n      <h3 class=\"entry-title td-module-title\">Las B\u00f3vedas<\/h3>\n      <div class=\"td-excerpt\">\n            <div id=\"wpcf-field-tipology\" class=\"wpcf-field-select wpcf-field-tipology\"><span class=\"wpcf-field-name wpcf-field-select-name wpcf-field-tipology-name\">tipology:<\/span> <span class=\"wpcf-field-value wpcf-field-select-value wpcf-field-tipology-value\">residential<\/span><\/div>\n            <div id=\"wpcf-field-architect\" class=\"wpcf-field-single-line wpcf-field-architect\"><span class=\"wpcf-field-name wpcf-field-single-line-name wpcf-field-architect-name\">architect:<\/span> <span class=\"wpcf-field-value wpcf-field-single-line-value wpcf-field-architect-value\">-=+X- Arquitectura<\/span><\/div>\n            <div id=\"wpcf-field-realization\" class=\"wpcf-field-number wpcf-field-realization\"><span class=\"wpcf-field-name wpcf-field-number-name wpcf-field-realization-name\">realization:<\/span> <span class=\"wpcf-field-value wpcf-field-number-value wpcf-field-realization-value\">2009<\/span><\/div>\n            Pitiantuta, Asunci\u00f3n, Paraguay\n          <\/div>\n  <\/div>\n<\/article>\n          <\/div>\n            <h4><a href=\"#\" onclick=\"cimap();\" class=\"link-marker js-wpv-addon-maps-focus-map js-toolset-maps-hover-map-map-1-marker-marker-90339 js-toolset-maps-open-infowindow-map-map-1-marker-marker-90339\" data-map=\"map-1\" data-marker=\"marker-90339\">08. Las B\u00f3vedas<\/a><\/h4>\n            <div id=\"wpcf-field-tipology\" class=\"wpcf-field-select wpcf-field-tipology\"><span class=\"wpcf-field-name wpcf-field-select-name wpcf-field-tipology-name\">tipology:<\/span> <span class=\"wpcf-field-value wpcf-field-select-value wpcf-field-tipology-value\">residential<\/span><\/div> | <div id=\"wpcf-field-architect\" class=\"wpcf-field-single-line wpcf-field-architect\"><span class=\"wpcf-field-name wpcf-field-single-line-name wpcf-field-architect-name\">architect:<\/span> <span class=\"wpcf-field-value wpcf-field-single-line-value wpcf-field-architect-value\">-=+X- Arquitectura<\/span><\/div> | <div id=\"wpcf-field-realization\" class=\"wpcf-field-number wpcf-field-realization\"><span class=\"wpcf-field-name wpcf-field-number-name wpcf-field-realization-name\">realization:<\/span> <span class=\"wpcf-field-value wpcf-field-number-value wpcf-field-realization-value\">2009<\/span><\/div>\n          <\/li>\n\t\t\n          <li>\n            \n          <div style=\"display:none\" class=\"wpv-addon-maps-marker js-wpv-addon-maps-marker js-wpv-addon-maps-marker-marker-90383 js-wpv-addon-maps-markerfor-map-1\" data-marker=\"marker-90383\" data-markertitle=\"Pajarera House\" data-markerfor=\"map-1\" data-markerlat=\"-25.3118522\" data-markerlon=\"-57.627538\" data-markericon=\"\/wp-content\/uploads\/sites\/6\/2017\/11\/area_marker_13.png\" data-markericonhover=\"\" data-streetview=\"no\" data-fromview=\"\">\n            <article class=\"marker-itinerario\">\n\t<div class=\"entry-thumbnail\">\n      \n      \n      \t<img loading=\"lazy\" decoding=\"async\" width=\"890\" height=\"580\" src=\"https:\/\/static.tecnichenuove.it\/areaarch\/2020\/07\/09-f3.jpg\" class=\"attachment-post-thumbnail size-post-thumbnail wp-post-image\" alt=\"\" srcset=\"https:\/\/static.tecnichenuove.it\/areaarch\/2020\/07\/09-f3.jpg 890w, https:\/\/static.tecnichenuove.it\/areaarch\/2020\/07\/09-f3-300x196.jpg 300w, https:\/\/static.tecnichenuove.it\/areaarch\/2020\/07\/09-f3-768x500.jpg 768w, https:\/\/static.tecnichenuove.it\/areaarch\/2020\/07\/09-f3-696x454.jpg 696w, https:\/\/static.tecnichenuove.it\/areaarch\/2020\/07\/09-f3-644x420.jpg 644w\" sizes=\"auto, (max-width: 890px) 100vw, 890px\" \/>\n      \t<img decoding=\"async\" src=\"https:\/\/www.area-arch.it\/wp-content\/uploads\/sites\/6\/2020\/07\/09-d2-copia.jpg\" class=\"attachment-post-thumbnail\" \/>\n      \n\t<\/div>\n  \t<div class=\"entry-column\">\n      <h3 class=\"entry-title td-module-title\">Pajarera House<\/h3>\n      <div class=\"td-excerpt\">\n            <div id=\"wpcf-field-tipology\" class=\"wpcf-field-select wpcf-field-tipology\"><span class=\"wpcf-field-name wpcf-field-select-name wpcf-field-tipology-name\">tipology:<\/span> <span class=\"wpcf-field-value wpcf-field-select-value wpcf-field-tipology-value\">residential<\/span><\/div>\n            <div id=\"wpcf-field-architect\" class=\"wpcf-field-single-line wpcf-field-architect\"><span class=\"wpcf-field-name wpcf-field-single-line-name wpcf-field-architect-name\">architect:<\/span> <span class=\"wpcf-field-value wpcf-field-single-line-value wpcf-field-architect-value\">-=+X- Arquitectura<\/span><\/div>\n            <div id=\"wpcf-field-realization\" class=\"wpcf-field-number wpcf-field-realization\"><span class=\"wpcf-field-name wpcf-field-number-name wpcf-field-realization-name\">realization:<\/span> <span class=\"wpcf-field-value wpcf-field-number-value wpcf-field-realization-value\">2015<\/span><\/div>\n            Picuiba, Asunci\u00f3n, Paraguay\n          <\/div>\n  <\/div>\n<\/article>\n          <\/div>\n            <h4><a href=\"#\" onclick=\"cimap();\" class=\"link-marker js-wpv-addon-maps-focus-map js-toolset-maps-hover-map-map-1-marker-marker-90383 js-toolset-maps-open-infowindow-map-map-1-marker-marker-90383\" data-map=\"map-1\" data-marker=\"marker-90383\">09. Pajarera House<\/a><\/h4>\n            <div id=\"wpcf-field-tipology\" class=\"wpcf-field-select wpcf-field-tipology\"><span class=\"wpcf-field-name wpcf-field-select-name wpcf-field-tipology-name\">tipology:<\/span> <span class=\"wpcf-field-value wpcf-field-select-value wpcf-field-tipology-value\">residential<\/span><\/div> | <div id=\"wpcf-field-architect\" class=\"wpcf-field-single-line wpcf-field-architect\"><span class=\"wpcf-field-name wpcf-field-single-line-name wpcf-field-architect-name\">architect:<\/span> <span class=\"wpcf-field-value wpcf-field-single-line-value wpcf-field-architect-value\">-=+X- Arquitectura<\/span><\/div> | <div id=\"wpcf-field-realization\" class=\"wpcf-field-number wpcf-field-realization\"><span class=\"wpcf-field-name wpcf-field-number-name wpcf-field-realization-name\">realization:<\/span> <span class=\"wpcf-field-value wpcf-field-number-value wpcf-field-realization-value\">2015<\/span><\/div>\n          <\/li>\n\t\t\n          <li>\n            \n          <div style=\"display:none\" class=\"wpv-addon-maps-marker js-wpv-addon-maps-marker js-wpv-addon-maps-marker-marker-90386 js-wpv-addon-maps-markerfor-map-1\" data-marker=\"marker-90386\" data-markertitle=\"Yvapovo House\" data-markerfor=\"map-1\" data-markerlat=\"-25.2656802\" data-markerlon=\"-57.4894212\" data-markericon=\"\/wp-content\/uploads\/sites\/6\/2017\/11\/area_marker_13.png\" data-markericonhover=\"\" data-streetview=\"no\" data-fromview=\"\">\n            <article class=\"marker-itinerario\">\n\t<div class=\"entry-thumbnail\">\n      \n      \n      \t<img loading=\"lazy\" decoding=\"async\" width=\"640\" height=\"424\" src=\"https:\/\/static.tecnichenuove.it\/areaarch\/2020\/07\/10-f1.jpeg\" class=\"attachment-post-thumbnail size-post-thumbnail wp-post-image\" alt=\"\" srcset=\"https:\/\/static.tecnichenuove.it\/areaarch\/2020\/07\/10-f1.jpeg 640w, https:\/\/static.tecnichenuove.it\/areaarch\/2020\/07\/10-f1-300x199.jpeg 300w, https:\/\/static.tecnichenuove.it\/areaarch\/2020\/07\/10-f1-150x100.jpeg 150w, https:\/\/static.tecnichenuove.it\/areaarch\/2020\/07\/10-f1-634x420.jpeg 634w\" sizes=\"auto, (max-width: 640px) 100vw, 640px\" \/>\n      \t<img decoding=\"async\" src=\"https:\/\/www.area-arch.it\/wp-content\/uploads\/sites\/6\/2020\/07\/10-d2.jpg\" class=\"attachment-post-thumbnail\" \/>\n      \n\t<\/div>\n  \t<div class=\"entry-column\">\n      <h3 class=\"entry-title td-module-title\">Yvapovo House<\/h3>\n      <div class=\"td-excerpt\">\n            <div id=\"wpcf-field-tipology\" class=\"wpcf-field-select wpcf-field-tipology\"><span class=\"wpcf-field-name wpcf-field-select-name wpcf-field-tipology-name\">tipology:<\/span> <span class=\"wpcf-field-value wpcf-field-select-value wpcf-field-tipology-value\">residential<\/span><\/div>\n            <div id=\"wpcf-field-architect\" class=\"wpcf-field-single-line wpcf-field-architect\"><span class=\"wpcf-field-name wpcf-field-single-line-name wpcf-field-architect-name\">architect:<\/span> <span class=\"wpcf-field-value wpcf-field-single-line-value wpcf-field-architect-value\">Javier Corval\u00e1n + Laboratorio de Arquitectura<\/span><\/div>\n            <div id=\"wpcf-field-realization\" class=\"wpcf-field-number wpcf-field-realization\"><span class=\"wpcf-field-name wpcf-field-number-name wpcf-field-realization-name\">realization:<\/span> <span class=\"wpcf-field-value wpcf-field-number-value wpcf-field-realization-value\">2016<\/span><\/div>\n            Valeriano Zeballos, Luque, Paraguay\n          <\/div>\n  <\/div>\n<\/article>\n          <\/div>\n            <h4><a href=\"#\" onclick=\"cimap();\" class=\"link-marker js-wpv-addon-maps-focus-map js-toolset-maps-hover-map-map-1-marker-marker-90386 js-toolset-maps-open-infowindow-map-map-1-marker-marker-90386\" data-map=\"map-1\" data-marker=\"marker-90386\">10. Yvapovo House<\/a><\/h4>\n            <div id=\"wpcf-field-tipology\" class=\"wpcf-field-select wpcf-field-tipology\"><span class=\"wpcf-field-name wpcf-field-select-name wpcf-field-tipology-name\">tipology:<\/span> <span class=\"wpcf-field-value wpcf-field-select-value wpcf-field-tipology-value\">residential<\/span><\/div> | <div id=\"wpcf-field-architect\" class=\"wpcf-field-single-line wpcf-field-architect\"><span class=\"wpcf-field-name wpcf-field-single-line-name wpcf-field-architect-name\">architect:<\/span> <span class=\"wpcf-field-value wpcf-field-single-line-value wpcf-field-architect-value\">Javier Corval\u00e1n + Laboratorio de Arquitectura<\/span><\/div> | <div id=\"wpcf-field-realization\" class=\"wpcf-field-number wpcf-field-realization\"><span class=\"wpcf-field-name wpcf-field-number-name wpcf-field-realization-name\">realization:<\/span> <span class=\"wpcf-field-value wpcf-field-number-value wpcf-field-realization-value\">2016<\/span><\/div>\n          <\/li>\n\t\t\n          <li>\n            \n          <div style=\"display:none\" class=\"wpv-addon-maps-marker js-wpv-addon-maps-marker js-wpv-addon-maps-marker-marker-90389 js-wpv-addon-maps-markerfor-map-1\" data-marker=\"marker-90389\" data-markertitle=\"Muro Tierra House\" data-markerfor=\"map-1\" data-markerlat=\"-25.265465\" data-markerlon=\"-57.4846351\" data-markericon=\"\/wp-content\/uploads\/sites\/6\/2017\/11\/area_marker_13.png\" data-markericonhover=\"\" data-streetview=\"no\" data-fromview=\"\">\n            <article class=\"marker-itinerario\">\n\t<div class=\"entry-thumbnail\">\n      \n      \n      \t<img loading=\"lazy\" decoding=\"async\" width=\"890\" height=\"580\" src=\"https:\/\/static.tecnichenuove.it\/areaarch\/2020\/07\/11-f3.jpeg\" class=\"attachment-post-thumbnail size-post-thumbnail wp-post-image\" alt=\"\" srcset=\"https:\/\/static.tecnichenuove.it\/areaarch\/2020\/07\/11-f3.jpeg 890w, https:\/\/static.tecnichenuove.it\/areaarch\/2020\/07\/11-f3-300x196.jpeg 300w, https:\/\/static.tecnichenuove.it\/areaarch\/2020\/07\/11-f3-768x500.jpeg 768w, https:\/\/static.tecnichenuove.it\/areaarch\/2020\/07\/11-f3-696x454.jpeg 696w, https:\/\/static.tecnichenuove.it\/areaarch\/2020\/07\/11-f3-644x420.jpeg 644w\" sizes=\"auto, (max-width: 890px) 100vw, 890px\" \/>\n      \t<img decoding=\"async\" src=\"https:\/\/www.area-arch.it\/wp-content\/uploads\/sites\/6\/2020\/07\/11-d1-e1596025788396.jpg\" class=\"attachment-post-thumbnail\" \/>\n      \n\t<\/div>\n  \t<div class=\"entry-column\">\n      <h3 class=\"entry-title td-module-title\">Muro Tierra House<\/h3>\n      <div class=\"td-excerpt\">\n            <div id=\"wpcf-field-tipology\" class=\"wpcf-field-select wpcf-field-tipology\"><span class=\"wpcf-field-name wpcf-field-select-name wpcf-field-tipology-name\">tipology:<\/span> <span class=\"wpcf-field-value wpcf-field-select-value wpcf-field-tipology-value\">residential<\/span><\/div>\n            <div id=\"wpcf-field-architect\" class=\"wpcf-field-single-line wpcf-field-architect\"><span class=\"wpcf-field-name wpcf-field-single-line-name wpcf-field-architect-name\">architect:<\/span> <span class=\"wpcf-field-value wpcf-field-single-line-value wpcf-field-architect-value\">-=+X- Arquitectura<\/span><\/div>\n            <div id=\"wpcf-field-realization\" class=\"wpcf-field-number wpcf-field-realization\"><span class=\"wpcf-field-name wpcf-field-number-name wpcf-field-realization-name\">realization:<\/span> <span class=\"wpcf-field-value wpcf-field-number-value wpcf-field-realization-value\">2017<\/span><\/div>\n            Luque, Paraguay\n          <\/div>\n  <\/div>\n<\/article>\n          <\/div>\n            <h4><a href=\"#\" onclick=\"cimap();\" class=\"link-marker js-wpv-addon-maps-focus-map js-toolset-maps-hover-map-map-1-marker-marker-90389 js-toolset-maps-open-infowindow-map-map-1-marker-marker-90389\" data-map=\"map-1\" data-marker=\"marker-90389\">11. Muro Tierra House<\/a><\/h4>\n            <div id=\"wpcf-field-tipology\" class=\"wpcf-field-select wpcf-field-tipology\"><span class=\"wpcf-field-name wpcf-field-select-name wpcf-field-tipology-name\">tipology:<\/span> <span class=\"wpcf-field-value wpcf-field-select-value wpcf-field-tipology-value\">residential<\/span><\/div> | <div id=\"wpcf-field-architect\" class=\"wpcf-field-single-line wpcf-field-architect\"><span class=\"wpcf-field-name wpcf-field-single-line-name wpcf-field-architect-name\">architect:<\/span> <span class=\"wpcf-field-value wpcf-field-single-line-value wpcf-field-architect-value\">-=+X- Arquitectura<\/span><\/div> | <div id=\"wpcf-field-realization\" class=\"wpcf-field-number wpcf-field-realization\"><span class=\"wpcf-field-name wpcf-field-number-name wpcf-field-realization-name\">realization:<\/span> <span class=\"wpcf-field-value wpcf-field-number-value wpcf-field-realization-value\">2017<\/span><\/div>\n          <\/li>\n\t\t\n          <li>\n            \n          <div style=\"display:none\" class=\"wpv-addon-maps-marker js-wpv-addon-maps-marker js-wpv-addon-maps-marker-marker-90392 js-wpv-addon-maps-markerfor-map-1\" data-marker=\"marker-90392\" data-markertitle=\"Medi\u00e1teca del C\u00e1ntaro BioEscuela popular\" data-markerfor=\"map-1\" data-markerlat=\"-25.3071578\" data-markerlon=\"-57.3806172\" data-markericon=\"\/wp-content\/uploads\/sites\/6\/2017\/11\/area_marker_8.png\" data-markericonhover=\"\" data-streetview=\"no\" data-fromview=\"\">\n            <article class=\"marker-itinerario\">\n\t<div class=\"entry-thumbnail\">\n      \n      \n      \t<img loading=\"lazy\" decoding=\"async\" width=\"1000\" height=\"667\" src=\"https:\/\/static.tecnichenuove.it\/areaarch\/2020\/07\/12-f1.jpg\" class=\"attachment-post-thumbnail size-post-thumbnail wp-post-image\" alt=\"\" srcset=\"https:\/\/static.tecnichenuove.it\/areaarch\/2020\/07\/12-f1.jpg 1000w, https:\/\/static.tecnichenuove.it\/areaarch\/2020\/07\/12-f1-300x200.jpg 300w, https:\/\/static.tecnichenuove.it\/areaarch\/2020\/07\/12-f1-150x100.jpg 150w, https:\/\/static.tecnichenuove.it\/areaarch\/2020\/07\/12-f1-768x512.jpg 768w, https:\/\/static.tecnichenuove.it\/areaarch\/2020\/07\/12-f1-696x464.jpg 696w, https:\/\/static.tecnichenuove.it\/areaarch\/2020\/07\/12-f1-630x420.jpg 630w\" sizes=\"auto, (max-width: 1000px) 100vw, 1000px\" \/>\n      \t<img decoding=\"async\" src=\"https:\/\/www.area-arch.it\/wp-content\/uploads\/sites\/6\/2020\/07\/Schermata-2020-07-29-alle-14.34.08.png\" class=\"attachment-post-thumbnail\" \/>\n      \n\t<\/div>\n  \t<div class=\"entry-column\">\n      <h3 class=\"entry-title td-module-title\">Medi\u00e1teca del C\u00e1ntaro BioEscuela popular<\/h3>\n      <div class=\"td-excerpt\">\n            <div id=\"wpcf-field-tipology\" class=\"wpcf-field-select wpcf-field-tipology\"><span class=\"wpcf-field-name wpcf-field-select-name wpcf-field-tipology-name\">tipology:<\/span> <span class=\"wpcf-field-value wpcf-field-select-value wpcf-field-tipology-value\">library<\/span><\/div>\n            <div id=\"wpcf-field-architect\" class=\"wpcf-field-single-line wpcf-field-architect\"><span class=\"wpcf-field-name wpcf-field-single-line-name wpcf-field-architect-name\">architect:<\/span> <span class=\"wpcf-field-value wpcf-field-single-line-value wpcf-field-architect-value\">Jorge Farias<\/span><\/div>\n            <div id=\"wpcf-field-realization\" class=\"wpcf-field-number wpcf-field-realization\"><span class=\"wpcf-field-name wpcf-field-number-name wpcf-field-realization-name\">realization:<\/span> <span class=\"wpcf-field-value wpcf-field-number-value wpcf-field-realization-value\">2013<\/span><\/div>\n            Av. Mariscal Estigarribia, Aregu\u00e1, Paraguay\n          <\/div>\n  <\/div>\n<\/article>\n          <\/div>\n            <h4><a href=\"#\" onclick=\"cimap();\" class=\"link-marker js-wpv-addon-maps-focus-map js-toolset-maps-hover-map-map-1-marker-marker-90392 js-toolset-maps-open-infowindow-map-map-1-marker-marker-90392\" data-map=\"map-1\" data-marker=\"marker-90392\">12. Medi\u00e1teca del C\u00e1ntaro BioEscuela popular<\/a><\/h4>\n            <div id=\"wpcf-field-tipology\" class=\"wpcf-field-select wpcf-field-tipology\"><span class=\"wpcf-field-name wpcf-field-select-name wpcf-field-tipology-name\">tipology:<\/span> <span class=\"wpcf-field-value wpcf-field-select-value wpcf-field-tipology-value\">library<\/span><\/div> | <div id=\"wpcf-field-architect\" class=\"wpcf-field-single-line wpcf-field-architect\"><span class=\"wpcf-field-name wpcf-field-single-line-name wpcf-field-architect-name\">architect:<\/span> <span class=\"wpcf-field-value wpcf-field-single-line-value wpcf-field-architect-value\">Jorge Farias<\/span><\/div> | <div id=\"wpcf-field-realization\" class=\"wpcf-field-number wpcf-field-realization\"><span class=\"wpcf-field-name wpcf-field-number-name wpcf-field-realization-name\">realization:<\/span> <span class=\"wpcf-field-value wpcf-field-number-value wpcf-field-realization-value\">2013<\/span><\/div>\n          <\/li>\n\t\t\n          <li>\n            \n          <div style=\"display:none\" class=\"wpv-addon-maps-marker js-wpv-addon-maps-marker js-wpv-addon-maps-marker-marker-90396 js-wpv-addon-maps-markerfor-map-1\" data-marker=\"marker-90396\" data-markertitle=\"Colombino Studio\/House\" data-markerfor=\"map-1\" data-markerlat=\"-25.3393562\" data-markerlon=\"-57.3844907\" data-markericon=\"\/wp-content\/uploads\/sites\/6\/2017\/11\/area_marker_13.png\" data-markericonhover=\"\" data-streetview=\"no\" data-fromview=\"\">\n            <article class=\"marker-itinerario\">\n\t<div class=\"entry-thumbnail\">\n      \n      \n      \t<img loading=\"lazy\" decoding=\"async\" width=\"468\" height=\"694\" src=\"https:\/\/static.tecnichenuove.it\/areaarch\/2020\/07\/13-f2.jpg\" class=\"attachment-post-thumbnail size-post-thumbnail wp-post-image\" alt=\"\" srcset=\"https:\/\/static.tecnichenuove.it\/areaarch\/2020\/07\/13-f2.jpg 468w, https:\/\/static.tecnichenuove.it\/areaarch\/2020\/07\/13-f2-202x300.jpg 202w, https:\/\/static.tecnichenuove.it\/areaarch\/2020\/07\/13-f2-283x420.jpg 283w\" sizes=\"auto, (max-width: 468px) 100vw, 468px\" \/>\n      \t<img decoding=\"async\" src=\"https:\/\/www.area-arch.it\/wp-content\/uploads\/sites\/6\/2020\/07\/Schermata-2020-07-29-alle-14.37.19.png\" class=\"attachment-post-thumbnail\" \/>\n      \n\t<\/div>\n  \t<div class=\"entry-column\">\n      <h3 class=\"entry-title td-module-title\">Colombino Studio\/House<\/h3>\n      <div class=\"td-excerpt\">\n            <div id=\"wpcf-field-tipology\" class=\"wpcf-field-select wpcf-field-tipology\"><span class=\"wpcf-field-name wpcf-field-select-name wpcf-field-tipology-name\">tipology:<\/span> <span class=\"wpcf-field-value wpcf-field-select-value wpcf-field-tipology-value\">residential<\/span><\/div>\n            <div id=\"wpcf-field-architect\" class=\"wpcf-field-single-line wpcf-field-architect\"><span class=\"wpcf-field-name wpcf-field-single-line-name wpcf-field-architect-name\">architect:<\/span> <span class=\"wpcf-field-value wpcf-field-single-line-value wpcf-field-architect-value\">Carlos Colombino, Carlos Berbel<\/span><\/div>\n            <div id=\"wpcf-field-realization\" class=\"wpcf-field-number wpcf-field-realization\"><span class=\"wpcf-field-name wpcf-field-number-name wpcf-field-realization-name\">realization:<\/span> <span class=\"wpcf-field-value wpcf-field-number-value wpcf-field-realization-value\">1999<\/span><\/div>\n            Kokue Guasu, Aregu\u00e1, Paraguay\n          <\/div>\n  <\/div>\n<\/article>\n          <\/div>\n            <h4><a href=\"#\" onclick=\"cimap();\" class=\"link-marker js-wpv-addon-maps-focus-map js-toolset-maps-hover-map-map-1-marker-marker-90396 js-toolset-maps-open-infowindow-map-map-1-marker-marker-90396\" data-map=\"map-1\" data-marker=\"marker-90396\">13. Colombino Studio\/House<\/a><\/h4>\n            <div id=\"wpcf-field-tipology\" class=\"wpcf-field-select wpcf-field-tipology\"><span class=\"wpcf-field-name wpcf-field-select-name wpcf-field-tipology-name\">tipology:<\/span> <span class=\"wpcf-field-value wpcf-field-select-value wpcf-field-tipology-value\">residential<\/span><\/div> | <div id=\"wpcf-field-architect\" class=\"wpcf-field-single-line wpcf-field-architect\"><span class=\"wpcf-field-name wpcf-field-single-line-name wpcf-field-architect-name\">architect:<\/span> <span class=\"wpcf-field-value wpcf-field-single-line-value wpcf-field-architect-value\">Carlos Colombino, Carlos Berbel<\/span><\/div> | <div id=\"wpcf-field-realization\" class=\"wpcf-field-number wpcf-field-realization\"><span class=\"wpcf-field-name wpcf-field-number-name wpcf-field-realization-name\">realization:<\/span> <span class=\"wpcf-field-value wpcf-field-number-value wpcf-field-realization-value\">1999<\/span><\/div>\n          <\/li>\n\t\t\n          <li>\n            \n          <div style=\"display:none\" class=\"wpv-addon-maps-marker js-wpv-addon-maps-marker js-wpv-addon-maps-marker-marker-90400 js-wpv-addon-maps-markerfor-map-1\" data-marker=\"marker-90400\" data-markertitle=\"Paraguayan Furniture Museum\" data-markerfor=\"map-1\" data-markerlat=\"-25.3393562\" data-markerlon=\"-57.3844907\" data-markericon=\"\/wp-content\/uploads\/sites\/6\/2017\/11\/area_marker_10.png\" data-markericonhover=\"\" data-streetview=\"no\" data-fromview=\"\">\n            <article class=\"marker-itinerario\">\n\t<div class=\"entry-thumbnail\">\n      \n      \t<img loading=\"lazy\" decoding=\"async\" width=\"300\" height=\"225\" src=\"https:\/\/static.tecnichenuove.it\/areaarch\/2020\/07\/14-f1-300x225.jpg\" class=\"attachment-medium size-medium wp-post-image\" alt=\"\" srcset=\"https:\/\/static.tecnichenuove.it\/areaarch\/2020\/07\/14-f1-300x225.jpg 300w, https:\/\/static.tecnichenuove.it\/areaarch\/2020\/07\/14-f1-768x576.jpg 768w, https:\/\/static.tecnichenuove.it\/areaarch\/2020\/07\/14-f1-80x60.jpg 80w, https:\/\/static.tecnichenuove.it\/areaarch\/2020\/07\/14-f1-160x120.jpg 160w, https:\/\/static.tecnichenuove.it\/areaarch\/2020\/07\/14-f1-265x198.jpg 265w, https:\/\/static.tecnichenuove.it\/areaarch\/2020\/07\/14-f1-696x522.jpg 696w, https:\/\/static.tecnichenuove.it\/areaarch\/2020\/07\/14-f1-560x420.jpg 560w, https:\/\/static.tecnichenuove.it\/areaarch\/2020\/07\/14-f1.jpg 1024w\" sizes=\"auto, (max-width: 300px) 100vw, 300px\" \/>\n      \n      \n\t<\/div>\n  \t<div class=\"entry-column\">\n      <h3 class=\"entry-title td-module-title\">Paraguayan Furniture Museum<\/h3>\n      <div class=\"td-excerpt\">\n            <div id=\"wpcf-field-tipology\" class=\"wpcf-field-select wpcf-field-tipology\"><span class=\"wpcf-field-name wpcf-field-select-name wpcf-field-tipology-name\">tipology:<\/span> <span class=\"wpcf-field-value wpcf-field-select-value wpcf-field-tipology-value\">museum<\/span><\/div>\n            <div id=\"wpcf-field-architect\" class=\"wpcf-field-single-line wpcf-field-architect\"><span class=\"wpcf-field-name wpcf-field-single-line-name wpcf-field-architect-name\">architect:<\/span> <span class=\"wpcf-field-value wpcf-field-single-line-value wpcf-field-architect-value\">Carlos Colombino<\/span><\/div>\n            <div id=\"wpcf-field-realization\" class=\"wpcf-field-number wpcf-field-realization\"><span class=\"wpcf-field-name wpcf-field-number-name wpcf-field-realization-name\">realization:<\/span> <span class=\"wpcf-field-value wpcf-field-number-value wpcf-field-realization-value\">2010<\/span><\/div>\n            Kokue Guasu, Aregu\u00e1, Paraguay\n          <\/div>\n  <\/div>\n<\/article>\n          <\/div>\n            <h4><a href=\"#\" onclick=\"cimap();\" class=\"link-marker js-wpv-addon-maps-focus-map js-toolset-maps-hover-map-map-1-marker-marker-90400 js-toolset-maps-open-infowindow-map-map-1-marker-marker-90400\" data-map=\"map-1\" data-marker=\"marker-90400\">14. Paraguayan Furniture Museum<\/a><\/h4>\n            <div id=\"wpcf-field-tipology\" class=\"wpcf-field-select wpcf-field-tipology\"><span class=\"wpcf-field-name wpcf-field-select-name wpcf-field-tipology-name\">tipology:<\/span> <span class=\"wpcf-field-value wpcf-field-select-value wpcf-field-tipology-value\">museum<\/span><\/div> | <div id=\"wpcf-field-architect\" class=\"wpcf-field-single-line wpcf-field-architect\"><span class=\"wpcf-field-name wpcf-field-single-line-name wpcf-field-architect-name\">architect:<\/span> <span class=\"wpcf-field-value wpcf-field-single-line-value wpcf-field-architect-value\">Carlos Colombino<\/span><\/div> | <div id=\"wpcf-field-realization\" class=\"wpcf-field-number wpcf-field-realization\"><span class=\"wpcf-field-name wpcf-field-number-name wpcf-field-realization-name\">realization:<\/span> <span class=\"wpcf-field-value wpcf-field-number-value wpcf-field-realization-value\">2010<\/span><\/div>\n          <\/li>\n\t\t\n          <li>\n            \n          <div style=\"display:none\" class=\"wpv-addon-maps-marker js-wpv-addon-maps-marker js-wpv-addon-maps-marker-marker-90402 js-wpv-addon-maps-markerfor-map-1\" data-marker=\"marker-90402\" data-markertitle=\"FADA-UNA Sport Centre\" data-markerfor=\"map-1\" data-markerlat=\"-25.2918179\" data-markerlon=\"-57.5852506\" data-markericon=\"\/wp-content\/uploads\/sites\/6\/2017\/11\/area_marker_14.png\" data-markericonhover=\"\" data-streetview=\"no\" data-fromview=\"\">\n            <article class=\"marker-itinerario\">\n\t<div class=\"entry-thumbnail\">\n      \n      \n      \t<img loading=\"lazy\" decoding=\"async\" width=\"604\" height=\"403\" src=\"https:\/\/static.tecnichenuove.it\/areaarch\/2020\/07\/15-f7.jpg\" class=\"attachment-post-thumbnail size-post-thumbnail wp-post-image\" alt=\"\" srcset=\"https:\/\/static.tecnichenuove.it\/areaarch\/2020\/07\/15-f7.jpg 604w, https:\/\/static.tecnichenuove.it\/areaarch\/2020\/07\/15-f7-300x200.jpg 300w, https:\/\/static.tecnichenuove.it\/areaarch\/2020\/07\/15-f7-150x100.jpg 150w\" sizes=\"auto, (max-width: 604px) 100vw, 604px\" \/>\n      \t<img decoding=\"async\" src=\"https:\/\/www.area-arch.it\/wp-content\/uploads\/sites\/6\/2020\/07\/15-d1.jpg\" class=\"attachment-post-thumbnail\" \/>\n      \n\t<\/div>\n  \t<div class=\"entry-column\">\n      <h3 class=\"entry-title td-module-title\">FADA-UNA Sport Centre<\/h3>\n      <div class=\"td-excerpt\">\n            <div id=\"wpcf-field-tipology\" class=\"wpcf-field-select wpcf-field-tipology\"><span class=\"wpcf-field-name wpcf-field-select-name wpcf-field-tipology-name\">tipology:<\/span> <span class=\"wpcf-field-value wpcf-field-select-value wpcf-field-tipology-value\">sport<\/span><\/div>\n            <div id=\"wpcf-field-architect\" class=\"wpcf-field-single-line wpcf-field-architect\"><span class=\"wpcf-field-name wpcf-field-single-line-name wpcf-field-architect-name\">architect:<\/span> <span class=\"wpcf-field-value wpcf-field-single-line-value wpcf-field-architect-value\">Gabinete de Arquitectura<\/span><\/div>\n            <div id=\"wpcf-field-realization\" class=\"wpcf-field-number wpcf-field-realization\"><span class=\"wpcf-field-name wpcf-field-number-name wpcf-field-realization-name\">realization:<\/span> <span class=\"wpcf-field-value wpcf-field-number-value wpcf-field-realization-value\">2020<\/span><\/div>\n            Avenida Mariscal L\u00f3pez, Asunci\u00f3n, Paraguay\n          <\/div>\n  <\/div>\n<\/article>\n          <\/div>\n            <h4><a href=\"#\" onclick=\"cimap();\" class=\"link-marker js-wpv-addon-maps-focus-map js-toolset-maps-hover-map-map-1-marker-marker-90402 js-toolset-maps-open-infowindow-map-map-1-marker-marker-90402\" data-map=\"map-1\" data-marker=\"marker-90402\">15. FADA-UNA Sport Centre<\/a><\/h4>\n            <div id=\"wpcf-field-tipology\" class=\"wpcf-field-select wpcf-field-tipology\"><span class=\"wpcf-field-name wpcf-field-select-name wpcf-field-tipology-name\">tipology:<\/span> <span class=\"wpcf-field-value wpcf-field-select-value wpcf-field-tipology-value\">sport<\/span><\/div> | <div id=\"wpcf-field-architect\" class=\"wpcf-field-single-line wpcf-field-architect\"><span class=\"wpcf-field-name wpcf-field-single-line-name wpcf-field-architect-name\">architect:<\/span> <span class=\"wpcf-field-value wpcf-field-single-line-value wpcf-field-architect-value\">Gabinete de Arquitectura<\/span><\/div> | <div id=\"wpcf-field-realization\" class=\"wpcf-field-number wpcf-field-realization\"><span class=\"wpcf-field-name wpcf-field-number-name wpcf-field-realization-name\">realization:<\/span> <span class=\"wpcf-field-value wpcf-field-number-value wpcf-field-realization-value\">2020<\/span><\/div>\n          <\/li>\n\t\t\n          <li>\n            \n          <div style=\"display:none\" class=\"wpv-addon-maps-marker js-wpv-addon-maps-marker js-wpv-addon-maps-marker-marker-90405 js-wpv-addon-maps-markerfor-map-1\" data-marker=\"marker-90405\" data-markertitle=\"Pa&#8217;i \u00d1u\" data-markerfor=\"map-1\" data-markerlat=\"-25.3770557\" data-markerlon=\"-57.5451055\" data-markericon=\"\/wp-content\/uploads\/sites\/6\/2017\/11\/area_marker_13.png\" data-markericonhover=\"\" data-streetview=\"no\" data-fromview=\"\">\n            <article class=\"marker-itinerario\">\n\t<div class=\"entry-thumbnail\">\n      \n      \n      \t<img loading=\"lazy\" decoding=\"async\" width=\"700\" height=\"885\" src=\"https:\/\/static.tecnichenuove.it\/areaarch\/2020\/07\/16-f3.jpeg\" class=\"attachment-post-thumbnail size-post-thumbnail wp-post-image\" alt=\"\" srcset=\"https:\/\/static.tecnichenuove.it\/areaarch\/2020\/07\/16-f3.jpeg 700w, https:\/\/static.tecnichenuove.it\/areaarch\/2020\/07\/16-f3-237x300.jpeg 237w, https:\/\/static.tecnichenuove.it\/areaarch\/2020\/07\/16-f3-696x880.jpeg 696w, https:\/\/static.tecnichenuove.it\/areaarch\/2020\/07\/16-f3-332x420.jpeg 332w\" sizes=\"auto, (max-width: 700px) 100vw, 700px\" \/>\n      \t<img decoding=\"async\" src=\"https:\/\/www.area-arch.it\/wp-content\/uploads\/sites\/6\/2020\/07\/Schermata-2020-07-29-alle-14.48.01.png\" class=\"attachment-post-thumbnail\" \/>\n      \n\t<\/div>\n  \t<div class=\"entry-column\">\n      <h3 class=\"entry-title td-module-title\">Pa&#8217;i \u00d1u<\/h3>\n      <div class=\"td-excerpt\">\n            <div id=\"wpcf-field-tipology\" class=\"wpcf-field-select wpcf-field-tipology\"><span class=\"wpcf-field-name wpcf-field-select-name wpcf-field-tipology-name\">tipology:<\/span> <span class=\"wpcf-field-value wpcf-field-select-value wpcf-field-tipology-value\">residential<\/span><\/div>\n            <div id=\"wpcf-field-architect\" class=\"wpcf-field-single-line wpcf-field-architect\"><span class=\"wpcf-field-name wpcf-field-single-line-name wpcf-field-architect-name\">architect:<\/span> <span class=\"wpcf-field-value wpcf-field-single-line-value wpcf-field-architect-value\">Grupo Culata Jov\u00e1i<\/span><\/div>\n            <div id=\"wpcf-field-realization\" class=\"wpcf-field-number wpcf-field-realization\"><span class=\"wpcf-field-name wpcf-field-number-name wpcf-field-realization-name\">realization:<\/span> <span class=\"wpcf-field-value wpcf-field-number-value wpcf-field-realization-value\">2017<\/span><\/div>\n            Pa'I \u00d1u, \u00d1emby, Paraguay\n          <\/div>\n  <\/div>\n<\/article>\n          <\/div>\n            <h4><a href=\"#\" onclick=\"cimap();\" class=\"link-marker js-wpv-addon-maps-focus-map js-toolset-maps-hover-map-map-1-marker-marker-90405 js-toolset-maps-open-infowindow-map-map-1-marker-marker-90405\" data-map=\"map-1\" data-marker=\"marker-90405\">16. Pa&#8217;i \u00d1u<\/a><\/h4>\n            <div id=\"wpcf-field-tipology\" class=\"wpcf-field-select wpcf-field-tipology\"><span class=\"wpcf-field-name wpcf-field-select-name wpcf-field-tipology-name\">tipology:<\/span> <span class=\"wpcf-field-value wpcf-field-select-value wpcf-field-tipology-value\">residential<\/span><\/div> | <div id=\"wpcf-field-architect\" class=\"wpcf-field-single-line wpcf-field-architect\"><span class=\"wpcf-field-name wpcf-field-single-line-name wpcf-field-architect-name\">architect:<\/span> <span class=\"wpcf-field-value wpcf-field-single-line-value wpcf-field-architect-value\">Grupo Culata Jov\u00e1i<\/span><\/div> | <div id=\"wpcf-field-realization\" class=\"wpcf-field-number wpcf-field-realization\"><span class=\"wpcf-field-name wpcf-field-number-name wpcf-field-realization-name\">realization:<\/span> <span class=\"wpcf-field-value wpcf-field-number-value wpcf-field-realization-value\">2017<\/span><\/div>\n          <\/li>\n\t\t\n          <li>\n            \n          <div style=\"display:none\" class=\"wpv-addon-maps-marker js-wpv-addon-maps-marker js-wpv-addon-maps-marker-marker-90408 js-wpv-addon-maps-markerfor-map-1\" data-marker=\"marker-90408\" data-markertitle=\"Unilever Heaquarter\" data-markerfor=\"map-1\" data-markerlat=\"-25.3835428\" data-markerlon=\"-57.5910427\" data-markericon=\"\/wp-content\/uploads\/sites\/6\/2017\/11\/area_marker_11.png\" data-markericonhover=\"\" data-streetview=\"no\" data-fromview=\"\">\n            <article class=\"marker-itinerario\">\n\t<div class=\"entry-thumbnail\">\n      \n      \n      \t<img loading=\"lazy\" decoding=\"async\" width=\"1000\" height=\"528\" src=\"https:\/\/static.tecnichenuove.it\/areaarch\/2020\/07\/17-f3.jpg\" class=\"attachment-post-thumbnail size-post-thumbnail wp-post-image\" alt=\"\" srcset=\"https:\/\/static.tecnichenuove.it\/areaarch\/2020\/07\/17-f3.jpg 1000w, https:\/\/static.tecnichenuove.it\/areaarch\/2020\/07\/17-f3-300x158.jpg 300w, https:\/\/static.tecnichenuove.it\/areaarch\/2020\/07\/17-f3-768x406.jpg 768w, https:\/\/static.tecnichenuove.it\/areaarch\/2020\/07\/17-f3-696x367.jpg 696w, https:\/\/static.tecnichenuove.it\/areaarch\/2020\/07\/17-f3-795x420.jpg 795w\" sizes=\"auto, (max-width: 1000px) 100vw, 1000px\" \/>\n      \t<img decoding=\"async\" src=\"https:\/\/www.area-arch.it\/wp-content\/uploads\/sites\/6\/2020\/07\/17-D4.jpg\" class=\"attachment-post-thumbnail\" \/>\n      \n\t<\/div>\n  \t<div class=\"entry-column\">\n      <h3 class=\"entry-title td-module-title\">Unilever Heaquarter<\/h3>\n      <div class=\"td-excerpt\">\n            <div id=\"wpcf-field-tipology\" class=\"wpcf-field-select wpcf-field-tipology\"><span class=\"wpcf-field-name wpcf-field-select-name wpcf-field-tipology-name\">tipology:<\/span> <span class=\"wpcf-field-value wpcf-field-select-value wpcf-field-tipology-value\">office<\/span><\/div>\n            <div id=\"wpcf-field-architect\" class=\"wpcf-field-single-line wpcf-field-architect\"><span class=\"wpcf-field-name wpcf-field-single-line-name wpcf-field-architect-name\">architect:<\/span> <span class=\"wpcf-field-value wpcf-field-single-line-value wpcf-field-architect-value\">Gabinete de Arquitectura<\/span><\/div>\n            <div id=\"wpcf-field-realization\" class=\"wpcf-field-number wpcf-field-realization\"><span class=\"wpcf-field-name wpcf-field-number-name wpcf-field-realization-name\">realization:<\/span> <span class=\"wpcf-field-value wpcf-field-number-value wpcf-field-realization-value\">2001<\/span><\/div>\n            Rio Salado, Villa Elisa, Paraguay\n          <\/div>\n  <\/div>\n<\/article>\n          <\/div>\n            <h4><a href=\"#\" onclick=\"cimap();\" class=\"link-marker js-wpv-addon-maps-focus-map js-toolset-maps-hover-map-map-1-marker-marker-90408 js-toolset-maps-open-infowindow-map-map-1-marker-marker-90408\" data-map=\"map-1\" data-marker=\"marker-90408\">17. Unilever Heaquarter<\/a><\/h4>\n            <div id=\"wpcf-field-tipology\" class=\"wpcf-field-select wpcf-field-tipology\"><span class=\"wpcf-field-name wpcf-field-select-name wpcf-field-tipology-name\">tipology:<\/span> <span class=\"wpcf-field-value wpcf-field-select-value wpcf-field-tipology-value\">office<\/span><\/div> | <div id=\"wpcf-field-architect\" class=\"wpcf-field-single-line wpcf-field-architect\"><span class=\"wpcf-field-name wpcf-field-single-line-name wpcf-field-architect-name\">architect:<\/span> <span class=\"wpcf-field-value wpcf-field-single-line-value wpcf-field-architect-value\">Gabinete de Arquitectura<\/span><\/div> | <div id=\"wpcf-field-realization\" class=\"wpcf-field-number wpcf-field-realization\"><span class=\"wpcf-field-name wpcf-field-number-name wpcf-field-realization-name\">realization:<\/span> <span class=\"wpcf-field-value wpcf-field-number-value wpcf-field-realization-value\">2001<\/span><\/div>\n          <\/li>\n\t\t\n          <li>\n            \n          <div style=\"display:none\" class=\"wpv-addon-maps-marker js-wpv-addon-maps-marker js-wpv-addon-maps-marker-marker-90411 js-wpv-addon-maps-markerfor-map-1\" data-marker=\"marker-90411\" data-markertitle=\"Mandu&#8217;a Office\" data-markerfor=\"map-1\" data-markerlat=\"-25.3413782\" data-markerlon=\"-57.6144448\" data-markericon=\"\/wp-content\/uploads\/sites\/6\/2017\/11\/area_marker_11.png\" data-markericonhover=\"\" data-streetview=\"no\" data-fromview=\"\">\n            <article class=\"marker-itinerario\">\n\t<div class=\"entry-thumbnail\">\n      \n      \n      \t<img loading=\"lazy\" decoding=\"async\" width=\"1280\" height=\"844\" src=\"https:\/\/static.tecnichenuove.it\/areaarch\/2020\/07\/18-f1.jpg\" class=\"attachment-post-thumbnail size-post-thumbnail wp-post-image\" alt=\"\" srcset=\"https:\/\/static.tecnichenuove.it\/areaarch\/2020\/07\/18-f1.jpg 1280w, https:\/\/static.tecnichenuove.it\/areaarch\/2020\/07\/18-f1-300x198.jpg 300w, https:\/\/static.tecnichenuove.it\/areaarch\/2020\/07\/18-f1-1024x675.jpg 1024w, https:\/\/static.tecnichenuove.it\/areaarch\/2020\/07\/18-f1-150x100.jpg 150w, https:\/\/static.tecnichenuove.it\/areaarch\/2020\/07\/18-f1-768x506.jpg 768w, https:\/\/static.tecnichenuove.it\/areaarch\/2020\/07\/18-f1-696x459.jpg 696w, https:\/\/static.tecnichenuove.it\/areaarch\/2020\/07\/18-f1-1068x704.jpg 1068w, https:\/\/static.tecnichenuove.it\/areaarch\/2020\/07\/18-f1-637x420.jpg 637w\" sizes=\"auto, (max-width: 1280px) 100vw, 1280px\" \/>\n      \t<img decoding=\"async\" src=\"https:\/\/www.area-arch.it\/wp-content\/uploads\/sites\/6\/2020\/07\/18-d1.jpg\" class=\"attachment-post-thumbnail\" \/>\n      \n\t<\/div>\n  \t<div class=\"entry-column\">\n      <h3 class=\"entry-title td-module-title\">Mandu&#8217;a Office<\/h3>\n      <div class=\"td-excerpt\">\n            <div id=\"wpcf-field-tipology\" class=\"wpcf-field-select wpcf-field-tipology\"><span class=\"wpcf-field-name wpcf-field-select-name wpcf-field-tipology-name\">tipology:<\/span> <span class=\"wpcf-field-value wpcf-field-select-value wpcf-field-tipology-value\">office<\/span><\/div>\n            <div id=\"wpcf-field-architect\" class=\"wpcf-field-single-line wpcf-field-architect\"><span class=\"wpcf-field-name wpcf-field-single-line-name wpcf-field-architect-name\">architect:<\/span> <span class=\"wpcf-field-value wpcf-field-single-line-value wpcf-field-architect-value\">Gabinete de Arquitectura<\/span><\/div>\n            <div id=\"wpcf-field-realization\" class=\"wpcf-field-number wpcf-field-realization\"><span class=\"wpcf-field-name wpcf-field-number-name wpcf-field-realization-name\">realization:<\/span> <span class=\"wpcf-field-value wpcf-field-number-value wpcf-field-realization-value\">2013<\/span><\/div>\n            Ram\u00f3n I Cardozo, Lambar\u00e9, Paraguay\n          <\/div>\n  <\/div>\n<\/article>\n          <\/div>\n            <h4><a href=\"#\" onclick=\"cimap();\" class=\"link-marker js-wpv-addon-maps-focus-map js-toolset-maps-hover-map-map-1-marker-marker-90411 js-toolset-maps-open-infowindow-map-map-1-marker-marker-90411\" data-map=\"map-1\" data-marker=\"marker-90411\">18. Mandu&#8217;a Office<\/a><\/h4>\n            <div id=\"wpcf-field-tipology\" class=\"wpcf-field-select wpcf-field-tipology\"><span class=\"wpcf-field-name wpcf-field-select-name wpcf-field-tipology-name\">tipology:<\/span> <span class=\"wpcf-field-value wpcf-field-select-value wpcf-field-tipology-value\">office<\/span><\/div> | <div id=\"wpcf-field-architect\" class=\"wpcf-field-single-line wpcf-field-architect\"><span class=\"wpcf-field-name wpcf-field-single-line-name wpcf-field-architect-name\">architect:<\/span> <span class=\"wpcf-field-value wpcf-field-single-line-value wpcf-field-architect-value\">Gabinete de Arquitectura<\/span><\/div> | <div id=\"wpcf-field-realization\" class=\"wpcf-field-number wpcf-field-realization\"><span class=\"wpcf-field-name wpcf-field-number-name wpcf-field-realization-name\">realization:<\/span> <span class=\"wpcf-field-value wpcf-field-number-value wpcf-field-realization-value\">2013<\/span><\/div>\n          <\/li>\n\t\t\n          <li>\n            \n          <div style=\"display:none\" class=\"wpv-addon-maps-marker js-wpv-addon-maps-marker js-wpv-addon-maps-marker-marker-90414 js-wpv-addon-maps-markerfor-map-1\" data-marker=\"marker-90414\" data-markertitle=\"Telethon Children&#8217;s Rehabilitation Center\" data-markerfor=\"map-1\" data-markerlat=\"-25.3436335\" data-markerlon=\"-57.612875\" data-markericon=\"\/wp-content\/uploads\/sites\/6\/2017\/11\/area_marker_11.png\" data-markericonhover=\"\" data-streetview=\"no\" data-fromview=\"\">\n            <article class=\"marker-itinerario\">\n\t<div class=\"entry-thumbnail\">\n      \n      \n      \t<img loading=\"lazy\" decoding=\"async\" width=\"1280\" height=\"853\" src=\"https:\/\/static.tecnichenuove.it\/areaarch\/2020\/07\/19-f7.jpg\" class=\"attachment-post-thumbnail size-post-thumbnail wp-post-image\" alt=\"\" srcset=\"https:\/\/static.tecnichenuove.it\/areaarch\/2020\/07\/19-f7.jpg 1280w, https:\/\/static.tecnichenuove.it\/areaarch\/2020\/07\/19-f7-300x200.jpg 300w, https:\/\/static.tecnichenuove.it\/areaarch\/2020\/07\/19-f7-1024x682.jpg 1024w, https:\/\/static.tecnichenuove.it\/areaarch\/2020\/07\/19-f7-150x100.jpg 150w, https:\/\/static.tecnichenuove.it\/areaarch\/2020\/07\/19-f7-768x512.jpg 768w, https:\/\/static.tecnichenuove.it\/areaarch\/2020\/07\/19-f7-696x464.jpg 696w, https:\/\/static.tecnichenuove.it\/areaarch\/2020\/07\/19-f7-1068x712.jpg 1068w, https:\/\/static.tecnichenuove.it\/areaarch\/2020\/07\/19-f7-630x420.jpg 630w\" sizes=\"auto, (max-width: 1280px) 100vw, 1280px\" \/>\n      \t<img decoding=\"async\" src=\"https:\/\/www.area-arch.it\/wp-content\/uploads\/sites\/6\/2020\/07\/19-d10.jpg\" class=\"attachment-post-thumbnail\" \/>\n      \n\t<\/div>\n  \t<div class=\"entry-column\">\n      <h3 class=\"entry-title td-module-title\">Telethon Children&#8217;s Rehabilitation Center<\/h3>\n      <div class=\"td-excerpt\">\n            <div id=\"wpcf-field-tipology\" class=\"wpcf-field-select wpcf-field-tipology\"><span class=\"wpcf-field-name wpcf-field-select-name wpcf-field-tipology-name\">tipology:<\/span> <span class=\"wpcf-field-value wpcf-field-select-value wpcf-field-tipology-value\">office<\/span><\/div>\n            <div id=\"wpcf-field-architect\" class=\"wpcf-field-single-line wpcf-field-architect\"><span class=\"wpcf-field-name wpcf-field-single-line-name wpcf-field-architect-name\">architect:<\/span> <span class=\"wpcf-field-value wpcf-field-single-line-value wpcf-field-architect-value\">Gabinete de Arquitectura<\/span><\/div>\n            <div id=\"wpcf-field-realization\" class=\"wpcf-field-number wpcf-field-realization\"><span class=\"wpcf-field-name wpcf-field-number-name wpcf-field-realization-name\">realization:<\/span> <span class=\"wpcf-field-value wpcf-field-number-value wpcf-field-realization-value\">2010<\/span><\/div>\n            Avenida Cacique Lambare, Lambar\u00e9, Paraguay\n          <\/div>\n  <\/div>\n<\/article>\n          <\/div>\n            <h4><a href=\"#\" onclick=\"cimap();\" class=\"link-marker js-wpv-addon-maps-focus-map js-toolset-maps-hover-map-map-1-marker-marker-90414 js-toolset-maps-open-infowindow-map-map-1-marker-marker-90414\" data-map=\"map-1\" data-marker=\"marker-90414\">19. Telethon Children&#8217;s Rehabilitation Center<\/a><\/h4>\n            <div id=\"wpcf-field-tipology\" class=\"wpcf-field-select wpcf-field-tipology\"><span class=\"wpcf-field-name wpcf-field-select-name wpcf-field-tipology-name\">tipology:<\/span> <span class=\"wpcf-field-value wpcf-field-select-value wpcf-field-tipology-value\">office<\/span><\/div> | <div id=\"wpcf-field-architect\" class=\"wpcf-field-single-line wpcf-field-architect\"><span class=\"wpcf-field-name wpcf-field-single-line-name wpcf-field-architect-name\">architect:<\/span> <span class=\"wpcf-field-value wpcf-field-single-line-value wpcf-field-architect-value\">Gabinete de Arquitectura<\/span><\/div> | <div id=\"wpcf-field-realization\" class=\"wpcf-field-number wpcf-field-realization\"><span class=\"wpcf-field-name wpcf-field-number-name wpcf-field-realization-name\">realization:<\/span> <span class=\"wpcf-field-value wpcf-field-number-value wpcf-field-realization-value\">2010<\/span><\/div>\n          <\/li>\n\t\t\n          <li>\n            \n          <div style=\"display:none\" class=\"wpv-addon-maps-marker js-wpv-addon-maps-marker js-wpv-addon-maps-marker-marker-90417 js-wpv-addon-maps-markerfor-map-1\" data-marker=\"marker-90417\" data-markertitle=\"Symbolic Grand Lodge of Paraguay\" data-markerfor=\"map-1\" data-markerlat=\"-25.3072774\" data-markerlon=\"-57.5687705\" data-markericon=\"\/wp-content\/uploads\/sites\/6\/2017\/11\/area_marker_17.png\" data-markericonhover=\"\" data-streetview=\"no\" data-fromview=\"\">\n            <article class=\"marker-itinerario\">\n\t<div class=\"entry-thumbnail\">\n      \n      \n      \t<img loading=\"lazy\" decoding=\"async\" width=\"1280\" height=\"1155\" src=\"https:\/\/static.tecnichenuove.it\/areaarch\/2020\/07\/20-f4.jpg\" class=\"attachment-post-thumbnail size-post-thumbnail wp-post-image\" alt=\"\" srcset=\"https:\/\/static.tecnichenuove.it\/areaarch\/2020\/07\/20-f4.jpg 1280w, https:\/\/static.tecnichenuove.it\/areaarch\/2020\/07\/20-f4-300x271.jpg 300w, https:\/\/static.tecnichenuove.it\/areaarch\/2020\/07\/20-f4-1024x924.jpg 1024w, https:\/\/static.tecnichenuove.it\/areaarch\/2020\/07\/20-f4-768x693.jpg 768w, https:\/\/static.tecnichenuove.it\/areaarch\/2020\/07\/20-f4-696x628.jpg 696w, https:\/\/static.tecnichenuove.it\/areaarch\/2020\/07\/20-f4-1068x964.jpg 1068w, https:\/\/static.tecnichenuove.it\/areaarch\/2020\/07\/20-f4-465x420.jpg 465w\" sizes=\"auto, (max-width: 1280px) 100vw, 1280px\" \/>\n      \t<img decoding=\"async\" src=\"https:\/\/www.area-arch.it\/wp-content\/uploads\/sites\/6\/2020\/07\/Schermata-2020-07-29-alle-15.49.55.jpg\" class=\"attachment-post-thumbnail\" \/>\n      \n\t<\/div>\n  \t<div class=\"entry-column\">\n      <h3 class=\"entry-title td-module-title\">Symbolic Grand Lodge of Paraguay<\/h3>\n      <div class=\"td-excerpt\">\n            <div id=\"wpcf-field-tipology\" class=\"wpcf-field-select wpcf-field-tipology\"><span class=\"wpcf-field-name wpcf-field-select-name wpcf-field-tipology-name\">tipology:<\/span> <span class=\"wpcf-field-value wpcf-field-select-value wpcf-field-tipology-value\">church<\/span><\/div>\n            <div id=\"wpcf-field-architect\" class=\"wpcf-field-single-line wpcf-field-architect\"><span class=\"wpcf-field-name wpcf-field-single-line-name wpcf-field-architect-name\">architect:<\/span> <span class=\"wpcf-field-value wpcf-field-single-line-value wpcf-field-architect-value\">Gabinete de Arquitectura<\/span><\/div>\n            <div id=\"wpcf-field-realization\" class=\"wpcf-field-number wpcf-field-realization\"><span class=\"wpcf-field-name wpcf-field-number-name wpcf-field-realization-name\">realization:<\/span> <span class=\"wpcf-field-value wpcf-field-number-value wpcf-field-realization-value\">2018<\/span><\/div>\n            R.I. 2 Ytororo, Asunci\u00f3n, Paraguay\n          <\/div>\n  <\/div>\n<\/article>\n          <\/div>\n            <h4><a href=\"#\" onclick=\"cimap();\" class=\"link-marker js-wpv-addon-maps-focus-map js-toolset-maps-hover-map-map-1-marker-marker-90417 js-toolset-maps-open-infowindow-map-map-1-marker-marker-90417\" data-map=\"map-1\" data-marker=\"marker-90417\">20. Symbolic Grand Lodge of Paraguay<\/a><\/h4>\n            <div id=\"wpcf-field-tipology\" class=\"wpcf-field-select wpcf-field-tipology\"><span class=\"wpcf-field-name wpcf-field-select-name wpcf-field-tipology-name\">tipology:<\/span> <span class=\"wpcf-field-value wpcf-field-select-value wpcf-field-tipology-value\">church<\/span><\/div> | <div id=\"wpcf-field-architect\" class=\"wpcf-field-single-line wpcf-field-architect\"><span class=\"wpcf-field-name wpcf-field-single-line-name wpcf-field-architect-name\">architect:<\/span> <span class=\"wpcf-field-value wpcf-field-single-line-value wpcf-field-architect-value\">Gabinete de Arquitectura<\/span><\/div> | <div id=\"wpcf-field-realization\" class=\"wpcf-field-number wpcf-field-realization\"><span class=\"wpcf-field-name wpcf-field-number-name wpcf-field-realization-name\">realization:<\/span> <span class=\"wpcf-field-value wpcf-field-number-value wpcf-field-realization-value\">2018<\/span><\/div>\n          <\/li>\n\t\t\n          <li>\n            \n          <div style=\"display:none\" class=\"wpv-addon-maps-marker js-wpv-addon-maps-marker js-wpv-addon-maps-marker-marker-90427 js-wpv-addon-maps-markerfor-map-1\" data-marker=\"marker-90427\" data-markertitle=\"Maluff House (Castillo Pind\u00fa)\" data-markerfor=\"map-1\" data-markerlat=\"-25.2925277\" data-markerlon=\"-57.5636565\" data-markericon=\"\/wp-content\/uploads\/sites\/6\/2017\/11\/area_marker_13.png\" data-markericonhover=\"\" data-streetview=\"no\" data-fromview=\"\">\n            <article class=\"marker-itinerario\">\n\t<div class=\"entry-thumbnail\">\n      \n      \t<img loading=\"lazy\" decoding=\"async\" width=\"300\" height=\"224\" src=\"https:\/\/static.tecnichenuove.it\/areaarch\/2020\/07\/21-f4-300x224.jpg\" class=\"attachment-medium size-medium wp-post-image\" alt=\"\" srcset=\"https:\/\/static.tecnichenuove.it\/areaarch\/2020\/07\/21-f4-300x224.jpg 300w, https:\/\/static.tecnichenuove.it\/areaarch\/2020\/07\/21-f4-80x60.jpg 80w, https:\/\/static.tecnichenuove.it\/areaarch\/2020\/07\/21-f4-160x120.jpg 160w, https:\/\/static.tecnichenuove.it\/areaarch\/2020\/07\/21-f4-265x198.jpg 265w, https:\/\/static.tecnichenuove.it\/areaarch\/2020\/07\/21-f4-696x521.jpg 696w, https:\/\/static.tecnichenuove.it\/areaarch\/2020\/07\/21-f4-562x420.jpg 562w, https:\/\/static.tecnichenuove.it\/areaarch\/2020\/07\/21-f4.jpg 730w\" sizes=\"auto, (max-width: 300px) 100vw, 300px\" \/>\n      \n      \n\t<\/div>\n  \t<div class=\"entry-column\">\n      <h3 class=\"entry-title td-module-title\">Maluff House (Castillo Pind\u00fa)<\/h3>\n      <div class=\"td-excerpt\">\n            <div id=\"wpcf-field-tipology\" class=\"wpcf-field-select wpcf-field-tipology\"><span class=\"wpcf-field-name wpcf-field-select-name wpcf-field-tipology-name\">tipology:<\/span> <span class=\"wpcf-field-value wpcf-field-select-value wpcf-field-tipology-value\">residential<\/span><\/div>\n            <div id=\"wpcf-field-architect\" class=\"wpcf-field-single-line wpcf-field-architect\"><span class=\"wpcf-field-name wpcf-field-single-line-name wpcf-field-architect-name\">architect:<\/span> <span class=\"wpcf-field-value wpcf-field-single-line-value wpcf-field-architect-value\">Gumersindo Sosa, Asunci\u00f3n<\/span><\/div>\n            <div id=\"wpcf-field-realization\" class=\"wpcf-field-number wpcf-field-realization\"><span class=\"wpcf-field-name wpcf-field-number-name wpcf-field-realization-name\">realization:<\/span> <span class=\"wpcf-field-value wpcf-field-number-value wpcf-field-realization-value\">1991<\/span><\/div>\n            Gumersindo Sosa, Asunci\u00f3n, Paraguay\n          <\/div>\n  <\/div>\n<\/article>\n          <\/div>\n            <h4><a href=\"#\" onclick=\"cimap();\" class=\"link-marker js-wpv-addon-maps-focus-map js-toolset-maps-hover-map-map-1-marker-marker-90427 js-toolset-maps-open-infowindow-map-map-1-marker-marker-90427\" data-map=\"map-1\" data-marker=\"marker-90427\">21. Maluff House (Castillo Pind\u00fa)<\/a><\/h4>\n            <div id=\"wpcf-field-tipology\" class=\"wpcf-field-select wpcf-field-tipology\"><span class=\"wpcf-field-name wpcf-field-select-name wpcf-field-tipology-name\">tipology:<\/span> <span class=\"wpcf-field-value wpcf-field-select-value wpcf-field-tipology-value\">residential<\/span><\/div> | <div id=\"wpcf-field-architect\" class=\"wpcf-field-single-line wpcf-field-architect\"><span class=\"wpcf-field-name wpcf-field-single-line-name wpcf-field-architect-name\">architect:<\/span> <span class=\"wpcf-field-value wpcf-field-single-line-value wpcf-field-architect-value\">Gumersindo Sosa, Asunci\u00f3n<\/span><\/div> | <div id=\"wpcf-field-realization\" class=\"wpcf-field-number wpcf-field-realization\"><span class=\"wpcf-field-name wpcf-field-number-name wpcf-field-realization-name\">realization:<\/span> <span class=\"wpcf-field-value wpcf-field-number-value wpcf-field-realization-value\">1991<\/span><\/div>\n          <\/li>\n\t\t\n          <li>\n            \n          <div style=\"display:none\" class=\"wpv-addon-maps-marker js-wpv-addon-maps-marker js-wpv-addon-maps-marker-marker-90429 js-wpv-addon-maps-markerfor-map-1\" data-marker=\"marker-90429\" data-markertitle=\"Ferreira Falc\u00f3n\" data-markerfor=\"map-1\" data-markerlat=\"-25.2918179\" data-markerlon=\"-57.5852506\" data-markericon=\"\/wp-content\/uploads\/sites\/6\/2017\/11\/area_marker_13.png\" data-markericonhover=\"\" data-streetview=\"no\" data-fromview=\"\">\n            <article class=\"marker-itinerario\">\n\t<div class=\"entry-thumbnail\">\n      \n      \n      \t<img loading=\"lazy\" decoding=\"async\" width=\"1024\" height=\"768\" src=\"https:\/\/static.tecnichenuove.it\/areaarch\/2020\/07\/22-F3.jpg\" class=\"attachment-post-thumbnail size-post-thumbnail wp-post-image\" alt=\"\" srcset=\"https:\/\/static.tecnichenuove.it\/areaarch\/2020\/07\/22-F3.jpg 1024w, https:\/\/static.tecnichenuove.it\/areaarch\/2020\/07\/22-F3-300x225.jpg 300w, https:\/\/static.tecnichenuove.it\/areaarch\/2020\/07\/22-F3-768x576.jpg 768w, https:\/\/static.tecnichenuove.it\/areaarch\/2020\/07\/22-F3-80x60.jpg 80w, https:\/\/static.tecnichenuove.it\/areaarch\/2020\/07\/22-F3-160x120.jpg 160w, https:\/\/static.tecnichenuove.it\/areaarch\/2020\/07\/22-F3-265x198.jpg 265w, https:\/\/static.tecnichenuove.it\/areaarch\/2020\/07\/22-F3-696x522.jpg 696w, https:\/\/static.tecnichenuove.it\/areaarch\/2020\/07\/22-F3-560x420.jpg 560w\" sizes=\"auto, (max-width: 1024px) 100vw, 1024px\" \/>\n      \t<img decoding=\"async\" src=\"https:\/\/www.area-arch.it\/wp-content\/uploads\/sites\/6\/2020\/07\/22-d1.jpg\" class=\"attachment-post-thumbnail\" \/>\n      \n\t<\/div>\n  \t<div class=\"entry-column\">\n      <h3 class=\"entry-title td-module-title\">Ferreira Falc\u00f3n<\/h3>\n      <div class=\"td-excerpt\">\n            <div id=\"wpcf-field-tipology\" class=\"wpcf-field-select wpcf-field-tipology\"><span class=\"wpcf-field-name wpcf-field-select-name wpcf-field-tipology-name\">tipology:<\/span> <span class=\"wpcf-field-value wpcf-field-select-value wpcf-field-tipology-value\">residential<\/span><\/div>\n            <div id=\"wpcf-field-architect\" class=\"wpcf-field-single-line wpcf-field-architect\"><span class=\"wpcf-field-name wpcf-field-single-line-name wpcf-field-architect-name\">architect:<\/span> <span class=\"wpcf-field-value wpcf-field-single-line-value wpcf-field-architect-value\">Jenaru Pind\u00fa<\/span><\/div>\n            <div id=\"wpcf-field-realization\" class=\"wpcf-field-number wpcf-field-realization\"><span class=\"wpcf-field-name wpcf-field-number-name wpcf-field-realization-name\">realization:<\/span> <span class=\"wpcf-field-value wpcf-field-number-value wpcf-field-realization-value\">1980<\/span><\/div>\n            Avenida Mariscal L\u00f3pez, Asunci\u00f3n, Paraguay\n          <\/div>\n  <\/div>\n<\/article>\n          <\/div>\n            <h4><a href=\"#\" onclick=\"cimap();\" class=\"link-marker js-wpv-addon-maps-focus-map js-toolset-maps-hover-map-map-1-marker-marker-90429 js-toolset-maps-open-infowindow-map-map-1-marker-marker-90429\" data-map=\"map-1\" data-marker=\"marker-90429\">22. Ferreira Falc\u00f3n<\/a><\/h4>\n            <div id=\"wpcf-field-tipology\" class=\"wpcf-field-select wpcf-field-tipology\"><span class=\"wpcf-field-name wpcf-field-select-name wpcf-field-tipology-name\">tipology:<\/span> <span class=\"wpcf-field-value wpcf-field-select-value wpcf-field-tipology-value\">residential<\/span><\/div> | <div id=\"wpcf-field-architect\" class=\"wpcf-field-single-line wpcf-field-architect\"><span class=\"wpcf-field-name wpcf-field-single-line-name wpcf-field-architect-name\">architect:<\/span> <span class=\"wpcf-field-value wpcf-field-single-line-value wpcf-field-architect-value\">Jenaru Pind\u00fa<\/span><\/div> | <div id=\"wpcf-field-realization\" class=\"wpcf-field-number wpcf-field-realization\"><span class=\"wpcf-field-name wpcf-field-number-name wpcf-field-realization-name\">realization:<\/span> <span class=\"wpcf-field-value wpcf-field-number-value wpcf-field-realization-value\">1980<\/span><\/div>\n          <\/li>\n\t\t\n          <li>\n            \n          <div style=\"display:none\" class=\"wpv-addon-maps-marker js-wpv-addon-maps-marker js-wpv-addon-maps-marker-marker-90432 js-wpv-addon-maps-markerfor-map-1\" data-marker=\"marker-90432\" data-markertitle=\"\u00c1lvarez-Nuovo Atelier\" data-markerfor=\"map-1\" data-markerlat=\"-25.2929712\" data-markerlon=\"-57.5779385\" data-markericon=\"\/wp-content\/uploads\/sites\/6\/2017\/11\/area_marker_12.png\" data-markericonhover=\"\" data-streetview=\"no\" data-fromview=\"\">\n            <article class=\"marker-itinerario\">\n\t<div class=\"entry-thumbnail\">\n      \n      \n      \t<img loading=\"lazy\" decoding=\"async\" width=\"1280\" height=\"732\" src=\"https:\/\/static.tecnichenuove.it\/areaarch\/2020\/07\/23-f1.jpg\" class=\"attachment-post-thumbnail size-post-thumbnail wp-post-image\" alt=\"\" srcset=\"https:\/\/static.tecnichenuove.it\/areaarch\/2020\/07\/23-f1.jpg 1280w, https:\/\/static.tecnichenuove.it\/areaarch\/2020\/07\/23-f1-300x172.jpg 300w, https:\/\/static.tecnichenuove.it\/areaarch\/2020\/07\/23-f1-1024x586.jpg 1024w, https:\/\/static.tecnichenuove.it\/areaarch\/2020\/07\/23-f1-768x439.jpg 768w, https:\/\/static.tecnichenuove.it\/areaarch\/2020\/07\/23-f1-696x398.jpg 696w, https:\/\/static.tecnichenuove.it\/areaarch\/2020\/07\/23-f1-1068x611.jpg 1068w, https:\/\/static.tecnichenuove.it\/areaarch\/2020\/07\/23-f1-734x420.jpg 734w\" sizes=\"auto, (max-width: 1280px) 100vw, 1280px\" \/>\n      \t<img decoding=\"async\" src=\"https:\/\/www.area-arch.it\/wp-content\/uploads\/sites\/6\/2020\/07\/23-d1.jpg\" class=\"attachment-post-thumbnail\" \/>\n      \n\t<\/div>\n  \t<div class=\"entry-column\">\n      <h3 class=\"entry-title td-module-title\">\u00c1lvarez-Nuovo Atelier<\/h3>\n      <div class=\"td-excerpt\">\n            <div id=\"wpcf-field-tipology\" class=\"wpcf-field-select wpcf-field-tipology\"><span class=\"wpcf-field-name wpcf-field-select-name wpcf-field-tipology-name\">tipology:<\/span> <span class=\"wpcf-field-value wpcf-field-select-value wpcf-field-tipology-value\">public<\/span><\/div>\n            <div id=\"wpcf-field-architect\" class=\"wpcf-field-single-line wpcf-field-architect\"><span class=\"wpcf-field-name wpcf-field-single-line-name wpcf-field-architect-name\">architect:<\/span> <span class=\"wpcf-field-value wpcf-field-single-line-value wpcf-field-architect-value\">bl f l a<\/span><\/div>\n            <div id=\"wpcf-field-realization\" class=\"wpcf-field-number wpcf-field-realization\"><span class=\"wpcf-field-name wpcf-field-number-name wpcf-field-realization-name\">realization:<\/span> <span class=\"wpcf-field-value wpcf-field-number-value wpcf-field-realization-value\">2012<\/span><\/div>\n            Dr Francisco Morra, Asunci\u00f3n, Paraguay\n          <\/div>\n  <\/div>\n<\/article>\n          <\/div>\n            <h4><a href=\"#\" onclick=\"cimap();\" class=\"link-marker js-wpv-addon-maps-focus-map js-toolset-maps-hover-map-map-1-marker-marker-90432 js-toolset-maps-open-infowindow-map-map-1-marker-marker-90432\" data-map=\"map-1\" data-marker=\"marker-90432\">23. \u00c1lvarez-Nuovo Atelier<\/a><\/h4>\n            <div id=\"wpcf-field-tipology\" class=\"wpcf-field-select wpcf-field-tipology\"><span class=\"wpcf-field-name wpcf-field-select-name wpcf-field-tipology-name\">tipology:<\/span> <span class=\"wpcf-field-value wpcf-field-select-value wpcf-field-tipology-value\">public<\/span><\/div> | <div id=\"wpcf-field-architect\" class=\"wpcf-field-single-line wpcf-field-architect\"><span class=\"wpcf-field-name wpcf-field-single-line-name wpcf-field-architect-name\">architect:<\/span> <span class=\"wpcf-field-value wpcf-field-single-line-value wpcf-field-architect-value\">bl f l a<\/span><\/div> | <div id=\"wpcf-field-realization\" class=\"wpcf-field-number wpcf-field-realization\"><span class=\"wpcf-field-name wpcf-field-number-name wpcf-field-realization-name\">realization:<\/span> <span class=\"wpcf-field-value wpcf-field-number-value wpcf-field-realization-value\">2012<\/span><\/div>\n          <\/li>\n\t\t\n          <li>\n            \n          <div style=\"display:none\" class=\"wpv-addon-maps-marker js-wpv-addon-maps-marker js-wpv-addon-maps-marker-marker-90435 js-wpv-addon-maps-markerfor-map-1\" data-marker=\"marker-90435\" data-markertitle=\"Five Hotel\" data-markerfor=\"map-1\" data-markerlat=\"-25.2929712\" data-markerlon=\"-57.5779385\" data-markericon=\"\/wp-content\/uploads\/sites\/6\/2017\/11\/area_marker_7.png\" data-markericonhover=\"\" data-streetview=\"no\" data-fromview=\"\">\n            <article class=\"marker-itinerario\">\n\t<div class=\"entry-thumbnail\">\n      \n      \n      \t<img loading=\"lazy\" decoding=\"async\" width=\"700\" height=\"753\" src=\"https:\/\/static.tecnichenuove.it\/areaarch\/2020\/07\/24-f2.jpeg\" class=\"attachment-post-thumbnail size-post-thumbnail wp-post-image\" alt=\"\" srcset=\"https:\/\/static.tecnichenuove.it\/areaarch\/2020\/07\/24-f2.jpeg 700w, https:\/\/static.tecnichenuove.it\/areaarch\/2020\/07\/24-f2-279x300.jpeg 279w, https:\/\/static.tecnichenuove.it\/areaarch\/2020\/07\/24-f2-696x749.jpeg 696w, https:\/\/static.tecnichenuove.it\/areaarch\/2020\/07\/24-f2-390x420.jpeg 390w\" sizes=\"auto, (max-width: 700px) 100vw, 700px\" \/>\n      \t<img decoding=\"async\" src=\"https:\/\/www.area-arch.it\/wp-content\/uploads\/sites\/6\/2020\/07\/24-d1.jpg\" class=\"attachment-post-thumbnail\" \/>\n      \n\t<\/div>\n  \t<div class=\"entry-column\">\n      <h3 class=\"entry-title td-module-title\">Five Hotel<\/h3>\n      <div class=\"td-excerpt\">\n            <div id=\"wpcf-field-tipology\" class=\"wpcf-field-select wpcf-field-tipology\"><span class=\"wpcf-field-name wpcf-field-select-name wpcf-field-tipology-name\">tipology:<\/span> <span class=\"wpcf-field-value wpcf-field-select-value wpcf-field-tipology-value\">hotel<\/span><\/div>\n            <div id=\"wpcf-field-architect\" class=\"wpcf-field-single-line wpcf-field-architect\"><span class=\"wpcf-field-name wpcf-field-single-line-name wpcf-field-architect-name\">architect:<\/span> <span class=\"wpcf-field-value wpcf-field-single-line-value wpcf-field-architect-value\">Carlos Cortes and Juan Jos\u00e9 Ardissone<\/span><\/div>\n            <div id=\"wpcf-field-realization\" class=\"wpcf-field-number wpcf-field-realization\"><span class=\"wpcf-field-name wpcf-field-number-name wpcf-field-realization-name\">realization:<\/span> <span class=\"wpcf-field-value wpcf-field-number-value wpcf-field-realization-value\">2018<\/span><\/div>\n            Dr Francisco Morra, Asunci\u00f3n, Paraguay\n          <\/div>\n  <\/div>\n<\/article>\n          <\/div>\n            <h4><a href=\"#\" onclick=\"cimap();\" class=\"link-marker js-wpv-addon-maps-focus-map js-toolset-maps-hover-map-map-1-marker-marker-90435 js-toolset-maps-open-infowindow-map-map-1-marker-marker-90435\" data-map=\"map-1\" data-marker=\"marker-90435\">24. Five Hotel<\/a><\/h4>\n            <div id=\"wpcf-field-tipology\" class=\"wpcf-field-select wpcf-field-tipology\"><span class=\"wpcf-field-name wpcf-field-select-name wpcf-field-tipology-name\">tipology:<\/span> <span class=\"wpcf-field-value wpcf-field-select-value wpcf-field-tipology-value\">hotel<\/span><\/div> | <div id=\"wpcf-field-architect\" class=\"wpcf-field-single-line wpcf-field-architect\"><span class=\"wpcf-field-name wpcf-field-single-line-name wpcf-field-architect-name\">architect:<\/span> <span class=\"wpcf-field-value wpcf-field-single-line-value wpcf-field-architect-value\">Carlos Cortes and Juan Jos\u00e9 Ardissone<\/span><\/div> | <div id=\"wpcf-field-realization\" class=\"wpcf-field-number wpcf-field-realization\"><span class=\"wpcf-field-name wpcf-field-number-name wpcf-field-realization-name\">realization:<\/span> <span class=\"wpcf-field-value wpcf-field-number-value wpcf-field-realization-value\">2018<\/span><\/div>\n          <\/li>\n\t\t\n          <li>\n            \n          <div style=\"display:none\" class=\"wpv-addon-maps-marker js-wpv-addon-maps-marker js-wpv-addon-maps-marker-marker-90438 js-wpv-addon-maps-markerfor-map-1\" data-marker=\"marker-90438\" data-markertitle=\"Santa Clara School Auditorium\" data-markerfor=\"map-1\" data-markerlat=\"-25.2918179\" data-markerlon=\"-57.5852506\" data-markericon=\"\/wp-content\/uploads\/sites\/6\/2017\/11\/area_marker_9.png\" data-markericonhover=\"\" data-streetview=\"no\" data-fromview=\"\">\n            <article class=\"marker-itinerario\">\n\t<div class=\"entry-thumbnail\">\n      \n      \n      \t<img loading=\"lazy\" decoding=\"async\" width=\"1280\" height=\"960\" src=\"https:\/\/static.tecnichenuove.it\/areaarch\/2020\/07\/25-f1.jpg\" class=\"attachment-post-thumbnail size-post-thumbnail wp-post-image\" alt=\"\" srcset=\"https:\/\/static.tecnichenuove.it\/areaarch\/2020\/07\/25-f1.jpg 1280w, https:\/\/static.tecnichenuove.it\/areaarch\/2020\/07\/25-f1-300x225.jpg 300w, https:\/\/static.tecnichenuove.it\/areaarch\/2020\/07\/25-f1-1024x768.jpg 1024w, https:\/\/static.tecnichenuove.it\/areaarch\/2020\/07\/25-f1-768x576.jpg 768w, https:\/\/static.tecnichenuove.it\/areaarch\/2020\/07\/25-f1-80x60.jpg 80w, https:\/\/static.tecnichenuove.it\/areaarch\/2020\/07\/25-f1-160x120.jpg 160w, https:\/\/static.tecnichenuove.it\/areaarch\/2020\/07\/25-f1-265x198.jpg 265w, https:\/\/static.tecnichenuove.it\/areaarch\/2020\/07\/25-f1-696x522.jpg 696w, https:\/\/static.tecnichenuove.it\/areaarch\/2020\/07\/25-f1-1068x801.jpg 1068w, https:\/\/static.tecnichenuove.it\/areaarch\/2020\/07\/25-f1-560x420.jpg 560w\" sizes=\"auto, (max-width: 1280px) 100vw, 1280px\" \/>\n      \t<img decoding=\"async\" src=\"https:\/\/www.area-arch.it\/wp-content\/uploads\/sites\/6\/2020\/07\/25-d1.jpg\" class=\"attachment-post-thumbnail\" \/>\n      \n\t<\/div>\n  \t<div class=\"entry-column\">\n      <h3 class=\"entry-title td-module-title\">Santa Clara School Auditorium<\/h3>\n      <div class=\"td-excerpt\">\n            <div id=\"wpcf-field-tipology\" class=\"wpcf-field-select wpcf-field-tipology\"><span class=\"wpcf-field-name wpcf-field-select-name wpcf-field-tipology-name\">tipology:<\/span> <span class=\"wpcf-field-value wpcf-field-select-value wpcf-field-tipology-value\">mixed use<\/span><\/div>\n            <div id=\"wpcf-field-architect\" class=\"wpcf-field-single-line wpcf-field-architect\"><span class=\"wpcf-field-name wpcf-field-single-line-name wpcf-field-architect-name\">architect:<\/span> <span class=\"wpcf-field-value wpcf-field-single-line-value wpcf-field-architect-value\">Carlos Jim\u00e9nez<\/span><\/div>\n            <div id=\"wpcf-field-realization\" class=\"wpcf-field-number wpcf-field-realization\"><span class=\"wpcf-field-name wpcf-field-number-name wpcf-field-realization-name\">realization:<\/span> <span class=\"wpcf-field-value wpcf-field-number-value wpcf-field-realization-value\">2012<\/span><\/div>\n            Avenida Mariscal L\u00f3pez, Asunci\u00f3n, Paraguay\n          <\/div>\n  <\/div>\n<\/article>\n          <\/div>\n            <h4><a href=\"#\" onclick=\"cimap();\" class=\"link-marker js-wpv-addon-maps-focus-map js-toolset-maps-hover-map-map-1-marker-marker-90438 js-toolset-maps-open-infowindow-map-map-1-marker-marker-90438\" data-map=\"map-1\" data-marker=\"marker-90438\">25. Santa Clara School Auditorium<\/a><\/h4>\n            <div id=\"wpcf-field-tipology\" class=\"wpcf-field-select wpcf-field-tipology\"><span class=\"wpcf-field-name wpcf-field-select-name wpcf-field-tipology-name\">tipology:<\/span> <span class=\"wpcf-field-value wpcf-field-select-value wpcf-field-tipology-value\">mixed use<\/span><\/div> | <div id=\"wpcf-field-architect\" class=\"wpcf-field-single-line wpcf-field-architect\"><span class=\"wpcf-field-name wpcf-field-single-line-name wpcf-field-architect-name\">architect:<\/span> <span class=\"wpcf-field-value wpcf-field-single-line-value wpcf-field-architect-value\">Carlos Jim\u00e9nez<\/span><\/div> | <div id=\"wpcf-field-realization\" class=\"wpcf-field-number wpcf-field-realization\"><span class=\"wpcf-field-name wpcf-field-number-name wpcf-field-realization-name\">realization:<\/span> <span class=\"wpcf-field-value wpcf-field-number-value wpcf-field-realization-value\">2012<\/span><\/div>\n          <\/li>\n\t\t\n          <li>\n            \n          <div style=\"display:none\" class=\"wpv-addon-maps-marker js-wpv-addon-maps-marker js-wpv-addon-maps-marker-marker-90441 js-wpv-addon-maps-markerfor-map-1\" data-marker=\"marker-90441\" data-markertitle=\"Ex Studio Gabinete de Arquitectura\" data-markerfor=\"map-1\" data-markerlat=\"-25.2929756\" data-markerlon=\"-57.6202949\" data-markericon=\"\/wp-content\/uploads\/sites\/6\/2017\/11\/area_marker_11.png\" data-markericonhover=\"\" data-streetview=\"no\" data-fromview=\"\">\n            <article class=\"marker-itinerario\">\n\t<div class=\"entry-thumbnail\">\n      \n      \n      \t<img loading=\"lazy\" decoding=\"async\" width=\"1280\" height=\"853\" src=\"https:\/\/static.tecnichenuove.it\/areaarch\/2020\/07\/26-f1.jpg\" class=\"attachment-post-thumbnail size-post-thumbnail wp-post-image\" alt=\"\" srcset=\"https:\/\/static.tecnichenuove.it\/areaarch\/2020\/07\/26-f1.jpg 1280w, https:\/\/static.tecnichenuove.it\/areaarch\/2020\/07\/26-f1-300x200.jpg 300w, https:\/\/static.tecnichenuove.it\/areaarch\/2020\/07\/26-f1-1024x682.jpg 1024w, https:\/\/static.tecnichenuove.it\/areaarch\/2020\/07\/26-f1-150x100.jpg 150w, https:\/\/static.tecnichenuove.it\/areaarch\/2020\/07\/26-f1-768x512.jpg 768w, https:\/\/static.tecnichenuove.it\/areaarch\/2020\/07\/26-f1-696x464.jpg 696w, https:\/\/static.tecnichenuove.it\/areaarch\/2020\/07\/26-f1-1068x712.jpg 1068w, https:\/\/static.tecnichenuove.it\/areaarch\/2020\/07\/26-f1-630x420.jpg 630w\" sizes=\"auto, (max-width: 1280px) 100vw, 1280px\" \/>\n      \t<img decoding=\"async\" src=\"https:\/\/www.area-arch.it\/wp-content\/uploads\/sites\/6\/2020\/07\/26-d1.jpg\" class=\"attachment-post-thumbnail\" \/>\n      \n\t<\/div>\n  \t<div class=\"entry-column\">\n      <h3 class=\"entry-title td-module-title\">Ex Studio Gabinete de Arquitectura<\/h3>\n      <div class=\"td-excerpt\">\n            <div id=\"wpcf-field-tipology\" class=\"wpcf-field-select wpcf-field-tipology\"><span class=\"wpcf-field-name wpcf-field-select-name wpcf-field-tipology-name\">tipology:<\/span> <span class=\"wpcf-field-value wpcf-field-select-value wpcf-field-tipology-value\">office<\/span><\/div>\n            <div id=\"wpcf-field-architect\" class=\"wpcf-field-single-line wpcf-field-architect\"><span class=\"wpcf-field-name wpcf-field-single-line-name wpcf-field-architect-name\">architect:<\/span> <span class=\"wpcf-field-value wpcf-field-single-line-value wpcf-field-architect-value\">Gabinete de Arquitectura<\/span><\/div>\n            <div id=\"wpcf-field-realization\" class=\"wpcf-field-number wpcf-field-realization\"><span class=\"wpcf-field-name wpcf-field-number-name wpcf-field-realization-name\">realization:<\/span> <span class=\"wpcf-field-value wpcf-field-number-value wpcf-field-realization-value\">1994<\/span><\/div>\n            F\u00e9lix de Azara, Asunci\u00f3n, Paraguay\n          <\/div>\n  <\/div>\n<\/article>\n          <\/div>\n            <h4><a href=\"#\" onclick=\"cimap();\" class=\"link-marker js-wpv-addon-maps-focus-map js-toolset-maps-hover-map-map-1-marker-marker-90441 js-toolset-maps-open-infowindow-map-map-1-marker-marker-90441\" data-map=\"map-1\" data-marker=\"marker-90441\">26. Ex Studio Gabinete de Arquitectura<\/a><\/h4>\n            <div id=\"wpcf-field-tipology\" class=\"wpcf-field-select wpcf-field-tipology\"><span class=\"wpcf-field-name wpcf-field-select-name wpcf-field-tipology-name\">tipology:<\/span> <span class=\"wpcf-field-value wpcf-field-select-value wpcf-field-tipology-value\">office<\/span><\/div> | <div id=\"wpcf-field-architect\" class=\"wpcf-field-single-line wpcf-field-architect\"><span class=\"wpcf-field-name wpcf-field-single-line-name wpcf-field-architect-name\">architect:<\/span> <span class=\"wpcf-field-value wpcf-field-single-line-value wpcf-field-architect-value\">Gabinete de Arquitectura<\/span><\/div> | <div id=\"wpcf-field-realization\" class=\"wpcf-field-number wpcf-field-realization\"><span class=\"wpcf-field-name wpcf-field-number-name wpcf-field-realization-name\">realization:<\/span> <span class=\"wpcf-field-value wpcf-field-number-value wpcf-field-realization-value\">1994<\/span><\/div>\n          <\/li>\n\t\t\n          <li>\n            \n          <div style=\"display:none\" class=\"wpv-addon-maps-marker js-wpv-addon-maps-marker js-wpv-addon-maps-marker-marker-90444 js-wpv-addon-maps-markerfor-map-1\" data-marker=\"marker-90444\" data-markertitle=\"Paraguayan Episcopal Conference\" data-markerfor=\"map-1\" data-markerlat=\"-25.2998593\" data-markerlon=\"-57.6027866\" data-markericon=\"\/wp-content\/uploads\/sites\/6\/2017\/11\/area_marker_17.png\" data-markericonhover=\"\" data-streetview=\"no\" data-fromview=\"\">\n            <article class=\"marker-itinerario\">\n\t<div class=\"entry-thumbnail\">\n      \n      \n      \t<img loading=\"lazy\" decoding=\"async\" width=\"1000\" height=\"719\" src=\"https:\/\/static.tecnichenuove.it\/areaarch\/2020\/07\/27-f5.jpg\" class=\"attachment-post-thumbnail size-post-thumbnail wp-post-image\" alt=\"\" srcset=\"https:\/\/static.tecnichenuove.it\/areaarch\/2020\/07\/27-f5.jpg 1000w, https:\/\/static.tecnichenuove.it\/areaarch\/2020\/07\/27-f5-300x216.jpg 300w, https:\/\/static.tecnichenuove.it\/areaarch\/2020\/07\/27-f5-768x552.jpg 768w, https:\/\/static.tecnichenuove.it\/areaarch\/2020\/07\/27-f5-696x500.jpg 696w, https:\/\/static.tecnichenuove.it\/areaarch\/2020\/07\/27-f5-584x420.jpg 584w\" sizes=\"auto, (max-width: 1000px) 100vw, 1000px\" \/>\n      \t<img decoding=\"async\" src=\"https:\/\/www.area-arch.it\/wp-content\/uploads\/sites\/6\/2020\/07\/Schermata-2020-07-29-alle-16.54.59.png\" class=\"attachment-post-thumbnail\" \/>\n      \n\t<\/div>\n  \t<div class=\"entry-column\">\n      <h3 class=\"entry-title td-module-title\">Paraguayan Episcopal Conference<\/h3>\n      <div class=\"td-excerpt\">\n            <div id=\"wpcf-field-tipology\" class=\"wpcf-field-select wpcf-field-tipology\"><span class=\"wpcf-field-name wpcf-field-select-name wpcf-field-tipology-name\">tipology:<\/span> <span class=\"wpcf-field-value wpcf-field-select-value wpcf-field-tipology-value\">church<\/span><\/div>\n            <div id=\"wpcf-field-architect\" class=\"wpcf-field-single-line wpcf-field-architect\"><span class=\"wpcf-field-name wpcf-field-single-line-name wpcf-field-architect-name\">architect:<\/span> <span class=\"wpcf-field-value wpcf-field-single-line-value wpcf-field-architect-value\">Sergio Ruggeri, Nicol\u00e1s Berger y Giacomo Favilli<\/span><\/div>\n            <div id=\"wpcf-field-realization\" class=\"wpcf-field-number wpcf-field-realization\"><span class=\"wpcf-field-name wpcf-field-number-name wpcf-field-realization-name\">realization:<\/span> <span class=\"wpcf-field-value wpcf-field-number-value wpcf-field-realization-value\">2020<\/span><\/div>\n            Teniente Jara Pastore, Asunci\u00f3n, Paraguay\n          <\/div>\n  <\/div>\n<\/article>\n          <\/div>\n            <h4><a href=\"#\" onclick=\"cimap();\" class=\"link-marker js-wpv-addon-maps-focus-map js-toolset-maps-hover-map-map-1-marker-marker-90444 js-toolset-maps-open-infowindow-map-map-1-marker-marker-90444\" data-map=\"map-1\" data-marker=\"marker-90444\">27. Paraguayan Episcopal Conference<\/a><\/h4>\n            <div id=\"wpcf-field-tipology\" class=\"wpcf-field-select wpcf-field-tipology\"><span class=\"wpcf-field-name wpcf-field-select-name wpcf-field-tipology-name\">tipology:<\/span> <span class=\"wpcf-field-value wpcf-field-select-value wpcf-field-tipology-value\">church<\/span><\/div> | <div id=\"wpcf-field-architect\" class=\"wpcf-field-single-line wpcf-field-architect\"><span class=\"wpcf-field-name wpcf-field-single-line-name wpcf-field-architect-name\">architect:<\/span> <span class=\"wpcf-field-value wpcf-field-single-line-value wpcf-field-architect-value\">Sergio Ruggeri, Nicol\u00e1s Berger y Giacomo Favilli<\/span><\/div> | <div id=\"wpcf-field-realization\" class=\"wpcf-field-number wpcf-field-realization\"><span class=\"wpcf-field-name wpcf-field-number-name wpcf-field-realization-name\">realization:<\/span> <span class=\"wpcf-field-value wpcf-field-number-value wpcf-field-realization-value\">2020<\/span><\/div>\n          <\/li>\n\t\t\n          <li>\n            \n          <div style=\"display:none\" class=\"wpv-addon-maps-marker js-wpv-addon-maps-marker js-wpv-addon-maps-marker-marker-90447 js-wpv-addon-maps-markerfor-map-1\" data-marker=\"marker-90447\" data-markertitle=\"Aurea House\" data-markerfor=\"map-1\" data-markerlat=\"-25.2964425\" data-markerlon=\"-57.5990594\" data-markericon=\"\/wp-content\/uploads\/sites\/6\/2017\/11\/area_marker_13.png\" data-markericonhover=\"\" data-streetview=\"no\" data-fromview=\"\">\n            <article class=\"marker-itinerario\">\n\t<div class=\"entry-thumbnail\">\n      \n      \n      \t<img loading=\"lazy\" decoding=\"async\" width=\"990\" height=\"850\" src=\"https:\/\/static.tecnichenuove.it\/areaarch\/2020\/07\/28-f2.jpg\" class=\"attachment-post-thumbnail size-post-thumbnail wp-post-image\" alt=\"\" srcset=\"https:\/\/static.tecnichenuove.it\/areaarch\/2020\/07\/28-f2.jpg 990w, https:\/\/static.tecnichenuove.it\/areaarch\/2020\/07\/28-f2-300x258.jpg 300w, https:\/\/static.tecnichenuove.it\/areaarch\/2020\/07\/28-f2-768x659.jpg 768w, https:\/\/static.tecnichenuove.it\/areaarch\/2020\/07\/28-f2-696x598.jpg 696w, https:\/\/static.tecnichenuove.it\/areaarch\/2020\/07\/28-f2-489x420.jpg 489w\" sizes=\"auto, (max-width: 990px) 100vw, 990px\" \/>\n      \t<img decoding=\"async\" src=\"https:\/\/www.area-arch.it\/wp-content\/uploads\/sites\/6\/2020\/07\/28-d1-e1596034662912.jpg\" class=\"attachment-post-thumbnail\" \/>\n      \n\t<\/div>\n  \t<div class=\"entry-column\">\n      <h3 class=\"entry-title td-module-title\">Aurea House<\/h3>\n      <div class=\"td-excerpt\">\n            <div id=\"wpcf-field-tipology\" class=\"wpcf-field-select wpcf-field-tipology\"><span class=\"wpcf-field-name wpcf-field-select-name wpcf-field-tipology-name\">tipology:<\/span> <span class=\"wpcf-field-value wpcf-field-select-value wpcf-field-tipology-value\">residential<\/span><\/div>\n            <div id=\"wpcf-field-architect\" class=\"wpcf-field-single-line wpcf-field-architect\"><span class=\"wpcf-field-name wpcf-field-single-line-name wpcf-field-architect-name\">architect:<\/span> <span class=\"wpcf-field-value wpcf-field-single-line-value wpcf-field-architect-value\">Javier Corval\u00e1n y Jose Cubilla<\/span><\/div>\n            <div id=\"wpcf-field-realization\" class=\"wpcf-field-number wpcf-field-realization\"><span class=\"wpcf-field-name wpcf-field-number-name wpcf-field-realization-name\">realization:<\/span> <span class=\"wpcf-field-value wpcf-field-number-value wpcf-field-realization-value\">2012<\/span><\/div>\n            Dr. Justo Prieto, Asunci\u00f3n, Paraguay\n          <\/div>\n  <\/div>\n<\/article>\n          <\/div>\n            <h4><a href=\"#\" onclick=\"cimap();\" class=\"link-marker js-wpv-addon-maps-focus-map js-toolset-maps-hover-map-map-1-marker-marker-90447 js-toolset-maps-open-infowindow-map-map-1-marker-marker-90447\" data-map=\"map-1\" data-marker=\"marker-90447\">28. Aurea House<\/a><\/h4>\n            <div id=\"wpcf-field-tipology\" class=\"wpcf-field-select wpcf-field-tipology\"><span class=\"wpcf-field-name wpcf-field-select-name wpcf-field-tipology-name\">tipology:<\/span> <span class=\"wpcf-field-value wpcf-field-select-value wpcf-field-tipology-value\">residential<\/span><\/div> | <div id=\"wpcf-field-architect\" class=\"wpcf-field-single-line wpcf-field-architect\"><span class=\"wpcf-field-name wpcf-field-single-line-name wpcf-field-architect-name\">architect:<\/span> <span class=\"wpcf-field-value wpcf-field-single-line-value wpcf-field-architect-value\">Javier Corval\u00e1n y Jose Cubilla<\/span><\/div> | <div id=\"wpcf-field-realization\" class=\"wpcf-field-number wpcf-field-realization\"><span class=\"wpcf-field-name wpcf-field-number-name wpcf-field-realization-name\">realization:<\/span> <span class=\"wpcf-field-value wpcf-field-number-value wpcf-field-realization-value\">2012<\/span><\/div>\n          <\/li>\n\t\t\n          <li>\n            \n          <div style=\"display:none\" class=\"wpv-addon-maps-marker js-wpv-addon-maps-marker js-wpv-addon-maps-marker-marker-90450 js-wpv-addon-maps-markerfor-map-1\" data-marker=\"marker-90450\" data-markertitle=\"Mburicao House\" data-markerfor=\"map-1\" data-markerlat=\"-25.2966809\" data-markerlon=\"-57.590433\" data-markericon=\"\/wp-content\/uploads\/sites\/6\/2017\/11\/area_marker_13.png\" data-markericonhover=\"\" data-streetview=\"no\" data-fromview=\"\">\n            <article class=\"marker-itinerario\">\n\t<div class=\"entry-thumbnail\">\n      \n      \n      \t<img loading=\"lazy\" decoding=\"async\" width=\"734\" height=\"1280\" src=\"https:\/\/static.tecnichenuove.it\/areaarch\/2020\/07\/29-f3.jpg\" class=\"attachment-post-thumbnail size-post-thumbnail wp-post-image\" alt=\"\" srcset=\"https:\/\/static.tecnichenuove.it\/areaarch\/2020\/07\/29-f3.jpg 734w, https:\/\/static.tecnichenuove.it\/areaarch\/2020\/07\/29-f3-172x300.jpg 172w, https:\/\/static.tecnichenuove.it\/areaarch\/2020\/07\/29-f3-587x1024.jpg 587w, https:\/\/static.tecnichenuove.it\/areaarch\/2020\/07\/29-f3-696x1214.jpg 696w, https:\/\/static.tecnichenuove.it\/areaarch\/2020\/07\/29-f3-241x420.jpg 241w\" sizes=\"auto, (max-width: 734px) 100vw, 734px\" \/>\n      \t<img decoding=\"async\" src=\"https:\/\/www.area-arch.it\/wp-content\/uploads\/sites\/6\/2020\/07\/29-d5.jpg\" class=\"attachment-post-thumbnail\" \/>\n      \n\t<\/div>\n  \t<div class=\"entry-column\">\n      <h3 class=\"entry-title td-module-title\">Mburicao House<\/h3>\n      <div class=\"td-excerpt\">\n            <div id=\"wpcf-field-tipology\" class=\"wpcf-field-select wpcf-field-tipology\"><span class=\"wpcf-field-name wpcf-field-select-name wpcf-field-tipology-name\">tipology:<\/span> <span class=\"wpcf-field-value wpcf-field-select-value wpcf-field-tipology-value\">residential<\/span><\/div>\n            <div id=\"wpcf-field-architect\" class=\"wpcf-field-single-line wpcf-field-architect\"><span class=\"wpcf-field-name wpcf-field-single-line-name wpcf-field-architect-name\">architect:<\/span> <span class=\"wpcf-field-value wpcf-field-single-line-value wpcf-field-architect-value\">Estudio ELGUE<\/span><\/div>\n            <div id=\"wpcf-field-realization\" class=\"wpcf-field-number wpcf-field-realization\"><span class=\"wpcf-field-name wpcf-field-number-name wpcf-field-realization-name\">realization:<\/span> <span class=\"wpcf-field-value wpcf-field-number-value wpcf-field-realization-value\">2009<\/span><\/div>\n            Cap. Juan Genaro Lafranconi, Asunci\u00f3n, Paraguay\n          <\/div>\n  <\/div>\n<\/article>\n          <\/div>\n            <h4><a href=\"#\" onclick=\"cimap();\" class=\"link-marker js-wpv-addon-maps-focus-map js-toolset-maps-hover-map-map-1-marker-marker-90450 js-toolset-maps-open-infowindow-map-map-1-marker-marker-90450\" data-map=\"map-1\" data-marker=\"marker-90450\">29. Mburicao House<\/a><\/h4>\n            <div id=\"wpcf-field-tipology\" class=\"wpcf-field-select wpcf-field-tipology\"><span class=\"wpcf-field-name wpcf-field-select-name wpcf-field-tipology-name\">tipology:<\/span> <span class=\"wpcf-field-value wpcf-field-select-value wpcf-field-tipology-value\">residential<\/span><\/div> | <div id=\"wpcf-field-architect\" class=\"wpcf-field-single-line wpcf-field-architect\"><span class=\"wpcf-field-name wpcf-field-single-line-name wpcf-field-architect-name\">architect:<\/span> <span class=\"wpcf-field-value wpcf-field-single-line-value wpcf-field-architect-value\">Estudio ELGUE<\/span><\/div> | <div id=\"wpcf-field-realization\" class=\"wpcf-field-number wpcf-field-realization\"><span class=\"wpcf-field-name wpcf-field-number-name wpcf-field-realization-name\">realization:<\/span> <span class=\"wpcf-field-value wpcf-field-number-value wpcf-field-realization-value\">2009<\/span><\/div>\n          <\/li>\n\t\t\n          <li>\n            \n          <div style=\"display:none\" class=\"wpv-addon-maps-marker js-wpv-addon-maps-marker js-wpv-addon-maps-marker-marker-90453 js-wpv-addon-maps-markerfor-map-1\" data-marker=\"marker-90453\" data-markertitle=\"Annex II of the Centenary Club\" data-markerfor=\"map-1\" data-markerlat=\"-25.2918179\" data-markerlon=\"-57.5852506\" data-markericon=\"\/wp-content\/uploads\/sites\/6\/2017\/11\/area_marker_9.png\" data-markericonhover=\"\" data-streetview=\"no\" data-fromview=\"\">\n            <article class=\"marker-itinerario\">\n\t<div class=\"entry-thumbnail\">\n      \n      \n      \t<img loading=\"lazy\" decoding=\"async\" width=\"1280\" height=\"804\" src=\"https:\/\/static.tecnichenuove.it\/areaarch\/2020\/07\/30-f7.jpg\" class=\"attachment-post-thumbnail size-post-thumbnail wp-post-image\" alt=\"\" srcset=\"https:\/\/static.tecnichenuove.it\/areaarch\/2020\/07\/30-f7.jpg 1280w, https:\/\/static.tecnichenuove.it\/areaarch\/2020\/07\/30-f7-300x188.jpg 300w, https:\/\/static.tecnichenuove.it\/areaarch\/2020\/07\/30-f7-1024x643.jpg 1024w, https:\/\/static.tecnichenuove.it\/areaarch\/2020\/07\/30-f7-768x482.jpg 768w, https:\/\/static.tecnichenuove.it\/areaarch\/2020\/07\/30-f7-696x437.jpg 696w, https:\/\/static.tecnichenuove.it\/areaarch\/2020\/07\/30-f7-1068x671.jpg 1068w, https:\/\/static.tecnichenuove.it\/areaarch\/2020\/07\/30-f7-669x420.jpg 669w\" sizes=\"auto, (max-width: 1280px) 100vw, 1280px\" \/>\n      \t<img decoding=\"async\" src=\"https:\/\/www.area-arch.it\/wp-content\/uploads\/sites\/6\/2020\/07\/30-d2.jpeg\" class=\"attachment-post-thumbnail\" \/>\n      \n\t<\/div>\n  \t<div class=\"entry-column\">\n      <h3 class=\"entry-title td-module-title\">Annex II of the Centenary Club<\/h3>\n      <div class=\"td-excerpt\">\n            <div id=\"wpcf-field-tipology\" class=\"wpcf-field-select wpcf-field-tipology\"><span class=\"wpcf-field-name wpcf-field-select-name wpcf-field-tipology-name\">tipology:<\/span> <span class=\"wpcf-field-value wpcf-field-select-value wpcf-field-tipology-value\">mixed use<\/span><\/div>\n            <div id=\"wpcf-field-architect\" class=\"wpcf-field-single-line wpcf-field-architect\"><span class=\"wpcf-field-name wpcf-field-single-line-name wpcf-field-architect-name\">architect:<\/span> <span class=\"wpcf-field-value wpcf-field-single-line-value wpcf-field-architect-value\">Christian Ceuppens, Liz Gulino<\/span><\/div>\n            <div id=\"wpcf-field-realization\" class=\"wpcf-field-number wpcf-field-realization\"><span class=\"wpcf-field-name wpcf-field-number-name wpcf-field-realization-name\">realization:<\/span> <span class=\"wpcf-field-value wpcf-field-number-value wpcf-field-realization-value\">2016<\/span><\/div>\n            Avenida Mariscal L\u00f3pez, Asunci\u00f3n, Paraguay\n          <\/div>\n  <\/div>\n<\/article>\n          <\/div>\n            <h4><a href=\"#\" onclick=\"cimap();\" class=\"link-marker js-wpv-addon-maps-focus-map js-toolset-maps-hover-map-map-1-marker-marker-90453 js-toolset-maps-open-infowindow-map-map-1-marker-marker-90453\" data-map=\"map-1\" data-marker=\"marker-90453\">30. Annex II of the Centenary Club<\/a><\/h4>\n            <div id=\"wpcf-field-tipology\" class=\"wpcf-field-select wpcf-field-tipology\"><span class=\"wpcf-field-name wpcf-field-select-name wpcf-field-tipology-name\">tipology:<\/span> <span class=\"wpcf-field-value wpcf-field-select-value wpcf-field-tipology-value\">mixed use<\/span><\/div> | <div id=\"wpcf-field-architect\" class=\"wpcf-field-single-line wpcf-field-architect\"><span class=\"wpcf-field-name wpcf-field-single-line-name wpcf-field-architect-name\">architect:<\/span> <span class=\"wpcf-field-value wpcf-field-single-line-value wpcf-field-architect-value\">Christian Ceuppens, Liz Gulino<\/span><\/div> | <div id=\"wpcf-field-realization\" class=\"wpcf-field-number wpcf-field-realization\"><span class=\"wpcf-field-name wpcf-field-number-name wpcf-field-realization-name\">realization:<\/span> <span class=\"wpcf-field-value wpcf-field-number-value wpcf-field-realization-value\">2016<\/span><\/div>\n          <\/li>\n\t\t\n          <li>\n            \n          <div style=\"display:none\" class=\"wpv-addon-maps-marker js-wpv-addon-maps-marker js-wpv-addon-maps-marker-marker-90456 js-wpv-addon-maps-markerfor-map-1\" data-marker=\"marker-90456\" data-markertitle=\"Asunci\u00f3n Urban Park\" data-markerfor=\"map-1\" data-markerlat=\"-25.2774908\" data-markerlon=\"-57.5690959\" data-markericon=\"\/wp-content\/uploads\/sites\/6\/2017\/11\/area_marker_12.png\" data-markericonhover=\"\" data-streetview=\"no\" data-fromview=\"\">\n            <article class=\"marker-itinerario\">\n\t<div class=\"entry-thumbnail\">\n      \n      \n      \t<img loading=\"lazy\" decoding=\"async\" width=\"1000\" height=\"750\" src=\"https:\/\/static.tecnichenuove.it\/areaarch\/2020\/07\/31-f1.jpeg\" class=\"attachment-post-thumbnail size-post-thumbnail wp-post-image\" alt=\"\" srcset=\"https:\/\/static.tecnichenuove.it\/areaarch\/2020\/07\/31-f1.jpeg 1000w, https:\/\/static.tecnichenuove.it\/areaarch\/2020\/07\/31-f1-300x225.jpeg 300w, https:\/\/static.tecnichenuove.it\/areaarch\/2020\/07\/31-f1-768x576.jpeg 768w, https:\/\/static.tecnichenuove.it\/areaarch\/2020\/07\/31-f1-80x60.jpeg 80w, https:\/\/static.tecnichenuove.it\/areaarch\/2020\/07\/31-f1-160x120.jpeg 160w, https:\/\/static.tecnichenuove.it\/areaarch\/2020\/07\/31-f1-265x198.jpeg 265w, https:\/\/static.tecnichenuove.it\/areaarch\/2020\/07\/31-f1-696x522.jpeg 696w, https:\/\/static.tecnichenuove.it\/areaarch\/2020\/07\/31-f1-560x420.jpeg 560w\" sizes=\"auto, (max-width: 1000px) 100vw, 1000px\" \/>\n      \t<img decoding=\"async\" src=\"https:\/\/www.area-arch.it\/wp-content\/uploads\/sites\/6\/2020\/07\/31-d1.jpg\" class=\"attachment-post-thumbnail\" \/>\n      \n\t<\/div>\n  \t<div class=\"entry-column\">\n      <h3 class=\"entry-title td-module-title\">Asunci\u00f3n Urban Park<\/h3>\n      <div class=\"td-excerpt\">\n            <div id=\"wpcf-field-tipology\" class=\"wpcf-field-select wpcf-field-tipology\"><span class=\"wpcf-field-name wpcf-field-select-name wpcf-field-tipology-name\">tipology:<\/span> <span class=\"wpcf-field-value wpcf-field-select-value wpcf-field-tipology-value\">public<\/span><\/div>\n            <div id=\"wpcf-field-architect\" class=\"wpcf-field-single-line wpcf-field-architect\"><span class=\"wpcf-field-name wpcf-field-single-line-name wpcf-field-architect-name\">architect:<\/span> <span class=\"wpcf-field-value wpcf-field-single-line-value wpcf-field-architect-value\">Maria Liz Gulino, Christian Ceuppens<\/span><\/div>\n            <div id=\"wpcf-field-realization\" class=\"wpcf-field-number wpcf-field-realization\"><span class=\"wpcf-field-name wpcf-field-number-name wpcf-field-realization-name\">realization:<\/span> <span class=\"wpcf-field-value wpcf-field-number-value wpcf-field-realization-value\">2019<\/span><\/div>\n            Carmelitas, Asunci\u00f3n, Paraguay\n          <\/div>\n  <\/div>\n<\/article>\n          <\/div>\n            <h4><a href=\"#\" onclick=\"cimap();\" class=\"link-marker js-wpv-addon-maps-focus-map js-toolset-maps-hover-map-map-1-marker-marker-90456 js-toolset-maps-open-infowindow-map-map-1-marker-marker-90456\" data-map=\"map-1\" data-marker=\"marker-90456\">31. Asunci\u00f3n Urban Park<\/a><\/h4>\n            <div id=\"wpcf-field-tipology\" class=\"wpcf-field-select wpcf-field-tipology\"><span class=\"wpcf-field-name wpcf-field-select-name wpcf-field-tipology-name\">tipology:<\/span> <span class=\"wpcf-field-value wpcf-field-select-value wpcf-field-tipology-value\">public<\/span><\/div> | <div id=\"wpcf-field-architect\" class=\"wpcf-field-single-line wpcf-field-architect\"><span class=\"wpcf-field-name wpcf-field-single-line-name wpcf-field-architect-name\">architect:<\/span> <span class=\"wpcf-field-value wpcf-field-single-line-value wpcf-field-architect-value\">Maria Liz Gulino, Christian Ceuppens<\/span><\/div> | <div id=\"wpcf-field-realization\" class=\"wpcf-field-number wpcf-field-realization\"><span class=\"wpcf-field-name wpcf-field-number-name wpcf-field-realization-name\">realization:<\/span> <span class=\"wpcf-field-value wpcf-field-number-value wpcf-field-realization-value\">2019<\/span><\/div>\n          <\/li>\n\t\t\n          <li>\n            \n          <div style=\"display:none\" class=\"wpv-addon-maps-marker js-wpv-addon-maps-marker js-wpv-addon-maps-marker-marker-90459 js-wpv-addon-maps-markerfor-map-1\" data-marker=\"marker-90459\" data-markertitle=\"Central Bank of Paraguay\" data-markerfor=\"map-1\" data-markerlat=\"-25.2793459\" data-markerlon=\"-57.5746772\" data-markericon=\"\/wp-content\/uploads\/sites\/6\/2017\/11\/area_marker_12.png\" data-markericonhover=\"\" data-streetview=\"no\" data-fromview=\"\">\n            <article class=\"marker-itinerario\">\n\t<div class=\"entry-thumbnail\">\n      \n      \t<img loading=\"lazy\" decoding=\"async\" width=\"300\" height=\"200\" src=\"https:\/\/static.tecnichenuove.it\/areaarch\/2020\/07\/32-f1-300x200.jpg\" class=\"attachment-medium size-medium wp-post-image\" alt=\"\" srcset=\"https:\/\/static.tecnichenuove.it\/areaarch\/2020\/07\/32-f1-300x200.jpg 300w, https:\/\/static.tecnichenuove.it\/areaarch\/2020\/07\/32-f1-1024x682.jpg 1024w, https:\/\/static.tecnichenuove.it\/areaarch\/2020\/07\/32-f1-150x100.jpg 150w, https:\/\/static.tecnichenuove.it\/areaarch\/2020\/07\/32-f1-768x511.jpg 768w, https:\/\/static.tecnichenuove.it\/areaarch\/2020\/07\/32-f1-696x463.jpg 696w, https:\/\/static.tecnichenuove.it\/areaarch\/2020\/07\/32-f1-1068x711.jpg 1068w, https:\/\/static.tecnichenuove.it\/areaarch\/2020\/07\/32-f1-631x420.jpg 631w, https:\/\/static.tecnichenuove.it\/areaarch\/2020\/07\/32-f1.jpg 1200w\" sizes=\"auto, (max-width: 300px) 100vw, 300px\" \/>\n      \n      \n\t<\/div>\n  \t<div class=\"entry-column\">\n      <h3 class=\"entry-title td-module-title\">Central Bank of Paraguay<\/h3>\n      <div class=\"td-excerpt\">\n            <div id=\"wpcf-field-tipology\" class=\"wpcf-field-select wpcf-field-tipology\"><span class=\"wpcf-field-name wpcf-field-select-name wpcf-field-tipology-name\">tipology:<\/span> <span class=\"wpcf-field-value wpcf-field-select-value wpcf-field-tipology-value\">public<\/span><\/div>\n            <div id=\"wpcf-field-architect\" class=\"wpcf-field-single-line wpcf-field-architect\"><span class=\"wpcf-field-name wpcf-field-single-line-name wpcf-field-architect-name\">architect:<\/span> <span class=\"wpcf-field-value wpcf-field-single-line-value wpcf-field-architect-value\">Roberto Frangella, Pablo Capelletti, Roberto Isassi, Rub\u00e9n Monti, Jos\u00e9 Puentes<\/span><\/div>\n            <div id=\"wpcf-field-realization\" class=\"wpcf-field-number wpcf-field-realization\"><span class=\"wpcf-field-name wpcf-field-number-name wpcf-field-realization-name\">realization:<\/span> <span class=\"wpcf-field-value wpcf-field-number-value wpcf-field-realization-value\">1984<\/span><\/div>\n            Federaci\u00f3n Rusa, Asunci\u00f3n, Paraguay\n          <\/div>\n  <\/div>\n<\/article>\n          <\/div>\n            <h4><a href=\"#\" onclick=\"cimap();\" class=\"link-marker js-wpv-addon-maps-focus-map js-toolset-maps-hover-map-map-1-marker-marker-90459 js-toolset-maps-open-infowindow-map-map-1-marker-marker-90459\" data-map=\"map-1\" data-marker=\"marker-90459\">32. Central Bank of Paraguay<\/a><\/h4>\n            <div id=\"wpcf-field-tipology\" class=\"wpcf-field-select wpcf-field-tipology\"><span class=\"wpcf-field-name wpcf-field-select-name wpcf-field-tipology-name\">tipology:<\/span> <span class=\"wpcf-field-value wpcf-field-select-value wpcf-field-tipology-value\">public<\/span><\/div> | <div id=\"wpcf-field-architect\" class=\"wpcf-field-single-line wpcf-field-architect\"><span class=\"wpcf-field-name wpcf-field-single-line-name wpcf-field-architect-name\">architect:<\/span> <span class=\"wpcf-field-value wpcf-field-single-line-value wpcf-field-architect-value\">Roberto Frangella, Pablo Capelletti, Roberto Isassi, Rub\u00e9n Monti, Jos\u00e9 Puentes<\/span><\/div> | <div id=\"wpcf-field-realization\" class=\"wpcf-field-number wpcf-field-realization\"><span class=\"wpcf-field-name wpcf-field-number-name wpcf-field-realization-name\">realization:<\/span> <span class=\"wpcf-field-value wpcf-field-number-value wpcf-field-realization-value\">1984<\/span><\/div>\n          <\/li>\n\t\t\n          <li>\n            \n          <div style=\"display:none\" class=\"wpv-addon-maps-marker js-wpv-addon-maps-marker js-wpv-addon-maps-marker-marker-90461 js-wpv-addon-maps-markerfor-map-1\" data-marker=\"marker-90461\" data-markertitle=\"Puma Energy Headquarters\" data-markerfor=\"map-1\" data-markerlat=\"-25.2874009\" data-markerlon=\"-57.5971461\" data-markericon=\"\/wp-content\/uploads\/sites\/6\/2017\/11\/area_marker_11.png\" data-markericonhover=\"\" data-streetview=\"no\" data-fromview=\"\">\n            <article class=\"marker-itinerario\">\n\t<div class=\"entry-thumbnail\">\n      \n      \n      \t<img loading=\"lazy\" decoding=\"async\" width=\"1000\" height=\"750\" src=\"https:\/\/static.tecnichenuove.it\/areaarch\/2020\/07\/33-f1.jpeg\" class=\"attachment-post-thumbnail size-post-thumbnail wp-post-image\" alt=\"\" srcset=\"https:\/\/static.tecnichenuove.it\/areaarch\/2020\/07\/33-f1.jpeg 1000w, https:\/\/static.tecnichenuove.it\/areaarch\/2020\/07\/33-f1-300x225.jpeg 300w, https:\/\/static.tecnichenuove.it\/areaarch\/2020\/07\/33-f1-768x576.jpeg 768w, https:\/\/static.tecnichenuove.it\/areaarch\/2020\/07\/33-f1-80x60.jpeg 80w, https:\/\/static.tecnichenuove.it\/areaarch\/2020\/07\/33-f1-160x120.jpeg 160w, https:\/\/static.tecnichenuove.it\/areaarch\/2020\/07\/33-f1-265x198.jpeg 265w, https:\/\/static.tecnichenuove.it\/areaarch\/2020\/07\/33-f1-696x522.jpeg 696w, https:\/\/static.tecnichenuove.it\/areaarch\/2020\/07\/33-f1-560x420.jpeg 560w\" sizes=\"auto, (max-width: 1000px) 100vw, 1000px\" \/>\n      \t<img decoding=\"async\" src=\"https:\/\/www.area-arch.it\/wp-content\/uploads\/sites\/6\/2020\/07\/33-d1.jpeg\" class=\"attachment-post-thumbnail\" \/>\n      \n\t<\/div>\n  \t<div class=\"entry-column\">\n      <h3 class=\"entry-title td-module-title\">Puma Energy Headquarters<\/h3>\n      <div class=\"td-excerpt\">\n            <div id=\"wpcf-field-tipology\" class=\"wpcf-field-select wpcf-field-tipology\"><span class=\"wpcf-field-name wpcf-field-select-name wpcf-field-tipology-name\">tipology:<\/span> <span class=\"wpcf-field-value wpcf-field-select-value wpcf-field-tipology-value\">office<\/span><\/div>\n            <div id=\"wpcf-field-architect\" class=\"wpcf-field-single-line wpcf-field-architect\"><span class=\"wpcf-field-name wpcf-field-single-line-name wpcf-field-architect-name\">architect:<\/span> <span class=\"wpcf-field-value wpcf-field-single-line-value wpcf-field-architect-value\">Marcelo Ruiz-Pardo, Sonia Nebreda<\/span><\/div>\n            <div id=\"wpcf-field-realization\" class=\"wpcf-field-number wpcf-field-realization\"><span class=\"wpcf-field-name wpcf-field-number-name wpcf-field-realization-name\">realization:<\/span> <span class=\"wpcf-field-value wpcf-field-number-value wpcf-field-realization-value\">2016<\/span><\/div>\n            Avenida Espa\u00f1a, Asunci\u00f3n, Paraguay\n          <\/div>\n  <\/div>\n<\/article>\n          <\/div>\n            <h4><a href=\"#\" onclick=\"cimap();\" class=\"link-marker js-wpv-addon-maps-focus-map js-toolset-maps-hover-map-map-1-marker-marker-90461 js-toolset-maps-open-infowindow-map-map-1-marker-marker-90461\" data-map=\"map-1\" data-marker=\"marker-90461\">33. Puma Energy Headquarters<\/a><\/h4>\n            <div id=\"wpcf-field-tipology\" class=\"wpcf-field-select wpcf-field-tipology\"><span class=\"wpcf-field-name wpcf-field-select-name wpcf-field-tipology-name\">tipology:<\/span> <span class=\"wpcf-field-value wpcf-field-select-value wpcf-field-tipology-value\">office<\/span><\/div> | <div id=\"wpcf-field-architect\" class=\"wpcf-field-single-line wpcf-field-architect\"><span class=\"wpcf-field-name wpcf-field-single-line-name wpcf-field-architect-name\">architect:<\/span> <span class=\"wpcf-field-value wpcf-field-single-line-value wpcf-field-architect-value\">Marcelo Ruiz-Pardo, Sonia Nebreda<\/span><\/div> | <div id=\"wpcf-field-realization\" class=\"wpcf-field-number wpcf-field-realization\"><span class=\"wpcf-field-name wpcf-field-number-name wpcf-field-realization-name\">realization:<\/span> <span class=\"wpcf-field-value wpcf-field-number-value wpcf-field-realization-value\">2016<\/span><\/div>\n          <\/li>\n\t\t\n          <li>\n            \n          <div style=\"display:none\" class=\"wpv-addon-maps-marker js-wpv-addon-maps-marker js-wpv-addon-maps-marker-marker-90464 js-wpv-addon-maps-markerfor-map-1\" data-marker=\"marker-90464\" data-markertitle=\"Martinez Trueba House\" data-markerfor=\"map-1\" data-markerlat=\"-25.2832815\" data-markerlon=\"-57.5770266\" data-markericon=\"\/wp-content\/uploads\/sites\/6\/2017\/11\/area_marker_13.png\" data-markericonhover=\"\" data-streetview=\"no\" data-fromview=\"\">\n            <article class=\"marker-itinerario\">\n\t<div class=\"entry-thumbnail\">\n      \n      \n      \t<img loading=\"lazy\" decoding=\"async\" width=\"883\" height=\"883\" src=\"https:\/\/static.tecnichenuove.it\/areaarch\/2020\/07\/34-4.jpg\" class=\"attachment-post-thumbnail size-post-thumbnail wp-post-image\" alt=\"\" srcset=\"https:\/\/static.tecnichenuove.it\/areaarch\/2020\/07\/34-4.jpg 883w, https:\/\/static.tecnichenuove.it\/areaarch\/2020\/07\/34-4-300x300.jpg 300w, https:\/\/static.tecnichenuove.it\/areaarch\/2020\/07\/34-4-768x768.jpg 768w, https:\/\/static.tecnichenuove.it\/areaarch\/2020\/07\/34-4-696x696.jpg 696w, https:\/\/static.tecnichenuove.it\/areaarch\/2020\/07\/34-4-420x420.jpg 420w\" sizes=\"auto, (max-width: 883px) 100vw, 883px\" \/>\n      \t<img decoding=\"async\" src=\"https:\/\/www.area-arch.it\/wp-content\/uploads\/sites\/6\/2020\/07\/34-d1.jpg\" class=\"attachment-post-thumbnail\" \/>\n      \n\t<\/div>\n  \t<div class=\"entry-column\">\n      <h3 class=\"entry-title td-module-title\">Martinez Trueba House<\/h3>\n      <div class=\"td-excerpt\">\n            <div id=\"wpcf-field-tipology\" class=\"wpcf-field-select wpcf-field-tipology\"><span class=\"wpcf-field-name wpcf-field-select-name wpcf-field-tipology-name\">tipology:<\/span> <span class=\"wpcf-field-value wpcf-field-select-value wpcf-field-tipology-value\">residential<\/span><\/div>\n            <div id=\"wpcf-field-architect\" class=\"wpcf-field-single-line wpcf-field-architect\"><span class=\"wpcf-field-name wpcf-field-single-line-name wpcf-field-architect-name\">architect:<\/span> <span class=\"wpcf-field-value wpcf-field-single-line-value wpcf-field-architect-value\">Jenaur Pind\u00fa<\/span><\/div>\n            <div id=\"wpcf-field-realization\" class=\"wpcf-field-number wpcf-field-realization\"><span class=\"wpcf-field-name wpcf-field-number-name wpcf-field-realization-name\">realization:<\/span> <span class=\"wpcf-field-value wpcf-field-number-value wpcf-field-realization-value\">1972<\/span><\/div>\n            Agust\u00edn P\u00edo Barrios, Asunci\u00f3n, Paraguay\n          <\/div>\n  <\/div>\n<\/article>\n          <\/div>\n            <h4><a href=\"#\" onclick=\"cimap();\" class=\"link-marker js-wpv-addon-maps-focus-map js-toolset-maps-hover-map-map-1-marker-marker-90464 js-toolset-maps-open-infowindow-map-map-1-marker-marker-90464\" data-map=\"map-1\" data-marker=\"marker-90464\">34. Martinez Trueba House<\/a><\/h4>\n            <div id=\"wpcf-field-tipology\" class=\"wpcf-field-select wpcf-field-tipology\"><span class=\"wpcf-field-name wpcf-field-select-name wpcf-field-tipology-name\">tipology:<\/span> <span class=\"wpcf-field-value wpcf-field-select-value wpcf-field-tipology-value\">residential<\/span><\/div> | <div id=\"wpcf-field-architect\" class=\"wpcf-field-single-line wpcf-field-architect\"><span class=\"wpcf-field-name wpcf-field-single-line-name wpcf-field-architect-name\">architect:<\/span> <span class=\"wpcf-field-value wpcf-field-single-line-value wpcf-field-architect-value\">Jenaur Pind\u00fa<\/span><\/div> | <div id=\"wpcf-field-realization\" class=\"wpcf-field-number wpcf-field-realization\"><span class=\"wpcf-field-name wpcf-field-number-name wpcf-field-realization-name\">realization:<\/span> <span class=\"wpcf-field-value wpcf-field-number-value wpcf-field-realization-value\">1972<\/span><\/div>\n          <\/li>\n\t\t\n          <li>\n            \n          <div style=\"display:none\" class=\"wpv-addon-maps-marker js-wpv-addon-maps-marker js-wpv-addon-maps-marker-marker-90467 js-wpv-addon-maps-markerfor-map-1\" data-marker=\"marker-90467\" data-markertitle=\"Bosa Bank\" data-markerfor=\"map-1\" data-markerlat=\"-25.2801918\" data-markerlon=\"-57.5587277\" data-markericon=\"\/wp-content\/uploads\/sites\/6\/2017\/11\/area_marker_12.png\" data-markericonhover=\"\" data-streetview=\"no\" data-fromview=\"\">\n            <article class=\"marker-itinerario\">\n\t<div class=\"entry-thumbnail\">\n      \n      \n      \t<img loading=\"lazy\" decoding=\"async\" width=\"700\" height=\"917\" src=\"https:\/\/static.tecnichenuove.it\/areaarch\/2020\/07\/35-f2.jpeg\" class=\"attachment-post-thumbnail size-post-thumbnail wp-post-image\" alt=\"\" srcset=\"https:\/\/static.tecnichenuove.it\/areaarch\/2020\/07\/35-f2.jpeg 700w, https:\/\/static.tecnichenuove.it\/areaarch\/2020\/07\/35-f2-229x300.jpeg 229w, https:\/\/static.tecnichenuove.it\/areaarch\/2020\/07\/35-f2-696x912.jpeg 696w, https:\/\/static.tecnichenuove.it\/areaarch\/2020\/07\/35-f2-321x420.jpeg 321w\" sizes=\"auto, (max-width: 700px) 100vw, 700px\" \/>\n      \t<img decoding=\"async\" src=\"https:\/\/www.area-arch.it\/wp-content\/uploads\/sites\/6\/2020\/07\/35-d1.jpg\" class=\"attachment-post-thumbnail\" \/>\n      \n\t<\/div>\n  \t<div class=\"entry-column\">\n      <h3 class=\"entry-title td-module-title\">Bosa Bank<\/h3>\n      <div class=\"td-excerpt\">\n            <div id=\"wpcf-field-tipology\" class=\"wpcf-field-select wpcf-field-tipology\"><span class=\"wpcf-field-name wpcf-field-select-name wpcf-field-tipology-name\">tipology:<\/span> <span class=\"wpcf-field-value wpcf-field-select-value wpcf-field-tipology-value\">public<\/span><\/div>\n            <div id=\"wpcf-field-architect\" class=\"wpcf-field-single-line wpcf-field-architect\"><span class=\"wpcf-field-name wpcf-field-single-line-name wpcf-field-architect-name\">architect:<\/span> <span class=\"wpcf-field-value wpcf-field-single-line-value wpcf-field-architect-value\">Gabinete de Arquitectura<\/span><\/div>\n            <div id=\"wpcf-field-realization\" class=\"wpcf-field-number wpcf-field-realization\"><span class=\"wpcf-field-name wpcf-field-number-name wpcf-field-realization-name\">realization:<\/span> <span class=\"wpcf-field-value wpcf-field-number-value wpcf-field-realization-value\">2017<\/span><\/div>\n            Avenida Aviadores del Chaco, Asunci\u00f3n, Paraguay\n          <\/div>\n  <\/div>\n<\/article>\n          <\/div>\n            <h4><a href=\"#\" onclick=\"cimap();\" class=\"link-marker js-wpv-addon-maps-focus-map js-toolset-maps-hover-map-map-1-marker-marker-90467 js-toolset-maps-open-infowindow-map-map-1-marker-marker-90467\" data-map=\"map-1\" data-marker=\"marker-90467\">35. Bosa Bank<\/a><\/h4>\n            <div id=\"wpcf-field-tipology\" class=\"wpcf-field-select wpcf-field-tipology\"><span class=\"wpcf-field-name wpcf-field-select-name wpcf-field-tipology-name\">tipology:<\/span> <span class=\"wpcf-field-value wpcf-field-select-value wpcf-field-tipology-value\">public<\/span><\/div> | <div id=\"wpcf-field-architect\" class=\"wpcf-field-single-line wpcf-field-architect\"><span class=\"wpcf-field-name wpcf-field-single-line-name wpcf-field-architect-name\">architect:<\/span> <span class=\"wpcf-field-value wpcf-field-single-line-value wpcf-field-architect-value\">Gabinete de Arquitectura<\/span><\/div> | <div id=\"wpcf-field-realization\" class=\"wpcf-field-number wpcf-field-realization\"><span class=\"wpcf-field-name wpcf-field-number-name wpcf-field-realization-name\">realization:<\/span> <span class=\"wpcf-field-value wpcf-field-number-value wpcf-field-realization-value\">2017<\/span><\/div>\n          <\/li>\n\t\t\n          <li>\n            \n          <div style=\"display:none\" class=\"wpv-addon-maps-marker js-wpv-addon-maps-marker js-wpv-addon-maps-marker-marker-90470 js-wpv-addon-maps-markerfor-map-1\" data-marker=\"marker-90470\" data-markertitle=\"Quincho Tia Coral\" data-markerfor=\"map-1\" data-markerlat=\"-25.2637399\" data-markerlon=\"-57.575926\" data-markericon=\"\/wp-content\/uploads\/sites\/6\/2017\/11\/area_marker_13.png\" data-markericonhover=\"\" data-streetview=\"no\" data-fromview=\"\">\n            <article class=\"marker-itinerario\">\n\t<div class=\"entry-thumbnail\">\n      \n      \n      \t<img loading=\"lazy\" decoding=\"async\" width=\"1280\" height=\"815\" src=\"https:\/\/static.tecnichenuove.it\/areaarch\/2020\/07\/36-f1.jpg\" class=\"attachment-post-thumbnail size-post-thumbnail wp-post-image\" alt=\"\" srcset=\"https:\/\/static.tecnichenuove.it\/areaarch\/2020\/07\/36-f1.jpg 1280w, https:\/\/static.tecnichenuove.it\/areaarch\/2020\/07\/36-f1-300x191.jpg 300w, https:\/\/static.tecnichenuove.it\/areaarch\/2020\/07\/36-f1-1024x652.jpg 1024w, https:\/\/static.tecnichenuove.it\/areaarch\/2020\/07\/36-f1-768x489.jpg 768w, https:\/\/static.tecnichenuove.it\/areaarch\/2020\/07\/36-f1-696x443.jpg 696w, https:\/\/static.tecnichenuove.it\/areaarch\/2020\/07\/36-f1-1068x680.jpg 1068w, https:\/\/static.tecnichenuove.it\/areaarch\/2020\/07\/36-f1-660x420.jpg 660w\" sizes=\"auto, (max-width: 1280px) 100vw, 1280px\" \/>\n      \t<img decoding=\"async\" src=\"https:\/\/www.area-arch.it\/wp-content\/uploads\/sites\/6\/2020\/07\/36-d1.jpg\" class=\"attachment-post-thumbnail\" \/>\n      \n\t<\/div>\n  \t<div class=\"entry-column\">\n      <h3 class=\"entry-title td-module-title\">Quincho Tia Coral<\/h3>\n      <div class=\"td-excerpt\">\n            <div id=\"wpcf-field-tipology\" class=\"wpcf-field-select wpcf-field-tipology\"><span class=\"wpcf-field-name wpcf-field-select-name wpcf-field-tipology-name\">tipology:<\/span> <span class=\"wpcf-field-value wpcf-field-select-value wpcf-field-tipology-value\">residential<\/span><\/div>\n            <div id=\"wpcf-field-architect\" class=\"wpcf-field-single-line wpcf-field-architect\"><span class=\"wpcf-field-name wpcf-field-single-line-name wpcf-field-architect-name\">architect:<\/span> <span class=\"wpcf-field-value wpcf-field-single-line-value wpcf-field-architect-value\">Gabinete de Architectura<\/span><\/div>\n            <div id=\"wpcf-field-realization\" class=\"wpcf-field-number wpcf-field-realization\"><span class=\"wpcf-field-name wpcf-field-number-name wpcf-field-realization-name\">realization:<\/span> <span class=\"wpcf-field-value wpcf-field-number-value wpcf-field-realization-value\">2015<\/span><\/div>\n            Asunci\u00f3n, Paraguay\n          <\/div>\n  <\/div>\n<\/article>\n          <\/div>\n            <h4><a href=\"#\" onclick=\"cimap();\" class=\"link-marker js-wpv-addon-maps-focus-map js-toolset-maps-hover-map-map-1-marker-marker-90470 js-toolset-maps-open-infowindow-map-map-1-marker-marker-90470\" data-map=\"map-1\" data-marker=\"marker-90470\">36. Quincho Tia Coral<\/a><\/h4>\n            <div id=\"wpcf-field-tipology\" class=\"wpcf-field-select wpcf-field-tipology\"><span class=\"wpcf-field-name wpcf-field-select-name wpcf-field-tipology-name\">tipology:<\/span> <span class=\"wpcf-field-value wpcf-field-select-value wpcf-field-tipology-value\">residential<\/span><\/div> | <div id=\"wpcf-field-architect\" class=\"wpcf-field-single-line wpcf-field-architect\"><span class=\"wpcf-field-name wpcf-field-single-line-name wpcf-field-architect-name\">architect:<\/span> <span class=\"wpcf-field-value wpcf-field-single-line-value wpcf-field-architect-value\">Gabinete de Architectura<\/span><\/div> | <div id=\"wpcf-field-realization\" class=\"wpcf-field-number wpcf-field-realization\"><span class=\"wpcf-field-name wpcf-field-number-name wpcf-field-realization-name\">realization:<\/span> <span class=\"wpcf-field-value wpcf-field-number-value wpcf-field-realization-value\">2015<\/span><\/div>\n          <\/li>\n\t\t\n          <li>\n            \n          <div style=\"display:none\" class=\"wpv-addon-maps-marker js-wpv-addon-maps-marker js-wpv-addon-maps-marker-marker-90473 js-wpv-addon-maps-markerfor-map-1\" data-marker=\"marker-90473\" data-markertitle=\"Museo del Barro\" data-markerfor=\"map-1\" data-markerlat=\"-25.2813063\" data-markerlon=\"-57.5588727\" data-markericon=\"\/wp-content\/uploads\/sites\/6\/2017\/11\/area_marker_10.png\" data-markericonhover=\"\" data-streetview=\"no\" data-fromview=\"\">\n            <article class=\"marker-itinerario\">\n\t<div class=\"entry-thumbnail\">\n      \n      \t<img loading=\"lazy\" decoding=\"async\" width=\"300\" height=\"200\" src=\"https:\/\/static.tecnichenuove.it\/areaarch\/2020\/07\/37-f6-300x200.jpeg\" class=\"attachment-medium size-medium wp-post-image\" alt=\"\" srcset=\"https:\/\/static.tecnichenuove.it\/areaarch\/2020\/07\/37-f6-300x200.jpeg 300w, https:\/\/static.tecnichenuove.it\/areaarch\/2020\/07\/37-f6-150x100.jpeg 150w, https:\/\/static.tecnichenuove.it\/areaarch\/2020\/07\/37-f6-768x512.jpeg 768w, https:\/\/static.tecnichenuove.it\/areaarch\/2020\/07\/37-f6-696x464.jpeg 696w, https:\/\/static.tecnichenuove.it\/areaarch\/2020\/07\/37-f6-630x420.jpeg 630w, https:\/\/static.tecnichenuove.it\/areaarch\/2020\/07\/37-f6.jpeg 1000w\" sizes=\"auto, (max-width: 300px) 100vw, 300px\" \/>\n      \n      \n\t<\/div>\n  \t<div class=\"entry-column\">\n      <h3 class=\"entry-title td-module-title\">Museo del Barro<\/h3>\n      <div class=\"td-excerpt\">\n            <div id=\"wpcf-field-tipology\" class=\"wpcf-field-select wpcf-field-tipology\"><span class=\"wpcf-field-name wpcf-field-select-name wpcf-field-tipology-name\">tipology:<\/span> <span class=\"wpcf-field-value wpcf-field-select-value wpcf-field-tipology-value\">museum<\/span><\/div>\n            <div id=\"wpcf-field-architect\" class=\"wpcf-field-single-line wpcf-field-architect\"><span class=\"wpcf-field-name wpcf-field-single-line-name wpcf-field-architect-name\">architect:<\/span> <span class=\"wpcf-field-value wpcf-field-single-line-value wpcf-field-architect-value\">Carlos Colombino - Estudio Chase<\/span><\/div>\n            <div id=\"wpcf-field-realization\" class=\"wpcf-field-number wpcf-field-realization\"><span class=\"wpcf-field-name wpcf-field-number-name wpcf-field-realization-name\">realization:<\/span> <span class=\"wpcf-field-value wpcf-field-number-value wpcf-field-realization-value\">1979<\/span><\/div>\n            Grabadores del Kabichu'i, Asunci\u00f3n, Paraguay\n          <\/div>\n  <\/div>\n<\/article>\n          <\/div>\n            <h4><a href=\"#\" onclick=\"cimap();\" class=\"link-marker js-wpv-addon-maps-focus-map js-toolset-maps-hover-map-map-1-marker-marker-90473 js-toolset-maps-open-infowindow-map-map-1-marker-marker-90473\" data-map=\"map-1\" data-marker=\"marker-90473\">37. Museo del Barro<\/a><\/h4>\n            <div id=\"wpcf-field-tipology\" class=\"wpcf-field-select wpcf-field-tipology\"><span class=\"wpcf-field-name wpcf-field-select-name wpcf-field-tipology-name\">tipology:<\/span> <span class=\"wpcf-field-value wpcf-field-select-value wpcf-field-tipology-value\">museum<\/span><\/div> | <div id=\"wpcf-field-architect\" class=\"wpcf-field-single-line wpcf-field-architect\"><span class=\"wpcf-field-name wpcf-field-single-line-name wpcf-field-architect-name\">architect:<\/span> <span class=\"wpcf-field-value wpcf-field-single-line-value wpcf-field-architect-value\">Carlos Colombino - Estudio Chase<\/span><\/div> | <div id=\"wpcf-field-realization\" class=\"wpcf-field-number wpcf-field-realization\"><span class=\"wpcf-field-name wpcf-field-number-name wpcf-field-realization-name\">realization:<\/span> <span class=\"wpcf-field-value wpcf-field-number-value wpcf-field-realization-value\">1979<\/span><\/div>\n          <\/li>\n\t\t\n          <li>\n            \n          <div style=\"display:none\" class=\"wpv-addon-maps-marker js-wpv-addon-maps-marker js-wpv-addon-maps-marker-marker-90475 js-wpv-addon-maps-markerfor-map-1\" data-marker=\"marker-90475\" data-markertitle=\"Abu House\" data-markerfor=\"map-1\" data-markerlat=\"-25.2715744\" data-markerlon=\"-57.5677308\" data-markericon=\"\/wp-content\/uploads\/sites\/6\/2017\/11\/area_marker_13.png\" data-markericonhover=\"\" data-streetview=\"no\" data-fromview=\"\">\n            <article class=\"marker-itinerario\">\n\t<div class=\"entry-thumbnail\">\n      \n      \n      \t<img loading=\"lazy\" decoding=\"async\" width=\"778\" height=\"590\" src=\"https:\/\/static.tecnichenuove.it\/areaarch\/2020\/07\/38-f6.jpg\" class=\"attachment-post-thumbnail size-post-thumbnail wp-post-image\" alt=\"\" srcset=\"https:\/\/static.tecnichenuove.it\/areaarch\/2020\/07\/38-f6.jpg 778w, https:\/\/static.tecnichenuove.it\/areaarch\/2020\/07\/38-f6-300x228.jpg 300w, https:\/\/static.tecnichenuove.it\/areaarch\/2020\/07\/38-f6-768x582.jpg 768w, https:\/\/static.tecnichenuove.it\/areaarch\/2020\/07\/38-f6-80x60.jpg 80w, https:\/\/static.tecnichenuove.it\/areaarch\/2020\/07\/38-f6-160x120.jpg 160w, https:\/\/static.tecnichenuove.it\/areaarch\/2020\/07\/38-f6-696x528.jpg 696w, https:\/\/static.tecnichenuove.it\/areaarch\/2020\/07\/38-f6-554x420.jpg 554w\" sizes=\"auto, (max-width: 778px) 100vw, 778px\" \/>\n      \t<img decoding=\"async\" src=\"https:\/\/www.area-arch.it\/wp-content\/uploads\/sites\/6\/2020\/07\/38-d1.jpeg\" class=\"attachment-post-thumbnail\" \/>\n      \n\t<\/div>\n  \t<div class=\"entry-column\">\n      <h3 class=\"entry-title td-module-title\">Abu House<\/h3>\n      <div class=\"td-excerpt\">\n            <div id=\"wpcf-field-tipology\" class=\"wpcf-field-select wpcf-field-tipology\"><span class=\"wpcf-field-name wpcf-field-select-name wpcf-field-tipology-name\">tipology:<\/span> <span class=\"wpcf-field-value wpcf-field-select-value wpcf-field-tipology-value\">residential<\/span><\/div>\n            <div id=\"wpcf-field-architect\" class=\"wpcf-field-single-line wpcf-field-architect\"><span class=\"wpcf-field-name wpcf-field-single-line-name wpcf-field-architect-name\">architect:<\/span> <span class=\"wpcf-field-value wpcf-field-single-line-value wpcf-field-architect-value\">Gabinete de Arquitectura<\/span><\/div>\n            <div id=\"wpcf-field-realization\" class=\"wpcf-field-number wpcf-field-realization\"><span class=\"wpcf-field-name wpcf-field-number-name wpcf-field-realization-name\">realization:<\/span> <span class=\"wpcf-field-value wpcf-field-number-value wpcf-field-realization-value\">2016<\/span><\/div>\n            Prof Roque Sald\u00edvar, Asunci\u00f3n, Paraguay\n          <\/div>\n  <\/div>\n<\/article>\n          <\/div>\n            <h4><a href=\"#\" onclick=\"cimap();\" class=\"link-marker js-wpv-addon-maps-focus-map js-toolset-maps-hover-map-map-1-marker-marker-90475 js-toolset-maps-open-infowindow-map-map-1-marker-marker-90475\" data-map=\"map-1\" data-marker=\"marker-90475\">38. Abu House<\/a><\/h4>\n            <div id=\"wpcf-field-tipology\" class=\"wpcf-field-select wpcf-field-tipology\"><span class=\"wpcf-field-name wpcf-field-select-name wpcf-field-tipology-name\">tipology:<\/span> <span class=\"wpcf-field-value wpcf-field-select-value wpcf-field-tipology-value\">residential<\/span><\/div> | <div id=\"wpcf-field-architect\" class=\"wpcf-field-single-line wpcf-field-architect\"><span class=\"wpcf-field-name wpcf-field-single-line-name wpcf-field-architect-name\">architect:<\/span> <span class=\"wpcf-field-value wpcf-field-single-line-value wpcf-field-architect-value\">Gabinete de Arquitectura<\/span><\/div> | <div id=\"wpcf-field-realization\" class=\"wpcf-field-number wpcf-field-realization\"><span class=\"wpcf-field-name wpcf-field-number-name wpcf-field-realization-name\">realization:<\/span> <span class=\"wpcf-field-value wpcf-field-number-value wpcf-field-realization-value\">2016<\/span><\/div>\n          <\/li>\n\t\t\n          <li>\n            \n          <div style=\"display:none\" class=\"wpv-addon-maps-marker js-wpv-addon-maps-marker js-wpv-addon-maps-marker-marker-90478 js-wpv-addon-maps-markerfor-map-1\" data-marker=\"marker-90478\" data-markertitle=\"Gabinete de Arquitectura Office\" data-markerfor=\"map-1\" data-markerlat=\"-25.2715744\" data-markerlon=\"-57.5677308\" data-markericon=\"\/wp-content\/uploads\/sites\/6\/2017\/11\/area_marker_11.png\" data-markericonhover=\"\" data-streetview=\"no\" data-fromview=\"\">\n            <article class=\"marker-itinerario\">\n\t<div class=\"entry-thumbnail\">\n      \n      \n      \t<img loading=\"lazy\" decoding=\"async\" width=\"692\" height=\"398\" src=\"https:\/\/static.tecnichenuove.it\/areaarch\/2020\/07\/39-f2.jpg\" class=\"attachment-post-thumbnail size-post-thumbnail wp-post-image\" alt=\"\" srcset=\"https:\/\/static.tecnichenuove.it\/areaarch\/2020\/07\/39-f2.jpg 692w, https:\/\/static.tecnichenuove.it\/areaarch\/2020\/07\/39-f2-300x173.jpg 300w\" sizes=\"auto, (max-width: 692px) 100vw, 692px\" \/>\n      \t<img decoding=\"async\" src=\"https:\/\/www.area-arch.it\/wp-content\/uploads\/sites\/6\/2020\/07\/39-d1.jpg\" class=\"attachment-post-thumbnail\" \/>\n      \n\t<\/div>\n  \t<div class=\"entry-column\">\n      <h3 class=\"entry-title td-module-title\">Gabinete de Arquitectura Office<\/h3>\n      <div class=\"td-excerpt\">\n            <div id=\"wpcf-field-tipology\" class=\"wpcf-field-select wpcf-field-tipology\"><span class=\"wpcf-field-name wpcf-field-select-name wpcf-field-tipology-name\">tipology:<\/span> <span class=\"wpcf-field-value wpcf-field-select-value wpcf-field-tipology-value\">office<\/span><\/div>\n            <div id=\"wpcf-field-architect\" class=\"wpcf-field-single-line wpcf-field-architect\"><span class=\"wpcf-field-name wpcf-field-single-line-name wpcf-field-architect-name\">architect:<\/span> <span class=\"wpcf-field-value wpcf-field-single-line-value wpcf-field-architect-value\">Gabinete de Arquitectura<\/span><\/div>\n            <div id=\"wpcf-field-realization\" class=\"wpcf-field-number wpcf-field-realization\"><span class=\"wpcf-field-name wpcf-field-number-name wpcf-field-realization-name\">realization:<\/span> <span class=\"wpcf-field-value wpcf-field-number-value wpcf-field-realization-value\">2015<\/span><\/div>\n            Prof Roque Sald\u00edvar, Asunci\u00f3n, Paraguay\n          <\/div>\n  <\/div>\n<\/article>\n          <\/div>\n            <h4><a href=\"#\" onclick=\"cimap();\" class=\"link-marker js-wpv-addon-maps-focus-map js-toolset-maps-hover-map-map-1-marker-marker-90478 js-toolset-maps-open-infowindow-map-map-1-marker-marker-90478\" data-map=\"map-1\" data-marker=\"marker-90478\">39. Gabinete de Arquitectura Office<\/a><\/h4>\n            <div id=\"wpcf-field-tipology\" class=\"wpcf-field-select wpcf-field-tipology\"><span class=\"wpcf-field-name wpcf-field-select-name wpcf-field-tipology-name\">tipology:<\/span> <span class=\"wpcf-field-value wpcf-field-select-value wpcf-field-tipology-value\">office<\/span><\/div> | <div id=\"wpcf-field-architect\" class=\"wpcf-field-single-line wpcf-field-architect\"><span class=\"wpcf-field-name wpcf-field-single-line-name wpcf-field-architect-name\">architect:<\/span> <span class=\"wpcf-field-value wpcf-field-single-line-value wpcf-field-architect-value\">Gabinete de Arquitectura<\/span><\/div> | <div id=\"wpcf-field-realization\" class=\"wpcf-field-number wpcf-field-realization\"><span class=\"wpcf-field-name wpcf-field-number-name wpcf-field-realization-name\">realization:<\/span> <span class=\"wpcf-field-value wpcf-field-number-value wpcf-field-realization-value\">2015<\/span><\/div>\n          <\/li>\n\t\t\n          <li>\n            \n          <div style=\"display:none\" class=\"wpv-addon-maps-marker js-wpv-addon-maps-marker js-wpv-addon-maps-marker-marker-90481 js-wpv-addon-maps-markerfor-map-1\" data-marker=\"marker-90481\" data-markertitle=\"Chapel of the Central Hospital IPS\" data-markerfor=\"map-1\" data-markerlat=\"-25.2637399\" data-markerlon=\"-57.575926\" data-markericon=\"\/wp-content\/uploads\/sites\/6\/2017\/11\/area_marker_17.png\" data-markericonhover=\"\" data-streetview=\"no\" data-fromview=\"\">\n            <article class=\"marker-itinerario\">\n\t<div class=\"entry-thumbnail\">\n      \n      \t<img loading=\"lazy\" decoding=\"async\" width=\"300\" height=\"200\" src=\"https:\/\/static.tecnichenuove.it\/areaarch\/2020\/07\/40-f1-300x200.jpg\" class=\"attachment-medium size-medium wp-post-image\" alt=\"\" srcset=\"https:\/\/static.tecnichenuove.it\/areaarch\/2020\/07\/40-f1-300x200.jpg 300w, https:\/\/static.tecnichenuove.it\/areaarch\/2020\/07\/40-f1-150x100.jpg 150w, https:\/\/static.tecnichenuove.it\/areaarch\/2020\/07\/40-f1-768x512.jpg 768w, https:\/\/static.tecnichenuove.it\/areaarch\/2020\/07\/40-f1-696x464.jpg 696w, https:\/\/static.tecnichenuove.it\/areaarch\/2020\/07\/40-f1-630x420.jpg 630w, https:\/\/static.tecnichenuove.it\/areaarch\/2020\/07\/40-f1.jpg 770w\" sizes=\"auto, (max-width: 300px) 100vw, 300px\" \/>\n      \n      \n\t<\/div>\n  \t<div class=\"entry-column\">\n      <h3 class=\"entry-title td-module-title\">Chapel of the Central Hospital IPS<\/h3>\n      <div class=\"td-excerpt\">\n            <div id=\"wpcf-field-tipology\" class=\"wpcf-field-select wpcf-field-tipology\"><span class=\"wpcf-field-name wpcf-field-select-name wpcf-field-tipology-name\">tipology:<\/span> <span class=\"wpcf-field-value wpcf-field-select-value wpcf-field-tipology-value\">church<\/span><\/div>\n            <div id=\"wpcf-field-architect\" class=\"wpcf-field-single-line wpcf-field-architect\"><span class=\"wpcf-field-name wpcf-field-single-line-name wpcf-field-architect-name\">architect:<\/span> <span class=\"wpcf-field-value wpcf-field-single-line-value wpcf-field-architect-value\">Walter Distel<\/span><\/div>\n            <div id=\"wpcf-field-realization\" class=\"wpcf-field-number wpcf-field-realization\"><span class=\"wpcf-field-name wpcf-field-number-name wpcf-field-realization-name\">realization:<\/span> <span class=\"wpcf-field-value wpcf-field-number-value wpcf-field-realization-value\">1969<\/span><\/div>\n            La Fuente, Vicente Guerrero, La Asunci\u00f3n, Citt\u00e0 del Messico, Distretto Federale, Messico\n          <\/div>\n  <\/div>\n<\/article>\n          <\/div>\n            <h4><a href=\"#\" onclick=\"cimap();\" class=\"link-marker js-wpv-addon-maps-focus-map js-toolset-maps-hover-map-map-1-marker-marker-90481 js-toolset-maps-open-infowindow-map-map-1-marker-marker-90481\" data-map=\"map-1\" data-marker=\"marker-90481\">40. Chapel of the Central Hospital IPS<\/a><\/h4>\n            <div id=\"wpcf-field-tipology\" class=\"wpcf-field-select wpcf-field-tipology\"><span class=\"wpcf-field-name wpcf-field-select-name wpcf-field-tipology-name\">tipology:<\/span> <span class=\"wpcf-field-value wpcf-field-select-value wpcf-field-tipology-value\">church<\/span><\/div> | <div id=\"wpcf-field-architect\" class=\"wpcf-field-single-line wpcf-field-architect\"><span class=\"wpcf-field-name wpcf-field-single-line-name wpcf-field-architect-name\">architect:<\/span> <span class=\"wpcf-field-value wpcf-field-single-line-value wpcf-field-architect-value\">Walter Distel<\/span><\/div> | <div id=\"wpcf-field-realization\" class=\"wpcf-field-number wpcf-field-realization\"><span class=\"wpcf-field-name wpcf-field-number-name wpcf-field-realization-name\">realization:<\/span> <span class=\"wpcf-field-value wpcf-field-number-value wpcf-field-realization-value\">1969<\/span><\/div>\n          <\/li>\n\t\t\n          <li>\n            \n          <div style=\"display:none\" class=\"wpv-addon-maps-marker js-wpv-addon-maps-marker js-wpv-addon-maps-marker-marker-90483 js-wpv-addon-maps-markerfor-map-1\" data-marker=\"marker-90483\" data-markertitle=\"UHP Synagogue\" data-markerfor=\"map-1\" data-markerlat=\"-25.2709975\" data-markerlon=\"-57.5839833\" data-markericon=\"\/wp-content\/uploads\/sites\/6\/2017\/11\/area_marker_17.png\" data-markericonhover=\"\" data-streetview=\"no\" data-fromview=\"\">\n            <article class=\"marker-itinerario\">\n\t<div class=\"entry-thumbnail\">\n      \n      \n      \t<img loading=\"lazy\" decoding=\"async\" width=\"1280\" height=\"853\" src=\"https:\/\/static.tecnichenuove.it\/areaarch\/2020\/07\/41-f1.jpg\" class=\"attachment-post-thumbnail size-post-thumbnail wp-post-image\" alt=\"\" srcset=\"https:\/\/static.tecnichenuove.it\/areaarch\/2020\/07\/41-f1.jpg 1280w, https:\/\/static.tecnichenuove.it\/areaarch\/2020\/07\/41-f1-300x200.jpg 300w, https:\/\/static.tecnichenuove.it\/areaarch\/2020\/07\/41-f1-1024x682.jpg 1024w, https:\/\/static.tecnichenuove.it\/areaarch\/2020\/07\/41-f1-150x100.jpg 150w, https:\/\/static.tecnichenuove.it\/areaarch\/2020\/07\/41-f1-768x512.jpg 768w, https:\/\/static.tecnichenuove.it\/areaarch\/2020\/07\/41-f1-696x464.jpg 696w, https:\/\/static.tecnichenuove.it\/areaarch\/2020\/07\/41-f1-1068x712.jpg 1068w, https:\/\/static.tecnichenuove.it\/areaarch\/2020\/07\/41-f1-630x420.jpg 630w\" sizes=\"auto, (max-width: 1280px) 100vw, 1280px\" \/>\n      \t<img decoding=\"async\" src=\"https:\/\/www.area-arch.it\/wp-content\/uploads\/sites\/6\/2020\/07\/41-d1.jpg\" class=\"attachment-post-thumbnail\" \/>\n      \n\t<\/div>\n  \t<div class=\"entry-column\">\n      <h3 class=\"entry-title td-module-title\">UHP Synagogue<\/h3>\n      <div class=\"td-excerpt\">\n            <div id=\"wpcf-field-tipology\" class=\"wpcf-field-select wpcf-field-tipology\"><span class=\"wpcf-field-name wpcf-field-select-name wpcf-field-tipology-name\">tipology:<\/span> <span class=\"wpcf-field-value wpcf-field-select-value wpcf-field-tipology-value\">church<\/span><\/div>\n            <div id=\"wpcf-field-architect\" class=\"wpcf-field-single-line wpcf-field-architect\"><span class=\"wpcf-field-name wpcf-field-single-line-name wpcf-field-architect-name\">architect:<\/span> <span class=\"wpcf-field-value wpcf-field-single-line-value wpcf-field-architect-value\">Equipo de Arquitectura<\/span><\/div>\n            <div id=\"wpcf-field-realization\" class=\"wpcf-field-number wpcf-field-realization\"><span class=\"wpcf-field-name wpcf-field-number-name wpcf-field-realization-name\">realization:<\/span> <span class=\"wpcf-field-value wpcf-field-number-value wpcf-field-realization-value\">2019<\/span><\/div>\n            Sant\u00edsimo Sacramento, Asunci\u00f3n, Paraguay\n          <\/div>\n  <\/div>\n<\/article>\n          <\/div>\n            <h4><a href=\"#\" onclick=\"cimap();\" class=\"link-marker js-wpv-addon-maps-focus-map js-toolset-maps-hover-map-map-1-marker-marker-90483 js-toolset-maps-open-infowindow-map-map-1-marker-marker-90483\" data-map=\"map-1\" data-marker=\"marker-90483\">41. UHP Synagogue<\/a><\/h4>\n            <div id=\"wpcf-field-tipology\" class=\"wpcf-field-select wpcf-field-tipology\"><span class=\"wpcf-field-name wpcf-field-select-name wpcf-field-tipology-name\">tipology:<\/span> <span class=\"wpcf-field-value wpcf-field-select-value wpcf-field-tipology-value\">church<\/span><\/div> | <div id=\"wpcf-field-architect\" class=\"wpcf-field-single-line wpcf-field-architect\"><span class=\"wpcf-field-name wpcf-field-single-line-name wpcf-field-architect-name\">architect:<\/span> <span class=\"wpcf-field-value wpcf-field-single-line-value wpcf-field-architect-value\">Equipo de Arquitectura<\/span><\/div> | <div id=\"wpcf-field-realization\" class=\"wpcf-field-number wpcf-field-realization\"><span class=\"wpcf-field-name wpcf-field-number-name wpcf-field-realization-name\">realization:<\/span> <span class=\"wpcf-field-value wpcf-field-number-value wpcf-field-realization-value\">2019<\/span><\/div>\n          <\/li>\n\t\t\n          <li>\n            \n          <div style=\"display:none\" class=\"wpv-addon-maps-marker js-wpv-addon-maps-marker js-wpv-addon-maps-marker-marker-90486 js-wpv-addon-maps-markerfor-map-1\" data-marker=\"marker-90486\" data-markertitle=\"Medical Clinic and Housing\" data-markerfor=\"map-1\" data-markerlat=\"-25.2637399\" data-markerlon=\"-57.575926\" data-markericon=\"\/wp-content\/uploads\/sites\/6\/2017\/11\/area_marker_13.png\" data-markericonhover=\"\" data-streetview=\"no\" data-fromview=\"\">\n            <article class=\"marker-itinerario\">\n\t<div class=\"entry-thumbnail\">\n      \n      \n      \t<img loading=\"lazy\" decoding=\"async\" width=\"1280\" height=\"1079\" src=\"https:\/\/static.tecnichenuove.it\/areaarch\/2020\/07\/42-f1.jpg\" class=\"attachment-post-thumbnail size-post-thumbnail wp-post-image\" alt=\"\" srcset=\"https:\/\/static.tecnichenuove.it\/areaarch\/2020\/07\/42-f1.jpg 1280w, https:\/\/static.tecnichenuove.it\/areaarch\/2020\/07\/42-f1-300x253.jpg 300w, https:\/\/static.tecnichenuove.it\/areaarch\/2020\/07\/42-f1-1024x863.jpg 1024w, https:\/\/static.tecnichenuove.it\/areaarch\/2020\/07\/42-f1-768x647.jpg 768w, https:\/\/static.tecnichenuove.it\/areaarch\/2020\/07\/42-f1-696x587.jpg 696w, https:\/\/static.tecnichenuove.it\/areaarch\/2020\/07\/42-f1-1068x900.jpg 1068w, https:\/\/static.tecnichenuove.it\/areaarch\/2020\/07\/42-f1-498x420.jpg 498w\" sizes=\"auto, (max-width: 1280px) 100vw, 1280px\" \/>\n      \t<img decoding=\"async\" src=\"https:\/\/www.area-arch.it\/wp-content\/uploads\/sites\/6\/2020\/07\/42-dis.jpg\" class=\"attachment-post-thumbnail\" \/>\n      \n\t<\/div>\n  \t<div class=\"entry-column\">\n      <h3 class=\"entry-title td-module-title\">Medical Clinic and Housing<\/h3>\n      <div class=\"td-excerpt\">\n            <div id=\"wpcf-field-tipology\" class=\"wpcf-field-select wpcf-field-tipology\"><span class=\"wpcf-field-name wpcf-field-select-name wpcf-field-tipology-name\">tipology:<\/span> <span class=\"wpcf-field-value wpcf-field-select-value wpcf-field-tipology-value\">residential<\/span><\/div>\n            <div id=\"wpcf-field-architect\" class=\"wpcf-field-single-line wpcf-field-architect\"><span class=\"wpcf-field-name wpcf-field-single-line-name wpcf-field-architect-name\">architect:<\/span> <span class=\"wpcf-field-value wpcf-field-single-line-value wpcf-field-architect-value\">Estudio ELGUE<\/span><\/div>\n            <div id=\"wpcf-field-realization\" class=\"wpcf-field-number wpcf-field-realization\"><span class=\"wpcf-field-name wpcf-field-number-name wpcf-field-realization-name\">realization:<\/span> <span class=\"wpcf-field-value wpcf-field-number-value wpcf-field-realization-value\">2016<\/span><\/div>\n            Asunci\u00f3n, Paraguay\n          <\/div>\n  <\/div>\n<\/article>\n          <\/div>\n            <h4><a href=\"#\" onclick=\"cimap();\" class=\"link-marker js-wpv-addon-maps-focus-map js-toolset-maps-hover-map-map-1-marker-marker-90486 js-toolset-maps-open-infowindow-map-map-1-marker-marker-90486\" data-map=\"map-1\" data-marker=\"marker-90486\">42. Medical Clinic and Housing<\/a><\/h4>\n            <div id=\"wpcf-field-tipology\" class=\"wpcf-field-select wpcf-field-tipology\"><span class=\"wpcf-field-name wpcf-field-select-name wpcf-field-tipology-name\">tipology:<\/span> <span class=\"wpcf-field-value wpcf-field-select-value wpcf-field-tipology-value\">residential<\/span><\/div> | <div id=\"wpcf-field-architect\" class=\"wpcf-field-single-line wpcf-field-architect\"><span class=\"wpcf-field-name wpcf-field-single-line-name wpcf-field-architect-name\">architect:<\/span> <span class=\"wpcf-field-value wpcf-field-single-line-value wpcf-field-architect-value\">Estudio ELGUE<\/span><\/div> | <div id=\"wpcf-field-realization\" class=\"wpcf-field-number wpcf-field-realization\"><span class=\"wpcf-field-name wpcf-field-number-name wpcf-field-realization-name\">realization:<\/span> <span class=\"wpcf-field-value wpcf-field-number-value wpcf-field-realization-value\">2016<\/span><\/div>\n          <\/li>\n\t\t\n          <li>\n            \n          <div style=\"display:none\" class=\"wpv-addon-maps-marker js-wpv-addon-maps-marker js-wpv-addon-maps-marker-marker-90489 js-wpv-addon-maps-markerfor-map-1\" data-marker=\"marker-90489\" data-markertitle=\"Stadecker House\" data-markerfor=\"map-1\" data-markerlat=\"-25.2874009\" data-markerlon=\"-57.5971461\" data-markericon=\"\/wp-content\/uploads\/sites\/6\/2017\/11\/area_marker_13.png\" data-markericonhover=\"\" data-streetview=\"no\" data-fromview=\"\">\n            <article class=\"marker-itinerario\">\n\t<div class=\"entry-thumbnail\">\n      \n      \n      \t<img loading=\"lazy\" decoding=\"async\" width=\"750\" height=\"475\" src=\"https:\/\/static.tecnichenuove.it\/areaarch\/2020\/07\/43-f1.jpg\" class=\"attachment-post-thumbnail size-post-thumbnail wp-post-image\" alt=\"\" srcset=\"https:\/\/static.tecnichenuove.it\/areaarch\/2020\/07\/43-f1.jpg 750w, https:\/\/static.tecnichenuove.it\/areaarch\/2020\/07\/43-f1-300x190.jpg 300w, https:\/\/static.tecnichenuove.it\/areaarch\/2020\/07\/43-f1-696x441.jpg 696w, https:\/\/static.tecnichenuove.it\/areaarch\/2020\/07\/43-f1-663x420.jpg 663w\" sizes=\"auto, (max-width: 750px) 100vw, 750px\" \/>\n      \t<img decoding=\"async\" src=\"https:\/\/www.area-arch.it\/wp-content\/uploads\/sites\/6\/2020\/07\/43-d1.jpg\" class=\"attachment-post-thumbnail\" \/>\n      \n\t<\/div>\n  \t<div class=\"entry-column\">\n      <h3 class=\"entry-title td-module-title\">Stadecker House<\/h3>\n      <div class=\"td-excerpt\">\n            <div id=\"wpcf-field-tipology\" class=\"wpcf-field-select wpcf-field-tipology\"><span class=\"wpcf-field-name wpcf-field-select-name wpcf-field-tipology-name\">tipology:<\/span> <span class=\"wpcf-field-value wpcf-field-select-value wpcf-field-tipology-value\">residential<\/span><\/div>\n            <div id=\"wpcf-field-architect\" class=\"wpcf-field-single-line wpcf-field-architect\"><span class=\"wpcf-field-name wpcf-field-single-line-name wpcf-field-architect-name\">architect:<\/span> <span class=\"wpcf-field-value wpcf-field-single-line-value wpcf-field-architect-value\">Jenaru Pind\u00fa<\/span><\/div>\n            <div id=\"wpcf-field-realization\" class=\"wpcf-field-number wpcf-field-realization\"><span class=\"wpcf-field-name wpcf-field-number-name wpcf-field-realization-name\">realization:<\/span> <span class=\"wpcf-field-value wpcf-field-number-value wpcf-field-realization-value\">1983<\/span><\/div>\n            Avenida Espa\u00f1a, Asunci\u00f3n, Paraguay\n          <\/div>\n  <\/div>\n<\/article>\n          <\/div>\n            <h4><a href=\"#\" onclick=\"cimap();\" class=\"link-marker js-wpv-addon-maps-focus-map js-toolset-maps-hover-map-map-1-marker-marker-90489 js-toolset-maps-open-infowindow-map-map-1-marker-marker-90489\" data-map=\"map-1\" data-marker=\"marker-90489\">43. Stadecker House<\/a><\/h4>\n            <div id=\"wpcf-field-tipology\" class=\"wpcf-field-select wpcf-field-tipology\"><span class=\"wpcf-field-name wpcf-field-select-name wpcf-field-tipology-name\">tipology:<\/span> <span class=\"wpcf-field-value wpcf-field-select-value wpcf-field-tipology-value\">residential<\/span><\/div> | <div id=\"wpcf-field-architect\" class=\"wpcf-field-single-line wpcf-field-architect\"><span class=\"wpcf-field-name wpcf-field-single-line-name wpcf-field-architect-name\">architect:<\/span> <span class=\"wpcf-field-value wpcf-field-single-line-value wpcf-field-architect-value\">Jenaru Pind\u00fa<\/span><\/div> | <div id=\"wpcf-field-realization\" class=\"wpcf-field-number wpcf-field-realization\"><span class=\"wpcf-field-name wpcf-field-number-name wpcf-field-realization-name\">realization:<\/span> <span class=\"wpcf-field-value wpcf-field-number-value wpcf-field-realization-value\">1983<\/span><\/div>\n          <\/li>\n\t\t\n          <li>\n            \n          <div style=\"display:none\" class=\"wpv-addon-maps-marker js-wpv-addon-maps-marker js-wpv-addon-maps-marker-marker-90492 js-wpv-addon-maps-markerfor-map-1\" data-marker=\"marker-90492\" data-markertitle=\"Casco Bachen House\" data-markerfor=\"map-1\" data-markerlat=\"-25.2817463\" data-markerlon=\"-57.5989021\" data-markericon=\"\/wp-content\/uploads\/sites\/6\/2017\/11\/area_marker_13.png\" data-markericonhover=\"\" data-streetview=\"no\" data-fromview=\"\">\n            <article class=\"marker-itinerario\">\n\t<div class=\"entry-thumbnail\">\n      \n      \n      \t<img loading=\"lazy\" decoding=\"async\" width=\"640\" height=\"640\" src=\"https:\/\/static.tecnichenuove.it\/areaarch\/2020\/07\/44-f3.jpg\" class=\"attachment-post-thumbnail size-post-thumbnail wp-post-image\" alt=\"\" srcset=\"https:\/\/static.tecnichenuove.it\/areaarch\/2020\/07\/44-f3.jpg 640w, https:\/\/static.tecnichenuove.it\/areaarch\/2020\/07\/44-f3-300x300.jpg 300w, https:\/\/static.tecnichenuove.it\/areaarch\/2020\/07\/44-f3-420x420.jpg 420w\" sizes=\"auto, (max-width: 640px) 100vw, 640px\" \/>\n      \t<img decoding=\"async\" src=\"https:\/\/www.area-arch.it\/wp-content\/uploads\/sites\/6\/2020\/07\/44-d1.jpg\" class=\"attachment-post-thumbnail\" \/>\n      \n\t<\/div>\n  \t<div class=\"entry-column\">\n      <h3 class=\"entry-title td-module-title\">Casco Bachen House<\/h3>\n      <div class=\"td-excerpt\">\n            <div id=\"wpcf-field-tipology\" class=\"wpcf-field-select wpcf-field-tipology\"><span class=\"wpcf-field-name wpcf-field-select-name wpcf-field-tipology-name\">tipology:<\/span> <span class=\"wpcf-field-value wpcf-field-select-value wpcf-field-tipology-value\">residential<\/span><\/div>\n            <div id=\"wpcf-field-architect\" class=\"wpcf-field-single-line wpcf-field-architect\"><span class=\"wpcf-field-name wpcf-field-single-line-name wpcf-field-architect-name\">architect:<\/span> <span class=\"wpcf-field-value wpcf-field-single-line-value wpcf-field-architect-value\">Jenaru Pind\u00fa<\/span><\/div>\n            <div id=\"wpcf-field-realization\" class=\"wpcf-field-number wpcf-field-realization\"><span class=\"wpcf-field-name wpcf-field-number-name wpcf-field-realization-name\">realization:<\/span> <span class=\"wpcf-field-value wpcf-field-number-value wpcf-field-realization-value\">1973<\/span><\/div>\n            Diego de Silva y Vel\u00e1zquez, Asunci\u00f3n, Paraguay\n          <\/div>\n  <\/div>\n<\/article>\n          <\/div>\n            <h4><a href=\"#\" onclick=\"cimap();\" class=\"link-marker js-wpv-addon-maps-focus-map js-toolset-maps-hover-map-map-1-marker-marker-90492 js-toolset-maps-open-infowindow-map-map-1-marker-marker-90492\" data-map=\"map-1\" data-marker=\"marker-90492\">44. Casco Bachen House<\/a><\/h4>\n            <div id=\"wpcf-field-tipology\" class=\"wpcf-field-select wpcf-field-tipology\"><span class=\"wpcf-field-name wpcf-field-select-name wpcf-field-tipology-name\">tipology:<\/span> <span class=\"wpcf-field-value wpcf-field-select-value wpcf-field-tipology-value\">residential<\/span><\/div> | <div id=\"wpcf-field-architect\" class=\"wpcf-field-single-line wpcf-field-architect\"><span class=\"wpcf-field-name wpcf-field-single-line-name wpcf-field-architect-name\">architect:<\/span> <span class=\"wpcf-field-value wpcf-field-single-line-value wpcf-field-architect-value\">Jenaru Pind\u00fa<\/span><\/div> | <div id=\"wpcf-field-realization\" class=\"wpcf-field-number wpcf-field-realization\"><span class=\"wpcf-field-name wpcf-field-number-name wpcf-field-realization-name\">realization:<\/span> <span class=\"wpcf-field-value wpcf-field-number-value wpcf-field-realization-value\">1973<\/span><\/div>\n          <\/li>\n\t\t\n          <li>\n            \n          <div style=\"display:none\" class=\"wpv-addon-maps-marker js-wpv-addon-maps-marker js-wpv-addon-maps-marker-marker-90495 js-wpv-addon-maps-markerfor-map-1\" data-marker=\"marker-90495\" data-markertitle=\"Fanego House\" data-markerfor=\"map-1\" data-markerlat=\"-25.2815922\" data-markerlon=\"-57.6054735\" data-markericon=\"\/wp-content\/uploads\/sites\/6\/2017\/11\/area_marker_13.png\" data-markericonhover=\"\" data-streetview=\"no\" data-fromview=\"\">\n            <article class=\"marker-itinerario\">\n\t<div class=\"entry-thumbnail\">\n      \n      \n      \t<img loading=\"lazy\" decoding=\"async\" width=\"1200\" height=\"706\" src=\"https:\/\/static.tecnichenuove.it\/areaarch\/2020\/07\/45-f1.jpg\" class=\"attachment-post-thumbnail size-post-thumbnail wp-post-image\" alt=\"\" srcset=\"https:\/\/static.tecnichenuove.it\/areaarch\/2020\/07\/45-f1.jpg 1200w, https:\/\/static.tecnichenuove.it\/areaarch\/2020\/07\/45-f1-300x177.jpg 300w, https:\/\/static.tecnichenuove.it\/areaarch\/2020\/07\/45-f1-1024x602.jpg 1024w, https:\/\/static.tecnichenuove.it\/areaarch\/2020\/07\/45-f1-768x452.jpg 768w, https:\/\/static.tecnichenuove.it\/areaarch\/2020\/07\/45-f1-696x409.jpg 696w, https:\/\/static.tecnichenuove.it\/areaarch\/2020\/07\/45-f1-1068x628.jpg 1068w, https:\/\/static.tecnichenuove.it\/areaarch\/2020\/07\/45-f1-714x420.jpg 714w\" sizes=\"auto, (max-width: 1200px) 100vw, 1200px\" \/>\n      \t<img decoding=\"async\" src=\"https:\/\/www.area-arch.it\/wp-content\/uploads\/sites\/6\/2020\/07\/45-d1.jpg\" class=\"attachment-post-thumbnail\" \/>\n      \n\t<\/div>\n  \t<div class=\"entry-column\">\n      <h3 class=\"entry-title td-module-title\">Fanego House<\/h3>\n      <div class=\"td-excerpt\">\n            <div id=\"wpcf-field-tipology\" class=\"wpcf-field-select wpcf-field-tipology\"><span class=\"wpcf-field-name wpcf-field-select-name wpcf-field-tipology-name\">tipology:<\/span> <span class=\"wpcf-field-value wpcf-field-select-value wpcf-field-tipology-value\">residential<\/span><\/div>\n            <div id=\"wpcf-field-architect\" class=\"wpcf-field-single-line wpcf-field-architect\"><span class=\"wpcf-field-name wpcf-field-single-line-name wpcf-field-architect-name\">architect:<\/span> <span class=\"wpcf-field-value wpcf-field-single-line-value wpcf-field-architect-value\">Gabinete de Arquitectura + Sergio Fanego<\/span><\/div>\n            <div id=\"wpcf-field-realization\" class=\"wpcf-field-number wpcf-field-realization\"><span class=\"wpcf-field-name wpcf-field-number-name wpcf-field-realization-name\">realization:<\/span> <span class=\"wpcf-field-value wpcf-field-number-value wpcf-field-realization-value\">2005<\/span><\/div>\n            Pitiantuta, Asunci\u00f3n, Paraguay\n          <\/div>\n  <\/div>\n<\/article>\n          <\/div>\n            <h4><a href=\"#\" onclick=\"cimap();\" class=\"link-marker js-wpv-addon-maps-focus-map js-toolset-maps-hover-map-map-1-marker-marker-90495 js-toolset-maps-open-infowindow-map-map-1-marker-marker-90495\" data-map=\"map-1\" data-marker=\"marker-90495\">45. Fanego House<\/a><\/h4>\n            <div id=\"wpcf-field-tipology\" class=\"wpcf-field-select wpcf-field-tipology\"><span class=\"wpcf-field-name wpcf-field-select-name wpcf-field-tipology-name\">tipology:<\/span> <span class=\"wpcf-field-value wpcf-field-select-value wpcf-field-tipology-value\">residential<\/span><\/div> | <div id=\"wpcf-field-architect\" class=\"wpcf-field-single-line wpcf-field-architect\"><span class=\"wpcf-field-name wpcf-field-single-line-name wpcf-field-architect-name\">architect:<\/span> <span class=\"wpcf-field-value wpcf-field-single-line-value wpcf-field-architect-value\">Gabinete de Arquitectura + Sergio Fanego<\/span><\/div> | <div id=\"wpcf-field-realization\" class=\"wpcf-field-number wpcf-field-realization\"><span class=\"wpcf-field-name wpcf-field-number-name wpcf-field-realization-name\">realization:<\/span> <span class=\"wpcf-field-value wpcf-field-number-value wpcf-field-realization-value\">2005<\/span><\/div>\n          <\/li>\n\t\t\n          <li>\n            \n          <div style=\"display:none\" class=\"wpv-addon-maps-marker js-wpv-addon-maps-marker js-wpv-addon-maps-marker-marker-90498 js-wpv-addon-maps-markerfor-map-1\" data-marker=\"marker-90498\" data-markertitle=\"San Francisco Building\" data-markerfor=\"map-1\" data-markerlat=\"-25.2826929\" data-markerlon=\"-57.6029613\" data-markericon=\"\/wp-content\/uploads\/sites\/6\/2017\/11\/area_marker_13.png\" data-markericonhover=\"\" data-streetview=\"no\" data-fromview=\"\">\n            <article class=\"marker-itinerario\">\n\t<div class=\"entry-thumbnail\">\n      \n      \n      \t<img loading=\"lazy\" decoding=\"async\" width=\"1280\" height=\"854\" src=\"https:\/\/static.tecnichenuove.it\/areaarch\/2020\/07\/46-f2.jpg\" class=\"attachment-post-thumbnail size-post-thumbnail wp-post-image\" alt=\"\" srcset=\"https:\/\/static.tecnichenuove.it\/areaarch\/2020\/07\/46-f2.jpg 1280w, https:\/\/static.tecnichenuove.it\/areaarch\/2020\/07\/46-f2-300x200.jpg 300w, https:\/\/static.tecnichenuove.it\/areaarch\/2020\/07\/46-f2-1024x683.jpg 1024w, https:\/\/static.tecnichenuove.it\/areaarch\/2020\/07\/46-f2-150x100.jpg 150w, https:\/\/static.tecnichenuove.it\/areaarch\/2020\/07\/46-f2-768x512.jpg 768w, https:\/\/static.tecnichenuove.it\/areaarch\/2020\/07\/46-f2-696x464.jpg 696w, https:\/\/static.tecnichenuove.it\/areaarch\/2020\/07\/46-f2-1068x713.jpg 1068w, https:\/\/static.tecnichenuove.it\/areaarch\/2020\/07\/46-f2-630x420.jpg 630w\" sizes=\"auto, (max-width: 1280px) 100vw, 1280px\" \/>\n      \t<img decoding=\"async\" src=\"https:\/\/www.area-arch.it\/wp-content\/uploads\/sites\/6\/2020\/07\/46-d1.jpg\" class=\"attachment-post-thumbnail\" \/>\n      \n\t<\/div>\n  \t<div class=\"entry-column\">\n      <h3 class=\"entry-title td-module-title\">San Francisco Building<\/h3>\n      <div class=\"td-excerpt\">\n            <div id=\"wpcf-field-tipology\" class=\"wpcf-field-select wpcf-field-tipology\"><span class=\"wpcf-field-name wpcf-field-select-name wpcf-field-tipology-name\">tipology:<\/span> <span class=\"wpcf-field-value wpcf-field-select-value wpcf-field-tipology-value\">residential<\/span><\/div>\n            <div id=\"wpcf-field-architect\" class=\"wpcf-field-single-line wpcf-field-architect\"><span class=\"wpcf-field-name wpcf-field-single-line-name wpcf-field-architect-name\">architect:<\/span> <span class=\"wpcf-field-value wpcf-field-single-line-value wpcf-field-architect-value\">Jos\u00e8 Cubilla<\/span><\/div>\n            <div id=\"wpcf-field-realization\" class=\"wpcf-field-number wpcf-field-realization\"><span class=\"wpcf-field-name wpcf-field-number-name wpcf-field-realization-name\">realization:<\/span> <span class=\"wpcf-field-value wpcf-field-number-value wpcf-field-realization-value\">2014<\/span><\/div>\n            San Francisco, Asunci\u00f3n, Paraguay\n          <\/div>\n  <\/div>\n<\/article>\n          <\/div>\n            <h4><a href=\"#\" onclick=\"cimap();\" class=\"link-marker js-wpv-addon-maps-focus-map js-toolset-maps-hover-map-map-1-marker-marker-90498 js-toolset-maps-open-infowindow-map-map-1-marker-marker-90498\" data-map=\"map-1\" data-marker=\"marker-90498\">46. San Francisco Building<\/a><\/h4>\n            <div id=\"wpcf-field-tipology\" class=\"wpcf-field-select wpcf-field-tipology\"><span class=\"wpcf-field-name wpcf-field-select-name wpcf-field-tipology-name\">tipology:<\/span> <span class=\"wpcf-field-value wpcf-field-select-value wpcf-field-tipology-value\">residential<\/span><\/div> | <div id=\"wpcf-field-architect\" class=\"wpcf-field-single-line wpcf-field-architect\"><span class=\"wpcf-field-name wpcf-field-single-line-name wpcf-field-architect-name\">architect:<\/span> <span class=\"wpcf-field-value wpcf-field-single-line-value wpcf-field-architect-value\">Jos\u00e8 Cubilla<\/span><\/div> | <div id=\"wpcf-field-realization\" class=\"wpcf-field-number wpcf-field-realization\"><span class=\"wpcf-field-name wpcf-field-number-name wpcf-field-realization-name\">realization:<\/span> <span class=\"wpcf-field-value wpcf-field-number-value wpcf-field-realization-value\">2014<\/span><\/div>\n          <\/li>\n\t\t\n          <li>\n            \n          <div style=\"display:none\" class=\"wpv-addon-maps-marker js-wpv-addon-maps-marker js-wpv-addon-maps-marker-marker-90501 js-wpv-addon-maps-markerfor-map-1\" data-marker=\"marker-90501\" data-markertitle=\"Maria Emilia House\" data-markerfor=\"map-1\" data-markerlat=\"-25.2710706\" data-markerlon=\"-57.603825\" data-markericon=\"\/wp-content\/uploads\/sites\/6\/2017\/11\/area_marker_13.png\" data-markericonhover=\"\" data-streetview=\"no\" data-fromview=\"\">\n            <article class=\"marker-itinerario\">\n\t<div class=\"entry-thumbnail\">\n      \n      \n      \t<img loading=\"lazy\" decoding=\"async\" width=\"917\" height=\"1280\" src=\"https:\/\/static.tecnichenuove.it\/areaarch\/2020\/07\/47-f1.jpg\" class=\"attachment-post-thumbnail size-post-thumbnail wp-post-image\" alt=\"\" srcset=\"https:\/\/static.tecnichenuove.it\/areaarch\/2020\/07\/47-f1.jpg 917w, https:\/\/static.tecnichenuove.it\/areaarch\/2020\/07\/47-f1-215x300.jpg 215w, https:\/\/static.tecnichenuove.it\/areaarch\/2020\/07\/47-f1-734x1024.jpg 734w, https:\/\/static.tecnichenuove.it\/areaarch\/2020\/07\/47-f1-768x1072.jpg 768w, https:\/\/static.tecnichenuove.it\/areaarch\/2020\/07\/47-f1-696x972.jpg 696w, https:\/\/static.tecnichenuove.it\/areaarch\/2020\/07\/47-f1-301x420.jpg 301w\" sizes=\"auto, (max-width: 917px) 100vw, 917px\" \/>\n      \t<img decoding=\"async\" src=\"https:\/\/www.area-arch.it\/wp-content\/uploads\/sites\/6\/2020\/07\/47-d1.jpg\" class=\"attachment-post-thumbnail\" \/>\n      \n\t<\/div>\n  \t<div class=\"entry-column\">\n      <h3 class=\"entry-title td-module-title\">Maria Emilia House<\/h3>\n      <div class=\"td-excerpt\">\n            <div id=\"wpcf-field-tipology\" class=\"wpcf-field-select wpcf-field-tipology\"><span class=\"wpcf-field-name wpcf-field-select-name wpcf-field-tipology-name\">tipology:<\/span> <span class=\"wpcf-field-value wpcf-field-select-value wpcf-field-tipology-value\">residential<\/span><\/div>\n            <div id=\"wpcf-field-architect\" class=\"wpcf-field-single-line wpcf-field-architect\"><span class=\"wpcf-field-name wpcf-field-single-line-name wpcf-field-architect-name\">architect:<\/span> <span class=\"wpcf-field-value wpcf-field-single-line-value wpcf-field-architect-value\">Minimo Com\u00fan Arquitectura<\/span><\/div>\n            <div id=\"wpcf-field-realization\" class=\"wpcf-field-number wpcf-field-realization\"><span class=\"wpcf-field-name wpcf-field-number-name wpcf-field-realization-name\">realization:<\/span> <span class=\"wpcf-field-value wpcf-field-number-value wpcf-field-realization-value\">2017<\/span><\/div>\n            Jara, Asunci\u00f3n, Paraguay\n          <\/div>\n  <\/div>\n<\/article>\n          <\/div>\n            <h4><a href=\"#\" onclick=\"cimap();\" class=\"link-marker js-wpv-addon-maps-focus-map js-toolset-maps-hover-map-map-1-marker-marker-90501 js-toolset-maps-open-infowindow-map-map-1-marker-marker-90501\" data-map=\"map-1\" data-marker=\"marker-90501\">47. Maria Emilia House<\/a><\/h4>\n            <div id=\"wpcf-field-tipology\" class=\"wpcf-field-select wpcf-field-tipology\"><span class=\"wpcf-field-name wpcf-field-select-name wpcf-field-tipology-name\">tipology:<\/span> <span class=\"wpcf-field-value wpcf-field-select-value wpcf-field-tipology-value\">residential<\/span><\/div> | <div id=\"wpcf-field-architect\" class=\"wpcf-field-single-line wpcf-field-architect\"><span class=\"wpcf-field-name wpcf-field-single-line-name wpcf-field-architect-name\">architect:<\/span> <span class=\"wpcf-field-value wpcf-field-single-line-value wpcf-field-architect-value\">Minimo Com\u00fan Arquitectura<\/span><\/div> | <div id=\"wpcf-field-realization\" class=\"wpcf-field-number wpcf-field-realization\"><span class=\"wpcf-field-name wpcf-field-number-name wpcf-field-realization-name\">realization:<\/span> <span class=\"wpcf-field-value wpcf-field-number-value wpcf-field-realization-value\">2017<\/span><\/div>\n          <\/li>\n\t\t\n          <li>\n            \n          <div style=\"display:none\" class=\"wpv-addon-maps-marker js-wpv-addon-maps-marker js-wpv-addon-maps-marker-marker-90504 js-wpv-addon-maps-markerfor-map-1\" data-marker=\"marker-90504\" data-markertitle=\"CDI College\" data-markerfor=\"map-1\" data-markerlat=\"-25.2674951\" data-markerlon=\"-57.6005557\" data-markericon=\"\/wp-content\/uploads\/sites\/6\/2017\/11\/area_marker_4.png\" data-markericonhover=\"\" data-streetview=\"no\" data-fromview=\"\">\n            <article class=\"marker-itinerario\">\n\t<div class=\"entry-thumbnail\">\n      \n      \n      \t<img loading=\"lazy\" decoding=\"async\" width=\"1000\" height=\"667\" src=\"https:\/\/static.tecnichenuove.it\/areaarch\/2020\/07\/48-f1.jpeg\" class=\"attachment-post-thumbnail size-post-thumbnail wp-post-image\" alt=\"\" srcset=\"https:\/\/static.tecnichenuove.it\/areaarch\/2020\/07\/48-f1.jpeg 1000w, https:\/\/static.tecnichenuove.it\/areaarch\/2020\/07\/48-f1-300x200.jpeg 300w, https:\/\/static.tecnichenuove.it\/areaarch\/2020\/07\/48-f1-150x100.jpeg 150w, https:\/\/static.tecnichenuove.it\/areaarch\/2020\/07\/48-f1-768x512.jpeg 768w, https:\/\/static.tecnichenuove.it\/areaarch\/2020\/07\/48-f1-696x464.jpeg 696w, https:\/\/static.tecnichenuove.it\/areaarch\/2020\/07\/48-f1-630x420.jpeg 630w\" sizes=\"auto, (max-width: 1000px) 100vw, 1000px\" \/>\n      \t<img decoding=\"async\" src=\"https:\/\/www.area-arch.it\/wp-content\/uploads\/sites\/6\/2020\/07\/48-d5.jpg\" class=\"attachment-post-thumbnail\" \/>\n      \n\t<\/div>\n  \t<div class=\"entry-column\">\n      <h3 class=\"entry-title td-module-title\">CDI College<\/h3>\n      <div class=\"td-excerpt\">\n            <div id=\"wpcf-field-tipology\" class=\"wpcf-field-select wpcf-field-tipology\"><span class=\"wpcf-field-name wpcf-field-select-name wpcf-field-tipology-name\">tipology:<\/span> <span class=\"wpcf-field-value wpcf-field-select-value wpcf-field-tipology-value\">education<\/span><\/div>\n            <div id=\"wpcf-field-architect\" class=\"wpcf-field-single-line wpcf-field-architect\"><span class=\"wpcf-field-name wpcf-field-single-line-name wpcf-field-architect-name\">architect:<\/span> <span class=\"wpcf-field-value wpcf-field-single-line-value wpcf-field-architect-value\">Jose Cubilla, Sergio Ruggeri, Desiree Dumot<\/span><\/div>\n            <div id=\"wpcf-field-realization\" class=\"wpcf-field-number wpcf-field-realization\"><span class=\"wpcf-field-name wpcf-field-number-name wpcf-field-realization-name\">realization:<\/span> <span class=\"wpcf-field-value wpcf-field-number-value wpcf-field-realization-value\">2017<\/span><\/div>\n            Sargento 1\u00ba Eliodoro Fernandez, Asunci\u00f3n, Paraguay\n          <\/div>\n  <\/div>\n<\/article>\n          <\/div>\n            <h4><a href=\"#\" onclick=\"cimap();\" class=\"link-marker js-wpv-addon-maps-focus-map js-toolset-maps-hover-map-map-1-marker-marker-90504 js-toolset-maps-open-infowindow-map-map-1-marker-marker-90504\" data-map=\"map-1\" data-marker=\"marker-90504\">48. CDI College<\/a><\/h4>\n            <div id=\"wpcf-field-tipology\" class=\"wpcf-field-select wpcf-field-tipology\"><span class=\"wpcf-field-name wpcf-field-select-name wpcf-field-tipology-name\">tipology:<\/span> <span class=\"wpcf-field-value wpcf-field-select-value wpcf-field-tipology-value\">education<\/span><\/div> | <div id=\"wpcf-field-architect\" class=\"wpcf-field-single-line wpcf-field-architect\"><span class=\"wpcf-field-name wpcf-field-single-line-name wpcf-field-architect-name\">architect:<\/span> <span class=\"wpcf-field-value wpcf-field-single-line-value wpcf-field-architect-value\">Jose Cubilla, Sergio Ruggeri, Desiree Dumot<\/span><\/div> | <div id=\"wpcf-field-realization\" class=\"wpcf-field-number wpcf-field-realization\"><span class=\"wpcf-field-name wpcf-field-number-name wpcf-field-realization-name\">realization:<\/span> <span class=\"wpcf-field-value wpcf-field-number-value wpcf-field-realization-value\">2017<\/span><\/div>\n          <\/li>\n\t\t\n          <li>\n            \n          <div style=\"display:none\" class=\"wpv-addon-maps-marker js-wpv-addon-maps-marker js-wpv-addon-maps-marker-marker-90507 js-wpv-addon-maps-markerfor-map-1\" data-marker=\"marker-90507\" data-markertitle=\"Las Mercedes Studio\/House\" data-markerfor=\"map-1\" data-markerlat=\"-25.2793349\" data-markerlon=\"-57.6098107\" data-markericon=\"\/wp-content\/uploads\/sites\/6\/2017\/11\/area_marker_13.png\" data-markericonhover=\"\" data-streetview=\"no\" data-fromview=\"\">\n            <article class=\"marker-itinerario\">\n\t<div class=\"entry-thumbnail\">\n      \n      \n      \t<img loading=\"lazy\" decoding=\"async\" width=\"1280\" height=\"854\" src=\"https:\/\/static.tecnichenuove.it\/areaarch\/2020\/07\/49-f1.jpg\" class=\"attachment-post-thumbnail size-post-thumbnail wp-post-image\" alt=\"\" srcset=\"https:\/\/static.tecnichenuove.it\/areaarch\/2020\/07\/49-f1.jpg 1280w, https:\/\/static.tecnichenuove.it\/areaarch\/2020\/07\/49-f1-300x200.jpg 300w, https:\/\/static.tecnichenuove.it\/areaarch\/2020\/07\/49-f1-1024x683.jpg 1024w, https:\/\/static.tecnichenuove.it\/areaarch\/2020\/07\/49-f1-150x100.jpg 150w, https:\/\/static.tecnichenuove.it\/areaarch\/2020\/07\/49-f1-768x512.jpg 768w, https:\/\/static.tecnichenuove.it\/areaarch\/2020\/07\/49-f1-696x464.jpg 696w, https:\/\/static.tecnichenuove.it\/areaarch\/2020\/07\/49-f1-1068x713.jpg 1068w, https:\/\/static.tecnichenuove.it\/areaarch\/2020\/07\/49-f1-630x420.jpg 630w\" sizes=\"auto, (max-width: 1280px) 100vw, 1280px\" \/>\n      \t<img decoding=\"async\" src=\"https:\/\/www.area-arch.it\/wp-content\/uploads\/sites\/6\/2020\/07\/49-d2-e1596051999970.jpg\" class=\"attachment-post-thumbnail\" \/>\n      \n\t<\/div>\n  \t<div class=\"entry-column\">\n      <h3 class=\"entry-title td-module-title\">Las Mercedes Studio\/House<\/h3>\n      <div class=\"td-excerpt\">\n            <div id=\"wpcf-field-tipology\" class=\"wpcf-field-select wpcf-field-tipology\"><span class=\"wpcf-field-name wpcf-field-select-name wpcf-field-tipology-name\">tipology:<\/span> <span class=\"wpcf-field-value wpcf-field-select-value wpcf-field-tipology-value\">residential<\/span><\/div>\n            <div id=\"wpcf-field-architect\" class=\"wpcf-field-single-line wpcf-field-architect\"><span class=\"wpcf-field-name wpcf-field-single-line-name wpcf-field-architect-name\">architect:<\/span> <span class=\"wpcf-field-value wpcf-field-single-line-value wpcf-field-architect-value\">Lukas F\u00faster<\/span><\/div>\n            <div id=\"wpcf-field-realization\" class=\"wpcf-field-number wpcf-field-realization\"><span class=\"wpcf-field-name wpcf-field-number-name wpcf-field-realization-name\">realization:<\/span> <span class=\"wpcf-field-value wpcf-field-number-value wpcf-field-realization-value\">2012<\/span><\/div>\n            Valois Rivarola, Asunci\u00f3n, Paraguay\n          <\/div>\n  <\/div>\n<\/article>\n          <\/div>\n            <h4><a href=\"#\" onclick=\"cimap();\" class=\"link-marker js-wpv-addon-maps-focus-map js-toolset-maps-hover-map-map-1-marker-marker-90507 js-toolset-maps-open-infowindow-map-map-1-marker-marker-90507\" data-map=\"map-1\" data-marker=\"marker-90507\">49. Las Mercedes Studio\/House<\/a><\/h4>\n            <div id=\"wpcf-field-tipology\" class=\"wpcf-field-select wpcf-field-tipology\"><span class=\"wpcf-field-name wpcf-field-select-name wpcf-field-tipology-name\">tipology:<\/span> <span class=\"wpcf-field-value wpcf-field-select-value wpcf-field-tipology-value\">residential<\/span><\/div> | <div id=\"wpcf-field-architect\" class=\"wpcf-field-single-line wpcf-field-architect\"><span class=\"wpcf-field-name wpcf-field-single-line-name wpcf-field-architect-name\">architect:<\/span> <span class=\"wpcf-field-value wpcf-field-single-line-value wpcf-field-architect-value\">Lukas F\u00faster<\/span><\/div> | <div id=\"wpcf-field-realization\" class=\"wpcf-field-number wpcf-field-realization\"><span class=\"wpcf-field-name wpcf-field-number-name wpcf-field-realization-name\">realization:<\/span> <span class=\"wpcf-field-value wpcf-field-number-value wpcf-field-realization-value\">2012<\/span><\/div>\n          <\/li>\n\t\t\n          <li>\n            \n          <div style=\"display:none\" class=\"wpv-addon-maps-marker js-wpv-addon-maps-marker js-wpv-addon-maps-marker-marker-90510 js-wpv-addon-maps-markerfor-map-1\" data-marker=\"marker-90510\" data-markertitle=\"Coworking Loffice Las Mercedes\" data-markerfor=\"map-1\" data-markerlat=\"-25.2838758\" data-markerlon=\"-57.6121782\" data-markericon=\"\/wp-content\/uploads\/sites\/6\/2017\/11\/area_marker_11.png\" data-markericonhover=\"\" data-streetview=\"no\" data-fromview=\"\">\n            <article class=\"marker-itinerario\">\n\t<div class=\"entry-thumbnail\">\n      \n      \n      \t<img loading=\"lazy\" decoding=\"async\" width=\"750\" height=\"709\" src=\"https:\/\/static.tecnichenuove.it\/areaarch\/2020\/07\/50-f2.jpeg\" class=\"attachment-post-thumbnail size-post-thumbnail wp-post-image\" alt=\"\" srcset=\"https:\/\/static.tecnichenuove.it\/areaarch\/2020\/07\/50-f2.jpeg 750w, https:\/\/static.tecnichenuove.it\/areaarch\/2020\/07\/50-f2-300x284.jpeg 300w, https:\/\/static.tecnichenuove.it\/areaarch\/2020\/07\/50-f2-696x658.jpeg 696w, https:\/\/static.tecnichenuove.it\/areaarch\/2020\/07\/50-f2-444x420.jpeg 444w\" sizes=\"auto, (max-width: 750px) 100vw, 750px\" \/>\n      \t<img decoding=\"async\" src=\"https:\/\/www.area-arch.it\/wp-content\/uploads\/sites\/6\/2020\/07\/50-d1.jpeg\" class=\"attachment-post-thumbnail\" \/>\n      \n\t<\/div>\n  \t<div class=\"entry-column\">\n      <h3 class=\"entry-title td-module-title\">Coworking Loffice Las Mercedes<\/h3>\n      <div class=\"td-excerpt\">\n            <div id=\"wpcf-field-tipology\" class=\"wpcf-field-select wpcf-field-tipology\"><span class=\"wpcf-field-name wpcf-field-select-name wpcf-field-tipology-name\">tipology:<\/span> <span class=\"wpcf-field-value wpcf-field-select-value wpcf-field-tipology-value\">office<\/span><\/div>\n            <div id=\"wpcf-field-architect\" class=\"wpcf-field-single-line wpcf-field-architect\"><span class=\"wpcf-field-name wpcf-field-single-line-name wpcf-field-architect-name\">architect:<\/span> <span class=\"wpcf-field-value wpcf-field-single-line-value wpcf-field-architect-value\">Gabinete de Arquitectura<\/span><\/div>\n            <div id=\"wpcf-field-realization\" class=\"wpcf-field-number wpcf-field-realization\"><span class=\"wpcf-field-name wpcf-field-number-name wpcf-field-realization-name\">realization:<\/span> <span class=\"wpcf-field-value wpcf-field-number-value wpcf-field-realization-value\">2006<\/span><\/div>\n            Teniente Marcos N\u00fa\u00f1ez, Asunci\u00f3n, Paraguay\n          <\/div>\n  <\/div>\n<\/article>\n          <\/div>\n            <h4><a href=\"#\" onclick=\"cimap();\" class=\"link-marker js-wpv-addon-maps-focus-map js-toolset-maps-hover-map-map-1-marker-marker-90510 js-toolset-maps-open-infowindow-map-map-1-marker-marker-90510\" data-map=\"map-1\" data-marker=\"marker-90510\">50. Coworking Loffice Las Mercedes<\/a><\/h4>\n            <div id=\"wpcf-field-tipology\" class=\"wpcf-field-select wpcf-field-tipology\"><span class=\"wpcf-field-name wpcf-field-select-name wpcf-field-tipology-name\">tipology:<\/span> <span class=\"wpcf-field-value wpcf-field-select-value wpcf-field-tipology-value\">office<\/span><\/div> | <div id=\"wpcf-field-architect\" class=\"wpcf-field-single-line wpcf-field-architect\"><span class=\"wpcf-field-name wpcf-field-single-line-name wpcf-field-architect-name\">architect:<\/span> <span class=\"wpcf-field-value wpcf-field-single-line-value wpcf-field-architect-value\">Gabinete de Arquitectura<\/span><\/div> | <div id=\"wpcf-field-realization\" class=\"wpcf-field-number wpcf-field-realization\"><span class=\"wpcf-field-name wpcf-field-number-name wpcf-field-realization-name\">realization:<\/span> <span class=\"wpcf-field-value wpcf-field-number-value wpcf-field-realization-value\">2006<\/span><\/div>\n          <\/li>\n\t\t\n          <li>\n            \n          <div style=\"display:none\" class=\"wpv-addon-maps-marker js-wpv-addon-maps-marker js-wpv-addon-maps-marker-marker-90513 js-wpv-addon-maps-markerfor-map-1\" data-marker=\"marker-90513\" data-markertitle=\"Icono Tower\" data-markerfor=\"map-1\" data-markerlat=\"-25.2869613\" data-markerlon=\"-57.6041562\" data-markericon=\"\/wp-content\/uploads\/sites\/6\/2017\/11\/area_marker_9.png\" data-markericonhover=\"\" data-streetview=\"no\" data-fromview=\"\">\n            <article class=\"marker-itinerario\">\n\t<div class=\"entry-thumbnail\">\n      \n      \n      \t<img loading=\"lazy\" decoding=\"async\" width=\"1280\" height=\"939\" src=\"https:\/\/static.tecnichenuove.it\/areaarch\/2020\/07\/51-f2.jpg\" class=\"attachment-post-thumbnail size-post-thumbnail wp-post-image\" alt=\"\" srcset=\"https:\/\/static.tecnichenuove.it\/areaarch\/2020\/07\/51-f2.jpg 1280w, https:\/\/static.tecnichenuove.it\/areaarch\/2020\/07\/51-f2-300x220.jpg 300w, https:\/\/static.tecnichenuove.it\/areaarch\/2020\/07\/51-f2-1024x751.jpg 1024w, https:\/\/static.tecnichenuove.it\/areaarch\/2020\/07\/51-f2-768x563.jpg 768w, https:\/\/static.tecnichenuove.it\/areaarch\/2020\/07\/51-f2-80x60.jpg 80w, https:\/\/static.tecnichenuove.it\/areaarch\/2020\/07\/51-f2-696x511.jpg 696w, https:\/\/static.tecnichenuove.it\/areaarch\/2020\/07\/51-f2-1068x783.jpg 1068w, https:\/\/static.tecnichenuove.it\/areaarch\/2020\/07\/51-f2-573x420.jpg 573w\" sizes=\"auto, (max-width: 1280px) 100vw, 1280px\" \/>\n      \t<img decoding=\"async\" src=\"https:\/\/www.area-arch.it\/wp-content\/uploads\/sites\/6\/2020\/07\/51-d3.jpg\" class=\"attachment-post-thumbnail\" \/>\n      \n\t<\/div>\n  \t<div class=\"entry-column\">\n      <h3 class=\"entry-title td-module-title\">Icono Tower<\/h3>\n      <div class=\"td-excerpt\">\n            <div id=\"wpcf-field-tipology\" class=\"wpcf-field-select wpcf-field-tipology\"><span class=\"wpcf-field-name wpcf-field-select-name wpcf-field-tipology-name\">tipology:<\/span> <span class=\"wpcf-field-value wpcf-field-select-value wpcf-field-tipology-value\">mixed use<\/span><\/div>\n            <div id=\"wpcf-field-architect\" class=\"wpcf-field-single-line wpcf-field-architect\"><span class=\"wpcf-field-name wpcf-field-single-line-name wpcf-field-architect-name\">architect:<\/span> <span class=\"wpcf-field-value wpcf-field-single-line-value wpcf-field-architect-value\">EST Arquitectura (Carlo Jim\u00e9nez)<\/span><\/div>\n            <div id=\"wpcf-field-realization\" class=\"wpcf-field-number wpcf-field-realization\"><span class=\"wpcf-field-name wpcf-field-number-name wpcf-field-realization-name\">realization:<\/span> <span class=\"wpcf-field-value wpcf-field-number-value wpcf-field-realization-value\">2011<\/span><\/div>\n            Juan de Salazar, Asunci\u00f3n, Paraguay\n          <\/div>\n  <\/div>\n<\/article>\n          <\/div>\n            <h4><a href=\"#\" onclick=\"cimap();\" class=\"link-marker js-wpv-addon-maps-focus-map js-toolset-maps-hover-map-map-1-marker-marker-90513 js-toolset-maps-open-infowindow-map-map-1-marker-marker-90513\" data-map=\"map-1\" data-marker=\"marker-90513\">51. Icono Tower<\/a><\/h4>\n            <div id=\"wpcf-field-tipology\" class=\"wpcf-field-select wpcf-field-tipology\"><span class=\"wpcf-field-name wpcf-field-select-name wpcf-field-tipology-name\">tipology:<\/span> <span class=\"wpcf-field-value wpcf-field-select-value wpcf-field-tipology-value\">mixed use<\/span><\/div> | <div id=\"wpcf-field-architect\" class=\"wpcf-field-single-line wpcf-field-architect\"><span class=\"wpcf-field-name wpcf-field-single-line-name wpcf-field-architect-name\">architect:<\/span> <span class=\"wpcf-field-value wpcf-field-single-line-value wpcf-field-architect-value\">EST Arquitectura (Carlo Jim\u00e9nez)<\/span><\/div> | <div id=\"wpcf-field-realization\" class=\"wpcf-field-number wpcf-field-realization\"><span class=\"wpcf-field-name wpcf-field-number-name wpcf-field-realization-name\">realization:<\/span> <span class=\"wpcf-field-value wpcf-field-number-value wpcf-field-realization-value\">2011<\/span><\/div>\n          <\/li>\n\t\t\n          <li>\n            \n          <div style=\"display:none\" class=\"wpv-addon-maps-marker js-wpv-addon-maps-marker js-wpv-addon-maps-marker-marker-90516 js-wpv-addon-maps-markerfor-map-1\" data-marker=\"marker-90516\" data-markertitle=\"Esmeraldina House\" data-markerfor=\"map-1\" data-markerlat=\"-25.2869613\" data-markerlon=\"-57.6041562\" data-markericon=\"\/wp-content\/uploads\/sites\/6\/2017\/11\/area_marker_13.png\" data-markericonhover=\"\" data-streetview=\"no\" data-fromview=\"\">\n            <article class=\"marker-itinerario\">\n\t<div class=\"entry-thumbnail\">\n      \n      \n      \t<img loading=\"lazy\" decoding=\"async\" width=\"960\" height=\"960\" src=\"https:\/\/static.tecnichenuove.it\/areaarch\/2020\/07\/52-5.jpg\" class=\"attachment-post-thumbnail size-post-thumbnail wp-post-image\" alt=\"\" srcset=\"https:\/\/static.tecnichenuove.it\/areaarch\/2020\/07\/52-5.jpg 960w, https:\/\/static.tecnichenuove.it\/areaarch\/2020\/07\/52-5-300x300.jpg 300w, https:\/\/static.tecnichenuove.it\/areaarch\/2020\/07\/52-5-768x768.jpg 768w, https:\/\/static.tecnichenuove.it\/areaarch\/2020\/07\/52-5-696x696.jpg 696w, https:\/\/static.tecnichenuove.it\/areaarch\/2020\/07\/52-5-420x420.jpg 420w\" sizes=\"auto, (max-width: 960px) 100vw, 960px\" \/>\n      \t<img decoding=\"async\" src=\"https:\/\/www.area-arch.it\/wp-content\/uploads\/sites\/6\/2020\/07\/Schermata-2020-07-29-alle-21.52.46.png\" class=\"attachment-post-thumbnail\" \/>\n      \n\t<\/div>\n  \t<div class=\"entry-column\">\n      <h3 class=\"entry-title td-module-title\">Esmeraldina House<\/h3>\n      <div class=\"td-excerpt\">\n            <div id=\"wpcf-field-tipology\" class=\"wpcf-field-select wpcf-field-tipology\"><span class=\"wpcf-field-name wpcf-field-select-name wpcf-field-tipology-name\">tipology:<\/span> <span class=\"wpcf-field-value wpcf-field-select-value wpcf-field-tipology-value\">residential<\/span><\/div>\n            <div id=\"wpcf-field-architect\" class=\"wpcf-field-single-line wpcf-field-architect\"><span class=\"wpcf-field-name wpcf-field-single-line-name wpcf-field-architect-name\">architect:<\/span> <span class=\"wpcf-field-value wpcf-field-single-line-value wpcf-field-architect-value\">Gabinete de Arquitectura<\/span><\/div>\n            <div id=\"wpcf-field-realization\" class=\"wpcf-field-number wpcf-field-realization\"><span class=\"wpcf-field-name wpcf-field-number-name wpcf-field-realization-name\">realization:<\/span> <span class=\"wpcf-field-value wpcf-field-number-value wpcf-field-realization-value\">2003<\/span><\/div>\n            Juan de Salazar, Asunci\u00f3n, Paraguay\n          <\/div>\n  <\/div>\n<\/article>\n          <\/div>\n            <h4><a href=\"#\" onclick=\"cimap();\" class=\"link-marker js-wpv-addon-maps-focus-map js-toolset-maps-hover-map-map-1-marker-marker-90516 js-toolset-maps-open-infowindow-map-map-1-marker-marker-90516\" data-map=\"map-1\" data-marker=\"marker-90516\">52. Esmeraldina House<\/a><\/h4>\n            <div id=\"wpcf-field-tipology\" class=\"wpcf-field-select wpcf-field-tipology\"><span class=\"wpcf-field-name wpcf-field-select-name wpcf-field-tipology-name\">tipology:<\/span> <span class=\"wpcf-field-value wpcf-field-select-value wpcf-field-tipology-value\">residential<\/span><\/div> | <div id=\"wpcf-field-architect\" class=\"wpcf-field-single-line wpcf-field-architect\"><span class=\"wpcf-field-name wpcf-field-single-line-name wpcf-field-architect-name\">architect:<\/span> <span class=\"wpcf-field-value wpcf-field-single-line-value wpcf-field-architect-value\">Gabinete de Arquitectura<\/span><\/div> | <div id=\"wpcf-field-realization\" class=\"wpcf-field-number wpcf-field-realization\"><span class=\"wpcf-field-name wpcf-field-number-name wpcf-field-realization-name\">realization:<\/span> <span class=\"wpcf-field-value wpcf-field-number-value wpcf-field-realization-value\">2003<\/span><\/div>\n          <\/li>\n\t\t\n          <li>\n            \n          <div style=\"display:none\" class=\"wpv-addon-maps-marker js-wpv-addon-maps-marker js-wpv-addon-maps-marker-marker-90519 js-wpv-addon-maps-markerfor-map-1\" data-marker=\"marker-90519\" data-markertitle=\"Embassy of Argentina\" data-markerfor=\"map-1\" data-markerlat=\"-25.2931584\" data-markerlon=\"-57.6218686\" data-markericon=\"\/wp-content\/uploads\/sites\/6\/2017\/11\/area_marker_11.png\" data-markericonhover=\"\" data-streetview=\"no\" data-fromview=\"\">\n            <article class=\"marker-itinerario\">\n\t<div class=\"entry-thumbnail\">\n      \n      \t<img loading=\"lazy\" decoding=\"async\" width=\"300\" height=\"200\" src=\"https:\/\/static.tecnichenuove.it\/areaarch\/2020\/07\/53-f2-300x200.jpg\" class=\"attachment-medium size-medium wp-post-image\" alt=\"\" srcset=\"https:\/\/static.tecnichenuove.it\/areaarch\/2020\/07\/53-f2-300x200.jpg 300w, https:\/\/static.tecnichenuove.it\/areaarch\/2020\/07\/53-f2-1024x682.jpg 1024w, https:\/\/static.tecnichenuove.it\/areaarch\/2020\/07\/53-f2-150x100.jpg 150w, https:\/\/static.tecnichenuove.it\/areaarch\/2020\/07\/53-f2-768x512.jpg 768w, https:\/\/static.tecnichenuove.it\/areaarch\/2020\/07\/53-f2-696x464.jpg 696w, https:\/\/static.tecnichenuove.it\/areaarch\/2020\/07\/53-f2-1068x712.jpg 1068w, https:\/\/static.tecnichenuove.it\/areaarch\/2020\/07\/53-f2-630x420.jpg 630w, https:\/\/static.tecnichenuove.it\/areaarch\/2020\/07\/53-f2.jpg 1280w\" sizes=\"auto, (max-width: 300px) 100vw, 300px\" \/>\n      \n      \n\t<\/div>\n  \t<div class=\"entry-column\">\n      <h3 class=\"entry-title td-module-title\">Embassy of Argentina<\/h3>\n      <div class=\"td-excerpt\">\n            <div id=\"wpcf-field-tipology\" class=\"wpcf-field-select wpcf-field-tipology\"><span class=\"wpcf-field-name wpcf-field-select-name wpcf-field-tipology-name\">tipology:<\/span> <span class=\"wpcf-field-value wpcf-field-select-value wpcf-field-tipology-value\">office<\/span><\/div>\n            <div id=\"wpcf-field-architect\" class=\"wpcf-field-single-line wpcf-field-architect\"><span class=\"wpcf-field-name wpcf-field-single-line-name wpcf-field-architect-name\">architect:<\/span> <span class=\"wpcf-field-value wpcf-field-single-line-value wpcf-field-architect-value\">Nat\u00e1n Alzanstat, Carlos Rajlin, Carlos Dodero<\/span><\/div>\n            <div id=\"wpcf-field-realization\" class=\"wpcf-field-number wpcf-field-realization\"><span class=\"wpcf-field-name wpcf-field-number-name wpcf-field-realization-name\">realization:<\/span> <span class=\"wpcf-field-value wpcf-field-number-value wpcf-field-realization-value\">1971<\/span><\/div>\n            Avda. Per\u00fa, Asunci\u00f3n, Paraguay\n          <\/div>\n  <\/div>\n<\/article>\n          <\/div>\n            <h4><a href=\"#\" onclick=\"cimap();\" class=\"link-marker js-wpv-addon-maps-focus-map js-toolset-maps-hover-map-map-1-marker-marker-90519 js-toolset-maps-open-infowindow-map-map-1-marker-marker-90519\" data-map=\"map-1\" data-marker=\"marker-90519\">53. Embassy of Argentina<\/a><\/h4>\n            <div id=\"wpcf-field-tipology\" class=\"wpcf-field-select wpcf-field-tipology\"><span class=\"wpcf-field-name wpcf-field-select-name wpcf-field-tipology-name\">tipology:<\/span> <span class=\"wpcf-field-value wpcf-field-select-value wpcf-field-tipology-value\">office<\/span><\/div> | <div id=\"wpcf-field-architect\" class=\"wpcf-field-single-line wpcf-field-architect\"><span class=\"wpcf-field-name wpcf-field-single-line-name wpcf-field-architect-name\">architect:<\/span> <span class=\"wpcf-field-value wpcf-field-single-line-value wpcf-field-architect-value\">Nat\u00e1n Alzanstat, Carlos Rajlin, Carlos Dodero<\/span><\/div> | <div id=\"wpcf-field-realization\" class=\"wpcf-field-number wpcf-field-realization\"><span class=\"wpcf-field-name wpcf-field-number-name wpcf-field-realization-name\">realization:<\/span> <span class=\"wpcf-field-value wpcf-field-number-value wpcf-field-realization-value\">1971<\/span><\/div>\n          <\/li>\n\t\t\n          <li>\n            \n          <div style=\"display:none\" class=\"wpv-addon-maps-marker js-wpv-addon-maps-marker js-wpv-addon-maps-marker-marker-90521 js-wpv-addon-maps-markerfor-map-1\" data-marker=\"marker-90521\" data-markertitle=\"Counselin IPF Offices\" data-markerfor=\"map-1\" data-markerlat=\"-25.2896853\" data-markerlon=\"-57.6229857\" data-markericon=\"\/wp-content\/uploads\/sites\/6\/2017\/11\/area_marker_11.png\" data-markericonhover=\"\" data-streetview=\"no\" data-fromview=\"\">\n            <article class=\"marker-itinerario\">\n\t<div class=\"entry-thumbnail\">\n      \n      \n      \t<img loading=\"lazy\" decoding=\"async\" width=\"747\" height=\"1000\" src=\"https:\/\/static.tecnichenuove.it\/areaarch\/2020\/07\/54-f1.jpg\" class=\"attachment-post-thumbnail size-post-thumbnail wp-post-image\" alt=\"\" srcset=\"https:\/\/static.tecnichenuove.it\/areaarch\/2020\/07\/54-f1.jpg 747w, https:\/\/static.tecnichenuove.it\/areaarch\/2020\/07\/54-f1-224x300.jpg 224w, https:\/\/static.tecnichenuove.it\/areaarch\/2020\/07\/54-f1-696x932.jpg 696w, https:\/\/static.tecnichenuove.it\/areaarch\/2020\/07\/54-f1-314x420.jpg 314w\" sizes=\"auto, (max-width: 747px) 100vw, 747px\" \/>\n      \t<img decoding=\"async\" src=\"https:\/\/www.area-arch.it\/wp-content\/uploads\/sites\/6\/2020\/07\/54-d1.jpg\" class=\"attachment-post-thumbnail\" \/>\n      \n\t<\/div>\n  \t<div class=\"entry-column\">\n      <h3 class=\"entry-title td-module-title\">Counselin IPF Offices<\/h3>\n      <div class=\"td-excerpt\">\n            <div id=\"wpcf-field-tipology\" class=\"wpcf-field-select wpcf-field-tipology\"><span class=\"wpcf-field-name wpcf-field-select-name wpcf-field-tipology-name\">tipology:<\/span> <span class=\"wpcf-field-value wpcf-field-select-value wpcf-field-tipology-value\">office<\/span><\/div>\n            <div id=\"wpcf-field-architect\" class=\"wpcf-field-single-line wpcf-field-architect\"><span class=\"wpcf-field-name wpcf-field-single-line-name wpcf-field-architect-name\">architect:<\/span> <span class=\"wpcf-field-value wpcf-field-single-line-value wpcf-field-architect-value\">Sebastian Damanikczky<\/span><\/div>\n            <div id=\"wpcf-field-realization\" class=\"wpcf-field-number wpcf-field-realization\"><span class=\"wpcf-field-name wpcf-field-number-name wpcf-field-realization-name\">realization:<\/span> <span class=\"wpcf-field-value wpcf-field-number-value wpcf-field-realization-value\">2014<\/span><\/div>\n            25 De Mayo, Asunci\u00f3n, Paraguay\n          <\/div>\n  <\/div>\n<\/article>\n          <\/div>\n            <h4><a href=\"#\" onclick=\"cimap();\" class=\"link-marker js-wpv-addon-maps-focus-map js-toolset-maps-hover-map-map-1-marker-marker-90521 js-toolset-maps-open-infowindow-map-map-1-marker-marker-90521\" data-map=\"map-1\" data-marker=\"marker-90521\">54. Counselin IPF Offices<\/a><\/h4>\n            <div id=\"wpcf-field-tipology\" class=\"wpcf-field-select wpcf-field-tipology\"><span class=\"wpcf-field-name wpcf-field-select-name wpcf-field-tipology-name\">tipology:<\/span> <span class=\"wpcf-field-value wpcf-field-select-value wpcf-field-tipology-value\">office<\/span><\/div> | <div id=\"wpcf-field-architect\" class=\"wpcf-field-single-line wpcf-field-architect\"><span class=\"wpcf-field-name wpcf-field-single-line-name wpcf-field-architect-name\">architect:<\/span> <span class=\"wpcf-field-value wpcf-field-single-line-value wpcf-field-architect-value\">Sebastian Damanikczky<\/span><\/div> | <div id=\"wpcf-field-realization\" class=\"wpcf-field-number wpcf-field-realization\"><span class=\"wpcf-field-name wpcf-field-number-name wpcf-field-realization-name\">realization:<\/span> <span class=\"wpcf-field-value wpcf-field-number-value wpcf-field-realization-value\">2014<\/span><\/div>\n          <\/li>\n\t\t\n          <li>\n            \n          <div style=\"display:none\" class=\"wpv-addon-maps-marker js-wpv-addon-maps-marker js-wpv-addon-maps-marker-marker-90524 js-wpv-addon-maps-markerfor-map-1\" data-marker=\"marker-90524\" data-markertitle=\"Nautilus Building\" data-markerfor=\"map-1\" data-markerlat=\"-25.3256829\" data-markerlon=\"-57.6266529\" data-markericon=\"\/wp-content\/uploads\/sites\/6\/2017\/11\/area_marker_9.png\" data-markericonhover=\"\" data-streetview=\"no\" data-fromview=\"\">\n            <article class=\"marker-itinerario\">\n\t<div class=\"entry-thumbnail\">\n      \n      \t<img loading=\"lazy\" decoding=\"async\" width=\"300\" height=\"297\" src=\"https:\/\/static.tecnichenuove.it\/areaarch\/2020\/07\/55-f1-300x297.jpeg\" class=\"attachment-medium size-medium wp-post-image\" alt=\"\" srcset=\"https:\/\/static.tecnichenuove.it\/areaarch\/2020\/07\/55-f1-300x297.jpeg 300w, https:\/\/static.tecnichenuove.it\/areaarch\/2020\/07\/55-f1-696x689.jpeg 696w, https:\/\/static.tecnichenuove.it\/areaarch\/2020\/07\/55-f1-424x420.jpeg 424w, https:\/\/static.tecnichenuove.it\/areaarch\/2020\/07\/55-f1.jpeg 700w\" sizes=\"auto, (max-width: 300px) 100vw, 300px\" \/>\n      \n      \n\t<\/div>\n  \t<div class=\"entry-column\">\n      <h3 class=\"entry-title td-module-title\">Nautilus Building<\/h3>\n      <div class=\"td-excerpt\">\n            <div id=\"wpcf-field-tipology\" class=\"wpcf-field-select wpcf-field-tipology\"><span class=\"wpcf-field-name wpcf-field-select-name wpcf-field-tipology-name\">tipology:<\/span> <span class=\"wpcf-field-value wpcf-field-select-value wpcf-field-tipology-value\">mixed use<\/span><\/div>\n            <div id=\"wpcf-field-architect\" class=\"wpcf-field-single-line wpcf-field-architect\"><span class=\"wpcf-field-name wpcf-field-single-line-name wpcf-field-architect-name\">architect:<\/span> <span class=\"wpcf-field-value wpcf-field-single-line-value wpcf-field-architect-value\">Jenaru Pind\u00fa<\/span><\/div>\n            <div id=\"wpcf-field-realization\" class=\"wpcf-field-number wpcf-field-realization\"><span class=\"wpcf-field-name wpcf-field-number-name wpcf-field-realization-name\">realization:<\/span> <span class=\"wpcf-field-value wpcf-field-number-value wpcf-field-realization-value\">1990<\/span><\/div>\n            24 de Mayo, Asunci\u00f3n, Paraguay\n          <\/div>\n  <\/div>\n<\/article>\n          <\/div>\n            <h4><a href=\"#\" onclick=\"cimap();\" class=\"link-marker js-wpv-addon-maps-focus-map js-toolset-maps-hover-map-map-1-marker-marker-90524 js-toolset-maps-open-infowindow-map-map-1-marker-marker-90524\" data-map=\"map-1\" data-marker=\"marker-90524\">55. Nautilus Building<\/a><\/h4>\n            <div id=\"wpcf-field-tipology\" class=\"wpcf-field-select wpcf-field-tipology\"><span class=\"wpcf-field-name wpcf-field-select-name wpcf-field-tipology-name\">tipology:<\/span> <span class=\"wpcf-field-value wpcf-field-select-value wpcf-field-tipology-value\">mixed use<\/span><\/div> | <div id=\"wpcf-field-architect\" class=\"wpcf-field-single-line wpcf-field-architect\"><span class=\"wpcf-field-name wpcf-field-single-line-name wpcf-field-architect-name\">architect:<\/span> <span class=\"wpcf-field-value wpcf-field-single-line-value wpcf-field-architect-value\">Jenaru Pind\u00fa<\/span><\/div> | <div id=\"wpcf-field-realization\" class=\"wpcf-field-number wpcf-field-realization\"><span class=\"wpcf-field-name wpcf-field-number-name wpcf-field-realization-name\">realization:<\/span> <span class=\"wpcf-field-value wpcf-field-number-value wpcf-field-realization-value\">1990<\/span><\/div>\n          <\/li>\n\t\t\n          <li>\n            \n          <div style=\"display:none\" class=\"wpv-addon-maps-marker js-wpv-addon-maps-marker js-wpv-addon-maps-marker-marker-90526 js-wpv-addon-maps-markerfor-map-1\" data-marker=\"marker-90526\" data-markertitle=\"Ambay UniNorth Auditorium\" data-markerfor=\"map-1\" data-markerlat=\"-25.2912902\" data-markerlon=\"-57.6265236\" data-markericon=\"\/wp-content\/uploads\/sites\/6\/2017\/11\/area_marker_9.png\" data-markericonhover=\"\" data-streetview=\"no\" data-fromview=\"\">\n            <article class=\"marker-itinerario\">\n\t<div class=\"entry-thumbnail\">\n      \n      \n      \t<img loading=\"lazy\" decoding=\"async\" width=\"1000\" height=\"667\" src=\"https:\/\/static.tecnichenuove.it\/areaarch\/2020\/07\/56-f1.jpg\" class=\"attachment-post-thumbnail size-post-thumbnail wp-post-image\" alt=\"\" srcset=\"https:\/\/static.tecnichenuove.it\/areaarch\/2020\/07\/56-f1.jpg 1000w, https:\/\/static.tecnichenuove.it\/areaarch\/2020\/07\/56-f1-300x200.jpg 300w, https:\/\/static.tecnichenuove.it\/areaarch\/2020\/07\/56-f1-150x100.jpg 150w, https:\/\/static.tecnichenuove.it\/areaarch\/2020\/07\/56-f1-768x512.jpg 768w, https:\/\/static.tecnichenuove.it\/areaarch\/2020\/07\/56-f1-696x464.jpg 696w, https:\/\/static.tecnichenuove.it\/areaarch\/2020\/07\/56-f1-630x420.jpg 630w\" sizes=\"auto, (max-width: 1000px) 100vw, 1000px\" \/>\n      \t<img decoding=\"async\" src=\"https:\/\/www.area-arch.it\/wp-content\/uploads\/sites\/6\/2020\/07\/Schermata-2020-07-29-alle-22.06.54.jpg\" class=\"attachment-post-thumbnail\" \/>\n      \n\t<\/div>\n  \t<div class=\"entry-column\">\n      <h3 class=\"entry-title td-module-title\">Ambay UniNorth Auditorium<\/h3>\n      <div class=\"td-excerpt\">\n            <div id=\"wpcf-field-tipology\" class=\"wpcf-field-select wpcf-field-tipology\"><span class=\"wpcf-field-name wpcf-field-select-name wpcf-field-tipology-name\">tipology:<\/span> <span class=\"wpcf-field-value wpcf-field-select-value wpcf-field-tipology-value\">mixed use<\/span><\/div>\n            <div id=\"wpcf-field-architect\" class=\"wpcf-field-single-line wpcf-field-architect\"><span class=\"wpcf-field-name wpcf-field-single-line-name wpcf-field-architect-name\">architect:<\/span> <span class=\"wpcf-field-value wpcf-field-single-line-value wpcf-field-architect-value\">Arquitect\u00f3nica<\/span><\/div>\n            <div id=\"wpcf-field-realization\" class=\"wpcf-field-number wpcf-field-realization\"><span class=\"wpcf-field-name wpcf-field-number-name wpcf-field-realization-name\">realization:<\/span> <span class=\"wpcf-field-value wpcf-field-number-value wpcf-field-realization-value\">2009<\/span><\/div>\n            Brasil, Asunci\u00f3n, Paraguay\n          <\/div>\n  <\/div>\n<\/article>\n          <\/div>\n            <h4><a href=\"#\" onclick=\"cimap();\" class=\"link-marker js-wpv-addon-maps-focus-map js-toolset-maps-hover-map-map-1-marker-marker-90526 js-toolset-maps-open-infowindow-map-map-1-marker-marker-90526\" data-map=\"map-1\" data-marker=\"marker-90526\">56. Ambay UniNorth Auditorium<\/a><\/h4>\n            <div id=\"wpcf-field-tipology\" class=\"wpcf-field-select wpcf-field-tipology\"><span class=\"wpcf-field-name wpcf-field-select-name wpcf-field-tipology-name\">tipology:<\/span> <span class=\"wpcf-field-value wpcf-field-select-value wpcf-field-tipology-value\">mixed use<\/span><\/div> | <div id=\"wpcf-field-architect\" class=\"wpcf-field-single-line wpcf-field-architect\"><span class=\"wpcf-field-name wpcf-field-single-line-name wpcf-field-architect-name\">architect:<\/span> <span class=\"wpcf-field-value wpcf-field-single-line-value wpcf-field-architect-value\">Arquitect\u00f3nica<\/span><\/div> | <div id=\"wpcf-field-realization\" class=\"wpcf-field-number wpcf-field-realization\"><span class=\"wpcf-field-name wpcf-field-number-name wpcf-field-realization-name\">realization:<\/span> <span class=\"wpcf-field-value wpcf-field-number-value wpcf-field-realization-value\">2009<\/span><\/div>\n          <\/li>\n\t\t\n          <li>\n            \n          <div style=\"display:none\" class=\"wpv-addon-maps-marker js-wpv-addon-maps-marker js-wpv-addon-maps-marker-marker-90529 js-wpv-addon-maps-markerfor-map-1\" data-marker=\"marker-90529\" data-markertitle=\"Renovation of the Cultural Center of Spain Juan de Salazar\" data-markerfor=\"map-1\" data-markerlat=\"-25.2995653\" data-markerlon=\"-57.6085829\" data-markericon=\"\/wp-content\/uploads\/sites\/6\/2017\/11\/area_marker_12.png\" data-markericonhover=\"\" data-streetview=\"no\" data-fromview=\"\">\n            <article class=\"marker-itinerario\">\n\t<div class=\"entry-thumbnail\">\n      \n      \n      \t<img loading=\"lazy\" decoding=\"async\" width=\"640\" height=\"363\" src=\"https:\/\/static.tecnichenuove.it\/areaarch\/2020\/07\/57-f5.jpg\" class=\"attachment-post-thumbnail size-post-thumbnail wp-post-image\" alt=\"\" srcset=\"https:\/\/static.tecnichenuove.it\/areaarch\/2020\/07\/57-f5.jpg 640w, https:\/\/static.tecnichenuove.it\/areaarch\/2020\/07\/57-f5-300x170.jpg 300w\" sizes=\"auto, (max-width: 640px) 100vw, 640px\" \/>\n      \t<img decoding=\"async\" src=\"https:\/\/www.area-arch.it\/wp-content\/uploads\/sites\/6\/2020\/07\/57-d2.jpg\" class=\"attachment-post-thumbnail\" \/>\n      \n\t<\/div>\n  \t<div class=\"entry-column\">\n      <h3 class=\"entry-title td-module-title\">Renovation of the Cultural Center of Spain Juan de Salazar<\/h3>\n      <div class=\"td-excerpt\">\n            <div id=\"wpcf-field-tipology\" class=\"wpcf-field-select wpcf-field-tipology\"><span class=\"wpcf-field-name wpcf-field-select-name wpcf-field-tipology-name\">tipology:<\/span> <span class=\"wpcf-field-value wpcf-field-select-value wpcf-field-tipology-value\">public<\/span><\/div>\n            <div id=\"wpcf-field-architect\" class=\"wpcf-field-single-line wpcf-field-architect\"><span class=\"wpcf-field-name wpcf-field-single-line-name wpcf-field-architect-name\">architect:<\/span> <span class=\"wpcf-field-value wpcf-field-single-line-value wpcf-field-architect-value\">Javier Carval\u00e1n + Laboratorio de Arquitectura<\/span><\/div>\n            <div id=\"wpcf-field-realization\" class=\"wpcf-field-number wpcf-field-realization\"><span class=\"wpcf-field-name wpcf-field-number-name wpcf-field-realization-name\">realization:<\/span> <span class=\"wpcf-field-value wpcf-field-number-value wpcf-field-realization-value\">2003<\/span><\/div>\n            Luis A. De Herrera, Asunci\u00f3n, Paraguay\n          <\/div>\n  <\/div>\n<\/article>\n          <\/div>\n            <h4><a href=\"#\" onclick=\"cimap();\" class=\"link-marker js-wpv-addon-maps-focus-map js-toolset-maps-hover-map-map-1-marker-marker-90529 js-toolset-maps-open-infowindow-map-map-1-marker-marker-90529\" data-map=\"map-1\" data-marker=\"marker-90529\">57. Renovation of the Cultural Center of Spain Juan de Salazar<\/a><\/h4>\n            <div id=\"wpcf-field-tipology\" class=\"wpcf-field-select wpcf-field-tipology\"><span class=\"wpcf-field-name wpcf-field-select-name wpcf-field-tipology-name\">tipology:<\/span> <span class=\"wpcf-field-value wpcf-field-select-value wpcf-field-tipology-value\">public<\/span><\/div> | <div id=\"wpcf-field-architect\" class=\"wpcf-field-single-line wpcf-field-architect\"><span class=\"wpcf-field-name wpcf-field-single-line-name wpcf-field-architect-name\">architect:<\/span> <span class=\"wpcf-field-value wpcf-field-single-line-value wpcf-field-architect-value\">Javier Carval\u00e1n + Laboratorio de Arquitectura<\/span><\/div> | <div id=\"wpcf-field-realization\" class=\"wpcf-field-number wpcf-field-realization\"><span class=\"wpcf-field-name wpcf-field-number-name wpcf-field-realization-name\">realization:<\/span> <span class=\"wpcf-field-value wpcf-field-number-value wpcf-field-realization-value\">2003<\/span><\/div>\n          <\/li>\n\t\t\n          <li>\n            \n          <div style=\"display:none\" class=\"wpv-addon-maps-marker js-wpv-addon-maps-marker js-wpv-addon-maps-marker-marker-90532 js-wpv-addon-maps-markerfor-map-1\" data-marker=\"marker-90532\" data-markertitle=\"Ilona House\" data-markerfor=\"map-1\" data-markerlat=\"-25.2891615\" data-markerlon=\"-57.6314391\" data-markericon=\"\/wp-content\/uploads\/sites\/6\/2017\/11\/area_marker_3.png\" data-markericonhover=\"\" data-streetview=\"no\" data-fromview=\"\">\n            <article class=\"marker-itinerario\">\n\t<div class=\"entry-thumbnail\">\n      \n      \n      \t<img loading=\"lazy\" decoding=\"async\" width=\"1140\" height=\"634\" src=\"https:\/\/static.tecnichenuove.it\/areaarch\/2020\/07\/58-f1.jpg\" class=\"attachment-post-thumbnail size-post-thumbnail wp-post-image\" alt=\"\" srcset=\"https:\/\/static.tecnichenuove.it\/areaarch\/2020\/07\/58-f1.jpg 1140w, https:\/\/static.tecnichenuove.it\/areaarch\/2020\/07\/58-f1-300x167.jpg 300w, https:\/\/static.tecnichenuove.it\/areaarch\/2020\/07\/58-f1-1024x569.jpg 1024w, https:\/\/static.tecnichenuove.it\/areaarch\/2020\/07\/58-f1-768x427.jpg 768w, https:\/\/static.tecnichenuove.it\/areaarch\/2020\/07\/58-f1-696x387.jpg 696w, https:\/\/static.tecnichenuove.it\/areaarch\/2020\/07\/58-f1-1068x594.jpg 1068w, https:\/\/static.tecnichenuove.it\/areaarch\/2020\/07\/58-f1-755x420.jpg 755w\" sizes=\"auto, (max-width: 1140px) 100vw, 1140px\" \/>\n      \t<img decoding=\"async\" src=\"https:\/\/www.area-arch.it\/wp-content\/uploads\/sites\/6\/2020\/07\/58-d2.jpg\" class=\"attachment-post-thumbnail\" \/>\n      \n\t<\/div>\n  \t<div class=\"entry-column\">\n      <h3 class=\"entry-title td-module-title\">Ilona House<\/h3>\n      <div class=\"td-excerpt\">\n            <div id=\"wpcf-field-tipology\" class=\"wpcf-field-select wpcf-field-tipology\"><span class=\"wpcf-field-name wpcf-field-select-name wpcf-field-tipology-name\">tipology:<\/span> <span class=\"wpcf-field-value wpcf-field-select-value wpcf-field-tipology-value\">commercial<\/span><\/div>\n            <div id=\"wpcf-field-architect\" class=\"wpcf-field-single-line wpcf-field-architect\"><span class=\"wpcf-field-name wpcf-field-single-line-name wpcf-field-architect-name\">architect:<\/span> <span class=\"wpcf-field-value wpcf-field-single-line-value wpcf-field-architect-value\">Grupo Culata Jov\u00e1l<\/span><\/div>\n            <div id=\"wpcf-field-realization\" class=\"wpcf-field-number wpcf-field-realization\"><span class=\"wpcf-field-name wpcf-field-number-name wpcf-field-realization-name\">realization:<\/span> <span class=\"wpcf-field-value wpcf-field-number-value wpcf-field-realization-value\">2013<\/span><\/div>\n            Fulgencio R. Moreno, Asunci\u00f3n, Paraguay\n          <\/div>\n  <\/div>\n<\/article>\n          <\/div>\n            <h4><a href=\"#\" onclick=\"cimap();\" class=\"link-marker js-wpv-addon-maps-focus-map js-toolset-maps-hover-map-map-1-marker-marker-90532 js-toolset-maps-open-infowindow-map-map-1-marker-marker-90532\" data-map=\"map-1\" data-marker=\"marker-90532\">58. Ilona House<\/a><\/h4>\n            <div id=\"wpcf-field-tipology\" class=\"wpcf-field-select wpcf-field-tipology\"><span class=\"wpcf-field-name wpcf-field-select-name wpcf-field-tipology-name\">tipology:<\/span> <span class=\"wpcf-field-value wpcf-field-select-value wpcf-field-tipology-value\">commercial<\/span><\/div> | <div id=\"wpcf-field-architect\" class=\"wpcf-field-single-line wpcf-field-architect\"><span class=\"wpcf-field-name wpcf-field-single-line-name wpcf-field-architect-name\">architect:<\/span> <span class=\"wpcf-field-value wpcf-field-single-line-value wpcf-field-architect-value\">Grupo Culata Jov\u00e1l<\/span><\/div> | <div id=\"wpcf-field-realization\" class=\"wpcf-field-number wpcf-field-realization\"><span class=\"wpcf-field-name wpcf-field-number-name wpcf-field-realization-name\">realization:<\/span> <span class=\"wpcf-field-value wpcf-field-number-value wpcf-field-realization-value\">2013<\/span><\/div>\n          <\/li>\n\t\t\n          <li>\n            \n          <div style=\"display:none\" class=\"wpv-addon-maps-marker js-wpv-addon-maps-marker js-wpv-addon-maps-marker-marker-90535 js-wpv-addon-maps-markerfor-map-1\" data-marker=\"marker-90535\" data-markertitle=\"Texo Foundation\" data-markerfor=\"map-1\" data-markerlat=\"-25.2919882\" data-markerlon=\"-57.6347495\" data-markericon=\"\/wp-content\/uploads\/sites\/6\/2017\/11\/area_marker_10.png\" data-markericonhover=\"\" data-streetview=\"no\" data-fromview=\"\">\n            <article class=\"marker-itinerario\">\n\t<div class=\"entry-thumbnail\">\n      \n      \n      \t<img loading=\"lazy\" decoding=\"async\" width=\"1100\" height=\"785\" src=\"https:\/\/static.tecnichenuove.it\/areaarch\/2020\/07\/59-f3.jpg\" class=\"attachment-post-thumbnail size-post-thumbnail wp-post-image\" alt=\"\" srcset=\"https:\/\/static.tecnichenuove.it\/areaarch\/2020\/07\/59-f3.jpg 1100w, https:\/\/static.tecnichenuove.it\/areaarch\/2020\/07\/59-f3-300x214.jpg 300w, https:\/\/static.tecnichenuove.it\/areaarch\/2020\/07\/59-f3-1024x731.jpg 1024w, https:\/\/static.tecnichenuove.it\/areaarch\/2020\/07\/59-f3-768x548.jpg 768w, https:\/\/static.tecnichenuove.it\/areaarch\/2020\/07\/59-f3-100x70.jpg 100w, https:\/\/static.tecnichenuove.it\/areaarch\/2020\/07\/59-f3-696x497.jpg 696w, https:\/\/static.tecnichenuove.it\/areaarch\/2020\/07\/59-f3-1068x762.jpg 1068w, https:\/\/static.tecnichenuove.it\/areaarch\/2020\/07\/59-f3-589x420.jpg 589w\" sizes=\"auto, (max-width: 1100px) 100vw, 1100px\" \/>\n      \t<img decoding=\"async\" src=\"https:\/\/www.area-arch.it\/wp-content\/uploads\/sites\/6\/2020\/07\/59_Fundacio\u0301n-Texo-Gabinete-de-Arquitectura_DISEGNO.jpg\" class=\"attachment-post-thumbnail\" \/>\n      \n\t<\/div>\n  \t<div class=\"entry-column\">\n      <h3 class=\"entry-title td-module-title\">Texo Foundation<\/h3>\n      <div class=\"td-excerpt\">\n            <div id=\"wpcf-field-tipology\" class=\"wpcf-field-select wpcf-field-tipology\"><span class=\"wpcf-field-name wpcf-field-select-name wpcf-field-tipology-name\">tipology:<\/span> <span class=\"wpcf-field-value wpcf-field-select-value wpcf-field-tipology-value\">museum<\/span><\/div>\n            <div id=\"wpcf-field-architect\" class=\"wpcf-field-single-line wpcf-field-architect\"><span class=\"wpcf-field-name wpcf-field-single-line-name wpcf-field-architect-name\">architect:<\/span> <span class=\"wpcf-field-value wpcf-field-single-line-value wpcf-field-architect-value\">Gabinete de Arquitectura<\/span><\/div>\n            <div id=\"wpcf-field-realization\" class=\"wpcf-field-number wpcf-field-realization\"><span class=\"wpcf-field-name wpcf-field-number-name wpcf-field-realization-name\">realization:<\/span> <span class=\"wpcf-field-value wpcf-field-number-value wpcf-field-realization-value\">2017<\/span><\/div>\n            Paraguari, Asunci\u00f3n, Paraguay\n          <\/div>\n  <\/div>\n<\/article>\n          <\/div>\n            <h4><a href=\"#\" onclick=\"cimap();\" class=\"link-marker js-wpv-addon-maps-focus-map js-toolset-maps-hover-map-map-1-marker-marker-90535 js-toolset-maps-open-infowindow-map-map-1-marker-marker-90535\" data-map=\"map-1\" data-marker=\"marker-90535\">59. Texo Foundation<\/a><\/h4>\n            <div id=\"wpcf-field-tipology\" class=\"wpcf-field-select wpcf-field-tipology\"><span class=\"wpcf-field-name wpcf-field-select-name wpcf-field-tipology-name\">tipology:<\/span> <span class=\"wpcf-field-value wpcf-field-select-value wpcf-field-tipology-value\">museum<\/span><\/div> | <div id=\"wpcf-field-architect\" class=\"wpcf-field-single-line wpcf-field-architect\"><span class=\"wpcf-field-name wpcf-field-single-line-name wpcf-field-architect-name\">architect:<\/span> <span class=\"wpcf-field-value wpcf-field-single-line-value wpcf-field-architect-value\">Gabinete de Arquitectura<\/span><\/div> | <div id=\"wpcf-field-realization\" class=\"wpcf-field-number wpcf-field-realization\"><span class=\"wpcf-field-name wpcf-field-number-name wpcf-field-realization-name\">realization:<\/span> <span class=\"wpcf-field-value wpcf-field-number-value wpcf-field-realization-value\">2017<\/span><\/div>\n          <\/li>\n\t\t\n          <li>\n            \n          <div style=\"display:none\" class=\"wpv-addon-maps-marker js-wpv-addon-maps-marker js-wpv-addon-maps-marker-marker-90538 js-wpv-addon-maps-markerfor-map-1\" data-marker=\"marker-90538\" data-markertitle=\"Guarani Asunci\u00f3n Hotel\" data-markerfor=\"map-1\" data-markerlat=\"-25.2804399\" data-markerlon=\"-57.6409362\" data-markericon=\"\/wp-content\/uploads\/sites\/6\/2017\/11\/area_marker_3.png\" data-markericonhover=\"\" data-streetview=\"no\" data-fromview=\"\">\n            <article class=\"marker-itinerario\">\n\t<div class=\"entry-thumbnail\">\n      \n      \n      \t<img loading=\"lazy\" decoding=\"async\" width=\"742\" height=\"557\" src=\"https:\/\/static.tecnichenuove.it\/areaarch\/2020\/07\/60-f6.jpg\" class=\"attachment-post-thumbnail size-post-thumbnail wp-post-image\" alt=\"\" srcset=\"https:\/\/static.tecnichenuove.it\/areaarch\/2020\/07\/60-f6.jpg 742w, https:\/\/static.tecnichenuove.it\/areaarch\/2020\/07\/60-f6-300x225.jpg 300w, https:\/\/static.tecnichenuove.it\/areaarch\/2020\/07\/60-f6-80x60.jpg 80w, https:\/\/static.tecnichenuove.it\/areaarch\/2020\/07\/60-f6-160x120.jpg 160w, https:\/\/static.tecnichenuove.it\/areaarch\/2020\/07\/60-f6-265x198.jpg 265w, https:\/\/static.tecnichenuove.it\/areaarch\/2020\/07\/60-f6-696x522.jpg 696w, https:\/\/static.tecnichenuove.it\/areaarch\/2020\/07\/60-f6-559x420.jpg 559w\" sizes=\"auto, (max-width: 742px) 100vw, 742px\" \/>\n      \t<img decoding=\"async\" src=\"https:\/\/www.area-arch.it\/wp-content\/uploads\/sites\/6\/2020\/07\/60-d3.jpg\" class=\"attachment-post-thumbnail\" \/>\n      \n\t<\/div>\n  \t<div class=\"entry-column\">\n      <h3 class=\"entry-title td-module-title\">Guarani Asunci\u00f3n Hotel<\/h3>\n      <div class=\"td-excerpt\">\n            <div id=\"wpcf-field-tipology\" class=\"wpcf-field-select wpcf-field-tipology\"><span class=\"wpcf-field-name wpcf-field-select-name wpcf-field-tipology-name\">tipology:<\/span> <span class=\"wpcf-field-value wpcf-field-select-value wpcf-field-tipology-value\">commercial<\/span><\/div>\n            <div id=\"wpcf-field-architect\" class=\"wpcf-field-single-line wpcf-field-architect\"><span class=\"wpcf-field-name wpcf-field-single-line-name wpcf-field-architect-name\">architect:<\/span> <span class=\"wpcf-field-value wpcf-field-single-line-value wpcf-field-architect-value\">Adolfo Rubio Morales, Rubens Carneiro Viana, y Ricardo Sievers<\/span><\/div>\n            <div id=\"wpcf-field-realization\" class=\"wpcf-field-number wpcf-field-realization\"><span class=\"wpcf-field-name wpcf-field-number-name wpcf-field-realization-name\">realization:<\/span> <span class=\"wpcf-field-value wpcf-field-number-value wpcf-field-realization-value\">1961<\/span><\/div>\n            Oliva, Asunci\u00f3n, Paraguay\n          <\/div>\n  <\/div>\n<\/article>\n          <\/div>\n            <h4><a href=\"#\" onclick=\"cimap();\" class=\"link-marker js-wpv-addon-maps-focus-map js-toolset-maps-hover-map-map-1-marker-marker-90538 js-toolset-maps-open-infowindow-map-map-1-marker-marker-90538\" data-map=\"map-1\" data-marker=\"marker-90538\">60. Guarani Asunci\u00f3n Hotel<\/a><\/h4>\n            <div id=\"wpcf-field-tipology\" class=\"wpcf-field-select wpcf-field-tipology\"><span class=\"wpcf-field-name wpcf-field-select-name wpcf-field-tipology-name\">tipology:<\/span> <span class=\"wpcf-field-value wpcf-field-select-value wpcf-field-tipology-value\">commercial<\/span><\/div> | <div id=\"wpcf-field-architect\" class=\"wpcf-field-single-line wpcf-field-architect\"><span class=\"wpcf-field-name wpcf-field-single-line-name wpcf-field-architect-name\">architect:<\/span> <span class=\"wpcf-field-value wpcf-field-single-line-value wpcf-field-architect-value\">Adolfo Rubio Morales, Rubens Carneiro Viana, y Ricardo Sievers<\/span><\/div> | <div id=\"wpcf-field-realization\" class=\"wpcf-field-number wpcf-field-realization\"><span class=\"wpcf-field-name wpcf-field-number-name wpcf-field-realization-name\">realization:<\/span> <span class=\"wpcf-field-value wpcf-field-number-value wpcf-field-realization-value\">1961<\/span><\/div>\n          <\/li>\n\t\t\n          <li>\n            \n          <div style=\"display:none\" class=\"wpv-addon-maps-marker js-wpv-addon-maps-marker js-wpv-addon-maps-marker-marker-90541 js-wpv-addon-maps-markerfor-map-1\" data-marker=\"marker-90541\" data-markertitle=\"CitiBank Building\" data-markerfor=\"map-1\" data-markerlat=\"-25.2811409\" data-markerlon=\"-57.6380217\" data-markericon=\"\/wp-content\/uploads\/sites\/6\/2017\/11\/area_marker_11.png\" data-markericonhover=\"\" data-streetview=\"no\" data-fromview=\"\">\n            <article class=\"marker-itinerario\">\n\t<div class=\"entry-thumbnail\">\n      \n      \t<img loading=\"lazy\" decoding=\"async\" width=\"204\" height=\"300\" src=\"https:\/\/static.tecnichenuove.it\/areaarch\/2020\/07\/61-f3-204x300.jpg\" class=\"attachment-medium size-medium wp-post-image\" alt=\"\" srcset=\"https:\/\/static.tecnichenuove.it\/areaarch\/2020\/07\/61-f3-204x300.jpg 204w, https:\/\/static.tecnichenuove.it\/areaarch\/2020\/07\/61-f3-285x420.jpg 285w, https:\/\/static.tecnichenuove.it\/areaarch\/2020\/07\/61-f3.jpg 461w\" sizes=\"auto, (max-width: 204px) 100vw, 204px\" \/>\n      \n      \n\t<\/div>\n  \t<div class=\"entry-column\">\n      <h3 class=\"entry-title td-module-title\">CitiBank Building<\/h3>\n      <div class=\"td-excerpt\">\n            <div id=\"wpcf-field-tipology\" class=\"wpcf-field-select wpcf-field-tipology\"><span class=\"wpcf-field-name wpcf-field-select-name wpcf-field-tipology-name\">tipology:<\/span> <span class=\"wpcf-field-value wpcf-field-select-value wpcf-field-tipology-value\">office<\/span><\/div>\n            <div id=\"wpcf-field-architect\" class=\"wpcf-field-single-line wpcf-field-architect\"><span class=\"wpcf-field-name wpcf-field-single-line-name wpcf-field-architect-name\">architect:<\/span> <span class=\"wpcf-field-value wpcf-field-single-line-value wpcf-field-architect-value\">Michael Burt<\/span><\/div>\n            <div id=\"wpcf-field-realization\" class=\"wpcf-field-number wpcf-field-realization\"><span class=\"wpcf-field-name wpcf-field-number-name wpcf-field-realization-name\">realization:<\/span> <span class=\"wpcf-field-value wpcf-field-number-value wpcf-field-realization-value\">1972<\/span><\/div>\n            Estrella, Asunci\u00f3n, Paraguay\n          <\/div>\n  <\/div>\n<\/article>\n          <\/div>\n            <h4><a href=\"#\" onclick=\"cimap();\" class=\"link-marker js-wpv-addon-maps-focus-map js-toolset-maps-hover-map-map-1-marker-marker-90541 js-toolset-maps-open-infowindow-map-map-1-marker-marker-90541\" data-map=\"map-1\" data-marker=\"marker-90541\">61. CitiBank Building<\/a><\/h4>\n            <div id=\"wpcf-field-tipology\" class=\"wpcf-field-select wpcf-field-tipology\"><span class=\"wpcf-field-name wpcf-field-select-name wpcf-field-tipology-name\">tipology:<\/span> <span class=\"wpcf-field-value wpcf-field-select-value wpcf-field-tipology-value\">office<\/span><\/div> | <div id=\"wpcf-field-architect\" class=\"wpcf-field-single-line wpcf-field-architect\"><span class=\"wpcf-field-name wpcf-field-single-line-name wpcf-field-architect-name\">architect:<\/span> <span class=\"wpcf-field-value wpcf-field-single-line-value wpcf-field-architect-value\">Michael Burt<\/span><\/div> | <div id=\"wpcf-field-realization\" class=\"wpcf-field-number wpcf-field-realization\"><span class=\"wpcf-field-name wpcf-field-number-name wpcf-field-realization-name\">realization:<\/span> <span class=\"wpcf-field-value wpcf-field-number-value wpcf-field-realization-value\">1972<\/span><\/div>\n          <\/li>\n\t\t\n          <li>\n            \n          <div style=\"display:none\" class=\"wpv-addon-maps-marker js-wpv-addon-maps-marker js-wpv-addon-maps-marker-marker-90544 js-wpv-addon-maps-markerfor-map-1\" data-marker=\"marker-90544\" data-markertitle=\"Library and Central Archive of the National Congress\" data-markerfor=\"map-1\" data-markerlat=\"-25.2789729\" data-markerlon=\"-57.6364643\" data-markericon=\"\/wp-content\/uploads\/sites\/6\/2017\/11\/area_marker_8.png\" data-markericonhover=\"\" data-streetview=\"no\" data-fromview=\"\">\n            <article class=\"marker-itinerario\">\n\t<div class=\"entry-thumbnail\">\n      \n      \n      \t<img loading=\"lazy\" decoding=\"async\" width=\"1280\" height=\"721\" src=\"https:\/\/static.tecnichenuove.it\/areaarch\/2020\/07\/62-f5.jpg\" class=\"attachment-post-thumbnail size-post-thumbnail wp-post-image\" alt=\"\" srcset=\"https:\/\/static.tecnichenuove.it\/areaarch\/2020\/07\/62-f5.jpg 1280w, https:\/\/static.tecnichenuove.it\/areaarch\/2020\/07\/62-f5-300x169.jpg 300w, https:\/\/static.tecnichenuove.it\/areaarch\/2020\/07\/62-f5-1024x577.jpg 1024w, https:\/\/static.tecnichenuove.it\/areaarch\/2020\/07\/62-f5-768x433.jpg 768w, https:\/\/static.tecnichenuove.it\/areaarch\/2020\/07\/62-f5-696x392.jpg 696w, https:\/\/static.tecnichenuove.it\/areaarch\/2020\/07\/62-f5-1068x602.jpg 1068w, https:\/\/static.tecnichenuove.it\/areaarch\/2020\/07\/62-f5-746x420.jpg 746w\" sizes=\"auto, (max-width: 1280px) 100vw, 1280px\" \/>\n      \t<img decoding=\"async\" src=\"https:\/\/www.area-arch.it\/wp-content\/uploads\/sites\/6\/2020\/07\/62-d1.jpeg\" class=\"attachment-post-thumbnail\" \/>\n      \n\t<\/div>\n  \t<div class=\"entry-column\">\n      <h3 class=\"entry-title td-module-title\">Library and Central Archive of the National Congress<\/h3>\n      <div class=\"td-excerpt\">\n            <div id=\"wpcf-field-tipology\" class=\"wpcf-field-select wpcf-field-tipology\"><span class=\"wpcf-field-name wpcf-field-select-name wpcf-field-tipology-name\">tipology:<\/span> <span class=\"wpcf-field-value wpcf-field-select-value wpcf-field-tipology-value\">library<\/span><\/div>\n            <div id=\"wpcf-field-architect\" class=\"wpcf-field-single-line wpcf-field-architect\"><span class=\"wpcf-field-name wpcf-field-single-line-name wpcf-field-architect-name\">architect:<\/span> <span class=\"wpcf-field-value wpcf-field-single-line-value wpcf-field-architect-value\">Carlos Jim\u00e9nez, Diego Molina y Luis Ibarra<\/span><\/div>\n            <div id=\"wpcf-field-realization\" class=\"wpcf-field-number wpcf-field-realization\"><span class=\"wpcf-field-name wpcf-field-number-name wpcf-field-realization-name\">realization:<\/span> <span class=\"wpcf-field-value wpcf-field-number-value wpcf-field-realization-value\">2016<\/span><\/div>\n            Rio Ypane, Asunci\u00f3n, Paraguay\n          <\/div>\n  <\/div>\n<\/article>\n          <\/div>\n            <h4><a href=\"#\" onclick=\"cimap();\" class=\"link-marker js-wpv-addon-maps-focus-map js-toolset-maps-hover-map-map-1-marker-marker-90544 js-toolset-maps-open-infowindow-map-map-1-marker-marker-90544\" data-map=\"map-1\" data-marker=\"marker-90544\">62. Library and Central Archive of the National Congress<\/a><\/h4>\n            <div id=\"wpcf-field-tipology\" class=\"wpcf-field-select wpcf-field-tipology\"><span class=\"wpcf-field-name wpcf-field-select-name wpcf-field-tipology-name\">tipology:<\/span> <span class=\"wpcf-field-value wpcf-field-select-value wpcf-field-tipology-value\">library<\/span><\/div> | <div id=\"wpcf-field-architect\" class=\"wpcf-field-single-line wpcf-field-architect\"><span class=\"wpcf-field-name wpcf-field-single-line-name wpcf-field-architect-name\">architect:<\/span> <span class=\"wpcf-field-value wpcf-field-single-line-value wpcf-field-architect-value\">Carlos Jim\u00e9nez, Diego Molina y Luis Ibarra<\/span><\/div> | <div id=\"wpcf-field-realization\" class=\"wpcf-field-number wpcf-field-realization\"><span class=\"wpcf-field-name wpcf-field-number-name wpcf-field-realization-name\">realization:<\/span> <span class=\"wpcf-field-value wpcf-field-number-value wpcf-field-realization-value\">2016<\/span><\/div>\n          <\/li>\n\t\t\n          <li>\n            \n          <div style=\"display:none\" class=\"wpv-addon-maps-marker js-wpv-addon-maps-marker js-wpv-addon-maps-marker-marker-90546 js-wpv-addon-maps-markerfor-map-1\" data-marker=\"marker-90546\" data-markertitle=\"Park Costanera de Asunci\u00f3n\" data-markerfor=\"map-1\" data-markerlat=\"-25.2762007\" data-markerlon=\"-57.6252228\" data-markericon=\"\/wp-content\/uploads\/sites\/6\/2017\/11\/area_marker_9.png\" data-markericonhover=\"\" data-streetview=\"no\" data-fromview=\"\">\n            <article class=\"marker-itinerario\">\n\t<div class=\"entry-thumbnail\">\n      \n      \n      \t<img loading=\"lazy\" decoding=\"async\" width=\"770\" height=\"334\" src=\"https:\/\/static.tecnichenuove.it\/areaarch\/2020\/07\/63-f1.jpg\" class=\"attachment-post-thumbnail size-post-thumbnail wp-post-image\" alt=\"\" srcset=\"https:\/\/static.tecnichenuove.it\/areaarch\/2020\/07\/63-f1.jpg 770w, https:\/\/static.tecnichenuove.it\/areaarch\/2020\/07\/63-f1-300x130.jpg 300w, https:\/\/static.tecnichenuove.it\/areaarch\/2020\/07\/63-f1-768x333.jpg 768w, https:\/\/static.tecnichenuove.it\/areaarch\/2020\/07\/63-f1-696x302.jpg 696w\" sizes=\"auto, (max-width: 770px) 100vw, 770px\" \/>\n      \t<img decoding=\"async\" src=\"https:\/\/www.area-arch.it\/wp-content\/uploads\/sites\/6\/2020\/07\/63-d2.jpg\" class=\"attachment-post-thumbnail\" \/>\n      \n\t<\/div>\n  \t<div class=\"entry-column\">\n      <h3 class=\"entry-title td-module-title\">Park Costanera de Asunci\u00f3n<\/h3>\n      <div class=\"td-excerpt\">\n            <div id=\"wpcf-field-tipology\" class=\"wpcf-field-select wpcf-field-tipology\"><span class=\"wpcf-field-name wpcf-field-select-name wpcf-field-tipology-name\">tipology:<\/span> <span class=\"wpcf-field-value wpcf-field-select-value wpcf-field-tipology-value\">mixed use<\/span><\/div>\n            <div id=\"wpcf-field-architect\" class=\"wpcf-field-single-line wpcf-field-architect\"><span class=\"wpcf-field-name wpcf-field-single-line-name wpcf-field-architect-name\">architect:<\/span> <span class=\"wpcf-field-value wpcf-field-single-line-value wpcf-field-architect-value\">Ministerio de Obras P\u00fablicas y Comunicaciones (MOPC)<\/span><\/div>\n            <div id=\"wpcf-field-realization\" class=\"wpcf-field-number wpcf-field-realization\"><span class=\"wpcf-field-name wpcf-field-number-name wpcf-field-realization-name\">realization:<\/span> <span class=\"wpcf-field-value wpcf-field-number-value wpcf-field-realization-value\">2012<\/span><\/div>\n            Avenida Costanera, Asunci\u00f3n, Paraguay\n          <\/div>\n  <\/div>\n<\/article>\n          <\/div>\n            <h4><a href=\"#\" onclick=\"cimap();\" class=\"link-marker js-wpv-addon-maps-focus-map js-toolset-maps-hover-map-map-1-marker-marker-90546 js-toolset-maps-open-infowindow-map-map-1-marker-marker-90546\" data-map=\"map-1\" data-marker=\"marker-90546\">63. Park Costanera de Asunci\u00f3n<\/a><\/h4>\n            <div id=\"wpcf-field-tipology\" class=\"wpcf-field-select wpcf-field-tipology\"><span class=\"wpcf-field-name wpcf-field-select-name wpcf-field-tipology-name\">tipology:<\/span> <span class=\"wpcf-field-value wpcf-field-select-value wpcf-field-tipology-value\">mixed use<\/span><\/div> | <div id=\"wpcf-field-architect\" class=\"wpcf-field-single-line wpcf-field-architect\"><span class=\"wpcf-field-name wpcf-field-single-line-name wpcf-field-architect-name\">architect:<\/span> <span class=\"wpcf-field-value wpcf-field-single-line-value wpcf-field-architect-value\">Ministerio de Obras P\u00fablicas y Comunicaciones (MOPC)<\/span><\/div> | <div id=\"wpcf-field-realization\" class=\"wpcf-field-number wpcf-field-realization\"><span class=\"wpcf-field-name wpcf-field-number-name wpcf-field-realization-name\">realization:<\/span> <span class=\"wpcf-field-value wpcf-field-number-value wpcf-field-realization-value\">2012<\/span><\/div>\n          <\/li>\n\t\t\n          <li>\n            \n          <div style=\"display:none\" class=\"wpv-addon-maps-marker js-wpv-addon-maps-marker js-wpv-addon-maps-marker-marker-90549 js-wpv-addon-maps-markerfor-map-1\" data-marker=\"marker-90549\" data-markertitle=\"Paraguay-Brazil Experimental College\" data-markerfor=\"map-1\" data-markerlat=\"-25.283159\" data-markerlon=\"-57.656402\" data-markericon=\"\/wp-content\/uploads\/sites\/6\/2017\/11\/area_marker_4.png\" data-markericonhover=\"\" data-streetview=\"no\" data-fromview=\"\">\n            <article class=\"marker-itinerario\">\n\t<div class=\"entry-thumbnail\">\n      \n      \n      \t<img loading=\"lazy\" decoding=\"async\" width=\"1280\" height=\"897\" src=\"https:\/\/static.tecnichenuove.it\/areaarch\/2020\/07\/Schermata-2020-07-29-alle-22.32.27.jpg\" class=\"attachment-post-thumbnail size-post-thumbnail wp-post-image\" alt=\"\" srcset=\"https:\/\/static.tecnichenuove.it\/areaarch\/2020\/07\/Schermata-2020-07-29-alle-22.32.27.jpg 1280w, https:\/\/static.tecnichenuove.it\/areaarch\/2020\/07\/Schermata-2020-07-29-alle-22.32.27-300x210.jpg 300w, https:\/\/static.tecnichenuove.it\/areaarch\/2020\/07\/Schermata-2020-07-29-alle-22.32.27-1024x718.jpg 1024w, https:\/\/static.tecnichenuove.it\/areaarch\/2020\/07\/Schermata-2020-07-29-alle-22.32.27-768x538.jpg 768w, https:\/\/static.tecnichenuove.it\/areaarch\/2020\/07\/Schermata-2020-07-29-alle-22.32.27-100x70.jpg 100w, https:\/\/static.tecnichenuove.it\/areaarch\/2020\/07\/Schermata-2020-07-29-alle-22.32.27-200x140.jpg 200w, https:\/\/static.tecnichenuove.it\/areaarch\/2020\/07\/Schermata-2020-07-29-alle-22.32.27-696x488.jpg 696w, https:\/\/static.tecnichenuove.it\/areaarch\/2020\/07\/Schermata-2020-07-29-alle-22.32.27-1068x748.jpg 1068w, https:\/\/static.tecnichenuove.it\/areaarch\/2020\/07\/Schermata-2020-07-29-alle-22.32.27-599x420.jpg 599w\" sizes=\"auto, (max-width: 1280px) 100vw, 1280px\" \/>\n      \t<img decoding=\"async\" src=\"https:\/\/www.area-arch.it\/wp-content\/uploads\/sites\/6\/2020\/07\/64-d1.jpg\" class=\"attachment-post-thumbnail\" \/>\n      \n\t<\/div>\n  \t<div class=\"entry-column\">\n      <h3 class=\"entry-title td-module-title\">Paraguay-Brazil Experimental College<\/h3>\n      <div class=\"td-excerpt\">\n            <div id=\"wpcf-field-tipology\" class=\"wpcf-field-select wpcf-field-tipology\"><span class=\"wpcf-field-name wpcf-field-select-name wpcf-field-tipology-name\">tipology:<\/span> <span class=\"wpcf-field-value wpcf-field-select-value wpcf-field-tipology-value\">education<\/span><\/div>\n            <div id=\"wpcf-field-architect\" class=\"wpcf-field-single-line wpcf-field-architect\"><span class=\"wpcf-field-name wpcf-field-single-line-name wpcf-field-architect-name\">architect:<\/span> <span class=\"wpcf-field-value wpcf-field-single-line-value wpcf-field-architect-value\">Alfonso Eduardo Reidy<\/span><\/div>\n            <div id=\"wpcf-field-realization\" class=\"wpcf-field-number wpcf-field-realization\"><span class=\"wpcf-field-name wpcf-field-number-name wpcf-field-realization-name\">realization:<\/span> <span class=\"wpcf-field-value wpcf-field-number-value wpcf-field-realization-value\">1952<\/span><\/div>\n            Cmte. Manuel Gamarra, Asunci\u00f3n, Paraguay\n          <\/div>\n  <\/div>\n<\/article>\n          <\/div>\n            <h4><a href=\"#\" onclick=\"cimap();\" class=\"link-marker js-wpv-addon-maps-focus-map js-toolset-maps-hover-map-map-1-marker-marker-90549 js-toolset-maps-open-infowindow-map-map-1-marker-marker-90549\" data-map=\"map-1\" data-marker=\"marker-90549\">64. Paraguay-Brazil Experimental College<\/a><\/h4>\n            <div id=\"wpcf-field-tipology\" class=\"wpcf-field-select wpcf-field-tipology\"><span class=\"wpcf-field-name wpcf-field-select-name wpcf-field-tipology-name\">tipology:<\/span> <span class=\"wpcf-field-value wpcf-field-select-value wpcf-field-tipology-value\">education<\/span><\/div> | <div id=\"wpcf-field-architect\" class=\"wpcf-field-single-line wpcf-field-architect\"><span class=\"wpcf-field-name wpcf-field-single-line-name wpcf-field-architect-name\">architect:<\/span> <span class=\"wpcf-field-value wpcf-field-single-line-value wpcf-field-architect-value\">Alfonso Eduardo Reidy<\/span><\/div> | <div id=\"wpcf-field-realization\" class=\"wpcf-field-number wpcf-field-realization\"><span class=\"wpcf-field-name wpcf-field-number-name wpcf-field-realization-name\">realization:<\/span> <span class=\"wpcf-field-value wpcf-field-number-value wpcf-field-realization-value\">1952<\/span><\/div>\n          <\/li>\n\t\t\n\t\n<\/ul>\n\t\n\t\n<\/div>\n<\/div>\n","protected":false},"excerpt":{"rendered":"search: tipology: all art gallery art studios commercial education health infrastructure hotel library mixed use museum office public residential sport theatre student accomodation church parc winery restaurant area 171 | Asunci\u00f3n Download the map (PDF) Floating Units in Las Amarras tipology: public architect: Colectivo Aqua Alta, F. Tomboly, S. Carisimo, Javier Corvalan realization: 2017 Mariano","protected":false},"author":1164,"featured_media":90315,"parent":29927,"menu_order":0,"comment_status":"closed","ping_status":"closed","template":"itinerary.php","meta":{"footnotes":""},"class_list":["post-90314","page","type-page","status-publish","has-post-thumbnail","hentry"],"yoast_head":"<!-- This site is optimized with the Yoast SEO plugin v27.5 - https:\/\/yoast.com\/product\/yoast-seo-wordpress\/ -->\n<title>Contemporary itinerary: Asunci\u00f3n | Area<\/title>\n<meta name=\"description\" content=\"Area 171\" \/>\n<meta name=\"robots\" content=\"index, follow, max-snippet:-1, max-image-preview:large, max-video-preview:-1\" \/>\n<link rel=\"canonical\" href=\"https:\/\/www.area-arch.it\/en\/contemporary-itinerary\/contemporary-itinerary-asuncion\/\" \/>\n<meta property=\"og:locale\" content=\"en_US\" \/>\n<meta property=\"og:type\" content=\"article\" \/>\n<meta property=\"og:title\" content=\"Contemporary itinerary: Asunci\u00f3n | Area\" \/>\n<meta property=\"og:description\" content=\"Area 171\" \/>\n<meta property=\"og:url\" content=\"https:\/\/www.area-arch.it\/en\/contemporary-itinerary\/contemporary-itinerary-asuncion\/\" \/>\n<meta property=\"og:site_name\" content=\"Area\" \/>\n<meta property=\"article:publisher\" content=\"https:\/\/www.facebook.com\/Area.Arch\" \/>\n<meta property=\"article:modified_time\" content=\"2020-07-30T07:40:11+00:00\" \/>\n<meta property=\"og:image\" content=\"https:\/\/static.tecnichenuove.it\/areaarch\/2020\/07\/Schermata-2020-07-28-alle-16.18.08.jpg\" \/>\n\t<meta property=\"og:image:width\" content=\"1280\" \/>\n\t<meta property=\"og:image:height\" content=\"775\" \/>\n\t<meta property=\"og:image:type\" content=\"image\/jpeg\" \/>\n<script type=\"application\/ld+json\" class=\"yoast-schema-graph\">{\"@context\":\"https:\\\/\\\/schema.org\",\"@graph\":[{\"@type\":\"WebPage\",\"@id\":\"https:\\\/\\\/www.area-arch.it\\\/en\\\/contemporary-itinerary\\\/contemporary-itinerary-asuncion\\\/\",\"url\":\"https:\\\/\\\/www.area-arch.it\\\/en\\\/contemporary-itinerary\\\/contemporary-itinerary-asuncion\\\/\",\"name\":\"Contemporary itinerary: Asunci\u00f3n | Area\",\"isPartOf\":{\"@id\":\"https:\\\/\\\/www.area-arch.it\\\/en\\\/#website\"},\"primaryImageOfPage\":{\"@id\":\"https:\\\/\\\/www.area-arch.it\\\/en\\\/contemporary-itinerary\\\/contemporary-itinerary-asuncion\\\/#primaryimage\"},\"image\":{\"@id\":\"https:\\\/\\\/www.area-arch.it\\\/en\\\/contemporary-itinerary\\\/contemporary-itinerary-asuncion\\\/#primaryimage\"},\"thumbnailUrl\":\"https:\\\/\\\/static.tecnichenuove.it\\\/areaarch\\\/2020\\\/07\\\/Schermata-2020-07-28-alle-16.18.08.jpg\",\"datePublished\":\"2020-07-30T07:36:17+00:00\",\"dateModified\":\"2020-07-30T07:40:11+00:00\",\"description\":\"Area 171\",\"breadcrumb\":{\"@id\":\"https:\\\/\\\/www.area-arch.it\\\/en\\\/contemporary-itinerary\\\/contemporary-itinerary-asuncion\\\/#breadcrumb\"},\"inLanguage\":\"en-US\",\"potentialAction\":[{\"@type\":\"ReadAction\",\"target\":[\"https:\\\/\\\/www.area-arch.it\\\/en\\\/contemporary-itinerary\\\/contemporary-itinerary-asuncion\\\/\"]}]},{\"@type\":\"ImageObject\",\"inLanguage\":\"en-US\",\"@id\":\"https:\\\/\\\/www.area-arch.it\\\/en\\\/contemporary-itinerary\\\/contemporary-itinerary-asuncion\\\/#primaryimage\",\"url\":\"https:\\\/\\\/static.tecnichenuove.it\\\/areaarch\\\/2020\\\/07\\\/Schermata-2020-07-28-alle-16.18.08.jpg\",\"contentUrl\":\"https:\\\/\\\/static.tecnichenuove.it\\\/areaarch\\\/2020\\\/07\\\/Schermata-2020-07-28-alle-16.18.08.jpg\",\"width\":1280,\"height\":775},{\"@type\":\"BreadcrumbList\",\"@id\":\"https:\\\/\\\/www.area-arch.it\\\/en\\\/contemporary-itinerary\\\/contemporary-itinerary-asuncion\\\/#breadcrumb\",\"itemListElement\":[{\"@type\":\"ListItem\",\"position\":1,\"name\":\"Home\",\"item\":\"https:\\\/\\\/www.area-arch.it\\\/en\\\/homepage-24\\\/\"},{\"@type\":\"ListItem\",\"position\":2,\"name\":\"Itinerary\",\"item\":\"https:\\\/\\\/www.area-arch.it\\\/en\\\/contemporary-itinerary\\\/\"},{\"@type\":\"ListItem\",\"position\":3,\"name\":\"Contemporary itinerary: Asunci\u00f3n\"}]},{\"@type\":\"WebSite\",\"@id\":\"https:\\\/\\\/www.area-arch.it\\\/en\\\/#website\",\"url\":\"https:\\\/\\\/www.area-arch.it\\\/en\\\/\",\"name\":\"Area\",\"description\":\"rivista di architettura e arti del progetto\",\"potentialAction\":[{\"@type\":\"SearchAction\",\"target\":{\"@type\":\"EntryPoint\",\"urlTemplate\":\"https:\\\/\\\/www.area-arch.it\\\/en\\\/?s={search_term_string}\"},\"query-input\":{\"@type\":\"PropertyValueSpecification\",\"valueRequired\":true,\"valueName\":\"search_term_string\"}}],\"inLanguage\":\"en-US\"}]}<\/script>\n<!-- \/ Yoast SEO plugin. -->","yoast_head_json":{"title":"Contemporary itinerary: Asunci\u00f3n | Area","description":"Area 171","robots":{"index":"index","follow":"follow","max-snippet":"max-snippet:-1","max-image-preview":"max-image-preview:large","max-video-preview":"max-video-preview:-1"},"canonical":"https:\/\/www.area-arch.it\/en\/contemporary-itinerary\/contemporary-itinerary-asuncion\/","og_locale":"en_US","og_type":"article","og_title":"Contemporary itinerary: Asunci\u00f3n | Area","og_description":"Area 171","og_url":"https:\/\/www.area-arch.it\/en\/contemporary-itinerary\/contemporary-itinerary-asuncion\/","og_site_name":"Area","article_publisher":"https:\/\/www.facebook.com\/Area.Arch","article_modified_time":"2020-07-30T07:40:11+00:00","og_image":[{"width":1280,"height":775,"url":"https:\/\/static.tecnichenuove.it\/areaarch\/2020\/07\/Schermata-2020-07-28-alle-16.18.08.jpg","type":"image\/jpeg"}],"schema":{"@context":"https:\/\/schema.org","@graph":[{"@type":"WebPage","@id":"https:\/\/www.area-arch.it\/en\/contemporary-itinerary\/contemporary-itinerary-asuncion\/","url":"https:\/\/www.area-arch.it\/en\/contemporary-itinerary\/contemporary-itinerary-asuncion\/","name":"Contemporary itinerary: Asunci\u00f3n | Area","isPartOf":{"@id":"https:\/\/www.area-arch.it\/en\/#website"},"primaryImageOfPage":{"@id":"https:\/\/www.area-arch.it\/en\/contemporary-itinerary\/contemporary-itinerary-asuncion\/#primaryimage"},"image":{"@id":"https:\/\/www.area-arch.it\/en\/contemporary-itinerary\/contemporary-itinerary-asuncion\/#primaryimage"},"thumbnailUrl":"https:\/\/static.tecnichenuove.it\/areaarch\/2020\/07\/Schermata-2020-07-28-alle-16.18.08.jpg","datePublished":"2020-07-30T07:36:17+00:00","dateModified":"2020-07-30T07:40:11+00:00","description":"Area 171","breadcrumb":{"@id":"https:\/\/www.area-arch.it\/en\/contemporary-itinerary\/contemporary-itinerary-asuncion\/#breadcrumb"},"inLanguage":"en-US","potentialAction":[{"@type":"ReadAction","target":["https:\/\/www.area-arch.it\/en\/contemporary-itinerary\/contemporary-itinerary-asuncion\/"]}]},{"@type":"ImageObject","inLanguage":"en-US","@id":"https:\/\/www.area-arch.it\/en\/contemporary-itinerary\/contemporary-itinerary-asuncion\/#primaryimage","url":"https:\/\/static.tecnichenuove.it\/areaarch\/2020\/07\/Schermata-2020-07-28-alle-16.18.08.jpg","contentUrl":"https:\/\/static.tecnichenuove.it\/areaarch\/2020\/07\/Schermata-2020-07-28-alle-16.18.08.jpg","width":1280,"height":775},{"@type":"BreadcrumbList","@id":"https:\/\/www.area-arch.it\/en\/contemporary-itinerary\/contemporary-itinerary-asuncion\/#breadcrumb","itemListElement":[{"@type":"ListItem","position":1,"name":"Home","item":"https:\/\/www.area-arch.it\/en\/homepage-24\/"},{"@type":"ListItem","position":2,"name":"Itinerary","item":"https:\/\/www.area-arch.it\/en\/contemporary-itinerary\/"},{"@type":"ListItem","position":3,"name":"Contemporary itinerary: Asunci\u00f3n"}]},{"@type":"WebSite","@id":"https:\/\/www.area-arch.it\/en\/#website","url":"https:\/\/www.area-arch.it\/en\/","name":"Area","description":"rivista di architettura e arti del progetto","potentialAction":[{"@type":"SearchAction","target":{"@type":"EntryPoint","urlTemplate":"https:\/\/www.area-arch.it\/en\/?s={search_term_string}"},"query-input":{"@type":"PropertyValueSpecification","valueRequired":true,"valueName":"search_term_string"}}],"inLanguage":"en-US"}]}},"_links":{"self":[{"href":"https:\/\/www.area-arch.it\/en\/wp-json\/wp\/v2\/pages\/90314","targetHints":{"allow":["GET"]}}],"collection":[{"href":"https:\/\/www.area-arch.it\/en\/wp-json\/wp\/v2\/pages"}],"about":[{"href":"https:\/\/www.area-arch.it\/en\/wp-json\/wp\/v2\/types\/page"}],"author":[{"embeddable":true,"href":"https:\/\/www.area-arch.it\/en\/wp-json\/wp\/v2\/users\/1164"}],"replies":[{"embeddable":true,"href":"https:\/\/www.area-arch.it\/en\/wp-json\/wp\/v2\/comments?post=90314"}],"version-history":[{"count":1,"href":"https:\/\/www.area-arch.it\/en\/wp-json\/wp\/v2\/pages\/90314\/revisions"}],"predecessor-version":[{"id":90553,"href":"https:\/\/www.area-arch.it\/en\/wp-json\/wp\/v2\/pages\/90314\/revisions\/90553"}],"up":[{"embeddable":true,"href":"https:\/\/www.area-arch.it\/en\/wp-json\/wp\/v2\/pages\/29927"}],"wp:featuredmedia":[{"embeddable":true,"href":"https:\/\/www.area-arch.it\/en\/wp-json\/wp\/v2\/media\/90315"}],"wp:attachment":[{"href":"https:\/\/www.area-arch.it\/en\/wp-json\/wp\/v2\/media?parent=90314"}],"curies":[{"name":"wp","href":"https:\/\/api.w.org\/{rel}","templated":true}]}}