{"id":85238,"date":"2020-04-09T22:23:39","date_gmt":"2020-04-09T20:23:39","guid":{"rendered":"https:\/\/www.area-arch.it\/?page_id=85238"},"modified":"2020-04-10T10:13:15","modified_gmt":"2020-04-10T08:13:15","slug":"contemporary-itinerary-lima","status":"publish","type":"page","link":"https:\/\/www.area-arch.it\/en\/contemporary-itinerary\/contemporary-itinerary-lima\/","title":{"rendered":"Contemporary itinerary: Lima"},"content":{"rendered":"<div class=\"area-mappa\">\n  <a name=\"mappa\" id=\"mappa\"><\/a>\n  <div id=\"js-wpv-addon-maps-render-map-1\" style=\"width:100%; height:500px;\" class=\"wpv-addon-maps-render js-wpv-addon-maps-render js-wpv-addon-maps-render-map-1 \" data-map=\"map-1\" data-generalzoom=\"5\" data-generalcenterlat=\"0\" data-generalcenterlon=\"0\" data-fitbounds=\"on\" data-singlezoom=\"14\" data-singlecenter=\"on\" data-osmlayer=\"standard\" data-maptype=\"roadmap\" data-showlayerinterests=\"false\" data-markericon=\"\" data-markericonhover=\"\" data-draggable=\"on\" data-scrollwheel=\"on\" data-doubleclickzoom=\"on\" data-maptypecontrol=\"on\" data-fullscreencontrol=\"on\" data-zoomcontrol=\"on\" data-streetviewcontrol=\"on\" data-backgroundcolor=\"\" data-cluster=\"on\" data-clustergridsize=\"60\" data-clustermaxzoom=\"\" data-clusterclickzoom=\"on\" data-clusterminsize=\"2\" data-stylejson=\"\/\/www.area-arch.it\/wp-content\/plugins\/toolset-maps\/resources\/json\/Standard.json\" data-spiderfy=\"off\" data-streetview=\"off\" data-markerid=\"\" data-location=\"\" data-lat=\"0\" data-long=\"0\" data-heading=\"\" data-pitch=\"\"><\/div>\n  \n\t<div class=\"sponsor\">\n    \n\t\t<a href=\"https:\/\/www.area-arch.it\/\" target=\"_blank\" rel=\"noopener noreferrer\">\n    \n          <img decoding=\"async\" src=\"https:\/\/www.area-arch.it\/wp-content\/uploads\/sites\/6\/2017\/10\/logo_area_369.png\" alt=\"sponsor\" class=\"attachment-full\" \/>\n    \n\t\t<\/a>\n    \n\t<\/div>\n  \n<\/div>\n<form autocomplete=\"off\" name=\"wpv-filter-28977-CATTR5ef17809850755a4d9743a6029920d2b\" action=\"\/en\/wp-json\/wp\/v2\/pages\/85238?wpv_view_count=28977-CATTR5ef17809850755a4d9743a6029920d2b\" method=\"get\" class=\"wpv-filter-form js-wpv-filter-form js-wpv-filter-form-28977-CATTR5ef17809850755a4d9743a6029920d2b js-wpv-form-full\" data-viewnumber=\"28977-CATTR5ef17809850755a4d9743a6029920d2b\" data-viewid=\"28977\" data-viewhash=\"eyJuYW1lIjoiaXRpbmVyYXJpIiwid3B2Y2l0dGFpdGluZXJhcmlvIjoiTGltYSJ9\" data-viewwidgetid=\"0\" data-orderby=\"\" data-order=\"\" data-orderbyas=\"\" data-orderbysecond=\"\" data-ordersecond=\"\" data-parametric=\"{&quot;query&quot;:&quot;normal&quot;,&quot;id&quot;:28977,&quot;view_id&quot;:28977,&quot;widget_id&quot;:0,&quot;view_hash&quot;:&quot;28977-CATTR5ef17809850755a4d9743a6029920d2b&quot;,&quot;action&quot;:&quot;\\\/en\\\/wp-json\\\/wp\\\/v2\\\/pages\\\/85238?wpv_view_count=28977-CATTR5ef17809850755a4d9743a6029920d2b&quot;,&quot;sort&quot;:{&quot;orderby&quot;:&quot;&quot;,&quot;order&quot;:&quot;&quot;,&quot;orderby_as&quot;:&quot;&quot;,&quot;orderby_second&quot;:&quot;&quot;,&quot;order_second&quot;:&quot;&quot;},&quot;orderby&quot;:&quot;&quot;,&quot;order&quot;:&quot;&quot;,&quot;orderby_as&quot;:&quot;&quot;,&quot;orderby_second&quot;:&quot;&quot;,&quot;order_second&quot;:&quot;&quot;,&quot;ajax_form&quot;:&quot;&quot;,&quot;ajax_results&quot;:&quot;&quot;,&quot;effect&quot;:&quot;fade&quot;,&quot;prebefore&quot;:&quot;&quot;,&quot;before&quot;:&quot;&quot;,&quot;after&quot;:&quot;&quot;,&quot;attributes&quot;:{&quot;wpvcittaitinerario&quot;:&quot;Lima&quot;},&quot;environment&quot;:{&quot;current_post_id&quot;:85238,&quot;parent_post_id&quot;:85238,&quot;parent_term_id&quot;:0,&quot;parent_user_id&quot;:0,&quot;archive&quot;:{&quot;type&quot;:&quot;&quot;,&quot;name&quot;:&quot;&quot;,&quot;data&quot;:[]}},&quot;loop&quot;:{&quot;type&quot;:&quot;&quot;,&quot;name&quot;:&quot;&quot;,&quot;data&quot;:[],&quot;id&quot;:0}}\" data-attributes=\"{&quot;wpvcittaitinerario&quot;:&quot;Lima&quot;}\" data-environment=\"{&quot;current_post_id&quot;:85238,&quot;parent_post_id&quot;:85238,&quot;parent_term_id&quot;:0,&quot;parent_user_id&quot;:0,&quot;archive&quot;:{&quot;type&quot;:&quot;&quot;,&quot;name&quot;:&quot;&quot;,&quot;data&quot;:[]}}\"><input type=\"hidden\" class=\"js-wpv-dps-filter-data js-wpv-filter-data-for-this-form\" data-action=\"\/en\/wp-json\/wp\/v2\/pages\/85238?wpv_view_count=28977-CATTR5ef17809850755a4d9743a6029920d2b\" data-page=\"1\" data-ajax=\"disable\" data-effect=\"fade\" data-maxpages=\"0\" data-ajaxprebefore=\"\" data-ajaxbefore=\"\" data-ajaxafter=\"\" \/><input class=\"wpv_view_count wpv_view_count-28977-CATTR5ef17809850755a4d9743a6029920d2b\" type=\"hidden\" name=\"wpv_view_count\" value=\"28977-CATTR5ef17809850755a4d9743a6029920d2b\" \/>\n\n<div class=\"filtro-itinerario\">\n  \tsearch:\n\t<input type=\"text\" name=\"wpv_post_search\"  class=\"js-wpv-filter-trigger-delayed\" \/>\n\ttipology:\n  \t\r\n<select  id=\"wpv_control_select_tipology\" name=\"tipology[]\" style=\"\" class=\"js-wpv-filter-trigger  wpcf-form-select form-select select\">\r\n<option value=\"\" selected=\"selected\" class=\"js-wpv-filter-trigger wpcf-form-option form-option option\">all<\/option>\r\n<option value=\"1\" class=\"js-wpv-filter-trigger wpcf-form-option form-option option\">art gallery<\/option>\r\n<option value=\"2\" class=\"js-wpv-filter-trigger wpcf-form-option form-option option\">art studios<\/option>\r\n<option value=\"3\" class=\"js-wpv-filter-trigger wpcf-form-option form-option option\">commercial<\/option>\r\n<option value=\"4\" class=\"js-wpv-filter-trigger wpcf-form-option form-option option\">education<\/option>\r\n<option value=\"5\" class=\"js-wpv-filter-trigger wpcf-form-option form-option option\">health<\/option>\r\n<option value=\"6\" class=\"js-wpv-filter-trigger wpcf-form-option form-option option\">infrastructure<\/option>\r\n<option value=\"7\" class=\"js-wpv-filter-trigger wpcf-form-option form-option option\">hotel<\/option>\r\n<option value=\"8\" class=\"js-wpv-filter-trigger wpcf-form-option form-option option\">library<\/option>\r\n<option value=\"9\" class=\"js-wpv-filter-trigger wpcf-form-option form-option option\">mixed use<\/option>\r\n<option value=\"10\" class=\"js-wpv-filter-trigger wpcf-form-option form-option option\">museum<\/option>\r\n<option value=\"11\" class=\"js-wpv-filter-trigger wpcf-form-option form-option option\">office<\/option>\r\n<option value=\"12\" class=\"js-wpv-filter-trigger wpcf-form-option form-option option\">public<\/option>\r\n<option value=\"13\" class=\"js-wpv-filter-trigger wpcf-form-option form-option option\">residential<\/option>\r\n<option value=\"14\" class=\"js-wpv-filter-trigger wpcf-form-option form-option option\">sport<\/option>\r\n<option value=\"15\" class=\"js-wpv-filter-trigger wpcf-form-option form-option option\">theatre<\/option>\r\n<option value=\"16\" class=\"js-wpv-filter-trigger wpcf-form-option form-option option\">student accomodation<\/option>\r\n<option value=\"17\" class=\"js-wpv-filter-trigger wpcf-form-option form-option option\">church<\/option>\r\n<option value=\"18\" class=\"js-wpv-filter-trigger wpcf-form-option form-option option\">parc<\/option>\r\n<option value=\"19\" class=\"js-wpv-filter-trigger wpcf-form-option form-option option\">winery<\/option>\r\n<option value=\"20\" class=\"js-wpv-filter-trigger wpcf-form-option form-option option\">restaurant<\/option>\r\n<\/select>\r\n\n    <input type=\"submit\" class=\"wpv-submit-trigger js-wpv-submit-trigger\" name=\"wpv_filter_submit\" value=\"Search\" \/>\n    <input type=\"button\" class=\"wpv-reset-trigger js-wpv-reset-trigger\" name=\"wpv_filter_reset\" value=\"Reset\" \/>\n<\/div>\n\n<\/form>\n<div id=\"wpv-view-layout-28977-CATTR5ef17809850755a4d9743a6029920d2b\" class=\"js-wpv-view-layout js-wpv-layout-responsive js-wpv-view-layout-28977-CATTR5ef17809850755a4d9743a6029920d2b\" data-viewnumber=\"28977-CATTR5ef17809850755a4d9743a6029920d2b\" data-pagination=\"{&quot;id&quot;:28977,&quot;query&quot;:&quot;normal&quot;,&quot;type&quot;:&quot;disabled&quot;,&quot;effect&quot;:&quot;fade&quot;,&quot;duration&quot;:&quot;500&quot;,&quot;speed&quot;:5,&quot;pause_on_hover&quot;:&quot;disabled&quot;,&quot;stop_rollover&quot;:&quot;false&quot;,&quot;cache_pages&quot;:&quot;enabled&quot;,&quot;preload_images&quot;:&quot;enabled&quot;,&quot;preload_pages&quot;:&quot;enabled&quot;,&quot;preload_reach&quot;:&quot;1&quot;,&quot;spinner&quot;:&quot;builtin&quot;,&quot;spinner_image&quot;:&quot;https:\/\/test.area-arch.it\/wp-content\/plugins\/wp-views\/res\/img\/ajax-loader.gif&quot;,&quot;callback_next&quot;:&quot;&quot;,&quot;manage_history&quot;:&quot;enabled&quot;,&quot;has_controls_in_form&quot;:&quot;disabled&quot;,&quot;infinite_tolerance&quot;:&quot;0&quot;,&quot;max_pages&quot;:0,&quot;page&quot;:1,&quot;base_permalink&quot;:&quot;\/en\/wp-json\/wp\/v2\/pages\/85238?wpv_view_count=28977-CATTR5ef17809850755a4d9743a6029920d2b&amp;wpv_paged=WPV_PAGE_NUM&quot;,&quot;loop&quot;:{&quot;type&quot;:&quot;&quot;,&quot;name&quot;:&quot;&quot;,&quot;data&quot;:[],&quot;id&quot;:0}}\" data-permalink=\"\/en\/wp-json\/wp\/v2\/pages\/85238?wpv_view_count=28977-CATTR5ef17809850755a4d9743a6029920d2b\">\n\n<div class=\"entry-summary numero-area\">\n\n\t<span>area 169<\/span>\n\t\n  \t\t<span>|<\/span>\n  \t\n\n\n\t<span>Lima<\/span>\n\n    <a href=\"https:\/\/share-eu1.hsforms.com\/1-8N7GglVTICUosdieEK9KA2b3nva\" class=\"download\" target=\"_blank\">Download the map (PDF)<\/a>\n<\/div>\n\n<div class=\"mappa-itinerario\">\n\t\n<ul>\n\t\n\t\t\n          <li>\n            \n          <div style=\"display:none\" class=\"wpv-addon-maps-marker js-wpv-addon-maps-marker js-wpv-addon-maps-marker-marker-85241 js-wpv-addon-maps-markerfor-map-1\" data-marker=\"marker-85241\" data-markertitle=\"MAPFRE Complex\" data-markerfor=\"map-1\" data-markerlat=\"-11.9965669\" data-markerlon=\"-77.0585192\" data-markericon=\"\/wp-content\/uploads\/sites\/6\/2017\/11\/area_marker_9.png\" data-markericonhover=\"\" data-streetview=\"no\" data-fromview=\"\">\n            <article class=\"marker-itinerario\">\n\t<div class=\"entry-thumbnail\">\n      \n      \n      \t<img loading=\"lazy\" decoding=\"async\" width=\"1280\" height=\"711\" src=\"https:\/\/static.tecnichenuove.it\/areaarch\/2020\/04\/MAPFRE-Complex_f2.jpg\" class=\"attachment-post-thumbnail size-post-thumbnail wp-post-image\" alt=\"\" srcset=\"https:\/\/static.tecnichenuove.it\/areaarch\/2020\/04\/MAPFRE-Complex_f2.jpg 1280w, https:\/\/static.tecnichenuove.it\/areaarch\/2020\/04\/MAPFRE-Complex_f2-300x167.jpg 300w, https:\/\/static.tecnichenuove.it\/areaarch\/2020\/04\/MAPFRE-Complex_f2-1024x569.jpg 1024w, https:\/\/static.tecnichenuove.it\/areaarch\/2020\/04\/MAPFRE-Complex_f2-768x427.jpg 768w, https:\/\/static.tecnichenuove.it\/areaarch\/2020\/04\/MAPFRE-Complex_f2-696x387.jpg 696w, https:\/\/static.tecnichenuove.it\/areaarch\/2020\/04\/MAPFRE-Complex_f2-1068x593.jpg 1068w, https:\/\/static.tecnichenuove.it\/areaarch\/2020\/04\/MAPFRE-Complex_f2-756x420.jpg 756w\" sizes=\"auto, (max-width: 1280px) 100vw, 1280px\" \/>\n      \t<img decoding=\"async\" src=\"https:\/\/www.area-arch.it\/wp-content\/uploads\/sites\/6\/2020\/04\/MAPFRE-Complex_d2.jpg\" class=\"attachment-post-thumbnail\" \/>\n      \n\t<\/div>\n  \t<div class=\"entry-column\">\n      <h3 class=\"entry-title td-module-title\">MAPFRE Complex<\/h3>\n      <div class=\"td-excerpt\">\n            <div id=\"wpcf-field-tipology\" class=\"wpcf-field-select wpcf-field-tipology\"><span class=\"wpcf-field-name wpcf-field-select-name wpcf-field-tipology-name\">tipology:<\/span> <span class=\"wpcf-field-value wpcf-field-select-value wpcf-field-tipology-value\">mixed use<\/span><\/div>\n            <div id=\"wpcf-field-architect\" class=\"wpcf-field-single-line wpcf-field-architect\"><span class=\"wpcf-field-name wpcf-field-single-line-name wpcf-field-architect-name\">architect:<\/span> <span class=\"wpcf-field-value wpcf-field-single-line-value wpcf-field-architect-value\">TSM Asociados<\/span><\/div>\n            <div id=\"wpcf-field-realization\" class=\"wpcf-field-number wpcf-field-realization\"><span class=\"wpcf-field-name wpcf-field-number-name wpcf-field-realization-name\">realization:<\/span> <span class=\"wpcf-field-value wpcf-field-number-value wpcf-field-realization-value\">2004<\/span><\/div>\n            Avenida Industrial, Independencia, Per\u00f9\n          <\/div>\n  <\/div>\n<\/article>\n          <\/div>\n            <h4><a href=\"#\" onclick=\"cimap();\" class=\"link-marker js-wpv-addon-maps-focus-map js-toolset-maps-hover-map-map-1-marker-marker-85241 js-toolset-maps-open-infowindow-map-map-1-marker-marker-85241\" data-map=\"map-1\" data-marker=\"marker-85241\">01. MAPFRE Complex<\/a><\/h4>\n            <div id=\"wpcf-field-tipology\" class=\"wpcf-field-select wpcf-field-tipology\"><span class=\"wpcf-field-name wpcf-field-select-name wpcf-field-tipology-name\">tipology:<\/span> <span class=\"wpcf-field-value wpcf-field-select-value wpcf-field-tipology-value\">mixed use<\/span><\/div> | <div id=\"wpcf-field-architect\" class=\"wpcf-field-single-line wpcf-field-architect\"><span class=\"wpcf-field-name wpcf-field-single-line-name wpcf-field-architect-name\">architect:<\/span> <span class=\"wpcf-field-value wpcf-field-single-line-value wpcf-field-architect-value\">TSM Asociados<\/span><\/div> | <div id=\"wpcf-field-realization\" class=\"wpcf-field-number wpcf-field-realization\"><span class=\"wpcf-field-name wpcf-field-number-name wpcf-field-realization-name\">realization:<\/span> <span class=\"wpcf-field-value wpcf-field-number-value wpcf-field-realization-value\">2004<\/span><\/div>\n          <\/li>\n\t\t\n          <li>\n            \n          <div style=\"display:none\" class=\"wpv-addon-maps-marker js-wpv-addon-maps-marker js-wpv-addon-maps-marker-marker-85244 js-wpv-addon-maps-markerfor-map-1\" data-marker=\"marker-85244\" data-markertitle=\"Jorge Chavez International Airport Expansion\" data-markerfor=\"map-1\" data-markerlat=\"-12.0508491\" data-markerlon=\"-77.1259843\" data-markericon=\"\/wp-content\/uploads\/sites\/6\/2017\/11\/area_marker_6.png\" data-markericonhover=\"\" data-streetview=\"no\" data-fromview=\"\">\n            <article class=\"marker-itinerario\">\n\t<div class=\"entry-thumbnail\">\n      \n      \t<img loading=\"lazy\" decoding=\"async\" width=\"300\" height=\"158\" src=\"https:\/\/static.tecnichenuove.it\/areaarch\/2020\/04\/Jorge-Chavez-International-Airport-Expansion_f-300x158.jpg\" class=\"attachment-medium size-medium wp-post-image\" alt=\"\" srcset=\"https:\/\/static.tecnichenuove.it\/areaarch\/2020\/04\/Jorge-Chavez-International-Airport-Expansion_f-300x158.jpg 300w, https:\/\/static.tecnichenuove.it\/areaarch\/2020\/04\/Jorge-Chavez-International-Airport-Expansion_f-1024x540.jpg 1024w, https:\/\/static.tecnichenuove.it\/areaarch\/2020\/04\/Jorge-Chavez-International-Airport-Expansion_f-768x405.jpg 768w, https:\/\/static.tecnichenuove.it\/areaarch\/2020\/04\/Jorge-Chavez-International-Airport-Expansion_f-696x367.jpg 696w, https:\/\/static.tecnichenuove.it\/areaarch\/2020\/04\/Jorge-Chavez-International-Airport-Expansion_f-1068x563.jpg 1068w, https:\/\/static.tecnichenuove.it\/areaarch\/2020\/04\/Jorge-Chavez-International-Airport-Expansion_f-796x420.jpg 796w, https:\/\/static.tecnichenuove.it\/areaarch\/2020\/04\/Jorge-Chavez-International-Airport-Expansion_f.jpg 1280w\" sizes=\"auto, (max-width: 300px) 100vw, 300px\" \/>\n      \n      \n\t<\/div>\n  \t<div class=\"entry-column\">\n      <h3 class=\"entry-title td-module-title\">Jorge Chavez International Airport Expansion<\/h3>\n      <div class=\"td-excerpt\">\n            <div id=\"wpcf-field-tipology\" class=\"wpcf-field-select wpcf-field-tipology\"><span class=\"wpcf-field-name wpcf-field-select-name wpcf-field-tipology-name\">tipology:<\/span> <span class=\"wpcf-field-value wpcf-field-select-value wpcf-field-tipology-value\">infrastructure<\/span><\/div>\n            <div id=\"wpcf-field-architect\" class=\"wpcf-field-single-line wpcf-field-architect\"><span class=\"wpcf-field-name wpcf-field-single-line-name wpcf-field-architect-name\">architect:<\/span> <span class=\"wpcf-field-value wpcf-field-single-line-value wpcf-field-architect-value\">Arquitectonica<\/span><\/div>\n            <div id=\"wpcf-field-realization\" class=\"wpcf-field-number wpcf-field-realization\"><span class=\"wpcf-field-name wpcf-field-number-name wpcf-field-realization-name\">realization:<\/span> <span class=\"wpcf-field-value wpcf-field-number-value wpcf-field-realization-value\">2005<\/span><\/div>\n            Callao, Per\u00f9\n          <\/div>\n  <\/div>\n<\/article>\n          <\/div>\n            <h4><a href=\"#\" onclick=\"cimap();\" class=\"link-marker js-wpv-addon-maps-focus-map js-toolset-maps-hover-map-map-1-marker-marker-85244 js-toolset-maps-open-infowindow-map-map-1-marker-marker-85244\" data-map=\"map-1\" data-marker=\"marker-85244\">02. Jorge Chavez International Airport Expansion<\/a><\/h4>\n            <div id=\"wpcf-field-tipology\" class=\"wpcf-field-select wpcf-field-tipology\"><span class=\"wpcf-field-name wpcf-field-select-name wpcf-field-tipology-name\">tipology:<\/span> <span class=\"wpcf-field-value wpcf-field-select-value wpcf-field-tipology-value\">infrastructure<\/span><\/div> | <div id=\"wpcf-field-architect\" class=\"wpcf-field-single-line wpcf-field-architect\"><span class=\"wpcf-field-name wpcf-field-single-line-name wpcf-field-architect-name\">architect:<\/span> <span class=\"wpcf-field-value wpcf-field-single-line-value wpcf-field-architect-value\">Arquitectonica<\/span><\/div> | <div id=\"wpcf-field-realization\" class=\"wpcf-field-number wpcf-field-realization\"><span class=\"wpcf-field-name wpcf-field-number-name wpcf-field-realization-name\">realization:<\/span> <span class=\"wpcf-field-value wpcf-field-number-value wpcf-field-realization-value\">2005<\/span><\/div>\n          <\/li>\n\t\t\n          <li>\n            \n          <div style=\"display:none\" class=\"wpv-addon-maps-marker js-wpv-addon-maps-marker js-wpv-addon-maps-marker-marker-85246 js-wpv-addon-maps-markerfor-map-1\" data-marker=\"marker-85246\" data-markertitle=\"Facultad de Arquitectura, Urbanismo y Artes, Universidad Nacional de Ingenieria\" data-markerfor=\"map-1\" data-markerlat=\"-8.0990524\" data-markerlon=\"-79.0280218\" data-markericon=\"\/wp-content\/uploads\/sites\/6\/2017\/11\/area_marker_4.png\" data-markericonhover=\"\" data-streetview=\"no\" data-fromview=\"\">\n            <article class=\"marker-itinerario\">\n\t<div class=\"entry-thumbnail\">\n      \n      \n      \t<img loading=\"lazy\" decoding=\"async\" width=\"1223\" height=\"602\" src=\"https:\/\/static.tecnichenuove.it\/areaarch\/2020\/04\/FAUA_f2.jpg\" class=\"attachment-post-thumbnail size-post-thumbnail wp-post-image\" alt=\"\" srcset=\"https:\/\/static.tecnichenuove.it\/areaarch\/2020\/04\/FAUA_f2.jpg 1223w, https:\/\/static.tecnichenuove.it\/areaarch\/2020\/04\/FAUA_f2-300x148.jpg 300w, https:\/\/static.tecnichenuove.it\/areaarch\/2020\/04\/FAUA_f2-1024x504.jpg 1024w, https:\/\/static.tecnichenuove.it\/areaarch\/2020\/04\/FAUA_f2-768x378.jpg 768w, https:\/\/static.tecnichenuove.it\/areaarch\/2020\/04\/FAUA_f2-324x160.jpg 324w, https:\/\/static.tecnichenuove.it\/areaarch\/2020\/04\/FAUA_f2-533x261.jpg 533w, https:\/\/static.tecnichenuove.it\/areaarch\/2020\/04\/FAUA_f2-696x343.jpg 696w, https:\/\/static.tecnichenuove.it\/areaarch\/2020\/04\/FAUA_f2-1068x526.jpg 1068w, https:\/\/static.tecnichenuove.it\/areaarch\/2020\/04\/FAUA_f2-853x420.jpg 853w\" sizes=\"auto, (max-width: 1223px) 100vw, 1223px\" \/>\n      \t<img decoding=\"async\" src=\"https:\/\/www.area-arch.it\/wp-content\/uploads\/sites\/6\/2020\/04\/FAUA_d1.jpg\" class=\"attachment-post-thumbnail\" \/>\n      \n\t<\/div>\n  \t<div class=\"entry-column\">\n      <h3 class=\"entry-title td-module-title\">Facultad de Arquitectura, Urbanismo y Artes, Universidad Nacional de Ingenieria<\/h3>\n      <div class=\"td-excerpt\">\n            <div id=\"wpcf-field-tipology\" class=\"wpcf-field-select wpcf-field-tipology\"><span class=\"wpcf-field-name wpcf-field-select-name wpcf-field-tipology-name\">tipology:<\/span> <span class=\"wpcf-field-value wpcf-field-select-value wpcf-field-tipology-value\">education<\/span><\/div>\n            <div id=\"wpcf-field-architect\" class=\"wpcf-field-single-line wpcf-field-architect\"><span class=\"wpcf-field-name wpcf-field-single-line-name wpcf-field-architect-name\">architect:<\/span> <span class=\"wpcf-field-value wpcf-field-single-line-value wpcf-field-architect-value\">Mario Bianco<\/span><\/div>\n            <div id=\"wpcf-field-realization\" class=\"wpcf-field-number wpcf-field-realization\"><span class=\"wpcf-field-name wpcf-field-number-name wpcf-field-realization-name\">realization:<\/span> <span class=\"wpcf-field-value wpcf-field-number-value wpcf-field-realization-value\">1953<\/span><\/div>\n            Avenida T\u00fapac Amaru, Trujillo, Per\u00f9\n          <\/div>\n  <\/div>\n<\/article>\n          <\/div>\n            <h4><a href=\"#\" onclick=\"cimap();\" class=\"link-marker js-wpv-addon-maps-focus-map js-toolset-maps-hover-map-map-1-marker-marker-85246 js-toolset-maps-open-infowindow-map-map-1-marker-marker-85246\" data-map=\"map-1\" data-marker=\"marker-85246\">03. Facultad de Arquitectura, Urbanismo y Artes, Universidad Nacional de Ingenieria<\/a><\/h4>\n            <div id=\"wpcf-field-tipology\" class=\"wpcf-field-select wpcf-field-tipology\"><span class=\"wpcf-field-name wpcf-field-select-name wpcf-field-tipology-name\">tipology:<\/span> <span class=\"wpcf-field-value wpcf-field-select-value wpcf-field-tipology-value\">education<\/span><\/div> | <div id=\"wpcf-field-architect\" class=\"wpcf-field-single-line wpcf-field-architect\"><span class=\"wpcf-field-name wpcf-field-single-line-name wpcf-field-architect-name\">architect:<\/span> <span class=\"wpcf-field-value wpcf-field-single-line-value wpcf-field-architect-value\">Mario Bianco<\/span><\/div> | <div id=\"wpcf-field-realization\" class=\"wpcf-field-number wpcf-field-realization\"><span class=\"wpcf-field-name wpcf-field-number-name wpcf-field-realization-name\">realization:<\/span> <span class=\"wpcf-field-value wpcf-field-number-value wpcf-field-realization-value\">1953<\/span><\/div>\n          <\/li>\n\t\t\n          <li>\n            \n          <div style=\"display:none\" class=\"wpv-addon-maps-marker js-wpv-addon-maps-marker js-wpv-addon-maps-marker-marker-85249 js-wpv-addon-maps-markerfor-map-1\" data-marker=\"marker-85249\" data-markertitle=\"Instituto superior SISE\" data-markerfor=\"map-1\" data-markerlat=\"-11.9689301\" data-markerlon=\"-76.9939836\" data-markericon=\"\/wp-content\/uploads\/sites\/6\/2017\/11\/area_marker_4.png\" data-markericonhover=\"\" data-streetview=\"no\" data-fromview=\"\">\n            <article class=\"marker-itinerario\">\n\t<div class=\"entry-thumbnail\">\n      \n      \n      \t<img loading=\"lazy\" decoding=\"async\" width=\"1280\" height=\"855\" src=\"https:\/\/static.tecnichenuove.it\/areaarch\/2020\/04\/instituto-superior-sise_f2.jpg\" class=\"attachment-post-thumbnail size-post-thumbnail wp-post-image\" alt=\"\" srcset=\"https:\/\/static.tecnichenuove.it\/areaarch\/2020\/04\/instituto-superior-sise_f2.jpg 1280w, https:\/\/static.tecnichenuove.it\/areaarch\/2020\/04\/instituto-superior-sise_f2-300x200.jpg 300w, https:\/\/static.tecnichenuove.it\/areaarch\/2020\/04\/instituto-superior-sise_f2-1024x684.jpg 1024w, https:\/\/static.tecnichenuove.it\/areaarch\/2020\/04\/instituto-superior-sise_f2-150x100.jpg 150w, https:\/\/static.tecnichenuove.it\/areaarch\/2020\/04\/instituto-superior-sise_f2-768x513.jpg 768w, https:\/\/static.tecnichenuove.it\/areaarch\/2020\/04\/instituto-superior-sise_f2-696x465.jpg 696w, https:\/\/static.tecnichenuove.it\/areaarch\/2020\/04\/instituto-superior-sise_f2-1068x713.jpg 1068w, https:\/\/static.tecnichenuove.it\/areaarch\/2020\/04\/instituto-superior-sise_f2-629x420.jpg 629w\" sizes=\"auto, (max-width: 1280px) 100vw, 1280px\" \/>\n      \t<img decoding=\"async\" src=\"https:\/\/www.area-arch.it\/wp-content\/uploads\/sites\/6\/2020\/04\/instituto-superior-sise_d1.jpg\" class=\"attachment-post-thumbnail\" \/>\n      \n\t<\/div>\n  \t<div class=\"entry-column\">\n      <h3 class=\"entry-title td-module-title\">Instituto superior SISE<\/h3>\n      <div class=\"td-excerpt\">\n            <div id=\"wpcf-field-tipology\" class=\"wpcf-field-select wpcf-field-tipology\"><span class=\"wpcf-field-name wpcf-field-select-name wpcf-field-tipology-name\">tipology:<\/span> <span class=\"wpcf-field-value wpcf-field-select-value wpcf-field-tipology-value\">education<\/span><\/div>\n            <div id=\"wpcf-field-architect\" class=\"wpcf-field-single-line wpcf-field-architect\"><span class=\"wpcf-field-name wpcf-field-single-line-name wpcf-field-architect-name\">architect:<\/span> <span class=\"wpcf-field-value wpcf-field-single-line-value wpcf-field-architect-value\">Llosa Cortegana Arquitectos<\/span><\/div>\n            <div id=\"wpcf-field-realization\" class=\"wpcf-field-number wpcf-field-realization\"><span class=\"wpcf-field-name wpcf-field-number-name wpcf-field-realization-name\">realization:<\/span> <span class=\"wpcf-field-value wpcf-field-number-value wpcf-field-realization-value\">2018<\/span><\/div>\n            San Juan de Lurigancho, Per\u00f9\n          <\/div>\n  <\/div>\n<\/article>\n          <\/div>\n            <h4><a href=\"#\" onclick=\"cimap();\" class=\"link-marker js-wpv-addon-maps-focus-map js-toolset-maps-hover-map-map-1-marker-marker-85249 js-toolset-maps-open-infowindow-map-map-1-marker-marker-85249\" data-map=\"map-1\" data-marker=\"marker-85249\">04. Instituto superior SISE<\/a><\/h4>\n            <div id=\"wpcf-field-tipology\" class=\"wpcf-field-select wpcf-field-tipology\"><span class=\"wpcf-field-name wpcf-field-select-name wpcf-field-tipology-name\">tipology:<\/span> <span class=\"wpcf-field-value wpcf-field-select-value wpcf-field-tipology-value\">education<\/span><\/div> | <div id=\"wpcf-field-architect\" class=\"wpcf-field-single-line wpcf-field-architect\"><span class=\"wpcf-field-name wpcf-field-single-line-name wpcf-field-architect-name\">architect:<\/span> <span class=\"wpcf-field-value wpcf-field-single-line-value wpcf-field-architect-value\">Llosa Cortegana Arquitectos<\/span><\/div> | <div id=\"wpcf-field-realization\" class=\"wpcf-field-number wpcf-field-realization\"><span class=\"wpcf-field-name wpcf-field-number-name wpcf-field-realization-name\">realization:<\/span> <span class=\"wpcf-field-value wpcf-field-number-value wpcf-field-realization-value\">2018<\/span><\/div>\n          <\/li>\n\t\t\n          <li>\n            \n          <div style=\"display:none\" class=\"wpv-addon-maps-marker js-wpv-addon-maps-marker js-wpv-addon-maps-marker-marker-85252 js-wpv-addon-maps-markerfor-map-1\" data-marker=\"marker-85252\" data-markertitle=\"Hotel Savoy\" data-markerfor=\"map-1\" data-markerlat=\"-12.0475741\" data-markerlon=\"-77.0354211\" data-markericon=\"\/wp-content\/uploads\/sites\/6\/2017\/11\/area_marker_7.png\" data-markericonhover=\"\" data-streetview=\"no\" data-fromview=\"\">\n            <article class=\"marker-itinerario\">\n\t<div class=\"entry-thumbnail\">\n      \n      \t<img loading=\"lazy\" decoding=\"async\" width=\"177\" height=\"300\" src=\"https:\/\/static.tecnichenuove.it\/areaarch\/2020\/04\/Hotel-Savoy_f-177x300.jpg\" class=\"attachment-medium size-medium wp-post-image\" alt=\"\" srcset=\"https:\/\/static.tecnichenuove.it\/areaarch\/2020\/04\/Hotel-Savoy_f-177x300.jpg 177w, https:\/\/static.tecnichenuove.it\/areaarch\/2020\/04\/Hotel-Savoy_f-604x1024.jpg 604w, https:\/\/static.tecnichenuove.it\/areaarch\/2020\/04\/Hotel-Savoy_f-696x1180.jpg 696w, https:\/\/static.tecnichenuove.it\/areaarch\/2020\/04\/Hotel-Savoy_f-248x420.jpg 248w, https:\/\/static.tecnichenuove.it\/areaarch\/2020\/04\/Hotel-Savoy_f.jpg 755w\" sizes=\"auto, (max-width: 177px) 100vw, 177px\" \/>\n      \n      \n\t<\/div>\n  \t<div class=\"entry-column\">\n      <h3 class=\"entry-title td-module-title\">Hotel Savoy<\/h3>\n      <div class=\"td-excerpt\">\n            <div id=\"wpcf-field-tipology\" class=\"wpcf-field-select wpcf-field-tipology\"><span class=\"wpcf-field-name wpcf-field-select-name wpcf-field-tipology-name\">tipology:<\/span> <span class=\"wpcf-field-value wpcf-field-select-value wpcf-field-tipology-value\">hotel<\/span><\/div>\n            <div id=\"wpcf-field-architect\" class=\"wpcf-field-single-line wpcf-field-architect\"><span class=\"wpcf-field-name wpcf-field-single-line-name wpcf-field-architect-name\">architect:<\/span> <span class=\"wpcf-field-value wpcf-field-single-line-value wpcf-field-architect-value\">Mario Bianco<\/span><\/div>\n            <div id=\"wpcf-field-realization\" class=\"wpcf-field-number wpcf-field-realization\"><span class=\"wpcf-field-name wpcf-field-number-name wpcf-field-realization-name\">realization:<\/span> <span class=\"wpcf-field-value wpcf-field-number-value wpcf-field-realization-value\">1957<\/span><\/div>\n            Jir\u00f3n Cailloma, Distretto di Lima, Per\u00f9\n          <\/div>\n  <\/div>\n<\/article>\n          <\/div>\n            <h4><a href=\"#\" onclick=\"cimap();\" class=\"link-marker js-wpv-addon-maps-focus-map js-toolset-maps-hover-map-map-1-marker-marker-85252 js-toolset-maps-open-infowindow-map-map-1-marker-marker-85252\" data-map=\"map-1\" data-marker=\"marker-85252\">05. Hotel Savoy<\/a><\/h4>\n            <div id=\"wpcf-field-tipology\" class=\"wpcf-field-select wpcf-field-tipology\"><span class=\"wpcf-field-name wpcf-field-select-name wpcf-field-tipology-name\">tipology:<\/span> <span class=\"wpcf-field-value wpcf-field-select-value wpcf-field-tipology-value\">hotel<\/span><\/div> | <div id=\"wpcf-field-architect\" class=\"wpcf-field-single-line wpcf-field-architect\"><span class=\"wpcf-field-name wpcf-field-single-line-name wpcf-field-architect-name\">architect:<\/span> <span class=\"wpcf-field-value wpcf-field-single-line-value wpcf-field-architect-value\">Mario Bianco<\/span><\/div> | <div id=\"wpcf-field-realization\" class=\"wpcf-field-number wpcf-field-realization\"><span class=\"wpcf-field-name wpcf-field-number-name wpcf-field-realization-name\">realization:<\/span> <span class=\"wpcf-field-value wpcf-field-number-value wpcf-field-realization-value\">1957<\/span><\/div>\n          <\/li>\n\t\t\n          <li>\n            \n          <div style=\"display:none\" class=\"wpv-addon-maps-marker js-wpv-addon-maps-marker js-wpv-addon-maps-marker-marker-85254 js-wpv-addon-maps-markerfor-map-1\" data-marker=\"marker-85254\" data-markertitle=\"AGP eGlass Factory &amp; Offices\" data-markerfor=\"map-1\" data-markerlat=\"-12.0456197\" data-markerlon=\"-77.049392\" data-markericon=\"\/wp-content\/uploads\/sites\/6\/2017\/11\/area_marker_9.png\" data-markericonhover=\"\" data-streetview=\"no\" data-fromview=\"\">\n            <article class=\"marker-itinerario\">\n\t<div class=\"entry-thumbnail\">\n      \n      \n      \t<img loading=\"lazy\" decoding=\"async\" width=\"1280\" height=\"720\" src=\"https:\/\/static.tecnichenuove.it\/areaarch\/2020\/04\/AGP_f1.jpg\" class=\"attachment-post-thumbnail size-post-thumbnail wp-post-image\" alt=\"\" srcset=\"https:\/\/static.tecnichenuove.it\/areaarch\/2020\/04\/AGP_f1.jpg 1280w, https:\/\/static.tecnichenuove.it\/areaarch\/2020\/04\/AGP_f1-300x169.jpg 300w, https:\/\/static.tecnichenuove.it\/areaarch\/2020\/04\/AGP_f1-1024x576.jpg 1024w, https:\/\/static.tecnichenuove.it\/areaarch\/2020\/04\/AGP_f1-768x432.jpg 768w, https:\/\/static.tecnichenuove.it\/areaarch\/2020\/04\/AGP_f1-696x392.jpg 696w, https:\/\/static.tecnichenuove.it\/areaarch\/2020\/04\/AGP_f1-1068x601.jpg 1068w, https:\/\/static.tecnichenuove.it\/areaarch\/2020\/04\/AGP_f1-747x420.jpg 747w\" sizes=\"auto, (max-width: 1280px) 100vw, 1280px\" \/>\n      \t<img decoding=\"async\" src=\"https:\/\/www.area-arch.it\/wp-content\/uploads\/sites\/6\/2020\/04\/AGP_d1.jpg\" class=\"attachment-post-thumbnail\" \/>\n      \n\t<\/div>\n  \t<div class=\"entry-column\">\n      <h3 class=\"entry-title td-module-title\">AGP eGlass Factory &amp; Offices<\/h3>\n      <div class=\"td-excerpt\">\n            <div id=\"wpcf-field-tipology\" class=\"wpcf-field-select wpcf-field-tipology\"><span class=\"wpcf-field-name wpcf-field-select-name wpcf-field-tipology-name\">tipology:<\/span> <span class=\"wpcf-field-value wpcf-field-select-value wpcf-field-tipology-value\">mixed use<\/span><\/div>\n            <div id=\"wpcf-field-architect\" class=\"wpcf-field-single-line wpcf-field-architect\"><span class=\"wpcf-field-name wpcf-field-single-line-name wpcf-field-architect-name\">architect:<\/span> <span class=\"wpcf-field-value wpcf-field-single-line-value wpcf-field-architect-value\">V. Oid<\/span><\/div>\n            <div id=\"wpcf-field-realization\" class=\"wpcf-field-number wpcf-field-realization\"><span class=\"wpcf-field-name wpcf-field-number-name wpcf-field-realization-name\">realization:<\/span> <span class=\"wpcf-field-value wpcf-field-number-value wpcf-field-realization-value\">2015<\/span><\/div>\n            Avenida Guillermo Dansey, Distretto di Lima, Per\u00f9\n          <\/div>\n  <\/div>\n<\/article>\n          <\/div>\n            <h4><a href=\"#\" onclick=\"cimap();\" class=\"link-marker js-wpv-addon-maps-focus-map js-toolset-maps-hover-map-map-1-marker-marker-85254 js-toolset-maps-open-infowindow-map-map-1-marker-marker-85254\" data-map=\"map-1\" data-marker=\"marker-85254\">06. AGP eGlass Factory &amp; Offices<\/a><\/h4>\n            <div id=\"wpcf-field-tipology\" class=\"wpcf-field-select wpcf-field-tipology\"><span class=\"wpcf-field-name wpcf-field-select-name wpcf-field-tipology-name\">tipology:<\/span> <span class=\"wpcf-field-value wpcf-field-select-value wpcf-field-tipology-value\">mixed use<\/span><\/div> | <div id=\"wpcf-field-architect\" class=\"wpcf-field-single-line wpcf-field-architect\"><span class=\"wpcf-field-name wpcf-field-single-line-name wpcf-field-architect-name\">architect:<\/span> <span class=\"wpcf-field-value wpcf-field-single-line-value wpcf-field-architect-value\">V. Oid<\/span><\/div> | <div id=\"wpcf-field-realization\" class=\"wpcf-field-number wpcf-field-realization\"><span class=\"wpcf-field-name wpcf-field-number-name wpcf-field-realization-name\">realization:<\/span> <span class=\"wpcf-field-value wpcf-field-number-value wpcf-field-realization-value\">2015<\/span><\/div>\n          <\/li>\n\t\t\n          <li>\n            \n          <div style=\"display:none\" class=\"wpv-addon-maps-marker js-wpv-addon-maps-marker js-wpv-addon-maps-marker-marker-85257 js-wpv-addon-maps-markerfor-map-1\" data-marker=\"marker-85257\" data-markertitle=\"Edificio De Servicios Estudiantiles Tinkuy, Pontificia Universidad Catolica del Per\u00f9\" data-markerfor=\"map-1\" data-markerlat=\"-12.0751938\" data-markerlon=\"-77.0800662\" data-markericon=\"\/wp-content\/uploads\/sites\/6\/2017\/11\/area_marker_4.png\" data-markericonhover=\"\" data-streetview=\"no\" data-fromview=\"\">\n            <article class=\"marker-itinerario\">\n\t<div class=\"entry-thumbnail\">\n      \n      \n      \t<img loading=\"lazy\" decoding=\"async\" width=\"787\" height=\"518\" src=\"https:\/\/static.tecnichenuove.it\/areaarch\/2020\/04\/Edificio-De-Servicios-Estudiantiles_f2.jpg\" class=\"attachment-post-thumbnail size-post-thumbnail wp-post-image\" alt=\"\" srcset=\"https:\/\/static.tecnichenuove.it\/areaarch\/2020\/04\/Edificio-De-Servicios-Estudiantiles_f2.jpg 787w, https:\/\/static.tecnichenuove.it\/areaarch\/2020\/04\/Edificio-De-Servicios-Estudiantiles_f2-300x197.jpg 300w, https:\/\/static.tecnichenuove.it\/areaarch\/2020\/04\/Edificio-De-Servicios-Estudiantiles_f2-150x100.jpg 150w, https:\/\/static.tecnichenuove.it\/areaarch\/2020\/04\/Edificio-De-Servicios-Estudiantiles_f2-768x505.jpg 768w, https:\/\/static.tecnichenuove.it\/areaarch\/2020\/04\/Edificio-De-Servicios-Estudiantiles_f2-696x458.jpg 696w, https:\/\/static.tecnichenuove.it\/areaarch\/2020\/04\/Edificio-De-Servicios-Estudiantiles_f2-638x420.jpg 638w\" sizes=\"auto, (max-width: 787px) 100vw, 787px\" \/>\n      \t<img decoding=\"async\" src=\"https:\/\/www.area-arch.it\/wp-content\/uploads\/sites\/6\/2020\/04\/Edificio-De-Servicios-Estudiantiles_d1-e1586465371444.jpg\" class=\"attachment-post-thumbnail\" \/>\n      \n\t<\/div>\n  \t<div class=\"entry-column\">\n      <h3 class=\"entry-title td-module-title\">Edificio De Servicios Estudiantiles Tinkuy, Pontificia Universidad Catolica del Per\u00f9<\/h3>\n      <div class=\"td-excerpt\">\n            <div id=\"wpcf-field-tipology\" class=\"wpcf-field-select wpcf-field-tipology\"><span class=\"wpcf-field-name wpcf-field-select-name wpcf-field-tipology-name\">tipology:<\/span> <span class=\"wpcf-field-value wpcf-field-select-value wpcf-field-tipology-value\">education<\/span><\/div>\n            <div id=\"wpcf-field-architect\" class=\"wpcf-field-single-line wpcf-field-architect\"><span class=\"wpcf-field-name wpcf-field-single-line-name wpcf-field-architect-name\">architect:<\/span> <span class=\"wpcf-field-value wpcf-field-single-line-value wpcf-field-architect-value\">Llosa Cortegana Arquitectos<\/span><\/div>\n            <div id=\"wpcf-field-realization\" class=\"wpcf-field-number wpcf-field-realization\"><span class=\"wpcf-field-name wpcf-field-number-name wpcf-field-realization-name\">realization:<\/span> <span class=\"wpcf-field-value wpcf-field-number-value wpcf-field-realization-value\">2011<\/span><\/div>\n            Avenida Universitaria, San Miguel, Per\u00f9\n          <\/div>\n  <\/div>\n<\/article>\n          <\/div>\n            <h4><a href=\"#\" onclick=\"cimap();\" class=\"link-marker js-wpv-addon-maps-focus-map js-toolset-maps-hover-map-map-1-marker-marker-85257 js-toolset-maps-open-infowindow-map-map-1-marker-marker-85257\" data-map=\"map-1\" data-marker=\"marker-85257\">07. Edificio De Servicios Estudiantiles Tinkuy, Pontificia Universidad Catolica del Per\u00f9<\/a><\/h4>\n            <div id=\"wpcf-field-tipology\" class=\"wpcf-field-select wpcf-field-tipology\"><span class=\"wpcf-field-name wpcf-field-select-name wpcf-field-tipology-name\">tipology:<\/span> <span class=\"wpcf-field-value wpcf-field-select-value wpcf-field-tipology-value\">education<\/span><\/div> | <div id=\"wpcf-field-architect\" class=\"wpcf-field-single-line wpcf-field-architect\"><span class=\"wpcf-field-name wpcf-field-single-line-name wpcf-field-architect-name\">architect:<\/span> <span class=\"wpcf-field-value wpcf-field-single-line-value wpcf-field-architect-value\">Llosa Cortegana Arquitectos<\/span><\/div> | <div id=\"wpcf-field-realization\" class=\"wpcf-field-number wpcf-field-realization\"><span class=\"wpcf-field-name wpcf-field-number-name wpcf-field-realization-name\">realization:<\/span> <span class=\"wpcf-field-value wpcf-field-number-value wpcf-field-realization-value\">2011<\/span><\/div>\n          <\/li>\n\t\t\n          <li>\n            \n          <div style=\"display:none\" class=\"wpv-addon-maps-marker js-wpv-addon-maps-marker js-wpv-addon-maps-marker-marker-85260 js-wpv-addon-maps-markerfor-map-1\" data-marker=\"marker-85260\" data-markertitle=\"Biblioteca de la Facultad de Ciencias e Ingenieria, Pontificia Universidad Catolica del Per\u00f9\" data-markerfor=\"map-1\" data-markerlat=\"-12.0751938\" data-markerlon=\"-77.0800662\" data-markericon=\"\/wp-content\/uploads\/sites\/6\/2017\/11\/area_marker_4.png\" data-markericonhover=\"\" data-streetview=\"no\" data-fromview=\"\">\n            <article class=\"marker-itinerario\">\n\t<div class=\"entry-thumbnail\">\n      \n      \n      \t<img loading=\"lazy\" decoding=\"async\" width=\"1280\" height=\"857\" src=\"https:\/\/static.tecnichenuove.it\/areaarch\/2020\/04\/Biblioteca-de-la-Facultad-de-Ciencias-e-Ingenieria_f2.jpg\" class=\"attachment-post-thumbnail size-post-thumbnail wp-post-image\" alt=\"\" srcset=\"https:\/\/static.tecnichenuove.it\/areaarch\/2020\/04\/Biblioteca-de-la-Facultad-de-Ciencias-e-Ingenieria_f2.jpg 1280w, https:\/\/static.tecnichenuove.it\/areaarch\/2020\/04\/Biblioteca-de-la-Facultad-de-Ciencias-e-Ingenieria_f2-300x201.jpg 300w, https:\/\/static.tecnichenuove.it\/areaarch\/2020\/04\/Biblioteca-de-la-Facultad-de-Ciencias-e-Ingenieria_f2-1024x686.jpg 1024w, https:\/\/static.tecnichenuove.it\/areaarch\/2020\/04\/Biblioteca-de-la-Facultad-de-Ciencias-e-Ingenieria_f2-150x100.jpg 150w, https:\/\/static.tecnichenuove.it\/areaarch\/2020\/04\/Biblioteca-de-la-Facultad-de-Ciencias-e-Ingenieria_f2-768x514.jpg 768w, https:\/\/static.tecnichenuove.it\/areaarch\/2020\/04\/Biblioteca-de-la-Facultad-de-Ciencias-e-Ingenieria_f2-696x466.jpg 696w, https:\/\/static.tecnichenuove.it\/areaarch\/2020\/04\/Biblioteca-de-la-Facultad-de-Ciencias-e-Ingenieria_f2-1068x715.jpg 1068w, https:\/\/static.tecnichenuove.it\/areaarch\/2020\/04\/Biblioteca-de-la-Facultad-de-Ciencias-e-Ingenieria_f2-627x420.jpg 627w\" sizes=\"auto, (max-width: 1280px) 100vw, 1280px\" \/>\n      \t<img decoding=\"async\" src=\"https:\/\/www.area-arch.it\/wp-content\/uploads\/sites\/6\/2020\/04\/Biblioteca-de-la-Facultad-de-Ciencias-e-Ingenieria_d2.jpg\" class=\"attachment-post-thumbnail\" \/>\n      \n\t<\/div>\n  \t<div class=\"entry-column\">\n      <h3 class=\"entry-title td-module-title\">Biblioteca de la Facultad de Ciencias e Ingenieria, Pontificia Universidad Catolica del Per\u00f9<\/h3>\n      <div class=\"td-excerpt\">\n            <div id=\"wpcf-field-tipology\" class=\"wpcf-field-select wpcf-field-tipology\"><span class=\"wpcf-field-name wpcf-field-select-name wpcf-field-tipology-name\">tipology:<\/span> <span class=\"wpcf-field-value wpcf-field-select-value wpcf-field-tipology-value\">education<\/span><\/div>\n            <div id=\"wpcf-field-architect\" class=\"wpcf-field-single-line wpcf-field-architect\"><span class=\"wpcf-field-name wpcf-field-single-line-name wpcf-field-architect-name\">architect:<\/span> <span class=\"wpcf-field-value wpcf-field-single-line-value wpcf-field-architect-value\">Llosa Cortegana Arquitectos<\/span><\/div>\n            <div id=\"wpcf-field-realization\" class=\"wpcf-field-number wpcf-field-realization\"><span class=\"wpcf-field-name wpcf-field-number-name wpcf-field-realization-name\">realization:<\/span> <span class=\"wpcf-field-value wpcf-field-number-value wpcf-field-realization-value\">2014<\/span><\/div>\n            Avenida Universitaria, San Miguel, Per\u00f9\n          <\/div>\n  <\/div>\n<\/article>\n          <\/div>\n            <h4><a href=\"#\" onclick=\"cimap();\" class=\"link-marker js-wpv-addon-maps-focus-map js-toolset-maps-hover-map-map-1-marker-marker-85260 js-toolset-maps-open-infowindow-map-map-1-marker-marker-85260\" data-map=\"map-1\" data-marker=\"marker-85260\">08. Biblioteca de la Facultad de Ciencias e Ingenieria, Pontificia Universidad Catolica del Per\u00f9<\/a><\/h4>\n            <div id=\"wpcf-field-tipology\" class=\"wpcf-field-select wpcf-field-tipology\"><span class=\"wpcf-field-name wpcf-field-select-name wpcf-field-tipology-name\">tipology:<\/span> <span class=\"wpcf-field-value wpcf-field-select-value wpcf-field-tipology-value\">education<\/span><\/div> | <div id=\"wpcf-field-architect\" class=\"wpcf-field-single-line wpcf-field-architect\"><span class=\"wpcf-field-name wpcf-field-single-line-name wpcf-field-architect-name\">architect:<\/span> <span class=\"wpcf-field-value wpcf-field-single-line-value wpcf-field-architect-value\">Llosa Cortegana Arquitectos<\/span><\/div> | <div id=\"wpcf-field-realization\" class=\"wpcf-field-number wpcf-field-realization\"><span class=\"wpcf-field-name wpcf-field-number-name wpcf-field-realization-name\">realization:<\/span> <span class=\"wpcf-field-value wpcf-field-number-value wpcf-field-realization-value\">2014<\/span><\/div>\n          <\/li>\n\t\t\n          <li>\n            \n          <div style=\"display:none\" class=\"wpv-addon-maps-marker js-wpv-addon-maps-marker js-wpv-addon-maps-marker-marker-85263 js-wpv-addon-maps-markerfor-map-1\" data-marker=\"marker-85263\" data-markertitle=\"Edificio de Aulas de la Facultad de Ciencias e Ingenieria, Pontificia Universidad Catolica del Per\u00f9\" data-markerfor=\"map-1\" data-markerlat=\"-12.0751938\" data-markerlon=\"-77.0800662\" data-markericon=\"\/wp-content\/uploads\/sites\/6\/2017\/11\/area_marker_4.png\" data-markericonhover=\"\" data-streetview=\"no\" data-fromview=\"\">\n            <article class=\"marker-itinerario\">\n\t<div class=\"entry-thumbnail\">\n      \n      \n      \t<img loading=\"lazy\" decoding=\"async\" width=\"1280\" height=\"1240\" src=\"https:\/\/static.tecnichenuove.it\/areaarch\/2020\/04\/Edificio-de-Aulas-de-la-Facultad-de-Ciencias_f2.jpg\" class=\"attachment-post-thumbnail size-post-thumbnail wp-post-image\" alt=\"\" srcset=\"https:\/\/static.tecnichenuove.it\/areaarch\/2020\/04\/Edificio-de-Aulas-de-la-Facultad-de-Ciencias_f2.jpg 1280w, https:\/\/static.tecnichenuove.it\/areaarch\/2020\/04\/Edificio-de-Aulas-de-la-Facultad-de-Ciencias_f2-300x291.jpg 300w, https:\/\/static.tecnichenuove.it\/areaarch\/2020\/04\/Edificio-de-Aulas-de-la-Facultad-de-Ciencias_f2-1024x992.jpg 1024w, https:\/\/static.tecnichenuove.it\/areaarch\/2020\/04\/Edificio-de-Aulas-de-la-Facultad-de-Ciencias_f2-768x744.jpg 768w, https:\/\/static.tecnichenuove.it\/areaarch\/2020\/04\/Edificio-de-Aulas-de-la-Facultad-de-Ciencias_f2-696x674.jpg 696w, https:\/\/static.tecnichenuove.it\/areaarch\/2020\/04\/Edificio-de-Aulas-de-la-Facultad-de-Ciencias_f2-1068x1035.jpg 1068w, https:\/\/static.tecnichenuove.it\/areaarch\/2020\/04\/Edificio-de-Aulas-de-la-Facultad-de-Ciencias_f2-434x420.jpg 434w\" sizes=\"auto, (max-width: 1280px) 100vw, 1280px\" \/>\n      \t<img decoding=\"async\" src=\"https:\/\/www.area-arch.it\/wp-content\/uploads\/sites\/6\/2020\/04\/Edificio-de-Aulas-de-la-Facultad-de-Ciencias_d.jpg\" class=\"attachment-post-thumbnail\" \/>\n      \n\t<\/div>\n  \t<div class=\"entry-column\">\n      <h3 class=\"entry-title td-module-title\">Edificio de Aulas de la Facultad de Ciencias e Ingenieria, Pontificia Universidad Catolica del Per\u00f9<\/h3>\n      <div class=\"td-excerpt\">\n            <div id=\"wpcf-field-tipology\" class=\"wpcf-field-select wpcf-field-tipology\"><span class=\"wpcf-field-name wpcf-field-select-name wpcf-field-tipology-name\">tipology:<\/span> <span class=\"wpcf-field-value wpcf-field-select-value wpcf-field-tipology-value\">education<\/span><\/div>\n            <div id=\"wpcf-field-architect\" class=\"wpcf-field-single-line wpcf-field-architect\"><span class=\"wpcf-field-name wpcf-field-single-line-name wpcf-field-architect-name\">architect:<\/span> <span class=\"wpcf-field-value wpcf-field-single-line-value wpcf-field-architect-value\">Llosa Cortegana Arquitectos<\/span><\/div>\n            <div id=\"wpcf-field-realization\" class=\"wpcf-field-number wpcf-field-realization\"><span class=\"wpcf-field-name wpcf-field-number-name wpcf-field-realization-name\">realization:<\/span> <span class=\"wpcf-field-value wpcf-field-number-value wpcf-field-realization-value\">2013<\/span><\/div>\n            Avenida Universitaria, San Miguel, Per\u00f9\n          <\/div>\n  <\/div>\n<\/article>\n          <\/div>\n            <h4><a href=\"#\" onclick=\"cimap();\" class=\"link-marker js-wpv-addon-maps-focus-map js-toolset-maps-hover-map-map-1-marker-marker-85263 js-toolset-maps-open-infowindow-map-map-1-marker-marker-85263\" data-map=\"map-1\" data-marker=\"marker-85263\">09. Edificio de Aulas de la Facultad de Ciencias e Ingenieria, Pontificia Universidad Catolica del Per\u00f9<\/a><\/h4>\n            <div id=\"wpcf-field-tipology\" class=\"wpcf-field-select wpcf-field-tipology\"><span class=\"wpcf-field-name wpcf-field-select-name wpcf-field-tipology-name\">tipology:<\/span> <span class=\"wpcf-field-value wpcf-field-select-value wpcf-field-tipology-value\">education<\/span><\/div> | <div id=\"wpcf-field-architect\" class=\"wpcf-field-single-line wpcf-field-architect\"><span class=\"wpcf-field-name wpcf-field-single-line-name wpcf-field-architect-name\">architect:<\/span> <span class=\"wpcf-field-value wpcf-field-single-line-value wpcf-field-architect-value\">Llosa Cortegana Arquitectos<\/span><\/div> | <div id=\"wpcf-field-realization\" class=\"wpcf-field-number wpcf-field-realization\"><span class=\"wpcf-field-name wpcf-field-number-name wpcf-field-realization-name\">realization:<\/span> <span class=\"wpcf-field-value wpcf-field-number-value wpcf-field-realization-value\">2013<\/span><\/div>\n          <\/li>\n\t\t\n          <li>\n            \n          <div style=\"display:none\" class=\"wpv-addon-maps-marker js-wpv-addon-maps-marker js-wpv-addon-maps-marker-marker-85266 js-wpv-addon-maps-markerfor-map-1\" data-marker=\"marker-85266\" data-markertitle=\"Conjunto Residencial San Felipe\" data-markerfor=\"map-1\" data-markerlat=\"-12.0867295\" data-markerlon=\"-77.0547863\" data-markericon=\"\/wp-content\/uploads\/sites\/6\/2017\/11\/area_marker_13.png\" data-markericonhover=\"\" data-streetview=\"no\" data-fromview=\"\">\n            <article class=\"marker-itinerario\">\n\t<div class=\"entry-thumbnail\">\n      \n      \n      \t<img loading=\"lazy\" decoding=\"async\" width=\"1280\" height=\"1023\" src=\"https:\/\/static.tecnichenuove.it\/areaarch\/2020\/04\/Conjunto-Residencial-San-Felipe_f.jpg\" class=\"attachment-post-thumbnail size-post-thumbnail wp-post-image\" alt=\"\" srcset=\"https:\/\/static.tecnichenuove.it\/areaarch\/2020\/04\/Conjunto-Residencial-San-Felipe_f.jpg 1280w, https:\/\/static.tecnichenuove.it\/areaarch\/2020\/04\/Conjunto-Residencial-San-Felipe_f-300x240.jpg 300w, https:\/\/static.tecnichenuove.it\/areaarch\/2020\/04\/Conjunto-Residencial-San-Felipe_f-1024x818.jpg 1024w, https:\/\/static.tecnichenuove.it\/areaarch\/2020\/04\/Conjunto-Residencial-San-Felipe_f-768x614.jpg 768w, https:\/\/static.tecnichenuove.it\/areaarch\/2020\/04\/Conjunto-Residencial-San-Felipe_f-696x556.jpg 696w, https:\/\/static.tecnichenuove.it\/areaarch\/2020\/04\/Conjunto-Residencial-San-Felipe_f-1068x854.jpg 1068w, https:\/\/static.tecnichenuove.it\/areaarch\/2020\/04\/Conjunto-Residencial-San-Felipe_f-526x420.jpg 526w\" sizes=\"auto, (max-width: 1280px) 100vw, 1280px\" \/>\n      \t<img decoding=\"async\" src=\"https:\/\/www.area-arch.it\/wp-content\/uploads\/sites\/6\/2020\/04\/Conjunto-Residencial-San-Felipe_d3.jpg\" class=\"attachment-post-thumbnail\" \/>\n      \n\t<\/div>\n  \t<div class=\"entry-column\">\n      <h3 class=\"entry-title td-module-title\">Conjunto Residencial San Felipe<\/h3>\n      <div class=\"td-excerpt\">\n            <div id=\"wpcf-field-tipology\" class=\"wpcf-field-select wpcf-field-tipology\"><span class=\"wpcf-field-name wpcf-field-select-name wpcf-field-tipology-name\">tipology:<\/span> <span class=\"wpcf-field-value wpcf-field-select-value wpcf-field-tipology-value\">residential<\/span><\/div>\n            <div id=\"wpcf-field-architect\" class=\"wpcf-field-single-line wpcf-field-architect\"><span class=\"wpcf-field-name wpcf-field-single-line-name wpcf-field-architect-name\">architect:<\/span> <span class=\"wpcf-field-value wpcf-field-single-line-value wpcf-field-architect-value\">E. Ciriani, M. Bernuy, J. Crousse, O. Nunez, L. Vasquez, V. Smirnof<\/span><\/div>\n            <div id=\"wpcf-field-realization\" class=\"wpcf-field-number wpcf-field-realization\"><span class=\"wpcf-field-name wpcf-field-number-name wpcf-field-realization-name\">realization:<\/span> <span class=\"wpcf-field-value wpcf-field-number-value wpcf-field-realization-value\">1966<\/span><\/div>\n            Av. Gregorio Escobedo, Distretto di Jes\u00fas Mar\u00eda, Per\u00f9\n          <\/div>\n  <\/div>\n<\/article>\n          <\/div>\n            <h4><a href=\"#\" onclick=\"cimap();\" class=\"link-marker js-wpv-addon-maps-focus-map js-toolset-maps-hover-map-map-1-marker-marker-85266 js-toolset-maps-open-infowindow-map-map-1-marker-marker-85266\" data-map=\"map-1\" data-marker=\"marker-85266\">10. Conjunto Residencial San Felipe<\/a><\/h4>\n            <div id=\"wpcf-field-tipology\" class=\"wpcf-field-select wpcf-field-tipology\"><span class=\"wpcf-field-name wpcf-field-select-name wpcf-field-tipology-name\">tipology:<\/span> <span class=\"wpcf-field-value wpcf-field-select-value wpcf-field-tipology-value\">residential<\/span><\/div> | <div id=\"wpcf-field-architect\" class=\"wpcf-field-single-line wpcf-field-architect\"><span class=\"wpcf-field-name wpcf-field-single-line-name wpcf-field-architect-name\">architect:<\/span> <span class=\"wpcf-field-value wpcf-field-single-line-value wpcf-field-architect-value\">E. Ciriani, M. Bernuy, J. Crousse, O. Nunez, L. Vasquez, V. Smirnof<\/span><\/div> | <div id=\"wpcf-field-realization\" class=\"wpcf-field-number wpcf-field-realization\"><span class=\"wpcf-field-name wpcf-field-number-name wpcf-field-realization-name\">realization:<\/span> <span class=\"wpcf-field-value wpcf-field-number-value wpcf-field-realization-value\">1966<\/span><\/div>\n          <\/li>\n\t\t\n          <li>\n            \n          <div style=\"display:none\" class=\"wpv-addon-maps-marker js-wpv-addon-maps-marker js-wpv-addon-maps-marker-marker-85269 js-wpv-addon-maps-markerfor-map-1\" data-marker=\"marker-85269\" data-markertitle=\"Iglesia de San Antonio de Padua\" data-markerfor=\"map-1\" data-markerlat=\"-12.0828608\" data-markerlon=\"-77.0515441\" data-markericon=\"\/wp-content\/uploads\/sites\/6\/2017\/11\/area_marker_17.png\" data-markericonhover=\"\" data-streetview=\"no\" data-fromview=\"\">\n            <article class=\"marker-itinerario\">\n\t<div class=\"entry-thumbnail\">\n      \n      \n      \t<img loading=\"lazy\" decoding=\"async\" width=\"1000\" height=\"667\" src=\"https:\/\/static.tecnichenuove.it\/areaarch\/2020\/04\/Iglesia-de-San-Antonio-de-Padua_f.jpg\" class=\"attachment-post-thumbnail size-post-thumbnail wp-post-image\" alt=\"\" srcset=\"https:\/\/static.tecnichenuove.it\/areaarch\/2020\/04\/Iglesia-de-San-Antonio-de-Padua_f.jpg 1000w, https:\/\/static.tecnichenuove.it\/areaarch\/2020\/04\/Iglesia-de-San-Antonio-de-Padua_f-300x200.jpg 300w, https:\/\/static.tecnichenuove.it\/areaarch\/2020\/04\/Iglesia-de-San-Antonio-de-Padua_f-150x100.jpg 150w, https:\/\/static.tecnichenuove.it\/areaarch\/2020\/04\/Iglesia-de-San-Antonio-de-Padua_f-768x512.jpg 768w, https:\/\/static.tecnichenuove.it\/areaarch\/2020\/04\/Iglesia-de-San-Antonio-de-Padua_f-696x464.jpg 696w, https:\/\/static.tecnichenuove.it\/areaarch\/2020\/04\/Iglesia-de-San-Antonio-de-Padua_f-630x420.jpg 630w\" sizes=\"auto, (max-width: 1000px) 100vw, 1000px\" \/>\n      \t<img decoding=\"async\" src=\"https:\/\/www.area-arch.it\/wp-content\/uploads\/sites\/6\/2020\/04\/Iglesia-de-San-Antonio-de-Padua_d.jpg\" class=\"attachment-post-thumbnail\" \/>\n      \n\t<\/div>\n  \t<div class=\"entry-column\">\n      <h3 class=\"entry-title td-module-title\">Iglesia de San Antonio de Padua<\/h3>\n      <div class=\"td-excerpt\">\n            <div id=\"wpcf-field-tipology\" class=\"wpcf-field-select wpcf-field-tipology\"><span class=\"wpcf-field-name wpcf-field-select-name wpcf-field-tipology-name\">tipology:<\/span> <span class=\"wpcf-field-value wpcf-field-select-value wpcf-field-tipology-value\">church<\/span><\/div>\n            <div id=\"wpcf-field-architect\" class=\"wpcf-field-single-line wpcf-field-architect\"><span class=\"wpcf-field-name wpcf-field-single-line-name wpcf-field-architect-name\">architect:<\/span> <span class=\"wpcf-field-value wpcf-field-single-line-value wpcf-field-architect-value\">Roberto Wakeham<\/span><\/div>\n            <div id=\"wpcf-field-realization\" class=\"wpcf-field-number wpcf-field-realization\"><span class=\"wpcf-field-name wpcf-field-number-name wpcf-field-realization-name\">realization:<\/span> <span class=\"wpcf-field-value wpcf-field-number-value wpcf-field-realization-value\">1968<\/span><\/div>\n            Avenida San Felipe, Distretto di Jes\u00fas Mar\u00eda, Per\u00f9\n          <\/div>\n  <\/div>\n<\/article>\n          <\/div>\n            <h4><a href=\"#\" onclick=\"cimap();\" class=\"link-marker js-wpv-addon-maps-focus-map js-toolset-maps-hover-map-map-1-marker-marker-85269 js-toolset-maps-open-infowindow-map-map-1-marker-marker-85269\" data-map=\"map-1\" data-marker=\"marker-85269\">11. Iglesia de San Antonio de Padua<\/a><\/h4>\n            <div id=\"wpcf-field-tipology\" class=\"wpcf-field-select wpcf-field-tipology\"><span class=\"wpcf-field-name wpcf-field-select-name wpcf-field-tipology-name\">tipology:<\/span> <span class=\"wpcf-field-value wpcf-field-select-value wpcf-field-tipology-value\">church<\/span><\/div> | <div id=\"wpcf-field-architect\" class=\"wpcf-field-single-line wpcf-field-architect\"><span class=\"wpcf-field-name wpcf-field-single-line-name wpcf-field-architect-name\">architect:<\/span> <span class=\"wpcf-field-value wpcf-field-single-line-value wpcf-field-architect-value\">Roberto Wakeham<\/span><\/div> | <div id=\"wpcf-field-realization\" class=\"wpcf-field-number wpcf-field-realization\"><span class=\"wpcf-field-name wpcf-field-number-name wpcf-field-realization-name\">realization:<\/span> <span class=\"wpcf-field-value wpcf-field-number-value wpcf-field-realization-value\">1968<\/span><\/div>\n          <\/li>\n\t\t\n          <li>\n            \n          <div style=\"display:none\" class=\"wpv-addon-maps-marker js-wpv-addon-maps-marker js-wpv-addon-maps-marker-marker-85272 js-wpv-addon-maps-markerfor-map-1\" data-marker=\"marker-85272\" data-markertitle=\"Universidad del Pacifico Pabellon H\" data-markerfor=\"map-1\" data-markerlat=\"-12.0819093\" data-markerlon=\"-77.0488342\" data-markericon=\"\/wp-content\/uploads\/sites\/6\/2017\/11\/area_marker_4.png\" data-markericonhover=\"\" data-streetview=\"no\" data-fromview=\"\">\n            <article class=\"marker-itinerario\">\n\t<div class=\"entry-thumbnail\">\n      \n      \n      \t<img loading=\"lazy\" decoding=\"async\" width=\"1280\" height=\"857\" src=\"https:\/\/static.tecnichenuove.it\/areaarch\/2020\/04\/Universidad-del-Pacifico-Pabello%CC%81n-H_f3.jpg\" class=\"attachment-post-thumbnail size-post-thumbnail wp-post-image\" alt=\"\" srcset=\"https:\/\/static.tecnichenuove.it\/areaarch\/2020\/04\/Universidad-del-Pacifico-Pabello%CC%81n-H_f3.jpg 1280w, https:\/\/static.tecnichenuove.it\/areaarch\/2020\/04\/Universidad-del-Pacifico-Pabello%CC%81n-H_f3-300x201.jpg 300w, https:\/\/static.tecnichenuove.it\/areaarch\/2020\/04\/Universidad-del-Pacifico-Pabello%CC%81n-H_f3-1024x686.jpg 1024w, https:\/\/static.tecnichenuove.it\/areaarch\/2020\/04\/Universidad-del-Pacifico-Pabello%CC%81n-H_f3-150x100.jpg 150w, https:\/\/static.tecnichenuove.it\/areaarch\/2020\/04\/Universidad-del-Pacifico-Pabello%CC%81n-H_f3-768x514.jpg 768w, https:\/\/static.tecnichenuove.it\/areaarch\/2020\/04\/Universidad-del-Pacifico-Pabello%CC%81n-H_f3-696x466.jpg 696w, https:\/\/static.tecnichenuove.it\/areaarch\/2020\/04\/Universidad-del-Pacifico-Pabello%CC%81n-H_f3-1068x715.jpg 1068w, https:\/\/static.tecnichenuove.it\/areaarch\/2020\/04\/Universidad-del-Pacifico-Pabello%CC%81n-H_f3-627x420.jpg 627w\" sizes=\"auto, (max-width: 1280px) 100vw, 1280px\" \/>\n      \t<img decoding=\"async\" src=\"https:\/\/www.area-arch.it\/wp-content\/uploads\/sites\/6\/2020\/04\/Universidad-del-Pacifico-Pabello\u0301n-H_d2.jpg\" class=\"attachment-post-thumbnail\" \/>\n      \n\t<\/div>\n  \t<div class=\"entry-column\">\n      <h3 class=\"entry-title td-module-title\">Universidad del Pacifico Pabellon H<\/h3>\n      <div class=\"td-excerpt\">\n            <div id=\"wpcf-field-tipology\" class=\"wpcf-field-select wpcf-field-tipology\"><span class=\"wpcf-field-name wpcf-field-select-name wpcf-field-tipology-name\">tipology:<\/span> <span class=\"wpcf-field-value wpcf-field-select-value wpcf-field-tipology-value\">education<\/span><\/div>\n            <div id=\"wpcf-field-architect\" class=\"wpcf-field-single-line wpcf-field-architect\"><span class=\"wpcf-field-name wpcf-field-single-line-name wpcf-field-architect-name\">architect:<\/span> <span class=\"wpcf-field-value wpcf-field-single-line-value wpcf-field-architect-value\">Metropolis, Jose Orrego<\/span><\/div>\n            <div id=\"wpcf-field-realization\" class=\"wpcf-field-number wpcf-field-realization\"><span class=\"wpcf-field-name wpcf-field-number-name wpcf-field-realization-name\">realization:<\/span> <span class=\"wpcf-field-value wpcf-field-number-value wpcf-field-realization-value\">2012<\/span><\/div>\n            Jir\u00f3n Luis S\u00e1nchez Cerro, Distretto di Jes\u00fas Mar\u00eda, Per\u00f9\n          <\/div>\n  <\/div>\n<\/article>\n          <\/div>\n            <h4><a href=\"#\" onclick=\"cimap();\" class=\"link-marker js-wpv-addon-maps-focus-map js-toolset-maps-hover-map-map-1-marker-marker-85272 js-toolset-maps-open-infowindow-map-map-1-marker-marker-85272\" data-map=\"map-1\" data-marker=\"marker-85272\">12. Universidad del Pacifico Pabellon H<\/a><\/h4>\n            <div id=\"wpcf-field-tipology\" class=\"wpcf-field-select wpcf-field-tipology\"><span class=\"wpcf-field-name wpcf-field-select-name wpcf-field-tipology-name\">tipology:<\/span> <span class=\"wpcf-field-value wpcf-field-select-value wpcf-field-tipology-value\">education<\/span><\/div> | <div id=\"wpcf-field-architect\" class=\"wpcf-field-single-line wpcf-field-architect\"><span class=\"wpcf-field-name wpcf-field-single-line-name wpcf-field-architect-name\">architect:<\/span> <span class=\"wpcf-field-value wpcf-field-single-line-value wpcf-field-architect-value\">Metropolis, Jose Orrego<\/span><\/div> | <div id=\"wpcf-field-realization\" class=\"wpcf-field-number wpcf-field-realization\"><span class=\"wpcf-field-name wpcf-field-number-name wpcf-field-realization-name\">realization:<\/span> <span class=\"wpcf-field-value wpcf-field-number-value wpcf-field-realization-value\">2012<\/span><\/div>\n          <\/li>\n\t\t\n          <li>\n            \n          <div style=\"display:none\" class=\"wpv-addon-maps-marker js-wpv-addon-maps-marker js-wpv-addon-maps-marker-marker-85275 js-wpv-addon-maps-markerfor-map-1\" data-marker=\"marker-85275\" data-markertitle=\"Beehive Offices\" data-markerfor=\"map-1\" data-markerlat=\"-12.073613\" data-markerlon=\"-77.0372767\" data-markericon=\"\/wp-content\/uploads\/sites\/6\/2017\/11\/area_marker_11.png\" data-markericonhover=\"\" data-streetview=\"no\" data-fromview=\"\">\n            <article class=\"marker-itinerario\">\n\t<div class=\"entry-thumbnail\">\n      \n      \t<img loading=\"lazy\" decoding=\"async\" width=\"211\" height=\"300\" src=\"https:\/\/static.tecnichenuove.it\/areaarch\/2020\/04\/BEEHIVE-OFFICES_f3-211x300.jpg\" class=\"attachment-medium size-medium wp-post-image\" alt=\"\" srcset=\"https:\/\/static.tecnichenuove.it\/areaarch\/2020\/04\/BEEHIVE-OFFICES_f3-211x300.jpg 211w, https:\/\/static.tecnichenuove.it\/areaarch\/2020\/04\/BEEHIVE-OFFICES_f3-721x1024.jpg 721w, https:\/\/static.tecnichenuove.it\/areaarch\/2020\/04\/BEEHIVE-OFFICES_f3-768x1091.jpg 768w, https:\/\/static.tecnichenuove.it\/areaarch\/2020\/04\/BEEHIVE-OFFICES_f3-696x989.jpg 696w, https:\/\/static.tecnichenuove.it\/areaarch\/2020\/04\/BEEHIVE-OFFICES_f3-296x420.jpg 296w, https:\/\/static.tecnichenuove.it\/areaarch\/2020\/04\/BEEHIVE-OFFICES_f3.jpg 899w\" sizes=\"auto, (max-width: 211px) 100vw, 211px\" \/>\n      \n      \n\t<\/div>\n  \t<div class=\"entry-column\">\n      <h3 class=\"entry-title td-module-title\">Beehive Offices<\/h3>\n      <div class=\"td-excerpt\">\n            <div id=\"wpcf-field-tipology\" class=\"wpcf-field-select wpcf-field-tipology\"><span class=\"wpcf-field-name wpcf-field-select-name wpcf-field-tipology-name\">tipology:<\/span> <span class=\"wpcf-field-value wpcf-field-select-value wpcf-field-tipology-value\">office<\/span><\/div>\n            <div id=\"wpcf-field-architect\" class=\"wpcf-field-single-line wpcf-field-architect\"><span class=\"wpcf-field-name wpcf-field-single-line-name wpcf-field-architect-name\">architect:<\/span> <span class=\"wpcf-field-value wpcf-field-single-line-value wpcf-field-architect-value\">Barclay &amp; Crousse Architecture<\/span><\/div>\n            <div id=\"wpcf-field-realization\" class=\"wpcf-field-number wpcf-field-realization\"><span class=\"wpcf-field-name wpcf-field-number-name wpcf-field-realization-name\">realization:<\/span> <span class=\"wpcf-field-value wpcf-field-number-value wpcf-field-realization-value\">2015<\/span><\/div>\n            Avenida Arenales, Distretto di Lima, Per\u00f9\n          <\/div>\n  <\/div>\n<\/article>\n          <\/div>\n            <h4><a href=\"#\" onclick=\"cimap();\" class=\"link-marker js-wpv-addon-maps-focus-map js-toolset-maps-hover-map-map-1-marker-marker-85275 js-toolset-maps-open-infowindow-map-map-1-marker-marker-85275\" data-map=\"map-1\" data-marker=\"marker-85275\">13. Beehive Offices<\/a><\/h4>\n            <div id=\"wpcf-field-tipology\" class=\"wpcf-field-select wpcf-field-tipology\"><span class=\"wpcf-field-name wpcf-field-select-name wpcf-field-tipology-name\">tipology:<\/span> <span class=\"wpcf-field-value wpcf-field-select-value wpcf-field-tipology-value\">office<\/span><\/div> | <div id=\"wpcf-field-architect\" class=\"wpcf-field-single-line wpcf-field-architect\"><span class=\"wpcf-field-name wpcf-field-single-line-name wpcf-field-architect-name\">architect:<\/span> <span class=\"wpcf-field-value wpcf-field-single-line-value wpcf-field-architect-value\">Barclay &amp; Crousse Architecture<\/span><\/div> | <div id=\"wpcf-field-realization\" class=\"wpcf-field-number wpcf-field-realization\"><span class=\"wpcf-field-name wpcf-field-number-name wpcf-field-realization-name\">realization:<\/span> <span class=\"wpcf-field-value wpcf-field-number-value wpcf-field-realization-value\">2015<\/span><\/div>\n          <\/li>\n\t\t\n          <li>\n            \n          <div style=\"display:none\" class=\"wpv-addon-maps-marker js-wpv-addon-maps-marker js-wpv-addon-maps-marker-marker-85277 js-wpv-addon-maps-markerfor-map-1\" data-marker=\"marker-85277\" data-markertitle=\"Torre Interbank\" data-markerfor=\"map-1\" data-markerlat=\"-12.0734497\" data-markerlon=\"-77.0162899\" data-markericon=\"\/wp-content\/uploads\/sites\/6\/2017\/11\/area_marker_11.png\" data-markericonhover=\"\" data-streetview=\"no\" data-fromview=\"\">\n            <article class=\"marker-itinerario\">\n\t<div class=\"entry-thumbnail\">\n      \n      \t<img loading=\"lazy\" decoding=\"async\" width=\"235\" height=\"300\" src=\"https:\/\/static.tecnichenuove.it\/areaarch\/2020\/04\/Torre-Interbank_f2-235x300.jpg\" class=\"attachment-medium size-medium wp-post-image\" alt=\"\" srcset=\"https:\/\/static.tecnichenuove.it\/areaarch\/2020\/04\/Torre-Interbank_f2-235x300.jpg 235w, https:\/\/static.tecnichenuove.it\/areaarch\/2020\/04\/Torre-Interbank_f2-329x420.jpg 329w, https:\/\/static.tecnichenuove.it\/areaarch\/2020\/04\/Torre-Interbank_f2.jpg 372w\" sizes=\"auto, (max-width: 235px) 100vw, 235px\" \/>\n      \n      \n\t<\/div>\n  \t<div class=\"entry-column\">\n      <h3 class=\"entry-title td-module-title\">Torre Interbank<\/h3>\n      <div class=\"td-excerpt\">\n            <div id=\"wpcf-field-tipology\" class=\"wpcf-field-select wpcf-field-tipology\"><span class=\"wpcf-field-name wpcf-field-select-name wpcf-field-tipology-name\">tipology:<\/span> <span class=\"wpcf-field-value wpcf-field-select-value wpcf-field-tipology-value\">office<\/span><\/div>\n            <div id=\"wpcf-field-architect\" class=\"wpcf-field-single-line wpcf-field-architect\"><span class=\"wpcf-field-name wpcf-field-single-line-name wpcf-field-architect-name\">architect:<\/span> <span class=\"wpcf-field-value wpcf-field-single-line-value wpcf-field-architect-value\">Hans Hollein<\/span><\/div>\n            <div id=\"wpcf-field-realization\" class=\"wpcf-field-number wpcf-field-realization\"><span class=\"wpcf-field-name wpcf-field-number-name wpcf-field-realization-name\">realization:<\/span> <span class=\"wpcf-field-value wpcf-field-number-value wpcf-field-realization-value\">2001<\/span><\/div>\n            La Victoria, Per\u00f9\n          <\/div>\n  <\/div>\n<\/article>\n          <\/div>\n            <h4><a href=\"#\" onclick=\"cimap();\" class=\"link-marker js-wpv-addon-maps-focus-map js-toolset-maps-hover-map-map-1-marker-marker-85277 js-toolset-maps-open-infowindow-map-map-1-marker-marker-85277\" data-map=\"map-1\" data-marker=\"marker-85277\">14. Torre Interbank<\/a><\/h4>\n            <div id=\"wpcf-field-tipology\" class=\"wpcf-field-select wpcf-field-tipology\"><span class=\"wpcf-field-name wpcf-field-select-name wpcf-field-tipology-name\">tipology:<\/span> <span class=\"wpcf-field-value wpcf-field-select-value wpcf-field-tipology-value\">office<\/span><\/div> | <div id=\"wpcf-field-architect\" class=\"wpcf-field-single-line wpcf-field-architect\"><span class=\"wpcf-field-name wpcf-field-single-line-name wpcf-field-architect-name\">architect:<\/span> <span class=\"wpcf-field-value wpcf-field-single-line-value wpcf-field-architect-value\">Hans Hollein<\/span><\/div> | <div id=\"wpcf-field-realization\" class=\"wpcf-field-number wpcf-field-realization\"><span class=\"wpcf-field-name wpcf-field-number-name wpcf-field-realization-name\">realization:<\/span> <span class=\"wpcf-field-value wpcf-field-number-value wpcf-field-realization-value\">2001<\/span><\/div>\n          <\/li>\n\t\t\n          <li>\n            \n          <div style=\"display:none\" class=\"wpv-addon-maps-marker js-wpv-addon-maps-marker js-wpv-addon-maps-marker-marker-85279 js-wpv-addon-maps-markerfor-map-1\" data-marker=\"marker-85279\" data-markertitle=\"Westin Lima Hotel &amp; Convention Center\" data-markerfor=\"map-1\" data-markerlat=\"-12.0941885\" data-markerlon=\"-77.0250908\" data-markericon=\"\/wp-content\/uploads\/sites\/6\/2017\/11\/area_marker_7.png\" data-markericonhover=\"\" data-streetview=\"no\" data-fromview=\"\">\n            <article class=\"marker-itinerario\">\n\t<div class=\"entry-thumbnail\">\n      \n      \n      \t<img loading=\"lazy\" decoding=\"async\" width=\"1025\" height=\"850\" src=\"https:\/\/static.tecnichenuove.it\/areaarch\/2020\/04\/Westin-Lima-Hotel_f2.jpg\" class=\"attachment-post-thumbnail size-post-thumbnail wp-post-image\" alt=\"\" srcset=\"https:\/\/static.tecnichenuove.it\/areaarch\/2020\/04\/Westin-Lima-Hotel_f2.jpg 1025w, https:\/\/static.tecnichenuove.it\/areaarch\/2020\/04\/Westin-Lima-Hotel_f2-300x249.jpg 300w, https:\/\/static.tecnichenuove.it\/areaarch\/2020\/04\/Westin-Lima-Hotel_f2-768x637.jpg 768w, https:\/\/static.tecnichenuove.it\/areaarch\/2020\/04\/Westin-Lima-Hotel_f2-696x577.jpg 696w, https:\/\/static.tecnichenuove.it\/areaarch\/2020\/04\/Westin-Lima-Hotel_f2-506x420.jpg 506w\" sizes=\"auto, (max-width: 1025px) 100vw, 1025px\" \/>\n      \t<img decoding=\"async\" src=\"https:\/\/www.area-arch.it\/wp-content\/uploads\/sites\/6\/2020\/04\/Westin-Lima-Hotel_d.jpg\" class=\"attachment-post-thumbnail\" \/>\n      \n\t<\/div>\n  \t<div class=\"entry-column\">\n      <h3 class=\"entry-title td-module-title\">Westin Lima Hotel &amp; Convention Center<\/h3>\n      <div class=\"td-excerpt\">\n            <div id=\"wpcf-field-tipology\" class=\"wpcf-field-select wpcf-field-tipology\"><span class=\"wpcf-field-name wpcf-field-select-name wpcf-field-tipology-name\">tipology:<\/span> <span class=\"wpcf-field-value wpcf-field-select-value wpcf-field-tipology-value\">hotel<\/span><\/div>\n            <div id=\"wpcf-field-architect\" class=\"wpcf-field-single-line wpcf-field-architect\"><span class=\"wpcf-field-name wpcf-field-single-line-name wpcf-field-architect-name\">architect:<\/span> <span class=\"wpcf-field-value wpcf-field-single-line-value wpcf-field-architect-value\">Arquitectonica<\/span><\/div>\n            <div id=\"wpcf-field-realization\" class=\"wpcf-field-number wpcf-field-realization\"><span class=\"wpcf-field-name wpcf-field-number-name wpcf-field-realization-name\">realization:<\/span> <span class=\"wpcf-field-value wpcf-field-number-value wpcf-field-realization-value\">2011<\/span><\/div>\n            Calle Las Begonias, Distretto di San Isidro, Per\u00f9\n          <\/div>\n  <\/div>\n<\/article>\n          <\/div>\n            <h4><a href=\"#\" onclick=\"cimap();\" class=\"link-marker js-wpv-addon-maps-focus-map js-toolset-maps-hover-map-map-1-marker-marker-85279 js-toolset-maps-open-infowindow-map-map-1-marker-marker-85279\" data-map=\"map-1\" data-marker=\"marker-85279\">15. Westin Lima Hotel &amp; Convention Center<\/a><\/h4>\n            <div id=\"wpcf-field-tipology\" class=\"wpcf-field-select wpcf-field-tipology\"><span class=\"wpcf-field-name wpcf-field-select-name wpcf-field-tipology-name\">tipology:<\/span> <span class=\"wpcf-field-value wpcf-field-select-value wpcf-field-tipology-value\">hotel<\/span><\/div> | <div id=\"wpcf-field-architect\" class=\"wpcf-field-single-line wpcf-field-architect\"><span class=\"wpcf-field-name wpcf-field-single-line-name wpcf-field-architect-name\">architect:<\/span> <span class=\"wpcf-field-value wpcf-field-single-line-value wpcf-field-architect-value\">Arquitectonica<\/span><\/div> | <div id=\"wpcf-field-realization\" class=\"wpcf-field-number wpcf-field-realization\"><span class=\"wpcf-field-name wpcf-field-number-name wpcf-field-realization-name\">realization:<\/span> <span class=\"wpcf-field-value wpcf-field-number-value wpcf-field-realization-value\">2011<\/span><\/div>\n          <\/li>\n\t\t\n          <li>\n            \n          <div style=\"display:none\" class=\"wpv-addon-maps-marker js-wpv-addon-maps-marker js-wpv-addon-maps-marker-marker-85282 js-wpv-addon-maps-markerfor-map-1\" data-marker=\"marker-85282\" data-markertitle=\"Torre Begonias\" data-markerfor=\"map-1\" data-markerlat=\"-12.0941885\" data-markerlon=\"-77.0250908\" data-markericon=\"\/wp-content\/uploads\/sites\/6\/2017\/11\/area_marker_9.png\" data-markericonhover=\"\" data-streetview=\"no\" data-fromview=\"\">\n            <article class=\"marker-itinerario\">\n\t<div class=\"entry-thumbnail\">\n      \n      \n      \t<img loading=\"lazy\" decoding=\"async\" width=\"622\" height=\"850\" src=\"https:\/\/static.tecnichenuove.it\/areaarch\/2020\/04\/Torre-Begonias_f.jpg\" class=\"attachment-post-thumbnail size-post-thumbnail wp-post-image\" alt=\"\" srcset=\"https:\/\/static.tecnichenuove.it\/areaarch\/2020\/04\/Torre-Begonias_f.jpg 622w, https:\/\/static.tecnichenuove.it\/areaarch\/2020\/04\/Torre-Begonias_f-220x300.jpg 220w, https:\/\/static.tecnichenuove.it\/areaarch\/2020\/04\/Torre-Begonias_f-307x420.jpg 307w\" sizes=\"auto, (max-width: 622px) 100vw, 622px\" \/>\n      \t<img decoding=\"async\" src=\"https:\/\/www.area-arch.it\/wp-content\/uploads\/sites\/6\/2020\/04\/Torre-Begonias_d.png\" class=\"attachment-post-thumbnail\" \/>\n      \n\t<\/div>\n  \t<div class=\"entry-column\">\n      <h3 class=\"entry-title td-module-title\">Torre Begonias<\/h3>\n      <div class=\"td-excerpt\">\n            <div id=\"wpcf-field-tipology\" class=\"wpcf-field-select wpcf-field-tipology\"><span class=\"wpcf-field-name wpcf-field-select-name wpcf-field-tipology-name\">tipology:<\/span> <span class=\"wpcf-field-value wpcf-field-select-value wpcf-field-tipology-value\">mixed use<\/span><\/div>\n            <div id=\"wpcf-field-architect\" class=\"wpcf-field-single-line wpcf-field-architect\"><span class=\"wpcf-field-name wpcf-field-single-line-name wpcf-field-architect-name\">architect:<\/span> <span class=\"wpcf-field-value wpcf-field-single-line-value wpcf-field-architect-value\">Arquitectonica<\/span><\/div>\n            <div id=\"wpcf-field-realization\" class=\"wpcf-field-number wpcf-field-realization\"><span class=\"wpcf-field-name wpcf-field-number-name wpcf-field-realization-name\">realization:<\/span> <span class=\"wpcf-field-value wpcf-field-number-value wpcf-field-realization-value\">2013<\/span><\/div>\n            Calle Las Begonias, Distretto di San Isidro, Per\u00f9\n          <\/div>\n  <\/div>\n<\/article>\n          <\/div>\n            <h4><a href=\"#\" onclick=\"cimap();\" class=\"link-marker js-wpv-addon-maps-focus-map js-toolset-maps-hover-map-map-1-marker-marker-85282 js-toolset-maps-open-infowindow-map-map-1-marker-marker-85282\" data-map=\"map-1\" data-marker=\"marker-85282\">16. Torre Begonias<\/a><\/h4>\n            <div id=\"wpcf-field-tipology\" class=\"wpcf-field-select wpcf-field-tipology\"><span class=\"wpcf-field-name wpcf-field-select-name wpcf-field-tipology-name\">tipology:<\/span> <span class=\"wpcf-field-value wpcf-field-select-value wpcf-field-tipology-value\">mixed use<\/span><\/div> | <div id=\"wpcf-field-architect\" class=\"wpcf-field-single-line wpcf-field-architect\"><span class=\"wpcf-field-name wpcf-field-single-line-name wpcf-field-architect-name\">architect:<\/span> <span class=\"wpcf-field-value wpcf-field-single-line-value wpcf-field-architect-value\">Arquitectonica<\/span><\/div> | <div id=\"wpcf-field-realization\" class=\"wpcf-field-number wpcf-field-realization\"><span class=\"wpcf-field-name wpcf-field-number-name wpcf-field-realization-name\">realization:<\/span> <span class=\"wpcf-field-value wpcf-field-number-value wpcf-field-realization-value\">2013<\/span><\/div>\n          <\/li>\n\t\t\n          <li>\n            \n          <div style=\"display:none\" class=\"wpv-addon-maps-marker js-wpv-addon-maps-marker js-wpv-addon-maps-marker-marker-85285 js-wpv-addon-maps-markerfor-map-1\" data-marker=\"marker-85285\" data-markertitle=\"El Bosque boutiques\" data-markerfor=\"map-1\" data-markerlat=\"-12.0955463\" data-markerlon=\"-77.0338204\" data-markericon=\"\/wp-content\/uploads\/sites\/6\/2017\/11\/area_marker_3.png\" data-markericonhover=\"\" data-streetview=\"no\" data-fromview=\"\">\n            <article class=\"marker-itinerario\">\n\t<div class=\"entry-thumbnail\">\n      \n      \t<img loading=\"lazy\" decoding=\"async\" width=\"300\" height=\"203\" src=\"https:\/\/static.tecnichenuove.it\/areaarch\/2020\/04\/El-bosque-boutiques_f-300x203.jpg\" class=\"attachment-medium size-medium wp-post-image\" alt=\"\" srcset=\"https:\/\/static.tecnichenuove.it\/areaarch\/2020\/04\/El-bosque-boutiques_f-300x203.jpg 300w, https:\/\/static.tecnichenuove.it\/areaarch\/2020\/04\/El-bosque-boutiques_f-768x518.jpg 768w, https:\/\/static.tecnichenuove.it\/areaarch\/2020\/04\/El-bosque-boutiques_f-696x470.jpg 696w, https:\/\/static.tecnichenuove.it\/areaarch\/2020\/04\/El-bosque-boutiques_f-622x420.jpg 622w, https:\/\/static.tecnichenuove.it\/areaarch\/2020\/04\/El-bosque-boutiques_f.jpg 1000w\" sizes=\"auto, (max-width: 300px) 100vw, 300px\" \/>\n      \n      \n\t<\/div>\n  \t<div class=\"entry-column\">\n      <h3 class=\"entry-title td-module-title\">El Bosque boutiques<\/h3>\n      <div class=\"td-excerpt\">\n            <div id=\"wpcf-field-tipology\" class=\"wpcf-field-select wpcf-field-tipology\"><span class=\"wpcf-field-name wpcf-field-select-name wpcf-field-tipology-name\">tipology:<\/span> <span class=\"wpcf-field-value wpcf-field-select-value wpcf-field-tipology-value\">commercial<\/span><\/div>\n            <div id=\"wpcf-field-architect\" class=\"wpcf-field-single-line wpcf-field-architect\"><span class=\"wpcf-field-name wpcf-field-single-line-name wpcf-field-architect-name\">architect:<\/span> <span class=\"wpcf-field-value wpcf-field-single-line-value wpcf-field-architect-value\">Barclay &amp; Crousse Architecture<\/span><\/div>\n            <div id=\"wpcf-field-realization\" class=\"wpcf-field-number wpcf-field-realization\"><span class=\"wpcf-field-name wpcf-field-number-name wpcf-field-realization-name\">realization:<\/span> <span class=\"wpcf-field-value wpcf-field-number-value wpcf-field-realization-value\">2014<\/span><\/div>\n            Avenida El Bosque, San Isidro, Per\u00f9\n          <\/div>\n  <\/div>\n<\/article>\n          <\/div>\n            <h4><a href=\"#\" onclick=\"cimap();\" class=\"link-marker js-wpv-addon-maps-focus-map js-toolset-maps-hover-map-map-1-marker-marker-85285 js-toolset-maps-open-infowindow-map-map-1-marker-marker-85285\" data-map=\"map-1\" data-marker=\"marker-85285\">17. El Bosque boutiques<\/a><\/h4>\n            <div id=\"wpcf-field-tipology\" class=\"wpcf-field-select wpcf-field-tipology\"><span class=\"wpcf-field-name wpcf-field-select-name wpcf-field-tipology-name\">tipology:<\/span> <span class=\"wpcf-field-value wpcf-field-select-value wpcf-field-tipology-value\">commercial<\/span><\/div> | <div id=\"wpcf-field-architect\" class=\"wpcf-field-single-line wpcf-field-architect\"><span class=\"wpcf-field-name wpcf-field-single-line-name wpcf-field-architect-name\">architect:<\/span> <span class=\"wpcf-field-value wpcf-field-single-line-value wpcf-field-architect-value\">Barclay &amp; Crousse Architecture<\/span><\/div> | <div id=\"wpcf-field-realization\" class=\"wpcf-field-number wpcf-field-realization\"><span class=\"wpcf-field-name wpcf-field-number-name wpcf-field-realization-name\">realization:<\/span> <span class=\"wpcf-field-value wpcf-field-number-value wpcf-field-realization-value\">2014<\/span><\/div>\n          <\/li>\n\t\t\n          <li>\n            \n          <div style=\"display:none\" class=\"wpv-addon-maps-marker js-wpv-addon-maps-marker js-wpv-addon-maps-marker-marker-85287 js-wpv-addon-maps-markerfor-map-1\" data-marker=\"marker-85287\" data-markertitle=\"La Ponciana apartments\" data-markerfor=\"map-1\" data-markerlat=\"-12.0980548\" data-markerlon=\"-77.0362957\" data-markericon=\"\/wp-content\/uploads\/sites\/6\/2017\/11\/area_marker_13.png\" data-markericonhover=\"\" data-streetview=\"no\" data-fromview=\"\">\n            <article class=\"marker-itinerario\">\n\t<div class=\"entry-thumbnail\">\n      \n      \t<img loading=\"lazy\" decoding=\"async\" width=\"300\" height=\"205\" src=\"https:\/\/static.tecnichenuove.it\/areaarch\/2020\/04\/La-Ponciana_f-300x205.jpg\" class=\"attachment-medium size-medium wp-post-image\" alt=\"\" srcset=\"https:\/\/static.tecnichenuove.it\/areaarch\/2020\/04\/La-Ponciana_f-300x205.jpg 300w, https:\/\/static.tecnichenuove.it\/areaarch\/2020\/04\/La-Ponciana_f-768x525.jpg 768w, https:\/\/static.tecnichenuove.it\/areaarch\/2020\/04\/La-Ponciana_f-218x150.jpg 218w, https:\/\/static.tecnichenuove.it\/areaarch\/2020\/04\/La-Ponciana_f-436x300.jpg 436w, https:\/\/static.tecnichenuove.it\/areaarch\/2020\/04\/La-Ponciana_f-696x475.jpg 696w, https:\/\/static.tecnichenuove.it\/areaarch\/2020\/04\/La-Ponciana_f-615x420.jpg 615w, https:\/\/static.tecnichenuove.it\/areaarch\/2020\/04\/La-Ponciana_f.jpg 1000w\" sizes=\"auto, (max-width: 300px) 100vw, 300px\" \/>\n      \n      \n\t<\/div>\n  \t<div class=\"entry-column\">\n      <h3 class=\"entry-title td-module-title\">La Ponciana apartments<\/h3>\n      <div class=\"td-excerpt\">\n            <div id=\"wpcf-field-tipology\" class=\"wpcf-field-select wpcf-field-tipology\"><span class=\"wpcf-field-name wpcf-field-select-name wpcf-field-tipology-name\">tipology:<\/span> <span class=\"wpcf-field-value wpcf-field-select-value wpcf-field-tipology-value\">residential<\/span><\/div>\n            <div id=\"wpcf-field-architect\" class=\"wpcf-field-single-line wpcf-field-architect\"><span class=\"wpcf-field-name wpcf-field-single-line-name wpcf-field-architect-name\">architect:<\/span> <span class=\"wpcf-field-value wpcf-field-single-line-value wpcf-field-architect-value\">Barclay &amp; Crousse Architecture<\/span><\/div>\n            <div id=\"wpcf-field-realization\" class=\"wpcf-field-number wpcf-field-realization\"><span class=\"wpcf-field-name wpcf-field-number-name wpcf-field-realization-name\">realization:<\/span> <span class=\"wpcf-field-value wpcf-field-number-value wpcf-field-realization-value\">2015<\/span><\/div>\n            Ignacio Merino, Distretto di San Isidro, Per\u00f9\n          <\/div>\n  <\/div>\n<\/article>\n          <\/div>\n            <h4><a href=\"#\" onclick=\"cimap();\" class=\"link-marker js-wpv-addon-maps-focus-map js-toolset-maps-hover-map-map-1-marker-marker-85287 js-toolset-maps-open-infowindow-map-map-1-marker-marker-85287\" data-map=\"map-1\" data-marker=\"marker-85287\">18. La Ponciana apartments<\/a><\/h4>\n            <div id=\"wpcf-field-tipology\" class=\"wpcf-field-select wpcf-field-tipology\"><span class=\"wpcf-field-name wpcf-field-select-name wpcf-field-tipology-name\">tipology:<\/span> <span class=\"wpcf-field-value wpcf-field-select-value wpcf-field-tipology-value\">residential<\/span><\/div> | <div id=\"wpcf-field-architect\" class=\"wpcf-field-single-line wpcf-field-architect\"><span class=\"wpcf-field-name wpcf-field-single-line-name wpcf-field-architect-name\">architect:<\/span> <span class=\"wpcf-field-value wpcf-field-single-line-value wpcf-field-architect-value\">Barclay &amp; Crousse Architecture<\/span><\/div> | <div id=\"wpcf-field-realization\" class=\"wpcf-field-number wpcf-field-realization\"><span class=\"wpcf-field-name wpcf-field-number-name wpcf-field-realization-name\">realization:<\/span> <span class=\"wpcf-field-value wpcf-field-number-value wpcf-field-realization-value\">2015<\/span><\/div>\n          <\/li>\n\t\t\n          <li>\n            \n          <div style=\"display:none\" class=\"wpv-addon-maps-marker js-wpv-addon-maps-marker js-wpv-addon-maps-marker-marker-85289 js-wpv-addon-maps-markerfor-map-1\" data-marker=\"marker-85289\" data-markertitle=\"3G Houses\" data-markerfor=\"map-1\" data-markerlat=\"-12.0981579\" data-markerlon=\"-77.0402028\" data-markericon=\"\/wp-content\/uploads\/sites\/6\/2017\/11\/area_marker_13.png\" data-markericonhover=\"\" data-streetview=\"no\" data-fromview=\"\">\n            <article class=\"marker-itinerario\">\n\t<div class=\"entry-thumbnail\">\n      \n      \t<img loading=\"lazy\" decoding=\"async\" width=\"300\" height=\"181\" src=\"https:\/\/static.tecnichenuove.it\/areaarch\/2020\/04\/3G-houses_f-300x181.jpg\" class=\"attachment-medium size-medium wp-post-image\" alt=\"\" srcset=\"https:\/\/static.tecnichenuove.it\/areaarch\/2020\/04\/3G-houses_f-300x181.jpg 300w, https:\/\/static.tecnichenuove.it\/areaarch\/2020\/04\/3G-houses_f-768x463.jpg 768w, https:\/\/static.tecnichenuove.it\/areaarch\/2020\/04\/3G-houses_f-696x420.jpg 696w, https:\/\/static.tecnichenuove.it\/areaarch\/2020\/04\/3G-houses_f-697x420.jpg 697w, https:\/\/static.tecnichenuove.it\/areaarch\/2020\/04\/3G-houses_f.jpg 1000w\" sizes=\"auto, (max-width: 300px) 100vw, 300px\" \/>\n      \n      \n\t<\/div>\n  \t<div class=\"entry-column\">\n      <h3 class=\"entry-title td-module-title\">3G Houses<\/h3>\n      <div class=\"td-excerpt\">\n            <div id=\"wpcf-field-tipology\" class=\"wpcf-field-select wpcf-field-tipology\"><span class=\"wpcf-field-name wpcf-field-select-name wpcf-field-tipology-name\">tipology:<\/span> <span class=\"wpcf-field-value wpcf-field-select-value wpcf-field-tipology-value\">residential<\/span><\/div>\n            <div id=\"wpcf-field-architect\" class=\"wpcf-field-single-line wpcf-field-architect\"><span class=\"wpcf-field-name wpcf-field-single-line-name wpcf-field-architect-name\">architect:<\/span> <span class=\"wpcf-field-value wpcf-field-single-line-value wpcf-field-architect-value\">Barclay &amp; Crousse Architecture<\/span><\/div>\n            <div id=\"wpcf-field-realization\" class=\"wpcf-field-number wpcf-field-realization\"><span class=\"wpcf-field-name wpcf-field-number-name wpcf-field-realization-name\">realization:<\/span> <span class=\"wpcf-field-value wpcf-field-number-value wpcf-field-realization-value\">2009<\/span><\/div>\n            Calle Choquehuanca, Distretto di San Isidro, Per\u00f9\n          <\/div>\n  <\/div>\n<\/article>\n          <\/div>\n            <h4><a href=\"#\" onclick=\"cimap();\" class=\"link-marker js-wpv-addon-maps-focus-map js-toolset-maps-hover-map-map-1-marker-marker-85289 js-toolset-maps-open-infowindow-map-map-1-marker-marker-85289\" data-map=\"map-1\" data-marker=\"marker-85289\">19. 3G Houses<\/a><\/h4>\n            <div id=\"wpcf-field-tipology\" class=\"wpcf-field-select wpcf-field-tipology\"><span class=\"wpcf-field-name wpcf-field-select-name wpcf-field-tipology-name\">tipology:<\/span> <span class=\"wpcf-field-value wpcf-field-select-value wpcf-field-tipology-value\">residential<\/span><\/div> | <div id=\"wpcf-field-architect\" class=\"wpcf-field-single-line wpcf-field-architect\"><span class=\"wpcf-field-name wpcf-field-single-line-name wpcf-field-architect-name\">architect:<\/span> <span class=\"wpcf-field-value wpcf-field-single-line-value wpcf-field-architect-value\">Barclay &amp; Crousse Architecture<\/span><\/div> | <div id=\"wpcf-field-realization\" class=\"wpcf-field-number wpcf-field-realization\"><span class=\"wpcf-field-name wpcf-field-number-name wpcf-field-realization-name\">realization:<\/span> <span class=\"wpcf-field-value wpcf-field-number-value wpcf-field-realization-value\">2009<\/span><\/div>\n          <\/li>\n\t\t\n          <li>\n            \n          <div style=\"display:none\" class=\"wpv-addon-maps-marker js-wpv-addon-maps-marker js-wpv-addon-maps-marker-marker-85291 js-wpv-addon-maps-markerfor-map-1\" data-marker=\"marker-85291\" data-markertitle=\"El Olivar Townhouse\" data-markerfor=\"map-1\" data-markerlat=\"-12.1021421\" data-markerlon=\"-77.0359407\" data-markericon=\"\/wp-content\/uploads\/sites\/6\/2017\/11\/area_marker_13.png\" data-markericonhover=\"\" data-streetview=\"no\" data-fromview=\"\">\n            <article class=\"marker-itinerario\">\n\t<div class=\"entry-thumbnail\">\n      \n      \n      \t<img loading=\"lazy\" decoding=\"async\" width=\"681\" height=\"984\" src=\"https:\/\/static.tecnichenuove.it\/areaarch\/2020\/04\/El-olivar_f.jpg\" class=\"attachment-post-thumbnail size-post-thumbnail wp-post-image\" alt=\"\" srcset=\"https:\/\/static.tecnichenuove.it\/areaarch\/2020\/04\/El-olivar_f.jpg 681w, https:\/\/static.tecnichenuove.it\/areaarch\/2020\/04\/El-olivar_f-208x300.jpg 208w, https:\/\/static.tecnichenuove.it\/areaarch\/2020\/04\/El-olivar_f-291x420.jpg 291w\" sizes=\"auto, (max-width: 681px) 100vw, 681px\" \/>\n      \t<img decoding=\"async\" src=\"https:\/\/www.area-arch.it\/wp-content\/uploads\/sites\/6\/2020\/04\/El-olivar_d.jpg\" class=\"attachment-post-thumbnail\" \/>\n      \n\t<\/div>\n  \t<div class=\"entry-column\">\n      <h3 class=\"entry-title td-module-title\">El Olivar Townhouse<\/h3>\n      <div class=\"td-excerpt\">\n            <div id=\"wpcf-field-tipology\" class=\"wpcf-field-select wpcf-field-tipology\"><span class=\"wpcf-field-name wpcf-field-select-name wpcf-field-tipology-name\">tipology:<\/span> <span class=\"wpcf-field-value wpcf-field-select-value wpcf-field-tipology-value\">residential<\/span><\/div>\n            <div id=\"wpcf-field-architect\" class=\"wpcf-field-single-line wpcf-field-architect\"><span class=\"wpcf-field-name wpcf-field-single-line-name wpcf-field-architect-name\">architect:<\/span> <span class=\"wpcf-field-value wpcf-field-single-line-value wpcf-field-architect-value\">Barclay &amp; Crousse Architecture<\/span><\/div>\n            <div id=\"wpcf-field-realization\" class=\"wpcf-field-number wpcf-field-realization\"><span class=\"wpcf-field-name wpcf-field-number-name wpcf-field-realization-name\">realization:<\/span> <span class=\"wpcf-field-value wpcf-field-number-value wpcf-field-realization-value\">2012<\/span><\/div>\n            Calle La Republica, Distretto di San Isidro, Per\u00f9\n          <\/div>\n  <\/div>\n<\/article>\n          <\/div>\n            <h4><a href=\"#\" onclick=\"cimap();\" class=\"link-marker js-wpv-addon-maps-focus-map js-toolset-maps-hover-map-map-1-marker-marker-85291 js-toolset-maps-open-infowindow-map-map-1-marker-marker-85291\" data-map=\"map-1\" data-marker=\"marker-85291\">20. El Olivar Townhouse<\/a><\/h4>\n            <div id=\"wpcf-field-tipology\" class=\"wpcf-field-select wpcf-field-tipology\"><span class=\"wpcf-field-name wpcf-field-select-name wpcf-field-tipology-name\">tipology:<\/span> <span class=\"wpcf-field-value wpcf-field-select-value wpcf-field-tipology-value\">residential<\/span><\/div> | <div id=\"wpcf-field-architect\" class=\"wpcf-field-single-line wpcf-field-architect\"><span class=\"wpcf-field-name wpcf-field-single-line-name wpcf-field-architect-name\">architect:<\/span> <span class=\"wpcf-field-value wpcf-field-single-line-value wpcf-field-architect-value\">Barclay &amp; Crousse Architecture<\/span><\/div> | <div id=\"wpcf-field-realization\" class=\"wpcf-field-number wpcf-field-realization\"><span class=\"wpcf-field-name wpcf-field-number-name wpcf-field-realization-name\">realization:<\/span> <span class=\"wpcf-field-value wpcf-field-number-value wpcf-field-realization-value\">2012<\/span><\/div>\n          <\/li>\n\t\t\n          <li>\n            \n          <div style=\"display:none\" class=\"wpv-addon-maps-marker js-wpv-addon-maps-marker js-wpv-addon-maps-marker-marker-85294 js-wpv-addon-maps-markerfor-map-1\" data-marker=\"marker-85294\" data-markertitle=\"NM Lima Hotel renovation and extension\" data-markerfor=\"map-1\" data-markerlat=\"-12.1072211\" data-markerlon=\"-77.0371642\" data-markericon=\"\/wp-content\/uploads\/sites\/6\/2017\/11\/area_marker_7.png\" data-markericonhover=\"\" data-streetview=\"no\" data-fromview=\"\">\n            <article class=\"marker-itinerario\">\n\t<div class=\"entry-thumbnail\">\n      \n      \t<img loading=\"lazy\" decoding=\"async\" width=\"300\" height=\"263\" src=\"https:\/\/static.tecnichenuove.it\/areaarch\/2020\/04\/NM-Lima-Hotel_f1-300x263.jpg\" class=\"attachment-medium size-medium wp-post-image\" alt=\"\" srcset=\"https:\/\/static.tecnichenuove.it\/areaarch\/2020\/04\/NM-Lima-Hotel_f1-300x263.jpg 300w, https:\/\/static.tecnichenuove.it\/areaarch\/2020\/04\/NM-Lima-Hotel_f1-768x672.jpg 768w, https:\/\/static.tecnichenuove.it\/areaarch\/2020\/04\/NM-Lima-Hotel_f1-696x609.jpg 696w, https:\/\/static.tecnichenuove.it\/areaarch\/2020\/04\/NM-Lima-Hotel_f1-480x420.jpg 480w, https:\/\/static.tecnichenuove.it\/areaarch\/2020\/04\/NM-Lima-Hotel_f1.jpg 1000w\" sizes=\"auto, (max-width: 300px) 100vw, 300px\" \/>\n      \n      \n\t<\/div>\n  \t<div class=\"entry-column\">\n      <h3 class=\"entry-title td-module-title\">NM Lima Hotel renovation and extension<\/h3>\n      <div class=\"td-excerpt\">\n            <div id=\"wpcf-field-tipology\" class=\"wpcf-field-select wpcf-field-tipology\"><span class=\"wpcf-field-name wpcf-field-select-name wpcf-field-tipology-name\">tipology:<\/span> <span class=\"wpcf-field-value wpcf-field-select-value wpcf-field-tipology-value\">hotel<\/span><\/div>\n            <div id=\"wpcf-field-architect\" class=\"wpcf-field-single-line wpcf-field-architect\"><span class=\"wpcf-field-name wpcf-field-single-line-name wpcf-field-architect-name\">architect:<\/span> <span class=\"wpcf-field-value wpcf-field-single-line-value wpcf-field-architect-value\">51-1 Arquitectos<\/span><\/div>\n            <div id=\"wpcf-field-realization\" class=\"wpcf-field-number wpcf-field-realization\"><span class=\"wpcf-field-name wpcf-field-number-name wpcf-field-realization-name\">realization:<\/span> <span class=\"wpcf-field-value wpcf-field-number-value wpcf-field-realization-value\">2010<\/span><\/div>\n            Avenida Pardo y Aliaga, Distretto di San Isidro, Per\u00f9\n          <\/div>\n  <\/div>\n<\/article>\n          <\/div>\n            <h4><a href=\"#\" onclick=\"cimap();\" class=\"link-marker js-wpv-addon-maps-focus-map js-toolset-maps-hover-map-map-1-marker-marker-85294 js-toolset-maps-open-infowindow-map-map-1-marker-marker-85294\" data-map=\"map-1\" data-marker=\"marker-85294\">21. NM Lima Hotel renovation and extension<\/a><\/h4>\n            <div id=\"wpcf-field-tipology\" class=\"wpcf-field-select wpcf-field-tipology\"><span class=\"wpcf-field-name wpcf-field-select-name wpcf-field-tipology-name\">tipology:<\/span> <span class=\"wpcf-field-value wpcf-field-select-value wpcf-field-tipology-value\">hotel<\/span><\/div> | <div id=\"wpcf-field-architect\" class=\"wpcf-field-single-line wpcf-field-architect\"><span class=\"wpcf-field-name wpcf-field-single-line-name wpcf-field-architect-name\">architect:<\/span> <span class=\"wpcf-field-value wpcf-field-single-line-value wpcf-field-architect-value\">51-1 Arquitectos<\/span><\/div> | <div id=\"wpcf-field-realization\" class=\"wpcf-field-number wpcf-field-realization\"><span class=\"wpcf-field-name wpcf-field-number-name wpcf-field-realization-name\">realization:<\/span> <span class=\"wpcf-field-value wpcf-field-number-value wpcf-field-realization-value\">2010<\/span><\/div>\n          <\/li>\n\t\t\n          <li>\n            \n          <div style=\"display:none\" class=\"wpv-addon-maps-marker js-wpv-addon-maps-marker js-wpv-addon-maps-marker-marker-85296 js-wpv-addon-maps-markerfor-map-1\" data-marker=\"marker-85296\" data-markertitle=\"Lungar de la Memoria\" data-markerfor=\"map-1\" data-markerlat=\"-12.1096638\" data-markerlon=\"-77.0542179\" data-markericon=\"\/wp-content\/uploads\/sites\/6\/2017\/11\/area_marker_10.png\" data-markericonhover=\"\" data-streetview=\"no\" data-fromview=\"\">\n            <article class=\"marker-itinerario\">\n\t<div class=\"entry-thumbnail\">\n      \n      \t<img loading=\"lazy\" decoding=\"async\" width=\"200\" height=\"300\" src=\"https:\/\/static.tecnichenuove.it\/areaarch\/2020\/04\/lugar-de-la-memoria_f-200x300.jpg\" class=\"attachment-medium size-medium wp-post-image\" alt=\"\" srcset=\"https:\/\/static.tecnichenuove.it\/areaarch\/2020\/04\/lugar-de-la-memoria_f-200x300.jpg 200w, https:\/\/static.tecnichenuove.it\/areaarch\/2020\/04\/lugar-de-la-memoria_f-682x1024.jpg 682w, https:\/\/static.tecnichenuove.it\/areaarch\/2020\/04\/lugar-de-la-memoria_f-768x1152.jpg 768w, https:\/\/static.tecnichenuove.it\/areaarch\/2020\/04\/lugar-de-la-memoria_f-696x1044.jpg 696w, https:\/\/static.tecnichenuove.it\/areaarch\/2020\/04\/lugar-de-la-memoria_f-280x420.jpg 280w, https:\/\/static.tecnichenuove.it\/areaarch\/2020\/04\/lugar-de-la-memoria_f.jpg 853w\" sizes=\"auto, (max-width: 200px) 100vw, 200px\" \/>\n      \n      \n\t<\/div>\n  \t<div class=\"entry-column\">\n      <h3 class=\"entry-title td-module-title\">Lungar de la Memoria<\/h3>\n      <div class=\"td-excerpt\">\n            <div id=\"wpcf-field-tipology\" class=\"wpcf-field-select wpcf-field-tipology\"><span class=\"wpcf-field-name wpcf-field-select-name wpcf-field-tipology-name\">tipology:<\/span> <span class=\"wpcf-field-value wpcf-field-select-value wpcf-field-tipology-value\">museum<\/span><\/div>\n            <div id=\"wpcf-field-architect\" class=\"wpcf-field-single-line wpcf-field-architect\"><span class=\"wpcf-field-name wpcf-field-single-line-name wpcf-field-architect-name\">architect:<\/span> <span class=\"wpcf-field-value wpcf-field-single-line-value wpcf-field-architect-value\">Barclay &amp; Crousse Architecture<\/span><\/div>\n            <div id=\"wpcf-field-realization\" class=\"wpcf-field-number wpcf-field-realization\"><span class=\"wpcf-field-name wpcf-field-number-name wpcf-field-realization-name\">realization:<\/span> <span class=\"wpcf-field-value wpcf-field-number-value wpcf-field-realization-value\">2013<\/span><\/div>\n            Bajada Los Delfines, Distretto di San Isidro, Per\u00f9\n          <\/div>\n  <\/div>\n<\/article>\n          <\/div>\n            <h4><a href=\"#\" onclick=\"cimap();\" class=\"link-marker js-wpv-addon-maps-focus-map js-toolset-maps-hover-map-map-1-marker-marker-85296 js-toolset-maps-open-infowindow-map-map-1-marker-marker-85296\" data-map=\"map-1\" data-marker=\"marker-85296\">22. Lungar de la Memoria<\/a><\/h4>\n            <div id=\"wpcf-field-tipology\" class=\"wpcf-field-select wpcf-field-tipology\"><span class=\"wpcf-field-name wpcf-field-select-name wpcf-field-tipology-name\">tipology:<\/span> <span class=\"wpcf-field-value wpcf-field-select-value wpcf-field-tipology-value\">museum<\/span><\/div> | <div id=\"wpcf-field-architect\" class=\"wpcf-field-single-line wpcf-field-architect\"><span class=\"wpcf-field-name wpcf-field-single-line-name wpcf-field-architect-name\">architect:<\/span> <span class=\"wpcf-field-value wpcf-field-single-line-value wpcf-field-architect-value\">Barclay &amp; Crousse Architecture<\/span><\/div> | <div id=\"wpcf-field-realization\" class=\"wpcf-field-number wpcf-field-realization\"><span class=\"wpcf-field-name wpcf-field-number-name wpcf-field-realization-name\">realization:<\/span> <span class=\"wpcf-field-value wpcf-field-number-value wpcf-field-realization-value\">2013<\/span><\/div>\n          <\/li>\n\t\t\n          <li>\n            \n          <div style=\"display:none\" class=\"wpv-addon-maps-marker js-wpv-addon-maps-marker js-wpv-addon-maps-marker-marker-85298 js-wpv-addon-maps-markerfor-map-1\" data-marker=\"marker-85298\" data-markertitle=\"Restaurante Pescados Capitales\" data-markerfor=\"map-1\" data-markerlat=\"-12.1140106\" data-markerlon=\"-77.044973\" data-markericon=\"\/wp-content\/uploads\/sites\/6\/2017\/11\/area_marker_3.png\" data-markericonhover=\"\" data-streetview=\"no\" data-fromview=\"\">\n            <article class=\"marker-itinerario\">\n\t<div class=\"entry-thumbnail\">\n      \n      \n      \t<img loading=\"lazy\" decoding=\"async\" width=\"1114\" height=\"743\" src=\"https:\/\/static.tecnichenuove.it\/areaarch\/2020\/04\/Restaurante-Pescados-Capitales_f1.jpg\" class=\"attachment-post-thumbnail size-post-thumbnail wp-post-image\" alt=\"\" srcset=\"https:\/\/static.tecnichenuove.it\/areaarch\/2020\/04\/Restaurante-Pescados-Capitales_f1.jpg 1114w, https:\/\/static.tecnichenuove.it\/areaarch\/2020\/04\/Restaurante-Pescados-Capitales_f1-300x200.jpg 300w, https:\/\/static.tecnichenuove.it\/areaarch\/2020\/04\/Restaurante-Pescados-Capitales_f1-1024x683.jpg 1024w, https:\/\/static.tecnichenuove.it\/areaarch\/2020\/04\/Restaurante-Pescados-Capitales_f1-150x100.jpg 150w, https:\/\/static.tecnichenuove.it\/areaarch\/2020\/04\/Restaurante-Pescados-Capitales_f1-768x512.jpg 768w, https:\/\/static.tecnichenuove.it\/areaarch\/2020\/04\/Restaurante-Pescados-Capitales_f1-696x464.jpg 696w, https:\/\/static.tecnichenuove.it\/areaarch\/2020\/04\/Restaurante-Pescados-Capitales_f1-1068x712.jpg 1068w, https:\/\/static.tecnichenuove.it\/areaarch\/2020\/04\/Restaurante-Pescados-Capitales_f1-630x420.jpg 630w\" sizes=\"auto, (max-width: 1114px) 100vw, 1114px\" \/>\n      \t<img decoding=\"async\" src=\"https:\/\/www.area-arch.it\/wp-content\/uploads\/sites\/6\/2020\/04\/Restaurante-Pescados-Capitales_d2.jpg\" class=\"attachment-post-thumbnail\" \/>\n      \n\t<\/div>\n  \t<div class=\"entry-column\">\n      <h3 class=\"entry-title td-module-title\">Restaurante Pescados Capitales<\/h3>\n      <div class=\"td-excerpt\">\n            <div id=\"wpcf-field-tipology\" class=\"wpcf-field-select wpcf-field-tipology\"><span class=\"wpcf-field-name wpcf-field-select-name wpcf-field-tipology-name\">tipology:<\/span> <span class=\"wpcf-field-value wpcf-field-select-value wpcf-field-tipology-value\">commercial<\/span><\/div>\n            <div id=\"wpcf-field-architect\" class=\"wpcf-field-single-line wpcf-field-architect\"><span class=\"wpcf-field-name wpcf-field-single-line-name wpcf-field-architect-name\">architect:<\/span> <span class=\"wpcf-field-value wpcf-field-single-line-value wpcf-field-architect-value\">Gonzalez Moix Arquitectura<\/span><\/div>\n            <div id=\"wpcf-field-realization\" class=\"wpcf-field-number wpcf-field-realization\"><span class=\"wpcf-field-name wpcf-field-number-name wpcf-field-realization-name\">realization:<\/span> <span class=\"wpcf-field-value wpcf-field-number-value wpcf-field-realization-value\">2012<\/span><\/div>\n            Avenida Mariscal La Mar, Distretto di Miraflores, Per\u00f9\n          <\/div>\n  <\/div>\n<\/article>\n          <\/div>\n            <h4><a href=\"#\" onclick=\"cimap();\" class=\"link-marker js-wpv-addon-maps-focus-map js-toolset-maps-hover-map-map-1-marker-marker-85298 js-toolset-maps-open-infowindow-map-map-1-marker-marker-85298\" data-map=\"map-1\" data-marker=\"marker-85298\">23. Restaurante Pescados Capitales<\/a><\/h4>\n            <div id=\"wpcf-field-tipology\" class=\"wpcf-field-select wpcf-field-tipology\"><span class=\"wpcf-field-name wpcf-field-select-name wpcf-field-tipology-name\">tipology:<\/span> <span class=\"wpcf-field-value wpcf-field-select-value wpcf-field-tipology-value\">commercial<\/span><\/div> | <div id=\"wpcf-field-architect\" class=\"wpcf-field-single-line wpcf-field-architect\"><span class=\"wpcf-field-name wpcf-field-single-line-name wpcf-field-architect-name\">architect:<\/span> <span class=\"wpcf-field-value wpcf-field-single-line-value wpcf-field-architect-value\">Gonzalez Moix Arquitectura<\/span><\/div> | <div id=\"wpcf-field-realization\" class=\"wpcf-field-number wpcf-field-realization\"><span class=\"wpcf-field-name wpcf-field-number-name wpcf-field-realization-name\">realization:<\/span> <span class=\"wpcf-field-value wpcf-field-number-value wpcf-field-realization-value\">2012<\/span><\/div>\n          <\/li>\n\t\t\n          <li>\n            \n          <div style=\"display:none\" class=\"wpv-addon-maps-marker js-wpv-addon-maps-marker js-wpv-addon-maps-marker-marker-85301 js-wpv-addon-maps-markerfor-map-1\" data-marker=\"marker-85301\" data-markertitle=\"Edificio Morphology\" data-markerfor=\"map-1\" data-markerlat=\"-12.1140106\" data-markerlon=\"-77.044973\" data-markericon=\"\/wp-content\/uploads\/sites\/6\/2017\/11\/area_marker_9.png\" data-markericonhover=\"\" data-streetview=\"no\" data-fromview=\"\">\n            <article class=\"marker-itinerario\">\n\t<div class=\"entry-thumbnail\">\n      \n      \n      \t<img loading=\"lazy\" decoding=\"async\" width=\"686\" height=\"1280\" src=\"https:\/\/static.tecnichenuove.it\/areaarch\/2020\/04\/Edificio-Morphology_f1.jpg\" class=\"attachment-post-thumbnail size-post-thumbnail wp-post-image\" alt=\"\" srcset=\"https:\/\/static.tecnichenuove.it\/areaarch\/2020\/04\/Edificio-Morphology_f1.jpg 686w, https:\/\/static.tecnichenuove.it\/areaarch\/2020\/04\/Edificio-Morphology_f1-161x300.jpg 161w, https:\/\/static.tecnichenuove.it\/areaarch\/2020\/04\/Edificio-Morphology_f1-549x1024.jpg 549w, https:\/\/static.tecnichenuove.it\/areaarch\/2020\/04\/Edificio-Morphology_f1-225x420.jpg 225w\" sizes=\"auto, (max-width: 686px) 100vw, 686px\" \/>\n      \t<img decoding=\"async\" src=\"https:\/\/www.area-arch.it\/wp-content\/uploads\/sites\/6\/2020\/04\/Edificio-Morphology_d1.jpg\" class=\"attachment-post-thumbnail\" \/>\n      \n\t<\/div>\n  \t<div class=\"entry-column\">\n      <h3 class=\"entry-title td-module-title\">Edificio Morphology<\/h3>\n      <div class=\"td-excerpt\">\n            <div id=\"wpcf-field-tipology\" class=\"wpcf-field-select wpcf-field-tipology\"><span class=\"wpcf-field-name wpcf-field-select-name wpcf-field-tipology-name\">tipology:<\/span> <span class=\"wpcf-field-value wpcf-field-select-value wpcf-field-tipology-value\">mixed use<\/span><\/div>\n            <div id=\"wpcf-field-architect\" class=\"wpcf-field-single-line wpcf-field-architect\"><span class=\"wpcf-field-name wpcf-field-single-line-name wpcf-field-architect-name\">architect:<\/span> <span class=\"wpcf-field-value wpcf-field-single-line-value wpcf-field-architect-value\">Nomena Arquitectura, Talia Valdez<\/span><\/div>\n            <div id=\"wpcf-field-realization\" class=\"wpcf-field-number wpcf-field-realization\"><span class=\"wpcf-field-name wpcf-field-number-name wpcf-field-realization-name\">realization:<\/span> <span class=\"wpcf-field-value wpcf-field-number-value wpcf-field-realization-value\">2016<\/span><\/div>\n            Avenida Mariscal La Mar, Distretto di Miraflores, Per\u00f9\n          <\/div>\n  <\/div>\n<\/article>\n          <\/div>\n            <h4><a href=\"#\" onclick=\"cimap();\" class=\"link-marker js-wpv-addon-maps-focus-map js-toolset-maps-hover-map-map-1-marker-marker-85301 js-toolset-maps-open-infowindow-map-map-1-marker-marker-85301\" data-map=\"map-1\" data-marker=\"marker-85301\">24. Edificio Morphology<\/a><\/h4>\n            <div id=\"wpcf-field-tipology\" class=\"wpcf-field-select wpcf-field-tipology\"><span class=\"wpcf-field-name wpcf-field-select-name wpcf-field-tipology-name\">tipology:<\/span> <span class=\"wpcf-field-value wpcf-field-select-value wpcf-field-tipology-value\">mixed use<\/span><\/div> | <div id=\"wpcf-field-architect\" class=\"wpcf-field-single-line wpcf-field-architect\"><span class=\"wpcf-field-name wpcf-field-single-line-name wpcf-field-architect-name\">architect:<\/span> <span class=\"wpcf-field-value wpcf-field-single-line-value wpcf-field-architect-value\">Nomena Arquitectura, Talia Valdez<\/span><\/div> | <div id=\"wpcf-field-realization\" class=\"wpcf-field-number wpcf-field-realization\"><span class=\"wpcf-field-name wpcf-field-number-name wpcf-field-realization-name\">realization:<\/span> <span class=\"wpcf-field-value wpcf-field-number-value wpcf-field-realization-value\">2016<\/span><\/div>\n          <\/li>\n\t\t\n          <li>\n            \n          <div style=\"display:none\" class=\"wpv-addon-maps-marker js-wpv-addon-maps-marker js-wpv-addon-maps-marker-marker-85304 js-wpv-addon-maps-markerfor-map-1\" data-marker=\"marker-85304\" data-markertitle=\"Restaurante El Mercado\" data-markerfor=\"map-1\" data-markerlat=\"-12.1111114\" data-markerlon=\"-77.0484778\" data-markericon=\"\/wp-content\/uploads\/sites\/6\/2017\/11\/area_marker_3.png\" data-markericonhover=\"\" data-streetview=\"no\" data-fromview=\"\">\n            <article class=\"marker-itinerario\">\n\t<div class=\"entry-thumbnail\">\n      \n      \n      \t<img loading=\"lazy\" decoding=\"async\" width=\"1000\" height=\"665\" src=\"https:\/\/static.tecnichenuove.it\/areaarch\/2020\/04\/Restaurante-El-mercado_f2.jpg\" class=\"attachment-post-thumbnail size-post-thumbnail wp-post-image\" alt=\"\" srcset=\"https:\/\/static.tecnichenuove.it\/areaarch\/2020\/04\/Restaurante-El-mercado_f2.jpg 1000w, https:\/\/static.tecnichenuove.it\/areaarch\/2020\/04\/Restaurante-El-mercado_f2-300x200.jpg 300w, https:\/\/static.tecnichenuove.it\/areaarch\/2020\/04\/Restaurante-El-mercado_f2-150x100.jpg 150w, https:\/\/static.tecnichenuove.it\/areaarch\/2020\/04\/Restaurante-El-mercado_f2-768x511.jpg 768w, https:\/\/static.tecnichenuove.it\/areaarch\/2020\/04\/Restaurante-El-mercado_f2-696x463.jpg 696w, https:\/\/static.tecnichenuove.it\/areaarch\/2020\/04\/Restaurante-El-mercado_f2-632x420.jpg 632w\" sizes=\"auto, (max-width: 1000px) 100vw, 1000px\" \/>\n      \t<img decoding=\"async\" src=\"https:\/\/www.area-arch.it\/wp-content\/uploads\/sites\/6\/2020\/04\/Restaurante-El-mercado_d1.jpg\" class=\"attachment-post-thumbnail\" \/>\n      \n\t<\/div>\n  \t<div class=\"entry-column\">\n      <h3 class=\"entry-title td-module-title\">Restaurante El Mercado<\/h3>\n      <div class=\"td-excerpt\">\n            <div id=\"wpcf-field-tipology\" class=\"wpcf-field-select wpcf-field-tipology\"><span class=\"wpcf-field-name wpcf-field-select-name wpcf-field-tipology-name\">tipology:<\/span> <span class=\"wpcf-field-value wpcf-field-select-value wpcf-field-tipology-value\">commercial<\/span><\/div>\n            <div id=\"wpcf-field-architect\" class=\"wpcf-field-single-line wpcf-field-architect\"><span class=\"wpcf-field-name wpcf-field-single-line-name wpcf-field-architect-name\">architect:<\/span> <span class=\"wpcf-field-value wpcf-field-single-line-value wpcf-field-architect-value\">Oz Arq<\/span><\/div>\n            <div id=\"wpcf-field-realization\" class=\"wpcf-field-number wpcf-field-realization\"><span class=\"wpcf-field-name wpcf-field-number-name wpcf-field-realization-name\">realization:<\/span> <span class=\"wpcf-field-value wpcf-field-number-value wpcf-field-realization-value\">2010<\/span><\/div>\n            Avenida Hip\u00f3lito Unanue, Distretto di Miraflores, Per\u00f9\n          <\/div>\n  <\/div>\n<\/article>\n          <\/div>\n            <h4><a href=\"#\" onclick=\"cimap();\" class=\"link-marker js-wpv-addon-maps-focus-map js-toolset-maps-hover-map-map-1-marker-marker-85304 js-toolset-maps-open-infowindow-map-map-1-marker-marker-85304\" data-map=\"map-1\" data-marker=\"marker-85304\">25. Restaurante El Mercado<\/a><\/h4>\n            <div id=\"wpcf-field-tipology\" class=\"wpcf-field-select wpcf-field-tipology\"><span class=\"wpcf-field-name wpcf-field-select-name wpcf-field-tipology-name\">tipology:<\/span> <span class=\"wpcf-field-value wpcf-field-select-value wpcf-field-tipology-value\">commercial<\/span><\/div> | <div id=\"wpcf-field-architect\" class=\"wpcf-field-single-line wpcf-field-architect\"><span class=\"wpcf-field-name wpcf-field-single-line-name wpcf-field-architect-name\">architect:<\/span> <span class=\"wpcf-field-value wpcf-field-single-line-value wpcf-field-architect-value\">Oz Arq<\/span><\/div> | <div id=\"wpcf-field-realization\" class=\"wpcf-field-number wpcf-field-realization\"><span class=\"wpcf-field-name wpcf-field-number-name wpcf-field-realization-name\">realization:<\/span> <span class=\"wpcf-field-value wpcf-field-number-value wpcf-field-realization-value\">2010<\/span><\/div>\n          <\/li>\n\t\t\n          <li>\n            \n          <div style=\"display:none\" class=\"wpv-addon-maps-marker js-wpv-addon-maps-marker js-wpv-addon-maps-marker-marker-85307 js-wpv-addon-maps-markerfor-map-1\" data-marker=\"marker-85307\" data-markertitle=\"UN Park apartments\" data-markerfor=\"map-1\" data-markerlat=\"-12.1140777\" data-markerlon=\"-77.0380382\" data-markericon=\"\/wp-content\/uploads\/sites\/6\/2017\/11\/area_marker_13.png\" data-markericonhover=\"\" data-streetview=\"no\" data-fromview=\"\">\n            <article class=\"marker-itinerario\">\n\t<div class=\"entry-thumbnail\">\n      \n      \t<img loading=\"lazy\" decoding=\"async\" width=\"300\" height=\"204\" src=\"https:\/\/static.tecnichenuove.it\/areaarch\/2020\/04\/UN-park-apartments_f-300x204.jpg\" class=\"attachment-medium size-medium wp-post-image\" alt=\"\" srcset=\"https:\/\/static.tecnichenuove.it\/areaarch\/2020\/04\/UN-park-apartments_f-300x204.jpg 300w, https:\/\/static.tecnichenuove.it\/areaarch\/2020\/04\/UN-park-apartments_f-768x521.jpg 768w, https:\/\/static.tecnichenuove.it\/areaarch\/2020\/04\/UN-park-apartments_f-696x473.jpg 696w, https:\/\/static.tecnichenuove.it\/areaarch\/2020\/04\/UN-park-apartments_f-619x420.jpg 619w, https:\/\/static.tecnichenuove.it\/areaarch\/2020\/04\/UN-park-apartments_f.jpg 1000w\" sizes=\"auto, (max-width: 300px) 100vw, 300px\" \/>\n      \n      \n\t<\/div>\n  \t<div class=\"entry-column\">\n      <h3 class=\"entry-title td-module-title\">UN Park apartments<\/h3>\n      <div class=\"td-excerpt\">\n            <div id=\"wpcf-field-tipology\" class=\"wpcf-field-select wpcf-field-tipology\"><span class=\"wpcf-field-name wpcf-field-select-name wpcf-field-tipology-name\">tipology:<\/span> <span class=\"wpcf-field-value wpcf-field-select-value wpcf-field-tipology-value\">residential<\/span><\/div>\n            <div id=\"wpcf-field-architect\" class=\"wpcf-field-single-line wpcf-field-architect\"><span class=\"wpcf-field-name wpcf-field-single-line-name wpcf-field-architect-name\">architect:<\/span> <span class=\"wpcf-field-value wpcf-field-single-line-value wpcf-field-architect-value\">Barclay &amp; Crousse Architecture<\/span><\/div>\n            <div id=\"wpcf-field-realization\" class=\"wpcf-field-number wpcf-field-realization\"><span class=\"wpcf-field-name wpcf-field-number-name wpcf-field-realization-name\">realization:<\/span> <span class=\"wpcf-field-value wpcf-field-number-value wpcf-field-realization-value\">2017<\/span><\/div>\n            Avenida Angamos Oeste, Per\u00f9\n          <\/div>\n  <\/div>\n<\/article>\n          <\/div>\n            <h4><a href=\"#\" onclick=\"cimap();\" class=\"link-marker js-wpv-addon-maps-focus-map js-toolset-maps-hover-map-map-1-marker-marker-85307 js-toolset-maps-open-infowindow-map-map-1-marker-marker-85307\" data-map=\"map-1\" data-marker=\"marker-85307\">26. UN Park apartments<\/a><\/h4>\n            <div id=\"wpcf-field-tipology\" class=\"wpcf-field-select wpcf-field-tipology\"><span class=\"wpcf-field-name wpcf-field-select-name wpcf-field-tipology-name\">tipology:<\/span> <span class=\"wpcf-field-value wpcf-field-select-value wpcf-field-tipology-value\">residential<\/span><\/div> | <div id=\"wpcf-field-architect\" class=\"wpcf-field-single-line wpcf-field-architect\"><span class=\"wpcf-field-name wpcf-field-single-line-name wpcf-field-architect-name\">architect:<\/span> <span class=\"wpcf-field-value wpcf-field-single-line-value wpcf-field-architect-value\">Barclay &amp; Crousse Architecture<\/span><\/div> | <div id=\"wpcf-field-realization\" class=\"wpcf-field-number wpcf-field-realization\"><span class=\"wpcf-field-name wpcf-field-number-name wpcf-field-realization-name\">realization:<\/span> <span class=\"wpcf-field-value wpcf-field-number-value wpcf-field-realization-value\">2017<\/span><\/div>\n          <\/li>\n\t\t\n          <li>\n            \n          <div style=\"display:none\" class=\"wpv-addon-maps-marker js-wpv-addon-maps-marker js-wpv-addon-maps-marker-marker-85309 js-wpv-addon-maps-markerfor-map-1\" data-marker=\"marker-85309\" data-markertitle=\"Cordova Residential Building\" data-markerfor=\"map-1\" data-markerlat=\"-12.1121584\" data-markerlon=\"-77.0455343\" data-markericon=\"\/wp-content\/uploads\/sites\/6\/2017\/11\/area_marker_13.png\" data-markericonhover=\"\" data-streetview=\"no\" data-fromview=\"\">\n            <article class=\"marker-itinerario\">\n\t<div class=\"entry-thumbnail\">\n      \n      \t<img loading=\"lazy\" decoding=\"async\" width=\"212\" height=\"300\" src=\"https:\/\/static.tecnichenuove.it\/areaarch\/2020\/04\/Co%CC%81rdova-Residential-Building_f1-212x300.jpg\" class=\"attachment-medium size-medium wp-post-image\" alt=\"\" srcset=\"https:\/\/static.tecnichenuove.it\/areaarch\/2020\/04\/Co%CC%81rdova-Residential-Building_f1-212x300.jpg 212w, https:\/\/static.tecnichenuove.it\/areaarch\/2020\/04\/Co%CC%81rdova-Residential-Building_f1-725x1024.jpg 725w, https:\/\/static.tecnichenuove.it\/areaarch\/2020\/04\/Co%CC%81rdova-Residential-Building_f1-768x1085.jpg 768w, https:\/\/static.tecnichenuove.it\/areaarch\/2020\/04\/Co%CC%81rdova-Residential-Building_f1-696x983.jpg 696w, https:\/\/static.tecnichenuove.it\/areaarch\/2020\/04\/Co%CC%81rdova-Residential-Building_f1-297x420.jpg 297w, https:\/\/static.tecnichenuove.it\/areaarch\/2020\/04\/Co%CC%81rdova-Residential-Building_f1.jpg 906w\" sizes=\"auto, (max-width: 212px) 100vw, 212px\" \/>\n      \n      \n\t<\/div>\n  \t<div class=\"entry-column\">\n      <h3 class=\"entry-title td-module-title\">Cordova Residential Building<\/h3>\n      <div class=\"td-excerpt\">\n            <div id=\"wpcf-field-tipology\" class=\"wpcf-field-select wpcf-field-tipology\"><span class=\"wpcf-field-name wpcf-field-select-name wpcf-field-tipology-name\">tipology:<\/span> <span class=\"wpcf-field-value wpcf-field-select-value wpcf-field-tipology-value\">residential<\/span><\/div>\n            <div id=\"wpcf-field-architect\" class=\"wpcf-field-single-line wpcf-field-architect\"><span class=\"wpcf-field-name wpcf-field-single-line-name wpcf-field-architect-name\">architect:<\/span> <span class=\"wpcf-field-value wpcf-field-single-line-value wpcf-field-architect-value\">Jordi Puig<\/span><\/div>\n            <div id=\"wpcf-field-realization\" class=\"wpcf-field-number wpcf-field-realization\"><span class=\"wpcf-field-name wpcf-field-number-name wpcf-field-realization-name\">realization:<\/span> <span class=\"wpcf-field-value wpcf-field-number-value wpcf-field-realization-value\">2013<\/span><\/div>\n            Avenida General C\u00f3rdova, Distretto di Miraflores, Per\u00f9\n          <\/div>\n  <\/div>\n<\/article>\n          <\/div>\n            <h4><a href=\"#\" onclick=\"cimap();\" class=\"link-marker js-wpv-addon-maps-focus-map js-toolset-maps-hover-map-map-1-marker-marker-85309 js-toolset-maps-open-infowindow-map-map-1-marker-marker-85309\" data-map=\"map-1\" data-marker=\"marker-85309\">27. Cordova Residential Building<\/a><\/h4>\n            <div id=\"wpcf-field-tipology\" class=\"wpcf-field-select wpcf-field-tipology\"><span class=\"wpcf-field-name wpcf-field-select-name wpcf-field-tipology-name\">tipology:<\/span> <span class=\"wpcf-field-value wpcf-field-select-value wpcf-field-tipology-value\">residential<\/span><\/div> | <div id=\"wpcf-field-architect\" class=\"wpcf-field-single-line wpcf-field-architect\"><span class=\"wpcf-field-name wpcf-field-single-line-name wpcf-field-architect-name\">architect:<\/span> <span class=\"wpcf-field-value wpcf-field-single-line-value wpcf-field-architect-value\">Jordi Puig<\/span><\/div> | <div id=\"wpcf-field-realization\" class=\"wpcf-field-number wpcf-field-realization\"><span class=\"wpcf-field-name wpcf-field-number-name wpcf-field-realization-name\">realization:<\/span> <span class=\"wpcf-field-value wpcf-field-number-value wpcf-field-realization-value\">2013<\/span><\/div>\n          <\/li>\n\t\t\n          <li>\n            \n          <div style=\"display:none\" class=\"wpv-addon-maps-marker js-wpv-addon-maps-marker js-wpv-addon-maps-marker-marker-85312 js-wpv-addon-maps-markerfor-map-1\" data-marker=\"marker-85312\" data-markertitle=\"Chiclayo 862\" data-markerfor=\"map-1\" data-markerlat=\"-12.1148632\" data-markerlon=\"-77.0347337\" data-markericon=\"\/wp-content\/uploads\/sites\/6\/2017\/11\/area_marker_13.png\" data-markericonhover=\"\" data-streetview=\"no\" data-fromview=\"\">\n            <article class=\"marker-itinerario\">\n\t<div class=\"entry-thumbnail\">\n      \n      \n      \t<img loading=\"lazy\" decoding=\"async\" width=\"1152\" height=\"753\" src=\"https:\/\/static.tecnichenuove.it\/areaarch\/2020\/04\/Chiclayo-862_f.jpg\" class=\"attachment-post-thumbnail size-post-thumbnail wp-post-image\" alt=\"\" srcset=\"https:\/\/static.tecnichenuove.it\/areaarch\/2020\/04\/Chiclayo-862_f.jpg 1152w, https:\/\/static.tecnichenuove.it\/areaarch\/2020\/04\/Chiclayo-862_f-300x196.jpg 300w, https:\/\/static.tecnichenuove.it\/areaarch\/2020\/04\/Chiclayo-862_f-1024x669.jpg 1024w, https:\/\/static.tecnichenuove.it\/areaarch\/2020\/04\/Chiclayo-862_f-768x502.jpg 768w, https:\/\/static.tecnichenuove.it\/areaarch\/2020\/04\/Chiclayo-862_f-696x455.jpg 696w, https:\/\/static.tecnichenuove.it\/areaarch\/2020\/04\/Chiclayo-862_f-1068x698.jpg 1068w, https:\/\/static.tecnichenuove.it\/areaarch\/2020\/04\/Chiclayo-862_f-643x420.jpg 643w\" sizes=\"auto, (max-width: 1152px) 100vw, 1152px\" \/>\n      \t<img decoding=\"async\" src=\"https:\/\/www.area-arch.it\/wp-content\/uploads\/sites\/6\/2020\/04\/Chiclayo-862_d.jpg\" class=\"attachment-post-thumbnail\" \/>\n      \n\t<\/div>\n  \t<div class=\"entry-column\">\n      <h3 class=\"entry-title td-module-title\">Chiclayo 862<\/h3>\n      <div class=\"td-excerpt\">\n            <div id=\"wpcf-field-tipology\" class=\"wpcf-field-select wpcf-field-tipology\"><span class=\"wpcf-field-name wpcf-field-select-name wpcf-field-tipology-name\">tipology:<\/span> <span class=\"wpcf-field-value wpcf-field-select-value wpcf-field-tipology-value\">residential<\/span><\/div>\n            <div id=\"wpcf-field-architect\" class=\"wpcf-field-single-line wpcf-field-architect\"><span class=\"wpcf-field-name wpcf-field-single-line-name wpcf-field-architect-name\">architect:<\/span> <span class=\"wpcf-field-value wpcf-field-single-line-value wpcf-field-architect-value\">51-1 Arquitectos<\/span><\/div>\n            <div id=\"wpcf-field-realization\" class=\"wpcf-field-number wpcf-field-realization\"><span class=\"wpcf-field-name wpcf-field-number-name wpcf-field-realization-name\">realization:<\/span> <span class=\"wpcf-field-value wpcf-field-number-value wpcf-field-realization-value\">2011<\/span><\/div>\n            Calle Chiclayo, Distretto di Miraflores, Per\u00f9\n          <\/div>\n  <\/div>\n<\/article>\n          <\/div>\n            <h4><a href=\"#\" onclick=\"cimap();\" class=\"link-marker js-wpv-addon-maps-focus-map js-toolset-maps-hover-map-map-1-marker-marker-85312 js-toolset-maps-open-infowindow-map-map-1-marker-marker-85312\" data-map=\"map-1\" data-marker=\"marker-85312\">28. Chiclayo 862<\/a><\/h4>\n            <div id=\"wpcf-field-tipology\" class=\"wpcf-field-select wpcf-field-tipology\"><span class=\"wpcf-field-name wpcf-field-select-name wpcf-field-tipology-name\">tipology:<\/span> <span class=\"wpcf-field-value wpcf-field-select-value wpcf-field-tipology-value\">residential<\/span><\/div> | <div id=\"wpcf-field-architect\" class=\"wpcf-field-single-line wpcf-field-architect\"><span class=\"wpcf-field-name wpcf-field-single-line-name wpcf-field-architect-name\">architect:<\/span> <span class=\"wpcf-field-value wpcf-field-single-line-value wpcf-field-architect-value\">51-1 Arquitectos<\/span><\/div> | <div id=\"wpcf-field-realization\" class=\"wpcf-field-number wpcf-field-realization\"><span class=\"wpcf-field-name wpcf-field-number-name wpcf-field-realization-name\">realization:<\/span> <span class=\"wpcf-field-value wpcf-field-number-value wpcf-field-realization-value\">2011<\/span><\/div>\n          <\/li>\n\t\t\n          <li>\n            \n          <div style=\"display:none\" class=\"wpv-addon-maps-marker js-wpv-addon-maps-marker js-wpv-addon-maps-marker-marker-85315 js-wpv-addon-maps-markerfor-map-1\" data-marker=\"marker-85315\" data-markertitle=\"Escuela de Artes Visuales\" data-markerfor=\"map-1\" data-markerlat=\"-12.1212004\" data-markerlon=\"-77.0406479\" data-markericon=\"\/wp-content\/uploads\/sites\/6\/2017\/11\/area_marker_4.png\" data-markericonhover=\"\" data-streetview=\"no\" data-fromview=\"\">\n            <article class=\"marker-itinerario\">\n\t<div class=\"entry-thumbnail\">\n      \n      \n      \t<img loading=\"lazy\" decoding=\"async\" width=\"1000\" height=\"865\" src=\"https:\/\/static.tecnichenuove.it\/areaarch\/2020\/04\/escuela-de-artes-visuales_f.jpg\" class=\"attachment-post-thumbnail size-post-thumbnail wp-post-image\" alt=\"\" srcset=\"https:\/\/static.tecnichenuove.it\/areaarch\/2020\/04\/escuela-de-artes-visuales_f.jpg 1000w, https:\/\/static.tecnichenuove.it\/areaarch\/2020\/04\/escuela-de-artes-visuales_f-300x260.jpg 300w, https:\/\/static.tecnichenuove.it\/areaarch\/2020\/04\/escuela-de-artes-visuales_f-768x664.jpg 768w, https:\/\/static.tecnichenuove.it\/areaarch\/2020\/04\/escuela-de-artes-visuales_f-534x462.jpg 534w, https:\/\/static.tecnichenuove.it\/areaarch\/2020\/04\/escuela-de-artes-visuales_f-696x602.jpg 696w, https:\/\/static.tecnichenuove.it\/areaarch\/2020\/04\/escuela-de-artes-visuales_f-486x420.jpg 486w\" sizes=\"auto, (max-width: 1000px) 100vw, 1000px\" \/>\n      \t<img decoding=\"async\" src=\"https:\/\/www.area-arch.it\/wp-content\/uploads\/sites\/6\/2020\/04\/escuela-de-artes-visuales_d.jpg\" class=\"attachment-post-thumbnail\" \/>\n      \n\t<\/div>\n  \t<div class=\"entry-column\">\n      <h3 class=\"entry-title td-module-title\">Escuela de Artes Visuales<\/h3>\n      <div class=\"td-excerpt\">\n            <div id=\"wpcf-field-tipology\" class=\"wpcf-field-select wpcf-field-tipology\"><span class=\"wpcf-field-name wpcf-field-select-name wpcf-field-tipology-name\">tipology:<\/span> <span class=\"wpcf-field-value wpcf-field-select-value wpcf-field-tipology-value\">education<\/span><\/div>\n            <div id=\"wpcf-field-architect\" class=\"wpcf-field-single-line wpcf-field-architect\"><span class=\"wpcf-field-name wpcf-field-single-line-name wpcf-field-architect-name\">architect:<\/span> <span class=\"wpcf-field-value wpcf-field-single-line-value wpcf-field-architect-value\">Barclay &amp; Crousse Architecture<\/span><\/div>\n            <div id=\"wpcf-field-realization\" class=\"wpcf-field-number wpcf-field-realization\"><span class=\"wpcf-field-name wpcf-field-number-name wpcf-field-realization-name\">realization:<\/span> <span class=\"wpcf-field-value wpcf-field-number-value wpcf-field-realization-value\">2012<\/span><\/div>\n            Avenida de la Aviacion, Distretto di Miraflores, Per\u00f9\n          <\/div>\n  <\/div>\n<\/article>\n          <\/div>\n            <h4><a href=\"#\" onclick=\"cimap();\" class=\"link-marker js-wpv-addon-maps-focus-map js-toolset-maps-hover-map-map-1-marker-marker-85315 js-toolset-maps-open-infowindow-map-map-1-marker-marker-85315\" data-map=\"map-1\" data-marker=\"marker-85315\">29. Escuela de Artes Visuales<\/a><\/h4>\n            <div id=\"wpcf-field-tipology\" class=\"wpcf-field-select wpcf-field-tipology\"><span class=\"wpcf-field-name wpcf-field-select-name wpcf-field-tipology-name\">tipology:<\/span> <span class=\"wpcf-field-value wpcf-field-select-value wpcf-field-tipology-value\">education<\/span><\/div> | <div id=\"wpcf-field-architect\" class=\"wpcf-field-single-line wpcf-field-architect\"><span class=\"wpcf-field-name wpcf-field-single-line-name wpcf-field-architect-name\">architect:<\/span> <span class=\"wpcf-field-value wpcf-field-single-line-value wpcf-field-architect-value\">Barclay &amp; Crousse Architecture<\/span><\/div> | <div id=\"wpcf-field-realization\" class=\"wpcf-field-number wpcf-field-realization\"><span class=\"wpcf-field-name wpcf-field-number-name wpcf-field-realization-name\">realization:<\/span> <span class=\"wpcf-field-value wpcf-field-number-value wpcf-field-realization-value\">2012<\/span><\/div>\n          <\/li>\n\t\t\n          <li>\n            \n          <div style=\"display:none\" class=\"wpv-addon-maps-marker js-wpv-addon-maps-marker js-wpv-addon-maps-marker-marker-85318 js-wpv-addon-maps-markerfor-map-1\" data-marker=\"marker-85318\" data-markertitle=\"Las Dalias Apartments\" data-markerfor=\"map-1\" data-markerlat=\"-12.1305132\" data-markerlon=\"-77.0289928\" data-markericon=\"\/wp-content\/uploads\/sites\/6\/2017\/11\/area_marker_13.png\" data-markericonhover=\"\" data-streetview=\"no\" data-fromview=\"\">\n            <article class=\"marker-itinerario\">\n\t<div class=\"entry-thumbnail\">\n      \n      \n      \t<img loading=\"lazy\" decoding=\"async\" width=\"877\" height=\"1200\" src=\"https:\/\/static.tecnichenuove.it\/areaarch\/2020\/04\/las-dalias_f2.jpg\" class=\"attachment-post-thumbnail size-post-thumbnail wp-post-image\" alt=\"\" srcset=\"https:\/\/static.tecnichenuove.it\/areaarch\/2020\/04\/las-dalias_f2.jpg 877w, https:\/\/static.tecnichenuove.it\/areaarch\/2020\/04\/las-dalias_f2-219x300.jpg 219w, https:\/\/static.tecnichenuove.it\/areaarch\/2020\/04\/las-dalias_f2-748x1024.jpg 748w, https:\/\/static.tecnichenuove.it\/areaarch\/2020\/04\/las-dalias_f2-768x1051.jpg 768w, https:\/\/static.tecnichenuove.it\/areaarch\/2020\/04\/las-dalias_f2-696x952.jpg 696w, https:\/\/static.tecnichenuove.it\/areaarch\/2020\/04\/las-dalias_f2-307x420.jpg 307w\" sizes=\"auto, (max-width: 877px) 100vw, 877px\" \/>\n      \t<img decoding=\"async\" src=\"https:\/\/www.area-arch.it\/wp-content\/uploads\/sites\/6\/2020\/04\/las-dalias_d1.jpg\" class=\"attachment-post-thumbnail\" \/>\n      \n\t<\/div>\n  \t<div class=\"entry-column\">\n      <h3 class=\"entry-title td-module-title\">Las Dalias Apartments<\/h3>\n      <div class=\"td-excerpt\">\n            <div id=\"wpcf-field-tipology\" class=\"wpcf-field-select wpcf-field-tipology\"><span class=\"wpcf-field-name wpcf-field-select-name wpcf-field-tipology-name\">tipology:<\/span> <span class=\"wpcf-field-value wpcf-field-select-value wpcf-field-tipology-value\">residential<\/span><\/div>\n            <div id=\"wpcf-field-architect\" class=\"wpcf-field-single-line wpcf-field-architect\"><span class=\"wpcf-field-name wpcf-field-single-line-name wpcf-field-architect-name\">architect:<\/span> <span class=\"wpcf-field-value wpcf-field-single-line-value wpcf-field-architect-value\">Barclay &amp; Crousse Architecture, Gonzalez Moix Arquitectura<\/span><\/div>\n            <div id=\"wpcf-field-realization\" class=\"wpcf-field-number wpcf-field-realization\"><span class=\"wpcf-field-name wpcf-field-number-name wpcf-field-realization-name\">realization:<\/span> <span class=\"wpcf-field-value wpcf-field-number-value wpcf-field-realization-value\">2014<\/span><\/div>\n            Dalias, Miraflores, Per\u00f9\n          <\/div>\n  <\/div>\n<\/article>\n          <\/div>\n            <h4><a href=\"#\" onclick=\"cimap();\" class=\"link-marker js-wpv-addon-maps-focus-map js-toolset-maps-hover-map-map-1-marker-marker-85318 js-toolset-maps-open-infowindow-map-map-1-marker-marker-85318\" data-map=\"map-1\" data-marker=\"marker-85318\">30. Las Dalias Apartments<\/a><\/h4>\n            <div id=\"wpcf-field-tipology\" class=\"wpcf-field-select wpcf-field-tipology\"><span class=\"wpcf-field-name wpcf-field-select-name wpcf-field-tipology-name\">tipology:<\/span> <span class=\"wpcf-field-value wpcf-field-select-value wpcf-field-tipology-value\">residential<\/span><\/div> | <div id=\"wpcf-field-architect\" class=\"wpcf-field-single-line wpcf-field-architect\"><span class=\"wpcf-field-name wpcf-field-single-line-name wpcf-field-architect-name\">architect:<\/span> <span class=\"wpcf-field-value wpcf-field-single-line-value wpcf-field-architect-value\">Barclay &amp; Crousse Architecture, Gonzalez Moix Arquitectura<\/span><\/div> | <div id=\"wpcf-field-realization\" class=\"wpcf-field-number wpcf-field-realization\"><span class=\"wpcf-field-name wpcf-field-number-name wpcf-field-realization-name\">realization:<\/span> <span class=\"wpcf-field-value wpcf-field-number-value wpcf-field-realization-value\">2014<\/span><\/div>\n          <\/li>\n\t\t\n          <li>\n            \n          <div style=\"display:none\" class=\"wpv-addon-maps-marker js-wpv-addon-maps-marker js-wpv-addon-maps-marker-marker-85321 js-wpv-addon-maps-markerfor-map-1\" data-marker=\"marker-85321\" data-markertitle=\"Campus UTEC\" data-markerfor=\"map-1\" data-markerlat=\"-12.1353101\" data-markerlon=\"-77.0210304\" data-markericon=\"\/wp-content\/uploads\/sites\/6\/2017\/11\/area_marker_4.png\" data-markericonhover=\"\" data-streetview=\"no\" data-fromview=\"\">\n            <article class=\"marker-itinerario\">\n\t<div class=\"entry-thumbnail\">\n      \n      \t<img loading=\"lazy\" decoding=\"async\" width=\"300\" height=\"200\" src=\"https:\/\/static.tecnichenuove.it\/areaarch\/2020\/04\/Campus-UTEC_f-300x200.jpg\" class=\"attachment-medium size-medium wp-post-image\" alt=\"\" srcset=\"https:\/\/static.tecnichenuove.it\/areaarch\/2020\/04\/Campus-UTEC_f-300x200.jpg 300w, https:\/\/static.tecnichenuove.it\/areaarch\/2020\/04\/Campus-UTEC_f-1024x682.jpg 1024w, https:\/\/static.tecnichenuove.it\/areaarch\/2020\/04\/Campus-UTEC_f-150x100.jpg 150w, https:\/\/static.tecnichenuove.it\/areaarch\/2020\/04\/Campus-UTEC_f-768x512.jpg 768w, https:\/\/static.tecnichenuove.it\/areaarch\/2020\/04\/Campus-UTEC_f-696x464.jpg 696w, https:\/\/static.tecnichenuove.it\/areaarch\/2020\/04\/Campus-UTEC_f-1068x712.jpg 1068w, https:\/\/static.tecnichenuove.it\/areaarch\/2020\/04\/Campus-UTEC_f-630x420.jpg 630w, https:\/\/static.tecnichenuove.it\/areaarch\/2020\/04\/Campus-UTEC_f.jpg 1280w\" sizes=\"auto, (max-width: 300px) 100vw, 300px\" \/>\n      \n      \n\t<\/div>\n  \t<div class=\"entry-column\">\n      <h3 class=\"entry-title td-module-title\">Campus UTEC<\/h3>\n      <div class=\"td-excerpt\">\n            <div id=\"wpcf-field-tipology\" class=\"wpcf-field-select wpcf-field-tipology\"><span class=\"wpcf-field-name wpcf-field-select-name wpcf-field-tipology-name\">tipology:<\/span> <span class=\"wpcf-field-value wpcf-field-select-value wpcf-field-tipology-value\">education<\/span><\/div>\n            <div id=\"wpcf-field-architect\" class=\"wpcf-field-single-line wpcf-field-architect\"><span class=\"wpcf-field-name wpcf-field-single-line-name wpcf-field-architect-name\">architect:<\/span> <span class=\"wpcf-field-value wpcf-field-single-line-value wpcf-field-architect-value\">Grafton Architectes, Shell Arquitectos<\/span><\/div>\n            <div id=\"wpcf-field-realization\" class=\"wpcf-field-number wpcf-field-realization\"><span class=\"wpcf-field-name wpcf-field-number-name wpcf-field-realization-name\">realization:<\/span> <span class=\"wpcf-field-value wpcf-field-number-value wpcf-field-realization-value\">2015<\/span><\/div>\n            Jir\u00f3n Medrano Silva, Barranco, Per\u00f9\n          <\/div>\n  <\/div>\n<\/article>\n          <\/div>\n            <h4><a href=\"#\" onclick=\"cimap();\" class=\"link-marker js-wpv-addon-maps-focus-map js-toolset-maps-hover-map-map-1-marker-marker-85321 js-toolset-maps-open-infowindow-map-map-1-marker-marker-85321\" data-map=\"map-1\" data-marker=\"marker-85321\">31. Campus UTEC<\/a><\/h4>\n            <div id=\"wpcf-field-tipology\" class=\"wpcf-field-select wpcf-field-tipology\"><span class=\"wpcf-field-name wpcf-field-select-name wpcf-field-tipology-name\">tipology:<\/span> <span class=\"wpcf-field-value wpcf-field-select-value wpcf-field-tipology-value\">education<\/span><\/div> | <div id=\"wpcf-field-architect\" class=\"wpcf-field-single-line wpcf-field-architect\"><span class=\"wpcf-field-name wpcf-field-single-line-name wpcf-field-architect-name\">architect:<\/span> <span class=\"wpcf-field-value wpcf-field-single-line-value wpcf-field-architect-value\">Grafton Architectes, Shell Arquitectos<\/span><\/div> | <div id=\"wpcf-field-realization\" class=\"wpcf-field-number wpcf-field-realization\"><span class=\"wpcf-field-name wpcf-field-number-name wpcf-field-realization-name\">realization:<\/span> <span class=\"wpcf-field-value wpcf-field-number-value wpcf-field-realization-value\">2015<\/span><\/div>\n          <\/li>\n\t\t\n          <li>\n            \n          <div style=\"display:none\" class=\"wpv-addon-maps-marker js-wpv-addon-maps-marker js-wpv-addon-maps-marker-marker-85323 js-wpv-addon-maps-markerfor-map-1\" data-marker=\"marker-85323\" data-markertitle=\"Edificio Ilusione\" data-markerfor=\"map-1\" data-markerlat=\"-12.1393801\" data-markerlon=\"-77.0207645\" data-markericon=\"\/wp-content\/uploads\/sites\/6\/2017\/11\/area_marker_13.png\" data-markericonhover=\"\" data-streetview=\"no\" data-fromview=\"\">\n            <article class=\"marker-itinerario\">\n\t<div class=\"entry-thumbnail\">\n      \n      \n      \t<img loading=\"lazy\" decoding=\"async\" width=\"626\" height=\"960\" src=\"https:\/\/static.tecnichenuove.it\/areaarch\/2020\/04\/edificio-ilusione_f1.jpg\" class=\"attachment-post-thumbnail size-post-thumbnail wp-post-image\" alt=\"\" srcset=\"https:\/\/static.tecnichenuove.it\/areaarch\/2020\/04\/edificio-ilusione_f1.jpg 626w, https:\/\/static.tecnichenuove.it\/areaarch\/2020\/04\/edificio-ilusione_f1-196x300.jpg 196w, https:\/\/static.tecnichenuove.it\/areaarch\/2020\/04\/edificio-ilusione_f1-274x420.jpg 274w\" sizes=\"auto, (max-width: 626px) 100vw, 626px\" \/>\n      \t<img decoding=\"async\" src=\"https:\/\/www.area-arch.it\/wp-content\/uploads\/sites\/6\/2020\/04\/edificio-ilusione_d1.jpg\" class=\"attachment-post-thumbnail\" \/>\n      \n\t<\/div>\n  \t<div class=\"entry-column\">\n      <h3 class=\"entry-title td-module-title\">Edificio Ilusione<\/h3>\n      <div class=\"td-excerpt\">\n            <div id=\"wpcf-field-tipology\" class=\"wpcf-field-select wpcf-field-tipology\"><span class=\"wpcf-field-name wpcf-field-select-name wpcf-field-tipology-name\">tipology:<\/span> <span class=\"wpcf-field-value wpcf-field-select-value wpcf-field-tipology-value\">residential<\/span><\/div>\n            <div id=\"wpcf-field-architect\" class=\"wpcf-field-single-line wpcf-field-architect\"><span class=\"wpcf-field-name wpcf-field-single-line-name wpcf-field-architect-name\">architect:<\/span> <span class=\"wpcf-field-value wpcf-field-single-line-value wpcf-field-architect-value\">Llosa Cortegana Arquitectos<\/span><\/div>\n            <div id=\"wpcf-field-realization\" class=\"wpcf-field-number wpcf-field-realization\"><span class=\"wpcf-field-name wpcf-field-number-name wpcf-field-realization-name\">realization:<\/span> <span class=\"wpcf-field-value wpcf-field-number-value wpcf-field-realization-value\">2016<\/span><\/div>\n            Avenida El Sol, Barranco, Per\u00f9\n          <\/div>\n  <\/div>\n<\/article>\n          <\/div>\n            <h4><a href=\"#\" onclick=\"cimap();\" class=\"link-marker js-wpv-addon-maps-focus-map js-toolset-maps-hover-map-map-1-marker-marker-85323 js-toolset-maps-open-infowindow-map-map-1-marker-marker-85323\" data-map=\"map-1\" data-marker=\"marker-85323\">32. Edificio Ilusione<\/a><\/h4>\n            <div id=\"wpcf-field-tipology\" class=\"wpcf-field-select wpcf-field-tipology\"><span class=\"wpcf-field-name wpcf-field-select-name wpcf-field-tipology-name\">tipology:<\/span> <span class=\"wpcf-field-value wpcf-field-select-value wpcf-field-tipology-value\">residential<\/span><\/div> | <div id=\"wpcf-field-architect\" class=\"wpcf-field-single-line wpcf-field-architect\"><span class=\"wpcf-field-name wpcf-field-single-line-name wpcf-field-architect-name\">architect:<\/span> <span class=\"wpcf-field-value wpcf-field-single-line-value wpcf-field-architect-value\">Llosa Cortegana Arquitectos<\/span><\/div> | <div id=\"wpcf-field-realization\" class=\"wpcf-field-number wpcf-field-realization\"><span class=\"wpcf-field-name wpcf-field-number-name wpcf-field-realization-name\">realization:<\/span> <span class=\"wpcf-field-value wpcf-field-number-value wpcf-field-realization-value\">2016<\/span><\/div>\n          <\/li>\n\t\t\n          <li>\n            \n          <div style=\"display:none\" class=\"wpv-addon-maps-marker js-wpv-addon-maps-marker js-wpv-addon-maps-marker-marker-85326 js-wpv-addon-maps-markerfor-map-1\" data-marker=\"marker-85326\" data-markertitle=\"Centro de Convenciones 27 de Enero (Lima convention centre)\" data-markerfor=\"map-1\" data-markerlat=\"-12.0853938\" data-markerlon=\"-77.0003333\" data-markericon=\"\/wp-content\/uploads\/sites\/6\/2017\/11\/area_marker_9.png\" data-markericonhover=\"\" data-streetview=\"no\" data-fromview=\"\">\n            <article class=\"marker-itinerario\">\n\t<div class=\"entry-thumbnail\">\n      \n      \n      \t<img loading=\"lazy\" decoding=\"async\" width=\"1280\" height=\"1054\" src=\"https:\/\/static.tecnichenuove.it\/areaarch\/2020\/04\/Centro-de-convenciones-27-de-enero_f1.jpg\" class=\"attachment-post-thumbnail size-post-thumbnail wp-post-image\" alt=\"\" srcset=\"https:\/\/static.tecnichenuove.it\/areaarch\/2020\/04\/Centro-de-convenciones-27-de-enero_f1.jpg 1280w, https:\/\/static.tecnichenuove.it\/areaarch\/2020\/04\/Centro-de-convenciones-27-de-enero_f1-300x247.jpg 300w, https:\/\/static.tecnichenuove.it\/areaarch\/2020\/04\/Centro-de-convenciones-27-de-enero_f1-1024x843.jpg 1024w, https:\/\/static.tecnichenuove.it\/areaarch\/2020\/04\/Centro-de-convenciones-27-de-enero_f1-768x632.jpg 768w, https:\/\/static.tecnichenuove.it\/areaarch\/2020\/04\/Centro-de-convenciones-27-de-enero_f1-696x573.jpg 696w, https:\/\/static.tecnichenuove.it\/areaarch\/2020\/04\/Centro-de-convenciones-27-de-enero_f1-1068x879.jpg 1068w, https:\/\/static.tecnichenuove.it\/areaarch\/2020\/04\/Centro-de-convenciones-27-de-enero_f1-510x420.jpg 510w\" sizes=\"auto, (max-width: 1280px) 100vw, 1280px\" \/>\n      \t<img decoding=\"async\" src=\"https:\/\/www.area-arch.it\/wp-content\/uploads\/sites\/6\/2020\/04\/Centro-de-convenciones-27-de-enero_d.jpg\" class=\"attachment-post-thumbnail\" \/>\n      \n\t<\/div>\n  \t<div class=\"entry-column\">\n      <h3 class=\"entry-title td-module-title\">Centro de Convenciones 27 de Enero (Lima convention centre)<\/h3>\n      <div class=\"td-excerpt\">\n            <div id=\"wpcf-field-tipology\" class=\"wpcf-field-select wpcf-field-tipology\"><span class=\"wpcf-field-name wpcf-field-select-name wpcf-field-tipology-name\">tipology:<\/span> <span class=\"wpcf-field-value wpcf-field-select-value wpcf-field-tipology-value\">mixed use<\/span><\/div>\n            <div id=\"wpcf-field-architect\" class=\"wpcf-field-single-line wpcf-field-architect\"><span class=\"wpcf-field-name wpcf-field-single-line-name wpcf-field-architect-name\">architect:<\/span> <span class=\"wpcf-field-value wpcf-field-single-line-value wpcf-field-architect-value\">IDOM<\/span><\/div>\n            <div id=\"wpcf-field-realization\" class=\"wpcf-field-number wpcf-field-realization\"><span class=\"wpcf-field-name wpcf-field-number-name wpcf-field-realization-name\">realization:<\/span> <span class=\"wpcf-field-value wpcf-field-number-value wpcf-field-realization-value\">2016<\/span><\/div>\n            Avenida de la Arqueolog\u00eda, San Borja, Per\u00f9\n          <\/div>\n  <\/div>\n<\/article>\n          <\/div>\n            <h4><a href=\"#\" onclick=\"cimap();\" class=\"link-marker js-wpv-addon-maps-focus-map js-toolset-maps-hover-map-map-1-marker-marker-85326 js-toolset-maps-open-infowindow-map-map-1-marker-marker-85326\" data-map=\"map-1\" data-marker=\"marker-85326\">33. Centro de Convenciones 27 de Enero (Lima convention centre)<\/a><\/h4>\n            <div id=\"wpcf-field-tipology\" class=\"wpcf-field-select wpcf-field-tipology\"><span class=\"wpcf-field-name wpcf-field-select-name wpcf-field-tipology-name\">tipology:<\/span> <span class=\"wpcf-field-value wpcf-field-select-value wpcf-field-tipology-value\">mixed use<\/span><\/div> | <div id=\"wpcf-field-architect\" class=\"wpcf-field-single-line wpcf-field-architect\"><span class=\"wpcf-field-name wpcf-field-single-line-name wpcf-field-architect-name\">architect:<\/span> <span class=\"wpcf-field-value wpcf-field-single-line-value wpcf-field-architect-value\">IDOM<\/span><\/div> | <div id=\"wpcf-field-realization\" class=\"wpcf-field-number wpcf-field-realization\"><span class=\"wpcf-field-name wpcf-field-number-name wpcf-field-realization-name\">realization:<\/span> <span class=\"wpcf-field-value wpcf-field-number-value wpcf-field-realization-value\">2016<\/span><\/div>\n          <\/li>\n\t\t\n          <li>\n            \n          <div style=\"display:none\" class=\"wpv-addon-maps-marker js-wpv-addon-maps-marker js-wpv-addon-maps-marker-marker-85329 js-wpv-addon-maps-markerfor-map-1\" data-marker=\"marker-85329\" data-markertitle=\"Ministerio de Pesqueria (Museo de la Nacion)\" data-markerfor=\"map-1\" data-markerlat=\"-12.0904434\" data-markerlon=\"-77.0196144\" data-markericon=\"\/wp-content\/uploads\/sites\/6\/2017\/11\/area_marker_10.png\" data-markericonhover=\"\" data-streetview=\"no\" data-fromview=\"\">\n            <article class=\"marker-itinerario\">\n\t<div class=\"entry-thumbnail\">\n      \n      \n      \t<img loading=\"lazy\" decoding=\"async\" width=\"640\" height=\"480\" src=\"https:\/\/static.tecnichenuove.it\/areaarch\/2020\/04\/Ministerio-de-Pesqueria_f.jpg\" class=\"attachment-post-thumbnail size-post-thumbnail wp-post-image\" alt=\"\" srcset=\"https:\/\/static.tecnichenuove.it\/areaarch\/2020\/04\/Ministerio-de-Pesqueria_f.jpg 640w, https:\/\/static.tecnichenuove.it\/areaarch\/2020\/04\/Ministerio-de-Pesqueria_f-300x225.jpg 300w, https:\/\/static.tecnichenuove.it\/areaarch\/2020\/04\/Ministerio-de-Pesqueria_f-80x60.jpg 80w, https:\/\/static.tecnichenuove.it\/areaarch\/2020\/04\/Ministerio-de-Pesqueria_f-160x120.jpg 160w, https:\/\/static.tecnichenuove.it\/areaarch\/2020\/04\/Ministerio-de-Pesqueria_f-265x198.jpg 265w, https:\/\/static.tecnichenuove.it\/areaarch\/2020\/04\/Ministerio-de-Pesqueria_f-560x420.jpg 560w\" sizes=\"auto, (max-width: 640px) 100vw, 640px\" \/>\n      \t<img decoding=\"async\" src=\"https:\/\/www.area-arch.it\/wp-content\/uploads\/sites\/6\/2020\/04\/Ministerio-de-Pesqueria_d.jpg\" class=\"attachment-post-thumbnail\" \/>\n      \n\t<\/div>\n  \t<div class=\"entry-column\">\n      <h3 class=\"entry-title td-module-title\">Ministerio de Pesqueria (Museo de la Nacion)<\/h3>\n      <div class=\"td-excerpt\">\n            <div id=\"wpcf-field-tipology\" class=\"wpcf-field-select wpcf-field-tipology\"><span class=\"wpcf-field-name wpcf-field-select-name wpcf-field-tipology-name\">tipology:<\/span> <span class=\"wpcf-field-value wpcf-field-select-value wpcf-field-tipology-value\">museum<\/span><\/div>\n            <div id=\"wpcf-field-architect\" class=\"wpcf-field-single-line wpcf-field-architect\"><span class=\"wpcf-field-name wpcf-field-single-line-name wpcf-field-architect-name\">architect:<\/span> <span class=\"wpcf-field-value wpcf-field-single-line-value wpcf-field-architect-value\">Miguel Rodrigo Mazure, Emilio Soyer, Miguel Cruchaga<\/span><\/div>\n            <div id=\"wpcf-field-realization\" class=\"wpcf-field-number wpcf-field-realization\"><span class=\"wpcf-field-name wpcf-field-number-name wpcf-field-realization-name\">realization:<\/span> <span class=\"wpcf-field-value wpcf-field-number-value wpcf-field-realization-value\">1971<\/span><\/div>\n            Avenida Javier Prado Este, Distretto di San Isidro, Per\u00f9\n          <\/div>\n  <\/div>\n<\/article>\n          <\/div>\n            <h4><a href=\"#\" onclick=\"cimap();\" class=\"link-marker js-wpv-addon-maps-focus-map js-toolset-maps-hover-map-map-1-marker-marker-85329 js-toolset-maps-open-infowindow-map-map-1-marker-marker-85329\" data-map=\"map-1\" data-marker=\"marker-85329\">34. Ministerio de Pesqueria (Museo de la Nacion)<\/a><\/h4>\n            <div id=\"wpcf-field-tipology\" class=\"wpcf-field-select wpcf-field-tipology\"><span class=\"wpcf-field-name wpcf-field-select-name wpcf-field-tipology-name\">tipology:<\/span> <span class=\"wpcf-field-value wpcf-field-select-value wpcf-field-tipology-value\">museum<\/span><\/div> | <div id=\"wpcf-field-architect\" class=\"wpcf-field-single-line wpcf-field-architect\"><span class=\"wpcf-field-name wpcf-field-single-line-name wpcf-field-architect-name\">architect:<\/span> <span class=\"wpcf-field-value wpcf-field-single-line-value wpcf-field-architect-value\">Miguel Rodrigo Mazure, Emilio Soyer, Miguel Cruchaga<\/span><\/div> | <div id=\"wpcf-field-realization\" class=\"wpcf-field-number wpcf-field-realization\"><span class=\"wpcf-field-name wpcf-field-number-name wpcf-field-realization-name\">realization:<\/span> <span class=\"wpcf-field-value wpcf-field-number-value wpcf-field-realization-value\">1971<\/span><\/div>\n          <\/li>\n\t\t\n          <li>\n            \n          <div style=\"display:none\" class=\"wpv-addon-maps-marker js-wpv-addon-maps-marker js-wpv-addon-maps-marker-marker-85332 js-wpv-addon-maps-markerfor-map-1\" data-marker=\"marker-85332\" data-markertitle=\"Colegio Franklin Delano Roosevelt\" data-markerfor=\"map-1\" data-markerlat=\"-12.0782093\" data-markerlon=\"-76.971003\" data-markericon=\"\/wp-content\/uploads\/sites\/6\/2017\/11\/area_marker_4.png\" data-markericonhover=\"\" data-streetview=\"no\" data-fromview=\"\">\n            <article class=\"marker-itinerario\">\n\t<div class=\"entry-thumbnail\">\n      \n      \n      \t<img loading=\"lazy\" decoding=\"async\" width=\"790\" height=\"503\" src=\"https:\/\/static.tecnichenuove.it\/areaarch\/2020\/04\/COLEGIO-FRANKLIN-DELANO-ROOSEVELT_f.jpg\" class=\"attachment-post-thumbnail size-post-thumbnail wp-post-image\" alt=\"\" srcset=\"https:\/\/static.tecnichenuove.it\/areaarch\/2020\/04\/COLEGIO-FRANKLIN-DELANO-ROOSEVELT_f.jpg 790w, https:\/\/static.tecnichenuove.it\/areaarch\/2020\/04\/COLEGIO-FRANKLIN-DELANO-ROOSEVELT_f-300x191.jpg 300w, https:\/\/static.tecnichenuove.it\/areaarch\/2020\/04\/COLEGIO-FRANKLIN-DELANO-ROOSEVELT_f-768x489.jpg 768w, https:\/\/static.tecnichenuove.it\/areaarch\/2020\/04\/COLEGIO-FRANKLIN-DELANO-ROOSEVELT_f-696x443.jpg 696w, https:\/\/static.tecnichenuove.it\/areaarch\/2020\/04\/COLEGIO-FRANKLIN-DELANO-ROOSEVELT_f-660x420.jpg 660w\" sizes=\"auto, (max-width: 790px) 100vw, 790px\" \/>\n      \t<img decoding=\"async\" src=\"https:\/\/www.area-arch.it\/wp-content\/uploads\/sites\/6\/2020\/04\/COLEGIO-FRANKLIN-DELANO-ROOSEVELT_d.jpg\" class=\"attachment-post-thumbnail\" \/>\n      \n\t<\/div>\n  \t<div class=\"entry-column\">\n      <h3 class=\"entry-title td-module-title\">Colegio Franklin Delano Roosevelt<\/h3>\n      <div class=\"td-excerpt\">\n            <div id=\"wpcf-field-tipology\" class=\"wpcf-field-select wpcf-field-tipology\"><span class=\"wpcf-field-name wpcf-field-select-name wpcf-field-tipology-name\">tipology:<\/span> <span class=\"wpcf-field-value wpcf-field-select-value wpcf-field-tipology-value\">education<\/span><\/div>\n            <div id=\"wpcf-field-architect\" class=\"wpcf-field-single-line wpcf-field-architect\"><span class=\"wpcf-field-name wpcf-field-single-line-name wpcf-field-architect-name\">architect:<\/span> <span class=\"wpcf-field-value wpcf-field-single-line-value wpcf-field-architect-value\">Llosa Cortegana Arquitectos<\/span><\/div>\n            <div id=\"wpcf-field-realization\" class=\"wpcf-field-number wpcf-field-realization\"><span class=\"wpcf-field-name wpcf-field-number-name wpcf-field-realization-name\">realization:<\/span> <span class=\"wpcf-field-value wpcf-field-number-value wpcf-field-realization-value\">2018<\/span><\/div>\n            Avenida Las Palmeras, La Molina, Per\u00f9\n          <\/div>\n  <\/div>\n<\/article>\n          <\/div>\n            <h4><a href=\"#\" onclick=\"cimap();\" class=\"link-marker js-wpv-addon-maps-focus-map js-toolset-maps-hover-map-map-1-marker-marker-85332 js-toolset-maps-open-infowindow-map-map-1-marker-marker-85332\" data-map=\"map-1\" data-marker=\"marker-85332\">35. Colegio Franklin Delano Roosevelt<\/a><\/h4>\n            <div id=\"wpcf-field-tipology\" class=\"wpcf-field-select wpcf-field-tipology\"><span class=\"wpcf-field-name wpcf-field-select-name wpcf-field-tipology-name\">tipology:<\/span> <span class=\"wpcf-field-value wpcf-field-select-value wpcf-field-tipology-value\">education<\/span><\/div> | <div id=\"wpcf-field-architect\" class=\"wpcf-field-single-line wpcf-field-architect\"><span class=\"wpcf-field-name wpcf-field-single-line-name wpcf-field-architect-name\">architect:<\/span> <span class=\"wpcf-field-value wpcf-field-single-line-value wpcf-field-architect-value\">Llosa Cortegana Arquitectos<\/span><\/div> | <div id=\"wpcf-field-realization\" class=\"wpcf-field-number wpcf-field-realization\"><span class=\"wpcf-field-name wpcf-field-number-name wpcf-field-realization-name\">realization:<\/span> <span class=\"wpcf-field-value wpcf-field-number-value wpcf-field-realization-value\">2018<\/span><\/div>\n          <\/li>\n\t\t\n          <li>\n            \n          <div style=\"display:none\" class=\"wpv-addon-maps-marker js-wpv-addon-maps-marker js-wpv-addon-maps-marker-marker-85335 js-wpv-addon-maps-markerfor-map-1\" data-marker=\"marker-85335\" data-markertitle=\"Condominio Las Moreras\" data-markerfor=\"map-1\" data-markerlat=\"-12.0759306\" data-markerlon=\"-76.9690942\" data-markericon=\"\/wp-content\/uploads\/sites\/6\/2017\/11\/area_marker_13.png\" data-markericonhover=\"\" data-streetview=\"no\" data-fromview=\"\">\n            <article class=\"marker-itinerario\">\n\t<div class=\"entry-thumbnail\">\n      \n      \n      \t<img loading=\"lazy\" decoding=\"async\" width=\"1280\" height=\"853\" src=\"https:\/\/static.tecnichenuove.it\/areaarch\/2020\/04\/condominio-las-moreras_f2.jpg\" class=\"attachment-post-thumbnail size-post-thumbnail wp-post-image\" alt=\"\" srcset=\"https:\/\/static.tecnichenuove.it\/areaarch\/2020\/04\/condominio-las-moreras_f2.jpg 1280w, https:\/\/static.tecnichenuove.it\/areaarch\/2020\/04\/condominio-las-moreras_f2-300x200.jpg 300w, https:\/\/static.tecnichenuove.it\/areaarch\/2020\/04\/condominio-las-moreras_f2-1024x682.jpg 1024w, https:\/\/static.tecnichenuove.it\/areaarch\/2020\/04\/condominio-las-moreras_f2-150x100.jpg 150w, https:\/\/static.tecnichenuove.it\/areaarch\/2020\/04\/condominio-las-moreras_f2-768x512.jpg 768w, https:\/\/static.tecnichenuove.it\/areaarch\/2020\/04\/condominio-las-moreras_f2-696x464.jpg 696w, https:\/\/static.tecnichenuove.it\/areaarch\/2020\/04\/condominio-las-moreras_f2-1068x712.jpg 1068w, https:\/\/static.tecnichenuove.it\/areaarch\/2020\/04\/condominio-las-moreras_f2-630x420.jpg 630w\" sizes=\"auto, (max-width: 1280px) 100vw, 1280px\" \/>\n      \t<img decoding=\"async\" src=\"https:\/\/www.area-arch.it\/wp-content\/uploads\/sites\/6\/2020\/04\/condominio-las-moreras_d1.jpg\" class=\"attachment-post-thumbnail\" \/>\n      \n\t<\/div>\n  \t<div class=\"entry-column\">\n      <h3 class=\"entry-title td-module-title\">Condominio Las Moreras<\/h3>\n      <div class=\"td-excerpt\">\n            <div id=\"wpcf-field-tipology\" class=\"wpcf-field-select wpcf-field-tipology\"><span class=\"wpcf-field-name wpcf-field-select-name wpcf-field-tipology-name\">tipology:<\/span> <span class=\"wpcf-field-value wpcf-field-select-value wpcf-field-tipology-value\">residential<\/span><\/div>\n            <div id=\"wpcf-field-architect\" class=\"wpcf-field-single-line wpcf-field-architect\"><span class=\"wpcf-field-name wpcf-field-single-line-name wpcf-field-architect-name\">architect:<\/span> <span class=\"wpcf-field-value wpcf-field-single-line-value wpcf-field-architect-value\">Gonzalez Moix Arquitectura<\/span><\/div>\n            <div id=\"wpcf-field-realization\" class=\"wpcf-field-number wpcf-field-realization\"><span class=\"wpcf-field-name wpcf-field-number-name wpcf-field-realization-name\">realization:<\/span> <span class=\"wpcf-field-value wpcf-field-number-value wpcf-field-realization-value\">2014<\/span><\/div>\n            Calle Las Petunias, Lima District, Per\u00f9\n          <\/div>\n  <\/div>\n<\/article>\n          <\/div>\n            <h4><a href=\"#\" onclick=\"cimap();\" class=\"link-marker js-wpv-addon-maps-focus-map js-toolset-maps-hover-map-map-1-marker-marker-85335 js-toolset-maps-open-infowindow-map-map-1-marker-marker-85335\" data-map=\"map-1\" data-marker=\"marker-85335\">36. Condominio Las Moreras<\/a><\/h4>\n            <div id=\"wpcf-field-tipology\" class=\"wpcf-field-select wpcf-field-tipology\"><span class=\"wpcf-field-name wpcf-field-select-name wpcf-field-tipology-name\">tipology:<\/span> <span class=\"wpcf-field-value wpcf-field-select-value wpcf-field-tipology-value\">residential<\/span><\/div> | <div id=\"wpcf-field-architect\" class=\"wpcf-field-single-line wpcf-field-architect\"><span class=\"wpcf-field-name wpcf-field-single-line-name wpcf-field-architect-name\">architect:<\/span> <span class=\"wpcf-field-value wpcf-field-single-line-value wpcf-field-architect-value\">Gonzalez Moix Arquitectura<\/span><\/div> | <div id=\"wpcf-field-realization\" class=\"wpcf-field-number wpcf-field-realization\"><span class=\"wpcf-field-name wpcf-field-number-name wpcf-field-realization-name\">realization:<\/span> <span class=\"wpcf-field-value wpcf-field-number-value wpcf-field-realization-value\">2014<\/span><\/div>\n          <\/li>\n\t\t\n          <li>\n            \n          <div style=\"display:none\" class=\"wpv-addon-maps-marker js-wpv-addon-maps-marker js-wpv-addon-maps-marker-marker-85338 js-wpv-addon-maps-markerfor-map-1\" data-marker=\"marker-85338\" data-markertitle=\"Dentaid offices\" data-markerfor=\"map-1\" data-markerlat=\"-12.0588749\" data-markerlon=\"-76.9561202\" data-markericon=\"\/wp-content\/uploads\/sites\/6\/2017\/11\/area_marker_11.png\" data-markericonhover=\"\" data-streetview=\"no\" data-fromview=\"\">\n            <article class=\"marker-itinerario\">\n\t<div class=\"entry-thumbnail\">\n      \n      \t<img loading=\"lazy\" decoding=\"async\" width=\"300\" height=\"206\" src=\"https:\/\/static.tecnichenuove.it\/areaarch\/2020\/04\/dentaid-offices_f-300x206.jpg\" class=\"attachment-medium size-medium wp-post-image\" alt=\"\" srcset=\"https:\/\/static.tecnichenuove.it\/areaarch\/2020\/04\/dentaid-offices_f-300x206.jpg 300w, https:\/\/static.tecnichenuove.it\/areaarch\/2020\/04\/dentaid-offices_f-768x528.jpg 768w, https:\/\/static.tecnichenuove.it\/areaarch\/2020\/04\/dentaid-offices_f-100x70.jpg 100w, https:\/\/static.tecnichenuove.it\/areaarch\/2020\/04\/dentaid-offices_f-218x150.jpg 218w, https:\/\/static.tecnichenuove.it\/areaarch\/2020\/04\/dentaid-offices_f-436x300.jpg 436w, https:\/\/static.tecnichenuove.it\/areaarch\/2020\/04\/dentaid-offices_f-696x478.jpg 696w, https:\/\/static.tecnichenuove.it\/areaarch\/2020\/04\/dentaid-offices_f-611x420.jpg 611w, https:\/\/static.tecnichenuove.it\/areaarch\/2020\/04\/dentaid-offices_f.jpg 1000w\" sizes=\"auto, (max-width: 300px) 100vw, 300px\" \/>\n      \n      \n\t<\/div>\n  \t<div class=\"entry-column\">\n      <h3 class=\"entry-title td-module-title\">Dentaid offices<\/h3>\n      <div class=\"td-excerpt\">\n            <div id=\"wpcf-field-tipology\" class=\"wpcf-field-select wpcf-field-tipology\"><span class=\"wpcf-field-name wpcf-field-select-name wpcf-field-tipology-name\">tipology:<\/span> <span class=\"wpcf-field-value wpcf-field-select-value wpcf-field-tipology-value\">office<\/span><\/div>\n            <div id=\"wpcf-field-architect\" class=\"wpcf-field-single-line wpcf-field-architect\"><span class=\"wpcf-field-name wpcf-field-single-line-name wpcf-field-architect-name\">architect:<\/span> <span class=\"wpcf-field-value wpcf-field-single-line-value wpcf-field-architect-value\">Barclay &amp; Crousse Architecture<\/span><\/div>\n            <div id=\"wpcf-field-realization\" class=\"wpcf-field-number wpcf-field-realization\"><span class=\"wpcf-field-name wpcf-field-number-name wpcf-field-realization-name\">realization:<\/span> <span class=\"wpcf-field-value wpcf-field-number-value wpcf-field-realization-value\">2013<\/span><\/div>\n            Telares, Ate, Per\u00f9\n          <\/div>\n  <\/div>\n<\/article>\n          <\/div>\n            <h4><a href=\"#\" onclick=\"cimap();\" class=\"link-marker js-wpv-addon-maps-focus-map js-toolset-maps-hover-map-map-1-marker-marker-85338 js-toolset-maps-open-infowindow-map-map-1-marker-marker-85338\" data-map=\"map-1\" data-marker=\"marker-85338\">37. Dentaid offices<\/a><\/h4>\n            <div id=\"wpcf-field-tipology\" class=\"wpcf-field-select wpcf-field-tipology\"><span class=\"wpcf-field-name wpcf-field-select-name wpcf-field-tipology-name\">tipology:<\/span> <span class=\"wpcf-field-value wpcf-field-select-value wpcf-field-tipology-value\">office<\/span><\/div> | <div id=\"wpcf-field-architect\" class=\"wpcf-field-single-line wpcf-field-architect\"><span class=\"wpcf-field-name wpcf-field-single-line-name wpcf-field-architect-name\">architect:<\/span> <span class=\"wpcf-field-value wpcf-field-single-line-value wpcf-field-architect-value\">Barclay &amp; Crousse Architecture<\/span><\/div> | <div id=\"wpcf-field-realization\" class=\"wpcf-field-number wpcf-field-realization\"><span class=\"wpcf-field-name wpcf-field-number-name wpcf-field-realization-name\">realization:<\/span> <span class=\"wpcf-field-value wpcf-field-number-value wpcf-field-realization-value\">2013<\/span><\/div>\n          <\/li>\n\t\t\n          <li>\n            \n          <div style=\"display:none\" class=\"wpv-addon-maps-marker js-wpv-addon-maps-marker js-wpv-addon-maps-marker-marker-85340 js-wpv-addon-maps-markerfor-map-1\" data-marker=\"marker-85340\" data-markertitle=\"Plaza Cultural Norte\" data-markerfor=\"map-1\" data-markerlat=\"-12.0617621\" data-markerlon=\"-76.9470605\" data-markericon=\"\/wp-content\/uploads\/sites\/6\/2017\/11\/area_marker_10.png\" data-markericonhover=\"\" data-streetview=\"no\" data-fromview=\"\">\n            <article class=\"marker-itinerario\">\n\t<div class=\"entry-thumbnail\">\n      \n      \n      \t<img loading=\"lazy\" decoding=\"async\" width=\"1280\" height=\"828\" src=\"https:\/\/static.tecnichenuove.it\/areaarch\/2020\/04\/Plaza-cultural-norte_f2.jpg\" class=\"attachment-post-thumbnail size-post-thumbnail wp-post-image\" alt=\"\" srcset=\"https:\/\/static.tecnichenuove.it\/areaarch\/2020\/04\/Plaza-cultural-norte_f2.jpg 1280w, https:\/\/static.tecnichenuove.it\/areaarch\/2020\/04\/Plaza-cultural-norte_f2-300x194.jpg 300w, https:\/\/static.tecnichenuove.it\/areaarch\/2020\/04\/Plaza-cultural-norte_f2-1024x662.jpg 1024w, https:\/\/static.tecnichenuove.it\/areaarch\/2020\/04\/Plaza-cultural-norte_f2-768x497.jpg 768w, https:\/\/static.tecnichenuove.it\/areaarch\/2020\/04\/Plaza-cultural-norte_f2-696x450.jpg 696w, https:\/\/static.tecnichenuove.it\/areaarch\/2020\/04\/Plaza-cultural-norte_f2-1068x691.jpg 1068w, https:\/\/static.tecnichenuove.it\/areaarch\/2020\/04\/Plaza-cultural-norte_f2-649x420.jpg 649w\" sizes=\"auto, (max-width: 1280px) 100vw, 1280px\" \/>\n      \t<img decoding=\"async\" src=\"https:\/\/www.area-arch.it\/wp-content\/uploads\/sites\/6\/2020\/04\/Plaza-cultural-norte_d3.jpg\" class=\"attachment-post-thumbnail\" \/>\n      \n\t<\/div>\n  \t<div class=\"entry-column\">\n      <h3 class=\"entry-title td-module-title\">Plaza Cultural Norte<\/h3>\n      <div class=\"td-excerpt\">\n            <div id=\"wpcf-field-tipology\" class=\"wpcf-field-select wpcf-field-tipology\"><span class=\"wpcf-field-name wpcf-field-select-name wpcf-field-tipology-name\">tipology:<\/span> <span class=\"wpcf-field-value wpcf-field-select-value wpcf-field-tipology-value\">museum<\/span><\/div>\n            <div id=\"wpcf-field-architect\" class=\"wpcf-field-single-line wpcf-field-architect\"><span class=\"wpcf-field-name wpcf-field-single-line-name wpcf-field-architect-name\">architect:<\/span> <span class=\"wpcf-field-value wpcf-field-single-line-value wpcf-field-architect-value\">Gonzalez Moix Arquitectura<\/span><\/div>\n            <div id=\"wpcf-field-realization\" class=\"wpcf-field-number wpcf-field-realization\"><span class=\"wpcf-field-name wpcf-field-number-name wpcf-field-realization-name\">realization:<\/span> <span class=\"wpcf-field-value wpcf-field-number-value wpcf-field-realization-value\">2016<\/span><\/div>\n            Calle Mart\u00edn Alonso Pinz\u00f3n, La Molina, Per\u00f9\n          <\/div>\n  <\/div>\n<\/article>\n          <\/div>\n            <h4><a href=\"#\" onclick=\"cimap();\" class=\"link-marker js-wpv-addon-maps-focus-map js-toolset-maps-hover-map-map-1-marker-marker-85340 js-toolset-maps-open-infowindow-map-map-1-marker-marker-85340\" data-map=\"map-1\" data-marker=\"marker-85340\">38. Plaza Cultural Norte<\/a><\/h4>\n            <div id=\"wpcf-field-tipology\" class=\"wpcf-field-select wpcf-field-tipology\"><span class=\"wpcf-field-name wpcf-field-select-name wpcf-field-tipology-name\">tipology:<\/span> <span class=\"wpcf-field-value wpcf-field-select-value wpcf-field-tipology-value\">museum<\/span><\/div> | <div id=\"wpcf-field-architect\" class=\"wpcf-field-single-line wpcf-field-architect\"><span class=\"wpcf-field-name wpcf-field-single-line-name wpcf-field-architect-name\">architect:<\/span> <span class=\"wpcf-field-value wpcf-field-single-line-value wpcf-field-architect-value\">Gonzalez Moix Arquitectura<\/span><\/div> | <div id=\"wpcf-field-realization\" class=\"wpcf-field-number wpcf-field-realization\"><span class=\"wpcf-field-name wpcf-field-number-name wpcf-field-realization-name\">realization:<\/span> <span class=\"wpcf-field-value wpcf-field-number-value wpcf-field-realization-value\">2016<\/span><\/div>\n          <\/li>\n\t\t\n          <li>\n            \n          <div style=\"display:none\" class=\"wpv-addon-maps-marker js-wpv-addon-maps-marker js-wpv-addon-maps-marker-marker-85343 js-wpv-addon-maps-markerfor-map-1\" data-marker=\"marker-85343\" data-markertitle=\"Banco de Credito\" data-markerfor=\"map-1\" data-markerlat=\"-12.0665487\" data-markerlon=\"-76.9354135\" data-markericon=\"\/wp-content\/uploads\/sites\/6\/2017\/11\/area_marker_11.png\" data-markericonhover=\"\" data-streetview=\"no\" data-fromview=\"\">\n            <article class=\"marker-itinerario\">\n\t<div class=\"entry-thumbnail\">\n      \n      \n      \t<img loading=\"lazy\" decoding=\"async\" width=\"1280\" height=\"634\" src=\"https:\/\/static.tecnichenuove.it\/areaarch\/2020\/04\/Banco-de-credito_f3.jpg\" class=\"attachment-post-thumbnail size-post-thumbnail wp-post-image\" alt=\"\" srcset=\"https:\/\/static.tecnichenuove.it\/areaarch\/2020\/04\/Banco-de-credito_f3.jpg 1280w, https:\/\/static.tecnichenuove.it\/areaarch\/2020\/04\/Banco-de-credito_f3-300x149.jpg 300w, https:\/\/static.tecnichenuove.it\/areaarch\/2020\/04\/Banco-de-credito_f3-1024x507.jpg 1024w, https:\/\/static.tecnichenuove.it\/areaarch\/2020\/04\/Banco-de-credito_f3-768x380.jpg 768w, https:\/\/static.tecnichenuove.it\/areaarch\/2020\/04\/Banco-de-credito_f3-324x160.jpg 324w, https:\/\/static.tecnichenuove.it\/areaarch\/2020\/04\/Banco-de-credito_f3-696x345.jpg 696w, https:\/\/static.tecnichenuove.it\/areaarch\/2020\/04\/Banco-de-credito_f3-1068x529.jpg 1068w, https:\/\/static.tecnichenuove.it\/areaarch\/2020\/04\/Banco-de-credito_f3-848x420.jpg 848w\" sizes=\"auto, (max-width: 1280px) 100vw, 1280px\" \/>\n      \t<img decoding=\"async\" src=\"https:\/\/www.area-arch.it\/wp-content\/uploads\/sites\/6\/2020\/04\/Banco-de-credito_d2.jpg\" class=\"attachment-post-thumbnail\" \/>\n      \n\t<\/div>\n  \t<div class=\"entry-column\">\n      <h3 class=\"entry-title td-module-title\">Banco de Credito<\/h3>\n      <div class=\"td-excerpt\">\n            <div id=\"wpcf-field-tipology\" class=\"wpcf-field-select wpcf-field-tipology\"><span class=\"wpcf-field-name wpcf-field-select-name wpcf-field-tipology-name\">tipology:<\/span> <span class=\"wpcf-field-value wpcf-field-select-value wpcf-field-tipology-value\">office<\/span><\/div>\n            <div id=\"wpcf-field-architect\" class=\"wpcf-field-single-line wpcf-field-architect\"><span class=\"wpcf-field-name wpcf-field-single-line-name wpcf-field-architect-name\">architect:<\/span> <span class=\"wpcf-field-value wpcf-field-single-line-value wpcf-field-architect-value\">Arquitectonica<\/span><\/div>\n            <div id=\"wpcf-field-realization\" class=\"wpcf-field-number wpcf-field-realization\"><span class=\"wpcf-field-name wpcf-field-number-name wpcf-field-realization-name\">realization:<\/span> <span class=\"wpcf-field-value wpcf-field-number-value wpcf-field-realization-value\">1988<\/span><\/div>\n            Centenario, La Molina, Per\u00f9\n          <\/div>\n  <\/div>\n<\/article>\n          <\/div>\n            <h4><a href=\"#\" onclick=\"cimap();\" class=\"link-marker js-wpv-addon-maps-focus-map js-toolset-maps-hover-map-map-1-marker-marker-85343 js-toolset-maps-open-infowindow-map-map-1-marker-marker-85343\" data-map=\"map-1\" data-marker=\"marker-85343\">39. Banco de Credito<\/a><\/h4>\n            <div id=\"wpcf-field-tipology\" class=\"wpcf-field-select wpcf-field-tipology\"><span class=\"wpcf-field-name wpcf-field-select-name wpcf-field-tipology-name\">tipology:<\/span> <span class=\"wpcf-field-value wpcf-field-select-value wpcf-field-tipology-value\">office<\/span><\/div> | <div id=\"wpcf-field-architect\" class=\"wpcf-field-single-line wpcf-field-architect\"><span class=\"wpcf-field-name wpcf-field-single-line-name wpcf-field-architect-name\">architect:<\/span> <span class=\"wpcf-field-value wpcf-field-single-line-value wpcf-field-architect-value\">Arquitectonica<\/span><\/div> | <div id=\"wpcf-field-realization\" class=\"wpcf-field-number wpcf-field-realization\"><span class=\"wpcf-field-name wpcf-field-number-name wpcf-field-realization-name\">realization:<\/span> <span class=\"wpcf-field-value wpcf-field-number-value wpcf-field-realization-value\">1988<\/span><\/div>\n          <\/li>\n\t\t\n          <li>\n            \n          <div style=\"display:none\" class=\"wpv-addon-maps-marker js-wpv-addon-maps-marker js-wpv-addon-maps-marker-marker-85346 js-wpv-addon-maps-markerfor-map-1\" data-marker=\"marker-85346\" data-markertitle=\"Edificio Spazio 1\" data-markerfor=\"map-1\" data-markerlat=\"-12.0824361\" data-markerlon=\"-76.9857061\" data-markericon=\"\/wp-content\/uploads\/sites\/6\/2017\/11\/area_marker_13.png\" data-markericonhover=\"\" data-streetview=\"no\" data-fromview=\"\">\n            <article class=\"marker-itinerario\">\n\t<div class=\"entry-thumbnail\">\n      \n      \n      \t<img loading=\"lazy\" decoding=\"async\" width=\"877\" height=\"1200\" src=\"https:\/\/static.tecnichenuove.it\/areaarch\/2020\/04\/edificio-spazio-1_f1.jpg\" class=\"attachment-post-thumbnail size-post-thumbnail wp-post-image\" alt=\"\" srcset=\"https:\/\/static.tecnichenuove.it\/areaarch\/2020\/04\/edificio-spazio-1_f1.jpg 877w, https:\/\/static.tecnichenuove.it\/areaarch\/2020\/04\/edificio-spazio-1_f1-219x300.jpg 219w, https:\/\/static.tecnichenuove.it\/areaarch\/2020\/04\/edificio-spazio-1_f1-748x1024.jpg 748w, https:\/\/static.tecnichenuove.it\/areaarch\/2020\/04\/edificio-spazio-1_f1-768x1051.jpg 768w, https:\/\/static.tecnichenuove.it\/areaarch\/2020\/04\/edificio-spazio-1_f1-696x952.jpg 696w, https:\/\/static.tecnichenuove.it\/areaarch\/2020\/04\/edificio-spazio-1_f1-307x420.jpg 307w\" sizes=\"auto, (max-width: 877px) 100vw, 877px\" \/>\n      \t<img decoding=\"async\" src=\"https:\/\/www.area-arch.it\/wp-content\/uploads\/sites\/6\/2020\/04\/edificio-spazio-1_d.jpg\" class=\"attachment-post-thumbnail\" \/>\n      \n\t<\/div>\n  \t<div class=\"entry-column\">\n      <h3 class=\"entry-title td-module-title\">Edificio Spazio 1<\/h3>\n      <div class=\"td-excerpt\">\n            <div id=\"wpcf-field-tipology\" class=\"wpcf-field-select wpcf-field-tipology\"><span class=\"wpcf-field-name wpcf-field-select-name wpcf-field-tipology-name\">tipology:<\/span> <span class=\"wpcf-field-value wpcf-field-select-value wpcf-field-tipology-value\">residential<\/span><\/div>\n            <div id=\"wpcf-field-architect\" class=\"wpcf-field-single-line wpcf-field-architect\"><span class=\"wpcf-field-name wpcf-field-single-line-name wpcf-field-architect-name\">architect:<\/span> <span class=\"wpcf-field-value wpcf-field-single-line-value wpcf-field-architect-value\">Gonzalez Moix Arquitectura<\/span><\/div>\n            <div id=\"wpcf-field-realization\" class=\"wpcf-field-number wpcf-field-realization\"><span class=\"wpcf-field-name wpcf-field-number-name wpcf-field-realization-name\">realization:<\/span> <span class=\"wpcf-field-value wpcf-field-number-value wpcf-field-realization-value\">2005<\/span><\/div>\n            Avenida Circunvalaci\u00f3n, Santiago de Surco, Per\u00f9\n          <\/div>\n  <\/div>\n<\/article>\n          <\/div>\n            <h4><a href=\"#\" onclick=\"cimap();\" class=\"link-marker js-wpv-addon-maps-focus-map js-toolset-maps-hover-map-map-1-marker-marker-85346 js-toolset-maps-open-infowindow-map-map-1-marker-marker-85346\" data-map=\"map-1\" data-marker=\"marker-85346\">40. Edificio Spazio 1<\/a><\/h4>\n            <div id=\"wpcf-field-tipology\" class=\"wpcf-field-select wpcf-field-tipology\"><span class=\"wpcf-field-name wpcf-field-select-name wpcf-field-tipology-name\">tipology:<\/span> <span class=\"wpcf-field-value wpcf-field-select-value wpcf-field-tipology-value\">residential<\/span><\/div> | <div id=\"wpcf-field-architect\" class=\"wpcf-field-single-line wpcf-field-architect\"><span class=\"wpcf-field-name wpcf-field-single-line-name wpcf-field-architect-name\">architect:<\/span> <span class=\"wpcf-field-value wpcf-field-single-line-value wpcf-field-architect-value\">Gonzalez Moix Arquitectura<\/span><\/div> | <div id=\"wpcf-field-realization\" class=\"wpcf-field-number wpcf-field-realization\"><span class=\"wpcf-field-name wpcf-field-number-name wpcf-field-realization-name\">realization:<\/span> <span class=\"wpcf-field-value wpcf-field-number-value wpcf-field-realization-value\">2005<\/span><\/div>\n          <\/li>\n\t\t\n          <li>\n            \n          <div style=\"display:none\" class=\"wpv-addon-maps-marker js-wpv-addon-maps-marker js-wpv-addon-maps-marker-marker-85349 js-wpv-addon-maps-markerfor-map-1\" data-marker=\"marker-85349\" data-markertitle=\"Infinium Golf\" data-markerfor=\"map-1\" data-markerlat=\"-12.0851279\" data-markerlon=\"-76.9617709\" data-markericon=\"\/wp-content\/uploads\/sites\/6\/2017\/11\/area_marker_13.png\" data-markericonhover=\"\" data-streetview=\"no\" data-fromview=\"\">\n            <article class=\"marker-itinerario\">\n\t<div class=\"entry-thumbnail\">\n      \n      \n      \t<img loading=\"lazy\" decoding=\"async\" width=\"1280\" height=\"1280\" src=\"https:\/\/static.tecnichenuove.it\/areaarch\/2020\/04\/Infinium-golf_f1.jpg\" class=\"attachment-post-thumbnail size-post-thumbnail wp-post-image\" alt=\"\" srcset=\"https:\/\/static.tecnichenuove.it\/areaarch\/2020\/04\/Infinium-golf_f1.jpg 1280w, https:\/\/static.tecnichenuove.it\/areaarch\/2020\/04\/Infinium-golf_f1-300x300.jpg 300w, https:\/\/static.tecnichenuove.it\/areaarch\/2020\/04\/Infinium-golf_f1-1024x1024.jpg 1024w, https:\/\/static.tecnichenuove.it\/areaarch\/2020\/04\/Infinium-golf_f1-768x768.jpg 768w, https:\/\/static.tecnichenuove.it\/areaarch\/2020\/04\/Infinium-golf_f1-696x696.jpg 696w, https:\/\/static.tecnichenuove.it\/areaarch\/2020\/04\/Infinium-golf_f1-1068x1068.jpg 1068w, https:\/\/static.tecnichenuove.it\/areaarch\/2020\/04\/Infinium-golf_f1-420x420.jpg 420w\" sizes=\"auto, (max-width: 1280px) 100vw, 1280px\" \/>\n      \t<img decoding=\"async\" src=\"https:\/\/www.area-arch.it\/wp-content\/uploads\/sites\/6\/2020\/04\/Infinium-golf_d.jpg\" class=\"attachment-post-thumbnail\" \/>\n      \n\t<\/div>\n  \t<div class=\"entry-column\">\n      <h3 class=\"entry-title td-module-title\">Infinium Golf<\/h3>\n      <div class=\"td-excerpt\">\n            <div id=\"wpcf-field-tipology\" class=\"wpcf-field-select wpcf-field-tipology\"><span class=\"wpcf-field-name wpcf-field-select-name wpcf-field-tipology-name\">tipology:<\/span> <span class=\"wpcf-field-value wpcf-field-select-value wpcf-field-tipology-value\">residential<\/span><\/div>\n            <div id=\"wpcf-field-architect\" class=\"wpcf-field-single-line wpcf-field-architect\"><span class=\"wpcf-field-name wpcf-field-single-line-name wpcf-field-architect-name\">architect:<\/span> <span class=\"wpcf-field-value wpcf-field-single-line-value wpcf-field-architect-value\">51-1 Arquitectos<\/span><\/div>\n            <div id=\"wpcf-field-realization\" class=\"wpcf-field-number wpcf-field-realization\"><span class=\"wpcf-field-name wpcf-field-number-name wpcf-field-realization-name\">realization:<\/span> <span class=\"wpcf-field-value wpcf-field-number-value wpcf-field-realization-value\">2014<\/span><\/div>\n            Avenida Cerro de Camacho, Distretto di Lima, Per\u00f9\n          <\/div>\n  <\/div>\n<\/article>\n          <\/div>\n            <h4><a href=\"#\" onclick=\"cimap();\" class=\"link-marker js-wpv-addon-maps-focus-map js-toolset-maps-hover-map-map-1-marker-marker-85349 js-toolset-maps-open-infowindow-map-map-1-marker-marker-85349\" data-map=\"map-1\" data-marker=\"marker-85349\">41. Infinium Golf<\/a><\/h4>\n            <div id=\"wpcf-field-tipology\" class=\"wpcf-field-select wpcf-field-tipology\"><span class=\"wpcf-field-name wpcf-field-select-name wpcf-field-tipology-name\">tipology:<\/span> <span class=\"wpcf-field-value wpcf-field-select-value wpcf-field-tipology-value\">residential<\/span><\/div> | <div id=\"wpcf-field-architect\" class=\"wpcf-field-single-line wpcf-field-architect\"><span class=\"wpcf-field-name wpcf-field-single-line-name wpcf-field-architect-name\">architect:<\/span> <span class=\"wpcf-field-value wpcf-field-single-line-value wpcf-field-architect-value\">51-1 Arquitectos<\/span><\/div> | <div id=\"wpcf-field-realization\" class=\"wpcf-field-number wpcf-field-realization\"><span class=\"wpcf-field-name wpcf-field-number-name wpcf-field-realization-name\">realization:<\/span> <span class=\"wpcf-field-value wpcf-field-number-value wpcf-field-realization-value\">2014<\/span><\/div>\n          <\/li>\n\t\t\n          <li>\n            \n          <div style=\"display:none\" class=\"wpv-addon-maps-marker js-wpv-addon-maps-marker js-wpv-addon-maps-marker-marker-85352 js-wpv-addon-maps-markerfor-map-1\" data-marker=\"marker-85352\" data-markertitle=\"Centro empresarial Cronos\" data-markerfor=\"map-1\" data-markerlat=\"-12.104926\" data-markerlon=\"-76.9707944\" data-markericon=\"\/wp-content\/uploads\/sites\/6\/2017\/11\/area_marker_9.png\" data-markericonhover=\"\" data-streetview=\"no\" data-fromview=\"\">\n            <article class=\"marker-itinerario\">\n\t<div class=\"entry-thumbnail\">\n      \n      \n      \t<img loading=\"lazy\" decoding=\"async\" width=\"1280\" height=\"674\" src=\"https:\/\/static.tecnichenuove.it\/areaarch\/2020\/04\/centro-empresarial-cronos_f2.jpg\" class=\"attachment-post-thumbnail size-post-thumbnail wp-post-image\" alt=\"\" srcset=\"https:\/\/static.tecnichenuove.it\/areaarch\/2020\/04\/centro-empresarial-cronos_f2.jpg 1280w, https:\/\/static.tecnichenuove.it\/areaarch\/2020\/04\/centro-empresarial-cronos_f2-300x158.jpg 300w, https:\/\/static.tecnichenuove.it\/areaarch\/2020\/04\/centro-empresarial-cronos_f2-1024x539.jpg 1024w, https:\/\/static.tecnichenuove.it\/areaarch\/2020\/04\/centro-empresarial-cronos_f2-768x404.jpg 768w, https:\/\/static.tecnichenuove.it\/areaarch\/2020\/04\/centro-empresarial-cronos_f2-696x366.jpg 696w, https:\/\/static.tecnichenuove.it\/areaarch\/2020\/04\/centro-empresarial-cronos_f2-1068x562.jpg 1068w, https:\/\/static.tecnichenuove.it\/areaarch\/2020\/04\/centro-empresarial-cronos_f2-798x420.jpg 798w\" sizes=\"auto, (max-width: 1280px) 100vw, 1280px\" \/>\n      \t<img decoding=\"async\" src=\"https:\/\/www.area-arch.it\/wp-content\/uploads\/sites\/6\/2020\/04\/centro-empresarial-cronos_d1.jpg\" class=\"attachment-post-thumbnail\" \/>\n      \n\t<\/div>\n  \t<div class=\"entry-column\">\n      <h3 class=\"entry-title td-module-title\">Centro empresarial Cronos<\/h3>\n      <div class=\"td-excerpt\">\n            <div id=\"wpcf-field-tipology\" class=\"wpcf-field-select wpcf-field-tipology\"><span class=\"wpcf-field-name wpcf-field-select-name wpcf-field-tipology-name\">tipology:<\/span> <span class=\"wpcf-field-value wpcf-field-select-value wpcf-field-tipology-value\">mixed use<\/span><\/div>\n            <div id=\"wpcf-field-architect\" class=\"wpcf-field-single-line wpcf-field-architect\"><span class=\"wpcf-field-name wpcf-field-single-line-name wpcf-field-architect-name\">architect:<\/span> <span class=\"wpcf-field-value wpcf-field-single-line-value wpcf-field-architect-value\">Gonzalez Moix Arquitectura<\/span><\/div>\n            <div id=\"wpcf-field-realization\" class=\"wpcf-field-number wpcf-field-realization\"><span class=\"wpcf-field-name wpcf-field-number-name wpcf-field-realization-name\">realization:<\/span> <span class=\"wpcf-field-value wpcf-field-number-value wpcf-field-realization-value\">2009<\/span><\/div>\n            Avenida La Encalada, Distretto di Santiago de Surco, Per\u00f9\n          <\/div>\n  <\/div>\n<\/article>\n          <\/div>\n            <h4><a href=\"#\" onclick=\"cimap();\" class=\"link-marker js-wpv-addon-maps-focus-map js-toolset-maps-hover-map-map-1-marker-marker-85352 js-toolset-maps-open-infowindow-map-map-1-marker-marker-85352\" data-map=\"map-1\" data-marker=\"marker-85352\">42. Centro empresarial Cronos<\/a><\/h4>\n            <div id=\"wpcf-field-tipology\" class=\"wpcf-field-select wpcf-field-tipology\"><span class=\"wpcf-field-name wpcf-field-select-name wpcf-field-tipology-name\">tipology:<\/span> <span class=\"wpcf-field-value wpcf-field-select-value wpcf-field-tipology-value\">mixed use<\/span><\/div> | <div id=\"wpcf-field-architect\" class=\"wpcf-field-single-line wpcf-field-architect\"><span class=\"wpcf-field-name wpcf-field-single-line-name wpcf-field-architect-name\">architect:<\/span> <span class=\"wpcf-field-value wpcf-field-single-line-value wpcf-field-architect-value\">Gonzalez Moix Arquitectura<\/span><\/div> | <div id=\"wpcf-field-realization\" class=\"wpcf-field-number wpcf-field-realization\"><span class=\"wpcf-field-name wpcf-field-number-name wpcf-field-realization-name\">realization:<\/span> <span class=\"wpcf-field-value wpcf-field-number-value wpcf-field-realization-value\">2009<\/span><\/div>\n          <\/li>\n\t\t\n          <li>\n            \n          <div style=\"display:none\" class=\"wpv-addon-maps-marker js-wpv-addon-maps-marker js-wpv-addon-maps-marker-marker-85355 js-wpv-addon-maps-markerfor-map-1\" data-marker=\"marker-85355\" data-markertitle=\"Sala de usos multiples en el Colegio Pio XII\" data-markerfor=\"map-1\" data-markerlat=\"-12.1416088\" data-markerlon=\"-76.9918155\" data-markericon=\"\/wp-content\/uploads\/sites\/6\/2017\/11\/area_marker_4.png\" data-markericonhover=\"\" data-streetview=\"no\" data-fromview=\"\">\n            <article class=\"marker-itinerario\">\n\t<div class=\"entry-thumbnail\">\n      \n      \n      \t<img loading=\"lazy\" decoding=\"async\" width=\"1000\" height=\"667\" src=\"https:\/\/static.tecnichenuove.it\/areaarch\/2020\/04\/Salo%CC%81n-de-usos-mu%CC%81ltiples_f.jpg\" class=\"attachment-post-thumbnail size-post-thumbnail wp-post-image\" alt=\"\" srcset=\"https:\/\/static.tecnichenuove.it\/areaarch\/2020\/04\/Salo%CC%81n-de-usos-mu%CC%81ltiples_f.jpg 1000w, https:\/\/static.tecnichenuove.it\/areaarch\/2020\/04\/Salo%CC%81n-de-usos-mu%CC%81ltiples_f-300x200.jpg 300w, https:\/\/static.tecnichenuove.it\/areaarch\/2020\/04\/Salo%CC%81n-de-usos-mu%CC%81ltiples_f-150x100.jpg 150w, https:\/\/static.tecnichenuove.it\/areaarch\/2020\/04\/Salo%CC%81n-de-usos-mu%CC%81ltiples_f-768x512.jpg 768w, https:\/\/static.tecnichenuove.it\/areaarch\/2020\/04\/Salo%CC%81n-de-usos-mu%CC%81ltiples_f-696x464.jpg 696w, https:\/\/static.tecnichenuove.it\/areaarch\/2020\/04\/Salo%CC%81n-de-usos-mu%CC%81ltiples_f-630x420.jpg 630w\" sizes=\"auto, (max-width: 1000px) 100vw, 1000px\" \/>\n      \t<img decoding=\"async\" src=\"https:\/\/www.area-arch.it\/wp-content\/uploads\/sites\/6\/2020\/04\/Salo\u0301n-de-usos-mu\u0301ltiples_d.jpg\" class=\"attachment-post-thumbnail\" \/>\n      \n\t<\/div>\n  \t<div class=\"entry-column\">\n      <h3 class=\"entry-title td-module-title\">Sala de usos multiples en el Colegio Pio XII<\/h3>\n      <div class=\"td-excerpt\">\n            <div id=\"wpcf-field-tipology\" class=\"wpcf-field-select wpcf-field-tipology\"><span class=\"wpcf-field-name wpcf-field-select-name wpcf-field-tipology-name\">tipology:<\/span> <span class=\"wpcf-field-value wpcf-field-select-value wpcf-field-tipology-value\">education<\/span><\/div>\n            <div id=\"wpcf-field-architect\" class=\"wpcf-field-single-line wpcf-field-architect\"><span class=\"wpcf-field-name wpcf-field-single-line-name wpcf-field-architect-name\">architect:<\/span> <span class=\"wpcf-field-value wpcf-field-single-line-value wpcf-field-architect-value\">Laboratorio Urbano de Lima + Carmen Rivas Lombardi<\/span><\/div>\n            <div id=\"wpcf-field-realization\" class=\"wpcf-field-number wpcf-field-realization\"><span class=\"wpcf-field-name wpcf-field-number-name wpcf-field-realization-name\">realization:<\/span> <span class=\"wpcf-field-value wpcf-field-number-value wpcf-field-realization-value\">2010<\/span><\/div>\n            Santiago de Surco, Per\u00f9\n          <\/div>\n  <\/div>\n<\/article>\n          <\/div>\n            <h4><a href=\"#\" onclick=\"cimap();\" class=\"link-marker js-wpv-addon-maps-focus-map js-toolset-maps-hover-map-map-1-marker-marker-85355 js-toolset-maps-open-infowindow-map-map-1-marker-marker-85355\" data-map=\"map-1\" data-marker=\"marker-85355\">43. Sala de usos multiples en el Colegio Pio XII<\/a><\/h4>\n            <div id=\"wpcf-field-tipology\" class=\"wpcf-field-select wpcf-field-tipology\"><span class=\"wpcf-field-name wpcf-field-select-name wpcf-field-tipology-name\">tipology:<\/span> <span class=\"wpcf-field-value wpcf-field-select-value wpcf-field-tipology-value\">education<\/span><\/div> | <div id=\"wpcf-field-architect\" class=\"wpcf-field-single-line wpcf-field-architect\"><span class=\"wpcf-field-name wpcf-field-single-line-name wpcf-field-architect-name\">architect:<\/span> <span class=\"wpcf-field-value wpcf-field-single-line-value wpcf-field-architect-value\">Laboratorio Urbano de Lima + Carmen Rivas Lombardi<\/span><\/div> | <div id=\"wpcf-field-realization\" class=\"wpcf-field-number wpcf-field-realization\"><span class=\"wpcf-field-name wpcf-field-number-name wpcf-field-realization-name\">realization:<\/span> <span class=\"wpcf-field-value wpcf-field-number-value wpcf-field-realization-value\">2010<\/span><\/div>\n          <\/li>\n\t\t\n          <li>\n            \n          <div style=\"display:none\" class=\"wpv-addon-maps-marker js-wpv-addon-maps-marker js-wpv-addon-maps-marker-marker-85358 js-wpv-addon-maps-markerfor-map-1\" data-marker=\"marker-85358\" data-markertitle=\"Plaza Biblioteca Sur\" data-markerfor=\"map-1\" data-markerlat=\"-12.0820196\" data-markerlon=\"-76.928234\" data-markericon=\"\/wp-content\/uploads\/sites\/6\/2017\/11\/area_marker_10.png\" data-markericonhover=\"\" data-streetview=\"no\" data-fromview=\"\">\n            <article class=\"marker-itinerario\">\n\t<div class=\"entry-thumbnail\">\n      \n      \n      \t<img loading=\"lazy\" decoding=\"async\" width=\"1280\" height=\"1059\" src=\"https:\/\/static.tecnichenuove.it\/areaarch\/2020\/04\/Plaza-biblioteca-sur_f3.jpg\" class=\"attachment-post-thumbnail size-post-thumbnail wp-post-image\" alt=\"\" srcset=\"https:\/\/static.tecnichenuove.it\/areaarch\/2020\/04\/Plaza-biblioteca-sur_f3.jpg 1280w, https:\/\/static.tecnichenuove.it\/areaarch\/2020\/04\/Plaza-biblioteca-sur_f3-300x248.jpg 300w, https:\/\/static.tecnichenuove.it\/areaarch\/2020\/04\/Plaza-biblioteca-sur_f3-1024x847.jpg 1024w, https:\/\/static.tecnichenuove.it\/areaarch\/2020\/04\/Plaza-biblioteca-sur_f3-768x635.jpg 768w, https:\/\/static.tecnichenuove.it\/areaarch\/2020\/04\/Plaza-biblioteca-sur_f3-696x576.jpg 696w, https:\/\/static.tecnichenuove.it\/areaarch\/2020\/04\/Plaza-biblioteca-sur_f3-1068x884.jpg 1068w, https:\/\/static.tecnichenuove.it\/areaarch\/2020\/04\/Plaza-biblioteca-sur_f3-508x420.jpg 508w\" sizes=\"auto, (max-width: 1280px) 100vw, 1280px\" \/>\n      \t<img decoding=\"async\" src=\"https:\/\/www.area-arch.it\/wp-content\/uploads\/sites\/6\/2020\/04\/Plaza-biblioteca-sur_d1.jpg\" class=\"attachment-post-thumbnail\" \/>\n      \n\t<\/div>\n  \t<div class=\"entry-column\">\n      <h3 class=\"entry-title td-module-title\">Plaza Biblioteca Sur<\/h3>\n      <div class=\"td-excerpt\">\n            <div id=\"wpcf-field-tipology\" class=\"wpcf-field-select wpcf-field-tipology\"><span class=\"wpcf-field-name wpcf-field-select-name wpcf-field-tipology-name\">tipology:<\/span> <span class=\"wpcf-field-value wpcf-field-select-value wpcf-field-tipology-value\">museum<\/span><\/div>\n            <div id=\"wpcf-field-architect\" class=\"wpcf-field-single-line wpcf-field-architect\"><span class=\"wpcf-field-name wpcf-field-single-line-name wpcf-field-architect-name\">architect:<\/span> <span class=\"wpcf-field-value wpcf-field-single-line-value wpcf-field-architect-value\">Gonzalez Moix Arquitectura<\/span><\/div>\n            <div id=\"wpcf-field-realization\" class=\"wpcf-field-number wpcf-field-realization\"><span class=\"wpcf-field-name wpcf-field-number-name wpcf-field-realization-name\">realization:<\/span> <span class=\"wpcf-field-value wpcf-field-number-value wpcf-field-realization-value\">2017<\/span><\/div>\n            La Molina, Per\u00f9\n          <\/div>\n  <\/div>\n<\/article>\n          <\/div>\n            <h4><a href=\"#\" onclick=\"cimap();\" class=\"link-marker js-wpv-addon-maps-focus-map js-toolset-maps-hover-map-map-1-marker-marker-85358 js-toolset-maps-open-infowindow-map-map-1-marker-marker-85358\" data-map=\"map-1\" data-marker=\"marker-85358\">44. Plaza Biblioteca Sur<\/a><\/h4>\n            <div id=\"wpcf-field-tipology\" class=\"wpcf-field-select wpcf-field-tipology\"><span class=\"wpcf-field-name wpcf-field-select-name wpcf-field-tipology-name\">tipology:<\/span> <span class=\"wpcf-field-value wpcf-field-select-value wpcf-field-tipology-value\">museum<\/span><\/div> | <div id=\"wpcf-field-architect\" class=\"wpcf-field-single-line wpcf-field-architect\"><span class=\"wpcf-field-name wpcf-field-single-line-name wpcf-field-architect-name\">architect:<\/span> <span class=\"wpcf-field-value wpcf-field-single-line-value wpcf-field-architect-value\">Gonzalez Moix Arquitectura<\/span><\/div> | <div id=\"wpcf-field-realization\" class=\"wpcf-field-number wpcf-field-realization\"><span class=\"wpcf-field-name wpcf-field-number-name wpcf-field-realization-name\">realization:<\/span> <span class=\"wpcf-field-value wpcf-field-number-value wpcf-field-realization-value\">2017<\/span><\/div>\n          <\/li>\n\t\t\n          <li>\n            \n          <div style=\"display:none\" class=\"wpv-addon-maps-marker js-wpv-addon-maps-marker js-wpv-addon-maps-marker-marker-85361 js-wpv-addon-maps-markerfor-map-1\" data-marker=\"marker-85361\" data-markertitle=\"Edificio de Aulas en el Campus de la Universidad Ricardo Palma\" data-markerfor=\"map-1\" data-markerlat=\"-12.1287812\" data-markerlon=\"-76.9982062\" data-markericon=\"\/wp-content\/uploads\/sites\/6\/2017\/11\/area_marker_4.png\" data-markericonhover=\"\" data-streetview=\"no\" data-fromview=\"\">\n            <article class=\"marker-itinerario\">\n\t<div class=\"entry-thumbnail\">\n      \n      \n      \t<img loading=\"lazy\" decoding=\"async\" width=\"1024\" height=\"768\" src=\"https:\/\/static.tecnichenuove.it\/areaarch\/2020\/04\/Edificio-de-Aulas-en-el-Campus-Ricardo-Palma_f2.jpg\" class=\"attachment-post-thumbnail size-post-thumbnail wp-post-image\" alt=\"\" srcset=\"https:\/\/static.tecnichenuove.it\/areaarch\/2020\/04\/Edificio-de-Aulas-en-el-Campus-Ricardo-Palma_f2.jpg 1024w, https:\/\/static.tecnichenuove.it\/areaarch\/2020\/04\/Edificio-de-Aulas-en-el-Campus-Ricardo-Palma_f2-300x225.jpg 300w, https:\/\/static.tecnichenuove.it\/areaarch\/2020\/04\/Edificio-de-Aulas-en-el-Campus-Ricardo-Palma_f2-768x576.jpg 768w, https:\/\/static.tecnichenuove.it\/areaarch\/2020\/04\/Edificio-de-Aulas-en-el-Campus-Ricardo-Palma_f2-80x60.jpg 80w, https:\/\/static.tecnichenuove.it\/areaarch\/2020\/04\/Edificio-de-Aulas-en-el-Campus-Ricardo-Palma_f2-160x120.jpg 160w, https:\/\/static.tecnichenuove.it\/areaarch\/2020\/04\/Edificio-de-Aulas-en-el-Campus-Ricardo-Palma_f2-265x198.jpg 265w, https:\/\/static.tecnichenuove.it\/areaarch\/2020\/04\/Edificio-de-Aulas-en-el-Campus-Ricardo-Palma_f2-696x522.jpg 696w, https:\/\/static.tecnichenuove.it\/areaarch\/2020\/04\/Edificio-de-Aulas-en-el-Campus-Ricardo-Palma_f2-560x420.jpg 560w\" sizes=\"auto, (max-width: 1024px) 100vw, 1024px\" \/>\n      \t<img decoding=\"async\" src=\"https:\/\/www.area-arch.it\/wp-content\/uploads\/sites\/6\/2020\/04\/Edificio-de-Aulas-en-el-Campus-Ricardo-Palma_d.jpg\" class=\"attachment-post-thumbnail\" \/>\n      \n\t<\/div>\n  \t<div class=\"entry-column\">\n      <h3 class=\"entry-title td-module-title\">Edificio de Aulas en el Campus de la Universidad Ricardo Palma<\/h3>\n      <div class=\"td-excerpt\">\n            <div id=\"wpcf-field-tipology\" class=\"wpcf-field-select wpcf-field-tipology\"><span class=\"wpcf-field-name wpcf-field-select-name wpcf-field-tipology-name\">tipology:<\/span> <span class=\"wpcf-field-value wpcf-field-select-value wpcf-field-tipology-value\">education<\/span><\/div>\n            <div id=\"wpcf-field-architect\" class=\"wpcf-field-single-line wpcf-field-architect\"><span class=\"wpcf-field-name wpcf-field-single-line-name wpcf-field-architect-name\">architect:<\/span> <span class=\"wpcf-field-value wpcf-field-single-line-value wpcf-field-architect-value\">Juvenal Baracco, Enrique Bonilla<\/span><\/div>\n            <div id=\"wpcf-field-realization\" class=\"wpcf-field-number wpcf-field-realization\"><span class=\"wpcf-field-name wpcf-field-number-name wpcf-field-realization-name\">realization:<\/span> <span class=\"wpcf-field-value wpcf-field-number-value wpcf-field-realization-value\">2007<\/span><\/div>\n            Avenida Alfredo Benavides, Santiago de Surco, Per\u00f9\n          <\/div>\n  <\/div>\n<\/article>\n          <\/div>\n            <h4><a href=\"#\" onclick=\"cimap();\" class=\"link-marker js-wpv-addon-maps-focus-map js-toolset-maps-hover-map-map-1-marker-marker-85361 js-toolset-maps-open-infowindow-map-map-1-marker-marker-85361\" data-map=\"map-1\" data-marker=\"marker-85361\">45. Edificio de Aulas en el Campus de la Universidad Ricardo Palma<\/a><\/h4>\n            <div id=\"wpcf-field-tipology\" class=\"wpcf-field-select wpcf-field-tipology\"><span class=\"wpcf-field-name wpcf-field-select-name wpcf-field-tipology-name\">tipology:<\/span> <span class=\"wpcf-field-value wpcf-field-select-value wpcf-field-tipology-value\">education<\/span><\/div> | <div id=\"wpcf-field-architect\" class=\"wpcf-field-single-line wpcf-field-architect\"><span class=\"wpcf-field-name wpcf-field-single-line-name wpcf-field-architect-name\">architect:<\/span> <span class=\"wpcf-field-value wpcf-field-single-line-value wpcf-field-architect-value\">Juvenal Baracco, Enrique Bonilla<\/span><\/div> | <div id=\"wpcf-field-realization\" class=\"wpcf-field-number wpcf-field-realization\"><span class=\"wpcf-field-name wpcf-field-number-name wpcf-field-realization-name\">realization:<\/span> <span class=\"wpcf-field-value wpcf-field-number-value wpcf-field-realization-value\">2007<\/span><\/div>\n          <\/li>\n\t\t\n          <li>\n            \n          <div style=\"display:none\" class=\"wpv-addon-maps-marker js-wpv-addon-maps-marker js-wpv-addon-maps-marker-marker-85364 js-wpv-addon-maps-markerfor-map-1\" data-marker=\"marker-85364\" data-markertitle=\"Restaurante Zsa Zsa (former restaurant Almar de Lima)\" data-markerfor=\"map-1\" data-markerlat=\"-12.1667049\" data-markerlon=\"-77.0336024\" data-markericon=\"\/wp-content\/uploads\/sites\/6\/2017\/11\/area_marker_.png\" data-markericonhover=\"\" data-streetview=\"no\" data-fromview=\"\">\n            <article class=\"marker-itinerario\">\n\t<div class=\"entry-thumbnail\">\n      \n      \t<img loading=\"lazy\" decoding=\"async\" width=\"294\" height=\"300\" src=\"https:\/\/static.tecnichenuove.it\/areaarch\/2020\/04\/restaurante-amar-de-lima_f-294x300.jpg\" class=\"attachment-medium size-medium wp-post-image\" alt=\"\" srcset=\"https:\/\/static.tecnichenuove.it\/areaarch\/2020\/04\/restaurante-amar-de-lima_f-294x300.jpg 294w, https:\/\/static.tecnichenuove.it\/areaarch\/2020\/04\/restaurante-amar-de-lima_f-768x784.jpg 768w, https:\/\/static.tecnichenuove.it\/areaarch\/2020\/04\/restaurante-amar-de-lima_f-356x364.jpg 356w, https:\/\/static.tecnichenuove.it\/areaarch\/2020\/04\/restaurante-amar-de-lima_f-696x711.jpg 696w, https:\/\/static.tecnichenuove.it\/areaarch\/2020\/04\/restaurante-amar-de-lima_f-411x420.jpg 411w, https:\/\/static.tecnichenuove.it\/areaarch\/2020\/04\/restaurante-amar-de-lima_f.jpg 1000w\" sizes=\"auto, (max-width: 294px) 100vw, 294px\" \/>\n      \n      \n\t<\/div>\n  \t<div class=\"entry-column\">\n      <h3 class=\"entry-title td-module-title\">Restaurante Zsa Zsa (former restaurant Almar de Lima)<\/h3>\n      <div class=\"td-excerpt\">\n            \n            <div id=\"wpcf-field-architect\" class=\"wpcf-field-single-line wpcf-field-architect\"><span class=\"wpcf-field-name wpcf-field-single-line-name wpcf-field-architect-name\">architect:<\/span> <span class=\"wpcf-field-value wpcf-field-single-line-value wpcf-field-architect-value\">Barclay &amp; Crousse Architecture<\/span><\/div>\n            <div id=\"wpcf-field-realization\" class=\"wpcf-field-number wpcf-field-realization\"><span class=\"wpcf-field-name wpcf-field-number-name wpcf-field-realization-name\">realization:<\/span> <span class=\"wpcf-field-value wpcf-field-number-value wpcf-field-realization-value\">2015<\/span><\/div>\n            Chachi Dib\u00f3s, Chorrillos, Per\u00f9\n          <\/div>\n  <\/div>\n<\/article>\n          <\/div>\n            <h4><a href=\"#\" onclick=\"cimap();\" class=\"link-marker js-wpv-addon-maps-focus-map js-toolset-maps-hover-map-map-1-marker-marker-85364 js-toolset-maps-open-infowindow-map-map-1-marker-marker-85364\" data-map=\"map-1\" data-marker=\"marker-85364\">46. Restaurante Zsa Zsa (former restaurant Almar de Lima)<\/a><\/h4>\n             | <div id=\"wpcf-field-architect\" class=\"wpcf-field-single-line wpcf-field-architect\"><span class=\"wpcf-field-name wpcf-field-single-line-name wpcf-field-architect-name\">architect:<\/span> <span class=\"wpcf-field-value wpcf-field-single-line-value wpcf-field-architect-value\">Barclay &amp; Crousse Architecture<\/span><\/div> | <div id=\"wpcf-field-realization\" class=\"wpcf-field-number wpcf-field-realization\"><span class=\"wpcf-field-name wpcf-field-number-name wpcf-field-realization-name\">realization:<\/span> <span class=\"wpcf-field-value wpcf-field-number-value wpcf-field-realization-value\">2015<\/span><\/div>\n          <\/li>\n\t\t\n          <li>\n            \n          <div style=\"display:none\" class=\"wpv-addon-maps-marker js-wpv-addon-maps-marker js-wpv-addon-maps-marker-marker-85366 js-wpv-addon-maps-markerfor-map-1\" data-marker=\"marker-85366\" data-markertitle=\"Colegio LVC\" data-markerfor=\"map-1\" data-markerlat=\"-12.2063058\" data-markerlon=\"-76.999348\" data-markericon=\"\/wp-content\/uploads\/sites\/6\/2017\/11\/area_marker_4.png\" data-markericonhover=\"\" data-streetview=\"no\" data-fromview=\"\">\n            <article class=\"marker-itinerario\">\n\t<div class=\"entry-thumbnail\">\n      \n      \n      \t<img loading=\"lazy\" decoding=\"async\" width=\"1280\" height=\"850\" src=\"https:\/\/static.tecnichenuove.it\/areaarch\/2020\/04\/Colegio-LVC_f2.jpg\" class=\"attachment-post-thumbnail size-post-thumbnail wp-post-image\" alt=\"\" srcset=\"https:\/\/static.tecnichenuove.it\/areaarch\/2020\/04\/Colegio-LVC_f2.jpg 1280w, https:\/\/static.tecnichenuove.it\/areaarch\/2020\/04\/Colegio-LVC_f2-300x199.jpg 300w, https:\/\/static.tecnichenuove.it\/areaarch\/2020\/04\/Colegio-LVC_f2-1024x680.jpg 1024w, https:\/\/static.tecnichenuove.it\/areaarch\/2020\/04\/Colegio-LVC_f2-150x100.jpg 150w, https:\/\/static.tecnichenuove.it\/areaarch\/2020\/04\/Colegio-LVC_f2-768x510.jpg 768w, https:\/\/static.tecnichenuove.it\/areaarch\/2020\/04\/Colegio-LVC_f2-696x462.jpg 696w, https:\/\/static.tecnichenuove.it\/areaarch\/2020\/04\/Colegio-LVC_f2-1068x709.jpg 1068w, https:\/\/static.tecnichenuove.it\/areaarch\/2020\/04\/Colegio-LVC_f2-632x420.jpg 632w\" sizes=\"auto, (max-width: 1280px) 100vw, 1280px\" \/>\n      \t<img decoding=\"async\" src=\"https:\/\/www.area-arch.it\/wp-content\/uploads\/sites\/6\/2020\/04\/Colegio-LVC_d.jpg\" class=\"attachment-post-thumbnail\" \/>\n      \n\t<\/div>\n  \t<div class=\"entry-column\">\n      <h3 class=\"entry-title td-module-title\">Colegio LVC<\/h3>\n      <div class=\"td-excerpt\">\n            <div id=\"wpcf-field-tipology\" class=\"wpcf-field-select wpcf-field-tipology\"><span class=\"wpcf-field-name wpcf-field-select-name wpcf-field-tipology-name\">tipology:<\/span> <span class=\"wpcf-field-value wpcf-field-select-value wpcf-field-tipology-value\">education<\/span><\/div>\n            <div id=\"wpcf-field-architect\" class=\"wpcf-field-single-line wpcf-field-architect\"><span class=\"wpcf-field-name wpcf-field-single-line-name wpcf-field-architect-name\">architect:<\/span> <span class=\"wpcf-field-value wpcf-field-single-line-value wpcf-field-architect-value\">Nomena Arquitectura, Patricio Bryce<\/span><\/div>\n            <div id=\"wpcf-field-realization\" class=\"wpcf-field-number wpcf-field-realization\"><span class=\"wpcf-field-name wpcf-field-number-name wpcf-field-realization-name\">realization:<\/span> <span class=\"wpcf-field-value wpcf-field-number-value wpcf-field-realization-value\">2013<\/span><\/div>\n            Alameda Don Alfonso, Chorrillos, Per\u00f9\n          <\/div>\n  <\/div>\n<\/article>\n          <\/div>\n            <h4><a href=\"#\" onclick=\"cimap();\" class=\"link-marker js-wpv-addon-maps-focus-map js-toolset-maps-hover-map-map-1-marker-marker-85366 js-toolset-maps-open-infowindow-map-map-1-marker-marker-85366\" data-map=\"map-1\" data-marker=\"marker-85366\">47. Colegio LVC<\/a><\/h4>\n            <div id=\"wpcf-field-tipology\" class=\"wpcf-field-select wpcf-field-tipology\"><span class=\"wpcf-field-name wpcf-field-select-name wpcf-field-tipology-name\">tipology:<\/span> <span class=\"wpcf-field-value wpcf-field-select-value wpcf-field-tipology-value\">education<\/span><\/div> | <div id=\"wpcf-field-architect\" class=\"wpcf-field-single-line wpcf-field-architect\"><span class=\"wpcf-field-name wpcf-field-single-line-name wpcf-field-architect-name\">architect:<\/span> <span class=\"wpcf-field-value wpcf-field-single-line-value wpcf-field-architect-value\">Nomena Arquitectura, Patricio Bryce<\/span><\/div> | <div id=\"wpcf-field-realization\" class=\"wpcf-field-number wpcf-field-realization\"><span class=\"wpcf-field-name wpcf-field-number-name wpcf-field-realization-name\">realization:<\/span> <span class=\"wpcf-field-value wpcf-field-number-value wpcf-field-realization-value\">2013<\/span><\/div>\n          <\/li>\n\t\t\n          <li>\n            \n          <div style=\"display:none\" class=\"wpv-addon-maps-marker js-wpv-addon-maps-marker js-wpv-addon-maps-marker-marker-85369 js-wpv-addon-maps-markerfor-map-1\" data-marker=\"marker-85369\" data-markertitle=\"Museo de Sitio de Pachacamac\" data-markerfor=\"map-1\" data-markerlat=\"-12.2598297\" data-markerlon=\"-76.8994781\" data-markericon=\"\/wp-content\/uploads\/sites\/6\/2017\/11\/area_marker_10.png\" data-markericonhover=\"\" data-streetview=\"no\" data-fromview=\"\">\n            <article class=\"marker-itinerario\">\n\t<div class=\"entry-thumbnail\">\n      \n      \n      \t<img loading=\"lazy\" decoding=\"async\" width=\"1280\" height=\"856\" src=\"https:\/\/static.tecnichenuove.it\/areaarch\/2020\/04\/Museo-de-Sitio-de-Pachacamac_f1.jpg\" class=\"attachment-post-thumbnail size-post-thumbnail wp-post-image\" alt=\"\" srcset=\"https:\/\/static.tecnichenuove.it\/areaarch\/2020\/04\/Museo-de-Sitio-de-Pachacamac_f1.jpg 1280w, https:\/\/static.tecnichenuove.it\/areaarch\/2020\/04\/Museo-de-Sitio-de-Pachacamac_f1-300x201.jpg 300w, https:\/\/static.tecnichenuove.it\/areaarch\/2020\/04\/Museo-de-Sitio-de-Pachacamac_f1-1024x685.jpg 1024w, https:\/\/static.tecnichenuove.it\/areaarch\/2020\/04\/Museo-de-Sitio-de-Pachacamac_f1-150x100.jpg 150w, https:\/\/static.tecnichenuove.it\/areaarch\/2020\/04\/Museo-de-Sitio-de-Pachacamac_f1-768x514.jpg 768w, https:\/\/static.tecnichenuove.it\/areaarch\/2020\/04\/Museo-de-Sitio-de-Pachacamac_f1-696x465.jpg 696w, https:\/\/static.tecnichenuove.it\/areaarch\/2020\/04\/Museo-de-Sitio-de-Pachacamac_f1-1068x714.jpg 1068w, https:\/\/static.tecnichenuove.it\/areaarch\/2020\/04\/Museo-de-Sitio-de-Pachacamac_f1-628x420.jpg 628w\" sizes=\"auto, (max-width: 1280px) 100vw, 1280px\" \/>\n      \t<img decoding=\"async\" src=\"https:\/\/www.area-arch.it\/wp-content\/uploads\/sites\/6\/2020\/04\/Museo-de-Sitio-de-Pachacamac_d1.jpg\" class=\"attachment-post-thumbnail\" \/>\n      \n\t<\/div>\n  \t<div class=\"entry-column\">\n      <h3 class=\"entry-title td-module-title\">Museo de Sitio de Pachacamac<\/h3>\n      <div class=\"td-excerpt\">\n            <div id=\"wpcf-field-tipology\" class=\"wpcf-field-select wpcf-field-tipology\"><span class=\"wpcf-field-name wpcf-field-select-name wpcf-field-tipology-name\">tipology:<\/span> <span class=\"wpcf-field-value wpcf-field-select-value wpcf-field-tipology-value\">museum<\/span><\/div>\n            <div id=\"wpcf-field-architect\" class=\"wpcf-field-single-line wpcf-field-architect\"><span class=\"wpcf-field-name wpcf-field-single-line-name wpcf-field-architect-name\">architect:<\/span> <span class=\"wpcf-field-value wpcf-field-single-line-value wpcf-field-architect-value\">Llosa Cartegana Arquitectos<\/span><\/div>\n            <div id=\"wpcf-field-realization\" class=\"wpcf-field-number wpcf-field-realization\"><span class=\"wpcf-field-name wpcf-field-number-name wpcf-field-realization-name\">realization:<\/span> <span class=\"wpcf-field-value wpcf-field-number-value wpcf-field-realization-value\">2015<\/span><\/div>\n            Santuario Arqueologico de Pachacamac, Distretto di Lur\u00edn, Per\u00f9\n          <\/div>\n  <\/div>\n<\/article>\n          <\/div>\n            <h4><a href=\"#\" onclick=\"cimap();\" class=\"link-marker js-wpv-addon-maps-focus-map js-toolset-maps-hover-map-map-1-marker-marker-85369 js-toolset-maps-open-infowindow-map-map-1-marker-marker-85369\" data-map=\"map-1\" data-marker=\"marker-85369\">48. Museo de Sitio de Pachacamac<\/a><\/h4>\n            <div id=\"wpcf-field-tipology\" class=\"wpcf-field-select wpcf-field-tipology\"><span class=\"wpcf-field-name wpcf-field-select-name wpcf-field-tipology-name\">tipology:<\/span> <span class=\"wpcf-field-value wpcf-field-select-value wpcf-field-tipology-value\">museum<\/span><\/div> | <div id=\"wpcf-field-architect\" class=\"wpcf-field-single-line wpcf-field-architect\"><span class=\"wpcf-field-name wpcf-field-single-line-name wpcf-field-architect-name\">architect:<\/span> <span class=\"wpcf-field-value wpcf-field-single-line-value wpcf-field-architect-value\">Llosa Cartegana Arquitectos<\/span><\/div> | <div id=\"wpcf-field-realization\" class=\"wpcf-field-number wpcf-field-realization\"><span class=\"wpcf-field-name wpcf-field-number-name wpcf-field-realization-name\">realization:<\/span> <span class=\"wpcf-field-value wpcf-field-number-value wpcf-field-realization-value\">2015<\/span><\/div>\n          <\/li>\n\t\t\n\t\n<\/ul>\n\t\n\t\n<\/div>\n<\/div>\n","protected":false},"excerpt":{"rendered":"search: tipology: all art gallery art studios commercial education health infrastructure hotel library mixed use museum office public residential sport theatre student accomodation church parc winery restaurant area 169 | Lima Download the map (PDF) MAPFRE Complex tipology: mixed use architect: TSM Asociados realization: 2004 Avenida Industrial, Independencia, Per\u00f9 01. MAPFRE Complex tipology: mixed use","protected":false},"author":1164,"featured_media":85239,"parent":29927,"menu_order":0,"comment_status":"closed","ping_status":"closed","template":"itinerary.php","meta":{"footnotes":""},"class_list":["post-85238","page","type-page","status-publish","has-post-thumbnail","hentry"],"yoast_head":"<!-- This site is optimized with the Yoast SEO plugin v27.5 - https:\/\/yoast.com\/product\/yoast-seo-wordpress\/ -->\n<title>Contemporary itinerary: Lima | Area<\/title>\n<meta name=\"description\" content=\"Area 169\" \/>\n<meta name=\"robots\" content=\"index, follow, max-snippet:-1, max-image-preview:large, max-video-preview:-1\" \/>\n<link rel=\"canonical\" href=\"https:\/\/www.area-arch.it\/en\/contemporary-itinerary\/contemporary-itinerary-lima\/\" \/>\n<meta property=\"og:locale\" content=\"en_US\" \/>\n<meta property=\"og:type\" content=\"article\" \/>\n<meta property=\"og:title\" content=\"Contemporary itinerary: Lima | Area\" \/>\n<meta property=\"og:description\" content=\"Area 169\" \/>\n<meta property=\"og:url\" content=\"https:\/\/www.area-arch.it\/en\/contemporary-itinerary\/contemporary-itinerary-lima\/\" \/>\n<meta property=\"og:site_name\" content=\"Area\" \/>\n<meta property=\"article:publisher\" content=\"https:\/\/www.facebook.com\/Area.Arch\" \/>\n<meta property=\"article:modified_time\" content=\"2020-04-10T08:13:15+00:00\" \/>\n<meta property=\"og:image\" content=\"https:\/\/static.tecnichenuove.it\/areaarch\/2020\/04\/Schermata-2020-04-09-alle-22.22.11.png\" \/>\n\t<meta property=\"og:image:width\" content=\"1280\" \/>\n\t<meta property=\"og:image:height\" content=\"764\" \/>\n\t<meta property=\"og:image:type\" content=\"image\/png\" \/>\n<script type=\"application\/ld+json\" class=\"yoast-schema-graph\">{\"@context\":\"https:\\\/\\\/schema.org\",\"@graph\":[{\"@type\":\"WebPage\",\"@id\":\"https:\\\/\\\/www.area-arch.it\\\/en\\\/contemporary-itinerary\\\/contemporary-itinerary-lima\\\/\",\"url\":\"https:\\\/\\\/www.area-arch.it\\\/en\\\/contemporary-itinerary\\\/contemporary-itinerary-lima\\\/\",\"name\":\"Contemporary itinerary: Lima | Area\",\"isPartOf\":{\"@id\":\"https:\\\/\\\/www.area-arch.it\\\/en\\\/#website\"},\"primaryImageOfPage\":{\"@id\":\"https:\\\/\\\/www.area-arch.it\\\/en\\\/contemporary-itinerary\\\/contemporary-itinerary-lima\\\/#primaryimage\"},\"image\":{\"@id\":\"https:\\\/\\\/www.area-arch.it\\\/en\\\/contemporary-itinerary\\\/contemporary-itinerary-lima\\\/#primaryimage\"},\"thumbnailUrl\":\"https:\\\/\\\/static.tecnichenuove.it\\\/areaarch\\\/2020\\\/04\\\/Schermata-2020-04-09-alle-22.22.11.png\",\"datePublished\":\"2020-04-09T20:23:39+00:00\",\"dateModified\":\"2020-04-10T08:13:15+00:00\",\"description\":\"Area 169\",\"breadcrumb\":{\"@id\":\"https:\\\/\\\/www.area-arch.it\\\/en\\\/contemporary-itinerary\\\/contemporary-itinerary-lima\\\/#breadcrumb\"},\"inLanguage\":\"en-US\",\"potentialAction\":[{\"@type\":\"ReadAction\",\"target\":[\"https:\\\/\\\/www.area-arch.it\\\/en\\\/contemporary-itinerary\\\/contemporary-itinerary-lima\\\/\"]}]},{\"@type\":\"ImageObject\",\"inLanguage\":\"en-US\",\"@id\":\"https:\\\/\\\/www.area-arch.it\\\/en\\\/contemporary-itinerary\\\/contemporary-itinerary-lima\\\/#primaryimage\",\"url\":\"https:\\\/\\\/static.tecnichenuove.it\\\/areaarch\\\/2020\\\/04\\\/Schermata-2020-04-09-alle-22.22.11.png\",\"contentUrl\":\"https:\\\/\\\/static.tecnichenuove.it\\\/areaarch\\\/2020\\\/04\\\/Schermata-2020-04-09-alle-22.22.11.png\",\"width\":1280,\"height\":764},{\"@type\":\"BreadcrumbList\",\"@id\":\"https:\\\/\\\/www.area-arch.it\\\/en\\\/contemporary-itinerary\\\/contemporary-itinerary-lima\\\/#breadcrumb\",\"itemListElement\":[{\"@type\":\"ListItem\",\"position\":1,\"name\":\"Home\",\"item\":\"https:\\\/\\\/www.area-arch.it\\\/en\\\/homepage-24\\\/\"},{\"@type\":\"ListItem\",\"position\":2,\"name\":\"Itinerary\",\"item\":\"https:\\\/\\\/www.area-arch.it\\\/en\\\/contemporary-itinerary\\\/\"},{\"@type\":\"ListItem\",\"position\":3,\"name\":\"Contemporary itinerary: Lima\"}]},{\"@type\":\"WebSite\",\"@id\":\"https:\\\/\\\/www.area-arch.it\\\/en\\\/#website\",\"url\":\"https:\\\/\\\/www.area-arch.it\\\/en\\\/\",\"name\":\"Area\",\"description\":\"rivista di architettura e arti del progetto\",\"potentialAction\":[{\"@type\":\"SearchAction\",\"target\":{\"@type\":\"EntryPoint\",\"urlTemplate\":\"https:\\\/\\\/www.area-arch.it\\\/en\\\/?s={search_term_string}\"},\"query-input\":{\"@type\":\"PropertyValueSpecification\",\"valueRequired\":true,\"valueName\":\"search_term_string\"}}],\"inLanguage\":\"en-US\"}]}<\/script>\n<!-- \/ Yoast SEO plugin. -->","yoast_head_json":{"title":"Contemporary itinerary: Lima | Area","description":"Area 169","robots":{"index":"index","follow":"follow","max-snippet":"max-snippet:-1","max-image-preview":"max-image-preview:large","max-video-preview":"max-video-preview:-1"},"canonical":"https:\/\/www.area-arch.it\/en\/contemporary-itinerary\/contemporary-itinerary-lima\/","og_locale":"en_US","og_type":"article","og_title":"Contemporary itinerary: Lima | Area","og_description":"Area 169","og_url":"https:\/\/www.area-arch.it\/en\/contemporary-itinerary\/contemporary-itinerary-lima\/","og_site_name":"Area","article_publisher":"https:\/\/www.facebook.com\/Area.Arch","article_modified_time":"2020-04-10T08:13:15+00:00","og_image":[{"width":1280,"height":764,"url":"https:\/\/static.tecnichenuove.it\/areaarch\/2020\/04\/Schermata-2020-04-09-alle-22.22.11.png","type":"image\/png"}],"schema":{"@context":"https:\/\/schema.org","@graph":[{"@type":"WebPage","@id":"https:\/\/www.area-arch.it\/en\/contemporary-itinerary\/contemporary-itinerary-lima\/","url":"https:\/\/www.area-arch.it\/en\/contemporary-itinerary\/contemporary-itinerary-lima\/","name":"Contemporary itinerary: Lima | Area","isPartOf":{"@id":"https:\/\/www.area-arch.it\/en\/#website"},"primaryImageOfPage":{"@id":"https:\/\/www.area-arch.it\/en\/contemporary-itinerary\/contemporary-itinerary-lima\/#primaryimage"},"image":{"@id":"https:\/\/www.area-arch.it\/en\/contemporary-itinerary\/contemporary-itinerary-lima\/#primaryimage"},"thumbnailUrl":"https:\/\/static.tecnichenuove.it\/areaarch\/2020\/04\/Schermata-2020-04-09-alle-22.22.11.png","datePublished":"2020-04-09T20:23:39+00:00","dateModified":"2020-04-10T08:13:15+00:00","description":"Area 169","breadcrumb":{"@id":"https:\/\/www.area-arch.it\/en\/contemporary-itinerary\/contemporary-itinerary-lima\/#breadcrumb"},"inLanguage":"en-US","potentialAction":[{"@type":"ReadAction","target":["https:\/\/www.area-arch.it\/en\/contemporary-itinerary\/contemporary-itinerary-lima\/"]}]},{"@type":"ImageObject","inLanguage":"en-US","@id":"https:\/\/www.area-arch.it\/en\/contemporary-itinerary\/contemporary-itinerary-lima\/#primaryimage","url":"https:\/\/static.tecnichenuove.it\/areaarch\/2020\/04\/Schermata-2020-04-09-alle-22.22.11.png","contentUrl":"https:\/\/static.tecnichenuove.it\/areaarch\/2020\/04\/Schermata-2020-04-09-alle-22.22.11.png","width":1280,"height":764},{"@type":"BreadcrumbList","@id":"https:\/\/www.area-arch.it\/en\/contemporary-itinerary\/contemporary-itinerary-lima\/#breadcrumb","itemListElement":[{"@type":"ListItem","position":1,"name":"Home","item":"https:\/\/www.area-arch.it\/en\/homepage-24\/"},{"@type":"ListItem","position":2,"name":"Itinerary","item":"https:\/\/www.area-arch.it\/en\/contemporary-itinerary\/"},{"@type":"ListItem","position":3,"name":"Contemporary itinerary: Lima"}]},{"@type":"WebSite","@id":"https:\/\/www.area-arch.it\/en\/#website","url":"https:\/\/www.area-arch.it\/en\/","name":"Area","description":"rivista di architettura e arti del progetto","potentialAction":[{"@type":"SearchAction","target":{"@type":"EntryPoint","urlTemplate":"https:\/\/www.area-arch.it\/en\/?s={search_term_string}"},"query-input":{"@type":"PropertyValueSpecification","valueRequired":true,"valueName":"search_term_string"}}],"inLanguage":"en-US"}]}},"_links":{"self":[{"href":"https:\/\/www.area-arch.it\/en\/wp-json\/wp\/v2\/pages\/85238","targetHints":{"allow":["GET"]}}],"collection":[{"href":"https:\/\/www.area-arch.it\/en\/wp-json\/wp\/v2\/pages"}],"about":[{"href":"https:\/\/www.area-arch.it\/en\/wp-json\/wp\/v2\/types\/page"}],"author":[{"embeddable":true,"href":"https:\/\/www.area-arch.it\/en\/wp-json\/wp\/v2\/users\/1164"}],"replies":[{"embeddable":true,"href":"https:\/\/www.area-arch.it\/en\/wp-json\/wp\/v2\/comments?post=85238"}],"version-history":[{"count":1,"href":"https:\/\/www.area-arch.it\/en\/wp-json\/wp\/v2\/pages\/85238\/revisions"}],"predecessor-version":[{"id":85379,"href":"https:\/\/www.area-arch.it\/en\/wp-json\/wp\/v2\/pages\/85238\/revisions\/85379"}],"up":[{"embeddable":true,"href":"https:\/\/www.area-arch.it\/en\/wp-json\/wp\/v2\/pages\/29927"}],"wp:featuredmedia":[{"embeddable":true,"href":"https:\/\/www.area-arch.it\/en\/wp-json\/wp\/v2\/media\/85239"}],"wp:attachment":[{"href":"https:\/\/www.area-arch.it\/en\/wp-json\/wp\/v2\/media?parent=85238"}],"curies":[{"name":"wp","href":"https:\/\/api.w.org\/{rel}","templated":true}]}}