{"id":68671,"date":"2019-03-27T12:24:29","date_gmt":"2019-03-27T11:24:29","guid":{"rendered":"https:\/\/www.area-arch.it\/?page_id=68671"},"modified":"2019-03-29T10:43:43","modified_gmt":"2019-03-29T09:43:43","slug":"contemporary-itinerary-rio-de-janeiro","status":"publish","type":"page","link":"https:\/\/www.area-arch.it\/en\/contemporary-itinerary\/contemporary-itinerary-rio-de-janeiro\/","title":{"rendered":"Contemporary itinerary: Rio de Janeiro"},"content":{"rendered":"<div class=\"area-mappa\">\n  <a name=\"mappa\" id=\"mappa\"><\/a>\n  <div id=\"js-wpv-addon-maps-render-map-1\" style=\"width:100%; height:500px;\" class=\"wpv-addon-maps-render js-wpv-addon-maps-render js-wpv-addon-maps-render-map-1 \" data-map=\"map-1\" data-generalzoom=\"5\" data-generalcenterlat=\"0\" data-generalcenterlon=\"0\" data-fitbounds=\"on\" data-singlezoom=\"14\" data-singlecenter=\"on\" data-osmlayer=\"standard\" data-maptype=\"roadmap\" data-showlayerinterests=\"false\" data-markericon=\"\" data-markericonhover=\"\" data-draggable=\"on\" data-scrollwheel=\"on\" data-doubleclickzoom=\"on\" data-maptypecontrol=\"on\" data-fullscreencontrol=\"on\" data-zoomcontrol=\"on\" data-streetviewcontrol=\"on\" data-backgroundcolor=\"\" data-cluster=\"on\" data-clustergridsize=\"60\" data-clustermaxzoom=\"\" data-clusterclickzoom=\"on\" data-clusterminsize=\"2\" data-stylejson=\"\/\/www.area-arch.it\/wp-content\/plugins\/toolset-maps\/resources\/json\/Standard.json\" data-spiderfy=\"off\" data-streetview=\"off\" data-markerid=\"\" data-location=\"\" data-lat=\"0\" data-long=\"0\" data-heading=\"\" data-pitch=\"\"><\/div>\n  \n\t<div class=\"sponsor\">\n    \n\t\t<a href=\"https:\/\/www.area-arch.it\/\" target=\"_blank\" rel=\"noopener noreferrer\">\n    \n          <img decoding=\"async\" src=\"https:\/\/www.area-arch.it\/wp-content\/uploads\/sites\/6\/2017\/10\/logo_area_369.png\" alt=\"sponsor\" class=\"attachment-full\" \/>\n    \n\t\t<\/a>\n    \n\t<\/div>\n  \n<\/div>\n<form autocomplete=\"off\" name=\"wpv-filter-28977-CATTR60bd08186565982a5427731fe695a4d1\" action=\"\/en\/wp-json\/wp\/v2\/pages\/68671?wpv_view_count=28977-CATTR60bd08186565982a5427731fe695a4d1\" method=\"get\" class=\"wpv-filter-form js-wpv-filter-form js-wpv-filter-form-28977-CATTR60bd08186565982a5427731fe695a4d1 js-wpv-form-full\" data-viewnumber=\"28977-CATTR60bd08186565982a5427731fe695a4d1\" data-viewid=\"28977\" data-viewhash=\"eyJuYW1lIjoiaXRpbmVyYXJpIiwid3B2Y2l0dGFpdGluZXJhcmlvIjoicmlvIGRlIGphbmVpcm8ifQ==\" data-viewwidgetid=\"0\" data-orderby=\"\" data-order=\"\" data-orderbyas=\"\" data-orderbysecond=\"\" data-ordersecond=\"\" data-parametric=\"{&quot;query&quot;:&quot;normal&quot;,&quot;id&quot;:28977,&quot;view_id&quot;:28977,&quot;widget_id&quot;:0,&quot;view_hash&quot;:&quot;28977-CATTR60bd08186565982a5427731fe695a4d1&quot;,&quot;action&quot;:&quot;\\\/en\\\/wp-json\\\/wp\\\/v2\\\/pages\\\/68671?wpv_view_count=28977-CATTR60bd08186565982a5427731fe695a4d1&quot;,&quot;sort&quot;:{&quot;orderby&quot;:&quot;&quot;,&quot;order&quot;:&quot;&quot;,&quot;orderby_as&quot;:&quot;&quot;,&quot;orderby_second&quot;:&quot;&quot;,&quot;order_second&quot;:&quot;&quot;},&quot;orderby&quot;:&quot;&quot;,&quot;order&quot;:&quot;&quot;,&quot;orderby_as&quot;:&quot;&quot;,&quot;orderby_second&quot;:&quot;&quot;,&quot;order_second&quot;:&quot;&quot;,&quot;ajax_form&quot;:&quot;&quot;,&quot;ajax_results&quot;:&quot;&quot;,&quot;effect&quot;:&quot;fade&quot;,&quot;prebefore&quot;:&quot;&quot;,&quot;before&quot;:&quot;&quot;,&quot;after&quot;:&quot;&quot;,&quot;attributes&quot;:{&quot;wpvcittaitinerario&quot;:&quot;rio de janeiro&quot;},&quot;environment&quot;:{&quot;current_post_id&quot;:68671,&quot;parent_post_id&quot;:68671,&quot;parent_term_id&quot;:0,&quot;parent_user_id&quot;:0,&quot;archive&quot;:{&quot;type&quot;:&quot;&quot;,&quot;name&quot;:&quot;&quot;,&quot;data&quot;:[]}},&quot;loop&quot;:{&quot;type&quot;:&quot;&quot;,&quot;name&quot;:&quot;&quot;,&quot;data&quot;:[],&quot;id&quot;:0}}\" data-attributes=\"{&quot;wpvcittaitinerario&quot;:&quot;rio de janeiro&quot;}\" data-environment=\"{&quot;current_post_id&quot;:68671,&quot;parent_post_id&quot;:68671,&quot;parent_term_id&quot;:0,&quot;parent_user_id&quot;:0,&quot;archive&quot;:{&quot;type&quot;:&quot;&quot;,&quot;name&quot;:&quot;&quot;,&quot;data&quot;:[]}}\"><input type=\"hidden\" class=\"js-wpv-dps-filter-data js-wpv-filter-data-for-this-form\" data-action=\"\/en\/wp-json\/wp\/v2\/pages\/68671?wpv_view_count=28977-CATTR60bd08186565982a5427731fe695a4d1\" data-page=\"1\" data-ajax=\"disable\" data-effect=\"fade\" data-maxpages=\"0\" data-ajaxprebefore=\"\" data-ajaxbefore=\"\" data-ajaxafter=\"\" \/><input class=\"wpv_view_count wpv_view_count-28977-CATTR60bd08186565982a5427731fe695a4d1\" type=\"hidden\" name=\"wpv_view_count\" value=\"28977-CATTR60bd08186565982a5427731fe695a4d1\" \/>\n\n<div class=\"filtro-itinerario\">\n  \tsearch:\n\t<input type=\"text\" name=\"wpv_post_search\"  class=\"js-wpv-filter-trigger-delayed\" \/>\n\ttipology:\n  \t\r\n<select  id=\"wpv_control_select_tipology\" name=\"tipology[]\" style=\"\" class=\"js-wpv-filter-trigger  wpcf-form-select form-select select\">\r\n<option value=\"\" selected=\"selected\" class=\"js-wpv-filter-trigger wpcf-form-option form-option option\">all<\/option>\r\n<option value=\"1\" class=\"js-wpv-filter-trigger wpcf-form-option form-option option\">art gallery<\/option>\r\n<option value=\"2\" class=\"js-wpv-filter-trigger wpcf-form-option form-option option\">art studios<\/option>\r\n<option value=\"3\" class=\"js-wpv-filter-trigger wpcf-form-option form-option option\">commercial<\/option>\r\n<option value=\"4\" class=\"js-wpv-filter-trigger wpcf-form-option form-option option\">education<\/option>\r\n<option value=\"5\" class=\"js-wpv-filter-trigger wpcf-form-option form-option option\">health<\/option>\r\n<option value=\"6\" class=\"js-wpv-filter-trigger wpcf-form-option form-option option\">infrastructure<\/option>\r\n<option value=\"7\" class=\"js-wpv-filter-trigger wpcf-form-option form-option option\">hotel<\/option>\r\n<option value=\"8\" class=\"js-wpv-filter-trigger wpcf-form-option form-option option\">library<\/option>\r\n<option value=\"9\" class=\"js-wpv-filter-trigger wpcf-form-option form-option option\">mixed use<\/option>\r\n<option value=\"10\" class=\"js-wpv-filter-trigger wpcf-form-option form-option option\">museum<\/option>\r\n<option value=\"11\" class=\"js-wpv-filter-trigger wpcf-form-option form-option option\">office<\/option>\r\n<option value=\"12\" class=\"js-wpv-filter-trigger wpcf-form-option form-option option\">public<\/option>\r\n<option value=\"13\" class=\"js-wpv-filter-trigger wpcf-form-option form-option option\">residential<\/option>\r\n<option value=\"14\" class=\"js-wpv-filter-trigger wpcf-form-option form-option option\">sport<\/option>\r\n<option value=\"15\" class=\"js-wpv-filter-trigger wpcf-form-option form-option option\">theatre<\/option>\r\n<option value=\"16\" class=\"js-wpv-filter-trigger wpcf-form-option form-option option\">student accomodation<\/option>\r\n<option value=\"17\" class=\"js-wpv-filter-trigger wpcf-form-option form-option option\">church<\/option>\r\n<option value=\"18\" class=\"js-wpv-filter-trigger wpcf-form-option form-option option\">parc<\/option>\r\n<option value=\"19\" class=\"js-wpv-filter-trigger wpcf-form-option form-option option\">winery<\/option>\r\n<option value=\"20\" class=\"js-wpv-filter-trigger wpcf-form-option form-option option\">restaurant<\/option>\r\n<\/select>\r\n\n    <input type=\"submit\" class=\"wpv-submit-trigger js-wpv-submit-trigger\" name=\"wpv_filter_submit\" value=\"Search\" \/>\n    <input type=\"button\" class=\"wpv-reset-trigger js-wpv-reset-trigger\" name=\"wpv_filter_reset\" value=\"Reset\" \/>\n<\/div>\n\n<\/form>\n<div id=\"wpv-view-layout-28977-CATTR60bd08186565982a5427731fe695a4d1\" class=\"js-wpv-view-layout js-wpv-layout-responsive js-wpv-view-layout-28977-CATTR60bd08186565982a5427731fe695a4d1\" data-viewnumber=\"28977-CATTR60bd08186565982a5427731fe695a4d1\" data-pagination=\"{&quot;id&quot;:28977,&quot;query&quot;:&quot;normal&quot;,&quot;type&quot;:&quot;disabled&quot;,&quot;effect&quot;:&quot;fade&quot;,&quot;duration&quot;:&quot;500&quot;,&quot;speed&quot;:5,&quot;pause_on_hover&quot;:&quot;disabled&quot;,&quot;stop_rollover&quot;:&quot;false&quot;,&quot;cache_pages&quot;:&quot;enabled&quot;,&quot;preload_images&quot;:&quot;enabled&quot;,&quot;preload_pages&quot;:&quot;enabled&quot;,&quot;preload_reach&quot;:&quot;1&quot;,&quot;spinner&quot;:&quot;builtin&quot;,&quot;spinner_image&quot;:&quot;https:\/\/test.area-arch.it\/wp-content\/plugins\/wp-views\/res\/img\/ajax-loader.gif&quot;,&quot;callback_next&quot;:&quot;&quot;,&quot;manage_history&quot;:&quot;enabled&quot;,&quot;has_controls_in_form&quot;:&quot;disabled&quot;,&quot;infinite_tolerance&quot;:&quot;0&quot;,&quot;max_pages&quot;:0,&quot;page&quot;:1,&quot;base_permalink&quot;:&quot;\/en\/wp-json\/wp\/v2\/pages\/68671?wpv_view_count=28977-CATTR60bd08186565982a5427731fe695a4d1&amp;wpv_paged=WPV_PAGE_NUM&quot;,&quot;loop&quot;:{&quot;type&quot;:&quot;&quot;,&quot;name&quot;:&quot;&quot;,&quot;data&quot;:[],&quot;id&quot;:0}}\" data-permalink=\"\/en\/wp-json\/wp\/v2\/pages\/68671?wpv_view_count=28977-CATTR60bd08186565982a5427731fe695a4d1\">\n\n<div class=\"entry-summary numero-area\">\n\n\t<span>area 163<\/span>\n\t\n  \t\t<span>|<\/span>\n  \t\n\n\n\t<span>Rio de Janeiro<\/span>\n\n    <a href=\"https:\/\/share-eu1.hsforms.com\/1-8N7GglVTICUosdieEK9KA2b3nva\" class=\"download\" target=\"_blank\">Download the map (PDF)<\/a>\n<\/div>\n\n<div class=\"mappa-itinerario\">\n\t\n<ul>\n\t\n\t\t\n          <li>\n            \n          <div style=\"display:none\" class=\"wpv-addon-maps-marker js-wpv-addon-maps-marker js-wpv-addon-maps-marker-marker-68674 js-wpv-addon-maps-markerfor-map-1\" data-marker=\"marker-68674\" data-markertitle=\"Campo de Golfe Ol\u00edmpico\" data-markerfor=\"map-1\" data-markerlat=\"-23.0033643\" data-markerlon=\"-43.3999773\" data-markericon=\"\/wp-content\/uploads\/sites\/6\/2017\/11\/area_marker_14.png\" data-markericonhover=\"\" data-streetview=\"no\" data-fromview=\"\">\n            <article class=\"marker-itinerario\">\n\t<div class=\"entry-thumbnail\">\n      \n      \n      \t\n      \t<img decoding=\"async\" src=\"https:\/\/www.area-arch.it\/wp-content\/uploads\/sites\/6\/2019\/03\/Campo-de-Golfe-Ol\u00b0mpico_d.jpg\" class=\"attachment-post-thumbnail\" \/>\n      \n\t<\/div>\n  \t<div class=\"entry-column\">\n      <h3 class=\"entry-title td-module-title\">Campo de Golfe Ol\u00edmpico<\/h3>\n      <div class=\"td-excerpt\">\n            <div id=\"wpcf-field-tipology\" class=\"wpcf-field-select wpcf-field-tipology\"><span class=\"wpcf-field-name wpcf-field-select-name wpcf-field-tipology-name\">tipology:<\/span> <span class=\"wpcf-field-value wpcf-field-select-value wpcf-field-tipology-value\">sport<\/span><\/div>\n            <div id=\"wpcf-field-architect\" class=\"wpcf-field-single-line wpcf-field-architect\"><span class=\"wpcf-field-name wpcf-field-single-line-name wpcf-field-architect-name\">architect:<\/span> <span class=\"wpcf-field-value wpcf-field-single-line-value wpcf-field-architect-value\">RUA Arquitetos<\/span><\/div>\n            <div id=\"wpcf-field-realization\" class=\"wpcf-field-number wpcf-field-realization\"><span class=\"wpcf-field-name wpcf-field-number-name wpcf-field-realization-name\">realization:<\/span> <span class=\"wpcf-field-value wpcf-field-number-value wpcf-field-realization-value\">2015<\/span><\/div>\n            Avenida General Mois\u00e9s Castelo Branco Filho - Barra da Tijuca, Rio de Janeiro, Brasile\n          <\/div>\n  <\/div>\n<\/article>\n          <\/div>\n            <h4><a href=\"#\" onclick=\"cimap();\" class=\"link-marker js-wpv-addon-maps-focus-map js-toolset-maps-hover-map-map-1-marker-marker-68674 js-toolset-maps-open-infowindow-map-map-1-marker-marker-68674\" data-map=\"map-1\" data-marker=\"marker-68674\">01. Campo de Golfe Ol\u00edmpico<\/a><\/h4>\n            <div id=\"wpcf-field-tipology\" class=\"wpcf-field-select wpcf-field-tipology\"><span class=\"wpcf-field-name wpcf-field-select-name wpcf-field-tipology-name\">tipology:<\/span> <span class=\"wpcf-field-value wpcf-field-select-value wpcf-field-tipology-value\">sport<\/span><\/div> | <div id=\"wpcf-field-architect\" class=\"wpcf-field-single-line wpcf-field-architect\"><span class=\"wpcf-field-name wpcf-field-single-line-name wpcf-field-architect-name\">architect:<\/span> <span class=\"wpcf-field-value wpcf-field-single-line-value wpcf-field-architect-value\">RUA Arquitetos<\/span><\/div> | <div id=\"wpcf-field-realization\" class=\"wpcf-field-number wpcf-field-realization\"><span class=\"wpcf-field-name wpcf-field-number-name wpcf-field-realization-name\">realization:<\/span> <span class=\"wpcf-field-value wpcf-field-number-value wpcf-field-realization-value\">2015<\/span><\/div>\n          <\/li>\n\t\t\n          <li>\n            \n          <div style=\"display:none\" class=\"wpv-addon-maps-marker js-wpv-addon-maps-marker js-wpv-addon-maps-marker-marker-68677 js-wpv-addon-maps-markerfor-map-1\" data-marker=\"marker-68677\" data-markertitle=\"Centro Ol\u00edmpico de T\u00eanis\" data-markerfor=\"map-1\" data-markerlat=\"-22.9730452\" data-markerlon=\"-43.3821813\" data-markericon=\"\/wp-content\/uploads\/sites\/6\/2017\/11\/area_marker_14.png\" data-markericonhover=\"\" data-streetview=\"no\" data-fromview=\"\">\n            <article class=\"marker-itinerario\">\n\t<div class=\"entry-thumbnail\">\n      \n      \t<img loading=\"lazy\" decoding=\"async\" width=\"300\" height=\"214\" src=\"https:\/\/static.tecnichenuove.it\/areaarch\/2019\/03\/Centro-Ol%C2%B0mpico-de-Ta%CC%80nis_f-300x214.jpg\" class=\"attachment-medium size-medium wp-post-image\" alt=\"\" srcset=\"https:\/\/static.tecnichenuove.it\/areaarch\/2019\/03\/Centro-Ol%C2%B0mpico-de-Ta%CC%80nis_f-300x214.jpg 300w, https:\/\/static.tecnichenuove.it\/areaarch\/2019\/03\/Centro-Ol%C2%B0mpico-de-Ta%CC%80nis_f-768x549.jpg 768w, https:\/\/static.tecnichenuove.it\/areaarch\/2019\/03\/Centro-Ol%C2%B0mpico-de-Ta%CC%80nis_f.jpg 1024w, https:\/\/static.tecnichenuove.it\/areaarch\/2019\/03\/Centro-Ol%C2%B0mpico-de-Ta%CC%80nis_f-100x70.jpg 100w, https:\/\/static.tecnichenuove.it\/areaarch\/2019\/03\/Centro-Ol%C2%B0mpico-de-Ta%CC%80nis_f-696x498.jpg 696w, https:\/\/static.tecnichenuove.it\/areaarch\/2019\/03\/Centro-Ol%C2%B0mpico-de-Ta%CC%80nis_f-588x420.jpg 588w\" sizes=\"auto, (max-width: 300px) 100vw, 300px\" \/>\n      \n      \n\t<\/div>\n  \t<div class=\"entry-column\">\n      <h3 class=\"entry-title td-module-title\">Centro Ol\u00edmpico de T\u00eanis<\/h3>\n      <div class=\"td-excerpt\">\n            <div id=\"wpcf-field-tipology\" class=\"wpcf-field-select wpcf-field-tipology\"><span class=\"wpcf-field-name wpcf-field-select-name wpcf-field-tipology-name\">tipology:<\/span> <span class=\"wpcf-field-value wpcf-field-select-value wpcf-field-tipology-value\">sport<\/span><\/div>\n            <div id=\"wpcf-field-architect\" class=\"wpcf-field-single-line wpcf-field-architect\"><span class=\"wpcf-field-name wpcf-field-single-line-name wpcf-field-architect-name\">architect:<\/span> <span class=\"wpcf-field-value wpcf-field-single-line-value wpcf-field-architect-value\">GMP Architekten - Von Gerkan, Marg und Partners, SBP - Schlaich Bergermann Partner<\/span><\/div>\n            <div id=\"wpcf-field-realization\" class=\"wpcf-field-number wpcf-field-realization\"><span class=\"wpcf-field-name wpcf-field-number-name wpcf-field-realization-name\">realization:<\/span> <span class=\"wpcf-field-value wpcf-field-number-value wpcf-field-realization-value\">2016<\/span><\/div>\n            Avenida Embaixador Abelardo Bueno - Jacarepagu\u00e1, Rio de Janeiro, Brasile\n          <\/div>\n  <\/div>\n<\/article>\n          <\/div>\n            <h4><a href=\"#\" onclick=\"cimap();\" class=\"link-marker js-wpv-addon-maps-focus-map js-toolset-maps-hover-map-map-1-marker-marker-68677 js-toolset-maps-open-infowindow-map-map-1-marker-marker-68677\" data-map=\"map-1\" data-marker=\"marker-68677\">02. Centro Ol\u00edmpico de T\u00eanis<\/a><\/h4>\n            <div id=\"wpcf-field-tipology\" class=\"wpcf-field-select wpcf-field-tipology\"><span class=\"wpcf-field-name wpcf-field-select-name wpcf-field-tipology-name\">tipology:<\/span> <span class=\"wpcf-field-value wpcf-field-select-value wpcf-field-tipology-value\">sport<\/span><\/div> | <div id=\"wpcf-field-architect\" class=\"wpcf-field-single-line wpcf-field-architect\"><span class=\"wpcf-field-name wpcf-field-single-line-name wpcf-field-architect-name\">architect:<\/span> <span class=\"wpcf-field-value wpcf-field-single-line-value wpcf-field-architect-value\">GMP Architekten - Von Gerkan, Marg und Partners, SBP - Schlaich Bergermann Partner<\/span><\/div> | <div id=\"wpcf-field-realization\" class=\"wpcf-field-number wpcf-field-realization\"><span class=\"wpcf-field-name wpcf-field-number-name wpcf-field-realization-name\">realization:<\/span> <span class=\"wpcf-field-value wpcf-field-number-value wpcf-field-realization-value\">2016<\/span><\/div>\n          <\/li>\n\t\t\n          <li>\n            \n          <div style=\"display:none\" class=\"wpv-addon-maps-marker js-wpv-addon-maps-marker js-wpv-addon-maps-marker-marker-68679 js-wpv-addon-maps-markerfor-map-1\" data-marker=\"marker-68679\" data-markertitle=\"Centro Internacional de Neurorreabilita\u00e7\u00e3o e Neuroci\u00eancias Sarah\" data-markerfor=\"map-1\" data-markerlat=\"-22.8036078\" data-markerlon=\"-43.3418404\" data-markericon=\"\/wp-content\/uploads\/sites\/6\/2017\/11\/area_marker_5.png\" data-markericonhover=\"\" data-streetview=\"no\" data-fromview=\"\">\n            <article class=\"marker-itinerario\">\n\t<div class=\"entry-thumbnail\">\n      \n      \n      \t<img loading=\"lazy\" decoding=\"async\" width=\"1280\" height=\"960\" src=\"https:\/\/static.tecnichenuove.it\/areaarch\/2019\/03\/Centro-Internacional-de-Neurorreabilitaa%CC%81%E2%88%86o_f.jpg\" class=\"attachment-post-thumbnail size-post-thumbnail wp-post-image\" alt=\"\" srcset=\"https:\/\/static.tecnichenuove.it\/areaarch\/2019\/03\/Centro-Internacional-de-Neurorreabilitaa%CC%81%E2%88%86o_f.jpg 1280w, https:\/\/static.tecnichenuove.it\/areaarch\/2019\/03\/Centro-Internacional-de-Neurorreabilitaa%CC%81%E2%88%86o_f-300x225.jpg 300w, https:\/\/static.tecnichenuove.it\/areaarch\/2019\/03\/Centro-Internacional-de-Neurorreabilitaa%CC%81%E2%88%86o_f-768x576.jpg 768w, https:\/\/static.tecnichenuove.it\/areaarch\/2019\/03\/Centro-Internacional-de-Neurorreabilitaa%CC%81%E2%88%86o_f-1024x768.jpg 1024w, https:\/\/static.tecnichenuove.it\/areaarch\/2019\/03\/Centro-Internacional-de-Neurorreabilitaa%CC%81%E2%88%86o_f-80x60.jpg 80w, https:\/\/static.tecnichenuove.it\/areaarch\/2019\/03\/Centro-Internacional-de-Neurorreabilitaa%CC%81%E2%88%86o_f-160x120.jpg 160w, https:\/\/static.tecnichenuove.it\/areaarch\/2019\/03\/Centro-Internacional-de-Neurorreabilitaa%CC%81%E2%88%86o_f-265x198.jpg 265w, https:\/\/static.tecnichenuove.it\/areaarch\/2019\/03\/Centro-Internacional-de-Neurorreabilitaa%CC%81%E2%88%86o_f-696x522.jpg 696w, https:\/\/static.tecnichenuove.it\/areaarch\/2019\/03\/Centro-Internacional-de-Neurorreabilitaa%CC%81%E2%88%86o_f-1068x801.jpg 1068w, https:\/\/static.tecnichenuove.it\/areaarch\/2019\/03\/Centro-Internacional-de-Neurorreabilitaa%CC%81%E2%88%86o_f-560x420.jpg 560w\" sizes=\"auto, (max-width: 1280px) 100vw, 1280px\" \/>\n      \t<img decoding=\"async\" src=\"https:\/\/www.area-arch.it\/wp-content\/uploads\/sites\/6\/2019\/03\/3_Centro-Internacional-Neurociencias.jpg\" class=\"attachment-post-thumbnail\" \/>\n      \n\t<\/div>\n  \t<div class=\"entry-column\">\n      <h3 class=\"entry-title td-module-title\">Centro Internacional de Neurorreabilita\u00e7\u00e3o e Neuroci\u00eancias Sarah<\/h3>\n      <div class=\"td-excerpt\">\n            <div id=\"wpcf-field-tipology\" class=\"wpcf-field-select wpcf-field-tipology\"><span class=\"wpcf-field-name wpcf-field-select-name wpcf-field-tipology-name\">tipology:<\/span> <span class=\"wpcf-field-value wpcf-field-select-value wpcf-field-tipology-value\">health<\/span><\/div>\n            <div id=\"wpcf-field-architect\" class=\"wpcf-field-single-line wpcf-field-architect\"><span class=\"wpcf-field-name wpcf-field-single-line-name wpcf-field-architect-name\">architect:<\/span> <span class=\"wpcf-field-value wpcf-field-single-line-value wpcf-field-architect-value\">Jo\u00e3o Filgueiras Lima (Lel\u00e9)<\/span><\/div>\n            <div id=\"wpcf-field-realization\" class=\"wpcf-field-number wpcf-field-realization\"><span class=\"wpcf-field-name wpcf-field-number-name wpcf-field-realization-name\">realization:<\/span> <span class=\"wpcf-field-value wpcf-field-number-value wpcf-field-realization-value\">2008<\/span><\/div>\n            Avenida Canal da Pavuna - Pavuna, Rio de Janeiro, Brasile\n          <\/div>\n  <\/div>\n<\/article>\n          <\/div>\n            <h4><a href=\"#\" onclick=\"cimap();\" class=\"link-marker js-wpv-addon-maps-focus-map js-toolset-maps-hover-map-map-1-marker-marker-68679 js-toolset-maps-open-infowindow-map-map-1-marker-marker-68679\" data-map=\"map-1\" data-marker=\"marker-68679\">03. Centro Internacional de Neurorreabilita\u00e7\u00e3o e Neuroci\u00eancias Sarah<\/a><\/h4>\n            <div id=\"wpcf-field-tipology\" class=\"wpcf-field-select wpcf-field-tipology\"><span class=\"wpcf-field-name wpcf-field-select-name wpcf-field-tipology-name\">tipology:<\/span> <span class=\"wpcf-field-value wpcf-field-select-value wpcf-field-tipology-value\">health<\/span><\/div> | <div id=\"wpcf-field-architect\" class=\"wpcf-field-single-line wpcf-field-architect\"><span class=\"wpcf-field-name wpcf-field-single-line-name wpcf-field-architect-name\">architect:<\/span> <span class=\"wpcf-field-value wpcf-field-single-line-value wpcf-field-architect-value\">Jo\u00e3o Filgueiras Lima (Lel\u00e9)<\/span><\/div> | <div id=\"wpcf-field-realization\" class=\"wpcf-field-number wpcf-field-realization\"><span class=\"wpcf-field-name wpcf-field-number-name wpcf-field-realization-name\">realization:<\/span> <span class=\"wpcf-field-value wpcf-field-number-value wpcf-field-realization-value\">2008<\/span><\/div>\n          <\/li>\n\t\t\n          <li>\n            \n          <div style=\"display:none\" class=\"wpv-addon-maps-marker js-wpv-addon-maps-marker js-wpv-addon-maps-marker-marker-68683 js-wpv-addon-maps-markerfor-map-1\" data-marker=\"marker-68683\" data-markertitle=\"Escola Sesc de Ensino M\u00e9dio\" data-markerfor=\"map-1\" data-markerlat=\"-22.9617228\" data-markerlon=\"-43.3571222\" data-markericon=\"\/wp-content\/uploads\/sites\/6\/2017\/11\/area_marker_4.png\" data-markericonhover=\"\" data-streetview=\"no\" data-fromview=\"\">\n            <article class=\"marker-itinerario\">\n\t<div class=\"entry-thumbnail\">\n      \n      \n      \t<img loading=\"lazy\" decoding=\"async\" width=\"1200\" height=\"565\" src=\"https:\/\/static.tecnichenuove.it\/areaarch\/2019\/03\/Escola-Sesc_f.jpg\" class=\"attachment-post-thumbnail size-post-thumbnail wp-post-image\" alt=\"\" srcset=\"https:\/\/static.tecnichenuove.it\/areaarch\/2019\/03\/Escola-Sesc_f.jpg 1200w, https:\/\/static.tecnichenuove.it\/areaarch\/2019\/03\/Escola-Sesc_f-300x141.jpg 300w, https:\/\/static.tecnichenuove.it\/areaarch\/2019\/03\/Escola-Sesc_f-768x362.jpg 768w, https:\/\/static.tecnichenuove.it\/areaarch\/2019\/03\/Escola-Sesc_f-1024x482.jpg 1024w, https:\/\/static.tecnichenuove.it\/areaarch\/2019\/03\/Escola-Sesc_f-696x328.jpg 696w, https:\/\/static.tecnichenuove.it\/areaarch\/2019\/03\/Escola-Sesc_f-1068x503.jpg 1068w, https:\/\/static.tecnichenuove.it\/areaarch\/2019\/03\/Escola-Sesc_f-892x420.jpg 892w\" sizes=\"auto, (max-width: 1200px) 100vw, 1200px\" \/>\n      \t<img decoding=\"async\" src=\"https:\/\/www.area-arch.it\/wp-content\/uploads\/sites\/6\/2019\/03\/Escola-Sesc_d.jpg\" class=\"attachment-post-thumbnail\" \/>\n      \n\t<\/div>\n  \t<div class=\"entry-column\">\n      <h3 class=\"entry-title td-module-title\">Escola Sesc de Ensino M\u00e9dio<\/h3>\n      <div class=\"td-excerpt\">\n            <div id=\"wpcf-field-tipology\" class=\"wpcf-field-select wpcf-field-tipology\"><span class=\"wpcf-field-name wpcf-field-select-name wpcf-field-tipology-name\">tipology:<\/span> <span class=\"wpcf-field-value wpcf-field-select-value wpcf-field-tipology-value\">education<\/span><\/div>\n            <div id=\"wpcf-field-architect\" class=\"wpcf-field-single-line wpcf-field-architect\"><span class=\"wpcf-field-name wpcf-field-single-line-name wpcf-field-architect-name\">architect:<\/span> <span class=\"wpcf-field-value wpcf-field-single-line-value wpcf-field-architect-value\">Indio de Costa Arquitetura<\/span><\/div>\n            <div id=\"wpcf-field-realization\" class=\"wpcf-field-number wpcf-field-realization\"><span class=\"wpcf-field-name wpcf-field-number-name wpcf-field-realization-name\">realization:<\/span> <span class=\"wpcf-field-value wpcf-field-number-value wpcf-field-realization-value\">2007<\/span><\/div>\n            Avenida Ayrton Senna - Gard\u00eania Azul, Rio de Janeiro, Brasile\n          <\/div>\n  <\/div>\n<\/article>\n          <\/div>\n            <h4><a href=\"#\" onclick=\"cimap();\" class=\"link-marker js-wpv-addon-maps-focus-map js-toolset-maps-hover-map-map-1-marker-marker-68683 js-toolset-maps-open-infowindow-map-map-1-marker-marker-68683\" data-map=\"map-1\" data-marker=\"marker-68683\">04. Escola Sesc de Ensino M\u00e9dio<\/a><\/h4>\n            <div id=\"wpcf-field-tipology\" class=\"wpcf-field-select wpcf-field-tipology\"><span class=\"wpcf-field-name wpcf-field-select-name wpcf-field-tipology-name\">tipology:<\/span> <span class=\"wpcf-field-value wpcf-field-select-value wpcf-field-tipology-value\">education<\/span><\/div> | <div id=\"wpcf-field-architect\" class=\"wpcf-field-single-line wpcf-field-architect\"><span class=\"wpcf-field-name wpcf-field-single-line-name wpcf-field-architect-name\">architect:<\/span> <span class=\"wpcf-field-value wpcf-field-single-line-value wpcf-field-architect-value\">Indio de Costa Arquitetura<\/span><\/div> | <div id=\"wpcf-field-realization\" class=\"wpcf-field-number wpcf-field-realization\"><span class=\"wpcf-field-name wpcf-field-number-name wpcf-field-realization-name\">realization:<\/span> <span class=\"wpcf-field-value wpcf-field-number-value wpcf-field-realization-value\">2007<\/span><\/div>\n          <\/li>\n\t\t\n          <li>\n            \n          <div style=\"display:none\" class=\"wpv-addon-maps-marker js-wpv-addon-maps-marker js-wpv-addon-maps-marker-marker-68689 js-wpv-addon-maps-markerfor-map-1\" data-marker=\"marker-68689\" data-markertitle=\"Cidade das Artes\" data-markerfor=\"map-1\" data-markerlat=\"-23.0007532\" data-markerlon=\"-43.3837713\" data-markericon=\"\/wp-content\/uploads\/sites\/6\/2017\/11\/area_marker_2.png\" data-markericonhover=\"\" data-streetview=\"no\" data-fromview=\"\">\n            <article class=\"marker-itinerario\">\n\t<div class=\"entry-thumbnail\">\n      \n      \n      \t<img loading=\"lazy\" decoding=\"async\" width=\"1280\" height=\"941\" src=\"https:\/\/static.tecnichenuove.it\/areaarch\/2019\/03\/Cidade-das-Artes_f.jpg\" class=\"attachment-post-thumbnail size-post-thumbnail wp-post-image\" alt=\"\" srcset=\"https:\/\/static.tecnichenuove.it\/areaarch\/2019\/03\/Cidade-das-Artes_f.jpg 1280w, https:\/\/static.tecnichenuove.it\/areaarch\/2019\/03\/Cidade-das-Artes_f-300x221.jpg 300w, https:\/\/static.tecnichenuove.it\/areaarch\/2019\/03\/Cidade-das-Artes_f-768x565.jpg 768w, https:\/\/static.tecnichenuove.it\/areaarch\/2019\/03\/Cidade-das-Artes_f-1024x753.jpg 1024w, https:\/\/static.tecnichenuove.it\/areaarch\/2019\/03\/Cidade-das-Artes_f-80x60.jpg 80w, https:\/\/static.tecnichenuove.it\/areaarch\/2019\/03\/Cidade-das-Artes_f-696x512.jpg 696w, https:\/\/static.tecnichenuove.it\/areaarch\/2019\/03\/Cidade-das-Artes_f-1068x785.jpg 1068w, https:\/\/static.tecnichenuove.it\/areaarch\/2019\/03\/Cidade-das-Artes_f-571x420.jpg 571w\" sizes=\"auto, (max-width: 1280px) 100vw, 1280px\" \/>\n      \t<img decoding=\"async\" src=\"https:\/\/www.area-arch.it\/wp-content\/uploads\/sites\/6\/2019\/03\/Cidade-das-Artes_d.jpg\" class=\"attachment-post-thumbnail\" \/>\n      \n\t<\/div>\n  \t<div class=\"entry-column\">\n      <h3 class=\"entry-title td-module-title\">Cidade das Artes<\/h3>\n      <div class=\"td-excerpt\">\n            <div id=\"wpcf-field-tipology\" class=\"wpcf-field-select wpcf-field-tipology\"><span class=\"wpcf-field-name wpcf-field-select-name wpcf-field-tipology-name\">tipology:<\/span> <span class=\"wpcf-field-value wpcf-field-select-value wpcf-field-tipology-value\">art studios<\/span><\/div>\n            <div id=\"wpcf-field-architect\" class=\"wpcf-field-single-line wpcf-field-architect\"><span class=\"wpcf-field-name wpcf-field-single-line-name wpcf-field-architect-name\">architect:<\/span> <span class=\"wpcf-field-value wpcf-field-single-line-value wpcf-field-architect-value\">Christian De Portzamparc<\/span><\/div>\n            <div id=\"wpcf-field-realization\" class=\"wpcf-field-number wpcf-field-realization\"><span class=\"wpcf-field-name wpcf-field-number-name wpcf-field-realization-name\">realization:<\/span> <span class=\"wpcf-field-value wpcf-field-number-value wpcf-field-realization-value\">2013<\/span><\/div>\n            Avenida das Am\u00e9ricas - Barra da Tijuca, Rio de Janeiro, Brasile\n          <\/div>\n  <\/div>\n<\/article>\n          <\/div>\n            <h4><a href=\"#\" onclick=\"cimap();\" class=\"link-marker js-wpv-addon-maps-focus-map js-toolset-maps-hover-map-map-1-marker-marker-68689 js-toolset-maps-open-infowindow-map-map-1-marker-marker-68689\" data-map=\"map-1\" data-marker=\"marker-68689\">05. Cidade das Artes<\/a><\/h4>\n            <div id=\"wpcf-field-tipology\" class=\"wpcf-field-select wpcf-field-tipology\"><span class=\"wpcf-field-name wpcf-field-select-name wpcf-field-tipology-name\">tipology:<\/span> <span class=\"wpcf-field-value wpcf-field-select-value wpcf-field-tipology-value\">art studios<\/span><\/div> | <div id=\"wpcf-field-architect\" class=\"wpcf-field-single-line wpcf-field-architect\"><span class=\"wpcf-field-name wpcf-field-single-line-name wpcf-field-architect-name\">architect:<\/span> <span class=\"wpcf-field-value wpcf-field-single-line-value wpcf-field-architect-value\">Christian De Portzamparc<\/span><\/div> | <div id=\"wpcf-field-realization\" class=\"wpcf-field-number wpcf-field-realization\"><span class=\"wpcf-field-name wpcf-field-number-name wpcf-field-realization-name\">realization:<\/span> <span class=\"wpcf-field-value wpcf-field-number-value wpcf-field-realization-value\">2013<\/span><\/div>\n          <\/li>\n\t\t\n          <li>\n            \n          <div style=\"display:none\" class=\"wpv-addon-maps-marker js-wpv-addon-maps-marker js-wpv-addon-maps-marker-marker-68692 js-wpv-addon-maps-markerfor-map-1\" data-marker=\"marker-68692\" data-markertitle=\"Escola Primaria Mopi\" data-markerfor=\"map-1\" data-markerlat=\"-22.9923315\" data-markerlon=\"-43.3027801\" data-markericon=\"\/wp-content\/uploads\/sites\/6\/2017\/11\/area_marker_4.png\" data-markericonhover=\"\" data-streetview=\"no\" data-fromview=\"\">\n            <article class=\"marker-itinerario\">\n\t<div class=\"entry-thumbnail\">\n      \n      \n      \t<img loading=\"lazy\" decoding=\"async\" width=\"1280\" height=\"854\" src=\"https:\/\/static.tecnichenuove.it\/areaarch\/2019\/03\/Escola-Primaria-Mopi_f.jpg\" class=\"attachment-post-thumbnail size-post-thumbnail wp-post-image\" alt=\"\" srcset=\"https:\/\/static.tecnichenuove.it\/areaarch\/2019\/03\/Escola-Primaria-Mopi_f.jpg 1280w, https:\/\/static.tecnichenuove.it\/areaarch\/2019\/03\/Escola-Primaria-Mopi_f-150x100.jpg 150w, https:\/\/static.tecnichenuove.it\/areaarch\/2019\/03\/Escola-Primaria-Mopi_f-300x200.jpg 300w, https:\/\/static.tecnichenuove.it\/areaarch\/2019\/03\/Escola-Primaria-Mopi_f-768x512.jpg 768w, https:\/\/static.tecnichenuove.it\/areaarch\/2019\/03\/Escola-Primaria-Mopi_f-1024x683.jpg 1024w, https:\/\/static.tecnichenuove.it\/areaarch\/2019\/03\/Escola-Primaria-Mopi_f-696x464.jpg 696w, https:\/\/static.tecnichenuove.it\/areaarch\/2019\/03\/Escola-Primaria-Mopi_f-1068x713.jpg 1068w, https:\/\/static.tecnichenuove.it\/areaarch\/2019\/03\/Escola-Primaria-Mopi_f-630x420.jpg 630w\" sizes=\"auto, (max-width: 1280px) 100vw, 1280px\" \/>\n      \t<img decoding=\"async\" src=\"https:\/\/www.area-arch.it\/wp-content\/uploads\/sites\/6\/2019\/03\/Escola-Primaria-Mopi_d.jpg\" class=\"attachment-post-thumbnail\" \/>\n      \n\t<\/div>\n  \t<div class=\"entry-column\">\n      <h3 class=\"entry-title td-module-title\">Escola Primaria Mopi<\/h3>\n      <div class=\"td-excerpt\">\n            <div id=\"wpcf-field-tipology\" class=\"wpcf-field-select wpcf-field-tipology\"><span class=\"wpcf-field-name wpcf-field-select-name wpcf-field-tipology-name\">tipology:<\/span> <span class=\"wpcf-field-value wpcf-field-select-value wpcf-field-tipology-value\">education<\/span><\/div>\n            <div id=\"wpcf-field-architect\" class=\"wpcf-field-single-line wpcf-field-architect\"><span class=\"wpcf-field-name wpcf-field-single-line-name wpcf-field-architect-name\">architect:<\/span> <span class=\"wpcf-field-value wpcf-field-single-line-value wpcf-field-architect-value\">Mareines + Patalano Arquitetura<\/span><\/div>\n            <div id=\"wpcf-field-realization\" class=\"wpcf-field-number wpcf-field-realization\"><span class=\"wpcf-field-name wpcf-field-number-name wpcf-field-realization-name\">realization:<\/span> <span class=\"wpcf-field-value wpcf-field-number-value wpcf-field-realization-value\">2015<\/span><\/div>\n            Rua Dom Rosalvo Costa R\u00eago - Itanhang\u00e1, Rio de Janeiro, Brasile\n          <\/div>\n  <\/div>\n<\/article>\n          <\/div>\n            <h4><a href=\"#\" onclick=\"cimap();\" class=\"link-marker js-wpv-addon-maps-focus-map js-toolset-maps-hover-map-map-1-marker-marker-68692 js-toolset-maps-open-infowindow-map-map-1-marker-marker-68692\" data-map=\"map-1\" data-marker=\"marker-68692\">06. Escola Primaria Mopi<\/a><\/h4>\n            <div id=\"wpcf-field-tipology\" class=\"wpcf-field-select wpcf-field-tipology\"><span class=\"wpcf-field-name wpcf-field-select-name wpcf-field-tipology-name\">tipology:<\/span> <span class=\"wpcf-field-value wpcf-field-select-value wpcf-field-tipology-value\">education<\/span><\/div> | <div id=\"wpcf-field-architect\" class=\"wpcf-field-single-line wpcf-field-architect\"><span class=\"wpcf-field-name wpcf-field-single-line-name wpcf-field-architect-name\">architect:<\/span> <span class=\"wpcf-field-value wpcf-field-single-line-value wpcf-field-architect-value\">Mareines + Patalano Arquitetura<\/span><\/div> | <div id=\"wpcf-field-realization\" class=\"wpcf-field-number wpcf-field-realization\"><span class=\"wpcf-field-name wpcf-field-number-name wpcf-field-realization-name\">realization:<\/span> <span class=\"wpcf-field-value wpcf-field-number-value wpcf-field-realization-value\">2015<\/span><\/div>\n          <\/li>\n\t\t\n          <li>\n            \n          <div style=\"display:none\" class=\"wpv-addon-maps-marker js-wpv-addon-maps-marker js-wpv-addon-maps-marker-marker-68695 js-wpv-addon-maps-markerfor-map-1\" data-marker=\"marker-68695\" data-markertitle=\"Capela Jo\u00e1\" data-markerfor=\"map-1\" data-markerlat=\"-23.005682\" data-markerlon=\"-43.2829844\" data-markericon=\"\/wp-content\/uploads\/sites\/6\/2017\/11\/area_marker_17.png\" data-markericonhover=\"\" data-streetview=\"no\" data-fromview=\"\">\n            <article class=\"marker-itinerario\">\n\t<div class=\"entry-thumbnail\">\n      \n      \n      \t<img loading=\"lazy\" decoding=\"async\" width=\"800\" height=\"533\" src=\"https:\/\/static.tecnichenuove.it\/areaarch\/2019\/03\/Capela-Jo%E2%80%A0_f.jpg\" class=\"attachment-post-thumbnail size-post-thumbnail wp-post-image\" alt=\"\" srcset=\"https:\/\/static.tecnichenuove.it\/areaarch\/2019\/03\/Capela-Jo%E2%80%A0_f.jpg 800w, https:\/\/static.tecnichenuove.it\/areaarch\/2019\/03\/Capela-Jo%E2%80%A0_f-150x100.jpg 150w, https:\/\/static.tecnichenuove.it\/areaarch\/2019\/03\/Capela-Jo%E2%80%A0_f-300x200.jpg 300w, https:\/\/static.tecnichenuove.it\/areaarch\/2019\/03\/Capela-Jo%E2%80%A0_f-768x512.jpg 768w, https:\/\/static.tecnichenuove.it\/areaarch\/2019\/03\/Capela-Jo%E2%80%A0_f-696x464.jpg 696w, https:\/\/static.tecnichenuove.it\/areaarch\/2019\/03\/Capela-Jo%E2%80%A0_f-630x420.jpg 630w\" sizes=\"auto, (max-width: 800px) 100vw, 800px\" \/>\n      \t<img decoding=\"async\" src=\"https:\/\/www.area-arch.it\/wp-content\/uploads\/sites\/6\/2019\/03\/Capela-Jo\u2020_d.jpeg\" class=\"attachment-post-thumbnail\" \/>\n      \n\t<\/div>\n  \t<div class=\"entry-column\">\n      <h3 class=\"entry-title td-module-title\">Capela Jo\u00e1<\/h3>\n      <div class=\"td-excerpt\">\n            <div id=\"wpcf-field-tipology\" class=\"wpcf-field-select wpcf-field-tipology\"><span class=\"wpcf-field-name wpcf-field-select-name wpcf-field-tipology-name\">tipology:<\/span> <span class=\"wpcf-field-value wpcf-field-select-value wpcf-field-tipology-value\">church<\/span><\/div>\n            <div id=\"wpcf-field-architect\" class=\"wpcf-field-single-line wpcf-field-architect\"><span class=\"wpcf-field-name wpcf-field-single-line-name wpcf-field-architect-name\">architect:<\/span> <span class=\"wpcf-field-value wpcf-field-single-line-value wpcf-field-architect-value\">Bernardes Arquitetura<\/span><\/div>\n            <div id=\"wpcf-field-realization\" class=\"wpcf-field-number wpcf-field-realization\"><span class=\"wpcf-field-name wpcf-field-number-name wpcf-field-realization-name\">realization:<\/span> <span class=\"wpcf-field-value wpcf-field-number-value wpcf-field-realization-value\">2014<\/span><\/div>\n            Estrada do Jo\u00e1 - Itanhang\u00e1, Rio de Janeiro, Brasile\n          <\/div>\n  <\/div>\n<\/article>\n          <\/div>\n            <h4><a href=\"#\" onclick=\"cimap();\" class=\"link-marker js-wpv-addon-maps-focus-map js-toolset-maps-hover-map-map-1-marker-marker-68695 js-toolset-maps-open-infowindow-map-map-1-marker-marker-68695\" data-map=\"map-1\" data-marker=\"marker-68695\">07. Capela Jo\u00e1<\/a><\/h4>\n            <div id=\"wpcf-field-tipology\" class=\"wpcf-field-select wpcf-field-tipology\"><span class=\"wpcf-field-name wpcf-field-select-name wpcf-field-tipology-name\">tipology:<\/span> <span class=\"wpcf-field-value wpcf-field-select-value wpcf-field-tipology-value\">church<\/span><\/div> | <div id=\"wpcf-field-architect\" class=\"wpcf-field-single-line wpcf-field-architect\"><span class=\"wpcf-field-name wpcf-field-single-line-name wpcf-field-architect-name\">architect:<\/span> <span class=\"wpcf-field-value wpcf-field-single-line-value wpcf-field-architect-value\">Bernardes Arquitetura<\/span><\/div> | <div id=\"wpcf-field-realization\" class=\"wpcf-field-number wpcf-field-realization\"><span class=\"wpcf-field-name wpcf-field-number-name wpcf-field-realization-name\">realization:<\/span> <span class=\"wpcf-field-value wpcf-field-number-value wpcf-field-realization-value\">2014<\/span><\/div>\n          <\/li>\n\t\t\n          <li>\n            \n          <div style=\"display:none\" class=\"wpv-addon-maps-marker js-wpv-addon-maps-marker js-wpv-addon-maps-marker-marker-68698 js-wpv-addon-maps-markerfor-map-1\" data-marker=\"marker-68698\" data-markertitle=\"Casa das Canoas &#8211; Funda\u00e7\u00e3o Oscar Niemeyer\" data-markerfor=\"map-1\" data-markerlat=\"-22.9961216\" data-markerlon=\"-43.2706861\" data-markericon=\"\/wp-content\/uploads\/sites\/6\/2017\/11\/area_marker_2.png\" data-markericonhover=\"\" data-streetview=\"no\" data-fromview=\"\">\n            <article class=\"marker-itinerario\">\n\t<div class=\"entry-thumbnail\">\n      \n      \n      \t<img loading=\"lazy\" decoding=\"async\" width=\"1200\" height=\"900\" src=\"https:\/\/static.tecnichenuove.it\/areaarch\/2019\/03\/Casa-das-Canoas_f.jpg\" class=\"attachment-post-thumbnail size-post-thumbnail wp-post-image\" alt=\"\" srcset=\"https:\/\/static.tecnichenuove.it\/areaarch\/2019\/03\/Casa-das-Canoas_f.jpg 1200w, https:\/\/static.tecnichenuove.it\/areaarch\/2019\/03\/Casa-das-Canoas_f-300x225.jpg 300w, https:\/\/static.tecnichenuove.it\/areaarch\/2019\/03\/Casa-das-Canoas_f-768x576.jpg 768w, https:\/\/static.tecnichenuove.it\/areaarch\/2019\/03\/Casa-das-Canoas_f-1024x768.jpg 1024w, https:\/\/static.tecnichenuove.it\/areaarch\/2019\/03\/Casa-das-Canoas_f-80x60.jpg 80w, https:\/\/static.tecnichenuove.it\/areaarch\/2019\/03\/Casa-das-Canoas_f-160x120.jpg 160w, https:\/\/static.tecnichenuove.it\/areaarch\/2019\/03\/Casa-das-Canoas_f-265x198.jpg 265w, https:\/\/static.tecnichenuove.it\/areaarch\/2019\/03\/Casa-das-Canoas_f-696x522.jpg 696w, https:\/\/static.tecnichenuove.it\/areaarch\/2019\/03\/Casa-das-Canoas_f-1068x801.jpg 1068w, https:\/\/static.tecnichenuove.it\/areaarch\/2019\/03\/Casa-das-Canoas_f-560x420.jpg 560w\" sizes=\"auto, (max-width: 1200px) 100vw, 1200px\" \/>\n      \t<img decoding=\"async\" src=\"https:\/\/www.area-arch.it\/wp-content\/uploads\/sites\/6\/2019\/03\/Casa-das-Canoas_d2.jpg\" class=\"attachment-post-thumbnail\" \/>\n      \n\t<\/div>\n  \t<div class=\"entry-column\">\n      <h3 class=\"entry-title td-module-title\">Casa das Canoas &#8211; Funda\u00e7\u00e3o Oscar Niemeyer<\/h3>\n      <div class=\"td-excerpt\">\n            <div id=\"wpcf-field-tipology\" class=\"wpcf-field-select wpcf-field-tipology\"><span class=\"wpcf-field-name wpcf-field-select-name wpcf-field-tipology-name\">tipology:<\/span> <span class=\"wpcf-field-value wpcf-field-select-value wpcf-field-tipology-value\">art studios<\/span><\/div>\n            <div id=\"wpcf-field-architect\" class=\"wpcf-field-single-line wpcf-field-architect\"><span class=\"wpcf-field-name wpcf-field-single-line-name wpcf-field-architect-name\">architect:<\/span> <span class=\"wpcf-field-value wpcf-field-single-line-value wpcf-field-architect-value\">Oscar Niemeyer<\/span><\/div>\n            <div id=\"wpcf-field-realization\" class=\"wpcf-field-number wpcf-field-realization\"><span class=\"wpcf-field-name wpcf-field-number-name wpcf-field-realization-name\">realization:<\/span> <span class=\"wpcf-field-value wpcf-field-number-value wpcf-field-realization-value\">1951<\/span><\/div>\n            Estrada da Canoa - Vila Canoas, Rio de Janeiro, Brasile\n          <\/div>\n  <\/div>\n<\/article>\n          <\/div>\n            <h4><a href=\"#\" onclick=\"cimap();\" class=\"link-marker js-wpv-addon-maps-focus-map js-toolset-maps-hover-map-map-1-marker-marker-68698 js-toolset-maps-open-infowindow-map-map-1-marker-marker-68698\" data-map=\"map-1\" data-marker=\"marker-68698\">08. Casa das Canoas &#8211; Funda\u00e7\u00e3o Oscar Niemeyer<\/a><\/h4>\n            <div id=\"wpcf-field-tipology\" class=\"wpcf-field-select wpcf-field-tipology\"><span class=\"wpcf-field-name wpcf-field-select-name wpcf-field-tipology-name\">tipology:<\/span> <span class=\"wpcf-field-value wpcf-field-select-value wpcf-field-tipology-value\">art studios<\/span><\/div> | <div id=\"wpcf-field-architect\" class=\"wpcf-field-single-line wpcf-field-architect\"><span class=\"wpcf-field-name wpcf-field-single-line-name wpcf-field-architect-name\">architect:<\/span> <span class=\"wpcf-field-value wpcf-field-single-line-value wpcf-field-architect-value\">Oscar Niemeyer<\/span><\/div> | <div id=\"wpcf-field-realization\" class=\"wpcf-field-number wpcf-field-realization\"><span class=\"wpcf-field-name wpcf-field-number-name wpcf-field-realization-name\">realization:<\/span> <span class=\"wpcf-field-value wpcf-field-number-value wpcf-field-realization-value\">1951<\/span><\/div>\n          <\/li>\n\t\t\n          <li>\n            \n          <div style=\"display:none\" class=\"wpv-addon-maps-marker js-wpv-addon-maps-marker js-wpv-addon-maps-marker-marker-68701 js-wpv-addon-maps-markerfor-map-1\" data-marker=\"marker-68701\" data-markertitle=\"IMS &#8211; Instituto Moreira Salles\" data-markerfor=\"map-1\" data-markerlat=\"-22.9783392\" data-markerlon=\"-43.2337317\" data-markericon=\"\/wp-content\/uploads\/sites\/6\/2017\/11\/area_marker_11.png\" data-markericonhover=\"\" data-streetview=\"no\" data-fromview=\"\">\n            <article class=\"marker-itinerario\">\n\t<div class=\"entry-thumbnail\">\n      \n      \n      \t<img loading=\"lazy\" decoding=\"async\" width=\"768\" height=\"432\" src=\"https:\/\/static.tecnichenuove.it\/areaarch\/2019\/03\/IMS_f.jpg\" class=\"attachment-post-thumbnail size-post-thumbnail wp-post-image\" alt=\"\" srcset=\"https:\/\/static.tecnichenuove.it\/areaarch\/2019\/03\/IMS_f.jpg 768w, https:\/\/static.tecnichenuove.it\/areaarch\/2019\/03\/IMS_f-300x169.jpg 300w, https:\/\/static.tecnichenuove.it\/areaarch\/2019\/03\/IMS_f-696x392.jpg 696w, https:\/\/static.tecnichenuove.it\/areaarch\/2019\/03\/IMS_f-747x420.jpg 747w\" sizes=\"auto, (max-width: 768px) 100vw, 768px\" \/>\n      \t<img decoding=\"async\" src=\"https:\/\/www.area-arch.it\/wp-content\/uploads\/sites\/6\/2019\/03\/9-IMS_d.jpg\" class=\"attachment-post-thumbnail\" \/>\n      \n\t<\/div>\n  \t<div class=\"entry-column\">\n      <h3 class=\"entry-title td-module-title\">IMS &#8211; Instituto Moreira Salles<\/h3>\n      <div class=\"td-excerpt\">\n            <div id=\"wpcf-field-tipology\" class=\"wpcf-field-select wpcf-field-tipology\"><span class=\"wpcf-field-name wpcf-field-select-name wpcf-field-tipology-name\">tipology:<\/span> <span class=\"wpcf-field-value wpcf-field-select-value wpcf-field-tipology-value\">office<\/span><\/div>\n            <div id=\"wpcf-field-architect\" class=\"wpcf-field-single-line wpcf-field-architect\"><span class=\"wpcf-field-name wpcf-field-single-line-name wpcf-field-architect-name\">architect:<\/span> <span class=\"wpcf-field-value wpcf-field-single-line-value wpcf-field-architect-value\">Olavo Redig de Campos, Roberto Burle Marx<\/span><\/div>\n            <div id=\"wpcf-field-realization\" class=\"wpcf-field-number wpcf-field-realization\"><span class=\"wpcf-field-name wpcf-field-number-name wpcf-field-realization-name\">realization:<\/span> <span class=\"wpcf-field-value wpcf-field-number-value wpcf-field-realization-value\">1951<\/span><\/div>\n            Rua Marqu\u00eas de S\u00e3o Vicente - G\u00e1vea, Rio de Janeiro, Brasile\n          <\/div>\n  <\/div>\n<\/article>\n          <\/div>\n            <h4><a href=\"#\" onclick=\"cimap();\" class=\"link-marker js-wpv-addon-maps-focus-map js-toolset-maps-hover-map-map-1-marker-marker-68701 js-toolset-maps-open-infowindow-map-map-1-marker-marker-68701\" data-map=\"map-1\" data-marker=\"marker-68701\">09. IMS &#8211; Instituto Moreira Salles<\/a><\/h4>\n            <div id=\"wpcf-field-tipology\" class=\"wpcf-field-select wpcf-field-tipology\"><span class=\"wpcf-field-name wpcf-field-select-name wpcf-field-tipology-name\">tipology:<\/span> <span class=\"wpcf-field-value wpcf-field-select-value wpcf-field-tipology-value\">office<\/span><\/div> | <div id=\"wpcf-field-architect\" class=\"wpcf-field-single-line wpcf-field-architect\"><span class=\"wpcf-field-name wpcf-field-single-line-name wpcf-field-architect-name\">architect:<\/span> <span class=\"wpcf-field-value wpcf-field-single-line-value wpcf-field-architect-value\">Olavo Redig de Campos, Roberto Burle Marx<\/span><\/div> | <div id=\"wpcf-field-realization\" class=\"wpcf-field-number wpcf-field-realization\"><span class=\"wpcf-field-name wpcf-field-number-name wpcf-field-realization-name\">realization:<\/span> <span class=\"wpcf-field-value wpcf-field-number-value wpcf-field-realization-value\">1951<\/span><\/div>\n          <\/li>\n\t\t\n          <li>\n            \n          <div style=\"display:none\" class=\"wpv-addon-maps-marker js-wpv-addon-maps-marker js-wpv-addon-maps-marker-marker-68704 js-wpv-addon-maps-markerfor-map-1\" data-marker=\"marker-68704\" data-markertitle=\"Midrash Centro Cultural\" data-markerfor=\"map-1\" data-markerlat=\"-22.9841858\" data-markerlon=\"-43.2252618\" data-markericon=\"\/wp-content\/uploads\/sites\/6\/2017\/11\/area_marker_2.png\" data-markericonhover=\"\" data-streetview=\"no\" data-fromview=\"\">\n            <article class=\"marker-itinerario\">\n\t<div class=\"entry-thumbnail\">\n      \n      \n      \t<img loading=\"lazy\" decoding=\"async\" width=\"853\" height=\"1280\" src=\"https:\/\/static.tecnichenuove.it\/areaarch\/2019\/03\/Midrash-Centro-Cultural_f.jpg\" class=\"attachment-post-thumbnail size-post-thumbnail wp-post-image\" alt=\"\" srcset=\"https:\/\/static.tecnichenuove.it\/areaarch\/2019\/03\/Midrash-Centro-Cultural_f.jpg 853w, https:\/\/static.tecnichenuove.it\/areaarch\/2019\/03\/Midrash-Centro-Cultural_f-200x300.jpg 200w, https:\/\/static.tecnichenuove.it\/areaarch\/2019\/03\/Midrash-Centro-Cultural_f-768x1152.jpg 768w, https:\/\/static.tecnichenuove.it\/areaarch\/2019\/03\/Midrash-Centro-Cultural_f-682x1024.jpg 682w, https:\/\/static.tecnichenuove.it\/areaarch\/2019\/03\/Midrash-Centro-Cultural_f-696x1044.jpg 696w, https:\/\/static.tecnichenuove.it\/areaarch\/2019\/03\/Midrash-Centro-Cultural_f-280x420.jpg 280w\" sizes=\"auto, (max-width: 853px) 100vw, 853px\" \/>\n      \t<img decoding=\"async\" src=\"https:\/\/www.area-arch.it\/wp-content\/uploads\/sites\/6\/2019\/03\/10_Elevation.jpg\" class=\"attachment-post-thumbnail\" \/>\n      \n\t<\/div>\n  \t<div class=\"entry-column\">\n      <h3 class=\"entry-title td-module-title\">Midrash Centro Cultural<\/h3>\n      <div class=\"td-excerpt\">\n            <div id=\"wpcf-field-tipology\" class=\"wpcf-field-select wpcf-field-tipology\"><span class=\"wpcf-field-name wpcf-field-select-name wpcf-field-tipology-name\">tipology:<\/span> <span class=\"wpcf-field-value wpcf-field-select-value wpcf-field-tipology-value\">art studios<\/span><\/div>\n            <div id=\"wpcf-field-architect\" class=\"wpcf-field-single-line wpcf-field-architect\"><span class=\"wpcf-field-name wpcf-field-single-line-name wpcf-field-architect-name\">architect:<\/span> <span class=\"wpcf-field-value wpcf-field-single-line-value wpcf-field-architect-value\">Isay Weinfeld<\/span><\/div>\n            <div id=\"wpcf-field-realization\" class=\"wpcf-field-number wpcf-field-realization\"><span class=\"wpcf-field-name wpcf-field-number-name wpcf-field-realization-name\">realization:<\/span> <span class=\"wpcf-field-value wpcf-field-number-value wpcf-field-realization-value\">2009<\/span><\/div>\n            Rua General Ven\u00e2ncio Fl\u00f4res - Leblon, Rio de Janeiro, Brasile\n          <\/div>\n  <\/div>\n<\/article>\n          <\/div>\n            <h4><a href=\"#\" onclick=\"cimap();\" class=\"link-marker js-wpv-addon-maps-focus-map js-toolset-maps-hover-map-map-1-marker-marker-68704 js-toolset-maps-open-infowindow-map-map-1-marker-marker-68704\" data-map=\"map-1\" data-marker=\"marker-68704\">10. Midrash Centro Cultural<\/a><\/h4>\n            <div id=\"wpcf-field-tipology\" class=\"wpcf-field-select wpcf-field-tipology\"><span class=\"wpcf-field-name wpcf-field-select-name wpcf-field-tipology-name\">tipology:<\/span> <span class=\"wpcf-field-value wpcf-field-select-value wpcf-field-tipology-value\">art studios<\/span><\/div> | <div id=\"wpcf-field-architect\" class=\"wpcf-field-single-line wpcf-field-architect\"><span class=\"wpcf-field-name wpcf-field-single-line-name wpcf-field-architect-name\">architect:<\/span> <span class=\"wpcf-field-value wpcf-field-single-line-value wpcf-field-architect-value\">Isay Weinfeld<\/span><\/div> | <div id=\"wpcf-field-realization\" class=\"wpcf-field-number wpcf-field-realization\"><span class=\"wpcf-field-name wpcf-field-number-name wpcf-field-realization-name\">realization:<\/span> <span class=\"wpcf-field-value wpcf-field-number-value wpcf-field-realization-value\">2009<\/span><\/div>\n          <\/li>\n\t\t\n          <li>\n            \n          <div style=\"display:none\" class=\"wpv-addon-maps-marker js-wpv-addon-maps-marker js-wpv-addon-maps-marker-marker-68707 js-wpv-addon-maps-markerfor-map-1\" data-marker=\"marker-68707\" data-markertitle=\"Leblon offices\" data-markerfor=\"map-1\" data-markerlat=\"-22.9781312\" data-markerlon=\"-43.2250042\" data-markericon=\"\/wp-content\/uploads\/sites\/6\/2017\/11\/area_marker_11.png\" data-markericonhover=\"\" data-streetview=\"no\" data-fromview=\"\">\n            <article class=\"marker-itinerario\">\n\t<div class=\"entry-thumbnail\">\n      \n      \n      \t<img loading=\"lazy\" decoding=\"async\" width=\"710\" height=\"900\" src=\"https:\/\/static.tecnichenuove.it\/areaarch\/2019\/03\/Leblon-offices.jpg\" class=\"attachment-post-thumbnail size-post-thumbnail wp-post-image\" alt=\"\" srcset=\"https:\/\/static.tecnichenuove.it\/areaarch\/2019\/03\/Leblon-offices.jpg 710w, https:\/\/static.tecnichenuove.it\/areaarch\/2019\/03\/Leblon-offices-237x300.jpg 237w, https:\/\/static.tecnichenuove.it\/areaarch\/2019\/03\/Leblon-offices-696x882.jpg 696w, https:\/\/static.tecnichenuove.it\/areaarch\/2019\/03\/Leblon-offices-331x420.jpg 331w\" sizes=\"auto, (max-width: 710px) 100vw, 710px\" \/>\n      \t<img decoding=\"async\" src=\"https:\/\/www.area-arch.it\/wp-content\/uploads\/sites\/6\/2019\/03\/Leblon-offices-2.jpg\" class=\"attachment-post-thumbnail\" \/>\n      \n\t<\/div>\n  \t<div class=\"entry-column\">\n      <h3 class=\"entry-title td-module-title\">Leblon offices<\/h3>\n      <div class=\"td-excerpt\">\n            <div id=\"wpcf-field-tipology\" class=\"wpcf-field-select wpcf-field-tipology\"><span class=\"wpcf-field-name wpcf-field-select-name wpcf-field-tipology-name\">tipology:<\/span> <span class=\"wpcf-field-value wpcf-field-select-value wpcf-field-tipology-value\">office<\/span><\/div>\n            <div id=\"wpcf-field-architect\" class=\"wpcf-field-single-line wpcf-field-architect\"><span class=\"wpcf-field-name wpcf-field-single-line-name wpcf-field-architect-name\">architect:<\/span> <span class=\"wpcf-field-value wpcf-field-single-line-value wpcf-field-architect-value\">Richard Meier &amp; Partners<\/span><\/div>\n            <div id=\"wpcf-field-realization\" class=\"wpcf-field-number wpcf-field-realization\"><span class=\"wpcf-field-name wpcf-field-number-name wpcf-field-realization-name\">realization:<\/span> <span class=\"wpcf-field-value wpcf-field-number-value wpcf-field-realization-value\">2016<\/span><\/div>\n            Avenida Bartolomeu Mitre - G\u00e1vea, Rio de Janeiro, Brasile\n          <\/div>\n  <\/div>\n<\/article>\n          <\/div>\n            <h4><a href=\"#\" onclick=\"cimap();\" class=\"link-marker js-wpv-addon-maps-focus-map js-toolset-maps-hover-map-map-1-marker-marker-68707 js-toolset-maps-open-infowindow-map-map-1-marker-marker-68707\" data-map=\"map-1\" data-marker=\"marker-68707\">11. Leblon offices<\/a><\/h4>\n            <div id=\"wpcf-field-tipology\" class=\"wpcf-field-select wpcf-field-tipology\"><span class=\"wpcf-field-name wpcf-field-select-name wpcf-field-tipology-name\">tipology:<\/span> <span class=\"wpcf-field-value wpcf-field-select-value wpcf-field-tipology-value\">office<\/span><\/div> | <div id=\"wpcf-field-architect\" class=\"wpcf-field-single-line wpcf-field-architect\"><span class=\"wpcf-field-name wpcf-field-single-line-name wpcf-field-architect-name\">architect:<\/span> <span class=\"wpcf-field-value wpcf-field-single-line-value wpcf-field-architect-value\">Richard Meier &amp; Partners<\/span><\/div> | <div id=\"wpcf-field-realization\" class=\"wpcf-field-number wpcf-field-realization\"><span class=\"wpcf-field-name wpcf-field-number-name wpcf-field-realization-name\">realization:<\/span> <span class=\"wpcf-field-value wpcf-field-number-value wpcf-field-realization-value\">2016<\/span><\/div>\n          <\/li>\n\t\t\n          <li>\n            \n          <div style=\"display:none\" class=\"wpv-addon-maps-marker js-wpv-addon-maps-marker js-wpv-addon-maps-marker-marker-68712 js-wpv-addon-maps-markerfor-map-1\" data-marker=\"marker-68712\" data-markertitle=\"Edificio Anibal\" data-markerfor=\"map-1\" data-markerlat=\"-22.9833505\" data-markerlon=\"-43.2113015\" data-markericon=\"\/wp-content\/uploads\/sites\/6\/2017\/11\/area_marker_11.png\" data-markericonhover=\"\" data-streetview=\"no\" data-fromview=\"\">\n            <article class=\"marker-itinerario\">\n\t<div class=\"entry-thumbnail\">\n      \n      \n      \t<img loading=\"lazy\" decoding=\"async\" width=\"667\" height=\"1000\" src=\"https:\/\/static.tecnichenuove.it\/areaarch\/2019\/03\/Edificio-An%C2%B0bal_f.jpg\" class=\"attachment-post-thumbnail size-post-thumbnail wp-post-image\" alt=\"\" srcset=\"https:\/\/static.tecnichenuove.it\/areaarch\/2019\/03\/Edificio-An%C2%B0bal_f.jpg 667w, https:\/\/static.tecnichenuove.it\/areaarch\/2019\/03\/Edificio-An%C2%B0bal_f-200x300.jpg 200w, https:\/\/static.tecnichenuove.it\/areaarch\/2019\/03\/Edificio-An%C2%B0bal_f-280x420.jpg 280w\" sizes=\"auto, (max-width: 667px) 100vw, 667px\" \/>\n      \t<img decoding=\"async\" src=\"https:\/\/www.area-arch.it\/wp-content\/uploads\/sites\/6\/2019\/03\/Edificio-An\u00b0bal_d.jpg\" class=\"attachment-post-thumbnail\" \/>\n      \n\t<\/div>\n  \t<div class=\"entry-column\">\n      <h3 class=\"entry-title td-module-title\">Edificio Anibal<\/h3>\n      <div class=\"td-excerpt\">\n            <div id=\"wpcf-field-tipology\" class=\"wpcf-field-select wpcf-field-tipology\"><span class=\"wpcf-field-name wpcf-field-select-name wpcf-field-tipology-name\">tipology:<\/span> <span class=\"wpcf-field-value wpcf-field-select-value wpcf-field-tipology-value\">office<\/span><\/div>\n            <div id=\"wpcf-field-architect\" class=\"wpcf-field-single-line wpcf-field-architect\"><span class=\"wpcf-field-name wpcf-field-single-line-name wpcf-field-architect-name\">architect:<\/span> <span class=\"wpcf-field-value wpcf-field-single-line-value wpcf-field-architect-value\">Bernardes Arquitetura<\/span><\/div>\n            <div id=\"wpcf-field-realization\" class=\"wpcf-field-number wpcf-field-realization\"><span class=\"wpcf-field-name wpcf-field-number-name wpcf-field-realization-name\">realization:<\/span> <span class=\"wpcf-field-value wpcf-field-number-value wpcf-field-realization-value\">2015<\/span><\/div>\n            Rua An\u00edbal de Mendon\u00e7a - Ipanema, Rio de Janeiro, Brasile\n          <\/div>\n  <\/div>\n<\/article>\n          <\/div>\n            <h4><a href=\"#\" onclick=\"cimap();\" class=\"link-marker js-wpv-addon-maps-focus-map js-toolset-maps-hover-map-map-1-marker-marker-68712 js-toolset-maps-open-infowindow-map-map-1-marker-marker-68712\" data-map=\"map-1\" data-marker=\"marker-68712\">12. Edificio Anibal<\/a><\/h4>\n            <div id=\"wpcf-field-tipology\" class=\"wpcf-field-select wpcf-field-tipology\"><span class=\"wpcf-field-name wpcf-field-select-name wpcf-field-tipology-name\">tipology:<\/span> <span class=\"wpcf-field-value wpcf-field-select-value wpcf-field-tipology-value\">office<\/span><\/div> | <div id=\"wpcf-field-architect\" class=\"wpcf-field-single-line wpcf-field-architect\"><span class=\"wpcf-field-name wpcf-field-single-line-name wpcf-field-architect-name\">architect:<\/span> <span class=\"wpcf-field-value wpcf-field-single-line-value wpcf-field-architect-value\">Bernardes Arquitetura<\/span><\/div> | <div id=\"wpcf-field-realization\" class=\"wpcf-field-number wpcf-field-realization\"><span class=\"wpcf-field-name wpcf-field-number-name wpcf-field-realization-name\">realization:<\/span> <span class=\"wpcf-field-value wpcf-field-number-value wpcf-field-realization-value\">2015<\/span><\/div>\n          <\/li>\n\t\t\n          <li>\n            \n          <div style=\"display:none\" class=\"wpv-addon-maps-marker js-wpv-addon-maps-marker js-wpv-addon-maps-marker-marker-68715 js-wpv-addon-maps-markerfor-map-1\" data-marker=\"marker-68715\" data-markertitle=\"Rubem Braga Elevator Complex\" data-markerfor=\"map-1\" data-markerlat=\"-22.9831306\" data-markerlon=\"-43.2054831\" data-markericon=\"\/wp-content\/uploads\/sites\/6\/2017\/11\/area_marker_6.png\" data-markericonhover=\"\" data-streetview=\"no\" data-fromview=\"\">\n            <article class=\"marker-itinerario\">\n\t<div class=\"entry-thumbnail\">\n      \n      \n      \t<img loading=\"lazy\" decoding=\"async\" width=\"605\" height=\"907\" src=\"https:\/\/static.tecnichenuove.it\/areaarch\/2019\/03\/Rubem-Braga-Elevator-Complex_f.jpg\" class=\"attachment-post-thumbnail size-post-thumbnail wp-post-image\" alt=\"\" srcset=\"https:\/\/static.tecnichenuove.it\/areaarch\/2019\/03\/Rubem-Braga-Elevator-Complex_f.jpg 605w, https:\/\/static.tecnichenuove.it\/areaarch\/2019\/03\/Rubem-Braga-Elevator-Complex_f-200x300.jpg 200w, https:\/\/static.tecnichenuove.it\/areaarch\/2019\/03\/Rubem-Braga-Elevator-Complex_f-280x420.jpg 280w\" sizes=\"auto, (max-width: 605px) 100vw, 605px\" \/>\n      \t<img decoding=\"async\" src=\"https:\/\/www.area-arch.it\/wp-content\/uploads\/sites\/6\/2019\/03\/Rubem-Braga-Elevator-Complex_d.jpg\" class=\"attachment-post-thumbnail\" \/>\n      \n\t<\/div>\n  \t<div class=\"entry-column\">\n      <h3 class=\"entry-title td-module-title\">Rubem Braga Elevator Complex<\/h3>\n      <div class=\"td-excerpt\">\n            <div id=\"wpcf-field-tipology\" class=\"wpcf-field-select wpcf-field-tipology\"><span class=\"wpcf-field-name wpcf-field-select-name wpcf-field-tipology-name\">tipology:<\/span> <span class=\"wpcf-field-value wpcf-field-select-value wpcf-field-tipology-value\">infrastructure<\/span><\/div>\n            <div id=\"wpcf-field-architect\" class=\"wpcf-field-single-line wpcf-field-architect\"><span class=\"wpcf-field-name wpcf-field-single-line-name wpcf-field-architect-name\">architect:<\/span> <span class=\"wpcf-field-value wpcf-field-single-line-value wpcf-field-architect-value\">JBMC Arquitetura e Urbanismo<\/span><\/div>\n            <div id=\"wpcf-field-realization\" class=\"wpcf-field-number wpcf-field-realization\"><span class=\"wpcf-field-name wpcf-field-number-name wpcf-field-realization-name\">realization:<\/span> <span class=\"wpcf-field-value wpcf-field-number-value wpcf-field-realization-value\">2008<\/span><\/div>\n            Rua Bar\u00e3o da Torre - Ipanema, Rio de Janeiro, Brasile\n          <\/div>\n  <\/div>\n<\/article>\n          <\/div>\n            <h4><a href=\"#\" onclick=\"cimap();\" class=\"link-marker js-wpv-addon-maps-focus-map js-toolset-maps-hover-map-map-1-marker-marker-68715 js-toolset-maps-open-infowindow-map-map-1-marker-marker-68715\" data-map=\"map-1\" data-marker=\"marker-68715\">13. Rubem Braga Elevator Complex<\/a><\/h4>\n            <div id=\"wpcf-field-tipology\" class=\"wpcf-field-select wpcf-field-tipology\"><span class=\"wpcf-field-name wpcf-field-select-name wpcf-field-tipology-name\">tipology:<\/span> <span class=\"wpcf-field-value wpcf-field-select-value wpcf-field-tipology-value\">infrastructure<\/span><\/div> | <div id=\"wpcf-field-architect\" class=\"wpcf-field-single-line wpcf-field-architect\"><span class=\"wpcf-field-name wpcf-field-single-line-name wpcf-field-architect-name\">architect:<\/span> <span class=\"wpcf-field-value wpcf-field-single-line-value wpcf-field-architect-value\">JBMC Arquitetura e Urbanismo<\/span><\/div> | <div id=\"wpcf-field-realization\" class=\"wpcf-field-number wpcf-field-realization\"><span class=\"wpcf-field-name wpcf-field-number-name wpcf-field-realization-name\">realization:<\/span> <span class=\"wpcf-field-value wpcf-field-number-value wpcf-field-realization-value\">2008<\/span><\/div>\n          <\/li>\n\t\t\n          <li>\n            \n          <div style=\"display:none\" class=\"wpv-addon-maps-marker js-wpv-addon-maps-marker js-wpv-addon-maps-marker-marker-68718 js-wpv-addon-maps-markerfor-map-1\" data-marker=\"marker-68718\" data-markertitle=\"Hotel Emiliano\" data-markerfor=\"map-1\" data-markerlat=\"-22.9721292\" data-markerlon=\"-43.1847305\" data-markericon=\"\/wp-content\/uploads\/sites\/6\/2017\/11\/area_marker_7.png\" data-markericonhover=\"\" data-streetview=\"no\" data-fromview=\"\">\n            <article class=\"marker-itinerario\">\n\t<div class=\"entry-thumbnail\">\n      \n      \n      \t<img loading=\"lazy\" decoding=\"async\" width=\"719\" height=\"1280\" src=\"https:\/\/static.tecnichenuove.it\/areaarch\/2019\/03\/Hotel-Emiliano_f2.jpg\" class=\"attachment-post-thumbnail size-post-thumbnail wp-post-image\" alt=\"\" srcset=\"https:\/\/static.tecnichenuove.it\/areaarch\/2019\/03\/Hotel-Emiliano_f2.jpg 719w, https:\/\/static.tecnichenuove.it\/areaarch\/2019\/03\/Hotel-Emiliano_f2-169x300.jpg 169w, https:\/\/static.tecnichenuove.it\/areaarch\/2019\/03\/Hotel-Emiliano_f2-575x1024.jpg 575w, https:\/\/static.tecnichenuove.it\/areaarch\/2019\/03\/Hotel-Emiliano_f2-696x1239.jpg 696w, https:\/\/static.tecnichenuove.it\/areaarch\/2019\/03\/Hotel-Emiliano_f2-236x420.jpg 236w\" sizes=\"auto, (max-width: 719px) 100vw, 719px\" \/>\n      \t<img decoding=\"async\" src=\"https:\/\/www.area-arch.it\/wp-content\/uploads\/sites\/6\/2019\/03\/Hotel-Emiliano_d.jpg\" class=\"attachment-post-thumbnail\" \/>\n      \n\t<\/div>\n  \t<div class=\"entry-column\">\n      <h3 class=\"entry-title td-module-title\">Hotel Emiliano<\/h3>\n      <div class=\"td-excerpt\">\n            <div id=\"wpcf-field-tipology\" class=\"wpcf-field-select wpcf-field-tipology\"><span class=\"wpcf-field-name wpcf-field-select-name wpcf-field-tipology-name\">tipology:<\/span> <span class=\"wpcf-field-value wpcf-field-select-value wpcf-field-tipology-value\">hotel<\/span><\/div>\n            <div id=\"wpcf-field-architect\" class=\"wpcf-field-single-line wpcf-field-architect\"><span class=\"wpcf-field-name wpcf-field-single-line-name wpcf-field-architect-name\">architect:<\/span> <span class=\"wpcf-field-value wpcf-field-single-line-value wpcf-field-architect-value\">Arthur Casas, Oppenheim Architecture<\/span><\/div>\n            <div id=\"wpcf-field-realization\" class=\"wpcf-field-number wpcf-field-realization\"><span class=\"wpcf-field-name wpcf-field-number-name wpcf-field-realization-name\">realization:<\/span> <span class=\"wpcf-field-value wpcf-field-number-value wpcf-field-realization-value\">2001<\/span><\/div>\n            Avenida Atl\u00e2ntica - Copacabana, Rio de Janeiro, Brasile\n          <\/div>\n  <\/div>\n<\/article>\n          <\/div>\n            <h4><a href=\"#\" onclick=\"cimap();\" class=\"link-marker js-wpv-addon-maps-focus-map js-toolset-maps-hover-map-map-1-marker-marker-68718 js-toolset-maps-open-infowindow-map-map-1-marker-marker-68718\" data-map=\"map-1\" data-marker=\"marker-68718\">14. Hotel Emiliano<\/a><\/h4>\n            <div id=\"wpcf-field-tipology\" class=\"wpcf-field-select wpcf-field-tipology\"><span class=\"wpcf-field-name wpcf-field-select-name wpcf-field-tipology-name\">tipology:<\/span> <span class=\"wpcf-field-value wpcf-field-select-value wpcf-field-tipology-value\">hotel<\/span><\/div> | <div id=\"wpcf-field-architect\" class=\"wpcf-field-single-line wpcf-field-architect\"><span class=\"wpcf-field-name wpcf-field-single-line-name wpcf-field-architect-name\">architect:<\/span> <span class=\"wpcf-field-value wpcf-field-single-line-value wpcf-field-architect-value\">Arthur Casas, Oppenheim Architecture<\/span><\/div> | <div id=\"wpcf-field-realization\" class=\"wpcf-field-number wpcf-field-realization\"><span class=\"wpcf-field-name wpcf-field-number-name wpcf-field-realization-name\">realization:<\/span> <span class=\"wpcf-field-value wpcf-field-number-value wpcf-field-realization-value\">2001<\/span><\/div>\n          <\/li>\n\t\t\n          <li>\n            \n          <div style=\"display:none\" class=\"wpv-addon-maps-marker js-wpv-addon-maps-marker js-wpv-addon-maps-marker-marker-68721 js-wpv-addon-maps-markerfor-map-1\" data-marker=\"marker-68721\" data-markertitle=\"Cal\u00e7ad\u00e3o Copacabana\" data-markerfor=\"map-1\" data-markerlat=\"-22.9721292\" data-markerlon=\"-43.1847305\" data-markericon=\"\/wp-content\/uploads\/sites\/6\/2017\/11\/area_marker_12.png\" data-markericonhover=\"\" data-streetview=\"no\" data-fromview=\"\">\n            <article class=\"marker-itinerario\">\n\t<div class=\"entry-thumbnail\">\n      \n      \n      \t<img loading=\"lazy\" decoding=\"async\" width=\"1280\" height=\"721\" src=\"https:\/\/static.tecnichenuove.it\/areaarch\/2019\/03\/Cala%CC%81ad%E2%88%86o-Copacabana_f.jpg\" class=\"attachment-post-thumbnail size-post-thumbnail wp-post-image\" alt=\"\" srcset=\"https:\/\/static.tecnichenuove.it\/areaarch\/2019\/03\/Cala%CC%81ad%E2%88%86o-Copacabana_f.jpg 1280w, https:\/\/static.tecnichenuove.it\/areaarch\/2019\/03\/Cala%CC%81ad%E2%88%86o-Copacabana_f-300x169.jpg 300w, https:\/\/static.tecnichenuove.it\/areaarch\/2019\/03\/Cala%CC%81ad%E2%88%86o-Copacabana_f-768x433.jpg 768w, https:\/\/static.tecnichenuove.it\/areaarch\/2019\/03\/Cala%CC%81ad%E2%88%86o-Copacabana_f-1024x577.jpg 1024w, https:\/\/static.tecnichenuove.it\/areaarch\/2019\/03\/Cala%CC%81ad%E2%88%86o-Copacabana_f-696x392.jpg 696w, https:\/\/static.tecnichenuove.it\/areaarch\/2019\/03\/Cala%CC%81ad%E2%88%86o-Copacabana_f-1068x602.jpg 1068w, https:\/\/static.tecnichenuove.it\/areaarch\/2019\/03\/Cala%CC%81ad%E2%88%86o-Copacabana_f-746x420.jpg 746w\" sizes=\"auto, (max-width: 1280px) 100vw, 1280px\" \/>\n      \t<img decoding=\"async\" src=\"https:\/\/www.area-arch.it\/wp-content\/uploads\/sites\/6\/2019\/03\/15_Capocabana.jpg\" class=\"attachment-post-thumbnail\" \/>\n      \n\t<\/div>\n  \t<div class=\"entry-column\">\n      <h3 class=\"entry-title td-module-title\">Cal\u00e7ad\u00e3o Copacabana<\/h3>\n      <div class=\"td-excerpt\">\n            <div id=\"wpcf-field-tipology\" class=\"wpcf-field-select wpcf-field-tipology\"><span class=\"wpcf-field-name wpcf-field-select-name wpcf-field-tipology-name\">tipology:<\/span> <span class=\"wpcf-field-value wpcf-field-select-value wpcf-field-tipology-value\">public<\/span><\/div>\n            <div id=\"wpcf-field-architect\" class=\"wpcf-field-single-line wpcf-field-architect\"><span class=\"wpcf-field-name wpcf-field-single-line-name wpcf-field-architect-name\">architect:<\/span> <span class=\"wpcf-field-value wpcf-field-single-line-value wpcf-field-architect-value\">Roberto Burle Marx<\/span><\/div>\n            <div id=\"wpcf-field-realization\" class=\"wpcf-field-number wpcf-field-realization\"><span class=\"wpcf-field-name wpcf-field-number-name wpcf-field-realization-name\">realization:<\/span> <span class=\"wpcf-field-value wpcf-field-number-value wpcf-field-realization-value\">1970<\/span><\/div>\n            Avenida Atl\u00e2ntica - Copacabana, Rio de Janeiro, Brasile\n          <\/div>\n  <\/div>\n<\/article>\n          <\/div>\n            <h4><a href=\"#\" onclick=\"cimap();\" class=\"link-marker js-wpv-addon-maps-focus-map js-toolset-maps-hover-map-map-1-marker-marker-68721 js-toolset-maps-open-infowindow-map-map-1-marker-marker-68721\" data-map=\"map-1\" data-marker=\"marker-68721\">15. Cal\u00e7ad\u00e3o Copacabana<\/a><\/h4>\n            <div id=\"wpcf-field-tipology\" class=\"wpcf-field-select wpcf-field-tipology\"><span class=\"wpcf-field-name wpcf-field-select-name wpcf-field-tipology-name\">tipology:<\/span> <span class=\"wpcf-field-value wpcf-field-select-value wpcf-field-tipology-value\">public<\/span><\/div> | <div id=\"wpcf-field-architect\" class=\"wpcf-field-single-line wpcf-field-architect\"><span class=\"wpcf-field-name wpcf-field-single-line-name wpcf-field-architect-name\">architect:<\/span> <span class=\"wpcf-field-value wpcf-field-single-line-value wpcf-field-architect-value\">Roberto Burle Marx<\/span><\/div> | <div id=\"wpcf-field-realization\" class=\"wpcf-field-number wpcf-field-realization\"><span class=\"wpcf-field-name wpcf-field-number-name wpcf-field-realization-name\">realization:<\/span> <span class=\"wpcf-field-value wpcf-field-number-value wpcf-field-realization-value\">1970<\/span><\/div>\n          <\/li>\n\t\t\n          <li>\n            \n          <div style=\"display:none\" class=\"wpv-addon-maps-marker js-wpv-addon-maps-marker js-wpv-addon-maps-marker-marker-68724 js-wpv-addon-maps-markerfor-map-1\" data-marker=\"marker-68724\" data-markertitle=\"MAC &#8211; Museu de Arte Contempor\u00e2nea de Niter\u00f3i\" data-markerfor=\"map-1\" data-markerlat=\"-22.8859267\" data-markerlon=\"-43.1152587\" data-markericon=\"\/wp-content\/uploads\/sites\/6\/2017\/11\/area_marker_10.png\" data-markericonhover=\"\" data-streetview=\"no\" data-fromview=\"\">\n            <article class=\"marker-itinerario\">\n\t<div class=\"entry-thumbnail\">\n      \n      \n      \t<img loading=\"lazy\" decoding=\"async\" width=\"1280\" height=\"960\" src=\"https:\/\/static.tecnichenuove.it\/areaarch\/2019\/03\/mac_f2.jpg\" class=\"attachment-post-thumbnail size-post-thumbnail wp-post-image\" alt=\"\" srcset=\"https:\/\/static.tecnichenuove.it\/areaarch\/2019\/03\/mac_f2.jpg 1280w, https:\/\/static.tecnichenuove.it\/areaarch\/2019\/03\/mac_f2-300x225.jpg 300w, https:\/\/static.tecnichenuove.it\/areaarch\/2019\/03\/mac_f2-768x576.jpg 768w, https:\/\/static.tecnichenuove.it\/areaarch\/2019\/03\/mac_f2-1024x768.jpg 1024w, https:\/\/static.tecnichenuove.it\/areaarch\/2019\/03\/mac_f2-80x60.jpg 80w, https:\/\/static.tecnichenuove.it\/areaarch\/2019\/03\/mac_f2-160x120.jpg 160w, https:\/\/static.tecnichenuove.it\/areaarch\/2019\/03\/mac_f2-265x198.jpg 265w, https:\/\/static.tecnichenuove.it\/areaarch\/2019\/03\/mac_f2-696x522.jpg 696w, https:\/\/static.tecnichenuove.it\/areaarch\/2019\/03\/mac_f2-1068x801.jpg 1068w, https:\/\/static.tecnichenuove.it\/areaarch\/2019\/03\/mac_f2-560x420.jpg 560w\" sizes=\"auto, (max-width: 1280px) 100vw, 1280px\" \/>\n      \t<img decoding=\"async\" src=\"https:\/\/www.area-arch.it\/wp-content\/uploads\/sites\/6\/2019\/03\/16_MAC.jpg\" class=\"attachment-post-thumbnail\" \/>\n      \n\t<\/div>\n  \t<div class=\"entry-column\">\n      <h3 class=\"entry-title td-module-title\">MAC &#8211; Museu de Arte Contempor\u00e2nea de Niter\u00f3i<\/h3>\n      <div class=\"td-excerpt\">\n            <div id=\"wpcf-field-tipology\" class=\"wpcf-field-select wpcf-field-tipology\"><span class=\"wpcf-field-name wpcf-field-select-name wpcf-field-tipology-name\">tipology:<\/span> <span class=\"wpcf-field-value wpcf-field-select-value wpcf-field-tipology-value\">museum<\/span><\/div>\n            <div id=\"wpcf-field-architect\" class=\"wpcf-field-single-line wpcf-field-architect\"><span class=\"wpcf-field-name wpcf-field-single-line-name wpcf-field-architect-name\">architect:<\/span> <span class=\"wpcf-field-value wpcf-field-single-line-value wpcf-field-architect-value\">Oscar Niemeyer<\/span><\/div>\n            <div id=\"wpcf-field-realization\" class=\"wpcf-field-number wpcf-field-realization\"><span class=\"wpcf-field-name wpcf-field-number-name wpcf-field-realization-name\">realization:<\/span> <span class=\"wpcf-field-value wpcf-field-number-value wpcf-field-realization-value\">1996<\/span><\/div>\n            Niter\u00f3i, Rio de Janeiro, Brasile\n          <\/div>\n  <\/div>\n<\/article>\n          <\/div>\n            <h4><a href=\"#\" onclick=\"cimap();\" class=\"link-marker js-wpv-addon-maps-focus-map js-toolset-maps-hover-map-map-1-marker-marker-68724 js-toolset-maps-open-infowindow-map-map-1-marker-marker-68724\" data-map=\"map-1\" data-marker=\"marker-68724\">16. MAC &#8211; Museu de Arte Contempor\u00e2nea de Niter\u00f3i<\/a><\/h4>\n            <div id=\"wpcf-field-tipology\" class=\"wpcf-field-select wpcf-field-tipology\"><span class=\"wpcf-field-name wpcf-field-select-name wpcf-field-tipology-name\">tipology:<\/span> <span class=\"wpcf-field-value wpcf-field-select-value wpcf-field-tipology-value\">museum<\/span><\/div> | <div id=\"wpcf-field-architect\" class=\"wpcf-field-single-line wpcf-field-architect\"><span class=\"wpcf-field-name wpcf-field-single-line-name wpcf-field-architect-name\">architect:<\/span> <span class=\"wpcf-field-value wpcf-field-single-line-value wpcf-field-architect-value\">Oscar Niemeyer<\/span><\/div> | <div id=\"wpcf-field-realization\" class=\"wpcf-field-number wpcf-field-realization\"><span class=\"wpcf-field-name wpcf-field-number-name wpcf-field-realization-name\">realization:<\/span> <span class=\"wpcf-field-value wpcf-field-number-value wpcf-field-realization-value\">1996<\/span><\/div>\n          <\/li>\n\t\t\n          <li>\n            \n          <div style=\"display:none\" class=\"wpv-addon-maps-marker js-wpv-addon-maps-marker js-wpv-addon-maps-marker-marker-68727 js-wpv-addon-maps-markerfor-map-1\" data-marker=\"marker-68727\" data-markertitle=\"Teatro Popular de Niter\u00f3i\" data-markerfor=\"map-1\" data-markerlat=\"-22.8829941\" data-markerlon=\"-43.5415301\" data-markericon=\"\/wp-content\/uploads\/sites\/6\/2017\/11\/area_marker_2.png\" data-markericonhover=\"\" data-streetview=\"no\" data-fromview=\"\">\n            <article class=\"marker-itinerario\">\n\t<div class=\"entry-thumbnail\">\n      \n      \n      \t<img loading=\"lazy\" decoding=\"async\" width=\"1024\" height=\"577\" src=\"https:\/\/static.tecnichenuove.it\/areaarch\/2019\/03\/Teatro-Popular-de-Niteroi_f.jpg\" class=\"attachment-post-thumbnail size-post-thumbnail wp-post-image\" alt=\"\" srcset=\"https:\/\/static.tecnichenuove.it\/areaarch\/2019\/03\/Teatro-Popular-de-Niteroi_f.jpg 1024w, https:\/\/static.tecnichenuove.it\/areaarch\/2019\/03\/Teatro-Popular-de-Niteroi_f-300x169.jpg 300w, https:\/\/static.tecnichenuove.it\/areaarch\/2019\/03\/Teatro-Popular-de-Niteroi_f-768x433.jpg 768w, https:\/\/static.tecnichenuove.it\/areaarch\/2019\/03\/Teatro-Popular-de-Niteroi_f-696x392.jpg 696w, https:\/\/static.tecnichenuove.it\/areaarch\/2019\/03\/Teatro-Popular-de-Niteroi_f-745x420.jpg 745w\" sizes=\"auto, (max-width: 1024px) 100vw, 1024px\" \/>\n      \t<img decoding=\"async\" src=\"https:\/\/www.area-arch.it\/wp-content\/uploads\/sites\/6\/2019\/03\/17_Teatro-Popular.jpg\" class=\"attachment-post-thumbnail\" \/>\n      \n\t<\/div>\n  \t<div class=\"entry-column\">\n      <h3 class=\"entry-title td-module-title\">Teatro Popular de Niter\u00f3i<\/h3>\n      <div class=\"td-excerpt\">\n            <div id=\"wpcf-field-tipology\" class=\"wpcf-field-select wpcf-field-tipology\"><span class=\"wpcf-field-name wpcf-field-select-name wpcf-field-tipology-name\">tipology:<\/span> <span class=\"wpcf-field-value wpcf-field-select-value wpcf-field-tipology-value\">art studios<\/span><\/div>\n            <div id=\"wpcf-field-architect\" class=\"wpcf-field-single-line wpcf-field-architect\"><span class=\"wpcf-field-name wpcf-field-single-line-name wpcf-field-architect-name\">architect:<\/span> <span class=\"wpcf-field-value wpcf-field-single-line-value wpcf-field-architect-value\">Oscar Niemeyer<\/span><\/div>\n            <div id=\"wpcf-field-realization\" class=\"wpcf-field-number wpcf-field-realization\"><span class=\"wpcf-field-name wpcf-field-number-name wpcf-field-realization-name\">realization:<\/span> <span class=\"wpcf-field-value wpcf-field-number-value wpcf-field-realization-value\">2007<\/span><\/div>\n            Rua Jornalista Rog\u00e9rio Coelho Neto - Campo Grande, Rio de Janeiro, Brasile\n          <\/div>\n  <\/div>\n<\/article>\n          <\/div>\n            <h4><a href=\"#\" onclick=\"cimap();\" class=\"link-marker js-wpv-addon-maps-focus-map js-toolset-maps-hover-map-map-1-marker-marker-68727 js-toolset-maps-open-infowindow-map-map-1-marker-marker-68727\" data-map=\"map-1\" data-marker=\"marker-68727\">17. Teatro Popular de Niter\u00f3i<\/a><\/h4>\n            <div id=\"wpcf-field-tipology\" class=\"wpcf-field-select wpcf-field-tipology\"><span class=\"wpcf-field-name wpcf-field-select-name wpcf-field-tipology-name\">tipology:<\/span> <span class=\"wpcf-field-value wpcf-field-select-value wpcf-field-tipology-value\">art studios<\/span><\/div> | <div id=\"wpcf-field-architect\" class=\"wpcf-field-single-line wpcf-field-architect\"><span class=\"wpcf-field-name wpcf-field-single-line-name wpcf-field-architect-name\">architect:<\/span> <span class=\"wpcf-field-value wpcf-field-single-line-value wpcf-field-architect-value\">Oscar Niemeyer<\/span><\/div> | <div id=\"wpcf-field-realization\" class=\"wpcf-field-number wpcf-field-realization\"><span class=\"wpcf-field-name wpcf-field-number-name wpcf-field-realization-name\">realization:<\/span> <span class=\"wpcf-field-value wpcf-field-number-value wpcf-field-realization-value\">2007<\/span><\/div>\n          <\/li>\n\t\t\n          <li>\n            \n          <div style=\"display:none\" class=\"wpv-addon-maps-marker js-wpv-addon-maps-marker js-wpv-addon-maps-marker-marker-68730 js-wpv-addon-maps-markerfor-map-1\" data-marker=\"marker-68730\" data-markertitle=\"Aqwa Corporate\" data-markerfor=\"map-1\" data-markerlat=\"-22.8951668\" data-markerlon=\"-43.1993052\" data-markericon=\"\/wp-content\/uploads\/sites\/6\/2017\/11\/area_marker_11.png\" data-markericonhover=\"\" data-streetview=\"no\" data-fromview=\"\">\n            <article class=\"marker-itinerario\">\n\t<div class=\"entry-thumbnail\">\n      \n      \n      \t<img loading=\"lazy\" decoding=\"async\" width=\"667\" height=\"1000\" src=\"https:\/\/static.tecnichenuove.it\/areaarch\/2019\/03\/Aqwa-Corporate_f.jpg\" class=\"attachment-post-thumbnail size-post-thumbnail wp-post-image\" alt=\"\" srcset=\"https:\/\/static.tecnichenuove.it\/areaarch\/2019\/03\/Aqwa-Corporate_f.jpg 667w, https:\/\/static.tecnichenuove.it\/areaarch\/2019\/03\/Aqwa-Corporate_f-200x300.jpg 200w, https:\/\/static.tecnichenuove.it\/areaarch\/2019\/03\/Aqwa-Corporate_f-280x420.jpg 280w\" sizes=\"auto, (max-width: 667px) 100vw, 667px\" \/>\n      \t<img decoding=\"async\" src=\"https:\/\/www.area-arch.it\/wp-content\/uploads\/sites\/6\/2019\/03\/Aqwa-Corporate_d.jpg\" class=\"attachment-post-thumbnail\" \/>\n      \n\t<\/div>\n  \t<div class=\"entry-column\">\n      <h3 class=\"entry-title td-module-title\">Aqwa Corporate<\/h3>\n      <div class=\"td-excerpt\">\n            <div id=\"wpcf-field-tipology\" class=\"wpcf-field-select wpcf-field-tipology\"><span class=\"wpcf-field-name wpcf-field-select-name wpcf-field-tipology-name\">tipology:<\/span> <span class=\"wpcf-field-value wpcf-field-select-value wpcf-field-tipology-value\">office<\/span><\/div>\n            <div id=\"wpcf-field-architect\" class=\"wpcf-field-single-line wpcf-field-architect\"><span class=\"wpcf-field-name wpcf-field-single-line-name wpcf-field-architect-name\">architect:<\/span> <span class=\"wpcf-field-value wpcf-field-single-line-value wpcf-field-architect-value\">Foster + Partners<\/span><\/div>\n            <div id=\"wpcf-field-realization\" class=\"wpcf-field-number wpcf-field-realization\"><span class=\"wpcf-field-name wpcf-field-number-name wpcf-field-realization-name\">realization:<\/span> <span class=\"wpcf-field-value wpcf-field-number-value wpcf-field-realization-value\">2017<\/span><\/div>\n            Via Bin\u00e1rio do Porto - S\u00e3o Crist\u00f3v\u00e3o, Rio de Janeiro, Brasile\n          <\/div>\n  <\/div>\n<\/article>\n          <\/div>\n            <h4><a href=\"#\" onclick=\"cimap();\" class=\"link-marker js-wpv-addon-maps-focus-map js-toolset-maps-hover-map-map-1-marker-marker-68730 js-toolset-maps-open-infowindow-map-map-1-marker-marker-68730\" data-map=\"map-1\" data-marker=\"marker-68730\">18. Aqwa Corporate<\/a><\/h4>\n            <div id=\"wpcf-field-tipology\" class=\"wpcf-field-select wpcf-field-tipology\"><span class=\"wpcf-field-name wpcf-field-select-name wpcf-field-tipology-name\">tipology:<\/span> <span class=\"wpcf-field-value wpcf-field-select-value wpcf-field-tipology-value\">office<\/span><\/div> | <div id=\"wpcf-field-architect\" class=\"wpcf-field-single-line wpcf-field-architect\"><span class=\"wpcf-field-name wpcf-field-single-line-name wpcf-field-architect-name\">architect:<\/span> <span class=\"wpcf-field-value wpcf-field-single-line-value wpcf-field-architect-value\">Foster + Partners<\/span><\/div> | <div id=\"wpcf-field-realization\" class=\"wpcf-field-number wpcf-field-realization\"><span class=\"wpcf-field-name wpcf-field-number-name wpcf-field-realization-name\">realization:<\/span> <span class=\"wpcf-field-value wpcf-field-number-value wpcf-field-realization-value\">2017<\/span><\/div>\n          <\/li>\n\t\t\n          <li>\n            \n          <div style=\"display:none\" class=\"wpv-addon-maps-marker js-wpv-addon-maps-marker js-wpv-addon-maps-marker-marker-68734 js-wpv-addon-maps-markerfor-map-1\" data-marker=\"marker-68734\" data-markertitle=\"Museu do Amanh\u00e3\" data-markerfor=\"map-1\" data-markerlat=\"-22.8969818\" data-markerlon=\"-43.1813533\" data-markericon=\"\/wp-content\/uploads\/sites\/6\/2017\/11\/area_marker_10.png\" data-markericonhover=\"\" data-streetview=\"no\" data-fromview=\"\">\n            <article class=\"marker-itinerario\">\n\t<div class=\"entry-thumbnail\">\n      \n      \n      \t<img loading=\"lazy\" decoding=\"async\" width=\"1280\" height=\"924\" src=\"https:\/\/static.tecnichenuove.it\/areaarch\/2019\/03\/Museu-do-Amanh%E2%88%86_f.jpg\" class=\"attachment-post-thumbnail size-post-thumbnail wp-post-image\" alt=\"\" srcset=\"https:\/\/static.tecnichenuove.it\/areaarch\/2019\/03\/Museu-do-Amanh%E2%88%86_f.jpg 1280w, https:\/\/static.tecnichenuove.it\/areaarch\/2019\/03\/Museu-do-Amanh%E2%88%86_f-300x217.jpg 300w, https:\/\/static.tecnichenuove.it\/areaarch\/2019\/03\/Museu-do-Amanh%E2%88%86_f-768x554.jpg 768w, https:\/\/static.tecnichenuove.it\/areaarch\/2019\/03\/Museu-do-Amanh%E2%88%86_f-1024x739.jpg 1024w, https:\/\/static.tecnichenuove.it\/areaarch\/2019\/03\/Museu-do-Amanh%E2%88%86_f-324x235.jpg 324w, https:\/\/static.tecnichenuove.it\/areaarch\/2019\/03\/Museu-do-Amanh%E2%88%86_f-696x502.jpg 696w, https:\/\/static.tecnichenuove.it\/areaarch\/2019\/03\/Museu-do-Amanh%E2%88%86_f-1068x771.jpg 1068w, https:\/\/static.tecnichenuove.it\/areaarch\/2019\/03\/Museu-do-Amanh%E2%88%86_f-582x420.jpg 582w\" sizes=\"auto, (max-width: 1280px) 100vw, 1280px\" \/>\n      \t<img decoding=\"async\" src=\"https:\/\/www.area-arch.it\/wp-content\/uploads\/sites\/6\/2019\/03\/Museu-do-Amanh\u2206_d.jpg\" class=\"attachment-post-thumbnail\" \/>\n      \n\t<\/div>\n  \t<div class=\"entry-column\">\n      <h3 class=\"entry-title td-module-title\">Museu do Amanh\u00e3<\/h3>\n      <div class=\"td-excerpt\">\n            <div id=\"wpcf-field-tipology\" class=\"wpcf-field-select wpcf-field-tipology\"><span class=\"wpcf-field-name wpcf-field-select-name wpcf-field-tipology-name\">tipology:<\/span> <span class=\"wpcf-field-value wpcf-field-select-value wpcf-field-tipology-value\">museum<\/span><\/div>\n            <div id=\"wpcf-field-architect\" class=\"wpcf-field-single-line wpcf-field-architect\"><span class=\"wpcf-field-name wpcf-field-single-line-name wpcf-field-architect-name\">architect:<\/span> <span class=\"wpcf-field-value wpcf-field-single-line-value wpcf-field-architect-value\">Santiago Calatrava<\/span><\/div>\n            <div id=\"wpcf-field-realization\" class=\"wpcf-field-number wpcf-field-realization\"><span class=\"wpcf-field-name wpcf-field-number-name wpcf-field-realization-name\">realization:<\/span> <span class=\"wpcf-field-value wpcf-field-number-value wpcf-field-realization-value\">2015<\/span><\/div>\n            Pra\u00e7a Mau\u00e1, Rio de Janeiro, Brasile\n          <\/div>\n  <\/div>\n<\/article>\n          <\/div>\n            <h4><a href=\"#\" onclick=\"cimap();\" class=\"link-marker js-wpv-addon-maps-focus-map js-toolset-maps-hover-map-map-1-marker-marker-68734 js-toolset-maps-open-infowindow-map-map-1-marker-marker-68734\" data-map=\"map-1\" data-marker=\"marker-68734\">19. Museu do Amanh\u00e3<\/a><\/h4>\n            <div id=\"wpcf-field-tipology\" class=\"wpcf-field-select wpcf-field-tipology\"><span class=\"wpcf-field-name wpcf-field-select-name wpcf-field-tipology-name\">tipology:<\/span> <span class=\"wpcf-field-value wpcf-field-select-value wpcf-field-tipology-value\">museum<\/span><\/div> | <div id=\"wpcf-field-architect\" class=\"wpcf-field-single-line wpcf-field-architect\"><span class=\"wpcf-field-name wpcf-field-single-line-name wpcf-field-architect-name\">architect:<\/span> <span class=\"wpcf-field-value wpcf-field-single-line-value wpcf-field-architect-value\">Santiago Calatrava<\/span><\/div> | <div id=\"wpcf-field-realization\" class=\"wpcf-field-number wpcf-field-realization\"><span class=\"wpcf-field-name wpcf-field-number-name wpcf-field-realization-name\">realization:<\/span> <span class=\"wpcf-field-value wpcf-field-number-value wpcf-field-realization-value\">2015<\/span><\/div>\n          <\/li>\n\t\t\n          <li>\n            \n          <div style=\"display:none\" class=\"wpv-addon-maps-marker js-wpv-addon-maps-marker js-wpv-addon-maps-marker-marker-68737 js-wpv-addon-maps-markerfor-map-1\" data-marker=\"marker-68737\" data-markertitle=\"Luiz Paulo Conde Waterfront Promenade\" data-markerfor=\"map-1\" data-markerlat=\"-22.8969818\" data-markerlon=\"-43.1813533\" data-markericon=\"\/wp-content\/uploads\/sites\/6\/2017\/11\/area_marker_12.png\" data-markericonhover=\"\" data-streetview=\"no\" data-fromview=\"\">\n            <article class=\"marker-itinerario\">\n\t<div class=\"entry-thumbnail\">\n      \n      \n      \t<img loading=\"lazy\" decoding=\"async\" width=\"1280\" height=\"720\" src=\"https:\/\/static.tecnichenuove.it\/areaarch\/2019\/03\/Luiz-Paulo-Conde-Waterfront-Promenade_f2.jpg\" class=\"attachment-post-thumbnail size-post-thumbnail wp-post-image\" alt=\"\" srcset=\"https:\/\/static.tecnichenuove.it\/areaarch\/2019\/03\/Luiz-Paulo-Conde-Waterfront-Promenade_f2.jpg 1280w, https:\/\/static.tecnichenuove.it\/areaarch\/2019\/03\/Luiz-Paulo-Conde-Waterfront-Promenade_f2-300x169.jpg 300w, https:\/\/static.tecnichenuove.it\/areaarch\/2019\/03\/Luiz-Paulo-Conde-Waterfront-Promenade_f2-768x432.jpg 768w, https:\/\/static.tecnichenuove.it\/areaarch\/2019\/03\/Luiz-Paulo-Conde-Waterfront-Promenade_f2-1024x576.jpg 1024w, https:\/\/static.tecnichenuove.it\/areaarch\/2019\/03\/Luiz-Paulo-Conde-Waterfront-Promenade_f2-696x392.jpg 696w, https:\/\/static.tecnichenuove.it\/areaarch\/2019\/03\/Luiz-Paulo-Conde-Waterfront-Promenade_f2-1068x601.jpg 1068w, https:\/\/static.tecnichenuove.it\/areaarch\/2019\/03\/Luiz-Paulo-Conde-Waterfront-Promenade_f2-747x420.jpg 747w\" sizes=\"auto, (max-width: 1280px) 100vw, 1280px\" \/>\n      \t<img decoding=\"async\" src=\"https:\/\/www.area-arch.it\/wp-content\/uploads\/sites\/6\/2019\/03\/Luiz-Paulo-Conde-Waterfront-Promenade_d.jpg\" class=\"attachment-post-thumbnail\" \/>\n      \n\t<\/div>\n  \t<div class=\"entry-column\">\n      <h3 class=\"entry-title td-module-title\">Luiz Paulo Conde Waterfront Promenade<\/h3>\n      <div class=\"td-excerpt\">\n            <div id=\"wpcf-field-tipology\" class=\"wpcf-field-select wpcf-field-tipology\"><span class=\"wpcf-field-name wpcf-field-select-name wpcf-field-tipology-name\">tipology:<\/span> <span class=\"wpcf-field-value wpcf-field-select-value wpcf-field-tipology-value\">public<\/span><\/div>\n            <div id=\"wpcf-field-architect\" class=\"wpcf-field-single-line wpcf-field-architect\"><span class=\"wpcf-field-name wpcf-field-single-line-name wpcf-field-architect-name\">architect:<\/span> <span class=\"wpcf-field-value wpcf-field-single-line-value wpcf-field-architect-value\">B+ABR Backheuser e Riera Arquitetura<\/span><\/div>\n            <div id=\"wpcf-field-realization\" class=\"wpcf-field-number wpcf-field-realization\"><span class=\"wpcf-field-name wpcf-field-number-name wpcf-field-realization-name\">realization:<\/span> <span class=\"wpcf-field-value wpcf-field-number-value wpcf-field-realization-value\">2016<\/span><\/div>\n            Pra\u00e7a Mau\u00e1, Rio de Janeiro, Brasile\n          <\/div>\n  <\/div>\n<\/article>\n          <\/div>\n            <h4><a href=\"#\" onclick=\"cimap();\" class=\"link-marker js-wpv-addon-maps-focus-map js-toolset-maps-hover-map-map-1-marker-marker-68737 js-toolset-maps-open-infowindow-map-map-1-marker-marker-68737\" data-map=\"map-1\" data-marker=\"marker-68737\">20. Luiz Paulo Conde Waterfront Promenade<\/a><\/h4>\n            <div id=\"wpcf-field-tipology\" class=\"wpcf-field-select wpcf-field-tipology\"><span class=\"wpcf-field-name wpcf-field-select-name wpcf-field-tipology-name\">tipology:<\/span> <span class=\"wpcf-field-value wpcf-field-select-value wpcf-field-tipology-value\">public<\/span><\/div> | <div id=\"wpcf-field-architect\" class=\"wpcf-field-single-line wpcf-field-architect\"><span class=\"wpcf-field-name wpcf-field-single-line-name wpcf-field-architect-name\">architect:<\/span> <span class=\"wpcf-field-value wpcf-field-single-line-value wpcf-field-architect-value\">B+ABR Backheuser e Riera Arquitetura<\/span><\/div> | <div id=\"wpcf-field-realization\" class=\"wpcf-field-number wpcf-field-realization\"><span class=\"wpcf-field-name wpcf-field-number-name wpcf-field-realization-name\">realization:<\/span> <span class=\"wpcf-field-value wpcf-field-number-value wpcf-field-realization-value\">2016<\/span><\/div>\n          <\/li>\n\t\t\n          <li>\n            \n          <div style=\"display:none\" class=\"wpv-addon-maps-marker js-wpv-addon-maps-marker js-wpv-addon-maps-marker-marker-68741 js-wpv-addon-maps-markerfor-map-1\" data-marker=\"marker-68741\" data-markertitle=\"MAR &#8211; Museo de arte do Rio\" data-markerfor=\"map-1\" data-markerlat=\"-22.8969818\" data-markerlon=\"-43.1813533\" data-markericon=\"\/wp-content\/uploads\/sites\/6\/2017\/11\/area_marker_10.png\" data-markericonhover=\"\" data-streetview=\"no\" data-fromview=\"\">\n            <article class=\"marker-itinerario\">\n\t<div class=\"entry-thumbnail\">\n      \n      \n      \t<img loading=\"lazy\" decoding=\"async\" width=\"1000\" height=\"488\" src=\"https:\/\/static.tecnichenuove.it\/areaarch\/2019\/03\/MAR_f.jpg\" class=\"attachment-post-thumbnail size-post-thumbnail wp-post-image\" alt=\"\" srcset=\"https:\/\/static.tecnichenuove.it\/areaarch\/2019\/03\/MAR_f.jpg 1000w, https:\/\/static.tecnichenuove.it\/areaarch\/2019\/03\/MAR_f-300x146.jpg 300w, https:\/\/static.tecnichenuove.it\/areaarch\/2019\/03\/MAR_f-768x375.jpg 768w, https:\/\/static.tecnichenuove.it\/areaarch\/2019\/03\/MAR_f-533x261.jpg 533w, https:\/\/static.tecnichenuove.it\/areaarch\/2019\/03\/MAR_f-696x340.jpg 696w, https:\/\/static.tecnichenuove.it\/areaarch\/2019\/03\/MAR_f-861x420.jpg 861w\" sizes=\"auto, (max-width: 1000px) 100vw, 1000px\" \/>\n      \t<img decoding=\"async\" src=\"https:\/\/www.area-arch.it\/wp-content\/uploads\/sites\/6\/2019\/03\/MAR_d.jpg\" class=\"attachment-post-thumbnail\" \/>\n      \n\t<\/div>\n  \t<div class=\"entry-column\">\n      <h3 class=\"entry-title td-module-title\">MAR &#8211; Museo de arte do Rio<\/h3>\n      <div class=\"td-excerpt\">\n            <div id=\"wpcf-field-tipology\" class=\"wpcf-field-select wpcf-field-tipology\"><span class=\"wpcf-field-name wpcf-field-select-name wpcf-field-tipology-name\">tipology:<\/span> <span class=\"wpcf-field-value wpcf-field-select-value wpcf-field-tipology-value\">museum<\/span><\/div>\n            <div id=\"wpcf-field-architect\" class=\"wpcf-field-single-line wpcf-field-architect\"><span class=\"wpcf-field-name wpcf-field-single-line-name wpcf-field-architect-name\">architect:<\/span> <span class=\"wpcf-field-value wpcf-field-single-line-value wpcf-field-architect-value\">Bernardes Arquitetura, Jacobsen Arquitetura<\/span><\/div>\n            <div id=\"wpcf-field-realization\" class=\"wpcf-field-number wpcf-field-realization\"><span class=\"wpcf-field-name wpcf-field-number-name wpcf-field-realization-name\">realization:<\/span> <span class=\"wpcf-field-value wpcf-field-number-value wpcf-field-realization-value\">2013<\/span><\/div>\n            Pra\u00e7a Mau\u00e1, Rio de Janeiro, Brasile\n          <\/div>\n  <\/div>\n<\/article>\n          <\/div>\n            <h4><a href=\"#\" onclick=\"cimap();\" class=\"link-marker js-wpv-addon-maps-focus-map js-toolset-maps-hover-map-map-1-marker-marker-68741 js-toolset-maps-open-infowindow-map-map-1-marker-marker-68741\" data-map=\"map-1\" data-marker=\"marker-68741\">21. MAR &#8211; Museo de arte do Rio<\/a><\/h4>\n            <div id=\"wpcf-field-tipology\" class=\"wpcf-field-select wpcf-field-tipology\"><span class=\"wpcf-field-name wpcf-field-select-name wpcf-field-tipology-name\">tipology:<\/span> <span class=\"wpcf-field-value wpcf-field-select-value wpcf-field-tipology-value\">museum<\/span><\/div> | <div id=\"wpcf-field-architect\" class=\"wpcf-field-single-line wpcf-field-architect\"><span class=\"wpcf-field-name wpcf-field-single-line-name wpcf-field-architect-name\">architect:<\/span> <span class=\"wpcf-field-value wpcf-field-single-line-value wpcf-field-architect-value\">Bernardes Arquitetura, Jacobsen Arquitetura<\/span><\/div> | <div id=\"wpcf-field-realization\" class=\"wpcf-field-number wpcf-field-realization\"><span class=\"wpcf-field-name wpcf-field-number-name wpcf-field-realization-name\">realization:<\/span> <span class=\"wpcf-field-value wpcf-field-number-value wpcf-field-realization-value\">2013<\/span><\/div>\n          <\/li>\n\t\t\n          <li>\n            \n          <div style=\"display:none\" class=\"wpv-addon-maps-marker js-wpv-addon-maps-marker js-wpv-addon-maps-marker-marker-68744 js-wpv-addon-maps-markerfor-map-1\" data-marker=\"marker-68744\" data-markertitle=\"RB12\" data-markerfor=\"map-1\" data-markerlat=\"-22.9063619\" data-markerlon=\"-43.1771852\" data-markericon=\"\/wp-content\/uploads\/sites\/6\/2017\/11\/area_marker_11.png\" data-markericonhover=\"\" data-streetview=\"no\" data-fromview=\"\">\n            <article class=\"marker-itinerario\">\n\t<div class=\"entry-thumbnail\">\n      \n      \n      \t<img loading=\"lazy\" decoding=\"async\" width=\"783\" height=\"1280\" src=\"https:\/\/static.tecnichenuove.it\/areaarch\/2019\/03\/RB12_f.jpg\" class=\"attachment-post-thumbnail size-post-thumbnail wp-post-image\" alt=\"\" srcset=\"https:\/\/static.tecnichenuove.it\/areaarch\/2019\/03\/RB12_f.jpg 783w, https:\/\/static.tecnichenuove.it\/areaarch\/2019\/03\/RB12_f-184x300.jpg 184w, https:\/\/static.tecnichenuove.it\/areaarch\/2019\/03\/RB12_f-768x1255.jpg 768w, https:\/\/static.tecnichenuove.it\/areaarch\/2019\/03\/RB12_f-626x1024.jpg 626w, https:\/\/static.tecnichenuove.it\/areaarch\/2019\/03\/RB12_f-696x1138.jpg 696w, https:\/\/static.tecnichenuove.it\/areaarch\/2019\/03\/RB12_f-257x420.jpg 257w\" sizes=\"auto, (max-width: 783px) 100vw, 783px\" \/>\n      \t<img decoding=\"async\" src=\"https:\/\/www.area-arch.it\/wp-content\/uploads\/sites\/6\/2019\/03\/RB12_d.jpg\" class=\"attachment-post-thumbnail\" \/>\n      \n\t<\/div>\n  \t<div class=\"entry-column\">\n      <h3 class=\"entry-title td-module-title\">RB12<\/h3>\n      <div class=\"td-excerpt\">\n            <div id=\"wpcf-field-tipology\" class=\"wpcf-field-select wpcf-field-tipology\"><span class=\"wpcf-field-name wpcf-field-select-name wpcf-field-tipology-name\">tipology:<\/span> <span class=\"wpcf-field-value wpcf-field-select-value wpcf-field-tipology-value\">office<\/span><\/div>\n            <div id=\"wpcf-field-architect\" class=\"wpcf-field-single-line wpcf-field-architect\"><span class=\"wpcf-field-name wpcf-field-single-line-name wpcf-field-architect-name\">architect:<\/span> <span class=\"wpcf-field-value wpcf-field-single-line-value wpcf-field-architect-value\">Triptyque Architecture<\/span><\/div>\n            <div id=\"wpcf-field-realization\" class=\"wpcf-field-number wpcf-field-realization\"><span class=\"wpcf-field-name wpcf-field-number-name wpcf-field-realization-name\">realization:<\/span> <span class=\"wpcf-field-value wpcf-field-number-value wpcf-field-realization-value\">2015<\/span><\/div>\n            Avenida Rio Branco - Centro, Rio de Janeiro, Brasile\n          <\/div>\n  <\/div>\n<\/article>\n          <\/div>\n            <h4><a href=\"#\" onclick=\"cimap();\" class=\"link-marker js-wpv-addon-maps-focus-map js-toolset-maps-hover-map-map-1-marker-marker-68744 js-toolset-maps-open-infowindow-map-map-1-marker-marker-68744\" data-map=\"map-1\" data-marker=\"marker-68744\">22. RB12<\/a><\/h4>\n            <div id=\"wpcf-field-tipology\" class=\"wpcf-field-select wpcf-field-tipology\"><span class=\"wpcf-field-name wpcf-field-select-name wpcf-field-tipology-name\">tipology:<\/span> <span class=\"wpcf-field-value wpcf-field-select-value wpcf-field-tipology-value\">office<\/span><\/div> | <div id=\"wpcf-field-architect\" class=\"wpcf-field-single-line wpcf-field-architect\"><span class=\"wpcf-field-name wpcf-field-single-line-name wpcf-field-architect-name\">architect:<\/span> <span class=\"wpcf-field-value wpcf-field-single-line-value wpcf-field-architect-value\">Triptyque Architecture<\/span><\/div> | <div id=\"wpcf-field-realization\" class=\"wpcf-field-number wpcf-field-realization\"><span class=\"wpcf-field-name wpcf-field-number-name wpcf-field-realization-name\">realization:<\/span> <span class=\"wpcf-field-value wpcf-field-number-value wpcf-field-realization-value\">2015<\/span><\/div>\n          <\/li>\n\t\t\n          <li>\n            \n          <div style=\"display:none\" class=\"wpv-addon-maps-marker js-wpv-addon-maps-marker js-wpv-addon-maps-marker-marker-68748 js-wpv-addon-maps-markerfor-map-1\" data-marker=\"marker-68748\" data-markertitle=\"Banco Boavista\" data-markerfor=\"map-1\" data-markerlat=\"-22.9004187\" data-markerlon=\"-43.1780289\" data-markericon=\"\/wp-content\/uploads\/sites\/6\/2017\/11\/area_marker_11.png\" data-markericonhover=\"\" data-streetview=\"no\" data-fromview=\"\">\n            <article class=\"marker-itinerario\">\n\t<div class=\"entry-thumbnail\">\n      \n      \t<img loading=\"lazy\" decoding=\"async\" width=\"148\" height=\"300\" src=\"https:\/\/static.tecnichenuove.it\/areaarch\/2019\/03\/banco-boavista_f-148x300.jpg\" class=\"attachment-medium size-medium wp-post-image\" alt=\"\" srcset=\"https:\/\/static.tecnichenuove.it\/areaarch\/2019\/03\/banco-boavista_f-148x300.jpg 148w, https:\/\/static.tecnichenuove.it\/areaarch\/2019\/03\/banco-boavista_f-504x1024.jpg 504w, https:\/\/static.tecnichenuove.it\/areaarch\/2019\/03\/banco-boavista_f-207x420.jpg 207w, https:\/\/static.tecnichenuove.it\/areaarch\/2019\/03\/banco-boavista_f.jpg 630w\" sizes=\"auto, (max-width: 148px) 100vw, 148px\" \/>\n      \n      \n\t<\/div>\n  \t<div class=\"entry-column\">\n      <h3 class=\"entry-title td-module-title\">Banco Boavista<\/h3>\n      <div class=\"td-excerpt\">\n            <div id=\"wpcf-field-tipology\" class=\"wpcf-field-select wpcf-field-tipology\"><span class=\"wpcf-field-name wpcf-field-select-name wpcf-field-tipology-name\">tipology:<\/span> <span class=\"wpcf-field-value wpcf-field-select-value wpcf-field-tipology-value\">office<\/span><\/div>\n            <div id=\"wpcf-field-architect\" class=\"wpcf-field-single-line wpcf-field-architect\"><span class=\"wpcf-field-name wpcf-field-single-line-name wpcf-field-architect-name\">architect:<\/span> <span class=\"wpcf-field-value wpcf-field-single-line-value wpcf-field-architect-value\">Oscar Niemeyer<\/span><\/div>\n            <div id=\"wpcf-field-realization\" class=\"wpcf-field-number wpcf-field-realization\"><span class=\"wpcf-field-name wpcf-field-number-name wpcf-field-realization-name\">realization:<\/span> <span class=\"wpcf-field-value wpcf-field-number-value wpcf-field-realization-value\">1946<\/span><\/div>\n            Pra\u00e7a Pio X, Rio de Janeiro, Brasile\n          <\/div>\n  <\/div>\n<\/article>\n          <\/div>\n            <h4><a href=\"#\" onclick=\"cimap();\" class=\"link-marker js-wpv-addon-maps-focus-map js-toolset-maps-hover-map-map-1-marker-marker-68748 js-toolset-maps-open-infowindow-map-map-1-marker-marker-68748\" data-map=\"map-1\" data-marker=\"marker-68748\">23. Banco Boavista<\/a><\/h4>\n            <div id=\"wpcf-field-tipology\" class=\"wpcf-field-select wpcf-field-tipology\"><span class=\"wpcf-field-name wpcf-field-select-name wpcf-field-tipology-name\">tipology:<\/span> <span class=\"wpcf-field-value wpcf-field-select-value wpcf-field-tipology-value\">office<\/span><\/div> | <div id=\"wpcf-field-architect\" class=\"wpcf-field-single-line wpcf-field-architect\"><span class=\"wpcf-field-name wpcf-field-single-line-name wpcf-field-architect-name\">architect:<\/span> <span class=\"wpcf-field-value wpcf-field-single-line-value wpcf-field-architect-value\">Oscar Niemeyer<\/span><\/div> | <div id=\"wpcf-field-realization\" class=\"wpcf-field-number wpcf-field-realization\"><span class=\"wpcf-field-name wpcf-field-number-name wpcf-field-realization-name\">realization:<\/span> <span class=\"wpcf-field-value wpcf-field-number-value wpcf-field-realization-value\">1946<\/span><\/div>\n          <\/li>\n\t\t\n          <li>\n            \n          <div style=\"display:none\" class=\"wpv-addon-maps-marker js-wpv-addon-maps-marker js-wpv-addon-maps-marker-marker-68751 js-wpv-addon-maps-markerfor-map-1\" data-marker=\"marker-68751\" data-markertitle=\"Banco Alian\u00e7a\" data-markerfor=\"map-1\" data-markerlat=\"-22.9004187\" data-markerlon=\"-43.1780289\" data-markericon=\"\/wp-content\/uploads\/sites\/6\/2017\/11\/area_marker_11.png\" data-markericonhover=\"\" data-streetview=\"no\" data-fromview=\"\">\n            <article class=\"marker-itinerario\">\n\t<div class=\"entry-thumbnail\">\n      \n      \t<img loading=\"lazy\" decoding=\"async\" width=\"134\" height=\"300\" src=\"https:\/\/static.tecnichenuove.it\/areaarch\/2019\/03\/Banco-Aliana%CC%81a_f-134x300.jpg\" class=\"attachment-medium size-medium wp-post-image\" alt=\"\" srcset=\"https:\/\/static.tecnichenuove.it\/areaarch\/2019\/03\/Banco-Aliana%CC%81a_f-134x300.jpg 134w, https:\/\/static.tecnichenuove.it\/areaarch\/2019\/03\/Banco-Aliana%CC%81a_f.jpg 459w, https:\/\/static.tecnichenuove.it\/areaarch\/2019\/03\/Banco-Aliana%CC%81a_f-188x420.jpg 188w\" sizes=\"auto, (max-width: 134px) 100vw, 134px\" \/>\n      \n      \n\t<\/div>\n  \t<div class=\"entry-column\">\n      <h3 class=\"entry-title td-module-title\">Banco Alian\u00e7a<\/h3>\n      <div class=\"td-excerpt\">\n            <div id=\"wpcf-field-tipology\" class=\"wpcf-field-select wpcf-field-tipology\"><span class=\"wpcf-field-name wpcf-field-select-name wpcf-field-tipology-name\">tipology:<\/span> <span class=\"wpcf-field-value wpcf-field-select-value wpcf-field-tipology-value\">office<\/span><\/div>\n            <div id=\"wpcf-field-architect\" class=\"wpcf-field-single-line wpcf-field-architect\"><span class=\"wpcf-field-name wpcf-field-single-line-name wpcf-field-architect-name\">architect:<\/span> <span class=\"wpcf-field-value wpcf-field-single-line-value wpcf-field-architect-value\">Lucio Costa<\/span><\/div>\n            <div id=\"wpcf-field-realization\" class=\"wpcf-field-number wpcf-field-realization\"><span class=\"wpcf-field-name wpcf-field-number-name wpcf-field-realization-name\">realization:<\/span> <span class=\"wpcf-field-value wpcf-field-number-value wpcf-field-realization-value\">1956<\/span><\/div>\n            Pra\u00e7a Pio X, Rio de Janeiro, Brasile\n          <\/div>\n  <\/div>\n<\/article>\n          <\/div>\n            <h4><a href=\"#\" onclick=\"cimap();\" class=\"link-marker js-wpv-addon-maps-focus-map js-toolset-maps-hover-map-map-1-marker-marker-68751 js-toolset-maps-open-infowindow-map-map-1-marker-marker-68751\" data-map=\"map-1\" data-marker=\"marker-68751\">24. Banco Alian\u00e7a<\/a><\/h4>\n            <div id=\"wpcf-field-tipology\" class=\"wpcf-field-select wpcf-field-tipology\"><span class=\"wpcf-field-name wpcf-field-select-name wpcf-field-tipology-name\">tipology:<\/span> <span class=\"wpcf-field-value wpcf-field-select-value wpcf-field-tipology-value\">office<\/span><\/div> | <div id=\"wpcf-field-architect\" class=\"wpcf-field-single-line wpcf-field-architect\"><span class=\"wpcf-field-name wpcf-field-single-line-name wpcf-field-architect-name\">architect:<\/span> <span class=\"wpcf-field-value wpcf-field-single-line-value wpcf-field-architect-value\">Lucio Costa<\/span><\/div> | <div id=\"wpcf-field-realization\" class=\"wpcf-field-number wpcf-field-realization\"><span class=\"wpcf-field-name wpcf-field-number-name wpcf-field-realization-name\">realization:<\/span> <span class=\"wpcf-field-value wpcf-field-number-value wpcf-field-realization-value\">1956<\/span><\/div>\n          <\/li>\n\t\t\n          <li>\n            \n          <div style=\"display:none\" class=\"wpv-addon-maps-marker js-wpv-addon-maps-marker js-wpv-addon-maps-marker-marker-68755 js-wpv-addon-maps-markerfor-map-1\" data-marker=\"marker-68755\" data-markertitle=\"Citybank\" data-markerfor=\"map-1\" data-markerlat=\"-22.905164\" data-markerlon=\"-43.1764478\" data-markericon=\"\/wp-content\/uploads\/sites\/6\/2017\/11\/area_marker_11.png\" data-markericonhover=\"\" data-streetview=\"no\" data-fromview=\"\">\n            <article class=\"marker-itinerario\">\n\t<div class=\"entry-thumbnail\">\n      \n      \t<img loading=\"lazy\" decoding=\"async\" width=\"139\" height=\"300\" src=\"https:\/\/static.tecnichenuove.it\/areaarch\/2019\/03\/citybank_f-139x300.jpg\" class=\"attachment-medium size-medium wp-post-image\" alt=\"\" srcset=\"https:\/\/static.tecnichenuove.it\/areaarch\/2019\/03\/citybank_f-139x300.jpg 139w, https:\/\/static.tecnichenuove.it\/areaarch\/2019\/03\/citybank_f-474x1024.jpg 474w, https:\/\/static.tecnichenuove.it\/areaarch\/2019\/03\/citybank_f-195x420.jpg 195w, https:\/\/static.tecnichenuove.it\/areaarch\/2019\/03\/citybank_f.jpg 593w\" sizes=\"auto, (max-width: 139px) 100vw, 139px\" \/>\n      \n      \n\t<\/div>\n  \t<div class=\"entry-column\">\n      <h3 class=\"entry-title td-module-title\">Citybank<\/h3>\n      <div class=\"td-excerpt\">\n            <div id=\"wpcf-field-tipology\" class=\"wpcf-field-select wpcf-field-tipology\"><span class=\"wpcf-field-name wpcf-field-select-name wpcf-field-tipology-name\">tipology:<\/span> <span class=\"wpcf-field-value wpcf-field-select-value wpcf-field-tipology-value\">office<\/span><\/div>\n            <div id=\"wpcf-field-architect\" class=\"wpcf-field-single-line wpcf-field-architect\"><span class=\"wpcf-field-name wpcf-field-single-line-name wpcf-field-architect-name\">architect:<\/span> <span class=\"wpcf-field-value wpcf-field-single-line-value wpcf-field-architect-value\">Pontual Arquitetura<\/span><\/div>\n            <div id=\"wpcf-field-realization\" class=\"wpcf-field-number wpcf-field-realization\"><span class=\"wpcf-field-name wpcf-field-number-name wpcf-field-realization-name\">realization:<\/span> <span class=\"wpcf-field-value wpcf-field-number-value wpcf-field-realization-value\">1982<\/span><\/div>\n            Rua da Assembl\u00e9ia, Rio de Janeiro, Brasile\n          <\/div>\n  <\/div>\n<\/article>\n          <\/div>\n            <h4><a href=\"#\" onclick=\"cimap();\" class=\"link-marker js-wpv-addon-maps-focus-map js-toolset-maps-hover-map-map-1-marker-marker-68755 js-toolset-maps-open-infowindow-map-map-1-marker-marker-68755\" data-map=\"map-1\" data-marker=\"marker-68755\">25. Citybank<\/a><\/h4>\n            <div id=\"wpcf-field-tipology\" class=\"wpcf-field-select wpcf-field-tipology\"><span class=\"wpcf-field-name wpcf-field-select-name wpcf-field-tipology-name\">tipology:<\/span> <span class=\"wpcf-field-value wpcf-field-select-value wpcf-field-tipology-value\">office<\/span><\/div> | <div id=\"wpcf-field-architect\" class=\"wpcf-field-single-line wpcf-field-architect\"><span class=\"wpcf-field-name wpcf-field-single-line-name wpcf-field-architect-name\">architect:<\/span> <span class=\"wpcf-field-value wpcf-field-single-line-value wpcf-field-architect-value\">Pontual Arquitetura<\/span><\/div> | <div id=\"wpcf-field-realization\" class=\"wpcf-field-number wpcf-field-realization\"><span class=\"wpcf-field-name wpcf-field-number-name wpcf-field-realization-name\">realization:<\/span> <span class=\"wpcf-field-value wpcf-field-number-value wpcf-field-realization-value\">1982<\/span><\/div>\n          <\/li>\n\t\t\n          <li>\n            \n          <div style=\"display:none\" class=\"wpv-addon-maps-marker js-wpv-addon-maps-marker js-wpv-addon-maps-marker-marker-68757 js-wpv-addon-maps-markerfor-map-1\" data-marker=\"marker-68757\" data-markertitle=\"Jockey Club do Brasil\" data-markerfor=\"map-1\" data-markerlat=\"-22.9082126\" data-markerlon=\"-43.17262\" data-markericon=\"\/wp-content\/uploads\/sites\/6\/2017\/11\/area_marker_11.png\" data-markericonhover=\"\" data-streetview=\"no\" data-fromview=\"\">\n            <article class=\"marker-itinerario\">\n\t<div class=\"entry-thumbnail\">\n      \n      \n      \t<img loading=\"lazy\" decoding=\"async\" width=\"1280\" height=\"1082\" src=\"https:\/\/static.tecnichenuove.it\/areaarch\/2019\/03\/JOCKEY-CLUB-DO-BRASIL_f.jpg\" class=\"attachment-post-thumbnail size-post-thumbnail wp-post-image\" alt=\"\" srcset=\"https:\/\/static.tecnichenuove.it\/areaarch\/2019\/03\/JOCKEY-CLUB-DO-BRASIL_f.jpg 1280w, https:\/\/static.tecnichenuove.it\/areaarch\/2019\/03\/JOCKEY-CLUB-DO-BRASIL_f-300x254.jpg 300w, https:\/\/static.tecnichenuove.it\/areaarch\/2019\/03\/JOCKEY-CLUB-DO-BRASIL_f-768x649.jpg 768w, https:\/\/static.tecnichenuove.it\/areaarch\/2019\/03\/JOCKEY-CLUB-DO-BRASIL_f-1024x866.jpg 1024w, https:\/\/static.tecnichenuove.it\/areaarch\/2019\/03\/JOCKEY-CLUB-DO-BRASIL_f-696x588.jpg 696w, https:\/\/static.tecnichenuove.it\/areaarch\/2019\/03\/JOCKEY-CLUB-DO-BRASIL_f-1068x903.jpg 1068w, https:\/\/static.tecnichenuove.it\/areaarch\/2019\/03\/JOCKEY-CLUB-DO-BRASIL_f-497x420.jpg 497w\" sizes=\"auto, (max-width: 1280px) 100vw, 1280px\" \/>\n      \t<img decoding=\"async\" src=\"https:\/\/www.area-arch.it\/wp-content\/uploads\/sites\/6\/2019\/03\/26_Jockey.jpg\" class=\"attachment-post-thumbnail\" \/>\n      \n\t<\/div>\n  \t<div class=\"entry-column\">\n      <h3 class=\"entry-title td-module-title\">Jockey Club do Brasil<\/h3>\n      <div class=\"td-excerpt\">\n            <div id=\"wpcf-field-tipology\" class=\"wpcf-field-select wpcf-field-tipology\"><span class=\"wpcf-field-name wpcf-field-select-name wpcf-field-tipology-name\">tipology:<\/span> <span class=\"wpcf-field-value wpcf-field-select-value wpcf-field-tipology-value\">office<\/span><\/div>\n            <div id=\"wpcf-field-architect\" class=\"wpcf-field-single-line wpcf-field-architect\"><span class=\"wpcf-field-name wpcf-field-single-line-name wpcf-field-architect-name\">architect:<\/span> <span class=\"wpcf-field-value wpcf-field-single-line-value wpcf-field-architect-value\">Lucio Costa<\/span><\/div>\n            <div id=\"wpcf-field-realization\" class=\"wpcf-field-number wpcf-field-realization\"><span class=\"wpcf-field-name wpcf-field-number-name wpcf-field-realization-name\">realization:<\/span> <span class=\"wpcf-field-value wpcf-field-number-value wpcf-field-realization-value\">1956<\/span><\/div>\n            Avenida Presidente Ant\u00f4nio Carlos - Centro, Rio de Janeiro, Brasile\n          <\/div>\n  <\/div>\n<\/article>\n          <\/div>\n            <h4><a href=\"#\" onclick=\"cimap();\" class=\"link-marker js-wpv-addon-maps-focus-map js-toolset-maps-hover-map-map-1-marker-marker-68757 js-toolset-maps-open-infowindow-map-map-1-marker-marker-68757\" data-map=\"map-1\" data-marker=\"marker-68757\">26. Jockey Club do Brasil<\/a><\/h4>\n            <div id=\"wpcf-field-tipology\" class=\"wpcf-field-select wpcf-field-tipology\"><span class=\"wpcf-field-name wpcf-field-select-name wpcf-field-tipology-name\">tipology:<\/span> <span class=\"wpcf-field-value wpcf-field-select-value wpcf-field-tipology-value\">office<\/span><\/div> | <div id=\"wpcf-field-architect\" class=\"wpcf-field-single-line wpcf-field-architect\"><span class=\"wpcf-field-name wpcf-field-single-line-name wpcf-field-architect-name\">architect:<\/span> <span class=\"wpcf-field-value wpcf-field-single-line-value wpcf-field-architect-value\">Lucio Costa<\/span><\/div> | <div id=\"wpcf-field-realization\" class=\"wpcf-field-number wpcf-field-realization\"><span class=\"wpcf-field-name wpcf-field-number-name wpcf-field-realization-name\">realization:<\/span> <span class=\"wpcf-field-value wpcf-field-number-value wpcf-field-realization-value\">1956<\/span><\/div>\n          <\/li>\n\t\t\n          <li>\n            \n          <div style=\"display:none\" class=\"wpv-addon-maps-marker js-wpv-addon-maps-marker js-wpv-addon-maps-marker-marker-68760 js-wpv-addon-maps-markerfor-map-1\" data-marker=\"marker-68760\" data-markertitle=\"Torre Almirante\" data-markerfor=\"map-1\" data-markerlat=\"-22.9076303\" data-markerlon=\"-43.1757039\" data-markericon=\"\/wp-content\/uploads\/sites\/6\/2017\/11\/area_marker_11.png\" data-markericonhover=\"\" data-streetview=\"no\" data-fromview=\"\">\n            <article class=\"marker-itinerario\">\n\t<div class=\"entry-thumbnail\">\n      \n      \t<img loading=\"lazy\" decoding=\"async\" width=\"270\" height=\"300\" src=\"https:\/\/static.tecnichenuove.it\/areaarch\/2019\/03\/27-Torre-Almirante-270x300.jpg\" class=\"attachment-medium size-medium wp-post-image\" alt=\"\" srcset=\"https:\/\/static.tecnichenuove.it\/areaarch\/2019\/03\/27-Torre-Almirante-270x300.jpg 270w, https:\/\/static.tecnichenuove.it\/areaarch\/2019\/03\/27-Torre-Almirante-378x420.jpg 378w, https:\/\/static.tecnichenuove.it\/areaarch\/2019\/03\/27-Torre-Almirante.jpg 670w\" sizes=\"auto, (max-width: 270px) 100vw, 270px\" \/>\n      \n      \n\t<\/div>\n  \t<div class=\"entry-column\">\n      <h3 class=\"entry-title td-module-title\">Torre Almirante<\/h3>\n      <div class=\"td-excerpt\">\n            <div id=\"wpcf-field-tipology\" class=\"wpcf-field-select wpcf-field-tipology\"><span class=\"wpcf-field-name wpcf-field-select-name wpcf-field-tipology-name\">tipology:<\/span> <span class=\"wpcf-field-value wpcf-field-select-value wpcf-field-tipology-value\">office<\/span><\/div>\n            <div id=\"wpcf-field-architect\" class=\"wpcf-field-single-line wpcf-field-architect\"><span class=\"wpcf-field-name wpcf-field-single-line-name wpcf-field-architect-name\">architect:<\/span> <span class=\"wpcf-field-value wpcf-field-single-line-value wpcf-field-architect-value\">Pontual Arquitetura, Robert Stern Architects<\/span><\/div>\n            <div id=\"wpcf-field-realization\" class=\"wpcf-field-number wpcf-field-realization\"><span class=\"wpcf-field-name wpcf-field-number-name wpcf-field-realization-name\">realization:<\/span> <span class=\"wpcf-field-value wpcf-field-number-value wpcf-field-realization-value\">2004<\/span><\/div>\n            Avenida Almirante Barroso - Centro, Rio de Janeiro, Brasile\n          <\/div>\n  <\/div>\n<\/article>\n          <\/div>\n            <h4><a href=\"#\" onclick=\"cimap();\" class=\"link-marker js-wpv-addon-maps-focus-map js-toolset-maps-hover-map-map-1-marker-marker-68760 js-toolset-maps-open-infowindow-map-map-1-marker-marker-68760\" data-map=\"map-1\" data-marker=\"marker-68760\">27. Torre Almirante<\/a><\/h4>\n            <div id=\"wpcf-field-tipology\" class=\"wpcf-field-select wpcf-field-tipology\"><span class=\"wpcf-field-name wpcf-field-select-name wpcf-field-tipology-name\">tipology:<\/span> <span class=\"wpcf-field-value wpcf-field-select-value wpcf-field-tipology-value\">office<\/span><\/div> | <div id=\"wpcf-field-architect\" class=\"wpcf-field-single-line wpcf-field-architect\"><span class=\"wpcf-field-name wpcf-field-single-line-name wpcf-field-architect-name\">architect:<\/span> <span class=\"wpcf-field-value wpcf-field-single-line-value wpcf-field-architect-value\">Pontual Arquitetura, Robert Stern Architects<\/span><\/div> | <div id=\"wpcf-field-realization\" class=\"wpcf-field-number wpcf-field-realization\"><span class=\"wpcf-field-name wpcf-field-number-name wpcf-field-realization-name\">realization:<\/span> <span class=\"wpcf-field-value wpcf-field-number-value wpcf-field-realization-value\">2004<\/span><\/div>\n          <\/li>\n\t\t\n          <li>\n            \n          <div style=\"display:none\" class=\"wpv-addon-maps-marker js-wpv-addon-maps-marker js-wpv-addon-maps-marker-marker-68762 js-wpv-addon-maps-markerfor-map-1\" data-marker=\"marker-68762\" data-markertitle=\"Pal\u00e1cio Capanema (former Minist\u00e9rio de Educa\u00e7\u00e3o e Sa\u00fade)\" data-markerfor=\"map-1\" data-markerlat=\"-22.9093817\" data-markerlon=\"-43.173205\" data-markericon=\"\/wp-content\/uploads\/sites\/6\/2017\/11\/area_marker_11.png\" data-markericonhover=\"\" data-streetview=\"no\" data-fromview=\"\">\n            <article class=\"marker-itinerario\">\n\t<div class=\"entry-thumbnail\">\n      \n      \n      \t<img loading=\"lazy\" decoding=\"async\" width=\"480\" height=\"680\" src=\"https:\/\/static.tecnichenuove.it\/areaarch\/2019\/03\/Pal%E2%80%A0cio-Capanema_f2.jpg\" class=\"attachment-post-thumbnail size-post-thumbnail wp-post-image\" alt=\"\" srcset=\"https:\/\/static.tecnichenuove.it\/areaarch\/2019\/03\/Pal%E2%80%A0cio-Capanema_f2.jpg 480w, https:\/\/static.tecnichenuove.it\/areaarch\/2019\/03\/Pal%E2%80%A0cio-Capanema_f2-212x300.jpg 212w, https:\/\/static.tecnichenuove.it\/areaarch\/2019\/03\/Pal%E2%80%A0cio-Capanema_f2-296x420.jpg 296w\" sizes=\"auto, (max-width: 480px) 100vw, 480px\" \/>\n      \t<img decoding=\"async\" src=\"https:\/\/www.area-arch.it\/wp-content\/uploads\/sites\/6\/2019\/03\/Pal\u2020cio-Capanema_d.jpg\" class=\"attachment-post-thumbnail\" \/>\n      \n\t<\/div>\n  \t<div class=\"entry-column\">\n      <h3 class=\"entry-title td-module-title\">Pal\u00e1cio Capanema (former Minist\u00e9rio de Educa\u00e7\u00e3o e Sa\u00fade)<\/h3>\n      <div class=\"td-excerpt\">\n            <div id=\"wpcf-field-tipology\" class=\"wpcf-field-select wpcf-field-tipology\"><span class=\"wpcf-field-name wpcf-field-select-name wpcf-field-tipology-name\">tipology:<\/span> <span class=\"wpcf-field-value wpcf-field-select-value wpcf-field-tipology-value\">office<\/span><\/div>\n            <div id=\"wpcf-field-architect\" class=\"wpcf-field-single-line wpcf-field-architect\"><span class=\"wpcf-field-name wpcf-field-single-line-name wpcf-field-architect-name\">architect:<\/span> <span class=\"wpcf-field-value wpcf-field-single-line-value wpcf-field-architect-value\">L. Costa, O. Niemeyer, C. Le\u00e1o, J. Moreira, A. E. Reidy, E. Vasconcelas<\/span><\/div>\n            <div id=\"wpcf-field-realization\" class=\"wpcf-field-number wpcf-field-realization\"><span class=\"wpcf-field-name wpcf-field-number-name wpcf-field-realization-name\">realization:<\/span> <span class=\"wpcf-field-value wpcf-field-number-value wpcf-field-realization-value\">1943<\/span><\/div>\n            Rua da Imprensa - Centro, Rio de Janeiro, Brasile\n          <\/div>\n  <\/div>\n<\/article>\n          <\/div>\n            <h4><a href=\"#\" onclick=\"cimap();\" class=\"link-marker js-wpv-addon-maps-focus-map js-toolset-maps-hover-map-map-1-marker-marker-68762 js-toolset-maps-open-infowindow-map-map-1-marker-marker-68762\" data-map=\"map-1\" data-marker=\"marker-68762\">28. Pal\u00e1cio Capanema (former Minist\u00e9rio de Educa\u00e7\u00e3o e Sa\u00fade)<\/a><\/h4>\n            <div id=\"wpcf-field-tipology\" class=\"wpcf-field-select wpcf-field-tipology\"><span class=\"wpcf-field-name wpcf-field-select-name wpcf-field-tipology-name\">tipology:<\/span> <span class=\"wpcf-field-value wpcf-field-select-value wpcf-field-tipology-value\">office<\/span><\/div> | <div id=\"wpcf-field-architect\" class=\"wpcf-field-single-line wpcf-field-architect\"><span class=\"wpcf-field-name wpcf-field-single-line-name wpcf-field-architect-name\">architect:<\/span> <span class=\"wpcf-field-value wpcf-field-single-line-value wpcf-field-architect-value\">L. Costa, O. Niemeyer, C. Le\u00e1o, J. Moreira, A. E. Reidy, E. Vasconcelas<\/span><\/div> | <div id=\"wpcf-field-realization\" class=\"wpcf-field-number wpcf-field-realization\"><span class=\"wpcf-field-name wpcf-field-number-name wpcf-field-realization-name\">realization:<\/span> <span class=\"wpcf-field-value wpcf-field-number-value wpcf-field-realization-value\">1943<\/span><\/div>\n          <\/li>\n\t\t\n          <li>\n            \n          <div style=\"display:none\" class=\"wpv-addon-maps-marker js-wpv-addon-maps-marker js-wpv-addon-maps-marker-marker-68765 js-wpv-addon-maps-markerfor-map-1\" data-marker=\"marker-68765\" data-markertitle=\"ABI &#8211; Associacao Brasileira de Imprensa\" data-markerfor=\"map-1\" data-markerlat=\"-22.9087599\" data-markerlon=\"-43.174421\" data-markericon=\"\/wp-content\/uploads\/sites\/6\/2017\/11\/area_marker_11.png\" data-markericonhover=\"\" data-streetview=\"no\" data-fromview=\"\">\n            <article class=\"marker-itinerario\">\n\t<div class=\"entry-thumbnail\">\n      \n      \n      \t<img loading=\"lazy\" decoding=\"async\" width=\"768\" height=\"1077\" src=\"https:\/\/static.tecnichenuove.it\/areaarch\/2019\/03\/abi_f2.jpg\" class=\"attachment-post-thumbnail size-post-thumbnail wp-post-image\" alt=\"\" srcset=\"https:\/\/static.tecnichenuove.it\/areaarch\/2019\/03\/abi_f2.jpg 768w, https:\/\/static.tecnichenuove.it\/areaarch\/2019\/03\/abi_f2-214x300.jpg 214w, https:\/\/static.tecnichenuove.it\/areaarch\/2019\/03\/abi_f2-730x1024.jpg 730w, https:\/\/static.tecnichenuove.it\/areaarch\/2019\/03\/abi_f2-696x976.jpg 696w, https:\/\/static.tecnichenuove.it\/areaarch\/2019\/03\/abi_f2-299x420.jpg 299w\" sizes=\"auto, (max-width: 768px) 100vw, 768px\" \/>\n      \t<img decoding=\"async\" src=\"https:\/\/www.area-arch.it\/wp-content\/uploads\/sites\/6\/2019\/03\/29_ABI.jpg\" class=\"attachment-post-thumbnail\" \/>\n      \n\t<\/div>\n  \t<div class=\"entry-column\">\n      <h3 class=\"entry-title td-module-title\">ABI &#8211; Associacao Brasileira de Imprensa<\/h3>\n      <div class=\"td-excerpt\">\n            <div id=\"wpcf-field-tipology\" class=\"wpcf-field-select wpcf-field-tipology\"><span class=\"wpcf-field-name wpcf-field-select-name wpcf-field-tipology-name\">tipology:<\/span> <span class=\"wpcf-field-value wpcf-field-select-value wpcf-field-tipology-value\">office<\/span><\/div>\n            <div id=\"wpcf-field-architect\" class=\"wpcf-field-single-line wpcf-field-architect\"><span class=\"wpcf-field-name wpcf-field-single-line-name wpcf-field-architect-name\">architect:<\/span> <span class=\"wpcf-field-value wpcf-field-single-line-value wpcf-field-architect-value\">MMM Roberto<\/span><\/div>\n            <div id=\"wpcf-field-realization\" class=\"wpcf-field-number wpcf-field-realization\"><span class=\"wpcf-field-name wpcf-field-number-name wpcf-field-realization-name\">realization:<\/span> <span class=\"wpcf-field-value wpcf-field-number-value wpcf-field-realization-value\">1943<\/span><\/div>\n            Rua Ara\u00fajo Porto Alegre - Centro, Rio de Janeiro, Brasile\n          <\/div>\n  <\/div>\n<\/article>\n          <\/div>\n            <h4><a href=\"#\" onclick=\"cimap();\" class=\"link-marker js-wpv-addon-maps-focus-map js-toolset-maps-hover-map-map-1-marker-marker-68765 js-toolset-maps-open-infowindow-map-map-1-marker-marker-68765\" data-map=\"map-1\" data-marker=\"marker-68765\">29. ABI &#8211; Associacao Brasileira de Imprensa<\/a><\/h4>\n            <div id=\"wpcf-field-tipology\" class=\"wpcf-field-select wpcf-field-tipology\"><span class=\"wpcf-field-name wpcf-field-select-name wpcf-field-tipology-name\">tipology:<\/span> <span class=\"wpcf-field-value wpcf-field-select-value wpcf-field-tipology-value\">office<\/span><\/div> | <div id=\"wpcf-field-architect\" class=\"wpcf-field-single-line wpcf-field-architect\"><span class=\"wpcf-field-name wpcf-field-single-line-name wpcf-field-architect-name\">architect:<\/span> <span class=\"wpcf-field-value wpcf-field-single-line-value wpcf-field-architect-value\">MMM Roberto<\/span><\/div> | <div id=\"wpcf-field-realization\" class=\"wpcf-field-number wpcf-field-realization\"><span class=\"wpcf-field-name wpcf-field-number-name wpcf-field-realization-name\">realization:<\/span> <span class=\"wpcf-field-value wpcf-field-number-value wpcf-field-realization-value\">1943<\/span><\/div>\n          <\/li>\n\t\t\n          <li>\n            \n          <div style=\"display:none\" class=\"wpv-addon-maps-marker js-wpv-addon-maps-marker js-wpv-addon-maps-marker-marker-68768 js-wpv-addon-maps-markerfor-map-1\" data-marker=\"marker-68768\" data-markertitle=\"EDISE &#8211; Edificio sede da Petrobras\" data-markerfor=\"map-1\" data-markerlat=\"-22.9092086\" data-markerlon=\"-43.1804378\" data-markericon=\"\/wp-content\/uploads\/sites\/6\/2017\/11\/area_marker_11.png\" data-markericonhover=\"\" data-streetview=\"no\" data-fromview=\"\">\n            <article class=\"marker-itinerario\">\n\t<div class=\"entry-thumbnail\">\n      \n      \n      \t<img loading=\"lazy\" decoding=\"async\" width=\"789\" height=\"1280\" src=\"https:\/\/static.tecnichenuove.it\/areaarch\/2019\/03\/EDISE_f.jpg\" class=\"attachment-post-thumbnail size-post-thumbnail wp-post-image\" alt=\"\" srcset=\"https:\/\/static.tecnichenuove.it\/areaarch\/2019\/03\/EDISE_f.jpg 789w, https:\/\/static.tecnichenuove.it\/areaarch\/2019\/03\/EDISE_f-185x300.jpg 185w, https:\/\/static.tecnichenuove.it\/areaarch\/2019\/03\/EDISE_f-768x1246.jpg 768w, https:\/\/static.tecnichenuove.it\/areaarch\/2019\/03\/EDISE_f-631x1024.jpg 631w, https:\/\/static.tecnichenuove.it\/areaarch\/2019\/03\/EDISE_f-696x1129.jpg 696w, https:\/\/static.tecnichenuove.it\/areaarch\/2019\/03\/EDISE_f-259x420.jpg 259w\" sizes=\"auto, (max-width: 789px) 100vw, 789px\" \/>\n      \t<img decoding=\"async\" src=\"https:\/\/www.area-arch.it\/wp-content\/uploads\/sites\/6\/2019\/03\/30-EDISE_d.jpg\" class=\"attachment-post-thumbnail\" \/>\n      \n\t<\/div>\n  \t<div class=\"entry-column\">\n      <h3 class=\"entry-title td-module-title\">EDISE &#8211; Edificio sede da Petrobras<\/h3>\n      <div class=\"td-excerpt\">\n            <div id=\"wpcf-field-tipology\" class=\"wpcf-field-select wpcf-field-tipology\"><span class=\"wpcf-field-name wpcf-field-select-name wpcf-field-tipology-name\">tipology:<\/span> <span class=\"wpcf-field-value wpcf-field-select-value wpcf-field-tipology-value\">office<\/span><\/div>\n            <div id=\"wpcf-field-architect\" class=\"wpcf-field-single-line wpcf-field-architect\"><span class=\"wpcf-field-name wpcf-field-single-line-name wpcf-field-architect-name\">architect:<\/span> <span class=\"wpcf-field-value wpcf-field-single-line-value wpcf-field-architect-value\">Forte Gandolfi Arquitetos Associados, Roberto Burle Marx<\/span><\/div>\n            <div id=\"wpcf-field-realization\" class=\"wpcf-field-number wpcf-field-realization\"><span class=\"wpcf-field-name wpcf-field-number-name wpcf-field-realization-name\">realization:<\/span> <span class=\"wpcf-field-value wpcf-field-number-value wpcf-field-realization-value\">1972<\/span><\/div>\n            Avenida Rep\u00fablica do Chile - Centro, Rio de Janeiro, Brasile\n          <\/div>\n  <\/div>\n<\/article>\n          <\/div>\n            <h4><a href=\"#\" onclick=\"cimap();\" class=\"link-marker js-wpv-addon-maps-focus-map js-toolset-maps-hover-map-map-1-marker-marker-68768 js-toolset-maps-open-infowindow-map-map-1-marker-marker-68768\" data-map=\"map-1\" data-marker=\"marker-68768\">30. EDISE &#8211; Edificio sede da Petrobras<\/a><\/h4>\n            <div id=\"wpcf-field-tipology\" class=\"wpcf-field-select wpcf-field-tipology\"><span class=\"wpcf-field-name wpcf-field-select-name wpcf-field-tipology-name\">tipology:<\/span> <span class=\"wpcf-field-value wpcf-field-select-value wpcf-field-tipology-value\">office<\/span><\/div> | <div id=\"wpcf-field-architect\" class=\"wpcf-field-single-line wpcf-field-architect\"><span class=\"wpcf-field-name wpcf-field-single-line-name wpcf-field-architect-name\">architect:<\/span> <span class=\"wpcf-field-value wpcf-field-single-line-value wpcf-field-architect-value\">Forte Gandolfi Arquitetos Associados, Roberto Burle Marx<\/span><\/div> | <div id=\"wpcf-field-realization\" class=\"wpcf-field-number wpcf-field-realization\"><span class=\"wpcf-field-name wpcf-field-number-name wpcf-field-realization-name\">realization:<\/span> <span class=\"wpcf-field-value wpcf-field-number-value wpcf-field-realization-value\">1972<\/span><\/div>\n          <\/li>\n\t\t\n          <li>\n            \n          <div style=\"display:none\" class=\"wpv-addon-maps-marker js-wpv-addon-maps-marker js-wpv-addon-maps-marker-marker-68771 js-wpv-addon-maps-markerfor-map-1\" data-marker=\"marker-68771\" data-markertitle=\"BNDES &#8211; Banco nacional de desenvolvimento economico e social\" data-markerfor=\"map-1\" data-markerlat=\"-22.9092086\" data-markerlon=\"-43.1804378\" data-markericon=\"\/wp-content\/uploads\/sites\/6\/2017\/11\/area_marker_11.png\" data-markericonhover=\"\" data-streetview=\"no\" data-fromview=\"\">\n            <article class=\"marker-itinerario\">\n\t<div class=\"entry-thumbnail\">\n      \n      \n      \t<img loading=\"lazy\" decoding=\"async\" width=\"682\" height=\"1280\" src=\"https:\/\/static.tecnichenuove.it\/areaarch\/2019\/03\/BNDES_f.jpg\" class=\"attachment-post-thumbnail size-post-thumbnail wp-post-image\" alt=\"\" srcset=\"https:\/\/static.tecnichenuove.it\/areaarch\/2019\/03\/BNDES_f.jpg 682w, https:\/\/static.tecnichenuove.it\/areaarch\/2019\/03\/BNDES_f-160x300.jpg 160w, https:\/\/static.tecnichenuove.it\/areaarch\/2019\/03\/BNDES_f-546x1024.jpg 546w, https:\/\/static.tecnichenuove.it\/areaarch\/2019\/03\/BNDES_f-224x420.jpg 224w\" sizes=\"auto, (max-width: 682px) 100vw, 682px\" \/>\n      \t<img decoding=\"async\" src=\"https:\/\/www.area-arch.it\/wp-content\/uploads\/sites\/6\/2019\/03\/31_BNDES-1.jpg\" class=\"attachment-post-thumbnail\" \/>\n      \n\t<\/div>\n  \t<div class=\"entry-column\">\n      <h3 class=\"entry-title td-module-title\">BNDES &#8211; Banco nacional de desenvolvimento economico e social<\/h3>\n      <div class=\"td-excerpt\">\n            <div id=\"wpcf-field-tipology\" class=\"wpcf-field-select wpcf-field-tipology\"><span class=\"wpcf-field-name wpcf-field-select-name wpcf-field-tipology-name\">tipology:<\/span> <span class=\"wpcf-field-value wpcf-field-select-value wpcf-field-tipology-value\">office<\/span><\/div>\n            <div id=\"wpcf-field-architect\" class=\"wpcf-field-single-line wpcf-field-architect\"><span class=\"wpcf-field-name wpcf-field-single-line-name wpcf-field-architect-name\">architect:<\/span> <span class=\"wpcf-field-value wpcf-field-single-line-value wpcf-field-architect-value\">A. Willer, A. Stelle, J. Ramalho Jr., J. Sanchotene, L. Oba, O. Mueller, R. Sanchotene<\/span><\/div>\n            <div id=\"wpcf-field-realization\" class=\"wpcf-field-number wpcf-field-realization\"><span class=\"wpcf-field-name wpcf-field-number-name wpcf-field-realization-name\">realization:<\/span> <span class=\"wpcf-field-value wpcf-field-number-value wpcf-field-realization-value\">1974<\/span><\/div>\n            Avenida Rep\u00fablica do Chile - Centro, Rio de Janeiro, Brasile\n          <\/div>\n  <\/div>\n<\/article>\n          <\/div>\n            <h4><a href=\"#\" onclick=\"cimap();\" class=\"link-marker js-wpv-addon-maps-focus-map js-toolset-maps-hover-map-map-1-marker-marker-68771 js-toolset-maps-open-infowindow-map-map-1-marker-marker-68771\" data-map=\"map-1\" data-marker=\"marker-68771\">31. BNDES &#8211; Banco nacional de desenvolvimento economico e social<\/a><\/h4>\n            <div id=\"wpcf-field-tipology\" class=\"wpcf-field-select wpcf-field-tipology\"><span class=\"wpcf-field-name wpcf-field-select-name wpcf-field-tipology-name\">tipology:<\/span> <span class=\"wpcf-field-value wpcf-field-select-value wpcf-field-tipology-value\">office<\/span><\/div> | <div id=\"wpcf-field-architect\" class=\"wpcf-field-single-line wpcf-field-architect\"><span class=\"wpcf-field-name wpcf-field-single-line-name wpcf-field-architect-name\">architect:<\/span> <span class=\"wpcf-field-value wpcf-field-single-line-value wpcf-field-architect-value\">A. Willer, A. Stelle, J. Ramalho Jr., J. Sanchotene, L. Oba, O. Mueller, R. Sanchotene<\/span><\/div> | <div id=\"wpcf-field-realization\" class=\"wpcf-field-number wpcf-field-realization\"><span class=\"wpcf-field-name wpcf-field-number-name wpcf-field-realization-name\">realization:<\/span> <span class=\"wpcf-field-value wpcf-field-number-value wpcf-field-realization-value\">1974<\/span><\/div>\n          <\/li>\n\t\t\n          <li>\n            \n          <div style=\"display:none\" class=\"wpv-addon-maps-marker js-wpv-addon-maps-marker js-wpv-addon-maps-marker-marker-68775 js-wpv-addon-maps-markerfor-map-1\" data-marker=\"marker-68775\" data-markertitle=\"Ventura Corporate Towers\" data-markerfor=\"map-1\" data-markerlat=\"-22.9092086\" data-markerlon=\"-43.1804378\" data-markericon=\"\/wp-content\/uploads\/sites\/6\/2017\/11\/area_marker_11.png\" data-markericonhover=\"\" data-streetview=\"no\" data-fromview=\"\">\n            <article class=\"marker-itinerario\">\n\t<div class=\"entry-thumbnail\">\n      \n      \n      \t<img loading=\"lazy\" decoding=\"async\" width=\"1200\" height=\"650\" src=\"https:\/\/static.tecnichenuove.it\/areaarch\/2019\/03\/Ventura-Corporate-Towers_f.jpg\" class=\"attachment-post-thumbnail size-post-thumbnail wp-post-image\" alt=\"\" srcset=\"https:\/\/static.tecnichenuove.it\/areaarch\/2019\/03\/Ventura-Corporate-Towers_f.jpg 1200w, https:\/\/static.tecnichenuove.it\/areaarch\/2019\/03\/Ventura-Corporate-Towers_f-300x163.jpg 300w, https:\/\/static.tecnichenuove.it\/areaarch\/2019\/03\/Ventura-Corporate-Towers_f-768x416.jpg 768w, https:\/\/static.tecnichenuove.it\/areaarch\/2019\/03\/Ventura-Corporate-Towers_f-1024x555.jpg 1024w, https:\/\/static.tecnichenuove.it\/areaarch\/2019\/03\/Ventura-Corporate-Towers_f-696x377.jpg 696w, https:\/\/static.tecnichenuove.it\/areaarch\/2019\/03\/Ventura-Corporate-Towers_f-1068x579.jpg 1068w, https:\/\/static.tecnichenuove.it\/areaarch\/2019\/03\/Ventura-Corporate-Towers_f-775x420.jpg 775w\" sizes=\"auto, (max-width: 1200px) 100vw, 1200px\" \/>\n      \t<img decoding=\"async\" src=\"https:\/\/www.area-arch.it\/wp-content\/uploads\/sites\/6\/2019\/03\/32_VENTURA.jpg\" class=\"attachment-post-thumbnail\" \/>\n      \n\t<\/div>\n  \t<div class=\"entry-column\">\n      <h3 class=\"entry-title td-module-title\">Ventura Corporate Towers<\/h3>\n      <div class=\"td-excerpt\">\n            <div id=\"wpcf-field-tipology\" class=\"wpcf-field-select wpcf-field-tipology\"><span class=\"wpcf-field-name wpcf-field-select-name wpcf-field-tipology-name\">tipology:<\/span> <span class=\"wpcf-field-value wpcf-field-select-value wpcf-field-tipology-value\">office<\/span><\/div>\n            <div id=\"wpcf-field-architect\" class=\"wpcf-field-single-line wpcf-field-architect\"><span class=\"wpcf-field-name wpcf-field-single-line-name wpcf-field-architect-name\">architect:<\/span> <span class=\"wpcf-field-value wpcf-field-single-line-value wpcf-field-architect-value\">Kohn Pedersen Fox Associates, Aflalo &amp; Gasperini Arquitetos<\/span><\/div>\n            <div id=\"wpcf-field-realization\" class=\"wpcf-field-number wpcf-field-realization\"><span class=\"wpcf-field-name wpcf-field-number-name wpcf-field-realization-name\">realization:<\/span> <span class=\"wpcf-field-value wpcf-field-number-value wpcf-field-realization-value\">2009<\/span><\/div>\n            Avenida Rep\u00fablica do Chile - Centro, Rio de Janeiro, Brasile\n          <\/div>\n  <\/div>\n<\/article>\n          <\/div>\n            <h4><a href=\"#\" onclick=\"cimap();\" class=\"link-marker js-wpv-addon-maps-focus-map js-toolset-maps-hover-map-map-1-marker-marker-68775 js-toolset-maps-open-infowindow-map-map-1-marker-marker-68775\" data-map=\"map-1\" data-marker=\"marker-68775\">32. Ventura Corporate Towers<\/a><\/h4>\n            <div id=\"wpcf-field-tipology\" class=\"wpcf-field-select wpcf-field-tipology\"><span class=\"wpcf-field-name wpcf-field-select-name wpcf-field-tipology-name\">tipology:<\/span> <span class=\"wpcf-field-value wpcf-field-select-value wpcf-field-tipology-value\">office<\/span><\/div> | <div id=\"wpcf-field-architect\" class=\"wpcf-field-single-line wpcf-field-architect\"><span class=\"wpcf-field-name wpcf-field-single-line-name wpcf-field-architect-name\">architect:<\/span> <span class=\"wpcf-field-value wpcf-field-single-line-value wpcf-field-architect-value\">Kohn Pedersen Fox Associates, Aflalo &amp; Gasperini Arquitetos<\/span><\/div> | <div id=\"wpcf-field-realization\" class=\"wpcf-field-number wpcf-field-realization\"><span class=\"wpcf-field-name wpcf-field-number-name wpcf-field-realization-name\">realization:<\/span> <span class=\"wpcf-field-value wpcf-field-number-value wpcf-field-realization-value\">2009<\/span><\/div>\n          <\/li>\n\t\t\n          <li>\n            \n          <div style=\"display:none\" class=\"wpv-addon-maps-marker js-wpv-addon-maps-marker js-wpv-addon-maps-marker-marker-68778 js-wpv-addon-maps-markerfor-map-1\" data-marker=\"marker-68778\" data-markertitle=\"Catedral de S\u00e3o Sebasti\u00e3o\" data-markerfor=\"map-1\" data-markerlat=\"-22.9092086\" data-markerlon=\"-43.1804378\" data-markericon=\"\/wp-content\/uploads\/sites\/6\/2017\/11\/area_marker_17.png\" data-markericonhover=\"\" data-streetview=\"no\" data-fromview=\"\">\n            <article class=\"marker-itinerario\">\n\t<div class=\"entry-thumbnail\">\n      \n      \n      \t\n      \t<img decoding=\"async\" src=\"https:\/\/www.area-arch.it\/wp-content\/uploads\/sites\/6\/2019\/03\/33_Catedral.png\" class=\"attachment-post-thumbnail\" \/>\n      \n\t<\/div>\n  \t<div class=\"entry-column\">\n      <h3 class=\"entry-title td-module-title\">Catedral de S\u00e3o Sebasti\u00e3o<\/h3>\n      <div class=\"td-excerpt\">\n            <div id=\"wpcf-field-tipology\" class=\"wpcf-field-select wpcf-field-tipology\"><span class=\"wpcf-field-name wpcf-field-select-name wpcf-field-tipology-name\">tipology:<\/span> <span class=\"wpcf-field-value wpcf-field-select-value wpcf-field-tipology-value\">church<\/span><\/div>\n            <div id=\"wpcf-field-architect\" class=\"wpcf-field-single-line wpcf-field-architect\"><span class=\"wpcf-field-name wpcf-field-single-line-name wpcf-field-architect-name\">architect:<\/span> <span class=\"wpcf-field-value wpcf-field-single-line-value wpcf-field-architect-value\">Edgar de Oliveira da Fonseca<\/span><\/div>\n            <div id=\"wpcf-field-realization\" class=\"wpcf-field-number wpcf-field-realization\"><span class=\"wpcf-field-name wpcf-field-number-name wpcf-field-realization-name\">realization:<\/span> <span class=\"wpcf-field-value wpcf-field-number-value wpcf-field-realization-value\">1979<\/span><\/div>\n            Avenida Rep\u00fablica do Chile - Centro, Rio de Janeiro, Brasile\n          <\/div>\n  <\/div>\n<\/article>\n          <\/div>\n            <h4><a href=\"#\" onclick=\"cimap();\" class=\"link-marker js-wpv-addon-maps-focus-map js-toolset-maps-hover-map-map-1-marker-marker-68778 js-toolset-maps-open-infowindow-map-map-1-marker-marker-68778\" data-map=\"map-1\" data-marker=\"marker-68778\">33. Catedral de S\u00e3o Sebasti\u00e3o<\/a><\/h4>\n            <div id=\"wpcf-field-tipology\" class=\"wpcf-field-select wpcf-field-tipology\"><span class=\"wpcf-field-name wpcf-field-select-name wpcf-field-tipology-name\">tipology:<\/span> <span class=\"wpcf-field-value wpcf-field-select-value wpcf-field-tipology-value\">church<\/span><\/div> | <div id=\"wpcf-field-architect\" class=\"wpcf-field-single-line wpcf-field-architect\"><span class=\"wpcf-field-name wpcf-field-single-line-name wpcf-field-architect-name\">architect:<\/span> <span class=\"wpcf-field-value wpcf-field-single-line-value wpcf-field-architect-value\">Edgar de Oliveira da Fonseca<\/span><\/div> | <div id=\"wpcf-field-realization\" class=\"wpcf-field-number wpcf-field-realization\"><span class=\"wpcf-field-name wpcf-field-number-name wpcf-field-realization-name\">realization:<\/span> <span class=\"wpcf-field-value wpcf-field-number-value wpcf-field-realization-value\">1979<\/span><\/div>\n          <\/li>\n\t\t\n          <li>\n            \n          <div style=\"display:none\" class=\"wpv-addon-maps-marker js-wpv-addon-maps-marker js-wpv-addon-maps-marker-marker-68781 js-wpv-addon-maps-markerfor-map-1\" data-marker=\"marker-68781\" data-markertitle=\"MAM &#8211; Museu de Arte Moderna do Rio de Janeiro\" data-markerfor=\"map-1\" data-markerlat=\"-22.9212559\" data-markerlon=\"-43.1722491\" data-markericon=\"\/wp-content\/uploads\/sites\/6\/2017\/11\/area_marker_10.png\" data-markericonhover=\"\" data-streetview=\"no\" data-fromview=\"\">\n            <article class=\"marker-itinerario\">\n\t<div class=\"entry-thumbnail\">\n      \n      \n      \t<img loading=\"lazy\" decoding=\"async\" width=\"1280\" height=\"853\" src=\"https:\/\/static.tecnichenuove.it\/areaarch\/2019\/03\/MAM_f.jpg\" class=\"attachment-post-thumbnail size-post-thumbnail wp-post-image\" alt=\"\" srcset=\"https:\/\/static.tecnichenuove.it\/areaarch\/2019\/03\/MAM_f.jpg 1280w, https:\/\/static.tecnichenuove.it\/areaarch\/2019\/03\/MAM_f-150x100.jpg 150w, https:\/\/static.tecnichenuove.it\/areaarch\/2019\/03\/MAM_f-300x200.jpg 300w, https:\/\/static.tecnichenuove.it\/areaarch\/2019\/03\/MAM_f-768x512.jpg 768w, https:\/\/static.tecnichenuove.it\/areaarch\/2019\/03\/MAM_f-1024x682.jpg 1024w, https:\/\/static.tecnichenuove.it\/areaarch\/2019\/03\/MAM_f-696x464.jpg 696w, https:\/\/static.tecnichenuove.it\/areaarch\/2019\/03\/MAM_f-1068x712.jpg 1068w, https:\/\/static.tecnichenuove.it\/areaarch\/2019\/03\/MAM_f-630x420.jpg 630w\" sizes=\"auto, (max-width: 1280px) 100vw, 1280px\" \/>\n      \t<img decoding=\"async\" src=\"https:\/\/www.area-arch.it\/wp-content\/uploads\/sites\/6\/2019\/03\/34_MAM.jpg\" class=\"attachment-post-thumbnail\" \/>\n      \n\t<\/div>\n  \t<div class=\"entry-column\">\n      <h3 class=\"entry-title td-module-title\">MAM &#8211; Museu de Arte Moderna do Rio de Janeiro<\/h3>\n      <div class=\"td-excerpt\">\n            <div id=\"wpcf-field-tipology\" class=\"wpcf-field-select wpcf-field-tipology\"><span class=\"wpcf-field-name wpcf-field-select-name wpcf-field-tipology-name\">tipology:<\/span> <span class=\"wpcf-field-value wpcf-field-select-value wpcf-field-tipology-value\">museum<\/span><\/div>\n            <div id=\"wpcf-field-architect\" class=\"wpcf-field-single-line wpcf-field-architect\"><span class=\"wpcf-field-name wpcf-field-single-line-name wpcf-field-architect-name\">architect:<\/span> <span class=\"wpcf-field-value wpcf-field-single-line-value wpcf-field-architect-value\">Affonso Eduardo Reidy<\/span><\/div>\n            <div id=\"wpcf-field-realization\" class=\"wpcf-field-number wpcf-field-realization\"><span class=\"wpcf-field-name wpcf-field-number-name wpcf-field-realization-name\">realization:<\/span> <span class=\"wpcf-field-value wpcf-field-number-value wpcf-field-realization-value\">1954<\/span><\/div>\n            Avenida Infante Dom Henrique - Gl\u00f3ria, Rio de Janeiro, Brasile\n          <\/div>\n  <\/div>\n<\/article>\n          <\/div>\n            <h4><a href=\"#\" onclick=\"cimap();\" class=\"link-marker js-wpv-addon-maps-focus-map js-toolset-maps-hover-map-map-1-marker-marker-68781 js-toolset-maps-open-infowindow-map-map-1-marker-marker-68781\" data-map=\"map-1\" data-marker=\"marker-68781\">34. MAM &#8211; Museu de Arte Moderna do Rio de Janeiro<\/a><\/h4>\n            <div id=\"wpcf-field-tipology\" class=\"wpcf-field-select wpcf-field-tipology\"><span class=\"wpcf-field-name wpcf-field-select-name wpcf-field-tipology-name\">tipology:<\/span> <span class=\"wpcf-field-value wpcf-field-select-value wpcf-field-tipology-value\">museum<\/span><\/div> | <div id=\"wpcf-field-architect\" class=\"wpcf-field-single-line wpcf-field-architect\"><span class=\"wpcf-field-name wpcf-field-single-line-name wpcf-field-architect-name\">architect:<\/span> <span class=\"wpcf-field-value wpcf-field-single-line-value wpcf-field-architect-value\">Affonso Eduardo Reidy<\/span><\/div> | <div id=\"wpcf-field-realization\" class=\"wpcf-field-number wpcf-field-realization\"><span class=\"wpcf-field-name wpcf-field-number-name wpcf-field-realization-name\">realization:<\/span> <span class=\"wpcf-field-value wpcf-field-number-value wpcf-field-realization-value\">1954<\/span><\/div>\n          <\/li>\n\t\t\n          <li>\n            \n          <div style=\"display:none\" class=\"wpv-addon-maps-marker js-wpv-addon-maps-marker js-wpv-addon-maps-marker-marker-68814 js-wpv-addon-maps-markerfor-map-1\" data-marker=\"marker-68814\" data-markertitle=\"Centro cultural municipal Parque das Ruinas\" data-markerfor=\"map-1\" data-markerlat=\"-22.9175927\" data-markerlon=\"-43.1819092\" data-markericon=\"\/wp-content\/uploads\/sites\/6\/2017\/11\/area_marker_9.png\" data-markericonhover=\"\" data-streetview=\"no\" data-fromview=\"\">\n            <article class=\"marker-itinerario\">\n\t<div class=\"entry-thumbnail\">\n      \n      \n      \t<img loading=\"lazy\" decoding=\"async\" width=\"730\" height=\"561\" src=\"https:\/\/static.tecnichenuove.it\/areaarch\/2019\/03\/Centro-cultural-municipal-Parque-das-Ru%C2%B0nas_f.jpg\" class=\"attachment-post-thumbnail size-post-thumbnail wp-post-image\" alt=\"\" srcset=\"https:\/\/static.tecnichenuove.it\/areaarch\/2019\/03\/Centro-cultural-municipal-Parque-das-Ru%C2%B0nas_f.jpg 730w, https:\/\/static.tecnichenuove.it\/areaarch\/2019\/03\/Centro-cultural-municipal-Parque-das-Ru%C2%B0nas_f-300x231.jpg 300w, https:\/\/static.tecnichenuove.it\/areaarch\/2019\/03\/Centro-cultural-municipal-Parque-das-Ru%C2%B0nas_f-80x60.jpg 80w, https:\/\/static.tecnichenuove.it\/areaarch\/2019\/03\/Centro-cultural-municipal-Parque-das-Ru%C2%B0nas_f-696x535.jpg 696w, https:\/\/static.tecnichenuove.it\/areaarch\/2019\/03\/Centro-cultural-municipal-Parque-das-Ru%C2%B0nas_f-547x420.jpg 547w\" sizes=\"auto, (max-width: 730px) 100vw, 730px\" \/>\n      \t<img decoding=\"async\" src=\"https:\/\/www.area-arch.it\/wp-content\/uploads\/sites\/6\/2019\/03\/36-Parque-das-Ruinas_d.jpg\" class=\"attachment-post-thumbnail\" \/>\n      \n\t<\/div>\n  \t<div class=\"entry-column\">\n      <h3 class=\"entry-title td-module-title\">Centro cultural municipal Parque das Ruinas<\/h3>\n      <div class=\"td-excerpt\">\n            <div id=\"wpcf-field-tipology\" class=\"wpcf-field-select wpcf-field-tipology\"><span class=\"wpcf-field-name wpcf-field-select-name wpcf-field-tipology-name\">tipology:<\/span> <span class=\"wpcf-field-value wpcf-field-select-value wpcf-field-tipology-value\">mixed use<\/span><\/div>\n            <div id=\"wpcf-field-architect\" class=\"wpcf-field-single-line wpcf-field-architect\"><span class=\"wpcf-field-name wpcf-field-single-line-name wpcf-field-architect-name\">architect:<\/span> <span class=\"wpcf-field-value wpcf-field-single-line-value wpcf-field-architect-value\">Ernani Freire, Sonia Lopes<\/span><\/div>\n            <div id=\"wpcf-field-realization\" class=\"wpcf-field-number wpcf-field-realization\"><span class=\"wpcf-field-name wpcf-field-number-name wpcf-field-realization-name\">realization:<\/span> <span class=\"wpcf-field-value wpcf-field-number-value wpcf-field-realization-value\">1997<\/span><\/div>\n            Rua Murtinho Nobre - Santa Teresa, Rio de Janeiro, Brasile\n          <\/div>\n  <\/div>\n<\/article>\n          <\/div>\n            <h4><a href=\"#\" onclick=\"cimap();\" class=\"link-marker js-wpv-addon-maps-focus-map js-toolset-maps-hover-map-map-1-marker-marker-68814 js-toolset-maps-open-infowindow-map-map-1-marker-marker-68814\" data-map=\"map-1\" data-marker=\"marker-68814\">36. Centro cultural municipal Parque das Ruinas<\/a><\/h4>\n            <div id=\"wpcf-field-tipology\" class=\"wpcf-field-select wpcf-field-tipology\"><span class=\"wpcf-field-name wpcf-field-select-name wpcf-field-tipology-name\">tipology:<\/span> <span class=\"wpcf-field-value wpcf-field-select-value wpcf-field-tipology-value\">mixed use<\/span><\/div> | <div id=\"wpcf-field-architect\" class=\"wpcf-field-single-line wpcf-field-architect\"><span class=\"wpcf-field-name wpcf-field-single-line-name wpcf-field-architect-name\">architect:<\/span> <span class=\"wpcf-field-value wpcf-field-single-line-value wpcf-field-architect-value\">Ernani Freire, Sonia Lopes<\/span><\/div> | <div id=\"wpcf-field-realization\" class=\"wpcf-field-number wpcf-field-realization\"><span class=\"wpcf-field-name wpcf-field-number-name wpcf-field-realization-name\">realization:<\/span> <span class=\"wpcf-field-value wpcf-field-number-value wpcf-field-realization-value\">1997<\/span><\/div>\n          <\/li>\n\t\t\n          <li>\n            \n          <div style=\"display:none\" class=\"wpv-addon-maps-marker js-wpv-addon-maps-marker js-wpv-addon-maps-marker-marker-68787 js-wpv-addon-maps-markerfor-map-1\" data-marker=\"marker-68787\" data-markertitle=\"Centro cultural Oi futuro Flamengo (former Museu do Telephone)\" data-markerfor=\"map-1\" data-markerlat=\"-22.9297499\" data-markerlon=\"-43.177594\" data-markericon=\"\/wp-content\/uploads\/sites\/6\/2017\/11\/area_marker_1.png\" data-markericonhover=\"\" data-streetview=\"no\" data-fromview=\"\">\n            <article class=\"marker-itinerario\">\n\t<div class=\"entry-thumbnail\">\n      \n      \n      \t<img loading=\"lazy\" decoding=\"async\" width=\"596\" height=\"683\" src=\"https:\/\/static.tecnichenuove.it\/areaarch\/2019\/03\/Centro-cultural-Oi-futuro-Flamengo_f.jpg\" class=\"attachment-post-thumbnail size-post-thumbnail wp-post-image\" alt=\"\" srcset=\"https:\/\/static.tecnichenuove.it\/areaarch\/2019\/03\/Centro-cultural-Oi-futuro-Flamengo_f.jpg 596w, https:\/\/static.tecnichenuove.it\/areaarch\/2019\/03\/Centro-cultural-Oi-futuro-Flamengo_f-262x300.jpg 262w, https:\/\/static.tecnichenuove.it\/areaarch\/2019\/03\/Centro-cultural-Oi-futuro-Flamengo_f-367x420.jpg 367w\" sizes=\"auto, (max-width: 596px) 100vw, 596px\" \/>\n      \t<img decoding=\"async\" src=\"https:\/\/www.area-arch.it\/wp-content\/uploads\/sites\/6\/2019\/03\/Centro-cultural-Oi-futuro-Flamengo_d.jpg\" class=\"attachment-post-thumbnail\" \/>\n      \n\t<\/div>\n  \t<div class=\"entry-column\">\n      <h3 class=\"entry-title td-module-title\">Centro cultural Oi futuro Flamengo (former Museu do Telephone)<\/h3>\n      <div class=\"td-excerpt\">\n            <div id=\"wpcf-field-tipology\" class=\"wpcf-field-select wpcf-field-tipology\"><span class=\"wpcf-field-name wpcf-field-select-name wpcf-field-tipology-name\">tipology:<\/span> <span class=\"wpcf-field-value wpcf-field-select-value wpcf-field-tipology-value\">art gallery<\/span><\/div>\n            <div id=\"wpcf-field-architect\" class=\"wpcf-field-single-line wpcf-field-architect\"><span class=\"wpcf-field-name wpcf-field-single-line-name wpcf-field-architect-name\">architect:<\/span> <span class=\"wpcf-field-value wpcf-field-single-line-value wpcf-field-architect-value\">OA Oficina de Arquitectos<\/span><\/div>\n            <div id=\"wpcf-field-realization\" class=\"wpcf-field-number wpcf-field-realization\"><span class=\"wpcf-field-name wpcf-field-number-name wpcf-field-realization-name\">realization:<\/span> <span class=\"wpcf-field-value wpcf-field-number-value wpcf-field-realization-value\">2005<\/span><\/div>\n            Rua Dois de Dezembro - Flamengo, Rio de Janeiro, Brasile\n          <\/div>\n  <\/div>\n<\/article>\n          <\/div>\n            <h4><a href=\"#\" onclick=\"cimap();\" class=\"link-marker js-wpv-addon-maps-focus-map js-toolset-maps-hover-map-map-1-marker-marker-68787 js-toolset-maps-open-infowindow-map-map-1-marker-marker-68787\" data-map=\"map-1\" data-marker=\"marker-68787\">37. Centro cultural Oi futuro Flamengo (former Museu do Telephone)<\/a><\/h4>\n            <div id=\"wpcf-field-tipology\" class=\"wpcf-field-select wpcf-field-tipology\"><span class=\"wpcf-field-name wpcf-field-select-name wpcf-field-tipology-name\">tipology:<\/span> <span class=\"wpcf-field-value wpcf-field-select-value wpcf-field-tipology-value\">art gallery<\/span><\/div> | <div id=\"wpcf-field-architect\" class=\"wpcf-field-single-line wpcf-field-architect\"><span class=\"wpcf-field-name wpcf-field-single-line-name wpcf-field-architect-name\">architect:<\/span> <span class=\"wpcf-field-value wpcf-field-single-line-value wpcf-field-architect-value\">OA Oficina de Arquitectos<\/span><\/div> | <div id=\"wpcf-field-realization\" class=\"wpcf-field-number wpcf-field-realization\"><span class=\"wpcf-field-name wpcf-field-number-name wpcf-field-realization-name\">realization:<\/span> <span class=\"wpcf-field-value wpcf-field-number-value wpcf-field-realization-value\">2005<\/span><\/div>\n          <\/li>\n\t\t\n          <li>\n            \n          <div style=\"display:none\" class=\"wpv-addon-maps-marker js-wpv-addon-maps-marker js-wpv-addon-maps-marker-marker-68790 js-wpv-addon-maps-markerfor-map-1\" data-marker=\"marker-68790\" data-markertitle=\"Parque Eduardo Guinle\" data-markerfor=\"map-1\" data-markerlat=\"-22.930184\" data-markerlon=\"-43.1846943\" data-markericon=\"\/wp-content\/uploads\/sites\/6\/2017\/11\/area_marker_12.png\" data-markericonhover=\"\" data-streetview=\"no\" data-fromview=\"\">\n            <article class=\"marker-itinerario\">\n\t<div class=\"entry-thumbnail\">\n      \n      \n      \t<img loading=\"lazy\" decoding=\"async\" width=\"1280\" height=\"846\" src=\"https:\/\/static.tecnichenuove.it\/areaarch\/2019\/03\/parque-eduardo-guinle_f.jpg\" class=\"attachment-post-thumbnail size-post-thumbnail wp-post-image\" alt=\"\" srcset=\"https:\/\/static.tecnichenuove.it\/areaarch\/2019\/03\/parque-eduardo-guinle_f.jpg 1280w, https:\/\/static.tecnichenuove.it\/areaarch\/2019\/03\/parque-eduardo-guinle_f-150x100.jpg 150w, https:\/\/static.tecnichenuove.it\/areaarch\/2019\/03\/parque-eduardo-guinle_f-300x198.jpg 300w, https:\/\/static.tecnichenuove.it\/areaarch\/2019\/03\/parque-eduardo-guinle_f-768x508.jpg 768w, https:\/\/static.tecnichenuove.it\/areaarch\/2019\/03\/parque-eduardo-guinle_f-1024x677.jpg 1024w, https:\/\/static.tecnichenuove.it\/areaarch\/2019\/03\/parque-eduardo-guinle_f-696x460.jpg 696w, https:\/\/static.tecnichenuove.it\/areaarch\/2019\/03\/parque-eduardo-guinle_f-1068x706.jpg 1068w, https:\/\/static.tecnichenuove.it\/areaarch\/2019\/03\/parque-eduardo-guinle_f-635x420.jpg 635w\" sizes=\"auto, (max-width: 1280px) 100vw, 1280px\" \/>\n      \t<img decoding=\"async\" src=\"https:\/\/www.area-arch.it\/wp-content\/uploads\/sites\/6\/2019\/03\/parque-eduardo-guinle_d.jpg\" class=\"attachment-post-thumbnail\" \/>\n      \n\t<\/div>\n  \t<div class=\"entry-column\">\n      <h3 class=\"entry-title td-module-title\">Parque Eduardo Guinle<\/h3>\n      <div class=\"td-excerpt\">\n            <div id=\"wpcf-field-tipology\" class=\"wpcf-field-select wpcf-field-tipology\"><span class=\"wpcf-field-name wpcf-field-select-name wpcf-field-tipology-name\">tipology:<\/span> <span class=\"wpcf-field-value wpcf-field-select-value wpcf-field-tipology-value\">public<\/span><\/div>\n            <div id=\"wpcf-field-architect\" class=\"wpcf-field-single-line wpcf-field-architect\"><span class=\"wpcf-field-name wpcf-field-single-line-name wpcf-field-architect-name\">architect:<\/span> <span class=\"wpcf-field-value wpcf-field-single-line-value wpcf-field-architect-value\">Lucio Costa<\/span><\/div>\n            <div id=\"wpcf-field-realization\" class=\"wpcf-field-number wpcf-field-realization\"><span class=\"wpcf-field-name wpcf-field-number-name wpcf-field-realization-name\">realization:<\/span> <span class=\"wpcf-field-value wpcf-field-number-value wpcf-field-realization-value\">1954<\/span><\/div>\n            Rua Paulo C\u00e9sar de Andrade - Laranjeiras, Rio de Janeiro, Brasile\n          <\/div>\n  <\/div>\n<\/article>\n          <\/div>\n            <h4><a href=\"#\" onclick=\"cimap();\" class=\"link-marker js-wpv-addon-maps-focus-map js-toolset-maps-hover-map-map-1-marker-marker-68790 js-toolset-maps-open-infowindow-map-map-1-marker-marker-68790\" data-map=\"map-1\" data-marker=\"marker-68790\">38. Parque Eduardo Guinle<\/a><\/h4>\n            <div id=\"wpcf-field-tipology\" class=\"wpcf-field-select wpcf-field-tipology\"><span class=\"wpcf-field-name wpcf-field-select-name wpcf-field-tipology-name\">tipology:<\/span> <span class=\"wpcf-field-value wpcf-field-select-value wpcf-field-tipology-value\">public<\/span><\/div> | <div id=\"wpcf-field-architect\" class=\"wpcf-field-single-line wpcf-field-architect\"><span class=\"wpcf-field-name wpcf-field-single-line-name wpcf-field-architect-name\">architect:<\/span> <span class=\"wpcf-field-value wpcf-field-single-line-value wpcf-field-architect-value\">Lucio Costa<\/span><\/div> | <div id=\"wpcf-field-realization\" class=\"wpcf-field-number wpcf-field-realization\"><span class=\"wpcf-field-name wpcf-field-number-name wpcf-field-realization-name\">realization:<\/span> <span class=\"wpcf-field-value wpcf-field-number-value wpcf-field-realization-value\">1954<\/span><\/div>\n          <\/li>\n\t\t\n          <li>\n            \n          <div style=\"display:none\" class=\"wpv-addon-maps-marker js-wpv-addon-maps-marker js-wpv-addon-maps-marker-marker-68793 js-wpv-addon-maps-markerfor-map-1\" data-marker=\"marker-68793\" data-markertitle=\"Esta\u00e7\u00e3o Uruguai\" data-markerfor=\"map-1\" data-markerlat=\"-22.9321155\" data-markerlon=\"-43.240184\" data-markericon=\"\/wp-content\/uploads\/sites\/6\/2017\/11\/area_marker_6.png\" data-markericonhover=\"\" data-streetview=\"no\" data-fromview=\"\">\n            <article class=\"marker-itinerario\">\n\t<div class=\"entry-thumbnail\">\n      \n      \n      \t<img loading=\"lazy\" decoding=\"async\" width=\"1280\" height=\"853\" src=\"https:\/\/static.tecnichenuove.it\/areaarch\/2019\/03\/Estaa%CC%81%E2%88%86o-Uruguai_f2.jpg\" class=\"attachment-post-thumbnail size-post-thumbnail wp-post-image\" alt=\"\" srcset=\"https:\/\/static.tecnichenuove.it\/areaarch\/2019\/03\/Estaa%CC%81%E2%88%86o-Uruguai_f2.jpg 1280w, https:\/\/static.tecnichenuove.it\/areaarch\/2019\/03\/Estaa%CC%81%E2%88%86o-Uruguai_f2-150x100.jpg 150w, https:\/\/static.tecnichenuove.it\/areaarch\/2019\/03\/Estaa%CC%81%E2%88%86o-Uruguai_f2-300x200.jpg 300w, https:\/\/static.tecnichenuove.it\/areaarch\/2019\/03\/Estaa%CC%81%E2%88%86o-Uruguai_f2-768x512.jpg 768w, https:\/\/static.tecnichenuove.it\/areaarch\/2019\/03\/Estaa%CC%81%E2%88%86o-Uruguai_f2-1024x682.jpg 1024w, https:\/\/static.tecnichenuove.it\/areaarch\/2019\/03\/Estaa%CC%81%E2%88%86o-Uruguai_f2-696x464.jpg 696w, https:\/\/static.tecnichenuove.it\/areaarch\/2019\/03\/Estaa%CC%81%E2%88%86o-Uruguai_f2-1068x712.jpg 1068w, https:\/\/static.tecnichenuove.it\/areaarch\/2019\/03\/Estaa%CC%81%E2%88%86o-Uruguai_f2-630x420.jpg 630w\" sizes=\"auto, (max-width: 1280px) 100vw, 1280px\" \/>\n      \t<img decoding=\"async\" src=\"https:\/\/www.area-arch.it\/wp-content\/uploads\/sites\/6\/2019\/03\/Estaa\u0301\u2206o-Uruguai_d.jpg\" class=\"attachment-post-thumbnail\" \/>\n      \n\t<\/div>\n  \t<div class=\"entry-column\">\n      <h3 class=\"entry-title td-module-title\">Esta\u00e7\u00e3o Uruguai<\/h3>\n      <div class=\"td-excerpt\">\n            <div id=\"wpcf-field-tipology\" class=\"wpcf-field-select wpcf-field-tipology\"><span class=\"wpcf-field-name wpcf-field-select-name wpcf-field-tipology-name\">tipology:<\/span> <span class=\"wpcf-field-value wpcf-field-select-value wpcf-field-tipology-value\">infrastructure<\/span><\/div>\n            <div id=\"wpcf-field-architect\" class=\"wpcf-field-single-line wpcf-field-architect\"><span class=\"wpcf-field-name wpcf-field-single-line-name wpcf-field-architect-name\">architect:<\/span> <span class=\"wpcf-field-value wpcf-field-single-line-value wpcf-field-architect-value\">JBMC Arquitetura e Urbanismo<\/span><\/div>\n            <div id=\"wpcf-field-realization\" class=\"wpcf-field-number wpcf-field-realization\"><span class=\"wpcf-field-name wpcf-field-number-name wpcf-field-realization-name\">realization:<\/span> <span class=\"wpcf-field-value wpcf-field-number-value wpcf-field-realization-value\">2012<\/span><\/div>\n            Rua Conde de Bonfim - Tijuca, Rio de Janeiro, Brasile\n          <\/div>\n  <\/div>\n<\/article>\n          <\/div>\n            <h4><a href=\"#\" onclick=\"cimap();\" class=\"link-marker js-wpv-addon-maps-focus-map js-toolset-maps-hover-map-map-1-marker-marker-68793 js-toolset-maps-open-infowindow-map-map-1-marker-marker-68793\" data-map=\"map-1\" data-marker=\"marker-68793\">39. Esta\u00e7\u00e3o Uruguai<\/a><\/h4>\n            <div id=\"wpcf-field-tipology\" class=\"wpcf-field-select wpcf-field-tipology\"><span class=\"wpcf-field-name wpcf-field-select-name wpcf-field-tipology-name\">tipology:<\/span> <span class=\"wpcf-field-value wpcf-field-select-value wpcf-field-tipology-value\">infrastructure<\/span><\/div> | <div id=\"wpcf-field-architect\" class=\"wpcf-field-single-line wpcf-field-architect\"><span class=\"wpcf-field-name wpcf-field-single-line-name wpcf-field-architect-name\">architect:<\/span> <span class=\"wpcf-field-value wpcf-field-single-line-value wpcf-field-architect-value\">JBMC Arquitetura e Urbanismo<\/span><\/div> | <div id=\"wpcf-field-realization\" class=\"wpcf-field-number wpcf-field-realization\"><span class=\"wpcf-field-name wpcf-field-number-name wpcf-field-realization-name\">realization:<\/span> <span class=\"wpcf-field-value wpcf-field-number-value wpcf-field-realization-value\">2012<\/span><\/div>\n          <\/li>\n\t\t\n          <li>\n            \n          <div style=\"display:none\" class=\"wpv-addon-maps-marker js-wpv-addon-maps-marker js-wpv-addon-maps-marker-marker-68796 js-wpv-addon-maps-markerfor-map-1\" data-marker=\"marker-68796\" data-markertitle=\"Maracan\u00e3 Stadium Coverage\" data-markerfor=\"map-1\" data-markerlat=\"-22.9102899\" data-markerlon=\"-43.2299243\" data-markericon=\"\/wp-content\/uploads\/sites\/6\/2017\/11\/area_marker_14.png\" data-markericonhover=\"\" data-streetview=\"no\" data-fromview=\"\">\n            <article class=\"marker-itinerario\">\n\t<div class=\"entry-thumbnail\">\n      \n      \n      \t<img loading=\"lazy\" decoding=\"async\" width=\"1024\" height=\"512\" src=\"https:\/\/static.tecnichenuove.it\/areaarch\/2019\/03\/Maracan%E2%88%86-Stadium-Coverage_f.jpg\" class=\"attachment-post-thumbnail size-post-thumbnail wp-post-image\" alt=\"\" srcset=\"https:\/\/static.tecnichenuove.it\/areaarch\/2019\/03\/Maracan%E2%88%86-Stadium-Coverage_f.jpg 1024w, https:\/\/static.tecnichenuove.it\/areaarch\/2019\/03\/Maracan%E2%88%86-Stadium-Coverage_f-300x150.jpg 300w, https:\/\/static.tecnichenuove.it\/areaarch\/2019\/03\/Maracan%E2%88%86-Stadium-Coverage_f-768x384.jpg 768w, https:\/\/static.tecnichenuove.it\/areaarch\/2019\/03\/Maracan%E2%88%86-Stadium-Coverage_f-696x348.jpg 696w, https:\/\/static.tecnichenuove.it\/areaarch\/2019\/03\/Maracan%E2%88%86-Stadium-Coverage_f-840x420.jpg 840w\" sizes=\"auto, (max-width: 1024px) 100vw, 1024px\" \/>\n      \t<img decoding=\"async\" src=\"https:\/\/www.area-arch.it\/wp-content\/uploads\/sites\/6\/2019\/03\/Maracan\u2206-Stadium-Coverage_d.jpg\" class=\"attachment-post-thumbnail\" \/>\n      \n\t<\/div>\n  \t<div class=\"entry-column\">\n      <h3 class=\"entry-title td-module-title\">Maracan\u00e3 Stadium Coverage<\/h3>\n      <div class=\"td-excerpt\">\n            <div id=\"wpcf-field-tipology\" class=\"wpcf-field-select wpcf-field-tipology\"><span class=\"wpcf-field-name wpcf-field-select-name wpcf-field-tipology-name\">tipology:<\/span> <span class=\"wpcf-field-value wpcf-field-select-value wpcf-field-tipology-value\">sport<\/span><\/div>\n            <div id=\"wpcf-field-architect\" class=\"wpcf-field-single-line wpcf-field-architect\"><span class=\"wpcf-field-name wpcf-field-single-line-name wpcf-field-architect-name\">architect:<\/span> <span class=\"wpcf-field-value wpcf-field-single-line-value wpcf-field-architect-value\">SBP Schlaich Bergermann Partners<\/span><\/div>\n            <div id=\"wpcf-field-realization\" class=\"wpcf-field-number wpcf-field-realization\"><span class=\"wpcf-field-name wpcf-field-number-name wpcf-field-realization-name\">realization:<\/span> <span class=\"wpcf-field-value wpcf-field-number-value wpcf-field-realization-value\">2013<\/span><\/div>\n            Avenida Presidente Castelo Branco - Maracan\u00e3, Rio de Janeiro, Brasile\n          <\/div>\n  <\/div>\n<\/article>\n          <\/div>\n            <h4><a href=\"#\" onclick=\"cimap();\" class=\"link-marker js-wpv-addon-maps-focus-map js-toolset-maps-hover-map-map-1-marker-marker-68796 js-toolset-maps-open-infowindow-map-map-1-marker-marker-68796\" data-map=\"map-1\" data-marker=\"marker-68796\">40. Maracan\u00e3 Stadium Coverage<\/a><\/h4>\n            <div id=\"wpcf-field-tipology\" class=\"wpcf-field-select wpcf-field-tipology\"><span class=\"wpcf-field-name wpcf-field-select-name wpcf-field-tipology-name\">tipology:<\/span> <span class=\"wpcf-field-value wpcf-field-select-value wpcf-field-tipology-value\">sport<\/span><\/div> | <div id=\"wpcf-field-architect\" class=\"wpcf-field-single-line wpcf-field-architect\"><span class=\"wpcf-field-name wpcf-field-single-line-name wpcf-field-architect-name\">architect:<\/span> <span class=\"wpcf-field-value wpcf-field-single-line-value wpcf-field-architect-value\">SBP Schlaich Bergermann Partners<\/span><\/div> | <div id=\"wpcf-field-realization\" class=\"wpcf-field-number wpcf-field-realization\"><span class=\"wpcf-field-name wpcf-field-number-name wpcf-field-realization-name\">realization:<\/span> <span class=\"wpcf-field-value wpcf-field-number-value wpcf-field-realization-value\">2013<\/span><\/div>\n          <\/li>\n\t\t\n          <li>\n            \n          <div style=\"display:none\" class=\"wpv-addon-maps-marker js-wpv-addon-maps-marker js-wpv-addon-maps-marker-marker-68799 js-wpv-addon-maps-markerfor-map-1\" data-marker=\"marker-68799\" data-markertitle=\"Cidade Nova Metro Station and Footbridge\" data-markerfor=\"map-1\" data-markerlat=\"-22.906285\" data-markerlon=\"-43.1949576\" data-markericon=\"\/wp-content\/uploads\/sites\/6\/2017\/11\/area_marker_6.png\" data-markericonhover=\"\" data-streetview=\"no\" data-fromview=\"\">\n            <article class=\"marker-itinerario\">\n\t<div class=\"entry-thumbnail\">\n      \n      \n      \t<img loading=\"lazy\" decoding=\"async\" width=\"750\" height=\"500\" src=\"https:\/\/static.tecnichenuove.it\/areaarch\/2019\/03\/Cidade-Nova-Metro-Station-and-Footbridge_f.jpg\" class=\"attachment-post-thumbnail size-post-thumbnail wp-post-image\" alt=\"\" srcset=\"https:\/\/static.tecnichenuove.it\/areaarch\/2019\/03\/Cidade-Nova-Metro-Station-and-Footbridge_f.jpg 750w, https:\/\/static.tecnichenuove.it\/areaarch\/2019\/03\/Cidade-Nova-Metro-Station-and-Footbridge_f-150x100.jpg 150w, https:\/\/static.tecnichenuove.it\/areaarch\/2019\/03\/Cidade-Nova-Metro-Station-and-Footbridge_f-300x200.jpg 300w, https:\/\/static.tecnichenuove.it\/areaarch\/2019\/03\/Cidade-Nova-Metro-Station-and-Footbridge_f-696x464.jpg 696w, https:\/\/static.tecnichenuove.it\/areaarch\/2019\/03\/Cidade-Nova-Metro-Station-and-Footbridge_f-630x420.jpg 630w\" sizes=\"auto, (max-width: 750px) 100vw, 750px\" \/>\n      \t<img decoding=\"async\" src=\"https:\/\/www.area-arch.it\/wp-content\/uploads\/sites\/6\/2019\/03\/Cidade-Nova-Metro-Station-and-Footbridge_d.jpg\" class=\"attachment-post-thumbnail\" \/>\n      \n\t<\/div>\n  \t<div class=\"entry-column\">\n      <h3 class=\"entry-title td-module-title\">Cidade Nova Metro Station and Footbridge<\/h3>\n      <div class=\"td-excerpt\">\n            <div id=\"wpcf-field-tipology\" class=\"wpcf-field-select wpcf-field-tipology\"><span class=\"wpcf-field-name wpcf-field-select-name wpcf-field-tipology-name\">tipology:<\/span> <span class=\"wpcf-field-value wpcf-field-select-value wpcf-field-tipology-value\">infrastructure<\/span><\/div>\n            <div id=\"wpcf-field-architect\" class=\"wpcf-field-single-line wpcf-field-architect\"><span class=\"wpcf-field-name wpcf-field-single-line-name wpcf-field-architect-name\">architect:<\/span> <span class=\"wpcf-field-value wpcf-field-single-line-value wpcf-field-architect-value\">JBMC Arquitetura e Urbanismo<\/span><\/div>\n            <div id=\"wpcf-field-realization\" class=\"wpcf-field-number wpcf-field-realization\"><span class=\"wpcf-field-name wpcf-field-number-name wpcf-field-realization-name\">realization:<\/span> <span class=\"wpcf-field-value wpcf-field-number-value wpcf-field-realization-value\">2009<\/span><\/div>\n            Avenida Presidente Vargas, Rio de Janeiro, Brasile\n          <\/div>\n  <\/div>\n<\/article>\n          <\/div>\n            <h4><a href=\"#\" onclick=\"cimap();\" class=\"link-marker js-wpv-addon-maps-focus-map js-toolset-maps-hover-map-map-1-marker-marker-68799 js-toolset-maps-open-infowindow-map-map-1-marker-marker-68799\" data-map=\"map-1\" data-marker=\"marker-68799\">41. Cidade Nova Metro Station and Footbridge<\/a><\/h4>\n            <div id=\"wpcf-field-tipology\" class=\"wpcf-field-select wpcf-field-tipology\"><span class=\"wpcf-field-name wpcf-field-select-name wpcf-field-tipology-name\">tipology:<\/span> <span class=\"wpcf-field-value wpcf-field-select-value wpcf-field-tipology-value\">infrastructure<\/span><\/div> | <div id=\"wpcf-field-architect\" class=\"wpcf-field-single-line wpcf-field-architect\"><span class=\"wpcf-field-name wpcf-field-single-line-name wpcf-field-architect-name\">architect:<\/span> <span class=\"wpcf-field-value wpcf-field-single-line-value wpcf-field-architect-value\">JBMC Arquitetura e Urbanismo<\/span><\/div> | <div id=\"wpcf-field-realization\" class=\"wpcf-field-number wpcf-field-realization\"><span class=\"wpcf-field-name wpcf-field-number-name wpcf-field-realization-name\">realization:<\/span> <span class=\"wpcf-field-value wpcf-field-number-value wpcf-field-realization-value\">2009<\/span><\/div>\n          <\/li>\n\t\t\n          <li>\n            \n          <div style=\"display:none\" class=\"wpv-addon-maps-marker js-wpv-addon-maps-marker js-wpv-addon-maps-marker-marker-68802 js-wpv-addon-maps-markerfor-map-1\" data-marker=\"marker-68802\" data-markertitle=\"Conjunto residencial Prefeito Mendes de Moraes &#8211; Pedregulho\" data-markerfor=\"map-1\" data-markerlat=\"-22.8941225\" data-markerlon=\"-43.2330051\" data-markericon=\"\/wp-content\/uploads\/sites\/6\/2017\/11\/area_marker_13.png\" data-markericonhover=\"\" data-streetview=\"no\" data-fromview=\"\">\n            <article class=\"marker-itinerario\">\n\t<div class=\"entry-thumbnail\">\n      \n      \n      \t<img loading=\"lazy\" decoding=\"async\" width=\"1280\" height=\"720\" src=\"https:\/\/static.tecnichenuove.it\/areaarch\/2019\/03\/Conjunto-residencial-Prefeito-Mendes_f2.jpg\" class=\"attachment-post-thumbnail size-post-thumbnail wp-post-image\" alt=\"\" srcset=\"https:\/\/static.tecnichenuove.it\/areaarch\/2019\/03\/Conjunto-residencial-Prefeito-Mendes_f2.jpg 1280w, https:\/\/static.tecnichenuove.it\/areaarch\/2019\/03\/Conjunto-residencial-Prefeito-Mendes_f2-300x169.jpg 300w, https:\/\/static.tecnichenuove.it\/areaarch\/2019\/03\/Conjunto-residencial-Prefeito-Mendes_f2-768x432.jpg 768w, https:\/\/static.tecnichenuove.it\/areaarch\/2019\/03\/Conjunto-residencial-Prefeito-Mendes_f2-1024x576.jpg 1024w, https:\/\/static.tecnichenuove.it\/areaarch\/2019\/03\/Conjunto-residencial-Prefeito-Mendes_f2-696x392.jpg 696w, https:\/\/static.tecnichenuove.it\/areaarch\/2019\/03\/Conjunto-residencial-Prefeito-Mendes_f2-1068x601.jpg 1068w, https:\/\/static.tecnichenuove.it\/areaarch\/2019\/03\/Conjunto-residencial-Prefeito-Mendes_f2-747x420.jpg 747w\" sizes=\"auto, (max-width: 1280px) 100vw, 1280px\" \/>\n      \t<img decoding=\"async\" src=\"https:\/\/www.area-arch.it\/wp-content\/uploads\/sites\/6\/2019\/03\/Conjunto-residencial-Prefeito-Mendes_d.jpg\" class=\"attachment-post-thumbnail\" \/>\n      \n\t<\/div>\n  \t<div class=\"entry-column\">\n      <h3 class=\"entry-title td-module-title\">Conjunto residencial Prefeito Mendes de Moraes &#8211; Pedregulho<\/h3>\n      <div class=\"td-excerpt\">\n            <div id=\"wpcf-field-tipology\" class=\"wpcf-field-select wpcf-field-tipology\"><span class=\"wpcf-field-name wpcf-field-select-name wpcf-field-tipology-name\">tipology:<\/span> <span class=\"wpcf-field-value wpcf-field-select-value wpcf-field-tipology-value\">residential<\/span><\/div>\n            <div id=\"wpcf-field-architect\" class=\"wpcf-field-single-line wpcf-field-architect\"><span class=\"wpcf-field-name wpcf-field-single-line-name wpcf-field-architect-name\">architect:<\/span> <span class=\"wpcf-field-value wpcf-field-single-line-value wpcf-field-architect-value\">Affonso Eduardo Reidy<\/span><\/div>\n            <div id=\"wpcf-field-realization\" class=\"wpcf-field-number wpcf-field-realization\"><span class=\"wpcf-field-name wpcf-field-number-name wpcf-field-realization-name\">realization:<\/span> <span class=\"wpcf-field-value wpcf-field-number-value wpcf-field-realization-value\">1952<\/span><\/div>\n            Rua Mal. Jardim - Vasco da Gama, Rio de Janeiro, Brasile\n          <\/div>\n  <\/div>\n<\/article>\n          <\/div>\n            <h4><a href=\"#\" onclick=\"cimap();\" class=\"link-marker js-wpv-addon-maps-focus-map js-toolset-maps-hover-map-map-1-marker-marker-68802 js-toolset-maps-open-infowindow-map-map-1-marker-marker-68802\" data-map=\"map-1\" data-marker=\"marker-68802\">42. Conjunto residencial Prefeito Mendes de Moraes &#8211; Pedregulho<\/a><\/h4>\n            <div id=\"wpcf-field-tipology\" class=\"wpcf-field-select wpcf-field-tipology\"><span class=\"wpcf-field-name wpcf-field-select-name wpcf-field-tipology-name\">tipology:<\/span> <span class=\"wpcf-field-value wpcf-field-select-value wpcf-field-tipology-value\">residential<\/span><\/div> | <div id=\"wpcf-field-architect\" class=\"wpcf-field-single-line wpcf-field-architect\"><span class=\"wpcf-field-name wpcf-field-single-line-name wpcf-field-architect-name\">architect:<\/span> <span class=\"wpcf-field-value wpcf-field-single-line-value wpcf-field-architect-value\">Affonso Eduardo Reidy<\/span><\/div> | <div id=\"wpcf-field-realization\" class=\"wpcf-field-number wpcf-field-realization\"><span class=\"wpcf-field-name wpcf-field-number-name wpcf-field-realization-name\">realization:<\/span> <span class=\"wpcf-field-value wpcf-field-number-value wpcf-field-realization-value\">1952<\/span><\/div>\n          <\/li>\n\t\t\n          <li>\n            \n          <div style=\"display:none\" class=\"wpv-addon-maps-marker js-wpv-addon-maps-marker js-wpv-addon-maps-marker-marker-68805 js-wpv-addon-maps-markerfor-map-1\" data-marker=\"marker-68805\" data-markertitle=\"Universidade Federal do Rio de Janeiro &#8211; Rectory building\" data-markerfor=\"map-1\" data-markerlat=\"-22.8584636\" data-markerlon=\"-43.2313944\" data-markericon=\"\/wp-content\/uploads\/sites\/6\/2017\/11\/area_marker_4.png\" data-markericonhover=\"\" data-streetview=\"no\" data-fromview=\"\">\n            <article class=\"marker-itinerario\">\n\t<div class=\"entry-thumbnail\">\n      \n      \n      \t<img loading=\"lazy\" decoding=\"async\" width=\"825\" height=\"541\" src=\"https:\/\/static.tecnichenuove.it\/areaarch\/2019\/03\/Universidade-Federal-do-Rio-de-Janeiro-rectory-building_f.jpg\" class=\"attachment-post-thumbnail size-post-thumbnail wp-post-image\" alt=\"\" srcset=\"https:\/\/static.tecnichenuove.it\/areaarch\/2019\/03\/Universidade-Federal-do-Rio-de-Janeiro-rectory-building_f.jpg 825w, https:\/\/static.tecnichenuove.it\/areaarch\/2019\/03\/Universidade-Federal-do-Rio-de-Janeiro-rectory-building_f-300x197.jpg 300w, https:\/\/static.tecnichenuove.it\/areaarch\/2019\/03\/Universidade-Federal-do-Rio-de-Janeiro-rectory-building_f-768x504.jpg 768w, https:\/\/static.tecnichenuove.it\/areaarch\/2019\/03\/Universidade-Federal-do-Rio-de-Janeiro-rectory-building_f-696x456.jpg 696w, https:\/\/static.tecnichenuove.it\/areaarch\/2019\/03\/Universidade-Federal-do-Rio-de-Janeiro-rectory-building_f-741x486.jpg 741w, https:\/\/static.tecnichenuove.it\/areaarch\/2019\/03\/Universidade-Federal-do-Rio-de-Janeiro-rectory-building_f-640x420.jpg 640w\" sizes=\"auto, (max-width: 825px) 100vw, 825px\" \/>\n      \t<img decoding=\"async\" src=\"https:\/\/www.area-arch.it\/wp-content\/uploads\/sites\/6\/2019\/03\/43_RECTORY.jpg\" class=\"attachment-post-thumbnail\" \/>\n      \n\t<\/div>\n  \t<div class=\"entry-column\">\n      <h3 class=\"entry-title td-module-title\">Universidade Federal do Rio de Janeiro &#8211; Rectory building<\/h3>\n      <div class=\"td-excerpt\">\n            <div id=\"wpcf-field-tipology\" class=\"wpcf-field-select wpcf-field-tipology\"><span class=\"wpcf-field-name wpcf-field-select-name wpcf-field-tipology-name\">tipology:<\/span> <span class=\"wpcf-field-value wpcf-field-select-value wpcf-field-tipology-value\">education<\/span><\/div>\n            <div id=\"wpcf-field-architect\" class=\"wpcf-field-single-line wpcf-field-architect\"><span class=\"wpcf-field-name wpcf-field-single-line-name wpcf-field-architect-name\">architect:<\/span> <span class=\"wpcf-field-value wpcf-field-single-line-value wpcf-field-architect-value\">Jorge Machado Moreira<\/span><\/div>\n            <div id=\"wpcf-field-realization\" class=\"wpcf-field-number wpcf-field-realization\"><span class=\"wpcf-field-name wpcf-field-number-name wpcf-field-realization-name\">realization:<\/span> <span class=\"wpcf-field-value wpcf-field-number-value wpcf-field-realization-value\">1957<\/span><\/div>\n            Avenida Athos da Silveira Ramos, Rio de Janeiro, Brasile\n          <\/div>\n  <\/div>\n<\/article>\n          <\/div>\n            <h4><a href=\"#\" onclick=\"cimap();\" class=\"link-marker js-wpv-addon-maps-focus-map js-toolset-maps-hover-map-map-1-marker-marker-68805 js-toolset-maps-open-infowindow-map-map-1-marker-marker-68805\" data-map=\"map-1\" data-marker=\"marker-68805\">43. Universidade Federal do Rio de Janeiro &#8211; Rectory building<\/a><\/h4>\n            <div id=\"wpcf-field-tipology\" class=\"wpcf-field-select wpcf-field-tipology\"><span class=\"wpcf-field-name wpcf-field-select-name wpcf-field-tipology-name\">tipology:<\/span> <span class=\"wpcf-field-value wpcf-field-select-value wpcf-field-tipology-value\">education<\/span><\/div> | <div id=\"wpcf-field-architect\" class=\"wpcf-field-single-line wpcf-field-architect\"><span class=\"wpcf-field-name wpcf-field-single-line-name wpcf-field-architect-name\">architect:<\/span> <span class=\"wpcf-field-value wpcf-field-single-line-value wpcf-field-architect-value\">Jorge Machado Moreira<\/span><\/div> | <div id=\"wpcf-field-realization\" class=\"wpcf-field-number wpcf-field-realization\"><span class=\"wpcf-field-name wpcf-field-number-name wpcf-field-realization-name\">realization:<\/span> <span class=\"wpcf-field-value wpcf-field-number-value wpcf-field-realization-value\">1957<\/span><\/div>\n          <\/li>\n\t\t\n          <li>\n            \n          <div style=\"display:none\" class=\"wpv-addon-maps-marker js-wpv-addon-maps-marker js-wpv-addon-maps-marker-marker-68808 js-wpv-addon-maps-markerfor-map-1\" data-marker=\"marker-68808\" data-markertitle=\"Hotel Linx International Airport Gale\u00e3o\" data-markerfor=\"map-1\" data-markerlat=\"-22.811262\" data-markerlon=\"-43.2269366\" data-markericon=\"\/wp-content\/uploads\/sites\/6\/2017\/11\/area_marker_7.png\" data-markericonhover=\"\" data-streetview=\"no\" data-fromview=\"\">\n            <article class=\"marker-itinerario\">\n\t<div class=\"entry-thumbnail\">\n      \n      \n      \t<img loading=\"lazy\" decoding=\"async\" width=\"1280\" height=\"743\" src=\"https:\/\/static.tecnichenuove.it\/areaarch\/2019\/03\/Hotel-Linx-International-Airport-Gale%E2%88%86o_f.jpg\" class=\"attachment-post-thumbnail size-post-thumbnail wp-post-image\" alt=\"\" srcset=\"https:\/\/static.tecnichenuove.it\/areaarch\/2019\/03\/Hotel-Linx-International-Airport-Gale%E2%88%86o_f.jpg 1280w, https:\/\/static.tecnichenuove.it\/areaarch\/2019\/03\/Hotel-Linx-International-Airport-Gale%E2%88%86o_f-300x174.jpg 300w, https:\/\/static.tecnichenuove.it\/areaarch\/2019\/03\/Hotel-Linx-International-Airport-Gale%E2%88%86o_f-768x446.jpg 768w, https:\/\/static.tecnichenuove.it\/areaarch\/2019\/03\/Hotel-Linx-International-Airport-Gale%E2%88%86o_f-1024x594.jpg 1024w, https:\/\/static.tecnichenuove.it\/areaarch\/2019\/03\/Hotel-Linx-International-Airport-Gale%E2%88%86o_f-696x404.jpg 696w, https:\/\/static.tecnichenuove.it\/areaarch\/2019\/03\/Hotel-Linx-International-Airport-Gale%E2%88%86o_f-1068x620.jpg 1068w, https:\/\/static.tecnichenuove.it\/areaarch\/2019\/03\/Hotel-Linx-International-Airport-Gale%E2%88%86o_f-724x420.jpg 724w\" sizes=\"auto, (max-width: 1280px) 100vw, 1280px\" \/>\n      \t<img decoding=\"async\" src=\"https:\/\/www.area-arch.it\/wp-content\/uploads\/sites\/6\/2019\/03\/Hotel-Linx-International-Airport-Gale\u2206o_d2.jpg\" class=\"attachment-post-thumbnail\" \/>\n      \n\t<\/div>\n  \t<div class=\"entry-column\">\n      <h3 class=\"entry-title td-module-title\">Hotel Linx International Airport Gale\u00e3o<\/h3>\n      <div class=\"td-excerpt\">\n            <div id=\"wpcf-field-tipology\" class=\"wpcf-field-select wpcf-field-tipology\"><span class=\"wpcf-field-name wpcf-field-select-name wpcf-field-tipology-name\">tipology:<\/span> <span class=\"wpcf-field-value wpcf-field-select-value wpcf-field-tipology-value\">hotel<\/span><\/div>\n            <div id=\"wpcf-field-architect\" class=\"wpcf-field-single-line wpcf-field-architect\"><span class=\"wpcf-field-name wpcf-field-single-line-name wpcf-field-architect-name\">architect:<\/span> <span class=\"wpcf-field-value wpcf-field-single-line-value wpcf-field-architect-value\">OSPA Arquitetura e Urbanismo<\/span><\/div>\n            <div id=\"wpcf-field-realization\" class=\"wpcf-field-number wpcf-field-realization\"><span class=\"wpcf-field-name wpcf-field-number-name wpcf-field-realization-name\">realization:<\/span> <span class=\"wpcf-field-value wpcf-field-number-value wpcf-field-realization-value\">2013<\/span><\/div>\n            Gale\u00e3o, Rio de Janeiro, Brasile\n          <\/div>\n  <\/div>\n<\/article>\n          <\/div>\n            <h4><a href=\"#\" onclick=\"cimap();\" class=\"link-marker js-wpv-addon-maps-focus-map js-toolset-maps-hover-map-map-1-marker-marker-68808 js-toolset-maps-open-infowindow-map-map-1-marker-marker-68808\" data-map=\"map-1\" data-marker=\"marker-68808\">44. Hotel Linx International Airport Gale\u00e3o<\/a><\/h4>\n            <div id=\"wpcf-field-tipology\" class=\"wpcf-field-select wpcf-field-tipology\"><span class=\"wpcf-field-name wpcf-field-select-name wpcf-field-tipology-name\">tipology:<\/span> <span class=\"wpcf-field-value wpcf-field-select-value wpcf-field-tipology-value\">hotel<\/span><\/div> | <div id=\"wpcf-field-architect\" class=\"wpcf-field-single-line wpcf-field-architect\"><span class=\"wpcf-field-name wpcf-field-single-line-name wpcf-field-architect-name\">architect:<\/span> <span class=\"wpcf-field-value wpcf-field-single-line-value wpcf-field-architect-value\">OSPA Arquitetura e Urbanismo<\/span><\/div> | <div id=\"wpcf-field-realization\" class=\"wpcf-field-number wpcf-field-realization\"><span class=\"wpcf-field-name wpcf-field-number-name wpcf-field-realization-name\">realization:<\/span> <span class=\"wpcf-field-value wpcf-field-number-value wpcf-field-realization-value\">2013<\/span><\/div>\n          <\/li>\n\t\t\n          <li>\n            \n          <div style=\"display:none\" class=\"wpv-addon-maps-marker js-wpv-addon-maps-marker js-wpv-addon-maps-marker-marker-68811 js-wpv-addon-maps-markerfor-map-1\" data-marker=\"marker-68811\" data-markertitle=\"Parque Ol\u00edmpico de Deodoro masterplan\" data-markerfor=\"map-1\" data-markerlat=\"-22.8638414\" data-markerlon=\"-43.3976924\" data-markericon=\"\/wp-content\/uploads\/sites\/6\/2017\/11\/area_marker_14.png\" data-markericonhover=\"\" data-streetview=\"no\" data-fromview=\"\">\n            <article class=\"marker-itinerario\">\n\t<div class=\"entry-thumbnail\">\n      \n      \n      \t<img loading=\"lazy\" decoding=\"async\" width=\"1280\" height=\"727\" src=\"https:\/\/static.tecnichenuove.it\/areaarch\/2019\/03\/Parque-Ol%C2%B0mpico-de-Deodoro_f.jpg\" class=\"attachment-post-thumbnail size-post-thumbnail wp-post-image\" alt=\"\" srcset=\"https:\/\/static.tecnichenuove.it\/areaarch\/2019\/03\/Parque-Ol%C2%B0mpico-de-Deodoro_f.jpg 1280w, https:\/\/static.tecnichenuove.it\/areaarch\/2019\/03\/Parque-Ol%C2%B0mpico-de-Deodoro_f-300x170.jpg 300w, https:\/\/static.tecnichenuove.it\/areaarch\/2019\/03\/Parque-Ol%C2%B0mpico-de-Deodoro_f-768x436.jpg 768w, https:\/\/static.tecnichenuove.it\/areaarch\/2019\/03\/Parque-Ol%C2%B0mpico-de-Deodoro_f-1024x582.jpg 1024w, https:\/\/static.tecnichenuove.it\/areaarch\/2019\/03\/Parque-Ol%C2%B0mpico-de-Deodoro_f-696x395.jpg 696w, https:\/\/static.tecnichenuove.it\/areaarch\/2019\/03\/Parque-Ol%C2%B0mpico-de-Deodoro_f-1068x607.jpg 1068w, https:\/\/static.tecnichenuove.it\/areaarch\/2019\/03\/Parque-Ol%C2%B0mpico-de-Deodoro_f-739x420.jpg 739w\" sizes=\"auto, (max-width: 1280px) 100vw, 1280px\" \/>\n      \t<img decoding=\"async\" src=\"https:\/\/www.area-arch.it\/wp-content\/uploads\/sites\/6\/2019\/03\/Parque-Ol\u00b0mpico-de-Deodoro_d.jpg\" class=\"attachment-post-thumbnail\" \/>\n      \n\t<\/div>\n  \t<div class=\"entry-column\">\n      <h3 class=\"entry-title td-module-title\">Parque Ol\u00edmpico de Deodoro masterplan<\/h3>\n      <div class=\"td-excerpt\">\n            <div id=\"wpcf-field-tipology\" class=\"wpcf-field-select wpcf-field-tipology\"><span class=\"wpcf-field-name wpcf-field-select-name wpcf-field-tipology-name\">tipology:<\/span> <span class=\"wpcf-field-value wpcf-field-select-value wpcf-field-tipology-value\">sport<\/span><\/div>\n            <div id=\"wpcf-field-architect\" class=\"wpcf-field-single-line wpcf-field-architect\"><span class=\"wpcf-field-name wpcf-field-single-line-name wpcf-field-architect-name\">architect:<\/span> <span class=\"wpcf-field-value wpcf-field-single-line-value wpcf-field-architect-value\">Vigliecca &amp; Associados<\/span><\/div>\n            <div id=\"wpcf-field-realization\" class=\"wpcf-field-number wpcf-field-realization\"><span class=\"wpcf-field-name wpcf-field-number-name wpcf-field-realization-name\">realization:<\/span> <span class=\"wpcf-field-value wpcf-field-number-value wpcf-field-realization-value\">2016<\/span><\/div>\n            Avenida Duque de Caxias - Vila Militar, Rio de Janeiro, Brasile\n          <\/div>\n  <\/div>\n<\/article>\n          <\/div>\n            <h4><a href=\"#\" onclick=\"cimap();\" class=\"link-marker js-wpv-addon-maps-focus-map js-toolset-maps-hover-map-map-1-marker-marker-68811 js-toolset-maps-open-infowindow-map-map-1-marker-marker-68811\" data-map=\"map-1\" data-marker=\"marker-68811\">45. Parque Ol\u00edmpico de Deodoro masterplan<\/a><\/h4>\n            <div id=\"wpcf-field-tipology\" class=\"wpcf-field-select wpcf-field-tipology\"><span class=\"wpcf-field-name wpcf-field-select-name wpcf-field-tipology-name\">tipology:<\/span> <span class=\"wpcf-field-value wpcf-field-select-value wpcf-field-tipology-value\">sport<\/span><\/div> | <div id=\"wpcf-field-architect\" class=\"wpcf-field-single-line wpcf-field-architect\"><span class=\"wpcf-field-name wpcf-field-single-line-name wpcf-field-architect-name\">architect:<\/span> <span class=\"wpcf-field-value wpcf-field-single-line-value wpcf-field-architect-value\">Vigliecca &amp; Associados<\/span><\/div> | <div id=\"wpcf-field-realization\" class=\"wpcf-field-number wpcf-field-realization\"><span class=\"wpcf-field-name wpcf-field-number-name wpcf-field-realization-name\">realization:<\/span> <span class=\"wpcf-field-value wpcf-field-number-value wpcf-field-realization-value\">2016<\/span><\/div>\n          <\/li>\n\t\t\n          <li>\n            \n          <div style=\"display:none\" class=\"wpv-addon-maps-marker js-wpv-addon-maps-marker js-wpv-addon-maps-marker-marker-68817 js-wpv-addon-maps-markerfor-map-1\" data-marker=\"marker-68817\" data-markertitle=\"Arena de Juventude\" data-markerfor=\"map-1\" data-markerlat=\"-22.8638414\" data-markerlon=\"-43.3976924\" data-markericon=\"\/wp-content\/uploads\/sites\/6\/2017\/11\/area_marker_14.png\" data-markericonhover=\"\" data-streetview=\"no\" data-fromview=\"\">\n            <article class=\"marker-itinerario\">\n\t<div class=\"entry-thumbnail\">\n      \n      \n      \t<img loading=\"lazy\" decoding=\"async\" width=\"1280\" height=\"881\" src=\"https:\/\/static.tecnichenuove.it\/areaarch\/2019\/03\/arena-de-juventude_f2.jpg\" class=\"attachment-post-thumbnail size-post-thumbnail wp-post-image\" alt=\"\" srcset=\"https:\/\/static.tecnichenuove.it\/areaarch\/2019\/03\/arena-de-juventude_f2.jpg 1280w, https:\/\/static.tecnichenuove.it\/areaarch\/2019\/03\/arena-de-juventude_f2-300x206.jpg 300w, https:\/\/static.tecnichenuove.it\/areaarch\/2019\/03\/arena-de-juventude_f2-768x529.jpg 768w, https:\/\/static.tecnichenuove.it\/areaarch\/2019\/03\/arena-de-juventude_f2-1024x705.jpg 1024w, https:\/\/static.tecnichenuove.it\/areaarch\/2019\/03\/arena-de-juventude_f2-100x70.jpg 100w, https:\/\/static.tecnichenuove.it\/areaarch\/2019\/03\/arena-de-juventude_f2-218x150.jpg 218w, https:\/\/static.tecnichenuove.it\/areaarch\/2019\/03\/arena-de-juventude_f2-436x300.jpg 436w, https:\/\/static.tecnichenuove.it\/areaarch\/2019\/03\/arena-de-juventude_f2-696x479.jpg 696w, https:\/\/static.tecnichenuove.it\/areaarch\/2019\/03\/arena-de-juventude_f2-1068x735.jpg 1068w, https:\/\/static.tecnichenuove.it\/areaarch\/2019\/03\/arena-de-juventude_f2-610x420.jpg 610w\" sizes=\"auto, (max-width: 1280px) 100vw, 1280px\" \/>\n      \t<img decoding=\"async\" src=\"https:\/\/www.area-arch.it\/wp-content\/uploads\/sites\/6\/2019\/03\/arena-de-juventude_d.jpg\" class=\"attachment-post-thumbnail\" \/>\n      \n\t<\/div>\n  \t<div class=\"entry-column\">\n      <h3 class=\"entry-title td-module-title\">Arena de Juventude<\/h3>\n      <div class=\"td-excerpt\">\n            <div id=\"wpcf-field-tipology\" class=\"wpcf-field-select wpcf-field-tipology\"><span class=\"wpcf-field-name wpcf-field-select-name wpcf-field-tipology-name\">tipology:<\/span> <span class=\"wpcf-field-value wpcf-field-select-value wpcf-field-tipology-value\">sport<\/span><\/div>\n            <div id=\"wpcf-field-architect\" class=\"wpcf-field-single-line wpcf-field-architect\"><span class=\"wpcf-field-name wpcf-field-single-line-name wpcf-field-architect-name\">architect:<\/span> <span class=\"wpcf-field-value wpcf-field-single-line-value wpcf-field-architect-value\">Vigliecca &amp; Associados<\/span><\/div>\n            <div id=\"wpcf-field-realization\" class=\"wpcf-field-number wpcf-field-realization\"><span class=\"wpcf-field-name wpcf-field-number-name wpcf-field-realization-name\">realization:<\/span> <span class=\"wpcf-field-value wpcf-field-number-value wpcf-field-realization-value\">2016<\/span><\/div>\n            Avenida Duque de Caxias - Vila Militar, Rio de Janeiro, Brasile\n          <\/div>\n  <\/div>\n<\/article>\n          <\/div>\n            <h4><a href=\"#\" onclick=\"cimap();\" class=\"link-marker js-wpv-addon-maps-focus-map js-toolset-maps-hover-map-map-1-marker-marker-68817 js-toolset-maps-open-infowindow-map-map-1-marker-marker-68817\" data-map=\"map-1\" data-marker=\"marker-68817\">46. Arena de Juventude<\/a><\/h4>\n            <div id=\"wpcf-field-tipology\" class=\"wpcf-field-select wpcf-field-tipology\"><span class=\"wpcf-field-name wpcf-field-select-name wpcf-field-tipology-name\">tipology:<\/span> <span class=\"wpcf-field-value wpcf-field-select-value wpcf-field-tipology-value\">sport<\/span><\/div> | <div id=\"wpcf-field-architect\" class=\"wpcf-field-single-line wpcf-field-architect\"><span class=\"wpcf-field-name wpcf-field-single-line-name wpcf-field-architect-name\">architect:<\/span> <span class=\"wpcf-field-value wpcf-field-single-line-value wpcf-field-architect-value\">Vigliecca &amp; Associados<\/span><\/div> | <div id=\"wpcf-field-realization\" class=\"wpcf-field-number wpcf-field-realization\"><span class=\"wpcf-field-name wpcf-field-number-name wpcf-field-realization-name\">realization:<\/span> <span class=\"wpcf-field-value wpcf-field-number-value wpcf-field-realization-value\">2016<\/span><\/div>\n          <\/li>\n\t\t\n          <li>\n            \n          <div style=\"display:none\" class=\"wpv-addon-maps-marker js-wpv-addon-maps-marker js-wpv-addon-maps-marker-marker-68820 js-wpv-addon-maps-markerfor-map-1\" data-marker=\"marker-68820\" data-markertitle=\"Centro de Tiro Esportivo\" data-markerfor=\"map-1\" data-markerlat=\"-22.8638414\" data-markerlon=\"-43.3976924\" data-markericon=\"\/wp-content\/uploads\/sites\/6\/2017\/11\/area_marker_14.png\" data-markericonhover=\"\" data-streetview=\"no\" data-fromview=\"\">\n            <article class=\"marker-itinerario\">\n\t<div class=\"entry-thumbnail\">\n      \n      \n      \t\n      \t<img decoding=\"async\" src=\"https:\/\/www.area-arch.it\/wp-content\/uploads\/sites\/6\/2019\/03\/centro-de-tiro-esportivo-2.jpg\" class=\"attachment-post-thumbnail\" \/>\n      \n\t<\/div>\n  \t<div class=\"entry-column\">\n      <h3 class=\"entry-title td-module-title\">Centro de Tiro Esportivo<\/h3>\n      <div class=\"td-excerpt\">\n            <div id=\"wpcf-field-tipology\" class=\"wpcf-field-select wpcf-field-tipology\"><span class=\"wpcf-field-name wpcf-field-select-name wpcf-field-tipology-name\">tipology:<\/span> <span class=\"wpcf-field-value wpcf-field-select-value wpcf-field-tipology-value\">sport<\/span><\/div>\n            <div id=\"wpcf-field-architect\" class=\"wpcf-field-single-line wpcf-field-architect\"><span class=\"wpcf-field-name wpcf-field-single-line-name wpcf-field-architect-name\">architect:<\/span> <span class=\"wpcf-field-value wpcf-field-single-line-value wpcf-field-architect-value\">BCMF Arquitetos<\/span><\/div>\n            <div id=\"wpcf-field-realization\" class=\"wpcf-field-number wpcf-field-realization\"><span class=\"wpcf-field-name wpcf-field-number-name wpcf-field-realization-name\">realization:<\/span> <span class=\"wpcf-field-value wpcf-field-number-value wpcf-field-realization-value\">2007<\/span><\/div>\n            Avenida Duque de Caxias - Vila Militar, Rio de Janeiro, Brasile\n          <\/div>\n  <\/div>\n<\/article>\n          <\/div>\n            <h4><a href=\"#\" onclick=\"cimap();\" class=\"link-marker js-wpv-addon-maps-focus-map js-toolset-maps-hover-map-map-1-marker-marker-68820 js-toolset-maps-open-infowindow-map-map-1-marker-marker-68820\" data-map=\"map-1\" data-marker=\"marker-68820\">47. Centro de Tiro Esportivo<\/a><\/h4>\n            <div id=\"wpcf-field-tipology\" class=\"wpcf-field-select wpcf-field-tipology\"><span class=\"wpcf-field-name wpcf-field-select-name wpcf-field-tipology-name\">tipology:<\/span> <span class=\"wpcf-field-value wpcf-field-select-value wpcf-field-tipology-value\">sport<\/span><\/div> | <div id=\"wpcf-field-architect\" class=\"wpcf-field-single-line wpcf-field-architect\"><span class=\"wpcf-field-name wpcf-field-single-line-name wpcf-field-architect-name\">architect:<\/span> <span class=\"wpcf-field-value wpcf-field-single-line-value wpcf-field-architect-value\">BCMF Arquitetos<\/span><\/div> | <div id=\"wpcf-field-realization\" class=\"wpcf-field-number wpcf-field-realization\"><span class=\"wpcf-field-name wpcf-field-number-name wpcf-field-realization-name\">realization:<\/span> <span class=\"wpcf-field-value wpcf-field-number-value wpcf-field-realization-value\">2007<\/span><\/div>\n          <\/li>\n\t\t\n          <li>\n            \n          <div style=\"display:none\" class=\"wpv-addon-maps-marker js-wpv-addon-maps-marker js-wpv-addon-maps-marker-marker-68823 js-wpv-addon-maps-markerfor-map-1\" data-marker=\"marker-68823\" data-markertitle=\"Olympic Radical Park\" data-markerfor=\"map-1\" data-markerlat=\"-22.8479148\" data-markerlon=\"-43.3959336\" data-markericon=\"\/wp-content\/uploads\/sites\/6\/2017\/11\/area_marker_14.png\" data-markericonhover=\"\" data-streetview=\"no\" data-fromview=\"\">\n            <article class=\"marker-itinerario\">\n\t<div class=\"entry-thumbnail\">\n      \n      \n      \t<img loading=\"lazy\" decoding=\"async\" width=\"1280\" height=\"853\" src=\"https:\/\/static.tecnichenuove.it\/areaarch\/2019\/03\/olympic-radical-park_f.jpg\" class=\"attachment-post-thumbnail size-post-thumbnail wp-post-image\" alt=\"\" srcset=\"https:\/\/static.tecnichenuove.it\/areaarch\/2019\/03\/olympic-radical-park_f.jpg 1280w, https:\/\/static.tecnichenuove.it\/areaarch\/2019\/03\/olympic-radical-park_f-150x100.jpg 150w, https:\/\/static.tecnichenuove.it\/areaarch\/2019\/03\/olympic-radical-park_f-300x200.jpg 300w, https:\/\/static.tecnichenuove.it\/areaarch\/2019\/03\/olympic-radical-park_f-768x512.jpg 768w, https:\/\/static.tecnichenuove.it\/areaarch\/2019\/03\/olympic-radical-park_f-1024x682.jpg 1024w, https:\/\/static.tecnichenuove.it\/areaarch\/2019\/03\/olympic-radical-park_f-696x464.jpg 696w, https:\/\/static.tecnichenuove.it\/areaarch\/2019\/03\/olympic-radical-park_f-1068x712.jpg 1068w, https:\/\/static.tecnichenuove.it\/areaarch\/2019\/03\/olympic-radical-park_f-630x420.jpg 630w\" sizes=\"auto, (max-width: 1280px) 100vw, 1280px\" \/>\n      \t<img decoding=\"async\" src=\"https:\/\/www.area-arch.it\/wp-content\/uploads\/sites\/6\/2019\/03\/olympic-radical-park_d.jpg\" class=\"attachment-post-thumbnail\" \/>\n      \n\t<\/div>\n  \t<div class=\"entry-column\">\n      <h3 class=\"entry-title td-module-title\">Olympic Radical Park<\/h3>\n      <div class=\"td-excerpt\">\n            <div id=\"wpcf-field-tipology\" class=\"wpcf-field-select wpcf-field-tipology\"><span class=\"wpcf-field-name wpcf-field-select-name wpcf-field-tipology-name\">tipology:<\/span> <span class=\"wpcf-field-value wpcf-field-select-value wpcf-field-tipology-value\">sport<\/span><\/div>\n            <div id=\"wpcf-field-architect\" class=\"wpcf-field-single-line wpcf-field-architect\"><span class=\"wpcf-field-name wpcf-field-single-line-name wpcf-field-architect-name\">architect:<\/span> <span class=\"wpcf-field-value wpcf-field-single-line-value wpcf-field-architect-value\">Vigliecca &amp; Associados<\/span><\/div>\n            <div id=\"wpcf-field-realization\" class=\"wpcf-field-number wpcf-field-realization\"><span class=\"wpcf-field-name wpcf-field-number-name wpcf-field-realization-name\">realization:<\/span> <span class=\"wpcf-field-value wpcf-field-number-value wpcf-field-realization-value\">2016<\/span><\/div>\n            Estrada Marechal Alencastro - Vila Militar, Rio de Janeiro, Brasile\n          <\/div>\n  <\/div>\n<\/article>\n          <\/div>\n            <h4><a href=\"#\" onclick=\"cimap();\" class=\"link-marker js-wpv-addon-maps-focus-map js-toolset-maps-hover-map-map-1-marker-marker-68823 js-toolset-maps-open-infowindow-map-map-1-marker-marker-68823\" data-map=\"map-1\" data-marker=\"marker-68823\">48. Olympic Radical Park<\/a><\/h4>\n            <div id=\"wpcf-field-tipology\" class=\"wpcf-field-select wpcf-field-tipology\"><span class=\"wpcf-field-name wpcf-field-select-name wpcf-field-tipology-name\">tipology:<\/span> <span class=\"wpcf-field-value wpcf-field-select-value wpcf-field-tipology-value\">sport<\/span><\/div> | <div id=\"wpcf-field-architect\" class=\"wpcf-field-single-line wpcf-field-architect\"><span class=\"wpcf-field-name wpcf-field-single-line-name wpcf-field-architect-name\">architect:<\/span> <span class=\"wpcf-field-value wpcf-field-single-line-value wpcf-field-architect-value\">Vigliecca &amp; Associados<\/span><\/div> | <div id=\"wpcf-field-realization\" class=\"wpcf-field-number wpcf-field-realization\"><span class=\"wpcf-field-name wpcf-field-number-name wpcf-field-realization-name\">realization:<\/span> <span class=\"wpcf-field-value wpcf-field-number-value wpcf-field-realization-value\">2016<\/span><\/div>\n          <\/li>\n\t\t\n\t\n<\/ul>\n\t\n\t\n<\/div>\n<\/div>\n","protected":false},"excerpt":{"rendered":"search: tipology: all art gallery art studios commercial education health infrastructure hotel library mixed use museum office public residential sport theatre student accomodation church parc winery restaurant area 163 | Rio de Janeiro Download the map (PDF) Campo de Golfe Ol\u00edmpico tipology: sport architect: RUA Arquitetos realization: 2015 Avenida General Mois\u00e9s Castelo Branco Filho -","protected":false},"author":1164,"featured_media":68883,"parent":29927,"menu_order":0,"comment_status":"closed","ping_status":"closed","template":"itinerary.php","meta":{"footnotes":""},"class_list":["post-68671","page","type-page","status-publish","has-post-thumbnail","hentry"],"yoast_head":"<!-- This site is optimized with the Yoast SEO plugin v27.5 - https:\/\/yoast.com\/product\/yoast-seo-wordpress\/ -->\n<title>Contemporary itinerary: Rio de Janeiro | Area<\/title>\n<meta name=\"description\" content=\"Area 163\" \/>\n<meta name=\"robots\" content=\"index, follow, max-snippet:-1, max-image-preview:large, max-video-preview:-1\" \/>\n<link rel=\"canonical\" href=\"https:\/\/www.area-arch.it\/en\/contemporary-itinerary\/contemporary-itinerary-rio-de-janeiro\/\" \/>\n<meta property=\"og:locale\" content=\"en_US\" \/>\n<meta property=\"og:type\" content=\"article\" \/>\n<meta property=\"og:title\" content=\"Contemporary itinerary: Rio de Janeiro | Area\" \/>\n<meta property=\"og:description\" content=\"Area 163\" \/>\n<meta property=\"og:url\" content=\"https:\/\/www.area-arch.it\/en\/contemporary-itinerary\/contemporary-itinerary-rio-de-janeiro\/\" \/>\n<meta property=\"og:site_name\" content=\"Area\" \/>\n<meta property=\"article:publisher\" content=\"https:\/\/www.facebook.com\/Area.Arch\" \/>\n<meta property=\"article:modified_time\" content=\"2019-03-29T09:43:43+00:00\" \/>\n<meta property=\"og:image\" content=\"https:\/\/static.tecnichenuove.it\/areaarch\/2016\/07\/riodejaneiro.jpg\" \/>\n\t<meta property=\"og:image:width\" content=\"904\" \/>\n\t<meta property=\"og:image:height\" content=\"639\" \/>\n\t<meta property=\"og:image:type\" content=\"image\/jpeg\" \/>\n<script type=\"application\/ld+json\" class=\"yoast-schema-graph\">{\"@context\":\"https:\\\/\\\/schema.org\",\"@graph\":[{\"@type\":\"WebPage\",\"@id\":\"https:\\\/\\\/www.area-arch.it\\\/en\\\/contemporary-itinerary\\\/contemporary-itinerary-rio-de-janeiro\\\/\",\"url\":\"https:\\\/\\\/www.area-arch.it\\\/en\\\/contemporary-itinerary\\\/contemporary-itinerary-rio-de-janeiro\\\/\",\"name\":\"Contemporary itinerary: Rio de Janeiro | Area\",\"isPartOf\":{\"@id\":\"https:\\\/\\\/www.area-arch.it\\\/en\\\/#website\"},\"primaryImageOfPage\":{\"@id\":\"https:\\\/\\\/www.area-arch.it\\\/en\\\/contemporary-itinerary\\\/contemporary-itinerary-rio-de-janeiro\\\/#primaryimage\"},\"image\":{\"@id\":\"https:\\\/\\\/www.area-arch.it\\\/en\\\/contemporary-itinerary\\\/contemporary-itinerary-rio-de-janeiro\\\/#primaryimage\"},\"thumbnailUrl\":\"https:\\\/\\\/static.tecnichenuove.it\\\/areaarch\\\/2016\\\/07\\\/riodejaneiro.jpg\",\"datePublished\":\"2019-03-27T11:24:29+00:00\",\"dateModified\":\"2019-03-29T09:43:43+00:00\",\"description\":\"Area 163\",\"breadcrumb\":{\"@id\":\"https:\\\/\\\/www.area-arch.it\\\/en\\\/contemporary-itinerary\\\/contemporary-itinerary-rio-de-janeiro\\\/#breadcrumb\"},\"inLanguage\":\"en-US\",\"potentialAction\":[{\"@type\":\"ReadAction\",\"target\":[\"https:\\\/\\\/www.area-arch.it\\\/en\\\/contemporary-itinerary\\\/contemporary-itinerary-rio-de-janeiro\\\/\"]}]},{\"@type\":\"ImageObject\",\"inLanguage\":\"en-US\",\"@id\":\"https:\\\/\\\/www.area-arch.it\\\/en\\\/contemporary-itinerary\\\/contemporary-itinerary-rio-de-janeiro\\\/#primaryimage\",\"url\":\"https:\\\/\\\/static.tecnichenuove.it\\\/areaarch\\\/2016\\\/07\\\/riodejaneiro.jpg\",\"contentUrl\":\"https:\\\/\\\/static.tecnichenuove.it\\\/areaarch\\\/2016\\\/07\\\/riodejaneiro.jpg\",\"width\":904,\"height\":639},{\"@type\":\"BreadcrumbList\",\"@id\":\"https:\\\/\\\/www.area-arch.it\\\/en\\\/contemporary-itinerary\\\/contemporary-itinerary-rio-de-janeiro\\\/#breadcrumb\",\"itemListElement\":[{\"@type\":\"ListItem\",\"position\":1,\"name\":\"Home\",\"item\":\"https:\\\/\\\/www.area-arch.it\\\/en\\\/homepage-24\\\/\"},{\"@type\":\"ListItem\",\"position\":2,\"name\":\"Itinerary\",\"item\":\"https:\\\/\\\/www.area-arch.it\\\/en\\\/contemporary-itinerary\\\/\"},{\"@type\":\"ListItem\",\"position\":3,\"name\":\"Contemporary itinerary: Rio de Janeiro\"}]},{\"@type\":\"WebSite\",\"@id\":\"https:\\\/\\\/www.area-arch.it\\\/en\\\/#website\",\"url\":\"https:\\\/\\\/www.area-arch.it\\\/en\\\/\",\"name\":\"Area\",\"description\":\"rivista di architettura e arti del progetto\",\"potentialAction\":[{\"@type\":\"SearchAction\",\"target\":{\"@type\":\"EntryPoint\",\"urlTemplate\":\"https:\\\/\\\/www.area-arch.it\\\/en\\\/?s={search_term_string}\"},\"query-input\":{\"@type\":\"PropertyValueSpecification\",\"valueRequired\":true,\"valueName\":\"search_term_string\"}}],\"inLanguage\":\"en-US\"}]}<\/script>\n<!-- \/ Yoast SEO plugin. -->","yoast_head_json":{"title":"Contemporary itinerary: Rio de Janeiro | Area","description":"Area 163","robots":{"index":"index","follow":"follow","max-snippet":"max-snippet:-1","max-image-preview":"max-image-preview:large","max-video-preview":"max-video-preview:-1"},"canonical":"https:\/\/www.area-arch.it\/en\/contemporary-itinerary\/contemporary-itinerary-rio-de-janeiro\/","og_locale":"en_US","og_type":"article","og_title":"Contemporary itinerary: Rio de Janeiro | Area","og_description":"Area 163","og_url":"https:\/\/www.area-arch.it\/en\/contemporary-itinerary\/contemporary-itinerary-rio-de-janeiro\/","og_site_name":"Area","article_publisher":"https:\/\/www.facebook.com\/Area.Arch","article_modified_time":"2019-03-29T09:43:43+00:00","og_image":[{"width":904,"height":639,"url":"https:\/\/static.tecnichenuove.it\/areaarch\/2016\/07\/riodejaneiro.jpg","type":"image\/jpeg"}],"schema":{"@context":"https:\/\/schema.org","@graph":[{"@type":"WebPage","@id":"https:\/\/www.area-arch.it\/en\/contemporary-itinerary\/contemporary-itinerary-rio-de-janeiro\/","url":"https:\/\/www.area-arch.it\/en\/contemporary-itinerary\/contemporary-itinerary-rio-de-janeiro\/","name":"Contemporary itinerary: Rio de Janeiro | Area","isPartOf":{"@id":"https:\/\/www.area-arch.it\/en\/#website"},"primaryImageOfPage":{"@id":"https:\/\/www.area-arch.it\/en\/contemporary-itinerary\/contemporary-itinerary-rio-de-janeiro\/#primaryimage"},"image":{"@id":"https:\/\/www.area-arch.it\/en\/contemporary-itinerary\/contemporary-itinerary-rio-de-janeiro\/#primaryimage"},"thumbnailUrl":"https:\/\/static.tecnichenuove.it\/areaarch\/2016\/07\/riodejaneiro.jpg","datePublished":"2019-03-27T11:24:29+00:00","dateModified":"2019-03-29T09:43:43+00:00","description":"Area 163","breadcrumb":{"@id":"https:\/\/www.area-arch.it\/en\/contemporary-itinerary\/contemporary-itinerary-rio-de-janeiro\/#breadcrumb"},"inLanguage":"en-US","potentialAction":[{"@type":"ReadAction","target":["https:\/\/www.area-arch.it\/en\/contemporary-itinerary\/contemporary-itinerary-rio-de-janeiro\/"]}]},{"@type":"ImageObject","inLanguage":"en-US","@id":"https:\/\/www.area-arch.it\/en\/contemporary-itinerary\/contemporary-itinerary-rio-de-janeiro\/#primaryimage","url":"https:\/\/static.tecnichenuove.it\/areaarch\/2016\/07\/riodejaneiro.jpg","contentUrl":"https:\/\/static.tecnichenuove.it\/areaarch\/2016\/07\/riodejaneiro.jpg","width":904,"height":639},{"@type":"BreadcrumbList","@id":"https:\/\/www.area-arch.it\/en\/contemporary-itinerary\/contemporary-itinerary-rio-de-janeiro\/#breadcrumb","itemListElement":[{"@type":"ListItem","position":1,"name":"Home","item":"https:\/\/www.area-arch.it\/en\/homepage-24\/"},{"@type":"ListItem","position":2,"name":"Itinerary","item":"https:\/\/www.area-arch.it\/en\/contemporary-itinerary\/"},{"@type":"ListItem","position":3,"name":"Contemporary itinerary: Rio de Janeiro"}]},{"@type":"WebSite","@id":"https:\/\/www.area-arch.it\/en\/#website","url":"https:\/\/www.area-arch.it\/en\/","name":"Area","description":"rivista di architettura e arti del progetto","potentialAction":[{"@type":"SearchAction","target":{"@type":"EntryPoint","urlTemplate":"https:\/\/www.area-arch.it\/en\/?s={search_term_string}"},"query-input":{"@type":"PropertyValueSpecification","valueRequired":true,"valueName":"search_term_string"}}],"inLanguage":"en-US"}]}},"_links":{"self":[{"href":"https:\/\/www.area-arch.it\/en\/wp-json\/wp\/v2\/pages\/68671","targetHints":{"allow":["GET"]}}],"collection":[{"href":"https:\/\/www.area-arch.it\/en\/wp-json\/wp\/v2\/pages"}],"about":[{"href":"https:\/\/www.area-arch.it\/en\/wp-json\/wp\/v2\/types\/page"}],"author":[{"embeddable":true,"href":"https:\/\/www.area-arch.it\/en\/wp-json\/wp\/v2\/users\/1164"}],"replies":[{"embeddable":true,"href":"https:\/\/www.area-arch.it\/en\/wp-json\/wp\/v2\/comments?post=68671"}],"version-history":[{"count":2,"href":"https:\/\/www.area-arch.it\/en\/wp-json\/wp\/v2\/pages\/68671\/revisions"}],"predecessor-version":[{"id":68891,"href":"https:\/\/www.area-arch.it\/en\/wp-json\/wp\/v2\/pages\/68671\/revisions\/68891"}],"up":[{"embeddable":true,"href":"https:\/\/www.area-arch.it\/en\/wp-json\/wp\/v2\/pages\/29927"}],"wp:featuredmedia":[{"embeddable":true,"href":"https:\/\/www.area-arch.it\/en\/wp-json\/wp\/v2\/media\/68883"}],"wp:attachment":[{"href":"https:\/\/www.area-arch.it\/en\/wp-json\/wp\/v2\/media?parent=68671"}],"curies":[{"name":"wp","href":"https:\/\/api.w.org\/{rel}","templated":true}]}}