{"id":62090,"date":"2018-09-20T17:23:53","date_gmt":"2018-09-20T15:23:53","guid":{"rendered":"https:\/\/www.area-arch.it\/en\/contemporary-itinerary\/contemporary-itinerary-cote-dazur-2\/"},"modified":"2018-09-28T18:57:30","modified_gmt":"2018-09-28T16:57:30","slug":"contemporary-itinerary-cote-dazur","status":"publish","type":"page","link":"https:\/\/www.area-arch.it\/en\/contemporary-itinerary\/contemporary-itinerary-cote-dazur\/","title":{"rendered":"Contemporary itinerary: Provence Cote d&#8217;Azur"},"content":{"rendered":"<div class=\"area-mappa\">\n  <a name=\"mappa\" id=\"mappa\"><\/a>\n  <div id=\"js-wpv-addon-maps-render-map-1\" style=\"width:100%; height:500px;\" class=\"wpv-addon-maps-render js-wpv-addon-maps-render js-wpv-addon-maps-render-map-1 \" data-map=\"map-1\" data-generalzoom=\"5\" data-generalcenterlat=\"0\" data-generalcenterlon=\"0\" data-fitbounds=\"on\" data-singlezoom=\"14\" data-singlecenter=\"on\" data-osmlayer=\"standard\" data-maptype=\"roadmap\" data-showlayerinterests=\"false\" data-markericon=\"\" data-markericonhover=\"\" data-draggable=\"on\" data-scrollwheel=\"on\" data-doubleclickzoom=\"on\" data-maptypecontrol=\"on\" data-fullscreencontrol=\"on\" data-zoomcontrol=\"on\" data-streetviewcontrol=\"on\" data-backgroundcolor=\"\" data-cluster=\"on\" data-clustergridsize=\"60\" data-clustermaxzoom=\"\" data-clusterclickzoom=\"on\" data-clusterminsize=\"2\" data-stylejson=\"\/\/www.area-arch.it\/wp-content\/plugins\/toolset-maps\/resources\/json\/Standard.json\" data-spiderfy=\"off\" data-streetview=\"off\" data-markerid=\"\" data-location=\"\" data-lat=\"0\" data-long=\"0\" data-heading=\"\" data-pitch=\"\"><\/div>\n  \n\t<div class=\"sponsor\">\n    \n\t\t<a href=\"https:\/\/www.area-arch.it\/\" target=\"_blank\" rel=\"noopener noreferrer\">\n    \n          <img decoding=\"async\" src=\"https:\/\/www.area-arch.it\/wp-content\/uploads\/sites\/6\/2017\/10\/logo_area_369.png\" alt=\"sponsor\" class=\"attachment-full\" \/>\n    \n\t\t<\/a>\n    \n\t<\/div>\n  \n<\/div>\n<form autocomplete=\"off\" name=\"wpv-filter-28977-CATTR5b84cb4418644dea98170bac5ed50ede\" action=\"\/en\/wp-json\/wp\/v2\/pages\/62090?wpv_view_count=28977-CATTR5b84cb4418644dea98170bac5ed50ede\" method=\"get\" class=\"wpv-filter-form js-wpv-filter-form js-wpv-filter-form-28977-CATTR5b84cb4418644dea98170bac5ed50ede js-wpv-form-full\" data-viewnumber=\"28977-CATTR5b84cb4418644dea98170bac5ed50ede\" data-viewid=\"28977\" data-viewhash=\"eyJuYW1lIjoiaXRpbmVyYXJpIiwid3B2Y2l0dGFpdGluZXJhcmlvIjoiY290ZSBkJ2F6dXIifQ==\" data-viewwidgetid=\"0\" data-orderby=\"\" data-order=\"\" data-orderbyas=\"\" data-orderbysecond=\"\" data-ordersecond=\"\" data-parametric=\"{&quot;query&quot;:&quot;normal&quot;,&quot;id&quot;:28977,&quot;view_id&quot;:28977,&quot;widget_id&quot;:0,&quot;view_hash&quot;:&quot;28977-CATTR5b84cb4418644dea98170bac5ed50ede&quot;,&quot;action&quot;:&quot;\\\/en\\\/wp-json\\\/wp\\\/v2\\\/pages\\\/62090?wpv_view_count=28977-CATTR5b84cb4418644dea98170bac5ed50ede&quot;,&quot;sort&quot;:{&quot;orderby&quot;:&quot;&quot;,&quot;order&quot;:&quot;&quot;,&quot;orderby_as&quot;:&quot;&quot;,&quot;orderby_second&quot;:&quot;&quot;,&quot;order_second&quot;:&quot;&quot;},&quot;orderby&quot;:&quot;&quot;,&quot;order&quot;:&quot;&quot;,&quot;orderby_as&quot;:&quot;&quot;,&quot;orderby_second&quot;:&quot;&quot;,&quot;order_second&quot;:&quot;&quot;,&quot;ajax_form&quot;:&quot;&quot;,&quot;ajax_results&quot;:&quot;&quot;,&quot;effect&quot;:&quot;fade&quot;,&quot;prebefore&quot;:&quot;&quot;,&quot;before&quot;:&quot;&quot;,&quot;after&quot;:&quot;&quot;,&quot;attributes&quot;:{&quot;wpvcittaitinerario&quot;:&quot;cote d&#039;azur&quot;},&quot;environment&quot;:{&quot;current_post_id&quot;:62090,&quot;parent_post_id&quot;:62090,&quot;parent_term_id&quot;:0,&quot;parent_user_id&quot;:0,&quot;archive&quot;:{&quot;type&quot;:&quot;&quot;,&quot;name&quot;:&quot;&quot;,&quot;data&quot;:[]}},&quot;loop&quot;:{&quot;type&quot;:&quot;&quot;,&quot;name&quot;:&quot;&quot;,&quot;data&quot;:[],&quot;id&quot;:0}}\" data-attributes=\"{&quot;wpvcittaitinerario&quot;:&quot;cote d&#039;azur&quot;}\" data-environment=\"{&quot;current_post_id&quot;:62090,&quot;parent_post_id&quot;:62090,&quot;parent_term_id&quot;:0,&quot;parent_user_id&quot;:0,&quot;archive&quot;:{&quot;type&quot;:&quot;&quot;,&quot;name&quot;:&quot;&quot;,&quot;data&quot;:[]}}\"><input type=\"hidden\" class=\"js-wpv-dps-filter-data js-wpv-filter-data-for-this-form\" data-action=\"\/en\/wp-json\/wp\/v2\/pages\/62090?wpv_view_count=28977-CATTR5b84cb4418644dea98170bac5ed50ede\" data-page=\"1\" data-ajax=\"disable\" data-effect=\"fade\" data-maxpages=\"0\" data-ajaxprebefore=\"\" data-ajaxbefore=\"\" data-ajaxafter=\"\" \/><input class=\"wpv_view_count wpv_view_count-28977-CATTR5b84cb4418644dea98170bac5ed50ede\" type=\"hidden\" name=\"wpv_view_count\" value=\"28977-CATTR5b84cb4418644dea98170bac5ed50ede\" \/>\n\n<div class=\"filtro-itinerario\">\n  \tsearch:\n\t<input type=\"text\" name=\"wpv_post_search\"  class=\"js-wpv-filter-trigger-delayed\" \/>\n\ttipology:\n  \t\r\n<select  id=\"wpv_control_select_tipology\" name=\"tipology[]\" style=\"\" class=\"js-wpv-filter-trigger  wpcf-form-select form-select select\">\r\n<option value=\"\" selected=\"selected\" class=\"js-wpv-filter-trigger wpcf-form-option form-option option\">all<\/option>\r\n<option value=\"1\" class=\"js-wpv-filter-trigger wpcf-form-option form-option option\">art gallery<\/option>\r\n<option value=\"2\" class=\"js-wpv-filter-trigger wpcf-form-option form-option option\">art studios<\/option>\r\n<option value=\"3\" class=\"js-wpv-filter-trigger wpcf-form-option form-option option\">commercial<\/option>\r\n<option value=\"4\" class=\"js-wpv-filter-trigger wpcf-form-option form-option option\">education<\/option>\r\n<option value=\"5\" class=\"js-wpv-filter-trigger wpcf-form-option form-option option\">health<\/option>\r\n<option value=\"6\" class=\"js-wpv-filter-trigger wpcf-form-option form-option option\">infrastructure<\/option>\r\n<option value=\"7\" class=\"js-wpv-filter-trigger wpcf-form-option form-option option\">hotel<\/option>\r\n<option value=\"8\" class=\"js-wpv-filter-trigger wpcf-form-option form-option option\">library<\/option>\r\n<option value=\"9\" class=\"js-wpv-filter-trigger wpcf-form-option form-option option\">mixed use<\/option>\r\n<option value=\"10\" class=\"js-wpv-filter-trigger wpcf-form-option form-option option\">museum<\/option>\r\n<option value=\"11\" class=\"js-wpv-filter-trigger wpcf-form-option form-option option\">office<\/option>\r\n<option value=\"12\" class=\"js-wpv-filter-trigger wpcf-form-option form-option option\">public<\/option>\r\n<option value=\"13\" class=\"js-wpv-filter-trigger wpcf-form-option form-option option\">residential<\/option>\r\n<option value=\"14\" class=\"js-wpv-filter-trigger wpcf-form-option form-option option\">sport<\/option>\r\n<option value=\"15\" class=\"js-wpv-filter-trigger wpcf-form-option form-option option\">theatre<\/option>\r\n<option value=\"16\" class=\"js-wpv-filter-trigger wpcf-form-option form-option option\">student accomodation<\/option>\r\n<option value=\"17\" class=\"js-wpv-filter-trigger wpcf-form-option form-option option\">church<\/option>\r\n<option value=\"18\" class=\"js-wpv-filter-trigger wpcf-form-option form-option option\">parc<\/option>\r\n<option value=\"19\" class=\"js-wpv-filter-trigger wpcf-form-option form-option option\">winery<\/option>\r\n<option value=\"20\" class=\"js-wpv-filter-trigger wpcf-form-option form-option option\">restaurant<\/option>\r\n<\/select>\r\n\n    <input type=\"submit\" class=\"wpv-submit-trigger js-wpv-submit-trigger\" name=\"wpv_filter_submit\" value=\"Search\" \/>\n    <input type=\"button\" class=\"wpv-reset-trigger js-wpv-reset-trigger\" name=\"wpv_filter_reset\" value=\"Reset\" \/>\n<\/div>\n\n<\/form>\n<div id=\"wpv-view-layout-28977-CATTR5b84cb4418644dea98170bac5ed50ede\" class=\"js-wpv-view-layout js-wpv-layout-responsive js-wpv-view-layout-28977-CATTR5b84cb4418644dea98170bac5ed50ede\" data-viewnumber=\"28977-CATTR5b84cb4418644dea98170bac5ed50ede\" data-pagination=\"{&quot;id&quot;:28977,&quot;query&quot;:&quot;normal&quot;,&quot;type&quot;:&quot;disabled&quot;,&quot;effect&quot;:&quot;fade&quot;,&quot;duration&quot;:&quot;500&quot;,&quot;speed&quot;:5,&quot;pause_on_hover&quot;:&quot;disabled&quot;,&quot;stop_rollover&quot;:&quot;false&quot;,&quot;cache_pages&quot;:&quot;enabled&quot;,&quot;preload_images&quot;:&quot;enabled&quot;,&quot;preload_pages&quot;:&quot;enabled&quot;,&quot;preload_reach&quot;:&quot;1&quot;,&quot;spinner&quot;:&quot;builtin&quot;,&quot;spinner_image&quot;:&quot;https:\/\/test.area-arch.it\/wp-content\/plugins\/wp-views\/res\/img\/ajax-loader.gif&quot;,&quot;callback_next&quot;:&quot;&quot;,&quot;manage_history&quot;:&quot;enabled&quot;,&quot;has_controls_in_form&quot;:&quot;disabled&quot;,&quot;infinite_tolerance&quot;:&quot;0&quot;,&quot;max_pages&quot;:0,&quot;page&quot;:1,&quot;base_permalink&quot;:&quot;\/en\/wp-json\/wp\/v2\/pages\/62090?wpv_view_count=28977-CATTR5b84cb4418644dea98170bac5ed50ede&amp;wpv_paged=WPV_PAGE_NUM&quot;,&quot;loop&quot;:{&quot;type&quot;:&quot;&quot;,&quot;name&quot;:&quot;&quot;,&quot;data&quot;:[],&quot;id&quot;:0}}\" data-permalink=\"\/en\/wp-json\/wp\/v2\/pages\/62090?wpv_view_count=28977-CATTR5b84cb4418644dea98170bac5ed50ede\">\n\n<div class=\"entry-summary numero-area\">\n\n\t<span>area 160<\/span>\n\t\n  \t\t<span>|<\/span>\n  \t\n\n\n\t<span>plain architecture<\/span>\n\n    <a href=\"https:\/\/share-eu1.hsforms.com\/1-8N7GglVTICUosdieEK9KA2b3nva\" class=\"download\" target=\"_blank\">Download the map (PDF)<\/a>\n<\/div>\n\n<div class=\"mappa-itinerario\">\n\t\n<ul>\n\t\n\t\t\n          <li>\n            \n          <div style=\"display:none\" class=\"wpv-addon-maps-marker js-wpv-addon-maps-marker js-wpv-addon-maps-marker-marker-61846 js-wpv-addon-maps-markerfor-map-1\" data-marker=\"marker-61846\" data-markertitle=\"Cabanon\" data-markerfor=\"map-1\" data-markerlat=\"43.757808\" data-markerlon=\"7.473754\" data-markericon=\"\/wp-content\/uploads\/sites\/6\/2017\/11\/area_marker_13.png\" data-markericonhover=\"\" data-streetview=\"no\" data-fromview=\"\">\n            <article class=\"marker-itinerario\">\n\t<div class=\"entry-thumbnail\">\n      \n      \n      \t<img loading=\"lazy\" decoding=\"async\" width=\"1280\" height=\"960\" src=\"https:\/\/static.tecnichenuove.it\/areaarch\/2018\/09\/2017-08-10-10.39.07.jpg\" class=\"attachment-post-thumbnail size-post-thumbnail wp-post-image\" alt=\"\" srcset=\"https:\/\/static.tecnichenuove.it\/areaarch\/2018\/09\/2017-08-10-10.39.07.jpg 1280w, https:\/\/static.tecnichenuove.it\/areaarch\/2018\/09\/2017-08-10-10.39.07-300x225.jpg 300w, https:\/\/static.tecnichenuove.it\/areaarch\/2018\/09\/2017-08-10-10.39.07-768x576.jpg 768w, https:\/\/static.tecnichenuove.it\/areaarch\/2018\/09\/2017-08-10-10.39.07-1024x768.jpg 1024w, https:\/\/static.tecnichenuove.it\/areaarch\/2018\/09\/2017-08-10-10.39.07-80x60.jpg 80w, https:\/\/static.tecnichenuove.it\/areaarch\/2018\/09\/2017-08-10-10.39.07-160x120.jpg 160w, https:\/\/static.tecnichenuove.it\/areaarch\/2018\/09\/2017-08-10-10.39.07-265x198.jpg 265w, https:\/\/static.tecnichenuove.it\/areaarch\/2018\/09\/2017-08-10-10.39.07-696x522.jpg 696w, https:\/\/static.tecnichenuove.it\/areaarch\/2018\/09\/2017-08-10-10.39.07-1068x801.jpg 1068w, https:\/\/static.tecnichenuove.it\/areaarch\/2018\/09\/2017-08-10-10.39.07-560x420.jpg 560w\" sizes=\"auto, (max-width: 1280px) 100vw, 1280px\" \/>\n      \t<img decoding=\"async\" src=\"https:\/\/www.area-arch.it\/wp-content\/uploads\/sites\/6\/2018\/09\/130901_Corbusier_Cabanon_CRQ.jpg\" class=\"attachment-post-thumbnail\" \/>\n      \n\t<\/div>\n  \t<div class=\"entry-column\">\n      <h3 class=\"entry-title td-module-title\">Cabanon<\/h3>\n      <div class=\"td-excerpt\">\n            <div id=\"wpcf-field-tipology\" class=\"wpcf-field-select wpcf-field-tipology\"><span class=\"wpcf-field-name wpcf-field-select-name wpcf-field-tipology-name\">tipology:<\/span> <span class=\"wpcf-field-value wpcf-field-select-value wpcf-field-tipology-value\">residential<\/span><\/div>\n            <div id=\"wpcf-field-architect\" class=\"wpcf-field-single-line wpcf-field-architect\"><span class=\"wpcf-field-name wpcf-field-single-line-name wpcf-field-architect-name\">architect:<\/span> <span class=\"wpcf-field-value wpcf-field-single-line-value wpcf-field-architect-value\">Le Corbusier<\/span><\/div>\n            <div id=\"wpcf-field-realization\" class=\"wpcf-field-number wpcf-field-realization\"><span class=\"wpcf-field-name wpcf-field-number-name wpcf-field-realization-name\">realization:<\/span> <span class=\"wpcf-field-value wpcf-field-number-value wpcf-field-realization-value\">1951<\/span><\/div>\n            Roccabruna sul Capo Martino, Francia\n          <\/div>\n  <\/div>\n<\/article>\n          <\/div>\n            <h4><a href=\"#\" onclick=\"cimap();\" class=\"link-marker js-wpv-addon-maps-focus-map js-toolset-maps-hover-map-map-1-marker-marker-61846 js-toolset-maps-open-infowindow-map-map-1-marker-marker-61846\" data-map=\"map-1\" data-marker=\"marker-61846\">01. Cabanon<\/a><\/h4>\n            <div id=\"wpcf-field-tipology\" class=\"wpcf-field-select wpcf-field-tipology\"><span class=\"wpcf-field-name wpcf-field-select-name wpcf-field-tipology-name\">tipology:<\/span> <span class=\"wpcf-field-value wpcf-field-select-value wpcf-field-tipology-value\">residential<\/span><\/div> | <div id=\"wpcf-field-architect\" class=\"wpcf-field-single-line wpcf-field-architect\"><span class=\"wpcf-field-name wpcf-field-single-line-name wpcf-field-architect-name\">architect:<\/span> <span class=\"wpcf-field-value wpcf-field-single-line-value wpcf-field-architect-value\">Le Corbusier<\/span><\/div> | <div id=\"wpcf-field-realization\" class=\"wpcf-field-number wpcf-field-realization\"><span class=\"wpcf-field-name wpcf-field-number-name wpcf-field-realization-name\">realization:<\/span> <span class=\"wpcf-field-value wpcf-field-number-value wpcf-field-realization-value\">1951<\/span><\/div>\n          <\/li>\n\t\t\n          <li>\n            \n          <div style=\"display:none\" class=\"wpv-addon-maps-marker js-wpv-addon-maps-marker js-wpv-addon-maps-marker-marker-61849 js-wpv-addon-maps-markerfor-map-1\" data-marker=\"marker-61849\" data-markertitle=\"L&#8217;\u00c9toile de Mer\" data-markerfor=\"map-1\" data-markerlat=\"43.7601151\" data-markerlon=\"7.4572183\" data-markericon=\"\/wp-content\/uploads\/sites\/6\/2017\/11\/area_marker_3.png\" data-markericonhover=\"\" data-streetview=\"no\" data-fromview=\"\">\n            <article class=\"marker-itinerario\">\n\t<div class=\"entry-thumbnail\">\n      \n      \t<img loading=\"lazy\" decoding=\"async\" width=\"300\" height=\"225\" src=\"https:\/\/static.tecnichenuove.it\/areaarch\/2018\/09\/DSCF3350-300x225.jpg\" class=\"attachment-medium size-medium wp-post-image\" alt=\"\" srcset=\"https:\/\/static.tecnichenuove.it\/areaarch\/2018\/09\/DSCF3350-300x225.jpg 300w, https:\/\/static.tecnichenuove.it\/areaarch\/2018\/09\/DSCF3350-768x576.jpg 768w, https:\/\/static.tecnichenuove.it\/areaarch\/2018\/09\/DSCF3350-1024x768.jpg 1024w, https:\/\/static.tecnichenuove.it\/areaarch\/2018\/09\/DSCF3350-80x60.jpg 80w, https:\/\/static.tecnichenuove.it\/areaarch\/2018\/09\/DSCF3350-160x120.jpg 160w, https:\/\/static.tecnichenuove.it\/areaarch\/2018\/09\/DSCF3350-265x198.jpg 265w, https:\/\/static.tecnichenuove.it\/areaarch\/2018\/09\/DSCF3350-696x522.jpg 696w, https:\/\/static.tecnichenuove.it\/areaarch\/2018\/09\/DSCF3350-1068x801.jpg 1068w, https:\/\/static.tecnichenuove.it\/areaarch\/2018\/09\/DSCF3350-560x420.jpg 560w, https:\/\/static.tecnichenuove.it\/areaarch\/2018\/09\/DSCF3350.jpg 1280w\" sizes=\"auto, (max-width: 300px) 100vw, 300px\" \/>\n      \n      \n\t<\/div>\n  \t<div class=\"entry-column\">\n      <h3 class=\"entry-title td-module-title\">L&#8217;\u00c9toile de Mer<\/h3>\n      <div class=\"td-excerpt\">\n            <div id=\"wpcf-field-tipology\" class=\"wpcf-field-select wpcf-field-tipology\"><span class=\"wpcf-field-name wpcf-field-select-name wpcf-field-tipology-name\">tipology:<\/span> <span class=\"wpcf-field-value wpcf-field-select-value wpcf-field-tipology-value\">commercial<\/span><\/div>\n            <div id=\"wpcf-field-architect\" class=\"wpcf-field-single-line wpcf-field-architect\"><span class=\"wpcf-field-name wpcf-field-single-line-name wpcf-field-architect-name\">architect:<\/span> <span class=\"wpcf-field-value wpcf-field-single-line-value wpcf-field-architect-value\">Le Corbusier<\/span><\/div>\n            <div id=\"wpcf-field-realization\" class=\"wpcf-field-number wpcf-field-realization\"><span class=\"wpcf-field-name wpcf-field-number-name wpcf-field-realization-name\">realization:<\/span> <span class=\"wpcf-field-value wpcf-field-number-value wpcf-field-realization-value\">1952<\/span><\/div>\n            Avenue le Corbusier, Roccabruna sul Capo Martino, Francia\n          <\/div>\n  <\/div>\n<\/article>\n          <\/div>\n            <h4><a href=\"#\" onclick=\"cimap();\" class=\"link-marker js-wpv-addon-maps-focus-map js-toolset-maps-hover-map-map-1-marker-marker-61849 js-toolset-maps-open-infowindow-map-map-1-marker-marker-61849\" data-map=\"map-1\" data-marker=\"marker-61849\">02. L&#8217;\u00c9toile de Mer<\/a><\/h4>\n            <div id=\"wpcf-field-tipology\" class=\"wpcf-field-select wpcf-field-tipology\"><span class=\"wpcf-field-name wpcf-field-select-name wpcf-field-tipology-name\">tipology:<\/span> <span class=\"wpcf-field-value wpcf-field-select-value wpcf-field-tipology-value\">commercial<\/span><\/div> | <div id=\"wpcf-field-architect\" class=\"wpcf-field-single-line wpcf-field-architect\"><span class=\"wpcf-field-name wpcf-field-single-line-name wpcf-field-architect-name\">architect:<\/span> <span class=\"wpcf-field-value wpcf-field-single-line-value wpcf-field-architect-value\">Le Corbusier<\/span><\/div> | <div id=\"wpcf-field-realization\" class=\"wpcf-field-number wpcf-field-realization\"><span class=\"wpcf-field-name wpcf-field-number-name wpcf-field-realization-name\">realization:<\/span> <span class=\"wpcf-field-value wpcf-field-number-value wpcf-field-realization-value\">1952<\/span><\/div>\n          <\/li>\n\t\t\n          <li>\n            \n          <div style=\"display:none\" class=\"wpv-addon-maps-marker js-wpv-addon-maps-marker js-wpv-addon-maps-marker-marker-61851 js-wpv-addon-maps-markerfor-map-1\" data-marker=\"marker-61851\" data-markertitle=\"The Simona\" data-markerfor=\"map-1\" data-markerlat=\"43.7336696\" data-markerlon=\"7.4141628\" data-markericon=\"\/wp-content\/uploads\/sites\/6\/2017\/11\/area_marker_13.png\" data-markericonhover=\"\" data-streetview=\"no\" data-fromview=\"\">\n            <article class=\"marker-itinerario\">\n\t<div class=\"entry-thumbnail\">\n      \n      \n      \t<img loading=\"lazy\" decoding=\"async\" width=\"1018\" height=\"1138\" src=\"https:\/\/static.tecnichenuove.it\/areaarch\/2018\/09\/Schermata-2018-09-19-alle-16.49.32.png\" class=\"attachment-post-thumbnail size-post-thumbnail wp-post-image\" alt=\"\" srcset=\"https:\/\/static.tecnichenuove.it\/areaarch\/2018\/09\/Schermata-2018-09-19-alle-16.49.32.png 1018w, https:\/\/static.tecnichenuove.it\/areaarch\/2018\/09\/Schermata-2018-09-19-alle-16.49.32-268x300.png 268w, https:\/\/static.tecnichenuove.it\/areaarch\/2018\/09\/Schermata-2018-09-19-alle-16.49.32-768x859.png 768w, https:\/\/static.tecnichenuove.it\/areaarch\/2018\/09\/Schermata-2018-09-19-alle-16.49.32-916x1024.png 916w, https:\/\/static.tecnichenuove.it\/areaarch\/2018\/09\/Schermata-2018-09-19-alle-16.49.32-696x778.png 696w, https:\/\/static.tecnichenuove.it\/areaarch\/2018\/09\/Schermata-2018-09-19-alle-16.49.32-376x420.png 376w\" sizes=\"auto, (max-width: 1018px) 100vw, 1018px\" \/>\n      \t<img decoding=\"async\" src=\"https:\/\/www.area-arch.it\/wp-content\/uploads\/sites\/6\/2018\/09\/Schermata-2018-09-19-alle-16.49.14.png\" class=\"attachment-post-thumbnail\" \/>\n      \n\t<\/div>\n  \t<div class=\"entry-column\">\n      <h3 class=\"entry-title td-module-title\">The Simona<\/h3>\n      <div class=\"td-excerpt\">\n            <div id=\"wpcf-field-tipology\" class=\"wpcf-field-select wpcf-field-tipology\"><span class=\"wpcf-field-name wpcf-field-select-name wpcf-field-tipology-name\">tipology:<\/span> <span class=\"wpcf-field-value wpcf-field-select-value wpcf-field-tipology-value\">residential<\/span><\/div>\n            <div id=\"wpcf-field-architect\" class=\"wpcf-field-single-line wpcf-field-architect\"><span class=\"wpcf-field-name wpcf-field-single-line-name wpcf-field-architect-name\">architect:<\/span> <span class=\"wpcf-field-value wpcf-field-single-line-value wpcf-field-architect-value\">Agence Jean-Pierre Lott, Suzanne Belaieff architectq<\/span><\/div>\n            <div id=\"wpcf-field-realization\" class=\"wpcf-field-number wpcf-field-realization\"><span class=\"wpcf-field-name wpcf-field-number-name wpcf-field-realization-name\">realization:<\/span> <span class=\"wpcf-field-value wpcf-field-number-value wpcf-field-realization-value\">2012<\/span><\/div>\n            Boulevard du Jardin Exotique, Monaco-Ville, Monaco\n          <\/div>\n  <\/div>\n<\/article>\n          <\/div>\n            <h4><a href=\"#\" onclick=\"cimap();\" class=\"link-marker js-wpv-addon-maps-focus-map js-toolset-maps-hover-map-map-1-marker-marker-61851 js-toolset-maps-open-infowindow-map-map-1-marker-marker-61851\" data-map=\"map-1\" data-marker=\"marker-61851\">03. The Simona<\/a><\/h4>\n            <div id=\"wpcf-field-tipology\" class=\"wpcf-field-select wpcf-field-tipology\"><span class=\"wpcf-field-name wpcf-field-select-name wpcf-field-tipology-name\">tipology:<\/span> <span class=\"wpcf-field-value wpcf-field-select-value wpcf-field-tipology-value\">residential<\/span><\/div> | <div id=\"wpcf-field-architect\" class=\"wpcf-field-single-line wpcf-field-architect\"><span class=\"wpcf-field-name wpcf-field-single-line-name wpcf-field-architect-name\">architect:<\/span> <span class=\"wpcf-field-value wpcf-field-single-line-value wpcf-field-architect-value\">Agence Jean-Pierre Lott, Suzanne Belaieff architectq<\/span><\/div> | <div id=\"wpcf-field-realization\" class=\"wpcf-field-number wpcf-field-realization\"><span class=\"wpcf-field-name wpcf-field-number-name wpcf-field-realization-name\">realization:<\/span> <span class=\"wpcf-field-value wpcf-field-number-value wpcf-field-realization-value\">2012<\/span><\/div>\n          <\/li>\n\t\t\n          <li>\n            \n          <div style=\"display:none\" class=\"wpv-addon-maps-marker js-wpv-addon-maps-marker js-wpv-addon-maps-marker-marker-61861 js-wpv-addon-maps-markerfor-map-1\" data-marker=\"marker-61861\" data-markertitle=\"Pierre et Vacances Residence\" data-markerfor=\"map-1\" data-markerlat=\"43.72403\" data-markerlon=\"7.397189\" data-markericon=\"\/wp-content\/uploads\/sites\/6\/2017\/11\/area_marker_13.png\" data-markericonhover=\"\" data-streetview=\"no\" data-fromview=\"\">\n            <article class=\"marker-itinerario\">\n\t<div class=\"entry-thumbnail\">\n      \n      \n      \t<img loading=\"lazy\" decoding=\"async\" width=\"500\" height=\"333\" src=\"https:\/\/static.tecnichenuove.it\/areaarch\/2018\/09\/8932_Pierre__Vacances_Costa_Plana.jpg\" class=\"attachment-post-thumbnail size-post-thumbnail wp-post-image\" alt=\"\" srcset=\"https:\/\/static.tecnichenuove.it\/areaarch\/2018\/09\/8932_Pierre__Vacances_Costa_Plana.jpg 500w, https:\/\/static.tecnichenuove.it\/areaarch\/2018\/09\/8932_Pierre__Vacances_Costa_Plana-150x100.jpg 150w, https:\/\/static.tecnichenuove.it\/areaarch\/2018\/09\/8932_Pierre__Vacances_Costa_Plana-300x200.jpg 300w\" sizes=\"auto, (max-width: 500px) 100vw, 500px\" \/>\n      \t<img decoding=\"async\" src=\"https:\/\/www.area-arch.it\/wp-content\/uploads\/sites\/6\/2018\/09\/JN_Cap_Ail_Holiday_Homes_Pierre_Vacances_facade1.jpg\" class=\"attachment-post-thumbnail\" \/>\n      \n\t<\/div>\n  \t<div class=\"entry-column\">\n      <h3 class=\"entry-title td-module-title\">Pierre et Vacances Residence<\/h3>\n      <div class=\"td-excerpt\">\n            <div id=\"wpcf-field-tipology\" class=\"wpcf-field-select wpcf-field-tipology\"><span class=\"wpcf-field-name wpcf-field-select-name wpcf-field-tipology-name\">tipology:<\/span> <span class=\"wpcf-field-value wpcf-field-select-value wpcf-field-tipology-value\">residential<\/span><\/div>\n            <div id=\"wpcf-field-architect\" class=\"wpcf-field-single-line wpcf-field-architect\"><span class=\"wpcf-field-name wpcf-field-single-line-name wpcf-field-architect-name\">architect:<\/span> <span class=\"wpcf-field-value wpcf-field-single-line-value wpcf-field-architect-value\">Jean Nouvel<\/span><\/div>\n            <div id=\"wpcf-field-realization\" class=\"wpcf-field-number wpcf-field-realization\"><span class=\"wpcf-field-name wpcf-field-number-name wpcf-field-realization-name\">realization:<\/span> <span class=\"wpcf-field-value wpcf-field-number-value wpcf-field-realization-value\">1990<\/span><\/div>\n            Avenue du G\u00e9n\u00e9ral de Gaulle, Cap-d'Ail, Francia\n          <\/div>\n  <\/div>\n<\/article>\n          <\/div>\n            <h4><a href=\"#\" onclick=\"cimap();\" class=\"link-marker js-wpv-addon-maps-focus-map js-toolset-maps-hover-map-map-1-marker-marker-61861 js-toolset-maps-open-infowindow-map-map-1-marker-marker-61861\" data-map=\"map-1\" data-marker=\"marker-61861\">04. Pierre et Vacances Residence<\/a><\/h4>\n            <div id=\"wpcf-field-tipology\" class=\"wpcf-field-select wpcf-field-tipology\"><span class=\"wpcf-field-name wpcf-field-select-name wpcf-field-tipology-name\">tipology:<\/span> <span class=\"wpcf-field-value wpcf-field-select-value wpcf-field-tipology-value\">residential<\/span><\/div> | <div id=\"wpcf-field-architect\" class=\"wpcf-field-single-line wpcf-field-architect\"><span class=\"wpcf-field-name wpcf-field-single-line-name wpcf-field-architect-name\">architect:<\/span> <span class=\"wpcf-field-value wpcf-field-single-line-value wpcf-field-architect-value\">Jean Nouvel<\/span><\/div> | <div id=\"wpcf-field-realization\" class=\"wpcf-field-number wpcf-field-realization\"><span class=\"wpcf-field-name wpcf-field-number-name wpcf-field-realization-name\">realization:<\/span> <span class=\"wpcf-field-value wpcf-field-number-value wpcf-field-realization-value\">1990<\/span><\/div>\n          <\/li>\n\t\t\n          <li>\n            \n          <div style=\"display:none\" class=\"wpv-addon-maps-marker js-wpv-addon-maps-marker js-wpv-addon-maps-marker-marker-61864 js-wpv-addon-maps-markerfor-map-1\" data-marker=\"marker-61864\" data-markertitle=\"L&#8217;Ariane Futsal Gymnasium\" data-markerfor=\"map-1\" data-markerlat=\"43.7464375\" data-markerlon=\"7.3003604\" data-markericon=\"\/wp-content\/uploads\/sites\/6\/2017\/11\/area_marker_14.png\" data-markericonhover=\"\" data-streetview=\"no\" data-fromview=\"\">\n            <article class=\"marker-itinerario\">\n\t<div class=\"entry-thumbnail\">\n      \n      \n      \t<img loading=\"lazy\" decoding=\"async\" width=\"1280\" height=\"714\" src=\"https:\/\/static.tecnichenuove.it\/areaarch\/2018\/09\/Schermata-2018-09-20-alle-09.49.42.png\" class=\"attachment-post-thumbnail size-post-thumbnail wp-post-image\" alt=\"\" srcset=\"https:\/\/static.tecnichenuove.it\/areaarch\/2018\/09\/Schermata-2018-09-20-alle-09.49.42.png 1280w, https:\/\/static.tecnichenuove.it\/areaarch\/2018\/09\/Schermata-2018-09-20-alle-09.49.42-300x167.png 300w, https:\/\/static.tecnichenuove.it\/areaarch\/2018\/09\/Schermata-2018-09-20-alle-09.49.42-768x428.png 768w, https:\/\/static.tecnichenuove.it\/areaarch\/2018\/09\/Schermata-2018-09-20-alle-09.49.42-1024x571.png 1024w, https:\/\/static.tecnichenuove.it\/areaarch\/2018\/09\/Schermata-2018-09-20-alle-09.49.42-696x388.png 696w, https:\/\/static.tecnichenuove.it\/areaarch\/2018\/09\/Schermata-2018-09-20-alle-09.49.42-1068x596.png 1068w, https:\/\/static.tecnichenuove.it\/areaarch\/2018\/09\/Schermata-2018-09-20-alle-09.49.42-753x420.png 753w\" sizes=\"auto, (max-width: 1280px) 100vw, 1280px\" \/>\n      \t<img decoding=\"async\" src=\"https:\/\/www.area-arch.it\/wp-content\/uploads\/sites\/6\/2018\/09\/01-RiverLevelPlan.jpg\" class=\"attachment-post-thumbnail\" \/>\n      \n\t<\/div>\n  \t<div class=\"entry-column\">\n      <h3 class=\"entry-title td-module-title\">L&#8217;Ariane Futsal Gymnasium<\/h3>\n      <div class=\"td-excerpt\">\n            <div id=\"wpcf-field-tipology\" class=\"wpcf-field-select wpcf-field-tipology\"><span class=\"wpcf-field-name wpcf-field-select-name wpcf-field-tipology-name\">tipology:<\/span> <span class=\"wpcf-field-value wpcf-field-select-value wpcf-field-tipology-value\">sport<\/span><\/div>\n            <div id=\"wpcf-field-architect\" class=\"wpcf-field-single-line wpcf-field-architect\"><span class=\"wpcf-field-name wpcf-field-single-line-name wpcf-field-architect-name\">architect:<\/span> <span class=\"wpcf-field-value wpcf-field-single-line-value wpcf-field-architect-value\">CAB architects<\/span><\/div>\n            <div id=\"wpcf-field-realization\" class=\"wpcf-field-number wpcf-field-realization\"><span class=\"wpcf-field-name wpcf-field-number-name wpcf-field-realization-name\">realization:<\/span> <span class=\"wpcf-field-value wpcf-field-number-value wpcf-field-realization-value\">2016<\/span><\/div>\n            L'Ariane, Nizza, Francia\n          <\/div>\n  <\/div>\n<\/article>\n          <\/div>\n            <h4><a href=\"#\" onclick=\"cimap();\" class=\"link-marker js-wpv-addon-maps-focus-map js-toolset-maps-hover-map-map-1-marker-marker-61864 js-toolset-maps-open-infowindow-map-map-1-marker-marker-61864\" data-map=\"map-1\" data-marker=\"marker-61864\">05. L&#8217;Ariane Futsal Gymnasium<\/a><\/h4>\n            <div id=\"wpcf-field-tipology\" class=\"wpcf-field-select wpcf-field-tipology\"><span class=\"wpcf-field-name wpcf-field-select-name wpcf-field-tipology-name\">tipology:<\/span> <span class=\"wpcf-field-value wpcf-field-select-value wpcf-field-tipology-value\">sport<\/span><\/div> | <div id=\"wpcf-field-architect\" class=\"wpcf-field-single-line wpcf-field-architect\"><span class=\"wpcf-field-name wpcf-field-single-line-name wpcf-field-architect-name\">architect:<\/span> <span class=\"wpcf-field-value wpcf-field-single-line-value wpcf-field-architect-value\">CAB architects<\/span><\/div> | <div id=\"wpcf-field-realization\" class=\"wpcf-field-number wpcf-field-realization\"><span class=\"wpcf-field-name wpcf-field-number-name wpcf-field-realization-name\">realization:<\/span> <span class=\"wpcf-field-value wpcf-field-number-value wpcf-field-realization-value\">2016<\/span><\/div>\n          <\/li>\n\t\t\n          <li>\n            \n          <div style=\"display:none\" class=\"wpv-addon-maps-marker js-wpv-addon-maps-marker js-wpv-addon-maps-marker-marker-61869 js-wpv-addon-maps-markerfor-map-1\" data-marker=\"marker-61869\" data-markertitle=\"Children&#8217;s Day Care Centre in La Trinit\u00e9\" data-markerfor=\"map-1\" data-markerlat=\"43.7427636\" data-markerlon=\"7.3155426\" data-markericon=\"\/wp-content\/uploads\/sites\/6\/2017\/11\/area_marker_5.png\" data-markericonhover=\"\" data-streetview=\"no\" data-fromview=\"\">\n            <article class=\"marker-itinerario\">\n\t<div class=\"entry-thumbnail\">\n      \n      \n      \t<img loading=\"lazy\" decoding=\"async\" width=\"1280\" height=\"765\" src=\"https:\/\/static.tecnichenuove.it\/areaarch\/2018\/09\/Schermata-2018-09-20-alle-10.00.17.png\" class=\"attachment-post-thumbnail size-post-thumbnail wp-post-image\" alt=\"\" srcset=\"https:\/\/static.tecnichenuove.it\/areaarch\/2018\/09\/Schermata-2018-09-20-alle-10.00.17.png 1280w, https:\/\/static.tecnichenuove.it\/areaarch\/2018\/09\/Schermata-2018-09-20-alle-10.00.17-300x179.png 300w, https:\/\/static.tecnichenuove.it\/areaarch\/2018\/09\/Schermata-2018-09-20-alle-10.00.17-768x459.png 768w, https:\/\/static.tecnichenuove.it\/areaarch\/2018\/09\/Schermata-2018-09-20-alle-10.00.17-1024x612.png 1024w, https:\/\/static.tecnichenuove.it\/areaarch\/2018\/09\/Schermata-2018-09-20-alle-10.00.17-696x416.png 696w, https:\/\/static.tecnichenuove.it\/areaarch\/2018\/09\/Schermata-2018-09-20-alle-10.00.17-1068x638.png 1068w, https:\/\/static.tecnichenuove.it\/areaarch\/2018\/09\/Schermata-2018-09-20-alle-10.00.17-703x420.png 703w\" sizes=\"auto, (max-width: 1280px) 100vw, 1280px\" \/>\n      \t<img decoding=\"async\" src=\"https:\/\/www.area-arch.it\/wp-content\/uploads\/sites\/6\/2018\/09\/Schermata-2018-09-20-alle-09.59.04.png\" class=\"attachment-post-thumbnail\" \/>\n      \n\t<\/div>\n  \t<div class=\"entry-column\">\n      <h3 class=\"entry-title td-module-title\">Children&#8217;s Day Care Centre in La Trinit\u00e9<\/h3>\n      <div class=\"td-excerpt\">\n            <div id=\"wpcf-field-tipology\" class=\"wpcf-field-select wpcf-field-tipology\"><span class=\"wpcf-field-name wpcf-field-select-name wpcf-field-tipology-name\">tipology:<\/span> <span class=\"wpcf-field-value wpcf-field-select-value wpcf-field-tipology-value\">health<\/span><\/div>\n            <div id=\"wpcf-field-architect\" class=\"wpcf-field-single-line wpcf-field-architect\"><span class=\"wpcf-field-name wpcf-field-single-line-name wpcf-field-architect-name\">architect:<\/span> <span class=\"wpcf-field-value wpcf-field-single-line-value wpcf-field-architect-value\">CAB architects<\/span><\/div>\n            <div id=\"wpcf-field-realization\" class=\"wpcf-field-number wpcf-field-realization\"><span class=\"wpcf-field-name wpcf-field-number-name wpcf-field-realization-name\">realization:<\/span> <span class=\"wpcf-field-value wpcf-field-number-value wpcf-field-realization-value\">2011<\/span><\/div>\n            Boulevard Fran\u00e7ois Suarez, Trinit\u00e0 Vittorio, Francia\n          <\/div>\n  <\/div>\n<\/article>\n          <\/div>\n            <h4><a href=\"#\" onclick=\"cimap();\" class=\"link-marker js-wpv-addon-maps-focus-map js-toolset-maps-hover-map-map-1-marker-marker-61869 js-toolset-maps-open-infowindow-map-map-1-marker-marker-61869\" data-map=\"map-1\" data-marker=\"marker-61869\">06. Children&#8217;s Day Care Centre in La Trinit\u00e9<\/a><\/h4>\n            <div id=\"wpcf-field-tipology\" class=\"wpcf-field-select wpcf-field-tipology\"><span class=\"wpcf-field-name wpcf-field-select-name wpcf-field-tipology-name\">tipology:<\/span> <span class=\"wpcf-field-value wpcf-field-select-value wpcf-field-tipology-value\">health<\/span><\/div> | <div id=\"wpcf-field-architect\" class=\"wpcf-field-single-line wpcf-field-architect\"><span class=\"wpcf-field-name wpcf-field-single-line-name wpcf-field-architect-name\">architect:<\/span> <span class=\"wpcf-field-value wpcf-field-single-line-value wpcf-field-architect-value\">CAB architects<\/span><\/div> | <div id=\"wpcf-field-realization\" class=\"wpcf-field-number wpcf-field-realization\"><span class=\"wpcf-field-name wpcf-field-number-name wpcf-field-realization-name\">realization:<\/span> <span class=\"wpcf-field-value wpcf-field-number-value wpcf-field-realization-value\">2011<\/span><\/div>\n          <\/li>\n\t\t\n          <li>\n            \n          <div style=\"display:none\" class=\"wpv-addon-maps-marker js-wpv-addon-maps-marker js-wpv-addon-maps-marker-marker-61872 js-wpv-addon-maps-markerfor-map-1\" data-marker=\"marker-61872\" data-markertitle=\"Chez Malabar et Cun\u00e9gonde\" data-markerfor=\"map-1\" data-markerlat=\"43.7462004\" data-markerlon=\"7.243526\" data-markericon=\"\/wp-content\/uploads\/sites\/6\/2017\/11\/area_marker_13.png\" data-markericonhover=\"\" data-streetview=\"no\" data-fromview=\"\">\n            <article class=\"marker-itinerario\">\n\t<div class=\"entry-thumbnail\">\n      \n      \t<img loading=\"lazy\" decoding=\"async\" width=\"300\" height=\"201\" src=\"https:\/\/static.tecnichenuove.it\/areaarch\/2018\/09\/609468066-300x201.jpg\" class=\"attachment-medium size-medium wp-post-image\" alt=\"\" srcset=\"https:\/\/static.tecnichenuove.it\/areaarch\/2018\/09\/609468066-300x201.jpg 300w, https:\/\/static.tecnichenuove.it\/areaarch\/2018\/09\/609468066-150x100.jpg 150w, https:\/\/static.tecnichenuove.it\/areaarch\/2018\/09\/609468066.jpg 612w\" sizes=\"auto, (max-width: 300px) 100vw, 300px\" \/>\n      \n      \n\t<\/div>\n  \t<div class=\"entry-column\">\n      <h3 class=\"entry-title td-module-title\">Chez Malabar et Cun\u00e9gonde<\/h3>\n      <div class=\"td-excerpt\">\n            <div id=\"wpcf-field-tipology\" class=\"wpcf-field-select wpcf-field-tipology\"><span class=\"wpcf-field-name wpcf-field-select-name wpcf-field-tipology-name\">tipology:<\/span> <span class=\"wpcf-field-value wpcf-field-select-value wpcf-field-tipology-value\">residential<\/span><\/div>\n            <div id=\"wpcf-field-architect\" class=\"wpcf-field-single-line wpcf-field-architect\"><span class=\"wpcf-field-name wpcf-field-single-line-name wpcf-field-architect-name\">architect:<\/span> <span class=\"wpcf-field-value wpcf-field-single-line-value wpcf-field-architect-value\">Ben Vautier<\/span><\/div>\n            <div id=\"wpcf-field-realization\" class=\"wpcf-field-number wpcf-field-realization\"><span class=\"wpcf-field-name wpcf-field-number-name wpcf-field-realization-name\">realization:<\/span> <span class=\"wpcf-field-value wpcf-field-number-value wpcf-field-realization-value\">1976<\/span><\/div>\n            Route de Saint-Pancrace, Nizza, Francia\n          <\/div>\n  <\/div>\n<\/article>\n          <\/div>\n            <h4><a href=\"#\" onclick=\"cimap();\" class=\"link-marker js-wpv-addon-maps-focus-map js-toolset-maps-hover-map-map-1-marker-marker-61872 js-toolset-maps-open-infowindow-map-map-1-marker-marker-61872\" data-map=\"map-1\" data-marker=\"marker-61872\">07. Chez Malabar et Cun\u00e9gonde<\/a><\/h4>\n            <div id=\"wpcf-field-tipology\" class=\"wpcf-field-select wpcf-field-tipology\"><span class=\"wpcf-field-name wpcf-field-select-name wpcf-field-tipology-name\">tipology:<\/span> <span class=\"wpcf-field-value wpcf-field-select-value wpcf-field-tipology-value\">residential<\/span><\/div> | <div id=\"wpcf-field-architect\" class=\"wpcf-field-single-line wpcf-field-architect\"><span class=\"wpcf-field-name wpcf-field-single-line-name wpcf-field-architect-name\">architect:<\/span> <span class=\"wpcf-field-value wpcf-field-single-line-value wpcf-field-architect-value\">Ben Vautier<\/span><\/div> | <div id=\"wpcf-field-realization\" class=\"wpcf-field-number wpcf-field-realization\"><span class=\"wpcf-field-name wpcf-field-number-name wpcf-field-realization-name\">realization:<\/span> <span class=\"wpcf-field-value wpcf-field-number-value wpcf-field-realization-value\">1976<\/span><\/div>\n          <\/li>\n\t\t\n          <li>\n            \n          <div style=\"display:none\" class=\"wpv-addon-maps-marker js-wpv-addon-maps-marker js-wpv-addon-maps-marker-marker-61874 js-wpv-addon-maps-markerfor-map-1\" data-marker=\"marker-61874\" data-markertitle=\"Marc Chagall &#8211; Mus\u00e9es nationaux des Alpes Maritimes\" data-markerfor=\"map-1\" data-markerlat=\"43.7092963\" data-markerlon=\"7.2692476\" data-markericon=\"\/wp-content\/uploads\/sites\/6\/2017\/11\/area_marker_10.png\" data-markericonhover=\"\" data-streetview=\"no\" data-fromview=\"\">\n            <article class=\"marker-itinerario\">\n\t<div class=\"entry-thumbnail\">\n      \n      \n      \t<img loading=\"lazy\" decoding=\"async\" width=\"870\" height=\"579\" src=\"https:\/\/static.tecnichenuove.it\/areaarch\/2018\/09\/Musee_Chagall_005.jpg\" class=\"attachment-post-thumbnail size-post-thumbnail wp-post-image\" alt=\"\" srcset=\"https:\/\/static.tecnichenuove.it\/areaarch\/2018\/09\/Musee_Chagall_005.jpg 870w, https:\/\/static.tecnichenuove.it\/areaarch\/2018\/09\/Musee_Chagall_005-150x100.jpg 150w, https:\/\/static.tecnichenuove.it\/areaarch\/2018\/09\/Musee_Chagall_005-300x200.jpg 300w, https:\/\/static.tecnichenuove.it\/areaarch\/2018\/09\/Musee_Chagall_005-768x511.jpg 768w, https:\/\/static.tecnichenuove.it\/areaarch\/2018\/09\/Musee_Chagall_005-696x463.jpg 696w, https:\/\/static.tecnichenuove.it\/areaarch\/2018\/09\/Musee_Chagall_005-631x420.jpg 631w\" sizes=\"auto, (max-width: 870px) 100vw, 870px\" \/>\n      \t<img decoding=\"async\" src=\"https:\/\/www.area-arch.it\/wp-content\/uploads\/sites\/6\/2018\/09\/Musee_Chagall_001.jpg\" class=\"attachment-post-thumbnail\" \/>\n      \n\t<\/div>\n  \t<div class=\"entry-column\">\n      <h3 class=\"entry-title td-module-title\">Marc Chagall &#8211; Mus\u00e9es nationaux des Alpes Maritimes<\/h3>\n      <div class=\"td-excerpt\">\n            <div id=\"wpcf-field-tipology\" class=\"wpcf-field-select wpcf-field-tipology\"><span class=\"wpcf-field-name wpcf-field-select-name wpcf-field-tipology-name\">tipology:<\/span> <span class=\"wpcf-field-value wpcf-field-select-value wpcf-field-tipology-value\">museum<\/span><\/div>\n            <div id=\"wpcf-field-architect\" class=\"wpcf-field-single-line wpcf-field-architect\"><span class=\"wpcf-field-name wpcf-field-single-line-name wpcf-field-architect-name\">architect:<\/span> <span class=\"wpcf-field-value wpcf-field-single-line-value wpcf-field-architect-value\">Andr\u00e9 Hermant, Marc Chagall<\/span><\/div>\n            <div id=\"wpcf-field-realization\" class=\"wpcf-field-number wpcf-field-realization\"><span class=\"wpcf-field-name wpcf-field-number-name wpcf-field-realization-name\">realization:<\/span> <span class=\"wpcf-field-value wpcf-field-number-value wpcf-field-realization-value\">1973<\/span><\/div>\n            Avenue Dr M\u00e9nard, Nizza, Francia\n          <\/div>\n  <\/div>\n<\/article>\n          <\/div>\n            <h4><a href=\"#\" onclick=\"cimap();\" class=\"link-marker js-wpv-addon-maps-focus-map js-toolset-maps-hover-map-map-1-marker-marker-61874 js-toolset-maps-open-infowindow-map-map-1-marker-marker-61874\" data-map=\"map-1\" data-marker=\"marker-61874\">08. Marc Chagall &#8211; Mus\u00e9es nationaux des Alpes Maritimes<\/a><\/h4>\n            <div id=\"wpcf-field-tipology\" class=\"wpcf-field-select wpcf-field-tipology\"><span class=\"wpcf-field-name wpcf-field-select-name wpcf-field-tipology-name\">tipology:<\/span> <span class=\"wpcf-field-value wpcf-field-select-value wpcf-field-tipology-value\">museum<\/span><\/div> | <div id=\"wpcf-field-architect\" class=\"wpcf-field-single-line wpcf-field-architect\"><span class=\"wpcf-field-name wpcf-field-single-line-name wpcf-field-architect-name\">architect:<\/span> <span class=\"wpcf-field-value wpcf-field-single-line-value wpcf-field-architect-value\">Andr\u00e9 Hermant, Marc Chagall<\/span><\/div> | <div id=\"wpcf-field-realization\" class=\"wpcf-field-number wpcf-field-realization\"><span class=\"wpcf-field-name wpcf-field-number-name wpcf-field-realization-name\">realization:<\/span> <span class=\"wpcf-field-value wpcf-field-number-value wpcf-field-realization-value\">1973<\/span><\/div>\n          <\/li>\n\t\t\n          <li>\n            \n          <div style=\"display:none\" class=\"wpv-addon-maps-marker js-wpv-addon-maps-marker js-wpv-addon-maps-marker-marker-61878 js-wpv-addon-maps-markerfor-map-1\" data-marker=\"marker-61878\" data-markertitle=\"MAMAC &#8211; Mus\u00e9e d&#8217;Art Moderne et d&#8217;Art Contemporain\" data-markerfor=\"map-1\" data-markerlat=\"46.2019073\" data-markerlon=\"5.2523602\" data-markericon=\"\/wp-content\/uploads\/sites\/6\/2017\/11\/area_marker_10.png\" data-markericonhover=\"\" data-streetview=\"no\" data-fromview=\"\">\n            <article class=\"marker-itinerario\">\n\t<div class=\"entry-thumbnail\">\n      \n      \n      \t<img loading=\"lazy\" decoding=\"async\" width=\"1024\" height=\"755\" src=\"https:\/\/static.tecnichenuove.it\/areaarch\/2018\/09\/11987292756_a4da9abfe0_b.jpg\" class=\"attachment-post-thumbnail size-post-thumbnail wp-post-image\" alt=\"\" srcset=\"https:\/\/static.tecnichenuove.it\/areaarch\/2018\/09\/11987292756_a4da9abfe0_b.jpg 1024w, https:\/\/static.tecnichenuove.it\/areaarch\/2018\/09\/11987292756_a4da9abfe0_b-300x221.jpg 300w, https:\/\/static.tecnichenuove.it\/areaarch\/2018\/09\/11987292756_a4da9abfe0_b-768x566.jpg 768w, https:\/\/static.tecnichenuove.it\/areaarch\/2018\/09\/11987292756_a4da9abfe0_b-80x60.jpg 80w, https:\/\/static.tecnichenuove.it\/areaarch\/2018\/09\/11987292756_a4da9abfe0_b-696x513.jpg 696w, https:\/\/static.tecnichenuove.it\/areaarch\/2018\/09\/11987292756_a4da9abfe0_b-570x420.jpg 570w\" sizes=\"auto, (max-width: 1024px) 100vw, 1024px\" \/>\n      \t<img decoding=\"async\" src=\"https:\/\/www.area-arch.it\/wp-content\/uploads\/sites\/6\/2018\/09\/4fcae0f0e930d64048e32ad8e6432f75.jpg\" class=\"attachment-post-thumbnail\" \/>\n      \n\t<\/div>\n  \t<div class=\"entry-column\">\n      <h3 class=\"entry-title td-module-title\">MAMAC &#8211; Mus\u00e9e d&#8217;Art Moderne et d&#8217;Art Contemporain<\/h3>\n      <div class=\"td-excerpt\">\n            <div id=\"wpcf-field-tipology\" class=\"wpcf-field-select wpcf-field-tipology\"><span class=\"wpcf-field-name wpcf-field-select-name wpcf-field-tipology-name\">tipology:<\/span> <span class=\"wpcf-field-value wpcf-field-select-value wpcf-field-tipology-value\">museum<\/span><\/div>\n            <div id=\"wpcf-field-architect\" class=\"wpcf-field-single-line wpcf-field-architect\"><span class=\"wpcf-field-name wpcf-field-single-line-name wpcf-field-architect-name\">architect:<\/span> <span class=\"wpcf-field-value wpcf-field-single-line-value wpcf-field-architect-value\">Y. Bayard, H. Vidal<\/span><\/div>\n            <div id=\"wpcf-field-realization\" class=\"wpcf-field-number wpcf-field-realization\"><span class=\"wpcf-field-name wpcf-field-number-name wpcf-field-realization-name\">realization:<\/span> <span class=\"wpcf-field-value wpcf-field-number-value wpcf-field-realization-value\">1990<\/span><\/div>\n            Rue Yves Klein, Bourg-en-Bresse, Francia\n          <\/div>\n  <\/div>\n<\/article>\n          <\/div>\n            <h4><a href=\"#\" onclick=\"cimap();\" class=\"link-marker js-wpv-addon-maps-focus-map js-toolset-maps-hover-map-map-1-marker-marker-61878 js-toolset-maps-open-infowindow-map-map-1-marker-marker-61878\" data-map=\"map-1\" data-marker=\"marker-61878\">09. MAMAC &#8211; Mus\u00e9e d&#8217;Art Moderne et d&#8217;Art Contemporain<\/a><\/h4>\n            <div id=\"wpcf-field-tipology\" class=\"wpcf-field-select wpcf-field-tipology\"><span class=\"wpcf-field-name wpcf-field-select-name wpcf-field-tipology-name\">tipology:<\/span> <span class=\"wpcf-field-value wpcf-field-select-value wpcf-field-tipology-value\">museum<\/span><\/div> | <div id=\"wpcf-field-architect\" class=\"wpcf-field-single-line wpcf-field-architect\"><span class=\"wpcf-field-name wpcf-field-single-line-name wpcf-field-architect-name\">architect:<\/span> <span class=\"wpcf-field-value wpcf-field-single-line-value wpcf-field-architect-value\">Y. Bayard, H. Vidal<\/span><\/div> | <div id=\"wpcf-field-realization\" class=\"wpcf-field-number wpcf-field-realization\"><span class=\"wpcf-field-name wpcf-field-number-name wpcf-field-realization-name\">realization:<\/span> <span class=\"wpcf-field-value wpcf-field-number-value wpcf-field-realization-value\">1990<\/span><\/div>\n          <\/li>\n\t\t\n          <li>\n            \n          <div style=\"display:none\" class=\"wpv-addon-maps-marker js-wpv-addon-maps-marker js-wpv-addon-maps-marker-marker-61881 js-wpv-addon-maps-markerfor-map-1\" data-marker=\"marker-61881\" data-markertitle=\"Th\u00e9atre National de Nice\" data-markerfor=\"map-1\" data-markerlat=\"43.6988044\" data-markerlon=\"7.2759605\" data-markericon=\"\/wp-content\/uploads\/sites\/6\/2017\/11\/area_marker_15.png\" data-markericonhover=\"\" data-streetview=\"no\" data-fromview=\"\">\n            <article class=\"marker-itinerario\">\n\t<div class=\"entry-thumbnail\">\n      \n      \t<img loading=\"lazy\" decoding=\"async\" width=\"300\" height=\"199\" src=\"https:\/\/static.tecnichenuove.it\/areaarch\/2018\/09\/theatre-national-de-nice_178844-300x199.jpg\" class=\"attachment-medium size-medium wp-post-image\" alt=\"\" srcset=\"https:\/\/static.tecnichenuove.it\/areaarch\/2018\/09\/theatre-national-de-nice_178844-300x199.jpg 300w, https:\/\/static.tecnichenuove.it\/areaarch\/2018\/09\/theatre-national-de-nice_178844-150x100.jpg 150w, https:\/\/static.tecnichenuove.it\/areaarch\/2018\/09\/theatre-national-de-nice_178844-768x509.jpg 768w, https:\/\/static.tecnichenuove.it\/areaarch\/2018\/09\/theatre-national-de-nice_178844-1024x678.jpg 1024w, https:\/\/static.tecnichenuove.it\/areaarch\/2018\/09\/theatre-national-de-nice_178844-696x461.jpg 696w, https:\/\/static.tecnichenuove.it\/areaarch\/2018\/09\/theatre-national-de-nice_178844-1068x707.jpg 1068w, https:\/\/static.tecnichenuove.it\/areaarch\/2018\/09\/theatre-national-de-nice_178844-634x420.jpg 634w, https:\/\/static.tecnichenuove.it\/areaarch\/2018\/09\/theatre-national-de-nice_178844.jpg 1140w\" sizes=\"auto, (max-width: 300px) 100vw, 300px\" \/>\n      \n      \n\t<\/div>\n  \t<div class=\"entry-column\">\n      <h3 class=\"entry-title td-module-title\">Th\u00e9atre National de Nice<\/h3>\n      <div class=\"td-excerpt\">\n            <div id=\"wpcf-field-tipology\" class=\"wpcf-field-select wpcf-field-tipology\"><span class=\"wpcf-field-name wpcf-field-select-name wpcf-field-tipology-name\">tipology:<\/span> <span class=\"wpcf-field-value wpcf-field-select-value wpcf-field-tipology-value\">theatre<\/span><\/div>\n            <div id=\"wpcf-field-architect\" class=\"wpcf-field-single-line wpcf-field-architect\"><span class=\"wpcf-field-name wpcf-field-single-line-name wpcf-field-architect-name\">architect:<\/span> <span class=\"wpcf-field-value wpcf-field-single-line-value wpcf-field-architect-value\">AA.VV.<\/span><\/div>\n            <div id=\"wpcf-field-realization\" class=\"wpcf-field-number wpcf-field-realization\"><span class=\"wpcf-field-name wpcf-field-number-name wpcf-field-realization-name\">realization:<\/span> <span class=\"wpcf-field-value wpcf-field-number-value wpcf-field-realization-value\">1970<\/span><\/div>\n            Promenade des Arts, Nizza, Francia\n          <\/div>\n  <\/div>\n<\/article>\n          <\/div>\n            <h4><a href=\"#\" onclick=\"cimap();\" class=\"link-marker js-wpv-addon-maps-focus-map js-toolset-maps-hover-map-map-1-marker-marker-61881 js-toolset-maps-open-infowindow-map-map-1-marker-marker-61881\" data-map=\"map-1\" data-marker=\"marker-61881\">10. Th\u00e9atre National de Nice<\/a><\/h4>\n            <div id=\"wpcf-field-tipology\" class=\"wpcf-field-select wpcf-field-tipology\"><span class=\"wpcf-field-name wpcf-field-select-name wpcf-field-tipology-name\">tipology:<\/span> <span class=\"wpcf-field-value wpcf-field-select-value wpcf-field-tipology-value\">theatre<\/span><\/div> | <div id=\"wpcf-field-architect\" class=\"wpcf-field-single-line wpcf-field-architect\"><span class=\"wpcf-field-name wpcf-field-single-line-name wpcf-field-architect-name\">architect:<\/span> <span class=\"wpcf-field-value wpcf-field-single-line-value wpcf-field-architect-value\">AA.VV.<\/span><\/div> | <div id=\"wpcf-field-realization\" class=\"wpcf-field-number wpcf-field-realization\"><span class=\"wpcf-field-name wpcf-field-number-name wpcf-field-realization-name\">realization:<\/span> <span class=\"wpcf-field-value wpcf-field-number-value wpcf-field-realization-value\">1970<\/span><\/div>\n          <\/li>\n\t\t\n          <li>\n            \n          <div style=\"display:none\" class=\"wpv-addon-maps-marker js-wpv-addon-maps-marker js-wpv-addon-maps-marker-marker-61883 js-wpv-addon-maps-markerfor-map-1\" data-marker=\"marker-61883\" data-markertitle=\"Exedra Nice Hotel\" data-markerfor=\"map-1\" data-markerlat=\"43.6989492\" data-markerlon=\"7.2624618\" data-markericon=\"\/wp-content\/uploads\/sites\/6\/2017\/11\/area_marker_7.png\" data-markericonhover=\"\" data-streetview=\"no\" data-fromview=\"\">\n            <article class=\"marker-itinerario\">\n\t<div class=\"entry-thumbnail\">\n      \n      \n      \t<img loading=\"lazy\" decoding=\"async\" width=\"1280\" height=\"801\" src=\"https:\/\/static.tecnichenuove.it\/areaarch\/2018\/09\/Schermata-2018-09-20-alle-10.31.32.png\" class=\"attachment-post-thumbnail size-post-thumbnail wp-post-image\" alt=\"\" srcset=\"https:\/\/static.tecnichenuove.it\/areaarch\/2018\/09\/Schermata-2018-09-20-alle-10.31.32.png 1280w, https:\/\/static.tecnichenuove.it\/areaarch\/2018\/09\/Schermata-2018-09-20-alle-10.31.32-300x188.png 300w, https:\/\/static.tecnichenuove.it\/areaarch\/2018\/09\/Schermata-2018-09-20-alle-10.31.32-768x481.png 768w, https:\/\/static.tecnichenuove.it\/areaarch\/2018\/09\/Schermata-2018-09-20-alle-10.31.32-1024x641.png 1024w, https:\/\/static.tecnichenuove.it\/areaarch\/2018\/09\/Schermata-2018-09-20-alle-10.31.32-696x436.png 696w, https:\/\/static.tecnichenuove.it\/areaarch\/2018\/09\/Schermata-2018-09-20-alle-10.31.32-1068x668.png 1068w, https:\/\/static.tecnichenuove.it\/areaarch\/2018\/09\/Schermata-2018-09-20-alle-10.31.32-671x420.png 671w\" sizes=\"auto, (max-width: 1280px) 100vw, 1280px\" \/>\n      \t<img decoding=\"async\" src=\"https:\/\/www.area-arch.it\/wp-content\/uploads\/sites\/6\/2018\/09\/pianta-exedra-.jpg\" class=\"attachment-post-thumbnail\" \/>\n      \n\t<\/div>\n  \t<div class=\"entry-column\">\n      <h3 class=\"entry-title td-module-title\">Exedra Nice Hotel<\/h3>\n      <div class=\"td-excerpt\">\n            <div id=\"wpcf-field-tipology\" class=\"wpcf-field-select wpcf-field-tipology\"><span class=\"wpcf-field-name wpcf-field-select-name wpcf-field-tipology-name\">tipology:<\/span> <span class=\"wpcf-field-value wpcf-field-select-value wpcf-field-tipology-value\">hotel<\/span><\/div>\n            <div id=\"wpcf-field-architect\" class=\"wpcf-field-single-line wpcf-field-architect\"><span class=\"wpcf-field-name wpcf-field-single-line-name wpcf-field-architect-name\">architect:<\/span> <span class=\"wpcf-field-value wpcf-field-single-line-value wpcf-field-architect-value\">Simone Micheli<\/span><\/div>\n            <div id=\"wpcf-field-realization\" class=\"wpcf-field-number wpcf-field-realization\"><span class=\"wpcf-field-name wpcf-field-number-name wpcf-field-realization-name\">realization:<\/span> <span class=\"wpcf-field-value wpcf-field-number-value wpcf-field-realization-value\">2008<\/span><\/div>\n            Boulevard Victor Hugo, Nizza, Francia\n          <\/div>\n  <\/div>\n<\/article>\n          <\/div>\n            <h4><a href=\"#\" onclick=\"cimap();\" class=\"link-marker js-wpv-addon-maps-focus-map js-toolset-maps-hover-map-map-1-marker-marker-61883 js-toolset-maps-open-infowindow-map-map-1-marker-marker-61883\" data-map=\"map-1\" data-marker=\"marker-61883\">11. Exedra Nice Hotel<\/a><\/h4>\n            <div id=\"wpcf-field-tipology\" class=\"wpcf-field-select wpcf-field-tipology\"><span class=\"wpcf-field-name wpcf-field-select-name wpcf-field-tipology-name\">tipology:<\/span> <span class=\"wpcf-field-value wpcf-field-select-value wpcf-field-tipology-value\">hotel<\/span><\/div> | <div id=\"wpcf-field-architect\" class=\"wpcf-field-single-line wpcf-field-architect\"><span class=\"wpcf-field-name wpcf-field-single-line-name wpcf-field-architect-name\">architect:<\/span> <span class=\"wpcf-field-value wpcf-field-single-line-value wpcf-field-architect-value\">Simone Micheli<\/span><\/div> | <div id=\"wpcf-field-realization\" class=\"wpcf-field-number wpcf-field-realization\"><span class=\"wpcf-field-name wpcf-field-number-name wpcf-field-realization-name\">realization:<\/span> <span class=\"wpcf-field-value wpcf-field-number-value wpcf-field-realization-value\">2008<\/span><\/div>\n          <\/li>\n\t\t\n          <li>\n            \n          <div style=\"display:none\" class=\"wpv-addon-maps-marker js-wpv-addon-maps-marker js-wpv-addon-maps-marker-marker-61886 js-wpv-addon-maps-markerfor-map-1\" data-marker=\"marker-61886\" data-markertitle=\"Mus\u00e9e des Arts Asiatiques\" data-markerfor=\"map-1\" data-markerlat=\"43.681226\" data-markerlon=\"7.232031\" data-markericon=\"\/wp-content\/uploads\/sites\/6\/2017\/11\/area_marker_10.png\" data-markericonhover=\"\" data-streetview=\"no\" data-fromview=\"\">\n            <article class=\"marker-itinerario\">\n\t<div class=\"entry-thumbnail\">\n      \n      \n      \t<img loading=\"lazy\" decoding=\"async\" width=\"744\" height=\"992\" src=\"https:\/\/static.tecnichenuove.it\/areaarch\/2018\/09\/19e20a253803ef9ee50d61fbc8c70e43.jpg\" class=\"attachment-post-thumbnail size-post-thumbnail wp-post-image\" alt=\"\" srcset=\"https:\/\/static.tecnichenuove.it\/areaarch\/2018\/09\/19e20a253803ef9ee50d61fbc8c70e43.jpg 744w, https:\/\/static.tecnichenuove.it\/areaarch\/2018\/09\/19e20a253803ef9ee50d61fbc8c70e43-225x300.jpg 225w, https:\/\/static.tecnichenuove.it\/areaarch\/2018\/09\/19e20a253803ef9ee50d61fbc8c70e43-696x928.jpg 696w, https:\/\/static.tecnichenuove.it\/areaarch\/2018\/09\/19e20a253803ef9ee50d61fbc8c70e43-315x420.jpg 315w\" sizes=\"auto, (max-width: 744px) 100vw, 744px\" \/>\n      \t<img decoding=\"async\" src=\"https:\/\/www.area-arch.it\/wp-content\/uploads\/sites\/6\/2018\/09\/b4f53d5162ae436a5f4ae0221cb2e7fc-kenzo-tange-shizuoka.jpg\" class=\"attachment-post-thumbnail\" \/>\n      \n\t<\/div>\n  \t<div class=\"entry-column\">\n      <h3 class=\"entry-title td-module-title\">Mus\u00e9e des Arts Asiatiques<\/h3>\n      <div class=\"td-excerpt\">\n            <div id=\"wpcf-field-tipology\" class=\"wpcf-field-select wpcf-field-tipology\"><span class=\"wpcf-field-name wpcf-field-select-name wpcf-field-tipology-name\">tipology:<\/span> <span class=\"wpcf-field-value wpcf-field-select-value wpcf-field-tipology-value\">museum<\/span><\/div>\n            <div id=\"wpcf-field-architect\" class=\"wpcf-field-single-line wpcf-field-architect\"><span class=\"wpcf-field-name wpcf-field-single-line-name wpcf-field-architect-name\">architect:<\/span> <span class=\"wpcf-field-value wpcf-field-single-line-value wpcf-field-architect-value\">Kenzo Tange, F. Deslaugiers<\/span><\/div>\n            <div id=\"wpcf-field-realization\" class=\"wpcf-field-number wpcf-field-realization\"><span class=\"wpcf-field-name wpcf-field-number-name wpcf-field-realization-name\">realization:<\/span> <span class=\"wpcf-field-value wpcf-field-number-value wpcf-field-realization-value\">1998<\/span><\/div>\n            Promenade des Anglais, Nizza, Francia\n          <\/div>\n  <\/div>\n<\/article>\n          <\/div>\n            <h4><a href=\"#\" onclick=\"cimap();\" class=\"link-marker js-wpv-addon-maps-focus-map js-toolset-maps-hover-map-map-1-marker-marker-61886 js-toolset-maps-open-infowindow-map-map-1-marker-marker-61886\" data-map=\"map-1\" data-marker=\"marker-61886\">12. Mus\u00e9e des Arts Asiatiques<\/a><\/h4>\n            <div id=\"wpcf-field-tipology\" class=\"wpcf-field-select wpcf-field-tipology\"><span class=\"wpcf-field-name wpcf-field-select-name wpcf-field-tipology-name\">tipology:<\/span> <span class=\"wpcf-field-value wpcf-field-select-value wpcf-field-tipology-value\">museum<\/span><\/div> | <div id=\"wpcf-field-architect\" class=\"wpcf-field-single-line wpcf-field-architect\"><span class=\"wpcf-field-name wpcf-field-single-line-name wpcf-field-architect-name\">architect:<\/span> <span class=\"wpcf-field-value wpcf-field-single-line-value wpcf-field-architect-value\">Kenzo Tange, F. Deslaugiers<\/span><\/div> | <div id=\"wpcf-field-realization\" class=\"wpcf-field-number wpcf-field-realization\"><span class=\"wpcf-field-name wpcf-field-number-name wpcf-field-realization-name\">realization:<\/span> <span class=\"wpcf-field-value wpcf-field-number-value wpcf-field-realization-value\">1998<\/span><\/div>\n          <\/li>\n\t\t\n          <li>\n            \n          <div style=\"display:none\" class=\"wpv-addon-maps-marker js-wpv-addon-maps-marker js-wpv-addon-maps-marker-marker-61889 js-wpv-addon-maps-markerfor-map-1\" data-marker=\"marker-61889\" data-markertitle=\"Fondation Maeght\" data-markerfor=\"map-1\" data-markerlat=\"43.7036703\" data-markerlon=\"7.1144044\" data-markericon=\"\/wp-content\/uploads\/sites\/6\/2017\/11\/area_marker_12.png\" data-markericonhover=\"\" data-streetview=\"no\" data-fromview=\"\">\n            <article class=\"marker-itinerario\">\n\t<div class=\"entry-thumbnail\">\n      \n      \n      \t<img loading=\"lazy\" decoding=\"async\" width=\"1200\" height=\"1114\" src=\"https:\/\/static.tecnichenuove.it\/areaarch\/2018\/09\/IMG_8538.jpg\" class=\"attachment-post-thumbnail size-post-thumbnail wp-post-image\" alt=\"\" srcset=\"https:\/\/static.tecnichenuove.it\/areaarch\/2018\/09\/IMG_8538.jpg 1200w, https:\/\/static.tecnichenuove.it\/areaarch\/2018\/09\/IMG_8538-300x279.jpg 300w, https:\/\/static.tecnichenuove.it\/areaarch\/2018\/09\/IMG_8538-768x713.jpg 768w, https:\/\/static.tecnichenuove.it\/areaarch\/2018\/09\/IMG_8538-1024x951.jpg 1024w, https:\/\/static.tecnichenuove.it\/areaarch\/2018\/09\/IMG_8538-696x646.jpg 696w, https:\/\/static.tecnichenuove.it\/areaarch\/2018\/09\/IMG_8538-1068x991.jpg 1068w, https:\/\/static.tecnichenuove.it\/areaarch\/2018\/09\/IMG_8538-452x420.jpg 452w\" sizes=\"auto, (max-width: 1200px) 100vw, 1200px\" \/>\n      \t<img decoding=\"async\" src=\"https:\/\/www.area-arch.it\/wp-content\/uploads\/sites\/6\/2018\/09\/9-Sert-Maeght.jpg\" class=\"attachment-post-thumbnail\" \/>\n      \n\t<\/div>\n  \t<div class=\"entry-column\">\n      <h3 class=\"entry-title td-module-title\">Fondation Maeght<\/h3>\n      <div class=\"td-excerpt\">\n            <div id=\"wpcf-field-tipology\" class=\"wpcf-field-select wpcf-field-tipology\"><span class=\"wpcf-field-name wpcf-field-select-name wpcf-field-tipology-name\">tipology:<\/span> <span class=\"wpcf-field-value wpcf-field-select-value wpcf-field-tipology-value\">public<\/span><\/div>\n            <div id=\"wpcf-field-architect\" class=\"wpcf-field-single-line wpcf-field-architect\"><span class=\"wpcf-field-name wpcf-field-single-line-name wpcf-field-architect-name\">architect:<\/span> <span class=\"wpcf-field-value wpcf-field-single-line-value wpcf-field-architect-value\">Jos\u00e9 Luis Sert<\/span><\/div>\n            <div id=\"wpcf-field-realization\" class=\"wpcf-field-number wpcf-field-realization\"><span class=\"wpcf-field-name wpcf-field-number-name wpcf-field-realization-name\">realization:<\/span> <span class=\"wpcf-field-value wpcf-field-number-value wpcf-field-realization-value\">1964<\/span><\/div>\n            Chemin des Gardettes, San Paolo di Venza, Francia\n          <\/div>\n  <\/div>\n<\/article>\n          <\/div>\n            <h4><a href=\"#\" onclick=\"cimap();\" class=\"link-marker js-wpv-addon-maps-focus-map js-toolset-maps-hover-map-map-1-marker-marker-61889 js-toolset-maps-open-infowindow-map-map-1-marker-marker-61889\" data-map=\"map-1\" data-marker=\"marker-61889\">13. Fondation Maeght<\/a><\/h4>\n            <div id=\"wpcf-field-tipology\" class=\"wpcf-field-select wpcf-field-tipology\"><span class=\"wpcf-field-name wpcf-field-select-name wpcf-field-tipology-name\">tipology:<\/span> <span class=\"wpcf-field-value wpcf-field-select-value wpcf-field-tipology-value\">public<\/span><\/div> | <div id=\"wpcf-field-architect\" class=\"wpcf-field-single-line wpcf-field-architect\"><span class=\"wpcf-field-name wpcf-field-single-line-name wpcf-field-architect-name\">architect:<\/span> <span class=\"wpcf-field-value wpcf-field-single-line-value wpcf-field-architect-value\">Jos\u00e9 Luis Sert<\/span><\/div> | <div id=\"wpcf-field-realization\" class=\"wpcf-field-number wpcf-field-realization\"><span class=\"wpcf-field-name wpcf-field-number-name wpcf-field-realization-name\">realization:<\/span> <span class=\"wpcf-field-value wpcf-field-number-value wpcf-field-realization-value\">1964<\/span><\/div>\n          <\/li>\n\t\t\n          <li>\n            \n          <div style=\"display:none\" class=\"wpv-addon-maps-marker js-wpv-addon-maps-marker js-wpv-addon-maps-marker-marker-61892 js-wpv-addon-maps-markerfor-map-1\" data-marker=\"marker-61892\" data-markertitle=\"Azur Arena Antibes\" data-markerfor=\"map-1\" data-markerlat=\"43.6051774\" data-markerlon=\"7.0756858\" data-markericon=\"\/wp-content\/uploads\/sites\/6\/2017\/11\/area_marker_14.png\" data-markericonhover=\"\" data-streetview=\"no\" data-fromview=\"\">\n            <article class=\"marker-itinerario\">\n\t<div class=\"entry-thumbnail\">\n      \n      \n      \t<img loading=\"lazy\" decoding=\"async\" width=\"1280\" height=\"719\" src=\"https:\/\/static.tecnichenuove.it\/areaarch\/2018\/09\/Schermata-2018-09-20-alle-10.44.10.png\" class=\"attachment-post-thumbnail size-post-thumbnail wp-post-image\" alt=\"\" srcset=\"https:\/\/static.tecnichenuove.it\/areaarch\/2018\/09\/Schermata-2018-09-20-alle-10.44.10.png 1280w, https:\/\/static.tecnichenuove.it\/areaarch\/2018\/09\/Schermata-2018-09-20-alle-10.44.10-300x169.png 300w, https:\/\/static.tecnichenuove.it\/areaarch\/2018\/09\/Schermata-2018-09-20-alle-10.44.10-768x431.png 768w, https:\/\/static.tecnichenuove.it\/areaarch\/2018\/09\/Schermata-2018-09-20-alle-10.44.10-1024x575.png 1024w, https:\/\/static.tecnichenuove.it\/areaarch\/2018\/09\/Schermata-2018-09-20-alle-10.44.10-696x391.png 696w, https:\/\/static.tecnichenuove.it\/areaarch\/2018\/09\/Schermata-2018-09-20-alle-10.44.10-1068x600.png 1068w, https:\/\/static.tecnichenuove.it\/areaarch\/2018\/09\/Schermata-2018-09-20-alle-10.44.10-748x420.png 748w\" sizes=\"auto, (max-width: 1280px) 100vw, 1280px\" \/>\n      \t<img decoding=\"async\" src=\"https:\/\/www.area-arch.it\/wp-content\/uploads\/sites\/6\/2018\/09\/Schermata-2018-09-20-alle-10.46.01.png\" class=\"attachment-post-thumbnail\" \/>\n      \n\t<\/div>\n  \t<div class=\"entry-column\">\n      <h3 class=\"entry-title td-module-title\">Azur Arena Antibes<\/h3>\n      <div class=\"td-excerpt\">\n            <div id=\"wpcf-field-tipology\" class=\"wpcf-field-select wpcf-field-tipology\"><span class=\"wpcf-field-name wpcf-field-select-name wpcf-field-tipology-name\">tipology:<\/span> <span class=\"wpcf-field-value wpcf-field-select-value wpcf-field-tipology-value\">sport<\/span><\/div>\n            <div id=\"wpcf-field-architect\" class=\"wpcf-field-single-line wpcf-field-architect\"><span class=\"wpcf-field-name wpcf-field-single-line-name wpcf-field-architect-name\">architect:<\/span> <span class=\"wpcf-field-value wpcf-field-single-line-value wpcf-field-architect-value\">Auer Weber<\/span><\/div>\n            <div id=\"wpcf-field-realization\" class=\"wpcf-field-number wpcf-field-realization\"><span class=\"wpcf-field-name wpcf-field-number-name wpcf-field-realization-name\">realization:<\/span> <span class=\"wpcf-field-value wpcf-field-number-value wpcf-field-realization-value\">2013<\/span><\/div>\n            Rue Emile Hugues, Antibes, Francia\n          <\/div>\n  <\/div>\n<\/article>\n          <\/div>\n            <h4><a href=\"#\" onclick=\"cimap();\" class=\"link-marker js-wpv-addon-maps-focus-map js-toolset-maps-hover-map-map-1-marker-marker-61892 js-toolset-maps-open-infowindow-map-map-1-marker-marker-61892\" data-map=\"map-1\" data-marker=\"marker-61892\">14. Azur Arena Antibes<\/a><\/h4>\n            <div id=\"wpcf-field-tipology\" class=\"wpcf-field-select wpcf-field-tipology\"><span class=\"wpcf-field-name wpcf-field-select-name wpcf-field-tipology-name\">tipology:<\/span> <span class=\"wpcf-field-value wpcf-field-select-value wpcf-field-tipology-value\">sport<\/span><\/div> | <div id=\"wpcf-field-architect\" class=\"wpcf-field-single-line wpcf-field-architect\"><span class=\"wpcf-field-name wpcf-field-single-line-name wpcf-field-architect-name\">architect:<\/span> <span class=\"wpcf-field-value wpcf-field-single-line-value wpcf-field-architect-value\">Auer Weber<\/span><\/div> | <div id=\"wpcf-field-realization\" class=\"wpcf-field-number wpcf-field-realization\"><span class=\"wpcf-field-name wpcf-field-number-name wpcf-field-realization-name\">realization:<\/span> <span class=\"wpcf-field-value wpcf-field-number-value wpcf-field-realization-value\">2013<\/span><\/div>\n          <\/li>\n\t\t\n          <li>\n            \n          <div style=\"display:none\" class=\"wpv-addon-maps-marker js-wpv-addon-maps-marker js-wpv-addon-maps-marker-marker-61895 js-wpv-addon-maps-markerfor-map-1\" data-marker=\"marker-61895\" data-markertitle=\"Changing rooms in Cannes\" data-markerfor=\"map-1\" data-markerlat=\"43.552847\" data-markerlon=\"7.017369\" data-markericon=\"\/wp-content\/uploads\/sites\/6\/2017\/11\/area_marker_12.png\" data-markericonhover=\"\" data-streetview=\"no\" data-fromview=\"\">\n            <article class=\"marker-itinerario\">\n\t<div class=\"entry-thumbnail\">\n      \n      \n      \t<img loading=\"lazy\" decoding=\"async\" width=\"1222\" height=\"1280\" src=\"https:\/\/static.tecnichenuove.it\/areaarch\/2018\/09\/Schermata-2018-09-20-alle-15.34.49.png\" class=\"attachment-post-thumbnail size-post-thumbnail wp-post-image\" alt=\"\" srcset=\"https:\/\/static.tecnichenuove.it\/areaarch\/2018\/09\/Schermata-2018-09-20-alle-15.34.49.png 1222w, https:\/\/static.tecnichenuove.it\/areaarch\/2018\/09\/Schermata-2018-09-20-alle-15.34.49-286x300.png 286w, https:\/\/static.tecnichenuove.it\/areaarch\/2018\/09\/Schermata-2018-09-20-alle-15.34.49-768x804.png 768w, https:\/\/static.tecnichenuove.it\/areaarch\/2018\/09\/Schermata-2018-09-20-alle-15.34.49-978x1024.png 978w, https:\/\/static.tecnichenuove.it\/areaarch\/2018\/09\/Schermata-2018-09-20-alle-15.34.49-696x729.png 696w, https:\/\/static.tecnichenuove.it\/areaarch\/2018\/09\/Schermata-2018-09-20-alle-15.34.49-1068x1119.png 1068w, https:\/\/static.tecnichenuove.it\/areaarch\/2018\/09\/Schermata-2018-09-20-alle-15.34.49-401x420.png 401w\" sizes=\"auto, (max-width: 1222px) 100vw, 1222px\" \/>\n      \t<img decoding=\"async\" src=\"https:\/\/www.area-arch.it\/wp-content\/uploads\/sites\/6\/2018\/09\/Schermata-2018-09-20-alle-10.50.50.png\" class=\"attachment-post-thumbnail\" \/>\n      \n\t<\/div>\n  \t<div class=\"entry-column\">\n      <h3 class=\"entry-title td-module-title\">Changing rooms in Cannes<\/h3>\n      <div class=\"td-excerpt\">\n            <div id=\"wpcf-field-tipology\" class=\"wpcf-field-select wpcf-field-tipology\"><span class=\"wpcf-field-name wpcf-field-select-name wpcf-field-tipology-name\">tipology:<\/span> <span class=\"wpcf-field-value wpcf-field-select-value wpcf-field-tipology-value\">public<\/span><\/div>\n            <div id=\"wpcf-field-architect\" class=\"wpcf-field-single-line wpcf-field-architect\"><span class=\"wpcf-field-name wpcf-field-single-line-name wpcf-field-architect-name\">architect:<\/span> <span class=\"wpcf-field-value wpcf-field-single-line-value wpcf-field-architect-value\">Heams &amp; Michel Architectes<\/span><\/div>\n            <div id=\"wpcf-field-realization\" class=\"wpcf-field-number wpcf-field-realization\"><span class=\"wpcf-field-name wpcf-field-number-name wpcf-field-realization-name\">realization:<\/span> <span class=\"wpcf-field-value wpcf-field-number-value wpcf-field-realization-value\">2018<\/span><\/div>\n            Cannes, Francia\n          <\/div>\n  <\/div>\n<\/article>\n          <\/div>\n            <h4><a href=\"#\" onclick=\"cimap();\" class=\"link-marker js-wpv-addon-maps-focus-map js-toolset-maps-hover-map-map-1-marker-marker-61895 js-toolset-maps-open-infowindow-map-map-1-marker-marker-61895\" data-map=\"map-1\" data-marker=\"marker-61895\">15. Changing rooms in Cannes<\/a><\/h4>\n            <div id=\"wpcf-field-tipology\" class=\"wpcf-field-select wpcf-field-tipology\"><span class=\"wpcf-field-name wpcf-field-select-name wpcf-field-tipology-name\">tipology:<\/span> <span class=\"wpcf-field-value wpcf-field-select-value wpcf-field-tipology-value\">public<\/span><\/div> | <div id=\"wpcf-field-architect\" class=\"wpcf-field-single-line wpcf-field-architect\"><span class=\"wpcf-field-name wpcf-field-single-line-name wpcf-field-architect-name\">architect:<\/span> <span class=\"wpcf-field-value wpcf-field-single-line-value wpcf-field-architect-value\">Heams &amp; Michel Architectes<\/span><\/div> | <div id=\"wpcf-field-realization\" class=\"wpcf-field-number wpcf-field-realization\"><span class=\"wpcf-field-name wpcf-field-number-name wpcf-field-realization-name\">realization:<\/span> <span class=\"wpcf-field-value wpcf-field-number-value wpcf-field-realization-value\">2018<\/span><\/div>\n          <\/li>\n\t\t\n          <li>\n            \n          <div style=\"display:none\" class=\"wpv-addon-maps-marker js-wpv-addon-maps-marker js-wpv-addon-maps-marker-marker-61900 js-wpv-addon-maps-markerfor-map-1\" data-marker=\"marker-61900\" data-markertitle=\"Childhood House\" data-markerfor=\"map-1\" data-markerlat=\"43.5534792\" data-markerlon=\"6.967219\" data-markericon=\"\/wp-content\/uploads\/sites\/6\/2017\/11\/area_marker_4.png\" data-markericonhover=\"\" data-streetview=\"no\" data-fromview=\"\">\n            <article class=\"marker-itinerario\">\n\t<div class=\"entry-thumbnail\">\n      \n      \n      \t<img loading=\"lazy\" decoding=\"async\" width=\"1280\" height=\"530\" src=\"https:\/\/static.tecnichenuove.it\/areaarch\/2018\/09\/Schermata-2018-09-20-alle-11.06.17.png\" class=\"attachment-post-thumbnail size-post-thumbnail wp-post-image\" alt=\"\" srcset=\"https:\/\/static.tecnichenuove.it\/areaarch\/2018\/09\/Schermata-2018-09-20-alle-11.06.17.png 1280w, https:\/\/static.tecnichenuove.it\/areaarch\/2018\/09\/Schermata-2018-09-20-alle-11.06.17-300x124.png 300w, https:\/\/static.tecnichenuove.it\/areaarch\/2018\/09\/Schermata-2018-09-20-alle-11.06.17-768x318.png 768w, https:\/\/static.tecnichenuove.it\/areaarch\/2018\/09\/Schermata-2018-09-20-alle-11.06.17-1024x424.png 1024w, https:\/\/static.tecnichenuove.it\/areaarch\/2018\/09\/Schermata-2018-09-20-alle-11.06.17-696x288.png 696w, https:\/\/static.tecnichenuove.it\/areaarch\/2018\/09\/Schermata-2018-09-20-alle-11.06.17-1068x442.png 1068w, https:\/\/static.tecnichenuove.it\/areaarch\/2018\/09\/Schermata-2018-09-20-alle-11.06.17-1014x420.png 1014w\" sizes=\"auto, (max-width: 1280px) 100vw, 1280px\" \/>\n      \t<img decoding=\"async\" src=\"https:\/\/www.area-arch.it\/wp-content\/uploads\/sites\/6\/2018\/09\/Schermata-2018-09-20-alle-11.07.43.png\" class=\"attachment-post-thumbnail\" \/>\n      \n\t<\/div>\n  \t<div class=\"entry-column\">\n      <h3 class=\"entry-title td-module-title\">Childhood House<\/h3>\n      <div class=\"td-excerpt\">\n            <div id=\"wpcf-field-tipology\" class=\"wpcf-field-select wpcf-field-tipology\"><span class=\"wpcf-field-name wpcf-field-select-name wpcf-field-tipology-name\">tipology:<\/span> <span class=\"wpcf-field-value wpcf-field-select-value wpcf-field-tipology-value\">education<\/span><\/div>\n            <div id=\"wpcf-field-architect\" class=\"wpcf-field-single-line wpcf-field-architect\"><span class=\"wpcf-field-name wpcf-field-single-line-name wpcf-field-architect-name\">architect:<\/span> <span class=\"wpcf-field-value wpcf-field-single-line-value wpcf-field-architect-value\">Heams &amp; Michel Architectes<\/span><\/div>\n            <div id=\"wpcf-field-realization\" class=\"wpcf-field-number wpcf-field-realization\"><span class=\"wpcf-field-name wpcf-field-number-name wpcf-field-realization-name\">realization:<\/span> <span class=\"wpcf-field-value wpcf-field-number-value wpcf-field-realization-value\">2014<\/span><\/div>\n            Avenue Pierre de Coubertin, Cannes, Francia\n          <\/div>\n  <\/div>\n<\/article>\n          <\/div>\n            <h4><a href=\"#\" onclick=\"cimap();\" class=\"link-marker js-wpv-addon-maps-focus-map js-toolset-maps-hover-map-map-1-marker-marker-61900 js-toolset-maps-open-infowindow-map-map-1-marker-marker-61900\" data-map=\"map-1\" data-marker=\"marker-61900\">16. Childhood House<\/a><\/h4>\n            <div id=\"wpcf-field-tipology\" class=\"wpcf-field-select wpcf-field-tipology\"><span class=\"wpcf-field-name wpcf-field-select-name wpcf-field-tipology-name\">tipology:<\/span> <span class=\"wpcf-field-value wpcf-field-select-value wpcf-field-tipology-value\">education<\/span><\/div> | <div id=\"wpcf-field-architect\" class=\"wpcf-field-single-line wpcf-field-architect\"><span class=\"wpcf-field-name wpcf-field-single-line-name wpcf-field-architect-name\">architect:<\/span> <span class=\"wpcf-field-value wpcf-field-single-line-value wpcf-field-architect-value\">Heams &amp; Michel Architectes<\/span><\/div> | <div id=\"wpcf-field-realization\" class=\"wpcf-field-number wpcf-field-realization\"><span class=\"wpcf-field-name wpcf-field-number-name wpcf-field-realization-name\">realization:<\/span> <span class=\"wpcf-field-value wpcf-field-number-value wpcf-field-realization-value\">2014<\/span><\/div>\n          <\/li>\n\t\t\n          <li>\n            \n          <div style=\"display:none\" class=\"wpv-addon-maps-marker js-wpv-addon-maps-marker js-wpv-addon-maps-marker-marker-61903 js-wpv-addon-maps-markerfor-map-1\" data-marker=\"marker-61903\" data-markertitle=\"Housing in Cannes\" data-markerfor=\"map-1\" data-markerlat=\"43.5524738\" data-markerlon=\"6.9665476\" data-markericon=\"\/wp-content\/uploads\/sites\/6\/2017\/11\/area_marker_13.png\" data-markericonhover=\"\" data-streetview=\"no\" data-fromview=\"\">\n            <article class=\"marker-itinerario\">\n\t<div class=\"entry-thumbnail\">\n      \n      \n      \t<img loading=\"lazy\" decoding=\"async\" width=\"1280\" height=\"764\" src=\"https:\/\/static.tecnichenuove.it\/areaarch\/2018\/09\/Schermata-2018-09-20-alle-11.11.13.png\" class=\"attachment-post-thumbnail size-post-thumbnail wp-post-image\" alt=\"\" srcset=\"https:\/\/static.tecnichenuove.it\/areaarch\/2018\/09\/Schermata-2018-09-20-alle-11.11.13.png 1280w, https:\/\/static.tecnichenuove.it\/areaarch\/2018\/09\/Schermata-2018-09-20-alle-11.11.13-300x179.png 300w, https:\/\/static.tecnichenuove.it\/areaarch\/2018\/09\/Schermata-2018-09-20-alle-11.11.13-768x458.png 768w, https:\/\/static.tecnichenuove.it\/areaarch\/2018\/09\/Schermata-2018-09-20-alle-11.11.13-1024x611.png 1024w, https:\/\/static.tecnichenuove.it\/areaarch\/2018\/09\/Schermata-2018-09-20-alle-11.11.13-696x415.png 696w, https:\/\/static.tecnichenuove.it\/areaarch\/2018\/09\/Schermata-2018-09-20-alle-11.11.13-1068x637.png 1068w, https:\/\/static.tecnichenuove.it\/areaarch\/2018\/09\/Schermata-2018-09-20-alle-11.11.13-704x420.png 704w\" sizes=\"auto, (max-width: 1280px) 100vw, 1280px\" \/>\n      \t<img decoding=\"async\" src=\"https:\/\/www.area-arch.it\/wp-content\/uploads\/sites\/6\/2018\/09\/Schermata-2018-09-20-alle-11.10.25.png\" class=\"attachment-post-thumbnail\" \/>\n      \n\t<\/div>\n  \t<div class=\"entry-column\">\n      <h3 class=\"entry-title td-module-title\">Housing in Cannes<\/h3>\n      <div class=\"td-excerpt\">\n            <div id=\"wpcf-field-tipology\" class=\"wpcf-field-select wpcf-field-tipology\"><span class=\"wpcf-field-name wpcf-field-select-name wpcf-field-tipology-name\">tipology:<\/span> <span class=\"wpcf-field-value wpcf-field-select-value wpcf-field-tipology-value\">residential<\/span><\/div>\n            <div id=\"wpcf-field-architect\" class=\"wpcf-field-single-line wpcf-field-architect\"><span class=\"wpcf-field-name wpcf-field-single-line-name wpcf-field-architect-name\">architect:<\/span> <span class=\"wpcf-field-value wpcf-field-single-line-value wpcf-field-architect-value\">CAB architects<\/span><\/div>\n            <div id=\"wpcf-field-realization\" class=\"wpcf-field-number wpcf-field-realization\"><span class=\"wpcf-field-name wpcf-field-number-name wpcf-field-realization-name\">realization:<\/span> <span class=\"wpcf-field-value wpcf-field-number-value wpcf-field-realization-value\">2012<\/span><\/div>\n            La Bocca, Cannes, Francia\n          <\/div>\n  <\/div>\n<\/article>\n          <\/div>\n            <h4><a href=\"#\" onclick=\"cimap();\" class=\"link-marker js-wpv-addon-maps-focus-map js-toolset-maps-hover-map-map-1-marker-marker-61903 js-toolset-maps-open-infowindow-map-map-1-marker-marker-61903\" data-map=\"map-1\" data-marker=\"marker-61903\">17. Housing in Cannes<\/a><\/h4>\n            <div id=\"wpcf-field-tipology\" class=\"wpcf-field-select wpcf-field-tipology\"><span class=\"wpcf-field-name wpcf-field-select-name wpcf-field-tipology-name\">tipology:<\/span> <span class=\"wpcf-field-value wpcf-field-select-value wpcf-field-tipology-value\">residential<\/span><\/div> | <div id=\"wpcf-field-architect\" class=\"wpcf-field-single-line wpcf-field-architect\"><span class=\"wpcf-field-name wpcf-field-single-line-name wpcf-field-architect-name\">architect:<\/span> <span class=\"wpcf-field-value wpcf-field-single-line-value wpcf-field-architect-value\">CAB architects<\/span><\/div> | <div id=\"wpcf-field-realization\" class=\"wpcf-field-number wpcf-field-realization\"><span class=\"wpcf-field-name wpcf-field-number-name wpcf-field-realization-name\">realization:<\/span> <span class=\"wpcf-field-value wpcf-field-number-value wpcf-field-realization-value\">2012<\/span><\/div>\n          <\/li>\n\t\t\n          <li>\n            \n          <div style=\"display:none\" class=\"wpv-addon-maps-marker js-wpv-addon-maps-marker js-wpv-addon-maps-marker-marker-61906 js-wpv-addon-maps-markerfor-map-1\" data-marker=\"marker-61906\" data-markertitle=\"Pierre Cardin&#8217;s Bubble Palace\" data-markerfor=\"map-1\" data-markerlat=\"43.488993\" data-markerlon=\"6.9415456\" data-markericon=\"\/wp-content\/uploads\/sites\/6\/2017\/11\/area_marker_13.png\" data-markericonhover=\"\" data-streetview=\"no\" data-fromview=\"\">\n            <article class=\"marker-itinerario\">\n\t<div class=\"entry-thumbnail\">\n      \n      \n      \t<img loading=\"lazy\" decoding=\"async\" width=\"505\" height=\"332\" src=\"https:\/\/static.tecnichenuove.it\/areaarch\/2018\/09\/8461431442ff64172d18bb903dd3bd73.jpg\" class=\"attachment-post-thumbnail size-post-thumbnail wp-post-image\" alt=\"\" srcset=\"https:\/\/static.tecnichenuove.it\/areaarch\/2018\/09\/8461431442ff64172d18bb903dd3bd73.jpg 505w, https:\/\/static.tecnichenuove.it\/areaarch\/2018\/09\/8461431442ff64172d18bb903dd3bd73-150x100.jpg 150w, https:\/\/static.tecnichenuove.it\/areaarch\/2018\/09\/8461431442ff64172d18bb903dd3bd73-300x197.jpg 300w\" sizes=\"auto, (max-width: 505px) 100vw, 505px\" \/>\n      \t<img decoding=\"async\" src=\"https:\/\/www.area-arch.it\/wp-content\/uploads\/sites\/6\/2018\/09\/ea54c7cf4fa0ca19f1c86963bfe5570d.jpg\" class=\"attachment-post-thumbnail\" \/>\n      \n\t<\/div>\n  \t<div class=\"entry-column\">\n      <h3 class=\"entry-title td-module-title\">Pierre Cardin&#8217;s Bubble Palace<\/h3>\n      <div class=\"td-excerpt\">\n            <div id=\"wpcf-field-tipology\" class=\"wpcf-field-select wpcf-field-tipology\"><span class=\"wpcf-field-name wpcf-field-select-name wpcf-field-tipology-name\">tipology:<\/span> <span class=\"wpcf-field-value wpcf-field-select-value wpcf-field-tipology-value\">residential<\/span><\/div>\n            <div id=\"wpcf-field-architect\" class=\"wpcf-field-single-line wpcf-field-architect\"><span class=\"wpcf-field-name wpcf-field-single-line-name wpcf-field-architect-name\">architect:<\/span> <span class=\"wpcf-field-value wpcf-field-single-line-value wpcf-field-architect-value\">Antti Lovag<\/span><\/div>\n            <div id=\"wpcf-field-realization\" class=\"wpcf-field-number wpcf-field-realization\"><span class=\"wpcf-field-name wpcf-field-number-name wpcf-field-realization-name\">realization:<\/span> <span class=\"wpcf-field-value wpcf-field-number-value wpcf-field-realization-value\">1989<\/span><\/div>\n            Boulevard de l'Esterel, Th\u00e9oule-sur-Mer, Francia\n          <\/div>\n  <\/div>\n<\/article>\n          <\/div>\n            <h4><a href=\"#\" onclick=\"cimap();\" class=\"link-marker js-wpv-addon-maps-focus-map js-toolset-maps-hover-map-map-1-marker-marker-61906 js-toolset-maps-open-infowindow-map-map-1-marker-marker-61906\" data-map=\"map-1\" data-marker=\"marker-61906\">18. Pierre Cardin&#8217;s Bubble Palace<\/a><\/h4>\n            <div id=\"wpcf-field-tipology\" class=\"wpcf-field-select wpcf-field-tipology\"><span class=\"wpcf-field-name wpcf-field-select-name wpcf-field-tipology-name\">tipology:<\/span> <span class=\"wpcf-field-value wpcf-field-select-value wpcf-field-tipology-value\">residential<\/span><\/div> | <div id=\"wpcf-field-architect\" class=\"wpcf-field-single-line wpcf-field-architect\"><span class=\"wpcf-field-name wpcf-field-single-line-name wpcf-field-architect-name\">architect:<\/span> <span class=\"wpcf-field-value wpcf-field-single-line-value wpcf-field-architect-value\">Antti Lovag<\/span><\/div> | <div id=\"wpcf-field-realization\" class=\"wpcf-field-number wpcf-field-realization\"><span class=\"wpcf-field-name wpcf-field-number-name wpcf-field-realization-name\">realization:<\/span> <span class=\"wpcf-field-value wpcf-field-number-value wpcf-field-realization-value\">1989<\/span><\/div>\n          <\/li>\n\t\t\n          <li>\n            \n          <div style=\"display:none\" class=\"wpv-addon-maps-marker js-wpv-addon-maps-marker js-wpv-addon-maps-marker-marker-61909 js-wpv-addon-maps-markerfor-map-1\" data-marker=\"marker-61909\" data-markertitle=\"Villa Brash\" data-markerfor=\"map-1\" data-markerlat=\"43.3555132\" data-markerlon=\"6.7039046\" data-markericon=\"\/wp-content\/uploads\/sites\/6\/2017\/11\/area_marker_13.png\" data-markericonhover=\"\" data-streetview=\"no\" data-fromview=\"\">\n            <article class=\"marker-itinerario\">\n\t<div class=\"entry-thumbnail\">\n      \n      \n      \t<img loading=\"lazy\" decoding=\"async\" width=\"1280\" height=\"867\" src=\"https:\/\/static.tecnichenuove.it\/areaarch\/2018\/09\/Schermata-2018-09-20-alle-11.40.16.png\" class=\"attachment-post-thumbnail size-post-thumbnail wp-post-image\" alt=\"\" srcset=\"https:\/\/static.tecnichenuove.it\/areaarch\/2018\/09\/Schermata-2018-09-20-alle-11.40.16.png 1280w, https:\/\/static.tecnichenuove.it\/areaarch\/2018\/09\/Schermata-2018-09-20-alle-11.40.16-300x203.png 300w, https:\/\/static.tecnichenuove.it\/areaarch\/2018\/09\/Schermata-2018-09-20-alle-11.40.16-768x520.png 768w, https:\/\/static.tecnichenuove.it\/areaarch\/2018\/09\/Schermata-2018-09-20-alle-11.40.16-1024x694.png 1024w, https:\/\/static.tecnichenuove.it\/areaarch\/2018\/09\/Schermata-2018-09-20-alle-11.40.16-696x471.png 696w, https:\/\/static.tecnichenuove.it\/areaarch\/2018\/09\/Schermata-2018-09-20-alle-11.40.16-1068x723.png 1068w, https:\/\/static.tecnichenuove.it\/areaarch\/2018\/09\/Schermata-2018-09-20-alle-11.40.16-620x420.png 620w\" sizes=\"auto, (max-width: 1280px) 100vw, 1280px\" \/>\n      \t<img decoding=\"async\" src=\"https:\/\/www.area-arch.it\/wp-content\/uploads\/sites\/6\/2018\/09\/Schermata-2018-09-20-alle-11.39.00.png\" class=\"attachment-post-thumbnail\" \/>\n      \n\t<\/div>\n  \t<div class=\"entry-column\">\n      <h3 class=\"entry-title td-module-title\">Villa Brash<\/h3>\n      <div class=\"td-excerpt\">\n            <div id=\"wpcf-field-tipology\" class=\"wpcf-field-select wpcf-field-tipology\"><span class=\"wpcf-field-name wpcf-field-select-name wpcf-field-tipology-name\">tipology:<\/span> <span class=\"wpcf-field-value wpcf-field-select-value wpcf-field-tipology-value\">residential<\/span><\/div>\n            <div id=\"wpcf-field-architect\" class=\"wpcf-field-single-line wpcf-field-architect\"><span class=\"wpcf-field-name wpcf-field-single-line-name wpcf-field-architect-name\">architect:<\/span> <span class=\"wpcf-field-value wpcf-field-single-line-value wpcf-field-architect-value\">JaK Studio<\/span><\/div>\n            <div id=\"wpcf-field-realization\" class=\"wpcf-field-number wpcf-field-realization\"><span class=\"wpcf-field-name wpcf-field-number-name wpcf-field-realization-name\">realization:<\/span> <span class=\"wpcf-field-value wpcf-field-number-value wpcf-field-realization-value\">2009<\/span><\/div>\n            Avenue des Tumulus, Roquebrune-sur-Argens, Francia\n          <\/div>\n  <\/div>\n<\/article>\n          <\/div>\n            <h4><a href=\"#\" onclick=\"cimap();\" class=\"link-marker js-wpv-addon-maps-focus-map js-toolset-maps-hover-map-map-1-marker-marker-61909 js-toolset-maps-open-infowindow-map-map-1-marker-marker-61909\" data-map=\"map-1\" data-marker=\"marker-61909\">19. Villa Brash<\/a><\/h4>\n            <div id=\"wpcf-field-tipology\" class=\"wpcf-field-select wpcf-field-tipology\"><span class=\"wpcf-field-name wpcf-field-select-name wpcf-field-tipology-name\">tipology:<\/span> <span class=\"wpcf-field-value wpcf-field-select-value wpcf-field-tipology-value\">residential<\/span><\/div> | <div id=\"wpcf-field-architect\" class=\"wpcf-field-single-line wpcf-field-architect\"><span class=\"wpcf-field-name wpcf-field-single-line-name wpcf-field-architect-name\">architect:<\/span> <span class=\"wpcf-field-value wpcf-field-single-line-value wpcf-field-architect-value\">JaK Studio<\/span><\/div> | <div id=\"wpcf-field-realization\" class=\"wpcf-field-number wpcf-field-realization\"><span class=\"wpcf-field-name wpcf-field-number-name wpcf-field-realization-name\">realization:<\/span> <span class=\"wpcf-field-value wpcf-field-number-value wpcf-field-realization-value\">2009<\/span><\/div>\n          <\/li>\n\t\t\n          <li>\n            \n          <div style=\"display:none\" class=\"wpv-addon-maps-marker js-wpv-addon-maps-marker js-wpv-addon-maps-marker-marker-61913 js-wpv-addon-maps-markerfor-map-1\" data-marker=\"marker-61913\" data-markertitle=\"Ville Seynave\" data-markerfor=\"map-1\" data-markerlat=\"43.274308\" data-markerlon=\"6.521865\" data-markericon=\"\/wp-content\/uploads\/sites\/6\/2017\/11\/area_marker_13.png\" data-markericonhover=\"\" data-streetview=\"no\" data-fromview=\"\">\n            <article class=\"marker-itinerario\">\n\t<div class=\"entry-thumbnail\">\n      \n      \n      \t<img loading=\"lazy\" decoding=\"async\" width=\"765\" height=\"512\" src=\"https:\/\/static.tecnichenuove.it\/areaarch\/2018\/09\/Ville-Seynave-Grimaud-sejour-cuisine-a-droite.jpg\" class=\"attachment-post-thumbnail size-post-thumbnail wp-post-image\" alt=\"\" srcset=\"https:\/\/static.tecnichenuove.it\/areaarch\/2018\/09\/Ville-Seynave-Grimaud-sejour-cuisine-a-droite.jpg 765w, https:\/\/static.tecnichenuove.it\/areaarch\/2018\/09\/Ville-Seynave-Grimaud-sejour-cuisine-a-droite-150x100.jpg 150w, https:\/\/static.tecnichenuove.it\/areaarch\/2018\/09\/Ville-Seynave-Grimaud-sejour-cuisine-a-droite-300x201.jpg 300w, https:\/\/static.tecnichenuove.it\/areaarch\/2018\/09\/Ville-Seynave-Grimaud-sejour-cuisine-a-droite-696x466.jpg 696w, https:\/\/static.tecnichenuove.it\/areaarch\/2018\/09\/Ville-Seynave-Grimaud-sejour-cuisine-a-droite-628x420.jpg 628w\" sizes=\"auto, (max-width: 765px) 100vw, 765px\" \/>\n      \t<img decoding=\"async\" src=\"https:\/\/www.area-arch.it\/wp-content\/uploads\/sites\/6\/2018\/09\/jean-prouve-seynave-vacation-house-03.jpg\" class=\"attachment-post-thumbnail\" \/>\n      \n\t<\/div>\n  \t<div class=\"entry-column\">\n      <h3 class=\"entry-title td-module-title\">Ville Seynave<\/h3>\n      <div class=\"td-excerpt\">\n            <div id=\"wpcf-field-tipology\" class=\"wpcf-field-select wpcf-field-tipology\"><span class=\"wpcf-field-name wpcf-field-select-name wpcf-field-tipology-name\">tipology:<\/span> <span class=\"wpcf-field-value wpcf-field-select-value wpcf-field-tipology-value\">residential<\/span><\/div>\n            <div id=\"wpcf-field-architect\" class=\"wpcf-field-single-line wpcf-field-architect\"><span class=\"wpcf-field-name wpcf-field-single-line-name wpcf-field-architect-name\">architect:<\/span> <span class=\"wpcf-field-value wpcf-field-single-line-value wpcf-field-architect-value\">Jean Prouv\u00e9<\/span><\/div>\n            <div id=\"wpcf-field-realization\" class=\"wpcf-field-number wpcf-field-realization\"><span class=\"wpcf-field-name wpcf-field-number-name wpcf-field-realization-name\">realization:<\/span> <span class=\"wpcf-field-value wpcf-field-number-value wpcf-field-realization-value\">1961<\/span><\/div>\n            Grimaud, Francia\n          <\/div>\n  <\/div>\n<\/article>\n          <\/div>\n            <h4><a href=\"#\" onclick=\"cimap();\" class=\"link-marker js-wpv-addon-maps-focus-map js-toolset-maps-hover-map-map-1-marker-marker-61913 js-toolset-maps-open-infowindow-map-map-1-marker-marker-61913\" data-map=\"map-1\" data-marker=\"marker-61913\">20. Ville Seynave<\/a><\/h4>\n            <div id=\"wpcf-field-tipology\" class=\"wpcf-field-select wpcf-field-tipology\"><span class=\"wpcf-field-name wpcf-field-select-name wpcf-field-tipology-name\">tipology:<\/span> <span class=\"wpcf-field-value wpcf-field-select-value wpcf-field-tipology-value\">residential<\/span><\/div> | <div id=\"wpcf-field-architect\" class=\"wpcf-field-single-line wpcf-field-architect\"><span class=\"wpcf-field-name wpcf-field-single-line-name wpcf-field-architect-name\">architect:<\/span> <span class=\"wpcf-field-value wpcf-field-single-line-value wpcf-field-architect-value\">Jean Prouv\u00e9<\/span><\/div> | <div id=\"wpcf-field-realization\" class=\"wpcf-field-number wpcf-field-realization\"><span class=\"wpcf-field-name wpcf-field-number-name wpcf-field-realization-name\">realization:<\/span> <span class=\"wpcf-field-value wpcf-field-number-value wpcf-field-realization-value\">1961<\/span><\/div>\n          <\/li>\n\t\t\n          <li>\n            \n          <div style=\"display:none\" class=\"wpv-addon-maps-marker js-wpv-addon-maps-marker js-wpv-addon-maps-marker-marker-61916 js-wpv-addon-maps-markerfor-map-1\" data-marker=\"marker-61916\" data-markertitle=\"Ma\u00eetres Vignerons\" data-markerfor=\"map-1\" data-markerlat=\"43.2633835\" data-markerlon=\"6.6070411\" data-markericon=\"\/wp-content\/uploads\/sites\/6\/2017\/11\/area_marker_3.png\" data-markericonhover=\"\" data-streetview=\"no\" data-fromview=\"\">\n            <article class=\"marker-itinerario\">\n\t<div class=\"entry-thumbnail\">\n      \n      \n      \t<img loading=\"lazy\" decoding=\"async\" width=\"922\" height=\"684\" src=\"https:\/\/static.tecnichenuove.it\/areaarch\/2018\/09\/Schermata-2018-09-20-alle-15.39.33.png\" class=\"attachment-post-thumbnail size-post-thumbnail wp-post-image\" alt=\"\" srcset=\"https:\/\/static.tecnichenuove.it\/areaarch\/2018\/09\/Schermata-2018-09-20-alle-15.39.33.png 922w, https:\/\/static.tecnichenuove.it\/areaarch\/2018\/09\/Schermata-2018-09-20-alle-15.39.33-300x223.png 300w, https:\/\/static.tecnichenuove.it\/areaarch\/2018\/09\/Schermata-2018-09-20-alle-15.39.33-768x570.png 768w, https:\/\/static.tecnichenuove.it\/areaarch\/2018\/09\/Schermata-2018-09-20-alle-15.39.33-80x60.png 80w, https:\/\/static.tecnichenuove.it\/areaarch\/2018\/09\/Schermata-2018-09-20-alle-15.39.33-160x120.png 160w, https:\/\/static.tecnichenuove.it\/areaarch\/2018\/09\/Schermata-2018-09-20-alle-15.39.33-265x198.png 265w, https:\/\/static.tecnichenuove.it\/areaarch\/2018\/09\/Schermata-2018-09-20-alle-15.39.33-696x516.png 696w, https:\/\/static.tecnichenuove.it\/areaarch\/2018\/09\/Schermata-2018-09-20-alle-15.39.33-566x420.png 566w\" sizes=\"auto, (max-width: 922px) 100vw, 922px\" \/>\n      \t<img decoding=\"async\" src=\"https:\/\/www.area-arch.it\/wp-content\/uploads\/sites\/6\/2018\/09\/Schermata-2018-09-20-alle-11.54.30.png\" class=\"attachment-post-thumbnail\" \/>\n      \n\t<\/div>\n  \t<div class=\"entry-column\">\n      <h3 class=\"entry-title td-module-title\">Ma\u00eetres Vignerons<\/h3>\n      <div class=\"td-excerpt\">\n            <div id=\"wpcf-field-tipology\" class=\"wpcf-field-select wpcf-field-tipology\"><span class=\"wpcf-field-name wpcf-field-select-name wpcf-field-tipology-name\">tipology:<\/span> <span class=\"wpcf-field-value wpcf-field-select-value wpcf-field-tipology-value\">commercial<\/span><\/div>\n            <div id=\"wpcf-field-architect\" class=\"wpcf-field-single-line wpcf-field-architect\"><span class=\"wpcf-field-name wpcf-field-single-line-name wpcf-field-architect-name\">architect:<\/span> <span class=\"wpcf-field-value wpcf-field-single-line-value wpcf-field-architect-value\">Vincent Coste studio design &amp; associ\u00e9s<\/span><\/div>\n            <div id=\"wpcf-field-realization\" class=\"wpcf-field-number wpcf-field-realization\"><span class=\"wpcf-field-name wpcf-field-number-name wpcf-field-realization-name\">realization:<\/span> <span class=\"wpcf-field-value wpcf-field-number-value wpcf-field-realization-value\">2014<\/span><\/div>\n            270 Route D\u00e9partementale 98A, Gassin, Francia\n          <\/div>\n  <\/div>\n<\/article>\n          <\/div>\n            <h4><a href=\"#\" onclick=\"cimap();\" class=\"link-marker js-wpv-addon-maps-focus-map js-toolset-maps-hover-map-map-1-marker-marker-61916 js-toolset-maps-open-infowindow-map-map-1-marker-marker-61916\" data-map=\"map-1\" data-marker=\"marker-61916\">21. Ma\u00eetres Vignerons<\/a><\/h4>\n            <div id=\"wpcf-field-tipology\" class=\"wpcf-field-select wpcf-field-tipology\"><span class=\"wpcf-field-name wpcf-field-select-name wpcf-field-tipology-name\">tipology:<\/span> <span class=\"wpcf-field-value wpcf-field-select-value wpcf-field-tipology-value\">commercial<\/span><\/div> | <div id=\"wpcf-field-architect\" class=\"wpcf-field-single-line wpcf-field-architect\"><span class=\"wpcf-field-name wpcf-field-single-line-name wpcf-field-architect-name\">architect:<\/span> <span class=\"wpcf-field-value wpcf-field-single-line-value wpcf-field-architect-value\">Vincent Coste studio design &amp; associ\u00e9s<\/span><\/div> | <div id=\"wpcf-field-realization\" class=\"wpcf-field-number wpcf-field-realization\"><span class=\"wpcf-field-name wpcf-field-number-name wpcf-field-realization-name\">realization:<\/span> <span class=\"wpcf-field-value wpcf-field-number-value wpcf-field-realization-value\">2014<\/span><\/div>\n          <\/li>\n\t\t\n          <li>\n            \n          <div style=\"display:none\" class=\"wpv-addon-maps-marker js-wpv-addon-maps-marker js-wpv-addon-maps-marker-marker-61925 js-wpv-addon-maps-markerfor-map-1\" data-marker=\"marker-61925\" data-markertitle=\"Villa Noailles\" data-markerfor=\"map-1\" data-markerlat=\"43.124606\" data-markerlon=\"6.1281801\" data-markericon=\"\/wp-content\/uploads\/sites\/6\/2017\/11\/area_marker_13.png\" data-markericonhover=\"\" data-streetview=\"no\" data-fromview=\"\">\n            <article class=\"marker-itinerario\">\n\t<div class=\"entry-thumbnail\">\n      \n      \n      \t<img loading=\"lazy\" decoding=\"async\" width=\"1200\" height=\"900\" src=\"https:\/\/static.tecnichenuove.it\/areaarch\/2018\/09\/Villa_Noailles_Mallet-Stevens_1923.jpg\" class=\"attachment-post-thumbnail size-post-thumbnail wp-post-image\" alt=\"\" srcset=\"https:\/\/static.tecnichenuove.it\/areaarch\/2018\/09\/Villa_Noailles_Mallet-Stevens_1923.jpg 1200w, https:\/\/static.tecnichenuove.it\/areaarch\/2018\/09\/Villa_Noailles_Mallet-Stevens_1923-300x225.jpg 300w, https:\/\/static.tecnichenuove.it\/areaarch\/2018\/09\/Villa_Noailles_Mallet-Stevens_1923-768x576.jpg 768w, https:\/\/static.tecnichenuove.it\/areaarch\/2018\/09\/Villa_Noailles_Mallet-Stevens_1923-1024x768.jpg 1024w, https:\/\/static.tecnichenuove.it\/areaarch\/2018\/09\/Villa_Noailles_Mallet-Stevens_1923-80x60.jpg 80w, https:\/\/static.tecnichenuove.it\/areaarch\/2018\/09\/Villa_Noailles_Mallet-Stevens_1923-160x120.jpg 160w, https:\/\/static.tecnichenuove.it\/areaarch\/2018\/09\/Villa_Noailles_Mallet-Stevens_1923-265x198.jpg 265w, https:\/\/static.tecnichenuove.it\/areaarch\/2018\/09\/Villa_Noailles_Mallet-Stevens_1923-696x522.jpg 696w, https:\/\/static.tecnichenuove.it\/areaarch\/2018\/09\/Villa_Noailles_Mallet-Stevens_1923-1068x801.jpg 1068w, https:\/\/static.tecnichenuove.it\/areaarch\/2018\/09\/Villa_Noailles_Mallet-Stevens_1923-560x420.jpg 560w\" sizes=\"auto, (max-width: 1200px) 100vw, 1200px\" \/>\n      \t<img decoding=\"async\" src=\"https:\/\/www.area-arch.it\/wp-content\/uploads\/sites\/6\/2018\/09\/1FD10200.jpg\" class=\"attachment-post-thumbnail\" \/>\n      \n\t<\/div>\n  \t<div class=\"entry-column\">\n      <h3 class=\"entry-title td-module-title\">Villa Noailles<\/h3>\n      <div class=\"td-excerpt\">\n            <div id=\"wpcf-field-tipology\" class=\"wpcf-field-select wpcf-field-tipology\"><span class=\"wpcf-field-name wpcf-field-select-name wpcf-field-tipology-name\">tipology:<\/span> <span class=\"wpcf-field-value wpcf-field-select-value wpcf-field-tipology-value\">residential<\/span><\/div>\n            <div id=\"wpcf-field-architect\" class=\"wpcf-field-single-line wpcf-field-architect\"><span class=\"wpcf-field-name wpcf-field-single-line-name wpcf-field-architect-name\">architect:<\/span> <span class=\"wpcf-field-value wpcf-field-single-line-value wpcf-field-architect-value\">Robert Mallet-Stevens<\/span><\/div>\n            <div id=\"wpcf-field-realization\" class=\"wpcf-field-number wpcf-field-realization\"><span class=\"wpcf-field-name wpcf-field-number-name wpcf-field-realization-name\">realization:<\/span> <span class=\"wpcf-field-value wpcf-field-number-value wpcf-field-realization-value\">1927<\/span><\/div>\n            Mont\u00e9e de Noailles, Hy\u00e8res, Francia\n          <\/div>\n  <\/div>\n<\/article>\n          <\/div>\n            <h4><a href=\"#\" onclick=\"cimap();\" class=\"link-marker js-wpv-addon-maps-focus-map js-toolset-maps-hover-map-map-1-marker-marker-61925 js-toolset-maps-open-infowindow-map-map-1-marker-marker-61925\" data-map=\"map-1\" data-marker=\"marker-61925\">22. Villa Noailles<\/a><\/h4>\n            <div id=\"wpcf-field-tipology\" class=\"wpcf-field-select wpcf-field-tipology\"><span class=\"wpcf-field-name wpcf-field-select-name wpcf-field-tipology-name\">tipology:<\/span> <span class=\"wpcf-field-value wpcf-field-select-value wpcf-field-tipology-value\">residential<\/span><\/div> | <div id=\"wpcf-field-architect\" class=\"wpcf-field-single-line wpcf-field-architect\"><span class=\"wpcf-field-name wpcf-field-single-line-name wpcf-field-architect-name\">architect:<\/span> <span class=\"wpcf-field-value wpcf-field-single-line-value wpcf-field-architect-value\">Robert Mallet-Stevens<\/span><\/div> | <div id=\"wpcf-field-realization\" class=\"wpcf-field-number wpcf-field-realization\"><span class=\"wpcf-field-name wpcf-field-number-name wpcf-field-realization-name\">realization:<\/span> <span class=\"wpcf-field-value wpcf-field-number-value wpcf-field-realization-value\">1927<\/span><\/div>\n          <\/li>\n\t\t\n          <li>\n            \n          <div style=\"display:none\" class=\"wpv-addon-maps-marker js-wpv-addon-maps-marker js-wpv-addon-maps-marker-marker-61929 js-wpv-addon-maps-markerfor-map-1\" data-marker=\"marker-61929\" data-markertitle=\"MI-mAbs\" data-markerfor=\"map-1\" data-markerlat=\"43.238096\" data-markerlon=\"5.43562\" data-markericon=\"\/wp-content\/uploads\/sites\/6\/2017\/11\/area_marker_5.png\" data-markericonhover=\"\" data-streetview=\"no\" data-fromview=\"\">\n            <article class=\"marker-itinerario\">\n\t<div class=\"entry-thumbnail\">\n      \n      \n      \t<img loading=\"lazy\" decoding=\"async\" width=\"1280\" height=\"599\" src=\"https:\/\/static.tecnichenuove.it\/areaarch\/2018\/09\/Schermata-2018-09-20-alle-15.41.18.png\" class=\"attachment-post-thumbnail size-post-thumbnail wp-post-image\" alt=\"\" srcset=\"https:\/\/static.tecnichenuove.it\/areaarch\/2018\/09\/Schermata-2018-09-20-alle-15.41.18.png 1280w, https:\/\/static.tecnichenuove.it\/areaarch\/2018\/09\/Schermata-2018-09-20-alle-15.41.18-300x140.png 300w, https:\/\/static.tecnichenuove.it\/areaarch\/2018\/09\/Schermata-2018-09-20-alle-15.41.18-768x359.png 768w, https:\/\/static.tecnichenuove.it\/areaarch\/2018\/09\/Schermata-2018-09-20-alle-15.41.18-1024x479.png 1024w, https:\/\/static.tecnichenuove.it\/areaarch\/2018\/09\/Schermata-2018-09-20-alle-15.41.18-696x326.png 696w, https:\/\/static.tecnichenuove.it\/areaarch\/2018\/09\/Schermata-2018-09-20-alle-15.41.18-1068x500.png 1068w, https:\/\/static.tecnichenuove.it\/areaarch\/2018\/09\/Schermata-2018-09-20-alle-15.41.18-897x420.png 897w\" sizes=\"auto, (max-width: 1280px) 100vw, 1280px\" \/>\n      \t<img decoding=\"async\" src=\"https:\/\/www.area-arch.it\/wp-content\/uploads\/sites\/6\/2018\/09\/Schermata-2018-09-20-alle-12.07.58.png\" class=\"attachment-post-thumbnail\" \/>\n      \n\t<\/div>\n  \t<div class=\"entry-column\">\n      <h3 class=\"entry-title td-module-title\">MI-mAbs<\/h3>\n      <div class=\"td-excerpt\">\n            <div id=\"wpcf-field-tipology\" class=\"wpcf-field-select wpcf-field-tipology\"><span class=\"wpcf-field-name wpcf-field-select-name wpcf-field-tipology-name\">tipology:<\/span> <span class=\"wpcf-field-value wpcf-field-select-value wpcf-field-tipology-value\">health<\/span><\/div>\n            <div id=\"wpcf-field-architect\" class=\"wpcf-field-single-line wpcf-field-architect\"><span class=\"wpcf-field-name wpcf-field-single-line-name wpcf-field-architect-name\">architect:<\/span> <span class=\"wpcf-field-value wpcf-field-single-line-value wpcf-field-architect-value\">Letoublon Dupouy<\/span><\/div>\n            <div id=\"wpcf-field-realization\" class=\"wpcf-field-number wpcf-field-realization\"><span class=\"wpcf-field-name wpcf-field-number-name wpcf-field-realization-name\">realization:<\/span> <span class=\"wpcf-field-value wpcf-field-number-value wpcf-field-realization-value\">2017<\/span><\/div>\n            Avenue de Luminy, Marsiglia, Francia\n          <\/div>\n  <\/div>\n<\/article>\n          <\/div>\n            <h4><a href=\"#\" onclick=\"cimap();\" class=\"link-marker js-wpv-addon-maps-focus-map js-toolset-maps-hover-map-map-1-marker-marker-61929 js-toolset-maps-open-infowindow-map-map-1-marker-marker-61929\" data-map=\"map-1\" data-marker=\"marker-61929\">23. MI-mAbs<\/a><\/h4>\n            <div id=\"wpcf-field-tipology\" class=\"wpcf-field-select wpcf-field-tipology\"><span class=\"wpcf-field-name wpcf-field-select-name wpcf-field-tipology-name\">tipology:<\/span> <span class=\"wpcf-field-value wpcf-field-select-value wpcf-field-tipology-value\">health<\/span><\/div> | <div id=\"wpcf-field-architect\" class=\"wpcf-field-single-line wpcf-field-architect\"><span class=\"wpcf-field-name wpcf-field-single-line-name wpcf-field-architect-name\">architect:<\/span> <span class=\"wpcf-field-value wpcf-field-single-line-value wpcf-field-architect-value\">Letoublon Dupouy<\/span><\/div> | <div id=\"wpcf-field-realization\" class=\"wpcf-field-number wpcf-field-realization\"><span class=\"wpcf-field-name wpcf-field-number-name wpcf-field-realization-name\">realization:<\/span> <span class=\"wpcf-field-value wpcf-field-number-value wpcf-field-realization-value\">2017<\/span><\/div>\n          <\/li>\n\t\t\n          <li>\n            \n          <div style=\"display:none\" class=\"wpv-addon-maps-marker js-wpv-addon-maps-marker js-wpv-addon-maps-marker-marker-61933 js-wpv-addon-maps-markerfor-map-1\" data-marker=\"marker-61933\" data-markertitle=\"Le Barquiere\" data-markerfor=\"map-1\" data-markerlat=\"43.296482\" data-markerlon=\"5.36978\" data-markericon=\"\/wp-content\/uploads\/sites\/6\/2017\/11\/area_marker_13.png\" data-markericonhover=\"\" data-streetview=\"no\" data-fromview=\"\">\n            <article class=\"marker-itinerario\">\n\t<div class=\"entry-thumbnail\">\n      \n      \n      \t<img loading=\"lazy\" decoding=\"async\" width=\"1280\" height=\"994\" src=\"https:\/\/static.tecnichenuove.it\/areaarch\/2018\/09\/Schermata-2018-09-20-alle-12.16.08.png\" class=\"attachment-post-thumbnail size-post-thumbnail wp-post-image\" alt=\"\" srcset=\"https:\/\/static.tecnichenuove.it\/areaarch\/2018\/09\/Schermata-2018-09-20-alle-12.16.08.png 1280w, https:\/\/static.tecnichenuove.it\/areaarch\/2018\/09\/Schermata-2018-09-20-alle-12.16.08-300x233.png 300w, https:\/\/static.tecnichenuove.it\/areaarch\/2018\/09\/Schermata-2018-09-20-alle-12.16.08-768x596.png 768w, https:\/\/static.tecnichenuove.it\/areaarch\/2018\/09\/Schermata-2018-09-20-alle-12.16.08-1024x795.png 1024w, https:\/\/static.tecnichenuove.it\/areaarch\/2018\/09\/Schermata-2018-09-20-alle-12.16.08-696x540.png 696w, https:\/\/static.tecnichenuove.it\/areaarch\/2018\/09\/Schermata-2018-09-20-alle-12.16.08-1068x829.png 1068w, https:\/\/static.tecnichenuove.it\/areaarch\/2018\/09\/Schermata-2018-09-20-alle-12.16.08-541x420.png 541w\" sizes=\"auto, (max-width: 1280px) 100vw, 1280px\" \/>\n      \t<img decoding=\"async\" src=\"https:\/\/www.area-arch.it\/wp-content\/uploads\/sites\/6\/2018\/09\/Schermata-2018-09-20-alle-12.17.46.png\" class=\"attachment-post-thumbnail\" \/>\n      \n\t<\/div>\n  \t<div class=\"entry-column\">\n      <h3 class=\"entry-title td-module-title\">Le Barquiere<\/h3>\n      <div class=\"td-excerpt\">\n            <div id=\"wpcf-field-tipology\" class=\"wpcf-field-select wpcf-field-tipology\"><span class=\"wpcf-field-name wpcf-field-select-name wpcf-field-tipology-name\">tipology:<\/span> <span class=\"wpcf-field-value wpcf-field-select-value wpcf-field-tipology-value\">residential<\/span><\/div>\n            <div id=\"wpcf-field-architect\" class=\"wpcf-field-single-line wpcf-field-architect\"><span class=\"wpcf-field-name wpcf-field-single-line-name wpcf-field-architect-name\">architect:<\/span> <span class=\"wpcf-field-value wpcf-field-single-line-value wpcf-field-architect-value\">PietriArchitectes<\/span><\/div>\n            <div id=\"wpcf-field-realization\" class=\"wpcf-field-number wpcf-field-realization\"><span class=\"wpcf-field-name wpcf-field-number-name wpcf-field-realization-name\">realization:<\/span> <span class=\"wpcf-field-value wpcf-field-number-value wpcf-field-realization-value\">2016<\/span><\/div>\n            Marsiglia, Francia\n          <\/div>\n  <\/div>\n<\/article>\n          <\/div>\n            <h4><a href=\"#\" onclick=\"cimap();\" class=\"link-marker js-wpv-addon-maps-focus-map js-toolset-maps-hover-map-map-1-marker-marker-61933 js-toolset-maps-open-infowindow-map-map-1-marker-marker-61933\" data-map=\"map-1\" data-marker=\"marker-61933\">24. Le Barquiere<\/a><\/h4>\n            <div id=\"wpcf-field-tipology\" class=\"wpcf-field-select wpcf-field-tipology\"><span class=\"wpcf-field-name wpcf-field-select-name wpcf-field-tipology-name\">tipology:<\/span> <span class=\"wpcf-field-value wpcf-field-select-value wpcf-field-tipology-value\">residential<\/span><\/div> | <div id=\"wpcf-field-architect\" class=\"wpcf-field-single-line wpcf-field-architect\"><span class=\"wpcf-field-name wpcf-field-single-line-name wpcf-field-architect-name\">architect:<\/span> <span class=\"wpcf-field-value wpcf-field-single-line-value wpcf-field-architect-value\">PietriArchitectes<\/span><\/div> | <div id=\"wpcf-field-realization\" class=\"wpcf-field-number wpcf-field-realization\"><span class=\"wpcf-field-name wpcf-field-number-name wpcf-field-realization-name\">realization:<\/span> <span class=\"wpcf-field-value wpcf-field-number-value wpcf-field-realization-value\">2016<\/span><\/div>\n          <\/li>\n\t\t\n          <li>\n            \n          <div style=\"display:none\" class=\"wpv-addon-maps-marker js-wpv-addon-maps-marker js-wpv-addon-maps-marker-marker-61937 js-wpv-addon-maps-markerfor-map-1\" data-marker=\"marker-61937\" data-markertitle=\"Cabanon en front de mer\" data-markerfor=\"map-1\" data-markerlat=\"43.236394\" data-markerlon=\"5.3607734\" data-markericon=\"\/wp-content\/uploads\/sites\/6\/2017\/11\/area_marker_13.png\" data-markericonhover=\"\" data-streetview=\"no\" data-fromview=\"\">\n            <article class=\"marker-itinerario\">\n\t<div class=\"entry-thumbnail\">\n      \n      \n      \t<img loading=\"lazy\" decoding=\"async\" width=\"1277\" height=\"639\" src=\"https:\/\/static.tecnichenuove.it\/areaarch\/2018\/09\/GANCATARINA1.jpg\" class=\"attachment-post-thumbnail size-post-thumbnail wp-post-image\" alt=\"\" srcset=\"https:\/\/static.tecnichenuove.it\/areaarch\/2018\/09\/GANCATARINA1.jpg 1277w, https:\/\/static.tecnichenuove.it\/areaarch\/2018\/09\/GANCATARINA1-300x150.jpg 300w, https:\/\/static.tecnichenuove.it\/areaarch\/2018\/09\/GANCATARINA1-768x384.jpg 768w, https:\/\/static.tecnichenuove.it\/areaarch\/2018\/09\/GANCATARINA1-1024x512.jpg 1024w, https:\/\/static.tecnichenuove.it\/areaarch\/2018\/09\/GANCATARINA1-696x348.jpg 696w, https:\/\/static.tecnichenuove.it\/areaarch\/2018\/09\/GANCATARINA1-1068x534.jpg 1068w, https:\/\/static.tecnichenuove.it\/areaarch\/2018\/09\/GANCATARINA1-839x420.jpg 839w\" sizes=\"auto, (max-width: 1277px) 100vw, 1277px\" \/>\n      \t<img decoding=\"async\" src=\"https:\/\/www.area-arch.it\/wp-content\/uploads\/sites\/6\/2018\/09\/Schermata-2018-09-20-alle-12.20.58.png\" class=\"attachment-post-thumbnail\" \/>\n      \n\t<\/div>\n  \t<div class=\"entry-column\">\n      <h3 class=\"entry-title td-module-title\">Cabanon en front de mer<\/h3>\n      <div class=\"td-excerpt\">\n            <div id=\"wpcf-field-tipology\" class=\"wpcf-field-select wpcf-field-tipology\"><span class=\"wpcf-field-name wpcf-field-select-name wpcf-field-tipology-name\">tipology:<\/span> <span class=\"wpcf-field-value wpcf-field-select-value wpcf-field-tipology-value\">residential<\/span><\/div>\n            <div id=\"wpcf-field-architect\" class=\"wpcf-field-single-line wpcf-field-architect\"><span class=\"wpcf-field-name wpcf-field-single-line-name wpcf-field-architect-name\">architect:<\/span> <span class=\"wpcf-field-value wpcf-field-single-line-value wpcf-field-architect-value\">Marret &amp; Fernandez<\/span><\/div>\n            <div id=\"wpcf-field-realization\" class=\"wpcf-field-number wpcf-field-realization\"><span class=\"wpcf-field-name wpcf-field-number-name wpcf-field-realization-name\">realization:<\/span> <span class=\"wpcf-field-value wpcf-field-number-value wpcf-field-realization-value\">2014<\/span><\/div>\n            Boulevard Aristide Barthe, Marsiglia, Francia\n          <\/div>\n  <\/div>\n<\/article>\n          <\/div>\n            <h4><a href=\"#\" onclick=\"cimap();\" class=\"link-marker js-wpv-addon-maps-focus-map js-toolset-maps-hover-map-map-1-marker-marker-61937 js-toolset-maps-open-infowindow-map-map-1-marker-marker-61937\" data-map=\"map-1\" data-marker=\"marker-61937\">25. Cabanon en front de mer<\/a><\/h4>\n            <div id=\"wpcf-field-tipology\" class=\"wpcf-field-select wpcf-field-tipology\"><span class=\"wpcf-field-name wpcf-field-select-name wpcf-field-tipology-name\">tipology:<\/span> <span class=\"wpcf-field-value wpcf-field-select-value wpcf-field-tipology-value\">residential<\/span><\/div> | <div id=\"wpcf-field-architect\" class=\"wpcf-field-single-line wpcf-field-architect\"><span class=\"wpcf-field-name wpcf-field-single-line-name wpcf-field-architect-name\">architect:<\/span> <span class=\"wpcf-field-value wpcf-field-single-line-value wpcf-field-architect-value\">Marret &amp; Fernandez<\/span><\/div> | <div id=\"wpcf-field-realization\" class=\"wpcf-field-number wpcf-field-realization\"><span class=\"wpcf-field-name wpcf-field-number-name wpcf-field-realization-name\">realization:<\/span> <span class=\"wpcf-field-value wpcf-field-number-value wpcf-field-realization-value\">2014<\/span><\/div>\n          <\/li>\n\t\t\n          <li>\n            \n          <div style=\"display:none\" class=\"wpv-addon-maps-marker js-wpv-addon-maps-marker js-wpv-addon-maps-marker-marker-61943 js-wpv-addon-maps-markerfor-map-1\" data-marker=\"marker-61943\" data-markertitle=\"Unit\u00e9 d&#8217;Habitacion\" data-markerfor=\"map-1\" data-markerlat=\"43.2614728\" data-markerlon=\"5.3978821\" data-markericon=\"\/wp-content\/uploads\/sites\/6\/2017\/11\/area_marker_13.png\" data-markericonhover=\"\" data-streetview=\"no\" data-fromview=\"\">\n            <article class=\"marker-itinerario\">\n\t<div class=\"entry-thumbnail\">\n      \n      \n      \t<img loading=\"lazy\" decoding=\"async\" width=\"1280\" height=\"850\" src=\"https:\/\/static.tecnichenuove.it\/areaarch\/2018\/09\/Marseilleloggias.jpg\" class=\"attachment-post-thumbnail size-post-thumbnail wp-post-image\" alt=\"\" srcset=\"https:\/\/static.tecnichenuove.it\/areaarch\/2018\/09\/Marseilleloggias.jpg 1280w, https:\/\/static.tecnichenuove.it\/areaarch\/2018\/09\/Marseilleloggias-150x100.jpg 150w, https:\/\/static.tecnichenuove.it\/areaarch\/2018\/09\/Marseilleloggias-300x199.jpg 300w, https:\/\/static.tecnichenuove.it\/areaarch\/2018\/09\/Marseilleloggias-768x510.jpg 768w, https:\/\/static.tecnichenuove.it\/areaarch\/2018\/09\/Marseilleloggias-1024x680.jpg 1024w, https:\/\/static.tecnichenuove.it\/areaarch\/2018\/09\/Marseilleloggias-696x462.jpg 696w, https:\/\/static.tecnichenuove.it\/areaarch\/2018\/09\/Marseilleloggias-1068x709.jpg 1068w, https:\/\/static.tecnichenuove.it\/areaarch\/2018\/09\/Marseilleloggias-632x420.jpg 632w\" sizes=\"auto, (max-width: 1280px) 100vw, 1280px\" \/>\n      \t<img decoding=\"async\" src=\"https:\/\/www.area-arch.it\/wp-content\/uploads\/sites\/6\/2018\/09\/BN.jpg\" class=\"attachment-post-thumbnail\" \/>\n      \n\t<\/div>\n  \t<div class=\"entry-column\">\n      <h3 class=\"entry-title td-module-title\">Unit\u00e9 d&#8217;Habitacion<\/h3>\n      <div class=\"td-excerpt\">\n            <div id=\"wpcf-field-tipology\" class=\"wpcf-field-select wpcf-field-tipology\"><span class=\"wpcf-field-name wpcf-field-select-name wpcf-field-tipology-name\">tipology:<\/span> <span class=\"wpcf-field-value wpcf-field-select-value wpcf-field-tipology-value\">residential<\/span><\/div>\n            <div id=\"wpcf-field-architect\" class=\"wpcf-field-single-line wpcf-field-architect\"><span class=\"wpcf-field-name wpcf-field-single-line-name wpcf-field-architect-name\">architect:<\/span> <span class=\"wpcf-field-value wpcf-field-single-line-value wpcf-field-architect-value\">Le Corbusier<\/span><\/div>\n            <div id=\"wpcf-field-realization\" class=\"wpcf-field-number wpcf-field-realization\"><span class=\"wpcf-field-name wpcf-field-number-name wpcf-field-realization-name\">realization:<\/span> <span class=\"wpcf-field-value wpcf-field-number-value wpcf-field-realization-value\">1952<\/span><\/div>\n            Boulevard Michelet, Marsiglia, Francia\n          <\/div>\n  <\/div>\n<\/article>\n          <\/div>\n            <h4><a href=\"#\" onclick=\"cimap();\" class=\"link-marker js-wpv-addon-maps-focus-map js-toolset-maps-hover-map-map-1-marker-marker-61943 js-toolset-maps-open-infowindow-map-map-1-marker-marker-61943\" data-map=\"map-1\" data-marker=\"marker-61943\">26. Unit\u00e9 d&#8217;Habitacion<\/a><\/h4>\n            <div id=\"wpcf-field-tipology\" class=\"wpcf-field-select wpcf-field-tipology\"><span class=\"wpcf-field-name wpcf-field-select-name wpcf-field-tipology-name\">tipology:<\/span> <span class=\"wpcf-field-value wpcf-field-select-value wpcf-field-tipology-value\">residential<\/span><\/div> | <div id=\"wpcf-field-architect\" class=\"wpcf-field-single-line wpcf-field-architect\"><span class=\"wpcf-field-name wpcf-field-single-line-name wpcf-field-architect-name\">architect:<\/span> <span class=\"wpcf-field-value wpcf-field-single-line-value wpcf-field-architect-value\">Le Corbusier<\/span><\/div> | <div id=\"wpcf-field-realization\" class=\"wpcf-field-number wpcf-field-realization\"><span class=\"wpcf-field-name wpcf-field-number-name wpcf-field-realization-name\">realization:<\/span> <span class=\"wpcf-field-value wpcf-field-number-value wpcf-field-realization-value\">1952<\/span><\/div>\n          <\/li>\n\t\t\n          <li>\n            \n          <div style=\"display:none\" class=\"wpv-addon-maps-marker js-wpv-addon-maps-marker js-wpv-addon-maps-marker-marker-61953 js-wpv-addon-maps-markerfor-map-1\" data-marker=\"marker-61953\" data-markertitle=\"Stade V\u00e9lodrome\" data-markerfor=\"map-1\" data-markerlat=\"43.2614728\" data-markerlon=\"5.3978821\" data-markericon=\"\/wp-content\/uploads\/sites\/6\/2017\/11\/area_marker_14.png\" data-markericonhover=\"\" data-streetview=\"no\" data-fromview=\"\">\n            <article class=\"marker-itinerario\">\n\t<div class=\"entry-thumbnail\">\n      \n      \n      \t<img loading=\"lazy\" decoding=\"async\" width=\"1280\" height=\"914\" src=\"https:\/\/static.tecnichenuove.it\/areaarch\/2018\/09\/scau-stade-velodrome-marseille-luc-boegly_dezeen_1568_0.jpg\" class=\"attachment-post-thumbnail size-post-thumbnail wp-post-image\" alt=\"\" srcset=\"https:\/\/static.tecnichenuove.it\/areaarch\/2018\/09\/scau-stade-velodrome-marseille-luc-boegly_dezeen_1568_0.jpg 1280w, https:\/\/static.tecnichenuove.it\/areaarch\/2018\/09\/scau-stade-velodrome-marseille-luc-boegly_dezeen_1568_0-300x214.jpg 300w, https:\/\/static.tecnichenuove.it\/areaarch\/2018\/09\/scau-stade-velodrome-marseille-luc-boegly_dezeen_1568_0-768x548.jpg 768w, https:\/\/static.tecnichenuove.it\/areaarch\/2018\/09\/scau-stade-velodrome-marseille-luc-boegly_dezeen_1568_0-1024x731.jpg 1024w, https:\/\/static.tecnichenuove.it\/areaarch\/2018\/09\/scau-stade-velodrome-marseille-luc-boegly_dezeen_1568_0-100x70.jpg 100w, https:\/\/static.tecnichenuove.it\/areaarch\/2018\/09\/scau-stade-velodrome-marseille-luc-boegly_dezeen_1568_0-696x497.jpg 696w, https:\/\/static.tecnichenuove.it\/areaarch\/2018\/09\/scau-stade-velodrome-marseille-luc-boegly_dezeen_1568_0-1068x763.jpg 1068w, https:\/\/static.tecnichenuove.it\/areaarch\/2018\/09\/scau-stade-velodrome-marseille-luc-boegly_dezeen_1568_0-588x420.jpg 588w\" sizes=\"auto, (max-width: 1280px) 100vw, 1280px\" \/>\n      \t<img decoding=\"async\" src=\"https:\/\/www.area-arch.it\/wp-content\/uploads\/sites\/6\/2018\/09\/Schermata-2018-09-20-alle-12.34.53.png\" class=\"attachment-post-thumbnail\" \/>\n      \n\t<\/div>\n  \t<div class=\"entry-column\">\n      <h3 class=\"entry-title td-module-title\">Stade V\u00e9lodrome<\/h3>\n      <div class=\"td-excerpt\">\n            <div id=\"wpcf-field-tipology\" class=\"wpcf-field-select wpcf-field-tipology\"><span class=\"wpcf-field-name wpcf-field-select-name wpcf-field-tipology-name\">tipology:<\/span> <span class=\"wpcf-field-value wpcf-field-select-value wpcf-field-tipology-value\">sport<\/span><\/div>\n            <div id=\"wpcf-field-architect\" class=\"wpcf-field-single-line wpcf-field-architect\"><span class=\"wpcf-field-name wpcf-field-single-line-name wpcf-field-architect-name\">architect:<\/span> <span class=\"wpcf-field-value wpcf-field-single-line-value wpcf-field-architect-value\">SCAU<\/span><\/div>\n            <div id=\"wpcf-field-realization\" class=\"wpcf-field-number wpcf-field-realization\"><span class=\"wpcf-field-name wpcf-field-number-name wpcf-field-realization-name\">realization:<\/span> <span class=\"wpcf-field-value wpcf-field-number-value wpcf-field-realization-value\">2014<\/span><\/div>\n            Boulevard Michelet, Marsiglia, Francia\n          <\/div>\n  <\/div>\n<\/article>\n          <\/div>\n            <h4><a href=\"#\" onclick=\"cimap();\" class=\"link-marker js-wpv-addon-maps-focus-map js-toolset-maps-hover-map-map-1-marker-marker-61953 js-toolset-maps-open-infowindow-map-map-1-marker-marker-61953\" data-map=\"map-1\" data-marker=\"marker-61953\">27. Stade V\u00e9lodrome<\/a><\/h4>\n            <div id=\"wpcf-field-tipology\" class=\"wpcf-field-select wpcf-field-tipology\"><span class=\"wpcf-field-name wpcf-field-select-name wpcf-field-tipology-name\">tipology:<\/span> <span class=\"wpcf-field-value wpcf-field-select-value wpcf-field-tipology-value\">sport<\/span><\/div> | <div id=\"wpcf-field-architect\" class=\"wpcf-field-single-line wpcf-field-architect\"><span class=\"wpcf-field-name wpcf-field-single-line-name wpcf-field-architect-name\">architect:<\/span> <span class=\"wpcf-field-value wpcf-field-single-line-value wpcf-field-architect-value\">SCAU<\/span><\/div> | <div id=\"wpcf-field-realization\" class=\"wpcf-field-number wpcf-field-realization\"><span class=\"wpcf-field-name wpcf-field-number-name wpcf-field-realization-name\">realization:<\/span> <span class=\"wpcf-field-value wpcf-field-number-value wpcf-field-realization-value\">2014<\/span><\/div>\n          <\/li>\n\t\t\n          <li>\n            \n          <div style=\"display:none\" class=\"wpv-addon-maps-marker js-wpv-addon-maps-marker js-wpv-addon-maps-marker-marker-61957 js-wpv-addon-maps-markerfor-map-1\" data-marker=\"marker-61957\" data-markertitle=\"Sainte-Marguerite Hospital\" data-markerfor=\"map-1\" data-markerlat=\"43.265203\" data-markerlon=\"5.4089669\" data-markericon=\"\/wp-content\/uploads\/sites\/6\/2017\/11\/area_marker_5.png\" data-markericonhover=\"\" data-streetview=\"no\" data-fromview=\"\">\n            <article class=\"marker-itinerario\">\n\t<div class=\"entry-thumbnail\">\n      \n      \n      \t<img loading=\"lazy\" decoding=\"async\" width=\"1280\" height=\"845\" src=\"https:\/\/static.tecnichenuove.it\/areaarch\/2018\/09\/Schermata-2018-09-20-alle-14.07.44.png\" class=\"attachment-post-thumbnail size-post-thumbnail wp-post-image\" alt=\"\" srcset=\"https:\/\/static.tecnichenuove.it\/areaarch\/2018\/09\/Schermata-2018-09-20-alle-14.07.44.png 1280w, https:\/\/static.tecnichenuove.it\/areaarch\/2018\/09\/Schermata-2018-09-20-alle-14.07.44-150x100.png 150w, https:\/\/static.tecnichenuove.it\/areaarch\/2018\/09\/Schermata-2018-09-20-alle-14.07.44-300x198.png 300w, https:\/\/static.tecnichenuove.it\/areaarch\/2018\/09\/Schermata-2018-09-20-alle-14.07.44-768x507.png 768w, https:\/\/static.tecnichenuove.it\/areaarch\/2018\/09\/Schermata-2018-09-20-alle-14.07.44-1024x676.png 1024w, https:\/\/static.tecnichenuove.it\/areaarch\/2018\/09\/Schermata-2018-09-20-alle-14.07.44-696x459.png 696w, https:\/\/static.tecnichenuove.it\/areaarch\/2018\/09\/Schermata-2018-09-20-alle-14.07.44-1068x705.png 1068w, https:\/\/static.tecnichenuove.it\/areaarch\/2018\/09\/Schermata-2018-09-20-alle-14.07.44-636x420.png 636w\" sizes=\"auto, (max-width: 1280px) 100vw, 1280px\" \/>\n      \t<img decoding=\"async\" src=\"https:\/\/www.area-arch.it\/wp-content\/uploads\/sites\/6\/2018\/09\/PLAN-MASSE-500\u220fArchitecture-Studio.jpg\" class=\"attachment-post-thumbnail\" \/>\n      \n\t<\/div>\n  \t<div class=\"entry-column\">\n      <h3 class=\"entry-title td-module-title\">Sainte-Marguerite Hospital<\/h3>\n      <div class=\"td-excerpt\">\n            <div id=\"wpcf-field-tipology\" class=\"wpcf-field-select wpcf-field-tipology\"><span class=\"wpcf-field-name wpcf-field-select-name wpcf-field-tipology-name\">tipology:<\/span> <span class=\"wpcf-field-value wpcf-field-select-value wpcf-field-tipology-value\">health<\/span><\/div>\n            <div id=\"wpcf-field-architect\" class=\"wpcf-field-single-line wpcf-field-architect\"><span class=\"wpcf-field-name wpcf-field-single-line-name wpcf-field-architect-name\">architect:<\/span> <span class=\"wpcf-field-value wpcf-field-single-line-value wpcf-field-architect-value\">as.architecture-studio<\/span><\/div>\n            <div id=\"wpcf-field-realization\" class=\"wpcf-field-number wpcf-field-realization\"><span class=\"wpcf-field-name wpcf-field-number-name wpcf-field-realization-name\">realization:<\/span> <span class=\"wpcf-field-value wpcf-field-number-value wpcf-field-realization-value\">2006<\/span><\/div>\n            Boulevard de Sainte-Marguerite, Marsiglia, Francia\n          <\/div>\n  <\/div>\n<\/article>\n          <\/div>\n            <h4><a href=\"#\" onclick=\"cimap();\" class=\"link-marker js-wpv-addon-maps-focus-map js-toolset-maps-hover-map-map-1-marker-marker-61957 js-toolset-maps-open-infowindow-map-map-1-marker-marker-61957\" data-map=\"map-1\" data-marker=\"marker-61957\">28. Sainte-Marguerite Hospital<\/a><\/h4>\n            <div id=\"wpcf-field-tipology\" class=\"wpcf-field-select wpcf-field-tipology\"><span class=\"wpcf-field-name wpcf-field-select-name wpcf-field-tipology-name\">tipology:<\/span> <span class=\"wpcf-field-value wpcf-field-select-value wpcf-field-tipology-value\">health<\/span><\/div> | <div id=\"wpcf-field-architect\" class=\"wpcf-field-single-line wpcf-field-architect\"><span class=\"wpcf-field-name wpcf-field-single-line-name wpcf-field-architect-name\">architect:<\/span> <span class=\"wpcf-field-value wpcf-field-single-line-value wpcf-field-architect-value\">as.architecture-studio<\/span><\/div> | <div id=\"wpcf-field-realization\" class=\"wpcf-field-number wpcf-field-realization\"><span class=\"wpcf-field-name wpcf-field-number-name wpcf-field-realization-name\">realization:<\/span> <span class=\"wpcf-field-value wpcf-field-number-value wpcf-field-realization-value\">2006<\/span><\/div>\n          <\/li>\n\t\t\n          <li>\n            \n          <div style=\"display:none\" class=\"wpv-addon-maps-marker js-wpv-addon-maps-marker js-wpv-addon-maps-marker-marker-61959 js-wpv-addon-maps-markerfor-map-1\" data-marker=\"marker-61959\" data-markertitle=\"Parc Chanot, extension du Palais des Congr\u00e8s\" data-markerfor=\"map-1\" data-markerlat=\"43.2724755\" data-markerlon=\"5.3910846\" data-markericon=\"\/wp-content\/uploads\/sites\/6\/2017\/11\/area_marker_12.png\" data-markericonhover=\"\" data-streetview=\"no\" data-fromview=\"\">\n            <article class=\"marker-itinerario\">\n\t<div class=\"entry-thumbnail\">\n      \n      \t<img loading=\"lazy\" decoding=\"async\" width=\"300\" height=\"254\" src=\"https:\/\/static.tecnichenuove.it\/areaarch\/2018\/09\/Schermata-2018-09-20-alle-14.14.59-300x254.png\" class=\"attachment-medium size-medium wp-post-image\" alt=\"\" srcset=\"https:\/\/static.tecnichenuove.it\/areaarch\/2018\/09\/Schermata-2018-09-20-alle-14.14.59-300x254.png 300w, https:\/\/static.tecnichenuove.it\/areaarch\/2018\/09\/Schermata-2018-09-20-alle-14.14.59-768x649.png 768w, https:\/\/static.tecnichenuove.it\/areaarch\/2018\/09\/Schermata-2018-09-20-alle-14.14.59-1024x866.png 1024w, https:\/\/static.tecnichenuove.it\/areaarch\/2018\/09\/Schermata-2018-09-20-alle-14.14.59-696x588.png 696w, https:\/\/static.tecnichenuove.it\/areaarch\/2018\/09\/Schermata-2018-09-20-alle-14.14.59-1068x903.png 1068w, https:\/\/static.tecnichenuove.it\/areaarch\/2018\/09\/Schermata-2018-09-20-alle-14.14.59-497x420.png 497w, https:\/\/static.tecnichenuove.it\/areaarch\/2018\/09\/Schermata-2018-09-20-alle-14.14.59.png 1280w\" sizes=\"auto, (max-width: 300px) 100vw, 300px\" \/>\n      \n      \n\t<\/div>\n  \t<div class=\"entry-column\">\n      <h3 class=\"entry-title td-module-title\">Parc Chanot, extension du Palais des Congr\u00e8s<\/h3>\n      <div class=\"td-excerpt\">\n            <div id=\"wpcf-field-tipology\" class=\"wpcf-field-select wpcf-field-tipology\"><span class=\"wpcf-field-name wpcf-field-select-name wpcf-field-tipology-name\">tipology:<\/span> <span class=\"wpcf-field-value wpcf-field-select-value wpcf-field-tipology-value\">public<\/span><\/div>\n            <div id=\"wpcf-field-architect\" class=\"wpcf-field-single-line wpcf-field-architect\"><span class=\"wpcf-field-name wpcf-field-single-line-name wpcf-field-architect-name\">architect:<\/span> <span class=\"wpcf-field-value wpcf-field-single-line-value wpcf-field-architect-value\">Jean-Paul Viguier et Associ\u00e9s Architecture et Urbanisme<\/span><\/div>\n            <div id=\"wpcf-field-realization\" class=\"wpcf-field-number wpcf-field-realization\"><span class=\"wpcf-field-name wpcf-field-number-name wpcf-field-realization-name\">realization:<\/span> <span class=\"wpcf-field-value wpcf-field-number-value wpcf-field-realization-value\">1997<\/span><\/div>\n            Rond-Point du Prado, Marsiglia, Francia\n          <\/div>\n  <\/div>\n<\/article>\n          <\/div>\n            <h4><a href=\"#\" onclick=\"cimap();\" class=\"link-marker js-wpv-addon-maps-focus-map js-toolset-maps-hover-map-map-1-marker-marker-61959 js-toolset-maps-open-infowindow-map-map-1-marker-marker-61959\" data-map=\"map-1\" data-marker=\"marker-61959\">29. Parc Chanot, extension du Palais des Congr\u00e8s<\/a><\/h4>\n            <div id=\"wpcf-field-tipology\" class=\"wpcf-field-select wpcf-field-tipology\"><span class=\"wpcf-field-name wpcf-field-select-name wpcf-field-tipology-name\">tipology:<\/span> <span class=\"wpcf-field-value wpcf-field-select-value wpcf-field-tipology-value\">public<\/span><\/div> | <div id=\"wpcf-field-architect\" class=\"wpcf-field-single-line wpcf-field-architect\"><span class=\"wpcf-field-name wpcf-field-single-line-name wpcf-field-architect-name\">architect:<\/span> <span class=\"wpcf-field-value wpcf-field-single-line-value wpcf-field-architect-value\">Jean-Paul Viguier et Associ\u00e9s Architecture et Urbanisme<\/span><\/div> | <div id=\"wpcf-field-realization\" class=\"wpcf-field-number wpcf-field-realization\"><span class=\"wpcf-field-name wpcf-field-number-name wpcf-field-realization-name\">realization:<\/span> <span class=\"wpcf-field-value wpcf-field-number-value wpcf-field-realization-value\">1997<\/span><\/div>\n          <\/li>\n\t\t\n          <li>\n            \n          <div style=\"display:none\" class=\"wpv-addon-maps-marker js-wpv-addon-maps-marker js-wpv-addon-maps-marker-marker-61961 js-wpv-addon-maps-markerfor-map-1\" data-marker=\"marker-61961\" data-markertitle=\"Maison GM\" data-markerfor=\"map-1\" data-markerlat=\"43.2763294\" data-markerlon=\"5.3672738\" data-markericon=\"\/wp-content\/uploads\/sites\/6\/2017\/11\/area_marker_13.png\" data-markericonhover=\"\" data-streetview=\"no\" data-fromview=\"\">\n            <article class=\"marker-itinerario\">\n\t<div class=\"entry-thumbnail\">\n      \n      \n      \t<img loading=\"lazy\" decoding=\"async\" width=\"1024\" height=\"1280\" src=\"https:\/\/static.tecnichenuove.it\/areaarch\/2018\/09\/BGA-MAISON-GM-JK-EXTE%CC%81RIEURS-01-H16_8340_M.jpg\" class=\"attachment-post-thumbnail size-post-thumbnail wp-post-image\" alt=\"\" srcset=\"https:\/\/static.tecnichenuove.it\/areaarch\/2018\/09\/BGA-MAISON-GM-JK-EXTE%CC%81RIEURS-01-H16_8340_M.jpg 1024w, https:\/\/static.tecnichenuove.it\/areaarch\/2018\/09\/BGA-MAISON-GM-JK-EXTE%CC%81RIEURS-01-H16_8340_M-240x300.jpg 240w, https:\/\/static.tecnichenuove.it\/areaarch\/2018\/09\/BGA-MAISON-GM-JK-EXTE%CC%81RIEURS-01-H16_8340_M-768x960.jpg 768w, https:\/\/static.tecnichenuove.it\/areaarch\/2018\/09\/BGA-MAISON-GM-JK-EXTE%CC%81RIEURS-01-H16_8340_M-819x1024.jpg 819w, https:\/\/static.tecnichenuove.it\/areaarch\/2018\/09\/BGA-MAISON-GM-JK-EXTE%CC%81RIEURS-01-H16_8340_M-696x870.jpg 696w, https:\/\/static.tecnichenuove.it\/areaarch\/2018\/09\/BGA-MAISON-GM-JK-EXTE%CC%81RIEURS-01-H16_8340_M-336x420.jpg 336w\" sizes=\"auto, (max-width: 1024px) 100vw, 1024px\" \/>\n      \t<img decoding=\"async\" src=\"https:\/\/www.area-arch.it\/wp-content\/uploads\/sites\/6\/2018\/09\/14-07-PROJET-GM-PLAN-COMMUNICATION-RDC.jpg\" class=\"attachment-post-thumbnail\" \/>\n      \n\t<\/div>\n  \t<div class=\"entry-column\">\n      <h3 class=\"entry-title td-module-title\">Maison GM<\/h3>\n      <div class=\"td-excerpt\">\n            <div id=\"wpcf-field-tipology\" class=\"wpcf-field-select wpcf-field-tipology\"><span class=\"wpcf-field-name wpcf-field-select-name wpcf-field-tipology-name\">tipology:<\/span> <span class=\"wpcf-field-value wpcf-field-select-value wpcf-field-tipology-value\">residential<\/span><\/div>\n            <div id=\"wpcf-field-architect\" class=\"wpcf-field-single-line wpcf-field-architect\"><span class=\"wpcf-field-name wpcf-field-single-line-name wpcf-field-architect-name\">architect:<\/span> <span class=\"wpcf-field-value wpcf-field-single-line-value wpcf-field-architect-value\">Bertrand Guillon Architecture<\/span><\/div>\n            <div id=\"wpcf-field-realization\" class=\"wpcf-field-number wpcf-field-realization\"><span class=\"wpcf-field-name wpcf-field-number-name wpcf-field-realization-name\">realization:<\/span> <span class=\"wpcf-field-value wpcf-field-number-value wpcf-field-realization-value\">2015<\/span><\/div>\n            Roucas-Blanc, Marsiglia, Francia\n          <\/div>\n  <\/div>\n<\/article>\n          <\/div>\n            <h4><a href=\"#\" onclick=\"cimap();\" class=\"link-marker js-wpv-addon-maps-focus-map js-toolset-maps-hover-map-map-1-marker-marker-61961 js-toolset-maps-open-infowindow-map-map-1-marker-marker-61961\" data-map=\"map-1\" data-marker=\"marker-61961\">30. Maison GM<\/a><\/h4>\n            <div id=\"wpcf-field-tipology\" class=\"wpcf-field-select wpcf-field-tipology\"><span class=\"wpcf-field-name wpcf-field-select-name wpcf-field-tipology-name\">tipology:<\/span> <span class=\"wpcf-field-value wpcf-field-select-value wpcf-field-tipology-value\">residential<\/span><\/div> | <div id=\"wpcf-field-architect\" class=\"wpcf-field-single-line wpcf-field-architect\"><span class=\"wpcf-field-name wpcf-field-single-line-name wpcf-field-architect-name\">architect:<\/span> <span class=\"wpcf-field-value wpcf-field-single-line-value wpcf-field-architect-value\">Bertrand Guillon Architecture<\/span><\/div> | <div id=\"wpcf-field-realization\" class=\"wpcf-field-number wpcf-field-realization\"><span class=\"wpcf-field-name wpcf-field-number-name wpcf-field-realization-name\">realization:<\/span> <span class=\"wpcf-field-value wpcf-field-number-value wpcf-field-realization-value\">2015<\/span><\/div>\n          <\/li>\n\t\t\n          <li>\n            \n          <div style=\"display:none\" class=\"wpv-addon-maps-marker js-wpv-addon-maps-marker js-wpv-addon-maps-marker-marker-61965 js-wpv-addon-maps-markerfor-map-1\" data-marker=\"marker-61965\" data-markertitle=\"Maison B\" data-markerfor=\"map-1\" data-markerlat=\"43.2810114\" data-markerlon=\"5.3620016\" data-markericon=\"\/wp-content\/uploads\/sites\/6\/2017\/11\/area_marker_13.png\" data-markericonhover=\"\" data-streetview=\"no\" data-fromview=\"\">\n            <article class=\"marker-itinerario\">\n\t<div class=\"entry-thumbnail\">\n      \n      \n      \t<img loading=\"lazy\" decoding=\"async\" width=\"1280\" height=\"1024\" src=\"https:\/\/static.tecnichenuove.it\/areaarch\/2018\/09\/BGA-MAISON-B-092-3JK_9313_M.jpg\" class=\"attachment-post-thumbnail size-post-thumbnail wp-post-image\" alt=\"\" srcset=\"https:\/\/static.tecnichenuove.it\/areaarch\/2018\/09\/BGA-MAISON-B-092-3JK_9313_M.jpg 1280w, https:\/\/static.tecnichenuove.it\/areaarch\/2018\/09\/BGA-MAISON-B-092-3JK_9313_M-300x240.jpg 300w, https:\/\/static.tecnichenuove.it\/areaarch\/2018\/09\/BGA-MAISON-B-092-3JK_9313_M-768x614.jpg 768w, https:\/\/static.tecnichenuove.it\/areaarch\/2018\/09\/BGA-MAISON-B-092-3JK_9313_M-1024x819.jpg 1024w, https:\/\/static.tecnichenuove.it\/areaarch\/2018\/09\/BGA-MAISON-B-092-3JK_9313_M-696x557.jpg 696w, https:\/\/static.tecnichenuove.it\/areaarch\/2018\/09\/BGA-MAISON-B-092-3JK_9313_M-1068x854.jpg 1068w, https:\/\/static.tecnichenuove.it\/areaarch\/2018\/09\/BGA-MAISON-B-092-3JK_9313_M-525x420.jpg 525w\" sizes=\"auto, (max-width: 1280px) 100vw, 1280px\" \/>\n      \t<img decoding=\"async\" src=\"https:\/\/www.area-arch.it\/wp-content\/uploads\/sites\/6\/2018\/09\/bertrand-guillon-architecture-architecte-marseille-maison-b-re\u0301novation-inte\u0301rieur-interiordesign-plan.jpg\" class=\"attachment-post-thumbnail\" \/>\n      \n\t<\/div>\n  \t<div class=\"entry-column\">\n      <h3 class=\"entry-title td-module-title\">Maison B<\/h3>\n      <div class=\"td-excerpt\">\n            <div id=\"wpcf-field-tipology\" class=\"wpcf-field-select wpcf-field-tipology\"><span class=\"wpcf-field-name wpcf-field-select-name wpcf-field-tipology-name\">tipology:<\/span> <span class=\"wpcf-field-value wpcf-field-select-value wpcf-field-tipology-value\">residential<\/span><\/div>\n            <div id=\"wpcf-field-architect\" class=\"wpcf-field-single-line wpcf-field-architect\"><span class=\"wpcf-field-name wpcf-field-single-line-name wpcf-field-architect-name\">architect:<\/span> <span class=\"wpcf-field-value wpcf-field-single-line-value wpcf-field-architect-value\">Bertrand Guillon Architecture<\/span><\/div>\n            <div id=\"wpcf-field-realization\" class=\"wpcf-field-number wpcf-field-realization\"><span class=\"wpcf-field-name wpcf-field-number-name wpcf-field-realization-name\">realization:<\/span> <span class=\"wpcf-field-value wpcf-field-number-value wpcf-field-realization-value\">2015<\/span><\/div>\n            Bompard, Marsiglia, Francia\n          <\/div>\n  <\/div>\n<\/article>\n          <\/div>\n            <h4><a href=\"#\" onclick=\"cimap();\" class=\"link-marker js-wpv-addon-maps-focus-map js-toolset-maps-hover-map-map-1-marker-marker-61965 js-toolset-maps-open-infowindow-map-map-1-marker-marker-61965\" data-map=\"map-1\" data-marker=\"marker-61965\">31. Maison B<\/a><\/h4>\n            <div id=\"wpcf-field-tipology\" class=\"wpcf-field-select wpcf-field-tipology\"><span class=\"wpcf-field-name wpcf-field-select-name wpcf-field-tipology-name\">tipology:<\/span> <span class=\"wpcf-field-value wpcf-field-select-value wpcf-field-tipology-value\">residential<\/span><\/div> | <div id=\"wpcf-field-architect\" class=\"wpcf-field-single-line wpcf-field-architect\"><span class=\"wpcf-field-name wpcf-field-single-line-name wpcf-field-architect-name\">architect:<\/span> <span class=\"wpcf-field-value wpcf-field-single-line-value wpcf-field-architect-value\">Bertrand Guillon Architecture<\/span><\/div> | <div id=\"wpcf-field-realization\" class=\"wpcf-field-number wpcf-field-realization\"><span class=\"wpcf-field-name wpcf-field-number-name wpcf-field-realization-name\">realization:<\/span> <span class=\"wpcf-field-value wpcf-field-number-value wpcf-field-realization-value\">2015<\/span><\/div>\n          <\/li>\n\t\t\n          <li>\n            \n          <div style=\"display:none\" class=\"wpv-addon-maps-marker js-wpv-addon-maps-marker js-wpv-addon-maps-marker-marker-61968 js-wpv-addon-maps-markerfor-map-1\" data-marker=\"marker-61968\" data-markertitle=\"Maison CAP\" data-markerfor=\"map-1\" data-markerlat=\"43.285751\" data-markerlon=\"5.391112\" data-markericon=\"\/wp-content\/uploads\/sites\/6\/2017\/11\/area_marker_13.png\" data-markericonhover=\"\" data-streetview=\"no\" data-fromview=\"\">\n            <article class=\"marker-itinerario\">\n\t<div class=\"entry-thumbnail\">\n      \n      \n      \t<img loading=\"lazy\" decoding=\"async\" width=\"853\" height=\"1280\" src=\"https:\/\/static.tecnichenuove.it\/areaarch\/2018\/09\/02_EXT-NORD.jpg\" class=\"attachment-post-thumbnail size-post-thumbnail wp-post-image\" alt=\"\" srcset=\"https:\/\/static.tecnichenuove.it\/areaarch\/2018\/09\/02_EXT-NORD.jpg 853w, https:\/\/static.tecnichenuove.it\/areaarch\/2018\/09\/02_EXT-NORD-200x300.jpg 200w, https:\/\/static.tecnichenuove.it\/areaarch\/2018\/09\/02_EXT-NORD-768x1152.jpg 768w, https:\/\/static.tecnichenuove.it\/areaarch\/2018\/09\/02_EXT-NORD-682x1024.jpg 682w, https:\/\/static.tecnichenuove.it\/areaarch\/2018\/09\/02_EXT-NORD-696x1044.jpg 696w, https:\/\/static.tecnichenuove.it\/areaarch\/2018\/09\/02_EXT-NORD-280x420.jpg 280w\" sizes=\"auto, (max-width: 853px) 100vw, 853px\" \/>\n      \t<img decoding=\"async\" src=\"https:\/\/www.area-arch.it\/wp-content\/uploads\/sites\/6\/2018\/09\/Schermata-2018-09-20-alle-14.26.35.png\" class=\"attachment-post-thumbnail\" \/>\n      \n\t<\/div>\n  \t<div class=\"entry-column\">\n      <h3 class=\"entry-title td-module-title\">Maison CAP<\/h3>\n      <div class=\"td-excerpt\">\n            <div id=\"wpcf-field-tipology\" class=\"wpcf-field-select wpcf-field-tipology\"><span class=\"wpcf-field-name wpcf-field-select-name wpcf-field-tipology-name\">tipology:<\/span> <span class=\"wpcf-field-value wpcf-field-select-value wpcf-field-tipology-value\">residential<\/span><\/div>\n            <div id=\"wpcf-field-architect\" class=\"wpcf-field-single-line wpcf-field-architect\"><span class=\"wpcf-field-name wpcf-field-single-line-name wpcf-field-architect-name\">architect:<\/span> <span class=\"wpcf-field-value wpcf-field-single-line-value wpcf-field-architect-value\">ACAU<\/span><\/div>\n            <div id=\"wpcf-field-realization\" class=\"wpcf-field-number wpcf-field-realization\"><span class=\"wpcf-field-name wpcf-field-number-name wpcf-field-realization-name\">realization:<\/span> <span class=\"wpcf-field-value wpcf-field-number-value wpcf-field-realization-value\">2014<\/span><\/div>\n            Traverse Raynouard, Marsiglia, Francia\n          <\/div>\n  <\/div>\n<\/article>\n          <\/div>\n            <h4><a href=\"#\" onclick=\"cimap();\" class=\"link-marker js-wpv-addon-maps-focus-map js-toolset-maps-hover-map-map-1-marker-marker-61968 js-toolset-maps-open-infowindow-map-map-1-marker-marker-61968\" data-map=\"map-1\" data-marker=\"marker-61968\">32. Maison CAP<\/a><\/h4>\n            <div id=\"wpcf-field-tipology\" class=\"wpcf-field-select wpcf-field-tipology\"><span class=\"wpcf-field-name wpcf-field-select-name wpcf-field-tipology-name\">tipology:<\/span> <span class=\"wpcf-field-value wpcf-field-select-value wpcf-field-tipology-value\">residential<\/span><\/div> | <div id=\"wpcf-field-architect\" class=\"wpcf-field-single-line wpcf-field-architect\"><span class=\"wpcf-field-name wpcf-field-single-line-name wpcf-field-architect-name\">architect:<\/span> <span class=\"wpcf-field-value wpcf-field-single-line-value wpcf-field-architect-value\">ACAU<\/span><\/div> | <div id=\"wpcf-field-realization\" class=\"wpcf-field-number wpcf-field-realization\"><span class=\"wpcf-field-name wpcf-field-number-name wpcf-field-realization-name\">realization:<\/span> <span class=\"wpcf-field-value wpcf-field-number-value wpcf-field-realization-value\">2014<\/span><\/div>\n          <\/li>\n\t\t\n          <li>\n            \n          <div style=\"display:none\" class=\"wpv-addon-maps-marker js-wpv-addon-maps-marker js-wpv-addon-maps-marker-marker-61971 js-wpv-addon-maps-markerfor-map-1\" data-marker=\"marker-61971\" data-markertitle=\"Coll\u00e8ge Gyptis\" data-markerfor=\"map-1\" data-markerlat=\"43.2912517\" data-markerlon=\"5.3919246\" data-markericon=\"\/wp-content\/uploads\/sites\/6\/2017\/11\/area_marker_5.png\" data-markericonhover=\"\" data-streetview=\"no\" data-fromview=\"\">\n            <article class=\"marker-itinerario\">\n\t<div class=\"entry-thumbnail\">\n      \n      \n      \t<img loading=\"lazy\" decoding=\"async\" width=\"1280\" height=\"853\" src=\"https:\/\/static.tecnichenuove.it\/areaarch\/2018\/09\/PHOTO1-1-PETITE.jpg\" class=\"attachment-post-thumbnail size-post-thumbnail wp-post-image\" alt=\"\" srcset=\"https:\/\/static.tecnichenuove.it\/areaarch\/2018\/09\/PHOTO1-1-PETITE.jpg 1280w, https:\/\/static.tecnichenuove.it\/areaarch\/2018\/09\/PHOTO1-1-PETITE-150x100.jpg 150w, https:\/\/static.tecnichenuove.it\/areaarch\/2018\/09\/PHOTO1-1-PETITE-300x200.jpg 300w, https:\/\/static.tecnichenuove.it\/areaarch\/2018\/09\/PHOTO1-1-PETITE-768x512.jpg 768w, https:\/\/static.tecnichenuove.it\/areaarch\/2018\/09\/PHOTO1-1-PETITE-1024x682.jpg 1024w, https:\/\/static.tecnichenuove.it\/areaarch\/2018\/09\/PHOTO1-1-PETITE-696x464.jpg 696w, https:\/\/static.tecnichenuove.it\/areaarch\/2018\/09\/PHOTO1-1-PETITE-1068x712.jpg 1068w, https:\/\/static.tecnichenuove.it\/areaarch\/2018\/09\/PHOTO1-1-PETITE-630x420.jpg 630w\" sizes=\"auto, (max-width: 1280px) 100vw, 1280px\" \/>\n      \t<img decoding=\"async\" src=\"https:\/\/www.area-arch.it\/wp-content\/uploads\/sites\/6\/2018\/09\/Schermata-2018-09-20-alle-14.31.09.png\" class=\"attachment-post-thumbnail\" \/>\n      \n\t<\/div>\n  \t<div class=\"entry-column\">\n      <h3 class=\"entry-title td-module-title\">Coll\u00e8ge Gyptis<\/h3>\n      <div class=\"td-excerpt\">\n            <div id=\"wpcf-field-tipology\" class=\"wpcf-field-select wpcf-field-tipology\"><span class=\"wpcf-field-name wpcf-field-select-name wpcf-field-tipology-name\">tipology:<\/span> <span class=\"wpcf-field-value wpcf-field-select-value wpcf-field-tipology-value\">health<\/span><\/div>\n            <div id=\"wpcf-field-architect\" class=\"wpcf-field-single-line wpcf-field-architect\"><span class=\"wpcf-field-name wpcf-field-single-line-name wpcf-field-architect-name\">architect:<\/span> <span class=\"wpcf-field-value wpcf-field-single-line-value wpcf-field-architect-value\">Av\u00e9rous &amp; Simay architeture<\/span><\/div>\n            <div id=\"wpcf-field-realization\" class=\"wpcf-field-number wpcf-field-realization\"><span class=\"wpcf-field-name wpcf-field-number-name wpcf-field-realization-name\">realization:<\/span> <span class=\"wpcf-field-value wpcf-field-number-value wpcf-field-realization-value\">2013<\/span><\/div>\n            22 Rue des Vertus, Marsiglia, Francia\n          <\/div>\n  <\/div>\n<\/article>\n          <\/div>\n            <h4><a href=\"#\" onclick=\"cimap();\" class=\"link-marker js-wpv-addon-maps-focus-map js-toolset-maps-hover-map-map-1-marker-marker-61971 js-toolset-maps-open-infowindow-map-map-1-marker-marker-61971\" data-map=\"map-1\" data-marker=\"marker-61971\">33. Coll\u00e8ge Gyptis<\/a><\/h4>\n            <div id=\"wpcf-field-tipology\" class=\"wpcf-field-select wpcf-field-tipology\"><span class=\"wpcf-field-name wpcf-field-select-name wpcf-field-tipology-name\">tipology:<\/span> <span class=\"wpcf-field-value wpcf-field-select-value wpcf-field-tipology-value\">health<\/span><\/div> | <div id=\"wpcf-field-architect\" class=\"wpcf-field-single-line wpcf-field-architect\"><span class=\"wpcf-field-name wpcf-field-single-line-name wpcf-field-architect-name\">architect:<\/span> <span class=\"wpcf-field-value wpcf-field-single-line-value wpcf-field-architect-value\">Av\u00e9rous &amp; Simay architeture<\/span><\/div> | <div id=\"wpcf-field-realization\" class=\"wpcf-field-number wpcf-field-realization\"><span class=\"wpcf-field-name wpcf-field-number-name wpcf-field-realization-name\">realization:<\/span> <span class=\"wpcf-field-value wpcf-field-number-value wpcf-field-realization-value\">2013<\/span><\/div>\n          <\/li>\n\t\t\n          <li>\n            \n          <div style=\"display:none\" class=\"wpv-addon-maps-marker js-wpv-addon-maps-marker js-wpv-addon-maps-marker-marker-61975 js-wpv-addon-maps-markerfor-map-1\" data-marker=\"marker-61975\" data-markertitle=\"Fietje\" data-markerfor=\"map-1\" data-markerlat=\"43.2913667\" data-markerlon=\"5.3700907\" data-markericon=\"\/wp-content\/uploads\/sites\/6\/2017\/11\/area_marker_3.png\" data-markericonhover=\"\" data-streetview=\"no\" data-fromview=\"\">\n            <article class=\"marker-itinerario\">\n\t<div class=\"entry-thumbnail\">\n      \n      \n      \t<img loading=\"lazy\" decoding=\"async\" width=\"1280\" height=\"914\" src=\"https:\/\/static.tecnichenuove.it\/areaarch\/2018\/09\/BGA-FIETJE-01.jpg\" class=\"attachment-post-thumbnail size-post-thumbnail wp-post-image\" alt=\"\" srcset=\"https:\/\/static.tecnichenuove.it\/areaarch\/2018\/09\/BGA-FIETJE-01.jpg 1280w, https:\/\/static.tecnichenuove.it\/areaarch\/2018\/09\/BGA-FIETJE-01-300x214.jpg 300w, https:\/\/static.tecnichenuove.it\/areaarch\/2018\/09\/BGA-FIETJE-01-768x548.jpg 768w, https:\/\/static.tecnichenuove.it\/areaarch\/2018\/09\/BGA-FIETJE-01-1024x731.jpg 1024w, https:\/\/static.tecnichenuove.it\/areaarch\/2018\/09\/BGA-FIETJE-01-100x70.jpg 100w, https:\/\/static.tecnichenuove.it\/areaarch\/2018\/09\/BGA-FIETJE-01-696x497.jpg 696w, https:\/\/static.tecnichenuove.it\/areaarch\/2018\/09\/BGA-FIETJE-01-1068x763.jpg 1068w, https:\/\/static.tecnichenuove.it\/areaarch\/2018\/09\/BGA-FIETJE-01-588x420.jpg 588w\" sizes=\"auto, (max-width: 1280px) 100vw, 1280px\" \/>\n      \t<img decoding=\"async\" src=\"https:\/\/www.area-arch.it\/wp-content\/uploads\/sites\/6\/2018\/09\/Schermata-2018-09-20-alle-14.34.04.png\" class=\"attachment-post-thumbnail\" \/>\n      \n\t<\/div>\n  \t<div class=\"entry-column\">\n      <h3 class=\"entry-title td-module-title\">Fietje<\/h3>\n      <div class=\"td-excerpt\">\n            <div id=\"wpcf-field-tipology\" class=\"wpcf-field-select wpcf-field-tipology\"><span class=\"wpcf-field-name wpcf-field-select-name wpcf-field-tipology-name\">tipology:<\/span> <span class=\"wpcf-field-value wpcf-field-select-value wpcf-field-tipology-value\">commercial<\/span><\/div>\n            <div id=\"wpcf-field-architect\" class=\"wpcf-field-single-line wpcf-field-architect\"><span class=\"wpcf-field-name wpcf-field-single-line-name wpcf-field-architect-name\">architect:<\/span> <span class=\"wpcf-field-value wpcf-field-single-line-value wpcf-field-architect-value\">Bertrand Guillon Architecture<\/span><\/div>\n            <div id=\"wpcf-field-realization\" class=\"wpcf-field-number wpcf-field-realization\"><span class=\"wpcf-field-name wpcf-field-number-name wpcf-field-realization-name\">realization:<\/span> <span class=\"wpcf-field-value wpcf-field-number-value wpcf-field-realization-value\">2014<\/span><\/div>\n            Rue Sainte, Marseille, Francia\n          <\/div>\n  <\/div>\n<\/article>\n          <\/div>\n            <h4><a href=\"#\" onclick=\"cimap();\" class=\"link-marker js-wpv-addon-maps-focus-map js-toolset-maps-hover-map-map-1-marker-marker-61975 js-toolset-maps-open-infowindow-map-map-1-marker-marker-61975\" data-map=\"map-1\" data-marker=\"marker-61975\">34. Fietje<\/a><\/h4>\n            <div id=\"wpcf-field-tipology\" class=\"wpcf-field-select wpcf-field-tipology\"><span class=\"wpcf-field-name wpcf-field-select-name wpcf-field-tipology-name\">tipology:<\/span> <span class=\"wpcf-field-value wpcf-field-select-value wpcf-field-tipology-value\">commercial<\/span><\/div> | <div id=\"wpcf-field-architect\" class=\"wpcf-field-single-line wpcf-field-architect\"><span class=\"wpcf-field-name wpcf-field-single-line-name wpcf-field-architect-name\">architect:<\/span> <span class=\"wpcf-field-value wpcf-field-single-line-value wpcf-field-architect-value\">Bertrand Guillon Architecture<\/span><\/div> | <div id=\"wpcf-field-realization\" class=\"wpcf-field-number wpcf-field-realization\"><span class=\"wpcf-field-name wpcf-field-number-name wpcf-field-realization-name\">realization:<\/span> <span class=\"wpcf-field-value wpcf-field-number-value wpcf-field-realization-value\">2014<\/span><\/div>\n          <\/li>\n\t\t\n          <li>\n            \n          <div style=\"display:none\" class=\"wpv-addon-maps-marker js-wpv-addon-maps-marker js-wpv-addon-maps-marker-marker-61978 js-wpv-addon-maps-markerfor-map-1\" data-marker=\"marker-61978\" data-markertitle=\"Marseille&#8217;s Vieux Port\" data-markerfor=\"map-1\" data-markerlat=\"43.2929245\" data-markerlon=\"5.3690736\" data-markericon=\"\/wp-content\/uploads\/sites\/6\/2017\/11\/area_marker_12.png\" data-markericonhover=\"\" data-streetview=\"no\" data-fromview=\"\">\n            <article class=\"marker-itinerario\">\n\t<div class=\"entry-thumbnail\">\n      \n      \n      \t<img loading=\"lazy\" decoding=\"async\" width=\"1280\" height=\"885\" src=\"https:\/\/static.tecnichenuove.it\/areaarch\/2018\/09\/1980_FP477600_indesign.jpg\" class=\"attachment-post-thumbnail size-post-thumbnail wp-post-image\" alt=\"\" srcset=\"https:\/\/static.tecnichenuove.it\/areaarch\/2018\/09\/1980_FP477600_indesign.jpg 1280w, https:\/\/static.tecnichenuove.it\/areaarch\/2018\/09\/1980_FP477600_indesign-300x207.jpg 300w, https:\/\/static.tecnichenuove.it\/areaarch\/2018\/09\/1980_FP477600_indesign-768x531.jpg 768w, https:\/\/static.tecnichenuove.it\/areaarch\/2018\/09\/1980_FP477600_indesign-1024x708.jpg 1024w, https:\/\/static.tecnichenuove.it\/areaarch\/2018\/09\/1980_FP477600_indesign-100x70.jpg 100w, https:\/\/static.tecnichenuove.it\/areaarch\/2018\/09\/1980_FP477600_indesign-218x150.jpg 218w, https:\/\/static.tecnichenuove.it\/areaarch\/2018\/09\/1980_FP477600_indesign-436x300.jpg 436w, https:\/\/static.tecnichenuove.it\/areaarch\/2018\/09\/1980_FP477600_indesign-696x481.jpg 696w, https:\/\/static.tecnichenuove.it\/areaarch\/2018\/09\/1980_FP477600_indesign-1068x738.jpg 1068w, https:\/\/static.tecnichenuove.it\/areaarch\/2018\/09\/1980_FP477600_indesign-607x420.jpg 607w\" sizes=\"auto, (max-width: 1280px) 100vw, 1280px\" \/>\n      \t<img decoding=\"async\" src=\"https:\/\/www.area-arch.it\/wp-content\/uploads\/sites\/6\/2018\/09\/1980_FP489402.jpg\" class=\"attachment-post-thumbnail\" \/>\n      \n\t<\/div>\n  \t<div class=\"entry-column\">\n      <h3 class=\"entry-title td-module-title\">Marseille&#8217;s Vieux Port<\/h3>\n      <div class=\"td-excerpt\">\n            <div id=\"wpcf-field-tipology\" class=\"wpcf-field-select wpcf-field-tipology\"><span class=\"wpcf-field-name wpcf-field-select-name wpcf-field-tipology-name\">tipology:<\/span> <span class=\"wpcf-field-value wpcf-field-select-value wpcf-field-tipology-value\">public<\/span><\/div>\n            <div id=\"wpcf-field-architect\" class=\"wpcf-field-single-line wpcf-field-architect\"><span class=\"wpcf-field-name wpcf-field-single-line-name wpcf-field-architect-name\">architect:<\/span> <span class=\"wpcf-field-value wpcf-field-single-line-value wpcf-field-architect-value\">Foster + Partners<\/span><\/div>\n            <div id=\"wpcf-field-realization\" class=\"wpcf-field-number wpcf-field-realization\"><span class=\"wpcf-field-name wpcf-field-number-name wpcf-field-realization-name\">realization:<\/span> <span class=\"wpcf-field-value wpcf-field-number-value wpcf-field-realization-value\">2013<\/span><\/div>\n            Quai de Rive Neuve, Marsiglia, Francia\n          <\/div>\n  <\/div>\n<\/article>\n          <\/div>\n            <h4><a href=\"#\" onclick=\"cimap();\" class=\"link-marker js-wpv-addon-maps-focus-map js-toolset-maps-hover-map-map-1-marker-marker-61978 js-toolset-maps-open-infowindow-map-map-1-marker-marker-61978\" data-map=\"map-1\" data-marker=\"marker-61978\">35. Marseille&#8217;s Vieux Port<\/a><\/h4>\n            <div id=\"wpcf-field-tipology\" class=\"wpcf-field-select wpcf-field-tipology\"><span class=\"wpcf-field-name wpcf-field-select-name wpcf-field-tipology-name\">tipology:<\/span> <span class=\"wpcf-field-value wpcf-field-select-value wpcf-field-tipology-value\">public<\/span><\/div> | <div id=\"wpcf-field-architect\" class=\"wpcf-field-single-line wpcf-field-architect\"><span class=\"wpcf-field-name wpcf-field-single-line-name wpcf-field-architect-name\">architect:<\/span> <span class=\"wpcf-field-value wpcf-field-single-line-value wpcf-field-architect-value\">Foster + Partners<\/span><\/div> | <div id=\"wpcf-field-realization\" class=\"wpcf-field-number wpcf-field-realization\"><span class=\"wpcf-field-name wpcf-field-number-name wpcf-field-realization-name\">realization:<\/span> <span class=\"wpcf-field-value wpcf-field-number-value wpcf-field-realization-value\">2013<\/span><\/div>\n          <\/li>\n\t\t\n          <li>\n            \n          <div style=\"display:none\" class=\"wpv-addon-maps-marker js-wpv-addon-maps-marker js-wpv-addon-maps-marker-marker-61981 js-wpv-addon-maps-markerfor-map-1\" data-marker=\"marker-61981\" data-markertitle=\"MuCEM\" data-markerfor=\"map-1\" data-markerlat=\"43.297356\" data-markerlon=\"5.361236\" data-markericon=\"\/wp-content\/uploads\/sites\/6\/2017\/11\/area_marker_10.png\" data-markericonhover=\"\" data-streetview=\"no\" data-fromview=\"\">\n            <article class=\"marker-itinerario\">\n\t<div class=\"entry-thumbnail\">\n      \n      \n      \t<img loading=\"lazy\" decoding=\"async\" width=\"1280\" height=\"723\" src=\"https:\/\/static.tecnichenuove.it\/areaarch\/2018\/09\/%C2%A9-Lisa-Ricciotti_2478-1.jpg\" class=\"attachment-post-thumbnail size-post-thumbnail wp-post-image\" alt=\"\" srcset=\"https:\/\/static.tecnichenuove.it\/areaarch\/2018\/09\/%C2%A9-Lisa-Ricciotti_2478-1.jpg 1280w, https:\/\/static.tecnichenuove.it\/areaarch\/2018\/09\/%C2%A9-Lisa-Ricciotti_2478-1-300x169.jpg 300w, https:\/\/static.tecnichenuove.it\/areaarch\/2018\/09\/%C2%A9-Lisa-Ricciotti_2478-1-768x434.jpg 768w, https:\/\/static.tecnichenuove.it\/areaarch\/2018\/09\/%C2%A9-Lisa-Ricciotti_2478-1-1024x578.jpg 1024w, https:\/\/static.tecnichenuove.it\/areaarch\/2018\/09\/%C2%A9-Lisa-Ricciotti_2478-1-696x393.jpg 696w, https:\/\/static.tecnichenuove.it\/areaarch\/2018\/09\/%C2%A9-Lisa-Ricciotti_2478-1-1068x603.jpg 1068w, https:\/\/static.tecnichenuove.it\/areaarch\/2018\/09\/%C2%A9-Lisa-Ricciotti_2478-1-744x420.jpg 744w\" sizes=\"auto, (max-width: 1280px) 100vw, 1280px\" \/>\n      \t<img decoding=\"async\" src=\"https:\/\/www.area-arch.it\/wp-content\/uploads\/sites\/6\/2018\/09\/Schermata-2018-09-20-alle-14.40.19.png\" class=\"attachment-post-thumbnail\" \/>\n      \n\t<\/div>\n  \t<div class=\"entry-column\">\n      <h3 class=\"entry-title td-module-title\">MuCEM<\/h3>\n      <div class=\"td-excerpt\">\n            <div id=\"wpcf-field-tipology\" class=\"wpcf-field-select wpcf-field-tipology\"><span class=\"wpcf-field-name wpcf-field-select-name wpcf-field-tipology-name\">tipology:<\/span> <span class=\"wpcf-field-value wpcf-field-select-value wpcf-field-tipology-value\">museum<\/span><\/div>\n            <div id=\"wpcf-field-architect\" class=\"wpcf-field-single-line wpcf-field-architect\"><span class=\"wpcf-field-name wpcf-field-single-line-name wpcf-field-architect-name\">architect:<\/span> <span class=\"wpcf-field-value wpcf-field-single-line-value wpcf-field-architect-value\">Rudy Ricciotti<\/span><\/div>\n            <div id=\"wpcf-field-realization\" class=\"wpcf-field-number wpcf-field-realization\"><span class=\"wpcf-field-name wpcf-field-number-name wpcf-field-realization-name\">realization:<\/span> <span class=\"wpcf-field-value wpcf-field-number-value wpcf-field-realization-value\">2013<\/span><\/div>\n            Promenade Robert Laffont, Marsiglia, Francia\n          <\/div>\n  <\/div>\n<\/article>\n          <\/div>\n            <h4><a href=\"#\" onclick=\"cimap();\" class=\"link-marker js-wpv-addon-maps-focus-map js-toolset-maps-hover-map-map-1-marker-marker-61981 js-toolset-maps-open-infowindow-map-map-1-marker-marker-61981\" data-map=\"map-1\" data-marker=\"marker-61981\">36. MuCEM<\/a><\/h4>\n            <div id=\"wpcf-field-tipology\" class=\"wpcf-field-select wpcf-field-tipology\"><span class=\"wpcf-field-name wpcf-field-select-name wpcf-field-tipology-name\">tipology:<\/span> <span class=\"wpcf-field-value wpcf-field-select-value wpcf-field-tipology-value\">museum<\/span><\/div> | <div id=\"wpcf-field-architect\" class=\"wpcf-field-single-line wpcf-field-architect\"><span class=\"wpcf-field-name wpcf-field-single-line-name wpcf-field-architect-name\">architect:<\/span> <span class=\"wpcf-field-value wpcf-field-single-line-value wpcf-field-architect-value\">Rudy Ricciotti<\/span><\/div> | <div id=\"wpcf-field-realization\" class=\"wpcf-field-number wpcf-field-realization\"><span class=\"wpcf-field-name wpcf-field-number-name wpcf-field-realization-name\">realization:<\/span> <span class=\"wpcf-field-value wpcf-field-number-value wpcf-field-realization-value\">2013<\/span><\/div>\n          <\/li>\n\t\t\n          <li>\n            \n          <div style=\"display:none\" class=\"wpv-addon-maps-marker js-wpv-addon-maps-marker js-wpv-addon-maps-marker-marker-61984 js-wpv-addon-maps-markerfor-map-1\" data-marker=\"marker-61984\" data-markertitle=\"Ville M\u00e9diterran\u00e9e\" data-markerfor=\"map-1\" data-markerlat=\"43.297356\" data-markerlon=\"5.361236\" data-markericon=\"\/wp-content\/uploads\/sites\/6\/2017\/11\/area_marker_12.png\" data-markericonhover=\"\" data-streetview=\"no\" data-fromview=\"\">\n            <article class=\"marker-itinerario\">\n\t<div class=\"entry-thumbnail\">\n      \n      \n      \t<img loading=\"lazy\" decoding=\"async\" width=\"1280\" height=\"713\" src=\"https:\/\/static.tecnichenuove.it\/areaarch\/2018\/09\/Schermata-2018-09-20-alle-14.45.16.png\" class=\"attachment-post-thumbnail size-post-thumbnail wp-post-image\" alt=\"\" srcset=\"https:\/\/static.tecnichenuove.it\/areaarch\/2018\/09\/Schermata-2018-09-20-alle-14.45.16.png 1280w, https:\/\/static.tecnichenuove.it\/areaarch\/2018\/09\/Schermata-2018-09-20-alle-14.45.16-300x167.png 300w, https:\/\/static.tecnichenuove.it\/areaarch\/2018\/09\/Schermata-2018-09-20-alle-14.45.16-768x428.png 768w, https:\/\/static.tecnichenuove.it\/areaarch\/2018\/09\/Schermata-2018-09-20-alle-14.45.16-1024x570.png 1024w, https:\/\/static.tecnichenuove.it\/areaarch\/2018\/09\/Schermata-2018-09-20-alle-14.45.16-696x388.png 696w, https:\/\/static.tecnichenuove.it\/areaarch\/2018\/09\/Schermata-2018-09-20-alle-14.45.16-1068x595.png 1068w, https:\/\/static.tecnichenuove.it\/areaarch\/2018\/09\/Schermata-2018-09-20-alle-14.45.16-754x420.png 754w\" sizes=\"auto, (max-width: 1280px) 100vw, 1280px\" \/>\n      \t<img decoding=\"async\" src=\"https:\/\/www.area-arch.it\/wp-content\/uploads\/sites\/6\/2018\/09\/a56c0a0760663bc624eb12f5e4ab7751.jpg\" class=\"attachment-post-thumbnail\" \/>\n      \n\t<\/div>\n  \t<div class=\"entry-column\">\n      <h3 class=\"entry-title td-module-title\">Ville M\u00e9diterran\u00e9e<\/h3>\n      <div class=\"td-excerpt\">\n            <div id=\"wpcf-field-tipology\" class=\"wpcf-field-select wpcf-field-tipology\"><span class=\"wpcf-field-name wpcf-field-select-name wpcf-field-tipology-name\">tipology:<\/span> <span class=\"wpcf-field-value wpcf-field-select-value wpcf-field-tipology-value\">public<\/span><\/div>\n            <div id=\"wpcf-field-architect\" class=\"wpcf-field-single-line wpcf-field-architect\"><span class=\"wpcf-field-name wpcf-field-single-line-name wpcf-field-architect-name\">architect:<\/span> <span class=\"wpcf-field-value wpcf-field-single-line-value wpcf-field-architect-value\">Stefano Boeri Architetti<\/span><\/div>\n            <div id=\"wpcf-field-realization\" class=\"wpcf-field-number wpcf-field-realization\"><span class=\"wpcf-field-name wpcf-field-number-name wpcf-field-realization-name\">realization:<\/span> <span class=\"wpcf-field-value wpcf-field-number-value wpcf-field-realization-value\">2013<\/span><\/div>\n            Promenade Robert Laffont, Marsiglia, Francia\n          <\/div>\n  <\/div>\n<\/article>\n          <\/div>\n            <h4><a href=\"#\" onclick=\"cimap();\" class=\"link-marker js-wpv-addon-maps-focus-map js-toolset-maps-hover-map-map-1-marker-marker-61984 js-toolset-maps-open-infowindow-map-map-1-marker-marker-61984\" data-map=\"map-1\" data-marker=\"marker-61984\">37. Ville M\u00e9diterran\u00e9e<\/a><\/h4>\n            <div id=\"wpcf-field-tipology\" class=\"wpcf-field-select wpcf-field-tipology\"><span class=\"wpcf-field-name wpcf-field-select-name wpcf-field-tipology-name\">tipology:<\/span> <span class=\"wpcf-field-value wpcf-field-select-value wpcf-field-tipology-value\">public<\/span><\/div> | <div id=\"wpcf-field-architect\" class=\"wpcf-field-single-line wpcf-field-architect\"><span class=\"wpcf-field-name wpcf-field-single-line-name wpcf-field-architect-name\">architect:<\/span> <span class=\"wpcf-field-value wpcf-field-single-line-value wpcf-field-architect-value\">Stefano Boeri Architetti<\/span><\/div> | <div id=\"wpcf-field-realization\" class=\"wpcf-field-number wpcf-field-realization\"><span class=\"wpcf-field-name wpcf-field-number-name wpcf-field-realization-name\">realization:<\/span> <span class=\"wpcf-field-value wpcf-field-number-value wpcf-field-realization-value\">2013<\/span><\/div>\n          <\/li>\n\t\t\n          <li>\n            \n          <div style=\"display:none\" class=\"wpv-addon-maps-marker js-wpv-addon-maps-marker js-wpv-addon-maps-marker-marker-61988 js-wpv-addon-maps-markerfor-map-1\" data-marker=\"marker-61988\" data-markertitle=\"Marseilles Docks\" data-markerfor=\"map-1\" data-markerlat=\"43.3049786\" data-markerlon=\"5.3663228\" data-markericon=\"\/wp-content\/uploads\/sites\/6\/2017\/11\/area_marker_12.png\" data-markericonhover=\"\" data-streetview=\"no\" data-fromview=\"\">\n            <article class=\"marker-itinerario\">\n\t<div class=\"entry-thumbnail\">\n      \n      \n      \t<img loading=\"lazy\" decoding=\"async\" width=\"1280\" height=\"1076\" src=\"https:\/\/static.tecnichenuove.it\/areaarch\/2018\/09\/Schermata-2018-09-20-alle-14.48.43.png\" class=\"attachment-post-thumbnail size-post-thumbnail wp-post-image\" alt=\"\" srcset=\"https:\/\/static.tecnichenuove.it\/areaarch\/2018\/09\/Schermata-2018-09-20-alle-14.48.43.png 1280w, https:\/\/static.tecnichenuove.it\/areaarch\/2018\/09\/Schermata-2018-09-20-alle-14.48.43-300x252.png 300w, https:\/\/static.tecnichenuove.it\/areaarch\/2018\/09\/Schermata-2018-09-20-alle-14.48.43-768x646.png 768w, https:\/\/static.tecnichenuove.it\/areaarch\/2018\/09\/Schermata-2018-09-20-alle-14.48.43-1024x861.png 1024w, https:\/\/static.tecnichenuove.it\/areaarch\/2018\/09\/Schermata-2018-09-20-alle-14.48.43-696x585.png 696w, https:\/\/static.tecnichenuove.it\/areaarch\/2018\/09\/Schermata-2018-09-20-alle-14.48.43-1068x898.png 1068w, https:\/\/static.tecnichenuove.it\/areaarch\/2018\/09\/Schermata-2018-09-20-alle-14.48.43-500x420.png 500w\" sizes=\"auto, (max-width: 1280px) 100vw, 1280px\" \/>\n      \t<img decoding=\"async\" src=\"https:\/\/www.area-arch.it\/wp-content\/uploads\/sites\/6\/2018\/09\/Schermata-2018-09-20-alle-14.50.43.png\" class=\"attachment-post-thumbnail\" \/>\n      \n\t<\/div>\n  \t<div class=\"entry-column\">\n      <h3 class=\"entry-title td-module-title\">Marseilles Docks<\/h3>\n      <div class=\"td-excerpt\">\n            <div id=\"wpcf-field-tipology\" class=\"wpcf-field-select wpcf-field-tipology\"><span class=\"wpcf-field-name wpcf-field-select-name wpcf-field-tipology-name\">tipology:<\/span> <span class=\"wpcf-field-value wpcf-field-select-value wpcf-field-tipology-value\">public<\/span><\/div>\n            <div id=\"wpcf-field-architect\" class=\"wpcf-field-single-line wpcf-field-architect\"><span class=\"wpcf-field-name wpcf-field-single-line-name wpcf-field-architect-name\">architect:<\/span> <span class=\"wpcf-field-value wpcf-field-single-line-value wpcf-field-architect-value\">5+1AA<\/span><\/div>\n            <div id=\"wpcf-field-realization\" class=\"wpcf-field-number wpcf-field-realization\"><span class=\"wpcf-field-name wpcf-field-number-name wpcf-field-realization-name\">realization:<\/span> <span class=\"wpcf-field-value wpcf-field-number-value wpcf-field-realization-value\">2015<\/span><\/div>\n            Place de la Joliette, Marsiglia, Francia\n          <\/div>\n  <\/div>\n<\/article>\n          <\/div>\n            <h4><a href=\"#\" onclick=\"cimap();\" class=\"link-marker js-wpv-addon-maps-focus-map js-toolset-maps-hover-map-map-1-marker-marker-61988 js-toolset-maps-open-infowindow-map-map-1-marker-marker-61988\" data-map=\"map-1\" data-marker=\"marker-61988\">38. Marseilles Docks<\/a><\/h4>\n            <div id=\"wpcf-field-tipology\" class=\"wpcf-field-select wpcf-field-tipology\"><span class=\"wpcf-field-name wpcf-field-select-name wpcf-field-tipology-name\">tipology:<\/span> <span class=\"wpcf-field-value wpcf-field-select-value wpcf-field-tipology-value\">public<\/span><\/div> | <div id=\"wpcf-field-architect\" class=\"wpcf-field-single-line wpcf-field-architect\"><span class=\"wpcf-field-name wpcf-field-single-line-name wpcf-field-architect-name\">architect:<\/span> <span class=\"wpcf-field-value wpcf-field-single-line-value wpcf-field-architect-value\">5+1AA<\/span><\/div> | <div id=\"wpcf-field-realization\" class=\"wpcf-field-number wpcf-field-realization\"><span class=\"wpcf-field-name wpcf-field-number-name wpcf-field-realization-name\">realization:<\/span> <span class=\"wpcf-field-value wpcf-field-number-value wpcf-field-realization-value\">2015<\/span><\/div>\n          <\/li>\n\t\t\n          <li>\n            \n          <div style=\"display:none\" class=\"wpv-addon-maps-marker js-wpv-addon-maps-marker js-wpv-addon-maps-marker-marker-61991 js-wpv-addon-maps-markerfor-map-1\" data-marker=\"marker-61991\" data-markertitle=\"FRAC PACA Fonds Regional D&#8217;Art Contemporain\" data-markerfor=\"map-1\" data-markerlat=\"43.3079126\" data-markerlon=\"5.3677844\" data-markericon=\"\/wp-content\/uploads\/sites\/6\/2017\/11\/area_marker_10.png\" data-markericonhover=\"\" data-streetview=\"no\" data-fromview=\"\">\n            <article class=\"marker-itinerario\">\n\t<div class=\"entry-thumbnail\">\n      \n      \n      \t<img loading=\"lazy\" decoding=\"async\" width=\"642\" height=\"1280\" src=\"https:\/\/static.tecnichenuove.it\/areaarch\/2018\/09\/ERIETA-ATTALI-FRAC-PACA-2.jpg\" class=\"attachment-post-thumbnail size-post-thumbnail wp-post-image\" alt=\"\" srcset=\"https:\/\/static.tecnichenuove.it\/areaarch\/2018\/09\/ERIETA-ATTALI-FRAC-PACA-2.jpg 642w, https:\/\/static.tecnichenuove.it\/areaarch\/2018\/09\/ERIETA-ATTALI-FRAC-PACA-2-150x300.jpg 150w, https:\/\/static.tecnichenuove.it\/areaarch\/2018\/09\/ERIETA-ATTALI-FRAC-PACA-2-514x1024.jpg 514w, https:\/\/static.tecnichenuove.it\/areaarch\/2018\/09\/ERIETA-ATTALI-FRAC-PACA-2-211x420.jpg 211w\" sizes=\"auto, (max-width: 642px) 100vw, 642px\" \/>\n      \t<img decoding=\"async\" src=\"https:\/\/www.area-arch.it\/wp-content\/uploads\/sites\/6\/2018\/09\/Schermata-2018-09-20-alle-14.55.34.png\" class=\"attachment-post-thumbnail\" \/>\n      \n\t<\/div>\n  \t<div class=\"entry-column\">\n      <h3 class=\"entry-title td-module-title\">FRAC PACA Fonds Regional D&#8217;Art Contemporain<\/h3>\n      <div class=\"td-excerpt\">\n            <div id=\"wpcf-field-tipology\" class=\"wpcf-field-select wpcf-field-tipology\"><span class=\"wpcf-field-name wpcf-field-select-name wpcf-field-tipology-name\">tipology:<\/span> <span class=\"wpcf-field-value wpcf-field-select-value wpcf-field-tipology-value\">museum<\/span><\/div>\n            <div id=\"wpcf-field-architect\" class=\"wpcf-field-single-line wpcf-field-architect\"><span class=\"wpcf-field-name wpcf-field-single-line-name wpcf-field-architect-name\">architect:<\/span> <span class=\"wpcf-field-value wpcf-field-single-line-value wpcf-field-architect-value\">Kengo Kuma &amp; Associates<\/span><\/div>\n            <div id=\"wpcf-field-realization\" class=\"wpcf-field-number wpcf-field-realization\"><span class=\"wpcf-field-name wpcf-field-number-name wpcf-field-realization-name\">realization:<\/span> <span class=\"wpcf-field-value wpcf-field-number-value wpcf-field-realization-value\">2013<\/span><\/div>\n            Boulevard de Dunkerque, Marsiglia, Francia\n          <\/div>\n  <\/div>\n<\/article>\n          <\/div>\n            <h4><a href=\"#\" onclick=\"cimap();\" class=\"link-marker js-wpv-addon-maps-focus-map js-toolset-maps-hover-map-map-1-marker-marker-61991 js-toolset-maps-open-infowindow-map-map-1-marker-marker-61991\" data-map=\"map-1\" data-marker=\"marker-61991\">39. FRAC PACA Fonds Regional D&#8217;Art Contemporain<\/a><\/h4>\n            <div id=\"wpcf-field-tipology\" class=\"wpcf-field-select wpcf-field-tipology\"><span class=\"wpcf-field-name wpcf-field-select-name wpcf-field-tipology-name\">tipology:<\/span> <span class=\"wpcf-field-value wpcf-field-select-value wpcf-field-tipology-value\">museum<\/span><\/div> | <div id=\"wpcf-field-architect\" class=\"wpcf-field-single-line wpcf-field-architect\"><span class=\"wpcf-field-name wpcf-field-single-line-name wpcf-field-architect-name\">architect:<\/span> <span class=\"wpcf-field-value wpcf-field-single-line-value wpcf-field-architect-value\">Kengo Kuma &amp; Associates<\/span><\/div> | <div id=\"wpcf-field-realization\" class=\"wpcf-field-number wpcf-field-realization\"><span class=\"wpcf-field-name wpcf-field-number-name wpcf-field-realization-name\">realization:<\/span> <span class=\"wpcf-field-value wpcf-field-number-value wpcf-field-realization-value\">2013<\/span><\/div>\n          <\/li>\n\t\t\n          <li>\n            \n          <div style=\"display:none\" class=\"wpv-addon-maps-marker js-wpv-addon-maps-marker js-wpv-addon-maps-marker-marker-61994 js-wpv-addon-maps-markerfor-map-1\" data-marker=\"marker-61994\" data-markertitle=\"Euromed Center\" data-markerfor=\"map-1\" data-markerlat=\"48.2026477\" data-markerlon=\"-1.7310266\" data-markericon=\"\/wp-content\/uploads\/sites\/6\/2017\/11\/area_marker_9.png\" data-markericonhover=\"\" data-streetview=\"no\" data-fromview=\"\">\n            <article class=\"marker-itinerario\">\n\t<div class=\"entry-thumbnail\">\n      \n      \n      \t<img loading=\"lazy\" decoding=\"async\" width=\"1280\" height=\"727\" src=\"https:\/\/static.tecnichenuove.it\/areaarch\/2018\/09\/%E2%88%8FRoland-Halbe_RH2582-0015-1.jpg\" class=\"attachment-post-thumbnail size-post-thumbnail wp-post-image\" alt=\"\" srcset=\"https:\/\/static.tecnichenuove.it\/areaarch\/2018\/09\/%E2%88%8FRoland-Halbe_RH2582-0015-1.jpg 1280w, https:\/\/static.tecnichenuove.it\/areaarch\/2018\/09\/%E2%88%8FRoland-Halbe_RH2582-0015-1-300x170.jpg 300w, https:\/\/static.tecnichenuove.it\/areaarch\/2018\/09\/%E2%88%8FRoland-Halbe_RH2582-0015-1-768x436.jpg 768w, https:\/\/static.tecnichenuove.it\/areaarch\/2018\/09\/%E2%88%8FRoland-Halbe_RH2582-0015-1-1024x582.jpg 1024w, https:\/\/static.tecnichenuove.it\/areaarch\/2018\/09\/%E2%88%8FRoland-Halbe_RH2582-0015-1-696x395.jpg 696w, https:\/\/static.tecnichenuove.it\/areaarch\/2018\/09\/%E2%88%8FRoland-Halbe_RH2582-0015-1-1068x607.jpg 1068w, https:\/\/static.tecnichenuove.it\/areaarch\/2018\/09\/%E2%88%8FRoland-Halbe_RH2582-0015-1-739x420.jpg 739w\" sizes=\"auto, (max-width: 1280px) 100vw, 1280px\" \/>\n      \t<img decoding=\"async\" src=\"https:\/\/www.area-arch.it\/wp-content\/uploads\/sites\/6\/2018\/09\/Schermata-2018-09-20-alle-14.59.22.png\" class=\"attachment-post-thumbnail\" \/>\n      \n\t<\/div>\n  \t<div class=\"entry-column\">\n      <h3 class=\"entry-title td-module-title\">Euromed Center<\/h3>\n      <div class=\"td-excerpt\">\n            <div id=\"wpcf-field-tipology\" class=\"wpcf-field-select wpcf-field-tipology\"><span class=\"wpcf-field-name wpcf-field-select-name wpcf-field-tipology-name\">tipology:<\/span> <span class=\"wpcf-field-value wpcf-field-select-value wpcf-field-tipology-value\">mixed use<\/span><\/div>\n            <div id=\"wpcf-field-architect\" class=\"wpcf-field-single-line wpcf-field-architect\"><span class=\"wpcf-field-name wpcf-field-single-line-name wpcf-field-architect-name\">architect:<\/span> <span class=\"wpcf-field-value wpcf-field-single-line-value wpcf-field-architect-value\">Fuksas<\/span><\/div>\n            <div id=\"wpcf-field-realization\" class=\"wpcf-field-number wpcf-field-realization\"><span class=\"wpcf-field-name wpcf-field-number-name wpcf-field-realization-name\">realization:<\/span> <span class=\"wpcf-field-value wpcf-field-number-value wpcf-field-realization-value\">2017<\/span><\/div>\n            Zone d'am\u00e9nagement concert\u00e9 de Cap Malo, La M\u00e9zi\u00e8re, Francia\n          <\/div>\n  <\/div>\n<\/article>\n          <\/div>\n            <h4><a href=\"#\" onclick=\"cimap();\" class=\"link-marker js-wpv-addon-maps-focus-map js-toolset-maps-hover-map-map-1-marker-marker-61994 js-toolset-maps-open-infowindow-map-map-1-marker-marker-61994\" data-map=\"map-1\" data-marker=\"marker-61994\">40. Euromed Center<\/a><\/h4>\n            <div id=\"wpcf-field-tipology\" class=\"wpcf-field-select wpcf-field-tipology\"><span class=\"wpcf-field-name wpcf-field-select-name wpcf-field-tipology-name\">tipology:<\/span> <span class=\"wpcf-field-value wpcf-field-select-value wpcf-field-tipology-value\">mixed use<\/span><\/div> | <div id=\"wpcf-field-architect\" class=\"wpcf-field-single-line wpcf-field-architect\"><span class=\"wpcf-field-name wpcf-field-single-line-name wpcf-field-architect-name\">architect:<\/span> <span class=\"wpcf-field-value wpcf-field-single-line-value wpcf-field-architect-value\">Fuksas<\/span><\/div> | <div id=\"wpcf-field-realization\" class=\"wpcf-field-number wpcf-field-realization\"><span class=\"wpcf-field-name wpcf-field-number-name wpcf-field-realization-name\">realization:<\/span> <span class=\"wpcf-field-value wpcf-field-number-value wpcf-field-realization-value\">2017<\/span><\/div>\n          <\/li>\n\t\t\n          <li>\n            \n          <div style=\"display:none\" class=\"wpv-addon-maps-marker js-wpv-addon-maps-marker js-wpv-addon-maps-marker-marker-61998 js-wpv-addon-maps-markerfor-map-1\" data-marker=\"marker-61998\" data-markertitle=\"Coeur M\u00e9diterran\u00e9e\" data-markerfor=\"map-1\" data-markerlat=\"43.3079126\" data-markerlon=\"5.3677844\" data-markericon=\"\/wp-content\/uploads\/sites\/6\/2017\/11\/area_marker_7.png\" data-markericonhover=\"\" data-streetview=\"no\" data-fromview=\"\">\n            <article class=\"marker-itinerario\">\n\t<div class=\"entry-thumbnail\">\n      \n      \t<img loading=\"lazy\" decoding=\"async\" width=\"300\" height=\"188\" src=\"https:\/\/static.tecnichenuove.it\/areaarch\/2018\/09\/JPV_Marseille_Coeur-Med_hotel_01-300x188.jpg\" class=\"attachment-medium size-medium wp-post-image\" alt=\"\" srcset=\"https:\/\/static.tecnichenuove.it\/areaarch\/2018\/09\/JPV_Marseille_Coeur-Med_hotel_01-300x188.jpg 300w, https:\/\/static.tecnichenuove.it\/areaarch\/2018\/09\/JPV_Marseille_Coeur-Med_hotel_01-768x480.jpg 768w, https:\/\/static.tecnichenuove.it\/areaarch\/2018\/09\/JPV_Marseille_Coeur-Med_hotel_01-1024x640.jpg 1024w, https:\/\/static.tecnichenuove.it\/areaarch\/2018\/09\/JPV_Marseille_Coeur-Med_hotel_01-696x435.jpg 696w, https:\/\/static.tecnichenuove.it\/areaarch\/2018\/09\/JPV_Marseille_Coeur-Med_hotel_01-1068x668.jpg 1068w, https:\/\/static.tecnichenuove.it\/areaarch\/2018\/09\/JPV_Marseille_Coeur-Med_hotel_01-672x420.jpg 672w, https:\/\/static.tecnichenuove.it\/areaarch\/2018\/09\/JPV_Marseille_Coeur-Med_hotel_01.jpg 1280w\" sizes=\"auto, (max-width: 300px) 100vw, 300px\" \/>\n      \n      \n\t<\/div>\n  \t<div class=\"entry-column\">\n      <h3 class=\"entry-title td-module-title\">Coeur M\u00e9diterran\u00e9e<\/h3>\n      <div class=\"td-excerpt\">\n            <div id=\"wpcf-field-tipology\" class=\"wpcf-field-select wpcf-field-tipology\"><span class=\"wpcf-field-name wpcf-field-select-name wpcf-field-tipology-name\">tipology:<\/span> <span class=\"wpcf-field-value wpcf-field-select-value wpcf-field-tipology-value\">hotel<\/span><\/div>\n            <div id=\"wpcf-field-architect\" class=\"wpcf-field-single-line wpcf-field-architect\"><span class=\"wpcf-field-name wpcf-field-single-line-name wpcf-field-architect-name\">architect:<\/span> <span class=\"wpcf-field-value wpcf-field-single-line-value wpcf-field-architect-value\">Jean-Paul Viguier et Associ\u00e9s Architecture et Urbanisme<\/span><\/div>\n            <div id=\"wpcf-field-realization\" class=\"wpcf-field-number wpcf-field-realization\"><span class=\"wpcf-field-name wpcf-field-number-name wpcf-field-realization-name\">realization:<\/span> <span class=\"wpcf-field-value wpcf-field-number-value wpcf-field-realization-value\">2009<\/span><\/div>\n            Boulevard de Dunkerque, Marsiglia, Francia\n          <\/div>\n  <\/div>\n<\/article>\n          <\/div>\n            <h4><a href=\"#\" onclick=\"cimap();\" class=\"link-marker js-wpv-addon-maps-focus-map js-toolset-maps-hover-map-map-1-marker-marker-61998 js-toolset-maps-open-infowindow-map-map-1-marker-marker-61998\" data-map=\"map-1\" data-marker=\"marker-61998\">41. Coeur M\u00e9diterran\u00e9e<\/a><\/h4>\n            <div id=\"wpcf-field-tipology\" class=\"wpcf-field-select wpcf-field-tipology\"><span class=\"wpcf-field-name wpcf-field-select-name wpcf-field-tipology-name\">tipology:<\/span> <span class=\"wpcf-field-value wpcf-field-select-value wpcf-field-tipology-value\">hotel<\/span><\/div> | <div id=\"wpcf-field-architect\" class=\"wpcf-field-single-line wpcf-field-architect\"><span class=\"wpcf-field-name wpcf-field-single-line-name wpcf-field-architect-name\">architect:<\/span> <span class=\"wpcf-field-value wpcf-field-single-line-value wpcf-field-architect-value\">Jean-Paul Viguier et Associ\u00e9s Architecture et Urbanisme<\/span><\/div> | <div id=\"wpcf-field-realization\" class=\"wpcf-field-number wpcf-field-realization\"><span class=\"wpcf-field-name wpcf-field-number-name wpcf-field-realization-name\">realization:<\/span> <span class=\"wpcf-field-value wpcf-field-number-value wpcf-field-realization-value\">2009<\/span><\/div>\n          <\/li>\n\t\t\n          <li>\n            \n          <div style=\"display:none\" class=\"wpv-addon-maps-marker js-wpv-addon-maps-marker js-wpv-addon-maps-marker-marker-62000 js-wpv-addon-maps-markerfor-map-1\" data-marker=\"marker-62000\" data-markertitle=\"CMA CGM Tower\" data-markerfor=\"map-1\" data-markerlat=\"43.31207\" data-markerlon=\"5.36148\" data-markericon=\"\/wp-content\/uploads\/sites\/6\/2017\/11\/area_marker_11.png\" data-markericonhover=\"\" data-streetview=\"no\" data-fromview=\"\">\n            <article class=\"marker-itinerario\">\n\t<div class=\"entry-thumbnail\">\n      \n      \n      \t<img loading=\"lazy\" decoding=\"async\" width=\"943\" height=\"1280\" src=\"https:\/\/static.tecnichenuove.it\/areaarch\/2018\/09\/Schermata-2018-09-20-alle-15.06.24.png\" class=\"attachment-post-thumbnail size-post-thumbnail wp-post-image\" alt=\"\" srcset=\"https:\/\/static.tecnichenuove.it\/areaarch\/2018\/09\/Schermata-2018-09-20-alle-15.06.24.png 943w, https:\/\/static.tecnichenuove.it\/areaarch\/2018\/09\/Schermata-2018-09-20-alle-15.06.24-221x300.png 221w, https:\/\/static.tecnichenuove.it\/areaarch\/2018\/09\/Schermata-2018-09-20-alle-15.06.24-768x1042.png 768w, https:\/\/static.tecnichenuove.it\/areaarch\/2018\/09\/Schermata-2018-09-20-alle-15.06.24-754x1024.png 754w, https:\/\/static.tecnichenuove.it\/areaarch\/2018\/09\/Schermata-2018-09-20-alle-15.06.24-696x945.png 696w, https:\/\/static.tecnichenuove.it\/areaarch\/2018\/09\/Schermata-2018-09-20-alle-15.06.24-309x420.png 309w\" sizes=\"auto, (max-width: 943px) 100vw, 943px\" \/>\n      \t<img decoding=\"async\" src=\"https:\/\/www.area-arch.it\/wp-content\/uploads\/sites\/6\/2018\/09\/Elevation_East.jpg\" class=\"attachment-post-thumbnail\" \/>\n      \n\t<\/div>\n  \t<div class=\"entry-column\">\n      <h3 class=\"entry-title td-module-title\">CMA CGM Tower<\/h3>\n      <div class=\"td-excerpt\">\n            <div id=\"wpcf-field-tipology\" class=\"wpcf-field-select wpcf-field-tipology\"><span class=\"wpcf-field-name wpcf-field-select-name wpcf-field-tipology-name\">tipology:<\/span> <span class=\"wpcf-field-value wpcf-field-select-value wpcf-field-tipology-value\">office<\/span><\/div>\n            <div id=\"wpcf-field-architect\" class=\"wpcf-field-single-line wpcf-field-architect\"><span class=\"wpcf-field-name wpcf-field-single-line-name wpcf-field-architect-name\">architect:<\/span> <span class=\"wpcf-field-value wpcf-field-single-line-value wpcf-field-architect-value\">ZHA, Zaha Hadid Architects<\/span><\/div>\n            <div id=\"wpcf-field-realization\" class=\"wpcf-field-number wpcf-field-realization\"><span class=\"wpcf-field-name wpcf-field-number-name wpcf-field-realization-name\">realization:<\/span> <span class=\"wpcf-field-value wpcf-field-number-value wpcf-field-realization-value\">2011<\/span><\/div>\n            Traverse d'Arenc, Marsiglia, Francia\n          <\/div>\n  <\/div>\n<\/article>\n          <\/div>\n            <h4><a href=\"#\" onclick=\"cimap();\" class=\"link-marker js-wpv-addon-maps-focus-map js-toolset-maps-hover-map-map-1-marker-marker-62000 js-toolset-maps-open-infowindow-map-map-1-marker-marker-62000\" data-map=\"map-1\" data-marker=\"marker-62000\">42. CMA CGM Tower<\/a><\/h4>\n            <div id=\"wpcf-field-tipology\" class=\"wpcf-field-select wpcf-field-tipology\"><span class=\"wpcf-field-name wpcf-field-select-name wpcf-field-tipology-name\">tipology:<\/span> <span class=\"wpcf-field-value wpcf-field-select-value wpcf-field-tipology-value\">office<\/span><\/div> | <div id=\"wpcf-field-architect\" class=\"wpcf-field-single-line wpcf-field-architect\"><span class=\"wpcf-field-name wpcf-field-single-line-name wpcf-field-architect-name\">architect:<\/span> <span class=\"wpcf-field-value wpcf-field-single-line-value wpcf-field-architect-value\">ZHA, Zaha Hadid Architects<\/span><\/div> | <div id=\"wpcf-field-realization\" class=\"wpcf-field-number wpcf-field-realization\"><span class=\"wpcf-field-name wpcf-field-number-name wpcf-field-realization-name\">realization:<\/span> <span class=\"wpcf-field-value wpcf-field-number-value wpcf-field-realization-value\">2011<\/span><\/div>\n          <\/li>\n\t\t\n          <li>\n            \n          <div style=\"display:none\" class=\"wpv-addon-maps-marker js-wpv-addon-maps-marker js-wpv-addon-maps-marker-marker-62004 js-wpv-addon-maps-markerfor-map-1\" data-marker=\"marker-62004\" data-markertitle=\"Etoile\" data-markerfor=\"map-1\" data-markerlat=\"43.3269491\" data-markerlon=\"5.4320266\" data-markericon=\"\/wp-content\/uploads\/sites\/6\/2017\/11\/area_marker_13.png\" data-markericonhover=\"\" data-streetview=\"no\" data-fromview=\"\">\n            <article class=\"marker-itinerario\">\n\t<div class=\"entry-thumbnail\">\n      \n      \n      \t<img loading=\"lazy\" decoding=\"async\" width=\"1280\" height=\"886\" src=\"https:\/\/static.tecnichenuove.it\/areaarch\/2018\/09\/Schermata-2018-09-20-alle-15.13.02.png\" class=\"attachment-post-thumbnail size-post-thumbnail wp-post-image\" alt=\"\" srcset=\"https:\/\/static.tecnichenuove.it\/areaarch\/2018\/09\/Schermata-2018-09-20-alle-15.13.02.png 1280w, https:\/\/static.tecnichenuove.it\/areaarch\/2018\/09\/Schermata-2018-09-20-alle-15.13.02-300x208.png 300w, https:\/\/static.tecnichenuove.it\/areaarch\/2018\/09\/Schermata-2018-09-20-alle-15.13.02-768x532.png 768w, https:\/\/static.tecnichenuove.it\/areaarch\/2018\/09\/Schermata-2018-09-20-alle-15.13.02-1024x709.png 1024w, https:\/\/static.tecnichenuove.it\/areaarch\/2018\/09\/Schermata-2018-09-20-alle-15.13.02-100x70.png 100w, https:\/\/static.tecnichenuove.it\/areaarch\/2018\/09\/Schermata-2018-09-20-alle-15.13.02-218x150.png 218w, https:\/\/static.tecnichenuove.it\/areaarch\/2018\/09\/Schermata-2018-09-20-alle-15.13.02-696x482.png 696w, https:\/\/static.tecnichenuove.it\/areaarch\/2018\/09\/Schermata-2018-09-20-alle-15.13.02-1068x739.png 1068w, https:\/\/static.tecnichenuove.it\/areaarch\/2018\/09\/Schermata-2018-09-20-alle-15.13.02-607x420.png 607w\" sizes=\"auto, (max-width: 1280px) 100vw, 1280px\" \/>\n      \t<img decoding=\"async\" src=\"https:\/\/www.area-arch.it\/wp-content\/uploads\/sites\/6\/2018\/09\/Schermata-2018-09-20-alle-15.13.34.png\" class=\"attachment-post-thumbnail\" \/>\n      \n\t<\/div>\n  \t<div class=\"entry-column\">\n      <h3 class=\"entry-title td-module-title\">Etoile<\/h3>\n      <div class=\"td-excerpt\">\n            <div id=\"wpcf-field-tipology\" class=\"wpcf-field-select wpcf-field-tipology\"><span class=\"wpcf-field-name wpcf-field-select-name wpcf-field-tipology-name\">tipology:<\/span> <span class=\"wpcf-field-value wpcf-field-select-value wpcf-field-tipology-value\">residential<\/span><\/div>\n            <div id=\"wpcf-field-architect\" class=\"wpcf-field-single-line wpcf-field-architect\"><span class=\"wpcf-field-name wpcf-field-single-line-name wpcf-field-architect-name\">architect:<\/span> <span class=\"wpcf-field-value wpcf-field-single-line-value wpcf-field-architect-value\">vGHcompany, Hubert&amp;Arnal<\/span><\/div>\n            <div id=\"wpcf-field-realization\" class=\"wpcf-field-number wpcf-field-realization\"><span class=\"wpcf-field-name wpcf-field-number-name wpcf-field-realization-name\">realization:<\/span> <span class=\"wpcf-field-value wpcf-field-number-value wpcf-field-realization-value\">2017<\/span><\/div>\n            Chemin des Jonquilles, Marsiglia, Francia\n          <\/div>\n  <\/div>\n<\/article>\n          <\/div>\n            <h4><a href=\"#\" onclick=\"cimap();\" class=\"link-marker js-wpv-addon-maps-focus-map js-toolset-maps-hover-map-map-1-marker-marker-62004 js-toolset-maps-open-infowindow-map-map-1-marker-marker-62004\" data-map=\"map-1\" data-marker=\"marker-62004\">43. Etoile<\/a><\/h4>\n            <div id=\"wpcf-field-tipology\" class=\"wpcf-field-select wpcf-field-tipology\"><span class=\"wpcf-field-name wpcf-field-select-name wpcf-field-tipology-name\">tipology:<\/span> <span class=\"wpcf-field-value wpcf-field-select-value wpcf-field-tipology-value\">residential<\/span><\/div> | <div id=\"wpcf-field-architect\" class=\"wpcf-field-single-line wpcf-field-architect\"><span class=\"wpcf-field-name wpcf-field-single-line-name wpcf-field-architect-name\">architect:<\/span> <span class=\"wpcf-field-value wpcf-field-single-line-value wpcf-field-architect-value\">vGHcompany, Hubert&amp;Arnal<\/span><\/div> | <div id=\"wpcf-field-realization\" class=\"wpcf-field-number wpcf-field-realization\"><span class=\"wpcf-field-name wpcf-field-number-name wpcf-field-realization-name\">realization:<\/span> <span class=\"wpcf-field-value wpcf-field-number-value wpcf-field-realization-value\">2017<\/span><\/div>\n          <\/li>\n\t\t\n          <li>\n            \n          <div style=\"display:none\" class=\"wpv-addon-maps-marker js-wpv-addon-maps-marker js-wpv-addon-maps-marker-marker-62009 js-wpv-addon-maps-markerfor-map-1\" data-marker=\"marker-62009\" data-markertitle=\"Stade du Merlan\" data-markerfor=\"map-1\" data-markerlat=\"43.3334768\" data-markerlon=\"5.4090905\" data-markericon=\"\/wp-content\/uploads\/sites\/6\/2017\/11\/area_marker_12.png\" data-markericonhover=\"\" data-streetview=\"no\" data-fromview=\"\">\n            <article class=\"marker-itinerario\">\n\t<div class=\"entry-thumbnail\">\n      \n      \n      \t<img loading=\"lazy\" decoding=\"async\" width=\"1280\" height=\"853\" src=\"https:\/\/static.tecnichenuove.it\/areaarch\/2018\/09\/Schermata-2018-09-20-alle-15.18.58.png\" class=\"attachment-post-thumbnail size-post-thumbnail wp-post-image\" alt=\"\" srcset=\"https:\/\/static.tecnichenuove.it\/areaarch\/2018\/09\/Schermata-2018-09-20-alle-15.18.58.png 1280w, https:\/\/static.tecnichenuove.it\/areaarch\/2018\/09\/Schermata-2018-09-20-alle-15.18.58-150x100.png 150w, https:\/\/static.tecnichenuove.it\/areaarch\/2018\/09\/Schermata-2018-09-20-alle-15.18.58-300x200.png 300w, https:\/\/static.tecnichenuove.it\/areaarch\/2018\/09\/Schermata-2018-09-20-alle-15.18.58-768x512.png 768w, https:\/\/static.tecnichenuove.it\/areaarch\/2018\/09\/Schermata-2018-09-20-alle-15.18.58-1024x682.png 1024w, https:\/\/static.tecnichenuove.it\/areaarch\/2018\/09\/Schermata-2018-09-20-alle-15.18.58-696x464.png 696w, https:\/\/static.tecnichenuove.it\/areaarch\/2018\/09\/Schermata-2018-09-20-alle-15.18.58-1068x712.png 1068w, https:\/\/static.tecnichenuove.it\/areaarch\/2018\/09\/Schermata-2018-09-20-alle-15.18.58-630x420.png 630w\" sizes=\"auto, (max-width: 1280px) 100vw, 1280px\" \/>\n      \t<img decoding=\"async\" src=\"https:\/\/www.area-arch.it\/wp-content\/uploads\/sites\/6\/2018\/09\/Schermata-2018-09-20-alle-15.18.21.png\" class=\"attachment-post-thumbnail\" \/>\n      \n\t<\/div>\n  \t<div class=\"entry-column\">\n      <h3 class=\"entry-title td-module-title\">Stade du Merlan<\/h3>\n      <div class=\"td-excerpt\">\n            <div id=\"wpcf-field-tipology\" class=\"wpcf-field-select wpcf-field-tipology\"><span class=\"wpcf-field-name wpcf-field-select-name wpcf-field-tipology-name\">tipology:<\/span> <span class=\"wpcf-field-value wpcf-field-select-value wpcf-field-tipology-value\">public<\/span><\/div>\n            <div id=\"wpcf-field-architect\" class=\"wpcf-field-single-line wpcf-field-architect\"><span class=\"wpcf-field-name wpcf-field-single-line-name wpcf-field-architect-name\">architect:<\/span> <span class=\"wpcf-field-value wpcf-field-single-line-value wpcf-field-architect-value\">ATELIER NAOM (New Architects of Marseille)<\/span><\/div>\n            <div id=\"wpcf-field-realization\" class=\"wpcf-field-number wpcf-field-realization\"><span class=\"wpcf-field-name wpcf-field-number-name wpcf-field-realization-name\">realization:<\/span> <span class=\"wpcf-field-value wpcf-field-number-value wpcf-field-realization-value\">2014<\/span><\/div>\n            All\u00e9e du Stade Roger Noto, Marsiglia, Francia\n          <\/div>\n  <\/div>\n<\/article>\n          <\/div>\n            <h4><a href=\"#\" onclick=\"cimap();\" class=\"link-marker js-wpv-addon-maps-focus-map js-toolset-maps-hover-map-map-1-marker-marker-62009 js-toolset-maps-open-infowindow-map-map-1-marker-marker-62009\" data-map=\"map-1\" data-marker=\"marker-62009\">44. Stade du Merlan<\/a><\/h4>\n            <div id=\"wpcf-field-tipology\" class=\"wpcf-field-select wpcf-field-tipology\"><span class=\"wpcf-field-name wpcf-field-select-name wpcf-field-tipology-name\">tipology:<\/span> <span class=\"wpcf-field-value wpcf-field-select-value wpcf-field-tipology-value\">public<\/span><\/div> | <div id=\"wpcf-field-architect\" class=\"wpcf-field-single-line wpcf-field-architect\"><span class=\"wpcf-field-name wpcf-field-single-line-name wpcf-field-architect-name\">architect:<\/span> <span class=\"wpcf-field-value wpcf-field-single-line-value wpcf-field-architect-value\">ATELIER NAOM (New Architects of Marseille)<\/span><\/div> | <div id=\"wpcf-field-realization\" class=\"wpcf-field-number wpcf-field-realization\"><span class=\"wpcf-field-name wpcf-field-number-name wpcf-field-realization-name\">realization:<\/span> <span class=\"wpcf-field-value wpcf-field-number-value wpcf-field-realization-value\">2014<\/span><\/div>\n          <\/li>\n\t\t\n          <li>\n            \n          <div style=\"display:none\" class=\"wpv-addon-maps-marker js-wpv-addon-maps-marker js-wpv-addon-maps-marker-marker-62012 js-wpv-addon-maps-markerfor-map-1\" data-marker=\"marker-62012\" data-markertitle=\"Marseille Provence Airport\" data-markerfor=\"map-1\" data-markerlat=\"43.4212739\" data-markerlon=\"5.218332\" data-markericon=\"\/wp-content\/uploads\/sites\/6\/2017\/11\/area_marker_6.png\" data-markericonhover=\"\" data-streetview=\"no\" data-fromview=\"\">\n            <article class=\"marker-itinerario\">\n\t<div class=\"entry-thumbnail\">\n      \n      \n      \t<img loading=\"lazy\" decoding=\"async\" width=\"995\" height=\"1280\" src=\"https:\/\/static.tecnichenuove.it\/areaarch\/2018\/09\/630_0004.jpg\" class=\"attachment-post-thumbnail size-post-thumbnail wp-post-image\" alt=\"\" srcset=\"https:\/\/static.tecnichenuove.it\/areaarch\/2018\/09\/630_0004.jpg 995w, https:\/\/static.tecnichenuove.it\/areaarch\/2018\/09\/630_0004-233x300.jpg 233w, https:\/\/static.tecnichenuove.it\/areaarch\/2018\/09\/630_0004-768x988.jpg 768w, https:\/\/static.tecnichenuove.it\/areaarch\/2018\/09\/630_0004-796x1024.jpg 796w, https:\/\/static.tecnichenuove.it\/areaarch\/2018\/09\/630_0004-696x895.jpg 696w, https:\/\/static.tecnichenuove.it\/areaarch\/2018\/09\/630_0004-326x420.jpg 326w\" sizes=\"auto, (max-width: 995px) 100vw, 995px\" \/>\n      \t<img decoding=\"async\" src=\"https:\/\/www.area-arch.it\/wp-content\/uploads\/sites\/6\/2018\/09\/630_0018.jpg\" class=\"attachment-post-thumbnail\" \/>\n      \n\t<\/div>\n  \t<div class=\"entry-column\">\n      <h3 class=\"entry-title td-module-title\">Marseille Provence Airport<\/h3>\n      <div class=\"td-excerpt\">\n            <div id=\"wpcf-field-tipology\" class=\"wpcf-field-select wpcf-field-tipology\"><span class=\"wpcf-field-name wpcf-field-select-name wpcf-field-tipology-name\">tipology:<\/span> <span class=\"wpcf-field-value wpcf-field-select-value wpcf-field-tipology-value\">infrastructure<\/span><\/div>\n            <div id=\"wpcf-field-architect\" class=\"wpcf-field-single-line wpcf-field-architect\"><span class=\"wpcf-field-name wpcf-field-single-line-name wpcf-field-architect-name\">architect:<\/span> <span class=\"wpcf-field-value wpcf-field-single-line-value wpcf-field-architect-value\">Rogers Stirk Harbour + Partners<\/span><\/div>\n            <div id=\"wpcf-field-realization\" class=\"wpcf-field-number wpcf-field-realization\"><span class=\"wpcf-field-name wpcf-field-number-name wpcf-field-realization-name\">realization:<\/span> <span class=\"wpcf-field-value wpcf-field-number-value wpcf-field-realization-value\">1992<\/span><\/div>\n            Marignane, Francia\n          <\/div>\n  <\/div>\n<\/article>\n          <\/div>\n            <h4><a href=\"#\" onclick=\"cimap();\" class=\"link-marker js-wpv-addon-maps-focus-map js-toolset-maps-hover-map-map-1-marker-marker-62012 js-toolset-maps-open-infowindow-map-map-1-marker-marker-62012\" data-map=\"map-1\" data-marker=\"marker-62012\">45. Marseille Provence Airport<\/a><\/h4>\n            <div id=\"wpcf-field-tipology\" class=\"wpcf-field-select wpcf-field-tipology\"><span class=\"wpcf-field-name wpcf-field-select-name wpcf-field-tipology-name\">tipology:<\/span> <span class=\"wpcf-field-value wpcf-field-select-value wpcf-field-tipology-value\">infrastructure<\/span><\/div> | <div id=\"wpcf-field-architect\" class=\"wpcf-field-single-line wpcf-field-architect\"><span class=\"wpcf-field-name wpcf-field-single-line-name wpcf-field-architect-name\">architect:<\/span> <span class=\"wpcf-field-value wpcf-field-single-line-value wpcf-field-architect-value\">Rogers Stirk Harbour + Partners<\/span><\/div> | <div id=\"wpcf-field-realization\" class=\"wpcf-field-number wpcf-field-realization\"><span class=\"wpcf-field-name wpcf-field-number-name wpcf-field-realization-name\">realization:<\/span> <span class=\"wpcf-field-value wpcf-field-number-value wpcf-field-realization-value\">1992<\/span><\/div>\n          <\/li>\n\t\t\n          <li>\n            \n          <div style=\"display:none\" class=\"wpv-addon-maps-marker js-wpv-addon-maps-marker js-wpv-addon-maps-marker-marker-62015 js-wpv-addon-maps-markerfor-map-1\" data-marker=\"marker-62015\" data-markertitle=\"Marignane Development Center Airbus Helicopters\" data-markerfor=\"map-1\" data-markerlat=\"43.4212739\" data-markerlon=\"5.218332\" data-markericon=\"\/wp-content\/uploads\/sites\/6\/2017\/11\/area_marker_12.png\" data-markericonhover=\"\" data-streetview=\"no\" data-fromview=\"\">\n            <article class=\"marker-itinerario\">\n\t<div class=\"entry-thumbnail\">\n      \n      \n      \t<img loading=\"lazy\" decoding=\"async\" width=\"1280\" height=\"739\" src=\"https:\/\/static.tecnichenuove.it\/areaarch\/2018\/09\/Schermata-2018-09-20-alle-15.48.11.png\" class=\"attachment-post-thumbnail size-post-thumbnail wp-post-image\" alt=\"\" srcset=\"https:\/\/static.tecnichenuove.it\/areaarch\/2018\/09\/Schermata-2018-09-20-alle-15.48.11.png 1280w, https:\/\/static.tecnichenuove.it\/areaarch\/2018\/09\/Schermata-2018-09-20-alle-15.48.11-300x173.png 300w, https:\/\/static.tecnichenuove.it\/areaarch\/2018\/09\/Schermata-2018-09-20-alle-15.48.11-768x443.png 768w, https:\/\/static.tecnichenuove.it\/areaarch\/2018\/09\/Schermata-2018-09-20-alle-15.48.11-1024x591.png 1024w, https:\/\/static.tecnichenuove.it\/areaarch\/2018\/09\/Schermata-2018-09-20-alle-15.48.11-696x402.png 696w, https:\/\/static.tecnichenuove.it\/areaarch\/2018\/09\/Schermata-2018-09-20-alle-15.48.11-1068x617.png 1068w, https:\/\/static.tecnichenuove.it\/areaarch\/2018\/09\/Schermata-2018-09-20-alle-15.48.11-727x420.png 727w\" sizes=\"auto, (max-width: 1280px) 100vw, 1280px\" \/>\n      \t<img decoding=\"async\" src=\"https:\/\/www.area-arch.it\/wp-content\/uploads\/sites\/6\/2018\/09\/bn_2.jpg\" class=\"attachment-post-thumbnail\" \/>\n      \n\t<\/div>\n  \t<div class=\"entry-column\">\n      <h3 class=\"entry-title td-module-title\">Marignane Development Center Airbus Helicopters<\/h3>\n      <div class=\"td-excerpt\">\n            <div id=\"wpcf-field-tipology\" class=\"wpcf-field-select wpcf-field-tipology\"><span class=\"wpcf-field-name wpcf-field-select-name wpcf-field-tipology-name\">tipology:<\/span> <span class=\"wpcf-field-value wpcf-field-select-value wpcf-field-tipology-value\">public<\/span><\/div>\n            <div id=\"wpcf-field-architect\" class=\"wpcf-field-single-line wpcf-field-architect\"><span class=\"wpcf-field-name wpcf-field-single-line-name wpcf-field-architect-name\">architect:<\/span> <span class=\"wpcf-field-value wpcf-field-single-line-value wpcf-field-architect-value\">Michel R\u00e9mon &amp; Associ\u00e9s<\/span><\/div>\n            <div id=\"wpcf-field-realization\" class=\"wpcf-field-number wpcf-field-realization\"><span class=\"wpcf-field-name wpcf-field-number-name wpcf-field-realization-name\">realization:<\/span> <span class=\"wpcf-field-value wpcf-field-number-value wpcf-field-realization-value\">2016<\/span><\/div>\n            Marignane, Francia\n          <\/div>\n  <\/div>\n<\/article>\n          <\/div>\n            <h4><a href=\"#\" onclick=\"cimap();\" class=\"link-marker js-wpv-addon-maps-focus-map js-toolset-maps-hover-map-map-1-marker-marker-62015 js-toolset-maps-open-infowindow-map-map-1-marker-marker-62015\" data-map=\"map-1\" data-marker=\"marker-62015\">46. Marignane Development Center Airbus Helicopters<\/a><\/h4>\n            <div id=\"wpcf-field-tipology\" class=\"wpcf-field-select wpcf-field-tipology\"><span class=\"wpcf-field-name wpcf-field-select-name wpcf-field-tipology-name\">tipology:<\/span> <span class=\"wpcf-field-value wpcf-field-select-value wpcf-field-tipology-value\">public<\/span><\/div> | <div id=\"wpcf-field-architect\" class=\"wpcf-field-single-line wpcf-field-architect\"><span class=\"wpcf-field-name wpcf-field-single-line-name wpcf-field-architect-name\">architect:<\/span> <span class=\"wpcf-field-value wpcf-field-single-line-value wpcf-field-architect-value\">Michel R\u00e9mon &amp; Associ\u00e9s<\/span><\/div> | <div id=\"wpcf-field-realization\" class=\"wpcf-field-number wpcf-field-realization\"><span class=\"wpcf-field-name wpcf-field-number-name wpcf-field-realization-name\">realization:<\/span> <span class=\"wpcf-field-value wpcf-field-number-value wpcf-field-realization-value\">2016<\/span><\/div>\n          <\/li>\n\t\t\n          <li>\n            \n          <div style=\"display:none\" class=\"wpv-addon-maps-marker js-wpv-addon-maps-marker js-wpv-addon-maps-marker-marker-62026 js-wpv-addon-maps-markerfor-map-1\" data-marker=\"marker-62026\" data-markertitle=\"Salle de rock &#8220;Stadium&#8221;\" data-markerfor=\"map-1\" data-markerlat=\"43.458598\" data-markerlon=\"5.249703\" data-markericon=\"\/wp-content\/uploads\/sites\/6\/2017\/11\/area_marker_14.png\" data-markericonhover=\"\" data-streetview=\"no\" data-fromview=\"\">\n            <article class=\"marker-itinerario\">\n\t<div class=\"entry-thumbnail\">\n      \n      \n      \t<img loading=\"lazy\" decoding=\"async\" width=\"1280\" height=\"547\" src=\"https:\/\/static.tecnichenuove.it\/areaarch\/2018\/09\/Schermata-2018-09-20-alle-15.53.19.png\" class=\"attachment-post-thumbnail size-post-thumbnail wp-post-image\" alt=\"\" srcset=\"https:\/\/static.tecnichenuove.it\/areaarch\/2018\/09\/Schermata-2018-09-20-alle-15.53.19.png 1280w, https:\/\/static.tecnichenuove.it\/areaarch\/2018\/09\/Schermata-2018-09-20-alle-15.53.19-300x128.png 300w, https:\/\/static.tecnichenuove.it\/areaarch\/2018\/09\/Schermata-2018-09-20-alle-15.53.19-768x328.png 768w, https:\/\/static.tecnichenuove.it\/areaarch\/2018\/09\/Schermata-2018-09-20-alle-15.53.19-1024x438.png 1024w, https:\/\/static.tecnichenuove.it\/areaarch\/2018\/09\/Schermata-2018-09-20-alle-15.53.19-696x297.png 696w, https:\/\/static.tecnichenuove.it\/areaarch\/2018\/09\/Schermata-2018-09-20-alle-15.53.19-1068x456.png 1068w, https:\/\/static.tecnichenuove.it\/areaarch\/2018\/09\/Schermata-2018-09-20-alle-15.53.19-983x420.png 983w\" sizes=\"auto, (max-width: 1280px) 100vw, 1280px\" \/>\n      \t<img decoding=\"async\" src=\"https:\/\/www.area-arch.it\/wp-content\/uploads\/sites\/6\/2018\/09\/COUPE-STADIUM.jpg\" class=\"attachment-post-thumbnail\" \/>\n      \n\t<\/div>\n  \t<div class=\"entry-column\">\n      <h3 class=\"entry-title td-module-title\">Salle de rock &#8220;Stadium&#8221;<\/h3>\n      <div class=\"td-excerpt\">\n            <div id=\"wpcf-field-tipology\" class=\"wpcf-field-select wpcf-field-tipology\"><span class=\"wpcf-field-name wpcf-field-select-name wpcf-field-tipology-name\">tipology:<\/span> <span class=\"wpcf-field-value wpcf-field-select-value wpcf-field-tipology-value\">sport<\/span><\/div>\n            <div id=\"wpcf-field-architect\" class=\"wpcf-field-single-line wpcf-field-architect\"><span class=\"wpcf-field-name wpcf-field-single-line-name wpcf-field-architect-name\">architect:<\/span> <span class=\"wpcf-field-value wpcf-field-single-line-value wpcf-field-architect-value\">Rudy Ricciotti<\/span><\/div>\n            <div id=\"wpcf-field-realization\" class=\"wpcf-field-number wpcf-field-realization\"><span class=\"wpcf-field-name wpcf-field-number-name wpcf-field-realization-name\">realization:<\/span> <span class=\"wpcf-field-value wpcf-field-number-value wpcf-field-realization-value\">1994<\/span><\/div>\n            Vitrolles, Francia\n          <\/div>\n  <\/div>\n<\/article>\n          <\/div>\n            <h4><a href=\"#\" onclick=\"cimap();\" class=\"link-marker js-wpv-addon-maps-focus-map js-toolset-maps-hover-map-map-1-marker-marker-62026 js-toolset-maps-open-infowindow-map-map-1-marker-marker-62026\" data-map=\"map-1\" data-marker=\"marker-62026\">47. Salle de rock &#8220;Stadium&#8221;<\/a><\/h4>\n            <div id=\"wpcf-field-tipology\" class=\"wpcf-field-select wpcf-field-tipology\"><span class=\"wpcf-field-name wpcf-field-select-name wpcf-field-tipology-name\">tipology:<\/span> <span class=\"wpcf-field-value wpcf-field-select-value wpcf-field-tipology-value\">sport<\/span><\/div> | <div id=\"wpcf-field-architect\" class=\"wpcf-field-single-line wpcf-field-architect\"><span class=\"wpcf-field-name wpcf-field-single-line-name wpcf-field-architect-name\">architect:<\/span> <span class=\"wpcf-field-value wpcf-field-single-line-value wpcf-field-architect-value\">Rudy Ricciotti<\/span><\/div> | <div id=\"wpcf-field-realization\" class=\"wpcf-field-number wpcf-field-realization\"><span class=\"wpcf-field-name wpcf-field-number-name wpcf-field-realization-name\">realization:<\/span> <span class=\"wpcf-field-value wpcf-field-number-value wpcf-field-realization-value\">1994<\/span><\/div>\n          <\/li>\n\t\t\n          <li>\n            \n          <div style=\"display:none\" class=\"wpv-addon-maps-marker js-wpv-addon-maps-marker js-wpv-addon-maps-marker-marker-62029 js-wpv-addon-maps-markerfor-map-1\" data-marker=\"marker-62029\" data-markertitle=\"Arena du Pays d&#8217;Aix\" data-markerfor=\"map-1\" data-markerlat=\"43.4812004\" data-markerlon=\"5.407045\" data-markericon=\"\/wp-content\/uploads\/sites\/6\/2017\/11\/area_marker_14.png\" data-markericonhover=\"\" data-streetview=\"no\" data-fromview=\"\">\n            <article class=\"marker-itinerario\">\n\t<div class=\"entry-thumbnail\">\n      \n      \n      \t<img loading=\"lazy\" decoding=\"async\" width=\"1280\" height=\"371\" src=\"https:\/\/static.tecnichenuove.it\/areaarch\/2018\/09\/Schermata-2018-09-20-alle-15.56.03.png\" class=\"attachment-post-thumbnail size-post-thumbnail wp-post-image\" alt=\"\" srcset=\"https:\/\/static.tecnichenuove.it\/areaarch\/2018\/09\/Schermata-2018-09-20-alle-15.56.03.png 1280w, https:\/\/static.tecnichenuove.it\/areaarch\/2018\/09\/Schermata-2018-09-20-alle-15.56.03-300x87.png 300w, https:\/\/static.tecnichenuove.it\/areaarch\/2018\/09\/Schermata-2018-09-20-alle-15.56.03-768x223.png 768w, https:\/\/static.tecnichenuove.it\/areaarch\/2018\/09\/Schermata-2018-09-20-alle-15.56.03-1024x297.png 1024w, https:\/\/static.tecnichenuove.it\/areaarch\/2018\/09\/Schermata-2018-09-20-alle-15.56.03-696x202.png 696w, https:\/\/static.tecnichenuove.it\/areaarch\/2018\/09\/Schermata-2018-09-20-alle-15.56.03-1068x310.png 1068w\" sizes=\"auto, (max-width: 1280px) 100vw, 1280px\" \/>\n      \t<img decoding=\"async\" src=\"https:\/\/www.area-arch.it\/wp-content\/uploads\/sites\/6\/2018\/09\/Schermata-2018-09-20-alle-15.56.25.png\" class=\"attachment-post-thumbnail\" \/>\n      \n\t<\/div>\n  \t<div class=\"entry-column\">\n      <h3 class=\"entry-title td-module-title\">Arena du Pays d&#8217;Aix<\/h3>\n      <div class=\"td-excerpt\">\n            <div id=\"wpcf-field-tipology\" class=\"wpcf-field-select wpcf-field-tipology\"><span class=\"wpcf-field-name wpcf-field-select-name wpcf-field-tipology-name\">tipology:<\/span> <span class=\"wpcf-field-value wpcf-field-select-value wpcf-field-tipology-value\">sport<\/span><\/div>\n            <div id=\"wpcf-field-architect\" class=\"wpcf-field-single-line wpcf-field-architect\"><span class=\"wpcf-field-name wpcf-field-single-line-name wpcf-field-architect-name\">architect:<\/span> <span class=\"wpcf-field-value wpcf-field-single-line-value wpcf-field-architect-value\">Auer Weber<\/span><\/div>\n            <div id=\"wpcf-field-realization\" class=\"wpcf-field-number wpcf-field-realization\"><span class=\"wpcf-field-name wpcf-field-number-name wpcf-field-realization-name\">realization:<\/span> <span class=\"wpcf-field-value wpcf-field-number-value wpcf-field-realization-value\">2017<\/span><\/div>\n            Chemin des 3 Pigeons, Aix-en-Provence, Francia\n          <\/div>\n  <\/div>\n<\/article>\n          <\/div>\n            <h4><a href=\"#\" onclick=\"cimap();\" class=\"link-marker js-wpv-addon-maps-focus-map js-toolset-maps-hover-map-map-1-marker-marker-62029 js-toolset-maps-open-infowindow-map-map-1-marker-marker-62029\" data-map=\"map-1\" data-marker=\"marker-62029\">48. Arena du Pays d&#8217;Aix<\/a><\/h4>\n            <div id=\"wpcf-field-tipology\" class=\"wpcf-field-select wpcf-field-tipology\"><span class=\"wpcf-field-name wpcf-field-select-name wpcf-field-tipology-name\">tipology:<\/span> <span class=\"wpcf-field-value wpcf-field-select-value wpcf-field-tipology-value\">sport<\/span><\/div> | <div id=\"wpcf-field-architect\" class=\"wpcf-field-single-line wpcf-field-architect\"><span class=\"wpcf-field-name wpcf-field-single-line-name wpcf-field-architect-name\">architect:<\/span> <span class=\"wpcf-field-value wpcf-field-single-line-value wpcf-field-architect-value\">Auer Weber<\/span><\/div> | <div id=\"wpcf-field-realization\" class=\"wpcf-field-number wpcf-field-realization\"><span class=\"wpcf-field-name wpcf-field-number-name wpcf-field-realization-name\">realization:<\/span> <span class=\"wpcf-field-value wpcf-field-number-value wpcf-field-realization-value\">2017<\/span><\/div>\n          <\/li>\n\t\t\n          <li>\n            \n          <div style=\"display:none\" class=\"wpv-addon-maps-marker js-wpv-addon-maps-marker js-wpv-addon-maps-marker-marker-62032 js-wpv-addon-maps-markerfor-map-1\" data-marker=\"marker-62032\" data-markertitle=\"Aix en Provence Conservatory of Music\" data-markerfor=\"map-1\" data-markerlat=\"43.5259891\" data-markerlon=\"5.4391482\" data-markericon=\"\/wp-content\/uploads\/sites\/6\/2017\/11\/area_marker_2.png\" data-markericonhover=\"\" data-streetview=\"no\" data-fromview=\"\">\n            <article class=\"marker-itinerario\">\n\t<div class=\"entry-thumbnail\">\n      \n      \n      \t<img loading=\"lazy\" decoding=\"async\" width=\"1280\" height=\"928\" src=\"https:\/\/static.tecnichenuove.it\/areaarch\/2018\/09\/Schermata-2018-09-20-alle-16.01.13.png\" class=\"attachment-post-thumbnail size-post-thumbnail wp-post-image\" alt=\"\" srcset=\"https:\/\/static.tecnichenuove.it\/areaarch\/2018\/09\/Schermata-2018-09-20-alle-16.01.13.png 1280w, https:\/\/static.tecnichenuove.it\/areaarch\/2018\/09\/Schermata-2018-09-20-alle-16.01.13-300x218.png 300w, https:\/\/static.tecnichenuove.it\/areaarch\/2018\/09\/Schermata-2018-09-20-alle-16.01.13-768x557.png 768w, https:\/\/static.tecnichenuove.it\/areaarch\/2018\/09\/Schermata-2018-09-20-alle-16.01.13-1024x742.png 1024w, https:\/\/static.tecnichenuove.it\/areaarch\/2018\/09\/Schermata-2018-09-20-alle-16.01.13-324x235.png 324w, https:\/\/static.tecnichenuove.it\/areaarch\/2018\/09\/Schermata-2018-09-20-alle-16.01.13-648x470.png 648w, https:\/\/static.tecnichenuove.it\/areaarch\/2018\/09\/Schermata-2018-09-20-alle-16.01.13-696x505.png 696w, https:\/\/static.tecnichenuove.it\/areaarch\/2018\/09\/Schermata-2018-09-20-alle-16.01.13-1068x774.png 1068w, https:\/\/static.tecnichenuove.it\/areaarch\/2018\/09\/Schermata-2018-09-20-alle-16.01.13-579x420.png 579w\" sizes=\"auto, (max-width: 1280px) 100vw, 1280px\" \/>\n      \t<img decoding=\"async\" src=\"https:\/\/www.area-arch.it\/wp-content\/uploads\/sites\/6\/2018\/09\/Schermata-2018-09-20-alle-15.59.20.png\" class=\"attachment-post-thumbnail\" \/>\n      \n\t<\/div>\n  \t<div class=\"entry-column\">\n      <h3 class=\"entry-title td-module-title\">Aix en Provence Conservatory of Music<\/h3>\n      <div class=\"td-excerpt\">\n            <div id=\"wpcf-field-tipology\" class=\"wpcf-field-select wpcf-field-tipology\"><span class=\"wpcf-field-name wpcf-field-select-name wpcf-field-tipology-name\">tipology:<\/span> <span class=\"wpcf-field-value wpcf-field-select-value wpcf-field-tipology-value\">art studios<\/span><\/div>\n            <div id=\"wpcf-field-architect\" class=\"wpcf-field-single-line wpcf-field-architect\"><span class=\"wpcf-field-name wpcf-field-single-line-name wpcf-field-architect-name\">architect:<\/span> <span class=\"wpcf-field-value wpcf-field-single-line-value wpcf-field-architect-value\">Kengo Kuma &amp; Associates<\/span><\/div>\n            <div id=\"wpcf-field-realization\" class=\"wpcf-field-number wpcf-field-realization\"><span class=\"wpcf-field-name wpcf-field-number-name wpcf-field-realization-name\">realization:<\/span> <span class=\"wpcf-field-value wpcf-field-number-value wpcf-field-realization-value\">2010<\/span><\/div>\n            Avenue Wolfgang Amadeus Mozart, Aix-en-Provence, Francia\n          <\/div>\n  <\/div>\n<\/article>\n          <\/div>\n            <h4><a href=\"#\" onclick=\"cimap();\" class=\"link-marker js-wpv-addon-maps-focus-map js-toolset-maps-hover-map-map-1-marker-marker-62032 js-toolset-maps-open-infowindow-map-map-1-marker-marker-62032\" data-map=\"map-1\" data-marker=\"marker-62032\">49. Aix en Provence Conservatory of Music<\/a><\/h4>\n            <div id=\"wpcf-field-tipology\" class=\"wpcf-field-select wpcf-field-tipology\"><span class=\"wpcf-field-name wpcf-field-select-name wpcf-field-tipology-name\">tipology:<\/span> <span class=\"wpcf-field-value wpcf-field-select-value wpcf-field-tipology-value\">art studios<\/span><\/div> | <div id=\"wpcf-field-architect\" class=\"wpcf-field-single-line wpcf-field-architect\"><span class=\"wpcf-field-name wpcf-field-single-line-name wpcf-field-architect-name\">architect:<\/span> <span class=\"wpcf-field-value wpcf-field-single-line-value wpcf-field-architect-value\">Kengo Kuma &amp; Associates<\/span><\/div> | <div id=\"wpcf-field-realization\" class=\"wpcf-field-number wpcf-field-realization\"><span class=\"wpcf-field-name wpcf-field-number-name wpcf-field-realization-name\">realization:<\/span> <span class=\"wpcf-field-value wpcf-field-number-value wpcf-field-realization-value\">2010<\/span><\/div>\n          <\/li>\n\t\t\n          <li>\n            \n          <div style=\"display:none\" class=\"wpv-addon-maps-marker js-wpv-addon-maps-marker js-wpv-addon-maps-marker-marker-62036 js-wpv-addon-maps-markerfor-map-1\" data-marker=\"marker-62036\" data-markertitle=\"Pavillon Noir &#8211; Centre Chor\u00e9ographique National d&#8217;Aix-en-Provence\" data-markerfor=\"map-1\" data-markerlat=\"43.5259891\" data-markerlon=\"5.4391482\" data-markericon=\"\/wp-content\/uploads\/sites\/6\/2017\/11\/area_marker_12.png\" data-markericonhover=\"\" data-streetview=\"no\" data-fromview=\"\">\n            <article class=\"marker-itinerario\">\n\t<div class=\"entry-thumbnail\">\n      \n      \n      \t<img loading=\"lazy\" decoding=\"async\" width=\"1280\" height=\"1170\" src=\"https:\/\/static.tecnichenuove.it\/areaarch\/2018\/09\/Schermata-2018-09-20-alle-16.05.42.png\" class=\"attachment-post-thumbnail size-post-thumbnail wp-post-image\" alt=\"\" srcset=\"https:\/\/static.tecnichenuove.it\/areaarch\/2018\/09\/Schermata-2018-09-20-alle-16.05.42.png 1280w, https:\/\/static.tecnichenuove.it\/areaarch\/2018\/09\/Schermata-2018-09-20-alle-16.05.42-300x274.png 300w, https:\/\/static.tecnichenuove.it\/areaarch\/2018\/09\/Schermata-2018-09-20-alle-16.05.42-768x702.png 768w, https:\/\/static.tecnichenuove.it\/areaarch\/2018\/09\/Schermata-2018-09-20-alle-16.05.42-1024x936.png 1024w, https:\/\/static.tecnichenuove.it\/areaarch\/2018\/09\/Schermata-2018-09-20-alle-16.05.42-696x636.png 696w, https:\/\/static.tecnichenuove.it\/areaarch\/2018\/09\/Schermata-2018-09-20-alle-16.05.42-1068x976.png 1068w, https:\/\/static.tecnichenuove.it\/areaarch\/2018\/09\/Schermata-2018-09-20-alle-16.05.42-459x420.png 459w\" sizes=\"auto, (max-width: 1280px) 100vw, 1280px\" \/>\n      \t<img decoding=\"async\" src=\"https:\/\/www.area-arch.it\/wp-content\/uploads\/sites\/6\/2018\/09\/bn_8.jpg\" class=\"attachment-post-thumbnail\" \/>\n      \n\t<\/div>\n  \t<div class=\"entry-column\">\n      <h3 class=\"entry-title td-module-title\">Pavillon Noir &#8211; Centre Chor\u00e9ographique National d&#8217;Aix-en-Provence<\/h3>\n      <div class=\"td-excerpt\">\n            <div id=\"wpcf-field-tipology\" class=\"wpcf-field-select wpcf-field-tipology\"><span class=\"wpcf-field-name wpcf-field-select-name wpcf-field-tipology-name\">tipology:<\/span> <span class=\"wpcf-field-value wpcf-field-select-value wpcf-field-tipology-value\">public<\/span><\/div>\n            <div id=\"wpcf-field-architect\" class=\"wpcf-field-single-line wpcf-field-architect\"><span class=\"wpcf-field-name wpcf-field-single-line-name wpcf-field-architect-name\">architect:<\/span> <span class=\"wpcf-field-value wpcf-field-single-line-value wpcf-field-architect-value\">Rudy Ricciotti<\/span><\/div>\n            <div id=\"wpcf-field-realization\" class=\"wpcf-field-number wpcf-field-realization\"><span class=\"wpcf-field-name wpcf-field-number-name wpcf-field-realization-name\">realization:<\/span> <span class=\"wpcf-field-value wpcf-field-number-value wpcf-field-realization-value\">2006<\/span><\/div>\n            Avenue Wolfgang Amadeus Mozart, Aix-en-Provence, Francia\n          <\/div>\n  <\/div>\n<\/article>\n          <\/div>\n            <h4><a href=\"#\" onclick=\"cimap();\" class=\"link-marker js-wpv-addon-maps-focus-map js-toolset-maps-hover-map-map-1-marker-marker-62036 js-toolset-maps-open-infowindow-map-map-1-marker-marker-62036\" data-map=\"map-1\" data-marker=\"marker-62036\">50. Pavillon Noir &#8211; Centre Chor\u00e9ographique National d&#8217;Aix-en-Provence<\/a><\/h4>\n            <div id=\"wpcf-field-tipology\" class=\"wpcf-field-select wpcf-field-tipology\"><span class=\"wpcf-field-name wpcf-field-select-name wpcf-field-tipology-name\">tipology:<\/span> <span class=\"wpcf-field-value wpcf-field-select-value wpcf-field-tipology-value\">public<\/span><\/div> | <div id=\"wpcf-field-architect\" class=\"wpcf-field-single-line wpcf-field-architect\"><span class=\"wpcf-field-name wpcf-field-single-line-name wpcf-field-architect-name\">architect:<\/span> <span class=\"wpcf-field-value wpcf-field-single-line-value wpcf-field-architect-value\">Rudy Ricciotti<\/span><\/div> | <div id=\"wpcf-field-realization\" class=\"wpcf-field-number wpcf-field-realization\"><span class=\"wpcf-field-name wpcf-field-number-name wpcf-field-realization-name\">realization:<\/span> <span class=\"wpcf-field-value wpcf-field-number-value wpcf-field-realization-value\">2006<\/span><\/div>\n          <\/li>\n\t\t\n          <li>\n            \n          <div style=\"display:none\" class=\"wpv-addon-maps-marker js-wpv-addon-maps-marker js-wpv-addon-maps-marker-marker-62039 js-wpv-addon-maps-markerfor-map-1\" data-marker=\"marker-62039\" data-markertitle=\"La Fromagerie\" data-markerfor=\"map-1\" data-markerlat=\"43.5267111\" data-markerlon=\"5.448605\" data-markericon=\"\/wp-content\/uploads\/sites\/6\/2017\/11\/area_marker_3.png\" data-markericonhover=\"\" data-streetview=\"no\" data-fromview=\"\">\n            <article class=\"marker-itinerario\">\n\t<div class=\"entry-thumbnail\">\n      \n      \n      \t<img loading=\"lazy\" decoding=\"async\" width=\"1280\" height=\"747\" src=\"https:\/\/static.tecnichenuove.it\/areaarch\/2018\/09\/Schermata-2018-09-20-alle-16.10.11.png\" class=\"attachment-post-thumbnail size-post-thumbnail wp-post-image\" alt=\"\" srcset=\"https:\/\/static.tecnichenuove.it\/areaarch\/2018\/09\/Schermata-2018-09-20-alle-16.10.11.png 1280w, https:\/\/static.tecnichenuove.it\/areaarch\/2018\/09\/Schermata-2018-09-20-alle-16.10.11-300x175.png 300w, https:\/\/static.tecnichenuove.it\/areaarch\/2018\/09\/Schermata-2018-09-20-alle-16.10.11-768x448.png 768w, https:\/\/static.tecnichenuove.it\/areaarch\/2018\/09\/Schermata-2018-09-20-alle-16.10.11-1024x598.png 1024w, https:\/\/static.tecnichenuove.it\/areaarch\/2018\/09\/Schermata-2018-09-20-alle-16.10.11-696x406.png 696w, https:\/\/static.tecnichenuove.it\/areaarch\/2018\/09\/Schermata-2018-09-20-alle-16.10.11-1068x623.png 1068w, https:\/\/static.tecnichenuove.it\/areaarch\/2018\/09\/Schermata-2018-09-20-alle-16.10.11-720x420.png 720w\" sizes=\"auto, (max-width: 1280px) 100vw, 1280px\" \/>\n      \t<img decoding=\"async\" src=\"https:\/\/www.area-arch.it\/wp-content\/uploads\/sites\/6\/2018\/09\/Schermata-2018-09-20-alle-16.09.03.png\" class=\"attachment-post-thumbnail\" \/>\n      \n\t<\/div>\n  \t<div class=\"entry-column\">\n      <h3 class=\"entry-title td-module-title\">La Fromagerie<\/h3>\n      <div class=\"td-excerpt\">\n            <div id=\"wpcf-field-tipology\" class=\"wpcf-field-select wpcf-field-tipology\"><span class=\"wpcf-field-name wpcf-field-select-name wpcf-field-tipology-name\">tipology:<\/span> <span class=\"wpcf-field-value wpcf-field-select-value wpcf-field-tipology-value\">commercial<\/span><\/div>\n            <div id=\"wpcf-field-architect\" class=\"wpcf-field-single-line wpcf-field-architect\"><span class=\"wpcf-field-name wpcf-field-single-line-name wpcf-field-architect-name\">architect:<\/span> <span class=\"wpcf-field-value wpcf-field-single-line-value wpcf-field-architect-value\">Vincent Coste studio design &amp; associ\u00e9s<\/span><\/div>\n            <div id=\"wpcf-field-realization\" class=\"wpcf-field-number wpcf-field-realization\"><span class=\"wpcf-field-name wpcf-field-number-name wpcf-field-realization-name\">realization:<\/span> <span class=\"wpcf-field-value wpcf-field-number-value wpcf-field-realization-value\">2014<\/span><\/div>\n            Cours Mirabeau, Aix-en-Provence, Francia\n          <\/div>\n  <\/div>\n<\/article>\n          <\/div>\n            <h4><a href=\"#\" onclick=\"cimap();\" class=\"link-marker js-wpv-addon-maps-focus-map js-toolset-maps-hover-map-map-1-marker-marker-62039 js-toolset-maps-open-infowindow-map-map-1-marker-marker-62039\" data-map=\"map-1\" data-marker=\"marker-62039\">51. La Fromagerie<\/a><\/h4>\n            <div id=\"wpcf-field-tipology\" class=\"wpcf-field-select wpcf-field-tipology\"><span class=\"wpcf-field-name wpcf-field-select-name wpcf-field-tipology-name\">tipology:<\/span> <span class=\"wpcf-field-value wpcf-field-select-value wpcf-field-tipology-value\">commercial<\/span><\/div> | <div id=\"wpcf-field-architect\" class=\"wpcf-field-single-line wpcf-field-architect\"><span class=\"wpcf-field-name wpcf-field-single-line-name wpcf-field-architect-name\">architect:<\/span> <span class=\"wpcf-field-value wpcf-field-single-line-value wpcf-field-architect-value\">Vincent Coste studio design &amp; associ\u00e9s<\/span><\/div> | <div id=\"wpcf-field-realization\" class=\"wpcf-field-number wpcf-field-realization\"><span class=\"wpcf-field-name wpcf-field-number-name wpcf-field-realization-name\">realization:<\/span> <span class=\"wpcf-field-value wpcf-field-number-value wpcf-field-realization-value\">2014<\/span><\/div>\n          <\/li>\n\t\t\n          <li>\n            \n          <div style=\"display:none\" class=\"wpv-addon-maps-marker js-wpv-addon-maps-marker js-wpv-addon-maps-marker-marker-62042 js-wpv-addon-maps-markerfor-map-1\" data-marker=\"marker-62042\" data-markertitle=\"Chateau La Coste Art Gallery\" data-markerfor=\"map-1\" data-markerlat=\"43.66283\" data-markerlon=\"5.435206\" data-markericon=\"\/wp-content\/uploads\/sites\/6\/2017\/11\/area_marker_1.png\" data-markericonhover=\"\" data-streetview=\"no\" data-fromview=\"\">\n            <article class=\"marker-itinerario\">\n\t<div class=\"entry-thumbnail\">\n      \n      \n      \t<img loading=\"lazy\" decoding=\"async\" width=\"1280\" height=\"826\" src=\"https:\/\/static.tecnichenuove.it\/areaarch\/2018\/09\/Schermata-2018-09-20-alle-16.13.34.png\" class=\"attachment-post-thumbnail size-post-thumbnail wp-post-image\" alt=\"\" srcset=\"https:\/\/static.tecnichenuove.it\/areaarch\/2018\/09\/Schermata-2018-09-20-alle-16.13.34.png 1280w, https:\/\/static.tecnichenuove.it\/areaarch\/2018\/09\/Schermata-2018-09-20-alle-16.13.34-300x194.png 300w, https:\/\/static.tecnichenuove.it\/areaarch\/2018\/09\/Schermata-2018-09-20-alle-16.13.34-768x496.png 768w, https:\/\/static.tecnichenuove.it\/areaarch\/2018\/09\/Schermata-2018-09-20-alle-16.13.34-1024x661.png 1024w, https:\/\/static.tecnichenuove.it\/areaarch\/2018\/09\/Schermata-2018-09-20-alle-16.13.34-696x449.png 696w, https:\/\/static.tecnichenuove.it\/areaarch\/2018\/09\/Schermata-2018-09-20-alle-16.13.34-1068x689.png 1068w, https:\/\/static.tecnichenuove.it\/areaarch\/2018\/09\/Schermata-2018-09-20-alle-16.13.34-651x420.png 651w\" sizes=\"auto, (max-width: 1280px) 100vw, 1280px\" \/>\n      \t<img decoding=\"async\" src=\"https:\/\/www.area-arch.it\/wp-content\/uploads\/sites\/6\/2018\/09\/Schermata-2018-09-20-alle-16.14.19.png\" class=\"attachment-post-thumbnail\" \/>\n      \n\t<\/div>\n  \t<div class=\"entry-column\">\n      <h3 class=\"entry-title td-module-title\">Chateau La Coste Art Gallery<\/h3>\n      <div class=\"td-excerpt\">\n            <div id=\"wpcf-field-tipology\" class=\"wpcf-field-select wpcf-field-tipology\"><span class=\"wpcf-field-name wpcf-field-select-name wpcf-field-tipology-name\">tipology:<\/span> <span class=\"wpcf-field-value wpcf-field-select-value wpcf-field-tipology-value\">art gallery<\/span><\/div>\n            <div id=\"wpcf-field-architect\" class=\"wpcf-field-single-line wpcf-field-architect\"><span class=\"wpcf-field-name wpcf-field-single-line-name wpcf-field-architect-name\">architect:<\/span> <span class=\"wpcf-field-value wpcf-field-single-line-value wpcf-field-architect-value\">RPBW<\/span><\/div>\n            <div id=\"wpcf-field-realization\" class=\"wpcf-field-number wpcf-field-realization\"><span class=\"wpcf-field-name wpcf-field-number-name wpcf-field-realization-name\">realization:<\/span> <span class=\"wpcf-field-value wpcf-field-number-value wpcf-field-realization-value\">2017<\/span><\/div>\n            Le Puy-Sainte-R\u00e9parade, Francia\n          <\/div>\n  <\/div>\n<\/article>\n          <\/div>\n            <h4><a href=\"#\" onclick=\"cimap();\" class=\"link-marker js-wpv-addon-maps-focus-map js-toolset-maps-hover-map-map-1-marker-marker-62042 js-toolset-maps-open-infowindow-map-map-1-marker-marker-62042\" data-map=\"map-1\" data-marker=\"marker-62042\">52. Chateau La Coste Art Gallery<\/a><\/h4>\n            <div id=\"wpcf-field-tipology\" class=\"wpcf-field-select wpcf-field-tipology\"><span class=\"wpcf-field-name wpcf-field-select-name wpcf-field-tipology-name\">tipology:<\/span> <span class=\"wpcf-field-value wpcf-field-select-value wpcf-field-tipology-value\">art gallery<\/span><\/div> | <div id=\"wpcf-field-architect\" class=\"wpcf-field-single-line wpcf-field-architect\"><span class=\"wpcf-field-name wpcf-field-single-line-name wpcf-field-architect-name\">architect:<\/span> <span class=\"wpcf-field-value wpcf-field-single-line-value wpcf-field-architect-value\">RPBW<\/span><\/div> | <div id=\"wpcf-field-realization\" class=\"wpcf-field-number wpcf-field-realization\"><span class=\"wpcf-field-name wpcf-field-number-name wpcf-field-realization-name\">realization:<\/span> <span class=\"wpcf-field-value wpcf-field-number-value wpcf-field-realization-value\">2017<\/span><\/div>\n          <\/li>\n\t\t\n          <li>\n            \n          <div style=\"display:none\" class=\"wpv-addon-maps-marker js-wpv-addon-maps-marker js-wpv-addon-maps-marker-marker-62045 js-wpv-addon-maps-markerfor-map-1\" data-marker=\"marker-62045\" data-markertitle=\"Chateau La Coste\" data-markerfor=\"map-1\" data-markerlat=\"43.66283\" data-markerlon=\"5.435206\" data-markericon=\"\/wp-content\/uploads\/sites\/6\/2017\/11\/area_marker_19.png\" data-markericonhover=\"\" data-streetview=\"no\" data-fromview=\"\">\n            <article class=\"marker-itinerario\">\n\t<div class=\"entry-thumbnail\">\n      \n      \n      \t<img loading=\"lazy\" decoding=\"async\" width=\"1280\" height=\"852\" src=\"https:\/\/static.tecnichenuove.it\/areaarch\/2018\/09\/AJN_AixEnProvence_Cha%CC%82teauLaCoste%C2%A9Cha%CC%82teauLaCoste_Cuverie.jpg\" class=\"attachment-post-thumbnail size-post-thumbnail wp-post-image\" alt=\"\" srcset=\"https:\/\/static.tecnichenuove.it\/areaarch\/2018\/09\/AJN_AixEnProvence_Cha%CC%82teauLaCoste%C2%A9Cha%CC%82teauLaCoste_Cuverie.jpg 1280w, https:\/\/static.tecnichenuove.it\/areaarch\/2018\/09\/AJN_AixEnProvence_Cha%CC%82teauLaCoste%C2%A9Cha%CC%82teauLaCoste_Cuverie-150x100.jpg 150w, https:\/\/static.tecnichenuove.it\/areaarch\/2018\/09\/AJN_AixEnProvence_Cha%CC%82teauLaCoste%C2%A9Cha%CC%82teauLaCoste_Cuverie-300x200.jpg 300w, https:\/\/static.tecnichenuove.it\/areaarch\/2018\/09\/AJN_AixEnProvence_Cha%CC%82teauLaCoste%C2%A9Cha%CC%82teauLaCoste_Cuverie-768x511.jpg 768w, https:\/\/static.tecnichenuove.it\/areaarch\/2018\/09\/AJN_AixEnProvence_Cha%CC%82teauLaCoste%C2%A9Cha%CC%82teauLaCoste_Cuverie-1024x682.jpg 1024w, https:\/\/static.tecnichenuove.it\/areaarch\/2018\/09\/AJN_AixEnProvence_Cha%CC%82teauLaCoste%C2%A9Cha%CC%82teauLaCoste_Cuverie-696x463.jpg 696w, https:\/\/static.tecnichenuove.it\/areaarch\/2018\/09\/AJN_AixEnProvence_Cha%CC%82teauLaCoste%C2%A9Cha%CC%82teauLaCoste_Cuverie-1068x711.jpg 1068w, https:\/\/static.tecnichenuove.it\/areaarch\/2018\/09\/AJN_AixEnProvence_Cha%CC%82teauLaCoste%C2%A9Cha%CC%82teauLaCoste_Cuverie-631x420.jpg 631w\" sizes=\"auto, (max-width: 1280px) 100vw, 1280px\" \/>\n      \t<img decoding=\"async\" src=\"https:\/\/www.area-arch.it\/wp-content\/uploads\/sites\/6\/2018\/09\/2-lacoste-2.jpg\" class=\"attachment-post-thumbnail\" \/>\n      \n\t<\/div>\n  \t<div class=\"entry-column\">\n      <h3 class=\"entry-title td-module-title\">Chateau La Coste<\/h3>\n      <div class=\"td-excerpt\">\n            <div id=\"wpcf-field-tipology\" class=\"wpcf-field-select wpcf-field-tipology\"><span class=\"wpcf-field-name wpcf-field-select-name wpcf-field-tipology-name\">tipology:<\/span> <span class=\"wpcf-field-value wpcf-field-select-value wpcf-field-tipology-value\">winery<\/span><\/div>\n            <div id=\"wpcf-field-architect\" class=\"wpcf-field-single-line wpcf-field-architect\"><span class=\"wpcf-field-name wpcf-field-single-line-name wpcf-field-architect-name\">architect:<\/span> <span class=\"wpcf-field-value wpcf-field-single-line-value wpcf-field-architect-value\">Ateliers Jean Nouvel<\/span><\/div>\n            <div id=\"wpcf-field-realization\" class=\"wpcf-field-number wpcf-field-realization\"><span class=\"wpcf-field-name wpcf-field-number-name wpcf-field-realization-name\">realization:<\/span> <span class=\"wpcf-field-value wpcf-field-number-value wpcf-field-realization-value\">2008<\/span><\/div>\n            Le Puy-Sainte-R\u00e9parade, Francia\n          <\/div>\n  <\/div>\n<\/article>\n          <\/div>\n            <h4><a href=\"#\" onclick=\"cimap();\" class=\"link-marker js-wpv-addon-maps-focus-map js-toolset-maps-hover-map-map-1-marker-marker-62045 js-toolset-maps-open-infowindow-map-map-1-marker-marker-62045\" data-map=\"map-1\" data-marker=\"marker-62045\">53. Chateau La Coste<\/a><\/h4>\n            <div id=\"wpcf-field-tipology\" class=\"wpcf-field-select wpcf-field-tipology\"><span class=\"wpcf-field-name wpcf-field-select-name wpcf-field-tipology-name\">tipology:<\/span> <span class=\"wpcf-field-value wpcf-field-select-value wpcf-field-tipology-value\">winery<\/span><\/div> | <div id=\"wpcf-field-architect\" class=\"wpcf-field-single-line wpcf-field-architect\"><span class=\"wpcf-field-name wpcf-field-single-line-name wpcf-field-architect-name\">architect:<\/span> <span class=\"wpcf-field-value wpcf-field-single-line-value wpcf-field-architect-value\">Ateliers Jean Nouvel<\/span><\/div> | <div id=\"wpcf-field-realization\" class=\"wpcf-field-number wpcf-field-realization\"><span class=\"wpcf-field-name wpcf-field-number-name wpcf-field-realization-name\">realization:<\/span> <span class=\"wpcf-field-value wpcf-field-number-value wpcf-field-realization-value\">2008<\/span><\/div>\n          <\/li>\n\t\t\n          <li>\n            \n          <div style=\"display:none\" class=\"wpv-addon-maps-marker js-wpv-addon-maps-marker js-wpv-addon-maps-marker-marker-62050 js-wpv-addon-maps-markerfor-map-1\" data-marker=\"marker-62050\" data-markertitle=\"Mus\u00e9e D\u00e9partment Arles Antique\" data-markerfor=\"map-1\" data-markerlat=\"43.676647\" data-markerlon=\"4.6277769\" data-markericon=\"\/wp-content\/uploads\/sites\/6\/2017\/11\/area_marker_10.png\" data-markericonhover=\"\" data-streetview=\"no\" data-fromview=\"\">\n            <article class=\"marker-itinerario\">\n\t<div class=\"entry-thumbnail\">\n      \n      \n      \t<img loading=\"lazy\" decoding=\"async\" width=\"1180\" height=\"844\" src=\"https:\/\/static.tecnichenuove.it\/areaarch\/2018\/09\/1285726_1.jpg\" class=\"attachment-post-thumbnail size-post-thumbnail wp-post-image\" alt=\"\" srcset=\"https:\/\/static.tecnichenuove.it\/areaarch\/2018\/09\/1285726_1.jpg 1180w, https:\/\/static.tecnichenuove.it\/areaarch\/2018\/09\/1285726_1-300x215.jpg 300w, https:\/\/static.tecnichenuove.it\/areaarch\/2018\/09\/1285726_1-768x549.jpg 768w, https:\/\/static.tecnichenuove.it\/areaarch\/2018\/09\/1285726_1-1024x732.jpg 1024w, https:\/\/static.tecnichenuove.it\/areaarch\/2018\/09\/1285726_1-696x498.jpg 696w, https:\/\/static.tecnichenuove.it\/areaarch\/2018\/09\/1285726_1-1068x764.jpg 1068w, https:\/\/static.tecnichenuove.it\/areaarch\/2018\/09\/1285726_1-587x420.jpg 587w\" sizes=\"auto, (max-width: 1180px) 100vw, 1180px\" \/>\n      \t<img decoding=\"async\" src=\"https:\/\/www.area-arch.it\/wp-content\/uploads\/sites\/6\/2018\/09\/bn_4.jpg\" class=\"attachment-post-thumbnail\" \/>\n      \n\t<\/div>\n  \t<div class=\"entry-column\">\n      <h3 class=\"entry-title td-module-title\">Mus\u00e9e D\u00e9partment Arles Antique<\/h3>\n      <div class=\"td-excerpt\">\n            <div id=\"wpcf-field-tipology\" class=\"wpcf-field-select wpcf-field-tipology\"><span class=\"wpcf-field-name wpcf-field-select-name wpcf-field-tipology-name\">tipology:<\/span> <span class=\"wpcf-field-value wpcf-field-select-value wpcf-field-tipology-value\">museum<\/span><\/div>\n            <div id=\"wpcf-field-architect\" class=\"wpcf-field-single-line wpcf-field-architect\"><span class=\"wpcf-field-name wpcf-field-single-line-name wpcf-field-architect-name\">architect:<\/span> <span class=\"wpcf-field-value wpcf-field-single-line-value wpcf-field-architect-value\">Henri Cipriani<\/span><\/div>\n            <div id=\"wpcf-field-realization\" class=\"wpcf-field-number wpcf-field-realization\"><span class=\"wpcf-field-name wpcf-field-number-name wpcf-field-realization-name\">realization:<\/span> <span class=\"wpcf-field-value wpcf-field-number-value wpcf-field-realization-value\">1983<\/span><\/div>\n            Arles, Francia\n          <\/div>\n  <\/div>\n<\/article>\n          <\/div>\n            <h4><a href=\"#\" onclick=\"cimap();\" class=\"link-marker js-wpv-addon-maps-focus-map js-toolset-maps-hover-map-map-1-marker-marker-62050 js-toolset-maps-open-infowindow-map-map-1-marker-marker-62050\" data-map=\"map-1\" data-marker=\"marker-62050\">54. Mus\u00e9e D\u00e9partment Arles Antique<\/a><\/h4>\n            <div id=\"wpcf-field-tipology\" class=\"wpcf-field-select wpcf-field-tipology\"><span class=\"wpcf-field-name wpcf-field-select-name wpcf-field-tipology-name\">tipology:<\/span> <span class=\"wpcf-field-value wpcf-field-select-value wpcf-field-tipology-value\">museum<\/span><\/div> | <div id=\"wpcf-field-architect\" class=\"wpcf-field-single-line wpcf-field-architect\"><span class=\"wpcf-field-name wpcf-field-single-line-name wpcf-field-architect-name\">architect:<\/span> <span class=\"wpcf-field-value wpcf-field-single-line-value wpcf-field-architect-value\">Henri Cipriani<\/span><\/div> | <div id=\"wpcf-field-realization\" class=\"wpcf-field-number wpcf-field-realization\"><span class=\"wpcf-field-name wpcf-field-number-name wpcf-field-realization-name\">realization:<\/span> <span class=\"wpcf-field-value wpcf-field-number-value wpcf-field-realization-value\">1983<\/span><\/div>\n          <\/li>\n\t\t\n          <li>\n            \n          <div style=\"display:none\" class=\"wpv-addon-maps-marker js-wpv-addon-maps-marker js-wpv-addon-maps-marker-marker-62053 js-wpv-addon-maps-markerfor-map-1\" data-marker=\"marker-62053\" data-markertitle=\"Benoit&amp;Roselyne\" data-markerfor=\"map-1\" data-markerlat=\"44.01211\" data-markerlon=\"4.419946\" data-markericon=\"\/wp-content\/uploads\/sites\/6\/2017\/11\/area_marker_13.png\" data-markericonhover=\"\" data-streetview=\"no\" data-fromview=\"\">\n            <article class=\"marker-itinerario\">\n\t<div class=\"entry-thumbnail\">\n      \n      \n      \t<img loading=\"lazy\" decoding=\"async\" width=\"1280\" height=\"1104\" src=\"https:\/\/static.tecnichenuove.it\/areaarch\/2018\/09\/Schermata-2018-09-20-alle-16.35.18.png\" class=\"attachment-post-thumbnail size-post-thumbnail wp-post-image\" alt=\"\" srcset=\"https:\/\/static.tecnichenuove.it\/areaarch\/2018\/09\/Schermata-2018-09-20-alle-16.35.18.png 1280w, https:\/\/static.tecnichenuove.it\/areaarch\/2018\/09\/Schermata-2018-09-20-alle-16.35.18-300x259.png 300w, https:\/\/static.tecnichenuove.it\/areaarch\/2018\/09\/Schermata-2018-09-20-alle-16.35.18-768x662.png 768w, https:\/\/static.tecnichenuove.it\/areaarch\/2018\/09\/Schermata-2018-09-20-alle-16.35.18-1024x883.png 1024w, https:\/\/static.tecnichenuove.it\/areaarch\/2018\/09\/Schermata-2018-09-20-alle-16.35.18-534x462.png 534w, https:\/\/static.tecnichenuove.it\/areaarch\/2018\/09\/Schermata-2018-09-20-alle-16.35.18-696x600.png 696w, https:\/\/static.tecnichenuove.it\/areaarch\/2018\/09\/Schermata-2018-09-20-alle-16.35.18-1068x921.png 1068w, https:\/\/static.tecnichenuove.it\/areaarch\/2018\/09\/Schermata-2018-09-20-alle-16.35.18-487x420.png 487w\" sizes=\"auto, (max-width: 1280px) 100vw, 1280px\" \/>\n      \t<img decoding=\"async\" src=\"https:\/\/www.area-arch.it\/wp-content\/uploads\/sites\/6\/2018\/09\/Schermata-2018-09-20-alle-16.34.40.png\" class=\"attachment-post-thumbnail\" \/>\n      \n\t<\/div>\n  \t<div class=\"entry-column\">\n      <h3 class=\"entry-title td-module-title\">Benoit&amp;Roselyne<\/h3>\n      <div class=\"td-excerpt\">\n            <div id=\"wpcf-field-tipology\" class=\"wpcf-field-select wpcf-field-tipology\"><span class=\"wpcf-field-name wpcf-field-select-name wpcf-field-tipology-name\">tipology:<\/span> <span class=\"wpcf-field-value wpcf-field-select-value wpcf-field-tipology-value\">residential<\/span><\/div>\n            <div id=\"wpcf-field-architect\" class=\"wpcf-field-single-line wpcf-field-architect\"><span class=\"wpcf-field-name wpcf-field-single-line-name wpcf-field-architect-name\">architect:<\/span> <span class=\"wpcf-field-value wpcf-field-single-line-value wpcf-field-architect-value\">DIXNEUFCENT QUATREVINGTSIX<\/span><\/div>\n            <div id=\"wpcf-field-realization\" class=\"wpcf-field-number wpcf-field-realization\"><span class=\"wpcf-field-name wpcf-field-number-name wpcf-field-realization-name\">realization:<\/span> <span class=\"wpcf-field-value wpcf-field-number-value wpcf-field-realization-value\">2016<\/span><\/div>\n            Uz\u00e8s, Francia\n          <\/div>\n  <\/div>\n<\/article>\n          <\/div>\n            <h4><a href=\"#\" onclick=\"cimap();\" class=\"link-marker js-wpv-addon-maps-focus-map js-toolset-maps-hover-map-map-1-marker-marker-62053 js-toolset-maps-open-infowindow-map-map-1-marker-marker-62053\" data-map=\"map-1\" data-marker=\"marker-62053\">55. Benoit&amp;Roselyne<\/a><\/h4>\n            <div id=\"wpcf-field-tipology\" class=\"wpcf-field-select wpcf-field-tipology\"><span class=\"wpcf-field-name wpcf-field-select-name wpcf-field-tipology-name\">tipology:<\/span> <span class=\"wpcf-field-value wpcf-field-select-value wpcf-field-tipology-value\">residential<\/span><\/div> | <div id=\"wpcf-field-architect\" class=\"wpcf-field-single-line wpcf-field-architect\"><span class=\"wpcf-field-name wpcf-field-single-line-name wpcf-field-architect-name\">architect:<\/span> <span class=\"wpcf-field-value wpcf-field-single-line-value wpcf-field-architect-value\">DIXNEUFCENT QUATREVINGTSIX<\/span><\/div> | <div id=\"wpcf-field-realization\" class=\"wpcf-field-number wpcf-field-realization\"><span class=\"wpcf-field-name wpcf-field-number-name wpcf-field-realization-name\">realization:<\/span> <span class=\"wpcf-field-value wpcf-field-number-value wpcf-field-realization-value\">2016<\/span><\/div>\n          <\/li>\n\t\t\n          <li>\n            \n          <div style=\"display:none\" class=\"wpv-addon-maps-marker js-wpv-addon-maps-marker js-wpv-addon-maps-marker-marker-62056 js-wpv-addon-maps-markerfor-map-1\" data-marker=\"marker-62056\" data-markertitle=\"Spidernetthewood\" data-markerfor=\"map-1\" data-markerlat=\"43.8641157\" data-markerlon=\"4.350839\" data-markericon=\"\/wp-content\/uploads\/sites\/6\/2017\/11\/area_marker_13.png\" data-markericonhover=\"\" data-streetview=\"no\" data-fromview=\"\">\n            <article class=\"marker-itinerario\">\n\t<div class=\"entry-thumbnail\">\n      \n      \n      \t\n      \t<img decoding=\"async\" src=\"https:\/\/www.area-arch.it\/wp-content\/uploads\/sites\/6\/2018\/09\/bn_5.jpg\" class=\"attachment-post-thumbnail\" \/>\n      \n\t<\/div>\n  \t<div class=\"entry-column\">\n      <h3 class=\"entry-title td-module-title\">Spidernetthewood<\/h3>\n      <div class=\"td-excerpt\">\n            <div id=\"wpcf-field-tipology\" class=\"wpcf-field-select wpcf-field-tipology\"><span class=\"wpcf-field-name wpcf-field-select-name wpcf-field-tipology-name\">tipology:<\/span> <span class=\"wpcf-field-value wpcf-field-select-value wpcf-field-tipology-value\">residential<\/span><\/div>\n            <div id=\"wpcf-field-architect\" class=\"wpcf-field-single-line wpcf-field-architect\"><span class=\"wpcf-field-name wpcf-field-single-line-name wpcf-field-architect-name\">architect:<\/span> <span class=\"wpcf-field-value wpcf-field-single-line-value wpcf-field-architect-value\">New-Territories\/R&amp;Sie(n)<\/span><\/div>\n            <div id=\"wpcf-field-realization\" class=\"wpcf-field-number wpcf-field-realization\"><span class=\"wpcf-field-name wpcf-field-number-name wpcf-field-realization-name\">realization:<\/span> <span class=\"wpcf-field-value wpcf-field-number-value wpcf-field-realization-value\">2007<\/span><\/div>\n            Chemin du Pied du Bon Dieu, N\u00eemes, Francia\n          <\/div>\n  <\/div>\n<\/article>\n          <\/div>\n            <h4><a href=\"#\" onclick=\"cimap();\" class=\"link-marker js-wpv-addon-maps-focus-map js-toolset-maps-hover-map-map-1-marker-marker-62056 js-toolset-maps-open-infowindow-map-map-1-marker-marker-62056\" data-map=\"map-1\" data-marker=\"marker-62056\">56. Spidernetthewood<\/a><\/h4>\n            <div id=\"wpcf-field-tipology\" class=\"wpcf-field-select wpcf-field-tipology\"><span class=\"wpcf-field-name wpcf-field-select-name wpcf-field-tipology-name\">tipology:<\/span> <span class=\"wpcf-field-value wpcf-field-select-value wpcf-field-tipology-value\">residential<\/span><\/div> | <div id=\"wpcf-field-architect\" class=\"wpcf-field-single-line wpcf-field-architect\"><span class=\"wpcf-field-name wpcf-field-single-line-name wpcf-field-architect-name\">architect:<\/span> <span class=\"wpcf-field-value wpcf-field-single-line-value wpcf-field-architect-value\">New-Territories\/R&amp;Sie(n)<\/span><\/div> | <div id=\"wpcf-field-realization\" class=\"wpcf-field-number wpcf-field-realization\"><span class=\"wpcf-field-name wpcf-field-number-name wpcf-field-realization-name\">realization:<\/span> <span class=\"wpcf-field-value wpcf-field-number-value wpcf-field-realization-value\">2007<\/span><\/div>\n          <\/li>\n\t\t\n          <li>\n            \n          <div style=\"display:none\" class=\"wpv-addon-maps-marker js-wpv-addon-maps-marker js-wpv-addon-maps-marker-marker-62059 js-wpv-addon-maps-markerfor-map-1\" data-marker=\"marker-62059\" data-markertitle=\"Maison 0.82\" data-markerfor=\"map-1\" data-markerlat=\"43.836699\" data-markerlon=\"4.360054\" data-markericon=\"\/wp-content\/uploads\/sites\/6\/2017\/11\/area_marker_13.png\" data-markericonhover=\"\" data-streetview=\"no\" data-fromview=\"\">\n            <article class=\"marker-itinerario\">\n\t<div class=\"entry-thumbnail\">\n      \n      \n      \t<img loading=\"lazy\" decoding=\"async\" width=\"1280\" height=\"847\" src=\"https:\/\/static.tecnichenuove.it\/areaarch\/2018\/09\/01.jpg\" class=\"attachment-post-thumbnail size-post-thumbnail wp-post-image\" alt=\"\" srcset=\"https:\/\/static.tecnichenuove.it\/areaarch\/2018\/09\/01.jpg 1280w, https:\/\/static.tecnichenuove.it\/areaarch\/2018\/09\/01-150x100.jpg 150w, https:\/\/static.tecnichenuove.it\/areaarch\/2018\/09\/01-300x199.jpg 300w, https:\/\/static.tecnichenuove.it\/areaarch\/2018\/09\/01-768x508.jpg 768w, https:\/\/static.tecnichenuove.it\/areaarch\/2018\/09\/01-1024x678.jpg 1024w, https:\/\/static.tecnichenuove.it\/areaarch\/2018\/09\/01-696x461.jpg 696w, https:\/\/static.tecnichenuove.it\/areaarch\/2018\/09\/01-1068x707.jpg 1068w, https:\/\/static.tecnichenuove.it\/areaarch\/2018\/09\/01-635x420.jpg 635w\" sizes=\"auto, (max-width: 1280px) 100vw, 1280px\" \/>\n      \t<img decoding=\"async\" src=\"https:\/\/www.area-arch.it\/wp-content\/uploads\/sites\/6\/2018\/09\/bn_6.jpg\" class=\"attachment-post-thumbnail\" \/>\n      \n\t<\/div>\n  \t<div class=\"entry-column\">\n      <h3 class=\"entry-title td-module-title\">Maison 0.82<\/h3>\n      <div class=\"td-excerpt\">\n            <div id=\"wpcf-field-tipology\" class=\"wpcf-field-select wpcf-field-tipology\"><span class=\"wpcf-field-name wpcf-field-select-name wpcf-field-tipology-name\">tipology:<\/span> <span class=\"wpcf-field-value wpcf-field-select-value wpcf-field-tipology-value\">residential<\/span><\/div>\n            <div id=\"wpcf-field-architect\" class=\"wpcf-field-single-line wpcf-field-architect\"><span class=\"wpcf-field-name wpcf-field-single-line-name wpcf-field-architect-name\">architect:<\/span> <span class=\"wpcf-field-value wpcf-field-single-line-value wpcf-field-architect-value\">SARL PASCUAL Architecte<\/span><\/div>\n            <div id=\"wpcf-field-realization\" class=\"wpcf-field-number wpcf-field-realization\"><span class=\"wpcf-field-name wpcf-field-number-name wpcf-field-realization-name\">realization:<\/span> <span class=\"wpcf-field-value wpcf-field-number-value wpcf-field-realization-value\">2016<\/span><\/div>\n            N\u00eemes, Francia\n          <\/div>\n  <\/div>\n<\/article>\n          <\/div>\n            <h4><a href=\"#\" onclick=\"cimap();\" class=\"link-marker js-wpv-addon-maps-focus-map js-toolset-maps-hover-map-map-1-marker-marker-62059 js-toolset-maps-open-infowindow-map-map-1-marker-marker-62059\" data-map=\"map-1\" data-marker=\"marker-62059\">57. Maison 0.82<\/a><\/h4>\n            <div id=\"wpcf-field-tipology\" class=\"wpcf-field-select wpcf-field-tipology\"><span class=\"wpcf-field-name wpcf-field-select-name wpcf-field-tipology-name\">tipology:<\/span> <span class=\"wpcf-field-value wpcf-field-select-value wpcf-field-tipology-value\">residential<\/span><\/div> | <div id=\"wpcf-field-architect\" class=\"wpcf-field-single-line wpcf-field-architect\"><span class=\"wpcf-field-name wpcf-field-single-line-name wpcf-field-architect-name\">architect:<\/span> <span class=\"wpcf-field-value wpcf-field-single-line-value wpcf-field-architect-value\">SARL PASCUAL Architecte<\/span><\/div> | <div id=\"wpcf-field-realization\" class=\"wpcf-field-number wpcf-field-realization\"><span class=\"wpcf-field-name wpcf-field-number-name wpcf-field-realization-name\">realization:<\/span> <span class=\"wpcf-field-value wpcf-field-number-value wpcf-field-realization-value\">2016<\/span><\/div>\n          <\/li>\n\t\t\n          <li>\n            \n          <div style=\"display:none\" class=\"wpv-addon-maps-marker js-wpv-addon-maps-marker js-wpv-addon-maps-marker-marker-62062 js-wpv-addon-maps-markerfor-map-1\" data-marker=\"marker-62062\" data-markertitle=\"Mus\u00e9e de la Romanit\u00e9 of Nimes\" data-markerfor=\"map-1\" data-markerlat=\"43.8347238\" data-markerlon=\"4.3598048\" data-markericon=\"\/wp-content\/uploads\/sites\/6\/2017\/11\/area_marker_10.png\" data-markericonhover=\"\" data-streetview=\"no\" data-fromview=\"\">\n            <article class=\"marker-itinerario\">\n\t<div class=\"entry-thumbnail\">\n      \n      \n      \t<img loading=\"lazy\" decoding=\"async\" width=\"1280\" height=\"854\" src=\"https:\/\/static.tecnichenuove.it\/areaarch\/2018\/09\/Romanite_Nimes_Relation1%C2%A9Nicolas_Borel.jpg\" class=\"attachment-post-thumbnail size-post-thumbnail wp-post-image\" alt=\"\" srcset=\"https:\/\/static.tecnichenuove.it\/areaarch\/2018\/09\/Romanite_Nimes_Relation1%C2%A9Nicolas_Borel.jpg 1280w, https:\/\/static.tecnichenuove.it\/areaarch\/2018\/09\/Romanite_Nimes_Relation1%C2%A9Nicolas_Borel-150x100.jpg 150w, https:\/\/static.tecnichenuove.it\/areaarch\/2018\/09\/Romanite_Nimes_Relation1%C2%A9Nicolas_Borel-300x200.jpg 300w, https:\/\/static.tecnichenuove.it\/areaarch\/2018\/09\/Romanite_Nimes_Relation1%C2%A9Nicolas_Borel-768x512.jpg 768w, https:\/\/static.tecnichenuove.it\/areaarch\/2018\/09\/Romanite_Nimes_Relation1%C2%A9Nicolas_Borel-1024x683.jpg 1024w, https:\/\/static.tecnichenuove.it\/areaarch\/2018\/09\/Romanite_Nimes_Relation1%C2%A9Nicolas_Borel-696x464.jpg 696w, https:\/\/static.tecnichenuove.it\/areaarch\/2018\/09\/Romanite_Nimes_Relation1%C2%A9Nicolas_Borel-1068x713.jpg 1068w, https:\/\/static.tecnichenuove.it\/areaarch\/2018\/09\/Romanite_Nimes_Relation1%C2%A9Nicolas_Borel-630x420.jpg 630w\" sizes=\"auto, (max-width: 1280px) 100vw, 1280px\" \/>\n      \t<img decoding=\"async\" src=\"https:\/\/www.area-arch.it\/wp-content\/uploads\/sites\/6\/2018\/09\/bn_7.jpg\" class=\"attachment-post-thumbnail\" \/>\n      \n\t<\/div>\n  \t<div class=\"entry-column\">\n      <h3 class=\"entry-title td-module-title\">Mus\u00e9e de la Romanit\u00e9 of Nimes<\/h3>\n      <div class=\"td-excerpt\">\n            <div id=\"wpcf-field-tipology\" class=\"wpcf-field-select wpcf-field-tipology\"><span class=\"wpcf-field-name wpcf-field-select-name wpcf-field-tipology-name\">tipology:<\/span> <span class=\"wpcf-field-value wpcf-field-select-value wpcf-field-tipology-value\">museum<\/span><\/div>\n            <div id=\"wpcf-field-architect\" class=\"wpcf-field-single-line wpcf-field-architect\"><span class=\"wpcf-field-name wpcf-field-single-line-name wpcf-field-architect-name\">architect:<\/span> <span class=\"wpcf-field-value wpcf-field-single-line-value wpcf-field-architect-value\">Elizabeth de Portzamparc<\/span><\/div>\n            <div id=\"wpcf-field-realization\" class=\"wpcf-field-number wpcf-field-realization\"><span class=\"wpcf-field-name wpcf-field-number-name wpcf-field-realization-name\">realization:<\/span> <span class=\"wpcf-field-value wpcf-field-number-value wpcf-field-realization-value\">2018<\/span><\/div>\n            Boulevard des Ar\u00e8nes, N\u00eemes, Francia\n          <\/div>\n  <\/div>\n<\/article>\n          <\/div>\n            <h4><a href=\"#\" onclick=\"cimap();\" class=\"link-marker js-wpv-addon-maps-focus-map js-toolset-maps-hover-map-map-1-marker-marker-62062 js-toolset-maps-open-infowindow-map-map-1-marker-marker-62062\" data-map=\"map-1\" data-marker=\"marker-62062\">58. Mus\u00e9e de la Romanit\u00e9 of Nimes<\/a><\/h4>\n            <div id=\"wpcf-field-tipology\" class=\"wpcf-field-select wpcf-field-tipology\"><span class=\"wpcf-field-name wpcf-field-select-name wpcf-field-tipology-name\">tipology:<\/span> <span class=\"wpcf-field-value wpcf-field-select-value wpcf-field-tipology-value\">museum<\/span><\/div> | <div id=\"wpcf-field-architect\" class=\"wpcf-field-single-line wpcf-field-architect\"><span class=\"wpcf-field-name wpcf-field-single-line-name wpcf-field-architect-name\">architect:<\/span> <span class=\"wpcf-field-value wpcf-field-single-line-value wpcf-field-architect-value\">Elizabeth de Portzamparc<\/span><\/div> | <div id=\"wpcf-field-realization\" class=\"wpcf-field-number wpcf-field-realization\"><span class=\"wpcf-field-name wpcf-field-number-name wpcf-field-realization-name\">realization:<\/span> <span class=\"wpcf-field-value wpcf-field-number-value wpcf-field-realization-value\">2018<\/span><\/div>\n          <\/li>\n\t\t\n          <li>\n            \n          <div style=\"display:none\" class=\"wpv-addon-maps-marker js-wpv-addon-maps-marker js-wpv-addon-maps-marker-marker-62065 js-wpv-addon-maps-markerfor-map-1\" data-marker=\"marker-62065\" data-markertitle=\"Restructuring of the Gaston Doumergue High School\" data-markerfor=\"map-1\" data-markerlat=\"43.7849006\" data-markerlon=\"4.082403\" data-markericon=\"\/wp-content\/uploads\/sites\/6\/2017\/11\/area_marker_4.png\" data-markericonhover=\"\" data-streetview=\"no\" data-fromview=\"\">\n            <article class=\"marker-itinerario\">\n\t<div class=\"entry-thumbnail\">\n      \n      \n      \t<img loading=\"lazy\" decoding=\"async\" width=\"1003\" height=\"1280\" src=\"https:\/\/static.tecnichenuove.it\/areaarch\/2018\/09\/CGD_03_Vue-gC%CC%A7nC%CC%A7rale-du-Colla%CC%88ge-%E2%88%8FAntoine-FLAMENT-Libre-de-droits.jpg\" class=\"attachment-post-thumbnail size-post-thumbnail wp-post-image\" alt=\"\" srcset=\"https:\/\/static.tecnichenuove.it\/areaarch\/2018\/09\/CGD_03_Vue-gC%CC%A7nC%CC%A7rale-du-Colla%CC%88ge-%E2%88%8FAntoine-FLAMENT-Libre-de-droits.jpg 1003w, https:\/\/static.tecnichenuove.it\/areaarch\/2018\/09\/CGD_03_Vue-gC%CC%A7nC%CC%A7rale-du-Colla%CC%88ge-%E2%88%8FAntoine-FLAMENT-Libre-de-droits-235x300.jpg 235w, https:\/\/static.tecnichenuove.it\/areaarch\/2018\/09\/CGD_03_Vue-gC%CC%A7nC%CC%A7rale-du-Colla%CC%88ge-%E2%88%8FAntoine-FLAMENT-Libre-de-droits-768x980.jpg 768w, https:\/\/static.tecnichenuove.it\/areaarch\/2018\/09\/CGD_03_Vue-gC%CC%A7nC%CC%A7rale-du-Colla%CC%88ge-%E2%88%8FAntoine-FLAMENT-Libre-de-droits-802x1024.jpg 802w, https:\/\/static.tecnichenuove.it\/areaarch\/2018\/09\/CGD_03_Vue-gC%CC%A7nC%CC%A7rale-du-Colla%CC%88ge-%E2%88%8FAntoine-FLAMENT-Libre-de-droits-696x888.jpg 696w, https:\/\/static.tecnichenuove.it\/areaarch\/2018\/09\/CGD_03_Vue-gC%CC%A7nC%CC%A7rale-du-Colla%CC%88ge-%E2%88%8FAntoine-FLAMENT-Libre-de-droits-329x420.jpg 329w\" sizes=\"auto, (max-width: 1003px) 100vw, 1003px\" \/>\n      \t<img decoding=\"async\" src=\"https:\/\/www.area-arch.it\/wp-content\/uploads\/sites\/6\/2018\/09\/Schermata-2018-09-20-alle-16.46.45.png\" class=\"attachment-post-thumbnail\" \/>\n      \n\t<\/div>\n  \t<div class=\"entry-column\">\n      <h3 class=\"entry-title td-module-title\">Restructuring of the Gaston Doumergue High School<\/h3>\n      <div class=\"td-excerpt\">\n            <div id=\"wpcf-field-tipology\" class=\"wpcf-field-select wpcf-field-tipology\"><span class=\"wpcf-field-name wpcf-field-select-name wpcf-field-tipology-name\">tipology:<\/span> <span class=\"wpcf-field-value wpcf-field-select-value wpcf-field-tipology-value\">education<\/span><\/div>\n            <div id=\"wpcf-field-architect\" class=\"wpcf-field-single-line wpcf-field-architect\"><span class=\"wpcf-field-name wpcf-field-single-line-name wpcf-field-architect-name\">architect:<\/span> <span class=\"wpcf-field-value wpcf-field-single-line-value wpcf-field-architect-value\">NAS Architecture<\/span><\/div>\n            <div id=\"wpcf-field-realization\" class=\"wpcf-field-number wpcf-field-realization\"><span class=\"wpcf-field-name wpcf-field-number-name wpcf-field-realization-name\">realization:<\/span> <span class=\"wpcf-field-value wpcf-field-number-value wpcf-field-realization-value\">2017<\/span><\/div>\n            Rue Yvan Gaussen, Sommi\u00e8res, Francia\n          <\/div>\n  <\/div>\n<\/article>\n          <\/div>\n            <h4><a href=\"#\" onclick=\"cimap();\" class=\"link-marker js-wpv-addon-maps-focus-map js-toolset-maps-hover-map-map-1-marker-marker-62065 js-toolset-maps-open-infowindow-map-map-1-marker-marker-62065\" data-map=\"map-1\" data-marker=\"marker-62065\">59. Restructuring of the Gaston Doumergue High School<\/a><\/h4>\n            <div id=\"wpcf-field-tipology\" class=\"wpcf-field-select wpcf-field-tipology\"><span class=\"wpcf-field-name wpcf-field-select-name wpcf-field-tipology-name\">tipology:<\/span> <span class=\"wpcf-field-value wpcf-field-select-value wpcf-field-tipology-value\">education<\/span><\/div> | <div id=\"wpcf-field-architect\" class=\"wpcf-field-single-line wpcf-field-architect\"><span class=\"wpcf-field-name wpcf-field-single-line-name wpcf-field-architect-name\">architect:<\/span> <span class=\"wpcf-field-value wpcf-field-single-line-value wpcf-field-architect-value\">NAS Architecture<\/span><\/div> | <div id=\"wpcf-field-realization\" class=\"wpcf-field-number wpcf-field-realization\"><span class=\"wpcf-field-name wpcf-field-number-name wpcf-field-realization-name\">realization:<\/span> <span class=\"wpcf-field-value wpcf-field-number-value wpcf-field-realization-value\">2017<\/span><\/div>\n          <\/li>\n\t\t\n          <li>\n            \n          <div style=\"display:none\" class=\"wpv-addon-maps-marker js-wpv-addon-maps-marker js-wpv-addon-maps-marker-marker-62068 js-wpv-addon-maps-markerfor-map-1\" data-marker=\"marker-62068\" data-markertitle=\"House V\" data-markerfor=\"map-1\" data-markerlat=\"43.6351129\" data-markerlon=\"3.97878\" data-markericon=\"\/wp-content\/uploads\/sites\/6\/2017\/11\/area_marker_13.png\" data-markericonhover=\"\" data-streetview=\"no\" data-fromview=\"\">\n            <article class=\"marker-itinerario\">\n\t<div class=\"entry-thumbnail\">\n      \n      \n      \t<img loading=\"lazy\" decoding=\"async\" width=\"1280\" height=\"697\" src=\"https:\/\/static.tecnichenuove.it\/areaarch\/2018\/09\/Schermata-2018-09-20-alle-16.49.38.png\" class=\"attachment-post-thumbnail size-post-thumbnail wp-post-image\" alt=\"\" srcset=\"https:\/\/static.tecnichenuove.it\/areaarch\/2018\/09\/Schermata-2018-09-20-alle-16.49.38.png 1280w, https:\/\/static.tecnichenuove.it\/areaarch\/2018\/09\/Schermata-2018-09-20-alle-16.49.38-300x163.png 300w, https:\/\/static.tecnichenuove.it\/areaarch\/2018\/09\/Schermata-2018-09-20-alle-16.49.38-768x418.png 768w, https:\/\/static.tecnichenuove.it\/areaarch\/2018\/09\/Schermata-2018-09-20-alle-16.49.38-1024x558.png 1024w, https:\/\/static.tecnichenuove.it\/areaarch\/2018\/09\/Schermata-2018-09-20-alle-16.49.38-696x379.png 696w, https:\/\/static.tecnichenuove.it\/areaarch\/2018\/09\/Schermata-2018-09-20-alle-16.49.38-1068x582.png 1068w, https:\/\/static.tecnichenuove.it\/areaarch\/2018\/09\/Schermata-2018-09-20-alle-16.49.38-771x420.png 771w\" sizes=\"auto, (max-width: 1280px) 100vw, 1280px\" \/>\n      \t<img decoding=\"async\" src=\"https:\/\/www.area-arch.it\/wp-content\/uploads\/sites\/6\/2018\/09\/Plan-maison.jpg\" class=\"attachment-post-thumbnail\" \/>\n      \n\t<\/div>\n  \t<div class=\"entry-column\">\n      <h3 class=\"entry-title td-module-title\">House V<\/h3>\n      <div class=\"td-excerpt\">\n            <div id=\"wpcf-field-tipology\" class=\"wpcf-field-select wpcf-field-tipology\"><span class=\"wpcf-field-name wpcf-field-select-name wpcf-field-tipology-name\">tipology:<\/span> <span class=\"wpcf-field-value wpcf-field-select-value wpcf-field-tipology-value\">residential<\/span><\/div>\n            <div id=\"wpcf-field-architect\" class=\"wpcf-field-single-line wpcf-field-architect\"><span class=\"wpcf-field-name wpcf-field-single-line-name wpcf-field-architect-name\">architect:<\/span> <span class=\"wpcf-field-value wpcf-field-single-line-value wpcf-field-architect-value\">St\u00e9phane Nikolas<\/span><\/div>\n            <div id=\"wpcf-field-realization\" class=\"wpcf-field-number wpcf-field-realization\"><span class=\"wpcf-field-name wpcf-field-number-name wpcf-field-realization-name\">realization:<\/span> <span class=\"wpcf-field-value wpcf-field-number-value wpcf-field-realization-value\">2016<\/span><\/div>\n            Rue de la Crouzette, Saint-Aun\u00e8s, Francia\n          <\/div>\n  <\/div>\n<\/article>\n          <\/div>\n            <h4><a href=\"#\" onclick=\"cimap();\" class=\"link-marker js-wpv-addon-maps-focus-map js-toolset-maps-hover-map-map-1-marker-marker-62068 js-toolset-maps-open-infowindow-map-map-1-marker-marker-62068\" data-map=\"map-1\" data-marker=\"marker-62068\">60. House V<\/a><\/h4>\n            <div id=\"wpcf-field-tipology\" class=\"wpcf-field-select wpcf-field-tipology\"><span class=\"wpcf-field-name wpcf-field-select-name wpcf-field-tipology-name\">tipology:<\/span> <span class=\"wpcf-field-value wpcf-field-select-value wpcf-field-tipology-value\">residential<\/span><\/div> | <div id=\"wpcf-field-architect\" class=\"wpcf-field-single-line wpcf-field-architect\"><span class=\"wpcf-field-name wpcf-field-single-line-name wpcf-field-architect-name\">architect:<\/span> <span class=\"wpcf-field-value wpcf-field-single-line-value wpcf-field-architect-value\">St\u00e9phane Nikolas<\/span><\/div> | <div id=\"wpcf-field-realization\" class=\"wpcf-field-number wpcf-field-realization\"><span class=\"wpcf-field-name wpcf-field-number-name wpcf-field-realization-name\">realization:<\/span> <span class=\"wpcf-field-value wpcf-field-number-value wpcf-field-realization-value\">2016<\/span><\/div>\n          <\/li>\n\t\t\n          <li>\n            \n          <div style=\"display:none\" class=\"wpv-addon-maps-marker js-wpv-addon-maps-marker js-wpv-addon-maps-marker-marker-62072 js-wpv-addon-maps-markerfor-map-1\" data-marker=\"marker-62072\" data-markertitle=\"Version Rubis\" data-markerfor=\"map-1\" data-markerlat=\"43.610769\" data-markerlon=\"3.876716\" data-markericon=\"\/wp-content\/uploads\/sites\/6\/2017\/11\/area_marker_13.png\" data-markericonhover=\"\" data-streetview=\"no\" data-fromview=\"\">\n            <article class=\"marker-itinerario\">\n\t<div class=\"entry-thumbnail\">\n      \n      \t<img loading=\"lazy\" decoding=\"async\" width=\"300\" height=\"263\" src=\"https:\/\/static.tecnichenuove.it\/areaarch\/2018\/09\/Schermata-2018-09-20-alle-17.17.18-300x263.png\" class=\"attachment-medium size-medium wp-post-image\" alt=\"\" srcset=\"https:\/\/static.tecnichenuove.it\/areaarch\/2018\/09\/Schermata-2018-09-20-alle-17.17.18-300x263.png 300w, https:\/\/static.tecnichenuove.it\/areaarch\/2018\/09\/Schermata-2018-09-20-alle-17.17.18-768x673.png 768w, https:\/\/static.tecnichenuove.it\/areaarch\/2018\/09\/Schermata-2018-09-20-alle-17.17.18-1024x898.png 1024w, https:\/\/static.tecnichenuove.it\/areaarch\/2018\/09\/Schermata-2018-09-20-alle-17.17.18-696x610.png 696w, https:\/\/static.tecnichenuove.it\/areaarch\/2018\/09\/Schermata-2018-09-20-alle-17.17.18-1068x936.png 1068w, https:\/\/static.tecnichenuove.it\/areaarch\/2018\/09\/Schermata-2018-09-20-alle-17.17.18-479x420.png 479w, https:\/\/static.tecnichenuove.it\/areaarch\/2018\/09\/Schermata-2018-09-20-alle-17.17.18.png 1280w\" sizes=\"auto, (max-width: 300px) 100vw, 300px\" \/>\n      \n      \n\t<\/div>\n  \t<div class=\"entry-column\">\n      <h3 class=\"entry-title td-module-title\">Version Rubis<\/h3>\n      <div class=\"td-excerpt\">\n            <div id=\"wpcf-field-tipology\" class=\"wpcf-field-select wpcf-field-tipology\"><span class=\"wpcf-field-name wpcf-field-select-name wpcf-field-tipology-name\">tipology:<\/span> <span class=\"wpcf-field-value wpcf-field-select-value wpcf-field-tipology-value\">residential<\/span><\/div>\n            <div id=\"wpcf-field-architect\" class=\"wpcf-field-single-line wpcf-field-architect\"><span class=\"wpcf-field-name wpcf-field-single-line-name wpcf-field-architect-name\">architect:<\/span> <span class=\"wpcf-field-value wpcf-field-single-line-value wpcf-field-architect-value\">Jean-Paul Viguier et Associ\u00e9s Architecture et Urbanisme<\/span><\/div>\n            <div id=\"wpcf-field-realization\" class=\"wpcf-field-number wpcf-field-realization\"><span class=\"wpcf-field-name wpcf-field-number-name wpcf-field-realization-name\">realization:<\/span> <span class=\"wpcf-field-value wpcf-field-number-value wpcf-field-realization-value\">2013<\/span><\/div>\n            Montpellier, Francia\n          <\/div>\n  <\/div>\n<\/article>\n          <\/div>\n            <h4><a href=\"#\" onclick=\"cimap();\" class=\"link-marker js-wpv-addon-maps-focus-map js-toolset-maps-hover-map-map-1-marker-marker-62072 js-toolset-maps-open-infowindow-map-map-1-marker-marker-62072\" data-map=\"map-1\" data-marker=\"marker-62072\">61. Version Rubis<\/a><\/h4>\n            <div id=\"wpcf-field-tipology\" class=\"wpcf-field-select wpcf-field-tipology\"><span class=\"wpcf-field-name wpcf-field-select-name wpcf-field-tipology-name\">tipology:<\/span> <span class=\"wpcf-field-value wpcf-field-select-value wpcf-field-tipology-value\">residential<\/span><\/div> | <div id=\"wpcf-field-architect\" class=\"wpcf-field-single-line wpcf-field-architect\"><span class=\"wpcf-field-name wpcf-field-single-line-name wpcf-field-architect-name\">architect:<\/span> <span class=\"wpcf-field-value wpcf-field-single-line-value wpcf-field-architect-value\">Jean-Paul Viguier et Associ\u00e9s Architecture et Urbanisme<\/span><\/div> | <div id=\"wpcf-field-realization\" class=\"wpcf-field-number wpcf-field-realization\"><span class=\"wpcf-field-name wpcf-field-number-name wpcf-field-realization-name\">realization:<\/span> <span class=\"wpcf-field-value wpcf-field-number-value wpcf-field-realization-value\">2013<\/span><\/div>\n          <\/li>\n\t\t\n          <li>\n            \n          <div style=\"display:none\" class=\"wpv-addon-maps-marker js-wpv-addon-maps-marker js-wpv-addon-maps-marker-marker-62075 js-wpv-addon-maps-markerfor-map-1\" data-marker=\"marker-62075\" data-markertitle=\"Rehabilitation of Louis Figure &#8211; Victor Hugo School Group for the city of Montpellier\" data-markerfor=\"map-1\" data-markerlat=\"43.6038833\" data-markerlon=\"3.8819968\" data-markericon=\"\/wp-content\/uploads\/sites\/6\/2017\/11\/area_marker_4.png\" data-markericonhover=\"\" data-streetview=\"no\" data-fromview=\"\">\n            <article class=\"marker-itinerario\">\n\t<div class=\"entry-thumbnail\">\n      \n      \n      \t<img loading=\"lazy\" decoding=\"async\" width=\"857\" height=\"1280\" src=\"https:\/\/static.tecnichenuove.it\/areaarch\/2018\/09\/GSLF_15_Vue-dune-fac%CC%A7ade-inte%CC%81rieure-de-nuit-%C2%A9NAS-architecture-Libre-de-droits.jpg\" class=\"attachment-post-thumbnail size-post-thumbnail wp-post-image\" alt=\"\" srcset=\"https:\/\/static.tecnichenuove.it\/areaarch\/2018\/09\/GSLF_15_Vue-dune-fac%CC%A7ade-inte%CC%81rieure-de-nuit-%C2%A9NAS-architecture-Libre-de-droits.jpg 857w, https:\/\/static.tecnichenuove.it\/areaarch\/2018\/09\/GSLF_15_Vue-dune-fac%CC%A7ade-inte%CC%81rieure-de-nuit-%C2%A9NAS-architecture-Libre-de-droits-201x300.jpg 201w, https:\/\/static.tecnichenuove.it\/areaarch\/2018\/09\/GSLF_15_Vue-dune-fac%CC%A7ade-inte%CC%81rieure-de-nuit-%C2%A9NAS-architecture-Libre-de-droits-768x1147.jpg 768w, https:\/\/static.tecnichenuove.it\/areaarch\/2018\/09\/GSLF_15_Vue-dune-fac%CC%A7ade-inte%CC%81rieure-de-nuit-%C2%A9NAS-architecture-Libre-de-droits-686x1024.jpg 686w, https:\/\/static.tecnichenuove.it\/areaarch\/2018\/09\/GSLF_15_Vue-dune-fac%CC%A7ade-inte%CC%81rieure-de-nuit-%C2%A9NAS-architecture-Libre-de-droits-696x1040.jpg 696w, https:\/\/static.tecnichenuove.it\/areaarch\/2018\/09\/GSLF_15_Vue-dune-fac%CC%A7ade-inte%CC%81rieure-de-nuit-%C2%A9NAS-architecture-Libre-de-droits-281x420.jpg 281w\" sizes=\"auto, (max-width: 857px) 100vw, 857px\" \/>\n      \t<img decoding=\"async\" src=\"https:\/\/www.area-arch.it\/wp-content\/uploads\/sites\/6\/2018\/09\/Schermata-2018-09-20-alle-17.08.52.png\" class=\"attachment-post-thumbnail\" \/>\n      \n\t<\/div>\n  \t<div class=\"entry-column\">\n      <h3 class=\"entry-title td-module-title\">Rehabilitation of Louis Figure &#8211; Victor Hugo School Group for the city of Montpellier<\/h3>\n      <div class=\"td-excerpt\">\n            <div id=\"wpcf-field-tipology\" class=\"wpcf-field-select wpcf-field-tipology\"><span class=\"wpcf-field-name wpcf-field-select-name wpcf-field-tipology-name\">tipology:<\/span> <span class=\"wpcf-field-value wpcf-field-select-value wpcf-field-tipology-value\">education<\/span><\/div>\n            <div id=\"wpcf-field-architect\" class=\"wpcf-field-single-line wpcf-field-architect\"><span class=\"wpcf-field-name wpcf-field-single-line-name wpcf-field-architect-name\">architect:<\/span> <span class=\"wpcf-field-value wpcf-field-single-line-value wpcf-field-architect-value\">NAS Architecture<\/span><\/div>\n            <div id=\"wpcf-field-realization\" class=\"wpcf-field-number wpcf-field-realization\"><span class=\"wpcf-field-name wpcf-field-number-name wpcf-field-realization-name\">realization:<\/span> <span class=\"wpcf-field-value wpcf-field-number-value wpcf-field-realization-value\">2017<\/span><\/div>\n            Rue Farges, Montpellier, Francia\n          <\/div>\n  <\/div>\n<\/article>\n          <\/div>\n            <h4><a href=\"#\" onclick=\"cimap();\" class=\"link-marker js-wpv-addon-maps-focus-map js-toolset-maps-hover-map-map-1-marker-marker-62075 js-toolset-maps-open-infowindow-map-map-1-marker-marker-62075\" data-map=\"map-1\" data-marker=\"marker-62075\">62. Rehabilitation of Louis Figure &#8211; Victor Hugo School Group for the city of Montpellier<\/a><\/h4>\n            <div id=\"wpcf-field-tipology\" class=\"wpcf-field-select wpcf-field-tipology\"><span class=\"wpcf-field-name wpcf-field-select-name wpcf-field-tipology-name\">tipology:<\/span> <span class=\"wpcf-field-value wpcf-field-select-value wpcf-field-tipology-value\">education<\/span><\/div> | <div id=\"wpcf-field-architect\" class=\"wpcf-field-single-line wpcf-field-architect\"><span class=\"wpcf-field-name wpcf-field-single-line-name wpcf-field-architect-name\">architect:<\/span> <span class=\"wpcf-field-value wpcf-field-single-line-value wpcf-field-architect-value\">NAS Architecture<\/span><\/div> | <div id=\"wpcf-field-realization\" class=\"wpcf-field-number wpcf-field-realization\"><span class=\"wpcf-field-name wpcf-field-number-name wpcf-field-realization-name\">realization:<\/span> <span class=\"wpcf-field-value wpcf-field-number-value wpcf-field-realization-value\">2017<\/span><\/div>\n          <\/li>\n\t\t\n          <li>\n            \n          <div style=\"display:none\" class=\"wpv-addon-maps-marker js-wpv-addon-maps-marker js-wpv-addon-maps-marker-marker-62078 js-wpv-addon-maps-markerfor-map-1\" data-marker=\"marker-62078\" data-markertitle=\"Jean-Claude Carri\u00e8re Theatre\" data-markerfor=\"map-1\" data-markerlat=\"43.6356112\" data-markerlon=\"3.8348784\" data-markericon=\"\/wp-content\/uploads\/sites\/6\/2017\/11\/area_marker_15.png\" data-markericonhover=\"\" data-streetview=\"no\" data-fromview=\"\">\n            <article class=\"marker-itinerario\">\n\t<div class=\"entry-thumbnail\">\n      \n      \n      \t<img loading=\"lazy\" decoding=\"async\" width=\"1280\" height=\"834\" src=\"https:\/\/static.tecnichenuove.it\/areaarch\/2018\/09\/Schermata-2018-09-20-alle-16.59.36.png\" class=\"attachment-post-thumbnail size-post-thumbnail wp-post-image\" alt=\"\" srcset=\"https:\/\/static.tecnichenuove.it\/areaarch\/2018\/09\/Schermata-2018-09-20-alle-16.59.36.png 1280w, https:\/\/static.tecnichenuove.it\/areaarch\/2018\/09\/Schermata-2018-09-20-alle-16.59.36-300x195.png 300w, https:\/\/static.tecnichenuove.it\/areaarch\/2018\/09\/Schermata-2018-09-20-alle-16.59.36-768x500.png 768w, https:\/\/static.tecnichenuove.it\/areaarch\/2018\/09\/Schermata-2018-09-20-alle-16.59.36-1024x667.png 1024w, https:\/\/static.tecnichenuove.it\/areaarch\/2018\/09\/Schermata-2018-09-20-alle-16.59.36-696x453.png 696w, https:\/\/static.tecnichenuove.it\/areaarch\/2018\/09\/Schermata-2018-09-20-alle-16.59.36-1068x696.png 1068w, https:\/\/static.tecnichenuove.it\/areaarch\/2018\/09\/Schermata-2018-09-20-alle-16.59.36-645x420.png 645w\" sizes=\"auto, (max-width: 1280px) 100vw, 1280px\" \/>\n      \t<img decoding=\"async\" src=\"https:\/\/www.area-arch.it\/wp-content\/uploads\/sites\/6\/2018\/09\/Schermata-2018-09-20-alle-17.11.46.png\" class=\"attachment-post-thumbnail\" \/>\n      \n\t<\/div>\n  \t<div class=\"entry-column\">\n      <h3 class=\"entry-title td-module-title\">Jean-Claude Carri\u00e8re Theatre<\/h3>\n      <div class=\"td-excerpt\">\n            <div id=\"wpcf-field-tipology\" class=\"wpcf-field-select wpcf-field-tipology\"><span class=\"wpcf-field-name wpcf-field-select-name wpcf-field-tipology-name\">tipology:<\/span> <span class=\"wpcf-field-value wpcf-field-select-value wpcf-field-tipology-value\">theatre<\/span><\/div>\n            <div id=\"wpcf-field-architect\" class=\"wpcf-field-single-line wpcf-field-architect\"><span class=\"wpcf-field-name wpcf-field-single-line-name wpcf-field-architect-name\">architect:<\/span> <span class=\"wpcf-field-value wpcf-field-single-line-value wpcf-field-architect-value\">a+architecture<\/span><\/div>\n            <div id=\"wpcf-field-realization\" class=\"wpcf-field-number wpcf-field-realization\"><span class=\"wpcf-field-name wpcf-field-number-name wpcf-field-realization-name\">realization:<\/span> <span class=\"wpcf-field-value wpcf-field-number-value wpcf-field-realization-value\">2013<\/span><\/div>\n            Rue de la Carrierasse, Montpellier, Francia\n          <\/div>\n  <\/div>\n<\/article>\n          <\/div>\n            <h4><a href=\"#\" onclick=\"cimap();\" class=\"link-marker js-wpv-addon-maps-focus-map js-toolset-maps-hover-map-map-1-marker-marker-62078 js-toolset-maps-open-infowindow-map-map-1-marker-marker-62078\" data-map=\"map-1\" data-marker=\"marker-62078\">63. Jean-Claude Carri\u00e8re Theatre<\/a><\/h4>\n            <div id=\"wpcf-field-tipology\" class=\"wpcf-field-select wpcf-field-tipology\"><span class=\"wpcf-field-name wpcf-field-select-name wpcf-field-tipology-name\">tipology:<\/span> <span class=\"wpcf-field-value wpcf-field-select-value wpcf-field-tipology-value\">theatre<\/span><\/div> | <div id=\"wpcf-field-architect\" class=\"wpcf-field-single-line wpcf-field-architect\"><span class=\"wpcf-field-name wpcf-field-single-line-name wpcf-field-architect-name\">architect:<\/span> <span class=\"wpcf-field-value wpcf-field-single-line-value wpcf-field-architect-value\">a+architecture<\/span><\/div> | <div id=\"wpcf-field-realization\" class=\"wpcf-field-number wpcf-field-realization\"><span class=\"wpcf-field-name wpcf-field-number-name wpcf-field-realization-name\">realization:<\/span> <span class=\"wpcf-field-value wpcf-field-number-value wpcf-field-realization-value\">2013<\/span><\/div>\n          <\/li>\n\t\t\n          <li>\n            \n          <div style=\"display:none\" class=\"wpv-addon-maps-marker js-wpv-addon-maps-marker js-wpv-addon-maps-marker-marker-62084 js-wpv-addon-maps-markerfor-map-1\" data-marker=\"marker-62084\" data-markertitle=\"Pierresvives\" data-markerfor=\"map-1\" data-markerlat=\"43.624884\" data-markerlon=\"3.8276855\" data-markericon=\"\/wp-content\/uploads\/sites\/6\/2017\/11\/area_marker_9.png\" data-markericonhover=\"\" data-streetview=\"no\" data-fromview=\"\">\n            <article class=\"marker-itinerario\">\n\t<div class=\"entry-thumbnail\">\n      \n      \n      \t<img loading=\"lazy\" decoding=\"async\" width=\"1280\" height=\"1013\" src=\"https:\/\/static.tecnichenuove.it\/areaarch\/2018\/09\/1055_HB_Set01_012.jpg\" class=\"attachment-post-thumbnail size-post-thumbnail wp-post-image\" alt=\"\" srcset=\"https:\/\/static.tecnichenuove.it\/areaarch\/2018\/09\/1055_HB_Set01_012.jpg 1280w, https:\/\/static.tecnichenuove.it\/areaarch\/2018\/09\/1055_HB_Set01_012-300x237.jpg 300w, https:\/\/static.tecnichenuove.it\/areaarch\/2018\/09\/1055_HB_Set01_012-768x608.jpg 768w, https:\/\/static.tecnichenuove.it\/areaarch\/2018\/09\/1055_HB_Set01_012-1024x810.jpg 1024w, https:\/\/static.tecnichenuove.it\/areaarch\/2018\/09\/1055_HB_Set01_012-696x551.jpg 696w, https:\/\/static.tecnichenuove.it\/areaarch\/2018\/09\/1055_HB_Set01_012-1068x845.jpg 1068w, https:\/\/static.tecnichenuove.it\/areaarch\/2018\/09\/1055_HB_Set01_012-531x420.jpg 531w\" sizes=\"auto, (max-width: 1280px) 100vw, 1280px\" \/>\n      \t<img decoding=\"async\" src=\"https:\/\/www.area-arch.it\/wp-content\/uploads\/sites\/6\/2018\/09\/Schermata-2018-09-20-alle-17.20.20.png\" class=\"attachment-post-thumbnail\" \/>\n      \n\t<\/div>\n  \t<div class=\"entry-column\">\n      <h3 class=\"entry-title td-module-title\">Pierresvives<\/h3>\n      <div class=\"td-excerpt\">\n            <div id=\"wpcf-field-tipology\" class=\"wpcf-field-select wpcf-field-tipology\"><span class=\"wpcf-field-name wpcf-field-select-name wpcf-field-tipology-name\">tipology:<\/span> <span class=\"wpcf-field-value wpcf-field-select-value wpcf-field-tipology-value\">mixed use<\/span><\/div>\n            <div id=\"wpcf-field-architect\" class=\"wpcf-field-single-line wpcf-field-architect\"><span class=\"wpcf-field-name wpcf-field-single-line-name wpcf-field-architect-name\">architect:<\/span> <span class=\"wpcf-field-value wpcf-field-single-line-value wpcf-field-architect-value\">ZHA, Zaha Hadid Architects<\/span><\/div>\n            <div id=\"wpcf-field-realization\" class=\"wpcf-field-number wpcf-field-realization\"><span class=\"wpcf-field-name wpcf-field-number-name wpcf-field-realization-name\">realization:<\/span> <span class=\"wpcf-field-value wpcf-field-number-value wpcf-field-realization-value\">2012<\/span><\/div>\n            Rue du Professeur Blayac, Montpellier, Francia\n          <\/div>\n  <\/div>\n<\/article>\n          <\/div>\n            <h4><a href=\"#\" onclick=\"cimap();\" class=\"link-marker js-wpv-addon-maps-focus-map js-toolset-maps-hover-map-map-1-marker-marker-62084 js-toolset-maps-open-infowindow-map-map-1-marker-marker-62084\" data-map=\"map-1\" data-marker=\"marker-62084\">64. Pierresvives<\/a><\/h4>\n            <div id=\"wpcf-field-tipology\" class=\"wpcf-field-select wpcf-field-tipology\"><span class=\"wpcf-field-name wpcf-field-select-name wpcf-field-tipology-name\">tipology:<\/span> <span class=\"wpcf-field-value wpcf-field-select-value wpcf-field-tipology-value\">mixed use<\/span><\/div> | <div id=\"wpcf-field-architect\" class=\"wpcf-field-single-line wpcf-field-architect\"><span class=\"wpcf-field-name wpcf-field-single-line-name wpcf-field-architect-name\">architect:<\/span> <span class=\"wpcf-field-value wpcf-field-single-line-value wpcf-field-architect-value\">ZHA, Zaha Hadid Architects<\/span><\/div> | <div id=\"wpcf-field-realization\" class=\"wpcf-field-number wpcf-field-realization\"><span class=\"wpcf-field-name wpcf-field-number-name wpcf-field-realization-name\">realization:<\/span> <span class=\"wpcf-field-value wpcf-field-number-value wpcf-field-realization-value\">2012<\/span><\/div>\n          <\/li>\n\t\t\n\t\n<\/ul>\n\t\n\t\n<\/div>\n<\/div>\n","protected":false},"excerpt":{"rendered":"search: tipology: all art gallery art studios commercial education health infrastructure hotel library mixed use museum office public residential sport theatre student accomodation church parc winery restaurant area 160 | plain architecture Download the map (PDF) Cabanon tipology: residential architect: Le Corbusier realization: 1951 Roccabruna sul Capo Martino, Francia 01. Cabanon tipology: residential | architect:","protected":false},"author":1164,"featured_media":61844,"parent":29927,"menu_order":0,"comment_status":"closed","ping_status":"closed","template":"itinerary.php","meta":{"footnotes":""},"class_list":["post-62090","page","type-page","status-publish","has-post-thumbnail","hentry"],"yoast_head":"<!-- This site is optimized with the Yoast SEO plugin v27.5 - https:\/\/yoast.com\/product\/yoast-seo-wordpress\/ -->\n<title>Contemporary itinerary: Cote d&#039;Azur | Area<\/title>\n<meta name=\"description\" content=\"Area 160\" \/>\n<meta name=\"robots\" content=\"index, follow, max-snippet:-1, max-image-preview:large, max-video-preview:-1\" \/>\n<link rel=\"canonical\" href=\"https:\/\/www.area-arch.it\/en\/contemporary-itinerary\/contemporary-itinerary-cote-dazur\/\" \/>\n<meta property=\"og:locale\" content=\"en_US\" \/>\n<meta property=\"og:type\" content=\"article\" \/>\n<meta property=\"og:title\" content=\"Contemporary itinerary: Cote d&#039;Azur | Area\" \/>\n<meta property=\"og:description\" content=\"Area 160\" \/>\n<meta property=\"og:url\" content=\"https:\/\/www.area-arch.it\/en\/contemporary-itinerary\/contemporary-itinerary-cote-dazur\/\" \/>\n<meta property=\"og:site_name\" content=\"Area\" \/>\n<meta property=\"article:publisher\" content=\"https:\/\/www.facebook.com\/Area.Arch\" \/>\n<meta property=\"article:modified_time\" content=\"2018-09-28T16:57:30+00:00\" \/>\n<meta property=\"og:image\" content=\"https:\/\/static.tecnichenuove.it\/areaarch\/2018\/09\/Schermata-2018-09-19-alle-15.53.38.png\" \/>\n\t<meta property=\"og:image:width\" content=\"1280\" \/>\n\t<meta property=\"og:image:height\" content=\"558\" \/>\n\t<meta property=\"og:image:type\" content=\"image\/png\" \/>\n<script type=\"application\/ld+json\" class=\"yoast-schema-graph\">{\"@context\":\"https:\\\/\\\/schema.org\",\"@graph\":[{\"@type\":\"WebPage\",\"@id\":\"https:\\\/\\\/www.area-arch.it\\\/en\\\/contemporary-itinerary\\\/contemporary-itinerary-cote-dazur\\\/\",\"url\":\"https:\\\/\\\/www.area-arch.it\\\/en\\\/contemporary-itinerary\\\/contemporary-itinerary-cote-dazur\\\/\",\"name\":\"Contemporary itinerary: Cote d'Azur | Area\",\"isPartOf\":{\"@id\":\"https:\\\/\\\/www.area-arch.it\\\/en\\\/#website\"},\"primaryImageOfPage\":{\"@id\":\"https:\\\/\\\/www.area-arch.it\\\/en\\\/contemporary-itinerary\\\/contemporary-itinerary-cote-dazur\\\/#primaryimage\"},\"image\":{\"@id\":\"https:\\\/\\\/www.area-arch.it\\\/en\\\/contemporary-itinerary\\\/contemporary-itinerary-cote-dazur\\\/#primaryimage\"},\"thumbnailUrl\":\"https:\\\/\\\/static.tecnichenuove.it\\\/areaarch\\\/2018\\\/09\\\/Schermata-2018-09-19-alle-15.53.38.png\",\"datePublished\":\"2018-09-20T15:23:53+00:00\",\"dateModified\":\"2018-09-28T16:57:30+00:00\",\"description\":\"Area 160\",\"breadcrumb\":{\"@id\":\"https:\\\/\\\/www.area-arch.it\\\/en\\\/contemporary-itinerary\\\/contemporary-itinerary-cote-dazur\\\/#breadcrumb\"},\"inLanguage\":\"en-US\",\"potentialAction\":[{\"@type\":\"ReadAction\",\"target\":[\"https:\\\/\\\/www.area-arch.it\\\/en\\\/contemporary-itinerary\\\/contemporary-itinerary-cote-dazur\\\/\"]}]},{\"@type\":\"ImageObject\",\"inLanguage\":\"en-US\",\"@id\":\"https:\\\/\\\/www.area-arch.it\\\/en\\\/contemporary-itinerary\\\/contemporary-itinerary-cote-dazur\\\/#primaryimage\",\"url\":\"https:\\\/\\\/static.tecnichenuove.it\\\/areaarch\\\/2018\\\/09\\\/Schermata-2018-09-19-alle-15.53.38.png\",\"contentUrl\":\"https:\\\/\\\/static.tecnichenuove.it\\\/areaarch\\\/2018\\\/09\\\/Schermata-2018-09-19-alle-15.53.38.png\",\"width\":1280,\"height\":558},{\"@type\":\"BreadcrumbList\",\"@id\":\"https:\\\/\\\/www.area-arch.it\\\/en\\\/contemporary-itinerary\\\/contemporary-itinerary-cote-dazur\\\/#breadcrumb\",\"itemListElement\":[{\"@type\":\"ListItem\",\"position\":1,\"name\":\"Home\",\"item\":\"https:\\\/\\\/www.area-arch.it\\\/en\\\/homepage-24\\\/\"},{\"@type\":\"ListItem\",\"position\":2,\"name\":\"Itinerary\",\"item\":\"https:\\\/\\\/www.area-arch.it\\\/en\\\/contemporary-itinerary\\\/\"},{\"@type\":\"ListItem\",\"position\":3,\"name\":\"Contemporary itinerary: Provence Cote d&#8217;Azur\"}]},{\"@type\":\"WebSite\",\"@id\":\"https:\\\/\\\/www.area-arch.it\\\/en\\\/#website\",\"url\":\"https:\\\/\\\/www.area-arch.it\\\/en\\\/\",\"name\":\"Area\",\"description\":\"rivista di architettura e arti del progetto\",\"potentialAction\":[{\"@type\":\"SearchAction\",\"target\":{\"@type\":\"EntryPoint\",\"urlTemplate\":\"https:\\\/\\\/www.area-arch.it\\\/en\\\/?s={search_term_string}\"},\"query-input\":{\"@type\":\"PropertyValueSpecification\",\"valueRequired\":true,\"valueName\":\"search_term_string\"}}],\"inLanguage\":\"en-US\"}]}<\/script>\n<!-- \/ Yoast SEO plugin. -->","yoast_head_json":{"title":"Contemporary itinerary: Cote d'Azur | Area","description":"Area 160","robots":{"index":"index","follow":"follow","max-snippet":"max-snippet:-1","max-image-preview":"max-image-preview:large","max-video-preview":"max-video-preview:-1"},"canonical":"https:\/\/www.area-arch.it\/en\/contemporary-itinerary\/contemporary-itinerary-cote-dazur\/","og_locale":"en_US","og_type":"article","og_title":"Contemporary itinerary: Cote d'Azur | Area","og_description":"Area 160","og_url":"https:\/\/www.area-arch.it\/en\/contemporary-itinerary\/contemporary-itinerary-cote-dazur\/","og_site_name":"Area","article_publisher":"https:\/\/www.facebook.com\/Area.Arch","article_modified_time":"2018-09-28T16:57:30+00:00","og_image":[{"width":1280,"height":558,"url":"https:\/\/static.tecnichenuove.it\/areaarch\/2018\/09\/Schermata-2018-09-19-alle-15.53.38.png","type":"image\/png"}],"schema":{"@context":"https:\/\/schema.org","@graph":[{"@type":"WebPage","@id":"https:\/\/www.area-arch.it\/en\/contemporary-itinerary\/contemporary-itinerary-cote-dazur\/","url":"https:\/\/www.area-arch.it\/en\/contemporary-itinerary\/contemporary-itinerary-cote-dazur\/","name":"Contemporary itinerary: Cote d'Azur | Area","isPartOf":{"@id":"https:\/\/www.area-arch.it\/en\/#website"},"primaryImageOfPage":{"@id":"https:\/\/www.area-arch.it\/en\/contemporary-itinerary\/contemporary-itinerary-cote-dazur\/#primaryimage"},"image":{"@id":"https:\/\/www.area-arch.it\/en\/contemporary-itinerary\/contemporary-itinerary-cote-dazur\/#primaryimage"},"thumbnailUrl":"https:\/\/static.tecnichenuove.it\/areaarch\/2018\/09\/Schermata-2018-09-19-alle-15.53.38.png","datePublished":"2018-09-20T15:23:53+00:00","dateModified":"2018-09-28T16:57:30+00:00","description":"Area 160","breadcrumb":{"@id":"https:\/\/www.area-arch.it\/en\/contemporary-itinerary\/contemporary-itinerary-cote-dazur\/#breadcrumb"},"inLanguage":"en-US","potentialAction":[{"@type":"ReadAction","target":["https:\/\/www.area-arch.it\/en\/contemporary-itinerary\/contemporary-itinerary-cote-dazur\/"]}]},{"@type":"ImageObject","inLanguage":"en-US","@id":"https:\/\/www.area-arch.it\/en\/contemporary-itinerary\/contemporary-itinerary-cote-dazur\/#primaryimage","url":"https:\/\/static.tecnichenuove.it\/areaarch\/2018\/09\/Schermata-2018-09-19-alle-15.53.38.png","contentUrl":"https:\/\/static.tecnichenuove.it\/areaarch\/2018\/09\/Schermata-2018-09-19-alle-15.53.38.png","width":1280,"height":558},{"@type":"BreadcrumbList","@id":"https:\/\/www.area-arch.it\/en\/contemporary-itinerary\/contemporary-itinerary-cote-dazur\/#breadcrumb","itemListElement":[{"@type":"ListItem","position":1,"name":"Home","item":"https:\/\/www.area-arch.it\/en\/homepage-24\/"},{"@type":"ListItem","position":2,"name":"Itinerary","item":"https:\/\/www.area-arch.it\/en\/contemporary-itinerary\/"},{"@type":"ListItem","position":3,"name":"Contemporary itinerary: Provence Cote d&#8217;Azur"}]},{"@type":"WebSite","@id":"https:\/\/www.area-arch.it\/en\/#website","url":"https:\/\/www.area-arch.it\/en\/","name":"Area","description":"rivista di architettura e arti del progetto","potentialAction":[{"@type":"SearchAction","target":{"@type":"EntryPoint","urlTemplate":"https:\/\/www.area-arch.it\/en\/?s={search_term_string}"},"query-input":{"@type":"PropertyValueSpecification","valueRequired":true,"valueName":"search_term_string"}}],"inLanguage":"en-US"}]}},"_links":{"self":[{"href":"https:\/\/www.area-arch.it\/en\/wp-json\/wp\/v2\/pages\/62090","targetHints":{"allow":["GET"]}}],"collection":[{"href":"https:\/\/www.area-arch.it\/en\/wp-json\/wp\/v2\/pages"}],"about":[{"href":"https:\/\/www.area-arch.it\/en\/wp-json\/wp\/v2\/types\/page"}],"author":[{"embeddable":true,"href":"https:\/\/www.area-arch.it\/en\/wp-json\/wp\/v2\/users\/1164"}],"replies":[{"embeddable":true,"href":"https:\/\/www.area-arch.it\/en\/wp-json\/wp\/v2\/comments?post=62090"}],"version-history":[{"count":2,"href":"https:\/\/www.area-arch.it\/en\/wp-json\/wp\/v2\/pages\/62090\/revisions"}],"predecessor-version":[{"id":62390,"href":"https:\/\/www.area-arch.it\/en\/wp-json\/wp\/v2\/pages\/62090\/revisions\/62390"}],"up":[{"embeddable":true,"href":"https:\/\/www.area-arch.it\/en\/wp-json\/wp\/v2\/pages\/29927"}],"wp:featuredmedia":[{"embeddable":true,"href":"https:\/\/www.area-arch.it\/en\/wp-json\/wp\/v2\/media\/61844"}],"wp:attachment":[{"href":"https:\/\/www.area-arch.it\/en\/wp-json\/wp\/v2\/media?parent=62090"}],"curies":[{"name":"wp","href":"https:\/\/api.w.org\/{rel}","templated":true}]}}