{"id":151957,"date":"2025-01-13T12:14:25","date_gmt":"2025-01-13T11:14:25","guid":{"rendered":"https:\/\/www.area-arch.it\/?page_id=151957"},"modified":"2025-01-14T12:31:20","modified_gmt":"2025-01-14T11:31:20","slug":"contemporary-itinerary-budapest","status":"publish","type":"page","link":"https:\/\/www.area-arch.it\/en\/contemporary-itinerary\/contemporary-itinerary-budapest\/","title":{"rendered":"Contemporary itinerary: Budapest"},"content":{"rendered":"<div class=\"wpv-view-output\" data-toolset-views-view-editor=\"89070ec9cc90ec60cad8b89039fe6238\">\n<div class=\"wp-block-toolset-views-view-editor wpv-gutenberg-view-wrapper-28977\"><div class=\"area-mappa\">\n  <a name=\"mappa\" id=\"mappa\"><\/a>\n  <div id=\"js-wpv-addon-maps-render-map-1\" style=\"width:100%; height:500px;\" class=\"wpv-addon-maps-render js-wpv-addon-maps-render js-wpv-addon-maps-render-map-1 \" data-map=\"map-1\" data-generalzoom=\"5\" data-generalcenterlat=\"0\" data-generalcenterlon=\"0\" data-fitbounds=\"on\" data-singlezoom=\"14\" data-singlecenter=\"on\" data-osmlayer=\"standard\" data-maptype=\"roadmap\" data-showlayerinterests=\"false\" data-markericon=\"\" data-markericonhover=\"\" data-draggable=\"on\" data-scrollwheel=\"on\" data-doubleclickzoom=\"on\" data-maptypecontrol=\"on\" data-fullscreencontrol=\"on\" data-zoomcontrol=\"on\" data-streetviewcontrol=\"on\" data-backgroundcolor=\"\" data-cluster=\"on\" data-clustergridsize=\"60\" data-clustermaxzoom=\"\" data-clusterclickzoom=\"on\" data-clusterminsize=\"2\" data-stylejson=\"\/\/www.area-arch.it\/wp-content\/plugins\/toolset-maps\/resources\/json\/Standard.json\" data-spiderfy=\"off\" data-streetview=\"off\" data-markerid=\"\" data-location=\"\" data-lat=\"0\" data-long=\"0\" data-heading=\"\" data-pitch=\"\"><\/div>\n  \n\t<div class=\"sponsor\">\n    \n\t\t<a href=\"https:\/\/www.area-arch.it\/\" target=\"_blank\" rel=\"noopener noreferrer\">\n    \n          <img decoding=\"async\" src=\"https:\/\/static.tecnichenuove.it\/areaarch\/2017\/10\/logo_area_369.png\" alt=\"sponsor\" class=\"attachment-full\" \/>\n    \n\t\t<\/a>\n    \n\t<\/div>\n  \n<\/div>\n<form autocomplete=\"off\" name=\"wpv-filter-28977-CATTRe4da239d2ca6197c0bfae46a53b6b5bb\" action=\"\/en\/wp-json\/wp\/v2\/pages\/151957?wpv_view_count=28977-CATTRe4da239d2ca6197c0bfae46a53b6b5bb\" method=\"get\" class=\"wpv-filter-form js-wpv-filter-form js-wpv-filter-form-28977-CATTRe4da239d2ca6197c0bfae46a53b6b5bb js-wpv-form-full\" data-viewnumber=\"28977-CATTRe4da239d2ca6197c0bfae46a53b6b5bb\" data-viewid=\"28977\" data-viewhash=\"eyJuYW1lIjoiaXRpbmVyYXJpIiwid3B2Y2l0dGFpdGluZXJhcmlvIjoiYnVkYXBlc3QifQ==\" data-viewwidgetid=\"0\" data-orderby=\"\" data-order=\"\" data-orderbyas=\"\" data-orderbysecond=\"\" data-ordersecond=\"\" data-parametric=\"{&quot;query&quot;:&quot;normal&quot;,&quot;id&quot;:28977,&quot;view_id&quot;:28977,&quot;widget_id&quot;:0,&quot;view_hash&quot;:&quot;28977-CATTRe4da239d2ca6197c0bfae46a53b6b5bb&quot;,&quot;action&quot;:&quot;\\\/en\\\/wp-json\\\/wp\\\/v2\\\/pages\\\/151957?wpv_view_count=28977-CATTRe4da239d2ca6197c0bfae46a53b6b5bb&quot;,&quot;sort&quot;:{&quot;orderby&quot;:&quot;&quot;,&quot;order&quot;:&quot;&quot;,&quot;orderby_as&quot;:&quot;&quot;,&quot;orderby_second&quot;:&quot;&quot;,&quot;order_second&quot;:&quot;&quot;},&quot;orderby&quot;:&quot;&quot;,&quot;order&quot;:&quot;&quot;,&quot;orderby_as&quot;:&quot;&quot;,&quot;orderby_second&quot;:&quot;&quot;,&quot;order_second&quot;:&quot;&quot;,&quot;ajax_form&quot;:&quot;&quot;,&quot;ajax_results&quot;:&quot;&quot;,&quot;effect&quot;:&quot;fade&quot;,&quot;prebefore&quot;:&quot;&quot;,&quot;before&quot;:&quot;&quot;,&quot;after&quot;:&quot;&quot;,&quot;attributes&quot;:{&quot;wpvcittaitinerario&quot;:&quot;budapest&quot;},&quot;environment&quot;:{&quot;current_post_id&quot;:151957,&quot;parent_post_id&quot;:151957,&quot;parent_term_id&quot;:0,&quot;parent_user_id&quot;:0,&quot;archive&quot;:{&quot;type&quot;:&quot;&quot;,&quot;name&quot;:&quot;&quot;,&quot;data&quot;:[]}},&quot;loop&quot;:{&quot;type&quot;:&quot;&quot;,&quot;name&quot;:&quot;&quot;,&quot;data&quot;:[],&quot;id&quot;:0}}\" data-attributes=\"{&quot;wpvcittaitinerario&quot;:&quot;budapest&quot;}\" data-environment=\"{&quot;current_post_id&quot;:151957,&quot;parent_post_id&quot;:151957,&quot;parent_term_id&quot;:0,&quot;parent_user_id&quot;:0,&quot;archive&quot;:{&quot;type&quot;:&quot;&quot;,&quot;name&quot;:&quot;&quot;,&quot;data&quot;:[]}}\"><input type=\"hidden\" class=\"js-wpv-dps-filter-data js-wpv-filter-data-for-this-form\" data-action=\"\/en\/wp-json\/wp\/v2\/pages\/151957?wpv_view_count=28977-CATTRe4da239d2ca6197c0bfae46a53b6b5bb\" data-page=\"1\" data-ajax=\"disable\" data-effect=\"fade\" data-maxpages=\"0\" data-ajaxprebefore=\"\" data-ajaxbefore=\"\" data-ajaxafter=\"\" \/><input class=\"wpv_view_count wpv_view_count-28977-CATTRe4da239d2ca6197c0bfae46a53b6b5bb\" type=\"hidden\" name=\"wpv_view_count\" value=\"28977-CATTRe4da239d2ca6197c0bfae46a53b6b5bb\" \/>\n\n<div class=\"filtro-itinerario\">\n  \tsearch:\n\t<input type=\"text\" name=\"wpv_post_search\"  class=\"js-wpv-filter-trigger-delayed\" \/>\n\ttipology:\n  \t\r\n<select  id=\"wpv_control_select_tipology\" name=\"tipology[]\" style=\"\" class=\"js-wpv-filter-trigger  wpcf-form-select form-select select\">\r\n<option value=\"\" selected=\"selected\" class=\"js-wpv-filter-trigger wpcf-form-option form-option option\">all<\/option>\r\n<option value=\"1\" class=\"js-wpv-filter-trigger wpcf-form-option form-option option\">art gallery<\/option>\r\n<option value=\"2\" class=\"js-wpv-filter-trigger wpcf-form-option form-option option\">art studios<\/option>\r\n<option value=\"3\" class=\"js-wpv-filter-trigger wpcf-form-option form-option option\">commercial<\/option>\r\n<option value=\"4\" class=\"js-wpv-filter-trigger wpcf-form-option form-option option\">education<\/option>\r\n<option value=\"5\" class=\"js-wpv-filter-trigger wpcf-form-option form-option option\">health<\/option>\r\n<option value=\"6\" class=\"js-wpv-filter-trigger wpcf-form-option form-option option\">infrastructure<\/option>\r\n<option value=\"7\" class=\"js-wpv-filter-trigger wpcf-form-option form-option option\">hotel<\/option>\r\n<option value=\"8\" class=\"js-wpv-filter-trigger wpcf-form-option form-option option\">library<\/option>\r\n<option value=\"9\" class=\"js-wpv-filter-trigger wpcf-form-option form-option option\">mixed use<\/option>\r\n<option value=\"10\" class=\"js-wpv-filter-trigger wpcf-form-option form-option option\">museum<\/option>\r\n<option value=\"11\" class=\"js-wpv-filter-trigger wpcf-form-option form-option option\">office<\/option>\r\n<option value=\"12\" class=\"js-wpv-filter-trigger wpcf-form-option form-option option\">public<\/option>\r\n<option value=\"13\" class=\"js-wpv-filter-trigger wpcf-form-option form-option option\">residential<\/option>\r\n<option value=\"14\" class=\"js-wpv-filter-trigger wpcf-form-option form-option option\">sport<\/option>\r\n<option value=\"15\" class=\"js-wpv-filter-trigger wpcf-form-option form-option option\">theatre<\/option>\r\n<option value=\"16\" class=\"js-wpv-filter-trigger wpcf-form-option form-option option\">student accomodation<\/option>\r\n<option value=\"17\" class=\"js-wpv-filter-trigger wpcf-form-option form-option option\">church<\/option>\r\n<option value=\"18\" class=\"js-wpv-filter-trigger wpcf-form-option form-option option\">parc<\/option>\r\n<option value=\"19\" class=\"js-wpv-filter-trigger wpcf-form-option form-option option\">winery<\/option>\r\n<option value=\"20\" class=\"js-wpv-filter-trigger wpcf-form-option form-option option\">restaurant<\/option>\r\n<\/select>\r\n\n    <input type=\"submit\" class=\"wpv-submit-trigger js-wpv-submit-trigger\" name=\"wpv_filter_submit\" value=\"Search\" \/>\n    <input type=\"button\" class=\"wpv-reset-trigger js-wpv-reset-trigger\" name=\"wpv_filter_reset\" value=\"Reset\" \/>\n<\/div>\n\n<\/form>\n<div id=\"wpv-view-layout-28977-CATTRe4da239d2ca6197c0bfae46a53b6b5bb\" class=\"js-wpv-view-layout js-wpv-layout-responsive js-wpv-view-layout-28977-CATTRe4da239d2ca6197c0bfae46a53b6b5bb\" data-viewnumber=\"28977-CATTRe4da239d2ca6197c0bfae46a53b6b5bb\" data-pagination=\"{&quot;id&quot;:28977,&quot;query&quot;:&quot;normal&quot;,&quot;type&quot;:&quot;disabled&quot;,&quot;effect&quot;:&quot;fade&quot;,&quot;duration&quot;:&quot;500&quot;,&quot;speed&quot;:5,&quot;pause_on_hover&quot;:&quot;disabled&quot;,&quot;stop_rollover&quot;:&quot;false&quot;,&quot;cache_pages&quot;:&quot;enabled&quot;,&quot;preload_images&quot;:&quot;enabled&quot;,&quot;preload_pages&quot;:&quot;enabled&quot;,&quot;preload_reach&quot;:&quot;1&quot;,&quot;spinner&quot;:&quot;builtin&quot;,&quot;spinner_image&quot;:&quot;https:\/\/test.area-arch.it\/wp-content\/plugins\/wp-views\/res\/img\/ajax-loader.gif&quot;,&quot;callback_next&quot;:&quot;&quot;,&quot;manage_history&quot;:&quot;enabled&quot;,&quot;has_controls_in_form&quot;:&quot;disabled&quot;,&quot;infinite_tolerance&quot;:&quot;0&quot;,&quot;max_pages&quot;:0,&quot;page&quot;:1,&quot;base_permalink&quot;:&quot;\/en\/wp-json\/wp\/v2\/pages\/151957?wpv_view_count=28977-CATTRe4da239d2ca6197c0bfae46a53b6b5bb&amp;wpv_paged=WPV_PAGE_NUM&quot;,&quot;loop&quot;:{&quot;type&quot;:&quot;&quot;,&quot;name&quot;:&quot;&quot;,&quot;data&quot;:[],&quot;id&quot;:0}}\" data-permalink=\"\/en\/wp-json\/wp\/v2\/pages\/151957?wpv_view_count=28977-CATTRe4da239d2ca6197c0bfae46a53b6b5bb\">\n\n<div class=\"entry-summary numero-area\">\n\n\t<span>area 197<\/span>\n\t\n  \t\t<span>|<\/span>\n  \t\n\n\n\t<span>Building within buildings<\/span>\n\n    <a href=\"https:\/\/share-eu1.hsforms.com\/1-8N7GglVTICUosdieEK9KA2b3nva\" class=\"download\" target=\"_blank\">Download the map (PDF)<\/a>\n<\/div>\n\n<div class=\"mappa-itinerario\">\n\t\n<ul>\n\t\n\t\t\n          <li>\n            \n          <div style=\"display:none\" class=\"wpv-addon-maps-marker js-wpv-addon-maps-marker js-wpv-addon-maps-marker-marker-151952 js-wpv-addon-maps-markerfor-map-1\" data-marker=\"marker-151952\" data-markertitle=\"Orsz\u00e1gh\u00e1z &#8211; Hungarian Parliament Building\" data-markerfor=\"map-1\" data-markerlat=\"47.5071693\" data-markerlon=\"19.0478441\" data-markericon=\"\/wp-content\/uploads\/sites\/6\/2017\/11\/area_marker_10.png\" data-markericonhover=\"\" data-streetview=\"no\" data-fromview=\"\">\n            <article class=\"marker-itinerario\">\n\t<div class=\"entry-thumbnail\">\n      \n      \n      \t<img loading=\"lazy\" decoding=\"async\" width=\"1224\" height=\"815\" src=\"https:\/\/static.tecnichenuove.it\/areaarch\/2025\/01\/20201104024904-6c5f6aca-xl.jpg\" class=\"attachment-post-thumbnail size-post-thumbnail wp-post-image\" alt=\"\" srcset=\"https:\/\/static.tecnichenuove.it\/areaarch\/2025\/01\/20201104024904-6c5f6aca-xl.jpg 1224w, https:\/\/static.tecnichenuove.it\/areaarch\/2025\/01\/20201104024904-6c5f6aca-xl-300x200.jpg 300w, https:\/\/static.tecnichenuove.it\/areaarch\/2025\/01\/20201104024904-6c5f6aca-xl-1024x682.jpg 1024w, https:\/\/static.tecnichenuove.it\/areaarch\/2025\/01\/20201104024904-6c5f6aca-xl-150x100.jpg 150w, https:\/\/static.tecnichenuove.it\/areaarch\/2025\/01\/20201104024904-6c5f6aca-xl-768x511.jpg 768w, https:\/\/static.tecnichenuove.it\/areaarch\/2025\/01\/20201104024904-6c5f6aca-xl-696x463.jpg 696w, https:\/\/static.tecnichenuove.it\/areaarch\/2025\/01\/20201104024904-6c5f6aca-xl-1068x711.jpg 1068w, https:\/\/static.tecnichenuove.it\/areaarch\/2025\/01\/20201104024904-6c5f6aca-xl-631x420.jpg 631w\" sizes=\"auto, (max-width: 1224px) 100vw, 1224px\" \/>\n      \t<img decoding=\"async\" src=\"https:\/\/static.tecnichenuove.it\/areaarch\/2025\/01\/parlamento-disegno.jpg\" class=\"attachment-post-thumbnail\" \/>\n      \n\t<\/div>\n  \t<div class=\"entry-column\">\n      <h3 class=\"entry-title td-module-title\">Orsz\u00e1gh\u00e1z &#8211; Hungarian Parliament Building<\/h3>\n      <div class=\"td-excerpt\">\n            <div id=\"wpcf-field-tipology\" class=\"wpcf-field-select wpcf-field-tipology\"><span class=\"wpcf-field-name wpcf-field-select-name wpcf-field-tipology-name\">tipology:<\/span> <span class=\"wpcf-field-value wpcf-field-select-value wpcf-field-tipology-value\">museum<\/span><\/div>\n            <div id=\"wpcf-field-architect\" class=\"wpcf-field-single-line wpcf-field-architect\"><span class=\"wpcf-field-name wpcf-field-single-line-name wpcf-field-architect-name\">architect:<\/span> <span class=\"wpcf-field-value wpcf-field-single-line-value wpcf-field-architect-value\">Imre Steindl<\/span><\/div>\n            <div id=\"wpcf-field-realization\" class=\"wpcf-field-number wpcf-field-realization\"><span class=\"wpcf-field-name wpcf-field-number-name wpcf-field-realization-name\">realization:<\/span> <span class=\"wpcf-field-value wpcf-field-number-value wpcf-field-realization-value\">1904<\/span><\/div>\n            Budapest, Kossuth Lajos t\u00e9r, Ungheria\n          <\/div>\n  <\/div>\n<\/article>\n          <\/div>\n            <h4><a href=\"#\" onclick=\"cimap();\" class=\"link-marker js-wpv-addon-maps-focus-map js-toolset-maps-hover-map-map-1-marker-marker-151952 js-toolset-maps-open-infowindow-map-map-1-marker-marker-151952\" data-map=\"map-1\" data-marker=\"marker-151952\">01. Orsz\u00e1gh\u00e1z &#8211; Hungarian Parliament Building<\/a><\/h4>\n            <div id=\"wpcf-field-tipology\" class=\"wpcf-field-select wpcf-field-tipology\"><span class=\"wpcf-field-name wpcf-field-select-name wpcf-field-tipology-name\">tipology:<\/span> <span class=\"wpcf-field-value wpcf-field-select-value wpcf-field-tipology-value\">museum<\/span><\/div> | <div id=\"wpcf-field-architect\" class=\"wpcf-field-single-line wpcf-field-architect\"><span class=\"wpcf-field-name wpcf-field-single-line-name wpcf-field-architect-name\">architect:<\/span> <span class=\"wpcf-field-value wpcf-field-single-line-value wpcf-field-architect-value\">Imre Steindl<\/span><\/div> | <div id=\"wpcf-field-realization\" class=\"wpcf-field-number wpcf-field-realization\"><span class=\"wpcf-field-name wpcf-field-number-name wpcf-field-realization-name\">realization:<\/span> <span class=\"wpcf-field-value wpcf-field-number-value wpcf-field-realization-value\">1904<\/span><\/div>\n          <\/li>\n\t\t\n          <li>\n            \n          <div style=\"display:none\" class=\"wpv-addon-maps-marker js-wpv-addon-maps-marker js-wpv-addon-maps-marker-marker-151961 js-wpv-addon-maps-markerfor-map-1\" data-marker=\"marker-151961\" data-markertitle=\"Cipak a Duna-parton\" data-markerfor=\"map-1\" data-markerlat=\"47.5073781\" data-markerlon=\"19.0449578\" data-markericon=\"\/wp-content\/uploads\/sites\/6\/2017\/11\/area_marker_12.png\" data-markericonhover=\"\" data-streetview=\"no\" data-fromview=\"\">\n            <article class=\"marker-itinerario\">\n\t<div class=\"entry-thumbnail\">\n      \n      \t<img loading=\"lazy\" decoding=\"async\" width=\"300\" height=\"200\" src=\"https:\/\/static.tecnichenuove.it\/areaarch\/2025\/01\/Cipo%CC%8Bk-a-Duna-parton_Gyula-Pauer-Can-Togay-300x200.jpeg\" class=\"attachment-medium size-medium wp-post-image\" alt=\"\" srcset=\"https:\/\/static.tecnichenuove.it\/areaarch\/2025\/01\/Cipo%CC%8Bk-a-Duna-parton_Gyula-Pauer-Can-Togay-300x200.jpeg 300w, https:\/\/static.tecnichenuove.it\/areaarch\/2025\/01\/Cipo%CC%8Bk-a-Duna-parton_Gyula-Pauer-Can-Togay-150x100.jpeg 150w, https:\/\/static.tecnichenuove.it\/areaarch\/2025\/01\/Cipo%CC%8Bk-a-Duna-parton_Gyula-Pauer-Can-Togay-630x420.jpeg 630w, https:\/\/static.tecnichenuove.it\/areaarch\/2025\/01\/Cipo%CC%8Bk-a-Duna-parton_Gyula-Pauer-Can-Togay.jpeg 640w\" sizes=\"auto, (max-width: 300px) 100vw, 300px\" \/>\n      \n      \n\t<\/div>\n  \t<div class=\"entry-column\">\n      <h3 class=\"entry-title td-module-title\">Cipak a Duna-parton<\/h3>\n      <div class=\"td-excerpt\">\n            <div id=\"wpcf-field-tipology\" class=\"wpcf-field-select wpcf-field-tipology\"><span class=\"wpcf-field-name wpcf-field-select-name wpcf-field-tipology-name\">tipology:<\/span> <span class=\"wpcf-field-value wpcf-field-select-value wpcf-field-tipology-value\">public<\/span><\/div>\n            <div id=\"wpcf-field-architect\" class=\"wpcf-field-single-line wpcf-field-architect\"><span class=\"wpcf-field-name wpcf-field-single-line-name wpcf-field-architect-name\">architect:<\/span> <span class=\"wpcf-field-value wpcf-field-single-line-value wpcf-field-architect-value\">Gyula Pauer, Can Togay<\/span><\/div>\n            <div id=\"wpcf-field-realization\" class=\"wpcf-field-number wpcf-field-realization\"><span class=\"wpcf-field-name wpcf-field-number-name wpcf-field-realization-name\">realization:<\/span> <span class=\"wpcf-field-value wpcf-field-number-value wpcf-field-realization-value\">2005<\/span><\/div>\n            Budapest, Id. Antall J\u00f3zsef rkp., Ungheria\n          <\/div>\n  <\/div>\n<\/article>\n          <\/div>\n            <h4><a href=\"#\" onclick=\"cimap();\" class=\"link-marker js-wpv-addon-maps-focus-map js-toolset-maps-hover-map-map-1-marker-marker-151961 js-toolset-maps-open-infowindow-map-map-1-marker-marker-151961\" data-map=\"map-1\" data-marker=\"marker-151961\">02. Cipak a Duna-parton<\/a><\/h4>\n            <div id=\"wpcf-field-tipology\" class=\"wpcf-field-select wpcf-field-tipology\"><span class=\"wpcf-field-name wpcf-field-select-name wpcf-field-tipology-name\">tipology:<\/span> <span class=\"wpcf-field-value wpcf-field-select-value wpcf-field-tipology-value\">public<\/span><\/div> | <div id=\"wpcf-field-architect\" class=\"wpcf-field-single-line wpcf-field-architect\"><span class=\"wpcf-field-name wpcf-field-single-line-name wpcf-field-architect-name\">architect:<\/span> <span class=\"wpcf-field-value wpcf-field-single-line-value wpcf-field-architect-value\">Gyula Pauer, Can Togay<\/span><\/div> | <div id=\"wpcf-field-realization\" class=\"wpcf-field-number wpcf-field-realization\"><span class=\"wpcf-field-name wpcf-field-number-name wpcf-field-realization-name\">realization:<\/span> <span class=\"wpcf-field-value wpcf-field-number-value wpcf-field-realization-value\">2005<\/span><\/div>\n          <\/li>\n\t\t\n          <li>\n            \n          <div style=\"display:none\" class=\"wpv-addon-maps-marker js-wpv-addon-maps-marker js-wpv-addon-maps-marker-marker-151963 js-wpv-addon-maps-markerfor-map-1\" data-marker=\"marker-151963\" data-markertitle=\"Hal\u00e1szb\u00e1stya\" data-markerfor=\"map-1\" data-markerlat=\"47.5022738\" data-markerlon=\"19.034952\" data-markericon=\"\/wp-content\/uploads\/sites\/6\/2017\/11\/area_marker_12.png\" data-markericonhover=\"\" data-streetview=\"no\" data-fromview=\"\">\n            <article class=\"marker-itinerario\">\n\t<div class=\"entry-thumbnail\">\n      \n      \n      \t<img loading=\"lazy\" decoding=\"async\" width=\"800\" height=\"532\" src=\"https:\/\/static.tecnichenuove.it\/areaarch\/2025\/01\/bastione-pescatori.jpg\" class=\"attachment-post-thumbnail size-post-thumbnail wp-post-image\" alt=\"\" srcset=\"https:\/\/static.tecnichenuove.it\/areaarch\/2025\/01\/bastione-pescatori.jpg 800w, https:\/\/static.tecnichenuove.it\/areaarch\/2025\/01\/bastione-pescatori-300x200.jpg 300w, https:\/\/static.tecnichenuove.it\/areaarch\/2025\/01\/bastione-pescatori-150x100.jpg 150w, https:\/\/static.tecnichenuove.it\/areaarch\/2025\/01\/bastione-pescatori-768x511.jpg 768w, https:\/\/static.tecnichenuove.it\/areaarch\/2025\/01\/bastione-pescatori-696x463.jpg 696w, https:\/\/static.tecnichenuove.it\/areaarch\/2025\/01\/bastione-pescatori-632x420.jpg 632w\" sizes=\"auto, (max-width: 800px) 100vw, 800px\" \/>\n      \t<img decoding=\"async\" src=\"https:\/\/static.tecnichenuove.it\/areaarch\/2025\/01\/fishermen_collague_R_01_A-800x513-1.jpg\" class=\"attachment-post-thumbnail\" \/>\n      \n\t<\/div>\n  \t<div class=\"entry-column\">\n      <h3 class=\"entry-title td-module-title\">Hal\u00e1szb\u00e1stya<\/h3>\n      <div class=\"td-excerpt\">\n            <div id=\"wpcf-field-tipology\" class=\"wpcf-field-select wpcf-field-tipology\"><span class=\"wpcf-field-name wpcf-field-select-name wpcf-field-tipology-name\">tipology:<\/span> <span class=\"wpcf-field-value wpcf-field-select-value wpcf-field-tipology-value\">public<\/span><\/div>\n            <div id=\"wpcf-field-architect\" class=\"wpcf-field-single-line wpcf-field-architect\"><span class=\"wpcf-field-name wpcf-field-single-line-name wpcf-field-architect-name\">architect:<\/span> <span class=\"wpcf-field-value wpcf-field-single-line-value wpcf-field-architect-value\">Frygyes Schulek<\/span><\/div>\n            <div id=\"wpcf-field-realization\" class=\"wpcf-field-number wpcf-field-realization\"><span class=\"wpcf-field-name wpcf-field-number-name wpcf-field-realization-name\">realization:<\/span> <span class=\"wpcf-field-value wpcf-field-number-value wpcf-field-realization-value\">1902<\/span><\/div>\n            Budapest, Hunyadi J\u00e1nos l\u00e9pcs\u0151, Ungheria\n          <\/div>\n  <\/div>\n<\/article>\n          <\/div>\n            <h4><a href=\"#\" onclick=\"cimap();\" class=\"link-marker js-wpv-addon-maps-focus-map js-toolset-maps-hover-map-map-1-marker-marker-151963 js-toolset-maps-open-infowindow-map-map-1-marker-marker-151963\" data-map=\"map-1\" data-marker=\"marker-151963\">03. Hal\u00e1szb\u00e1stya<\/a><\/h4>\n            <div id=\"wpcf-field-tipology\" class=\"wpcf-field-select wpcf-field-tipology\"><span class=\"wpcf-field-name wpcf-field-select-name wpcf-field-tipology-name\">tipology:<\/span> <span class=\"wpcf-field-value wpcf-field-select-value wpcf-field-tipology-value\">public<\/span><\/div> | <div id=\"wpcf-field-architect\" class=\"wpcf-field-single-line wpcf-field-architect\"><span class=\"wpcf-field-name wpcf-field-single-line-name wpcf-field-architect-name\">architect:<\/span> <span class=\"wpcf-field-value wpcf-field-single-line-value wpcf-field-architect-value\">Frygyes Schulek<\/span><\/div> | <div id=\"wpcf-field-realization\" class=\"wpcf-field-number wpcf-field-realization\"><span class=\"wpcf-field-name wpcf-field-number-name wpcf-field-realization-name\">realization:<\/span> <span class=\"wpcf-field-value wpcf-field-number-value wpcf-field-realization-value\">1902<\/span><\/div>\n          <\/li>\n\t\t\n          <li>\n            \n          <div style=\"display:none\" class=\"wpv-addon-maps-marker js-wpv-addon-maps-marker js-wpv-addon-maps-marker-marker-151966 js-wpv-addon-maps-markerfor-map-1\" data-marker=\"marker-151966\" data-markertitle=\"Saint Gelleret Hall &#8211; Elementary and middle school\" data-markerfor=\"map-1\" data-markerlat=\"47.4975728\" data-markerlon=\"19.0269394\" data-markericon=\"\/wp-content\/uploads\/sites\/6\/2017\/11\/area_marker_4.png\" data-markericonhover=\"\" data-streetview=\"no\" data-fromview=\"\">\n            <article class=\"marker-itinerario\">\n\t<div class=\"entry-thumbnail\">\n      \n      \n      \t<img loading=\"lazy\" decoding=\"async\" width=\"528\" height=\"792\" src=\"https:\/\/static.tecnichenuove.it\/areaarch\/2025\/01\/27.jpg\" class=\"attachment-post-thumbnail size-post-thumbnail wp-post-image\" alt=\"\" srcset=\"https:\/\/static.tecnichenuove.it\/areaarch\/2025\/01\/27.jpg 528w, https:\/\/static.tecnichenuove.it\/areaarch\/2025\/01\/27-200x300.jpg 200w, https:\/\/static.tecnichenuove.it\/areaarch\/2025\/01\/27-280x420.jpg 280w\" sizes=\"auto, (max-width: 528px) 100vw, 528px\" \/>\n      \t<img decoding=\"async\" src=\"https:\/\/static.tecnichenuove.it\/areaarch\/2025\/01\/drawing___section_b.jpg\" class=\"attachment-post-thumbnail\" \/>\n      \n\t<\/div>\n  \t<div class=\"entry-column\">\n      <h3 class=\"entry-title td-module-title\">Saint Gelleret Hall &#8211; Elementary and middle school<\/h3>\n      <div class=\"td-excerpt\">\n            <div id=\"wpcf-field-tipology\" class=\"wpcf-field-select wpcf-field-tipology\"><span class=\"wpcf-field-name wpcf-field-select-name wpcf-field-tipology-name\">tipology:<\/span> <span class=\"wpcf-field-value wpcf-field-select-value wpcf-field-tipology-value\">education<\/span><\/div>\n            <div id=\"wpcf-field-architect\" class=\"wpcf-field-single-line wpcf-field-architect\"><span class=\"wpcf-field-name wpcf-field-single-line-name wpcf-field-architect-name\">architect:<\/span> <span class=\"wpcf-field-value wpcf-field-single-line-value wpcf-field-architect-value\">\u00c9pit\u00e9sz St\u00fadi\u00f3<\/span><\/div>\n            <div id=\"wpcf-field-realization\" class=\"wpcf-field-number wpcf-field-realization\"><span class=\"wpcf-field-name wpcf-field-number-name wpcf-field-realization-name\">realization:<\/span> <span class=\"wpcf-field-value wpcf-field-number-value wpcf-field-realization-value\">2020<\/span><\/div>\n            Budapest, Kosciuszk\u00f3 T\u00e1d\u00e9 utca, Ungheria\n          <\/div>\n  <\/div>\n<\/article>\n          <\/div>\n            <h4><a href=\"#\" onclick=\"cimap();\" class=\"link-marker js-wpv-addon-maps-focus-map js-toolset-maps-hover-map-map-1-marker-marker-151966 js-toolset-maps-open-infowindow-map-map-1-marker-marker-151966\" data-map=\"map-1\" data-marker=\"marker-151966\">04. Saint Gelleret Hall &#8211; Elementary and middle school<\/a><\/h4>\n            <div id=\"wpcf-field-tipology\" class=\"wpcf-field-select wpcf-field-tipology\"><span class=\"wpcf-field-name wpcf-field-select-name wpcf-field-tipology-name\">tipology:<\/span> <span class=\"wpcf-field-value wpcf-field-select-value wpcf-field-tipology-value\">education<\/span><\/div> | <div id=\"wpcf-field-architect\" class=\"wpcf-field-single-line wpcf-field-architect\"><span class=\"wpcf-field-name wpcf-field-single-line-name wpcf-field-architect-name\">architect:<\/span> <span class=\"wpcf-field-value wpcf-field-single-line-value wpcf-field-architect-value\">\u00c9pit\u00e9sz St\u00fadi\u00f3<\/span><\/div> | <div id=\"wpcf-field-realization\" class=\"wpcf-field-number wpcf-field-realization\"><span class=\"wpcf-field-name wpcf-field-number-name wpcf-field-realization-name\">realization:<\/span> <span class=\"wpcf-field-value wpcf-field-number-value wpcf-field-realization-value\">2020<\/span><\/div>\n          <\/li>\n\t\t\n          <li>\n            \n          <div style=\"display:none\" class=\"wpv-addon-maps-marker js-wpv-addon-maps-marker js-wpv-addon-maps-marker-marker-151969 js-wpv-addon-maps-markerfor-map-1\" data-marker=\"marker-151969\" data-markertitle=\"National Dance Theater\" data-markerfor=\"map-1\" data-markerlat=\"47.5113052\" data-markerlon=\"19.0269519\" data-markericon=\"\/wp-content\/uploads\/sites\/6\/2017\/11\/area_marker_9.png\" data-markericonhover=\"\" data-streetview=\"no\" data-fromview=\"\">\n            <article class=\"marker-itinerario\">\n\t<div class=\"entry-thumbnail\">\n      \n      \n      \t<img loading=\"lazy\" decoding=\"async\" width=\"2048\" height=\"1365\" src=\"https:\/\/static.tecnichenuove.it\/areaarch\/2025\/01\/Nation-Dance-Theater.jpeg\" class=\"attachment-post-thumbnail size-post-thumbnail wp-post-image\" alt=\"\" srcset=\"https:\/\/static.tecnichenuove.it\/areaarch\/2025\/01\/Nation-Dance-Theater.jpeg 2048w, https:\/\/static.tecnichenuove.it\/areaarch\/2025\/01\/Nation-Dance-Theater-300x200.jpeg 300w, https:\/\/static.tecnichenuove.it\/areaarch\/2025\/01\/Nation-Dance-Theater-1024x683.jpeg 1024w, https:\/\/static.tecnichenuove.it\/areaarch\/2025\/01\/Nation-Dance-Theater-150x100.jpeg 150w, https:\/\/static.tecnichenuove.it\/areaarch\/2025\/01\/Nation-Dance-Theater-768x512.jpeg 768w, https:\/\/static.tecnichenuove.it\/areaarch\/2025\/01\/Nation-Dance-Theater-1536x1024.jpeg 1536w, https:\/\/static.tecnichenuove.it\/areaarch\/2025\/01\/Nation-Dance-Theater-696x464.jpeg 696w, https:\/\/static.tecnichenuove.it\/areaarch\/2025\/01\/Nation-Dance-Theater-1068x712.jpeg 1068w, https:\/\/static.tecnichenuove.it\/areaarch\/2025\/01\/Nation-Dance-Theater-630x420.jpeg 630w\" sizes=\"auto, (max-width: 2048px) 100vw, 2048px\" \/>\n      \t<img decoding=\"async\" src=\"https:\/\/static.tecnichenuove.it\/areaarch\/2025\/01\/National_Dance_Theatre_by_ZDA_Section_3.jpeg\" class=\"attachment-post-thumbnail\" \/>\n      \n\t<\/div>\n  \t<div class=\"entry-column\">\n      <h3 class=\"entry-title td-module-title\">National Dance Theater<\/h3>\n      <div class=\"td-excerpt\">\n            <div id=\"wpcf-field-tipology\" class=\"wpcf-field-select wpcf-field-tipology\"><span class=\"wpcf-field-name wpcf-field-select-name wpcf-field-tipology-name\">tipology:<\/span> <span class=\"wpcf-field-value wpcf-field-select-value wpcf-field-tipology-value\">mixed use<\/span><\/div>\n            <div id=\"wpcf-field-architect\" class=\"wpcf-field-single-line wpcf-field-architect\"><span class=\"wpcf-field-name wpcf-field-single-line-name wpcf-field-architect-name\">architect:<\/span> <span class=\"wpcf-field-value wpcf-field-single-line-value wpcf-field-architect-value\">G\u00e1bor Zoboki - ZDA<\/span><\/div>\n            <div id=\"wpcf-field-realization\" class=\"wpcf-field-number wpcf-field-realization\"><span class=\"wpcf-field-name wpcf-field-number-name wpcf-field-realization-name\">realization:<\/span> <span class=\"wpcf-field-value wpcf-field-number-value wpcf-field-realization-value\">2020<\/span><\/div>\n            Budapest, Kis R\u00f3kus utca, Ungheria\n          <\/div>\n  <\/div>\n<\/article>\n          <\/div>\n            <h4><a href=\"#\" onclick=\"cimap();\" class=\"link-marker js-wpv-addon-maps-focus-map js-toolset-maps-hover-map-map-1-marker-marker-151969 js-toolset-maps-open-infowindow-map-map-1-marker-marker-151969\" data-map=\"map-1\" data-marker=\"marker-151969\">05. National Dance Theater<\/a><\/h4>\n            <div id=\"wpcf-field-tipology\" class=\"wpcf-field-select wpcf-field-tipology\"><span class=\"wpcf-field-name wpcf-field-select-name wpcf-field-tipology-name\">tipology:<\/span> <span class=\"wpcf-field-value wpcf-field-select-value wpcf-field-tipology-value\">mixed use<\/span><\/div> | <div id=\"wpcf-field-architect\" class=\"wpcf-field-single-line wpcf-field-architect\"><span class=\"wpcf-field-name wpcf-field-single-line-name wpcf-field-architect-name\">architect:<\/span> <span class=\"wpcf-field-value wpcf-field-single-line-value wpcf-field-architect-value\">G\u00e1bor Zoboki - ZDA<\/span><\/div> | <div id=\"wpcf-field-realization\" class=\"wpcf-field-number wpcf-field-realization\"><span class=\"wpcf-field-name wpcf-field-number-name wpcf-field-realization-name\">realization:<\/span> <span class=\"wpcf-field-value wpcf-field-number-value wpcf-field-realization-value\">2020<\/span><\/div>\n          <\/li>\n\t\t\n          <li>\n            \n          <div style=\"display:none\" class=\"wpv-addon-maps-marker js-wpv-addon-maps-marker js-wpv-addon-maps-marker-marker-151972 js-wpv-addon-maps-markerfor-map-1\" data-marker=\"marker-151972\" data-markertitle=\"GeoConcept Headquarters\" data-markerfor=\"map-1\" data-markerlat=\"47.5322934\" data-markerlon=\"19.028911\" data-markericon=\"\/wp-content\/uploads\/sites\/6\/2017\/11\/area_marker_11.png\" data-markericonhover=\"\" data-streetview=\"no\" data-fromview=\"\">\n            <article class=\"marker-itinerario\">\n\t<div class=\"entry-thumbnail\">\n      \n      \n      \t<img loading=\"lazy\" decoding=\"async\" width=\"528\" height=\"906\" src=\"https:\/\/static.tecnichenuove.it\/areaarch\/2025\/01\/terhalozat-geoconcept-7171.jpg\" class=\"attachment-post-thumbnail size-post-thumbnail wp-post-image\" alt=\"\" srcset=\"https:\/\/static.tecnichenuove.it\/areaarch\/2025\/01\/terhalozat-geoconcept-7171.jpg 528w, https:\/\/static.tecnichenuove.it\/areaarch\/2025\/01\/terhalozat-geoconcept-7171-175x300.jpg 175w, https:\/\/static.tecnichenuove.it\/areaarch\/2025\/01\/terhalozat-geoconcept-7171-245x420.jpg 245w\" sizes=\"auto, (max-width: 528px) 100vw, 528px\" \/>\n      \t<img decoding=\"async\" src=\"https:\/\/static.tecnichenuove.it\/areaarch\/2025\/01\/detail.jpg\" class=\"attachment-post-thumbnail\" \/>\n      \n\t<\/div>\n  \t<div class=\"entry-column\">\n      <h3 class=\"entry-title td-module-title\">GeoConcept Headquarters<\/h3>\n      <div class=\"td-excerpt\">\n            <div id=\"wpcf-field-tipology\" class=\"wpcf-field-select wpcf-field-tipology\"><span class=\"wpcf-field-name wpcf-field-select-name wpcf-field-tipology-name\">tipology:<\/span> <span class=\"wpcf-field-value wpcf-field-select-value wpcf-field-tipology-value\">office<\/span><\/div>\n            <div id=\"wpcf-field-architect\" class=\"wpcf-field-single-line wpcf-field-architect\"><span class=\"wpcf-field-name wpcf-field-single-line-name wpcf-field-architect-name\">architect:<\/span> <span class=\"wpcf-field-value wpcf-field-single-line-value wpcf-field-architect-value\">T\u00e9rh\u00e1l\u00f3zat<\/span><\/div>\n            <div id=\"wpcf-field-realization\" class=\"wpcf-field-number wpcf-field-realization\"><span class=\"wpcf-field-name wpcf-field-number-name wpcf-field-realization-name\">realization:<\/span> <span class=\"wpcf-field-value wpcf-field-number-value wpcf-field-realization-value\">2017<\/span><\/div>\n            Budapest, Folyond\u00e1r utca, Ungheria\n          <\/div>\n  <\/div>\n<\/article>\n          <\/div>\n            <h4><a href=\"#\" onclick=\"cimap();\" class=\"link-marker js-wpv-addon-maps-focus-map js-toolset-maps-hover-map-map-1-marker-marker-151972 js-toolset-maps-open-infowindow-map-map-1-marker-marker-151972\" data-map=\"map-1\" data-marker=\"marker-151972\">06. GeoConcept Headquarters<\/a><\/h4>\n            <div id=\"wpcf-field-tipology\" class=\"wpcf-field-select wpcf-field-tipology\"><span class=\"wpcf-field-name wpcf-field-select-name wpcf-field-tipology-name\">tipology:<\/span> <span class=\"wpcf-field-value wpcf-field-select-value wpcf-field-tipology-value\">office<\/span><\/div> | <div id=\"wpcf-field-architect\" class=\"wpcf-field-single-line wpcf-field-architect\"><span class=\"wpcf-field-name wpcf-field-single-line-name wpcf-field-architect-name\">architect:<\/span> <span class=\"wpcf-field-value wpcf-field-single-line-value wpcf-field-architect-value\">T\u00e9rh\u00e1l\u00f3zat<\/span><\/div> | <div id=\"wpcf-field-realization\" class=\"wpcf-field-number wpcf-field-realization\"><span class=\"wpcf-field-name wpcf-field-number-name wpcf-field-realization-name\">realization:<\/span> <span class=\"wpcf-field-value wpcf-field-number-value wpcf-field-realization-value\">2017<\/span><\/div>\n          <\/li>\n\t\t\n          <li>\n            \n          <div style=\"display:none\" class=\"wpv-addon-maps-marker js-wpv-addon-maps-marker js-wpv-addon-maps-marker-marker-151975 js-wpv-addon-maps-markerfor-map-1\" data-marker=\"marker-151975\" data-markertitle=\"Jazz Loft\" data-markerfor=\"map-1\" data-markerlat=\"47.5501346\" data-markerlon=\"19.0366287\" data-markericon=\"\/wp-content\/uploads\/sites\/6\/2017\/11\/area_marker_13.png\" data-markericonhover=\"\" data-streetview=\"no\" data-fromview=\"\">\n            <article class=\"marker-itinerario\">\n\t<div class=\"entry-thumbnail\">\n      \n      \n      \t<img loading=\"lazy\" decoding=\"async\" width=\"528\" height=\"411\" src=\"https:\/\/static.tecnichenuove.it\/areaarch\/2025\/01\/MG_9041.jpg\" class=\"attachment-post-thumbnail size-post-thumbnail wp-post-image\" alt=\"\" srcset=\"https:\/\/static.tecnichenuove.it\/areaarch\/2025\/01\/MG_9041.jpg 528w, https:\/\/static.tecnichenuove.it\/areaarch\/2025\/01\/MG_9041-300x234.jpg 300w\" sizes=\"auto, (max-width: 528px) 100vw, 528px\" \/>\n      \t<img decoding=\"async\" src=\"https:\/\/static.tecnichenuove.it\/areaarch\/2025\/01\/section_1.jpg\" class=\"attachment-post-thumbnail\" \/>\n      \n\t<\/div>\n  \t<div class=\"entry-column\">\n      <h3 class=\"entry-title td-module-title\">Jazz Loft<\/h3>\n      <div class=\"td-excerpt\">\n            <div id=\"wpcf-field-tipology\" class=\"wpcf-field-select wpcf-field-tipology\"><span class=\"wpcf-field-name wpcf-field-select-name wpcf-field-tipology-name\">tipology:<\/span> <span class=\"wpcf-field-value wpcf-field-select-value wpcf-field-tipology-value\">residential<\/span><\/div>\n            <div id=\"wpcf-field-architect\" class=\"wpcf-field-single-line wpcf-field-architect\"><span class=\"wpcf-field-name wpcf-field-single-line-name wpcf-field-architect-name\">architect:<\/span> <span class=\"wpcf-field-value wpcf-field-single-line-value wpcf-field-architect-value\">T2.a architects<\/span><\/div>\n            <div id=\"wpcf-field-realization\" class=\"wpcf-field-number wpcf-field-realization\"><span class=\"wpcf-field-name wpcf-field-number-name wpcf-field-realization-name\">realization:<\/span> <span class=\"wpcf-field-value wpcf-field-number-value wpcf-field-realization-value\">2018<\/span><\/div>\n            Budapest, H\u00e9v\u00edzi \u00fat, Ungheria\n          <\/div>\n  <\/div>\n<\/article>\n          <\/div>\n            <h4><a href=\"#\" onclick=\"cimap();\" class=\"link-marker js-wpv-addon-maps-focus-map js-toolset-maps-hover-map-map-1-marker-marker-151975 js-toolset-maps-open-infowindow-map-map-1-marker-marker-151975\" data-map=\"map-1\" data-marker=\"marker-151975\">07. Jazz Loft<\/a><\/h4>\n            <div id=\"wpcf-field-tipology\" class=\"wpcf-field-select wpcf-field-tipology\"><span class=\"wpcf-field-name wpcf-field-select-name wpcf-field-tipology-name\">tipology:<\/span> <span class=\"wpcf-field-value wpcf-field-select-value wpcf-field-tipology-value\">residential<\/span><\/div> | <div id=\"wpcf-field-architect\" class=\"wpcf-field-single-line wpcf-field-architect\"><span class=\"wpcf-field-name wpcf-field-single-line-name wpcf-field-architect-name\">architect:<\/span> <span class=\"wpcf-field-value wpcf-field-single-line-value wpcf-field-architect-value\">T2.a architects<\/span><\/div> | <div id=\"wpcf-field-realization\" class=\"wpcf-field-number wpcf-field-realization\"><span class=\"wpcf-field-name wpcf-field-number-name wpcf-field-realization-name\">realization:<\/span> <span class=\"wpcf-field-value wpcf-field-number-value wpcf-field-realization-value\">2018<\/span><\/div>\n          <\/li>\n\t\t\n          <li>\n            \n          <div style=\"display:none\" class=\"wpv-addon-maps-marker js-wpv-addon-maps-marker js-wpv-addon-maps-marker-marker-151978 js-wpv-addon-maps-markerfor-map-1\" data-marker=\"marker-151978\" data-markertitle=\"Work station\" data-markerfor=\"map-1\" data-markerlat=\"47.5412897\" data-markerlon=\"19.0453952\" data-markericon=\"\/wp-content\/uploads\/sites\/6\/2017\/11\/area_marker_12.png\" data-markericonhover=\"\" data-streetview=\"no\" data-fromview=\"\">\n            <article class=\"marker-itinerario\">\n\t<div class=\"entry-thumbnail\">\n      \n      \n      \t<img loading=\"lazy\" decoding=\"async\" width=\"1181\" height=\"946\" src=\"https:\/\/static.tecnichenuove.it\/areaarch\/2025\/01\/Hello_Wood_Workstation_-_Zsuzsa_Darab_-_full_size-9.jpg\" class=\"attachment-post-thumbnail size-post-thumbnail wp-post-image\" alt=\"\" srcset=\"https:\/\/static.tecnichenuove.it\/areaarch\/2025\/01\/Hello_Wood_Workstation_-_Zsuzsa_Darab_-_full_size-9.jpg 1181w, https:\/\/static.tecnichenuove.it\/areaarch\/2025\/01\/Hello_Wood_Workstation_-_Zsuzsa_Darab_-_full_size-9-300x240.jpg 300w, https:\/\/static.tecnichenuove.it\/areaarch\/2025\/01\/Hello_Wood_Workstation_-_Zsuzsa_Darab_-_full_size-9-1024x820.jpg 1024w, https:\/\/static.tecnichenuove.it\/areaarch\/2025\/01\/Hello_Wood_Workstation_-_Zsuzsa_Darab_-_full_size-9-768x615.jpg 768w, https:\/\/static.tecnichenuove.it\/areaarch\/2025\/01\/Hello_Wood_Workstation_-_Zsuzsa_Darab_-_full_size-9-696x558.jpg 696w, https:\/\/static.tecnichenuove.it\/areaarch\/2025\/01\/Hello_Wood_Workstation_-_Zsuzsa_Darab_-_full_size-9-1068x855.jpg 1068w, https:\/\/static.tecnichenuove.it\/areaarch\/2025\/01\/Hello_Wood_Workstation_-_Zsuzsa_Darab_-_full_size-9-524x420.jpg 524w\" sizes=\"auto, (max-width: 1181px) 100vw, 1181px\" \/>\n      \t<img decoding=\"async\" src=\"https:\/\/static.tecnichenuove.it\/areaarch\/2025\/01\/Hello_Wood_Workstation_-_Drawing_-04_Facade_Front.jpg\" class=\"attachment-post-thumbnail\" \/>\n      \n\t<\/div>\n  \t<div class=\"entry-column\">\n      <h3 class=\"entry-title td-module-title\">Work station<\/h3>\n      <div class=\"td-excerpt\">\n            <div id=\"wpcf-field-tipology\" class=\"wpcf-field-select wpcf-field-tipology\"><span class=\"wpcf-field-name wpcf-field-select-name wpcf-field-tipology-name\">tipology:<\/span> <span class=\"wpcf-field-value wpcf-field-select-value wpcf-field-tipology-value\">public<\/span><\/div>\n            <div id=\"wpcf-field-architect\" class=\"wpcf-field-single-line wpcf-field-architect\"><span class=\"wpcf-field-name wpcf-field-single-line-name wpcf-field-architect-name\">architect:<\/span> <span class=\"wpcf-field-value wpcf-field-single-line-value wpcf-field-architect-value\">Hello Wood<\/span><\/div>\n            <div id=\"wpcf-field-realization\" class=\"wpcf-field-number wpcf-field-realization\"><span class=\"wpcf-field-name wpcf-field-number-name wpcf-field-realization-name\">realization:<\/span> <span class=\"wpcf-field-value wpcf-field-number-value wpcf-field-realization-value\">2020<\/span><\/div>\n            Budapest, F\u0151 t\u00e9r, Ungheria\n          <\/div>\n  <\/div>\n<\/article>\n          <\/div>\n            <h4><a href=\"#\" onclick=\"cimap();\" class=\"link-marker js-wpv-addon-maps-focus-map js-toolset-maps-hover-map-map-1-marker-marker-151978 js-toolset-maps-open-infowindow-map-map-1-marker-marker-151978\" data-map=\"map-1\" data-marker=\"marker-151978\">08. Work station<\/a><\/h4>\n            <div id=\"wpcf-field-tipology\" class=\"wpcf-field-select wpcf-field-tipology\"><span class=\"wpcf-field-name wpcf-field-select-name wpcf-field-tipology-name\">tipology:<\/span> <span class=\"wpcf-field-value wpcf-field-select-value wpcf-field-tipology-value\">public<\/span><\/div> | <div id=\"wpcf-field-architect\" class=\"wpcf-field-single-line wpcf-field-architect\"><span class=\"wpcf-field-name wpcf-field-single-line-name wpcf-field-architect-name\">architect:<\/span> <span class=\"wpcf-field-value wpcf-field-single-line-value wpcf-field-architect-value\">Hello Wood<\/span><\/div> | <div id=\"wpcf-field-realization\" class=\"wpcf-field-number wpcf-field-realization\"><span class=\"wpcf-field-name wpcf-field-number-name wpcf-field-realization-name\">realization:<\/span> <span class=\"wpcf-field-value wpcf-field-number-value wpcf-field-realization-value\">2020<\/span><\/div>\n          <\/li>\n\t\t\n          <li>\n            \n          <div style=\"display:none\" class=\"wpv-addon-maps-marker js-wpv-addon-maps-marker js-wpv-addon-maps-marker-marker-151981 js-wpv-addon-maps-markerfor-map-1\" data-marker=\"marker-151981\" data-markertitle=\"Vizafogo Pavilion and Ecopark &#8211; Coffee shop\" data-markerfor=\"map-1\" data-markerlat=\"47.53084\" data-markerlon=\"19.061333\" data-markericon=\"\/wp-content\/uploads\/sites\/6\/2017\/11\/area_marker_9.png\" data-markericonhover=\"\" data-streetview=\"no\" data-fromview=\"\">\n            <article class=\"marker-itinerario\">\n\t<div class=\"entry-thumbnail\">\n      \n      \n      \t<img loading=\"lazy\" decoding=\"async\" width=\"1181\" height=\"944\" src=\"https:\/\/static.tecnichenuove.it\/areaarch\/2025\/01\/vizafogo-pavilion-and-ecopark-archikon-architects_4.jpg\" class=\"attachment-post-thumbnail size-post-thumbnail wp-post-image\" alt=\"\" srcset=\"https:\/\/static.tecnichenuove.it\/areaarch\/2025\/01\/vizafogo-pavilion-and-ecopark-archikon-architects_4.jpg 1181w, https:\/\/static.tecnichenuove.it\/areaarch\/2025\/01\/vizafogo-pavilion-and-ecopark-archikon-architects_4-300x240.jpg 300w, https:\/\/static.tecnichenuove.it\/areaarch\/2025\/01\/vizafogo-pavilion-and-ecopark-archikon-architects_4-1024x819.jpg 1024w, https:\/\/static.tecnichenuove.it\/areaarch\/2025\/01\/vizafogo-pavilion-and-ecopark-archikon-architects_4-768x614.jpg 768w, https:\/\/static.tecnichenuove.it\/areaarch\/2025\/01\/vizafogo-pavilion-and-ecopark-archikon-architects_4-696x556.jpg 696w, https:\/\/static.tecnichenuove.it\/areaarch\/2025\/01\/vizafogo-pavilion-and-ecopark-archikon-architects_4-1068x854.jpg 1068w, https:\/\/static.tecnichenuove.it\/areaarch\/2025\/01\/vizafogo-pavilion-and-ecopark-archikon-architects_4-525x420.jpg 525w\" sizes=\"auto, (max-width: 1181px) 100vw, 1181px\" \/>\n      \t<img decoding=\"async\" src=\"https:\/\/static.tecnichenuove.it\/areaarch\/2025\/01\/00-concept-2.jpg\" class=\"attachment-post-thumbnail\" \/>\n      \n\t<\/div>\n  \t<div class=\"entry-column\">\n      <h3 class=\"entry-title td-module-title\">Vizafogo Pavilion and Ecopark &#8211; Coffee shop<\/h3>\n      <div class=\"td-excerpt\">\n            <div id=\"wpcf-field-tipology\" class=\"wpcf-field-select wpcf-field-tipology\"><span class=\"wpcf-field-name wpcf-field-select-name wpcf-field-tipology-name\">tipology:<\/span> <span class=\"wpcf-field-value wpcf-field-select-value wpcf-field-tipology-value\">mixed use<\/span><\/div>\n            <div id=\"wpcf-field-architect\" class=\"wpcf-field-single-line wpcf-field-architect\"><span class=\"wpcf-field-name wpcf-field-single-line-name wpcf-field-architect-name\">architect:<\/span> <span class=\"wpcf-field-value wpcf-field-single-line-value wpcf-field-architect-value\">Archikon Architects<\/span><\/div>\n            <div id=\"wpcf-field-realization\" class=\"wpcf-field-number wpcf-field-realization\"><span class=\"wpcf-field-name wpcf-field-number-name wpcf-field-realization-name\">realization:<\/span> <span class=\"wpcf-field-value wpcf-field-number-value wpcf-field-realization-value\">2021<\/span><\/div>\n            Budapest, P\u00e1rk\u00e1ny utca, Ungheria\n          <\/div>\n  <\/div>\n<\/article>\n          <\/div>\n            <h4><a href=\"#\" onclick=\"cimap();\" class=\"link-marker js-wpv-addon-maps-focus-map js-toolset-maps-hover-map-map-1-marker-marker-151981 js-toolset-maps-open-infowindow-map-map-1-marker-marker-151981\" data-map=\"map-1\" data-marker=\"marker-151981\">09. Vizafogo Pavilion and Ecopark &#8211; Coffee shop<\/a><\/h4>\n            <div id=\"wpcf-field-tipology\" class=\"wpcf-field-select wpcf-field-tipology\"><span class=\"wpcf-field-name wpcf-field-select-name wpcf-field-tipology-name\">tipology:<\/span> <span class=\"wpcf-field-value wpcf-field-select-value wpcf-field-tipology-value\">mixed use<\/span><\/div> | <div id=\"wpcf-field-architect\" class=\"wpcf-field-single-line wpcf-field-architect\"><span class=\"wpcf-field-name wpcf-field-single-line-name wpcf-field-architect-name\">architect:<\/span> <span class=\"wpcf-field-value wpcf-field-single-line-value wpcf-field-architect-value\">Archikon Architects<\/span><\/div> | <div id=\"wpcf-field-realization\" class=\"wpcf-field-number wpcf-field-realization\"><span class=\"wpcf-field-name wpcf-field-number-name wpcf-field-realization-name\">realization:<\/span> <span class=\"wpcf-field-value wpcf-field-number-value wpcf-field-realization-value\">2021<\/span><\/div>\n          <\/li>\n\t\t\n          <li>\n            \n          <div style=\"display:none\" class=\"wpv-addon-maps-marker js-wpv-addon-maps-marker js-wpv-addon-maps-marker-marker-151985 js-wpv-addon-maps-markerfor-map-1\" data-marker=\"marker-151985\" data-markertitle=\"Vizafag\u00f3 Kindergarden\" data-markerfor=\"map-1\" data-markerlat=\"47.533999\" data-markerlon=\"19.0593811\" data-markericon=\"\/wp-content\/uploads\/sites\/6\/2017\/11\/area_marker_4.png\" data-markericonhover=\"\" data-streetview=\"no\" data-fromview=\"\">\n            <article class=\"marker-itinerario\">\n\t<div class=\"entry-thumbnail\">\n      \n      \n      \t<img loading=\"lazy\" decoding=\"async\" width=\"1772\" height=\"1145\" src=\"https:\/\/static.tecnichenuove.it\/areaarch\/2025\/01\/07.jpg\" class=\"attachment-post-thumbnail size-post-thumbnail wp-post-image\" alt=\"\" srcset=\"https:\/\/static.tecnichenuove.it\/areaarch\/2025\/01\/07.jpg 1772w, https:\/\/static.tecnichenuove.it\/areaarch\/2025\/01\/07-300x194.jpg 300w, https:\/\/static.tecnichenuove.it\/areaarch\/2025\/01\/07-1024x662.jpg 1024w, https:\/\/static.tecnichenuove.it\/areaarch\/2025\/01\/07-768x496.jpg 768w, https:\/\/static.tecnichenuove.it\/areaarch\/2025\/01\/07-1536x993.jpg 1536w, https:\/\/static.tecnichenuove.it\/areaarch\/2025\/01\/07-696x450.jpg 696w, https:\/\/static.tecnichenuove.it\/areaarch\/2025\/01\/07-1068x690.jpg 1068w, https:\/\/static.tecnichenuove.it\/areaarch\/2025\/01\/07-650x420.jpg 650w\" sizes=\"auto, (max-width: 1772px) 100vw, 1772px\" \/>\n      \t<img decoding=\"async\" src=\"https:\/\/static.tecnichenuove.it\/areaarch\/2025\/01\/01-groundfloor.jpg\" class=\"attachment-post-thumbnail\" \/>\n      \n\t<\/div>\n  \t<div class=\"entry-column\">\n      <h3 class=\"entry-title td-module-title\">Vizafag\u00f3 Kindergarden<\/h3>\n      <div class=\"td-excerpt\">\n            <div id=\"wpcf-field-tipology\" class=\"wpcf-field-select wpcf-field-tipology\"><span class=\"wpcf-field-name wpcf-field-select-name wpcf-field-tipology-name\">tipology:<\/span> <span class=\"wpcf-field-value wpcf-field-select-value wpcf-field-tipology-value\">education<\/span><\/div>\n            <div id=\"wpcf-field-architect\" class=\"wpcf-field-single-line wpcf-field-architect\"><span class=\"wpcf-field-name wpcf-field-single-line-name wpcf-field-architect-name\">architect:<\/span> <span class=\"wpcf-field-value wpcf-field-single-line-value wpcf-field-architect-value\">Archikon Architects<\/span><\/div>\n            <div id=\"wpcf-field-realization\" class=\"wpcf-field-number wpcf-field-realization\"><span class=\"wpcf-field-name wpcf-field-number-name wpcf-field-realization-name\">realization:<\/span> <span class=\"wpcf-field-value wpcf-field-number-value wpcf-field-realization-value\">2019<\/span><\/div>\n            Budapest, N\u00e9pf\u00fcrd\u0151 utca, Ungheria\n          <\/div>\n  <\/div>\n<\/article>\n          <\/div>\n            <h4><a href=\"#\" onclick=\"cimap();\" class=\"link-marker js-wpv-addon-maps-focus-map js-toolset-maps-hover-map-map-1-marker-marker-151985 js-toolset-maps-open-infowindow-map-map-1-marker-marker-151985\" data-map=\"map-1\" data-marker=\"marker-151985\">10. Vizafag\u00f3 Kindergarden<\/a><\/h4>\n            <div id=\"wpcf-field-tipology\" class=\"wpcf-field-select wpcf-field-tipology\"><span class=\"wpcf-field-name wpcf-field-select-name wpcf-field-tipology-name\">tipology:<\/span> <span class=\"wpcf-field-value wpcf-field-select-value wpcf-field-tipology-value\">education<\/span><\/div> | <div id=\"wpcf-field-architect\" class=\"wpcf-field-single-line wpcf-field-architect\"><span class=\"wpcf-field-name wpcf-field-single-line-name wpcf-field-architect-name\">architect:<\/span> <span class=\"wpcf-field-value wpcf-field-single-line-value wpcf-field-architect-value\">Archikon Architects<\/span><\/div> | <div id=\"wpcf-field-realization\" class=\"wpcf-field-number wpcf-field-realization\"><span class=\"wpcf-field-name wpcf-field-number-name wpcf-field-realization-name\">realization:<\/span> <span class=\"wpcf-field-value wpcf-field-number-value wpcf-field-realization-value\">2019<\/span><\/div>\n          <\/li>\n\t\t\n          <li>\n            \n          <div style=\"display:none\" class=\"wpv-addon-maps-marker js-wpv-addon-maps-marker js-wpv-addon-maps-marker-marker-151988 js-wpv-addon-maps-markerfor-map-1\" data-marker=\"marker-151988\" data-markertitle=\"Duna Ar\u00e9na\" data-markerfor=\"map-1\" data-markerlat=\"47.533999\" data-markerlon=\"19.0593811\" data-markericon=\"\/wp-content\/uploads\/sites\/6\/2017\/11\/area_marker_14.png\" data-markericonhover=\"\" data-streetview=\"no\" data-fromview=\"\">\n            <article class=\"marker-itinerario\">\n\t<div class=\"entry-thumbnail\">\n      \n      \n      \t<img loading=\"lazy\" decoding=\"async\" width=\"1920\" height=\"1079\" src=\"https:\/\/static.tecnichenuove.it\/areaarch\/2025\/01\/Duna-Are%CC%81na_Napur-Architect-FOTO.jpeg\" class=\"attachment-post-thumbnail size-post-thumbnail wp-post-image\" alt=\"\" srcset=\"https:\/\/static.tecnichenuove.it\/areaarch\/2025\/01\/Duna-Are%CC%81na_Napur-Architect-FOTO.jpeg 1920w, https:\/\/static.tecnichenuove.it\/areaarch\/2025\/01\/Duna-Are%CC%81na_Napur-Architect-FOTO-300x169.jpeg 300w, https:\/\/static.tecnichenuove.it\/areaarch\/2025\/01\/Duna-Are%CC%81na_Napur-Architect-FOTO-1024x575.jpeg 1024w, https:\/\/static.tecnichenuove.it\/areaarch\/2025\/01\/Duna-Are%CC%81na_Napur-Architect-FOTO-768x432.jpeg 768w, https:\/\/static.tecnichenuove.it\/areaarch\/2025\/01\/Duna-Are%CC%81na_Napur-Architect-FOTO-1536x863.jpeg 1536w, https:\/\/static.tecnichenuove.it\/areaarch\/2025\/01\/Duna-Are%CC%81na_Napur-Architect-FOTO-696x391.jpeg 696w, https:\/\/static.tecnichenuove.it\/areaarch\/2025\/01\/Duna-Are%CC%81na_Napur-Architect-FOTO-1068x600.jpeg 1068w, https:\/\/static.tecnichenuove.it\/areaarch\/2025\/01\/Duna-Are%CC%81na_Napur-Architect-FOTO-747x420.jpeg 747w\" sizes=\"auto, (max-width: 1920px) 100vw, 1920px\" \/>\n      \t<img decoding=\"async\" src=\"https:\/\/static.tecnichenuove.it\/areaarch\/2025\/01\/Duna-Are%CC%81na_new.jpg\" class=\"attachment-post-thumbnail\" \/>\n      \n\t<\/div>\n  \t<div class=\"entry-column\">\n      <h3 class=\"entry-title td-module-title\">Duna Ar\u00e9na<\/h3>\n      <div class=\"td-excerpt\">\n            <div id=\"wpcf-field-tipology\" class=\"wpcf-field-select wpcf-field-tipology\"><span class=\"wpcf-field-name wpcf-field-select-name wpcf-field-tipology-name\">tipology:<\/span> <span class=\"wpcf-field-value wpcf-field-select-value wpcf-field-tipology-value\">sport<\/span><\/div>\n            <div id=\"wpcf-field-architect\" class=\"wpcf-field-single-line wpcf-field-architect\"><span class=\"wpcf-field-name wpcf-field-single-line-name wpcf-field-architect-name\">architect:<\/span> <span class=\"wpcf-field-value wpcf-field-single-line-value wpcf-field-architect-value\">Napur Architect<\/span><\/div>\n            <div id=\"wpcf-field-realization\" class=\"wpcf-field-number wpcf-field-realization\"><span class=\"wpcf-field-name wpcf-field-number-name wpcf-field-realization-name\">realization:<\/span> <span class=\"wpcf-field-value wpcf-field-number-value wpcf-field-realization-value\">2018<\/span><\/div>\n            Budapest, N\u00e9pf\u00fcrd\u0151 utca, Ungheria\n          <\/div>\n  <\/div>\n<\/article>\n          <\/div>\n            <h4><a href=\"#\" onclick=\"cimap();\" class=\"link-marker js-wpv-addon-maps-focus-map js-toolset-maps-hover-map-map-1-marker-marker-151988 js-toolset-maps-open-infowindow-map-map-1-marker-marker-151988\" data-map=\"map-1\" data-marker=\"marker-151988\">11. Duna Ar\u00e9na<\/a><\/h4>\n            <div id=\"wpcf-field-tipology\" class=\"wpcf-field-select wpcf-field-tipology\"><span class=\"wpcf-field-name wpcf-field-select-name wpcf-field-tipology-name\">tipology:<\/span> <span class=\"wpcf-field-value wpcf-field-select-value wpcf-field-tipology-value\">sport<\/span><\/div> | <div id=\"wpcf-field-architect\" class=\"wpcf-field-single-line wpcf-field-architect\"><span class=\"wpcf-field-name wpcf-field-single-line-name wpcf-field-architect-name\">architect:<\/span> <span class=\"wpcf-field-value wpcf-field-single-line-value wpcf-field-architect-value\">Napur Architect<\/span><\/div> | <div id=\"wpcf-field-realization\" class=\"wpcf-field-number wpcf-field-realization\"><span class=\"wpcf-field-name wpcf-field-number-name wpcf-field-realization-name\">realization:<\/span> <span class=\"wpcf-field-value wpcf-field-number-value wpcf-field-realization-value\">2018<\/span><\/div>\n          <\/li>\n\t\t\n          <li>\n            \n          <div style=\"display:none\" class=\"wpv-addon-maps-marker js-wpv-addon-maps-marker js-wpv-addon-maps-marker-marker-151991 js-wpv-addon-maps-markerfor-map-1\" data-marker=\"marker-151991\" data-markertitle=\"Danubio Budapest Building\" data-markerfor=\"map-1\" data-markerlat=\"47.5425558\" data-markerlon=\"19.0665846\" data-markericon=\"\/wp-content\/uploads\/sites\/6\/2017\/11\/area_marker_13.png\" data-markericonhover=\"\" data-streetview=\"no\" data-fromview=\"\">\n            <article class=\"marker-itinerario\">\n\t<div class=\"entry-thumbnail\">\n      \n      \n      \t<img loading=\"lazy\" decoding=\"async\" width=\"686\" height=\"495\" src=\"https:\/\/static.tecnichenuove.it\/areaarch\/2025\/01\/danubio-budapest-building-t-architects_13.jpg\" class=\"attachment-post-thumbnail size-post-thumbnail wp-post-image\" alt=\"\" srcset=\"https:\/\/static.tecnichenuove.it\/areaarch\/2025\/01\/danubio-budapest-building-t-architects_13.jpg 686w, https:\/\/static.tecnichenuove.it\/areaarch\/2025\/01\/danubio-budapest-building-t-architects_13-300x216.jpg 300w, https:\/\/static.tecnichenuove.it\/areaarch\/2025\/01\/danubio-budapest-building-t-architects_13-324x235.jpg 324w, https:\/\/static.tecnichenuove.it\/areaarch\/2025\/01\/danubio-budapest-building-t-architects_13-582x420.jpg 582w\" sizes=\"auto, (max-width: 686px) 100vw, 686px\" \/>\n      \t<img decoding=\"async\" src=\"https:\/\/static.tecnichenuove.it\/areaarch\/2025\/01\/32-section-9.jpg\" class=\"attachment-post-thumbnail\" \/>\n      \n\t<\/div>\n  \t<div class=\"entry-column\">\n      <h3 class=\"entry-title td-module-title\">Danubio Budapest Building<\/h3>\n      <div class=\"td-excerpt\">\n            <div id=\"wpcf-field-tipology\" class=\"wpcf-field-select wpcf-field-tipology\"><span class=\"wpcf-field-name wpcf-field-select-name wpcf-field-tipology-name\">tipology:<\/span> <span class=\"wpcf-field-value wpcf-field-select-value wpcf-field-tipology-value\">residential<\/span><\/div>\n            <div id=\"wpcf-field-architect\" class=\"wpcf-field-single-line wpcf-field-architect\"><span class=\"wpcf-field-name wpcf-field-single-line-name wpcf-field-architect-name\">architect:<\/span> <span class=\"wpcf-field-value wpcf-field-single-line-value wpcf-field-architect-value\">T2.a architects<\/span><\/div>\n            <div id=\"wpcf-field-realization\" class=\"wpcf-field-number wpcf-field-realization\"><span class=\"wpcf-field-name wpcf-field-number-name wpcf-field-realization-name\">realization:<\/span> <span class=\"wpcf-field-value wpcf-field-number-value wpcf-field-realization-value\">2022<\/span><\/div>\n            Budapest, Haj\u00f3\u00e9p\u00edt\u0151 S\u00e9t\u00e1ny, Ungheria\n          <\/div>\n  <\/div>\n<\/article>\n          <\/div>\n            <h4><a href=\"#\" onclick=\"cimap();\" class=\"link-marker js-wpv-addon-maps-focus-map js-toolset-maps-hover-map-map-1-marker-marker-151991 js-toolset-maps-open-infowindow-map-map-1-marker-marker-151991\" data-map=\"map-1\" data-marker=\"marker-151991\">12. Danubio Budapest Building<\/a><\/h4>\n            <div id=\"wpcf-field-tipology\" class=\"wpcf-field-select wpcf-field-tipology\"><span class=\"wpcf-field-name wpcf-field-select-name wpcf-field-tipology-name\">tipology:<\/span> <span class=\"wpcf-field-value wpcf-field-select-value wpcf-field-tipology-value\">residential<\/span><\/div> | <div id=\"wpcf-field-architect\" class=\"wpcf-field-single-line wpcf-field-architect\"><span class=\"wpcf-field-name wpcf-field-single-line-name wpcf-field-architect-name\">architect:<\/span> <span class=\"wpcf-field-value wpcf-field-single-line-value wpcf-field-architect-value\">T2.a architects<\/span><\/div> | <div id=\"wpcf-field-realization\" class=\"wpcf-field-number wpcf-field-realization\"><span class=\"wpcf-field-name wpcf-field-number-name wpcf-field-realization-name\">realization:<\/span> <span class=\"wpcf-field-value wpcf-field-number-value wpcf-field-realization-value\">2022<\/span><\/div>\n          <\/li>\n\t\t\n          <li>\n            \n          <div style=\"display:none\" class=\"wpv-addon-maps-marker js-wpv-addon-maps-marker js-wpv-addon-maps-marker-marker-151994 js-wpv-addon-maps-markerfor-map-1\" data-marker=\"marker-151994\" data-markertitle=\"V\u00e1ci Greens\" data-markerfor=\"map-1\" data-markerlat=\"47.4918902\" data-markerlon=\"19.0538414\" data-markericon=\"\/wp-content\/uploads\/sites\/6\/2017\/11\/area_marker_11.png\" data-markericonhover=\"\" data-streetview=\"no\" data-fromview=\"\">\n            <article class=\"marker-itinerario\">\n\t<div class=\"entry-thumbnail\">\n      \n      \t<img loading=\"lazy\" decoding=\"async\" width=\"251\" height=\"300\" src=\"https:\/\/static.tecnichenuove.it\/areaarch\/2025\/01\/Va%CC%81ci-Greens_TIBA-Architects-Studio-foto-251x300.jpeg\" class=\"attachment-medium size-medium wp-post-image\" alt=\"\" srcset=\"https:\/\/static.tecnichenuove.it\/areaarch\/2025\/01\/Va%CC%81ci-Greens_TIBA-Architects-Studio-foto-251x300.jpeg 251w, https:\/\/static.tecnichenuove.it\/areaarch\/2025\/01\/Va%CC%81ci-Greens_TIBA-Architects-Studio-foto-856x1024.jpeg 856w, https:\/\/static.tecnichenuove.it\/areaarch\/2025\/01\/Va%CC%81ci-Greens_TIBA-Architects-Studio-foto-768x919.jpeg 768w, https:\/\/static.tecnichenuove.it\/areaarch\/2025\/01\/Va%CC%81ci-Greens_TIBA-Architects-Studio-foto-696x832.jpeg 696w, https:\/\/static.tecnichenuove.it\/areaarch\/2025\/01\/Va%CC%81ci-Greens_TIBA-Architects-Studio-foto-351x420.jpeg 351w, https:\/\/static.tecnichenuove.it\/areaarch\/2025\/01\/Va%CC%81ci-Greens_TIBA-Architects-Studio-foto.jpeg 1000w\" sizes=\"auto, (max-width: 251px) 100vw, 251px\" \/>\n      \n      \n\t<\/div>\n  \t<div class=\"entry-column\">\n      <h3 class=\"entry-title td-module-title\">V\u00e1ci Greens<\/h3>\n      <div class=\"td-excerpt\">\n            <div id=\"wpcf-field-tipology\" class=\"wpcf-field-select wpcf-field-tipology\"><span class=\"wpcf-field-name wpcf-field-select-name wpcf-field-tipology-name\">tipology:<\/span> <span class=\"wpcf-field-value wpcf-field-select-value wpcf-field-tipology-value\">office<\/span><\/div>\n            <div id=\"wpcf-field-architect\" class=\"wpcf-field-single-line wpcf-field-architect\"><span class=\"wpcf-field-name wpcf-field-single-line-name wpcf-field-architect-name\">architect:<\/span> <span class=\"wpcf-field-value wpcf-field-single-line-value wpcf-field-architect-value\">TIBA Architects Studio<\/span><\/div>\n            <div id=\"wpcf-field-realization\" class=\"wpcf-field-number wpcf-field-realization\"><span class=\"wpcf-field-name wpcf-field-number-name wpcf-field-realization-name\">realization:<\/span> <span class=\"wpcf-field-value wpcf-field-number-value wpcf-field-realization-value\">2015<\/span><\/div>\n            Budapest, V\u00e1ci utca, Ungheria\n          <\/div>\n  <\/div>\n<\/article>\n          <\/div>\n            <h4><a href=\"#\" onclick=\"cimap();\" class=\"link-marker js-wpv-addon-maps-focus-map js-toolset-maps-hover-map-map-1-marker-marker-151994 js-toolset-maps-open-infowindow-map-map-1-marker-marker-151994\" data-map=\"map-1\" data-marker=\"marker-151994\">13. V\u00e1ci Greens<\/a><\/h4>\n            <div id=\"wpcf-field-tipology\" class=\"wpcf-field-select wpcf-field-tipology\"><span class=\"wpcf-field-name wpcf-field-select-name wpcf-field-tipology-name\">tipology:<\/span> <span class=\"wpcf-field-value wpcf-field-select-value wpcf-field-tipology-value\">office<\/span><\/div> | <div id=\"wpcf-field-architect\" class=\"wpcf-field-single-line wpcf-field-architect\"><span class=\"wpcf-field-name wpcf-field-single-line-name wpcf-field-architect-name\">architect:<\/span> <span class=\"wpcf-field-value wpcf-field-single-line-value wpcf-field-architect-value\">TIBA Architects Studio<\/span><\/div> | <div id=\"wpcf-field-realization\" class=\"wpcf-field-number wpcf-field-realization\"><span class=\"wpcf-field-name wpcf-field-number-name wpcf-field-realization-name\">realization:<\/span> <span class=\"wpcf-field-value wpcf-field-number-value wpcf-field-realization-value\">2015<\/span><\/div>\n          <\/li>\n\t\t\n          <li>\n            \n          <div style=\"display:none\" class=\"wpv-addon-maps-marker js-wpv-addon-maps-marker js-wpv-addon-maps-marker-marker-151996 js-wpv-addon-maps-markerfor-map-1\" data-marker=\"marker-151996\" data-markertitle=\"M12\" data-markerfor=\"map-1\" data-markerlat=\"47.5484217\" data-markerlon=\"19.0757166\" data-markericon=\"\/wp-content\/uploads\/sites\/6\/2017\/11\/area_marker_11.png\" data-markericonhover=\"\" data-streetview=\"no\" data-fromview=\"\">\n            <article class=\"marker-itinerario\">\n\t<div class=\"entry-thumbnail\">\n      \n      \n      \t<img loading=\"lazy\" decoding=\"async\" width=\"630\" height=\"420\" src=\"https:\/\/static.tecnichenuove.it\/areaarch\/2025\/01\/foldes-foto.jpeg\" class=\"attachment-post-thumbnail size-post-thumbnail wp-post-image\" alt=\"\" srcset=\"https:\/\/static.tecnichenuove.it\/areaarch\/2025\/01\/foldes-foto.jpeg 630w, https:\/\/static.tecnichenuove.it\/areaarch\/2025\/01\/foldes-foto-300x200.jpeg 300w, https:\/\/static.tecnichenuove.it\/areaarch\/2025\/01\/foldes-foto-150x100.jpeg 150w\" sizes=\"auto, (max-width: 630px) 100vw, 630px\" \/>\n      \t<img decoding=\"async\" src=\"https:\/\/static.tecnichenuove.it\/areaarch\/2025\/01\/foldes-dis-2.png\" class=\"attachment-post-thumbnail\" \/>\n      \n\t<\/div>\n  \t<div class=\"entry-column\">\n      <h3 class=\"entry-title td-module-title\">M12<\/h3>\n      <div class=\"td-excerpt\">\n            <div id=\"wpcf-field-tipology\" class=\"wpcf-field-select wpcf-field-tipology\"><span class=\"wpcf-field-name wpcf-field-select-name wpcf-field-tipology-name\">tipology:<\/span> <span class=\"wpcf-field-value wpcf-field-select-value wpcf-field-tipology-value\">office<\/span><\/div>\n            <div id=\"wpcf-field-architect\" class=\"wpcf-field-single-line wpcf-field-architect\"><span class=\"wpcf-field-name wpcf-field-single-line-name wpcf-field-architect-name\">architect:<\/span> <span class=\"wpcf-field-value wpcf-field-single-line-value wpcf-field-architect-value\">F\u00f6ldes Architects<\/span><\/div>\n            <div id=\"wpcf-field-realization\" class=\"wpcf-field-number wpcf-field-realization\"><span class=\"wpcf-field-name wpcf-field-number-name wpcf-field-realization-name\">realization:<\/span> <span class=\"wpcf-field-value wpcf-field-number-value wpcf-field-realization-value\">2022<\/span><\/div>\n            Budapest, Madar\u00e1sz Viktor utca, Ungheria\n          <\/div>\n  <\/div>\n<\/article>\n          <\/div>\n            <h4><a href=\"#\" onclick=\"cimap();\" class=\"link-marker js-wpv-addon-maps-focus-map js-toolset-maps-hover-map-map-1-marker-marker-151996 js-toolset-maps-open-infowindow-map-map-1-marker-marker-151996\" data-map=\"map-1\" data-marker=\"marker-151996\">14. M12<\/a><\/h4>\n            <div id=\"wpcf-field-tipology\" class=\"wpcf-field-select wpcf-field-tipology\"><span class=\"wpcf-field-name wpcf-field-select-name wpcf-field-tipology-name\">tipology:<\/span> <span class=\"wpcf-field-value wpcf-field-select-value wpcf-field-tipology-value\">office<\/span><\/div> | <div id=\"wpcf-field-architect\" class=\"wpcf-field-single-line wpcf-field-architect\"><span class=\"wpcf-field-name wpcf-field-single-line-name wpcf-field-architect-name\">architect:<\/span> <span class=\"wpcf-field-value wpcf-field-single-line-value wpcf-field-architect-value\">F\u00f6ldes Architects<\/span><\/div> | <div id=\"wpcf-field-realization\" class=\"wpcf-field-number wpcf-field-realization\"><span class=\"wpcf-field-name wpcf-field-number-name wpcf-field-realization-name\">realization:<\/span> <span class=\"wpcf-field-value wpcf-field-number-value wpcf-field-realization-value\">2022<\/span><\/div>\n          <\/li>\n\t\t\n          <li>\n            \n          <div style=\"display:none\" class=\"wpv-addon-maps-marker js-wpv-addon-maps-marker js-wpv-addon-maps-marker-marker-151999 js-wpv-addon-maps-markerfor-map-1\" data-marker=\"marker-151999\" data-markertitle=\"100 Unit Passive House\" data-markerfor=\"map-1\" data-markerlat=\"47.5357446\" data-markerlon=\"19.0881456\" data-markericon=\"\/wp-content\/uploads\/sites\/6\/2017\/11\/area_marker_13.png\" data-markericonhover=\"\" data-streetview=\"no\" data-fromview=\"\">\n            <article class=\"marker-itinerario\">\n\t<div class=\"entry-thumbnail\">\n      \n      \t<img loading=\"lazy\" decoding=\"async\" width=\"300\" height=\"200\" src=\"https:\/\/static.tecnichenuove.it\/areaarch\/2025\/01\/100-passive-house-foto-300x200.jpeg\" class=\"attachment-medium size-medium wp-post-image\" alt=\"\" srcset=\"https:\/\/static.tecnichenuove.it\/areaarch\/2025\/01\/100-passive-house-foto-300x200.jpeg 300w, https:\/\/static.tecnichenuove.it\/areaarch\/2025\/01\/100-passive-house-foto-1024x683.jpeg 1024w, https:\/\/static.tecnichenuove.it\/areaarch\/2025\/01\/100-passive-house-foto-150x100.jpeg 150w, https:\/\/static.tecnichenuove.it\/areaarch\/2025\/01\/100-passive-house-foto-768x512.jpeg 768w, https:\/\/static.tecnichenuove.it\/areaarch\/2025\/01\/100-passive-house-foto-696x464.jpeg 696w, https:\/\/static.tecnichenuove.it\/areaarch\/2025\/01\/100-passive-house-foto-1068x712.jpeg 1068w, https:\/\/static.tecnichenuove.it\/areaarch\/2025\/01\/100-passive-house-foto-630x420.jpeg 630w, https:\/\/static.tecnichenuove.it\/areaarch\/2025\/01\/100-passive-house-foto.jpeg 1536w\" sizes=\"auto, (max-width: 300px) 100vw, 300px\" \/>\n      \n      \n\t<\/div>\n  \t<div class=\"entry-column\">\n      <h3 class=\"entry-title td-module-title\">100 Unit Passive House<\/h3>\n      <div class=\"td-excerpt\">\n            <div id=\"wpcf-field-tipology\" class=\"wpcf-field-select wpcf-field-tipology\"><span class=\"wpcf-field-name wpcf-field-select-name wpcf-field-tipology-name\">tipology:<\/span> <span class=\"wpcf-field-value wpcf-field-select-value wpcf-field-tipology-value\">residential<\/span><\/div>\n            <div id=\"wpcf-field-architect\" class=\"wpcf-field-single-line wpcf-field-architect\"><span class=\"wpcf-field-name wpcf-field-single-line-name wpcf-field-architect-name\">architect:<\/span> <span class=\"wpcf-field-value wpcf-field-single-line-value wpcf-field-architect-value\">Archikon Architects<\/span><\/div>\n            <div id=\"wpcf-field-realization\" class=\"wpcf-field-number wpcf-field-realization\"><span class=\"wpcf-field-name wpcf-field-number-name wpcf-field-realization-name\">realization:<\/span> <span class=\"wpcf-field-value wpcf-field-number-value wpcf-field-realization-value\">2014<\/span><\/div>\n            Budapest, Zsin\u00f3r utca, Ungheria\n          <\/div>\n  <\/div>\n<\/article>\n          <\/div>\n            <h4><a href=\"#\" onclick=\"cimap();\" class=\"link-marker js-wpv-addon-maps-focus-map js-toolset-maps-hover-map-map-1-marker-marker-151999 js-toolset-maps-open-infowindow-map-map-1-marker-marker-151999\" data-map=\"map-1\" data-marker=\"marker-151999\">15. 100 Unit Passive House<\/a><\/h4>\n            <div id=\"wpcf-field-tipology\" class=\"wpcf-field-select wpcf-field-tipology\"><span class=\"wpcf-field-name wpcf-field-select-name wpcf-field-tipology-name\">tipology:<\/span> <span class=\"wpcf-field-value wpcf-field-select-value wpcf-field-tipology-value\">residential<\/span><\/div> | <div id=\"wpcf-field-architect\" class=\"wpcf-field-single-line wpcf-field-architect\"><span class=\"wpcf-field-name wpcf-field-single-line-name wpcf-field-architect-name\">architect:<\/span> <span class=\"wpcf-field-value wpcf-field-single-line-value wpcf-field-architect-value\">Archikon Architects<\/span><\/div> | <div id=\"wpcf-field-realization\" class=\"wpcf-field-number wpcf-field-realization\"><span class=\"wpcf-field-name wpcf-field-number-name wpcf-field-realization-name\">realization:<\/span> <span class=\"wpcf-field-value wpcf-field-number-value wpcf-field-realization-value\">2014<\/span><\/div>\n          <\/li>\n\t\t\n          <li>\n            \n          <div style=\"display:none\" class=\"wpv-addon-maps-marker js-wpv-addon-maps-marker js-wpv-addon-maps-marker-marker-152001 js-wpv-addon-maps-markerfor-map-1\" data-marker=\"marker-152001\" data-markertitle=\"BBU Library and Student Center\" data-markerfor=\"map-1\" data-markerlat=\"47.5094142\" data-markerlon=\"19.1237732\" data-markericon=\"\/wp-content\/uploads\/sites\/6\/2017\/11\/area_marker_4.png\" data-markericonhover=\"\" data-streetview=\"no\" data-fromview=\"\">\n            <article class=\"marker-itinerario\">\n\t<div class=\"entry-thumbnail\">\n      \n      \n      \t<img loading=\"lazy\" decoding=\"async\" width=\"1250\" height=\"1000\" src=\"https:\/\/static.tecnichenuove.it\/areaarch\/2025\/01\/bbu-library-and-student-center-gereben-marian-architects_23.jpeg\" class=\"attachment-post-thumbnail size-post-thumbnail wp-post-image\" alt=\"\" srcset=\"https:\/\/static.tecnichenuove.it\/areaarch\/2025\/01\/bbu-library-and-student-center-gereben-marian-architects_23.jpeg 1250w, https:\/\/static.tecnichenuove.it\/areaarch\/2025\/01\/bbu-library-and-student-center-gereben-marian-architects_23-300x240.jpeg 300w, https:\/\/static.tecnichenuove.it\/areaarch\/2025\/01\/bbu-library-and-student-center-gereben-marian-architects_23-1024x819.jpeg 1024w, https:\/\/static.tecnichenuove.it\/areaarch\/2025\/01\/bbu-library-and-student-center-gereben-marian-architects_23-768x614.jpeg 768w, https:\/\/static.tecnichenuove.it\/areaarch\/2025\/01\/bbu-library-and-student-center-gereben-marian-architects_23-696x557.jpeg 696w, https:\/\/static.tecnichenuove.it\/areaarch\/2025\/01\/bbu-library-and-student-center-gereben-marian-architects_23-1068x854.jpeg 1068w, https:\/\/static.tecnichenuove.it\/areaarch\/2025\/01\/bbu-library-and-student-center-gereben-marian-architects_23-525x420.jpeg 525w\" sizes=\"auto, (max-width: 1250px) 100vw, 1250px\" \/>\n      \t<img decoding=\"async\" src=\"https:\/\/static.tecnichenuove.it\/areaarch\/2025\/01\/02-groundfloor-section-2.jpeg\" class=\"attachment-post-thumbnail\" \/>\n      \n\t<\/div>\n  \t<div class=\"entry-column\">\n      <h3 class=\"entry-title td-module-title\">BBU Library and Student Center<\/h3>\n      <div class=\"td-excerpt\">\n            <div id=\"wpcf-field-tipology\" class=\"wpcf-field-select wpcf-field-tipology\"><span class=\"wpcf-field-name wpcf-field-select-name wpcf-field-tipology-name\">tipology:<\/span> <span class=\"wpcf-field-value wpcf-field-select-value wpcf-field-tipology-value\">education<\/span><\/div>\n            <div id=\"wpcf-field-architect\" class=\"wpcf-field-single-line wpcf-field-architect\"><span class=\"wpcf-field-name wpcf-field-single-line-name wpcf-field-architect-name\">architect:<\/span> <span class=\"wpcf-field-value wpcf-field-single-line-value wpcf-field-architect-value\">Gereben Mari\u00e1n Architects<\/span><\/div>\n            <div id=\"wpcf-field-realization\" class=\"wpcf-field-number wpcf-field-realization\"><span class=\"wpcf-field-name wpcf-field-number-name wpcf-field-realization-name\">realization:<\/span> <span class=\"wpcf-field-value wpcf-field-number-value wpcf-field-realization-value\">2024<\/span><\/div>\n            Budapest, Bagolyv\u00e1r utca, Ungheria\n          <\/div>\n  <\/div>\n<\/article>\n          <\/div>\n            <h4><a href=\"#\" onclick=\"cimap();\" class=\"link-marker js-wpv-addon-maps-focus-map js-toolset-maps-hover-map-map-1-marker-marker-152001 js-toolset-maps-open-infowindow-map-map-1-marker-marker-152001\" data-map=\"map-1\" data-marker=\"marker-152001\">16. BBU Library and Student Center<\/a><\/h4>\n            <div id=\"wpcf-field-tipology\" class=\"wpcf-field-select wpcf-field-tipology\"><span class=\"wpcf-field-name wpcf-field-select-name wpcf-field-tipology-name\">tipology:<\/span> <span class=\"wpcf-field-value wpcf-field-select-value wpcf-field-tipology-value\">education<\/span><\/div> | <div id=\"wpcf-field-architect\" class=\"wpcf-field-single-line wpcf-field-architect\"><span class=\"wpcf-field-name wpcf-field-single-line-name wpcf-field-architect-name\">architect:<\/span> <span class=\"wpcf-field-value wpcf-field-single-line-value wpcf-field-architect-value\">Gereben Mari\u00e1n Architects<\/span><\/div> | <div id=\"wpcf-field-realization\" class=\"wpcf-field-number wpcf-field-realization\"><span class=\"wpcf-field-name wpcf-field-number-name wpcf-field-realization-name\">realization:<\/span> <span class=\"wpcf-field-value wpcf-field-number-value wpcf-field-realization-value\">2024<\/span><\/div>\n          <\/li>\n\t\t\n          <li>\n            \n          <div style=\"display:none\" class=\"wpv-addon-maps-marker js-wpv-addon-maps-marker js-wpv-addon-maps-marker-marker-152004 js-wpv-addon-maps-markerfor-map-1\" data-marker=\"marker-152004\" data-markertitle=\"Pusk\u00e1s Ar\u00e9na\" data-markerfor=\"map-1\" data-markerlat=\"47.5057231\" data-markerlon=\"19.0980084\" data-markericon=\"\/wp-content\/uploads\/sites\/6\/2017\/11\/area_marker_14.png\" data-markericonhover=\"\" data-streetview=\"no\" data-fromview=\"\">\n            <article class=\"marker-itinerario\">\n\t<div class=\"entry-thumbnail\">\n      \n      \n      \t<img loading=\"lazy\" decoding=\"async\" width=\"1320\" height=\"825\" src=\"https:\/\/static.tecnichenuove.it\/areaarch\/2025\/01\/foto-arena.jpeg\" class=\"attachment-post-thumbnail size-post-thumbnail wp-post-image\" alt=\"\" srcset=\"https:\/\/static.tecnichenuove.it\/areaarch\/2025\/01\/foto-arena.jpeg 1320w, https:\/\/static.tecnichenuove.it\/areaarch\/2025\/01\/foto-arena-300x188.jpeg 300w, https:\/\/static.tecnichenuove.it\/areaarch\/2025\/01\/foto-arena-1024x640.jpeg 1024w, https:\/\/static.tecnichenuove.it\/areaarch\/2025\/01\/foto-arena-768x480.jpeg 768w, https:\/\/static.tecnichenuove.it\/areaarch\/2025\/01\/foto-arena-696x435.jpeg 696w, https:\/\/static.tecnichenuove.it\/areaarch\/2025\/01\/foto-arena-1068x668.jpeg 1068w, https:\/\/static.tecnichenuove.it\/areaarch\/2025\/01\/foto-arena-672x420.jpeg 672w\" sizes=\"auto, (max-width: 1320px) 100vw, 1320px\" \/>\n      \t<img decoding=\"async\" src=\"https:\/\/static.tecnichenuove.it\/areaarch\/2025\/01\/pianta-arena.jpeg\" class=\"attachment-post-thumbnail\" \/>\n      \n\t<\/div>\n  \t<div class=\"entry-column\">\n      <h3 class=\"entry-title td-module-title\">Pusk\u00e1s Ar\u00e9na<\/h3>\n      <div class=\"td-excerpt\">\n            <div id=\"wpcf-field-tipology\" class=\"wpcf-field-select wpcf-field-tipology\"><span class=\"wpcf-field-name wpcf-field-select-name wpcf-field-tipology-name\">tipology:<\/span> <span class=\"wpcf-field-value wpcf-field-select-value wpcf-field-tipology-value\">sport<\/span><\/div>\n            <div id=\"wpcf-field-architect\" class=\"wpcf-field-single-line wpcf-field-architect\"><span class=\"wpcf-field-name wpcf-field-single-line-name wpcf-field-architect-name\">architect:<\/span> <span class=\"wpcf-field-value wpcf-field-single-line-value wpcf-field-architect-value\">Gy\u00f6gy Skardelli<\/span><\/div>\n            <div id=\"wpcf-field-realization\" class=\"wpcf-field-number wpcf-field-realization\"><span class=\"wpcf-field-name wpcf-field-number-name wpcf-field-realization-name\">realization:<\/span> <span class=\"wpcf-field-value wpcf-field-number-value wpcf-field-realization-value\">2019<\/span><\/div>\n            Budapest, Stef\u00e1nia \u00fat, Ungheria\n          <\/div>\n  <\/div>\n<\/article>\n          <\/div>\n            <h4><a href=\"#\" onclick=\"cimap();\" class=\"link-marker js-wpv-addon-maps-focus-map js-toolset-maps-hover-map-map-1-marker-marker-152004 js-toolset-maps-open-infowindow-map-map-1-marker-marker-152004\" data-map=\"map-1\" data-marker=\"marker-152004\">17. Pusk\u00e1s Ar\u00e9na<\/a><\/h4>\n            <div id=\"wpcf-field-tipology\" class=\"wpcf-field-select wpcf-field-tipology\"><span class=\"wpcf-field-name wpcf-field-select-name wpcf-field-tipology-name\">tipology:<\/span> <span class=\"wpcf-field-value wpcf-field-select-value wpcf-field-tipology-value\">sport<\/span><\/div> | <div id=\"wpcf-field-architect\" class=\"wpcf-field-single-line wpcf-field-architect\"><span class=\"wpcf-field-name wpcf-field-single-line-name wpcf-field-architect-name\">architect:<\/span> <span class=\"wpcf-field-value wpcf-field-single-line-value wpcf-field-architect-value\">Gy\u00f6gy Skardelli<\/span><\/div> | <div id=\"wpcf-field-realization\" class=\"wpcf-field-number wpcf-field-realization\"><span class=\"wpcf-field-name wpcf-field-number-name wpcf-field-realization-name\">realization:<\/span> <span class=\"wpcf-field-value wpcf-field-number-value wpcf-field-realization-value\">2019<\/span><\/div>\n          <\/li>\n\t\t\n          <li>\n            \n          <div style=\"display:none\" class=\"wpv-addon-maps-marker js-wpv-addon-maps-marker js-wpv-addon-maps-marker-marker-152007 js-wpv-addon-maps-markerfor-map-1\" data-marker=\"marker-152007\" data-markertitle=\"Biod\u00f3m\" data-markerfor=\"map-1\" data-markerlat=\"47.5188176\" data-markerlon=\"19.0807874\" data-markericon=\"\/wp-content\/uploads\/sites\/6\/2017\/11\/area_marker_14.png\" data-markericonhover=\"\" data-streetview=\"no\" data-fromview=\"\">\n            <article class=\"marker-itinerario\">\n\t<div class=\"entry-thumbnail\">\n      \n      \t<img loading=\"lazy\" decoding=\"async\" width=\"300\" height=\"166\" src=\"https:\/\/static.tecnichenuove.it\/areaarch\/2025\/01\/pannon-park-biodom-b1-300x166.jpeg\" class=\"attachment-medium size-medium wp-post-image\" alt=\"\" srcset=\"https:\/\/static.tecnichenuove.it\/areaarch\/2025\/01\/pannon-park-biodom-b1-300x166.jpeg 300w, https:\/\/static.tecnichenuove.it\/areaarch\/2025\/01\/pannon-park-biodom-b1-1024x567.jpeg 1024w, https:\/\/static.tecnichenuove.it\/areaarch\/2025\/01\/pannon-park-biodom-b1-768x425.jpeg 768w, https:\/\/static.tecnichenuove.it\/areaarch\/2025\/01\/pannon-park-biodom-b1-696x385.jpeg 696w, https:\/\/static.tecnichenuove.it\/areaarch\/2025\/01\/pannon-park-biodom-b1-1392x770.jpeg 1392w, https:\/\/static.tecnichenuove.it\/areaarch\/2025\/01\/pannon-park-biodom-b1-1068x591.jpeg 1068w, https:\/\/static.tecnichenuove.it\/areaarch\/2025\/01\/pannon-park-biodom-b1-759x420.jpeg 759w, https:\/\/static.tecnichenuove.it\/areaarch\/2025\/01\/pannon-park-biodom-b1.jpeg 1500w\" sizes=\"auto, (max-width: 300px) 100vw, 300px\" \/>\n      \n      \n\t<\/div>\n  \t<div class=\"entry-column\">\n      <h3 class=\"entry-title td-module-title\">Biod\u00f3m<\/h3>\n      <div class=\"td-excerpt\">\n            <div id=\"wpcf-field-tipology\" class=\"wpcf-field-select wpcf-field-tipology\"><span class=\"wpcf-field-name wpcf-field-select-name wpcf-field-tipology-name\">tipology:<\/span> <span class=\"wpcf-field-value wpcf-field-select-value wpcf-field-tipology-value\">sport<\/span><\/div>\n            <div id=\"wpcf-field-architect\" class=\"wpcf-field-single-line wpcf-field-architect\"><span class=\"wpcf-field-name wpcf-field-single-line-name wpcf-field-architect-name\">architect:<\/span> <span class=\"wpcf-field-value wpcf-field-single-line-value wpcf-field-architect-value\">Paulinyi and Partners<\/span><\/div>\n            <div id=\"wpcf-field-realization\" class=\"wpcf-field-number wpcf-field-realization\"><span class=\"wpcf-field-name wpcf-field-number-name wpcf-field-realization-name\">realization:<\/span> <span class=\"wpcf-field-value wpcf-field-number-value wpcf-field-realization-value\">2020<\/span><\/div>\n            Budapest, \u00c1llatkerti k\u00f6r\u00fat, Ungheria\n          <\/div>\n  <\/div>\n<\/article>\n          <\/div>\n            <h4><a href=\"#\" onclick=\"cimap();\" class=\"link-marker js-wpv-addon-maps-focus-map js-toolset-maps-hover-map-map-1-marker-marker-152007 js-toolset-maps-open-infowindow-map-map-1-marker-marker-152007\" data-map=\"map-1\" data-marker=\"marker-152007\">18. Biod\u00f3m<\/a><\/h4>\n            <div id=\"wpcf-field-tipology\" class=\"wpcf-field-select wpcf-field-tipology\"><span class=\"wpcf-field-name wpcf-field-select-name wpcf-field-tipology-name\">tipology:<\/span> <span class=\"wpcf-field-value wpcf-field-select-value wpcf-field-tipology-value\">sport<\/span><\/div> | <div id=\"wpcf-field-architect\" class=\"wpcf-field-single-line wpcf-field-architect\"><span class=\"wpcf-field-name wpcf-field-single-line-name wpcf-field-architect-name\">architect:<\/span> <span class=\"wpcf-field-value wpcf-field-single-line-value wpcf-field-architect-value\">Paulinyi and Partners<\/span><\/div> | <div id=\"wpcf-field-realization\" class=\"wpcf-field-number wpcf-field-realization\"><span class=\"wpcf-field-name wpcf-field-number-name wpcf-field-realization-name\">realization:<\/span> <span class=\"wpcf-field-value wpcf-field-number-value wpcf-field-realization-value\">2020<\/span><\/div>\n          <\/li>\n\t\t\n          <li>\n            \n          <div style=\"display:none\" class=\"wpv-addon-maps-marker js-wpv-addon-maps-marker js-wpv-addon-maps-marker-marker-152009 js-wpv-addon-maps-markerfor-map-1\" data-marker=\"marker-152009\" data-markertitle=\"Bagni Szechenyi\" data-markerfor=\"map-1\" data-markerlat=\"47.5188176\" data-markerlon=\"19.0807874\" data-markericon=\"\/wp-content\/uploads\/sites\/6\/2017\/11\/area_marker_12.png\" data-markericonhover=\"\" data-streetview=\"no\" data-fromview=\"\">\n            <article class=\"marker-itinerario\">\n\t<div class=\"entry-thumbnail\">\n      \n      \n      \t<img loading=\"lazy\" decoding=\"async\" width=\"690\" height=\"514\" src=\"https:\/\/static.tecnichenuove.it\/areaarch\/2025\/01\/Schermata-2024-11-19-alle-23.15.22.png\" class=\"attachment-post-thumbnail size-post-thumbnail wp-post-image\" alt=\"\" srcset=\"https:\/\/static.tecnichenuove.it\/areaarch\/2025\/01\/Schermata-2024-11-19-alle-23.15.22.png 690w, https:\/\/static.tecnichenuove.it\/areaarch\/2025\/01\/Schermata-2024-11-19-alle-23.15.22-300x223.png 300w, https:\/\/static.tecnichenuove.it\/areaarch\/2025\/01\/Schermata-2024-11-19-alle-23.15.22-80x60.png 80w, https:\/\/static.tecnichenuove.it\/areaarch\/2025\/01\/Schermata-2024-11-19-alle-23.15.22-160x120.png 160w, https:\/\/static.tecnichenuove.it\/areaarch\/2025\/01\/Schermata-2024-11-19-alle-23.15.22-265x198.png 265w, https:\/\/static.tecnichenuove.it\/areaarch\/2025\/01\/Schermata-2024-11-19-alle-23.15.22-564x420.png 564w\" sizes=\"auto, (max-width: 690px) 100vw, 690px\" \/>\n      \t<img decoding=\"async\" src=\"https:\/\/static.tecnichenuove.it\/areaarch\/2025\/01\/disegno.jpg\" class=\"attachment-post-thumbnail\" \/>\n      \n\t<\/div>\n  \t<div class=\"entry-column\">\n      <h3 class=\"entry-title td-module-title\">Bagni Szechenyi<\/h3>\n      <div class=\"td-excerpt\">\n            <div id=\"wpcf-field-tipology\" class=\"wpcf-field-select wpcf-field-tipology\"><span class=\"wpcf-field-name wpcf-field-select-name wpcf-field-tipology-name\">tipology:<\/span> <span class=\"wpcf-field-value wpcf-field-select-value wpcf-field-tipology-value\">public<\/span><\/div>\n            <div id=\"wpcf-field-architect\" class=\"wpcf-field-single-line wpcf-field-architect\"><span class=\"wpcf-field-name wpcf-field-single-line-name wpcf-field-architect-name\">architect:<\/span> <span class=\"wpcf-field-value wpcf-field-single-line-value wpcf-field-architect-value\">Gyozo Czigler<\/span><\/div>\n            <div id=\"wpcf-field-realization\" class=\"wpcf-field-number wpcf-field-realization\"><span class=\"wpcf-field-name wpcf-field-number-name wpcf-field-realization-name\">realization:<\/span> <span class=\"wpcf-field-value wpcf-field-number-value wpcf-field-realization-value\">1881<\/span><\/div>\n            Budapest, \u00c1llatkerti k\u00f6r\u00fat, Ungheria\n          <\/div>\n  <\/div>\n<\/article>\n          <\/div>\n            <h4><a href=\"#\" onclick=\"cimap();\" class=\"link-marker js-wpv-addon-maps-focus-map js-toolset-maps-hover-map-map-1-marker-marker-152009 js-toolset-maps-open-infowindow-map-map-1-marker-marker-152009\" data-map=\"map-1\" data-marker=\"marker-152009\">19. Bagni Szechenyi<\/a><\/h4>\n            <div id=\"wpcf-field-tipology\" class=\"wpcf-field-select wpcf-field-tipology\"><span class=\"wpcf-field-name wpcf-field-select-name wpcf-field-tipology-name\">tipology:<\/span> <span class=\"wpcf-field-value wpcf-field-select-value wpcf-field-tipology-value\">public<\/span><\/div> | <div id=\"wpcf-field-architect\" class=\"wpcf-field-single-line wpcf-field-architect\"><span class=\"wpcf-field-name wpcf-field-single-line-name wpcf-field-architect-name\">architect:<\/span> <span class=\"wpcf-field-value wpcf-field-single-line-value wpcf-field-architect-value\">Gyozo Czigler<\/span><\/div> | <div id=\"wpcf-field-realization\" class=\"wpcf-field-number wpcf-field-realization\"><span class=\"wpcf-field-name wpcf-field-number-name wpcf-field-realization-name\">realization:<\/span> <span class=\"wpcf-field-value wpcf-field-number-value wpcf-field-realization-value\">1881<\/span><\/div>\n          <\/li>\n\t\t\n          <li>\n            \n          <div style=\"display:none\" class=\"wpv-addon-maps-marker js-wpv-addon-maps-marker js-wpv-addon-maps-marker-marker-152012 js-wpv-addon-maps-markerfor-map-1\" data-marker=\"marker-152012\" data-markertitle=\"The House of Music Hungary\" data-markerfor=\"map-1\" data-markerlat=\"47.5123162\" data-markerlon=\"19.084577\" data-markericon=\"\/wp-content\/uploads\/sites\/6\/2017\/11\/area_marker_12.png\" data-markericonhover=\"\" data-streetview=\"no\" data-fromview=\"\">\n            <article class=\"marker-itinerario\">\n\t<div class=\"entry-thumbnail\">\n      \n      \n      \t<img loading=\"lazy\" decoding=\"async\" width=\"1400\" height=\"870\" src=\"https:\/\/static.tecnichenuove.it\/areaarch\/2025\/01\/House-of-Music-Hungary.jpg\" class=\"attachment-post-thumbnail size-post-thumbnail wp-post-image\" alt=\"\" srcset=\"https:\/\/static.tecnichenuove.it\/areaarch\/2025\/01\/House-of-Music-Hungary.jpg 1400w, https:\/\/static.tecnichenuove.it\/areaarch\/2025\/01\/House-of-Music-Hungary-300x186.jpg 300w, https:\/\/static.tecnichenuove.it\/areaarch\/2025\/01\/House-of-Music-Hungary-1024x636.jpg 1024w, https:\/\/static.tecnichenuove.it\/areaarch\/2025\/01\/House-of-Music-Hungary-768x477.jpg 768w, https:\/\/static.tecnichenuove.it\/areaarch\/2025\/01\/House-of-Music-Hungary-356x220.jpg 356w, https:\/\/static.tecnichenuove.it\/areaarch\/2025\/01\/House-of-Music-Hungary-696x433.jpg 696w, https:\/\/static.tecnichenuove.it\/areaarch\/2025\/01\/House-of-Music-Hungary-1068x664.jpg 1068w, https:\/\/static.tecnichenuove.it\/areaarch\/2025\/01\/House-of-Music-Hungary-676x420.jpg 676w\" sizes=\"auto, (max-width: 1400px) 100vw, 1400px\" \/>\n      \t<img decoding=\"async\" src=\"https:\/\/static.tecnichenuove.it\/areaarch\/2025\/01\/House-of-Music-Hungary-pianta.jpeg\" class=\"attachment-post-thumbnail\" \/>\n      \n\t<\/div>\n  \t<div class=\"entry-column\">\n      <h3 class=\"entry-title td-module-title\">The House of Music Hungary<\/h3>\n      <div class=\"td-excerpt\">\n            <div id=\"wpcf-field-tipology\" class=\"wpcf-field-select wpcf-field-tipology\"><span class=\"wpcf-field-name wpcf-field-select-name wpcf-field-tipology-name\">tipology:<\/span> <span class=\"wpcf-field-value wpcf-field-select-value wpcf-field-tipology-value\">public<\/span><\/div>\n            <div id=\"wpcf-field-architect\" class=\"wpcf-field-single-line wpcf-field-architect\"><span class=\"wpcf-field-name wpcf-field-single-line-name wpcf-field-architect-name\">architect:<\/span> <span class=\"wpcf-field-value wpcf-field-single-line-value wpcf-field-architect-value\">Sou Fujimoto Architects<\/span><\/div>\n            <div id=\"wpcf-field-realization\" class=\"wpcf-field-number wpcf-field-realization\"><span class=\"wpcf-field-name wpcf-field-number-name wpcf-field-realization-name\">realization:<\/span> <span class=\"wpcf-field-value wpcf-field-number-value wpcf-field-realization-value\">2021<\/span><\/div>\n            Budapest, Olof Palme s\u00e9t\u00e1ny, Ungheria\n          <\/div>\n  <\/div>\n<\/article>\n          <\/div>\n            <h4><a href=\"#\" onclick=\"cimap();\" class=\"link-marker js-wpv-addon-maps-focus-map js-toolset-maps-hover-map-map-1-marker-marker-152012 js-toolset-maps-open-infowindow-map-map-1-marker-marker-152012\" data-map=\"map-1\" data-marker=\"marker-152012\">20. The House of Music Hungary<\/a><\/h4>\n            <div id=\"wpcf-field-tipology\" class=\"wpcf-field-select wpcf-field-tipology\"><span class=\"wpcf-field-name wpcf-field-select-name wpcf-field-tipology-name\">tipology:<\/span> <span class=\"wpcf-field-value wpcf-field-select-value wpcf-field-tipology-value\">public<\/span><\/div> | <div id=\"wpcf-field-architect\" class=\"wpcf-field-single-line wpcf-field-architect\"><span class=\"wpcf-field-name wpcf-field-single-line-name wpcf-field-architect-name\">architect:<\/span> <span class=\"wpcf-field-value wpcf-field-single-line-value wpcf-field-architect-value\">Sou Fujimoto Architects<\/span><\/div> | <div id=\"wpcf-field-realization\" class=\"wpcf-field-number wpcf-field-realization\"><span class=\"wpcf-field-name wpcf-field-number-name wpcf-field-realization-name\">realization:<\/span> <span class=\"wpcf-field-value wpcf-field-number-value wpcf-field-realization-value\">2021<\/span><\/div>\n          <\/li>\n\t\t\n          <li>\n            \n          <div style=\"display:none\" class=\"wpv-addon-maps-marker js-wpv-addon-maps-marker js-wpv-addon-maps-marker-marker-152015 js-wpv-addon-maps-markerfor-map-1\" data-marker=\"marker-152015\" data-markertitle=\"Museum of Ethnography\" data-markerfor=\"map-1\" data-markerlat=\"47.5105197\" data-markerlon=\"19.0816631\" data-markericon=\"\/wp-content\/uploads\/sites\/6\/2017\/11\/area_marker_10.png\" data-markericonhover=\"\" data-streetview=\"no\" data-fromview=\"\">\n            <article class=\"marker-itinerario\">\n\t<div class=\"entry-thumbnail\">\n      \n      \n      \t<img loading=\"lazy\" decoding=\"async\" width=\"1335\" height=\"1000\" src=\"https:\/\/static.tecnichenuove.it\/areaarch\/2025\/01\/museum-of-ethnography.jpeg\" class=\"attachment-post-thumbnail size-post-thumbnail wp-post-image\" alt=\"\" srcset=\"https:\/\/static.tecnichenuove.it\/areaarch\/2025\/01\/museum-of-ethnography.jpeg 1335w, https:\/\/static.tecnichenuove.it\/areaarch\/2025\/01\/museum-of-ethnography-300x225.jpeg 300w, https:\/\/static.tecnichenuove.it\/areaarch\/2025\/01\/museum-of-ethnography-1024x767.jpeg 1024w, https:\/\/static.tecnichenuove.it\/areaarch\/2025\/01\/museum-of-ethnography-768x575.jpeg 768w, https:\/\/static.tecnichenuove.it\/areaarch\/2025\/01\/museum-of-ethnography-80x60.jpeg 80w, https:\/\/static.tecnichenuove.it\/areaarch\/2025\/01\/museum-of-ethnography-160x120.jpeg 160w, https:\/\/static.tecnichenuove.it\/areaarch\/2025\/01\/museum-of-ethnography-265x198.jpeg 265w, https:\/\/static.tecnichenuove.it\/areaarch\/2025\/01\/museum-of-ethnography-696x521.jpeg 696w, https:\/\/static.tecnichenuove.it\/areaarch\/2025\/01\/museum-of-ethnography-1068x800.jpeg 1068w, https:\/\/static.tecnichenuove.it\/areaarch\/2025\/01\/museum-of-ethnography-561x420.jpeg 561w\" sizes=\"auto, (max-width: 1335px) 100vw, 1335px\" \/>\n      \t<img decoding=\"async\" src=\"https:\/\/static.tecnichenuove.it\/areaarch\/2025\/01\/museum-of-ethnography-sezione.jpeg\" class=\"attachment-post-thumbnail\" \/>\n      \n\t<\/div>\n  \t<div class=\"entry-column\">\n      <h3 class=\"entry-title td-module-title\">Museum of Ethnography<\/h3>\n      <div class=\"td-excerpt\">\n            <div id=\"wpcf-field-tipology\" class=\"wpcf-field-select wpcf-field-tipology\"><span class=\"wpcf-field-name wpcf-field-select-name wpcf-field-tipology-name\">tipology:<\/span> <span class=\"wpcf-field-value wpcf-field-select-value wpcf-field-tipology-value\">museum<\/span><\/div>\n            <div id=\"wpcf-field-architect\" class=\"wpcf-field-single-line wpcf-field-architect\"><span class=\"wpcf-field-name wpcf-field-single-line-name wpcf-field-architect-name\">architect:<\/span> <span class=\"wpcf-field-value wpcf-field-single-line-value wpcf-field-architect-value\">Napur Architect<\/span><\/div>\n            <div id=\"wpcf-field-realization\" class=\"wpcf-field-number wpcf-field-realization\"><span class=\"wpcf-field-name wpcf-field-number-name wpcf-field-realization-name\">realization:<\/span> <span class=\"wpcf-field-value wpcf-field-number-value wpcf-field-realization-value\">2022<\/span><\/div>\n            Budapest, D\u00f3zsa Gy\u00f6rgy \u00fat, Ungheria\n          <\/div>\n  <\/div>\n<\/article>\n          <\/div>\n            <h4><a href=\"#\" onclick=\"cimap();\" class=\"link-marker js-wpv-addon-maps-focus-map js-toolset-maps-hover-map-map-1-marker-marker-152015 js-toolset-maps-open-infowindow-map-map-1-marker-marker-152015\" data-map=\"map-1\" data-marker=\"marker-152015\">21. Museum of Ethnography<\/a><\/h4>\n            <div id=\"wpcf-field-tipology\" class=\"wpcf-field-select wpcf-field-tipology\"><span class=\"wpcf-field-name wpcf-field-select-name wpcf-field-tipology-name\">tipology:<\/span> <span class=\"wpcf-field-value wpcf-field-select-value wpcf-field-tipology-value\">museum<\/span><\/div> | <div id=\"wpcf-field-architect\" class=\"wpcf-field-single-line wpcf-field-architect\"><span class=\"wpcf-field-name wpcf-field-single-line-name wpcf-field-architect-name\">architect:<\/span> <span class=\"wpcf-field-value wpcf-field-single-line-value wpcf-field-architect-value\">Napur Architect<\/span><\/div> | <div id=\"wpcf-field-realization\" class=\"wpcf-field-number wpcf-field-realization\"><span class=\"wpcf-field-name wpcf-field-number-name wpcf-field-realization-name\">realization:<\/span> <span class=\"wpcf-field-value wpcf-field-number-value wpcf-field-realization-value\">2022<\/span><\/div>\n          <\/li>\n\t\t\n          <li>\n            \n          <div style=\"display:none\" class=\"wpv-addon-maps-marker js-wpv-addon-maps-marker js-wpv-addon-maps-marker-marker-152018 js-wpv-addon-maps-markerfor-map-1\" data-marker=\"marker-152018\" data-markertitle=\"ING Head Office Budapest\" data-markerfor=\"map-1\" data-markerlat=\"47.5105197\" data-markerlon=\"19.0816631\" data-markericon=\"\/wp-content\/uploads\/sites\/6\/2017\/11\/area_marker_11.png\" data-markericonhover=\"\" data-streetview=\"no\" data-fromview=\"\">\n            <article class=\"marker-itinerario\">\n\t<div class=\"entry-thumbnail\">\n      \n      \n      \t<img loading=\"lazy\" decoding=\"async\" width=\"1280\" height=\"853\" src=\"https:\/\/static.tecnichenuove.it\/areaarch\/2025\/01\/ing-budapest.jpg\" class=\"attachment-post-thumbnail size-post-thumbnail wp-post-image\" alt=\"\" srcset=\"https:\/\/static.tecnichenuove.it\/areaarch\/2025\/01\/ing-budapest.jpg 1280w, https:\/\/static.tecnichenuove.it\/areaarch\/2025\/01\/ing-budapest-300x200.jpg 300w, https:\/\/static.tecnichenuove.it\/areaarch\/2025\/01\/ing-budapest-1024x682.jpg 1024w, https:\/\/static.tecnichenuove.it\/areaarch\/2025\/01\/ing-budapest-150x100.jpg 150w, https:\/\/static.tecnichenuove.it\/areaarch\/2025\/01\/ing-budapest-768x512.jpg 768w, https:\/\/static.tecnichenuove.it\/areaarch\/2025\/01\/ing-budapest-696x464.jpg 696w, https:\/\/static.tecnichenuove.it\/areaarch\/2025\/01\/ing-budapest-1068x712.jpg 1068w, https:\/\/static.tecnichenuove.it\/areaarch\/2025\/01\/ing-budapest-630x420.jpg 630w\" sizes=\"auto, (max-width: 1280px) 100vw, 1280px\" \/>\n      \t<img decoding=\"async\" src=\"https:\/\/static.tecnichenuove.it\/areaarch\/2025\/01\/ING-sze%CC%81kha%CC%81z_homlokzat.jpeg\" class=\"attachment-post-thumbnail\" \/>\n      \n\t<\/div>\n  \t<div class=\"entry-column\">\n      <h3 class=\"entry-title td-module-title\">ING Head Office Budapest<\/h3>\n      <div class=\"td-excerpt\">\n            <div id=\"wpcf-field-tipology\" class=\"wpcf-field-select wpcf-field-tipology\"><span class=\"wpcf-field-name wpcf-field-select-name wpcf-field-tipology-name\">tipology:<\/span> <span class=\"wpcf-field-value wpcf-field-select-value wpcf-field-tipology-value\">office<\/span><\/div>\n            <div id=\"wpcf-field-architect\" class=\"wpcf-field-single-line wpcf-field-architect\"><span class=\"wpcf-field-name wpcf-field-single-line-name wpcf-field-architect-name\">architect:<\/span> <span class=\"wpcf-field-value wpcf-field-single-line-value wpcf-field-architect-value\">Erick van Egeraat associated architects<\/span><\/div>\n            <div id=\"wpcf-field-realization\" class=\"wpcf-field-number wpcf-field-realization\"><span class=\"wpcf-field-name wpcf-field-number-name wpcf-field-realization-name\">realization:<\/span> <span class=\"wpcf-field-value wpcf-field-number-value wpcf-field-realization-value\">2005<\/span><\/div>\n            Budapest, D\u00f3zsa Gy\u00f6rgy \u00fat, Ungheria\n          <\/div>\n  <\/div>\n<\/article>\n          <\/div>\n            <h4><a href=\"#\" onclick=\"cimap();\" class=\"link-marker js-wpv-addon-maps-focus-map js-toolset-maps-hover-map-map-1-marker-marker-152018 js-toolset-maps-open-infowindow-map-map-1-marker-marker-152018\" data-map=\"map-1\" data-marker=\"marker-152018\">22. ING Head Office Budapest<\/a><\/h4>\n            <div id=\"wpcf-field-tipology\" class=\"wpcf-field-select wpcf-field-tipology\"><span class=\"wpcf-field-name wpcf-field-select-name wpcf-field-tipology-name\">tipology:<\/span> <span class=\"wpcf-field-value wpcf-field-select-value wpcf-field-tipology-value\">office<\/span><\/div> | <div id=\"wpcf-field-architect\" class=\"wpcf-field-single-line wpcf-field-architect\"><span class=\"wpcf-field-name wpcf-field-single-line-name wpcf-field-architect-name\">architect:<\/span> <span class=\"wpcf-field-value wpcf-field-single-line-value wpcf-field-architect-value\">Erick van Egeraat associated architects<\/span><\/div> | <div id=\"wpcf-field-realization\" class=\"wpcf-field-number wpcf-field-realization\"><span class=\"wpcf-field-name wpcf-field-number-name wpcf-field-realization-name\">realization:<\/span> <span class=\"wpcf-field-value wpcf-field-number-value wpcf-field-realization-value\">2005<\/span><\/div>\n          <\/li>\n\t\t\n          <li>\n            \n          <div style=\"display:none\" class=\"wpv-addon-maps-marker js-wpv-addon-maps-marker js-wpv-addon-maps-marker-marker-152021 js-wpv-addon-maps-markerfor-map-1\" data-marker=\"marker-152021\" data-markertitle=\"Terror Haza\" data-markerfor=\"map-1\" data-markerlat=\"47.5024751\" data-markerlon=\"19.0592498\" data-markericon=\"\/wp-content\/uploads\/sites\/6\/2017\/11\/area_marker_13.png\" data-markericonhover=\"\" data-streetview=\"no\" data-fromview=\"\">\n            <article class=\"marker-itinerario\">\n\t<div class=\"entry-thumbnail\">\n      \n      \n      \t<img loading=\"lazy\" decoding=\"async\" width=\"1500\" height=\"1132\" src=\"https:\/\/static.tecnichenuove.it\/areaarch\/2025\/01\/terror-haza-foto.jpeg\" class=\"attachment-post-thumbnail size-post-thumbnail wp-post-image\" alt=\"\" srcset=\"https:\/\/static.tecnichenuove.it\/areaarch\/2025\/01\/terror-haza-foto.jpeg 1500w, https:\/\/static.tecnichenuove.it\/areaarch\/2025\/01\/terror-haza-foto-300x226.jpeg 300w, https:\/\/static.tecnichenuove.it\/areaarch\/2025\/01\/terror-haza-foto-1024x773.jpeg 1024w, https:\/\/static.tecnichenuove.it\/areaarch\/2025\/01\/terror-haza-foto-768x580.jpeg 768w, https:\/\/static.tecnichenuove.it\/areaarch\/2025\/01\/terror-haza-foto-80x60.jpeg 80w, https:\/\/static.tecnichenuove.it\/areaarch\/2025\/01\/terror-haza-foto-160x120.jpeg 160w, https:\/\/static.tecnichenuove.it\/areaarch\/2025\/01\/terror-haza-foto-696x525.jpeg 696w, https:\/\/static.tecnichenuove.it\/areaarch\/2025\/01\/terror-haza-foto-1068x806.jpeg 1068w, https:\/\/static.tecnichenuove.it\/areaarch\/2025\/01\/terror-haza-foto-557x420.jpeg 557w\" sizes=\"auto, (max-width: 1500px) 100vw, 1500px\" \/>\n      \t<img decoding=\"async\" src=\"https:\/\/static.tecnichenuove.it\/areaarch\/2025\/01\/terror-haza-disegno.jpeg\" class=\"attachment-post-thumbnail\" \/>\n      \n\t<\/div>\n  \t<div class=\"entry-column\">\n      <h3 class=\"entry-title td-module-title\">Terror Haza<\/h3>\n      <div class=\"td-excerpt\">\n            <div id=\"wpcf-field-tipology\" class=\"wpcf-field-select wpcf-field-tipology\"><span class=\"wpcf-field-name wpcf-field-select-name wpcf-field-tipology-name\">tipology:<\/span> <span class=\"wpcf-field-value wpcf-field-select-value wpcf-field-tipology-value\">residential<\/span><\/div>\n            <div id=\"wpcf-field-architect\" class=\"wpcf-field-single-line wpcf-field-architect\"><span class=\"wpcf-field-name wpcf-field-single-line-name wpcf-field-architect-name\">architect:<\/span> <span class=\"wpcf-field-value wpcf-field-single-line-value wpcf-field-architect-value\">Attila F. Kov\u00e1cs<\/span><\/div>\n            <div id=\"wpcf-field-realization\" class=\"wpcf-field-number wpcf-field-realization\"><span class=\"wpcf-field-name wpcf-field-number-name wpcf-field-realization-name\">realization:<\/span> <span class=\"wpcf-field-value wpcf-field-number-value wpcf-field-realization-value\">2002<\/span><\/div>\n            Budapest, Andr\u00e1ssy \u00fat, Ungheria\n          <\/div>\n  <\/div>\n<\/article>\n          <\/div>\n            <h4><a href=\"#\" onclick=\"cimap();\" class=\"link-marker js-wpv-addon-maps-focus-map js-toolset-maps-hover-map-map-1-marker-marker-152021 js-toolset-maps-open-infowindow-map-map-1-marker-marker-152021\" data-map=\"map-1\" data-marker=\"marker-152021\">23. Terror Haza<\/a><\/h4>\n            <div id=\"wpcf-field-tipology\" class=\"wpcf-field-select wpcf-field-tipology\"><span class=\"wpcf-field-name wpcf-field-select-name wpcf-field-tipology-name\">tipology:<\/span> <span class=\"wpcf-field-value wpcf-field-select-value wpcf-field-tipology-value\">residential<\/span><\/div> | <div id=\"wpcf-field-architect\" class=\"wpcf-field-single-line wpcf-field-architect\"><span class=\"wpcf-field-name wpcf-field-single-line-name wpcf-field-architect-name\">architect:<\/span> <span class=\"wpcf-field-value wpcf-field-single-line-value wpcf-field-architect-value\">Attila F. Kov\u00e1cs<\/span><\/div> | <div id=\"wpcf-field-realization\" class=\"wpcf-field-number wpcf-field-realization\"><span class=\"wpcf-field-name wpcf-field-number-name wpcf-field-realization-name\">realization:<\/span> <span class=\"wpcf-field-value wpcf-field-number-value wpcf-field-realization-value\">2002<\/span><\/div>\n          <\/li>\n\t\t\n          <li>\n            \n          <div style=\"display:none\" class=\"wpv-addon-maps-marker js-wpv-addon-maps-marker js-wpv-addon-maps-marker-marker-152024 js-wpv-addon-maps-markerfor-map-1\" data-marker=\"marker-152024\" data-markertitle=\"Hotel Oktagon &#8211; Haggenmacher Palace\" data-markerfor=\"map-1\" data-markerlat=\"47.5024751\" data-markerlon=\"19.0592498\" data-markericon=\"\/wp-content\/uploads\/sites\/6\/2017\/11\/area_marker_7.png\" data-markericonhover=\"\" data-streetview=\"no\" data-fromview=\"\">\n            <article class=\"marker-itinerario\">\n\t<div class=\"entry-thumbnail\">\n      \n      \n      \t<img loading=\"lazy\" decoding=\"async\" width=\"643\" height=\"428\" src=\"https:\/\/static.tecnichenuove.it\/areaarch\/2025\/01\/archikon-hotel-oktogon-hotels-archello.1680635008.5621.jpg\" class=\"attachment-post-thumbnail size-post-thumbnail wp-post-image\" alt=\"\" srcset=\"https:\/\/static.tecnichenuove.it\/areaarch\/2025\/01\/archikon-hotel-oktogon-hotels-archello.1680635008.5621.jpg 643w, https:\/\/static.tecnichenuove.it\/areaarch\/2025\/01\/archikon-hotel-oktogon-hotels-archello.1680635008.5621-300x200.jpg 300w, https:\/\/static.tecnichenuove.it\/areaarch\/2025\/01\/archikon-hotel-oktogon-hotels-archello.1680635008.5621-150x100.jpg 150w, https:\/\/static.tecnichenuove.it\/areaarch\/2025\/01\/archikon-hotel-oktogon-hotels-archello.1680635008.5621-631x420.jpg 631w\" sizes=\"auto, (max-width: 643px) 100vw, 643px\" \/>\n      \t<img decoding=\"async\" src=\"https:\/\/static.tecnichenuove.it\/areaarch\/2025\/01\/archikon-hotel-oktogon-hotels-archello.1680635393.8454.jpg\" class=\"attachment-post-thumbnail\" \/>\n      \n\t<\/div>\n  \t<div class=\"entry-column\">\n      <h3 class=\"entry-title td-module-title\">Hotel Oktagon &#8211; Haggenmacher Palace<\/h3>\n      <div class=\"td-excerpt\">\n            <div id=\"wpcf-field-tipology\" class=\"wpcf-field-select wpcf-field-tipology\"><span class=\"wpcf-field-name wpcf-field-select-name wpcf-field-tipology-name\">tipology:<\/span> <span class=\"wpcf-field-value wpcf-field-select-value wpcf-field-tipology-value\">hotel<\/span><\/div>\n            <div id=\"wpcf-field-architect\" class=\"wpcf-field-single-line wpcf-field-architect\"><span class=\"wpcf-field-name wpcf-field-single-line-name wpcf-field-architect-name\">architect:<\/span> <span class=\"wpcf-field-value wpcf-field-single-line-value wpcf-field-architect-value\">Archikon Architects<\/span><\/div>\n            <div id=\"wpcf-field-realization\" class=\"wpcf-field-number wpcf-field-realization\"><span class=\"wpcf-field-name wpcf-field-number-name wpcf-field-realization-name\">realization:<\/span> <span class=\"wpcf-field-value wpcf-field-number-value wpcf-field-realization-value\">2022<\/span><\/div>\n            Budapest, Andr\u00e1ssy \u00fat, Ungheria\n          <\/div>\n  <\/div>\n<\/article>\n          <\/div>\n            <h4><a href=\"#\" onclick=\"cimap();\" class=\"link-marker js-wpv-addon-maps-focus-map js-toolset-maps-hover-map-map-1-marker-marker-152024 js-toolset-maps-open-infowindow-map-map-1-marker-marker-152024\" data-map=\"map-1\" data-marker=\"marker-152024\">24. Hotel Oktagon &#8211; Haggenmacher Palace<\/a><\/h4>\n            <div id=\"wpcf-field-tipology\" class=\"wpcf-field-select wpcf-field-tipology\"><span class=\"wpcf-field-name wpcf-field-select-name wpcf-field-tipology-name\">tipology:<\/span> <span class=\"wpcf-field-value wpcf-field-select-value wpcf-field-tipology-value\">hotel<\/span><\/div> | <div id=\"wpcf-field-architect\" class=\"wpcf-field-single-line wpcf-field-architect\"><span class=\"wpcf-field-name wpcf-field-single-line-name wpcf-field-architect-name\">architect:<\/span> <span class=\"wpcf-field-value wpcf-field-single-line-value wpcf-field-architect-value\">Archikon Architects<\/span><\/div> | <div id=\"wpcf-field-realization\" class=\"wpcf-field-number wpcf-field-realization\"><span class=\"wpcf-field-name wpcf-field-number-name wpcf-field-realization-name\">realization:<\/span> <span class=\"wpcf-field-value wpcf-field-number-value wpcf-field-realization-value\">2022<\/span><\/div>\n          <\/li>\n\t\t\n          <li>\n            \n          <div style=\"display:none\" class=\"wpv-addon-maps-marker js-wpv-addon-maps-marker js-wpv-addon-maps-marker-marker-152027 js-wpv-addon-maps-markerfor-map-1\" data-marker=\"marker-152027\" data-markertitle=\"Central European University Building\" data-markerfor=\"map-1\" data-markerlat=\"47.5020267\" data-markerlon=\"19.0490262\" data-markericon=\"\/wp-content\/uploads\/sites\/6\/2017\/11\/area_marker_4.png\" data-markericonhover=\"\" data-streetview=\"no\" data-fromview=\"\">\n            <article class=\"marker-itinerario\">\n\t<div class=\"entry-thumbnail\">\n      \n      \n      \t<img loading=\"lazy\" decoding=\"async\" width=\"667\" height=\"1000\" src=\"https:\/\/static.tecnichenuove.it\/areaarch\/2025\/01\/Central-European-University-Building.jpeg\" class=\"attachment-post-thumbnail size-post-thumbnail wp-post-image\" alt=\"\" srcset=\"https:\/\/static.tecnichenuove.it\/areaarch\/2025\/01\/Central-European-University-Building.jpeg 667w, https:\/\/static.tecnichenuove.it\/areaarch\/2025\/01\/Central-European-University-Building-200x300.jpeg 200w, https:\/\/static.tecnichenuove.it\/areaarch\/2025\/01\/Central-European-University-Building-280x420.jpeg 280w\" sizes=\"auto, (max-width: 667px) 100vw, 667px\" \/>\n      \t<img decoding=\"async\" src=\"https:\/\/static.tecnichenuove.it\/areaarch\/2025\/01\/Central-European-University-Building-sezione.jpeg\" class=\"attachment-post-thumbnail\" \/>\n      \n\t<\/div>\n  \t<div class=\"entry-column\">\n      <h3 class=\"entry-title td-module-title\">Central European University Building<\/h3>\n      <div class=\"td-excerpt\">\n            <div id=\"wpcf-field-tipology\" class=\"wpcf-field-select wpcf-field-tipology\"><span class=\"wpcf-field-name wpcf-field-select-name wpcf-field-tipology-name\">tipology:<\/span> <span class=\"wpcf-field-value wpcf-field-select-value wpcf-field-tipology-value\">education<\/span><\/div>\n            <div id=\"wpcf-field-architect\" class=\"wpcf-field-single-line wpcf-field-architect\"><span class=\"wpcf-field-name wpcf-field-single-line-name wpcf-field-architect-name\">architect:<\/span> <span class=\"wpcf-field-value wpcf-field-single-line-value wpcf-field-architect-value\">Irish O'Donnell + Tuomey<\/span><\/div>\n            <div id=\"wpcf-field-realization\" class=\"wpcf-field-number wpcf-field-realization\"><span class=\"wpcf-field-name wpcf-field-number-name wpcf-field-realization-name\">realization:<\/span> <span class=\"wpcf-field-value wpcf-field-number-value wpcf-field-realization-value\">2026<\/span><\/div>\n            Budapest, N\u00e1dor utca, Ungheria\n          <\/div>\n  <\/div>\n<\/article>\n          <\/div>\n            <h4><a href=\"#\" onclick=\"cimap();\" class=\"link-marker js-wpv-addon-maps-focus-map js-toolset-maps-hover-map-map-1-marker-marker-152027 js-toolset-maps-open-infowindow-map-map-1-marker-marker-152027\" data-map=\"map-1\" data-marker=\"marker-152027\">25. Central European University Building<\/a><\/h4>\n            <div id=\"wpcf-field-tipology\" class=\"wpcf-field-select wpcf-field-tipology\"><span class=\"wpcf-field-name wpcf-field-select-name wpcf-field-tipology-name\">tipology:<\/span> <span class=\"wpcf-field-value wpcf-field-select-value wpcf-field-tipology-value\">education<\/span><\/div> | <div id=\"wpcf-field-architect\" class=\"wpcf-field-single-line wpcf-field-architect\"><span class=\"wpcf-field-name wpcf-field-single-line-name wpcf-field-architect-name\">architect:<\/span> <span class=\"wpcf-field-value wpcf-field-single-line-value wpcf-field-architect-value\">Irish O'Donnell + Tuomey<\/span><\/div> | <div id=\"wpcf-field-realization\" class=\"wpcf-field-number wpcf-field-realization\"><span class=\"wpcf-field-name wpcf-field-number-name wpcf-field-realization-name\">realization:<\/span> <span class=\"wpcf-field-value wpcf-field-number-value wpcf-field-realization-value\">2026<\/span><\/div>\n          <\/li>\n\t\t\n          <li>\n            \n          <div style=\"display:none\" class=\"wpv-addon-maps-marker js-wpv-addon-maps-marker js-wpv-addon-maps-marker-marker-152030 js-wpv-addon-maps-markerfor-map-1\" data-marker=\"marker-152030\" data-markertitle=\"Pavilon V\u00f6r\u00f6smarty\" data-markerfor=\"map-1\" data-markerlat=\"47.496914\" data-markerlon=\"19.0506573\" data-markericon=\"\/wp-content\/uploads\/sites\/6\/2017\/11\/area_marker_12.png\" data-markericonhover=\"\" data-streetview=\"no\" data-fromview=\"\">\n            <article class=\"marker-itinerario\">\n\t<div class=\"entry-thumbnail\">\n      \n      \n      \t<img loading=\"lazy\" decoding=\"async\" width=\"1772\" height=\"1181\" src=\"https:\/\/static.tecnichenuove.it\/areaarch\/2025\/01\/Darab_Zsuzsa_Hello_Wood_Pavilon_Vo%CC%88ro%CC%88smarty_te%CC%81r_2880px_012.jpg\" class=\"attachment-post-thumbnail size-post-thumbnail wp-post-image\" alt=\"\" srcset=\"https:\/\/static.tecnichenuove.it\/areaarch\/2025\/01\/Darab_Zsuzsa_Hello_Wood_Pavilon_Vo%CC%88ro%CC%88smarty_te%CC%81r_2880px_012.jpg 1772w, https:\/\/static.tecnichenuove.it\/areaarch\/2025\/01\/Darab_Zsuzsa_Hello_Wood_Pavilon_Vo%CC%88ro%CC%88smarty_te%CC%81r_2880px_012-300x200.jpg 300w, https:\/\/static.tecnichenuove.it\/areaarch\/2025\/01\/Darab_Zsuzsa_Hello_Wood_Pavilon_Vo%CC%88ro%CC%88smarty_te%CC%81r_2880px_012-1024x682.jpg 1024w, https:\/\/static.tecnichenuove.it\/areaarch\/2025\/01\/Darab_Zsuzsa_Hello_Wood_Pavilon_Vo%CC%88ro%CC%88smarty_te%CC%81r_2880px_012-150x100.jpg 150w, https:\/\/static.tecnichenuove.it\/areaarch\/2025\/01\/Darab_Zsuzsa_Hello_Wood_Pavilon_Vo%CC%88ro%CC%88smarty_te%CC%81r_2880px_012-768x512.jpg 768w, https:\/\/static.tecnichenuove.it\/areaarch\/2025\/01\/Darab_Zsuzsa_Hello_Wood_Pavilon_Vo%CC%88ro%CC%88smarty_te%CC%81r_2880px_012-1536x1024.jpg 1536w, https:\/\/static.tecnichenuove.it\/areaarch\/2025\/01\/Darab_Zsuzsa_Hello_Wood_Pavilon_Vo%CC%88ro%CC%88smarty_te%CC%81r_2880px_012-696x464.jpg 696w, https:\/\/static.tecnichenuove.it\/areaarch\/2025\/01\/Darab_Zsuzsa_Hello_Wood_Pavilon_Vo%CC%88ro%CC%88smarty_te%CC%81r_2880px_012-1068x712.jpg 1068w, https:\/\/static.tecnichenuove.it\/areaarch\/2025\/01\/Darab_Zsuzsa_Hello_Wood_Pavilon_Vo%CC%88ro%CC%88smarty_te%CC%81r_2880px_012-630x420.jpg 630w\" sizes=\"auto, (max-width: 1772px) 100vw, 1772px\" \/>\n      \t<img decoding=\"async\" src=\"https:\/\/static.tecnichenuove.it\/areaarch\/2025\/01\/FLOOR_ELEVATION.jpg\" class=\"attachment-post-thumbnail\" \/>\n      \n\t<\/div>\n  \t<div class=\"entry-column\">\n      <h3 class=\"entry-title td-module-title\">Pavilon V\u00f6r\u00f6smarty<\/h3>\n      <div class=\"td-excerpt\">\n            <div id=\"wpcf-field-tipology\" class=\"wpcf-field-select wpcf-field-tipology\"><span class=\"wpcf-field-name wpcf-field-select-name wpcf-field-tipology-name\">tipology:<\/span> <span class=\"wpcf-field-value wpcf-field-select-value wpcf-field-tipology-value\">public<\/span><\/div>\n            <div id=\"wpcf-field-architect\" class=\"wpcf-field-single-line wpcf-field-architect\"><span class=\"wpcf-field-name wpcf-field-single-line-name wpcf-field-architect-name\">architect:<\/span> <span class=\"wpcf-field-value wpcf-field-single-line-value wpcf-field-architect-value\">Hello Wood<\/span><\/div>\n            <div id=\"wpcf-field-realization\" class=\"wpcf-field-number wpcf-field-realization\"><span class=\"wpcf-field-name wpcf-field-number-name wpcf-field-realization-name\">realization:<\/span> <span class=\"wpcf-field-value wpcf-field-number-value wpcf-field-realization-value\">2019<\/span><\/div>\n            Budapest, V\u00f6r\u00f6smarty t\u00e9r, Ungheria\n          <\/div>\n  <\/div>\n<\/article>\n          <\/div>\n            <h4><a href=\"#\" onclick=\"cimap();\" class=\"link-marker js-wpv-addon-maps-focus-map js-toolset-maps-hover-map-map-1-marker-marker-152030 js-toolset-maps-open-infowindow-map-map-1-marker-marker-152030\" data-map=\"map-1\" data-marker=\"marker-152030\">26. Pavilon V\u00f6r\u00f6smarty<\/a><\/h4>\n            <div id=\"wpcf-field-tipology\" class=\"wpcf-field-select wpcf-field-tipology\"><span class=\"wpcf-field-name wpcf-field-select-name wpcf-field-tipology-name\">tipology:<\/span> <span class=\"wpcf-field-value wpcf-field-select-value wpcf-field-tipology-value\">public<\/span><\/div> | <div id=\"wpcf-field-architect\" class=\"wpcf-field-single-line wpcf-field-architect\"><span class=\"wpcf-field-name wpcf-field-single-line-name wpcf-field-architect-name\">architect:<\/span> <span class=\"wpcf-field-value wpcf-field-single-line-value wpcf-field-architect-value\">Hello Wood<\/span><\/div> | <div id=\"wpcf-field-realization\" class=\"wpcf-field-number wpcf-field-realization\"><span class=\"wpcf-field-name wpcf-field-number-name wpcf-field-realization-name\">realization:<\/span> <span class=\"wpcf-field-value wpcf-field-number-value wpcf-field-realization-value\">2019<\/span><\/div>\n          <\/li>\n\t\t\n          <li>\n            \n          <div style=\"display:none\" class=\"wpv-addon-maps-marker js-wpv-addon-maps-marker js-wpv-addon-maps-marker-marker-152033 js-wpv-addon-maps-markerfor-map-1\" data-marker=\"marker-152033\" data-markertitle=\"Szervita Square building\" data-markerfor=\"map-1\" data-markerlat=\"47.4954265\" data-markerlon=\"19.0526966\" data-markericon=\"\/wp-content\/uploads\/sites\/6\/2017\/11\/area_marker_11.png\" data-markericonhover=\"\" data-streetview=\"no\" data-fromview=\"\">\n            <article class=\"marker-itinerario\">\n\t<div class=\"entry-thumbnail\">\n      \n      \n      \t<img loading=\"lazy\" decoding=\"async\" width=\"952\" height=\"638\" src=\"https:\/\/static.tecnichenuove.it\/areaarch\/2025\/01\/952_epiteszforum-kozos-nevezo-szervita-square-building-0-140-2021-09-30-160029.jpeg\" class=\"attachment-post-thumbnail size-post-thumbnail wp-post-image\" alt=\"\" srcset=\"https:\/\/static.tecnichenuove.it\/areaarch\/2025\/01\/952_epiteszforum-kozos-nevezo-szervita-square-building-0-140-2021-09-30-160029.jpeg 952w, https:\/\/static.tecnichenuove.it\/areaarch\/2025\/01\/952_epiteszforum-kozos-nevezo-szervita-square-building-0-140-2021-09-30-160029-300x201.jpeg 300w, https:\/\/static.tecnichenuove.it\/areaarch\/2025\/01\/952_epiteszforum-kozos-nevezo-szervita-square-building-0-140-2021-09-30-160029-150x100.jpeg 150w, https:\/\/static.tecnichenuove.it\/areaarch\/2025\/01\/952_epiteszforum-kozos-nevezo-szervita-square-building-0-140-2021-09-30-160029-768x515.jpeg 768w, https:\/\/static.tecnichenuove.it\/areaarch\/2025\/01\/952_epiteszforum-kozos-nevezo-szervita-square-building-0-140-2021-09-30-160029-696x466.jpeg 696w, https:\/\/static.tecnichenuove.it\/areaarch\/2025\/01\/952_epiteszforum-kozos-nevezo-szervita-square-building-0-140-2021-09-30-160029-627x420.jpeg 627w\" sizes=\"auto, (max-width: 952px) 100vw, 952px\" \/>\n      \t<img decoding=\"async\" src=\"https:\/\/static.tecnichenuove.it\/areaarch\/2025\/01\/960_epiteszforum-kozos-nevezo-szervita-square-building-2-30-2021-09-30-155727.jpeg\" class=\"attachment-post-thumbnail\" \/>\n      \n\t<\/div>\n  \t<div class=\"entry-column\">\n      <h3 class=\"entry-title td-module-title\">Szervita Square building<\/h3>\n      <div class=\"td-excerpt\">\n            <div id=\"wpcf-field-tipology\" class=\"wpcf-field-select wpcf-field-tipology\"><span class=\"wpcf-field-name wpcf-field-select-name wpcf-field-tipology-name\">tipology:<\/span> <span class=\"wpcf-field-value wpcf-field-select-value wpcf-field-tipology-value\">office<\/span><\/div>\n            <div id=\"wpcf-field-architect\" class=\"wpcf-field-single-line wpcf-field-architect\"><span class=\"wpcf-field-name wpcf-field-single-line-name wpcf-field-architect-name\">architect:<\/span> <span class=\"wpcf-field-value wpcf-field-single-line-value wpcf-field-architect-value\">Antal Fekete, DVM Group, L\u00e1szl\u00f3<\/span><\/div>\n            <div id=\"wpcf-field-realization\" class=\"wpcf-field-number wpcf-field-realization\"><span class=\"wpcf-field-name wpcf-field-number-name wpcf-field-realization-name\">realization:<\/span> <span class=\"wpcf-field-value wpcf-field-number-value wpcf-field-realization-value\">2021<\/span><\/div>\n            Budapest, Szervita t\u00e9r, Ungheria\n          <\/div>\n  <\/div>\n<\/article>\n          <\/div>\n            <h4><a href=\"#\" onclick=\"cimap();\" class=\"link-marker js-wpv-addon-maps-focus-map js-toolset-maps-hover-map-map-1-marker-marker-152033 js-toolset-maps-open-infowindow-map-map-1-marker-marker-152033\" data-map=\"map-1\" data-marker=\"marker-152033\">27. Szervita Square building<\/a><\/h4>\n            <div id=\"wpcf-field-tipology\" class=\"wpcf-field-select wpcf-field-tipology\"><span class=\"wpcf-field-name wpcf-field-select-name wpcf-field-tipology-name\">tipology:<\/span> <span class=\"wpcf-field-value wpcf-field-select-value wpcf-field-tipology-value\">office<\/span><\/div> | <div id=\"wpcf-field-architect\" class=\"wpcf-field-single-line wpcf-field-architect\"><span class=\"wpcf-field-name wpcf-field-single-line-name wpcf-field-architect-name\">architect:<\/span> <span class=\"wpcf-field-value wpcf-field-single-line-value wpcf-field-architect-value\">Antal Fekete, DVM Group, L\u00e1szl\u00f3<\/span><\/div> | <div id=\"wpcf-field-realization\" class=\"wpcf-field-number wpcf-field-realization\"><span class=\"wpcf-field-name wpcf-field-number-name wpcf-field-realization-name\">realization:<\/span> <span class=\"wpcf-field-value wpcf-field-number-value wpcf-field-realization-value\">2021<\/span><\/div>\n          <\/li>\n\t\t\n          <li>\n            \n          <div style=\"display:none\" class=\"wpv-addon-maps-marker js-wpv-addon-maps-marker js-wpv-addon-maps-marker-marker-152036 js-wpv-addon-maps-markerfor-map-1\" data-marker=\"marker-152036\" data-markertitle=\"Museum of Serbian Orthodox Church\" data-markerfor=\"map-1\" data-markerlat=\"47.4896319\" data-markerlon=\"19.0578087\" data-markericon=\"\/wp-content\/uploads\/sites\/6\/2017\/11\/area_marker_10.png\" data-markericonhover=\"\" data-streetview=\"no\" data-fromview=\"\">\n            <article class=\"marker-itinerario\">\n\t<div class=\"entry-thumbnail\">\n      \n      \n      \t<img loading=\"lazy\" decoding=\"async\" width=\"360\" height=\"500\" src=\"https:\/\/static.tecnichenuove.it\/areaarch\/2025\/01\/Museum-Of-Serbian-Orthodox-Church-in-Hungary.jpg\" class=\"attachment-post-thumbnail size-post-thumbnail wp-post-image\" alt=\"\" srcset=\"https:\/\/static.tecnichenuove.it\/areaarch\/2025\/01\/Museum-Of-Serbian-Orthodox-Church-in-Hungary.jpg 360w, https:\/\/static.tecnichenuove.it\/areaarch\/2025\/01\/Museum-Of-Serbian-Orthodox-Church-in-Hungary-216x300.jpg 216w, https:\/\/static.tecnichenuove.it\/areaarch\/2025\/01\/Museum-Of-Serbian-Orthodox-Church-in-Hungary-302x420.jpg 302w\" sizes=\"auto, (max-width: 360px) 100vw, 360px\" \/>\n      \t<img decoding=\"async\" src=\"https:\/\/static.tecnichenuove.it\/areaarch\/2025\/01\/VAA-Virtual-Association-of-Architects.jpg\" class=\"attachment-post-thumbnail\" \/>\n      \n\t<\/div>\n  \t<div class=\"entry-column\">\n      <h3 class=\"entry-title td-module-title\">Museum of Serbian Orthodox Church<\/h3>\n      <div class=\"td-excerpt\">\n            <div id=\"wpcf-field-tipology\" class=\"wpcf-field-select wpcf-field-tipology\"><span class=\"wpcf-field-name wpcf-field-select-name wpcf-field-tipology-name\">tipology:<\/span> <span class=\"wpcf-field-value wpcf-field-select-value wpcf-field-tipology-value\">museum<\/span><\/div>\n            <div id=\"wpcf-field-architect\" class=\"wpcf-field-single-line wpcf-field-architect\"><span class=\"wpcf-field-name wpcf-field-single-line-name wpcf-field-architect-name\">architect:<\/span> <span class=\"wpcf-field-value wpcf-field-single-line-value wpcf-field-architect-value\">VAA Visual Association of Architects<\/span><\/div>\n            <div id=\"wpcf-field-realization\" class=\"wpcf-field-number wpcf-field-realization\"><span class=\"wpcf-field-name wpcf-field-number-name wpcf-field-realization-name\">realization:<\/span> <span class=\"wpcf-field-value wpcf-field-number-value wpcf-field-realization-value\">2016<\/span><\/div>\n            Budapest, Szerb utca, Ungheria\n          <\/div>\n  <\/div>\n<\/article>\n          <\/div>\n            <h4><a href=\"#\" onclick=\"cimap();\" class=\"link-marker js-wpv-addon-maps-focus-map js-toolset-maps-hover-map-map-1-marker-marker-152036 js-toolset-maps-open-infowindow-map-map-1-marker-marker-152036\" data-map=\"map-1\" data-marker=\"marker-152036\">28. Museum of Serbian Orthodox Church<\/a><\/h4>\n            <div id=\"wpcf-field-tipology\" class=\"wpcf-field-select wpcf-field-tipology\"><span class=\"wpcf-field-name wpcf-field-select-name wpcf-field-tipology-name\">tipology:<\/span> <span class=\"wpcf-field-value wpcf-field-select-value wpcf-field-tipology-value\">museum<\/span><\/div> | <div id=\"wpcf-field-architect\" class=\"wpcf-field-single-line wpcf-field-architect\"><span class=\"wpcf-field-name wpcf-field-single-line-name wpcf-field-architect-name\">architect:<\/span> <span class=\"wpcf-field-value wpcf-field-single-line-value wpcf-field-architect-value\">VAA Visual Association of Architects<\/span><\/div> | <div id=\"wpcf-field-realization\" class=\"wpcf-field-number wpcf-field-realization\"><span class=\"wpcf-field-name wpcf-field-number-name wpcf-field-realization-name\">realization:<\/span> <span class=\"wpcf-field-value wpcf-field-number-value wpcf-field-realization-value\">2016<\/span><\/div>\n          <\/li>\n\t\t\n          <li>\n            \n          <div style=\"display:none\" class=\"wpv-addon-maps-marker js-wpv-addon-maps-marker js-wpv-addon-maps-marker-marker-152039 js-wpv-addon-maps-markerfor-map-1\" data-marker=\"marker-152039\" data-markertitle=\"K\u00f6zponti V\u00e1s\u00e1rcsarnok\" data-markerfor=\"map-1\" data-markerlat=\"47.4858889\" data-markerlon=\"19.0577563\" data-markericon=\"\/wp-content\/uploads\/sites\/6\/2017\/11\/area_marker_9.png\" data-markericonhover=\"\" data-streetview=\"no\" data-fromview=\"\">\n            <article class=\"marker-itinerario\">\n\t<div class=\"entry-thumbnail\">\n      \n      \n      \t<img loading=\"lazy\" decoding=\"async\" width=\"1024\" height=\"683\" src=\"https:\/\/static.tecnichenuove.it\/areaarch\/2025\/01\/mercato-centrale.jpeg\" class=\"attachment-post-thumbnail size-post-thumbnail wp-post-image\" alt=\"\" srcset=\"https:\/\/static.tecnichenuove.it\/areaarch\/2025\/01\/mercato-centrale.jpeg 1024w, https:\/\/static.tecnichenuove.it\/areaarch\/2025\/01\/mercato-centrale-300x200.jpeg 300w, https:\/\/static.tecnichenuove.it\/areaarch\/2025\/01\/mercato-centrale-150x100.jpeg 150w, https:\/\/static.tecnichenuove.it\/areaarch\/2025\/01\/mercato-centrale-768x512.jpeg 768w, https:\/\/static.tecnichenuove.it\/areaarch\/2025\/01\/mercato-centrale-696x464.jpeg 696w, https:\/\/static.tecnichenuove.it\/areaarch\/2025\/01\/mercato-centrale-630x420.jpeg 630w\" sizes=\"auto, (max-width: 1024px) 100vw, 1024px\" \/>\n      \t<img decoding=\"async\" src=\"https:\/\/static.tecnichenuove.it\/areaarch\/2025\/01\/Grand_Market_Hall_of_Budapest_-_Project.png\" class=\"attachment-post-thumbnail\" \/>\n      \n\t<\/div>\n  \t<div class=\"entry-column\">\n      <h3 class=\"entry-title td-module-title\">K\u00f6zponti V\u00e1s\u00e1rcsarnok<\/h3>\n      <div class=\"td-excerpt\">\n            <div id=\"wpcf-field-tipology\" class=\"wpcf-field-select wpcf-field-tipology\"><span class=\"wpcf-field-name wpcf-field-select-name wpcf-field-tipology-name\">tipology:<\/span> <span class=\"wpcf-field-value wpcf-field-select-value wpcf-field-tipology-value\">mixed use<\/span><\/div>\n            <div id=\"wpcf-field-architect\" class=\"wpcf-field-single-line wpcf-field-architect\"><span class=\"wpcf-field-name wpcf-field-single-line-name wpcf-field-architect-name\">architect:<\/span> <span class=\"wpcf-field-value wpcf-field-single-line-value wpcf-field-architect-value\">Samu Pecz<\/span><\/div>\n            <div id=\"wpcf-field-realization\" class=\"wpcf-field-number wpcf-field-realization\"><span class=\"wpcf-field-name wpcf-field-number-name wpcf-field-realization-name\">realization:<\/span> <span class=\"wpcf-field-value wpcf-field-number-value wpcf-field-realization-value\">1897<\/span><\/div>\n            Budapest, F\u0151v\u00e1m t\u00e9r, Ungheria\n          <\/div>\n  <\/div>\n<\/article>\n          <\/div>\n            <h4><a href=\"#\" onclick=\"cimap();\" class=\"link-marker js-wpv-addon-maps-focus-map js-toolset-maps-hover-map-map-1-marker-marker-152039 js-toolset-maps-open-infowindow-map-map-1-marker-marker-152039\" data-map=\"map-1\" data-marker=\"marker-152039\">29. K\u00f6zponti V\u00e1s\u00e1rcsarnok<\/a><\/h4>\n            <div id=\"wpcf-field-tipology\" class=\"wpcf-field-select wpcf-field-tipology\"><span class=\"wpcf-field-name wpcf-field-select-name wpcf-field-tipology-name\">tipology:<\/span> <span class=\"wpcf-field-value wpcf-field-select-value wpcf-field-tipology-value\">mixed use<\/span><\/div> | <div id=\"wpcf-field-architect\" class=\"wpcf-field-single-line wpcf-field-architect\"><span class=\"wpcf-field-name wpcf-field-single-line-name wpcf-field-architect-name\">architect:<\/span> <span class=\"wpcf-field-value wpcf-field-single-line-value wpcf-field-architect-value\">Samu Pecz<\/span><\/div> | <div id=\"wpcf-field-realization\" class=\"wpcf-field-number wpcf-field-realization\"><span class=\"wpcf-field-name wpcf-field-number-name wpcf-field-realization-name\">realization:<\/span> <span class=\"wpcf-field-value wpcf-field-number-value wpcf-field-realization-value\">1897<\/span><\/div>\n          <\/li>\n\t\t\n          <li>\n            \n          <div style=\"display:none\" class=\"wpv-addon-maps-marker js-wpv-addon-maps-marker js-wpv-addon-maps-marker-marker-152042 js-wpv-addon-maps-markerfor-map-1\" data-marker=\"marker-152042\" data-markertitle=\"M4, Gell\u00e9rt T\u00e9r station\" data-markerfor=\"map-1\" data-markerlat=\"47.4839619\" data-markerlon=\"19.0535223\" data-markericon=\"\/wp-content\/uploads\/sites\/6\/2017\/11\/area_marker_12.png\" data-markericonhover=\"\" data-streetview=\"no\" data-fromview=\"\">\n            <article class=\"marker-itinerario\">\n\t<div class=\"entry-thumbnail\">\n      \n      \n      \t<img loading=\"lazy\" decoding=\"async\" width=\"1500\" height=\"1000\" src=\"https:\/\/static.tecnichenuove.it\/areaarch\/2025\/01\/gellert26.jpeg\" class=\"attachment-post-thumbnail size-post-thumbnail wp-post-image\" alt=\"\" srcset=\"https:\/\/static.tecnichenuove.it\/areaarch\/2025\/01\/gellert26.jpeg 1500w, https:\/\/static.tecnichenuove.it\/areaarch\/2025\/01\/gellert26-300x200.jpeg 300w, https:\/\/static.tecnichenuove.it\/areaarch\/2025\/01\/gellert26-1024x683.jpeg 1024w, https:\/\/static.tecnichenuove.it\/areaarch\/2025\/01\/gellert26-150x100.jpeg 150w, https:\/\/static.tecnichenuove.it\/areaarch\/2025\/01\/gellert26-768x512.jpeg 768w, https:\/\/static.tecnichenuove.it\/areaarch\/2025\/01\/gellert26-696x464.jpeg 696w, https:\/\/static.tecnichenuove.it\/areaarch\/2025\/01\/gellert26-1068x712.jpeg 1068w, https:\/\/static.tecnichenuove.it\/areaarch\/2025\/01\/gellert26-630x420.jpeg 630w\" sizes=\"auto, (max-width: 1500px) 100vw, 1500px\" \/>\n      \t<img decoding=\"async\" src=\"https:\/\/static.tecnichenuove.it\/areaarch\/2025\/01\/GELLERTplatform1-e1736764919152.jpeg\" class=\"attachment-post-thumbnail\" \/>\n      \n\t<\/div>\n  \t<div class=\"entry-column\">\n      <h3 class=\"entry-title td-module-title\">M4, Gell\u00e9rt T\u00e9r station<\/h3>\n      <div class=\"td-excerpt\">\n            <div id=\"wpcf-field-tipology\" class=\"wpcf-field-select wpcf-field-tipology\"><span class=\"wpcf-field-name wpcf-field-select-name wpcf-field-tipology-name\">tipology:<\/span> <span class=\"wpcf-field-value wpcf-field-select-value wpcf-field-tipology-value\">public<\/span><\/div>\n            <div id=\"wpcf-field-architect\" class=\"wpcf-field-single-line wpcf-field-architect\"><span class=\"wpcf-field-name wpcf-field-single-line-name wpcf-field-architect-name\">architect:<\/span> <span class=\"wpcf-field-value wpcf-field-single-line-value wpcf-field-architect-value\">Sporaarchitects<\/span><\/div>\n            <div id=\"wpcf-field-realization\" class=\"wpcf-field-number wpcf-field-realization\"><span class=\"wpcf-field-name wpcf-field-number-name wpcf-field-realization-name\">realization:<\/span> <span class=\"wpcf-field-value wpcf-field-number-value wpcf-field-realization-value\">2014<\/span><\/div>\n            Budapest, Szent Gell\u00e9rt t\u00e9r, Ungheria\n          <\/div>\n  <\/div>\n<\/article>\n          <\/div>\n            <h4><a href=\"#\" onclick=\"cimap();\" class=\"link-marker js-wpv-addon-maps-focus-map js-toolset-maps-hover-map-map-1-marker-marker-152042 js-toolset-maps-open-infowindow-map-map-1-marker-marker-152042\" data-map=\"map-1\" data-marker=\"marker-152042\">30. M4, Gell\u00e9rt T\u00e9r station<\/a><\/h4>\n            <div id=\"wpcf-field-tipology\" class=\"wpcf-field-select wpcf-field-tipology\"><span class=\"wpcf-field-name wpcf-field-select-name wpcf-field-tipology-name\">tipology:<\/span> <span class=\"wpcf-field-value wpcf-field-select-value wpcf-field-tipology-value\">public<\/span><\/div> | <div id=\"wpcf-field-architect\" class=\"wpcf-field-single-line wpcf-field-architect\"><span class=\"wpcf-field-name wpcf-field-single-line-name wpcf-field-architect-name\">architect:<\/span> <span class=\"wpcf-field-value wpcf-field-single-line-value wpcf-field-architect-value\">Sporaarchitects<\/span><\/div> | <div id=\"wpcf-field-realization\" class=\"wpcf-field-number wpcf-field-realization\"><span class=\"wpcf-field-name wpcf-field-number-name wpcf-field-realization-name\">realization:<\/span> <span class=\"wpcf-field-value wpcf-field-number-value wpcf-field-realization-value\">2014<\/span><\/div>\n          <\/li>\n\t\t\n          <li>\n            \n          <div style=\"display:none\" class=\"wpv-addon-maps-marker js-wpv-addon-maps-marker js-wpv-addon-maps-marker-marker-152045 js-wpv-addon-maps-markerfor-map-1\" data-marker=\"marker-152045\" data-markertitle=\"CET \/ B\u00e1lna\" data-markerfor=\"map-1\" data-markerlat=\"47.4858889\" data-markerlon=\"19.0577563\" data-markericon=\"\/wp-content\/uploads\/sites\/6\/2017\/11\/area_marker_9.png\" data-markericonhover=\"\" data-streetview=\"no\" data-fromview=\"\">\n            <article class=\"marker-itinerario\">\n\t<div class=\"entry-thumbnail\">\n      \n      \n      \t<img loading=\"lazy\" decoding=\"async\" width=\"2046\" height=\"915\" src=\"https:\/\/static.tecnichenuove.it\/areaarch\/2025\/01\/CET_Ba%CC%81lna.jpeg\" class=\"attachment-post-thumbnail size-post-thumbnail wp-post-image\" alt=\"\" srcset=\"https:\/\/static.tecnichenuove.it\/areaarch\/2025\/01\/CET_Ba%CC%81lna.jpeg 2046w, https:\/\/static.tecnichenuove.it\/areaarch\/2025\/01\/CET_Ba%CC%81lna-300x134.jpeg 300w, https:\/\/static.tecnichenuove.it\/areaarch\/2025\/01\/CET_Ba%CC%81lna-1024x458.jpeg 1024w, https:\/\/static.tecnichenuove.it\/areaarch\/2025\/01\/CET_Ba%CC%81lna-768x343.jpeg 768w, https:\/\/static.tecnichenuove.it\/areaarch\/2025\/01\/CET_Ba%CC%81lna-1536x687.jpeg 1536w, https:\/\/static.tecnichenuove.it\/areaarch\/2025\/01\/CET_Ba%CC%81lna-696x311.jpeg 696w, https:\/\/static.tecnichenuove.it\/areaarch\/2025\/01\/CET_Ba%CC%81lna-1068x478.jpeg 1068w, https:\/\/static.tecnichenuove.it\/areaarch\/2025\/01\/CET_Ba%CC%81lna-939x420.jpeg 939w\" sizes=\"auto, (max-width: 2046px) 100vw, 2046px\" \/>\n      \t<img decoding=\"async\" src=\"https:\/\/static.tecnichenuove.it\/areaarch\/2025\/01\/CET_Ba\u0301lna-prospetto.jpg\" class=\"attachment-post-thumbnail\" \/>\n      \n\t<\/div>\n  \t<div class=\"entry-column\">\n      <h3 class=\"entry-title td-module-title\">CET \/ B\u00e1lna<\/h3>\n      <div class=\"td-excerpt\">\n            <div id=\"wpcf-field-tipology\" class=\"wpcf-field-select wpcf-field-tipology\"><span class=\"wpcf-field-name wpcf-field-select-name wpcf-field-tipology-name\">tipology:<\/span> <span class=\"wpcf-field-value wpcf-field-select-value wpcf-field-tipology-value\">mixed use<\/span><\/div>\n            <div id=\"wpcf-field-architect\" class=\"wpcf-field-single-line wpcf-field-architect\"><span class=\"wpcf-field-name wpcf-field-single-line-name wpcf-field-architect-name\">architect:<\/span> <span class=\"wpcf-field-value wpcf-field-single-line-value wpcf-field-architect-value\">ONL The Innovation Studio<\/span><\/div>\n            <div id=\"wpcf-field-realization\" class=\"wpcf-field-number wpcf-field-realization\"><span class=\"wpcf-field-name wpcf-field-number-name wpcf-field-realization-name\">realization:<\/span> <span class=\"wpcf-field-value wpcf-field-number-value wpcf-field-realization-value\">2011<\/span><\/div>\n            Budapest, F\u0151v\u00e1m t\u00e9r, Ungheria\n          <\/div>\n  <\/div>\n<\/article>\n          <\/div>\n            <h4><a href=\"#\" onclick=\"cimap();\" class=\"link-marker js-wpv-addon-maps-focus-map js-toolset-maps-hover-map-map-1-marker-marker-152045 js-toolset-maps-open-infowindow-map-map-1-marker-marker-152045\" data-map=\"map-1\" data-marker=\"marker-152045\">31. CET \/ B\u00e1lna<\/a><\/h4>\n            <div id=\"wpcf-field-tipology\" class=\"wpcf-field-select wpcf-field-tipology\"><span class=\"wpcf-field-name wpcf-field-select-name wpcf-field-tipology-name\">tipology:<\/span> <span class=\"wpcf-field-value wpcf-field-select-value wpcf-field-tipology-value\">mixed use<\/span><\/div> | <div id=\"wpcf-field-architect\" class=\"wpcf-field-single-line wpcf-field-architect\"><span class=\"wpcf-field-name wpcf-field-single-line-name wpcf-field-architect-name\">architect:<\/span> <span class=\"wpcf-field-value wpcf-field-single-line-value wpcf-field-architect-value\">ONL The Innovation Studio<\/span><\/div> | <div id=\"wpcf-field-realization\" class=\"wpcf-field-number wpcf-field-realization\"><span class=\"wpcf-field-name wpcf-field-number-name wpcf-field-realization-name\">realization:<\/span> <span class=\"wpcf-field-value wpcf-field-number-value wpcf-field-realization-value\">2011<\/span><\/div>\n          <\/li>\n\t\t\n          <li>\n            \n          <div style=\"display:none\" class=\"wpv-addon-maps-marker js-wpv-addon-maps-marker js-wpv-addon-maps-marker-marker-152048 js-wpv-addon-maps-markerfor-map-1\" data-marker=\"marker-152048\" data-markertitle=\"Budapest Music Center\" data-markerfor=\"map-1\" data-markerlat=\"47.4922029\" data-markerlon=\"19.080174\" data-markericon=\"\/wp-content\/uploads\/sites\/6\/2017\/11\/area_marker_12.png\" data-markericonhover=\"\" data-streetview=\"no\" data-fromview=\"\">\n            <article class=\"marker-itinerario\">\n\t<div class=\"entry-thumbnail\">\n      \n      \n      \t<img loading=\"lazy\" decoding=\"async\" width=\"2000\" height=\"2313\" src=\"https:\/\/static.tecnichenuove.it\/areaarch\/2025\/01\/Budapest-Music-Center_Art1st-Design-Studio-foto.jpeg\" class=\"attachment-post-thumbnail size-post-thumbnail wp-post-image\" alt=\"\" srcset=\"https:\/\/static.tecnichenuove.it\/areaarch\/2025\/01\/Budapest-Music-Center_Art1st-Design-Studio-foto.jpeg 2000w, https:\/\/static.tecnichenuove.it\/areaarch\/2025\/01\/Budapest-Music-Center_Art1st-Design-Studio-foto-259x300.jpeg 259w, https:\/\/static.tecnichenuove.it\/areaarch\/2025\/01\/Budapest-Music-Center_Art1st-Design-Studio-foto-885x1024.jpeg 885w, https:\/\/static.tecnichenuove.it\/areaarch\/2025\/01\/Budapest-Music-Center_Art1st-Design-Studio-foto-768x888.jpeg 768w, https:\/\/static.tecnichenuove.it\/areaarch\/2025\/01\/Budapest-Music-Center_Art1st-Design-Studio-foto-1328x1536.jpeg 1328w, https:\/\/static.tecnichenuove.it\/areaarch\/2025\/01\/Budapest-Music-Center_Art1st-Design-Studio-foto-1771x2048.jpeg 1771w, https:\/\/static.tecnichenuove.it\/areaarch\/2025\/01\/Budapest-Music-Center_Art1st-Design-Studio-foto-696x805.jpeg 696w, https:\/\/static.tecnichenuove.it\/areaarch\/2025\/01\/Budapest-Music-Center_Art1st-Design-Studio-foto-1068x1235.jpeg 1068w, https:\/\/static.tecnichenuove.it\/areaarch\/2025\/01\/Budapest-Music-Center_Art1st-Design-Studio-foto-363x420.jpeg 363w\" sizes=\"auto, (max-width: 2000px) 100vw, 2000px\" \/>\n      \t<img decoding=\"async\" src=\"https:\/\/static.tecnichenuove.it\/areaarch\/2025\/01\/Budapest-Music-Center_Art1st-Design-Studio-disegno.jpeg\" class=\"attachment-post-thumbnail\" \/>\n      \n\t<\/div>\n  \t<div class=\"entry-column\">\n      <h3 class=\"entry-title td-module-title\">Budapest Music Center<\/h3>\n      <div class=\"td-excerpt\">\n            <div id=\"wpcf-field-tipology\" class=\"wpcf-field-select wpcf-field-tipology\"><span class=\"wpcf-field-name wpcf-field-select-name wpcf-field-tipology-name\">tipology:<\/span> <span class=\"wpcf-field-value wpcf-field-select-value wpcf-field-tipology-value\">public<\/span><\/div>\n            <div id=\"wpcf-field-architect\" class=\"wpcf-field-single-line wpcf-field-architect\"><span class=\"wpcf-field-name wpcf-field-single-line-name wpcf-field-architect-name\">architect:<\/span> <span class=\"wpcf-field-value wpcf-field-single-line-value wpcf-field-architect-value\">Art1st Design Studio<\/span><\/div>\n            <div id=\"wpcf-field-realization\" class=\"wpcf-field-number wpcf-field-realization\"><span class=\"wpcf-field-name wpcf-field-number-name wpcf-field-realization-name\">realization:<\/span> <span class=\"wpcf-field-value wpcf-field-number-value wpcf-field-realization-value\">2013<\/span><\/div>\n            Budapest, M\u00e1ty\u00e1s t\u00e9r, M\u00e1ty\u00e1s t\u00e9r, Ungheria\n          <\/div>\n  <\/div>\n<\/article>\n          <\/div>\n            <h4><a href=\"#\" onclick=\"cimap();\" class=\"link-marker js-wpv-addon-maps-focus-map js-toolset-maps-hover-map-map-1-marker-marker-152048 js-toolset-maps-open-infowindow-map-map-1-marker-marker-152048\" data-map=\"map-1\" data-marker=\"marker-152048\">32. Budapest Music Center<\/a><\/h4>\n            <div id=\"wpcf-field-tipology\" class=\"wpcf-field-select wpcf-field-tipology\"><span class=\"wpcf-field-name wpcf-field-select-name wpcf-field-tipology-name\">tipology:<\/span> <span class=\"wpcf-field-value wpcf-field-select-value wpcf-field-tipology-value\">public<\/span><\/div> | <div id=\"wpcf-field-architect\" class=\"wpcf-field-single-line wpcf-field-architect\"><span class=\"wpcf-field-name wpcf-field-single-line-name wpcf-field-architect-name\">architect:<\/span> <span class=\"wpcf-field-value wpcf-field-single-line-value wpcf-field-architect-value\">Art1st Design Studio<\/span><\/div> | <div id=\"wpcf-field-realization\" class=\"wpcf-field-number wpcf-field-realization\"><span class=\"wpcf-field-name wpcf-field-number-name wpcf-field-realization-name\">realization:<\/span> <span class=\"wpcf-field-value wpcf-field-number-value wpcf-field-realization-value\">2013<\/span><\/div>\n          <\/li>\n\t\t\n          <li>\n            \n          <div style=\"display:none\" class=\"wpv-addon-maps-marker js-wpv-addon-maps-marker js-wpv-addon-maps-marker-marker-152051 js-wpv-addon-maps-markerfor-map-1\" data-marker=\"marker-152051\" data-markertitle=\"University Semmelweis\" data-markerfor=\"map-1\" data-markerlat=\"47.4542118\" data-markerlon=\"19.1537297\" data-markericon=\"\/wp-content\/uploads\/sites\/6\/2017\/11\/area_marker_4.png\" data-markericonhover=\"\" data-streetview=\"no\" data-fromview=\"\">\n            <article class=\"marker-itinerario\">\n\t<div class=\"entry-thumbnail\">\n      \n      \n      \t<img loading=\"lazy\" decoding=\"async\" width=\"1500\" height=\"951\" src=\"https:\/\/static.tecnichenuove.it\/areaarch\/2025\/01\/semmelweis-1.jpg\" class=\"attachment-post-thumbnail size-post-thumbnail wp-post-image\" alt=\"\" srcset=\"https:\/\/static.tecnichenuove.it\/areaarch\/2025\/01\/semmelweis-1.jpg 1500w, https:\/\/static.tecnichenuove.it\/areaarch\/2025\/01\/semmelweis-1-300x190.jpg 300w, https:\/\/static.tecnichenuove.it\/areaarch\/2025\/01\/semmelweis-1-1024x649.jpg 1024w, https:\/\/static.tecnichenuove.it\/areaarch\/2025\/01\/semmelweis-1-768x487.jpg 768w, https:\/\/static.tecnichenuove.it\/areaarch\/2025\/01\/semmelweis-1-696x441.jpg 696w, https:\/\/static.tecnichenuove.it\/areaarch\/2025\/01\/semmelweis-1-1068x677.jpg 1068w, https:\/\/static.tecnichenuove.it\/areaarch\/2025\/01\/semmelweis-1-662x420.jpg 662w\" sizes=\"auto, (max-width: 1500px) 100vw, 1500px\" \/>\n      \t<img decoding=\"async\" src=\"https:\/\/static.tecnichenuove.it\/areaarch\/2025\/01\/drawings-page-03-8.jpg\" class=\"attachment-post-thumbnail\" \/>\n      \n\t<\/div>\n  \t<div class=\"entry-column\">\n      <h3 class=\"entry-title td-module-title\">University Semmelweis<\/h3>\n      <div class=\"td-excerpt\">\n            <div id=\"wpcf-field-tipology\" class=\"wpcf-field-select wpcf-field-tipology\"><span class=\"wpcf-field-name wpcf-field-select-name wpcf-field-tipology-name\">tipology:<\/span> <span class=\"wpcf-field-value wpcf-field-select-value wpcf-field-tipology-value\">education<\/span><\/div>\n            <div id=\"wpcf-field-architect\" class=\"wpcf-field-single-line wpcf-field-architect\"><span class=\"wpcf-field-name wpcf-field-single-line-name wpcf-field-architect-name\">architect:<\/span> <span class=\"wpcf-field-value wpcf-field-single-line-value wpcf-field-architect-value\">Studio Fragment Kft<\/span><\/div>\n            <div id=\"wpcf-field-realization\" class=\"wpcf-field-number wpcf-field-realization\"><span class=\"wpcf-field-name wpcf-field-number-name wpcf-field-realization-name\">realization:<\/span> <span class=\"wpcf-field-value wpcf-field-number-value wpcf-field-realization-value\">2022<\/span><\/div>\n            Budapest, \u00dcll\u0151i \u00fat, Ungheria\n          <\/div>\n  <\/div>\n<\/article>\n          <\/div>\n            <h4><a href=\"#\" onclick=\"cimap();\" class=\"link-marker js-wpv-addon-maps-focus-map js-toolset-maps-hover-map-map-1-marker-marker-152051 js-toolset-maps-open-infowindow-map-map-1-marker-marker-152051\" data-map=\"map-1\" data-marker=\"marker-152051\">33. University Semmelweis<\/a><\/h4>\n            <div id=\"wpcf-field-tipology\" class=\"wpcf-field-select wpcf-field-tipology\"><span class=\"wpcf-field-name wpcf-field-select-name wpcf-field-tipology-name\">tipology:<\/span> <span class=\"wpcf-field-value wpcf-field-select-value wpcf-field-tipology-value\">education<\/span><\/div> | <div id=\"wpcf-field-architect\" class=\"wpcf-field-single-line wpcf-field-architect\"><span class=\"wpcf-field-name wpcf-field-single-line-name wpcf-field-architect-name\">architect:<\/span> <span class=\"wpcf-field-value wpcf-field-single-line-value wpcf-field-architect-value\">Studio Fragment Kft<\/span><\/div> | <div id=\"wpcf-field-realization\" class=\"wpcf-field-number wpcf-field-realization\"><span class=\"wpcf-field-name wpcf-field-number-name wpcf-field-realization-name\">realization:<\/span> <span class=\"wpcf-field-value wpcf-field-number-value wpcf-field-realization-value\">2022<\/span><\/div>\n          <\/li>\n\t\t\n          <li>\n            \n          <div style=\"display:none\" class=\"wpv-addon-maps-marker js-wpv-addon-maps-marker js-wpv-addon-maps-marker-marker-152054 js-wpv-addon-maps-markerfor-map-1\" data-marker=\"marker-152054\" data-markertitle=\"Corvin Parkol\u00f3h\u00e1z\" data-markerfor=\"map-1\" data-markerlat=\"47.4867487\" data-markerlon=\"19.0747478\" data-markericon=\"\/wp-content\/uploads\/sites\/6\/2017\/11\/area_marker_11.png\" data-markericonhover=\"\" data-streetview=\"no\" data-fromview=\"\">\n            <article class=\"marker-itinerario\">\n\t<div class=\"entry-thumbnail\">\n      \n      \n      \t<img loading=\"lazy\" decoding=\"async\" width=\"528\" height=\"528\" src=\"https:\/\/static.tecnichenuove.it\/areaarch\/2025\/01\/3h_c5_2793_2.jpg\" class=\"attachment-post-thumbnail size-post-thumbnail wp-post-image\" alt=\"\" srcset=\"https:\/\/static.tecnichenuove.it\/areaarch\/2025\/01\/3h_c5_2793_2.jpg 528w, https:\/\/static.tecnichenuove.it\/areaarch\/2025\/01\/3h_c5_2793_2-300x300.jpg 300w, https:\/\/static.tecnichenuove.it\/areaarch\/2025\/01\/3h_c5_2793_2-420x420.jpg 420w\" sizes=\"auto, (max-width: 528px) 100vw, 528px\" \/>\n      \t<img decoding=\"async\" src=\"https:\/\/static.tecnichenuove.it\/areaarch\/2025\/01\/3h_C5_model.jpg\" class=\"attachment-post-thumbnail\" \/>\n      \n\t<\/div>\n  \t<div class=\"entry-column\">\n      <h3 class=\"entry-title td-module-title\">Corvin Parkol\u00f3h\u00e1z<\/h3>\n      <div class=\"td-excerpt\">\n            <div id=\"wpcf-field-tipology\" class=\"wpcf-field-select wpcf-field-tipology\"><span class=\"wpcf-field-name wpcf-field-select-name wpcf-field-tipology-name\">tipology:<\/span> <span class=\"wpcf-field-value wpcf-field-select-value wpcf-field-tipology-value\">office<\/span><\/div>\n            <div id=\"wpcf-field-architect\" class=\"wpcf-field-single-line wpcf-field-architect\"><span class=\"wpcf-field-name wpcf-field-single-line-name wpcf-field-architect-name\">architect:<\/span> <span class=\"wpcf-field-value wpcf-field-single-line-value wpcf-field-architect-value\">3h architetti<\/span><\/div>\n            <div id=\"wpcf-field-realization\" class=\"wpcf-field-number wpcf-field-realization\"><span class=\"wpcf-field-name wpcf-field-number-name wpcf-field-realization-name\">realization:<\/span> <span class=\"wpcf-field-value wpcf-field-number-value wpcf-field-realization-value\">2019<\/span><\/div>\n            Budapest, Fut\u00f3 utca, Ungheria\n          <\/div>\n  <\/div>\n<\/article>\n          <\/div>\n            <h4><a href=\"#\" onclick=\"cimap();\" class=\"link-marker js-wpv-addon-maps-focus-map js-toolset-maps-hover-map-map-1-marker-marker-152054 js-toolset-maps-open-infowindow-map-map-1-marker-marker-152054\" data-map=\"map-1\" data-marker=\"marker-152054\">34. Corvin Parkol\u00f3h\u00e1z<\/a><\/h4>\n            <div id=\"wpcf-field-tipology\" class=\"wpcf-field-select wpcf-field-tipology\"><span class=\"wpcf-field-name wpcf-field-select-name wpcf-field-tipology-name\">tipology:<\/span> <span class=\"wpcf-field-value wpcf-field-select-value wpcf-field-tipology-value\">office<\/span><\/div> | <div id=\"wpcf-field-architect\" class=\"wpcf-field-single-line wpcf-field-architect\"><span class=\"wpcf-field-name wpcf-field-single-line-name wpcf-field-architect-name\">architect:<\/span> <span class=\"wpcf-field-value wpcf-field-single-line-value wpcf-field-architect-value\">3h architetti<\/span><\/div> | <div id=\"wpcf-field-realization\" class=\"wpcf-field-number wpcf-field-realization\"><span class=\"wpcf-field-name wpcf-field-number-name wpcf-field-realization-name\">realization:<\/span> <span class=\"wpcf-field-value wpcf-field-number-value wpcf-field-realization-value\">2019<\/span><\/div>\n          <\/li>\n\t\t\n          <li>\n            \n          <div style=\"display:none\" class=\"wpv-addon-maps-marker js-wpv-addon-maps-marker js-wpv-addon-maps-marker-marker-152057 js-wpv-addon-maps-markerfor-map-1\" data-marker=\"marker-152057\" data-markertitle=\"Museum and Education Center House of Fate\" data-markerfor=\"map-1\" data-markerlat=\"47.4947562\" data-markerlon=\"19.0853522\" data-markericon=\"\/wp-content\/uploads\/sites\/6\/2017\/11\/area_marker_10.png\" data-markericonhover=\"\" data-streetview=\"no\" data-fromview=\"\">\n            <article class=\"marker-itinerario\">\n\t<div class=\"entry-thumbnail\">\n      \n      \n      \t<img loading=\"lazy\" decoding=\"async\" width=\"1181\" height=\"958\" src=\"https:\/\/static.tecnichenuove.it\/areaarch\/2025\/01\/3E7E8306.jpg\" class=\"attachment-post-thumbnail size-post-thumbnail wp-post-image\" alt=\"\" srcset=\"https:\/\/static.tecnichenuove.it\/areaarch\/2025\/01\/3E7E8306.jpg 1181w, https:\/\/static.tecnichenuove.it\/areaarch\/2025\/01\/3E7E8306-300x243.jpg 300w, https:\/\/static.tecnichenuove.it\/areaarch\/2025\/01\/3E7E8306-1024x831.jpg 1024w, https:\/\/static.tecnichenuove.it\/areaarch\/2025\/01\/3E7E8306-768x623.jpg 768w, https:\/\/static.tecnichenuove.it\/areaarch\/2025\/01\/3E7E8306-696x565.jpg 696w, https:\/\/static.tecnichenuove.it\/areaarch\/2025\/01\/3E7E8306-1068x866.jpg 1068w, https:\/\/static.tecnichenuove.it\/areaarch\/2025\/01\/3E7E8306-518x420.jpg 518w\" sizes=\"auto, (max-width: 1181px) 100vw, 1181px\" \/>\n      \t<img decoding=\"async\" src=\"https:\/\/static.tecnichenuove.it\/areaarch\/2025\/01\/sh_1st_floor_plan.jpg\" class=\"attachment-post-thumbnail\" \/>\n      \n\t<\/div>\n  \t<div class=\"entry-column\">\n      <h3 class=\"entry-title td-module-title\">Museum and Education Center House of Fate<\/h3>\n      <div class=\"td-excerpt\">\n            <div id=\"wpcf-field-tipology\" class=\"wpcf-field-select wpcf-field-tipology\"><span class=\"wpcf-field-name wpcf-field-select-name wpcf-field-tipology-name\">tipology:<\/span> <span class=\"wpcf-field-value wpcf-field-select-value wpcf-field-tipology-value\">museum<\/span><\/div>\n            <div id=\"wpcf-field-architect\" class=\"wpcf-field-single-line wpcf-field-architect\"><span class=\"wpcf-field-name wpcf-field-single-line-name wpcf-field-architect-name\">architect:<\/span> <span class=\"wpcf-field-value wpcf-field-single-line-value wpcf-field-architect-value\">Attilafk Architects<\/span><\/div>\n            <div id=\"wpcf-field-realization\" class=\"wpcf-field-number wpcf-field-realization\"><span class=\"wpcf-field-name wpcf-field-number-name wpcf-field-realization-name\">realization:<\/span> <span class=\"wpcf-field-value wpcf-field-number-value wpcf-field-realization-value\">2015<\/span><\/div>\n            Budapest, Fiumei \u00fat, Ungheria\n          <\/div>\n  <\/div>\n<\/article>\n          <\/div>\n            <h4><a href=\"#\" onclick=\"cimap();\" class=\"link-marker js-wpv-addon-maps-focus-map js-toolset-maps-hover-map-map-1-marker-marker-152057 js-toolset-maps-open-infowindow-map-map-1-marker-marker-152057\" data-map=\"map-1\" data-marker=\"marker-152057\">35. Museum and Education Center House of Fate<\/a><\/h4>\n            <div id=\"wpcf-field-tipology\" class=\"wpcf-field-select wpcf-field-tipology\"><span class=\"wpcf-field-name wpcf-field-select-name wpcf-field-tipology-name\">tipology:<\/span> <span class=\"wpcf-field-value wpcf-field-select-value wpcf-field-tipology-value\">museum<\/span><\/div> | <div id=\"wpcf-field-architect\" class=\"wpcf-field-single-line wpcf-field-architect\"><span class=\"wpcf-field-name wpcf-field-single-line-name wpcf-field-architect-name\">architect:<\/span> <span class=\"wpcf-field-value wpcf-field-single-line-value wpcf-field-architect-value\">Attilafk Architects<\/span><\/div> | <div id=\"wpcf-field-realization\" class=\"wpcf-field-number wpcf-field-realization\"><span class=\"wpcf-field-name wpcf-field-number-name wpcf-field-realization-name\">realization:<\/span> <span class=\"wpcf-field-value wpcf-field-number-value wpcf-field-realization-value\">2015<\/span><\/div>\n          <\/li>\n\t\t\n          <li>\n            \n          <div style=\"display:none\" class=\"wpv-addon-maps-marker js-wpv-addon-maps-marker js-wpv-addon-maps-marker-marker-152060 js-wpv-addon-maps-markerfor-map-1\" data-marker=\"marker-152060\" data-markertitle=\"Telekom Headquarters\" data-markerfor=\"map-1\" data-markerlat=\"47.4757822\" data-markerlon=\"19.0985802\" data-markericon=\"\/wp-content\/uploads\/sites\/6\/2017\/11\/area_marker_11.png\" data-markericonhover=\"\" data-streetview=\"no\" data-fromview=\"\">\n            <article class=\"marker-itinerario\">\n\t<div class=\"entry-thumbnail\">\n      \n      \n      \t<img loading=\"lazy\" decoding=\"async\" width=\"1620\" height=\"1080\" src=\"https:\/\/static.tecnichenuove.it\/areaarch\/2025\/01\/lossy-page1-1620px-Magyar_Telekom_HQ_t07.tif.jpg\" class=\"attachment-post-thumbnail size-post-thumbnail wp-post-image\" alt=\"\" srcset=\"https:\/\/static.tecnichenuove.it\/areaarch\/2025\/01\/lossy-page1-1620px-Magyar_Telekom_HQ_t07.tif.jpg 1620w, https:\/\/static.tecnichenuove.it\/areaarch\/2025\/01\/lossy-page1-1620px-Magyar_Telekom_HQ_t07.tif-300x200.jpg 300w, https:\/\/static.tecnichenuove.it\/areaarch\/2025\/01\/lossy-page1-1620px-Magyar_Telekom_HQ_t07.tif-1024x683.jpg 1024w, https:\/\/static.tecnichenuove.it\/areaarch\/2025\/01\/lossy-page1-1620px-Magyar_Telekom_HQ_t07.tif-150x100.jpg 150w, https:\/\/static.tecnichenuove.it\/areaarch\/2025\/01\/lossy-page1-1620px-Magyar_Telekom_HQ_t07.tif-768x512.jpg 768w, https:\/\/static.tecnichenuove.it\/areaarch\/2025\/01\/lossy-page1-1620px-Magyar_Telekom_HQ_t07.tif-1536x1024.jpg 1536w, https:\/\/static.tecnichenuove.it\/areaarch\/2025\/01\/lossy-page1-1620px-Magyar_Telekom_HQ_t07.tif-696x464.jpg 696w, https:\/\/static.tecnichenuove.it\/areaarch\/2025\/01\/lossy-page1-1620px-Magyar_Telekom_HQ_t07.tif-1068x712.jpg 1068w, https:\/\/static.tecnichenuove.it\/areaarch\/2025\/01\/lossy-page1-1620px-Magyar_Telekom_HQ_t07.tif-630x420.jpg 630w\" sizes=\"auto, (max-width: 1620px) 100vw, 1620px\" \/>\n      \t<img decoding=\"async\" src=\"https:\/\/static.tecnichenuove.it\/areaarch\/2025\/01\/THQ_Siteplan.jpeg\" class=\"attachment-post-thumbnail\" \/>\n      \n\t<\/div>\n  \t<div class=\"entry-column\">\n      <h3 class=\"entry-title td-module-title\">Telekom Headquarters<\/h3>\n      <div class=\"td-excerpt\">\n            <div id=\"wpcf-field-tipology\" class=\"wpcf-field-select wpcf-field-tipology\"><span class=\"wpcf-field-name wpcf-field-select-name wpcf-field-tipology-name\">tipology:<\/span> <span class=\"wpcf-field-value wpcf-field-select-value wpcf-field-tipology-value\">office<\/span><\/div>\n            <div id=\"wpcf-field-architect\" class=\"wpcf-field-single-line wpcf-field-architect\"><span class=\"wpcf-field-name wpcf-field-single-line-name wpcf-field-architect-name\">architect:<\/span> <span class=\"wpcf-field-value wpcf-field-single-line-value wpcf-field-architect-value\">TIBA Architects Studio<\/span><\/div>\n            <div id=\"wpcf-field-realization\" class=\"wpcf-field-number wpcf-field-realization\"><span class=\"wpcf-field-name wpcf-field-number-name wpcf-field-realization-name\">realization:<\/span> <span class=\"wpcf-field-value wpcf-field-number-value wpcf-field-realization-value\">2018<\/span><\/div>\n            Budapest, K\u00f6nyves K\u00e1lm\u00e1n k\u00f6r\u00fat, Ungheria\n          <\/div>\n  <\/div>\n<\/article>\n          <\/div>\n            <h4><a href=\"#\" onclick=\"cimap();\" class=\"link-marker js-wpv-addon-maps-focus-map js-toolset-maps-hover-map-map-1-marker-marker-152060 js-toolset-maps-open-infowindow-map-map-1-marker-marker-152060\" data-map=\"map-1\" data-marker=\"marker-152060\">36. Telekom Headquarters<\/a><\/h4>\n            <div id=\"wpcf-field-tipology\" class=\"wpcf-field-select wpcf-field-tipology\"><span class=\"wpcf-field-name wpcf-field-select-name wpcf-field-tipology-name\">tipology:<\/span> <span class=\"wpcf-field-value wpcf-field-select-value wpcf-field-tipology-value\">office<\/span><\/div> | <div id=\"wpcf-field-architect\" class=\"wpcf-field-single-line wpcf-field-architect\"><span class=\"wpcf-field-name wpcf-field-single-line-name wpcf-field-architect-name\">architect:<\/span> <span class=\"wpcf-field-value wpcf-field-single-line-value wpcf-field-architect-value\">TIBA Architects Studio<\/span><\/div> | <div id=\"wpcf-field-realization\" class=\"wpcf-field-number wpcf-field-realization\"><span class=\"wpcf-field-name wpcf-field-number-name wpcf-field-realization-name\">realization:<\/span> <span class=\"wpcf-field-value wpcf-field-number-value wpcf-field-realization-value\">2018<\/span><\/div>\n          <\/li>\n\t\t\n          <li>\n            \n          <div style=\"display:none\" class=\"wpv-addon-maps-marker js-wpv-addon-maps-marker js-wpv-addon-maps-marker-marker-152063 js-wpv-addon-maps-markerfor-map-1\" data-marker=\"marker-152063\" data-markertitle=\"Richter Gedeon K\u00e9miai Kutat\u00f3 \u00e9s Iroda\u00e9p\u00fclet\" data-markerfor=\"map-1\" data-markerlat=\"47.4579179\" data-markerlon=\"19.1761388\" data-markericon=\"\/wp-content\/uploads\/sites\/6\/2017\/11\/area_marker_4.png\" data-markericonhover=\"\" data-streetview=\"no\" data-fromview=\"\">\n            <article class=\"marker-itinerario\">\n\t<div class=\"entry-thumbnail\">\n      \n      \n      \t<img loading=\"lazy\" decoding=\"async\" width=\"1222\" height=\"428\" src=\"https:\/\/static.tecnichenuove.it\/areaarch\/2025\/01\/01_Uzemi-oldali-osszkep.jpeg\" class=\"attachment-post-thumbnail size-post-thumbnail wp-post-image\" alt=\"\" srcset=\"https:\/\/static.tecnichenuove.it\/areaarch\/2025\/01\/01_Uzemi-oldali-osszkep.jpeg 1222w, https:\/\/static.tecnichenuove.it\/areaarch\/2025\/01\/01_Uzemi-oldali-osszkep-300x105.jpeg 300w, https:\/\/static.tecnichenuove.it\/areaarch\/2025\/01\/01_Uzemi-oldali-osszkep-1024x359.jpeg 1024w, https:\/\/static.tecnichenuove.it\/areaarch\/2025\/01\/01_Uzemi-oldali-osszkep-768x269.jpeg 768w, https:\/\/static.tecnichenuove.it\/areaarch\/2025\/01\/01_Uzemi-oldali-osszkep-696x244.jpeg 696w, https:\/\/static.tecnichenuove.it\/areaarch\/2025\/01\/01_Uzemi-oldali-osszkep-1068x374.jpeg 1068w, https:\/\/static.tecnichenuove.it\/areaarch\/2025\/01\/01_Uzemi-oldali-osszkep-1199x420.jpeg 1199w\" sizes=\"auto, (max-width: 1222px) 100vw, 1222px\" \/>\n      \t<img decoding=\"async\" src=\"https:\/\/static.tecnichenuove.it\/areaarch\/2025\/01\/Gedeon-Richter-Chemical-disegno.jpeg\" class=\"attachment-post-thumbnail\" \/>\n      \n\t<\/div>\n  \t<div class=\"entry-column\">\n      <h3 class=\"entry-title td-module-title\">Richter Gedeon K\u00e9miai Kutat\u00f3 \u00e9s Iroda\u00e9p\u00fclet<\/h3>\n      <div class=\"td-excerpt\">\n            <div id=\"wpcf-field-tipology\" class=\"wpcf-field-select wpcf-field-tipology\"><span class=\"wpcf-field-name wpcf-field-select-name wpcf-field-tipology-name\">tipology:<\/span> <span class=\"wpcf-field-value wpcf-field-select-value wpcf-field-tipology-value\">education<\/span><\/div>\n            <div id=\"wpcf-field-architect\" class=\"wpcf-field-single-line wpcf-field-architect\"><span class=\"wpcf-field-name wpcf-field-single-line-name wpcf-field-architect-name\">architect:<\/span> <span class=\"wpcf-field-value wpcf-field-single-line-value wpcf-field-architect-value\">Zoboki-Demeter & Associates Architects<\/span><\/div>\n            <div id=\"wpcf-field-realization\" class=\"wpcf-field-number wpcf-field-realization\"><span class=\"wpcf-field-name wpcf-field-number-name wpcf-field-realization-name\">realization:<\/span> <span class=\"wpcf-field-value wpcf-field-number-value wpcf-field-realization-value\">2008<\/span><\/div>\n            Budapest, Gy\u00f6mr\u0151i \u00fat, Ungheria\n          <\/div>\n  <\/div>\n<\/article>\n          <\/div>\n            <h4><a href=\"#\" onclick=\"cimap();\" class=\"link-marker js-wpv-addon-maps-focus-map js-toolset-maps-hover-map-map-1-marker-marker-152063 js-toolset-maps-open-infowindow-map-map-1-marker-marker-152063\" data-map=\"map-1\" data-marker=\"marker-152063\">37. Richter Gedeon K\u00e9miai Kutat\u00f3 \u00e9s Iroda\u00e9p\u00fclet<\/a><\/h4>\n            <div id=\"wpcf-field-tipology\" class=\"wpcf-field-select wpcf-field-tipology\"><span class=\"wpcf-field-name wpcf-field-select-name wpcf-field-tipology-name\">tipology:<\/span> <span class=\"wpcf-field-value wpcf-field-select-value wpcf-field-tipology-value\">education<\/span><\/div> | <div id=\"wpcf-field-architect\" class=\"wpcf-field-single-line wpcf-field-architect\"><span class=\"wpcf-field-name wpcf-field-single-line-name wpcf-field-architect-name\">architect:<\/span> <span class=\"wpcf-field-value wpcf-field-single-line-value wpcf-field-architect-value\">Zoboki-Demeter & Associates Architects<\/span><\/div> | <div id=\"wpcf-field-realization\" class=\"wpcf-field-number wpcf-field-realization\"><span class=\"wpcf-field-name wpcf-field-number-name wpcf-field-realization-name\">realization:<\/span> <span class=\"wpcf-field-value wpcf-field-number-value wpcf-field-realization-value\">2008<\/span><\/div>\n          <\/li>\n\t\t\n          <li>\n            \n          <div style=\"display:none\" class=\"wpv-addon-maps-marker js-wpv-addon-maps-marker js-wpv-addon-maps-marker-marker-152066 js-wpv-addon-maps-markerfor-map-1\" data-marker=\"marker-152066\" data-markertitle=\"Pesterzsebet thermal and open air bath\" data-markerfor=\"map-1\" data-markerlat=\"47.4293835\" data-markerlon=\"19.0926049\" data-markericon=\"\/wp-content\/uploads\/sites\/6\/2017\/11\/area_marker_6.png\" data-markericonhover=\"\" data-streetview=\"no\" data-fromview=\"\">\n            <article class=\"marker-itinerario\">\n\t<div class=\"entry-thumbnail\">\n      \n      \n      \t<img loading=\"lazy\" decoding=\"async\" width=\"1536\" height=\"1272\" src=\"https:\/\/static.tecnichenuove.it\/areaarch\/2025\/01\/archikon-foto.jpeg\" class=\"attachment-post-thumbnail size-post-thumbnail wp-post-image\" alt=\"\" srcset=\"https:\/\/static.tecnichenuove.it\/areaarch\/2025\/01\/archikon-foto.jpeg 1536w, https:\/\/static.tecnichenuove.it\/areaarch\/2025\/01\/archikon-foto-300x248.jpeg 300w, https:\/\/static.tecnichenuove.it\/areaarch\/2025\/01\/archikon-foto-1024x848.jpeg 1024w, https:\/\/static.tecnichenuove.it\/areaarch\/2025\/01\/archikon-foto-768x636.jpeg 768w, https:\/\/static.tecnichenuove.it\/areaarch\/2025\/01\/archikon-foto-696x576.jpeg 696w, https:\/\/static.tecnichenuove.it\/areaarch\/2025\/01\/archikon-foto-1068x884.jpeg 1068w, https:\/\/static.tecnichenuove.it\/areaarch\/2025\/01\/archikon-foto-507x420.jpeg 507w\" sizes=\"auto, (max-width: 1536px) 100vw, 1536px\" \/>\n      \t<img decoding=\"async\" src=\"https:\/\/static.tecnichenuove.it\/areaarch\/2025\/01\/archikon-disegno.jpeg\" class=\"attachment-post-thumbnail\" \/>\n      \n\t<\/div>\n  \t<div class=\"entry-column\">\n      <h3 class=\"entry-title td-module-title\">Pesterzsebet thermal and open air bath<\/h3>\n      <div class=\"td-excerpt\">\n            <div id=\"wpcf-field-tipology\" class=\"wpcf-field-select wpcf-field-tipology\"><span class=\"wpcf-field-name wpcf-field-select-name wpcf-field-tipology-name\">tipology:<\/span> <span class=\"wpcf-field-value wpcf-field-select-value wpcf-field-tipology-value\">infrastructure<\/span><\/div>\n            <div id=\"wpcf-field-architect\" class=\"wpcf-field-single-line wpcf-field-architect\"><span class=\"wpcf-field-name wpcf-field-single-line-name wpcf-field-architect-name\">architect:<\/span> <span class=\"wpcf-field-value wpcf-field-single-line-value wpcf-field-architect-value\">Archikon Architects<\/span><\/div>\n            <div id=\"wpcf-field-realization\" class=\"wpcf-field-number wpcf-field-realization\"><span class=\"wpcf-field-name wpcf-field-number-name wpcf-field-realization-name\">realization:<\/span> <span class=\"wpcf-field-value wpcf-field-number-value wpcf-field-realization-value\">2019<\/span><\/div>\n            Budapest, V\u00edzisport utca, Ungheria\n          <\/div>\n  <\/div>\n<\/article>\n          <\/div>\n            <h4><a href=\"#\" onclick=\"cimap();\" class=\"link-marker js-wpv-addon-maps-focus-map js-toolset-maps-hover-map-map-1-marker-marker-152066 js-toolset-maps-open-infowindow-map-map-1-marker-marker-152066\" data-map=\"map-1\" data-marker=\"marker-152066\">38. Pesterzsebet thermal and open air bath<\/a><\/h4>\n            <div id=\"wpcf-field-tipology\" class=\"wpcf-field-select wpcf-field-tipology\"><span class=\"wpcf-field-name wpcf-field-select-name wpcf-field-tipology-name\">tipology:<\/span> <span class=\"wpcf-field-value wpcf-field-select-value wpcf-field-tipology-value\">infrastructure<\/span><\/div> | <div id=\"wpcf-field-architect\" class=\"wpcf-field-single-line wpcf-field-architect\"><span class=\"wpcf-field-name wpcf-field-single-line-name wpcf-field-architect-name\">architect:<\/span> <span class=\"wpcf-field-value wpcf-field-single-line-value wpcf-field-architect-value\">Archikon Architects<\/span><\/div> | <div id=\"wpcf-field-realization\" class=\"wpcf-field-number wpcf-field-realization\"><span class=\"wpcf-field-name wpcf-field-number-name wpcf-field-realization-name\">realization:<\/span> <span class=\"wpcf-field-value wpcf-field-number-value wpcf-field-realization-value\">2019<\/span><\/div>\n          <\/li>\n\t\t\n          <li>\n            \n          <div style=\"display:none\" class=\"wpv-addon-maps-marker js-wpv-addon-maps-marker js-wpv-addon-maps-marker-marker-152069 js-wpv-addon-maps-markerfor-map-1\" data-marker=\"marker-152069\" data-markertitle=\"National Athletics Stadium\" data-markerfor=\"map-1\" data-markerlat=\"47.4661116\" data-markerlon=\"19.0716878\" data-markericon=\"\/wp-content\/uploads\/sites\/6\/2017\/11\/area_marker_14.png\" data-markericonhover=\"\" data-streetview=\"no\" data-fromview=\"\">\n            <article class=\"marker-itinerario\">\n\t<div class=\"entry-thumbnail\">\n      \n      \t<img loading=\"lazy\" decoding=\"async\" width=\"300\" height=\"200\" src=\"https:\/\/static.tecnichenuove.it\/areaarch\/2025\/01\/National-Athletics-Stadium-foto-300x200.jpeg\" class=\"attachment-medium size-medium wp-post-image\" alt=\"\" srcset=\"https:\/\/static.tecnichenuove.it\/areaarch\/2025\/01\/National-Athletics-Stadium-foto-300x200.jpeg 300w, https:\/\/static.tecnichenuove.it\/areaarch\/2025\/01\/National-Athletics-Stadium-foto-1024x683.jpeg 1024w, https:\/\/static.tecnichenuove.it\/areaarch\/2025\/01\/National-Athletics-Stadium-foto-150x100.jpeg 150w, https:\/\/static.tecnichenuove.it\/areaarch\/2025\/01\/National-Athletics-Stadium-foto-768x512.jpeg 768w, https:\/\/static.tecnichenuove.it\/areaarch\/2025\/01\/National-Athletics-Stadium-foto-1536x1025.jpeg 1536w, https:\/\/static.tecnichenuove.it\/areaarch\/2025\/01\/National-Athletics-Stadium-foto-696x464.jpeg 696w, https:\/\/static.tecnichenuove.it\/areaarch\/2025\/01\/National-Athletics-Stadium-foto-1068x712.jpeg 1068w, https:\/\/static.tecnichenuove.it\/areaarch\/2025\/01\/National-Athletics-Stadium-foto-630x420.jpeg 630w, https:\/\/static.tecnichenuove.it\/areaarch\/2025\/01\/National-Athletics-Stadium-foto.jpeg 2000w\" sizes=\"auto, (max-width: 300px) 100vw, 300px\" \/>\n      \n      \n\t<\/div>\n  \t<div class=\"entry-column\">\n      <h3 class=\"entry-title td-module-title\">National Athletics Stadium<\/h3>\n      <div class=\"td-excerpt\">\n            <div id=\"wpcf-field-tipology\" class=\"wpcf-field-select wpcf-field-tipology\"><span class=\"wpcf-field-name wpcf-field-select-name wpcf-field-tipology-name\">tipology:<\/span> <span class=\"wpcf-field-value wpcf-field-select-value wpcf-field-tipology-value\">sport<\/span><\/div>\n            <div id=\"wpcf-field-architect\" class=\"wpcf-field-single-line wpcf-field-architect\"><span class=\"wpcf-field-name wpcf-field-single-line-name wpcf-field-architect-name\">architect:<\/span> <span class=\"wpcf-field-value wpcf-field-single-line-value wpcf-field-architect-value\">Napur Architect<\/span><\/div>\n            <div id=\"wpcf-field-realization\" class=\"wpcf-field-number wpcf-field-realization\"><span class=\"wpcf-field-name wpcf-field-number-name wpcf-field-realization-name\">realization:<\/span> <span class=\"wpcf-field-value wpcf-field-number-value wpcf-field-realization-value\">2024<\/span><\/div>\n            Budapest, Haj\u00f3\u00e1llom\u00e1s utca, Ungheria\n          <\/div>\n  <\/div>\n<\/article>\n          <\/div>\n            <h4><a href=\"#\" onclick=\"cimap();\" class=\"link-marker js-wpv-addon-maps-focus-map js-toolset-maps-hover-map-map-1-marker-marker-152069 js-toolset-maps-open-infowindow-map-map-1-marker-marker-152069\" data-map=\"map-1\" data-marker=\"marker-152069\">39. National Athletics Stadium<\/a><\/h4>\n            <div id=\"wpcf-field-tipology\" class=\"wpcf-field-select wpcf-field-tipology\"><span class=\"wpcf-field-name wpcf-field-select-name wpcf-field-tipology-name\">tipology:<\/span> <span class=\"wpcf-field-value wpcf-field-select-value wpcf-field-tipology-value\">sport<\/span><\/div> | <div id=\"wpcf-field-architect\" class=\"wpcf-field-single-line wpcf-field-architect\"><span class=\"wpcf-field-name wpcf-field-single-line-name wpcf-field-architect-name\">architect:<\/span> <span class=\"wpcf-field-value wpcf-field-single-line-value wpcf-field-architect-value\">Napur Architect<\/span><\/div> | <div id=\"wpcf-field-realization\" class=\"wpcf-field-number wpcf-field-realization\"><span class=\"wpcf-field-name wpcf-field-number-name wpcf-field-realization-name\">realization:<\/span> <span class=\"wpcf-field-value wpcf-field-number-value wpcf-field-realization-value\">2024<\/span><\/div>\n          <\/li>\n\t\t\n          <li>\n            \n          <div style=\"display:none\" class=\"wpv-addon-maps-marker js-wpv-addon-maps-marker js-wpv-addon-maps-marker-marker-152071 js-wpv-addon-maps-markerfor-map-1\" data-marker=\"marker-152071\" data-markertitle=\"M\u00fcpa Budapest\" data-markerfor=\"map-1\" data-markerlat=\"47.4701941\" data-markerlon=\"19.0715962\" data-markericon=\"\/wp-content\/uploads\/sites\/6\/2017\/11\/area_marker_10.png\" data-markericonhover=\"\" data-streetview=\"no\" data-fromview=\"\">\n            <article class=\"marker-itinerario\">\n\t<div class=\"entry-thumbnail\">\n      \n      \n      \t<img loading=\"lazy\" decoding=\"async\" width=\"940\" height=\"804\" src=\"https:\/\/static.tecnichenuove.it\/areaarch\/2025\/01\/mupa_budapest.jpeg\" class=\"attachment-post-thumbnail size-post-thumbnail wp-post-image\" alt=\"\" srcset=\"https:\/\/static.tecnichenuove.it\/areaarch\/2025\/01\/mupa_budapest.jpeg 940w, https:\/\/static.tecnichenuove.it\/areaarch\/2025\/01\/mupa_budapest-300x257.jpeg 300w, https:\/\/static.tecnichenuove.it\/areaarch\/2025\/01\/mupa_budapest-768x657.jpeg 768w, https:\/\/static.tecnichenuove.it\/areaarch\/2025\/01\/mupa_budapest-696x595.jpeg 696w, https:\/\/static.tecnichenuove.it\/areaarch\/2025\/01\/mupa_budapest-491x420.jpeg 491w\" sizes=\"auto, (max-width: 940px) 100vw, 940px\" \/>\n      \t<img decoding=\"async\" src=\"https:\/\/static.tecnichenuove.it\/areaarch\/2025\/01\/mupa-sezione.jpeg\" class=\"attachment-post-thumbnail\" \/>\n      \n\t<\/div>\n  \t<div class=\"entry-column\">\n      <h3 class=\"entry-title td-module-title\">M\u00fcpa Budapest<\/h3>\n      <div class=\"td-excerpt\">\n            <div id=\"wpcf-field-tipology\" class=\"wpcf-field-select wpcf-field-tipology\"><span class=\"wpcf-field-name wpcf-field-select-name wpcf-field-tipology-name\">tipology:<\/span> <span class=\"wpcf-field-value wpcf-field-select-value wpcf-field-tipology-value\">museum<\/span><\/div>\n            <div id=\"wpcf-field-architect\" class=\"wpcf-field-single-line wpcf-field-architect\"><span class=\"wpcf-field-name wpcf-field-single-line-name wpcf-field-architect-name\">architect:<\/span> <span class=\"wpcf-field-value wpcf-field-single-line-value wpcf-field-architect-value\">G\u00e1bor Zoboki - ZDA<\/span><\/div>\n            <div id=\"wpcf-field-realization\" class=\"wpcf-field-number wpcf-field-realization\"><span class=\"wpcf-field-name wpcf-field-number-name wpcf-field-realization-name\">realization:<\/span> <span class=\"wpcf-field-value wpcf-field-number-value wpcf-field-realization-value\">2005<\/span><\/div>\n            Budapest, Komor Marcell utca, Ungheria\n          <\/div>\n  <\/div>\n<\/article>\n          <\/div>\n            <h4><a href=\"#\" onclick=\"cimap();\" class=\"link-marker js-wpv-addon-maps-focus-map js-toolset-maps-hover-map-map-1-marker-marker-152071 js-toolset-maps-open-infowindow-map-map-1-marker-marker-152071\" data-map=\"map-1\" data-marker=\"marker-152071\">40. M\u00fcpa Budapest<\/a><\/h4>\n            <div id=\"wpcf-field-tipology\" class=\"wpcf-field-select wpcf-field-tipology\"><span class=\"wpcf-field-name wpcf-field-select-name wpcf-field-tipology-name\">tipology:<\/span> <span class=\"wpcf-field-value wpcf-field-select-value wpcf-field-tipology-value\">museum<\/span><\/div> | <div id=\"wpcf-field-architect\" class=\"wpcf-field-single-line wpcf-field-architect\"><span class=\"wpcf-field-name wpcf-field-single-line-name wpcf-field-architect-name\">architect:<\/span> <span class=\"wpcf-field-value wpcf-field-single-line-value wpcf-field-architect-value\">G\u00e1bor Zoboki - ZDA<\/span><\/div> | <div id=\"wpcf-field-realization\" class=\"wpcf-field-number wpcf-field-realization\"><span class=\"wpcf-field-name wpcf-field-number-name wpcf-field-realization-name\">realization:<\/span> <span class=\"wpcf-field-value wpcf-field-number-value wpcf-field-realization-value\">2005<\/span><\/div>\n          <\/li>\n\t\t\n          <li>\n            \n          <div style=\"display:none\" class=\"wpv-addon-maps-marker js-wpv-addon-maps-marker js-wpv-addon-maps-marker-marker-152074 js-wpv-addon-maps-markerfor-map-1\" data-marker=\"marker-152074\" data-markertitle=\"Ziggurat\" data-markerfor=\"map-1\" data-markerlat=\"47.4701941\" data-markerlon=\"19.0715962\" data-markericon=\"\/wp-content\/uploads\/sites\/6\/2017\/11\/area_marker_15.png\" data-markericonhover=\"\" data-streetview=\"no\" data-fromview=\"\">\n            <article class=\"marker-itinerario\">\n\t<div class=\"entry-thumbnail\">\n      \n      \t<img loading=\"lazy\" decoding=\"async\" width=\"300\" height=\"225\" src=\"https:\/\/static.tecnichenuove.it\/areaarch\/2025\/01\/ziggurat-foto-300x225.jpeg\" class=\"attachment-medium size-medium wp-post-image\" alt=\"\" srcset=\"https:\/\/static.tecnichenuove.it\/areaarch\/2025\/01\/ziggurat-foto-300x225.jpeg 300w, https:\/\/static.tecnichenuove.it\/areaarch\/2025\/01\/ziggurat-foto-768x576.jpeg 768w, https:\/\/static.tecnichenuove.it\/areaarch\/2025\/01\/ziggurat-foto-80x60.jpeg 80w, https:\/\/static.tecnichenuove.it\/areaarch\/2025\/01\/ziggurat-foto-160x120.jpeg 160w, https:\/\/static.tecnichenuove.it\/areaarch\/2025\/01\/ziggurat-foto-265x198.jpeg 265w, https:\/\/static.tecnichenuove.it\/areaarch\/2025\/01\/ziggurat-foto-696x522.jpeg 696w, https:\/\/static.tecnichenuove.it\/areaarch\/2025\/01\/ziggurat-foto-560x420.jpeg 560w, https:\/\/static.tecnichenuove.it\/areaarch\/2025\/01\/ziggurat-foto.jpeg 1024w\" sizes=\"auto, (max-width: 300px) 100vw, 300px\" \/>\n      \n      \n\t<\/div>\n  \t<div class=\"entry-column\">\n      <h3 class=\"entry-title td-module-title\">Ziggurat<\/h3>\n      <div class=\"td-excerpt\">\n            <div id=\"wpcf-field-tipology\" class=\"wpcf-field-select wpcf-field-tipology\"><span class=\"wpcf-field-name wpcf-field-select-name wpcf-field-tipology-name\">tipology:<\/span> <span class=\"wpcf-field-value wpcf-field-select-value wpcf-field-tipology-value\">theatre<\/span><\/div>\n            <div id=\"wpcf-field-architect\" class=\"wpcf-field-single-line wpcf-field-architect\"><span class=\"wpcf-field-name wpcf-field-single-line-name wpcf-field-architect-name\">architect:<\/span> <span class=\"wpcf-field-value wpcf-field-single-line-value wpcf-field-architect-value\">Zolt\u00e1n Szab\u00f3 e R\u00e9ka Kralov\u00e1nszkys<\/span><\/div>\n            <div id=\"wpcf-field-realization\" class=\"wpcf-field-number wpcf-field-realization\"><span class=\"wpcf-field-name wpcf-field-number-name wpcf-field-realization-name\">realization:<\/span> <span class=\"wpcf-field-value wpcf-field-number-value wpcf-field-realization-value\">2002<\/span><\/div>\n            Budapest, Komor Marcell utca, Ungheria\n          <\/div>\n  <\/div>\n<\/article>\n          <\/div>\n            <h4><a href=\"#\" onclick=\"cimap();\" class=\"link-marker js-wpv-addon-maps-focus-map js-toolset-maps-hover-map-map-1-marker-marker-152074 js-toolset-maps-open-infowindow-map-map-1-marker-marker-152074\" data-map=\"map-1\" data-marker=\"marker-152074\">41. Ziggurat<\/a><\/h4>\n            <div id=\"wpcf-field-tipology\" class=\"wpcf-field-select wpcf-field-tipology\"><span class=\"wpcf-field-name wpcf-field-select-name wpcf-field-tipology-name\">tipology:<\/span> <span class=\"wpcf-field-value wpcf-field-select-value wpcf-field-tipology-value\">theatre<\/span><\/div> | <div id=\"wpcf-field-architect\" class=\"wpcf-field-single-line wpcf-field-architect\"><span class=\"wpcf-field-name wpcf-field-single-line-name wpcf-field-architect-name\">architect:<\/span> <span class=\"wpcf-field-value wpcf-field-single-line-value wpcf-field-architect-value\">Zolt\u00e1n Szab\u00f3 e R\u00e9ka Kralov\u00e1nszkys<\/span><\/div> | <div id=\"wpcf-field-realization\" class=\"wpcf-field-number wpcf-field-realization\"><span class=\"wpcf-field-name wpcf-field-number-name wpcf-field-realization-name\">realization:<\/span> <span class=\"wpcf-field-value wpcf-field-number-value wpcf-field-realization-value\">2002<\/span><\/div>\n          <\/li>\n\t\t\n          <li>\n            \n          <div style=\"display:none\" class=\"wpv-addon-maps-marker js-wpv-addon-maps-marker js-wpv-addon-maps-marker-marker-152077 js-wpv-addon-maps-markerfor-map-1\" data-marker=\"marker-152077\" data-markertitle=\"Campus MOL\" data-markerfor=\"map-1\" data-markerlat=\"47.4690064\" data-markerlon=\"19.0549543\" data-markericon=\"\/wp-content\/uploads\/sites\/6\/2017\/11\/area_marker_9.png\" data-markericonhover=\"\" data-streetview=\"no\" data-fromview=\"\">\n            <article class=\"marker-itinerario\">\n\t<div class=\"entry-thumbnail\">\n      \n      \n      \t<img loading=\"lazy\" decoding=\"async\" width=\"1154\" height=\"769\" src=\"https:\/\/static.tecnichenuove.it\/areaarch\/2025\/01\/Campus-mol-Foster.jpeg\" class=\"attachment-post-thumbnail size-post-thumbnail wp-post-image\" alt=\"\" srcset=\"https:\/\/static.tecnichenuove.it\/areaarch\/2025\/01\/Campus-mol-Foster.jpeg 1154w, https:\/\/static.tecnichenuove.it\/areaarch\/2025\/01\/Campus-mol-Foster-300x200.jpeg 300w, https:\/\/static.tecnichenuove.it\/areaarch\/2025\/01\/Campus-mol-Foster-1024x682.jpeg 1024w, https:\/\/static.tecnichenuove.it\/areaarch\/2025\/01\/Campus-mol-Foster-150x100.jpeg 150w, https:\/\/static.tecnichenuove.it\/areaarch\/2025\/01\/Campus-mol-Foster-768x512.jpeg 768w, https:\/\/static.tecnichenuove.it\/areaarch\/2025\/01\/Campus-mol-Foster-696x464.jpeg 696w, https:\/\/static.tecnichenuove.it\/areaarch\/2025\/01\/Campus-mol-Foster-1068x712.jpeg 1068w, https:\/\/static.tecnichenuove.it\/areaarch\/2025\/01\/Campus-mol-Foster-630x420.jpeg 630w\" sizes=\"auto, (max-width: 1154px) 100vw, 1154px\" \/>\n      \t<img decoding=\"async\" src=\"https:\/\/static.tecnichenuove.it\/areaarch\/2025\/01\/Campus-mol-Foster-sezione.jpeg\" class=\"attachment-post-thumbnail\" \/>\n      \n\t<\/div>\n  \t<div class=\"entry-column\">\n      <h3 class=\"entry-title td-module-title\">Campus MOL<\/h3>\n      <div class=\"td-excerpt\">\n            <div id=\"wpcf-field-tipology\" class=\"wpcf-field-select wpcf-field-tipology\"><span class=\"wpcf-field-name wpcf-field-select-name wpcf-field-tipology-name\">tipology:<\/span> <span class=\"wpcf-field-value wpcf-field-select-value wpcf-field-tipology-value\">mixed use<\/span><\/div>\n            <div id=\"wpcf-field-architect\" class=\"wpcf-field-single-line wpcf-field-architect\"><span class=\"wpcf-field-name wpcf-field-single-line-name wpcf-field-architect-name\">architect:<\/span> <span class=\"wpcf-field-value wpcf-field-single-line-value wpcf-field-architect-value\">Foster + Partners<\/span><\/div>\n            <div id=\"wpcf-field-realization\" class=\"wpcf-field-number wpcf-field-realization\"><span class=\"wpcf-field-name wpcf-field-number-name wpcf-field-realization-name\">realization:<\/span> <span class=\"wpcf-field-value wpcf-field-number-value wpcf-field-realization-value\">2022<\/span><\/div>\n            Budapest, Domb\u00f3v\u00e1ri \u00fat, Ungheria\n          <\/div>\n  <\/div>\n<\/article>\n          <\/div>\n            <h4><a href=\"#\" onclick=\"cimap();\" class=\"link-marker js-wpv-addon-maps-focus-map js-toolset-maps-hover-map-map-1-marker-marker-152077 js-toolset-maps-open-infowindow-map-map-1-marker-marker-152077\" data-map=\"map-1\" data-marker=\"marker-152077\">42. Campus MOL<\/a><\/h4>\n            <div id=\"wpcf-field-tipology\" class=\"wpcf-field-select wpcf-field-tipology\"><span class=\"wpcf-field-name wpcf-field-select-name wpcf-field-tipology-name\">tipology:<\/span> <span class=\"wpcf-field-value wpcf-field-select-value wpcf-field-tipology-value\">mixed use<\/span><\/div> | <div id=\"wpcf-field-architect\" class=\"wpcf-field-single-line wpcf-field-architect\"><span class=\"wpcf-field-name wpcf-field-single-line-name wpcf-field-architect-name\">architect:<\/span> <span class=\"wpcf-field-value wpcf-field-single-line-value wpcf-field-architect-value\">Foster + Partners<\/span><\/div> | <div id=\"wpcf-field-realization\" class=\"wpcf-field-number wpcf-field-realization\"><span class=\"wpcf-field-name wpcf-field-number-name wpcf-field-realization-name\">realization:<\/span> <span class=\"wpcf-field-value wpcf-field-number-value wpcf-field-realization-value\">2022<\/span><\/div>\n          <\/li>\n\t\t\n          <li>\n            \n          <div style=\"display:none\" class=\"wpv-addon-maps-marker js-wpv-addon-maps-marker js-wpv-addon-maps-marker-marker-152080 js-wpv-addon-maps-markerfor-map-1\" data-marker=\"marker-152080\" data-markertitle=\"Office building\" data-markerfor=\"map-1\" data-markerlat=\"47.4576377\" data-markerlon=\"19.040389\" data-markericon=\"\/wp-content\/uploads\/sites\/6\/2017\/11\/area_marker_11.png\" data-markericonhover=\"\" data-streetview=\"no\" data-fromview=\"\">\n            <article class=\"marker-itinerario\">\n\t<div class=\"entry-thumbnail\">\n      \n      \n      \t<img loading=\"lazy\" decoding=\"async\" width=\"1500\" height=\"1000\" src=\"https:\/\/static.tecnichenuove.it\/areaarch\/2025\/01\/banati-plus-hartvig-office-tamas-bujnovszky-1.jpeg\" class=\"attachment-post-thumbnail size-post-thumbnail wp-post-image\" alt=\"\" srcset=\"https:\/\/static.tecnichenuove.it\/areaarch\/2025\/01\/banati-plus-hartvig-office-tamas-bujnovszky-1.jpeg 1500w, https:\/\/static.tecnichenuove.it\/areaarch\/2025\/01\/banati-plus-hartvig-office-tamas-bujnovszky-1-300x200.jpeg 300w, https:\/\/static.tecnichenuove.it\/areaarch\/2025\/01\/banati-plus-hartvig-office-tamas-bujnovszky-1-1024x683.jpeg 1024w, https:\/\/static.tecnichenuove.it\/areaarch\/2025\/01\/banati-plus-hartvig-office-tamas-bujnovszky-1-150x100.jpeg 150w, https:\/\/static.tecnichenuove.it\/areaarch\/2025\/01\/banati-plus-hartvig-office-tamas-bujnovszky-1-768x512.jpeg 768w, https:\/\/static.tecnichenuove.it\/areaarch\/2025\/01\/banati-plus-hartvig-office-tamas-bujnovszky-1-696x464.jpeg 696w, https:\/\/static.tecnichenuove.it\/areaarch\/2025\/01\/banati-plus-hartvig-office-tamas-bujnovszky-1-1068x712.jpeg 1068w, https:\/\/static.tecnichenuove.it\/areaarch\/2025\/01\/banati-plus-hartvig-office-tamas-bujnovszky-1-630x420.jpeg 630w\" sizes=\"auto, (max-width: 1500px) 100vw, 1500px\" \/>\n      \t<img decoding=\"async\" src=\"https:\/\/static.tecnichenuove.it\/areaarch\/2025\/01\/banati-plus-hartvig-office-plans-4.jpg\" class=\"attachment-post-thumbnail\" \/>\n      \n\t<\/div>\n  \t<div class=\"entry-column\">\n      <h3 class=\"entry-title td-module-title\">Office building<\/h3>\n      <div class=\"td-excerpt\">\n            <div id=\"wpcf-field-tipology\" class=\"wpcf-field-select wpcf-field-tipology\"><span class=\"wpcf-field-name wpcf-field-select-name wpcf-field-tipology-name\">tipology:<\/span> <span class=\"wpcf-field-value wpcf-field-select-value wpcf-field-tipology-value\">office<\/span><\/div>\n            <div id=\"wpcf-field-architect\" class=\"wpcf-field-single-line wpcf-field-architect\"><span class=\"wpcf-field-name wpcf-field-single-line-name wpcf-field-architect-name\">architect:<\/span> <span class=\"wpcf-field-value wpcf-field-single-line-value wpcf-field-architect-value\">B\u00e1n\u00e1ti + Hartvig Architects<\/span><\/div>\n            <div id=\"wpcf-field-realization\" class=\"wpcf-field-number wpcf-field-realization\"><span class=\"wpcf-field-name wpcf-field-number-name wpcf-field-realization-name\">realization:<\/span> <span class=\"wpcf-field-value wpcf-field-number-value wpcf-field-realization-value\">2021<\/span><\/div>\n            Budapest, Feh\u00e9rv\u00e1ri \u00fat, Ungheria\n          <\/div>\n  <\/div>\n<\/article>\n          <\/div>\n            <h4><a href=\"#\" onclick=\"cimap();\" class=\"link-marker js-wpv-addon-maps-focus-map js-toolset-maps-hover-map-map-1-marker-marker-152080 js-toolset-maps-open-infowindow-map-map-1-marker-marker-152080\" data-map=\"map-1\" data-marker=\"marker-152080\">43. Office building<\/a><\/h4>\n            <div id=\"wpcf-field-tipology\" class=\"wpcf-field-select wpcf-field-tipology\"><span class=\"wpcf-field-name wpcf-field-select-name wpcf-field-tipology-name\">tipology:<\/span> <span class=\"wpcf-field-value wpcf-field-select-value wpcf-field-tipology-value\">office<\/span><\/div> | <div id=\"wpcf-field-architect\" class=\"wpcf-field-single-line wpcf-field-architect\"><span class=\"wpcf-field-name wpcf-field-single-line-name wpcf-field-architect-name\">architect:<\/span> <span class=\"wpcf-field-value wpcf-field-single-line-value wpcf-field-architect-value\">B\u00e1n\u00e1ti + Hartvig Architects<\/span><\/div> | <div id=\"wpcf-field-realization\" class=\"wpcf-field-number wpcf-field-realization\"><span class=\"wpcf-field-name wpcf-field-number-name wpcf-field-realization-name\">realization:<\/span> <span class=\"wpcf-field-value wpcf-field-number-value wpcf-field-realization-value\">2021<\/span><\/div>\n          <\/li>\n\t\t\n          <li>\n            \n          <div style=\"display:none\" class=\"wpv-addon-maps-marker js-wpv-addon-maps-marker js-wpv-addon-maps-marker-marker-152083 js-wpv-addon-maps-markerfor-map-1\" data-marker=\"marker-152083\" data-markertitle=\"Z\u00f6ldike Nursery\" data-markerfor=\"map-1\" data-markerlat=\"47.4104874\" data-markerlon=\"19.0047156\" data-markericon=\"\/wp-content\/uploads\/sites\/6\/2017\/11\/area_marker_4.png\" data-markericonhover=\"\" data-streetview=\"no\" data-fromview=\"\">\n            <article class=\"marker-itinerario\">\n\t<div class=\"entry-thumbnail\">\n      \n      \n      \t<img loading=\"lazy\" decoding=\"async\" width=\"1250\" height=\"1000\" src=\"https:\/\/static.tecnichenuove.it\/areaarch\/2025\/01\/zoldike-nursery-archikon-architects_5.jpeg\" class=\"attachment-post-thumbnail size-post-thumbnail wp-post-image\" alt=\"\" srcset=\"https:\/\/static.tecnichenuove.it\/areaarch\/2025\/01\/zoldike-nursery-archikon-architects_5.jpeg 1250w, https:\/\/static.tecnichenuove.it\/areaarch\/2025\/01\/zoldike-nursery-archikon-architects_5-300x240.jpeg 300w, https:\/\/static.tecnichenuove.it\/areaarch\/2025\/01\/zoldike-nursery-archikon-architects_5-1024x819.jpeg 1024w, https:\/\/static.tecnichenuove.it\/areaarch\/2025\/01\/zoldike-nursery-archikon-architects_5-768x614.jpeg 768w, https:\/\/static.tecnichenuove.it\/areaarch\/2025\/01\/zoldike-nursery-archikon-architects_5-696x557.jpeg 696w, https:\/\/static.tecnichenuove.it\/areaarch\/2025\/01\/zoldike-nursery-archikon-architects_5-1068x854.jpeg 1068w, https:\/\/static.tecnichenuove.it\/areaarch\/2025\/01\/zoldike-nursery-archikon-architects_5-525x420.jpeg 525w\" sizes=\"auto, (max-width: 1250px) 100vw, 1250px\" \/>\n      \t<img decoding=\"async\" src=\"https:\/\/static.tecnichenuove.it\/areaarch\/2025\/01\/archikon-nursery-layout-section-a-2.jpeg\" class=\"attachment-post-thumbnail\" \/>\n      \n\t<\/div>\n  \t<div class=\"entry-column\">\n      <h3 class=\"entry-title td-module-title\">Z\u00f6ldike Nursery<\/h3>\n      <div class=\"td-excerpt\">\n            <div id=\"wpcf-field-tipology\" class=\"wpcf-field-select wpcf-field-tipology\"><span class=\"wpcf-field-name wpcf-field-select-name wpcf-field-tipology-name\">tipology:<\/span> <span class=\"wpcf-field-value wpcf-field-select-value wpcf-field-tipology-value\">education<\/span><\/div>\n            <div id=\"wpcf-field-architect\" class=\"wpcf-field-single-line wpcf-field-architect\"><span class=\"wpcf-field-name wpcf-field-single-line-name wpcf-field-architect-name\">architect:<\/span> <span class=\"wpcf-field-value wpcf-field-single-line-value wpcf-field-architect-value\">Archikon Architects<\/span><\/div>\n            <div id=\"wpcf-field-realization\" class=\"wpcf-field-number wpcf-field-realization\"><span class=\"wpcf-field-name wpcf-field-number-name wpcf-field-realization-name\">realization:<\/span> <span class=\"wpcf-field-value wpcf-field-number-value wpcf-field-realization-value\">2022<\/span><\/div>\n            Budapest, Terv utca, Ungheria\n          <\/div>\n  <\/div>\n<\/article>\n          <\/div>\n            <h4><a href=\"#\" onclick=\"cimap();\" class=\"link-marker js-wpv-addon-maps-focus-map js-toolset-maps-hover-map-map-1-marker-marker-152083 js-toolset-maps-open-infowindow-map-map-1-marker-marker-152083\" data-map=\"map-1\" data-marker=\"marker-152083\">44. Z\u00f6ldike Nursery<\/a><\/h4>\n            <div id=\"wpcf-field-tipology\" class=\"wpcf-field-select wpcf-field-tipology\"><span class=\"wpcf-field-name wpcf-field-select-name wpcf-field-tipology-name\">tipology:<\/span> <span class=\"wpcf-field-value wpcf-field-select-value wpcf-field-tipology-value\">education<\/span><\/div> | <div id=\"wpcf-field-architect\" class=\"wpcf-field-single-line wpcf-field-architect\"><span class=\"wpcf-field-name wpcf-field-single-line-name wpcf-field-architect-name\">architect:<\/span> <span class=\"wpcf-field-value wpcf-field-single-line-value wpcf-field-architect-value\">Archikon Architects<\/span><\/div> | <div id=\"wpcf-field-realization\" class=\"wpcf-field-number wpcf-field-realization\"><span class=\"wpcf-field-name wpcf-field-number-name wpcf-field-realization-name\">realization:<\/span> <span class=\"wpcf-field-value wpcf-field-number-value wpcf-field-realization-value\">2022<\/span><\/div>\n          <\/li>\n\t\t\n          <li>\n            \n          <div style=\"display:none\" class=\"wpv-addon-maps-marker js-wpv-addon-maps-marker js-wpv-addon-maps-marker-marker-152086 js-wpv-addon-maps-markerfor-map-1\" data-marker=\"marker-152086\" data-markertitle=\"Childrens grove on the hill\" data-markerfor=\"map-1\" data-markerlat=\"47.4687183\" data-markerlon=\"18.9876608\" data-markericon=\"\/wp-content\/uploads\/sites\/6\/2017\/11\/area_marker_4.png\" data-markericonhover=\"\" data-streetview=\"no\" data-fromview=\"\">\n            <article class=\"marker-itinerario\">\n\t<div class=\"entry-thumbnail\">\n      \n      \n      \t<img loading=\"lazy\" decoding=\"async\" width=\"627\" height=\"501\" src=\"https:\/\/static.tecnichenuove.it\/areaarch\/2025\/01\/foto-archikon.jpeg\" class=\"attachment-post-thumbnail size-post-thumbnail wp-post-image\" alt=\"\" srcset=\"https:\/\/static.tecnichenuove.it\/areaarch\/2025\/01\/foto-archikon.jpeg 627w, https:\/\/static.tecnichenuove.it\/areaarch\/2025\/01\/foto-archikon-300x240.jpeg 300w, https:\/\/static.tecnichenuove.it\/areaarch\/2025\/01\/foto-archikon-526x420.jpeg 526w\" sizes=\"auto, (max-width: 627px) 100vw, 627px\" \/>\n      \t<img decoding=\"async\" src=\"https:\/\/static.tecnichenuove.it\/areaarch\/2025\/01\/disegno-archikon.jpeg\" class=\"attachment-post-thumbnail\" \/>\n      \n\t<\/div>\n  \t<div class=\"entry-column\">\n      <h3 class=\"entry-title td-module-title\">Childrens grove on the hill<\/h3>\n      <div class=\"td-excerpt\">\n            <div id=\"wpcf-field-tipology\" class=\"wpcf-field-select wpcf-field-tipology\"><span class=\"wpcf-field-name wpcf-field-select-name wpcf-field-tipology-name\">tipology:<\/span> <span class=\"wpcf-field-value wpcf-field-select-value wpcf-field-tipology-value\">education<\/span><\/div>\n            <div id=\"wpcf-field-architect\" class=\"wpcf-field-single-line wpcf-field-architect\"><span class=\"wpcf-field-name wpcf-field-single-line-name wpcf-field-architect-name\">architect:<\/span> <span class=\"wpcf-field-value wpcf-field-single-line-value wpcf-field-architect-value\">Archikon Architects<\/span><\/div>\n            <div id=\"wpcf-field-realization\" class=\"wpcf-field-number wpcf-field-realization\"><span class=\"wpcf-field-name wpcf-field-number-name wpcf-field-realization-name\">realization:<\/span> <span class=\"wpcf-field-value wpcf-field-number-value wpcf-field-realization-value\">2024<\/span><\/div>\n            Budapest, K\u00e1nyakapu utca, Ungheria\n          <\/div>\n  <\/div>\n<\/article>\n          <\/div>\n            <h4><a href=\"#\" onclick=\"cimap();\" class=\"link-marker js-wpv-addon-maps-focus-map js-toolset-maps-hover-map-map-1-marker-marker-152086 js-toolset-maps-open-infowindow-map-map-1-marker-marker-152086\" data-map=\"map-1\" data-marker=\"marker-152086\">45. Childrens grove on the hill<\/a><\/h4>\n            <div id=\"wpcf-field-tipology\" class=\"wpcf-field-select wpcf-field-tipology\"><span class=\"wpcf-field-name wpcf-field-select-name wpcf-field-tipology-name\">tipology:<\/span> <span class=\"wpcf-field-value wpcf-field-select-value wpcf-field-tipology-value\">education<\/span><\/div> | <div id=\"wpcf-field-architect\" class=\"wpcf-field-single-line wpcf-field-architect\"><span class=\"wpcf-field-name wpcf-field-single-line-name wpcf-field-architect-name\">architect:<\/span> <span class=\"wpcf-field-value wpcf-field-single-line-value wpcf-field-architect-value\">Archikon Architects<\/span><\/div> | <div id=\"wpcf-field-realization\" class=\"wpcf-field-number wpcf-field-realization\"><span class=\"wpcf-field-name wpcf-field-number-name wpcf-field-realization-name\">realization:<\/span> <span class=\"wpcf-field-value wpcf-field-number-value wpcf-field-realization-value\">2024<\/span><\/div>\n          <\/li>\n\t\t\n          <li>\n            \n          <div style=\"display:none\" class=\"wpv-addon-maps-marker js-wpv-addon-maps-marker js-wpv-addon-maps-marker-marker-152089 js-wpv-addon-maps-markerfor-map-1\" data-marker=\"marker-152089\" data-markertitle=\"Budapest German School\" data-markerfor=\"map-1\" data-markerlat=\"47.5096913\" data-markerlon=\"18.9815053\" data-markericon=\"\/wp-content\/uploads\/sites\/6\/2017\/11\/area_marker_4.png\" data-markericonhover=\"\" data-streetview=\"no\" data-fromview=\"\">\n            <article class=\"marker-itinerario\">\n\t<div class=\"entry-thumbnail\">\n      \n      \n      \t<img loading=\"lazy\" decoding=\"async\" width=\"975\" height=\"649\" src=\"https:\/\/static.tecnichenuove.it\/areaarch\/2025\/01\/german-school-foto.jpeg\" class=\"attachment-post-thumbnail size-post-thumbnail wp-post-image\" alt=\"\" srcset=\"https:\/\/static.tecnichenuove.it\/areaarch\/2025\/01\/german-school-foto.jpeg 975w, https:\/\/static.tecnichenuove.it\/areaarch\/2025\/01\/german-school-foto-300x200.jpeg 300w, https:\/\/static.tecnichenuove.it\/areaarch\/2025\/01\/german-school-foto-150x100.jpeg 150w, https:\/\/static.tecnichenuove.it\/areaarch\/2025\/01\/german-school-foto-768x511.jpeg 768w, https:\/\/static.tecnichenuove.it\/areaarch\/2025\/01\/german-school-foto-696x463.jpeg 696w, https:\/\/static.tecnichenuove.it\/areaarch\/2025\/01\/german-school-foto-631x420.jpeg 631w\" sizes=\"auto, (max-width: 975px) 100vw, 975px\" \/>\n      \t<img decoding=\"async\" src=\"https:\/\/static.tecnichenuove.it\/areaarch\/2025\/01\/GS-Disegno.jpeg\" class=\"attachment-post-thumbnail\" \/>\n      \n\t<\/div>\n  \t<div class=\"entry-column\">\n      <h3 class=\"entry-title td-module-title\">Budapest German School<\/h3>\n      <div class=\"td-excerpt\">\n            <div id=\"wpcf-field-tipology\" class=\"wpcf-field-select wpcf-field-tipology\"><span class=\"wpcf-field-name wpcf-field-select-name wpcf-field-tipology-name\">tipology:<\/span> <span class=\"wpcf-field-value wpcf-field-select-value wpcf-field-tipology-value\">education<\/span><\/div>\n            <div id=\"wpcf-field-architect\" class=\"wpcf-field-single-line wpcf-field-architect\"><span class=\"wpcf-field-name wpcf-field-single-line-name wpcf-field-architect-name\">architect:<\/span> <span class=\"wpcf-field-value wpcf-field-single-line-value wpcf-field-architect-value\">B\u00e1n\u00e1ti + Hartvig Architects<\/span><\/div>\n            <div id=\"wpcf-field-realization\" class=\"wpcf-field-number wpcf-field-realization\"><span class=\"wpcf-field-name wpcf-field-number-name wpcf-field-realization-name\">realization:<\/span> <span class=\"wpcf-field-value wpcf-field-number-value wpcf-field-realization-value\">2016<\/span><\/div>\n            Budapest, Cinege \u00fat, Ungheria\n          <\/div>\n  <\/div>\n<\/article>\n          <\/div>\n            <h4><a href=\"#\" onclick=\"cimap();\" class=\"link-marker js-wpv-addon-maps-focus-map js-toolset-maps-hover-map-map-1-marker-marker-152089 js-toolset-maps-open-infowindow-map-map-1-marker-marker-152089\" data-map=\"map-1\" data-marker=\"marker-152089\">46. Budapest German School<\/a><\/h4>\n            <div id=\"wpcf-field-tipology\" class=\"wpcf-field-select wpcf-field-tipology\"><span class=\"wpcf-field-name wpcf-field-select-name wpcf-field-tipology-name\">tipology:<\/span> <span class=\"wpcf-field-value wpcf-field-select-value wpcf-field-tipology-value\">education<\/span><\/div> | <div id=\"wpcf-field-architect\" class=\"wpcf-field-single-line wpcf-field-architect\"><span class=\"wpcf-field-name wpcf-field-single-line-name wpcf-field-architect-name\">architect:<\/span> <span class=\"wpcf-field-value wpcf-field-single-line-value wpcf-field-architect-value\">B\u00e1n\u00e1ti + Hartvig Architects<\/span><\/div> | <div id=\"wpcf-field-realization\" class=\"wpcf-field-number wpcf-field-realization\"><span class=\"wpcf-field-name wpcf-field-number-name wpcf-field-realization-name\">realization:<\/span> <span class=\"wpcf-field-value wpcf-field-number-value wpcf-field-realization-value\">2016<\/span><\/div>\n          <\/li>\n\t\t\n          <li>\n            \n          <div style=\"display:none\" class=\"wpv-addon-maps-marker js-wpv-addon-maps-marker js-wpv-addon-maps-marker-marker-152092 js-wpv-addon-maps-markerfor-map-1\" data-marker=\"marker-152092\" data-markertitle=\"Ski House\" data-markerfor=\"map-1\" data-markerlat=\"47.5068445\" data-markerlon=\"19.0632483\" data-markericon=\"\/wp-content\/uploads\/sites\/6\/2017\/11\/area_marker_9.png\" data-markericonhover=\"\" data-streetview=\"no\" data-fromview=\"\">\n            <article class=\"marker-itinerario\">\n\t<div class=\"entry-thumbnail\">\n      \n      \n      \t<img loading=\"lazy\" decoding=\"async\" width=\"1250\" height=\"1000\" src=\"https:\/\/static.tecnichenuove.it\/areaarch\/2025\/01\/ski-house-hetedik-muterem-plus-studio-konstella_9.jpeg\" class=\"attachment-post-thumbnail size-post-thumbnail wp-post-image\" alt=\"\" srcset=\"https:\/\/static.tecnichenuove.it\/areaarch\/2025\/01\/ski-house-hetedik-muterem-plus-studio-konstella_9.jpeg 1250w, https:\/\/static.tecnichenuove.it\/areaarch\/2025\/01\/ski-house-hetedik-muterem-plus-studio-konstella_9-300x240.jpeg 300w, https:\/\/static.tecnichenuove.it\/areaarch\/2025\/01\/ski-house-hetedik-muterem-plus-studio-konstella_9-1024x819.jpeg 1024w, https:\/\/static.tecnichenuove.it\/areaarch\/2025\/01\/ski-house-hetedik-muterem-plus-studio-konstella_9-768x614.jpeg 768w, https:\/\/static.tecnichenuove.it\/areaarch\/2025\/01\/ski-house-hetedik-muterem-plus-studio-konstella_9-696x557.jpeg 696w, https:\/\/static.tecnichenuove.it\/areaarch\/2025\/01\/ski-house-hetedik-muterem-plus-studio-konstella_9-1068x854.jpeg 1068w, https:\/\/static.tecnichenuove.it\/areaarch\/2025\/01\/ski-house-hetedik-muterem-plus-studio-konstella_9-525x420.jpeg 525w\" sizes=\"auto, (max-width: 1250px) 100vw, 1250px\" \/>\n      \t<img decoding=\"async\" src=\"https:\/\/static.tecnichenuove.it\/areaarch\/2025\/01\/section-1-7.jpeg\" class=\"attachment-post-thumbnail\" \/>\n      \n\t<\/div>\n  \t<div class=\"entry-column\">\n      <h3 class=\"entry-title td-module-title\">Ski House<\/h3>\n      <div class=\"td-excerpt\">\n            <div id=\"wpcf-field-tipology\" class=\"wpcf-field-select wpcf-field-tipology\"><span class=\"wpcf-field-name wpcf-field-select-name wpcf-field-tipology-name\">tipology:<\/span> <span class=\"wpcf-field-value wpcf-field-select-value wpcf-field-tipology-value\">mixed use<\/span><\/div>\n            <div id=\"wpcf-field-architect\" class=\"wpcf-field-single-line wpcf-field-architect\"><span class=\"wpcf-field-name wpcf-field-single-line-name wpcf-field-architect-name\">architect:<\/span> <span class=\"wpcf-field-value wpcf-field-single-line-value wpcf-field-architect-value\">Hetedik M\u00fcterem + Studio Konstella<\/span><\/div>\n            <div id=\"wpcf-field-realization\" class=\"wpcf-field-number wpcf-field-realization\"><span class=\"wpcf-field-name wpcf-field-number-name wpcf-field-realization-name\">realization:<\/span> <span class=\"wpcf-field-value wpcf-field-number-value wpcf-field-realization-value\">2024<\/span><\/div>\n            Budapest, E\u00f6tv\u00f6s utca, Ungheria\n          <\/div>\n  <\/div>\n<\/article>\n          <\/div>\n            <h4><a href=\"#\" onclick=\"cimap();\" class=\"link-marker js-wpv-addon-maps-focus-map js-toolset-maps-hover-map-map-1-marker-marker-152092 js-toolset-maps-open-infowindow-map-map-1-marker-marker-152092\" data-map=\"map-1\" data-marker=\"marker-152092\">47. Ski House<\/a><\/h4>\n            <div id=\"wpcf-field-tipology\" class=\"wpcf-field-select wpcf-field-tipology\"><span class=\"wpcf-field-name wpcf-field-select-name wpcf-field-tipology-name\">tipology:<\/span> <span class=\"wpcf-field-value wpcf-field-select-value wpcf-field-tipology-value\">mixed use<\/span><\/div> | <div id=\"wpcf-field-architect\" class=\"wpcf-field-single-line wpcf-field-architect\"><span class=\"wpcf-field-name wpcf-field-single-line-name wpcf-field-architect-name\">architect:<\/span> <span class=\"wpcf-field-value wpcf-field-single-line-value wpcf-field-architect-value\">Hetedik M\u00fcterem + Studio Konstella<\/span><\/div> | <div id=\"wpcf-field-realization\" class=\"wpcf-field-number wpcf-field-realization\"><span class=\"wpcf-field-name wpcf-field-number-name wpcf-field-realization-name\">realization:<\/span> <span class=\"wpcf-field-value wpcf-field-number-value wpcf-field-realization-value\">2024<\/span><\/div>\n          <\/li>\n\t\t\n          <li>\n            \n          <div style=\"display:none\" class=\"wpv-addon-maps-marker js-wpv-addon-maps-marker js-wpv-addon-maps-marker-marker-152095 js-wpv-addon-maps-markerfor-map-1\" data-marker=\"marker-152095\" data-markertitle=\"Church of Saint John Paul II\" data-markerfor=\"map-1\" data-markerlat=\"47.5000388\" data-markerlon=\"19.077042\" data-markericon=\"\/wp-content\/uploads\/sites\/6\/2017\/11\/area_marker_17.png\" data-markericonhover=\"\" data-streetview=\"no\" data-fromview=\"\">\n            <article class=\"marker-itinerario\">\n\t<div class=\"entry-thumbnail\">\n      \n      \n      \t<img loading=\"lazy\" decoding=\"async\" width=\"1000\" height=\"667\" src=\"https:\/\/static.tecnichenuove.it\/areaarch\/2025\/01\/Church-of-Saint-John-Paul-II.jpeg\" class=\"attachment-post-thumbnail size-post-thumbnail wp-post-image\" alt=\"\" srcset=\"https:\/\/static.tecnichenuove.it\/areaarch\/2025\/01\/Church-of-Saint-John-Paul-II.jpeg 1000w, https:\/\/static.tecnichenuove.it\/areaarch\/2025\/01\/Church-of-Saint-John-Paul-II-300x200.jpeg 300w, https:\/\/static.tecnichenuove.it\/areaarch\/2025\/01\/Church-of-Saint-John-Paul-II-150x100.jpeg 150w, https:\/\/static.tecnichenuove.it\/areaarch\/2025\/01\/Church-of-Saint-John-Paul-II-768x512.jpeg 768w, https:\/\/static.tecnichenuove.it\/areaarch\/2025\/01\/Church-of-Saint-John-Paul-II-696x464.jpeg 696w, https:\/\/static.tecnichenuove.it\/areaarch\/2025\/01\/Church-of-Saint-John-Paul-II-630x420.jpeg 630w\" sizes=\"auto, (max-width: 1000px) 100vw, 1000px\" \/>\n      \t<img decoding=\"async\" src=\"https:\/\/static.tecnichenuove.it\/areaarch\/2025\/01\/Church-of-Saint-John-Paul-II-pianta.jpeg\" class=\"attachment-post-thumbnail\" \/>\n      \n\t<\/div>\n  \t<div class=\"entry-column\">\n      <h3 class=\"entry-title td-module-title\">Church of Saint John Paul II<\/h3>\n      <div class=\"td-excerpt\">\n            <div id=\"wpcf-field-tipology\" class=\"wpcf-field-select wpcf-field-tipology\"><span class=\"wpcf-field-name wpcf-field-select-name wpcf-field-tipology-name\">tipology:<\/span> <span class=\"wpcf-field-value wpcf-field-select-value wpcf-field-tipology-value\">church<\/span><\/div>\n            <div id=\"wpcf-field-architect\" class=\"wpcf-field-single-line wpcf-field-architect\"><span class=\"wpcf-field-name wpcf-field-single-line-name wpcf-field-architect-name\">architect:<\/span> <span class=\"wpcf-field-value wpcf-field-single-line-value wpcf-field-architect-value\">Robert Gutowski Architects<\/span><\/div>\n            <div id=\"wpcf-field-realization\" class=\"wpcf-field-number wpcf-field-realization\"><span class=\"wpcf-field-name wpcf-field-number-name wpcf-field-realization-name\">realization:<\/span> <span class=\"wpcf-field-value wpcf-field-number-value wpcf-field-realization-value\">2020<\/span><\/div>\n            Budapest, Munk\u00e1s utca, Ungheria\n          <\/div>\n  <\/div>\n<\/article>\n          <\/div>\n            <h4><a href=\"#\" onclick=\"cimap();\" class=\"link-marker js-wpv-addon-maps-focus-map js-toolset-maps-hover-map-map-1-marker-marker-152095 js-toolset-maps-open-infowindow-map-map-1-marker-marker-152095\" data-map=\"map-1\" data-marker=\"marker-152095\">48. Church of Saint John Paul II<\/a><\/h4>\n            <div id=\"wpcf-field-tipology\" class=\"wpcf-field-select wpcf-field-tipology\"><span class=\"wpcf-field-name wpcf-field-select-name wpcf-field-tipology-name\">tipology:<\/span> <span class=\"wpcf-field-value wpcf-field-select-value wpcf-field-tipology-value\">church<\/span><\/div> | <div id=\"wpcf-field-architect\" class=\"wpcf-field-single-line wpcf-field-architect\"><span class=\"wpcf-field-name wpcf-field-single-line-name wpcf-field-architect-name\">architect:<\/span> <span class=\"wpcf-field-value wpcf-field-single-line-value wpcf-field-architect-value\">Robert Gutowski Architects<\/span><\/div> | <div id=\"wpcf-field-realization\" class=\"wpcf-field-number wpcf-field-realization\"><span class=\"wpcf-field-name wpcf-field-number-name wpcf-field-realization-name\">realization:<\/span> <span class=\"wpcf-field-value wpcf-field-number-value wpcf-field-realization-value\">2020<\/span><\/div>\n          <\/li>\n\t\t\n\t\n<\/ul>\n\t\n\t\n<\/div>\n<\/div><\/div>\n<\/div>","protected":false},"excerpt":{"rendered":"search: tipology: all art gallery art studios commercial education health infrastructure hotel library mixed use museum office public residential sport theatre student accomodation church parc winery restaurant area 197 | Building within buildings Download the map (PDF) Orsz\u00e1gh\u00e1z &#8211; Hungarian Parliament Building tipology: museum architect: Imre Steindl realization: 1904 Budapest, Kossuth Lajos t\u00e9r, Ungheria 01.","protected":false},"author":1164,"featured_media":151949,"parent":29927,"menu_order":0,"comment_status":"closed","ping_status":"closed","template":"itinerary.php","meta":{"footnotes":""},"class_list":["post-151957","page","type-page","status-publish","has-post-thumbnail","hentry"],"yoast_head":"<!-- This site is optimized with the Yoast SEO plugin v27.5 - https:\/\/yoast.com\/product\/yoast-seo-wordpress\/ -->\n<title>Contemporary itinerary: budapest<\/title>\n<meta name=\"description\" content=\"area 197\" \/>\n<meta name=\"robots\" content=\"index, follow, max-snippet:-1, max-image-preview:large, max-video-preview:-1\" \/>\n<link rel=\"canonical\" href=\"https:\/\/www.area-arch.it\/en\/contemporary-itinerary\/contemporary-itinerary-budapest\/\" \/>\n<meta property=\"og:locale\" content=\"en_US\" \/>\n<meta property=\"og:type\" content=\"article\" \/>\n<meta property=\"og:title\" content=\"Contemporary itinerary: budapest\" \/>\n<meta property=\"og:description\" content=\"area 197\" \/>\n<meta property=\"og:url\" content=\"https:\/\/www.area-arch.it\/en\/contemporary-itinerary\/contemporary-itinerary-budapest\/\" \/>\n<meta property=\"og:site_name\" content=\"Area\" \/>\n<meta property=\"article:publisher\" content=\"https:\/\/www.facebook.com\/Area.Arch\" \/>\n<meta property=\"article:modified_time\" content=\"2025-01-14T11:31:20+00:00\" \/>\n<meta property=\"og:image\" content=\"https:\/\/static.tecnichenuove.it\/areaarch\/2025\/01\/Screenshot-2025-01-13-alle-09.51.25.png\" \/>\n\t<meta property=\"og:image:width\" content=\"2174\" \/>\n\t<meta property=\"og:image:height\" content=\"1430\" \/>\n\t<meta property=\"og:image:type\" content=\"image\/png\" \/>\n<script type=\"application\/ld+json\" class=\"yoast-schema-graph\">{\"@context\":\"https:\\\/\\\/schema.org\",\"@graph\":[{\"@type\":\"WebPage\",\"@id\":\"https:\\\/\\\/www.area-arch.it\\\/en\\\/contemporary-itinerary\\\/contemporary-itinerary-budapest\\\/\",\"url\":\"https:\\\/\\\/www.area-arch.it\\\/en\\\/contemporary-itinerary\\\/contemporary-itinerary-budapest\\\/\",\"name\":\"Contemporary itinerary: budapest\",\"isPartOf\":{\"@id\":\"https:\\\/\\\/www.area-arch.it\\\/en\\\/#website\"},\"primaryImageOfPage\":{\"@id\":\"https:\\\/\\\/www.area-arch.it\\\/en\\\/contemporary-itinerary\\\/contemporary-itinerary-budapest\\\/#primaryimage\"},\"image\":{\"@id\":\"https:\\\/\\\/www.area-arch.it\\\/en\\\/contemporary-itinerary\\\/contemporary-itinerary-budapest\\\/#primaryimage\"},\"thumbnailUrl\":\"https:\\\/\\\/static.tecnichenuove.it\\\/areaarch\\\/2025\\\/01\\\/Screenshot-2025-01-13-alle-09.51.25.png\",\"datePublished\":\"2025-01-13T11:14:25+00:00\",\"dateModified\":\"2025-01-14T11:31:20+00:00\",\"description\":\"area 197\",\"breadcrumb\":{\"@id\":\"https:\\\/\\\/www.area-arch.it\\\/en\\\/contemporary-itinerary\\\/contemporary-itinerary-budapest\\\/#breadcrumb\"},\"inLanguage\":\"en-US\",\"potentialAction\":[{\"@type\":\"ReadAction\",\"target\":[\"https:\\\/\\\/www.area-arch.it\\\/en\\\/contemporary-itinerary\\\/contemporary-itinerary-budapest\\\/\"]}]},{\"@type\":\"ImageObject\",\"inLanguage\":\"en-US\",\"@id\":\"https:\\\/\\\/www.area-arch.it\\\/en\\\/contemporary-itinerary\\\/contemporary-itinerary-budapest\\\/#primaryimage\",\"url\":\"https:\\\/\\\/static.tecnichenuove.it\\\/areaarch\\\/2025\\\/01\\\/Screenshot-2025-01-13-alle-09.51.25.png\",\"contentUrl\":\"https:\\\/\\\/static.tecnichenuove.it\\\/areaarch\\\/2025\\\/01\\\/Screenshot-2025-01-13-alle-09.51.25.png\",\"width\":2174,\"height\":1430},{\"@type\":\"BreadcrumbList\",\"@id\":\"https:\\\/\\\/www.area-arch.it\\\/en\\\/contemporary-itinerary\\\/contemporary-itinerary-budapest\\\/#breadcrumb\",\"itemListElement\":[{\"@type\":\"ListItem\",\"position\":1,\"name\":\"Home\",\"item\":\"https:\\\/\\\/www.area-arch.it\\\/en\\\/homepage-24\\\/\"},{\"@type\":\"ListItem\",\"position\":2,\"name\":\"Itinerary\",\"item\":\"https:\\\/\\\/www.area-arch.it\\\/en\\\/contemporary-itinerary\\\/\"},{\"@type\":\"ListItem\",\"position\":3,\"name\":\"Contemporary itinerary: Budapest\"}]},{\"@type\":\"WebSite\",\"@id\":\"https:\\\/\\\/www.area-arch.it\\\/en\\\/#website\",\"url\":\"https:\\\/\\\/www.area-arch.it\\\/en\\\/\",\"name\":\"Area\",\"description\":\"rivista di architettura e arti del progetto\",\"potentialAction\":[{\"@type\":\"SearchAction\",\"target\":{\"@type\":\"EntryPoint\",\"urlTemplate\":\"https:\\\/\\\/www.area-arch.it\\\/en\\\/?s={search_term_string}\"},\"query-input\":{\"@type\":\"PropertyValueSpecification\",\"valueRequired\":true,\"valueName\":\"search_term_string\"}}],\"inLanguage\":\"en-US\"}]}<\/script>\n<!-- \/ Yoast SEO plugin. -->","yoast_head_json":{"title":"Contemporary itinerary: budapest","description":"area 197","robots":{"index":"index","follow":"follow","max-snippet":"max-snippet:-1","max-image-preview":"max-image-preview:large","max-video-preview":"max-video-preview:-1"},"canonical":"https:\/\/www.area-arch.it\/en\/contemporary-itinerary\/contemporary-itinerary-budapest\/","og_locale":"en_US","og_type":"article","og_title":"Contemporary itinerary: budapest","og_description":"area 197","og_url":"https:\/\/www.area-arch.it\/en\/contemporary-itinerary\/contemporary-itinerary-budapest\/","og_site_name":"Area","article_publisher":"https:\/\/www.facebook.com\/Area.Arch","article_modified_time":"2025-01-14T11:31:20+00:00","og_image":[{"width":2174,"height":1430,"url":"https:\/\/static.tecnichenuove.it\/areaarch\/2025\/01\/Screenshot-2025-01-13-alle-09.51.25.png","type":"image\/png"}],"schema":{"@context":"https:\/\/schema.org","@graph":[{"@type":"WebPage","@id":"https:\/\/www.area-arch.it\/en\/contemporary-itinerary\/contemporary-itinerary-budapest\/","url":"https:\/\/www.area-arch.it\/en\/contemporary-itinerary\/contemporary-itinerary-budapest\/","name":"Contemporary itinerary: budapest","isPartOf":{"@id":"https:\/\/www.area-arch.it\/en\/#website"},"primaryImageOfPage":{"@id":"https:\/\/www.area-arch.it\/en\/contemporary-itinerary\/contemporary-itinerary-budapest\/#primaryimage"},"image":{"@id":"https:\/\/www.area-arch.it\/en\/contemporary-itinerary\/contemporary-itinerary-budapest\/#primaryimage"},"thumbnailUrl":"https:\/\/static.tecnichenuove.it\/areaarch\/2025\/01\/Screenshot-2025-01-13-alle-09.51.25.png","datePublished":"2025-01-13T11:14:25+00:00","dateModified":"2025-01-14T11:31:20+00:00","description":"area 197","breadcrumb":{"@id":"https:\/\/www.area-arch.it\/en\/contemporary-itinerary\/contemporary-itinerary-budapest\/#breadcrumb"},"inLanguage":"en-US","potentialAction":[{"@type":"ReadAction","target":["https:\/\/www.area-arch.it\/en\/contemporary-itinerary\/contemporary-itinerary-budapest\/"]}]},{"@type":"ImageObject","inLanguage":"en-US","@id":"https:\/\/www.area-arch.it\/en\/contemporary-itinerary\/contemporary-itinerary-budapest\/#primaryimage","url":"https:\/\/static.tecnichenuove.it\/areaarch\/2025\/01\/Screenshot-2025-01-13-alle-09.51.25.png","contentUrl":"https:\/\/static.tecnichenuove.it\/areaarch\/2025\/01\/Screenshot-2025-01-13-alle-09.51.25.png","width":2174,"height":1430},{"@type":"BreadcrumbList","@id":"https:\/\/www.area-arch.it\/en\/contemporary-itinerary\/contemporary-itinerary-budapest\/#breadcrumb","itemListElement":[{"@type":"ListItem","position":1,"name":"Home","item":"https:\/\/www.area-arch.it\/en\/homepage-24\/"},{"@type":"ListItem","position":2,"name":"Itinerary","item":"https:\/\/www.area-arch.it\/en\/contemporary-itinerary\/"},{"@type":"ListItem","position":3,"name":"Contemporary itinerary: Budapest"}]},{"@type":"WebSite","@id":"https:\/\/www.area-arch.it\/en\/#website","url":"https:\/\/www.area-arch.it\/en\/","name":"Area","description":"rivista di architettura e arti del progetto","potentialAction":[{"@type":"SearchAction","target":{"@type":"EntryPoint","urlTemplate":"https:\/\/www.area-arch.it\/en\/?s={search_term_string}"},"query-input":{"@type":"PropertyValueSpecification","valueRequired":true,"valueName":"search_term_string"}}],"inLanguage":"en-US"}]}},"_links":{"self":[{"href":"https:\/\/www.area-arch.it\/en\/wp-json\/wp\/v2\/pages\/151957","targetHints":{"allow":["GET"]}}],"collection":[{"href":"https:\/\/www.area-arch.it\/en\/wp-json\/wp\/v2\/pages"}],"about":[{"href":"https:\/\/www.area-arch.it\/en\/wp-json\/wp\/v2\/types\/page"}],"author":[{"embeddable":true,"href":"https:\/\/www.area-arch.it\/en\/wp-json\/wp\/v2\/users\/1164"}],"replies":[{"embeddable":true,"href":"https:\/\/www.area-arch.it\/en\/wp-json\/wp\/v2\/comments?post=151957"}],"version-history":[{"count":5,"href":"https:\/\/www.area-arch.it\/en\/wp-json\/wp\/v2\/pages\/151957\/revisions"}],"predecessor-version":[{"id":152120,"href":"https:\/\/www.area-arch.it\/en\/wp-json\/wp\/v2\/pages\/151957\/revisions\/152120"}],"up":[{"embeddable":true,"href":"https:\/\/www.area-arch.it\/en\/wp-json\/wp\/v2\/pages\/29927"}],"wp:featuredmedia":[{"embeddable":true,"href":"https:\/\/www.area-arch.it\/en\/wp-json\/wp\/v2\/media\/151949"}],"wp:attachment":[{"href":"https:\/\/www.area-arch.it\/en\/wp-json\/wp\/v2\/media?parent=151957"}],"curies":[{"name":"wp","href":"https:\/\/api.w.org\/{rel}","templated":true}]}}