{"id":146378,"date":"2024-06-20T12:57:09","date_gmt":"2024-06-20T10:57:09","guid":{"rendered":"https:\/\/www.area-arch.it\/?page_id=146378"},"modified":"2024-06-20T12:59:28","modified_gmt":"2024-06-20T10:59:28","slug":"contemporary-itinerary-romandy","status":"publish","type":"page","link":"https:\/\/www.area-arch.it\/en\/contemporary-itinerary\/contemporary-itinerary-romandy\/","title":{"rendered":"Contemporary itinerary: Romandy"},"content":{"rendered":"<div class=\"area-mappa\">\n  <a name=\"mappa\" id=\"mappa\"><\/a>\n  <div id=\"js-wpv-addon-maps-render-map-1\" style=\"width:100%; height:500px;\" class=\"wpv-addon-maps-render js-wpv-addon-maps-render js-wpv-addon-maps-render-map-1 \" data-map=\"map-1\" data-generalzoom=\"5\" data-generalcenterlat=\"0\" data-generalcenterlon=\"0\" data-fitbounds=\"on\" data-singlezoom=\"14\" data-singlecenter=\"on\" data-osmlayer=\"standard\" data-maptype=\"roadmap\" data-showlayerinterests=\"false\" data-markericon=\"\" data-markericonhover=\"\" data-draggable=\"on\" data-scrollwheel=\"on\" data-doubleclickzoom=\"on\" data-maptypecontrol=\"on\" data-fullscreencontrol=\"on\" data-zoomcontrol=\"on\" data-streetviewcontrol=\"on\" data-backgroundcolor=\"\" data-cluster=\"on\" data-clustergridsize=\"60\" data-clustermaxzoom=\"\" data-clusterclickzoom=\"on\" data-clusterminsize=\"2\" data-stylejson=\"\/\/www.area-arch.it\/wp-content\/plugins\/toolset-maps\/resources\/json\/Standard.json\" data-spiderfy=\"off\" data-streetview=\"off\" data-markerid=\"\" data-location=\"\" data-lat=\"0\" data-long=\"0\" data-heading=\"\" data-pitch=\"\"><\/div>\n  \n\t<div class=\"sponsor\">\n    \n\t\t<a href=\"https:\/\/www.area-arch.it\/\" target=\"_blank\" rel=\"noopener noreferrer\">\n    \n          <img decoding=\"async\" src=\"https:\/\/www.area-arch.it\/wp-content\/uploads\/sites\/6\/2017\/10\/logo_area_369.png\" alt=\"sponsor\" class=\"attachment-full\" \/>\n    \n\t\t<\/a>\n    \n\t<\/div>\n  \n<\/div>\n<form autocomplete=\"off\" name=\"wpv-filter-28977-CATTRb33717c2e9b575eb86a17fc2e98ef8e0\" action=\"\/en\/wp-json\/wp\/v2\/pages\/146378?wpv_view_count=28977-CATTRb33717c2e9b575eb86a17fc2e98ef8e0\" method=\"get\" class=\"wpv-filter-form js-wpv-filter-form js-wpv-filter-form-28977-CATTRb33717c2e9b575eb86a17fc2e98ef8e0 js-wpv-form-full\" data-viewnumber=\"28977-CATTRb33717c2e9b575eb86a17fc2e98ef8e0\" data-viewid=\"28977\" data-viewhash=\"eyJuYW1lIjoiaXRpbmVyYXJpIiwid3B2Y2l0dGFpdGluZXJhcmlvIjoicm9tYW5keSJ9\" data-viewwidgetid=\"0\" data-orderby=\"\" data-order=\"\" data-orderbyas=\"\" data-orderbysecond=\"\" data-ordersecond=\"\" data-parametric=\"{&quot;query&quot;:&quot;normal&quot;,&quot;id&quot;:28977,&quot;view_id&quot;:28977,&quot;widget_id&quot;:0,&quot;view_hash&quot;:&quot;28977-CATTRb33717c2e9b575eb86a17fc2e98ef8e0&quot;,&quot;action&quot;:&quot;\\\/en\\\/wp-json\\\/wp\\\/v2\\\/pages\\\/146378?wpv_view_count=28977-CATTRb33717c2e9b575eb86a17fc2e98ef8e0&quot;,&quot;sort&quot;:{&quot;orderby&quot;:&quot;&quot;,&quot;order&quot;:&quot;&quot;,&quot;orderby_as&quot;:&quot;&quot;,&quot;orderby_second&quot;:&quot;&quot;,&quot;order_second&quot;:&quot;&quot;},&quot;orderby&quot;:&quot;&quot;,&quot;order&quot;:&quot;&quot;,&quot;orderby_as&quot;:&quot;&quot;,&quot;orderby_second&quot;:&quot;&quot;,&quot;order_second&quot;:&quot;&quot;,&quot;ajax_form&quot;:&quot;&quot;,&quot;ajax_results&quot;:&quot;&quot;,&quot;effect&quot;:&quot;fade&quot;,&quot;prebefore&quot;:&quot;&quot;,&quot;before&quot;:&quot;&quot;,&quot;after&quot;:&quot;&quot;,&quot;attributes&quot;:{&quot;wpvcittaitinerario&quot;:&quot;romandy&quot;},&quot;environment&quot;:{&quot;current_post_id&quot;:146378,&quot;parent_post_id&quot;:146378,&quot;parent_term_id&quot;:0,&quot;parent_user_id&quot;:0,&quot;archive&quot;:{&quot;type&quot;:&quot;&quot;,&quot;name&quot;:&quot;&quot;,&quot;data&quot;:[]}},&quot;loop&quot;:{&quot;type&quot;:&quot;&quot;,&quot;name&quot;:&quot;&quot;,&quot;data&quot;:[],&quot;id&quot;:0}}\" data-attributes=\"{&quot;wpvcittaitinerario&quot;:&quot;romandy&quot;}\" data-environment=\"{&quot;current_post_id&quot;:146378,&quot;parent_post_id&quot;:146378,&quot;parent_term_id&quot;:0,&quot;parent_user_id&quot;:0,&quot;archive&quot;:{&quot;type&quot;:&quot;&quot;,&quot;name&quot;:&quot;&quot;,&quot;data&quot;:[]}}\"><input type=\"hidden\" class=\"js-wpv-dps-filter-data js-wpv-filter-data-for-this-form\" data-action=\"\/en\/wp-json\/wp\/v2\/pages\/146378?wpv_view_count=28977-CATTRb33717c2e9b575eb86a17fc2e98ef8e0\" data-page=\"1\" data-ajax=\"disable\" data-effect=\"fade\" data-maxpages=\"0\" data-ajaxprebefore=\"\" data-ajaxbefore=\"\" data-ajaxafter=\"\" \/><input class=\"wpv_view_count wpv_view_count-28977-CATTRb33717c2e9b575eb86a17fc2e98ef8e0\" type=\"hidden\" name=\"wpv_view_count\" value=\"28977-CATTRb33717c2e9b575eb86a17fc2e98ef8e0\" \/>\n\n<div class=\"filtro-itinerario\">\n  \tsearch:\n\t<input type=\"text\" name=\"wpv_post_search\"  class=\"js-wpv-filter-trigger-delayed\" \/>\n\ttipology:\n  \t\r\n<select  id=\"wpv_control_select_tipology\" name=\"tipology[]\" style=\"\" class=\"js-wpv-filter-trigger  wpcf-form-select form-select select\">\r\n<option value=\"\" selected=\"selected\" class=\"js-wpv-filter-trigger wpcf-form-option form-option option\">all<\/option>\r\n<option value=\"1\" class=\"js-wpv-filter-trigger wpcf-form-option form-option option\">art gallery<\/option>\r\n<option value=\"2\" class=\"js-wpv-filter-trigger wpcf-form-option form-option option\">art studios<\/option>\r\n<option value=\"3\" class=\"js-wpv-filter-trigger wpcf-form-option form-option option\">commercial<\/option>\r\n<option value=\"4\" class=\"js-wpv-filter-trigger wpcf-form-option form-option option\">education<\/option>\r\n<option value=\"5\" class=\"js-wpv-filter-trigger wpcf-form-option form-option option\">health<\/option>\r\n<option value=\"6\" class=\"js-wpv-filter-trigger wpcf-form-option form-option option\">infrastructure<\/option>\r\n<option value=\"7\" class=\"js-wpv-filter-trigger wpcf-form-option form-option option\">hotel<\/option>\r\n<option value=\"8\" class=\"js-wpv-filter-trigger wpcf-form-option form-option option\">library<\/option>\r\n<option value=\"9\" class=\"js-wpv-filter-trigger wpcf-form-option form-option option\">mixed use<\/option>\r\n<option value=\"10\" class=\"js-wpv-filter-trigger wpcf-form-option form-option option\">museum<\/option>\r\n<option value=\"11\" class=\"js-wpv-filter-trigger wpcf-form-option form-option option\">office<\/option>\r\n<option value=\"12\" class=\"js-wpv-filter-trigger wpcf-form-option form-option option\">public<\/option>\r\n<option value=\"13\" class=\"js-wpv-filter-trigger wpcf-form-option form-option option\">residential<\/option>\r\n<option value=\"14\" class=\"js-wpv-filter-trigger wpcf-form-option form-option option\">sport<\/option>\r\n<option value=\"15\" class=\"js-wpv-filter-trigger wpcf-form-option form-option option\">theatre<\/option>\r\n<option value=\"16\" class=\"js-wpv-filter-trigger wpcf-form-option form-option option\">student accomodation<\/option>\r\n<option value=\"17\" class=\"js-wpv-filter-trigger wpcf-form-option form-option option\">church<\/option>\r\n<option value=\"18\" class=\"js-wpv-filter-trigger wpcf-form-option form-option option\">parc<\/option>\r\n<option value=\"19\" class=\"js-wpv-filter-trigger wpcf-form-option form-option option\">winery<\/option>\r\n<option value=\"20\" class=\"js-wpv-filter-trigger wpcf-form-option form-option option\">restaurant<\/option>\r\n<\/select>\r\n\n    <input type=\"submit\" class=\"wpv-submit-trigger js-wpv-submit-trigger\" name=\"wpv_filter_submit\" value=\"Search\" \/>\n    <input type=\"button\" class=\"wpv-reset-trigger js-wpv-reset-trigger\" name=\"wpv_filter_reset\" value=\"Reset\" \/>\n<\/div>\n\n<\/form>\n<div id=\"wpv-view-layout-28977-CATTRb33717c2e9b575eb86a17fc2e98ef8e0\" class=\"js-wpv-view-layout js-wpv-layout-responsive js-wpv-view-layout-28977-CATTRb33717c2e9b575eb86a17fc2e98ef8e0\" data-viewnumber=\"28977-CATTRb33717c2e9b575eb86a17fc2e98ef8e0\" data-pagination=\"{&quot;id&quot;:28977,&quot;query&quot;:&quot;normal&quot;,&quot;type&quot;:&quot;disabled&quot;,&quot;effect&quot;:&quot;fade&quot;,&quot;duration&quot;:&quot;500&quot;,&quot;speed&quot;:5,&quot;pause_on_hover&quot;:&quot;disabled&quot;,&quot;stop_rollover&quot;:&quot;false&quot;,&quot;cache_pages&quot;:&quot;enabled&quot;,&quot;preload_images&quot;:&quot;enabled&quot;,&quot;preload_pages&quot;:&quot;enabled&quot;,&quot;preload_reach&quot;:&quot;1&quot;,&quot;spinner&quot;:&quot;builtin&quot;,&quot;spinner_image&quot;:&quot;https:\/\/test.area-arch.it\/wp-content\/plugins\/wp-views\/res\/img\/ajax-loader.gif&quot;,&quot;callback_next&quot;:&quot;&quot;,&quot;manage_history&quot;:&quot;enabled&quot;,&quot;has_controls_in_form&quot;:&quot;disabled&quot;,&quot;infinite_tolerance&quot;:&quot;0&quot;,&quot;max_pages&quot;:0,&quot;page&quot;:1,&quot;base_permalink&quot;:&quot;\/en\/wp-json\/wp\/v2\/pages\/146378?wpv_view_count=28977-CATTRb33717c2e9b575eb86a17fc2e98ef8e0&amp;wpv_paged=WPV_PAGE_NUM&quot;,&quot;loop&quot;:{&quot;type&quot;:&quot;&quot;,&quot;name&quot;:&quot;&quot;,&quot;data&quot;:[],&quot;id&quot;:0}}\" data-permalink=\"\/en\/wp-json\/wp\/v2\/pages\/146378?wpv_view_count=28977-CATTRb33717c2e9b575eb86a17fc2e98ef8e0\">\n\n<div class=\"entry-summary numero-area\">\n\n\t<span>area 194<\/span>\n\t\n  \t\t<span>|<\/span>\n  \t\n\n\n\t<span>Roof<\/span>\n\n    <a href=\"https:\/\/share-eu1.hsforms.com\/1-8N7GglVTICUosdieEK9KA2b3nva\" class=\"download\" target=\"_blank\">Download the map (PDF)<\/a>\n<\/div>\n\n<div class=\"mappa-itinerario\">\n\t\n<ul>\n\t\n\t\t\n          <li>\n            \n          <div style=\"display:none\" class=\"wpv-addon-maps-marker js-wpv-addon-maps-marker js-wpv-addon-maps-marker-marker-146381 js-wpv-addon-maps-markerfor-map-1\" data-marker=\"marker-146381\" data-markertitle=\"Zendrum Paul Klee\" data-markerfor=\"map-1\" data-markerlat=\"46.9492036\" data-markerlon=\"7.4736598\" data-markericon=\"\/wp-content\/uploads\/sites\/6\/2017\/11\/area_marker_10.png\" data-markericonhover=\"\" data-streetview=\"no\" data-fromview=\"\">\n            <article class=\"marker-itinerario\">\n\t<div class=\"entry-thumbnail\">\n      \n      \n      \t<img loading=\"lazy\" decoding=\"async\" width=\"1744\" height=\"982\" src=\"https:\/\/static.tecnichenuove.it\/areaarch\/2024\/06\/Screenshot-2024-06-19-alle-16.43.28.jpg\" class=\"attachment-post-thumbnail size-post-thumbnail wp-post-image\" alt=\"\" srcset=\"https:\/\/static.tecnichenuove.it\/areaarch\/2024\/06\/Screenshot-2024-06-19-alle-16.43.28-e1718808290922.jpg 1744w, https:\/\/static.tecnichenuove.it\/areaarch\/2024\/06\/Screenshot-2024-06-19-alle-16.43.28-e1718808290922-300x169.jpg 300w, https:\/\/static.tecnichenuove.it\/areaarch\/2024\/06\/Screenshot-2024-06-19-alle-16.43.28-e1718808290922-1024x577.jpg 1024w, https:\/\/static.tecnichenuove.it\/areaarch\/2024\/06\/Screenshot-2024-06-19-alle-16.43.28-e1718808290922-768x432.jpg 768w, https:\/\/static.tecnichenuove.it\/areaarch\/2024\/06\/Screenshot-2024-06-19-alle-16.43.28-e1718808290922-1536x865.jpg 1536w, https:\/\/static.tecnichenuove.it\/areaarch\/2024\/06\/Screenshot-2024-06-19-alle-16.43.28-e1718808290922-696x392.jpg 696w, https:\/\/static.tecnichenuove.it\/areaarch\/2024\/06\/Screenshot-2024-06-19-alle-16.43.28-e1718808290922-746x420.jpg 746w, https:\/\/static.tecnichenuove.it\/areaarch\/2024\/06\/Screenshot-2024-06-19-alle-16.43.28-e1718808290922-1068x601.jpg 1068w\" sizes=\"auto, (max-width: 1744px) 100vw, 1744px\" \/>\n      \t<img decoding=\"async\" src=\"https:\/\/www.area-arch.it\/wp-content\/uploads\/sites\/6\/2024\/06\/Screenshot-2024-06-19-alle-16.43.09-e1718808259578.jpg\" class=\"attachment-post-thumbnail\" \/>\n      \n\t<\/div>\n  \t<div class=\"entry-column\">\n      <h3 class=\"entry-title td-module-title\">Zendrum Paul Klee<\/h3>\n      <div class=\"td-excerpt\">\n            <div id=\"wpcf-field-tipology\" class=\"wpcf-field-select wpcf-field-tipology\"><span class=\"wpcf-field-name wpcf-field-select-name wpcf-field-tipology-name\">tipology:<\/span> <span class=\"wpcf-field-value wpcf-field-select-value wpcf-field-tipology-value\">museum<\/span><\/div>\n            <div id=\"wpcf-field-architect\" class=\"wpcf-field-single-line wpcf-field-architect\"><span class=\"wpcf-field-name wpcf-field-single-line-name wpcf-field-architect-name\">architect:<\/span> <span class=\"wpcf-field-value wpcf-field-single-line-value wpcf-field-architect-value\">RPBW - Renzo Piano Building Workshop<\/span><\/div>\n            <div id=\"wpcf-field-realization\" class=\"wpcf-field-number wpcf-field-realization\"><span class=\"wpcf-field-name wpcf-field-number-name wpcf-field-realization-name\">realization:<\/span> <span class=\"wpcf-field-value wpcf-field-number-value wpcf-field-realization-value\">1998<\/span><\/div>\n            Monument im Fruchtland, Berna, Svizzera\n          <\/div>\n  <\/div>\n<\/article>\n          <\/div>\n            <h4><a href=\"#\" onclick=\"cimap();\" class=\"link-marker js-wpv-addon-maps-focus-map js-toolset-maps-hover-map-map-1-marker-marker-146381 js-toolset-maps-open-infowindow-map-map-1-marker-marker-146381\" data-map=\"map-1\" data-marker=\"marker-146381\">01. Zendrum Paul Klee<\/a><\/h4>\n            <div id=\"wpcf-field-tipology\" class=\"wpcf-field-select wpcf-field-tipology\"><span class=\"wpcf-field-name wpcf-field-select-name wpcf-field-tipology-name\">tipology:<\/span> <span class=\"wpcf-field-value wpcf-field-select-value wpcf-field-tipology-value\">museum<\/span><\/div> | <div id=\"wpcf-field-architect\" class=\"wpcf-field-single-line wpcf-field-architect\"><span class=\"wpcf-field-name wpcf-field-single-line-name wpcf-field-architect-name\">architect:<\/span> <span class=\"wpcf-field-value wpcf-field-single-line-value wpcf-field-architect-value\">RPBW - Renzo Piano Building Workshop<\/span><\/div> | <div id=\"wpcf-field-realization\" class=\"wpcf-field-number wpcf-field-realization\"><span class=\"wpcf-field-name wpcf-field-number-name wpcf-field-realization-name\">realization:<\/span> <span class=\"wpcf-field-value wpcf-field-number-value wpcf-field-realization-value\">1998<\/span><\/div>\n          <\/li>\n\t\t\n          <li>\n            \n          <div style=\"display:none\" class=\"wpv-addon-maps-marker js-wpv-addon-maps-marker js-wpv-addon-maps-marker-marker-146384 js-wpv-addon-maps-markerfor-map-1\" data-marker=\"marker-146384\" data-markertitle=\"Kubus\" data-markerfor=\"map-1\" data-markerlat=\"46.9440851\" data-markerlon=\"7.4486078\" data-markericon=\"\/wp-content\/uploads\/sites\/6\/2017\/11\/area_marker_10.png\" data-markericonhover=\"\" data-streetview=\"no\" data-fromview=\"\">\n            <article class=\"marker-itinerario\">\n\t<div class=\"entry-thumbnail\">\n      \n      \n      \t<img loading=\"lazy\" decoding=\"async\" width=\"389\" height=\"292\" src=\"https:\/\/static.tecnichenuove.it\/areaarch\/2024\/06\/picture_3772_10.jpg-389x310-kubus-titan-rozsireni-historickeho-muzea-v-bernu-erweiterungsbau-kubus-titan.jpg\" class=\"attachment-post-thumbnail size-post-thumbnail wp-post-image\" alt=\"\" srcset=\"https:\/\/static.tecnichenuove.it\/areaarch\/2024\/06\/picture_3772_10.jpg-389x310-kubus-titan-rozsireni-historickeho-muzea-v-bernu-erweiterungsbau-kubus-titan.jpg 389w, https:\/\/static.tecnichenuove.it\/areaarch\/2024\/06\/picture_3772_10.jpg-389x310-kubus-titan-rozsireni-historickeho-muzea-v-bernu-erweiterungsbau-kubus-titan-300x225.jpg 300w, https:\/\/static.tecnichenuove.it\/areaarch\/2024\/06\/picture_3772_10.jpg-389x310-kubus-titan-rozsireni-historickeho-muzea-v-bernu-erweiterungsbau-kubus-titan-80x60.jpg 80w, https:\/\/static.tecnichenuove.it\/areaarch\/2024\/06\/picture_3772_10.jpg-389x310-kubus-titan-rozsireni-historickeho-muzea-v-bernu-erweiterungsbau-kubus-titan-160x120.jpg 160w, https:\/\/static.tecnichenuove.it\/areaarch\/2024\/06\/picture_3772_10.jpg-389x310-kubus-titan-rozsireni-historickeho-muzea-v-bernu-erweiterungsbau-kubus-titan-265x198.jpg 265w\" sizes=\"auto, (max-width: 389px) 100vw, 389px\" \/>\n      \t<img decoding=\"async\" src=\"https:\/\/www.area-arch.it\/wp-content\/uploads\/sites\/6\/2024\/06\/mlzd_titan_erweiterung_historisches_museum_bern_ug.png\" class=\"attachment-post-thumbnail\" \/>\n      \n\t<\/div>\n  \t<div class=\"entry-column\">\n      <h3 class=\"entry-title td-module-title\">Kubus<\/h3>\n      <div class=\"td-excerpt\">\n            <div id=\"wpcf-field-tipology\" class=\"wpcf-field-select wpcf-field-tipology\"><span class=\"wpcf-field-name wpcf-field-select-name wpcf-field-tipology-name\">tipology:<\/span> <span class=\"wpcf-field-value wpcf-field-select-value wpcf-field-tipology-value\">museum<\/span><\/div>\n            <div id=\"wpcf-field-architect\" class=\"wpcf-field-single-line wpcf-field-architect\"><span class=\"wpcf-field-name wpcf-field-single-line-name wpcf-field-architect-name\">architect:<\/span> <span class=\"wpcf-field-value wpcf-field-single-line-value wpcf-field-architect-value\">:mlzd<\/span><\/div>\n            <div id=\"wpcf-field-realization\" class=\"wpcf-field-number wpcf-field-realization\"><span class=\"wpcf-field-name wpcf-field-number-name wpcf-field-realization-name\">realization:<\/span> <span class=\"wpcf-field-value wpcf-field-number-value wpcf-field-realization-value\">2009<\/span><\/div>\n            Helvetiaplatz, Bern, Svizzera\n          <\/div>\n  <\/div>\n<\/article>\n          <\/div>\n            <h4><a href=\"#\" onclick=\"cimap();\" class=\"link-marker js-wpv-addon-maps-focus-map js-toolset-maps-hover-map-map-1-marker-marker-146384 js-toolset-maps-open-infowindow-map-map-1-marker-marker-146384\" data-map=\"map-1\" data-marker=\"marker-146384\">02. Kubus<\/a><\/h4>\n            <div id=\"wpcf-field-tipology\" class=\"wpcf-field-select wpcf-field-tipology\"><span class=\"wpcf-field-name wpcf-field-select-name wpcf-field-tipology-name\">tipology:<\/span> <span class=\"wpcf-field-value wpcf-field-select-value wpcf-field-tipology-value\">museum<\/span><\/div> | <div id=\"wpcf-field-architect\" class=\"wpcf-field-single-line wpcf-field-architect\"><span class=\"wpcf-field-name wpcf-field-single-line-name wpcf-field-architect-name\">architect:<\/span> <span class=\"wpcf-field-value wpcf-field-single-line-value wpcf-field-architect-value\">:mlzd<\/span><\/div> | <div id=\"wpcf-field-realization\" class=\"wpcf-field-number wpcf-field-realization\"><span class=\"wpcf-field-name wpcf-field-number-name wpcf-field-realization-name\">realization:<\/span> <span class=\"wpcf-field-value wpcf-field-number-value wpcf-field-realization-value\">2009<\/span><\/div>\n          <\/li>\n\t\t\n          <li>\n            \n          <div style=\"display:none\" class=\"wpv-addon-maps-marker js-wpv-addon-maps-marker js-wpv-addon-maps-marker-marker-146386 js-wpv-addon-maps-markerfor-map-1\" data-marker=\"marker-146386\" data-markertitle=\"Youth Hostel Bern\" data-markerfor=\"map-1\" data-markerlat=\"46.9454529\" data-markerlon=\"7.444166\" data-markericon=\"\/wp-content\/uploads\/sites\/6\/2017\/11\/area_marker_7.png\" data-markericonhover=\"\" data-streetview=\"no\" data-fromview=\"\">\n            <article class=\"marker-itinerario\">\n\t<div class=\"entry-thumbnail\">\n      \n      \n      \t<img loading=\"lazy\" decoding=\"async\" width=\"1000\" height=\"667\" src=\"https:\/\/static.tecnichenuove.it\/areaarch\/2024\/06\/csm_Aussenansicht_Jugendherberge_Bern_33587b0dc5.jpg\" class=\"attachment-post-thumbnail size-post-thumbnail wp-post-image\" alt=\"\" srcset=\"https:\/\/static.tecnichenuove.it\/areaarch\/2024\/06\/csm_Aussenansicht_Jugendherberge_Bern_33587b0dc5.jpg 1000w, https:\/\/static.tecnichenuove.it\/areaarch\/2024\/06\/csm_Aussenansicht_Jugendherberge_Bern_33587b0dc5-300x200.jpg 300w, https:\/\/static.tecnichenuove.it\/areaarch\/2024\/06\/csm_Aussenansicht_Jugendherberge_Bern_33587b0dc5-150x100.jpg 150w, https:\/\/static.tecnichenuove.it\/areaarch\/2024\/06\/csm_Aussenansicht_Jugendherberge_Bern_33587b0dc5-768x512.jpg 768w, https:\/\/static.tecnichenuove.it\/areaarch\/2024\/06\/csm_Aussenansicht_Jugendherberge_Bern_33587b0dc5-696x464.jpg 696w, https:\/\/static.tecnichenuove.it\/areaarch\/2024\/06\/csm_Aussenansicht_Jugendherberge_Bern_33587b0dc5-630x420.jpg 630w\" sizes=\"auto, (max-width: 1000px) 100vw, 1000px\" \/>\n      \t<img decoding=\"async\" src=\"https:\/\/www.area-arch.it\/wp-content\/uploads\/sites\/6\/2024\/06\/G3017_ground_floor.jpg\" class=\"attachment-post-thumbnail\" \/>\n      \n\t<\/div>\n  \t<div class=\"entry-column\">\n      <h3 class=\"entry-title td-module-title\">Youth Hostel Bern<\/h3>\n      <div class=\"td-excerpt\">\n            <div id=\"wpcf-field-tipology\" class=\"wpcf-field-select wpcf-field-tipology\"><span class=\"wpcf-field-name wpcf-field-select-name wpcf-field-tipology-name\">tipology:<\/span> <span class=\"wpcf-field-value wpcf-field-select-value wpcf-field-tipology-value\">hotel<\/span><\/div>\n            <div id=\"wpcf-field-architect\" class=\"wpcf-field-single-line wpcf-field-architect\"><span class=\"wpcf-field-name wpcf-field-single-line-name wpcf-field-architect-name\">architect:<\/span> <span class=\"wpcf-field-value wpcf-field-single-line-value wpcf-field-architect-value\">Aebi &amp; Vincent Architects<\/span><\/div>\n            <div id=\"wpcf-field-realization\" class=\"wpcf-field-number wpcf-field-realization\"><span class=\"wpcf-field-name wpcf-field-number-name wpcf-field-realization-name\">realization:<\/span> <span class=\"wpcf-field-value wpcf-field-number-value wpcf-field-realization-value\">2019<\/span><\/div>\n            Weihergasse, Berna, Svizzera\n          <\/div>\n  <\/div>\n<\/article>\n          <\/div>\n            <h4><a href=\"#\" onclick=\"cimap();\" class=\"link-marker js-wpv-addon-maps-focus-map js-toolset-maps-hover-map-map-1-marker-marker-146386 js-toolset-maps-open-infowindow-map-map-1-marker-marker-146386\" data-map=\"map-1\" data-marker=\"marker-146386\">03. Youth Hostel Bern<\/a><\/h4>\n            <div id=\"wpcf-field-tipology\" class=\"wpcf-field-select wpcf-field-tipology\"><span class=\"wpcf-field-name wpcf-field-select-name wpcf-field-tipology-name\">tipology:<\/span> <span class=\"wpcf-field-value wpcf-field-select-value wpcf-field-tipology-value\">hotel<\/span><\/div> | <div id=\"wpcf-field-architect\" class=\"wpcf-field-single-line wpcf-field-architect\"><span class=\"wpcf-field-name wpcf-field-single-line-name wpcf-field-architect-name\">architect:<\/span> <span class=\"wpcf-field-value wpcf-field-single-line-value wpcf-field-architect-value\">Aebi &amp; Vincent Architects<\/span><\/div> | <div id=\"wpcf-field-realization\" class=\"wpcf-field-number wpcf-field-realization\"><span class=\"wpcf-field-name wpcf-field-number-name wpcf-field-realization-name\">realization:<\/span> <span class=\"wpcf-field-value wpcf-field-number-value wpcf-field-realization-value\">2019<\/span><\/div>\n          <\/li>\n\t\t\n          <li>\n            \n          <div style=\"display:none\" class=\"wpv-addon-maps-marker js-wpv-addon-maps-marker js-wpv-addon-maps-marker-marker-146389 js-wpv-addon-maps-markerfor-map-1\" data-marker=\"marker-146389\" data-markertitle=\"Baldachin\" data-markerfor=\"map-1\" data-markerlat=\"46.9485019\" data-markerlon=\"7.4405234\" data-markericon=\"\/wp-content\/uploads\/sites\/6\/2017\/11\/area_marker_6.png\" data-markericonhover=\"\" data-streetview=\"no\" data-fromview=\"\">\n            <article class=\"marker-itinerario\">\n\t<div class=\"entry-thumbnail\">\n      \n      \t<img loading=\"lazy\" decoding=\"async\" width=\"300\" height=\"199\" src=\"https:\/\/static.tecnichenuove.it\/areaarch\/2024\/06\/Screenshot-2024-06-19-alle-16.56.26-300x199.jpg\" class=\"attachment-medium size-medium wp-post-image\" alt=\"\" srcset=\"https:\/\/static.tecnichenuove.it\/areaarch\/2024\/06\/Screenshot-2024-06-19-alle-16.56.26-300x199.jpg 300w, https:\/\/static.tecnichenuove.it\/areaarch\/2024\/06\/Screenshot-2024-06-19-alle-16.56.26-1024x681.jpg 1024w, https:\/\/static.tecnichenuove.it\/areaarch\/2024\/06\/Screenshot-2024-06-19-alle-16.56.26-150x100.jpg 150w, https:\/\/static.tecnichenuove.it\/areaarch\/2024\/06\/Screenshot-2024-06-19-alle-16.56.26-768x510.jpg 768w, https:\/\/static.tecnichenuove.it\/areaarch\/2024\/06\/Screenshot-2024-06-19-alle-16.56.26-1536x1021.jpg 1536w, https:\/\/static.tecnichenuove.it\/areaarch\/2024\/06\/Screenshot-2024-06-19-alle-16.56.26-696x463.jpg 696w, https:\/\/static.tecnichenuove.it\/areaarch\/2024\/06\/Screenshot-2024-06-19-alle-16.56.26-1068x710.jpg 1068w, https:\/\/static.tecnichenuove.it\/areaarch\/2024\/06\/Screenshot-2024-06-19-alle-16.56.26-632x420.jpg 632w, https:\/\/static.tecnichenuove.it\/areaarch\/2024\/06\/Screenshot-2024-06-19-alle-16.56.26.jpg 1920w\" sizes=\"auto, (max-width: 300px) 100vw, 300px\" \/>\n      \n      \n\t<\/div>\n  \t<div class=\"entry-column\">\n      <h3 class=\"entry-title td-module-title\">Baldachin<\/h3>\n      <div class=\"td-excerpt\">\n            <div id=\"wpcf-field-tipology\" class=\"wpcf-field-select wpcf-field-tipology\"><span class=\"wpcf-field-name wpcf-field-select-name wpcf-field-tipology-name\">tipology:<\/span> <span class=\"wpcf-field-value wpcf-field-select-value wpcf-field-tipology-value\">infrastructure<\/span><\/div>\n            <div id=\"wpcf-field-architect\" class=\"wpcf-field-single-line wpcf-field-architect\"><span class=\"wpcf-field-name wpcf-field-single-line-name wpcf-field-architect-name\">architect:<\/span> <span class=\"wpcf-field-value wpcf-field-single-line-value wpcf-field-architect-value\">marchwell \/Atelier S and Arup<\/span><\/div>\n            <div id=\"wpcf-field-realization\" class=\"wpcf-field-number wpcf-field-realization\"><span class=\"wpcf-field-name wpcf-field-number-name wpcf-field-realization-name\">realization:<\/span> <span class=\"wpcf-field-value wpcf-field-number-value wpcf-field-realization-value\">2008<\/span><\/div>\n            Bahnhofplatz, Bern, Svizzera\n          <\/div>\n  <\/div>\n<\/article>\n          <\/div>\n            <h4><a href=\"#\" onclick=\"cimap();\" class=\"link-marker js-wpv-addon-maps-focus-map js-toolset-maps-hover-map-map-1-marker-marker-146389 js-toolset-maps-open-infowindow-map-map-1-marker-marker-146389\" data-map=\"map-1\" data-marker=\"marker-146389\">04. Baldachin<\/a><\/h4>\n            <div id=\"wpcf-field-tipology\" class=\"wpcf-field-select wpcf-field-tipology\"><span class=\"wpcf-field-name wpcf-field-select-name wpcf-field-tipology-name\">tipology:<\/span> <span class=\"wpcf-field-value wpcf-field-select-value wpcf-field-tipology-value\">infrastructure<\/span><\/div> | <div id=\"wpcf-field-architect\" class=\"wpcf-field-single-line wpcf-field-architect\"><span class=\"wpcf-field-name wpcf-field-single-line-name wpcf-field-architect-name\">architect:<\/span> <span class=\"wpcf-field-value wpcf-field-single-line-value wpcf-field-architect-value\">marchwell \/Atelier S and Arup<\/span><\/div> | <div id=\"wpcf-field-realization\" class=\"wpcf-field-number wpcf-field-realization\"><span class=\"wpcf-field-name wpcf-field-number-name wpcf-field-realization-name\">realization:<\/span> <span class=\"wpcf-field-value wpcf-field-number-value wpcf-field-realization-value\">2008<\/span><\/div>\n          <\/li>\n\t\t\n          <li>\n            \n          <div style=\"display:none\" class=\"wpv-addon-maps-marker js-wpv-addon-maps-marker js-wpv-addon-maps-marker-marker-146392 js-wpv-addon-maps-markerfor-map-1\" data-marker=\"marker-146392\" data-markertitle=\"Halen\" data-markerfor=\"map-1\" data-markerlat=\"46.9725077\" data-markerlon=\"7.4120301\" data-markericon=\"\/wp-content\/uploads\/sites\/6\/2017\/11\/area_marker_13.png\" data-markericonhover=\"\" data-streetview=\"no\" data-fromview=\"\">\n            <article class=\"marker-itinerario\">\n\t<div class=\"entry-thumbnail\">\n      \n      \n      \t<img loading=\"lazy\" decoding=\"async\" width=\"1892\" height=\"1184\" src=\"https:\/\/static.tecnichenuove.it\/areaarch\/2024\/06\/Screenshot-2024-06-19-alle-17.00.48.jpg\" class=\"attachment-post-thumbnail size-post-thumbnail wp-post-image\" alt=\"\" srcset=\"https:\/\/static.tecnichenuove.it\/areaarch\/2024\/06\/Screenshot-2024-06-19-alle-17.00.48.jpg 1892w, https:\/\/static.tecnichenuove.it\/areaarch\/2024\/06\/Screenshot-2024-06-19-alle-17.00.48-300x188.jpg 300w, https:\/\/static.tecnichenuove.it\/areaarch\/2024\/06\/Screenshot-2024-06-19-alle-17.00.48-1024x641.jpg 1024w, https:\/\/static.tecnichenuove.it\/areaarch\/2024\/06\/Screenshot-2024-06-19-alle-17.00.48-768x481.jpg 768w, https:\/\/static.tecnichenuove.it\/areaarch\/2024\/06\/Screenshot-2024-06-19-alle-17.00.48-1536x961.jpg 1536w, https:\/\/static.tecnichenuove.it\/areaarch\/2024\/06\/Screenshot-2024-06-19-alle-17.00.48-696x436.jpg 696w, https:\/\/static.tecnichenuove.it\/areaarch\/2024\/06\/Screenshot-2024-06-19-alle-17.00.48-1068x668.jpg 1068w, https:\/\/static.tecnichenuove.it\/areaarch\/2024\/06\/Screenshot-2024-06-19-alle-17.00.48-671x420.jpg 671w\" sizes=\"auto, (max-width: 1892px) 100vw, 1892px\" \/>\n      \t<img decoding=\"async\" src=\"https:\/\/www.area-arch.it\/wp-content\/uploads\/sites\/6\/2024\/06\/Screenshot-2024-06-19-alle-17.01.10.jpg\" class=\"attachment-post-thumbnail\" \/>\n      \n\t<\/div>\n  \t<div class=\"entry-column\">\n      <h3 class=\"entry-title td-module-title\">Halen<\/h3>\n      <div class=\"td-excerpt\">\n            <div id=\"wpcf-field-tipology\" class=\"wpcf-field-select wpcf-field-tipology\"><span class=\"wpcf-field-name wpcf-field-select-name wpcf-field-tipology-name\">tipology:<\/span> <span class=\"wpcf-field-value wpcf-field-select-value wpcf-field-tipology-value\">residential<\/span><\/div>\n            <div id=\"wpcf-field-architect\" class=\"wpcf-field-single-line wpcf-field-architect\"><span class=\"wpcf-field-name wpcf-field-single-line-name wpcf-field-architect-name\">architect:<\/span> <span class=\"wpcf-field-value wpcf-field-single-line-value wpcf-field-architect-value\">Atelier 5<\/span><\/div>\n            <div id=\"wpcf-field-realization\" class=\"wpcf-field-number wpcf-field-realization\"><span class=\"wpcf-field-name wpcf-field-number-name wpcf-field-realization-name\">realization:<\/span> <span class=\"wpcf-field-value wpcf-field-number-value wpcf-field-realization-value\">1955<\/span><\/div>\n            Siedlung Halen, Herrenschwanden, Svizzera\n          <\/div>\n  <\/div>\n<\/article>\n          <\/div>\n            <h4><a href=\"#\" onclick=\"cimap();\" class=\"link-marker js-wpv-addon-maps-focus-map js-toolset-maps-hover-map-map-1-marker-marker-146392 js-toolset-maps-open-infowindow-map-map-1-marker-marker-146392\" data-map=\"map-1\" data-marker=\"marker-146392\">05. Halen<\/a><\/h4>\n            <div id=\"wpcf-field-tipology\" class=\"wpcf-field-select wpcf-field-tipology\"><span class=\"wpcf-field-name wpcf-field-select-name wpcf-field-tipology-name\">tipology:<\/span> <span class=\"wpcf-field-value wpcf-field-select-value wpcf-field-tipology-value\">residential<\/span><\/div> | <div id=\"wpcf-field-architect\" class=\"wpcf-field-single-line wpcf-field-architect\"><span class=\"wpcf-field-name wpcf-field-single-line-name wpcf-field-architect-name\">architect:<\/span> <span class=\"wpcf-field-value wpcf-field-single-line-value wpcf-field-architect-value\">Atelier 5<\/span><\/div> | <div id=\"wpcf-field-realization\" class=\"wpcf-field-number wpcf-field-realization\"><span class=\"wpcf-field-name wpcf-field-number-name wpcf-field-realization-name\">realization:<\/span> <span class=\"wpcf-field-value wpcf-field-number-value wpcf-field-realization-value\">1955<\/span><\/div>\n          <\/li>\n\t\t\n          <li>\n            \n          <div style=\"display:none\" class=\"wpv-addon-maps-marker js-wpv-addon-maps-marker js-wpv-addon-maps-marker-marker-146395 js-wpv-addon-maps-markerfor-map-1\" data-marker=\"marker-146395\" data-markertitle=\"Centre D\u00fcrrenmatt\" data-markerfor=\"map-1\" data-markerlat=\"47.0011592\" data-markerlon=\"6.9360934\" data-markericon=\"\/wp-content\/uploads\/sites\/6\/2017\/11\/area_marker_9.png\" data-markericonhover=\"\" data-streetview=\"no\" data-fromview=\"\">\n            <article class=\"marker-itinerario\">\n\t<div class=\"entry-thumbnail\">\n      \n      \t<img loading=\"lazy\" decoding=\"async\" width=\"300\" height=\"188\" src=\"https:\/\/static.tecnichenuove.it\/areaarch\/2024\/06\/Screenshot-2024-06-19-alle-17.05.15-300x188.jpg\" class=\"attachment-medium size-medium wp-post-image\" alt=\"\" srcset=\"https:\/\/static.tecnichenuove.it\/areaarch\/2024\/06\/Screenshot-2024-06-19-alle-17.05.15-300x188.jpg 300w, https:\/\/static.tecnichenuove.it\/areaarch\/2024\/06\/Screenshot-2024-06-19-alle-17.05.15-1024x642.jpg 1024w, https:\/\/static.tecnichenuove.it\/areaarch\/2024\/06\/Screenshot-2024-06-19-alle-17.05.15-768x482.jpg 768w, https:\/\/static.tecnichenuove.it\/areaarch\/2024\/06\/Screenshot-2024-06-19-alle-17.05.15-1536x964.jpg 1536w, https:\/\/static.tecnichenuove.it\/areaarch\/2024\/06\/Screenshot-2024-06-19-alle-17.05.15-696x437.jpg 696w, https:\/\/static.tecnichenuove.it\/areaarch\/2024\/06\/Screenshot-2024-06-19-alle-17.05.15-1068x670.jpg 1068w, https:\/\/static.tecnichenuove.it\/areaarch\/2024\/06\/Screenshot-2024-06-19-alle-17.05.15-669x420.jpg 669w, https:\/\/static.tecnichenuove.it\/areaarch\/2024\/06\/Screenshot-2024-06-19-alle-17.05.15.jpg 1594w\" sizes=\"auto, (max-width: 300px) 100vw, 300px\" \/>\n      \n      \n\t<\/div>\n  \t<div class=\"entry-column\">\n      <h3 class=\"entry-title td-module-title\">Centre D\u00fcrrenmatt<\/h3>\n      <div class=\"td-excerpt\">\n            <div id=\"wpcf-field-tipology\" class=\"wpcf-field-select wpcf-field-tipology\"><span class=\"wpcf-field-name wpcf-field-select-name wpcf-field-tipology-name\">tipology:<\/span> <span class=\"wpcf-field-value wpcf-field-select-value wpcf-field-tipology-value\">mixed use<\/span><\/div>\n            <div id=\"wpcf-field-architect\" class=\"wpcf-field-single-line wpcf-field-architect\"><span class=\"wpcf-field-name wpcf-field-single-line-name wpcf-field-architect-name\">architect:<\/span> <span class=\"wpcf-field-value wpcf-field-single-line-value wpcf-field-architect-value\">Mario Botta<\/span><\/div>\n            <div id=\"wpcf-field-realization\" class=\"wpcf-field-number wpcf-field-realization\"><span class=\"wpcf-field-name wpcf-field-number-name wpcf-field-realization-name\">realization:<\/span> <span class=\"wpcf-field-value wpcf-field-number-value wpcf-field-realization-value\">2000<\/span><\/div>\n            Chemin du Pertuis-du-Sault, Neuch\u00e2tel, Svizzera\n          <\/div>\n  <\/div>\n<\/article>\n          <\/div>\n            <h4><a href=\"#\" onclick=\"cimap();\" class=\"link-marker js-wpv-addon-maps-focus-map js-toolset-maps-hover-map-map-1-marker-marker-146395 js-toolset-maps-open-infowindow-map-map-1-marker-marker-146395\" data-map=\"map-1\" data-marker=\"marker-146395\">06. Centre D\u00fcrrenmatt<\/a><\/h4>\n            <div id=\"wpcf-field-tipology\" class=\"wpcf-field-select wpcf-field-tipology\"><span class=\"wpcf-field-name wpcf-field-select-name wpcf-field-tipology-name\">tipology:<\/span> <span class=\"wpcf-field-value wpcf-field-select-value wpcf-field-tipology-value\">mixed use<\/span><\/div> | <div id=\"wpcf-field-architect\" class=\"wpcf-field-single-line wpcf-field-architect\"><span class=\"wpcf-field-name wpcf-field-single-line-name wpcf-field-architect-name\">architect:<\/span> <span class=\"wpcf-field-value wpcf-field-single-line-value wpcf-field-architect-value\">Mario Botta<\/span><\/div> | <div id=\"wpcf-field-realization\" class=\"wpcf-field-number wpcf-field-realization\"><span class=\"wpcf-field-name wpcf-field-number-name wpcf-field-realization-name\">realization:<\/span> <span class=\"wpcf-field-value wpcf-field-number-value wpcf-field-realization-value\">2000<\/span><\/div>\n          <\/li>\n\t\t\n          <li>\n            \n          <div style=\"display:none\" class=\"wpv-addon-maps-marker js-wpv-addon-maps-marker js-wpv-addon-maps-marker-marker-146398 js-wpv-addon-maps-markerfor-map-1\" data-marker=\"marker-146398\" data-markertitle=\"Villa Turque\" data-markerfor=\"map-1\" data-markerlat=\"47.1037356\" data-markerlon=\"6.8230118\" data-markericon=\"\/wp-content\/uploads\/sites\/6\/2017\/11\/area_marker_13.png\" data-markericonhover=\"\" data-streetview=\"no\" data-fromview=\"\">\n            <article class=\"marker-itinerario\">\n\t<div class=\"entry-thumbnail\">\n      \n      \n      \t<img loading=\"lazy\" decoding=\"async\" width=\"1200\" height=\"801\" src=\"https:\/\/static.tecnichenuove.it\/areaarch\/2024\/06\/1200px-CF05.jpg\" class=\"attachment-post-thumbnail size-post-thumbnail wp-post-image\" alt=\"\" srcset=\"https:\/\/static.tecnichenuove.it\/areaarch\/2024\/06\/1200px-CF05.jpg 1200w, https:\/\/static.tecnichenuove.it\/areaarch\/2024\/06\/1200px-CF05-300x200.jpg 300w, https:\/\/static.tecnichenuove.it\/areaarch\/2024\/06\/1200px-CF05-1024x684.jpg 1024w, https:\/\/static.tecnichenuove.it\/areaarch\/2024\/06\/1200px-CF05-150x100.jpg 150w, https:\/\/static.tecnichenuove.it\/areaarch\/2024\/06\/1200px-CF05-768x513.jpg 768w, https:\/\/static.tecnichenuove.it\/areaarch\/2024\/06\/1200px-CF05-696x465.jpg 696w, https:\/\/static.tecnichenuove.it\/areaarch\/2024\/06\/1200px-CF05-1068x713.jpg 1068w, https:\/\/static.tecnichenuove.it\/areaarch\/2024\/06\/1200px-CF05-629x420.jpg 629w\" sizes=\"auto, (max-width: 1200px) 100vw, 1200px\" \/>\n      \t<img decoding=\"async\" src=\"https:\/\/www.area-arch.it\/wp-content\/uploads\/sites\/6\/2024\/06\/9be98f7510b0270e353920a047a0525a.jpg\" class=\"attachment-post-thumbnail\" \/>\n      \n\t<\/div>\n  \t<div class=\"entry-column\">\n      <h3 class=\"entry-title td-module-title\">Villa Turque<\/h3>\n      <div class=\"td-excerpt\">\n            <div id=\"wpcf-field-tipology\" class=\"wpcf-field-select wpcf-field-tipology\"><span class=\"wpcf-field-name wpcf-field-select-name wpcf-field-tipology-name\">tipology:<\/span> <span class=\"wpcf-field-value wpcf-field-select-value wpcf-field-tipology-value\">residential<\/span><\/div>\n            <div id=\"wpcf-field-architect\" class=\"wpcf-field-single-line wpcf-field-architect\"><span class=\"wpcf-field-name wpcf-field-single-line-name wpcf-field-architect-name\">architect:<\/span> <span class=\"wpcf-field-value wpcf-field-single-line-value wpcf-field-architect-value\">Le Corbusier<\/span><\/div>\n            <div id=\"wpcf-field-realization\" class=\"wpcf-field-number wpcf-field-realization\"><span class=\"wpcf-field-name wpcf-field-number-name wpcf-field-realization-name\">realization:<\/span> <span class=\"wpcf-field-value wpcf-field-number-value wpcf-field-realization-value\">1917<\/span><\/div>\n            Rue du Doubs, La Chaux-de-Fonds, Svizzera\n          <\/div>\n  <\/div>\n<\/article>\n          <\/div>\n            <h4><a href=\"#\" onclick=\"cimap();\" class=\"link-marker js-wpv-addon-maps-focus-map js-toolset-maps-hover-map-map-1-marker-marker-146398 js-toolset-maps-open-infowindow-map-map-1-marker-marker-146398\" data-map=\"map-1\" data-marker=\"marker-146398\">07. Villa Turque<\/a><\/h4>\n            <div id=\"wpcf-field-tipology\" class=\"wpcf-field-select wpcf-field-tipology\"><span class=\"wpcf-field-name wpcf-field-select-name wpcf-field-tipology-name\">tipology:<\/span> <span class=\"wpcf-field-value wpcf-field-select-value wpcf-field-tipology-value\">residential<\/span><\/div> | <div id=\"wpcf-field-architect\" class=\"wpcf-field-single-line wpcf-field-architect\"><span class=\"wpcf-field-name wpcf-field-single-line-name wpcf-field-architect-name\">architect:<\/span> <span class=\"wpcf-field-value wpcf-field-single-line-value wpcf-field-architect-value\">Le Corbusier<\/span><\/div> | <div id=\"wpcf-field-realization\" class=\"wpcf-field-number wpcf-field-realization\"><span class=\"wpcf-field-name wpcf-field-number-name wpcf-field-realization-name\">realization:<\/span> <span class=\"wpcf-field-value wpcf-field-number-value wpcf-field-realization-value\">1917<\/span><\/div>\n          <\/li>\n\t\t\n          <li>\n            \n          <div style=\"display:none\" class=\"wpv-addon-maps-marker js-wpv-addon-maps-marker js-wpv-addon-maps-marker-marker-146401 js-wpv-addon-maps-markerfor-map-1\" data-marker=\"marker-146401\" data-markertitle=\"The Espacit\u00e9 Tower\" data-markerfor=\"map-1\" data-markerlat=\"47.1024158\" data-markerlon=\"6.8284744\" data-markericon=\"\/wp-content\/uploads\/sites\/6\/2017\/11\/area_marker_12.png\" data-markericonhover=\"\" data-streetview=\"no\" data-fromview=\"\">\n            <article class=\"marker-itinerario\">\n\t<div class=\"entry-thumbnail\">\n      \n      \n      \t<img loading=\"lazy\" decoding=\"async\" width=\"1920\" height=\"1280\" src=\"https:\/\/static.tecnichenuove.it\/areaarch\/2024\/06\/tourisme-neuchatelois-chauxdefonds-153737_2000.jpg\" class=\"attachment-post-thumbnail size-post-thumbnail wp-post-image\" alt=\"\" srcset=\"https:\/\/static.tecnichenuove.it\/areaarch\/2024\/06\/tourisme-neuchatelois-chauxdefonds-153737_2000.jpg 1920w, https:\/\/static.tecnichenuove.it\/areaarch\/2024\/06\/tourisme-neuchatelois-chauxdefonds-153737_2000-300x200.jpg 300w, https:\/\/static.tecnichenuove.it\/areaarch\/2024\/06\/tourisme-neuchatelois-chauxdefonds-153737_2000-1024x683.jpg 1024w, https:\/\/static.tecnichenuove.it\/areaarch\/2024\/06\/tourisme-neuchatelois-chauxdefonds-153737_2000-150x100.jpg 150w, https:\/\/static.tecnichenuove.it\/areaarch\/2024\/06\/tourisme-neuchatelois-chauxdefonds-153737_2000-768x512.jpg 768w, https:\/\/static.tecnichenuove.it\/areaarch\/2024\/06\/tourisme-neuchatelois-chauxdefonds-153737_2000-1536x1024.jpg 1536w, https:\/\/static.tecnichenuove.it\/areaarch\/2024\/06\/tourisme-neuchatelois-chauxdefonds-153737_2000-696x464.jpg 696w, https:\/\/static.tecnichenuove.it\/areaarch\/2024\/06\/tourisme-neuchatelois-chauxdefonds-153737_2000-1068x712.jpg 1068w, https:\/\/static.tecnichenuove.it\/areaarch\/2024\/06\/tourisme-neuchatelois-chauxdefonds-153737_2000-630x420.jpg 630w\" sizes=\"auto, (max-width: 1920px) 100vw, 1920px\" \/>\n      \t<img decoding=\"async\" src=\"https:\/\/www.area-arch.it\/wp-content\/uploads\/sites\/6\/2024\/06\/10_634_Espacite_2400-x-1920_72-dpi.jpg\" class=\"attachment-post-thumbnail\" \/>\n      \n\t<\/div>\n  \t<div class=\"entry-column\">\n      <h3 class=\"entry-title td-module-title\">The Espacit\u00e9 Tower<\/h3>\n      <div class=\"td-excerpt\">\n            <div id=\"wpcf-field-tipology\" class=\"wpcf-field-select wpcf-field-tipology\"><span class=\"wpcf-field-name wpcf-field-select-name wpcf-field-tipology-name\">tipology:<\/span> <span class=\"wpcf-field-value wpcf-field-select-value wpcf-field-tipology-value\">public<\/span><\/div>\n            <div id=\"wpcf-field-architect\" class=\"wpcf-field-single-line wpcf-field-architect\"><span class=\"wpcf-field-name wpcf-field-single-line-name wpcf-field-architect-name\">architect:<\/span> <span class=\"wpcf-field-value wpcf-field-single-line-value wpcf-field-architect-value\">Jacques Richter<\/span><\/div>\n            <div id=\"wpcf-field-realization\" class=\"wpcf-field-number wpcf-field-realization\"><span class=\"wpcf-field-name wpcf-field-number-name wpcf-field-realization-name\">realization:<\/span> <span class=\"wpcf-field-value wpcf-field-number-value wpcf-field-realization-value\">1994<\/span><\/div>\n            Espacit\u00e9, La Chaux-de-Fonds, Svizzera\n          <\/div>\n  <\/div>\n<\/article>\n          <\/div>\n            <h4><a href=\"#\" onclick=\"cimap();\" class=\"link-marker js-wpv-addon-maps-focus-map js-toolset-maps-hover-map-map-1-marker-marker-146401 js-toolset-maps-open-infowindow-map-map-1-marker-marker-146401\" data-map=\"map-1\" data-marker=\"marker-146401\">08. The Espacit\u00e9 Tower<\/a><\/h4>\n            <div id=\"wpcf-field-tipology\" class=\"wpcf-field-select wpcf-field-tipology\"><span class=\"wpcf-field-name wpcf-field-select-name wpcf-field-tipology-name\">tipology:<\/span> <span class=\"wpcf-field-value wpcf-field-select-value wpcf-field-tipology-value\">public<\/span><\/div> | <div id=\"wpcf-field-architect\" class=\"wpcf-field-single-line wpcf-field-architect\"><span class=\"wpcf-field-name wpcf-field-single-line-name wpcf-field-architect-name\">architect:<\/span> <span class=\"wpcf-field-value wpcf-field-single-line-value wpcf-field-architect-value\">Jacques Richter<\/span><\/div> | <div id=\"wpcf-field-realization\" class=\"wpcf-field-number wpcf-field-realization\"><span class=\"wpcf-field-name wpcf-field-number-name wpcf-field-realization-name\">realization:<\/span> <span class=\"wpcf-field-value wpcf-field-number-value wpcf-field-realization-value\">1994<\/span><\/div>\n          <\/li>\n\t\t\n          <li>\n            \n          <div style=\"display:none\" class=\"wpv-addon-maps-marker js-wpv-addon-maps-marker js-wpv-addon-maps-marker-marker-146404 js-wpv-addon-maps-markerfor-map-1\" data-marker=\"marker-146404\" data-markertitle=\"Community Hall\" data-markerfor=\"map-1\" data-markerlat=\"46.6866984\" data-markerlon=\"6.8113788\" data-markericon=\"\/wp-content\/uploads\/sites\/6\/2017\/11\/area_marker_12.png\" data-markericonhover=\"\" data-streetview=\"no\" data-fromview=\"\">\n            <article class=\"marker-itinerario\">\n\t<div class=\"entry-thumbnail\">\n      \n      \n      \t<img loading=\"lazy\" decoding=\"async\" width=\"1920\" height=\"1615\" src=\"https:\/\/static.tecnichenuove.it\/areaarch\/2024\/06\/Screenshot-2024-06-19-alle-17.19.03.jpg\" class=\"attachment-post-thumbnail size-post-thumbnail wp-post-image\" alt=\"\" srcset=\"https:\/\/static.tecnichenuove.it\/areaarch\/2024\/06\/Screenshot-2024-06-19-alle-17.19.03.jpg 1920w, https:\/\/static.tecnichenuove.it\/areaarch\/2024\/06\/Screenshot-2024-06-19-alle-17.19.03-300x252.jpg 300w, https:\/\/static.tecnichenuove.it\/areaarch\/2024\/06\/Screenshot-2024-06-19-alle-17.19.03-1024x861.jpg 1024w, https:\/\/static.tecnichenuove.it\/areaarch\/2024\/06\/Screenshot-2024-06-19-alle-17.19.03-768x646.jpg 768w, https:\/\/static.tecnichenuove.it\/areaarch\/2024\/06\/Screenshot-2024-06-19-alle-17.19.03-1536x1292.jpg 1536w, https:\/\/static.tecnichenuove.it\/areaarch\/2024\/06\/Screenshot-2024-06-19-alle-17.19.03-696x585.jpg 696w, https:\/\/static.tecnichenuove.it\/areaarch\/2024\/06\/Screenshot-2024-06-19-alle-17.19.03-1068x898.jpg 1068w, https:\/\/static.tecnichenuove.it\/areaarch\/2024\/06\/Screenshot-2024-06-19-alle-17.19.03-499x420.jpg 499w\" sizes=\"auto, (max-width: 1920px) 100vw, 1920px\" \/>\n      \t<img decoding=\"async\" src=\"https:\/\/www.area-arch.it\/wp-content\/uploads\/sites\/6\/2024\/06\/emixi-karina-castro-community-hall.pdf.jpeg\" class=\"attachment-post-thumbnail\" \/>\n      \n\t<\/div>\n  \t<div class=\"entry-column\">\n      <h3 class=\"entry-title td-module-title\">Community Hall<\/h3>\n      <div class=\"td-excerpt\">\n            <div id=\"wpcf-field-tipology\" class=\"wpcf-field-select wpcf-field-tipology\"><span class=\"wpcf-field-name wpcf-field-select-name wpcf-field-tipology-name\">tipology:<\/span> <span class=\"wpcf-field-value wpcf-field-select-value wpcf-field-tipology-value\">public<\/span><\/div>\n            <div id=\"wpcf-field-architect\" class=\"wpcf-field-single-line wpcf-field-architect\"><span class=\"wpcf-field-name wpcf-field-single-line-name wpcf-field-architect-name\">architect:<\/span> <span class=\"wpcf-field-value wpcf-field-single-line-value wpcf-field-architect-value\">Emixi<\/span><\/div>\n            <div id=\"wpcf-field-realization\" class=\"wpcf-field-number wpcf-field-realization\"><span class=\"wpcf-field-name wpcf-field-number-name wpcf-field-realization-name\">realization:<\/span> <span class=\"wpcf-field-value wpcf-field-number-value wpcf-field-realization-value\">2023<\/span><\/div>\n            Bussy-sur-Moudon, Svizzera\n          <\/div>\n  <\/div>\n<\/article>\n          <\/div>\n            <h4><a href=\"#\" onclick=\"cimap();\" class=\"link-marker js-wpv-addon-maps-focus-map js-toolset-maps-hover-map-map-1-marker-marker-146404 js-toolset-maps-open-infowindow-map-map-1-marker-marker-146404\" data-map=\"map-1\" data-marker=\"marker-146404\">09. Community Hall<\/a><\/h4>\n            <div id=\"wpcf-field-tipology\" class=\"wpcf-field-select wpcf-field-tipology\"><span class=\"wpcf-field-name wpcf-field-select-name wpcf-field-tipology-name\">tipology:<\/span> <span class=\"wpcf-field-value wpcf-field-select-value wpcf-field-tipology-value\">public<\/span><\/div> | <div id=\"wpcf-field-architect\" class=\"wpcf-field-single-line wpcf-field-architect\"><span class=\"wpcf-field-name wpcf-field-single-line-name wpcf-field-architect-name\">architect:<\/span> <span class=\"wpcf-field-value wpcf-field-single-line-value wpcf-field-architect-value\">Emixi<\/span><\/div> | <div id=\"wpcf-field-realization\" class=\"wpcf-field-number wpcf-field-realization\"><span class=\"wpcf-field-name wpcf-field-number-name wpcf-field-realization-name\">realization:<\/span> <span class=\"wpcf-field-value wpcf-field-number-value wpcf-field-realization-value\">2023<\/span><\/div>\n          <\/li>\n\t\t\n          <li>\n            \n          <div style=\"display:none\" class=\"wpv-addon-maps-marker js-wpv-addon-maps-marker js-wpv-addon-maps-marker-marker-146407 js-wpv-addon-maps-markerfor-map-1\" data-marker=\"marker-146407\" data-markertitle=\"Antoine\" data-markerfor=\"map-1\" data-markerlat=\"46.0909935\" data-markerlon=\"7.2529125\" data-markericon=\"\/wp-content\/uploads\/sites\/6\/2017\/11\/area_marker_12.png\" data-markericonhover=\"\" data-streetview=\"no\" data-fromview=\"\">\n            <article class=\"marker-itinerario\">\n\t<div class=\"entry-thumbnail\">\n      \n      \n      \t<img loading=\"lazy\" decoding=\"async\" width=\"638\" height=\"682\" src=\"https:\/\/static.tecnichenuove.it\/areaarch\/2024\/06\/MASSO_FOTO_1_MGZOOM.jpg\" class=\"attachment-post-thumbnail size-post-thumbnail wp-post-image\" alt=\"\" srcset=\"https:\/\/static.tecnichenuove.it\/areaarch\/2024\/06\/MASSO_FOTO_1_MGZOOM.jpg 638w, https:\/\/static.tecnichenuove.it\/areaarch\/2024\/06\/MASSO_FOTO_1_MGZOOM-281x300.jpg 281w, https:\/\/static.tecnichenuove.it\/areaarch\/2024\/06\/MASSO_FOTO_1_MGZOOM-393x420.jpg 393w\" sizes=\"auto, (max-width: 638px) 100vw, 638px\" \/>\n      \t<img decoding=\"async\" src=\"https:\/\/www.area-arch.it\/wp-content\/uploads\/sites\/6\/2024\/06\/MASSO_FOTO_10.jpg\" class=\"attachment-post-thumbnail\" \/>\n      \n\t<\/div>\n  \t<div class=\"entry-column\">\n      <h3 class=\"entry-title td-module-title\">Antoine<\/h3>\n      <div class=\"td-excerpt\">\n            <div id=\"wpcf-field-tipology\" class=\"wpcf-field-select wpcf-field-tipology\"><span class=\"wpcf-field-name wpcf-field-select-name wpcf-field-tipology-name\">tipology:<\/span> <span class=\"wpcf-field-value wpcf-field-select-value wpcf-field-tipology-value\">public<\/span><\/div>\n            <div id=\"wpcf-field-architect\" class=\"wpcf-field-single-line wpcf-field-architect\"><span class=\"wpcf-field-name wpcf-field-single-line-name wpcf-field-architect-name\">architect:<\/span> <span class=\"wpcf-field-value wpcf-field-single-line-value wpcf-field-architect-value\">BUREAU A, Leopold Banchini Architects<\/span><\/div>\n            <div id=\"wpcf-field-realization\" class=\"wpcf-field-number wpcf-field-realization\"><span class=\"wpcf-field-name wpcf-field-number-name wpcf-field-realization-name\">realization:<\/span> <span class=\"wpcf-field-value wpcf-field-number-value wpcf-field-realization-value\">2014<\/span><\/div>\n            Les Ruinettes, Val de Bagnes, Svizzera\n          <\/div>\n  <\/div>\n<\/article>\n          <\/div>\n            <h4><a href=\"#\" onclick=\"cimap();\" class=\"link-marker js-wpv-addon-maps-focus-map js-toolset-maps-hover-map-map-1-marker-marker-146407 js-toolset-maps-open-infowindow-map-map-1-marker-marker-146407\" data-map=\"map-1\" data-marker=\"marker-146407\">10. Antoine<\/a><\/h4>\n            <div id=\"wpcf-field-tipology\" class=\"wpcf-field-select wpcf-field-tipology\"><span class=\"wpcf-field-name wpcf-field-select-name wpcf-field-tipology-name\">tipology:<\/span> <span class=\"wpcf-field-value wpcf-field-select-value wpcf-field-tipology-value\">public<\/span><\/div> | <div id=\"wpcf-field-architect\" class=\"wpcf-field-single-line wpcf-field-architect\"><span class=\"wpcf-field-name wpcf-field-single-line-name wpcf-field-architect-name\">architect:<\/span> <span class=\"wpcf-field-value wpcf-field-single-line-value wpcf-field-architect-value\">BUREAU A, Leopold Banchini Architects<\/span><\/div> | <div id=\"wpcf-field-realization\" class=\"wpcf-field-number wpcf-field-realization\"><span class=\"wpcf-field-name wpcf-field-number-name wpcf-field-realization-name\">realization:<\/span> <span class=\"wpcf-field-value wpcf-field-number-value wpcf-field-realization-value\">2014<\/span><\/div>\n          <\/li>\n\t\t\n          <li>\n            \n          <div style=\"display:none\" class=\"wpv-addon-maps-marker js-wpv-addon-maps-marker js-wpv-addon-maps-marker-marker-146410 js-wpv-addon-maps-markerfor-map-1\" data-marker=\"marker-146410\" data-markertitle=\"Maison Duc\" data-markerfor=\"map-1\" data-markerlat=\"46.214941\" data-markerlon=\"7.0047948\" data-markericon=\"\/wp-content\/uploads\/sites\/6\/2017\/11\/area_marker_7.png\" data-markericonhover=\"\" data-streetview=\"no\" data-fromview=\"\">\n            <article class=\"marker-itinerario\">\n\t<div class=\"entry-thumbnail\">\n      \n      \n      \t<img loading=\"lazy\" decoding=\"async\" width=\"800\" height=\"1200\" src=\"https:\/\/static.tecnichenuove.it\/areaarch\/2024\/06\/gaymenzel_043_maisons-duc_fac-ouest-2.800x0.jpg\" class=\"attachment-post-thumbnail size-post-thumbnail wp-post-image\" alt=\"\" srcset=\"https:\/\/static.tecnichenuove.it\/areaarch\/2024\/06\/gaymenzel_043_maisons-duc_fac-ouest-2.800x0.jpg 800w, https:\/\/static.tecnichenuove.it\/areaarch\/2024\/06\/gaymenzel_043_maisons-duc_fac-ouest-2.800x0-200x300.jpg 200w, https:\/\/static.tecnichenuove.it\/areaarch\/2024\/06\/gaymenzel_043_maisons-duc_fac-ouest-2.800x0-683x1024.jpg 683w, https:\/\/static.tecnichenuove.it\/areaarch\/2024\/06\/gaymenzel_043_maisons-duc_fac-ouest-2.800x0-768x1152.jpg 768w, https:\/\/static.tecnichenuove.it\/areaarch\/2024\/06\/gaymenzel_043_maisons-duc_fac-ouest-2.800x0-696x1044.jpg 696w, https:\/\/static.tecnichenuove.it\/areaarch\/2024\/06\/gaymenzel_043_maisons-duc_fac-ouest-2.800x0-280x420.jpg 280w\" sizes=\"auto, (max-width: 800px) 100vw, 800px\" \/>\n      \t<img decoding=\"async\" src=\"https:\/\/www.area-arch.it\/wp-content\/uploads\/sites\/6\/2024\/06\/gaymenzel_043_maisons-duc_coupe-passage-exe.1600x0.jpg\" class=\"attachment-post-thumbnail\" \/>\n      \n\t<\/div>\n  \t<div class=\"entry-column\">\n      <h3 class=\"entry-title td-module-title\">Maison Duc<\/h3>\n      <div class=\"td-excerpt\">\n            <div id=\"wpcf-field-tipology\" class=\"wpcf-field-select wpcf-field-tipology\"><span class=\"wpcf-field-name wpcf-field-select-name wpcf-field-tipology-name\">tipology:<\/span> <span class=\"wpcf-field-value wpcf-field-select-value wpcf-field-tipology-value\">hotel<\/span><\/div>\n            <div id=\"wpcf-field-architect\" class=\"wpcf-field-single-line wpcf-field-architect\"><span class=\"wpcf-field-name wpcf-field-single-line-name wpcf-field-architect-name\">architect:<\/span> <span class=\"wpcf-field-value wpcf-field-single-line-value wpcf-field-architect-value\">GayMenzel<\/span><\/div>\n            <div id=\"wpcf-field-realization\" class=\"wpcf-field-number wpcf-field-realization\"><span class=\"wpcf-field-name wpcf-field-number-name wpcf-field-realization-name\">realization:<\/span> <span class=\"wpcf-field-value wpcf-field-number-value wpcf-field-realization-value\">2018<\/span><\/div>\n            Saint-Maurice, Svizzera\n          <\/div>\n  <\/div>\n<\/article>\n          <\/div>\n            <h4><a href=\"#\" onclick=\"cimap();\" class=\"link-marker js-wpv-addon-maps-focus-map js-toolset-maps-hover-map-map-1-marker-marker-146410 js-toolset-maps-open-infowindow-map-map-1-marker-marker-146410\" data-map=\"map-1\" data-marker=\"marker-146410\">11. Maison Duc<\/a><\/h4>\n            <div id=\"wpcf-field-tipology\" class=\"wpcf-field-select wpcf-field-tipology\"><span class=\"wpcf-field-name wpcf-field-select-name wpcf-field-tipology-name\">tipology:<\/span> <span class=\"wpcf-field-value wpcf-field-select-value wpcf-field-tipology-value\">hotel<\/span><\/div> | <div id=\"wpcf-field-architect\" class=\"wpcf-field-single-line wpcf-field-architect\"><span class=\"wpcf-field-name wpcf-field-single-line-name wpcf-field-architect-name\">architect:<\/span> <span class=\"wpcf-field-value wpcf-field-single-line-value wpcf-field-architect-value\">GayMenzel<\/span><\/div> | <div id=\"wpcf-field-realization\" class=\"wpcf-field-number wpcf-field-realization\"><span class=\"wpcf-field-name wpcf-field-number-name wpcf-field-realization-name\">realization:<\/span> <span class=\"wpcf-field-value wpcf-field-number-value wpcf-field-realization-value\">2018<\/span><\/div>\n          <\/li>\n\t\t\n          <li>\n            \n          <div style=\"display:none\" class=\"wpv-addon-maps-marker js-wpv-addon-maps-marker js-wpv-addon-maps-marker-marker-146413 js-wpv-addon-maps-markerfor-map-1\" data-marker=\"marker-146413\" data-markertitle=\"Velostation\" data-markerfor=\"map-1\" data-markerlat=\"46.4637547\" data-markerlon=\"6.8413568\" data-markericon=\"\/wp-content\/uploads\/sites\/6\/2017\/11\/area_marker_12.png\" data-markericonhover=\"\" data-streetview=\"no\" data-fromview=\"\">\n            <article class=\"marker-itinerario\">\n\t<div class=\"entry-thumbnail\">\n      \n      \n      \t<img loading=\"lazy\" decoding=\"async\" width=\"1200\" height=\"800\" src=\"https:\/\/static.tecnichenuove.it\/areaarch\/2024\/06\/wolff-obrist-architectes-velostation.jpg\" class=\"attachment-post-thumbnail size-post-thumbnail wp-post-image\" alt=\"\" srcset=\"https:\/\/static.tecnichenuove.it\/areaarch\/2024\/06\/wolff-obrist-architectes-velostation.jpg 1200w, https:\/\/static.tecnichenuove.it\/areaarch\/2024\/06\/wolff-obrist-architectes-velostation-300x200.jpg 300w, https:\/\/static.tecnichenuove.it\/areaarch\/2024\/06\/wolff-obrist-architectes-velostation-1024x683.jpg 1024w, https:\/\/static.tecnichenuove.it\/areaarch\/2024\/06\/wolff-obrist-architectes-velostation-150x100.jpg 150w, https:\/\/static.tecnichenuove.it\/areaarch\/2024\/06\/wolff-obrist-architectes-velostation-768x512.jpg 768w, https:\/\/static.tecnichenuove.it\/areaarch\/2024\/06\/wolff-obrist-architectes-velostation-696x464.jpg 696w, https:\/\/static.tecnichenuove.it\/areaarch\/2024\/06\/wolff-obrist-architectes-velostation-1068x712.jpg 1068w, https:\/\/static.tecnichenuove.it\/areaarch\/2024\/06\/wolff-obrist-architectes-velostation-630x420.jpg 630w\" sizes=\"auto, (max-width: 1200px) 100vw, 1200px\" \/>\n      \t<img decoding=\"async\" src=\"https:\/\/www.area-arch.it\/wp-content\/uploads\/sites\/6\/2024\/06\/wolff-obrist-architectes-velostation-2.jpg\" class=\"attachment-post-thumbnail\" \/>\n      \n\t<\/div>\n  \t<div class=\"entry-column\">\n      <h3 class=\"entry-title td-module-title\">Velostation<\/h3>\n      <div class=\"td-excerpt\">\n            <div id=\"wpcf-field-tipology\" class=\"wpcf-field-select wpcf-field-tipology\"><span class=\"wpcf-field-name wpcf-field-select-name wpcf-field-tipology-name\">tipology:<\/span> <span class=\"wpcf-field-value wpcf-field-select-value wpcf-field-tipology-value\">public<\/span><\/div>\n            <div id=\"wpcf-field-architect\" class=\"wpcf-field-single-line wpcf-field-architect\"><span class=\"wpcf-field-name wpcf-field-single-line-name wpcf-field-architect-name\">architect:<\/span> <span class=\"wpcf-field-value wpcf-field-single-line-value wpcf-field-architect-value\">Wolff Obrist Architectes<\/span><\/div>\n            <div id=\"wpcf-field-realization\" class=\"wpcf-field-number wpcf-field-realization\"><span class=\"wpcf-field-name wpcf-field-number-name wpcf-field-realization-name\">realization:<\/span> <span class=\"wpcf-field-value wpcf-field-number-value wpcf-field-realization-value\">2015<\/span><\/div>\n            Pass. Saint-Antoine, Vevey, Svizzera\n          <\/div>\n  <\/div>\n<\/article>\n          <\/div>\n            <h4><a href=\"#\" onclick=\"cimap();\" class=\"link-marker js-wpv-addon-maps-focus-map js-toolset-maps-hover-map-map-1-marker-marker-146413 js-toolset-maps-open-infowindow-map-map-1-marker-marker-146413\" data-map=\"map-1\" data-marker=\"marker-146413\">12. Velostation<\/a><\/h4>\n            <div id=\"wpcf-field-tipology\" class=\"wpcf-field-select wpcf-field-tipology\"><span class=\"wpcf-field-name wpcf-field-select-name wpcf-field-tipology-name\">tipology:<\/span> <span class=\"wpcf-field-value wpcf-field-select-value wpcf-field-tipology-value\">public<\/span><\/div> | <div id=\"wpcf-field-architect\" class=\"wpcf-field-single-line wpcf-field-architect\"><span class=\"wpcf-field-name wpcf-field-single-line-name wpcf-field-architect-name\">architect:<\/span> <span class=\"wpcf-field-value wpcf-field-single-line-value wpcf-field-architect-value\">Wolff Obrist Architectes<\/span><\/div> | <div id=\"wpcf-field-realization\" class=\"wpcf-field-number wpcf-field-realization\"><span class=\"wpcf-field-name wpcf-field-number-name wpcf-field-realization-name\">realization:<\/span> <span class=\"wpcf-field-value wpcf-field-number-value wpcf-field-realization-value\">2015<\/span><\/div>\n          <\/li>\n\t\t\n          <li>\n            \n          <div style=\"display:none\" class=\"wpv-addon-maps-marker js-wpv-addon-maps-marker js-wpv-addon-maps-marker-marker-146416 js-wpv-addon-maps-markerfor-map-1\" data-marker=\"marker-146416\" data-markertitle=\"Ville le Lac\" data-markerfor=\"map-1\" data-markerlat=\"46.468435\" data-markerlon=\"6.8245579\" data-markericon=\"\/wp-content\/uploads\/sites\/6\/2017\/11\/area_marker_13.png\" data-markericonhover=\"\" data-streetview=\"no\" data-fromview=\"\">\n            <article class=\"marker-itinerario\">\n\t<div class=\"entry-thumbnail\">\n      \n      \n      \t<img loading=\"lazy\" decoding=\"async\" width=\"1700\" height=\"1212\" src=\"https:\/\/static.tecnichenuove.it\/areaarch\/2024\/06\/Screenshot-2024-06-19-alle-17.29.01.jpg\" class=\"attachment-post-thumbnail size-post-thumbnail wp-post-image\" alt=\"\" srcset=\"https:\/\/static.tecnichenuove.it\/areaarch\/2024\/06\/Screenshot-2024-06-19-alle-17.29.01.jpg 1700w, https:\/\/static.tecnichenuove.it\/areaarch\/2024\/06\/Screenshot-2024-06-19-alle-17.29.01-300x214.jpg 300w, https:\/\/static.tecnichenuove.it\/areaarch\/2024\/06\/Screenshot-2024-06-19-alle-17.29.01-1024x730.jpg 1024w, https:\/\/static.tecnichenuove.it\/areaarch\/2024\/06\/Screenshot-2024-06-19-alle-17.29.01-768x548.jpg 768w, https:\/\/static.tecnichenuove.it\/areaarch\/2024\/06\/Screenshot-2024-06-19-alle-17.29.01-1536x1095.jpg 1536w, https:\/\/static.tecnichenuove.it\/areaarch\/2024\/06\/Screenshot-2024-06-19-alle-17.29.01-100x70.jpg 100w, https:\/\/static.tecnichenuove.it\/areaarch\/2024\/06\/Screenshot-2024-06-19-alle-17.29.01-696x496.jpg 696w, https:\/\/static.tecnichenuove.it\/areaarch\/2024\/06\/Screenshot-2024-06-19-alle-17.29.01-1068x761.jpg 1068w, https:\/\/static.tecnichenuove.it\/areaarch\/2024\/06\/Screenshot-2024-06-19-alle-17.29.01-589x420.jpg 589w\" sizes=\"auto, (max-width: 1700px) 100vw, 1700px\" \/>\n      \t<img decoding=\"async\" src=\"https:\/\/www.area-arch.it\/wp-content\/uploads\/sites\/6\/2024\/06\/0104b893fe05c92a30c21f2d47a0cfd0.jpg\" class=\"attachment-post-thumbnail\" \/>\n      \n\t<\/div>\n  \t<div class=\"entry-column\">\n      <h3 class=\"entry-title td-module-title\">Ville le Lac<\/h3>\n      <div class=\"td-excerpt\">\n            <div id=\"wpcf-field-tipology\" class=\"wpcf-field-select wpcf-field-tipology\"><span class=\"wpcf-field-name wpcf-field-select-name wpcf-field-tipology-name\">tipology:<\/span> <span class=\"wpcf-field-value wpcf-field-select-value wpcf-field-tipology-value\">residential<\/span><\/div>\n            <div id=\"wpcf-field-architect\" class=\"wpcf-field-single-line wpcf-field-architect\"><span class=\"wpcf-field-name wpcf-field-single-line-name wpcf-field-architect-name\">architect:<\/span> <span class=\"wpcf-field-value wpcf-field-single-line-value wpcf-field-architect-value\">Le Corbusier<\/span><\/div>\n            <div id=\"wpcf-field-realization\" class=\"wpcf-field-number wpcf-field-realization\"><span class=\"wpcf-field-name wpcf-field-number-name wpcf-field-realization-name\">realization:<\/span> <span class=\"wpcf-field-value wpcf-field-number-value wpcf-field-realization-value\">1923<\/span><\/div>\n            Rte de Lavaux, Corseaux, Svizzera\n          <\/div>\n  <\/div>\n<\/article>\n          <\/div>\n            <h4><a href=\"#\" onclick=\"cimap();\" class=\"link-marker js-wpv-addon-maps-focus-map js-toolset-maps-hover-map-map-1-marker-marker-146416 js-toolset-maps-open-infowindow-map-map-1-marker-marker-146416\" data-map=\"map-1\" data-marker=\"marker-146416\">13. Ville le Lac<\/a><\/h4>\n            <div id=\"wpcf-field-tipology\" class=\"wpcf-field-select wpcf-field-tipology\"><span class=\"wpcf-field-name wpcf-field-select-name wpcf-field-tipology-name\">tipology:<\/span> <span class=\"wpcf-field-value wpcf-field-select-value wpcf-field-tipology-value\">residential<\/span><\/div> | <div id=\"wpcf-field-architect\" class=\"wpcf-field-single-line wpcf-field-architect\"><span class=\"wpcf-field-name wpcf-field-single-line-name wpcf-field-architect-name\">architect:<\/span> <span class=\"wpcf-field-value wpcf-field-single-line-value wpcf-field-architect-value\">Le Corbusier<\/span><\/div> | <div id=\"wpcf-field-realization\" class=\"wpcf-field-number wpcf-field-realization\"><span class=\"wpcf-field-name wpcf-field-number-name wpcf-field-realization-name\">realization:<\/span> <span class=\"wpcf-field-value wpcf-field-number-value wpcf-field-realization-value\">1923<\/span><\/div>\n          <\/li>\n\t\t\n          <li>\n            \n          <div style=\"display:none\" class=\"wpv-addon-maps-marker js-wpv-addon-maps-marker js-wpv-addon-maps-marker-marker-146419 js-wpv-addon-maps-markerfor-map-1\" data-marker=\"marker-146419\" data-markertitle=\"Olympic museum\" data-markerfor=\"map-1\" data-markerlat=\"46.5062613\" data-markerlon=\"6.637178\" data-markericon=\"\/wp-content\/uploads\/sites\/6\/2017\/11\/area_marker_10.png\" data-markericonhover=\"\" data-streetview=\"no\" data-fromview=\"\">\n            <article class=\"marker-itinerario\">\n\t<div class=\"entry-thumbnail\">\n      \n      \n      \t<img loading=\"lazy\" decoding=\"async\" width=\"1501\" height=\"1000\" src=\"https:\/\/static.tecnichenuove.it\/areaarch\/2024\/06\/07_088_IOC_323_H.jpg\" class=\"attachment-post-thumbnail size-post-thumbnail wp-post-image\" alt=\"\" srcset=\"https:\/\/static.tecnichenuove.it\/areaarch\/2024\/06\/07_088_IOC_323_H.jpg 1501w, https:\/\/static.tecnichenuove.it\/areaarch\/2024\/06\/07_088_IOC_323_H-300x200.jpg 300w, https:\/\/static.tecnichenuove.it\/areaarch\/2024\/06\/07_088_IOC_323_H-1024x682.jpg 1024w, https:\/\/static.tecnichenuove.it\/areaarch\/2024\/06\/07_088_IOC_323_H-150x100.jpg 150w, https:\/\/static.tecnichenuove.it\/areaarch\/2024\/06\/07_088_IOC_323_H-768x512.jpg 768w, https:\/\/static.tecnichenuove.it\/areaarch\/2024\/06\/07_088_IOC_323_H-696x464.jpg 696w, https:\/\/static.tecnichenuove.it\/areaarch\/2024\/06\/07_088_IOC_323_H-1068x712.jpg 1068w, https:\/\/static.tecnichenuove.it\/areaarch\/2024\/06\/07_088_IOC_323_H-630x420.jpg 630w\" sizes=\"auto, (max-width: 1501px) 100vw, 1501px\" \/>\n      \t<img decoding=\"async\" src=\"https:\/\/www.area-arch.it\/wp-content\/uploads\/sites\/6\/2024\/06\/190507_IOC_00.jpg\" class=\"attachment-post-thumbnail\" \/>\n      \n\t<\/div>\n  \t<div class=\"entry-column\">\n      <h3 class=\"entry-title td-module-title\">Olympic museum<\/h3>\n      <div class=\"td-excerpt\">\n            <div id=\"wpcf-field-tipology\" class=\"wpcf-field-select wpcf-field-tipology\"><span class=\"wpcf-field-name wpcf-field-select-name wpcf-field-tipology-name\">tipology:<\/span> <span class=\"wpcf-field-value wpcf-field-select-value wpcf-field-tipology-value\">museum<\/span><\/div>\n            <div id=\"wpcf-field-architect\" class=\"wpcf-field-single-line wpcf-field-architect\"><span class=\"wpcf-field-name wpcf-field-single-line-name wpcf-field-architect-name\">architect:<\/span> <span class=\"wpcf-field-value wpcf-field-single-line-value wpcf-field-architect-value\">Brauen W\u00e4lchli Architectes<\/span><\/div>\n            <div id=\"wpcf-field-realization\" class=\"wpcf-field-number wpcf-field-realization\"><span class=\"wpcf-field-name wpcf-field-number-name wpcf-field-realization-name\">realization:<\/span> <span class=\"wpcf-field-value wpcf-field-number-value wpcf-field-realization-value\">2013<\/span><\/div>\n            Quai d'Ouchy, Losanna, Svizzera\n          <\/div>\n  <\/div>\n<\/article>\n          <\/div>\n            <h4><a href=\"#\" onclick=\"cimap();\" class=\"link-marker js-wpv-addon-maps-focus-map js-toolset-maps-hover-map-map-1-marker-marker-146419 js-toolset-maps-open-infowindow-map-map-1-marker-marker-146419\" data-map=\"map-1\" data-marker=\"marker-146419\">14. Olympic museum<\/a><\/h4>\n            <div id=\"wpcf-field-tipology\" class=\"wpcf-field-select wpcf-field-tipology\"><span class=\"wpcf-field-name wpcf-field-select-name wpcf-field-tipology-name\">tipology:<\/span> <span class=\"wpcf-field-value wpcf-field-select-value wpcf-field-tipology-value\">museum<\/span><\/div> | <div id=\"wpcf-field-architect\" class=\"wpcf-field-single-line wpcf-field-architect\"><span class=\"wpcf-field-name wpcf-field-single-line-name wpcf-field-architect-name\">architect:<\/span> <span class=\"wpcf-field-value wpcf-field-single-line-value wpcf-field-architect-value\">Brauen W\u00e4lchli Architectes<\/span><\/div> | <div id=\"wpcf-field-realization\" class=\"wpcf-field-number wpcf-field-realization\"><span class=\"wpcf-field-name wpcf-field-number-name wpcf-field-realization-name\">realization:<\/span> <span class=\"wpcf-field-value wpcf-field-number-value wpcf-field-realization-value\">2013<\/span><\/div>\n          <\/li>\n\t\t\n          <li>\n            \n          <div style=\"display:none\" class=\"wpv-addon-maps-marker js-wpv-addon-maps-marker js-wpv-addon-maps-marker-marker-146422 js-wpv-addon-maps-markerfor-map-1\" data-marker=\"marker-146422\" data-markertitle=\"Timber Pavilion of the Vidy-Lausanne Theatre\" data-markerfor=\"map-1\" data-markerlat=\"46.5127005\" data-markerlon=\"6.6102384\" data-markericon=\"\/wp-content\/uploads\/sites\/6\/2017\/11\/area_marker_9.png\" data-markericonhover=\"\" data-streetview=\"no\" data-fromview=\"\">\n            <article class=\"marker-itinerario\">\n\t<div class=\"entry-thumbnail\">\n      \n      \n      \t<img loading=\"lazy\" decoding=\"async\" width=\"1920\" height=\"1282\" src=\"https:\/\/static.tecnichenuove.it\/areaarch\/2024\/06\/Vidy_outside_Kramer_02.jpg\" class=\"attachment-post-thumbnail size-post-thumbnail wp-post-image\" alt=\"\" srcset=\"https:\/\/static.tecnichenuove.it\/areaarch\/2024\/06\/Vidy_outside_Kramer_02.jpg 1920w, https:\/\/static.tecnichenuove.it\/areaarch\/2024\/06\/Vidy_outside_Kramer_02-300x200.jpg 300w, https:\/\/static.tecnichenuove.it\/areaarch\/2024\/06\/Vidy_outside_Kramer_02-1024x684.jpg 1024w, https:\/\/static.tecnichenuove.it\/areaarch\/2024\/06\/Vidy_outside_Kramer_02-150x100.jpg 150w, https:\/\/static.tecnichenuove.it\/areaarch\/2024\/06\/Vidy_outside_Kramer_02-768x513.jpg 768w, https:\/\/static.tecnichenuove.it\/areaarch\/2024\/06\/Vidy_outside_Kramer_02-1536x1026.jpg 1536w, https:\/\/static.tecnichenuove.it\/areaarch\/2024\/06\/Vidy_outside_Kramer_02-696x465.jpg 696w, https:\/\/static.tecnichenuove.it\/areaarch\/2024\/06\/Vidy_outside_Kramer_02-1068x713.jpg 1068w, https:\/\/static.tecnichenuove.it\/areaarch\/2024\/06\/Vidy_outside_Kramer_02-629x420.jpg 629w\" sizes=\"auto, (max-width: 1920px) 100vw, 1920px\" \/>\n      \t<img decoding=\"async\" src=\"https:\/\/www.area-arch.it\/wp-content\/uploads\/sites\/6\/2024\/06\/57p2.jpg\" class=\"attachment-post-thumbnail\" \/>\n      \n\t<\/div>\n  \t<div class=\"entry-column\">\n      <h3 class=\"entry-title td-module-title\">Timber Pavilion of the Vidy-Lausanne Theatre<\/h3>\n      <div class=\"td-excerpt\">\n            <div id=\"wpcf-field-tipology\" class=\"wpcf-field-select wpcf-field-tipology\"><span class=\"wpcf-field-name wpcf-field-select-name wpcf-field-tipology-name\">tipology:<\/span> <span class=\"wpcf-field-value wpcf-field-select-value wpcf-field-tipology-value\">mixed use<\/span><\/div>\n            <div id=\"wpcf-field-architect\" class=\"wpcf-field-single-line wpcf-field-architect\"><span class=\"wpcf-field-name wpcf-field-single-line-name wpcf-field-architect-name\">architect:<\/span> <span class=\"wpcf-field-value wpcf-field-single-line-value wpcf-field-architect-value\">Yves Weinand Architectes s\u00e0rl, Atelier Cube<\/span><\/div>\n            <div id=\"wpcf-field-realization\" class=\"wpcf-field-number wpcf-field-realization\"><span class=\"wpcf-field-name wpcf-field-number-name wpcf-field-realization-name\">realization:<\/span> <span class=\"wpcf-field-value wpcf-field-number-value wpcf-field-realization-value\">2017<\/span><\/div>\n            Av.E.-Jaques-Dalcroze, Lausanne, Svizzera\n          <\/div>\n  <\/div>\n<\/article>\n          <\/div>\n            <h4><a href=\"#\" onclick=\"cimap();\" class=\"link-marker js-wpv-addon-maps-focus-map js-toolset-maps-hover-map-map-1-marker-marker-146422 js-toolset-maps-open-infowindow-map-map-1-marker-marker-146422\" data-map=\"map-1\" data-marker=\"marker-146422\">15. Timber Pavilion of the Vidy-Lausanne Theatre<\/a><\/h4>\n            <div id=\"wpcf-field-tipology\" class=\"wpcf-field-select wpcf-field-tipology\"><span class=\"wpcf-field-name wpcf-field-select-name wpcf-field-tipology-name\">tipology:<\/span> <span class=\"wpcf-field-value wpcf-field-select-value wpcf-field-tipology-value\">mixed use<\/span><\/div> | <div id=\"wpcf-field-architect\" class=\"wpcf-field-single-line wpcf-field-architect\"><span class=\"wpcf-field-name wpcf-field-single-line-name wpcf-field-architect-name\">architect:<\/span> <span class=\"wpcf-field-value wpcf-field-single-line-value wpcf-field-architect-value\">Yves Weinand Architectes s\u00e0rl, Atelier Cube<\/span><\/div> | <div id=\"wpcf-field-realization\" class=\"wpcf-field-number wpcf-field-realization\"><span class=\"wpcf-field-name wpcf-field-number-name wpcf-field-realization-name\">realization:<\/span> <span class=\"wpcf-field-value wpcf-field-number-value wpcf-field-realization-value\">2017<\/span><\/div>\n          <\/li>\n\t\t\n          <li>\n            \n          <div style=\"display:none\" class=\"wpv-addon-maps-marker js-wpv-addon-maps-marker js-wpv-addon-maps-marker-marker-146425 js-wpv-addon-maps-markerfor-map-1\" data-marker=\"marker-146425\" data-markertitle=\"New Apostolic Church\" data-markerfor=\"map-1\" data-markerlat=\"46.5215039\" data-markerlon=\"6.6238984\" data-markericon=\"\/wp-content\/uploads\/sites\/6\/2017\/11\/area_marker_17.png\" data-markericonhover=\"\" data-streetview=\"no\" data-fromview=\"\">\n            <article class=\"marker-itinerario\">\n\t<div class=\"entry-thumbnail\">\n      \n      \n      \t<img loading=\"lazy\" decoding=\"async\" width=\"1250\" height=\"1000\" src=\"https:\/\/static.tecnichenuove.it\/areaarch\/2024\/06\/LOCAL_NAK_GAFSOU_EXT13_LD.jpg\" class=\"attachment-post-thumbnail size-post-thumbnail wp-post-image\" alt=\"\" srcset=\"https:\/\/static.tecnichenuove.it\/areaarch\/2024\/06\/LOCAL_NAK_GAFSOU_EXT13_LD.jpg 1250w, https:\/\/static.tecnichenuove.it\/areaarch\/2024\/06\/LOCAL_NAK_GAFSOU_EXT13_LD-300x240.jpg 300w, https:\/\/static.tecnichenuove.it\/areaarch\/2024\/06\/LOCAL_NAK_GAFSOU_EXT13_LD-1024x819.jpg 1024w, https:\/\/static.tecnichenuove.it\/areaarch\/2024\/06\/LOCAL_NAK_GAFSOU_EXT13_LD-768x614.jpg 768w, https:\/\/static.tecnichenuove.it\/areaarch\/2024\/06\/LOCAL_NAK_GAFSOU_EXT13_LD-696x557.jpg 696w, https:\/\/static.tecnichenuove.it\/areaarch\/2024\/06\/LOCAL_NAK_GAFSOU_EXT13_LD-1068x854.jpg 1068w, https:\/\/static.tecnichenuove.it\/areaarch\/2024\/06\/LOCAL_NAK_GAFSOU_EXT13_LD-525x420.jpg 525w\" sizes=\"auto, (max-width: 1250px) 100vw, 1250px\" \/>\n      \t<img decoding=\"async\" src=\"https:\/\/www.area-arch.it\/wp-content\/uploads\/sites\/6\/2024\/06\/NAK_PUBLI_ETAGE.jpg\" class=\"attachment-post-thumbnail\" \/>\n      \n\t<\/div>\n  \t<div class=\"entry-column\">\n      <h3 class=\"entry-title td-module-title\">New Apostolic Church<\/h3>\n      <div class=\"td-excerpt\">\n            <div id=\"wpcf-field-tipology\" class=\"wpcf-field-select wpcf-field-tipology\"><span class=\"wpcf-field-name wpcf-field-select-name wpcf-field-tipology-name\">tipology:<\/span> <span class=\"wpcf-field-value wpcf-field-select-value wpcf-field-tipology-value\">church<\/span><\/div>\n            <div id=\"wpcf-field-architect\" class=\"wpcf-field-single-line wpcf-field-architect\"><span class=\"wpcf-field-name wpcf-field-single-line-name wpcf-field-architect-name\">architect:<\/span> <span class=\"wpcf-field-value wpcf-field-single-line-value wpcf-field-architect-value\">LOCALARCHITECTURE<\/span><\/div>\n            <div id=\"wpcf-field-realization\" class=\"wpcf-field-number wpcf-field-realization\"><span class=\"wpcf-field-name wpcf-field-number-name wpcf-field-realization-name\">realization:<\/span> <span class=\"wpcf-field-value wpcf-field-number-value wpcf-field-realization-value\">2020<\/span><\/div>\n            Rue de la Vigie, Losanna, Svizzera\n          <\/div>\n  <\/div>\n<\/article>\n          <\/div>\n            <h4><a href=\"#\" onclick=\"cimap();\" class=\"link-marker js-wpv-addon-maps-focus-map js-toolset-maps-hover-map-map-1-marker-marker-146425 js-toolset-maps-open-infowindow-map-map-1-marker-marker-146425\" data-map=\"map-1\" data-marker=\"marker-146425\">16. New Apostolic Church<\/a><\/h4>\n            <div id=\"wpcf-field-tipology\" class=\"wpcf-field-select wpcf-field-tipology\"><span class=\"wpcf-field-name wpcf-field-select-name wpcf-field-tipology-name\">tipology:<\/span> <span class=\"wpcf-field-value wpcf-field-select-value wpcf-field-tipology-value\">church<\/span><\/div> | <div id=\"wpcf-field-architect\" class=\"wpcf-field-single-line wpcf-field-architect\"><span class=\"wpcf-field-name wpcf-field-single-line-name wpcf-field-architect-name\">architect:<\/span> <span class=\"wpcf-field-value wpcf-field-single-line-value wpcf-field-architect-value\">LOCALARCHITECTURE<\/span><\/div> | <div id=\"wpcf-field-realization\" class=\"wpcf-field-number wpcf-field-realization\"><span class=\"wpcf-field-name wpcf-field-number-name wpcf-field-realization-name\">realization:<\/span> <span class=\"wpcf-field-value wpcf-field-number-value wpcf-field-realization-value\">2020<\/span><\/div>\n          <\/li>\n\t\t\n          <li>\n            \n          <div style=\"display:none\" class=\"wpv-addon-maps-marker js-wpv-addon-maps-marker js-wpv-addon-maps-marker-marker-146428 js-wpv-addon-maps-markerfor-map-1\" data-marker=\"marker-146428\" data-markertitle=\"Mudac\" data-markerfor=\"map-1\" data-markerlat=\"46.5174491\" data-markerlon=\"6.6293333\" data-markericon=\"\/wp-content\/uploads\/sites\/6\/2017\/11\/area_marker_10.png\" data-markericonhover=\"\" data-streetview=\"no\" data-fromview=\"\">\n            <article class=\"marker-itinerario\">\n\t<div class=\"entry-thumbnail\">\n      \n      \n      \t<img loading=\"lazy\" decoding=\"async\" width=\"2048\" height=\"1638\" src=\"https:\/\/static.tecnichenuove.it\/areaarch\/2024\/06\/mudac-photo-elysee-plateforme-10-lausanne.jpg\" class=\"attachment-post-thumbnail size-post-thumbnail wp-post-image\" alt=\"\" srcset=\"https:\/\/static.tecnichenuove.it\/areaarch\/2024\/06\/mudac-photo-elysee-plateforme-10-lausanne.jpg 2048w, https:\/\/static.tecnichenuove.it\/areaarch\/2024\/06\/mudac-photo-elysee-plateforme-10-lausanne-300x240.jpg 300w, https:\/\/static.tecnichenuove.it\/areaarch\/2024\/06\/mudac-photo-elysee-plateforme-10-lausanne-1024x819.jpg 1024w, https:\/\/static.tecnichenuove.it\/areaarch\/2024\/06\/mudac-photo-elysee-plateforme-10-lausanne-768x614.jpg 768w, https:\/\/static.tecnichenuove.it\/areaarch\/2024\/06\/mudac-photo-elysee-plateforme-10-lausanne-1536x1229.jpg 1536w, https:\/\/static.tecnichenuove.it\/areaarch\/2024\/06\/mudac-photo-elysee-plateforme-10-lausanne-696x557.jpg 696w, https:\/\/static.tecnichenuove.it\/areaarch\/2024\/06\/mudac-photo-elysee-plateforme-10-lausanne-1068x854.jpg 1068w, https:\/\/static.tecnichenuove.it\/areaarch\/2024\/06\/mudac-photo-elysee-plateforme-10-lausanne-525x420.jpg 525w\" sizes=\"auto, (max-width: 2048px) 100vw, 2048px\" \/>\n      \t<img decoding=\"async\" src=\"https:\/\/www.area-arch.it\/wp-content\/uploads\/sites\/6\/2024\/06\/Plateforme10-manuel-aeres-mateus-mudac-elysee-photo-coupe.jpg\" class=\"attachment-post-thumbnail\" \/>\n      \n\t<\/div>\n  \t<div class=\"entry-column\">\n      <h3 class=\"entry-title td-module-title\">Mudac<\/h3>\n      <div class=\"td-excerpt\">\n            <div id=\"wpcf-field-tipology\" class=\"wpcf-field-select wpcf-field-tipology\"><span class=\"wpcf-field-name wpcf-field-select-name wpcf-field-tipology-name\">tipology:<\/span> <span class=\"wpcf-field-value wpcf-field-select-value wpcf-field-tipology-value\">museum<\/span><\/div>\n            <div id=\"wpcf-field-architect\" class=\"wpcf-field-single-line wpcf-field-architect\"><span class=\"wpcf-field-name wpcf-field-single-line-name wpcf-field-architect-name\">architect:<\/span> <span class=\"wpcf-field-value wpcf-field-single-line-value wpcf-field-architect-value\">Aires Matues<\/span><\/div>\n            <div id=\"wpcf-field-realization\" class=\"wpcf-field-number wpcf-field-realization\"><span class=\"wpcf-field-name wpcf-field-number-name wpcf-field-realization-name\">realization:<\/span> <span class=\"wpcf-field-value wpcf-field-number-value wpcf-field-realization-value\">2022<\/span><\/div>\n            Pl. de la Gare, Losanna, Svizzera\n          <\/div>\n  <\/div>\n<\/article>\n          <\/div>\n            <h4><a href=\"#\" onclick=\"cimap();\" class=\"link-marker js-wpv-addon-maps-focus-map js-toolset-maps-hover-map-map-1-marker-marker-146428 js-toolset-maps-open-infowindow-map-map-1-marker-marker-146428\" data-map=\"map-1\" data-marker=\"marker-146428\">17. Mudac<\/a><\/h4>\n            <div id=\"wpcf-field-tipology\" class=\"wpcf-field-select wpcf-field-tipology\"><span class=\"wpcf-field-name wpcf-field-select-name wpcf-field-tipology-name\">tipology:<\/span> <span class=\"wpcf-field-value wpcf-field-select-value wpcf-field-tipology-value\">museum<\/span><\/div> | <div id=\"wpcf-field-architect\" class=\"wpcf-field-single-line wpcf-field-architect\"><span class=\"wpcf-field-name wpcf-field-single-line-name wpcf-field-architect-name\">architect:<\/span> <span class=\"wpcf-field-value wpcf-field-single-line-value wpcf-field-architect-value\">Aires Matues<\/span><\/div> | <div id=\"wpcf-field-realization\" class=\"wpcf-field-number wpcf-field-realization\"><span class=\"wpcf-field-name wpcf-field-number-name wpcf-field-realization-name\">realization:<\/span> <span class=\"wpcf-field-value wpcf-field-number-value wpcf-field-realization-value\">2022<\/span><\/div>\n          <\/li>\n\t\t\n          <li>\n            \n          <div style=\"display:none\" class=\"wpv-addon-maps-marker js-wpv-addon-maps-marker js-wpv-addon-maps-marker-marker-146431 js-wpv-addon-maps-markerfor-map-1\" data-marker=\"marker-146431\" data-markertitle=\"Mus\u00e9e cantonal des Beaux-Arts\" data-markerfor=\"map-1\" data-markerlat=\"46.5174491\" data-markerlon=\"6.6293333\" data-markericon=\"\/wp-content\/uploads\/sites\/6\/2017\/11\/area_marker_10.png\" data-markericonhover=\"\" data-streetview=\"no\" data-fromview=\"\">\n            <article class=\"marker-itinerario\">\n\t<div class=\"entry-thumbnail\">\n      \n      \n      \t<img loading=\"lazy\" decoding=\"async\" width=\"1920\" height=\"1920\" src=\"https:\/\/static.tecnichenuove.it\/areaarch\/2024\/06\/musee-cantonal-des-beaux-arts-lausanne-by-barozzi-veiga_dezeen_2364_col_sq.jpg\" class=\"attachment-post-thumbnail size-post-thumbnail wp-post-image\" alt=\"\" srcset=\"https:\/\/static.tecnichenuove.it\/areaarch\/2024\/06\/musee-cantonal-des-beaux-arts-lausanne-by-barozzi-veiga_dezeen_2364_col_sq.jpg 1920w, https:\/\/static.tecnichenuove.it\/areaarch\/2024\/06\/musee-cantonal-des-beaux-arts-lausanne-by-barozzi-veiga_dezeen_2364_col_sq-300x300.jpg 300w, https:\/\/static.tecnichenuove.it\/areaarch\/2024\/06\/musee-cantonal-des-beaux-arts-lausanne-by-barozzi-veiga_dezeen_2364_col_sq-1024x1024.jpg 1024w, https:\/\/static.tecnichenuove.it\/areaarch\/2024\/06\/musee-cantonal-des-beaux-arts-lausanne-by-barozzi-veiga_dezeen_2364_col_sq-768x768.jpg 768w, https:\/\/static.tecnichenuove.it\/areaarch\/2024\/06\/musee-cantonal-des-beaux-arts-lausanne-by-barozzi-veiga_dezeen_2364_col_sq-1536x1536.jpg 1536w, https:\/\/static.tecnichenuove.it\/areaarch\/2024\/06\/musee-cantonal-des-beaux-arts-lausanne-by-barozzi-veiga_dezeen_2364_col_sq-696x696.jpg 696w, https:\/\/static.tecnichenuove.it\/areaarch\/2024\/06\/musee-cantonal-des-beaux-arts-lausanne-by-barozzi-veiga_dezeen_2364_col_sq-1068x1068.jpg 1068w, https:\/\/static.tecnichenuove.it\/areaarch\/2024\/06\/musee-cantonal-des-beaux-arts-lausanne-by-barozzi-veiga_dezeen_2364_col_sq-420x420.jpg 420w\" sizes=\"auto, (max-width: 1920px) 100vw, 1920px\" \/>\n      \t<img decoding=\"async\" src=\"https:\/\/www.area-arch.it\/wp-content\/uploads\/sites\/6\/2024\/06\/ff9dc5b378e27cc3fee98dd91da42178.jpg\" class=\"attachment-post-thumbnail\" \/>\n      \n\t<\/div>\n  \t<div class=\"entry-column\">\n      <h3 class=\"entry-title td-module-title\">Mus\u00e9e cantonal des Beaux-Arts<\/h3>\n      <div class=\"td-excerpt\">\n            <div id=\"wpcf-field-tipology\" class=\"wpcf-field-select wpcf-field-tipology\"><span class=\"wpcf-field-name wpcf-field-select-name wpcf-field-tipology-name\">tipology:<\/span> <span class=\"wpcf-field-value wpcf-field-select-value wpcf-field-tipology-value\">museum<\/span><\/div>\n            <div id=\"wpcf-field-architect\" class=\"wpcf-field-single-line wpcf-field-architect\"><span class=\"wpcf-field-name wpcf-field-single-line-name wpcf-field-architect-name\">architect:<\/span> <span class=\"wpcf-field-value wpcf-field-single-line-value wpcf-field-architect-value\">Barozzi Veiga<\/span><\/div>\n            <div id=\"wpcf-field-realization\" class=\"wpcf-field-number wpcf-field-realization\"><span class=\"wpcf-field-name wpcf-field-number-name wpcf-field-realization-name\">realization:<\/span> <span class=\"wpcf-field-value wpcf-field-number-value wpcf-field-realization-value\">2021<\/span><\/div>\n            Pl. de la Gare, Losanna, Svizzera\n          <\/div>\n  <\/div>\n<\/article>\n          <\/div>\n            <h4><a href=\"#\" onclick=\"cimap();\" class=\"link-marker js-wpv-addon-maps-focus-map js-toolset-maps-hover-map-map-1-marker-marker-146431 js-toolset-maps-open-infowindow-map-map-1-marker-marker-146431\" data-map=\"map-1\" data-marker=\"marker-146431\">18. Mus\u00e9e cantonal des Beaux-Arts<\/a><\/h4>\n            <div id=\"wpcf-field-tipology\" class=\"wpcf-field-select wpcf-field-tipology\"><span class=\"wpcf-field-name wpcf-field-select-name wpcf-field-tipology-name\">tipology:<\/span> <span class=\"wpcf-field-value wpcf-field-select-value wpcf-field-tipology-value\">museum<\/span><\/div> | <div id=\"wpcf-field-architect\" class=\"wpcf-field-single-line wpcf-field-architect\"><span class=\"wpcf-field-name wpcf-field-single-line-name wpcf-field-architect-name\">architect:<\/span> <span class=\"wpcf-field-value wpcf-field-single-line-value wpcf-field-architect-value\">Barozzi Veiga<\/span><\/div> | <div id=\"wpcf-field-realization\" class=\"wpcf-field-number wpcf-field-realization\"><span class=\"wpcf-field-name wpcf-field-number-name wpcf-field-realization-name\">realization:<\/span> <span class=\"wpcf-field-value wpcf-field-number-value wpcf-field-realization-value\">2021<\/span><\/div>\n          <\/li>\n\t\t\n          <li>\n            \n          <div style=\"display:none\" class=\"wpv-addon-maps-marker js-wpv-addon-maps-marker js-wpv-addon-maps-marker-marker-146434 js-wpv-addon-maps-markerfor-map-1\" data-marker=\"marker-146434\" data-markertitle=\"Lausanne Opera House\" data-markerfor=\"map-1\" data-markerlat=\"46.5185966\" data-markerlon=\"6.6361914\" data-markericon=\"\/wp-content\/uploads\/sites\/6\/2017\/11\/area_marker_9.png\" data-markericonhover=\"\" data-streetview=\"no\" data-fromview=\"\">\n            <article class=\"marker-itinerario\">\n\t<div class=\"entry-thumbnail\">\n      \n      \n      \t<img loading=\"lazy\" decoding=\"async\" width=\"1000\" height=\"803\" src=\"https:\/\/static.tecnichenuove.it\/areaarch\/2024\/06\/Ope%CC%81raLausanne1.jpg\" class=\"attachment-post-thumbnail size-post-thumbnail wp-post-image\" alt=\"\" srcset=\"https:\/\/static.tecnichenuove.it\/areaarch\/2024\/06\/Ope%CC%81raLausanne1.jpg 1000w, https:\/\/static.tecnichenuove.it\/areaarch\/2024\/06\/Ope%CC%81raLausanne1-300x241.jpg 300w, https:\/\/static.tecnichenuove.it\/areaarch\/2024\/06\/Ope%CC%81raLausanne1-768x617.jpg 768w, https:\/\/static.tecnichenuove.it\/areaarch\/2024\/06\/Ope%CC%81raLausanne1-696x559.jpg 696w, https:\/\/static.tecnichenuove.it\/areaarch\/2024\/06\/Ope%CC%81raLausanne1-523x420.jpg 523w\" sizes=\"auto, (max-width: 1000px) 100vw, 1000px\" \/>\n      \t<img decoding=\"async\" src=\"https:\/\/www.area-arch.it\/wp-content\/uploads\/sites\/6\/2024\/06\/dl-a-devanthery-lamuniere-architectes-fausto-pluchinotta-lausanne-opera-house.jpg\" class=\"attachment-post-thumbnail\" \/>\n      \n\t<\/div>\n  \t<div class=\"entry-column\">\n      <h3 class=\"entry-title td-module-title\">Lausanne Opera House<\/h3>\n      <div class=\"td-excerpt\">\n            <div id=\"wpcf-field-tipology\" class=\"wpcf-field-select wpcf-field-tipology\"><span class=\"wpcf-field-name wpcf-field-select-name wpcf-field-tipology-name\">tipology:<\/span> <span class=\"wpcf-field-value wpcf-field-select-value wpcf-field-tipology-value\">mixed use<\/span><\/div>\n            <div id=\"wpcf-field-architect\" class=\"wpcf-field-single-line wpcf-field-architect\"><span class=\"wpcf-field-name wpcf-field-single-line-name wpcf-field-architect-name\">architect:<\/span> <span class=\"wpcf-field-value wpcf-field-single-line-value wpcf-field-architect-value\">Dl-A Devanth\u00e9ry &amp; Lamuni\u00e8re Architectes<\/span><\/div>\n            <div id=\"wpcf-field-realization\" class=\"wpcf-field-number wpcf-field-realization\"><span class=\"wpcf-field-name wpcf-field-number-name wpcf-field-realization-name\">realization:<\/span> <span class=\"wpcf-field-value wpcf-field-number-value wpcf-field-realization-value\">2012<\/span><\/div>\n            Av. du Th\u00e9\u00e2tre, Losanna, Svizzera\n          <\/div>\n  <\/div>\n<\/article>\n          <\/div>\n            <h4><a href=\"#\" onclick=\"cimap();\" class=\"link-marker js-wpv-addon-maps-focus-map js-toolset-maps-hover-map-map-1-marker-marker-146434 js-toolset-maps-open-infowindow-map-map-1-marker-marker-146434\" data-map=\"map-1\" data-marker=\"marker-146434\">19. Lausanne Opera House<\/a><\/h4>\n            <div id=\"wpcf-field-tipology\" class=\"wpcf-field-select wpcf-field-tipology\"><span class=\"wpcf-field-name wpcf-field-select-name wpcf-field-tipology-name\">tipology:<\/span> <span class=\"wpcf-field-value wpcf-field-select-value wpcf-field-tipology-value\">mixed use<\/span><\/div> | <div id=\"wpcf-field-architect\" class=\"wpcf-field-single-line wpcf-field-architect\"><span class=\"wpcf-field-name wpcf-field-single-line-name wpcf-field-architect-name\">architect:<\/span> <span class=\"wpcf-field-value wpcf-field-single-line-value wpcf-field-architect-value\">Dl-A Devanth\u00e9ry &amp; Lamuni\u00e8re Architectes<\/span><\/div> | <div id=\"wpcf-field-realization\" class=\"wpcf-field-number wpcf-field-realization\"><span class=\"wpcf-field-name wpcf-field-number-name wpcf-field-realization-name\">realization:<\/span> <span class=\"wpcf-field-value wpcf-field-number-value wpcf-field-realization-value\">2012<\/span><\/div>\n          <\/li>\n\t\t\n          <li>\n            \n          <div style=\"display:none\" class=\"wpv-addon-maps-marker js-wpv-addon-maps-marker js-wpv-addon-maps-marker-marker-146437 js-wpv-addon-maps-markerfor-map-1\" data-marker=\"marker-146437\" data-markertitle=\"M2 Station\" data-markerfor=\"map-1\" data-markerlat=\"46.5206516\" data-markerlon=\"6.6306193\" data-markericon=\"\/wp-content\/uploads\/sites\/6\/2017\/11\/area_marker_6.png\" data-markericonhover=\"\" data-streetview=\"no\" data-fromview=\"\">\n            <article class=\"marker-itinerario\">\n\t<div class=\"entry-thumbnail\">\n      \n      \n      \t<img loading=\"lazy\" decoding=\"async\" width=\"700\" height=\"471\" src=\"https:\/\/static.tecnichenuove.it\/areaarch\/2024\/06\/01951.jpg\" class=\"attachment-post-thumbnail size-post-thumbnail wp-post-image\" alt=\"\" srcset=\"https:\/\/static.tecnichenuove.it\/areaarch\/2024\/06\/01951.jpg 700w, https:\/\/static.tecnichenuove.it\/areaarch\/2024\/06\/01951-300x202.jpg 300w, https:\/\/static.tecnichenuove.it\/areaarch\/2024\/06\/01951-150x100.jpg 150w, https:\/\/static.tecnichenuove.it\/areaarch\/2024\/06\/01951-696x468.jpg 696w, https:\/\/static.tecnichenuove.it\/areaarch\/2024\/06\/01951-624x420.jpg 624w\" sizes=\"auto, (max-width: 700px) 100vw, 700px\" \/>\n      \t<img decoding=\"async\" src=\"https:\/\/www.area-arch.it\/wp-content\/uploads\/sites\/6\/2024\/06\/3b9189ec0098457beae823ff539752ca.jpg\" class=\"attachment-post-thumbnail\" \/>\n      \n\t<\/div>\n  \t<div class=\"entry-column\">\n      <h3 class=\"entry-title td-module-title\">M2 Station<\/h3>\n      <div class=\"td-excerpt\">\n            <div id=\"wpcf-field-tipology\" class=\"wpcf-field-select wpcf-field-tipology\"><span class=\"wpcf-field-name wpcf-field-select-name wpcf-field-tipology-name\">tipology:<\/span> <span class=\"wpcf-field-value wpcf-field-select-value wpcf-field-tipology-value\">infrastructure<\/span><\/div>\n            <div id=\"wpcf-field-architect\" class=\"wpcf-field-single-line wpcf-field-architect\"><span class=\"wpcf-field-name wpcf-field-single-line-name wpcf-field-architect-name\">architect:<\/span> <span class=\"wpcf-field-value wpcf-field-single-line-value wpcf-field-architect-value\">Bernard Tschumi, m+v architectes<\/span><\/div>\n            <div id=\"wpcf-field-realization\" class=\"wpcf-field-number wpcf-field-realization\"><span class=\"wpcf-field-name wpcf-field-number-name wpcf-field-realization-name\">realization:<\/span> <span class=\"wpcf-field-value wpcf-field-number-value wpcf-field-realization-value\">2009<\/span><\/div>\n            Pl. de l'Europe, Losanna, Svizzera\n          <\/div>\n  <\/div>\n<\/article>\n          <\/div>\n            <h4><a href=\"#\" onclick=\"cimap();\" class=\"link-marker js-wpv-addon-maps-focus-map js-toolset-maps-hover-map-map-1-marker-marker-146437 js-toolset-maps-open-infowindow-map-map-1-marker-marker-146437\" data-map=\"map-1\" data-marker=\"marker-146437\">20. M2 Station<\/a><\/h4>\n            <div id=\"wpcf-field-tipology\" class=\"wpcf-field-select wpcf-field-tipology\"><span class=\"wpcf-field-name wpcf-field-select-name wpcf-field-tipology-name\">tipology:<\/span> <span class=\"wpcf-field-value wpcf-field-select-value wpcf-field-tipology-value\">infrastructure<\/span><\/div> | <div id=\"wpcf-field-architect\" class=\"wpcf-field-single-line wpcf-field-architect\"><span class=\"wpcf-field-name wpcf-field-single-line-name wpcf-field-architect-name\">architect:<\/span> <span class=\"wpcf-field-value wpcf-field-single-line-value wpcf-field-architect-value\">Bernard Tschumi, m+v architectes<\/span><\/div> | <div id=\"wpcf-field-realization\" class=\"wpcf-field-number wpcf-field-realization\"><span class=\"wpcf-field-name wpcf-field-number-name wpcf-field-realization-name\">realization:<\/span> <span class=\"wpcf-field-value wpcf-field-number-value wpcf-field-realization-value\">2009<\/span><\/div>\n          <\/li>\n\t\t\n          <li>\n            \n          <div style=\"display:none\" class=\"wpv-addon-maps-marker js-wpv-addon-maps-marker js-wpv-addon-maps-marker-marker-146440 js-wpv-addon-maps-markerfor-map-1\" data-marker=\"marker-146440\" data-markertitle=\"Flon Hotel\" data-markerfor=\"map-1\" data-markerlat=\"46.5215039\" data-markerlon=\"6.6238984\" data-markericon=\"\/wp-content\/uploads\/sites\/6\/2017\/11\/area_marker_7.png\" data-markericonhover=\"\" data-streetview=\"no\" data-fromview=\"\">\n            <article class=\"marker-itinerario\">\n\t<div class=\"entry-thumbnail\">\n      \n      \n      \t<img loading=\"lazy\" decoding=\"async\" width=\"750\" height=\"600\" src=\"https:\/\/static.tecnichenuove.it\/areaarch\/2024\/06\/LOCAL_MOXY_GAFSOU_LD_2.jpg\" class=\"attachment-post-thumbnail size-post-thumbnail wp-post-image\" alt=\"\" srcset=\"https:\/\/static.tecnichenuove.it\/areaarch\/2024\/06\/LOCAL_MOXY_GAFSOU_LD_2.jpg 750w, https:\/\/static.tecnichenuove.it\/areaarch\/2024\/06\/LOCAL_MOXY_GAFSOU_LD_2-300x240.jpg 300w, https:\/\/static.tecnichenuove.it\/areaarch\/2024\/06\/LOCAL_MOXY_GAFSOU_LD_2-696x557.jpg 696w, https:\/\/static.tecnichenuove.it\/areaarch\/2024\/06\/LOCAL_MOXY_GAFSOU_LD_2-525x420.jpg 525w\" sizes=\"auto, (max-width: 750px) 100vw, 750px\" \/>\n      \t<img decoding=\"async\" src=\"https:\/\/www.area-arch.it\/wp-content\/uploads\/sites\/6\/2024\/06\/LOCAL_MOXY_PLAN_01.jpg\" class=\"attachment-post-thumbnail\" \/>\n      \n\t<\/div>\n  \t<div class=\"entry-column\">\n      <h3 class=\"entry-title td-module-title\">Flon Hotel<\/h3>\n      <div class=\"td-excerpt\">\n            <div id=\"wpcf-field-tipology\" class=\"wpcf-field-select wpcf-field-tipology\"><span class=\"wpcf-field-name wpcf-field-select-name wpcf-field-tipology-name\">tipology:<\/span> <span class=\"wpcf-field-value wpcf-field-select-value wpcf-field-tipology-value\">hotel<\/span><\/div>\n            <div id=\"wpcf-field-architect\" class=\"wpcf-field-single-line wpcf-field-architect\"><span class=\"wpcf-field-name wpcf-field-single-line-name wpcf-field-architect-name\">architect:<\/span> <span class=\"wpcf-field-value wpcf-field-single-line-value wpcf-field-architect-value\">LOCALARCHITECTURE<\/span><\/div>\n            <div id=\"wpcf-field-realization\" class=\"wpcf-field-number wpcf-field-realization\"><span class=\"wpcf-field-name wpcf-field-number-name wpcf-field-realization-name\">realization:<\/span> <span class=\"wpcf-field-value wpcf-field-number-value wpcf-field-realization-value\">2020<\/span><\/div>\n            Rue de la Vigie, Losanna, Svizzera\n          <\/div>\n  <\/div>\n<\/article>\n          <\/div>\n            <h4><a href=\"#\" onclick=\"cimap();\" class=\"link-marker js-wpv-addon-maps-focus-map js-toolset-maps-hover-map-map-1-marker-marker-146440 js-toolset-maps-open-infowindow-map-map-1-marker-marker-146440\" data-map=\"map-1\" data-marker=\"marker-146440\">21. Flon Hotel<\/a><\/h4>\n            <div id=\"wpcf-field-tipology\" class=\"wpcf-field-select wpcf-field-tipology\"><span class=\"wpcf-field-name wpcf-field-select-name wpcf-field-tipology-name\">tipology:<\/span> <span class=\"wpcf-field-value wpcf-field-select-value wpcf-field-tipology-value\">hotel<\/span><\/div> | <div id=\"wpcf-field-architect\" class=\"wpcf-field-single-line wpcf-field-architect\"><span class=\"wpcf-field-name wpcf-field-single-line-name wpcf-field-architect-name\">architect:<\/span> <span class=\"wpcf-field-value wpcf-field-single-line-value wpcf-field-architect-value\">LOCALARCHITECTURE<\/span><\/div> | <div id=\"wpcf-field-realization\" class=\"wpcf-field-number wpcf-field-realization\"><span class=\"wpcf-field-name wpcf-field-number-name wpcf-field-realization-name\">realization:<\/span> <span class=\"wpcf-field-value wpcf-field-number-value wpcf-field-realization-value\">2020<\/span><\/div>\n          <\/li>\n\t\t\n          <li>\n            \n          <div style=\"display:none\" class=\"wpv-addon-maps-marker js-wpv-addon-maps-marker js-wpv-addon-maps-marker-marker-146443 js-wpv-addon-maps-markerfor-map-1\" data-marker=\"marker-146443\" data-markertitle=\"Rue Du Jura\" data-markerfor=\"map-1\" data-markerlat=\"46.5251408\" data-markerlon=\"6.623985\" data-markericon=\"\/wp-content\/uploads\/sites\/6\/2017\/11\/area_marker_13.png\" data-markericonhover=\"\" data-streetview=\"no\" data-fromview=\"\">\n            <article class=\"marker-itinerario\">\n\t<div class=\"entry-thumbnail\">\n      \n      \n      \t<img loading=\"lazy\" decoding=\"async\" width=\"1440\" height=\"1920\" src=\"https:\/\/static.tecnichenuove.it\/areaarch\/2024\/06\/02_1086_Jura6_1440-x-1920_72-dpi.jpg\" class=\"attachment-post-thumbnail size-post-thumbnail wp-post-image\" alt=\"\" srcset=\"https:\/\/static.tecnichenuove.it\/areaarch\/2024\/06\/02_1086_Jura6_1440-x-1920_72-dpi.jpg 1440w, https:\/\/static.tecnichenuove.it\/areaarch\/2024\/06\/02_1086_Jura6_1440-x-1920_72-dpi-225x300.jpg 225w, https:\/\/static.tecnichenuove.it\/areaarch\/2024\/06\/02_1086_Jura6_1440-x-1920_72-dpi-768x1024.jpg 768w, https:\/\/static.tecnichenuove.it\/areaarch\/2024\/06\/02_1086_Jura6_1440-x-1920_72-dpi-1152x1536.jpg 1152w, https:\/\/static.tecnichenuove.it\/areaarch\/2024\/06\/02_1086_Jura6_1440-x-1920_72-dpi-696x928.jpg 696w, https:\/\/static.tecnichenuove.it\/areaarch\/2024\/06\/02_1086_Jura6_1440-x-1920_72-dpi-1068x1424.jpg 1068w, https:\/\/static.tecnichenuove.it\/areaarch\/2024\/06\/02_1086_Jura6_1440-x-1920_72-dpi-315x420.jpg 315w\" sizes=\"auto, (max-width: 1440px) 100vw, 1440px\" \/>\n      \t<img decoding=\"async\" src=\"https:\/\/www.area-arch.it\/wp-content\/uploads\/sites\/6\/2024\/06\/08_1001_Jura9-11_Plan_72-dpi.jpg\" class=\"attachment-post-thumbnail\" \/>\n      \n\t<\/div>\n  \t<div class=\"entry-column\">\n      <h3 class=\"entry-title td-module-title\">Rue Du Jura<\/h3>\n      <div class=\"td-excerpt\">\n            <div id=\"wpcf-field-tipology\" class=\"wpcf-field-select wpcf-field-tipology\"><span class=\"wpcf-field-name wpcf-field-select-name wpcf-field-tipology-name\">tipology:<\/span> <span class=\"wpcf-field-value wpcf-field-select-value wpcf-field-tipology-value\">residential<\/span><\/div>\n            <div id=\"wpcf-field-architect\" class=\"wpcf-field-single-line wpcf-field-architect\"><span class=\"wpcf-field-name wpcf-field-single-line-name wpcf-field-architect-name\">architect:<\/span> <span class=\"wpcf-field-value wpcf-field-single-line-value wpcf-field-architect-value\">RDR Architects<\/span><\/div>\n            <div id=\"wpcf-field-realization\" class=\"wpcf-field-number wpcf-field-realization\"><span class=\"wpcf-field-name wpcf-field-number-name wpcf-field-realization-name\">realization:<\/span> <span class=\"wpcf-field-value wpcf-field-number-value wpcf-field-realization-value\">2015<\/span><\/div>\n            Rue du Jura, Lausanne, Svizzera\n          <\/div>\n  <\/div>\n<\/article>\n          <\/div>\n            <h4><a href=\"#\" onclick=\"cimap();\" class=\"link-marker js-wpv-addon-maps-focus-map js-toolset-maps-hover-map-map-1-marker-marker-146443 js-toolset-maps-open-infowindow-map-map-1-marker-marker-146443\" data-map=\"map-1\" data-marker=\"marker-146443\">22. Rue Du Jura<\/a><\/h4>\n            <div id=\"wpcf-field-tipology\" class=\"wpcf-field-select wpcf-field-tipology\"><span class=\"wpcf-field-name wpcf-field-select-name wpcf-field-tipology-name\">tipology:<\/span> <span class=\"wpcf-field-value wpcf-field-select-value wpcf-field-tipology-value\">residential<\/span><\/div> | <div id=\"wpcf-field-architect\" class=\"wpcf-field-single-line wpcf-field-architect\"><span class=\"wpcf-field-name wpcf-field-single-line-name wpcf-field-architect-name\">architect:<\/span> <span class=\"wpcf-field-value wpcf-field-single-line-value wpcf-field-architect-value\">RDR Architects<\/span><\/div> | <div id=\"wpcf-field-realization\" class=\"wpcf-field-number wpcf-field-realization\"><span class=\"wpcf-field-name wpcf-field-number-name wpcf-field-realization-name\">realization:<\/span> <span class=\"wpcf-field-value wpcf-field-number-value wpcf-field-realization-value\">2015<\/span><\/div>\n          <\/li>\n\t\t\n          <li>\n            \n          <div style=\"display:none\" class=\"wpv-addon-maps-marker js-wpv-addon-maps-marker js-wpv-addon-maps-marker-marker-146446 js-wpv-addon-maps-markerfor-map-1\" data-marker=\"marker-146446\" data-markertitle=\"Parlement vaudois\" data-markerfor=\"map-1\" data-markerlat=\"46.52359\" data-markerlon=\"6.6352961\" data-markericon=\"\/wp-content\/uploads\/sites\/6\/2017\/11\/area_marker_6.png\" data-markericonhover=\"\" data-streetview=\"no\" data-fromview=\"\">\n            <article class=\"marker-itinerario\">\n\t<div class=\"entry-thumbnail\">\n      \n      \n      \t<img loading=\"lazy\" decoding=\"async\" width=\"1920\" height=\"1372\" src=\"https:\/\/static.tecnichenuove.it\/areaarch\/2024\/06\/7dc03f93-24d9-41a6-ad84-1b460800db47_rw_1920.jpg\" class=\"attachment-post-thumbnail size-post-thumbnail wp-post-image\" alt=\"\" srcset=\"https:\/\/static.tecnichenuove.it\/areaarch\/2024\/06\/7dc03f93-24d9-41a6-ad84-1b460800db47_rw_1920.jpg 1920w, https:\/\/static.tecnichenuove.it\/areaarch\/2024\/06\/7dc03f93-24d9-41a6-ad84-1b460800db47_rw_1920-300x214.jpg 300w, https:\/\/static.tecnichenuove.it\/areaarch\/2024\/06\/7dc03f93-24d9-41a6-ad84-1b460800db47_rw_1920-1024x732.jpg 1024w, https:\/\/static.tecnichenuove.it\/areaarch\/2024\/06\/7dc03f93-24d9-41a6-ad84-1b460800db47_rw_1920-768x549.jpg 768w, https:\/\/static.tecnichenuove.it\/areaarch\/2024\/06\/7dc03f93-24d9-41a6-ad84-1b460800db47_rw_1920-1536x1098.jpg 1536w, https:\/\/static.tecnichenuove.it\/areaarch\/2024\/06\/7dc03f93-24d9-41a6-ad84-1b460800db47_rw_1920-100x70.jpg 100w, https:\/\/static.tecnichenuove.it\/areaarch\/2024\/06\/7dc03f93-24d9-41a6-ad84-1b460800db47_rw_1920-696x497.jpg 696w, https:\/\/static.tecnichenuove.it\/areaarch\/2024\/06\/7dc03f93-24d9-41a6-ad84-1b460800db47_rw_1920-1068x763.jpg 1068w, https:\/\/static.tecnichenuove.it\/areaarch\/2024\/06\/7dc03f93-24d9-41a6-ad84-1b460800db47_rw_1920-588x420.jpg 588w\" sizes=\"auto, (max-width: 1920px) 100vw, 1920px\" \/>\n      \t<img decoding=\"async\" src=\"https:\/\/www.area-arch.it\/wp-content\/uploads\/sites\/6\/2024\/06\/tumblr_inline_otlvx6VDMS1qansix_1280.jpg\" class=\"attachment-post-thumbnail\" \/>\n      \n\t<\/div>\n  \t<div class=\"entry-column\">\n      <h3 class=\"entry-title td-module-title\">Parlement vaudois<\/h3>\n      <div class=\"td-excerpt\">\n            <div id=\"wpcf-field-tipology\" class=\"wpcf-field-select wpcf-field-tipology\"><span class=\"wpcf-field-name wpcf-field-select-name wpcf-field-tipology-name\">tipology:<\/span> <span class=\"wpcf-field-value wpcf-field-select-value wpcf-field-tipology-value\">infrastructure<\/span><\/div>\n            <div id=\"wpcf-field-architect\" class=\"wpcf-field-single-line wpcf-field-architect\"><span class=\"wpcf-field-name wpcf-field-single-line-name wpcf-field-architect-name\">architect:<\/span> <span class=\"wpcf-field-value wpcf-field-single-line-value wpcf-field-architect-value\">Atelier Cube, Bonell i Gil<\/span><\/div>\n            <div id=\"wpcf-field-realization\" class=\"wpcf-field-number wpcf-field-realization\"><span class=\"wpcf-field-name wpcf-field-number-name wpcf-field-realization-name\">realization:<\/span> <span class=\"wpcf-field-value wpcf-field-number-value wpcf-field-realization-value\">2014<\/span><\/div>\n            Rue Cit\u00e9-Devant, Losanna, Svizzera\n          <\/div>\n  <\/div>\n<\/article>\n          <\/div>\n            <h4><a href=\"#\" onclick=\"cimap();\" class=\"link-marker js-wpv-addon-maps-focus-map js-toolset-maps-hover-map-map-1-marker-marker-146446 js-toolset-maps-open-infowindow-map-map-1-marker-marker-146446\" data-map=\"map-1\" data-marker=\"marker-146446\">23. Parlement vaudois<\/a><\/h4>\n            <div id=\"wpcf-field-tipology\" class=\"wpcf-field-select wpcf-field-tipology\"><span class=\"wpcf-field-name wpcf-field-select-name wpcf-field-tipology-name\">tipology:<\/span> <span class=\"wpcf-field-value wpcf-field-select-value wpcf-field-tipology-value\">infrastructure<\/span><\/div> | <div id=\"wpcf-field-architect\" class=\"wpcf-field-single-line wpcf-field-architect\"><span class=\"wpcf-field-name wpcf-field-single-line-name wpcf-field-architect-name\">architect:<\/span> <span class=\"wpcf-field-value wpcf-field-single-line-value wpcf-field-architect-value\">Atelier Cube, Bonell i Gil<\/span><\/div> | <div id=\"wpcf-field-realization\" class=\"wpcf-field-number wpcf-field-realization\"><span class=\"wpcf-field-name wpcf-field-number-name wpcf-field-realization-name\">realization:<\/span> <span class=\"wpcf-field-value wpcf-field-number-value wpcf-field-realization-value\">2014<\/span><\/div>\n          <\/li>\n\t\t\n          <li>\n            \n          <div style=\"display:none\" class=\"wpv-addon-maps-marker js-wpv-addon-maps-marker js-wpv-addon-maps-marker-marker-146449 js-wpv-addon-maps-markerfor-map-1\" data-marker=\"marker-146449\" data-markertitle=\"AGORA\" data-markerfor=\"map-1\" data-markerlat=\"46.5243168\" data-markerlon=\"6.6405996\" data-markericon=\"\/wp-content\/uploads\/sites\/6\/2017\/11\/area_marker_5.png\" data-markericonhover=\"\" data-streetview=\"no\" data-fromview=\"\">\n            <article class=\"marker-itinerario\">\n\t<div class=\"entry-thumbnail\">\n      \n      \n      \t<img loading=\"lazy\" decoding=\"async\" width=\"1920\" height=\"1135\" src=\"https:\/\/static.tecnichenuove.it\/areaarch\/2024\/06\/1030_PHG_DM04_DJI_0025.jpg\" class=\"attachment-post-thumbnail size-post-thumbnail wp-post-image\" alt=\"\" srcset=\"https:\/\/static.tecnichenuove.it\/areaarch\/2024\/06\/1030_PHG_DM04_DJI_0025.jpg 1920w, https:\/\/static.tecnichenuove.it\/areaarch\/2024\/06\/1030_PHG_DM04_DJI_0025-300x177.jpg 300w, https:\/\/static.tecnichenuove.it\/areaarch\/2024\/06\/1030_PHG_DM04_DJI_0025-1024x605.jpg 1024w, https:\/\/static.tecnichenuove.it\/areaarch\/2024\/06\/1030_PHG_DM04_DJI_0025-768x454.jpg 768w, https:\/\/static.tecnichenuove.it\/areaarch\/2024\/06\/1030_PHG_DM04_DJI_0025-1536x908.jpg 1536w, https:\/\/static.tecnichenuove.it\/areaarch\/2024\/06\/1030_PHG_DM04_DJI_0025-696x411.jpg 696w, https:\/\/static.tecnichenuove.it\/areaarch\/2024\/06\/1030_PHG_DM04_DJI_0025-1068x631.jpg 1068w, https:\/\/static.tecnichenuove.it\/areaarch\/2024\/06\/1030_PHG_DM04_DJI_0025-710x420.jpg 710w\" sizes=\"auto, (max-width: 1920px) 100vw, 1920px\" \/>\n      \t<img decoding=\"async\" src=\"https:\/\/www.area-arch.it\/wp-content\/uploads\/sites\/6\/2024\/06\/A02-h0-agora_1_500_EN.jpg\" class=\"attachment-post-thumbnail\" \/>\n      \n\t<\/div>\n  \t<div class=\"entry-column\">\n      <h3 class=\"entry-title td-module-title\">AGORA<\/h3>\n      <div class=\"td-excerpt\">\n            <div id=\"wpcf-field-tipology\" class=\"wpcf-field-select wpcf-field-tipology\"><span class=\"wpcf-field-name wpcf-field-select-name wpcf-field-tipology-name\">tipology:<\/span> <span class=\"wpcf-field-value wpcf-field-select-value wpcf-field-tipology-value\">health<\/span><\/div>\n            <div id=\"wpcf-field-architect\" class=\"wpcf-field-single-line wpcf-field-architect\"><span class=\"wpcf-field-name wpcf-field-single-line-name wpcf-field-architect-name\">architect:<\/span> <span class=\"wpcf-field-value wpcf-field-single-line-value wpcf-field-architect-value\">Behnisch Architekten<\/span><\/div>\n            <div id=\"wpcf-field-realization\" class=\"wpcf-field-number wpcf-field-realization\"><span class=\"wpcf-field-name wpcf-field-number-name wpcf-field-realization-name\">realization:<\/span> <span class=\"wpcf-field-value wpcf-field-number-value wpcf-field-realization-value\">2018<\/span><\/div>\n            Rue du Bugnon, Losanna, Svizzera\n          <\/div>\n  <\/div>\n<\/article>\n          <\/div>\n            <h4><a href=\"#\" onclick=\"cimap();\" class=\"link-marker js-wpv-addon-maps-focus-map js-toolset-maps-hover-map-map-1-marker-marker-146449 js-toolset-maps-open-infowindow-map-map-1-marker-marker-146449\" data-map=\"map-1\" data-marker=\"marker-146449\">24. AGORA<\/a><\/h4>\n            <div id=\"wpcf-field-tipology\" class=\"wpcf-field-select wpcf-field-tipology\"><span class=\"wpcf-field-name wpcf-field-select-name wpcf-field-tipology-name\">tipology:<\/span> <span class=\"wpcf-field-value wpcf-field-select-value wpcf-field-tipology-value\">health<\/span><\/div> | <div id=\"wpcf-field-architect\" class=\"wpcf-field-single-line wpcf-field-architect\"><span class=\"wpcf-field-name wpcf-field-single-line-name wpcf-field-architect-name\">architect:<\/span> <span class=\"wpcf-field-value wpcf-field-single-line-value wpcf-field-architect-value\">Behnisch Architekten<\/span><\/div> | <div id=\"wpcf-field-realization\" class=\"wpcf-field-number wpcf-field-realization\"><span class=\"wpcf-field-name wpcf-field-number-name wpcf-field-realization-name\">realization:<\/span> <span class=\"wpcf-field-value wpcf-field-number-value wpcf-field-realization-value\">2018<\/span><\/div>\n          <\/li>\n\t\t\n          <li>\n            \n          <div style=\"display:none\" class=\"wpv-addon-maps-marker js-wpv-addon-maps-marker js-wpv-addon-maps-marker-marker-146452 js-wpv-addon-maps-markerfor-map-1\" data-marker=\"marker-146452\" data-markertitle=\"South Halls of Beaulieu\" data-markerfor=\"map-1\" data-markerlat=\"46.5288034\" data-markerlon=\"6.6219604\" data-markericon=\"\/wp-content\/uploads\/sites\/6\/2017\/11\/area_marker_9.png\" data-markericonhover=\"\" data-streetview=\"no\" data-fromview=\"\">\n            <article class=\"marker-itinerario\">\n\t<div class=\"entry-thumbnail\">\n      \n      \n      \t<img loading=\"lazy\" decoding=\"async\" width=\"1920\" height=\"1279\" src=\"https:\/\/static.tecnichenuove.it\/areaarch\/2024\/06\/pont12-architectes-south-halls-of-beaulieu.jpg\" class=\"attachment-post-thumbnail size-post-thumbnail wp-post-image\" alt=\"\" srcset=\"https:\/\/static.tecnichenuove.it\/areaarch\/2024\/06\/pont12-architectes-south-halls-of-beaulieu.jpg 1920w, https:\/\/static.tecnichenuove.it\/areaarch\/2024\/06\/pont12-architectes-south-halls-of-beaulieu-300x200.jpg 300w, https:\/\/static.tecnichenuove.it\/areaarch\/2024\/06\/pont12-architectes-south-halls-of-beaulieu-1024x682.jpg 1024w, https:\/\/static.tecnichenuove.it\/areaarch\/2024\/06\/pont12-architectes-south-halls-of-beaulieu-150x100.jpg 150w, https:\/\/static.tecnichenuove.it\/areaarch\/2024\/06\/pont12-architectes-south-halls-of-beaulieu-768x512.jpg 768w, https:\/\/static.tecnichenuove.it\/areaarch\/2024\/06\/pont12-architectes-south-halls-of-beaulieu-1536x1023.jpg 1536w, https:\/\/static.tecnichenuove.it\/areaarch\/2024\/06\/pont12-architectes-south-halls-of-beaulieu-696x464.jpg 696w, https:\/\/static.tecnichenuove.it\/areaarch\/2024\/06\/pont12-architectes-south-halls-of-beaulieu-1068x711.jpg 1068w, https:\/\/static.tecnichenuove.it\/areaarch\/2024\/06\/pont12-architectes-south-halls-of-beaulieu-630x420.jpg 630w\" sizes=\"auto, (max-width: 1920px) 100vw, 1920px\" \/>\n      \t<img decoding=\"async\" src=\"https:\/\/www.area-arch.it\/wp-content\/uploads\/sites\/6\/2024\/06\/pont12-architectes-south-halls-of-beaulieu-2-e1718871941373.jpg\" class=\"attachment-post-thumbnail\" \/>\n      \n\t<\/div>\n  \t<div class=\"entry-column\">\n      <h3 class=\"entry-title td-module-title\">South Halls of Beaulieu<\/h3>\n      <div class=\"td-excerpt\">\n            <div id=\"wpcf-field-tipology\" class=\"wpcf-field-select wpcf-field-tipology\"><span class=\"wpcf-field-name wpcf-field-select-name wpcf-field-tipology-name\">tipology:<\/span> <span class=\"wpcf-field-value wpcf-field-select-value wpcf-field-tipology-value\">mixed use<\/span><\/div>\n            <div id=\"wpcf-field-architect\" class=\"wpcf-field-single-line wpcf-field-architect\"><span class=\"wpcf-field-name wpcf-field-single-line-name wpcf-field-architect-name\">architect:<\/span> <span class=\"wpcf-field-value wpcf-field-single-line-value wpcf-field-architect-value\">Pant12 Architects<\/span><\/div>\n            <div id=\"wpcf-field-realization\" class=\"wpcf-field-number wpcf-field-realization\"><span class=\"wpcf-field-name wpcf-field-number-name wpcf-field-realization-name\">realization:<\/span> <span class=\"wpcf-field-value wpcf-field-number-value wpcf-field-realization-value\">2011<\/span><\/div>\n            Av. Bergi\u00e8res, Losanna, Svizzera\n          <\/div>\n  <\/div>\n<\/article>\n          <\/div>\n            <h4><a href=\"#\" onclick=\"cimap();\" class=\"link-marker js-wpv-addon-maps-focus-map js-toolset-maps-hover-map-map-1-marker-marker-146452 js-toolset-maps-open-infowindow-map-map-1-marker-marker-146452\" data-map=\"map-1\" data-marker=\"marker-146452\">25. South Halls of Beaulieu<\/a><\/h4>\n            <div id=\"wpcf-field-tipology\" class=\"wpcf-field-select wpcf-field-tipology\"><span class=\"wpcf-field-name wpcf-field-select-name wpcf-field-tipology-name\">tipology:<\/span> <span class=\"wpcf-field-value wpcf-field-select-value wpcf-field-tipology-value\">mixed use<\/span><\/div> | <div id=\"wpcf-field-architect\" class=\"wpcf-field-single-line wpcf-field-architect\"><span class=\"wpcf-field-name wpcf-field-single-line-name wpcf-field-architect-name\">architect:<\/span> <span class=\"wpcf-field-value wpcf-field-single-line-value wpcf-field-architect-value\">Pant12 Architects<\/span><\/div> | <div id=\"wpcf-field-realization\" class=\"wpcf-field-number wpcf-field-realization\"><span class=\"wpcf-field-name wpcf-field-number-name wpcf-field-realization-name\">realization:<\/span> <span class=\"wpcf-field-value wpcf-field-number-value wpcf-field-realization-value\">2011<\/span><\/div>\n          <\/li>\n\t\t\n          <li>\n            \n          <div style=\"display:none\" class=\"wpv-addon-maps-marker js-wpv-addon-maps-marker js-wpv-addon-maps-marker-marker-146455 js-wpv-addon-maps-markerfor-map-1\" data-marker=\"marker-146455\" data-markertitle=\"La Sallaz Footbridge\" data-markerfor=\"map-1\" data-markerlat=\"46.5325288\" data-markerlon=\"6.6471037\" data-markericon=\"\/wp-content\/uploads\/sites\/6\/2017\/11\/area_marker_6.png\" data-markericonhover=\"\" data-streetview=\"no\" data-fromview=\"\">\n            <article class=\"marker-itinerario\">\n\t<div class=\"entry-thumbnail\">\n      \n      \n      \t<img loading=\"lazy\" decoding=\"async\" width=\"808\" height=\"1000\" src=\"https:\/\/static.tecnichenuove.it\/areaarch\/2024\/06\/Passerelle-Sallaz-203678-R.jpg\" class=\"attachment-post-thumbnail size-post-thumbnail wp-post-image\" alt=\"\" srcset=\"https:\/\/static.tecnichenuove.it\/areaarch\/2024\/06\/Passerelle-Sallaz-203678-R.jpg 808w, https:\/\/static.tecnichenuove.it\/areaarch\/2024\/06\/Passerelle-Sallaz-203678-R-242x300.jpg 242w, https:\/\/static.tecnichenuove.it\/areaarch\/2024\/06\/Passerelle-Sallaz-203678-R-768x950.jpg 768w, https:\/\/static.tecnichenuove.it\/areaarch\/2024\/06\/Passerelle-Sallaz-203678-R-324x400.jpg 324w, https:\/\/static.tecnichenuove.it\/areaarch\/2024\/06\/Passerelle-Sallaz-203678-R-696x861.jpg 696w, https:\/\/static.tecnichenuove.it\/areaarch\/2024\/06\/Passerelle-Sallaz-203678-R-339x420.jpg 339w\" sizes=\"auto, (max-width: 808px) 100vw, 808px\" \/>\n      \t<img decoding=\"async\" src=\"https:\/\/www.area-arch.it\/wp-content\/uploads\/sites\/6\/2024\/06\/Passerelle_La_Sallaz_Plan_masse_plan-e1718872239105.jpg\" class=\"attachment-post-thumbnail\" \/>\n      \n\t<\/div>\n  \t<div class=\"entry-column\">\n      <h3 class=\"entry-title td-module-title\">La Sallaz Footbridge<\/h3>\n      <div class=\"td-excerpt\">\n            <div id=\"wpcf-field-tipology\" class=\"wpcf-field-select wpcf-field-tipology\"><span class=\"wpcf-field-name wpcf-field-select-name wpcf-field-tipology-name\">tipology:<\/span> <span class=\"wpcf-field-value wpcf-field-select-value wpcf-field-tipology-value\">infrastructure<\/span><\/div>\n            <div id=\"wpcf-field-architect\" class=\"wpcf-field-single-line wpcf-field-architect\"><span class=\"wpcf-field-name wpcf-field-single-line-name wpcf-field-architect-name\">architect:<\/span> <span class=\"wpcf-field-value wpcf-field-single-line-value wpcf-field-architect-value\">2B Architectes<\/span><\/div>\n            <div id=\"wpcf-field-realization\" class=\"wpcf-field-number wpcf-field-realization\"><span class=\"wpcf-field-name wpcf-field-number-name wpcf-field-realization-name\">realization:<\/span> <span class=\"wpcf-field-value wpcf-field-number-value wpcf-field-realization-value\">2012<\/span><\/div>\n            Place de la Sallaz, Losanna, Svizzera\n          <\/div>\n  <\/div>\n<\/article>\n          <\/div>\n            <h4><a href=\"#\" onclick=\"cimap();\" class=\"link-marker js-wpv-addon-maps-focus-map js-toolset-maps-hover-map-map-1-marker-marker-146455 js-toolset-maps-open-infowindow-map-map-1-marker-marker-146455\" data-map=\"map-1\" data-marker=\"marker-146455\">26. La Sallaz Footbridge<\/a><\/h4>\n            <div id=\"wpcf-field-tipology\" class=\"wpcf-field-select wpcf-field-tipology\"><span class=\"wpcf-field-name wpcf-field-select-name wpcf-field-tipology-name\">tipology:<\/span> <span class=\"wpcf-field-value wpcf-field-select-value wpcf-field-tipology-value\">infrastructure<\/span><\/div> | <div id=\"wpcf-field-architect\" class=\"wpcf-field-single-line wpcf-field-architect\"><span class=\"wpcf-field-name wpcf-field-single-line-name wpcf-field-architect-name\">architect:<\/span> <span class=\"wpcf-field-value wpcf-field-single-line-value wpcf-field-architect-value\">2B Architectes<\/span><\/div> | <div id=\"wpcf-field-realization\" class=\"wpcf-field-number wpcf-field-realization\"><span class=\"wpcf-field-name wpcf-field-number-name wpcf-field-realization-name\">realization:<\/span> <span class=\"wpcf-field-value wpcf-field-number-value wpcf-field-realization-value\">2012<\/span><\/div>\n          <\/li>\n\t\t\n          <li>\n            \n          <div style=\"display:none\" class=\"wpv-addon-maps-marker js-wpv-addon-maps-marker js-wpv-addon-maps-marker-marker-146458 js-wpv-addon-maps-markerfor-map-1\" data-marker=\"marker-146458\" data-markertitle=\"Housing in Chailly\" data-markerfor=\"map-1\" data-markerlat=\"46.5301936\" data-markerlon=\"6.6609571\" data-markericon=\"\/wp-content\/uploads\/sites\/6\/2017\/11\/area_marker_13.png\" data-markericonhover=\"\" data-streetview=\"no\" data-fromview=\"\">\n            <article class=\"marker-itinerario\">\n\t<div class=\"entry-thumbnail\">\n      \n      \n      \t<img loading=\"lazy\" decoding=\"async\" width=\"1920\" height=\"1536\" src=\"https:\/\/static.tecnichenuove.it\/areaarch\/2024\/06\/TEM_4.jpg\" class=\"attachment-post-thumbnail size-post-thumbnail wp-post-image\" alt=\"\" srcset=\"https:\/\/static.tecnichenuove.it\/areaarch\/2024\/06\/TEM_4.jpg 1920w, https:\/\/static.tecnichenuove.it\/areaarch\/2024\/06\/TEM_4-300x240.jpg 300w, https:\/\/static.tecnichenuove.it\/areaarch\/2024\/06\/TEM_4-1024x819.jpg 1024w, https:\/\/static.tecnichenuove.it\/areaarch\/2024\/06\/TEM_4-768x614.jpg 768w, https:\/\/static.tecnichenuove.it\/areaarch\/2024\/06\/TEM_4-1536x1229.jpg 1536w, https:\/\/static.tecnichenuove.it\/areaarch\/2024\/06\/TEM_4-696x557.jpg 696w, https:\/\/static.tecnichenuove.it\/areaarch\/2024\/06\/TEM_4-1068x854.jpg 1068w, https:\/\/static.tecnichenuove.it\/areaarch\/2024\/06\/TEM_4-525x420.jpg 525w\" sizes=\"auto, (max-width: 1920px) 100vw, 1920px\" \/>\n      \t<img decoding=\"async\" src=\"https:\/\/www.area-arch.it\/wp-content\/uploads\/sites\/6\/2024\/06\/images.png\" class=\"attachment-post-thumbnail\" \/>\n      \n\t<\/div>\n  \t<div class=\"entry-column\">\n      <h3 class=\"entry-title td-module-title\">Housing in Chailly<\/h3>\n      <div class=\"td-excerpt\">\n            <div id=\"wpcf-field-tipology\" class=\"wpcf-field-select wpcf-field-tipology\"><span class=\"wpcf-field-name wpcf-field-select-name wpcf-field-tipology-name\">tipology:<\/span> <span class=\"wpcf-field-value wpcf-field-select-value wpcf-field-tipology-value\">residential<\/span><\/div>\n            <div id=\"wpcf-field-architect\" class=\"wpcf-field-single-line wpcf-field-architect\"><span class=\"wpcf-field-name wpcf-field-single-line-name wpcf-field-architect-name\">architect:<\/span> <span class=\"wpcf-field-value wpcf-field-single-line-value wpcf-field-architect-value\">LOCALARCHITECTURE<\/span><\/div>\n            <div id=\"wpcf-field-realization\" class=\"wpcf-field-number wpcf-field-realization\"><span class=\"wpcf-field-name wpcf-field-number-name wpcf-field-realization-name\">realization:<\/span> <span class=\"wpcf-field-value wpcf-field-number-value wpcf-field-realization-value\">2012<\/span><\/div>\n            Chem. de Craivavers, Losanna, Svizzera\n          <\/div>\n  <\/div>\n<\/article>\n          <\/div>\n            <h4><a href=\"#\" onclick=\"cimap();\" class=\"link-marker js-wpv-addon-maps-focus-map js-toolset-maps-hover-map-map-1-marker-marker-146458 js-toolset-maps-open-infowindow-map-map-1-marker-marker-146458\" data-map=\"map-1\" data-marker=\"marker-146458\">27. Housing in Chailly<\/a><\/h4>\n            <div id=\"wpcf-field-tipology\" class=\"wpcf-field-select wpcf-field-tipology\"><span class=\"wpcf-field-name wpcf-field-select-name wpcf-field-tipology-name\">tipology:<\/span> <span class=\"wpcf-field-value wpcf-field-select-value wpcf-field-tipology-value\">residential<\/span><\/div> | <div id=\"wpcf-field-architect\" class=\"wpcf-field-single-line wpcf-field-architect\"><span class=\"wpcf-field-name wpcf-field-single-line-name wpcf-field-architect-name\">architect:<\/span> <span class=\"wpcf-field-value wpcf-field-single-line-value wpcf-field-architect-value\">LOCALARCHITECTURE<\/span><\/div> | <div id=\"wpcf-field-realization\" class=\"wpcf-field-number wpcf-field-realization\"><span class=\"wpcf-field-name wpcf-field-number-name wpcf-field-realization-name\">realization:<\/span> <span class=\"wpcf-field-value wpcf-field-number-value wpcf-field-realization-value\">2012<\/span><\/div>\n          <\/li>\n\t\t\n          <li>\n            \n          <div style=\"display:none\" class=\"wpv-addon-maps-marker js-wpv-addon-maps-marker js-wpv-addon-maps-marker-marker-146461 js-wpv-addon-maps-markerfor-map-1\" data-marker=\"marker-146461\" data-markertitle=\"Housing in Boveresses\" data-markerfor=\"map-1\" data-markerlat=\"46.55448\" data-markerlon=\"6.6835465\" data-markericon=\"\/wp-content\/uploads\/sites\/6\/2017\/11\/area_marker_13.png\" data-markericonhover=\"\" data-streetview=\"no\" data-fromview=\"\">\n            <article class=\"marker-itinerario\">\n\t<div class=\"entry-thumbnail\">\n      \n      \n      \t<img loading=\"lazy\" decoding=\"async\" width=\"1920\" height=\"1920\" src=\"https:\/\/static.tecnichenuove.it\/areaarch\/2024\/06\/fhv-bov-10.jpg\" class=\"attachment-post-thumbnail size-post-thumbnail wp-post-image\" alt=\"\" srcset=\"https:\/\/static.tecnichenuove.it\/areaarch\/2024\/06\/fhv-bov-10.jpg 1920w, https:\/\/static.tecnichenuove.it\/areaarch\/2024\/06\/fhv-bov-10-300x300.jpg 300w, https:\/\/static.tecnichenuove.it\/areaarch\/2024\/06\/fhv-bov-10-1024x1024.jpg 1024w, https:\/\/static.tecnichenuove.it\/areaarch\/2024\/06\/fhv-bov-10-768x768.jpg 768w, https:\/\/static.tecnichenuove.it\/areaarch\/2024\/06\/fhv-bov-10-1536x1536.jpg 1536w, https:\/\/static.tecnichenuove.it\/areaarch\/2024\/06\/fhv-bov-10-696x696.jpg 696w, https:\/\/static.tecnichenuove.it\/areaarch\/2024\/06\/fhv-bov-10-1068x1068.jpg 1068w, https:\/\/static.tecnichenuove.it\/areaarch\/2024\/06\/fhv-bov-10-420x420.jpg 420w\" sizes=\"auto, (max-width: 1920px) 100vw, 1920px\" \/>\n      \t<img decoding=\"async\" src=\"https:\/\/www.area-arch.it\/wp-content\/uploads\/sites\/6\/2024\/06\/apartment-5p.jpg\" class=\"attachment-post-thumbnail\" \/>\n      \n\t<\/div>\n  \t<div class=\"entry-column\">\n      <h3 class=\"entry-title td-module-title\">Housing in Boveresses<\/h3>\n      <div class=\"td-excerpt\">\n            <div id=\"wpcf-field-tipology\" class=\"wpcf-field-select wpcf-field-tipology\"><span class=\"wpcf-field-name wpcf-field-select-name wpcf-field-tipology-name\">tipology:<\/span> <span class=\"wpcf-field-value wpcf-field-select-value wpcf-field-tipology-value\">residential<\/span><\/div>\n            <div id=\"wpcf-field-architect\" class=\"wpcf-field-single-line wpcf-field-architect\"><span class=\"wpcf-field-name wpcf-field-single-line-name wpcf-field-architect-name\">architect:<\/span> <span class=\"wpcf-field-value wpcf-field-single-line-value wpcf-field-architect-value\">Fruehauf, Henry &amp; Viladoms<\/span><\/div>\n            <div id=\"wpcf-field-realization\" class=\"wpcf-field-number wpcf-field-realization\"><span class=\"wpcf-field-name wpcf-field-number-name wpcf-field-realization-name\">realization:<\/span> <span class=\"wpcf-field-value wpcf-field-number-value wpcf-field-realization-value\">2021<\/span><\/div>\n            Rte de Berne, Losanna, Svizzera\n          <\/div>\n  <\/div>\n<\/article>\n          <\/div>\n            <h4><a href=\"#\" onclick=\"cimap();\" class=\"link-marker js-wpv-addon-maps-focus-map js-toolset-maps-hover-map-map-1-marker-marker-146461 js-toolset-maps-open-infowindow-map-map-1-marker-marker-146461\" data-map=\"map-1\" data-marker=\"marker-146461\">28. Housing in Boveresses<\/a><\/h4>\n            <div id=\"wpcf-field-tipology\" class=\"wpcf-field-select wpcf-field-tipology\"><span class=\"wpcf-field-name wpcf-field-select-name wpcf-field-tipology-name\">tipology:<\/span> <span class=\"wpcf-field-value wpcf-field-select-value wpcf-field-tipology-value\">residential<\/span><\/div> | <div id=\"wpcf-field-architect\" class=\"wpcf-field-single-line wpcf-field-architect\"><span class=\"wpcf-field-name wpcf-field-single-line-name wpcf-field-architect-name\">architect:<\/span> <span class=\"wpcf-field-value wpcf-field-single-line-value wpcf-field-architect-value\">Fruehauf, Henry &amp; Viladoms<\/span><\/div> | <div id=\"wpcf-field-realization\" class=\"wpcf-field-number wpcf-field-realization\"><span class=\"wpcf-field-name wpcf-field-number-name wpcf-field-realization-name\">realization:<\/span> <span class=\"wpcf-field-value wpcf-field-number-value wpcf-field-realization-value\">2021<\/span><\/div>\n          <\/li>\n\t\t\n          <li>\n            \n          <div style=\"display:none\" class=\"wpv-addon-maps-marker js-wpv-addon-maps-marker js-wpv-addon-maps-marker-marker-146464 js-wpv-addon-maps-markerfor-map-1\" data-marker=\"marker-146464\" data-markertitle=\"AQUATIS\" data-markerfor=\"map-1\" data-markerlat=\"46.55448\" data-markerlon=\"6.6835465\" data-markericon=\"\/wp-content\/uploads\/sites\/6\/2017\/11\/area_marker_10.png\" data-markericonhover=\"\" data-streetview=\"no\" data-fromview=\"\">\n            <article class=\"marker-itinerario\">\n\t<div class=\"entry-thumbnail\">\n      \n      \t<img loading=\"lazy\" decoding=\"async\" width=\"300\" height=\"169\" src=\"https:\/\/static.tecnichenuove.it\/areaarch\/2024\/06\/00_9549_Aquatis_3413-x-1920_72-dpi-300x169.jpg\" class=\"attachment-medium size-medium wp-post-image\" alt=\"\" srcset=\"https:\/\/static.tecnichenuove.it\/areaarch\/2024\/06\/00_9549_Aquatis_3413-x-1920_72-dpi-300x169.jpg 300w, https:\/\/static.tecnichenuove.it\/areaarch\/2024\/06\/00_9549_Aquatis_3413-x-1920_72-dpi-1024x576.jpg 1024w, https:\/\/static.tecnichenuove.it\/areaarch\/2024\/06\/00_9549_Aquatis_3413-x-1920_72-dpi-768x432.jpg 768w, https:\/\/static.tecnichenuove.it\/areaarch\/2024\/06\/00_9549_Aquatis_3413-x-1920_72-dpi-1536x864.jpg 1536w, https:\/\/static.tecnichenuove.it\/areaarch\/2024\/06\/00_9549_Aquatis_3413-x-1920_72-dpi-696x392.jpg 696w, https:\/\/static.tecnichenuove.it\/areaarch\/2024\/06\/00_9549_Aquatis_3413-x-1920_72-dpi-1068x601.jpg 1068w, https:\/\/static.tecnichenuove.it\/areaarch\/2024\/06\/00_9549_Aquatis_3413-x-1920_72-dpi-747x420.jpg 747w, https:\/\/static.tecnichenuove.it\/areaarch\/2024\/06\/00_9549_Aquatis_3413-x-1920_72-dpi.jpg 1920w\" sizes=\"auto, (max-width: 300px) 100vw, 300px\" \/>\n      \n      \n\t<\/div>\n  \t<div class=\"entry-column\">\n      <h3 class=\"entry-title td-module-title\">AQUATIS<\/h3>\n      <div class=\"td-excerpt\">\n            <div id=\"wpcf-field-tipology\" class=\"wpcf-field-select wpcf-field-tipology\"><span class=\"wpcf-field-name wpcf-field-select-name wpcf-field-tipology-name\">tipology:<\/span> <span class=\"wpcf-field-value wpcf-field-select-value wpcf-field-tipology-value\">museum<\/span><\/div>\n            <div id=\"wpcf-field-architect\" class=\"wpcf-field-single-line wpcf-field-architect\"><span class=\"wpcf-field-name wpcf-field-single-line-name wpcf-field-architect-name\">architect:<\/span> <span class=\"wpcf-field-value wpcf-field-single-line-value wpcf-field-architect-value\">RDR Architects<\/span><\/div>\n            <div id=\"wpcf-field-realization\" class=\"wpcf-field-number wpcf-field-realization\"><span class=\"wpcf-field-name wpcf-field-number-name wpcf-field-realization-name\">realization:<\/span> <span class=\"wpcf-field-value wpcf-field-number-value wpcf-field-realization-value\">2017<\/span><\/div>\n            Rte de Berne, Losanna, Svizzera\n          <\/div>\n  <\/div>\n<\/article>\n          <\/div>\n            <h4><a href=\"#\" onclick=\"cimap();\" class=\"link-marker js-wpv-addon-maps-focus-map js-toolset-maps-hover-map-map-1-marker-marker-146464 js-toolset-maps-open-infowindow-map-map-1-marker-marker-146464\" data-map=\"map-1\" data-marker=\"marker-146464\">29. AQUATIS<\/a><\/h4>\n            <div id=\"wpcf-field-tipology\" class=\"wpcf-field-select wpcf-field-tipology\"><span class=\"wpcf-field-name wpcf-field-select-name wpcf-field-tipology-name\">tipology:<\/span> <span class=\"wpcf-field-value wpcf-field-select-value wpcf-field-tipology-value\">museum<\/span><\/div> | <div id=\"wpcf-field-architect\" class=\"wpcf-field-single-line wpcf-field-architect\"><span class=\"wpcf-field-name wpcf-field-single-line-name wpcf-field-architect-name\">architect:<\/span> <span class=\"wpcf-field-value wpcf-field-single-line-value wpcf-field-architect-value\">RDR Architects<\/span><\/div> | <div id=\"wpcf-field-realization\" class=\"wpcf-field-number wpcf-field-realization\"><span class=\"wpcf-field-name wpcf-field-number-name wpcf-field-realization-name\">realization:<\/span> <span class=\"wpcf-field-value wpcf-field-number-value wpcf-field-realization-value\">2017<\/span><\/div>\n          <\/li>\n\t\t\n          <li>\n            \n          <div style=\"display:none\" class=\"wpv-addon-maps-marker js-wpv-addon-maps-marker js-wpv-addon-maps-marker-marker-146467 js-wpv-addon-maps-markerfor-map-1\" data-marker=\"marker-146467\" data-markertitle=\"New Football Stadium\" data-markerfor=\"map-1\" data-markerlat=\"46.5461624\" data-markerlon=\"6.6188373\" data-markericon=\"\/wp-content\/uploads\/sites\/6\/2017\/11\/area_marker_6.png\" data-markericonhover=\"\" data-streetview=\"no\" data-fromview=\"\">\n            <article class=\"marker-itinerario\">\n\t<div class=\"entry-thumbnail\">\n      \n      \n      \t<img loading=\"lazy\" decoding=\"async\" width=\"750\" height=\"562\" src=\"https:\/\/static.tecnichenuove.it\/areaarch\/2024\/06\/ahp0019-alpa-108266-C.jpg\" class=\"attachment-post-thumbnail size-post-thumbnail wp-post-image\" alt=\"\" srcset=\"https:\/\/static.tecnichenuove.it\/areaarch\/2024\/06\/ahp0019-alpa-108266-C.jpg 750w, https:\/\/static.tecnichenuove.it\/areaarch\/2024\/06\/ahp0019-alpa-108266-C-300x225.jpg 300w, https:\/\/static.tecnichenuove.it\/areaarch\/2024\/06\/ahp0019-alpa-108266-C-80x60.jpg 80w, https:\/\/static.tecnichenuove.it\/areaarch\/2024\/06\/ahp0019-alpa-108266-C-160x120.jpg 160w, https:\/\/static.tecnichenuove.it\/areaarch\/2024\/06\/ahp0019-alpa-108266-C-265x198.jpg 265w, https:\/\/static.tecnichenuove.it\/areaarch\/2024\/06\/ahp0019-alpa-108266-C-696x522.jpg 696w, https:\/\/static.tecnichenuove.it\/areaarch\/2024\/06\/ahp0019-alpa-108266-C-560x420.jpg 560w\" sizes=\"auto, (max-width: 750px) 100vw, 750px\" \/>\n      \t<img decoding=\"async\" src=\"https:\/\/www.area-arch.it\/wp-content\/uploads\/sites\/6\/2024\/06\/Tribune_A-Detailschnitt.jpg\" class=\"attachment-post-thumbnail\" \/>\n      \n\t<\/div>\n  \t<div class=\"entry-column\">\n      <h3 class=\"entry-title td-module-title\">New Football Stadium<\/h3>\n      <div class=\"td-excerpt\">\n            <div id=\"wpcf-field-tipology\" class=\"wpcf-field-select wpcf-field-tipology\"><span class=\"wpcf-field-name wpcf-field-select-name wpcf-field-tipology-name\">tipology:<\/span> <span class=\"wpcf-field-value wpcf-field-select-value wpcf-field-tipology-value\">infrastructure<\/span><\/div>\n            <div id=\"wpcf-field-architect\" class=\"wpcf-field-single-line wpcf-field-architect\"><span class=\"wpcf-field-name wpcf-field-single-line-name wpcf-field-architect-name\">architect:<\/span> <span class=\"wpcf-field-value wpcf-field-single-line-value wpcf-field-architect-value\">:mlzd, Sallberger B\u00f6gli Architekten<\/span><\/div>\n            <div id=\"wpcf-field-realization\" class=\"wpcf-field-number wpcf-field-realization\"><span class=\"wpcf-field-name wpcf-field-number-name wpcf-field-realization-name\">realization:<\/span> <span class=\"wpcf-field-value wpcf-field-number-value wpcf-field-realization-value\">2020<\/span><\/div>\n            Rte de Romanel, Losanna, Svizzera\n          <\/div>\n  <\/div>\n<\/article>\n          <\/div>\n            <h4><a href=\"#\" onclick=\"cimap();\" class=\"link-marker js-wpv-addon-maps-focus-map js-toolset-maps-hover-map-map-1-marker-marker-146467 js-toolset-maps-open-infowindow-map-map-1-marker-marker-146467\" data-map=\"map-1\" data-marker=\"marker-146467\">30. New Football Stadium<\/a><\/h4>\n            <div id=\"wpcf-field-tipology\" class=\"wpcf-field-select wpcf-field-tipology\"><span class=\"wpcf-field-name wpcf-field-select-name wpcf-field-tipology-name\">tipology:<\/span> <span class=\"wpcf-field-value wpcf-field-select-value wpcf-field-tipology-value\">infrastructure<\/span><\/div> | <div id=\"wpcf-field-architect\" class=\"wpcf-field-single-line wpcf-field-architect\"><span class=\"wpcf-field-name wpcf-field-single-line-name wpcf-field-architect-name\">architect:<\/span> <span class=\"wpcf-field-value wpcf-field-single-line-value wpcf-field-architect-value\">:mlzd, Sallberger B\u00f6gli Architekten<\/span><\/div> | <div id=\"wpcf-field-realization\" class=\"wpcf-field-number wpcf-field-realization\"><span class=\"wpcf-field-name wpcf-field-number-name wpcf-field-realization-name\">realization:<\/span> <span class=\"wpcf-field-value wpcf-field-number-value wpcf-field-realization-value\">2020<\/span><\/div>\n          <\/li>\n\t\t\n          <li>\n            \n          <div style=\"display:none\" class=\"wpv-addon-maps-marker js-wpv-addon-maps-marker js-wpv-addon-maps-marker-marker-146470 js-wpv-addon-maps-markerfor-map-1\" data-marker=\"marker-146470\" data-markertitle=\"ECAL\" data-markerfor=\"map-1\" data-markerlat=\"46.5306002\" data-markerlon=\"6.6509969\" data-markericon=\"\/wp-content\/uploads\/sites\/6\/2017\/11\/area_marker_4.png\" data-markericonhover=\"\" data-streetview=\"no\" data-fromview=\"\">\n            <article class=\"marker-itinerario\">\n\t<div class=\"entry-thumbnail\">\n      \n      \n      \t<img loading=\"lazy\" decoding=\"async\" width=\"700\" height=\"469\" src=\"https:\/\/static.tecnichenuove.it\/areaarch\/2024\/06\/01795.jpg\" class=\"attachment-post-thumbnail size-post-thumbnail wp-post-image\" alt=\"\" srcset=\"https:\/\/static.tecnichenuove.it\/areaarch\/2024\/06\/01795.jpg 700w, https:\/\/static.tecnichenuove.it\/areaarch\/2024\/06\/01795-300x201.jpg 300w, https:\/\/static.tecnichenuove.it\/areaarch\/2024\/06\/01795-150x100.jpg 150w, https:\/\/static.tecnichenuove.it\/areaarch\/2024\/06\/01795-696x466.jpg 696w, https:\/\/static.tecnichenuove.it\/areaarch\/2024\/06\/01795-627x420.jpg 627w\" sizes=\"auto, (max-width: 700px) 100vw, 700px\" \/>\n      \t<img decoding=\"async\" src=\"https:\/\/www.area-arch.it\/wp-content\/uploads\/sites\/6\/2024\/06\/01617.jpg\" class=\"attachment-post-thumbnail\" \/>\n      \n\t<\/div>\n  \t<div class=\"entry-column\">\n      <h3 class=\"entry-title td-module-title\">ECAL<\/h3>\n      <div class=\"td-excerpt\">\n            <div id=\"wpcf-field-tipology\" class=\"wpcf-field-select wpcf-field-tipology\"><span class=\"wpcf-field-name wpcf-field-select-name wpcf-field-tipology-name\">tipology:<\/span> <span class=\"wpcf-field-value wpcf-field-select-value wpcf-field-tipology-value\">education<\/span><\/div>\n            <div id=\"wpcf-field-architect\" class=\"wpcf-field-single-line wpcf-field-architect\"><span class=\"wpcf-field-name wpcf-field-single-line-name wpcf-field-architect-name\">architect:<\/span> <span class=\"wpcf-field-value wpcf-field-single-line-value wpcf-field-architect-value\">Bernard Tschumi<\/span><\/div>\n            <div id=\"wpcf-field-realization\" class=\"wpcf-field-number wpcf-field-realization\"><span class=\"wpcf-field-name wpcf-field-number-name wpcf-field-realization-name\">realization:<\/span> <span class=\"wpcf-field-value wpcf-field-number-value wpcf-field-realization-value\">2019<\/span><\/div>\n            Av. du Temple, Losanna, Svizzera\n          <\/div>\n  <\/div>\n<\/article>\n          <\/div>\n            <h4><a href=\"#\" onclick=\"cimap();\" class=\"link-marker js-wpv-addon-maps-focus-map js-toolset-maps-hover-map-map-1-marker-marker-146470 js-toolset-maps-open-infowindow-map-map-1-marker-marker-146470\" data-map=\"map-1\" data-marker=\"marker-146470\">31. ECAL<\/a><\/h4>\n            <div id=\"wpcf-field-tipology\" class=\"wpcf-field-select wpcf-field-tipology\"><span class=\"wpcf-field-name wpcf-field-select-name wpcf-field-tipology-name\">tipology:<\/span> <span class=\"wpcf-field-value wpcf-field-select-value wpcf-field-tipology-value\">education<\/span><\/div> | <div id=\"wpcf-field-architect\" class=\"wpcf-field-single-line wpcf-field-architect\"><span class=\"wpcf-field-name wpcf-field-single-line-name wpcf-field-architect-name\">architect:<\/span> <span class=\"wpcf-field-value wpcf-field-single-line-value wpcf-field-architect-value\">Bernard Tschumi<\/span><\/div> | <div id=\"wpcf-field-realization\" class=\"wpcf-field-number wpcf-field-realization\"><span class=\"wpcf-field-name wpcf-field-number-name wpcf-field-realization-name\">realization:<\/span> <span class=\"wpcf-field-value wpcf-field-number-value wpcf-field-realization-value\">2019<\/span><\/div>\n          <\/li>\n\t\t\n          <li>\n            \n          <div style=\"display:none\" class=\"wpv-addon-maps-marker js-wpv-addon-maps-marker js-wpv-addon-maps-marker-marker-146473 js-wpv-addon-maps-markerfor-map-1\" data-marker=\"marker-146473\" data-markertitle=\"International Sports Sciences Institute\" data-markerfor=\"map-1\" data-markerlat=\"46.5196535\" data-markerlon=\"6.6322734\" data-markericon=\"\/wp-content\/uploads\/sites\/6\/2017\/11\/area_marker_9.png\" data-markericonhover=\"\" data-streetview=\"no\" data-fromview=\"\">\n            <article class=\"marker-itinerario\">\n\t<div class=\"entry-thumbnail\">\n      \n      \t<img loading=\"lazy\" decoding=\"async\" width=\"300\" height=\"200\" src=\"https:\/\/static.tecnichenuove.it\/areaarch\/2024\/06\/021_SYN_BL_3020_S_LaurianGhinitoiu-300x200.jpg\" class=\"attachment-medium size-medium wp-post-image\" alt=\"\" srcset=\"https:\/\/static.tecnichenuove.it\/areaarch\/2024\/06\/021_SYN_BL_3020_S_LaurianGhinitoiu-300x200.jpg 300w, https:\/\/static.tecnichenuove.it\/areaarch\/2024\/06\/021_SYN_BL_3020_S_LaurianGhinitoiu-150x100.jpg 150w, https:\/\/static.tecnichenuove.it\/areaarch\/2024\/06\/021_SYN_BL_3020_S_LaurianGhinitoiu-696x464.jpg 696w, https:\/\/static.tecnichenuove.it\/areaarch\/2024\/06\/021_SYN_BL_3020_S_LaurianGhinitoiu-630x420.jpg 630w, https:\/\/static.tecnichenuove.it\/areaarch\/2024\/06\/021_SYN_BL_3020_S_LaurianGhinitoiu.jpg 750w\" sizes=\"auto, (max-width: 300px) 100vw, 300px\" \/>\n      \n      \n\t<\/div>\n  \t<div class=\"entry-column\">\n      <h3 class=\"entry-title td-module-title\">International Sports Sciences Institute<\/h3>\n      <div class=\"td-excerpt\">\n            <div id=\"wpcf-field-tipology\" class=\"wpcf-field-select wpcf-field-tipology\"><span class=\"wpcf-field-name wpcf-field-select-name wpcf-field-tipology-name\">tipology:<\/span> <span class=\"wpcf-field-value wpcf-field-select-value wpcf-field-tipology-value\">mixed use<\/span><\/div>\n            <div id=\"wpcf-field-architect\" class=\"wpcf-field-single-line wpcf-field-architect\"><span class=\"wpcf-field-name wpcf-field-single-line-name wpcf-field-architect-name\">architect:<\/span> <span class=\"wpcf-field-value wpcf-field-single-line-value wpcf-field-architect-value\">Karamuk Kuo<\/span><\/div>\n            <div id=\"wpcf-field-realization\" class=\"wpcf-field-number wpcf-field-realization\"><span class=\"wpcf-field-name wpcf-field-number-name wpcf-field-realization-name\">realization:<\/span> <span class=\"wpcf-field-value wpcf-field-number-value wpcf-field-realization-value\">2018<\/span><\/div>\n            UNIL, Quartier Centre, Losanna, Svizzera\n          <\/div>\n  <\/div>\n<\/article>\n          <\/div>\n            <h4><a href=\"#\" onclick=\"cimap();\" class=\"link-marker js-wpv-addon-maps-focus-map js-toolset-maps-hover-map-map-1-marker-marker-146473 js-toolset-maps-open-infowindow-map-map-1-marker-marker-146473\" data-map=\"map-1\" data-marker=\"marker-146473\">32. International Sports Sciences Institute<\/a><\/h4>\n            <div id=\"wpcf-field-tipology\" class=\"wpcf-field-select wpcf-field-tipology\"><span class=\"wpcf-field-name wpcf-field-select-name wpcf-field-tipology-name\">tipology:<\/span> <span class=\"wpcf-field-value wpcf-field-select-value wpcf-field-tipology-value\">mixed use<\/span><\/div> | <div id=\"wpcf-field-architect\" class=\"wpcf-field-single-line wpcf-field-architect\"><span class=\"wpcf-field-name wpcf-field-single-line-name wpcf-field-architect-name\">architect:<\/span> <span class=\"wpcf-field-value wpcf-field-single-line-value wpcf-field-architect-value\">Karamuk Kuo<\/span><\/div> | <div id=\"wpcf-field-realization\" class=\"wpcf-field-number wpcf-field-realization\"><span class=\"wpcf-field-name wpcf-field-number-name wpcf-field-realization-name\">realization:<\/span> <span class=\"wpcf-field-value wpcf-field-number-value wpcf-field-realization-value\">2018<\/span><\/div>\n          <\/li>\n\t\t\n          <li>\n            \n          <div style=\"display:none\" class=\"wpv-addon-maps-marker js-wpv-addon-maps-marker js-wpv-addon-maps-marker-marker-146476 js-wpv-addon-maps-markerfor-map-1\" data-marker=\"marker-146476\" data-markertitle=\"Torre dei Cedri\" data-markerfor=\"map-1\" data-markerlat=\"46.5226276\" data-markerlon=\"6.5741463\" data-markericon=\"\/wp-content\/uploads\/sites\/6\/2017\/11\/area_marker_13.png\" data-markericonhover=\"\" data-streetview=\"no\" data-fromview=\"\">\n            <article class=\"marker-itinerario\">\n\t<div class=\"entry-thumbnail\">\n      \n      \n      \t<img loading=\"lazy\" decoding=\"async\" width=\"1920\" height=\"1358\" src=\"https:\/\/static.tecnichenuove.it\/areaarch\/2024\/06\/05_NEW-3-scaled-1.jpeg\" class=\"attachment-post-thumbnail size-post-thumbnail wp-post-image\" alt=\"\" srcset=\"https:\/\/static.tecnichenuove.it\/areaarch\/2024\/06\/05_NEW-3-scaled-1.jpeg 1920w, https:\/\/static.tecnichenuove.it\/areaarch\/2024\/06\/05_NEW-3-scaled-1-300x212.jpeg 300w, https:\/\/static.tecnichenuove.it\/areaarch\/2024\/06\/05_NEW-3-scaled-1-1024x724.jpeg 1024w, https:\/\/static.tecnichenuove.it\/areaarch\/2024\/06\/05_NEW-3-scaled-1-768x543.jpeg 768w, https:\/\/static.tecnichenuove.it\/areaarch\/2024\/06\/05_NEW-3-scaled-1-1536x1086.jpeg 1536w, https:\/\/static.tecnichenuove.it\/areaarch\/2024\/06\/05_NEW-3-scaled-1-100x70.jpeg 100w, https:\/\/static.tecnichenuove.it\/areaarch\/2024\/06\/05_NEW-3-scaled-1-200x140.jpeg 200w, https:\/\/static.tecnichenuove.it\/areaarch\/2024\/06\/05_NEW-3-scaled-1-696x492.jpeg 696w, https:\/\/static.tecnichenuove.it\/areaarch\/2024\/06\/05_NEW-3-scaled-1-1068x755.jpeg 1068w, https:\/\/static.tecnichenuove.it\/areaarch\/2024\/06\/05_NEW-3-scaled-1-594x420.jpeg 594w\" sizes=\"auto, (max-width: 1920px) 100vw, 1920px\" \/>\n      \t<img decoding=\"async\" src=\"https:\/\/www.area-arch.it\/wp-content\/uploads\/sites\/6\/2024\/06\/torre-cedri-boeri-b.jpg\" class=\"attachment-post-thumbnail\" \/>\n      \n\t<\/div>\n  \t<div class=\"entry-column\">\n      <h3 class=\"entry-title td-module-title\">Torre dei Cedri<\/h3>\n      <div class=\"td-excerpt\">\n            <div id=\"wpcf-field-tipology\" class=\"wpcf-field-select wpcf-field-tipology\"><span class=\"wpcf-field-name wpcf-field-select-name wpcf-field-tipology-name\">tipology:<\/span> <span class=\"wpcf-field-value wpcf-field-select-value wpcf-field-tipology-value\">residential<\/span><\/div>\n            <div id=\"wpcf-field-architect\" class=\"wpcf-field-single-line wpcf-field-architect\"><span class=\"wpcf-field-name wpcf-field-single-line-name wpcf-field-architect-name\">architect:<\/span> <span class=\"wpcf-field-value wpcf-field-single-line-value wpcf-field-architect-value\">Stefano Boeri Architetti<\/span><\/div>\n            <div id=\"wpcf-field-realization\" class=\"wpcf-field-number wpcf-field-realization\"><span class=\"wpcf-field-name wpcf-field-number-name wpcf-field-realization-name\">realization:<\/span> <span class=\"wpcf-field-value wpcf-field-number-value wpcf-field-realization-value\">2025<\/span><\/div>\n            Rte de la Sorge, Chavannes-pr\u00e8s-Renens, Svizzera\n          <\/div>\n  <\/div>\n<\/article>\n          <\/div>\n            <h4><a href=\"#\" onclick=\"cimap();\" class=\"link-marker js-wpv-addon-maps-focus-map js-toolset-maps-hover-map-map-1-marker-marker-146476 js-toolset-maps-open-infowindow-map-map-1-marker-marker-146476\" data-map=\"map-1\" data-marker=\"marker-146476\">33. Torre dei Cedri<\/a><\/h4>\n            <div id=\"wpcf-field-tipology\" class=\"wpcf-field-select wpcf-field-tipology\"><span class=\"wpcf-field-name wpcf-field-select-name wpcf-field-tipology-name\">tipology:<\/span> <span class=\"wpcf-field-value wpcf-field-select-value wpcf-field-tipology-value\">residential<\/span><\/div> | <div id=\"wpcf-field-architect\" class=\"wpcf-field-single-line wpcf-field-architect\"><span class=\"wpcf-field-name wpcf-field-single-line-name wpcf-field-architect-name\">architect:<\/span> <span class=\"wpcf-field-value wpcf-field-single-line-value wpcf-field-architect-value\">Stefano Boeri Architetti<\/span><\/div> | <div id=\"wpcf-field-realization\" class=\"wpcf-field-number wpcf-field-realization\"><span class=\"wpcf-field-name wpcf-field-number-name wpcf-field-realization-name\">realization:<\/span> <span class=\"wpcf-field-value wpcf-field-number-value wpcf-field-realization-value\">2025<\/span><\/div>\n          <\/li>\n\t\t\n          <li>\n            \n          <div style=\"display:none\" class=\"wpv-addon-maps-marker js-wpv-addon-maps-marker js-wpv-addon-maps-marker-marker-146479 js-wpv-addon-maps-markerfor-map-1\" data-marker=\"marker-146479\" data-markertitle=\"Vortex\" data-markerfor=\"map-1\" data-markerlat=\"46.5251946\" data-markerlon=\"6.5741619\" data-markericon=\"\/wp-content\/uploads\/sites\/6\/2017\/11\/area_marker_13.png\" data-markericonhover=\"\" data-streetview=\"no\" data-fromview=\"\">\n            <article class=\"marker-itinerario\">\n\t<div class=\"entry-thumbnail\">\n      \n      \n      \t<img loading=\"lazy\" decoding=\"async\" width=\"1560\" height=\"1040\" src=\"https:\/\/static.tecnichenuove.it\/areaarch\/2024\/06\/csm_21_06_00_lay_Vortex-Lausanne_fcc7b3683d.jpg\" class=\"attachment-post-thumbnail size-post-thumbnail wp-post-image\" alt=\"\" srcset=\"https:\/\/static.tecnichenuove.it\/areaarch\/2024\/06\/csm_21_06_00_lay_Vortex-Lausanne_fcc7b3683d.jpg 1560w, https:\/\/static.tecnichenuove.it\/areaarch\/2024\/06\/csm_21_06_00_lay_Vortex-Lausanne_fcc7b3683d-300x200.jpg 300w, https:\/\/static.tecnichenuove.it\/areaarch\/2024\/06\/csm_21_06_00_lay_Vortex-Lausanne_fcc7b3683d-1024x683.jpg 1024w, https:\/\/static.tecnichenuove.it\/areaarch\/2024\/06\/csm_21_06_00_lay_Vortex-Lausanne_fcc7b3683d-150x100.jpg 150w, https:\/\/static.tecnichenuove.it\/areaarch\/2024\/06\/csm_21_06_00_lay_Vortex-Lausanne_fcc7b3683d-768x512.jpg 768w, https:\/\/static.tecnichenuove.it\/areaarch\/2024\/06\/csm_21_06_00_lay_Vortex-Lausanne_fcc7b3683d-1536x1024.jpg 1536w, https:\/\/static.tecnichenuove.it\/areaarch\/2024\/06\/csm_21_06_00_lay_Vortex-Lausanne_fcc7b3683d-696x464.jpg 696w, https:\/\/static.tecnichenuove.it\/areaarch\/2024\/06\/csm_21_06_00_lay_Vortex-Lausanne_fcc7b3683d-1068x712.jpg 1068w, https:\/\/static.tecnichenuove.it\/areaarch\/2024\/06\/csm_21_06_00_lay_Vortex-Lausanne_fcc7b3683d-630x420.jpg 630w\" sizes=\"auto, (max-width: 1560px) 100vw, 1560px\" \/>\n      \t<img decoding=\"async\" src=\"https:\/\/www.area-arch.it\/wp-content\/uploads\/sites\/6\/2024\/06\/vortex_rez.jpg__2000x2000_q85_subsampling-2.jpg\" class=\"attachment-post-thumbnail\" \/>\n      \n\t<\/div>\n  \t<div class=\"entry-column\">\n      <h3 class=\"entry-title td-module-title\">Vortex<\/h3>\n      <div class=\"td-excerpt\">\n            <div id=\"wpcf-field-tipology\" class=\"wpcf-field-select wpcf-field-tipology\"><span class=\"wpcf-field-name wpcf-field-select-name wpcf-field-tipology-name\">tipology:<\/span> <span class=\"wpcf-field-value wpcf-field-select-value wpcf-field-tipology-value\">residential<\/span><\/div>\n            <div id=\"wpcf-field-architect\" class=\"wpcf-field-single-line wpcf-field-architect\"><span class=\"wpcf-field-name wpcf-field-single-line-name wpcf-field-architect-name\">architect:<\/span> <span class=\"wpcf-field-value wpcf-field-single-line-value wpcf-field-architect-value\">Jean Pierre Durig<\/span><\/div>\n            <div id=\"wpcf-field-realization\" class=\"wpcf-field-number wpcf-field-realization\"><span class=\"wpcf-field-name wpcf-field-number-name wpcf-field-realization-name\">realization:<\/span> <span class=\"wpcf-field-value wpcf-field-number-value wpcf-field-realization-value\">2020<\/span><\/div>\n            Rte de Praz V\u00e9guey, Chavannes-pr\u00e8s-Renens, Svizzera\n          <\/div>\n  <\/div>\n<\/article>\n          <\/div>\n            <h4><a href=\"#\" onclick=\"cimap();\" class=\"link-marker js-wpv-addon-maps-focus-map js-toolset-maps-hover-map-map-1-marker-marker-146479 js-toolset-maps-open-infowindow-map-map-1-marker-marker-146479\" data-map=\"map-1\" data-marker=\"marker-146479\">34. Vortex<\/a><\/h4>\n            <div id=\"wpcf-field-tipology\" class=\"wpcf-field-select wpcf-field-tipology\"><span class=\"wpcf-field-name wpcf-field-select-name wpcf-field-tipology-name\">tipology:<\/span> <span class=\"wpcf-field-value wpcf-field-select-value wpcf-field-tipology-value\">residential<\/span><\/div> | <div id=\"wpcf-field-architect\" class=\"wpcf-field-single-line wpcf-field-architect\"><span class=\"wpcf-field-name wpcf-field-single-line-name wpcf-field-architect-name\">architect:<\/span> <span class=\"wpcf-field-value wpcf-field-single-line-value wpcf-field-architect-value\">Jean Pierre Durig<\/span><\/div> | <div id=\"wpcf-field-realization\" class=\"wpcf-field-number wpcf-field-realization\"><span class=\"wpcf-field-name wpcf-field-number-name wpcf-field-realization-name\">realization:<\/span> <span class=\"wpcf-field-value wpcf-field-number-value wpcf-field-realization-value\">2020<\/span><\/div>\n          <\/li>\n\t\t\n          <li>\n            \n          <div style=\"display:none\" class=\"wpv-addon-maps-marker js-wpv-addon-maps-marker js-wpv-addon-maps-marker-marker-146483 js-wpv-addon-maps-markerfor-map-1\" data-marker=\"marker-146483\" data-markertitle=\"Mechanics Hall\" data-markerfor=\"map-1\" data-markerlat=\"46.5211236\" data-markerlon=\"6.5851491\" data-markericon=\"\/wp-content\/uploads\/sites\/6\/2017\/11\/area_marker_4.png\" data-markericonhover=\"\" data-streetview=\"no\" data-fromview=\"\">\n            <article class=\"marker-itinerario\">\n\t<div class=\"entry-thumbnail\">\n      \n      \n      \t<img loading=\"lazy\" decoding=\"async\" width=\"1920\" height=\"1280\" src=\"https:\/\/static.tecnichenuove.it\/areaarch\/2024\/06\/DPA-EPFL-ME-%C2%A9Vincent_Fillon-Dominique_Perrault_Architecture-Adagp_123-VF.jpg\" class=\"attachment-post-thumbnail size-post-thumbnail wp-post-image\" alt=\"\" srcset=\"https:\/\/static.tecnichenuove.it\/areaarch\/2024\/06\/DPA-EPFL-ME-%C2%A9Vincent_Fillon-Dominique_Perrault_Architecture-Adagp_123-VF.jpg 1920w, https:\/\/static.tecnichenuove.it\/areaarch\/2024\/06\/DPA-EPFL-ME-%C2%A9Vincent_Fillon-Dominique_Perrault_Architecture-Adagp_123-VF-300x200.jpg 300w, https:\/\/static.tecnichenuove.it\/areaarch\/2024\/06\/DPA-EPFL-ME-%C2%A9Vincent_Fillon-Dominique_Perrault_Architecture-Adagp_123-VF-1024x683.jpg 1024w, https:\/\/static.tecnichenuove.it\/areaarch\/2024\/06\/DPA-EPFL-ME-%C2%A9Vincent_Fillon-Dominique_Perrault_Architecture-Adagp_123-VF-150x100.jpg 150w, https:\/\/static.tecnichenuove.it\/areaarch\/2024\/06\/DPA-EPFL-ME-%C2%A9Vincent_Fillon-Dominique_Perrault_Architecture-Adagp_123-VF-768x512.jpg 768w, https:\/\/static.tecnichenuove.it\/areaarch\/2024\/06\/DPA-EPFL-ME-%C2%A9Vincent_Fillon-Dominique_Perrault_Architecture-Adagp_123-VF-1536x1024.jpg 1536w, https:\/\/static.tecnichenuove.it\/areaarch\/2024\/06\/DPA-EPFL-ME-%C2%A9Vincent_Fillon-Dominique_Perrault_Architecture-Adagp_123-VF-696x464.jpg 696w, https:\/\/static.tecnichenuove.it\/areaarch\/2024\/06\/DPA-EPFL-ME-%C2%A9Vincent_Fillon-Dominique_Perrault_Architecture-Adagp_123-VF-1068x712.jpg 1068w, https:\/\/static.tecnichenuove.it\/areaarch\/2024\/06\/DPA-EPFL-ME-%C2%A9Vincent_Fillon-Dominique_Perrault_Architecture-Adagp_123-VF-630x420.jpg 630w\" sizes=\"auto, (max-width: 1920px) 100vw, 1920px\" \/>\n      \t<img decoding=\"async\" src=\"https:\/\/www.area-arch.it\/wp-content\/uploads\/sites\/6\/2024\/06\/0001UX.jpg\" class=\"attachment-post-thumbnail\" \/>\n      \n\t<\/div>\n  \t<div class=\"entry-column\">\n      <h3 class=\"entry-title td-module-title\">Mechanics Hall<\/h3>\n      <div class=\"td-excerpt\">\n            <div id=\"wpcf-field-tipology\" class=\"wpcf-field-select wpcf-field-tipology\"><span class=\"wpcf-field-name wpcf-field-select-name wpcf-field-tipology-name\">tipology:<\/span> <span class=\"wpcf-field-value wpcf-field-select-value wpcf-field-tipology-value\">education<\/span><\/div>\n            <div id=\"wpcf-field-architect\" class=\"wpcf-field-single-line wpcf-field-architect\"><span class=\"wpcf-field-name wpcf-field-single-line-name wpcf-field-architect-name\">architect:<\/span> <span class=\"wpcf-field-value wpcf-field-single-line-value wpcf-field-architect-value\">Dominique Perrault Architecture<\/span><\/div>\n            <div id=\"wpcf-field-realization\" class=\"wpcf-field-number wpcf-field-realization\"><span class=\"wpcf-field-name wpcf-field-number-name wpcf-field-realization-name\">realization:<\/span> <span class=\"wpcf-field-value wpcf-field-number-value wpcf-field-realization-value\">2016<\/span><\/div>\n            Rte Cantonale, Lausanne, Svizzera\n          <\/div>\n  <\/div>\n<\/article>\n          <\/div>\n            <h4><a href=\"#\" onclick=\"cimap();\" class=\"link-marker js-wpv-addon-maps-focus-map js-toolset-maps-hover-map-map-1-marker-marker-146483 js-toolset-maps-open-infowindow-map-map-1-marker-marker-146483\" data-map=\"map-1\" data-marker=\"marker-146483\">35. Mechanics Hall<\/a><\/h4>\n            <div id=\"wpcf-field-tipology\" class=\"wpcf-field-select wpcf-field-tipology\"><span class=\"wpcf-field-name wpcf-field-select-name wpcf-field-tipology-name\">tipology:<\/span> <span class=\"wpcf-field-value wpcf-field-select-value wpcf-field-tipology-value\">education<\/span><\/div> | <div id=\"wpcf-field-architect\" class=\"wpcf-field-single-line wpcf-field-architect\"><span class=\"wpcf-field-name wpcf-field-single-line-name wpcf-field-architect-name\">architect:<\/span> <span class=\"wpcf-field-value wpcf-field-single-line-value wpcf-field-architect-value\">Dominique Perrault Architecture<\/span><\/div> | <div id=\"wpcf-field-realization\" class=\"wpcf-field-number wpcf-field-realization\"><span class=\"wpcf-field-name wpcf-field-number-name wpcf-field-realization-name\">realization:<\/span> <span class=\"wpcf-field-value wpcf-field-number-value wpcf-field-realization-value\">2016<\/span><\/div>\n          <\/li>\n\t\t\n          <li>\n            \n          <div style=\"display:none\" class=\"wpv-addon-maps-marker js-wpv-addon-maps-marker js-wpv-addon-maps-marker-marker-146489 js-wpv-addon-maps-markerfor-map-1\" data-marker=\"marker-146489\" data-markertitle=\"Under One Roof\" data-markerfor=\"map-1\" data-markerlat=\"46.5190557\" data-markerlon=\"6.5667576\" data-markericon=\"\/wp-content\/uploads\/sites\/6\/2017\/11\/area_marker_9.png\" data-markericonhover=\"\" data-streetview=\"no\" data-fromview=\"\">\n            <article class=\"marker-itinerario\">\n\t<div class=\"entry-thumbnail\">\n      \n      \n      \t<img loading=\"lazy\" decoding=\"async\" width=\"818\" height=\"549\" src=\"https:\/\/static.tecnichenuove.it\/areaarch\/2024\/06\/kengo-kuma-under-one-roof-EPFL-art-lab-lausanne-designboom-03.jpg\" class=\"attachment-post-thumbnail size-post-thumbnail wp-post-image\" alt=\"\" srcset=\"https:\/\/static.tecnichenuove.it\/areaarch\/2024\/06\/kengo-kuma-under-one-roof-EPFL-art-lab-lausanne-designboom-03.jpg 818w, https:\/\/static.tecnichenuove.it\/areaarch\/2024\/06\/kengo-kuma-under-one-roof-EPFL-art-lab-lausanne-designboom-03-300x201.jpg 300w, https:\/\/static.tecnichenuove.it\/areaarch\/2024\/06\/kengo-kuma-under-one-roof-EPFL-art-lab-lausanne-designboom-03-150x100.jpg 150w, https:\/\/static.tecnichenuove.it\/areaarch\/2024\/06\/kengo-kuma-under-one-roof-EPFL-art-lab-lausanne-designboom-03-768x515.jpg 768w, https:\/\/static.tecnichenuove.it\/areaarch\/2024\/06\/kengo-kuma-under-one-roof-EPFL-art-lab-lausanne-designboom-03-696x467.jpg 696w, https:\/\/static.tecnichenuove.it\/areaarch\/2024\/06\/kengo-kuma-under-one-roof-EPFL-art-lab-lausanne-designboom-03-626x420.jpg 626w\" sizes=\"auto, (max-width: 818px) 100vw, 818px\" \/>\n      \t<img decoding=\"async\" src=\"https:\/\/www.area-arch.it\/wp-content\/uploads\/sites\/6\/2024\/06\/2016.12_Final_Publication_Material_14.jpg\" class=\"attachment-post-thumbnail\" \/>\n      \n\t<\/div>\n  \t<div class=\"entry-column\">\n      <h3 class=\"entry-title td-module-title\">Under One Roof<\/h3>\n      <div class=\"td-excerpt\">\n            <div id=\"wpcf-field-tipology\" class=\"wpcf-field-select wpcf-field-tipology\"><span class=\"wpcf-field-name wpcf-field-select-name wpcf-field-tipology-name\">tipology:<\/span> <span class=\"wpcf-field-value wpcf-field-select-value wpcf-field-tipology-value\">mixed use<\/span><\/div>\n            <div id=\"wpcf-field-architect\" class=\"wpcf-field-single-line wpcf-field-architect\"><span class=\"wpcf-field-name wpcf-field-single-line-name wpcf-field-architect-name\">architect:<\/span> <span class=\"wpcf-field-value wpcf-field-single-line-value wpcf-field-architect-value\">Kengo Kuma &amp; Associates<\/span><\/div>\n            <div id=\"wpcf-field-realization\" class=\"wpcf-field-number wpcf-field-realization\"><span class=\"wpcf-field-name wpcf-field-number-name wpcf-field-realization-name\">realization:<\/span> <span class=\"wpcf-field-value wpcf-field-number-value wpcf-field-realization-value\">2016<\/span><\/div>\n            \u00c9cole Polytechnique F\u00e9d\u00e9rale de Lausanne, Route Cantonale, Losanna, Svizzera\n          <\/div>\n  <\/div>\n<\/article>\n          <\/div>\n            <h4><a href=\"#\" onclick=\"cimap();\" class=\"link-marker js-wpv-addon-maps-focus-map js-toolset-maps-hover-map-map-1-marker-marker-146489 js-toolset-maps-open-infowindow-map-map-1-marker-marker-146489\" data-map=\"map-1\" data-marker=\"marker-146489\">36. Under One Roof<\/a><\/h4>\n            <div id=\"wpcf-field-tipology\" class=\"wpcf-field-select wpcf-field-tipology\"><span class=\"wpcf-field-name wpcf-field-select-name wpcf-field-tipology-name\">tipology:<\/span> <span class=\"wpcf-field-value wpcf-field-select-value wpcf-field-tipology-value\">mixed use<\/span><\/div> | <div id=\"wpcf-field-architect\" class=\"wpcf-field-single-line wpcf-field-architect\"><span class=\"wpcf-field-name wpcf-field-single-line-name wpcf-field-architect-name\">architect:<\/span> <span class=\"wpcf-field-value wpcf-field-single-line-value wpcf-field-architect-value\">Kengo Kuma &amp; Associates<\/span><\/div> | <div id=\"wpcf-field-realization\" class=\"wpcf-field-number wpcf-field-realization\"><span class=\"wpcf-field-name wpcf-field-number-name wpcf-field-realization-name\">realization:<\/span> <span class=\"wpcf-field-value wpcf-field-number-value wpcf-field-realization-value\">2016<\/span><\/div>\n          <\/li>\n\t\t\n          <li>\n            \n          <div style=\"display:none\" class=\"wpv-addon-maps-marker js-wpv-addon-maps-marker js-wpv-addon-maps-marker-marker-146493 js-wpv-addon-maps-markerfor-map-1\" data-marker=\"marker-146493\" data-markertitle=\"Rolex Learning Center\" data-markerfor=\"map-1\" data-markerlat=\"46.5190557\" data-markerlon=\"6.5667576\" data-markericon=\"\/wp-content\/uploads\/sites\/6\/2017\/11\/area_marker_11.png\" data-markericonhover=\"\" data-streetview=\"no\" data-fromview=\"\">\n            <article class=\"marker-itinerario\">\n\t<div class=\"entry-thumbnail\">\n      \n      \n      \t<img loading=\"lazy\" decoding=\"async\" width=\"1600\" height=\"1043\" src=\"https:\/\/static.tecnichenuove.it\/areaarch\/2024\/06\/5a20088ba0d556652800011f.jpg\" class=\"attachment-post-thumbnail size-post-thumbnail wp-post-image\" alt=\"\" srcset=\"https:\/\/static.tecnichenuove.it\/areaarch\/2024\/06\/5a20088ba0d556652800011f.jpg 1600w, https:\/\/static.tecnichenuove.it\/areaarch\/2024\/06\/5a20088ba0d556652800011f-300x196.jpg 300w, https:\/\/static.tecnichenuove.it\/areaarch\/2024\/06\/5a20088ba0d556652800011f-1024x668.jpg 1024w, https:\/\/static.tecnichenuove.it\/areaarch\/2024\/06\/5a20088ba0d556652800011f-768x501.jpg 768w, https:\/\/static.tecnichenuove.it\/areaarch\/2024\/06\/5a20088ba0d556652800011f-1536x1001.jpg 1536w, https:\/\/static.tecnichenuove.it\/areaarch\/2024\/06\/5a20088ba0d556652800011f-696x454.jpg 696w, https:\/\/static.tecnichenuove.it\/areaarch\/2024\/06\/5a20088ba0d556652800011f-1068x696.jpg 1068w, https:\/\/static.tecnichenuove.it\/areaarch\/2024\/06\/5a20088ba0d556652800011f-644x420.jpg 644w\" sizes=\"auto, (max-width: 1600px) 100vw, 1600px\" \/>\n      \t<img decoding=\"async\" src=\"https:\/\/www.area-arch.it\/wp-content\/uploads\/sites\/6\/2024\/06\/Rolex-Learning-Center-11.jpg\" class=\"attachment-post-thumbnail\" \/>\n      \n\t<\/div>\n  \t<div class=\"entry-column\">\n      <h3 class=\"entry-title td-module-title\">Rolex Learning Center<\/h3>\n      <div class=\"td-excerpt\">\n            <div id=\"wpcf-field-tipology\" class=\"wpcf-field-select wpcf-field-tipology\"><span class=\"wpcf-field-name wpcf-field-select-name wpcf-field-tipology-name\">tipology:<\/span> <span class=\"wpcf-field-value wpcf-field-select-value wpcf-field-tipology-value\">office<\/span><\/div>\n            <div id=\"wpcf-field-architect\" class=\"wpcf-field-single-line wpcf-field-architect\"><span class=\"wpcf-field-name wpcf-field-single-line-name wpcf-field-architect-name\">architect:<\/span> <span class=\"wpcf-field-value wpcf-field-single-line-value wpcf-field-architect-value\">SANAA<\/span><\/div>\n            <div id=\"wpcf-field-realization\" class=\"wpcf-field-number wpcf-field-realization\"><span class=\"wpcf-field-name wpcf-field-number-name wpcf-field-realization-name\">realization:<\/span> <span class=\"wpcf-field-value wpcf-field-number-value wpcf-field-realization-value\">2010<\/span><\/div>\n            \u00c9cole Polytechnique F\u00e9d\u00e9rale de Lausanne, Route Cantonale, Losanna, Svizzera\n          <\/div>\n  <\/div>\n<\/article>\n          <\/div>\n            <h4><a href=\"#\" onclick=\"cimap();\" class=\"link-marker js-wpv-addon-maps-focus-map js-toolset-maps-hover-map-map-1-marker-marker-146493 js-toolset-maps-open-infowindow-map-map-1-marker-marker-146493\" data-map=\"map-1\" data-marker=\"marker-146493\">37. Rolex Learning Center<\/a><\/h4>\n            <div id=\"wpcf-field-tipology\" class=\"wpcf-field-select wpcf-field-tipology\"><span class=\"wpcf-field-name wpcf-field-select-name wpcf-field-tipology-name\">tipology:<\/span> <span class=\"wpcf-field-value wpcf-field-select-value wpcf-field-tipology-value\">office<\/span><\/div> | <div id=\"wpcf-field-architect\" class=\"wpcf-field-single-line wpcf-field-architect\"><span class=\"wpcf-field-name wpcf-field-single-line-name wpcf-field-architect-name\">architect:<\/span> <span class=\"wpcf-field-value wpcf-field-single-line-value wpcf-field-architect-value\">SANAA<\/span><\/div> | <div id=\"wpcf-field-realization\" class=\"wpcf-field-number wpcf-field-realization\"><span class=\"wpcf-field-name wpcf-field-number-name wpcf-field-realization-name\">realization:<\/span> <span class=\"wpcf-field-value wpcf-field-number-value wpcf-field-realization-value\">2010<\/span><\/div>\n          <\/li>\n\t\t\n          <li>\n            \n          <div style=\"display:none\" class=\"wpv-addon-maps-marker js-wpv-addon-maps-marker js-wpv-addon-maps-marker-marker-146496 js-wpv-addon-maps-markerfor-map-1\" data-marker=\"marker-146496\" data-markertitle=\"SwissTech Convention Center\" data-markerfor=\"map-1\" data-markerlat=\"46.52288\" data-markerlon=\"6.5640392\" data-markericon=\"\/wp-content\/uploads\/sites\/6\/2017\/11\/area_marker_9.png\" data-markericonhover=\"\" data-streetview=\"no\" data-fromview=\"\">\n            <article class=\"marker-itinerario\">\n\t<div class=\"entry-thumbnail\">\n      \n      \n      \t<img loading=\"lazy\" decoding=\"async\" width=\"1024\" height=\"512\" src=\"https:\/\/static.tecnichenuove.it\/areaarch\/2024\/06\/STCC_Site_ShareTwitter.jpg\" class=\"attachment-post-thumbnail size-post-thumbnail wp-post-image\" alt=\"\" srcset=\"https:\/\/static.tecnichenuove.it\/areaarch\/2024\/06\/STCC_Site_ShareTwitter.jpg 1024w, https:\/\/static.tecnichenuove.it\/areaarch\/2024\/06\/STCC_Site_ShareTwitter-300x150.jpg 300w, https:\/\/static.tecnichenuove.it\/areaarch\/2024\/06\/STCC_Site_ShareTwitter-768x384.jpg 768w, https:\/\/static.tecnichenuove.it\/areaarch\/2024\/06\/STCC_Site_ShareTwitter-696x348.jpg 696w, https:\/\/static.tecnichenuove.it\/areaarch\/2024\/06\/STCC_Site_ShareTwitter-840x420.jpg 840w\" sizes=\"auto, (max-width: 1024px) 100vw, 1024px\" \/>\n      \t<img decoding=\"async\" src=\"https:\/\/www.area-arch.it\/wp-content\/uploads\/sites\/6\/2024\/06\/dis-38-new.jpg\" class=\"attachment-post-thumbnail\" \/>\n      \n\t<\/div>\n  \t<div class=\"entry-column\">\n      <h3 class=\"entry-title td-module-title\">SwissTech Convention Center<\/h3>\n      <div class=\"td-excerpt\">\n            <div id=\"wpcf-field-tipology\" class=\"wpcf-field-select wpcf-field-tipology\"><span class=\"wpcf-field-name wpcf-field-select-name wpcf-field-tipology-name\">tipology:<\/span> <span class=\"wpcf-field-value wpcf-field-select-value wpcf-field-tipology-value\">mixed use<\/span><\/div>\n            <div id=\"wpcf-field-architect\" class=\"wpcf-field-single-line wpcf-field-architect\"><span class=\"wpcf-field-name wpcf-field-single-line-name wpcf-field-architect-name\">architect:<\/span> <span class=\"wpcf-field-value wpcf-field-single-line-value wpcf-field-architect-value\">Richter Dahl Rocha &amp; Associ\u00e9s<\/span><\/div>\n            <div id=\"wpcf-field-realization\" class=\"wpcf-field-number wpcf-field-realization\"><span class=\"wpcf-field-name wpcf-field-number-name wpcf-field-realization-name\">realization:<\/span> <span class=\"wpcf-field-value wpcf-field-number-value wpcf-field-realization-value\">2014<\/span><\/div>\n            Rue Louis Favre, Ecublens, Svizzera\n          <\/div>\n  <\/div>\n<\/article>\n          <\/div>\n            <h4><a href=\"#\" onclick=\"cimap();\" class=\"link-marker js-wpv-addon-maps-focus-map js-toolset-maps-hover-map-map-1-marker-marker-146496 js-toolset-maps-open-infowindow-map-map-1-marker-marker-146496\" data-map=\"map-1\" data-marker=\"marker-146496\">38. SwissTech Convention Center<\/a><\/h4>\n            <div id=\"wpcf-field-tipology\" class=\"wpcf-field-select wpcf-field-tipology\"><span class=\"wpcf-field-name wpcf-field-select-name wpcf-field-tipology-name\">tipology:<\/span> <span class=\"wpcf-field-value wpcf-field-select-value wpcf-field-tipology-value\">mixed use<\/span><\/div> | <div id=\"wpcf-field-architect\" class=\"wpcf-field-single-line wpcf-field-architect\"><span class=\"wpcf-field-name wpcf-field-single-line-name wpcf-field-architect-name\">architect:<\/span> <span class=\"wpcf-field-value wpcf-field-single-line-value wpcf-field-architect-value\">Richter Dahl Rocha &amp; Associ\u00e9s<\/span><\/div> | <div id=\"wpcf-field-realization\" class=\"wpcf-field-number wpcf-field-realization\"><span class=\"wpcf-field-name wpcf-field-number-name wpcf-field-realization-name\">realization:<\/span> <span class=\"wpcf-field-value wpcf-field-number-value wpcf-field-realization-value\">2014<\/span><\/div>\n          <\/li>\n\t\t\n          <li>\n            \n          <div style=\"display:none\" class=\"wpv-addon-maps-marker js-wpv-addon-maps-marker js-wpv-addon-maps-marker-marker-146499 js-wpv-addon-maps-markerfor-map-1\" data-marker=\"marker-146499\" data-markertitle=\"Selenite Dreams\" data-markerfor=\"map-1\" data-markerlat=\"46.5818107\" data-markerlon=\"6.2116248\" data-markericon=\"\/wp-content\/uploads\/sites\/6\/2017\/11\/area_marker_9.png\" data-markericonhover=\"\" data-streetview=\"no\" data-fromview=\"\">\n            <article class=\"marker-itinerario\">\n\t<div class=\"entry-thumbnail\">\n      \n      \n      \t<img loading=\"lazy\" decoding=\"async\" width=\"336\" height=\"224\" src=\"https:\/\/static.tecnichenuove.it\/areaarch\/2024\/06\/24-01-13-Hampi-Art-Labs-173.1711479674.4188.jpg\" class=\"attachment-post-thumbnail size-post-thumbnail wp-post-image\" alt=\"\" srcset=\"https:\/\/static.tecnichenuove.it\/areaarch\/2024\/06\/24-01-13-Hampi-Art-Labs-173.1711479674.4188.jpg 336w, https:\/\/static.tecnichenuove.it\/areaarch\/2024\/06\/24-01-13-Hampi-Art-Labs-173.1711479674.4188-300x200.jpg 300w, https:\/\/static.tecnichenuove.it\/areaarch\/2024\/06\/24-01-13-Hampi-Art-Labs-173.1711479674.4188-150x100.jpg 150w\" sizes=\"auto, (max-width: 336px) 100vw, 336px\" \/>\n      \t<img decoding=\"async\" src=\"https:\/\/www.area-arch.it\/wp-content\/uploads\/sites\/6\/2024\/06\/bureau_selenite_dreams_03_section2_1-50.jpg\" class=\"attachment-post-thumbnail\" \/>\n      \n\t<\/div>\n  \t<div class=\"entry-column\">\n      <h3 class=\"entry-title td-module-title\">Selenite Dreams<\/h3>\n      <div class=\"td-excerpt\">\n            <div id=\"wpcf-field-tipology\" class=\"wpcf-field-select wpcf-field-tipology\"><span class=\"wpcf-field-name wpcf-field-select-name wpcf-field-tipology-name\">tipology:<\/span> <span class=\"wpcf-field-value wpcf-field-select-value wpcf-field-tipology-value\">mixed use<\/span><\/div>\n            <div id=\"wpcf-field-architect\" class=\"wpcf-field-single-line wpcf-field-architect\"><span class=\"wpcf-field-name wpcf-field-single-line-name wpcf-field-architect-name\">architect:<\/span> <span class=\"wpcf-field-value wpcf-field-single-line-value wpcf-field-architect-value\">BUREU A<\/span><\/div>\n            <div id=\"wpcf-field-realization\" class=\"wpcf-field-number wpcf-field-realization\"><span class=\"wpcf-field-name wpcf-field-number-name wpcf-field-realization-name\">realization:<\/span> <span class=\"wpcf-field-value wpcf-field-number-value wpcf-field-realization-value\">2023<\/span><\/div>\n            Le Brassus, Le Chenit, Svizzera\n          <\/div>\n  <\/div>\n<\/article>\n          <\/div>\n            <h4><a href=\"#\" onclick=\"cimap();\" class=\"link-marker js-wpv-addon-maps-focus-map js-toolset-maps-hover-map-map-1-marker-marker-146499 js-toolset-maps-open-infowindow-map-map-1-marker-marker-146499\" data-map=\"map-1\" data-marker=\"marker-146499\">39. Selenite Dreams<\/a><\/h4>\n            <div id=\"wpcf-field-tipology\" class=\"wpcf-field-select wpcf-field-tipology\"><span class=\"wpcf-field-name wpcf-field-select-name wpcf-field-tipology-name\">tipology:<\/span> <span class=\"wpcf-field-value wpcf-field-select-value wpcf-field-tipology-value\">mixed use<\/span><\/div> | <div id=\"wpcf-field-architect\" class=\"wpcf-field-single-line wpcf-field-architect\"><span class=\"wpcf-field-name wpcf-field-single-line-name wpcf-field-architect-name\">architect:<\/span> <span class=\"wpcf-field-value wpcf-field-single-line-value wpcf-field-architect-value\">BUREU A<\/span><\/div> | <div id=\"wpcf-field-realization\" class=\"wpcf-field-number wpcf-field-realization\"><span class=\"wpcf-field-name wpcf-field-number-name wpcf-field-realization-name\">realization:<\/span> <span class=\"wpcf-field-value wpcf-field-number-value wpcf-field-realization-value\">2023<\/span><\/div>\n          <\/li>\n\t\t\n          <li>\n            \n          <div style=\"display:none\" class=\"wpv-addon-maps-marker js-wpv-addon-maps-marker js-wpv-addon-maps-marker-marker-146502 js-wpv-addon-maps-markerfor-map-1\" data-marker=\"marker-146502\" data-markertitle=\"Humanitarium\" data-markerfor=\"map-1\" data-markerlat=\"46.2906887\" data-markerlon=\"6.15033\" data-markericon=\"\/wp-content\/uploads\/sites\/6\/2017\/11\/area_marker_9.png\" data-markericonhover=\"\" data-streetview=\"no\" data-fromview=\"\">\n            <article class=\"marker-itinerario\">\n\t<div class=\"entry-thumbnail\">\n      \n      \n      \t<img loading=\"lazy\" decoding=\"async\" width=\"818\" height=\"545\" src=\"https:\/\/static.tecnichenuove.it\/areaarch\/2024\/06\/group8-icrc-humanitarium-france-designboom-06.jpg\" class=\"attachment-post-thumbnail size-post-thumbnail wp-post-image\" alt=\"\" srcset=\"https:\/\/static.tecnichenuove.it\/areaarch\/2024\/06\/group8-icrc-humanitarium-france-designboom-06.jpg 818w, https:\/\/static.tecnichenuove.it\/areaarch\/2024\/06\/group8-icrc-humanitarium-france-designboom-06-300x200.jpg 300w, https:\/\/static.tecnichenuove.it\/areaarch\/2024\/06\/group8-icrc-humanitarium-france-designboom-06-150x100.jpg 150w, https:\/\/static.tecnichenuove.it\/areaarch\/2024\/06\/group8-icrc-humanitarium-france-designboom-06-768x512.jpg 768w, https:\/\/static.tecnichenuove.it\/areaarch\/2024\/06\/group8-icrc-humanitarium-france-designboom-06-696x464.jpg 696w, https:\/\/static.tecnichenuove.it\/areaarch\/2024\/06\/group8-icrc-humanitarium-france-designboom-06-630x420.jpg 630w\" sizes=\"auto, (max-width: 818px) 100vw, 818px\" \/>\n      \t<img decoding=\"async\" src=\"https:\/\/www.area-arch.it\/wp-content\/uploads\/sites\/6\/2024\/06\/140606_vicr__publication_plan_plafond_plan_de_planfond_500.jpg\" class=\"attachment-post-thumbnail\" \/>\n      \n\t<\/div>\n  \t<div class=\"entry-column\">\n      <h3 class=\"entry-title td-module-title\">Humanitarium<\/h3>\n      <div class=\"td-excerpt\">\n            <div id=\"wpcf-field-tipology\" class=\"wpcf-field-select wpcf-field-tipology\"><span class=\"wpcf-field-name wpcf-field-select-name wpcf-field-tipology-name\">tipology:<\/span> <span class=\"wpcf-field-value wpcf-field-select-value wpcf-field-tipology-value\">mixed use<\/span><\/div>\n            <div id=\"wpcf-field-architect\" class=\"wpcf-field-single-line wpcf-field-architect\"><span class=\"wpcf-field-name wpcf-field-single-line-name wpcf-field-architect-name\">architect:<\/span> <span class=\"wpcf-field-value wpcf-field-single-line-value wpcf-field-architect-value\">group8<\/span><\/div>\n            <div id=\"wpcf-field-realization\" class=\"wpcf-field-number wpcf-field-realization\"><span class=\"wpcf-field-name wpcf-field-number-name wpcf-field-realization-name\">realization:<\/span> <span class=\"wpcf-field-value wpcf-field-number-value wpcf-field-realization-value\">2013<\/span><\/div>\n            Chemin d'Ecogia 14, Versoix, Svizzera\n          <\/div>\n  <\/div>\n<\/article>\n          <\/div>\n            <h4><a href=\"#\" onclick=\"cimap();\" class=\"link-marker js-wpv-addon-maps-focus-map js-toolset-maps-hover-map-map-1-marker-marker-146502 js-toolset-maps-open-infowindow-map-map-1-marker-marker-146502\" data-map=\"map-1\" data-marker=\"marker-146502\">40. Humanitarium<\/a><\/h4>\n            <div id=\"wpcf-field-tipology\" class=\"wpcf-field-select wpcf-field-tipology\"><span class=\"wpcf-field-name wpcf-field-select-name wpcf-field-tipology-name\">tipology:<\/span> <span class=\"wpcf-field-value wpcf-field-select-value wpcf-field-tipology-value\">mixed use<\/span><\/div> | <div id=\"wpcf-field-architect\" class=\"wpcf-field-single-line wpcf-field-architect\"><span class=\"wpcf-field-name wpcf-field-single-line-name wpcf-field-architect-name\">architect:<\/span> <span class=\"wpcf-field-value wpcf-field-single-line-value wpcf-field-architect-value\">group8<\/span><\/div> | <div id=\"wpcf-field-realization\" class=\"wpcf-field-number wpcf-field-realization\"><span class=\"wpcf-field-name wpcf-field-number-name wpcf-field-realization-name\">realization:<\/span> <span class=\"wpcf-field-value wpcf-field-number-value wpcf-field-realization-value\">2013<\/span><\/div>\n          <\/li>\n\t\t\n          <li>\n            \n          <div style=\"display:none\" class=\"wpv-addon-maps-marker js-wpv-addon-maps-marker js-wpv-addon-maps-marker-marker-146505 js-wpv-addon-maps-markerfor-map-1\" data-marker=\"marker-146505\" data-markertitle=\"Transformation and extension of Palexpo\" data-markerfor=\"map-1\" data-markerlat=\"46.2342846\" data-markerlon=\"6.1155285\" data-markericon=\"\/wp-content\/uploads\/sites\/6\/2017\/11\/area_marker_9.png\" data-markericonhover=\"\" data-streetview=\"no\" data-fromview=\"\">\n            <article class=\"marker-itinerario\">\n\t<div class=\"entry-thumbnail\">\n      \n      \n      \t<img loading=\"lazy\" decoding=\"async\" width=\"512\" height=\"384\" src=\"https:\/\/static.tecnichenuove.it\/areaarch\/2024\/06\/unnamed-3.jpg\" class=\"attachment-post-thumbnail size-post-thumbnail wp-post-image\" alt=\"\" srcset=\"https:\/\/static.tecnichenuove.it\/areaarch\/2024\/06\/unnamed-3.jpg 512w, https:\/\/static.tecnichenuove.it\/areaarch\/2024\/06\/unnamed-3-300x225.jpg 300w, https:\/\/static.tecnichenuove.it\/areaarch\/2024\/06\/unnamed-3-80x60.jpg 80w, https:\/\/static.tecnichenuove.it\/areaarch\/2024\/06\/unnamed-3-160x120.jpg 160w, https:\/\/static.tecnichenuove.it\/areaarch\/2024\/06\/unnamed-3-265x198.jpg 265w\" sizes=\"auto, (max-width: 512px) 100vw, 512px\" \/>\n      \t<img decoding=\"async\" src=\"https:\/\/www.area-arch.it\/wp-content\/uploads\/sites\/6\/2024\/06\/unnamed-4-e1718875501908.jpg\" class=\"attachment-post-thumbnail\" \/>\n      \n\t<\/div>\n  \t<div class=\"entry-column\">\n      <h3 class=\"entry-title td-module-title\">Transformation and extension of Palexpo<\/h3>\n      <div class=\"td-excerpt\">\n            <div id=\"wpcf-field-tipology\" class=\"wpcf-field-select wpcf-field-tipology\"><span class=\"wpcf-field-name wpcf-field-select-name wpcf-field-tipology-name\">tipology:<\/span> <span class=\"wpcf-field-value wpcf-field-select-value wpcf-field-tipology-value\">mixed use<\/span><\/div>\n            <div id=\"wpcf-field-architect\" class=\"wpcf-field-single-line wpcf-field-architect\"><span class=\"wpcf-field-name wpcf-field-single-line-name wpcf-field-architect-name\">architect:<\/span> <span class=\"wpcf-field-value wpcf-field-single-line-value wpcf-field-architect-value\">group8<\/span><\/div>\n            <div id=\"wpcf-field-realization\" class=\"wpcf-field-number wpcf-field-realization\"><span class=\"wpcf-field-name wpcf-field-number-name wpcf-field-realization-name\">realization:<\/span> <span class=\"wpcf-field-value wpcf-field-number-value wpcf-field-realization-value\">2015<\/span><\/div>\n            Rte Fran\u00e7ois-Peyrot, Le Grand-Saconnex, Svizzera\n          <\/div>\n  <\/div>\n<\/article>\n          <\/div>\n            <h4><a href=\"#\" onclick=\"cimap();\" class=\"link-marker js-wpv-addon-maps-focus-map js-toolset-maps-hover-map-map-1-marker-marker-146505 js-toolset-maps-open-infowindow-map-map-1-marker-marker-146505\" data-map=\"map-1\" data-marker=\"marker-146505\">41. Transformation and extension of Palexpo<\/a><\/h4>\n            <div id=\"wpcf-field-tipology\" class=\"wpcf-field-select wpcf-field-tipology\"><span class=\"wpcf-field-name wpcf-field-select-name wpcf-field-tipology-name\">tipology:<\/span> <span class=\"wpcf-field-value wpcf-field-select-value wpcf-field-tipology-value\">mixed use<\/span><\/div> | <div id=\"wpcf-field-architect\" class=\"wpcf-field-single-line wpcf-field-architect\"><span class=\"wpcf-field-name wpcf-field-single-line-name wpcf-field-architect-name\">architect:<\/span> <span class=\"wpcf-field-value wpcf-field-single-line-value wpcf-field-architect-value\">group8<\/span><\/div> | <div id=\"wpcf-field-realization\" class=\"wpcf-field-number wpcf-field-realization\"><span class=\"wpcf-field-name wpcf-field-number-name wpcf-field-realization-name\">realization:<\/span> <span class=\"wpcf-field-value wpcf-field-number-value wpcf-field-realization-value\">2015<\/span><\/div>\n          <\/li>\n\t\t\n          <li>\n            \n          <div style=\"display:none\" class=\"wpv-addon-maps-marker js-wpv-addon-maps-marker js-wpv-addon-maps-marker-marker-146508 js-wpv-addon-maps-markerfor-map-1\" data-marker=\"marker-146508\" data-markertitle=\"Grand Marillon Student Residence\" data-markerfor=\"map-1\" data-markerlat=\"46.2283917\" data-markerlon=\"6.1306046\" data-markericon=\"\/wp-content\/uploads\/sites\/6\/2017\/11\/area_marker_13.png\" data-markericonhover=\"\" data-streetview=\"no\" data-fromview=\"\">\n            <article class=\"marker-itinerario\">\n\t<div class=\"entry-thumbnail\">\n      \n      \n      \t<img loading=\"lazy\" decoding=\"async\" width=\"1920\" height=\"1081\" src=\"https:\/\/static.tecnichenuove.it\/areaarch\/2024\/06\/cche-r-sidence-tudiante-du-grand-morillon-student-housing-archello.1628684405.2751.jpg\" class=\"attachment-post-thumbnail size-post-thumbnail wp-post-image\" alt=\"\" srcset=\"https:\/\/static.tecnichenuove.it\/areaarch\/2024\/06\/cche-r-sidence-tudiante-du-grand-morillon-student-housing-archello.1628684405.2751.jpg 1920w, https:\/\/static.tecnichenuove.it\/areaarch\/2024\/06\/cche-r-sidence-tudiante-du-grand-morillon-student-housing-archello.1628684405.2751-300x169.jpg 300w, https:\/\/static.tecnichenuove.it\/areaarch\/2024\/06\/cche-r-sidence-tudiante-du-grand-morillon-student-housing-archello.1628684405.2751-1024x577.jpg 1024w, https:\/\/static.tecnichenuove.it\/areaarch\/2024\/06\/cche-r-sidence-tudiante-du-grand-morillon-student-housing-archello.1628684405.2751-768x432.jpg 768w, https:\/\/static.tecnichenuove.it\/areaarch\/2024\/06\/cche-r-sidence-tudiante-du-grand-morillon-student-housing-archello.1628684405.2751-1536x865.jpg 1536w, https:\/\/static.tecnichenuove.it\/areaarch\/2024\/06\/cche-r-sidence-tudiante-du-grand-morillon-student-housing-archello.1628684405.2751-696x392.jpg 696w, https:\/\/static.tecnichenuove.it\/areaarch\/2024\/06\/cche-r-sidence-tudiante-du-grand-morillon-student-housing-archello.1628684405.2751-1068x601.jpg 1068w, https:\/\/static.tecnichenuove.it\/areaarch\/2024\/06\/cche-r-sidence-tudiante-du-grand-morillon-student-housing-archello.1628684405.2751-746x420.jpg 746w\" sizes=\"auto, (max-width: 1920px) 100vw, 1920px\" \/>\n      \t<img decoding=\"async\" src=\"https:\/\/www.area-arch.it\/wp-content\/uploads\/sites\/6\/2024\/06\/kengo-kuma-and-associates-erieta-attali-student-residences-grand-morillon.jpg\" class=\"attachment-post-thumbnail\" \/>\n      \n\t<\/div>\n  \t<div class=\"entry-column\">\n      <h3 class=\"entry-title td-module-title\">Grand Marillon Student Residence<\/h3>\n      <div class=\"td-excerpt\">\n            <div id=\"wpcf-field-tipology\" class=\"wpcf-field-select wpcf-field-tipology\"><span class=\"wpcf-field-name wpcf-field-select-name wpcf-field-tipology-name\">tipology:<\/span> <span class=\"wpcf-field-value wpcf-field-select-value wpcf-field-tipology-value\">residential<\/span><\/div>\n            <div id=\"wpcf-field-architect\" class=\"wpcf-field-single-line wpcf-field-architect\"><span class=\"wpcf-field-name wpcf-field-single-line-name wpcf-field-architect-name\">architect:<\/span> <span class=\"wpcf-field-value wpcf-field-single-line-value wpcf-field-architect-value\">Kengo Kuma &amp; Associates<\/span><\/div>\n            <div id=\"wpcf-field-realization\" class=\"wpcf-field-number wpcf-field-realization\"><span class=\"wpcf-field-name wpcf-field-number-name wpcf-field-realization-name\">realization:<\/span> <span class=\"wpcf-field-value wpcf-field-number-value wpcf-field-realization-value\">2021<\/span><\/div>\n            Rue Michelle Nicod, Ginevra, Svizzera\n          <\/div>\n  <\/div>\n<\/article>\n          <\/div>\n            <h4><a href=\"#\" onclick=\"cimap();\" class=\"link-marker js-wpv-addon-maps-focus-map js-toolset-maps-hover-map-map-1-marker-marker-146508 js-toolset-maps-open-infowindow-map-map-1-marker-marker-146508\" data-map=\"map-1\" data-marker=\"marker-146508\">42. Grand Marillon Student Residence<\/a><\/h4>\n            <div id=\"wpcf-field-tipology\" class=\"wpcf-field-select wpcf-field-tipology\"><span class=\"wpcf-field-name wpcf-field-select-name wpcf-field-tipology-name\">tipology:<\/span> <span class=\"wpcf-field-value wpcf-field-select-value wpcf-field-tipology-value\">residential<\/span><\/div> | <div id=\"wpcf-field-architect\" class=\"wpcf-field-single-line wpcf-field-architect\"><span class=\"wpcf-field-name wpcf-field-single-line-name wpcf-field-architect-name\">architect:<\/span> <span class=\"wpcf-field-value wpcf-field-single-line-value wpcf-field-architect-value\">Kengo Kuma &amp; Associates<\/span><\/div> | <div id=\"wpcf-field-realization\" class=\"wpcf-field-number wpcf-field-realization\"><span class=\"wpcf-field-name wpcf-field-number-name wpcf-field-realization-name\">realization:<\/span> <span class=\"wpcf-field-value wpcf-field-number-value wpcf-field-realization-value\">2021<\/span><\/div>\n          <\/li>\n\t\t\n          <li>\n            \n          <div style=\"display:none\" class=\"wpv-addon-maps-marker js-wpv-addon-maps-marker js-wpv-addon-maps-marker-marker-146511 js-wpv-addon-maps-markerfor-map-1\" data-marker=\"marker-146511\" data-markertitle=\"Rue de Lausanne Extension\" data-markerfor=\"map-1\" data-markerlat=\"46.2186624\" data-markerlon=\"6.1486254\" data-markericon=\"\/wp-content\/uploads\/sites\/6\/2017\/11\/area_marker_13.png\" data-markericonhover=\"\" data-streetview=\"no\" data-fromview=\"\">\n            <article class=\"marker-itinerario\">\n\t<div class=\"entry-thumbnail\">\n      \n      \n      \t<img loading=\"lazy\" decoding=\"async\" width=\"750\" height=\"580\" src=\"https:\/\/static.tecnichenuove.it\/areaarch\/2024\/06\/051-ef-odg-200914-hr-004.jpg\" class=\"attachment-post-thumbnail size-post-thumbnail wp-post-image\" alt=\"\" srcset=\"https:\/\/static.tecnichenuove.it\/areaarch\/2024\/06\/051-ef-odg-200914-hr-004.jpg 750w, https:\/\/static.tecnichenuove.it\/areaarch\/2024\/06\/051-ef-odg-200914-hr-004-300x232.jpg 300w, https:\/\/static.tecnichenuove.it\/areaarch\/2024\/06\/051-ef-odg-200914-hr-004-696x538.jpg 696w, https:\/\/static.tecnichenuove.it\/areaarch\/2024\/06\/051-ef-odg-200914-hr-004-543x420.jpg 543w\" sizes=\"auto, (max-width: 750px) 100vw, 750px\" \/>\n      \t<img decoding=\"async\" src=\"https:\/\/www.area-arch.it\/wp-content\/uploads\/sites\/6\/2024\/06\/051-pub-p08-137-200-a3-archithese.jpg\" class=\"attachment-post-thumbnail\" \/>\n      \n\t<\/div>\n  \t<div class=\"entry-column\">\n      <h3 class=\"entry-title td-module-title\">Rue de Lausanne Extension<\/h3>\n      <div class=\"td-excerpt\">\n            <div id=\"wpcf-field-tipology\" class=\"wpcf-field-select wpcf-field-tipology\"><span class=\"wpcf-field-name wpcf-field-select-name wpcf-field-tipology-name\">tipology:<\/span> <span class=\"wpcf-field-value wpcf-field-select-value wpcf-field-tipology-value\">residential<\/span><\/div>\n            <div id=\"wpcf-field-architect\" class=\"wpcf-field-single-line wpcf-field-architect\"><span class=\"wpcf-field-name wpcf-field-single-line-name wpcf-field-architect-name\">architect:<\/span> <span class=\"wpcf-field-value wpcf-field-single-line-value wpcf-field-architect-value\">Lacroix Chessex<\/span><\/div>\n            <div id=\"wpcf-field-realization\" class=\"wpcf-field-number wpcf-field-realization\"><span class=\"wpcf-field-name wpcf-field-number-name wpcf-field-realization-name\">realization:<\/span> <span class=\"wpcf-field-value wpcf-field-number-value wpcf-field-realization-value\">2020<\/span><\/div>\n            Rue de Lausanne, Ginevra, Svizzera\n          <\/div>\n  <\/div>\n<\/article>\n          <\/div>\n            <h4><a href=\"#\" onclick=\"cimap();\" class=\"link-marker js-wpv-addon-maps-focus-map js-toolset-maps-hover-map-map-1-marker-marker-146511 js-toolset-maps-open-infowindow-map-map-1-marker-marker-146511\" data-map=\"map-1\" data-marker=\"marker-146511\">43. Rue de Lausanne Extension<\/a><\/h4>\n            <div id=\"wpcf-field-tipology\" class=\"wpcf-field-select wpcf-field-tipology\"><span class=\"wpcf-field-name wpcf-field-select-name wpcf-field-tipology-name\">tipology:<\/span> <span class=\"wpcf-field-value wpcf-field-select-value wpcf-field-tipology-value\">residential<\/span><\/div> | <div id=\"wpcf-field-architect\" class=\"wpcf-field-single-line wpcf-field-architect\"><span class=\"wpcf-field-name wpcf-field-single-line-name wpcf-field-architect-name\">architect:<\/span> <span class=\"wpcf-field-value wpcf-field-single-line-value wpcf-field-architect-value\">Lacroix Chessex<\/span><\/div> | <div id=\"wpcf-field-realization\" class=\"wpcf-field-number wpcf-field-realization\"><span class=\"wpcf-field-name wpcf-field-number-name wpcf-field-realization-name\">realization:<\/span> <span class=\"wpcf-field-value wpcf-field-number-value wpcf-field-realization-value\">2020<\/span><\/div>\n          <\/li>\n\t\t\n          <li>\n            \n          <div style=\"display:none\" class=\"wpv-addon-maps-marker js-wpv-addon-maps-marker js-wpv-addon-maps-marker-marker-146514 js-wpv-addon-maps-markerfor-map-1\" data-marker=\"marker-146514\" data-markertitle=\"Ste-Trinit\u00e9 Church\" data-markerfor=\"map-1\" data-markerlat=\"46.2159035\" data-markerlon=\"6.1465887\" data-markericon=\"\/wp-content\/uploads\/sites\/6\/2017\/11\/area_marker_17.png\" data-markericonhover=\"\" data-streetview=\"no\" data-fromview=\"\">\n            <article class=\"marker-itinerario\">\n\t<div class=\"entry-thumbnail\">\n      \n      \t<img loading=\"lazy\" decoding=\"async\" width=\"200\" height=\"300\" src=\"https:\/\/static.tecnichenuove.it\/areaarch\/2024\/06\/25653-200x300.jpg\" class=\"attachment-medium size-medium wp-post-image\" alt=\"\" srcset=\"https:\/\/static.tecnichenuove.it\/areaarch\/2024\/06\/25653-200x300.jpg 200w, https:\/\/static.tecnichenuove.it\/areaarch\/2024\/06\/25653-280x420.jpg 280w, https:\/\/static.tecnichenuove.it\/areaarch\/2024\/06\/25653.jpg 682w\" sizes=\"auto, (max-width: 200px) 100vw, 200px\" \/>\n      \n      \n\t<\/div>\n  \t<div class=\"entry-column\">\n      <h3 class=\"entry-title td-module-title\">Ste-Trinit\u00e9 Church<\/h3>\n      <div class=\"td-excerpt\">\n            <div id=\"wpcf-field-tipology\" class=\"wpcf-field-select wpcf-field-tipology\"><span class=\"wpcf-field-name wpcf-field-select-name wpcf-field-tipology-name\">tipology:<\/span> <span class=\"wpcf-field-value wpcf-field-select-value wpcf-field-tipology-value\">church<\/span><\/div>\n            <div id=\"wpcf-field-architect\" class=\"wpcf-field-single-line wpcf-field-architect\"><span class=\"wpcf-field-name wpcf-field-single-line-name wpcf-field-architect-name\">architect:<\/span> <span class=\"wpcf-field-value wpcf-field-single-line-value wpcf-field-architect-value\">Ugo Brunoni<\/span><\/div>\n            <div id=\"wpcf-field-realization\" class=\"wpcf-field-number wpcf-field-realization\"><span class=\"wpcf-field-name wpcf-field-number-name wpcf-field-realization-name\">realization:<\/span> <span class=\"wpcf-field-value wpcf-field-number-value wpcf-field-realization-value\">1994<\/span><\/div>\n            Rue Ferrier, Ginevra, Svizzera\n          <\/div>\n  <\/div>\n<\/article>\n          <\/div>\n            <h4><a href=\"#\" onclick=\"cimap();\" class=\"link-marker js-wpv-addon-maps-focus-map js-toolset-maps-hover-map-map-1-marker-marker-146514 js-toolset-maps-open-infowindow-map-map-1-marker-marker-146514\" data-map=\"map-1\" data-marker=\"marker-146514\">44. Ste-Trinit\u00e9 Church<\/a><\/h4>\n            <div id=\"wpcf-field-tipology\" class=\"wpcf-field-select wpcf-field-tipology\"><span class=\"wpcf-field-name wpcf-field-select-name wpcf-field-tipology-name\">tipology:<\/span> <span class=\"wpcf-field-value wpcf-field-select-value wpcf-field-tipology-value\">church<\/span><\/div> | <div id=\"wpcf-field-architect\" class=\"wpcf-field-single-line wpcf-field-architect\"><span class=\"wpcf-field-name wpcf-field-single-line-name wpcf-field-architect-name\">architect:<\/span> <span class=\"wpcf-field-value wpcf-field-single-line-value wpcf-field-architect-value\">Ugo Brunoni<\/span><\/div> | <div id=\"wpcf-field-realization\" class=\"wpcf-field-number wpcf-field-realization\"><span class=\"wpcf-field-name wpcf-field-number-name wpcf-field-realization-name\">realization:<\/span> <span class=\"wpcf-field-value wpcf-field-number-value wpcf-field-realization-value\">1994<\/span><\/div>\n          <\/li>\n\t\t\n          <li>\n            \n          <div style=\"display:none\" class=\"wpv-addon-maps-marker js-wpv-addon-maps-marker js-wpv-addon-maps-marker-marker-146516 js-wpv-addon-maps-markerfor-map-1\" data-marker=\"marker-146516\" data-markertitle=\"Centro International de Conf\u00e9rences\" data-markerfor=\"map-1\" data-markerlat=\"46.2207201\" data-markerlon=\"6.1387563\" data-markericon=\"\/wp-content\/uploads\/sites\/6\/2017\/11\/area_marker_9.png\" data-markericonhover=\"\" data-streetview=\"no\" data-fromview=\"\">\n            <article class=\"marker-itinerario\">\n\t<div class=\"entry-thumbnail\">\n      \n      \n      \t<img loading=\"lazy\" decoding=\"async\" width=\"259\" height=\"194\" src=\"https:\/\/static.tecnichenuove.it\/areaarch\/2024\/06\/images-8.jpeg\" class=\"attachment-post-thumbnail size-post-thumbnail wp-post-image\" alt=\"\" srcset=\"https:\/\/static.tecnichenuove.it\/areaarch\/2024\/06\/images-8.jpeg 259w, https:\/\/static.tecnichenuove.it\/areaarch\/2024\/06\/images-8-80x60.jpeg 80w, https:\/\/static.tecnichenuove.it\/areaarch\/2024\/06\/images-8-160x120.jpeg 160w\" sizes=\"auto, (max-width: 259px) 100vw, 259px\" \/>\n      \t<img decoding=\"async\" src=\"https:\/\/www.area-arch.it\/wp-content\/uploads\/sites\/6\/2024\/06\/images-9.jpeg\" class=\"attachment-post-thumbnail\" \/>\n      \n\t<\/div>\n  \t<div class=\"entry-column\">\n      <h3 class=\"entry-title td-module-title\">Centro International de Conf\u00e9rences<\/h3>\n      <div class=\"td-excerpt\">\n            <div id=\"wpcf-field-tipology\" class=\"wpcf-field-select wpcf-field-tipology\"><span class=\"wpcf-field-name wpcf-field-select-name wpcf-field-tipology-name\">tipology:<\/span> <span class=\"wpcf-field-value wpcf-field-select-value wpcf-field-tipology-value\">mixed use<\/span><\/div>\n            <div id=\"wpcf-field-architect\" class=\"wpcf-field-single-line wpcf-field-architect\"><span class=\"wpcf-field-name wpcf-field-single-line-name wpcf-field-architect-name\">architect:<\/span> <span class=\"wpcf-field-value wpcf-field-single-line-value wpcf-field-architect-value\">group8<\/span><\/div>\n            <div id=\"wpcf-field-realization\" class=\"wpcf-field-number wpcf-field-realization\"><span class=\"wpcf-field-name wpcf-field-number-name wpcf-field-realization-name\">realization:<\/span> <span class=\"wpcf-field-value wpcf-field-number-value wpcf-field-realization-value\">2006<\/span><\/div>\n            Rue de Varemb\u00e9, Ginevra, Svizzera\n          <\/div>\n  <\/div>\n<\/article>\n          <\/div>\n            <h4><a href=\"#\" onclick=\"cimap();\" class=\"link-marker js-wpv-addon-maps-focus-map js-toolset-maps-hover-map-map-1-marker-marker-146516 js-toolset-maps-open-infowindow-map-map-1-marker-marker-146516\" data-map=\"map-1\" data-marker=\"marker-146516\">45. Centro International de Conf\u00e9rences<\/a><\/h4>\n            <div id=\"wpcf-field-tipology\" class=\"wpcf-field-select wpcf-field-tipology\"><span class=\"wpcf-field-name wpcf-field-select-name wpcf-field-tipology-name\">tipology:<\/span> <span class=\"wpcf-field-value wpcf-field-select-value wpcf-field-tipology-value\">mixed use<\/span><\/div> | <div id=\"wpcf-field-architect\" class=\"wpcf-field-single-line wpcf-field-architect\"><span class=\"wpcf-field-name wpcf-field-single-line-name wpcf-field-architect-name\">architect:<\/span> <span class=\"wpcf-field-value wpcf-field-single-line-value wpcf-field-architect-value\">group8<\/span><\/div> | <div id=\"wpcf-field-realization\" class=\"wpcf-field-number wpcf-field-realization\"><span class=\"wpcf-field-name wpcf-field-number-name wpcf-field-realization-name\">realization:<\/span> <span class=\"wpcf-field-value wpcf-field-number-value wpcf-field-realization-value\">2006<\/span><\/div>\n          <\/li>\n\t\t\n          <li>\n            \n          <div style=\"display:none\" class=\"wpv-addon-maps-marker js-wpv-addon-maps-marker js-wpv-addon-maps-marker-marker-146519 js-wpv-addon-maps-markerfor-map-1\" data-marker=\"marker-146519\" data-markertitle=\"Cycle d&#8217;orientation\" data-markerfor=\"map-1\" data-markerlat=\"46.220118\" data-markerlon=\"6.1168724\" data-markericon=\"\/wp-content\/uploads\/sites\/6\/2017\/11\/area_marker_9.png\" data-markericonhover=\"\" data-streetview=\"no\" data-fromview=\"\">\n            <article class=\"marker-itinerario\">\n\t<div class=\"entry-thumbnail\">\n      \n      \n      \t<img loading=\"lazy\" decoding=\"async\" width=\"1000\" height=\"750\" src=\"https:\/\/static.tecnichenuove.it\/areaarch\/2024\/06\/447.jpg__1000x1000_q85_subsampling-2_upscale.jpg\" class=\"attachment-post-thumbnail size-post-thumbnail wp-post-image\" alt=\"\" srcset=\"https:\/\/static.tecnichenuove.it\/areaarch\/2024\/06\/447.jpg__1000x1000_q85_subsampling-2_upscale.jpg 1000w, https:\/\/static.tecnichenuove.it\/areaarch\/2024\/06\/447.jpg__1000x1000_q85_subsampling-2_upscale-300x225.jpg 300w, https:\/\/static.tecnichenuove.it\/areaarch\/2024\/06\/447.jpg__1000x1000_q85_subsampling-2_upscale-768x576.jpg 768w, https:\/\/static.tecnichenuove.it\/areaarch\/2024\/06\/447.jpg__1000x1000_q85_subsampling-2_upscale-80x60.jpg 80w, https:\/\/static.tecnichenuove.it\/areaarch\/2024\/06\/447.jpg__1000x1000_q85_subsampling-2_upscale-160x120.jpg 160w, https:\/\/static.tecnichenuove.it\/areaarch\/2024\/06\/447.jpg__1000x1000_q85_subsampling-2_upscale-265x198.jpg 265w, https:\/\/static.tecnichenuove.it\/areaarch\/2024\/06\/447.jpg__1000x1000_q85_subsampling-2_upscale-696x522.jpg 696w, https:\/\/static.tecnichenuove.it\/areaarch\/2024\/06\/447.jpg__1000x1000_q85_subsampling-2_upscale-560x420.jpg 560w\" sizes=\"auto, (max-width: 1000px) 100vw, 1000px\" \/>\n      \t<img decoding=\"async\" src=\"https:\/\/www.area-arch.it\/wp-content\/uploads\/sites\/6\/2024\/06\/02-Ground_floor.jpg.png\" class=\"attachment-post-thumbnail\" \/>\n      \n\t<\/div>\n  \t<div class=\"entry-column\">\n      <h3 class=\"entry-title td-module-title\">Cycle d&#8217;orientation<\/h3>\n      <div class=\"td-excerpt\">\n            <div id=\"wpcf-field-tipology\" class=\"wpcf-field-select wpcf-field-tipology\"><span class=\"wpcf-field-name wpcf-field-select-name wpcf-field-tipology-name\">tipology:<\/span> <span class=\"wpcf-field-value wpcf-field-select-value wpcf-field-tipology-value\">mixed use<\/span><\/div>\n            <div id=\"wpcf-field-architect\" class=\"wpcf-field-single-line wpcf-field-architect\"><span class=\"wpcf-field-name wpcf-field-single-line-name wpcf-field-architect-name\">architect:<\/span> <span class=\"wpcf-field-value wpcf-field-single-line-value wpcf-field-architect-value\">B+W architecture<\/span><\/div>\n            <div id=\"wpcf-field-realization\" class=\"wpcf-field-number wpcf-field-realization\"><span class=\"wpcf-field-name wpcf-field-number-name wpcf-field-realization-name\">realization:<\/span> <span class=\"wpcf-field-value wpcf-field-number-value wpcf-field-realization-value\">2010<\/span><\/div>\n            Av. de Joli-Mont, Ginevra, Svizzera\n          <\/div>\n  <\/div>\n<\/article>\n          <\/div>\n            <h4><a href=\"#\" onclick=\"cimap();\" class=\"link-marker js-wpv-addon-maps-focus-map js-toolset-maps-hover-map-map-1-marker-marker-146519 js-toolset-maps-open-infowindow-map-map-1-marker-marker-146519\" data-map=\"map-1\" data-marker=\"marker-146519\">46. Cycle d&#8217;orientation<\/a><\/h4>\n            <div id=\"wpcf-field-tipology\" class=\"wpcf-field-select wpcf-field-tipology\"><span class=\"wpcf-field-name wpcf-field-select-name wpcf-field-tipology-name\">tipology:<\/span> <span class=\"wpcf-field-value wpcf-field-select-value wpcf-field-tipology-value\">mixed use<\/span><\/div> | <div id=\"wpcf-field-architect\" class=\"wpcf-field-single-line wpcf-field-architect\"><span class=\"wpcf-field-name wpcf-field-single-line-name wpcf-field-architect-name\">architect:<\/span> <span class=\"wpcf-field-value wpcf-field-single-line-value wpcf-field-architect-value\">B+W architecture<\/span><\/div> | <div id=\"wpcf-field-realization\" class=\"wpcf-field-number wpcf-field-realization\"><span class=\"wpcf-field-name wpcf-field-number-name wpcf-field-realization-name\">realization:<\/span> <span class=\"wpcf-field-value wpcf-field-number-value wpcf-field-realization-value\">2010<\/span><\/div>\n          <\/li>\n\t\t\n          <li>\n            \n          <div style=\"display:none\" class=\"wpv-addon-maps-marker js-wpv-addon-maps-marker js-wpv-addon-maps-marker-marker-146522 js-wpv-addon-maps-markerfor-map-1\" data-marker=\"marker-146522\" data-markertitle=\"EVE Le Gazouillis\" data-markerfor=\"map-1\" data-markerlat=\"46.2103983\" data-markerlon=\"6.1286478\" data-markericon=\"\/wp-content\/uploads\/sites\/6\/2017\/11\/area_marker_4.png\" data-markericonhover=\"\" data-streetview=\"no\" data-fromview=\"\">\n            <article class=\"marker-itinerario\">\n\t<div class=\"entry-thumbnail\">\n      \n      \n      \t<img loading=\"lazy\" decoding=\"async\" width=\"1920\" height=\"1080\" src=\"https:\/\/static.tecnichenuove.it\/areaarch\/2024\/06\/10_tri_gaz_322.jpg\" class=\"attachment-post-thumbnail size-post-thumbnail wp-post-image\" alt=\"\" srcset=\"https:\/\/static.tecnichenuove.it\/areaarch\/2024\/06\/10_tri_gaz_322.jpg 1920w, https:\/\/static.tecnichenuove.it\/areaarch\/2024\/06\/10_tri_gaz_322-300x169.jpg 300w, https:\/\/static.tecnichenuove.it\/areaarch\/2024\/06\/10_tri_gaz_322-1024x576.jpg 1024w, https:\/\/static.tecnichenuove.it\/areaarch\/2024\/06\/10_tri_gaz_322-768x432.jpg 768w, https:\/\/static.tecnichenuove.it\/areaarch\/2024\/06\/10_tri_gaz_322-1536x864.jpg 1536w, https:\/\/static.tecnichenuove.it\/areaarch\/2024\/06\/10_tri_gaz_322-696x392.jpg 696w, https:\/\/static.tecnichenuove.it\/areaarch\/2024\/06\/10_tri_gaz_322-1068x601.jpg 1068w, https:\/\/static.tecnichenuove.it\/areaarch\/2024\/06\/10_tri_gaz_322-747x420.jpg 747w\" sizes=\"auto, (max-width: 1920px) 100vw, 1920px\" \/>\n      \t<img decoding=\"async\" src=\"https:\/\/www.area-arch.it\/wp-content\/uploads\/sites\/6\/2024\/06\/Screenshot-2024-06-20-alle-11.42.18.jpg\" class=\"attachment-post-thumbnail\" \/>\n      \n\t<\/div>\n  \t<div class=\"entry-column\">\n      <h3 class=\"entry-title td-module-title\">EVE Le Gazouillis<\/h3>\n      <div class=\"td-excerpt\">\n            <div id=\"wpcf-field-tipology\" class=\"wpcf-field-select wpcf-field-tipology\"><span class=\"wpcf-field-name wpcf-field-select-name wpcf-field-tipology-name\">tipology:<\/span> <span class=\"wpcf-field-value wpcf-field-select-value wpcf-field-tipology-value\">education<\/span><\/div>\n            <div id=\"wpcf-field-architect\" class=\"wpcf-field-single-line wpcf-field-architect\"><span class=\"wpcf-field-name wpcf-field-single-line-name wpcf-field-architect-name\">architect:<\/span> <span class=\"wpcf-field-value wpcf-field-single-line-value wpcf-field-architect-value\">Omar Trinca<\/span><\/div>\n            <div id=\"wpcf-field-realization\" class=\"wpcf-field-number wpcf-field-realization\"><span class=\"wpcf-field-name wpcf-field-number-name wpcf-field-realization-name\">realization:<\/span> <span class=\"wpcf-field-value wpcf-field-number-value wpcf-field-realization-value\">2012<\/span><\/div>\n            Rue Lamartine, Ginevra, Svizzera\n          <\/div>\n  <\/div>\n<\/article>\n          <\/div>\n            <h4><a href=\"#\" onclick=\"cimap();\" class=\"link-marker js-wpv-addon-maps-focus-map js-toolset-maps-hover-map-map-1-marker-marker-146522 js-toolset-maps-open-infowindow-map-map-1-marker-marker-146522\" data-map=\"map-1\" data-marker=\"marker-146522\">47. EVE Le Gazouillis<\/a><\/h4>\n            <div id=\"wpcf-field-tipology\" class=\"wpcf-field-select wpcf-field-tipology\"><span class=\"wpcf-field-name wpcf-field-select-name wpcf-field-tipology-name\">tipology:<\/span> <span class=\"wpcf-field-value wpcf-field-select-value wpcf-field-tipology-value\">education<\/span><\/div> | <div id=\"wpcf-field-architect\" class=\"wpcf-field-single-line wpcf-field-architect\"><span class=\"wpcf-field-name wpcf-field-single-line-name wpcf-field-architect-name\">architect:<\/span> <span class=\"wpcf-field-value wpcf-field-single-line-value wpcf-field-architect-value\">Omar Trinca<\/span><\/div> | <div id=\"wpcf-field-realization\" class=\"wpcf-field-number wpcf-field-realization\"><span class=\"wpcf-field-name wpcf-field-number-name wpcf-field-realization-name\">realization:<\/span> <span class=\"wpcf-field-value wpcf-field-number-value wpcf-field-realization-value\">2012<\/span><\/div>\n          <\/li>\n\t\t\n          <li>\n            \n          <div style=\"display:none\" class=\"wpv-addon-maps-marker js-wpv-addon-maps-marker js-wpv-addon-maps-marker-marker-146525 js-wpv-addon-maps-markerfor-map-1\" data-marker=\"marker-146525\" data-markertitle=\"Maison des Etudiants\" data-markerfor=\"map-1\" data-markerlat=\"46.1996332\" data-markerlon=\"6.1479164\" data-markericon=\"\/wp-content\/uploads\/sites\/6\/2017\/11\/area_marker_13.png\" data-markericonhover=\"\" data-streetview=\"no\" data-fromview=\"\">\n            <article class=\"marker-itinerario\">\n\t<div class=\"entry-thumbnail\">\n      \n      \n      \t<img loading=\"lazy\" decoding=\"async\" width=\"533\" height=\"800\" src=\"https:\/\/static.tecnichenuove.it\/areaarch\/2024\/06\/Portada.jpg\" class=\"attachment-post-thumbnail size-post-thumbnail wp-post-image\" alt=\"\" srcset=\"https:\/\/static.tecnichenuove.it\/areaarch\/2024\/06\/Portada.jpg 533w, https:\/\/static.tecnichenuove.it\/areaarch\/2024\/06\/Portada-200x300.jpg 200w, https:\/\/static.tecnichenuove.it\/areaarch\/2024\/06\/Portada-280x420.jpg 280w\" sizes=\"auto, (max-width: 533px) 100vw, 533px\" \/>\n      \t<img decoding=\"async\" src=\"https:\/\/www.area-arch.it\/wp-content\/uploads\/sites\/6\/2024\/06\/lacroix-chessex-radek-brunecky-iheid-maison-des-etudiants.jpg\" class=\"attachment-post-thumbnail\" \/>\n      \n\t<\/div>\n  \t<div class=\"entry-column\">\n      <h3 class=\"entry-title td-module-title\">Maison des Etudiants<\/h3>\n      <div class=\"td-excerpt\">\n            <div id=\"wpcf-field-tipology\" class=\"wpcf-field-select wpcf-field-tipology\"><span class=\"wpcf-field-name wpcf-field-select-name wpcf-field-tipology-name\">tipology:<\/span> <span class=\"wpcf-field-value wpcf-field-select-value wpcf-field-tipology-value\">residential<\/span><\/div>\n            <div id=\"wpcf-field-architect\" class=\"wpcf-field-single-line wpcf-field-architect\"><span class=\"wpcf-field-name wpcf-field-single-line-name wpcf-field-architect-name\">architect:<\/span> <span class=\"wpcf-field-value wpcf-field-single-line-value wpcf-field-architect-value\">Lacroix Chessex<\/span><\/div>\n            <div id=\"wpcf-field-realization\" class=\"wpcf-field-number wpcf-field-realization\"><span class=\"wpcf-field-name wpcf-field-number-name wpcf-field-realization-name\">realization:<\/span> <span class=\"wpcf-field-value wpcf-field-number-value wpcf-field-realization-value\">2012<\/span><\/div>\n            Rue Julienne-Piachaud, Ginevra, Svizzera\n          <\/div>\n  <\/div>\n<\/article>\n          <\/div>\n            <h4><a href=\"#\" onclick=\"cimap();\" class=\"link-marker js-wpv-addon-maps-focus-map js-toolset-maps-hover-map-map-1-marker-marker-146525 js-toolset-maps-open-infowindow-map-map-1-marker-marker-146525\" data-map=\"map-1\" data-marker=\"marker-146525\">48. Maison des Etudiants<\/a><\/h4>\n            <div id=\"wpcf-field-tipology\" class=\"wpcf-field-select wpcf-field-tipology\"><span class=\"wpcf-field-name wpcf-field-select-name wpcf-field-tipology-name\">tipology:<\/span> <span class=\"wpcf-field-value wpcf-field-select-value wpcf-field-tipology-value\">residential<\/span><\/div> | <div id=\"wpcf-field-architect\" class=\"wpcf-field-single-line wpcf-field-architect\"><span class=\"wpcf-field-name wpcf-field-single-line-name wpcf-field-architect-name\">architect:<\/span> <span class=\"wpcf-field-value wpcf-field-single-line-value wpcf-field-architect-value\">Lacroix Chessex<\/span><\/div> | <div id=\"wpcf-field-realization\" class=\"wpcf-field-number wpcf-field-realization\"><span class=\"wpcf-field-name wpcf-field-number-name wpcf-field-realization-name\">realization:<\/span> <span class=\"wpcf-field-value wpcf-field-number-value wpcf-field-realization-value\">2012<\/span><\/div>\n          <\/li>\n\t\t\n          <li>\n            \n          <div style=\"display:none\" class=\"wpv-addon-maps-marker js-wpv-addon-maps-marker js-wpv-addon-maps-marker-marker-146528 js-wpv-addon-maps-markerfor-map-1\" data-marker=\"marker-146528\" data-markertitle=\"\u00c9cole de commerce Nicolas-Bouvier\" data-markerfor=\"map-1\" data-markerlat=\"46.2054328\" data-markerlon=\"6.13219\" data-markericon=\"\/wp-content\/uploads\/sites\/6\/2017\/11\/area_marker_4.png\" data-markericonhover=\"\" data-streetview=\"no\" data-fromview=\"\">\n            <article class=\"marker-itinerario\">\n\t<div class=\"entry-thumbnail\">\n      \n      \t<img loading=\"lazy\" decoding=\"async\" width=\"300\" height=\"169\" src=\"https:\/\/static.tecnichenuove.it\/areaarch\/2024\/06\/DJI_0020-300x169.jpeg\" class=\"attachment-medium size-medium wp-post-image\" alt=\"\" srcset=\"https:\/\/static.tecnichenuove.it\/areaarch\/2024\/06\/DJI_0020-300x169.jpeg 300w, https:\/\/static.tecnichenuove.it\/areaarch\/2024\/06\/DJI_0020-768x432.jpeg 768w, https:\/\/static.tecnichenuove.it\/areaarch\/2024\/06\/DJI_0020-696x392.jpeg 696w, https:\/\/static.tecnichenuove.it\/areaarch\/2024\/06\/DJI_0020-747x420.jpeg 747w, https:\/\/static.tecnichenuove.it\/areaarch\/2024\/06\/DJI_0020.jpeg 1024w\" sizes=\"auto, (max-width: 300px) 100vw, 300px\" \/>\n      \n      \n\t<\/div>\n  \t<div class=\"entry-column\">\n      <h3 class=\"entry-title td-module-title\">\u00c9cole de commerce Nicolas-Bouvier<\/h3>\n      <div class=\"td-excerpt\">\n            <div id=\"wpcf-field-tipology\" class=\"wpcf-field-select wpcf-field-tipology\"><span class=\"wpcf-field-name wpcf-field-select-name wpcf-field-tipology-name\">tipology:<\/span> <span class=\"wpcf-field-value wpcf-field-select-value wpcf-field-tipology-value\">education<\/span><\/div>\n            <div id=\"wpcf-field-architect\" class=\"wpcf-field-single-line wpcf-field-architect\"><span class=\"wpcf-field-name wpcf-field-single-line-name wpcf-field-architect-name\">architect:<\/span> <span class=\"wpcf-field-value wpcf-field-single-line-value wpcf-field-architect-value\">Georges Addor and Pierre Pradervand<\/span><\/div>\n            <div id=\"wpcf-field-realization\" class=\"wpcf-field-number wpcf-field-realization\"><span class=\"wpcf-field-name wpcf-field-number-name wpcf-field-realization-name\">realization:<\/span> <span class=\"wpcf-field-value wpcf-field-number-value wpcf-field-realization-value\">1964<\/span><\/div>\n            Rue de Saint-Jean, Ginevra, Svizzera\n          <\/div>\n  <\/div>\n<\/article>\n          <\/div>\n            <h4><a href=\"#\" onclick=\"cimap();\" class=\"link-marker js-wpv-addon-maps-focus-map js-toolset-maps-hover-map-map-1-marker-marker-146528 js-toolset-maps-open-infowindow-map-map-1-marker-marker-146528\" data-map=\"map-1\" data-marker=\"marker-146528\">49. \u00c9cole de commerce Nicolas-Bouvier<\/a><\/h4>\n            <div id=\"wpcf-field-tipology\" class=\"wpcf-field-select wpcf-field-tipology\"><span class=\"wpcf-field-name wpcf-field-select-name wpcf-field-tipology-name\">tipology:<\/span> <span class=\"wpcf-field-value wpcf-field-select-value wpcf-field-tipology-value\">education<\/span><\/div> | <div id=\"wpcf-field-architect\" class=\"wpcf-field-single-line wpcf-field-architect\"><span class=\"wpcf-field-name wpcf-field-single-line-name wpcf-field-architect-name\">architect:<\/span> <span class=\"wpcf-field-value wpcf-field-single-line-value wpcf-field-architect-value\">Georges Addor and Pierre Pradervand<\/span><\/div> | <div id=\"wpcf-field-realization\" class=\"wpcf-field-number wpcf-field-realization\"><span class=\"wpcf-field-name wpcf-field-number-name wpcf-field-realization-name\">realization:<\/span> <span class=\"wpcf-field-value wpcf-field-number-value wpcf-field-realization-value\">1964<\/span><\/div>\n          <\/li>\n\t\t\n          <li>\n            \n          <div style=\"display:none\" class=\"wpv-addon-maps-marker js-wpv-addon-maps-marker js-wpv-addon-maps-marker-marker-146530 js-wpv-addon-maps-markerfor-map-1\" data-marker=\"marker-146530\" data-markertitle=\"Film Noir Studio\" data-markerfor=\"map-1\" data-markerlat=\"46.2081188\" data-markerlon=\"6.1454925\" data-markericon=\"\/wp-content\/uploads\/sites\/6\/2017\/11\/area_marker_11.png\" data-markericonhover=\"\" data-streetview=\"no\" data-fromview=\"\">\n            <article class=\"marker-itinerario\">\n\t<div class=\"entry-thumbnail\">\n      \n      \n      \t<img loading=\"lazy\" decoding=\"async\" width=\"1440\" height=\"1920\" src=\"https:\/\/static.tecnichenuove.it\/areaarch\/2024\/06\/film-noir-studio-leopold-banchini-architects-plus-giona-bierens-de-haan-architectures-03-arcit18.jpeg\" class=\"attachment-post-thumbnail size-post-thumbnail wp-post-image\" alt=\"\" srcset=\"https:\/\/static.tecnichenuove.it\/areaarch\/2024\/06\/film-noir-studio-leopold-banchini-architects-plus-giona-bierens-de-haan-architectures-03-arcit18.jpeg 1440w, https:\/\/static.tecnichenuove.it\/areaarch\/2024\/06\/film-noir-studio-leopold-banchini-architects-plus-giona-bierens-de-haan-architectures-03-arcit18-225x300.jpeg 225w, https:\/\/static.tecnichenuove.it\/areaarch\/2024\/06\/film-noir-studio-leopold-banchini-architects-plus-giona-bierens-de-haan-architectures-03-arcit18-768x1024.jpeg 768w, https:\/\/static.tecnichenuove.it\/areaarch\/2024\/06\/film-noir-studio-leopold-banchini-architects-plus-giona-bierens-de-haan-architectures-03-arcit18-1152x1536.jpeg 1152w, https:\/\/static.tecnichenuove.it\/areaarch\/2024\/06\/film-noir-studio-leopold-banchini-architects-plus-giona-bierens-de-haan-architectures-03-arcit18-696x928.jpeg 696w, https:\/\/static.tecnichenuove.it\/areaarch\/2024\/06\/film-noir-studio-leopold-banchini-architects-plus-giona-bierens-de-haan-architectures-03-arcit18-1068x1424.jpeg 1068w, https:\/\/static.tecnichenuove.it\/areaarch\/2024\/06\/film-noir-studio-leopold-banchini-architects-plus-giona-bierens-de-haan-architectures-03-arcit18-315x420.jpeg 315w\" sizes=\"auto, (max-width: 1440px) 100vw, 1440px\" \/>\n      \t<img decoding=\"async\" src=\"https:\/\/www.area-arch.it\/wp-content\/uploads\/sites\/6\/2024\/06\/metalocus_gbdh-banchini_film_noir_09.jpeg\" class=\"attachment-post-thumbnail\" \/>\n      \n\t<\/div>\n  \t<div class=\"entry-column\">\n      <h3 class=\"entry-title td-module-title\">Film Noir Studio<\/h3>\n      <div class=\"td-excerpt\">\n            <div id=\"wpcf-field-tipology\" class=\"wpcf-field-select wpcf-field-tipology\"><span class=\"wpcf-field-name wpcf-field-select-name wpcf-field-tipology-name\">tipology:<\/span> <span class=\"wpcf-field-value wpcf-field-select-value wpcf-field-tipology-value\">office<\/span><\/div>\n            <div id=\"wpcf-field-architect\" class=\"wpcf-field-single-line wpcf-field-architect\"><span class=\"wpcf-field-name wpcf-field-single-line-name wpcf-field-architect-name\">architect:<\/span> <span class=\"wpcf-field-value wpcf-field-single-line-value wpcf-field-architect-value\">Leopold Banchini Architects + Giona Bierens de Haan Architecture<\/span><\/div>\n            <div id=\"wpcf-field-realization\" class=\"wpcf-field-number wpcf-field-realization\"><span class=\"wpcf-field-name wpcf-field-number-name wpcf-field-realization-name\">realization:<\/span> <span class=\"wpcf-field-value wpcf-field-number-value wpcf-field-realization-value\">2023<\/span><\/div>\n            Rue du Mont-Blanc, Ginevra, Svizzera\n          <\/div>\n  <\/div>\n<\/article>\n          <\/div>\n            <h4><a href=\"#\" onclick=\"cimap();\" class=\"link-marker js-wpv-addon-maps-focus-map js-toolset-maps-hover-map-map-1-marker-marker-146530 js-toolset-maps-open-infowindow-map-map-1-marker-marker-146530\" data-map=\"map-1\" data-marker=\"marker-146530\">50. Film Noir Studio<\/a><\/h4>\n            <div id=\"wpcf-field-tipology\" class=\"wpcf-field-select wpcf-field-tipology\"><span class=\"wpcf-field-name wpcf-field-select-name wpcf-field-tipology-name\">tipology:<\/span> <span class=\"wpcf-field-value wpcf-field-select-value wpcf-field-tipology-value\">office<\/span><\/div> | <div id=\"wpcf-field-architect\" class=\"wpcf-field-single-line wpcf-field-architect\"><span class=\"wpcf-field-name wpcf-field-single-line-name wpcf-field-architect-name\">architect:<\/span> <span class=\"wpcf-field-value wpcf-field-single-line-value wpcf-field-architect-value\">Leopold Banchini Architects + Giona Bierens de Haan Architecture<\/span><\/div> | <div id=\"wpcf-field-realization\" class=\"wpcf-field-number wpcf-field-realization\"><span class=\"wpcf-field-name wpcf-field-number-name wpcf-field-realization-name\">realization:<\/span> <span class=\"wpcf-field-value wpcf-field-number-value wpcf-field-realization-value\">2023<\/span><\/div>\n          <\/li>\n\t\t\n          <li>\n            \n          <div style=\"display:none\" class=\"wpv-addon-maps-marker js-wpv-addon-maps-marker js-wpv-addon-maps-marker-marker-146533 js-wpv-addon-maps-markerfor-map-1\" data-marker=\"marker-146533\" data-markertitle=\"Urban Housing And Cr\u00e8che\" data-markerfor=\"map-1\" data-markerlat=\"46.2072447\" data-markerlon=\"6.144937\" data-markericon=\"\/wp-content\/uploads\/sites\/6\/2017\/11\/area_marker_13.png\" data-markericonhover=\"\" data-streetview=\"no\" data-fromview=\"\">\n            <article class=\"marker-itinerario\">\n\t<div class=\"entry-thumbnail\">\n      \n      \n      \t<img loading=\"lazy\" decoding=\"async\" width=\"936\" height=\"1170\" src=\"https:\/\/static.tecnichenuove.it\/areaarch\/2024\/06\/Screenshot-2024-06-20-alle-11.50.50.jpg\" class=\"attachment-post-thumbnail size-post-thumbnail wp-post-image\" alt=\"\" srcset=\"https:\/\/static.tecnichenuove.it\/areaarch\/2024\/06\/Screenshot-2024-06-20-alle-11.50.50.jpg 936w, https:\/\/static.tecnichenuove.it\/areaarch\/2024\/06\/Screenshot-2024-06-20-alle-11.50.50-240x300.jpg 240w, https:\/\/static.tecnichenuove.it\/areaarch\/2024\/06\/Screenshot-2024-06-20-alle-11.50.50-819x1024.jpg 819w, https:\/\/static.tecnichenuove.it\/areaarch\/2024\/06\/Screenshot-2024-06-20-alle-11.50.50-768x960.jpg 768w, https:\/\/static.tecnichenuove.it\/areaarch\/2024\/06\/Screenshot-2024-06-20-alle-11.50.50-696x870.jpg 696w, https:\/\/static.tecnichenuove.it\/areaarch\/2024\/06\/Screenshot-2024-06-20-alle-11.50.50-336x420.jpg 336w\" sizes=\"auto, (max-width: 936px) 100vw, 936px\" \/>\n      \t<img decoding=\"async\" src=\"https:\/\/www.area-arch.it\/wp-content\/uploads\/sites\/6\/2024\/06\/sergison-bates-architects-jaccaud-spicher-architectes-associes-david-grandorge-urban-housing-and-creche.jpg\" class=\"attachment-post-thumbnail\" \/>\n      \n\t<\/div>\n  \t<div class=\"entry-column\">\n      <h3 class=\"entry-title td-module-title\">Urban Housing And Cr\u00e8che<\/h3>\n      <div class=\"td-excerpt\">\n            <div id=\"wpcf-field-tipology\" class=\"wpcf-field-select wpcf-field-tipology\"><span class=\"wpcf-field-name wpcf-field-select-name wpcf-field-tipology-name\">tipology:<\/span> <span class=\"wpcf-field-value wpcf-field-select-value wpcf-field-tipology-value\">residential<\/span><\/div>\n            <div id=\"wpcf-field-architect\" class=\"wpcf-field-single-line wpcf-field-architect\"><span class=\"wpcf-field-name wpcf-field-single-line-name wpcf-field-architect-name\">architect:<\/span> <span class=\"wpcf-field-value wpcf-field-single-line-value wpcf-field-architect-value\">Sergison Bates Architects<\/span><\/div>\n            <div id=\"wpcf-field-realization\" class=\"wpcf-field-number wpcf-field-realization\"><span class=\"wpcf-field-name wpcf-field-number-name wpcf-field-realization-name\">realization:<\/span> <span class=\"wpcf-field-value wpcf-field-number-value wpcf-field-realization-value\">2011<\/span><\/div>\n            Rue du Cendrier, Ginevra, Svizzera\n          <\/div>\n  <\/div>\n<\/article>\n          <\/div>\n            <h4><a href=\"#\" onclick=\"cimap();\" class=\"link-marker js-wpv-addon-maps-focus-map js-toolset-maps-hover-map-map-1-marker-marker-146533 js-toolset-maps-open-infowindow-map-map-1-marker-marker-146533\" data-map=\"map-1\" data-marker=\"marker-146533\">51. Urban Housing And Cr\u00e8che<\/a><\/h4>\n            <div id=\"wpcf-field-tipology\" class=\"wpcf-field-select wpcf-field-tipology\"><span class=\"wpcf-field-name wpcf-field-select-name wpcf-field-tipology-name\">tipology:<\/span> <span class=\"wpcf-field-value wpcf-field-select-value wpcf-field-tipology-value\">residential<\/span><\/div> | <div id=\"wpcf-field-architect\" class=\"wpcf-field-single-line wpcf-field-architect\"><span class=\"wpcf-field-name wpcf-field-single-line-name wpcf-field-architect-name\">architect:<\/span> <span class=\"wpcf-field-value wpcf-field-single-line-value wpcf-field-architect-value\">Sergison Bates Architects<\/span><\/div> | <div id=\"wpcf-field-realization\" class=\"wpcf-field-number wpcf-field-realization\"><span class=\"wpcf-field-name wpcf-field-number-name wpcf-field-realization-name\">realization:<\/span> <span class=\"wpcf-field-value wpcf-field-number-value wpcf-field-realization-value\">2011<\/span><\/div>\n          <\/li>\n\t\t\n          <li>\n            \n          <div style=\"display:none\" class=\"wpv-addon-maps-marker js-wpv-addon-maps-marker js-wpv-addon-maps-marker-marker-146536 js-wpv-addon-maps-markerfor-map-1\" data-marker=\"marker-146536\" data-markertitle=\"Passage flottant du Mont-Blanc\" data-markerfor=\"map-1\" data-markerlat=\"46.205778\" data-markerlon=\"6.1469954\" data-markericon=\"\/wp-content\/uploads\/sites\/6\/2017\/11\/area_marker_6.png\" data-markericonhover=\"\" data-streetview=\"no\" data-fromview=\"\">\n            <article class=\"marker-itinerario\">\n\t<div class=\"entry-thumbnail\">\n      \n      \t<img loading=\"lazy\" decoding=\"async\" width=\"300\" height=\"225\" src=\"https:\/\/static.tecnichenuove.it\/areaarch\/2024\/06\/102-Passerelle_MtB-01-Sous_passage-300x225.jpg\" class=\"attachment-medium size-medium wp-post-image\" alt=\"\" srcset=\"https:\/\/static.tecnichenuove.it\/areaarch\/2024\/06\/102-Passerelle_MtB-01-Sous_passage-300x225.jpg 300w, https:\/\/static.tecnichenuove.it\/areaarch\/2024\/06\/102-Passerelle_MtB-01-Sous_passage-1024x768.jpg 1024w, https:\/\/static.tecnichenuove.it\/areaarch\/2024\/06\/102-Passerelle_MtB-01-Sous_passage-768x576.jpg 768w, https:\/\/static.tecnichenuove.it\/areaarch\/2024\/06\/102-Passerelle_MtB-01-Sous_passage-1536x1152.jpg 1536w, https:\/\/static.tecnichenuove.it\/areaarch\/2024\/06\/102-Passerelle_MtB-01-Sous_passage-80x60.jpg 80w, https:\/\/static.tecnichenuove.it\/areaarch\/2024\/06\/102-Passerelle_MtB-01-Sous_passage-160x120.jpg 160w, https:\/\/static.tecnichenuove.it\/areaarch\/2024\/06\/102-Passerelle_MtB-01-Sous_passage-265x198.jpg 265w, https:\/\/static.tecnichenuove.it\/areaarch\/2024\/06\/102-Passerelle_MtB-01-Sous_passage-696x522.jpg 696w, https:\/\/static.tecnichenuove.it\/areaarch\/2024\/06\/102-Passerelle_MtB-01-Sous_passage-1068x801.jpg 1068w, https:\/\/static.tecnichenuove.it\/areaarch\/2024\/06\/102-Passerelle_MtB-01-Sous_passage-560x420.jpg 560w, https:\/\/static.tecnichenuove.it\/areaarch\/2024\/06\/102-Passerelle_MtB-01-Sous_passage.jpg 2048w\" sizes=\"auto, (max-width: 300px) 100vw, 300px\" \/>\n      \n      \n\t<\/div>\n  \t<div class=\"entry-column\">\n      <h3 class=\"entry-title td-module-title\">Passage flottant du Mont-Blanc<\/h3>\n      <div class=\"td-excerpt\">\n            <div id=\"wpcf-field-tipology\" class=\"wpcf-field-select wpcf-field-tipology\"><span class=\"wpcf-field-name wpcf-field-select-name wpcf-field-tipology-name\">tipology:<\/span> <span class=\"wpcf-field-value wpcf-field-select-value wpcf-field-tipology-value\">infrastructure<\/span><\/div>\n            <div id=\"wpcf-field-architect\" class=\"wpcf-field-single-line wpcf-field-architect\"><span class=\"wpcf-field-name wpcf-field-single-line-name wpcf-field-architect-name\">architect:<\/span> <span class=\"wpcf-field-value wpcf-field-single-line-value wpcf-field-architect-value\">BMV Architects<\/span><\/div>\n            <div id=\"wpcf-field-realization\" class=\"wpcf-field-number wpcf-field-realization\"><span class=\"wpcf-field-name wpcf-field-number-name wpcf-field-realization-name\">realization:<\/span> <span class=\"wpcf-field-value wpcf-field-number-value wpcf-field-realization-value\">2001<\/span><\/div>\n            Pont des Bergues, Ginevra, Svizzera\n          <\/div>\n  <\/div>\n<\/article>\n          <\/div>\n            <h4><a href=\"#\" onclick=\"cimap();\" class=\"link-marker js-wpv-addon-maps-focus-map js-toolset-maps-hover-map-map-1-marker-marker-146536 js-toolset-maps-open-infowindow-map-map-1-marker-marker-146536\" data-map=\"map-1\" data-marker=\"marker-146536\">52. Passage flottant du Mont-Blanc<\/a><\/h4>\n            <div id=\"wpcf-field-tipology\" class=\"wpcf-field-select wpcf-field-tipology\"><span class=\"wpcf-field-name wpcf-field-select-name wpcf-field-tipology-name\">tipology:<\/span> <span class=\"wpcf-field-value wpcf-field-select-value wpcf-field-tipology-value\">infrastructure<\/span><\/div> | <div id=\"wpcf-field-architect\" class=\"wpcf-field-single-line wpcf-field-architect\"><span class=\"wpcf-field-name wpcf-field-single-line-name wpcf-field-architect-name\">architect:<\/span> <span class=\"wpcf-field-value wpcf-field-single-line-value wpcf-field-architect-value\">BMV Architects<\/span><\/div> | <div id=\"wpcf-field-realization\" class=\"wpcf-field-number wpcf-field-realization\"><span class=\"wpcf-field-name wpcf-field-number-name wpcf-field-realization-name\">realization:<\/span> <span class=\"wpcf-field-value wpcf-field-number-value wpcf-field-realization-value\">2001<\/span><\/div>\n          <\/li>\n\t\t\n          <li>\n            \n          <div style=\"display:none\" class=\"wpv-addon-maps-marker js-wpv-addon-maps-marker js-wpv-addon-maps-marker-marker-146538 js-wpv-addon-maps-markerfor-map-1\" data-marker=\"marker-146538\" data-markertitle=\"Credit Suisse HQ\" data-markerfor=\"map-1\" data-markerlat=\"46.2042553\" data-markerlon=\"6.1431031\" data-markericon=\"\/wp-content\/uploads\/sites\/6\/2017\/11\/area_marker_11.png\" data-markericonhover=\"\" data-streetview=\"no\" data-fromview=\"\">\n            <article class=\"marker-itinerario\">\n\t<div class=\"entry-thumbnail\">\n      \n      \n      \t<img loading=\"lazy\" decoding=\"async\" width=\"1544\" height=\"1920\" src=\"https:\/\/static.tecnichenuove.it\/areaarch\/2024\/06\/163_04_Credit_Suisse_Genf_005_Daniela_Tonatiuh_web.jpg\" class=\"attachment-post-thumbnail size-post-thumbnail wp-post-image\" alt=\"\" srcset=\"https:\/\/static.tecnichenuove.it\/areaarch\/2024\/06\/163_04_Credit_Suisse_Genf_005_Daniela_Tonatiuh_web.jpg 1544w, https:\/\/static.tecnichenuove.it\/areaarch\/2024\/06\/163_04_Credit_Suisse_Genf_005_Daniela_Tonatiuh_web-241x300.jpg 241w, https:\/\/static.tecnichenuove.it\/areaarch\/2024\/06\/163_04_Credit_Suisse_Genf_005_Daniela_Tonatiuh_web-823x1024.jpg 823w, https:\/\/static.tecnichenuove.it\/areaarch\/2024\/06\/163_04_Credit_Suisse_Genf_005_Daniela_Tonatiuh_web-768x955.jpg 768w, https:\/\/static.tecnichenuove.it\/areaarch\/2024\/06\/163_04_Credit_Suisse_Genf_005_Daniela_Tonatiuh_web-1235x1536.jpg 1235w, https:\/\/static.tecnichenuove.it\/areaarch\/2024\/06\/163_04_Credit_Suisse_Genf_005_Daniela_Tonatiuh_web-696x865.jpg 696w, https:\/\/static.tecnichenuove.it\/areaarch\/2024\/06\/163_04_Credit_Suisse_Genf_005_Daniela_Tonatiuh_web-1068x1328.jpg 1068w, https:\/\/static.tecnichenuove.it\/areaarch\/2024\/06\/163_04_Credit_Suisse_Genf_005_Daniela_Tonatiuh_web-338x420.jpg 338w\" sizes=\"auto, (max-width: 1544px) 100vw, 1544px\" \/>\n      \t<img decoding=\"async\" src=\"https:\/\/www.area-arch.it\/wp-content\/uploads\/sites\/6\/2024\/06\/513320_Guemligenpark_PDR_1201_001_EG-e1718877814726.jpg\" class=\"attachment-post-thumbnail\" \/>\n      \n\t<\/div>\n  \t<div class=\"entry-column\">\n      <h3 class=\"entry-title td-module-title\">Credit Suisse HQ<\/h3>\n      <div class=\"td-excerpt\">\n            <div id=\"wpcf-field-tipology\" class=\"wpcf-field-select wpcf-field-tipology\"><span class=\"wpcf-field-name wpcf-field-select-name wpcf-field-tipology-name\">tipology:<\/span> <span class=\"wpcf-field-value wpcf-field-select-value wpcf-field-tipology-value\">office<\/span><\/div>\n            <div id=\"wpcf-field-architect\" class=\"wpcf-field-single-line wpcf-field-architect\"><span class=\"wpcf-field-name wpcf-field-single-line-name wpcf-field-architect-name\">architect:<\/span> <span class=\"wpcf-field-value wpcf-field-single-line-value wpcf-field-architect-value\">BUCHNER BR\u00dcNDLER ARCHITEKTEN<\/span><\/div>\n            <div id=\"wpcf-field-realization\" class=\"wpcf-field-number wpcf-field-realization\"><span class=\"wpcf-field-name wpcf-field-number-name wpcf-field-realization-name\">realization:<\/span> <span class=\"wpcf-field-value wpcf-field-number-value wpcf-field-realization-value\">2014<\/span><\/div>\n            Pl. de Bel-Air, Ginevra, Svizzera\n          <\/div>\n  <\/div>\n<\/article>\n          <\/div>\n            <h4><a href=\"#\" onclick=\"cimap();\" class=\"link-marker js-wpv-addon-maps-focus-map js-toolset-maps-hover-map-map-1-marker-marker-146538 js-toolset-maps-open-infowindow-map-map-1-marker-marker-146538\" data-map=\"map-1\" data-marker=\"marker-146538\">53. Credit Suisse HQ<\/a><\/h4>\n            <div id=\"wpcf-field-tipology\" class=\"wpcf-field-select wpcf-field-tipology\"><span class=\"wpcf-field-name wpcf-field-select-name wpcf-field-tipology-name\">tipology:<\/span> <span class=\"wpcf-field-value wpcf-field-select-value wpcf-field-tipology-value\">office<\/span><\/div> | <div id=\"wpcf-field-architect\" class=\"wpcf-field-single-line wpcf-field-architect\"><span class=\"wpcf-field-name wpcf-field-single-line-name wpcf-field-architect-name\">architect:<\/span> <span class=\"wpcf-field-value wpcf-field-single-line-value wpcf-field-architect-value\">BUCHNER BR\u00dcNDLER ARCHITEKTEN<\/span><\/div> | <div id=\"wpcf-field-realization\" class=\"wpcf-field-number wpcf-field-realization\"><span class=\"wpcf-field-name wpcf-field-number-name wpcf-field-realization-name\">realization:<\/span> <span class=\"wpcf-field-value wpcf-field-number-value wpcf-field-realization-value\">2014<\/span><\/div>\n          <\/li>\n\t\t\n          <li>\n            \n          <div style=\"display:none\" class=\"wpv-addon-maps-marker js-wpv-addon-maps-marker js-wpv-addon-maps-marker-marker-146541 js-wpv-addon-maps-markerfor-map-1\" data-marker=\"marker-146541\" data-markertitle=\"Student Housing\" data-markerfor=\"map-1\" data-markerlat=\"46.2038916\" data-markerlon=\"6.1367598\" data-markericon=\"\/wp-content\/uploads\/sites\/6\/2017\/11\/area_marker_13.png\" data-markericonhover=\"\" data-streetview=\"no\" data-fromview=\"\">\n            <article class=\"marker-itinerario\">\n\t<div class=\"entry-thumbnail\">\n      \n      \n      \t<img loading=\"lazy\" decoding=\"async\" width=\"414\" height=\"518\" src=\"https:\/\/static.tecnichenuove.it\/areaarch\/2024\/06\/075coulouvrenieretjantscher420.1506073708.7337.jpg\" class=\"attachment-post-thumbnail size-post-thumbnail wp-post-image\" alt=\"\" srcset=\"https:\/\/static.tecnichenuove.it\/areaarch\/2024\/06\/075coulouvrenieretjantscher420.1506073708.7337.jpg 414w, https:\/\/static.tecnichenuove.it\/areaarch\/2024\/06\/075coulouvrenieretjantscher420.1506073708.7337-240x300.jpg 240w, https:\/\/static.tecnichenuove.it\/areaarch\/2024\/06\/075coulouvrenieretjantscher420.1506073708.7337-336x420.jpg 336w\" sizes=\"auto, (max-width: 414px) 100vw, 414px\" \/>\n      \t<img decoding=\"async\" src=\"https:\/\/www.area-arch.it\/wp-content\/uploads\/sites\/6\/2024\/06\/62aaffaddba2b61ce1224d1e6adfb6be.jpg\" class=\"attachment-post-thumbnail\" \/>\n      \n\t<\/div>\n  \t<div class=\"entry-column\">\n      <h3 class=\"entry-title td-module-title\">Student Housing<\/h3>\n      <div class=\"td-excerpt\">\n            <div id=\"wpcf-field-tipology\" class=\"wpcf-field-select wpcf-field-tipology\"><span class=\"wpcf-field-name wpcf-field-select-name wpcf-field-tipology-name\">tipology:<\/span> <span class=\"wpcf-field-value wpcf-field-select-value wpcf-field-tipology-value\">residential<\/span><\/div>\n            <div id=\"wpcf-field-architect\" class=\"wpcf-field-single-line wpcf-field-architect\"><span class=\"wpcf-field-name wpcf-field-single-line-name wpcf-field-architect-name\">architect:<\/span> <span class=\"wpcf-field-value wpcf-field-single-line-value wpcf-field-architect-value\">Charkes Pictect Architecte<\/span><\/div>\n            <div id=\"wpcf-field-realization\" class=\"wpcf-field-number wpcf-field-realization\"><span class=\"wpcf-field-name wpcf-field-number-name wpcf-field-realization-name\">realization:<\/span> <span class=\"wpcf-field-value wpcf-field-number-value wpcf-field-realization-value\">2011<\/span><\/div>\n            Rue de la Coulouvreni\u00e8re, Ginevra, Svizzera\n          <\/div>\n  <\/div>\n<\/article>\n          <\/div>\n            <h4><a href=\"#\" onclick=\"cimap();\" class=\"link-marker js-wpv-addon-maps-focus-map js-toolset-maps-hover-map-map-1-marker-marker-146541 js-toolset-maps-open-infowindow-map-map-1-marker-marker-146541\" data-map=\"map-1\" data-marker=\"marker-146541\">54. Student Housing<\/a><\/h4>\n            <div id=\"wpcf-field-tipology\" class=\"wpcf-field-select wpcf-field-tipology\"><span class=\"wpcf-field-name wpcf-field-select-name wpcf-field-tipology-name\">tipology:<\/span> <span class=\"wpcf-field-value wpcf-field-select-value wpcf-field-tipology-value\">residential<\/span><\/div> | <div id=\"wpcf-field-architect\" class=\"wpcf-field-single-line wpcf-field-architect\"><span class=\"wpcf-field-name wpcf-field-single-line-name wpcf-field-architect-name\">architect:<\/span> <span class=\"wpcf-field-value wpcf-field-single-line-value wpcf-field-architect-value\">Charkes Pictect Architecte<\/span><\/div> | <div id=\"wpcf-field-realization\" class=\"wpcf-field-number wpcf-field-realization\"><span class=\"wpcf-field-name wpcf-field-number-name wpcf-field-realization-name\">realization:<\/span> <span class=\"wpcf-field-value wpcf-field-number-value wpcf-field-realization-value\">2011<\/span><\/div>\n          <\/li>\n\t\t\n          <li>\n            \n          <div style=\"display:none\" class=\"wpv-addon-maps-marker js-wpv-addon-maps-marker js-wpv-addon-maps-marker-marker-146544 js-wpv-addon-maps-markerfor-map-1\" data-marker=\"marker-146544\" data-markertitle=\"Voli\u00e8re\" data-markerfor=\"map-1\" data-markerlat=\"46.19812\" data-markerlon=\"6.1234333\" data-markericon=\"\/wp-content\/uploads\/sites\/6\/2017\/11\/area_marker_12.png\" data-markericonhover=\"\" data-streetview=\"no\" data-fromview=\"\">\n            <article class=\"marker-itinerario\">\n\t<div class=\"entry-thumbnail\">\n      \n      \n      \t<img loading=\"lazy\" decoding=\"async\" width=\"450\" height=\"333\" src=\"https:\/\/static.tecnichenuove.it\/areaarch\/2024\/06\/aviary-by-group-8-with-guscetti-tournier-structural-engineering-voliere9.jpg\" class=\"attachment-post-thumbnail size-post-thumbnail wp-post-image\" alt=\"\" srcset=\"https:\/\/static.tecnichenuove.it\/areaarch\/2024\/06\/aviary-by-group-8-with-guscetti-tournier-structural-engineering-voliere9.jpg 450w, https:\/\/static.tecnichenuove.it\/areaarch\/2024\/06\/aviary-by-group-8-with-guscetti-tournier-structural-engineering-voliere9-300x222.jpg 300w, https:\/\/static.tecnichenuove.it\/areaarch\/2024\/06\/aviary-by-group-8-with-guscetti-tournier-structural-engineering-voliere9-80x60.jpg 80w\" sizes=\"auto, (max-width: 450px) 100vw, 450px\" \/>\n      \t<img decoding=\"async\" src=\"https:\/\/www.area-arch.it\/wp-content\/uploads\/sites\/6\/2024\/06\/unnamed-5.jpg\" class=\"attachment-post-thumbnail\" \/>\n      \n\t<\/div>\n  \t<div class=\"entry-column\">\n      <h3 class=\"entry-title td-module-title\">Voli\u00e8re<\/h3>\n      <div class=\"td-excerpt\">\n            <div id=\"wpcf-field-tipology\" class=\"wpcf-field-select wpcf-field-tipology\"><span class=\"wpcf-field-name wpcf-field-select-name wpcf-field-tipology-name\">tipology:<\/span> <span class=\"wpcf-field-value wpcf-field-select-value wpcf-field-tipology-value\">public<\/span><\/div>\n            <div id=\"wpcf-field-architect\" class=\"wpcf-field-single-line wpcf-field-architect\"><span class=\"wpcf-field-name wpcf-field-single-line-name wpcf-field-architect-name\">architect:<\/span> <span class=\"wpcf-field-value wpcf-field-single-line-value wpcf-field-architect-value\">group8<\/span><\/div>\n            <div id=\"wpcf-field-realization\" class=\"wpcf-field-number wpcf-field-realization\"><span class=\"wpcf-field-name wpcf-field-number-name wpcf-field-realization-name\">realization:<\/span> <span class=\"wpcf-field-value wpcf-field-number-value wpcf-field-realization-value\">2008<\/span><\/div>\n            Chem. de la B\u00e2tie, Ginevra, Svizzera\n          <\/div>\n  <\/div>\n<\/article>\n          <\/div>\n            <h4><a href=\"#\" onclick=\"cimap();\" class=\"link-marker js-wpv-addon-maps-focus-map js-toolset-maps-hover-map-map-1-marker-marker-146544 js-toolset-maps-open-infowindow-map-map-1-marker-marker-146544\" data-map=\"map-1\" data-marker=\"marker-146544\">55. Voli\u00e8re<\/a><\/h4>\n            <div id=\"wpcf-field-tipology\" class=\"wpcf-field-select wpcf-field-tipology\"><span class=\"wpcf-field-name wpcf-field-select-name wpcf-field-tipology-name\">tipology:<\/span> <span class=\"wpcf-field-value wpcf-field-select-value wpcf-field-tipology-value\">public<\/span><\/div> | <div id=\"wpcf-field-architect\" class=\"wpcf-field-single-line wpcf-field-architect\"><span class=\"wpcf-field-name wpcf-field-single-line-name wpcf-field-architect-name\">architect:<\/span> <span class=\"wpcf-field-value wpcf-field-single-line-value wpcf-field-architect-value\">group8<\/span><\/div> | <div id=\"wpcf-field-realization\" class=\"wpcf-field-number wpcf-field-realization\"><span class=\"wpcf-field-name wpcf-field-number-name wpcf-field-realization-name\">realization:<\/span> <span class=\"wpcf-field-value wpcf-field-number-value wpcf-field-realization-value\">2008<\/span><\/div>\n          <\/li>\n\t\t\n          <li>\n            \n          <div style=\"display:none\" class=\"wpv-addon-maps-marker js-wpv-addon-maps-marker js-wpv-addon-maps-marker-marker-146547 js-wpv-addon-maps-markerfor-map-1\" data-marker=\"marker-146547\" data-markertitle=\"Administrative Building &#8211; BAM\" data-markerfor=\"map-1\" data-markerlat=\"46.1821527\" data-markerlon=\"6.1151815\" data-markericon=\"\/wp-content\/uploads\/sites\/6\/2017\/11\/area_marker_11.png\" data-markericonhover=\"\" data-streetview=\"no\" data-fromview=\"\">\n            <article class=\"marker-itinerario\">\n\t<div class=\"entry-thumbnail\">\n      \n      \t<img loading=\"lazy\" decoding=\"async\" width=\"300\" height=\"225\" src=\"https:\/\/static.tecnichenuove.it\/areaarch\/2024\/06\/bcrarchitectes-administrative-building-300x225.jpg\" class=\"attachment-medium size-medium wp-post-image\" alt=\"\" srcset=\"https:\/\/static.tecnichenuove.it\/areaarch\/2024\/06\/bcrarchitectes-administrative-building-300x225.jpg 300w, https:\/\/static.tecnichenuove.it\/areaarch\/2024\/06\/bcrarchitectes-administrative-building-1024x767.jpg 1024w, https:\/\/static.tecnichenuove.it\/areaarch\/2024\/06\/bcrarchitectes-administrative-building-768x576.jpg 768w, https:\/\/static.tecnichenuove.it\/areaarch\/2024\/06\/bcrarchitectes-administrative-building-1536x1151.jpg 1536w, https:\/\/static.tecnichenuove.it\/areaarch\/2024\/06\/bcrarchitectes-administrative-building-80x60.jpg 80w, https:\/\/static.tecnichenuove.it\/areaarch\/2024\/06\/bcrarchitectes-administrative-building-160x120.jpg 160w, https:\/\/static.tecnichenuove.it\/areaarch\/2024\/06\/bcrarchitectes-administrative-building-265x198.jpg 265w, https:\/\/static.tecnichenuove.it\/areaarch\/2024\/06\/bcrarchitectes-administrative-building-696x522.jpg 696w, https:\/\/static.tecnichenuove.it\/areaarch\/2024\/06\/bcrarchitectes-administrative-building-1068x800.jpg 1068w, https:\/\/static.tecnichenuove.it\/areaarch\/2024\/06\/bcrarchitectes-administrative-building-560x420.jpg 560w, https:\/\/static.tecnichenuove.it\/areaarch\/2024\/06\/bcrarchitectes-administrative-building.jpg 1920w\" sizes=\"auto, (max-width: 300px) 100vw, 300px\" \/>\n      \n      \n\t<\/div>\n  \t<div class=\"entry-column\">\n      <h3 class=\"entry-title td-module-title\">Administrative Building &#8211; BAM<\/h3>\n      <div class=\"td-excerpt\">\n            <div id=\"wpcf-field-tipology\" class=\"wpcf-field-select wpcf-field-tipology\"><span class=\"wpcf-field-name wpcf-field-select-name wpcf-field-tipology-name\">tipology:<\/span> <span class=\"wpcf-field-value wpcf-field-select-value wpcf-field-tipology-value\">office<\/span><\/div>\n            <div id=\"wpcf-field-architect\" class=\"wpcf-field-single-line wpcf-field-architect\"><span class=\"wpcf-field-name wpcf-field-single-line-name wpcf-field-architect-name\">architect:<\/span> <span class=\"wpcf-field-value wpcf-field-single-line-value wpcf-field-architect-value\">BCRARCHITECTS<\/span><\/div>\n            <div id=\"wpcf-field-realization\" class=\"wpcf-field-number wpcf-field-realization\"><span class=\"wpcf-field-name wpcf-field-number-name wpcf-field-realization-name\">realization:<\/span> <span class=\"wpcf-field-value wpcf-field-number-value wpcf-field-realization-value\">2015<\/span><\/div>\n            Rte du Grand-Lancy, Lancy, Svizzera\n          <\/div>\n  <\/div>\n<\/article>\n          <\/div>\n            <h4><a href=\"#\" onclick=\"cimap();\" class=\"link-marker js-wpv-addon-maps-focus-map js-toolset-maps-hover-map-map-1-marker-marker-146547 js-toolset-maps-open-infowindow-map-map-1-marker-marker-146547\" data-map=\"map-1\" data-marker=\"marker-146547\">56. Administrative Building &#8211; BAM<\/a><\/h4>\n            <div id=\"wpcf-field-tipology\" class=\"wpcf-field-select wpcf-field-tipology\"><span class=\"wpcf-field-name wpcf-field-select-name wpcf-field-tipology-name\">tipology:<\/span> <span class=\"wpcf-field-value wpcf-field-select-value wpcf-field-tipology-value\">office<\/span><\/div> | <div id=\"wpcf-field-architect\" class=\"wpcf-field-single-line wpcf-field-architect\"><span class=\"wpcf-field-name wpcf-field-single-line-name wpcf-field-architect-name\">architect:<\/span> <span class=\"wpcf-field-value wpcf-field-single-line-value wpcf-field-architect-value\">BCRARCHITECTS<\/span><\/div> | <div id=\"wpcf-field-realization\" class=\"wpcf-field-number wpcf-field-realization\"><span class=\"wpcf-field-name wpcf-field-number-name wpcf-field-realization-name\">realization:<\/span> <span class=\"wpcf-field-value wpcf-field-number-value wpcf-field-realization-value\">2015<\/span><\/div>\n          <\/li>\n\t\t\n          <li>\n            \n          <div style=\"display:none\" class=\"wpv-addon-maps-marker js-wpv-addon-maps-marker js-wpv-addon-maps-marker-marker-146549 js-wpv-addon-maps-markerfor-map-1\" data-marker=\"marker-146549\" data-markertitle=\"La Tulipe\" data-markerfor=\"map-1\" data-markerlat=\"46.1902142\" data-markerlon=\"6.1488309\" data-markericon=\"\/wp-content\/uploads\/sites\/6\/2017\/11\/area_marker_11.png\" data-markericonhover=\"\" data-streetview=\"no\" data-fromview=\"\">\n            <article class=\"marker-itinerario\">\n\t<div class=\"entry-thumbnail\">\n      \n      \n      \t<img loading=\"lazy\" decoding=\"async\" width=\"1920\" height=\"1193\" src=\"https:\/\/static.tecnichenuove.it\/areaarch\/2024\/06\/tulip.jpeg\" class=\"attachment-post-thumbnail size-post-thumbnail wp-post-image\" alt=\"\" srcset=\"https:\/\/static.tecnichenuove.it\/areaarch\/2024\/06\/tulip.jpeg 1920w, https:\/\/static.tecnichenuove.it\/areaarch\/2024\/06\/tulip-300x186.jpeg 300w, https:\/\/static.tecnichenuove.it\/areaarch\/2024\/06\/tulip-1024x636.jpeg 1024w, https:\/\/static.tecnichenuove.it\/areaarch\/2024\/06\/tulip-768x477.jpeg 768w, https:\/\/static.tecnichenuove.it\/areaarch\/2024\/06\/tulip-1536x954.jpeg 1536w, https:\/\/static.tecnichenuove.it\/areaarch\/2024\/06\/tulip-356x220.jpeg 356w, https:\/\/static.tecnichenuove.it\/areaarch\/2024\/06\/tulip-696x432.jpeg 696w, https:\/\/static.tecnichenuove.it\/areaarch\/2024\/06\/tulip-1068x664.jpeg 1068w, https:\/\/static.tecnichenuove.it\/areaarch\/2024\/06\/tulip-676x420.jpeg 676w\" sizes=\"auto, (max-width: 1920px) 100vw, 1920px\" \/>\n      \t<img decoding=\"async\" src=\"https:\/\/www.area-arch.it\/wp-content\/uploads\/sites\/6\/2024\/06\/LATULIPEORIGINALMOCKUP.jpg\" class=\"attachment-post-thumbnail\" \/>\n      \n\t<\/div>\n  \t<div class=\"entry-column\">\n      <h3 class=\"entry-title td-module-title\">La Tulipe<\/h3>\n      <div class=\"td-excerpt\">\n            <div id=\"wpcf-field-tipology\" class=\"wpcf-field-select wpcf-field-tipology\"><span class=\"wpcf-field-name wpcf-field-select-name wpcf-field-tipology-name\">tipology:<\/span> <span class=\"wpcf-field-value wpcf-field-select-value wpcf-field-tipology-value\">office<\/span><\/div>\n            <div id=\"wpcf-field-architect\" class=\"wpcf-field-single-line wpcf-field-architect\"><span class=\"wpcf-field-name wpcf-field-single-line-name wpcf-field-architect-name\">architect:<\/span> <span class=\"wpcf-field-value wpcf-field-single-line-value wpcf-field-architect-value\">Jack Vicajee Bertoli<\/span><\/div>\n            <div id=\"wpcf-field-realization\" class=\"wpcf-field-number wpcf-field-realization\"><span class=\"wpcf-field-name wpcf-field-number-name wpcf-field-realization-name\">realization:<\/span> <span class=\"wpcf-field-value wpcf-field-number-value wpcf-field-realization-value\">1976<\/span><\/div>\n            Avenue de la Roseraie, Ginevra, Svizzera\n          <\/div>\n  <\/div>\n<\/article>\n          <\/div>\n            <h4><a href=\"#\" onclick=\"cimap();\" class=\"link-marker js-wpv-addon-maps-focus-map js-toolset-maps-hover-map-map-1-marker-marker-146549 js-toolset-maps-open-infowindow-map-map-1-marker-marker-146549\" data-map=\"map-1\" data-marker=\"marker-146549\">57. La Tulipe<\/a><\/h4>\n            <div id=\"wpcf-field-tipology\" class=\"wpcf-field-select wpcf-field-tipology\"><span class=\"wpcf-field-name wpcf-field-select-name wpcf-field-tipology-name\">tipology:<\/span> <span class=\"wpcf-field-value wpcf-field-select-value wpcf-field-tipology-value\">office<\/span><\/div> | <div id=\"wpcf-field-architect\" class=\"wpcf-field-single-line wpcf-field-architect\"><span class=\"wpcf-field-name wpcf-field-single-line-name wpcf-field-architect-name\">architect:<\/span> <span class=\"wpcf-field-value wpcf-field-single-line-value wpcf-field-architect-value\">Jack Vicajee Bertoli<\/span><\/div> | <div id=\"wpcf-field-realization\" class=\"wpcf-field-number wpcf-field-realization\"><span class=\"wpcf-field-name wpcf-field-number-name wpcf-field-realization-name\">realization:<\/span> <span class=\"wpcf-field-value wpcf-field-number-value wpcf-field-realization-value\">1976<\/span><\/div>\n          <\/li>\n\t\t\n          <li>\n            \n          <div style=\"display:none\" class=\"wpv-addon-maps-marker js-wpv-addon-maps-marker js-wpv-addon-maps-marker-marker-146552 js-wpv-addon-maps-markerfor-map-1\" data-marker=\"marker-146552\" data-markertitle=\"ON-OFF_R030\/04\" data-markerfor=\"map-1\" data-markerlat=\"46.1979357\" data-markerlon=\"6.135974\" data-markericon=\"\/wp-content\/uploads\/sites\/6\/2017\/11\/area_marker_11.png\" data-markericonhover=\"\" data-streetview=\"no\" data-fromview=\"\">\n            <article class=\"marker-itinerario\">\n\t<div class=\"entry-thumbnail\">\n      \n      \n      \t<img loading=\"lazy\" decoding=\"async\" width=\"1515\" height=\"1920\" src=\"https:\/\/static.tecnichenuove.it\/areaarch\/2024\/06\/philippe-meyer-architect-on-off_r030-04.jpg\" class=\"attachment-post-thumbnail size-post-thumbnail wp-post-image\" alt=\"\" srcset=\"https:\/\/static.tecnichenuove.it\/areaarch\/2024\/06\/philippe-meyer-architect-on-off_r030-04.jpg 1515w, https:\/\/static.tecnichenuove.it\/areaarch\/2024\/06\/philippe-meyer-architect-on-off_r030-04-237x300.jpg 237w, https:\/\/static.tecnichenuove.it\/areaarch\/2024\/06\/philippe-meyer-architect-on-off_r030-04-808x1024.jpg 808w, https:\/\/static.tecnichenuove.it\/areaarch\/2024\/06\/philippe-meyer-architect-on-off_r030-04-768x973.jpg 768w, https:\/\/static.tecnichenuove.it\/areaarch\/2024\/06\/philippe-meyer-architect-on-off_r030-04-1212x1536.jpg 1212w, https:\/\/static.tecnichenuove.it\/areaarch\/2024\/06\/philippe-meyer-architect-on-off_r030-04-696x882.jpg 696w, https:\/\/static.tecnichenuove.it\/areaarch\/2024\/06\/philippe-meyer-architect-on-off_r030-04-1068x1354.jpg 1068w, https:\/\/static.tecnichenuove.it\/areaarch\/2024\/06\/philippe-meyer-architect-on-off_r030-04-331x420.jpg 331w\" sizes=\"auto, (max-width: 1515px) 100vw, 1515px\" \/>\n      \t<img decoding=\"async\" src=\"https:\/\/www.area-arch.it\/wp-content\/uploads\/sites\/6\/2024\/06\/philippe-meyer-architect-on-off_r030-04-2.jpg\" class=\"attachment-post-thumbnail\" \/>\n      \n\t<\/div>\n  \t<div class=\"entry-column\">\n      <h3 class=\"entry-title td-module-title\">ON-OFF_R030\/04<\/h3>\n      <div class=\"td-excerpt\">\n            <div id=\"wpcf-field-tipology\" class=\"wpcf-field-select wpcf-field-tipology\"><span class=\"wpcf-field-name wpcf-field-select-name wpcf-field-tipology-name\">tipology:<\/span> <span class=\"wpcf-field-value wpcf-field-select-value wpcf-field-tipology-value\">office<\/span><\/div>\n            <div id=\"wpcf-field-architect\" class=\"wpcf-field-single-line wpcf-field-architect\"><span class=\"wpcf-field-name wpcf-field-single-line-name wpcf-field-architect-name\">architect:<\/span> <span class=\"wpcf-field-value wpcf-field-single-line-value wpcf-field-architect-value\">Philippe Meyer Architect<\/span><\/div>\n            <div id=\"wpcf-field-realization\" class=\"wpcf-field-number wpcf-field-realization\"><span class=\"wpcf-field-name wpcf-field-number-name wpcf-field-realization-name\">realization:<\/span> <span class=\"wpcf-field-value wpcf-field-number-value wpcf-field-realization-value\">1997<\/span><\/div>\n            Bd Carl-Vogt, Ginevra, Svizzera\n          <\/div>\n  <\/div>\n<\/article>\n          <\/div>\n            <h4><a href=\"#\" onclick=\"cimap();\" class=\"link-marker js-wpv-addon-maps-focus-map js-toolset-maps-hover-map-map-1-marker-marker-146552 js-toolset-maps-open-infowindow-map-map-1-marker-marker-146552\" data-map=\"map-1\" data-marker=\"marker-146552\">58. ON-OFF_R030\/04<\/a><\/h4>\n            <div id=\"wpcf-field-tipology\" class=\"wpcf-field-select wpcf-field-tipology\"><span class=\"wpcf-field-name wpcf-field-select-name wpcf-field-tipology-name\">tipology:<\/span> <span class=\"wpcf-field-value wpcf-field-select-value wpcf-field-tipology-value\">office<\/span><\/div> | <div id=\"wpcf-field-architect\" class=\"wpcf-field-single-line wpcf-field-architect\"><span class=\"wpcf-field-name wpcf-field-single-line-name wpcf-field-architect-name\">architect:<\/span> <span class=\"wpcf-field-value wpcf-field-single-line-value wpcf-field-architect-value\">Philippe Meyer Architect<\/span><\/div> | <div id=\"wpcf-field-realization\" class=\"wpcf-field-number wpcf-field-realization\"><span class=\"wpcf-field-name wpcf-field-number-name wpcf-field-realization-name\">realization:<\/span> <span class=\"wpcf-field-value wpcf-field-number-value wpcf-field-realization-value\">1997<\/span><\/div>\n          <\/li>\n\t\t\n          <li>\n            \n          <div style=\"display:none\" class=\"wpv-addon-maps-marker js-wpv-addon-maps-marker js-wpv-addon-maps-marker-marker-146555 js-wpv-addon-maps-markerfor-map-1\" data-marker=\"marker-146555\" data-markertitle=\"MEG\" data-markerfor=\"map-1\" data-markerlat=\"46.1979357\" data-markerlon=\"6.135974\" data-markericon=\"\/wp-content\/uploads\/sites\/6\/2017\/11\/area_marker_10.png\" data-markericonhover=\"\" data-streetview=\"no\" data-fromview=\"\">\n            <article class=\"marker-itinerario\">\n\t<div class=\"entry-thumbnail\">\n      \n      \n      \t<img loading=\"lazy\" decoding=\"async\" width=\"1920\" height=\"1058\" src=\"https:\/\/static.tecnichenuove.it\/areaarch\/2024\/06\/01FW0B3336_1.jpg\" class=\"attachment-post-thumbnail size-post-thumbnail wp-post-image\" alt=\"\" srcset=\"https:\/\/static.tecnichenuove.it\/areaarch\/2024\/06\/01FW0B3336_1.jpg 1920w, https:\/\/static.tecnichenuove.it\/areaarch\/2024\/06\/01FW0B3336_1-300x165.jpg 300w, https:\/\/static.tecnichenuove.it\/areaarch\/2024\/06\/01FW0B3336_1-1024x564.jpg 1024w, https:\/\/static.tecnichenuove.it\/areaarch\/2024\/06\/01FW0B3336_1-768x423.jpg 768w, https:\/\/static.tecnichenuove.it\/areaarch\/2024\/06\/01FW0B3336_1-1536x846.jpg 1536w, https:\/\/static.tecnichenuove.it\/areaarch\/2024\/06\/01FW0B3336_1-696x385.jpg 696w, https:\/\/static.tecnichenuove.it\/areaarch\/2024\/06\/01FW0B3336_1-1068x589.jpg 1068w, https:\/\/static.tecnichenuove.it\/areaarch\/2024\/06\/01FW0B3336_1-762x420.jpg 762w\" sizes=\"auto, (max-width: 1920px) 100vw, 1920px\" \/>\n      \t<img decoding=\"async\" src=\"https:\/\/www.area-arch.it\/wp-content\/uploads\/sites\/6\/2024\/06\/Musee_d_Ethnographie_de_Geneve_Plan.jpg\" class=\"attachment-post-thumbnail\" \/>\n      \n\t<\/div>\n  \t<div class=\"entry-column\">\n      <h3 class=\"entry-title td-module-title\">MEG<\/h3>\n      <div class=\"td-excerpt\">\n            <div id=\"wpcf-field-tipology\" class=\"wpcf-field-select wpcf-field-tipology\"><span class=\"wpcf-field-name wpcf-field-select-name wpcf-field-tipology-name\">tipology:<\/span> <span class=\"wpcf-field-value wpcf-field-select-value wpcf-field-tipology-value\">museum<\/span><\/div>\n            <div id=\"wpcf-field-architect\" class=\"wpcf-field-single-line wpcf-field-architect\"><span class=\"wpcf-field-name wpcf-field-single-line-name wpcf-field-architect-name\">architect:<\/span> <span class=\"wpcf-field-value wpcf-field-single-line-value wpcf-field-architect-value\">Grober Pulver Architekten AG<\/span><\/div>\n            <div id=\"wpcf-field-realization\" class=\"wpcf-field-number wpcf-field-realization\"><span class=\"wpcf-field-name wpcf-field-number-name wpcf-field-realization-name\">realization:<\/span> <span class=\"wpcf-field-value wpcf-field-number-value wpcf-field-realization-value\">2014<\/span><\/div>\n            Bd Carl-Vogt, Ginevra, Svizzera\n          <\/div>\n  <\/div>\n<\/article>\n          <\/div>\n            <h4><a href=\"#\" onclick=\"cimap();\" class=\"link-marker js-wpv-addon-maps-focus-map js-toolset-maps-hover-map-map-1-marker-marker-146555 js-toolset-maps-open-infowindow-map-map-1-marker-marker-146555\" data-map=\"map-1\" data-marker=\"marker-146555\">59. MEG<\/a><\/h4>\n            <div id=\"wpcf-field-tipology\" class=\"wpcf-field-select wpcf-field-tipology\"><span class=\"wpcf-field-name wpcf-field-select-name wpcf-field-tipology-name\">tipology:<\/span> <span class=\"wpcf-field-value wpcf-field-select-value wpcf-field-tipology-value\">museum<\/span><\/div> | <div id=\"wpcf-field-architect\" class=\"wpcf-field-single-line wpcf-field-architect\"><span class=\"wpcf-field-name wpcf-field-single-line-name wpcf-field-architect-name\">architect:<\/span> <span class=\"wpcf-field-value wpcf-field-single-line-value wpcf-field-architect-value\">Grober Pulver Architekten AG<\/span><\/div> | <div id=\"wpcf-field-realization\" class=\"wpcf-field-number wpcf-field-realization\"><span class=\"wpcf-field-name wpcf-field-number-name wpcf-field-realization-name\">realization:<\/span> <span class=\"wpcf-field-value wpcf-field-number-value wpcf-field-realization-value\">2014<\/span><\/div>\n          <\/li>\n\t\t\n          <li>\n            \n          <div style=\"display:none\" class=\"wpv-addon-maps-marker js-wpv-addon-maps-marker js-wpv-addon-maps-marker-marker-146558 js-wpv-addon-maps-markerfor-map-1\" data-marker=\"marker-146558\" data-markertitle=\"Immeuble Clart\u00e9\" data-markerfor=\"map-1\" data-markerlat=\"46.200411\" data-markerlon=\"6.1565974\" data-markericon=\"\/wp-content\/uploads\/sites\/6\/2017\/11\/area_marker_13.png\" data-markericonhover=\"\" data-streetview=\"no\" data-fromview=\"\">\n            <article class=\"marker-itinerario\">\n\t<div class=\"entry-thumbnail\">\n      \n      \n      \t<img loading=\"lazy\" decoding=\"async\" width=\"1600\" height=\"1096\" src=\"https:\/\/static.tecnichenuove.it\/areaarch\/2024\/06\/Immeuble-Clarte_Claudio-Merlini1-scaled-1.jpg\" class=\"attachment-post-thumbnail size-post-thumbnail wp-post-image\" alt=\"\" srcset=\"https:\/\/static.tecnichenuove.it\/areaarch\/2024\/06\/Immeuble-Clarte_Claudio-Merlini1-scaled-1.jpg 1600w, https:\/\/static.tecnichenuove.it\/areaarch\/2024\/06\/Immeuble-Clarte_Claudio-Merlini1-scaled-1-300x206.jpg 300w, https:\/\/static.tecnichenuove.it\/areaarch\/2024\/06\/Immeuble-Clarte_Claudio-Merlini1-scaled-1-1024x701.jpg 1024w, https:\/\/static.tecnichenuove.it\/areaarch\/2024\/06\/Immeuble-Clarte_Claudio-Merlini1-scaled-1-768x526.jpg 768w, https:\/\/static.tecnichenuove.it\/areaarch\/2024\/06\/Immeuble-Clarte_Claudio-Merlini1-scaled-1-1536x1052.jpg 1536w, https:\/\/static.tecnichenuove.it\/areaarch\/2024\/06\/Immeuble-Clarte_Claudio-Merlini1-scaled-1-100x70.jpg 100w, https:\/\/static.tecnichenuove.it\/areaarch\/2024\/06\/Immeuble-Clarte_Claudio-Merlini1-scaled-1-218x150.jpg 218w, https:\/\/static.tecnichenuove.it\/areaarch\/2024\/06\/Immeuble-Clarte_Claudio-Merlini1-scaled-1-436x300.jpg 436w, https:\/\/static.tecnichenuove.it\/areaarch\/2024\/06\/Immeuble-Clarte_Claudio-Merlini1-scaled-1-696x477.jpg 696w, https:\/\/static.tecnichenuove.it\/areaarch\/2024\/06\/Immeuble-Clarte_Claudio-Merlini1-scaled-1-1068x732.jpg 1068w, https:\/\/static.tecnichenuove.it\/areaarch\/2024\/06\/Immeuble-Clarte_Claudio-Merlini1-scaled-1-613x420.jpg 613w\" sizes=\"auto, (max-width: 1600px) 100vw, 1600px\" \/>\n      \t<img decoding=\"async\" src=\"https:\/\/www.area-arch.it\/wp-content\/uploads\/sites\/6\/2024\/06\/22-Le-Corbusier-Immeuble-Clart-Ginevra-1930-32.jpg\" class=\"attachment-post-thumbnail\" \/>\n      \n\t<\/div>\n  \t<div class=\"entry-column\">\n      <h3 class=\"entry-title td-module-title\">Immeuble Clart\u00e9<\/h3>\n      <div class=\"td-excerpt\">\n            <div id=\"wpcf-field-tipology\" class=\"wpcf-field-select wpcf-field-tipology\"><span class=\"wpcf-field-name wpcf-field-select-name wpcf-field-tipology-name\">tipology:<\/span> <span class=\"wpcf-field-value wpcf-field-select-value wpcf-field-tipology-value\">residential<\/span><\/div>\n            <div id=\"wpcf-field-architect\" class=\"wpcf-field-single-line wpcf-field-architect\"><span class=\"wpcf-field-name wpcf-field-single-line-name wpcf-field-architect-name\">architect:<\/span> <span class=\"wpcf-field-value wpcf-field-single-line-value wpcf-field-architect-value\">Le Corbusier<\/span><\/div>\n            <div id=\"wpcf-field-realization\" class=\"wpcf-field-number wpcf-field-realization\"><span class=\"wpcf-field-name wpcf-field-number-name wpcf-field-realization-name\">realization:<\/span> <span class=\"wpcf-field-value wpcf-field-number-value wpcf-field-realization-value\">1932<\/span><\/div>\n            Rue Saint-Laurent, Gen\u00e8ve, Svizzera\n          <\/div>\n  <\/div>\n<\/article>\n          <\/div>\n            <h4><a href=\"#\" onclick=\"cimap();\" class=\"link-marker js-wpv-addon-maps-focus-map js-toolset-maps-hover-map-map-1-marker-marker-146558 js-toolset-maps-open-infowindow-map-map-1-marker-marker-146558\" data-map=\"map-1\" data-marker=\"marker-146558\">60. Immeuble Clart\u00e9<\/a><\/h4>\n            <div id=\"wpcf-field-tipology\" class=\"wpcf-field-select wpcf-field-tipology\"><span class=\"wpcf-field-name wpcf-field-select-name wpcf-field-tipology-name\">tipology:<\/span> <span class=\"wpcf-field-value wpcf-field-select-value wpcf-field-tipology-value\">residential<\/span><\/div> | <div id=\"wpcf-field-architect\" class=\"wpcf-field-single-line wpcf-field-architect\"><span class=\"wpcf-field-name wpcf-field-single-line-name wpcf-field-architect-name\">architect:<\/span> <span class=\"wpcf-field-value wpcf-field-single-line-value wpcf-field-architect-value\">Le Corbusier<\/span><\/div> | <div id=\"wpcf-field-realization\" class=\"wpcf-field-number wpcf-field-realization\"><span class=\"wpcf-field-name wpcf-field-number-name wpcf-field-realization-name\">realization:<\/span> <span class=\"wpcf-field-value wpcf-field-number-value wpcf-field-realization-value\">1932<\/span><\/div>\n          <\/li>\n\t\t\n          <li>\n            \n          <div style=\"display:none\" class=\"wpv-addon-maps-marker js-wpv-addon-maps-marker js-wpv-addon-maps-marker-marker-146561 js-wpv-addon-maps-markerfor-map-1\" data-marker=\"marker-146561\" data-markertitle=\"Cr\u00e8che in Route De Frontenex\" data-markerfor=\"map-1\" data-markerlat=\"46.2038248\" data-markerlon=\"6.1686032\" data-markericon=\"\/wp-content\/uploads\/sites\/6\/2017\/11\/area_marker_4.png\" data-markericonhover=\"\" data-streetview=\"no\" data-fromview=\"\">\n            <article class=\"marker-itinerario\">\n\t<div class=\"entry-thumbnail\">\n      \n      \n      \t<img loading=\"lazy\" decoding=\"async\" width=\"1920\" height=\"1536\" src=\"https:\/\/static.tecnichenuove.it\/areaarch\/2024\/06\/lacroix-chessex-olivier-di-giambattista-creche-in-route-de-frontenex.jpg\" class=\"attachment-post-thumbnail size-post-thumbnail wp-post-image\" alt=\"\" srcset=\"https:\/\/static.tecnichenuove.it\/areaarch\/2024\/06\/lacroix-chessex-olivier-di-giambattista-creche-in-route-de-frontenex.jpg 1920w, https:\/\/static.tecnichenuove.it\/areaarch\/2024\/06\/lacroix-chessex-olivier-di-giambattista-creche-in-route-de-frontenex-300x240.jpg 300w, https:\/\/static.tecnichenuove.it\/areaarch\/2024\/06\/lacroix-chessex-olivier-di-giambattista-creche-in-route-de-frontenex-1024x819.jpg 1024w, https:\/\/static.tecnichenuove.it\/areaarch\/2024\/06\/lacroix-chessex-olivier-di-giambattista-creche-in-route-de-frontenex-768x614.jpg 768w, https:\/\/static.tecnichenuove.it\/areaarch\/2024\/06\/lacroix-chessex-olivier-di-giambattista-creche-in-route-de-frontenex-1536x1229.jpg 1536w, https:\/\/static.tecnichenuove.it\/areaarch\/2024\/06\/lacroix-chessex-olivier-di-giambattista-creche-in-route-de-frontenex-696x557.jpg 696w, https:\/\/static.tecnichenuove.it\/areaarch\/2024\/06\/lacroix-chessex-olivier-di-giambattista-creche-in-route-de-frontenex-1068x854.jpg 1068w, https:\/\/static.tecnichenuove.it\/areaarch\/2024\/06\/lacroix-chessex-olivier-di-giambattista-creche-in-route-de-frontenex-525x420.jpg 525w\" sizes=\"auto, (max-width: 1920px) 100vw, 1920px\" \/>\n      \t<img decoding=\"async\" src=\"https:\/\/www.area-arch.it\/wp-content\/uploads\/sites\/6\/2024\/06\/lacroix-chessex-olivier-di-giambattista-creche-in-route-de-frontenex.pdf-2.jpeg\" class=\"attachment-post-thumbnail\" \/>\n      \n\t<\/div>\n  \t<div class=\"entry-column\">\n      <h3 class=\"entry-title td-module-title\">Cr\u00e8che in Route De Frontenex<\/h3>\n      <div class=\"td-excerpt\">\n            <div id=\"wpcf-field-tipology\" class=\"wpcf-field-select wpcf-field-tipology\"><span class=\"wpcf-field-name wpcf-field-select-name wpcf-field-tipology-name\">tipology:<\/span> <span class=\"wpcf-field-value wpcf-field-select-value wpcf-field-tipology-value\">education<\/span><\/div>\n            <div id=\"wpcf-field-architect\" class=\"wpcf-field-single-line wpcf-field-architect\"><span class=\"wpcf-field-name wpcf-field-single-line-name wpcf-field-architect-name\">architect:<\/span> <span class=\"wpcf-field-value wpcf-field-single-line-value wpcf-field-architect-value\">Lacroix Chessex<\/span><\/div>\n            <div id=\"wpcf-field-realization\" class=\"wpcf-field-number wpcf-field-realization\"><span class=\"wpcf-field-name wpcf-field-number-name wpcf-field-realization-name\">realization:<\/span> <span class=\"wpcf-field-value wpcf-field-number-value wpcf-field-realization-value\">2022<\/span><\/div>\n            Route de Frontenex, Ginevra, Svizzera\n          <\/div>\n  <\/div>\n<\/article>\n          <\/div>\n            <h4><a href=\"#\" onclick=\"cimap();\" class=\"link-marker js-wpv-addon-maps-focus-map js-toolset-maps-hover-map-map-1-marker-marker-146561 js-toolset-maps-open-infowindow-map-map-1-marker-marker-146561\" data-map=\"map-1\" data-marker=\"marker-146561\">61. Cr\u00e8che in Route De Frontenex<\/a><\/h4>\n            <div id=\"wpcf-field-tipology\" class=\"wpcf-field-select wpcf-field-tipology\"><span class=\"wpcf-field-name wpcf-field-select-name wpcf-field-tipology-name\">tipology:<\/span> <span class=\"wpcf-field-value wpcf-field-select-value wpcf-field-tipology-value\">education<\/span><\/div> | <div id=\"wpcf-field-architect\" class=\"wpcf-field-single-line wpcf-field-architect\"><span class=\"wpcf-field-name wpcf-field-single-line-name wpcf-field-architect-name\">architect:<\/span> <span class=\"wpcf-field-value wpcf-field-single-line-value wpcf-field-architect-value\">Lacroix Chessex<\/span><\/div> | <div id=\"wpcf-field-realization\" class=\"wpcf-field-number wpcf-field-realization\"><span class=\"wpcf-field-name wpcf-field-number-name wpcf-field-realization-name\">realization:<\/span> <span class=\"wpcf-field-value wpcf-field-number-value wpcf-field-realization-value\">2022<\/span><\/div>\n          <\/li>\n\t\t\n          <li>\n            \n          <div style=\"display:none\" class=\"wpv-addon-maps-marker js-wpv-addon-maps-marker js-wpv-addon-maps-marker-marker-146564 js-wpv-addon-maps-markerfor-map-1\" data-marker=\"marker-146564\" data-markertitle=\"Th\u00e9\u00e2tre De La Nouvelle Com\u00e8die\" data-markerfor=\"map-1\" data-markerlat=\"46.2012096\" data-markerlon=\"6.165842\" data-markericon=\"\/wp-content\/uploads\/sites\/6\/2017\/11\/area_marker_10.png\" data-markericonhover=\"\" data-streetview=\"no\" data-fromview=\"\">\n            <article class=\"marker-itinerario\">\n\t<div class=\"entry-thumbnail\">\n      \n      \n      \t<img loading=\"lazy\" decoding=\"async\" width=\"1180\" height=\"885\" src=\"https:\/\/static.tecnichenuove.it\/areaarch\/2024\/06\/149181-_re_gis_golay_-_federal_studio_esplanade.jpg\" class=\"attachment-post-thumbnail size-post-thumbnail wp-post-image\" alt=\"\" srcset=\"https:\/\/static.tecnichenuove.it\/areaarch\/2024\/06\/149181-_re_gis_golay_-_federal_studio_esplanade.jpg 1180w, https:\/\/static.tecnichenuove.it\/areaarch\/2024\/06\/149181-_re_gis_golay_-_federal_studio_esplanade-300x225.jpg 300w, https:\/\/static.tecnichenuove.it\/areaarch\/2024\/06\/149181-_re_gis_golay_-_federal_studio_esplanade-1024x768.jpg 1024w, https:\/\/static.tecnichenuove.it\/areaarch\/2024\/06\/149181-_re_gis_golay_-_federal_studio_esplanade-768x576.jpg 768w, https:\/\/static.tecnichenuove.it\/areaarch\/2024\/06\/149181-_re_gis_golay_-_federal_studio_esplanade-80x60.jpg 80w, https:\/\/static.tecnichenuove.it\/areaarch\/2024\/06\/149181-_re_gis_golay_-_federal_studio_esplanade-160x120.jpg 160w, https:\/\/static.tecnichenuove.it\/areaarch\/2024\/06\/149181-_re_gis_golay_-_federal_studio_esplanade-265x198.jpg 265w, https:\/\/static.tecnichenuove.it\/areaarch\/2024\/06\/149181-_re_gis_golay_-_federal_studio_esplanade-696x522.jpg 696w, https:\/\/static.tecnichenuove.it\/areaarch\/2024\/06\/149181-_re_gis_golay_-_federal_studio_esplanade-1068x801.jpg 1068w, https:\/\/static.tecnichenuove.it\/areaarch\/2024\/06\/149181-_re_gis_golay_-_federal_studio_esplanade-560x420.jpg 560w\" sizes=\"auto, (max-width: 1180px) 100vw, 1180px\" \/>\n      \t<img decoding=\"async\" src=\"https:\/\/www.area-arch.it\/wp-content\/uploads\/sites\/6\/2024\/06\/02_TNCG.jpg\" class=\"attachment-post-thumbnail\" \/>\n      \n\t<\/div>\n  \t<div class=\"entry-column\">\n      <h3 class=\"entry-title td-module-title\">Th\u00e9\u00e2tre De La Nouvelle Com\u00e8die<\/h3>\n      <div class=\"td-excerpt\">\n            <div id=\"wpcf-field-tipology\" class=\"wpcf-field-select wpcf-field-tipology\"><span class=\"wpcf-field-name wpcf-field-select-name wpcf-field-tipology-name\">tipology:<\/span> <span class=\"wpcf-field-value wpcf-field-select-value wpcf-field-tipology-value\">museum<\/span><\/div>\n            <div id=\"wpcf-field-architect\" class=\"wpcf-field-single-line wpcf-field-architect\"><span class=\"wpcf-field-name wpcf-field-single-line-name wpcf-field-architect-name\">architect:<\/span> <span class=\"wpcf-field-value wpcf-field-single-line-value wpcf-field-architect-value\">FRES ARCHITECTES<\/span><\/div>\n            <div id=\"wpcf-field-realization\" class=\"wpcf-field-number wpcf-field-realization\"><span class=\"wpcf-field-name wpcf-field-number-name wpcf-field-realization-name\">realization:<\/span> <span class=\"wpcf-field-value wpcf-field-number-value wpcf-field-realization-value\">2020<\/span><\/div>\n            Esplanade Alice-Bailly, Ginevra, Svizzera\n          <\/div>\n  <\/div>\n<\/article>\n          <\/div>\n            <h4><a href=\"#\" onclick=\"cimap();\" class=\"link-marker js-wpv-addon-maps-focus-map js-toolset-maps-hover-map-map-1-marker-marker-146564 js-toolset-maps-open-infowindow-map-map-1-marker-marker-146564\" data-map=\"map-1\" data-marker=\"marker-146564\">62. Th\u00e9\u00e2tre De La Nouvelle Com\u00e8die<\/a><\/h4>\n            <div id=\"wpcf-field-tipology\" class=\"wpcf-field-select wpcf-field-tipology\"><span class=\"wpcf-field-name wpcf-field-select-name wpcf-field-tipology-name\">tipology:<\/span> <span class=\"wpcf-field-value wpcf-field-select-value wpcf-field-tipology-value\">museum<\/span><\/div> | <div id=\"wpcf-field-architect\" class=\"wpcf-field-single-line wpcf-field-architect\"><span class=\"wpcf-field-name wpcf-field-single-line-name wpcf-field-architect-name\">architect:<\/span> <span class=\"wpcf-field-value wpcf-field-single-line-value wpcf-field-architect-value\">FRES ARCHITECTES<\/span><\/div> | <div id=\"wpcf-field-realization\" class=\"wpcf-field-number wpcf-field-realization\"><span class=\"wpcf-field-name wpcf-field-number-name wpcf-field-realization-name\">realization:<\/span> <span class=\"wpcf-field-value wpcf-field-number-value wpcf-field-realization-value\">2020<\/span><\/div>\n          <\/li>\n\t\t\n          <li>\n            \n          <div style=\"display:none\" class=\"wpv-addon-maps-marker js-wpv-addon-maps-marker js-wpv-addon-maps-marker-marker-146567 js-wpv-addon-maps-markerfor-map-1\" data-marker=\"marker-146567\" data-markertitle=\"Floorworks\" data-markerfor=\"map-1\" data-markerlat=\"46.1994929\" data-markerlon=\"6.168793\" data-markericon=\"\/wp-content\/uploads\/sites\/6\/2017\/11\/area_marker_12.png\" data-markericonhover=\"\" data-streetview=\"no\" data-fromview=\"\">\n            <article class=\"marker-itinerario\">\n\t<div class=\"entry-thumbnail\">\n      \n      \n      \t<img loading=\"lazy\" decoding=\"async\" width=\"928\" height=\"750\" src=\"https:\/\/static.tecnichenuove.it\/areaarch\/2024\/06\/floorworks-by-agence-ter-landscape-architecture-01.jpg\" class=\"attachment-post-thumbnail size-post-thumbnail wp-post-image\" alt=\"\" srcset=\"https:\/\/static.tecnichenuove.it\/areaarch\/2024\/06\/floorworks-by-agence-ter-landscape-architecture-01.jpg 928w, https:\/\/static.tecnichenuove.it\/areaarch\/2024\/06\/floorworks-by-agence-ter-landscape-architecture-01-300x242.jpg 300w, https:\/\/static.tecnichenuove.it\/areaarch\/2024\/06\/floorworks-by-agence-ter-landscape-architecture-01-768x621.jpg 768w, https:\/\/static.tecnichenuove.it\/areaarch\/2024\/06\/floorworks-by-agence-ter-landscape-architecture-01-696x563.jpg 696w, https:\/\/static.tecnichenuove.it\/areaarch\/2024\/06\/floorworks-by-agence-ter-landscape-architecture-01-520x420.jpg 520w\" sizes=\"auto, (max-width: 928px) 100vw, 928px\" \/>\n      \t<img decoding=\"async\" src=\"https:\/\/www.area-arch.it\/wp-content\/uploads\/sites\/6\/2024\/06\/agence-ter-floorworks.jpg\" class=\"attachment-post-thumbnail\" \/>\n      \n\t<\/div>\n  \t<div class=\"entry-column\">\n      <h3 class=\"entry-title td-module-title\">Floorworks<\/h3>\n      <div class=\"td-excerpt\">\n            <div id=\"wpcf-field-tipology\" class=\"wpcf-field-select wpcf-field-tipology\"><span class=\"wpcf-field-name wpcf-field-select-name wpcf-field-tipology-name\">tipology:<\/span> <span class=\"wpcf-field-value wpcf-field-select-value wpcf-field-tipology-value\">public<\/span><\/div>\n            <div id=\"wpcf-field-architect\" class=\"wpcf-field-single-line wpcf-field-architect\"><span class=\"wpcf-field-name wpcf-field-single-line-name wpcf-field-architect-name\">architect:<\/span> <span class=\"wpcf-field-value wpcf-field-single-line-value wpcf-field-architect-value\">Agence ter<\/span><\/div>\n            <div id=\"wpcf-field-realization\" class=\"wpcf-field-number wpcf-field-realization\"><span class=\"wpcf-field-name wpcf-field-number-name wpcf-field-realization-name\">realization:<\/span> <span class=\"wpcf-field-value wpcf-field-number-value wpcf-field-realization-value\">2005<\/span><\/div>\n            Rte de Ch\u00eane, Gen\u00e8ve, Svizzera\n          <\/div>\n  <\/div>\n<\/article>\n          <\/div>\n            <h4><a href=\"#\" onclick=\"cimap();\" class=\"link-marker js-wpv-addon-maps-focus-map js-toolset-maps-hover-map-map-1-marker-marker-146567 js-toolset-maps-open-infowindow-map-map-1-marker-marker-146567\" data-map=\"map-1\" data-marker=\"marker-146567\">63. Floorworks<\/a><\/h4>\n            <div id=\"wpcf-field-tipology\" class=\"wpcf-field-select wpcf-field-tipology\"><span class=\"wpcf-field-name wpcf-field-select-name wpcf-field-tipology-name\">tipology:<\/span> <span class=\"wpcf-field-value wpcf-field-select-value wpcf-field-tipology-value\">public<\/span><\/div> | <div id=\"wpcf-field-architect\" class=\"wpcf-field-single-line wpcf-field-architect\"><span class=\"wpcf-field-name wpcf-field-single-line-name wpcf-field-architect-name\">architect:<\/span> <span class=\"wpcf-field-value wpcf-field-single-line-value wpcf-field-architect-value\">Agence ter<\/span><\/div> | <div id=\"wpcf-field-realization\" class=\"wpcf-field-number wpcf-field-realization\"><span class=\"wpcf-field-name wpcf-field-number-name wpcf-field-realization-name\">realization:<\/span> <span class=\"wpcf-field-value wpcf-field-number-value wpcf-field-realization-value\">2005<\/span><\/div>\n          <\/li>\n\t\t\n          <li>\n            \n          <div style=\"display:none\" class=\"wpv-addon-maps-marker js-wpv-addon-maps-marker js-wpv-addon-maps-marker-marker-146570 js-wpv-addon-maps-markerfor-map-1\" data-marker=\"marker-146570\" data-markertitle=\"SPG HQ\" data-markerfor=\"map-1\" data-markerlat=\"46.1994929\" data-markerlon=\"6.168793\" data-markericon=\"\/wp-content\/uploads\/sites\/6\/2017\/11\/area_marker_11.png\" data-markericonhover=\"\" data-streetview=\"no\" data-fromview=\"\">\n            <article class=\"marker-itinerario\">\n\t<div class=\"entry-thumbnail\">\n      \n      \n      \t<img loading=\"lazy\" decoding=\"async\" width=\"1280\" height=\"853\" src=\"https:\/\/static.tecnichenuove.it\/areaarch\/2024\/06\/GiovanniVaccariniArchitetti-SPG-61303-PH_SPG_20161114_05_photoAdrienBuchet_LR.jpg\" class=\"attachment-post-thumbnail size-post-thumbnail wp-post-image\" alt=\"\" srcset=\"https:\/\/static.tecnichenuove.it\/areaarch\/2024\/06\/GiovanniVaccariniArchitetti-SPG-61303-PH_SPG_20161114_05_photoAdrienBuchet_LR.jpg 1280w, https:\/\/static.tecnichenuove.it\/areaarch\/2024\/06\/GiovanniVaccariniArchitetti-SPG-61303-PH_SPG_20161114_05_photoAdrienBuchet_LR-300x200.jpg 300w, https:\/\/static.tecnichenuove.it\/areaarch\/2024\/06\/GiovanniVaccariniArchitetti-SPG-61303-PH_SPG_20161114_05_photoAdrienBuchet_LR-1024x682.jpg 1024w, https:\/\/static.tecnichenuove.it\/areaarch\/2024\/06\/GiovanniVaccariniArchitetti-SPG-61303-PH_SPG_20161114_05_photoAdrienBuchet_LR-150x100.jpg 150w, https:\/\/static.tecnichenuove.it\/areaarch\/2024\/06\/GiovanniVaccariniArchitetti-SPG-61303-PH_SPG_20161114_05_photoAdrienBuchet_LR-768x512.jpg 768w, https:\/\/static.tecnichenuove.it\/areaarch\/2024\/06\/GiovanniVaccariniArchitetti-SPG-61303-PH_SPG_20161114_05_photoAdrienBuchet_LR-696x464.jpg 696w, https:\/\/static.tecnichenuove.it\/areaarch\/2024\/06\/GiovanniVaccariniArchitetti-SPG-61303-PH_SPG_20161114_05_photoAdrienBuchet_LR-1068x712.jpg 1068w, https:\/\/static.tecnichenuove.it\/areaarch\/2024\/06\/GiovanniVaccariniArchitetti-SPG-61303-PH_SPG_20161114_05_photoAdrienBuchet_LR-630x420.jpg 630w\" sizes=\"auto, (max-width: 1280px) 100vw, 1280px\" \/>\n      \t<img decoding=\"async\" src=\"https:\/\/www.area-arch.it\/wp-content\/uploads\/sites\/6\/2024\/06\/domus-vaccarini-11.jpg.foto_.rmedium.png.jpg\" class=\"attachment-post-thumbnail\" \/>\n      \n\t<\/div>\n  \t<div class=\"entry-column\">\n      <h3 class=\"entry-title td-module-title\">SPG HQ<\/h3>\n      <div class=\"td-excerpt\">\n            <div id=\"wpcf-field-tipology\" class=\"wpcf-field-select wpcf-field-tipology\"><span class=\"wpcf-field-name wpcf-field-select-name wpcf-field-tipology-name\">tipology:<\/span> <span class=\"wpcf-field-value wpcf-field-select-value wpcf-field-tipology-value\">office<\/span><\/div>\n            <div id=\"wpcf-field-architect\" class=\"wpcf-field-single-line wpcf-field-architect\"><span class=\"wpcf-field-name wpcf-field-single-line-name wpcf-field-architect-name\">architect:<\/span> <span class=\"wpcf-field-value wpcf-field-single-line-value wpcf-field-architect-value\">Giovanni Vaccarini<\/span><\/div>\n            <div id=\"wpcf-field-realization\" class=\"wpcf-field-number wpcf-field-realization\"><span class=\"wpcf-field-name wpcf-field-number-name wpcf-field-realization-name\">realization:<\/span> <span class=\"wpcf-field-value wpcf-field-number-value wpcf-field-realization-value\">2015<\/span><\/div>\n            Rte de Ch\u00eane, Gen\u00e8ve, Svizzera\n          <\/div>\n  <\/div>\n<\/article>\n          <\/div>\n            <h4><a href=\"#\" onclick=\"cimap();\" class=\"link-marker js-wpv-addon-maps-focus-map js-toolset-maps-hover-map-map-1-marker-marker-146570 js-toolset-maps-open-infowindow-map-map-1-marker-marker-146570\" data-map=\"map-1\" data-marker=\"marker-146570\">64. SPG HQ<\/a><\/h4>\n            <div id=\"wpcf-field-tipology\" class=\"wpcf-field-select wpcf-field-tipology\"><span class=\"wpcf-field-name wpcf-field-select-name wpcf-field-tipology-name\">tipology:<\/span> <span class=\"wpcf-field-value wpcf-field-select-value wpcf-field-tipology-value\">office<\/span><\/div> | <div id=\"wpcf-field-architect\" class=\"wpcf-field-single-line wpcf-field-architect\"><span class=\"wpcf-field-name wpcf-field-single-line-name wpcf-field-architect-name\">architect:<\/span> <span class=\"wpcf-field-value wpcf-field-single-line-value wpcf-field-architect-value\">Giovanni Vaccarini<\/span><\/div> | <div id=\"wpcf-field-realization\" class=\"wpcf-field-number wpcf-field-realization\"><span class=\"wpcf-field-name wpcf-field-number-name wpcf-field-realization-name\">realization:<\/span> <span class=\"wpcf-field-value wpcf-field-number-value wpcf-field-realization-value\">2015<\/span><\/div>\n          <\/li>\n\t\t\n\t\n<\/ul>\n\t\n\t\n<\/div>\n<\/div>\n","protected":false},"excerpt":{"rendered":"search: tipology: all art gallery art studios commercial education health infrastructure hotel library mixed use museum office public residential sport theatre student accomodation church parc winery restaurant area 194 | Roof Download the map (PDF) Zendrum Paul Klee tipology: museum architect: RPBW - Renzo Piano Building Workshop realization: 1998 Monument im Fruchtland, Berna, Svizzera 01.","protected":false},"author":1164,"featured_media":146598,"parent":29927,"menu_order":0,"comment_status":"closed","ping_status":"closed","template":"itinerary.php","meta":{"footnotes":""},"class_list":["post-146378","page","type-page","status-publish","has-post-thumbnail","hentry"],"yoast_head":"<!-- This site is optimized with the Yoast SEO plugin v27.5 - https:\/\/yoast.com\/product\/yoast-seo-wordpress\/ -->\n<title>Contemporary itinerary: Romandy | Area<\/title>\n<meta name=\"description\" content=\"Area 194\" \/>\n<meta name=\"robots\" content=\"index, follow, max-snippet:-1, max-image-preview:large, max-video-preview:-1\" \/>\n<link rel=\"canonical\" href=\"https:\/\/www.area-arch.it\/en\/contemporary-itinerary\/contemporary-itinerary-romandy\/\" \/>\n<meta property=\"og:locale\" content=\"en_US\" \/>\n<meta property=\"og:type\" content=\"article\" \/>\n<meta property=\"og:title\" content=\"Contemporary itinerary: Romandy | Area\" \/>\n<meta property=\"og:description\" content=\"Area 194\" \/>\n<meta property=\"og:url\" content=\"https:\/\/www.area-arch.it\/en\/contemporary-itinerary\/contemporary-itinerary-romandy\/\" \/>\n<meta property=\"og:site_name\" content=\"Area\" \/>\n<meta property=\"article:publisher\" content=\"https:\/\/www.facebook.com\/Area.Arch\" \/>\n<meta property=\"article:modified_time\" content=\"2024-06-20T10:59:28+00:00\" \/>\n<meta property=\"og:image\" content=\"https:\/\/static.tecnichenuove.it\/areaarch\/2024\/06\/Screenshot-2024-06-20-alle-12.55.18.jpg\" \/>\n\t<meta property=\"og:image:width\" content=\"1920\" \/>\n\t<meta property=\"og:image:height\" content=\"628\" \/>\n\t<meta property=\"og:image:type\" content=\"image\/jpeg\" \/>\n<script type=\"application\/ld+json\" class=\"yoast-schema-graph\">{\"@context\":\"https:\\\/\\\/schema.org\",\"@graph\":[{\"@type\":\"WebPage\",\"@id\":\"https:\\\/\\\/www.area-arch.it\\\/en\\\/contemporary-itinerary\\\/contemporary-itinerary-romandy\\\/\",\"url\":\"https:\\\/\\\/www.area-arch.it\\\/en\\\/contemporary-itinerary\\\/contemporary-itinerary-romandy\\\/\",\"name\":\"Contemporary itinerary: Romandy | Area\",\"isPartOf\":{\"@id\":\"https:\\\/\\\/www.area-arch.it\\\/en\\\/#website\"},\"primaryImageOfPage\":{\"@id\":\"https:\\\/\\\/www.area-arch.it\\\/en\\\/contemporary-itinerary\\\/contemporary-itinerary-romandy\\\/#primaryimage\"},\"image\":{\"@id\":\"https:\\\/\\\/www.area-arch.it\\\/en\\\/contemporary-itinerary\\\/contemporary-itinerary-romandy\\\/#primaryimage\"},\"thumbnailUrl\":\"https:\\\/\\\/static.tecnichenuove.it\\\/areaarch\\\/2024\\\/06\\\/Screenshot-2024-06-20-alle-12.55.18.jpg\",\"datePublished\":\"2024-06-20T10:57:09+00:00\",\"dateModified\":\"2024-06-20T10:59:28+00:00\",\"description\":\"Area 194\",\"breadcrumb\":{\"@id\":\"https:\\\/\\\/www.area-arch.it\\\/en\\\/contemporary-itinerary\\\/contemporary-itinerary-romandy\\\/#breadcrumb\"},\"inLanguage\":\"en-US\",\"potentialAction\":[{\"@type\":\"ReadAction\",\"target\":[\"https:\\\/\\\/www.area-arch.it\\\/en\\\/contemporary-itinerary\\\/contemporary-itinerary-romandy\\\/\"]}]},{\"@type\":\"ImageObject\",\"inLanguage\":\"en-US\",\"@id\":\"https:\\\/\\\/www.area-arch.it\\\/en\\\/contemporary-itinerary\\\/contemporary-itinerary-romandy\\\/#primaryimage\",\"url\":\"https:\\\/\\\/static.tecnichenuove.it\\\/areaarch\\\/2024\\\/06\\\/Screenshot-2024-06-20-alle-12.55.18.jpg\",\"contentUrl\":\"https:\\\/\\\/static.tecnichenuove.it\\\/areaarch\\\/2024\\\/06\\\/Screenshot-2024-06-20-alle-12.55.18.jpg\",\"width\":1920,\"height\":628},{\"@type\":\"BreadcrumbList\",\"@id\":\"https:\\\/\\\/www.area-arch.it\\\/en\\\/contemporary-itinerary\\\/contemporary-itinerary-romandy\\\/#breadcrumb\",\"itemListElement\":[{\"@type\":\"ListItem\",\"position\":1,\"name\":\"Home\",\"item\":\"https:\\\/\\\/www.area-arch.it\\\/en\\\/homepage-24\\\/\"},{\"@type\":\"ListItem\",\"position\":2,\"name\":\"Itinerary\",\"item\":\"https:\\\/\\\/www.area-arch.it\\\/en\\\/contemporary-itinerary\\\/\"},{\"@type\":\"ListItem\",\"position\":3,\"name\":\"Contemporary itinerary: Romandy\"}]},{\"@type\":\"WebSite\",\"@id\":\"https:\\\/\\\/www.area-arch.it\\\/en\\\/#website\",\"url\":\"https:\\\/\\\/www.area-arch.it\\\/en\\\/\",\"name\":\"Area\",\"description\":\"rivista di architettura e arti del progetto\",\"potentialAction\":[{\"@type\":\"SearchAction\",\"target\":{\"@type\":\"EntryPoint\",\"urlTemplate\":\"https:\\\/\\\/www.area-arch.it\\\/en\\\/?s={search_term_string}\"},\"query-input\":{\"@type\":\"PropertyValueSpecification\",\"valueRequired\":true,\"valueName\":\"search_term_string\"}}],\"inLanguage\":\"en-US\"}]}<\/script>\n<!-- \/ Yoast SEO plugin. -->","yoast_head_json":{"title":"Contemporary itinerary: Romandy | Area","description":"Area 194","robots":{"index":"index","follow":"follow","max-snippet":"max-snippet:-1","max-image-preview":"max-image-preview:large","max-video-preview":"max-video-preview:-1"},"canonical":"https:\/\/www.area-arch.it\/en\/contemporary-itinerary\/contemporary-itinerary-romandy\/","og_locale":"en_US","og_type":"article","og_title":"Contemporary itinerary: Romandy | Area","og_description":"Area 194","og_url":"https:\/\/www.area-arch.it\/en\/contemporary-itinerary\/contemporary-itinerary-romandy\/","og_site_name":"Area","article_publisher":"https:\/\/www.facebook.com\/Area.Arch","article_modified_time":"2024-06-20T10:59:28+00:00","og_image":[{"width":1920,"height":628,"url":"https:\/\/static.tecnichenuove.it\/areaarch\/2024\/06\/Screenshot-2024-06-20-alle-12.55.18.jpg","type":"image\/jpeg"}],"schema":{"@context":"https:\/\/schema.org","@graph":[{"@type":"WebPage","@id":"https:\/\/www.area-arch.it\/en\/contemporary-itinerary\/contemporary-itinerary-romandy\/","url":"https:\/\/www.area-arch.it\/en\/contemporary-itinerary\/contemporary-itinerary-romandy\/","name":"Contemporary itinerary: Romandy | Area","isPartOf":{"@id":"https:\/\/www.area-arch.it\/en\/#website"},"primaryImageOfPage":{"@id":"https:\/\/www.area-arch.it\/en\/contemporary-itinerary\/contemporary-itinerary-romandy\/#primaryimage"},"image":{"@id":"https:\/\/www.area-arch.it\/en\/contemporary-itinerary\/contemporary-itinerary-romandy\/#primaryimage"},"thumbnailUrl":"https:\/\/static.tecnichenuove.it\/areaarch\/2024\/06\/Screenshot-2024-06-20-alle-12.55.18.jpg","datePublished":"2024-06-20T10:57:09+00:00","dateModified":"2024-06-20T10:59:28+00:00","description":"Area 194","breadcrumb":{"@id":"https:\/\/www.area-arch.it\/en\/contemporary-itinerary\/contemporary-itinerary-romandy\/#breadcrumb"},"inLanguage":"en-US","potentialAction":[{"@type":"ReadAction","target":["https:\/\/www.area-arch.it\/en\/contemporary-itinerary\/contemporary-itinerary-romandy\/"]}]},{"@type":"ImageObject","inLanguage":"en-US","@id":"https:\/\/www.area-arch.it\/en\/contemporary-itinerary\/contemporary-itinerary-romandy\/#primaryimage","url":"https:\/\/static.tecnichenuove.it\/areaarch\/2024\/06\/Screenshot-2024-06-20-alle-12.55.18.jpg","contentUrl":"https:\/\/static.tecnichenuove.it\/areaarch\/2024\/06\/Screenshot-2024-06-20-alle-12.55.18.jpg","width":1920,"height":628},{"@type":"BreadcrumbList","@id":"https:\/\/www.area-arch.it\/en\/contemporary-itinerary\/contemporary-itinerary-romandy\/#breadcrumb","itemListElement":[{"@type":"ListItem","position":1,"name":"Home","item":"https:\/\/www.area-arch.it\/en\/homepage-24\/"},{"@type":"ListItem","position":2,"name":"Itinerary","item":"https:\/\/www.area-arch.it\/en\/contemporary-itinerary\/"},{"@type":"ListItem","position":3,"name":"Contemporary itinerary: Romandy"}]},{"@type":"WebSite","@id":"https:\/\/www.area-arch.it\/en\/#website","url":"https:\/\/www.area-arch.it\/en\/","name":"Area","description":"rivista di architettura e arti del progetto","potentialAction":[{"@type":"SearchAction","target":{"@type":"EntryPoint","urlTemplate":"https:\/\/www.area-arch.it\/en\/?s={search_term_string}"},"query-input":{"@type":"PropertyValueSpecification","valueRequired":true,"valueName":"search_term_string"}}],"inLanguage":"en-US"}]}},"_links":{"self":[{"href":"https:\/\/www.area-arch.it\/en\/wp-json\/wp\/v2\/pages\/146378","targetHints":{"allow":["GET"]}}],"collection":[{"href":"https:\/\/www.area-arch.it\/en\/wp-json\/wp\/v2\/pages"}],"about":[{"href":"https:\/\/www.area-arch.it\/en\/wp-json\/wp\/v2\/types\/page"}],"author":[{"embeddable":true,"href":"https:\/\/www.area-arch.it\/en\/wp-json\/wp\/v2\/users\/1164"}],"replies":[{"embeddable":true,"href":"https:\/\/www.area-arch.it\/en\/wp-json\/wp\/v2\/comments?post=146378"}],"version-history":[{"count":1,"href":"https:\/\/www.area-arch.it\/en\/wp-json\/wp\/v2\/pages\/146378\/revisions"}],"predecessor-version":[{"id":146599,"href":"https:\/\/www.area-arch.it\/en\/wp-json\/wp\/v2\/pages\/146378\/revisions\/146599"}],"up":[{"embeddable":true,"href":"https:\/\/www.area-arch.it\/en\/wp-json\/wp\/v2\/pages\/29927"}],"wp:featuredmedia":[{"embeddable":true,"href":"https:\/\/www.area-arch.it\/en\/wp-json\/wp\/v2\/media\/146598"}],"wp:attachment":[{"href":"https:\/\/www.area-arch.it\/en\/wp-json\/wp\/v2\/media?parent=146378"}],"curies":[{"name":"wp","href":"https:\/\/api.w.org\/{rel}","templated":true}]}}