{"id":135478,"date":"2023-06-28T15:07:04","date_gmt":"2023-06-28T13:07:04","guid":{"rendered":"https:\/\/www.area-arch.it\/?page_id=135478"},"modified":"2023-06-28T15:11:36","modified_gmt":"2023-06-28T13:11:36","slug":"contemporary-itinerary-marrakech","status":"publish","type":"page","link":"https:\/\/www.area-arch.it\/en\/contemporary-itinerary\/contemporary-itinerary-marrakech\/","title":{"rendered":"Contemporary itinerary: Marrakech"},"content":{"rendered":"<div class=\"area-mappa\">\n  <a name=\"mappa\" id=\"mappa\"><\/a>\n  <div id=\"js-wpv-addon-maps-render-map-1\" style=\"width:100%; height:500px;\" class=\"wpv-addon-maps-render js-wpv-addon-maps-render js-wpv-addon-maps-render-map-1 \" data-map=\"map-1\" data-generalzoom=\"5\" data-generalcenterlat=\"0\" data-generalcenterlon=\"0\" data-fitbounds=\"on\" data-singlezoom=\"14\" data-singlecenter=\"on\" data-osmlayer=\"standard\" data-maptype=\"roadmap\" data-showlayerinterests=\"false\" data-markericon=\"\" data-markericonhover=\"\" data-draggable=\"on\" data-scrollwheel=\"on\" data-doubleclickzoom=\"on\" data-maptypecontrol=\"on\" data-fullscreencontrol=\"on\" data-zoomcontrol=\"on\" data-streetviewcontrol=\"on\" data-backgroundcolor=\"\" data-cluster=\"on\" data-clustergridsize=\"60\" data-clustermaxzoom=\"\" data-clusterclickzoom=\"on\" data-clusterminsize=\"2\" data-stylejson=\"\/\/www.area-arch.it\/wp-content\/plugins\/toolset-maps\/resources\/json\/Standard.json\" data-spiderfy=\"off\" data-streetview=\"off\" data-markerid=\"\" data-location=\"\" data-lat=\"0\" data-long=\"0\" data-heading=\"\" data-pitch=\"\"><\/div>\n  \n\t<div class=\"sponsor\">\n    \n\t\t<a href=\"https:\/\/www.area-arch.it\/\" target=\"_blank\" rel=\"noopener noreferrer\">\n    \n          <img decoding=\"async\" src=\"https:\/\/www.area-arch.it\/wp-content\/uploads\/sites\/6\/2017\/10\/logo_area_369.png\" alt=\"sponsor\" class=\"attachment-full\" \/>\n    \n\t\t<\/a>\n    \n\t<\/div>\n  \n<\/div>\n<form autocomplete=\"off\" name=\"wpv-filter-28977-CATTR5ac5e127349fa4dc10ffebf111d8732b\" action=\"\/en\/wp-json\/wp\/v2\/pages\/135478?wpv_view_count=28977-CATTR5ac5e127349fa4dc10ffebf111d8732b\" method=\"get\" class=\"wpv-filter-form js-wpv-filter-form js-wpv-filter-form-28977-CATTR5ac5e127349fa4dc10ffebf111d8732b js-wpv-form-full\" data-viewnumber=\"28977-CATTR5ac5e127349fa4dc10ffebf111d8732b\" data-viewid=\"28977\" data-viewhash=\"eyJuYW1lIjoiaXRpbmVyYXJpIiwid3B2Y2l0dGFpdGluZXJhcmlvIjoibWFycmFrZWNoIn0=\" data-viewwidgetid=\"0\" data-orderby=\"\" data-order=\"\" data-orderbyas=\"\" data-orderbysecond=\"\" data-ordersecond=\"\" data-parametric=\"{&quot;query&quot;:&quot;normal&quot;,&quot;id&quot;:28977,&quot;view_id&quot;:28977,&quot;widget_id&quot;:0,&quot;view_hash&quot;:&quot;28977-CATTR5ac5e127349fa4dc10ffebf111d8732b&quot;,&quot;action&quot;:&quot;\\\/en\\\/wp-json\\\/wp\\\/v2\\\/pages\\\/135478?wpv_view_count=28977-CATTR5ac5e127349fa4dc10ffebf111d8732b&quot;,&quot;sort&quot;:{&quot;orderby&quot;:&quot;&quot;,&quot;order&quot;:&quot;&quot;,&quot;orderby_as&quot;:&quot;&quot;,&quot;orderby_second&quot;:&quot;&quot;,&quot;order_second&quot;:&quot;&quot;},&quot;orderby&quot;:&quot;&quot;,&quot;order&quot;:&quot;&quot;,&quot;orderby_as&quot;:&quot;&quot;,&quot;orderby_second&quot;:&quot;&quot;,&quot;order_second&quot;:&quot;&quot;,&quot;ajax_form&quot;:&quot;&quot;,&quot;ajax_results&quot;:&quot;&quot;,&quot;effect&quot;:&quot;fade&quot;,&quot;prebefore&quot;:&quot;&quot;,&quot;before&quot;:&quot;&quot;,&quot;after&quot;:&quot;&quot;,&quot;attributes&quot;:{&quot;wpvcittaitinerario&quot;:&quot;marrakech&quot;},&quot;environment&quot;:{&quot;current_post_id&quot;:135478,&quot;parent_post_id&quot;:135478,&quot;parent_term_id&quot;:0,&quot;parent_user_id&quot;:0,&quot;archive&quot;:{&quot;type&quot;:&quot;&quot;,&quot;name&quot;:&quot;&quot;,&quot;data&quot;:[]}},&quot;loop&quot;:{&quot;type&quot;:&quot;&quot;,&quot;name&quot;:&quot;&quot;,&quot;data&quot;:[],&quot;id&quot;:0}}\" data-attributes=\"{&quot;wpvcittaitinerario&quot;:&quot;marrakech&quot;}\" data-environment=\"{&quot;current_post_id&quot;:135478,&quot;parent_post_id&quot;:135478,&quot;parent_term_id&quot;:0,&quot;parent_user_id&quot;:0,&quot;archive&quot;:{&quot;type&quot;:&quot;&quot;,&quot;name&quot;:&quot;&quot;,&quot;data&quot;:[]}}\"><input type=\"hidden\" class=\"js-wpv-dps-filter-data js-wpv-filter-data-for-this-form\" data-action=\"\/en\/wp-json\/wp\/v2\/pages\/135478?wpv_view_count=28977-CATTR5ac5e127349fa4dc10ffebf111d8732b\" data-page=\"1\" data-ajax=\"disable\" data-effect=\"fade\" data-maxpages=\"0\" data-ajaxprebefore=\"\" data-ajaxbefore=\"\" data-ajaxafter=\"\" \/><input class=\"wpv_view_count wpv_view_count-28977-CATTR5ac5e127349fa4dc10ffebf111d8732b\" type=\"hidden\" name=\"wpv_view_count\" value=\"28977-CATTR5ac5e127349fa4dc10ffebf111d8732b\" \/>\n\n<div class=\"filtro-itinerario\">\n  \tsearch:\n\t<input type=\"text\" name=\"wpv_post_search\"  class=\"js-wpv-filter-trigger-delayed\" \/>\n\ttipology:\n  \t\r\n<select  id=\"wpv_control_select_tipology\" name=\"tipology[]\" style=\"\" class=\"js-wpv-filter-trigger  wpcf-form-select form-select select\">\r\n<option value=\"\" selected=\"selected\" class=\"js-wpv-filter-trigger wpcf-form-option form-option option\">all<\/option>\r\n<option value=\"1\" class=\"js-wpv-filter-trigger wpcf-form-option form-option option\">art gallery<\/option>\r\n<option value=\"2\" class=\"js-wpv-filter-trigger wpcf-form-option form-option option\">art studios<\/option>\r\n<option value=\"3\" class=\"js-wpv-filter-trigger wpcf-form-option form-option option\">commercial<\/option>\r\n<option value=\"4\" class=\"js-wpv-filter-trigger wpcf-form-option form-option option\">education<\/option>\r\n<option value=\"5\" class=\"js-wpv-filter-trigger wpcf-form-option form-option option\">health<\/option>\r\n<option value=\"6\" class=\"js-wpv-filter-trigger wpcf-form-option form-option option\">infrastructure<\/option>\r\n<option value=\"7\" class=\"js-wpv-filter-trigger wpcf-form-option form-option option\">hotel<\/option>\r\n<option value=\"8\" class=\"js-wpv-filter-trigger wpcf-form-option form-option option\">library<\/option>\r\n<option value=\"9\" class=\"js-wpv-filter-trigger wpcf-form-option form-option option\">mixed use<\/option>\r\n<option value=\"10\" class=\"js-wpv-filter-trigger wpcf-form-option form-option option\">museum<\/option>\r\n<option value=\"11\" class=\"js-wpv-filter-trigger wpcf-form-option form-option option\">office<\/option>\r\n<option value=\"12\" class=\"js-wpv-filter-trigger wpcf-form-option form-option option\">public<\/option>\r\n<option value=\"13\" class=\"js-wpv-filter-trigger wpcf-form-option form-option option\">residential<\/option>\r\n<option value=\"14\" class=\"js-wpv-filter-trigger wpcf-form-option form-option option\">sport<\/option>\r\n<option value=\"15\" class=\"js-wpv-filter-trigger wpcf-form-option form-option option\">theatre<\/option>\r\n<option value=\"16\" class=\"js-wpv-filter-trigger wpcf-form-option form-option option\">student accomodation<\/option>\r\n<option value=\"17\" class=\"js-wpv-filter-trigger wpcf-form-option form-option option\">church<\/option>\r\n<option value=\"18\" class=\"js-wpv-filter-trigger wpcf-form-option form-option option\">parc<\/option>\r\n<option value=\"19\" class=\"js-wpv-filter-trigger wpcf-form-option form-option option\">winery<\/option>\r\n<option value=\"20\" class=\"js-wpv-filter-trigger wpcf-form-option form-option option\">restaurant<\/option>\r\n<\/select>\r\n\n    <input type=\"submit\" class=\"wpv-submit-trigger js-wpv-submit-trigger\" name=\"wpv_filter_submit\" value=\"Search\" \/>\n    <input type=\"button\" class=\"wpv-reset-trigger js-wpv-reset-trigger\" name=\"wpv_filter_reset\" value=\"Reset\" \/>\n<\/div>\n\n<\/form>\n<div id=\"wpv-view-layout-28977-CATTR5ac5e127349fa4dc10ffebf111d8732b\" class=\"js-wpv-view-layout js-wpv-layout-responsive js-wpv-view-layout-28977-CATTR5ac5e127349fa4dc10ffebf111d8732b\" data-viewnumber=\"28977-CATTR5ac5e127349fa4dc10ffebf111d8732b\" data-pagination=\"{&quot;id&quot;:28977,&quot;query&quot;:&quot;normal&quot;,&quot;type&quot;:&quot;disabled&quot;,&quot;effect&quot;:&quot;fade&quot;,&quot;duration&quot;:&quot;500&quot;,&quot;speed&quot;:5,&quot;pause_on_hover&quot;:&quot;disabled&quot;,&quot;stop_rollover&quot;:&quot;false&quot;,&quot;cache_pages&quot;:&quot;enabled&quot;,&quot;preload_images&quot;:&quot;enabled&quot;,&quot;preload_pages&quot;:&quot;enabled&quot;,&quot;preload_reach&quot;:&quot;1&quot;,&quot;spinner&quot;:&quot;builtin&quot;,&quot;spinner_image&quot;:&quot;https:\/\/test.area-arch.it\/wp-content\/plugins\/wp-views\/res\/img\/ajax-loader.gif&quot;,&quot;callback_next&quot;:&quot;&quot;,&quot;manage_history&quot;:&quot;enabled&quot;,&quot;has_controls_in_form&quot;:&quot;disabled&quot;,&quot;infinite_tolerance&quot;:&quot;0&quot;,&quot;max_pages&quot;:0,&quot;page&quot;:1,&quot;base_permalink&quot;:&quot;\/en\/wp-json\/wp\/v2\/pages\/135478?wpv_view_count=28977-CATTR5ac5e127349fa4dc10ffebf111d8732b&amp;wpv_paged=WPV_PAGE_NUM&quot;,&quot;loop&quot;:{&quot;type&quot;:&quot;&quot;,&quot;name&quot;:&quot;&quot;,&quot;data&quot;:[],&quot;id&quot;:0}}\" data-permalink=\"\/en\/wp-json\/wp\/v2\/pages\/135478?wpv_view_count=28977-CATTR5ac5e127349fa4dc10ffebf111d8732b\">\n\n<div class=\"entry-summary numero-area\">\n\n\t<span>area 188<\/span>\n\t\n  \t\t<span>|<\/span>\n  \t\n\n\n\t<span>By the water<\/span>\n\n    <a href=\"https:\/\/share-eu1.hsforms.com\/1-8N7GglVTICUosdieEK9KA2b3nva\" class=\"download\" target=\"_blank\">Download the map (PDF)<\/a>\n<\/div>\n\n<div class=\"mappa-itinerario\">\n\t\n<ul>\n\t\n\t\t\n          <li>\n            \n          <div style=\"display:none\" class=\"wpv-addon-maps-marker js-wpv-addon-maps-marker js-wpv-addon-maps-marker-marker-135481 js-wpv-addon-maps-markerfor-map-1\" data-marker=\"marker-135481\" data-markertitle=\"Bahia Palace\" data-markerfor=\"map-1\" data-markerlat=\"31.6294723\" data-markerlon=\"-7.9810845\" data-markericon=\"\/wp-content\/uploads\/sites\/6\/2017\/11\/area_marker_10.png\" data-markericonhover=\"\" data-streetview=\"no\" data-fromview=\"\">\n            <article class=\"marker-itinerario\">\n\t<div class=\"entry-thumbnail\">\n      \n      \n      \t<img loading=\"lazy\" decoding=\"async\" width=\"900\" height=\"600\" src=\"https:\/\/static.tecnichenuove.it\/areaarch\/2023\/06\/la-court-centrale-du-palais-de-la-bahia-et-sa-fontaine.jpeg\" class=\"attachment-post-thumbnail size-post-thumbnail wp-post-image\" alt=\"\" srcset=\"https:\/\/static.tecnichenuove.it\/areaarch\/2023\/06\/la-court-centrale-du-palais-de-la-bahia-et-sa-fontaine.jpeg 900w, https:\/\/static.tecnichenuove.it\/areaarch\/2023\/06\/la-court-centrale-du-palais-de-la-bahia-et-sa-fontaine-300x200.jpeg 300w, https:\/\/static.tecnichenuove.it\/areaarch\/2023\/06\/la-court-centrale-du-palais-de-la-bahia-et-sa-fontaine-150x100.jpeg 150w, https:\/\/static.tecnichenuove.it\/areaarch\/2023\/06\/la-court-centrale-du-palais-de-la-bahia-et-sa-fontaine-768x512.jpeg 768w, https:\/\/static.tecnichenuove.it\/areaarch\/2023\/06\/la-court-centrale-du-palais-de-la-bahia-et-sa-fontaine-696x464.jpeg 696w, https:\/\/static.tecnichenuove.it\/areaarch\/2023\/06\/la-court-centrale-du-palais-de-la-bahia-et-sa-fontaine-630x420.jpeg 630w\" sizes=\"auto, (max-width: 900px) 100vw, 900px\" \/>\n      \t<img decoding=\"async\" src=\"https:\/\/www.area-arch.it\/wp-content\/uploads\/sites\/6\/2023\/06\/plan-du-palais-de-la-bahia-.jpeg\" class=\"attachment-post-thumbnail\" \/>\n      \n\t<\/div>\n  \t<div class=\"entry-column\">\n      <h3 class=\"entry-title td-module-title\">Bahia Palace<\/h3>\n      <div class=\"td-excerpt\">\n            <div id=\"wpcf-field-tipology\" class=\"wpcf-field-select wpcf-field-tipology\"><span class=\"wpcf-field-name wpcf-field-select-name wpcf-field-tipology-name\">tipology:<\/span> <span class=\"wpcf-field-value wpcf-field-select-value wpcf-field-tipology-value\">museum<\/span><\/div>\n            <div id=\"wpcf-field-architect\" class=\"wpcf-field-single-line wpcf-field-architect\"><span class=\"wpcf-field-name wpcf-field-single-line-name wpcf-field-architect-name\">architect:<\/span> <span class=\"wpcf-field-value wpcf-field-single-line-value wpcf-field-architect-value\">Muhammad al-Makki<\/span><\/div>\n            <div id=\"wpcf-field-realization\" class=\"wpcf-field-number wpcf-field-realization\"><span class=\"wpcf-field-name wpcf-field-number-name wpcf-field-realization-name\">realization:<\/span> <span class=\"wpcf-field-value wpcf-field-number-value wpcf-field-realization-value\">1867<\/span><\/div>\n            Marrakech, Marocco\n          <\/div>\n  <\/div>\n<\/article>\n          <\/div>\n            <h4><a href=\"#\" onclick=\"cimap();\" class=\"link-marker js-wpv-addon-maps-focus-map js-toolset-maps-hover-map-map-1-marker-marker-135481 js-toolset-maps-open-infowindow-map-map-1-marker-marker-135481\" data-map=\"map-1\" data-marker=\"marker-135481\">01. Bahia Palace<\/a><\/h4>\n            <div id=\"wpcf-field-tipology\" class=\"wpcf-field-select wpcf-field-tipology\"><span class=\"wpcf-field-name wpcf-field-select-name wpcf-field-tipology-name\">tipology:<\/span> <span class=\"wpcf-field-value wpcf-field-select-value wpcf-field-tipology-value\">museum<\/span><\/div> | <div id=\"wpcf-field-architect\" class=\"wpcf-field-single-line wpcf-field-architect\"><span class=\"wpcf-field-name wpcf-field-single-line-name wpcf-field-architect-name\">architect:<\/span> <span class=\"wpcf-field-value wpcf-field-single-line-value wpcf-field-architect-value\">Muhammad al-Makki<\/span><\/div> | <div id=\"wpcf-field-realization\" class=\"wpcf-field-number wpcf-field-realization\"><span class=\"wpcf-field-name wpcf-field-number-name wpcf-field-realization-name\">realization:<\/span> <span class=\"wpcf-field-value wpcf-field-number-value wpcf-field-realization-value\">1867<\/span><\/div>\n          <\/li>\n\t\t\n          <li>\n            \n          <div style=\"display:none\" class=\"wpv-addon-maps-marker js-wpv-addon-maps-marker js-wpv-addon-maps-marker-marker-135484 js-wpv-addon-maps-markerfor-map-1\" data-marker=\"marker-135484\" data-markertitle=\"El Badi Palace\" data-markerfor=\"map-1\" data-markerlat=\"31.6182014\" data-markerlon=\"-7.9875678\" data-markericon=\"\/wp-content\/uploads\/sites\/6\/2017\/11\/area_marker_10.png\" data-markericonhover=\"\" data-streetview=\"no\" data-fromview=\"\">\n            <article class=\"marker-itinerario\">\n\t<div class=\"entry-thumbnail\">\n      \n      \n      \t<img loading=\"lazy\" decoding=\"async\" width=\"1920\" height=\"1440\" src=\"https:\/\/static.tecnichenuove.it\/areaarch\/2023\/06\/20211120_123311.jpeg\" class=\"attachment-post-thumbnail size-post-thumbnail wp-post-image\" alt=\"\" srcset=\"https:\/\/static.tecnichenuove.it\/areaarch\/2023\/06\/20211120_123311.jpeg 1920w, https:\/\/static.tecnichenuove.it\/areaarch\/2023\/06\/20211120_123311-300x225.jpeg 300w, https:\/\/static.tecnichenuove.it\/areaarch\/2023\/06\/20211120_123311-1024x768.jpeg 1024w, https:\/\/static.tecnichenuove.it\/areaarch\/2023\/06\/20211120_123311-768x576.jpeg 768w, https:\/\/static.tecnichenuove.it\/areaarch\/2023\/06\/20211120_123311-1536x1152.jpeg 1536w, https:\/\/static.tecnichenuove.it\/areaarch\/2023\/06\/20211120_123311-80x60.jpeg 80w, https:\/\/static.tecnichenuove.it\/areaarch\/2023\/06\/20211120_123311-160x120.jpeg 160w, https:\/\/static.tecnichenuove.it\/areaarch\/2023\/06\/20211120_123311-265x198.jpeg 265w, https:\/\/static.tecnichenuove.it\/areaarch\/2023\/06\/20211120_123311-696x522.jpeg 696w, https:\/\/static.tecnichenuove.it\/areaarch\/2023\/06\/20211120_123311-1068x801.jpeg 1068w, https:\/\/static.tecnichenuove.it\/areaarch\/2023\/06\/20211120_123311-560x420.jpeg 560w\" sizes=\"auto, (max-width: 1920px) 100vw, 1920px\" \/>\n      \t<img decoding=\"async\" src=\"https:\/\/www.area-arch.it\/wp-content\/uploads\/sites\/6\/2023\/06\/Badi_plan_9-Winduss-plan-161-650-1-PB-scaled-1.jpg\" class=\"attachment-post-thumbnail\" \/>\n      \n\t<\/div>\n  \t<div class=\"entry-column\">\n      <h3 class=\"entry-title td-module-title\">El Badi Palace<\/h3>\n      <div class=\"td-excerpt\">\n            <div id=\"wpcf-field-tipology\" class=\"wpcf-field-select wpcf-field-tipology\"><span class=\"wpcf-field-name wpcf-field-select-name wpcf-field-tipology-name\">tipology:<\/span> <span class=\"wpcf-field-value wpcf-field-select-value wpcf-field-tipology-value\">museum<\/span><\/div>\n            <div id=\"wpcf-field-architect\" class=\"wpcf-field-single-line wpcf-field-architect\"><span class=\"wpcf-field-name wpcf-field-single-line-name wpcf-field-architect-name\">architect:<\/span> <span class=\"wpcf-field-value wpcf-field-single-line-value wpcf-field-architect-value\">Ahmed el-Mansour<\/span><\/div>\n            <div id=\"wpcf-field-realization\" class=\"wpcf-field-number wpcf-field-realization\"><span class=\"wpcf-field-name wpcf-field-number-name wpcf-field-realization-name\">realization:<\/span> <span class=\"wpcf-field-value wpcf-field-number-value wpcf-field-realization-value\">1578<\/span><\/div>\n            Ksibat Nhass, Marrakech 40000, Marocco\n          <\/div>\n  <\/div>\n<\/article>\n          <\/div>\n            <h4><a href=\"#\" onclick=\"cimap();\" class=\"link-marker js-wpv-addon-maps-focus-map js-toolset-maps-hover-map-map-1-marker-marker-135484 js-toolset-maps-open-infowindow-map-map-1-marker-marker-135484\" data-map=\"map-1\" data-marker=\"marker-135484\">02. El Badi Palace<\/a><\/h4>\n            <div id=\"wpcf-field-tipology\" class=\"wpcf-field-select wpcf-field-tipology\"><span class=\"wpcf-field-name wpcf-field-select-name wpcf-field-tipology-name\">tipology:<\/span> <span class=\"wpcf-field-value wpcf-field-select-value wpcf-field-tipology-value\">museum<\/span><\/div> | <div id=\"wpcf-field-architect\" class=\"wpcf-field-single-line wpcf-field-architect\"><span class=\"wpcf-field-name wpcf-field-single-line-name wpcf-field-architect-name\">architect:<\/span> <span class=\"wpcf-field-value wpcf-field-single-line-value wpcf-field-architect-value\">Ahmed el-Mansour<\/span><\/div> | <div id=\"wpcf-field-realization\" class=\"wpcf-field-number wpcf-field-realization\"><span class=\"wpcf-field-name wpcf-field-number-name wpcf-field-realization-name\">realization:<\/span> <span class=\"wpcf-field-value wpcf-field-number-value wpcf-field-realization-value\">1578<\/span><\/div>\n          <\/li>\n\t\t\n          <li>\n            \n          <div style=\"display:none\" class=\"wpv-addon-maps-marker js-wpv-addon-maps-marker js-wpv-addon-maps-marker-marker-135487 js-wpv-addon-maps-markerfor-map-1\" data-marker=\"marker-135487\" data-markertitle=\"Kasbah Mosque\" data-markerfor=\"map-1\" data-markerlat=\"31.6155277\" data-markerlon=\"-7.9889197\" data-markericon=\"\/wp-content\/uploads\/sites\/6\/2017\/11\/area_marker_17.png\" data-markericonhover=\"\" data-streetview=\"no\" data-fromview=\"\">\n            <article class=\"marker-itinerario\">\n\t<div class=\"entry-thumbnail\">\n      \n      \n      \t<img loading=\"lazy\" decoding=\"async\" width=\"1181\" height=\"1764\" src=\"https:\/\/static.tecnichenuove.it\/areaarch\/2023\/06\/8b995f42bac3133078f4d8f07803dcb5.jpg\" class=\"attachment-post-thumbnail size-post-thumbnail wp-post-image\" alt=\"\" srcset=\"https:\/\/static.tecnichenuove.it\/areaarch\/2023\/06\/8b995f42bac3133078f4d8f07803dcb5.jpg 1181w, https:\/\/static.tecnichenuove.it\/areaarch\/2023\/06\/8b995f42bac3133078f4d8f07803dcb5-201x300.jpg 201w, https:\/\/static.tecnichenuove.it\/areaarch\/2023\/06\/8b995f42bac3133078f4d8f07803dcb5-686x1024.jpg 686w, https:\/\/static.tecnichenuove.it\/areaarch\/2023\/06\/8b995f42bac3133078f4d8f07803dcb5-768x1147.jpg 768w, https:\/\/static.tecnichenuove.it\/areaarch\/2023\/06\/8b995f42bac3133078f4d8f07803dcb5-1028x1536.jpg 1028w, https:\/\/static.tecnichenuove.it\/areaarch\/2023\/06\/8b995f42bac3133078f4d8f07803dcb5-696x1040.jpg 696w, https:\/\/static.tecnichenuove.it\/areaarch\/2023\/06\/8b995f42bac3133078f4d8f07803dcb5-1068x1595.jpg 1068w, https:\/\/static.tecnichenuove.it\/areaarch\/2023\/06\/8b995f42bac3133078f4d8f07803dcb5-281x420.jpg 281w\" sizes=\"auto, (max-width: 1181px) 100vw, 1181px\" \/>\n      \t<img decoding=\"async\" src=\"https:\/\/www.area-arch.it\/wp-content\/uploads\/sites\/6\/2023\/06\/Floor_plan_of_kasbah_mosque_marrakech.png\" class=\"attachment-post-thumbnail\" \/>\n      \n\t<\/div>\n  \t<div class=\"entry-column\">\n      <h3 class=\"entry-title td-module-title\">Kasbah Mosque<\/h3>\n      <div class=\"td-excerpt\">\n            <div id=\"wpcf-field-tipology\" class=\"wpcf-field-select wpcf-field-tipology\"><span class=\"wpcf-field-name wpcf-field-select-name wpcf-field-tipology-name\">tipology:<\/span> <span class=\"wpcf-field-value wpcf-field-select-value wpcf-field-tipology-value\">church<\/span><\/div>\n            <div id=\"wpcf-field-architect\" class=\"wpcf-field-single-line wpcf-field-architect\"><span class=\"wpcf-field-name wpcf-field-single-line-name wpcf-field-architect-name\">architect:<\/span> <span class=\"wpcf-field-value wpcf-field-single-line-value wpcf-field-architect-value\">Yaqub al-Monsour<\/span><\/div>\n            <div id=\"wpcf-field-realization\" class=\"wpcf-field-number wpcf-field-realization\"><span class=\"wpcf-field-name wpcf-field-number-name wpcf-field-realization-name\">realization:<\/span> <span class=\"wpcf-field-value wpcf-field-number-value wpcf-field-realization-value\">1190<\/span><\/div>\n            23 Rue de La Kasbah, Marrakesh 40000, Marocco\n          <\/div>\n  <\/div>\n<\/article>\n          <\/div>\n            <h4><a href=\"#\" onclick=\"cimap();\" class=\"link-marker js-wpv-addon-maps-focus-map js-toolset-maps-hover-map-map-1-marker-marker-135487 js-toolset-maps-open-infowindow-map-map-1-marker-marker-135487\" data-map=\"map-1\" data-marker=\"marker-135487\">03. Kasbah Mosque<\/a><\/h4>\n            <div id=\"wpcf-field-tipology\" class=\"wpcf-field-select wpcf-field-tipology\"><span class=\"wpcf-field-name wpcf-field-select-name wpcf-field-tipology-name\">tipology:<\/span> <span class=\"wpcf-field-value wpcf-field-select-value wpcf-field-tipology-value\">church<\/span><\/div> | <div id=\"wpcf-field-architect\" class=\"wpcf-field-single-line wpcf-field-architect\"><span class=\"wpcf-field-name wpcf-field-single-line-name wpcf-field-architect-name\">architect:<\/span> <span class=\"wpcf-field-value wpcf-field-single-line-value wpcf-field-architect-value\">Yaqub al-Monsour<\/span><\/div> | <div id=\"wpcf-field-realization\" class=\"wpcf-field-number wpcf-field-realization\"><span class=\"wpcf-field-name wpcf-field-number-name wpcf-field-realization-name\">realization:<\/span> <span class=\"wpcf-field-value wpcf-field-number-value wpcf-field-realization-value\">1190<\/span><\/div>\n          <\/li>\n\t\t\n          <li>\n            \n          <div style=\"display:none\" class=\"wpv-addon-maps-marker js-wpv-addon-maps-marker js-wpv-addon-maps-marker-marker-135490 js-wpv-addon-maps-markerfor-map-1\" data-marker=\"marker-135490\" data-markertitle=\"La Mamounia\" data-markerfor=\"map-1\" data-markerlat=\"31.6244836\" data-markerlon=\"-7.9889837\" data-markericon=\"\/wp-content\/uploads\/sites\/6\/2017\/11\/area_marker_7.png\" data-markericonhover=\"\" data-streetview=\"no\" data-fromview=\"\">\n            <article class=\"marker-itinerario\">\n\t<div class=\"entry-thumbnail\">\n      \n      \n      \t<img loading=\"lazy\" decoding=\"async\" width=\"1181\" height=\"1660\" src=\"https:\/\/static.tecnichenuove.it\/areaarch\/2023\/06\/La-Mamounia_01.jpeg\" class=\"attachment-post-thumbnail size-post-thumbnail wp-post-image\" alt=\"\" srcset=\"https:\/\/static.tecnichenuove.it\/areaarch\/2023\/06\/La-Mamounia_01.jpeg 1181w, https:\/\/static.tecnichenuove.it\/areaarch\/2023\/06\/La-Mamounia_01-213x300.jpeg 213w, https:\/\/static.tecnichenuove.it\/areaarch\/2023\/06\/La-Mamounia_01-729x1024.jpeg 729w, https:\/\/static.tecnichenuove.it\/areaarch\/2023\/06\/La-Mamounia_01-768x1079.jpeg 768w, https:\/\/static.tecnichenuove.it\/areaarch\/2023\/06\/La-Mamounia_01-1093x1536.jpeg 1093w, https:\/\/static.tecnichenuove.it\/areaarch\/2023\/06\/La-Mamounia_01-696x978.jpeg 696w, https:\/\/static.tecnichenuove.it\/areaarch\/2023\/06\/La-Mamounia_01-1068x1501.jpeg 1068w, https:\/\/static.tecnichenuove.it\/areaarch\/2023\/06\/La-Mamounia_01-299x420.jpeg 299w\" sizes=\"auto, (max-width: 1181px) 100vw, 1181px\" \/>\n      \t<img decoding=\"async\" src=\"https:\/\/www.area-arch.it\/wp-content\/uploads\/sites\/6\/2023\/06\/Schermata-2023-06-28-alle-10.58.12.jpg\" class=\"attachment-post-thumbnail\" \/>\n      \n\t<\/div>\n  \t<div class=\"entry-column\">\n      <h3 class=\"entry-title td-module-title\">La Mamounia<\/h3>\n      <div class=\"td-excerpt\">\n            <div id=\"wpcf-field-tipology\" class=\"wpcf-field-select wpcf-field-tipology\"><span class=\"wpcf-field-name wpcf-field-select-name wpcf-field-tipology-name\">tipology:<\/span> <span class=\"wpcf-field-value wpcf-field-select-value wpcf-field-tipology-value\">hotel<\/span><\/div>\n            <div id=\"wpcf-field-architect\" class=\"wpcf-field-single-line wpcf-field-architect\"><span class=\"wpcf-field-name wpcf-field-single-line-name wpcf-field-architect-name\">architect:<\/span> <span class=\"wpcf-field-value wpcf-field-single-line-value wpcf-field-architect-value\">Henri Prost and Antoine Marchisia, Jacques Garcia<\/span><\/div>\n            <div id=\"wpcf-field-realization\" class=\"wpcf-field-number wpcf-field-realization\"><span class=\"wpcf-field-name wpcf-field-number-name wpcf-field-realization-name\">realization:<\/span> <span class=\"wpcf-field-value wpcf-field-number-value wpcf-field-realization-value\">2009<\/span><\/div>\n            42 Rue Bab Agnaou, Marrakesh 40000, Marocco\n          <\/div>\n  <\/div>\n<\/article>\n          <\/div>\n            <h4><a href=\"#\" onclick=\"cimap();\" class=\"link-marker js-wpv-addon-maps-focus-map js-toolset-maps-hover-map-map-1-marker-marker-135490 js-toolset-maps-open-infowindow-map-map-1-marker-marker-135490\" data-map=\"map-1\" data-marker=\"marker-135490\">04. La Mamounia<\/a><\/h4>\n            <div id=\"wpcf-field-tipology\" class=\"wpcf-field-select wpcf-field-tipology\"><span class=\"wpcf-field-name wpcf-field-select-name wpcf-field-tipology-name\">tipology:<\/span> <span class=\"wpcf-field-value wpcf-field-select-value wpcf-field-tipology-value\">hotel<\/span><\/div> | <div id=\"wpcf-field-architect\" class=\"wpcf-field-single-line wpcf-field-architect\"><span class=\"wpcf-field-name wpcf-field-single-line-name wpcf-field-architect-name\">architect:<\/span> <span class=\"wpcf-field-value wpcf-field-single-line-value wpcf-field-architect-value\">Henri Prost and Antoine Marchisia, Jacques Garcia<\/span><\/div> | <div id=\"wpcf-field-realization\" class=\"wpcf-field-number wpcf-field-realization\"><span class=\"wpcf-field-name wpcf-field-number-name wpcf-field-realization-name\">realization:<\/span> <span class=\"wpcf-field-value wpcf-field-number-value wpcf-field-realization-value\">2009<\/span><\/div>\n          <\/li>\n\t\t\n          <li>\n            \n          <div style=\"display:none\" class=\"wpv-addon-maps-marker js-wpv-addon-maps-marker js-wpv-addon-maps-marker-marker-135493 js-wpv-addon-maps-markerfor-map-1\" data-marker=\"marker-135493\" data-markertitle=\"Nobu Hotel Marrakech\" data-markerfor=\"map-1\" data-markerlat=\"31.6255466\" data-markerlon=\"-8.0037595\" data-markericon=\"\/wp-content\/uploads\/sites\/6\/2017\/11\/area_marker_7.png\" data-markericonhover=\"\" data-streetview=\"no\" data-fromview=\"\">\n            <article class=\"marker-itinerario\">\n\t<div class=\"entry-thumbnail\">\n      \n      \n      \t<img loading=\"lazy\" decoding=\"async\" width=\"1920\" height=\"1081\" src=\"https:\/\/static.tecnichenuove.it\/areaarch\/2023\/06\/3b3d82ee_z.jpg\" class=\"attachment-post-thumbnail size-post-thumbnail wp-post-image\" alt=\"\" srcset=\"https:\/\/static.tecnichenuove.it\/areaarch\/2023\/06\/3b3d82ee_z.jpg 1920w, https:\/\/static.tecnichenuove.it\/areaarch\/2023\/06\/3b3d82ee_z-300x169.jpg 300w, https:\/\/static.tecnichenuove.it\/areaarch\/2023\/06\/3b3d82ee_z-1024x577.jpg 1024w, https:\/\/static.tecnichenuove.it\/areaarch\/2023\/06\/3b3d82ee_z-768x432.jpg 768w, https:\/\/static.tecnichenuove.it\/areaarch\/2023\/06\/3b3d82ee_z-1536x865.jpg 1536w, https:\/\/static.tecnichenuove.it\/areaarch\/2023\/06\/3b3d82ee_z-696x392.jpg 696w, https:\/\/static.tecnichenuove.it\/areaarch\/2023\/06\/3b3d82ee_z-1068x601.jpg 1068w, https:\/\/static.tecnichenuove.it\/areaarch\/2023\/06\/3b3d82ee_z-746x420.jpg 746w\" sizes=\"auto, (max-width: 1920px) 100vw, 1920px\" \/>\n      \t<img decoding=\"async\" src=\"https:\/\/www.area-arch.it\/wp-content\/uploads\/sites\/6\/2023\/06\/Schermata-2023-06-28-alle-11.01.45.png\" class=\"attachment-post-thumbnail\" \/>\n      \n\t<\/div>\n  \t<div class=\"entry-column\">\n      <h3 class=\"entry-title td-module-title\">Nobu Hotel Marrakech<\/h3>\n      <div class=\"td-excerpt\">\n            <div id=\"wpcf-field-tipology\" class=\"wpcf-field-select wpcf-field-tipology\"><span class=\"wpcf-field-name wpcf-field-select-name wpcf-field-tipology-name\">tipology:<\/span> <span class=\"wpcf-field-value wpcf-field-select-value wpcf-field-tipology-value\">hotel<\/span><\/div>\n            <div id=\"wpcf-field-architect\" class=\"wpcf-field-single-line wpcf-field-architect\"><span class=\"wpcf-field-name wpcf-field-single-line-name wpcf-field-architect-name\">architect:<\/span> <span class=\"wpcf-field-value wpcf-field-single-line-value wpcf-field-architect-value\">Jacques Garcia, Mahmoud Slimane<\/span><\/div>\n            <div id=\"wpcf-field-realization\" class=\"wpcf-field-number wpcf-field-realization\"><span class=\"wpcf-field-name wpcf-field-number-name wpcf-field-realization-name\">realization:<\/span> <span class=\"wpcf-field-value wpcf-field-number-value wpcf-field-realization-value\">2023<\/span><\/div>\n            Av. Echouhada, Marrakech 40000, Marocco\n          <\/div>\n  <\/div>\n<\/article>\n          <\/div>\n            <h4><a href=\"#\" onclick=\"cimap();\" class=\"link-marker js-wpv-addon-maps-focus-map js-toolset-maps-hover-map-map-1-marker-marker-135493 js-toolset-maps-open-infowindow-map-map-1-marker-marker-135493\" data-map=\"map-1\" data-marker=\"marker-135493\">05. Nobu Hotel Marrakech<\/a><\/h4>\n            <div id=\"wpcf-field-tipology\" class=\"wpcf-field-select wpcf-field-tipology\"><span class=\"wpcf-field-name wpcf-field-select-name wpcf-field-tipology-name\">tipology:<\/span> <span class=\"wpcf-field-value wpcf-field-select-value wpcf-field-tipology-value\">hotel<\/span><\/div> | <div id=\"wpcf-field-architect\" class=\"wpcf-field-single-line wpcf-field-architect\"><span class=\"wpcf-field-name wpcf-field-single-line-name wpcf-field-architect-name\">architect:<\/span> <span class=\"wpcf-field-value wpcf-field-single-line-value wpcf-field-architect-value\">Jacques Garcia, Mahmoud Slimane<\/span><\/div> | <div id=\"wpcf-field-realization\" class=\"wpcf-field-number wpcf-field-realization\"><span class=\"wpcf-field-name wpcf-field-number-name wpcf-field-realization-name\">realization:<\/span> <span class=\"wpcf-field-value wpcf-field-number-value wpcf-field-realization-value\">2023<\/span><\/div>\n          <\/li>\n\t\t\n          <li>\n            \n          <div style=\"display:none\" class=\"wpv-addon-maps-marker js-wpv-addon-maps-marker js-wpv-addon-maps-marker-marker-135496 js-wpv-addon-maps-markerfor-map-1\" data-marker=\"marker-135496\" data-markertitle=\"Koutoubia Mosque\" data-markerfor=\"map-1\" data-markerlat=\"31.6294723\" data-markerlon=\"-7.9810845\" data-markericon=\"\/wp-content\/uploads\/sites\/6\/2017\/11\/area_marker_17.png\" data-markericonhover=\"\" data-streetview=\"no\" data-fromview=\"\">\n            <article class=\"marker-itinerario\">\n\t<div class=\"entry-thumbnail\">\n      \n      \n      \t<img loading=\"lazy\" decoding=\"async\" width=\"450\" height=\"563\" src=\"https:\/\/static.tecnichenuove.it\/areaarch\/2023\/06\/335979160_231543642576756_1882843003503360980_n.jpg\" class=\"attachment-post-thumbnail size-post-thumbnail wp-post-image\" alt=\"\" srcset=\"https:\/\/static.tecnichenuove.it\/areaarch\/2023\/06\/335979160_231543642576756_1882843003503360980_n.jpg 450w, https:\/\/static.tecnichenuove.it\/areaarch\/2023\/06\/335979160_231543642576756_1882843003503360980_n-240x300.jpg 240w, https:\/\/static.tecnichenuove.it\/areaarch\/2023\/06\/335979160_231543642576756_1882843003503360980_n-336x420.jpg 336w\" sizes=\"auto, (max-width: 450px) 100vw, 450px\" \/>\n      \t<img decoding=\"async\" src=\"https:\/\/www.area-arch.it\/wp-content\/uploads\/sites\/6\/2023\/06\/images.jpeg\" class=\"attachment-post-thumbnail\" \/>\n      \n\t<\/div>\n  \t<div class=\"entry-column\">\n      <h3 class=\"entry-title td-module-title\">Koutoubia Mosque<\/h3>\n      <div class=\"td-excerpt\">\n            <div id=\"wpcf-field-tipology\" class=\"wpcf-field-select wpcf-field-tipology\"><span class=\"wpcf-field-name wpcf-field-select-name wpcf-field-tipology-name\">tipology:<\/span> <span class=\"wpcf-field-value wpcf-field-select-value wpcf-field-tipology-value\">church<\/span><\/div>\n            <div id=\"wpcf-field-architect\" class=\"wpcf-field-single-line wpcf-field-architect\"><span class=\"wpcf-field-name wpcf-field-single-line-name wpcf-field-architect-name\">architect:<\/span> <span class=\"wpcf-field-value wpcf-field-single-line-value wpcf-field-architect-value\">-<\/span><\/div>\n            <div id=\"wpcf-field-realization\" class=\"wpcf-field-number wpcf-field-realization\"><span class=\"wpcf-field-name wpcf-field-number-name wpcf-field-realization-name\">realization:<\/span> <span class=\"wpcf-field-value wpcf-field-number-value wpcf-field-realization-value\">1100<\/span><\/div>\n            Marrakech, Marocco\n          <\/div>\n  <\/div>\n<\/article>\n          <\/div>\n            <h4><a href=\"#\" onclick=\"cimap();\" class=\"link-marker js-wpv-addon-maps-focus-map js-toolset-maps-hover-map-map-1-marker-marker-135496 js-toolset-maps-open-infowindow-map-map-1-marker-marker-135496\" data-map=\"map-1\" data-marker=\"marker-135496\">06. Koutoubia Mosque<\/a><\/h4>\n            <div id=\"wpcf-field-tipology\" class=\"wpcf-field-select wpcf-field-tipology\"><span class=\"wpcf-field-name wpcf-field-select-name wpcf-field-tipology-name\">tipology:<\/span> <span class=\"wpcf-field-value wpcf-field-select-value wpcf-field-tipology-value\">church<\/span><\/div> | <div id=\"wpcf-field-architect\" class=\"wpcf-field-single-line wpcf-field-architect\"><span class=\"wpcf-field-name wpcf-field-single-line-name wpcf-field-architect-name\">architect:<\/span> <span class=\"wpcf-field-value wpcf-field-single-line-value wpcf-field-architect-value\">-<\/span><\/div> | <div id=\"wpcf-field-realization\" class=\"wpcf-field-number wpcf-field-realization\"><span class=\"wpcf-field-name wpcf-field-number-name wpcf-field-realization-name\">realization:<\/span> <span class=\"wpcf-field-value wpcf-field-number-value wpcf-field-realization-value\">1100<\/span><\/div>\n          <\/li>\n\t\t\n          <li>\n            \n          <div style=\"display:none\" class=\"wpv-addon-maps-marker js-wpv-addon-maps-marker js-wpv-addon-maps-marker-marker-135499 js-wpv-addon-maps-markerfor-map-1\" data-marker=\"marker-135499\" data-markertitle=\"Co-Habitation\" data-markerfor=\"map-1\" data-markerlat=\"31.6300362\" data-markerlon=\"-8.0158518\" data-markericon=\"\/wp-content\/uploads\/sites\/6\/2017\/11\/area_marker_13.png\" data-markericonhover=\"\" data-streetview=\"no\" data-fromview=\"\">\n            <article class=\"marker-itinerario\">\n\t<div class=\"entry-thumbnail\">\n      \n      \n      \t<img loading=\"lazy\" decoding=\"async\" width=\"1600\" height=\"800\" src=\"https:\/\/static.tecnichenuove.it\/areaarch\/2023\/06\/co-habitation-kilo-architectures-luc-boegly-09.jpg\" class=\"attachment-post-thumbnail size-post-thumbnail wp-post-image\" alt=\"\" srcset=\"https:\/\/static.tecnichenuove.it\/areaarch\/2023\/06\/co-habitation-kilo-architectures-luc-boegly-09.jpg 1600w, https:\/\/static.tecnichenuove.it\/areaarch\/2023\/06\/co-habitation-kilo-architectures-luc-boegly-09-300x150.jpg 300w, https:\/\/static.tecnichenuove.it\/areaarch\/2023\/06\/co-habitation-kilo-architectures-luc-boegly-09-1024x512.jpg 1024w, https:\/\/static.tecnichenuove.it\/areaarch\/2023\/06\/co-habitation-kilo-architectures-luc-boegly-09-768x384.jpg 768w, https:\/\/static.tecnichenuove.it\/areaarch\/2023\/06\/co-habitation-kilo-architectures-luc-boegly-09-1536x768.jpg 1536w, https:\/\/static.tecnichenuove.it\/areaarch\/2023\/06\/co-habitation-kilo-architectures-luc-boegly-09-696x348.jpg 696w, https:\/\/static.tecnichenuove.it\/areaarch\/2023\/06\/co-habitation-kilo-architectures-luc-boegly-09-1068x534.jpg 1068w, https:\/\/static.tecnichenuove.it\/areaarch\/2023\/06\/co-habitation-kilo-architectures-luc-boegly-09-840x420.jpg 840w\" sizes=\"auto, (max-width: 1600px) 100vw, 1600px\" \/>\n      \t<img decoding=\"async\" src=\"https:\/\/www.area-arch.it\/wp-content\/uploads\/sites\/6\/2023\/06\/co-habitation-kilo-architectures-luc-boegly-18-e1687943308954.png\" class=\"attachment-post-thumbnail\" \/>\n      \n\t<\/div>\n  \t<div class=\"entry-column\">\n      <h3 class=\"entry-title td-module-title\">Co-Habitation<\/h3>\n      <div class=\"td-excerpt\">\n            <div id=\"wpcf-field-tipology\" class=\"wpcf-field-select wpcf-field-tipology\"><span class=\"wpcf-field-name wpcf-field-select-name wpcf-field-tipology-name\">tipology:<\/span> <span class=\"wpcf-field-value wpcf-field-select-value wpcf-field-tipology-value\">residential<\/span><\/div>\n            <div id=\"wpcf-field-architect\" class=\"wpcf-field-single-line wpcf-field-architect\"><span class=\"wpcf-field-name wpcf-field-single-line-name wpcf-field-architect-name\">architect:<\/span> <span class=\"wpcf-field-value wpcf-field-single-line-value wpcf-field-architect-value\">OUALALOU+CHOI<\/span><\/div>\n            <div id=\"wpcf-field-realization\" class=\"wpcf-field-number wpcf-field-realization\"><span class=\"wpcf-field-name wpcf-field-number-name wpcf-field-realization-name\">realization:<\/span> <span class=\"wpcf-field-value wpcf-field-number-value wpcf-field-realization-value\">2014<\/span><\/div>\n            Av. Hassan II, Marrakech, Marocco\n          <\/div>\n  <\/div>\n<\/article>\n          <\/div>\n            <h4><a href=\"#\" onclick=\"cimap();\" class=\"link-marker js-wpv-addon-maps-focus-map js-toolset-maps-hover-map-map-1-marker-marker-135499 js-toolset-maps-open-infowindow-map-map-1-marker-marker-135499\" data-map=\"map-1\" data-marker=\"marker-135499\">07. Co-Habitation<\/a><\/h4>\n            <div id=\"wpcf-field-tipology\" class=\"wpcf-field-select wpcf-field-tipology\"><span class=\"wpcf-field-name wpcf-field-select-name wpcf-field-tipology-name\">tipology:<\/span> <span class=\"wpcf-field-value wpcf-field-select-value wpcf-field-tipology-value\">residential<\/span><\/div> | <div id=\"wpcf-field-architect\" class=\"wpcf-field-single-line wpcf-field-architect\"><span class=\"wpcf-field-name wpcf-field-single-line-name wpcf-field-architect-name\">architect:<\/span> <span class=\"wpcf-field-value wpcf-field-single-line-value wpcf-field-architect-value\">OUALALOU+CHOI<\/span><\/div> | <div id=\"wpcf-field-realization\" class=\"wpcf-field-number wpcf-field-realization\"><span class=\"wpcf-field-name wpcf-field-number-name wpcf-field-realization-name\">realization:<\/span> <span class=\"wpcf-field-value wpcf-field-number-value wpcf-field-realization-value\">2014<\/span><\/div>\n          <\/li>\n\t\t\n          <li>\n            \n          <div style=\"display:none\" class=\"wpv-addon-maps-marker js-wpv-addon-maps-marker js-wpv-addon-maps-marker-marker-135502 js-wpv-addon-maps-markerfor-map-1\" data-marker=\"marker-135502\" data-markertitle=\"Service Station\" data-markerfor=\"map-1\" data-markerlat=\"31.6395431\" data-markerlon=\"-8.0034677\" data-markericon=\"\/wp-content\/uploads\/sites\/6\/2017\/11\/area_marker_9.png\" data-markericonhover=\"\" data-streetview=\"no\" data-fromview=\"\">\n            <article class=\"marker-itinerario\">\n\t<div class=\"entry-thumbnail\">\n      \n      \n      \t<img loading=\"lazy\" decoding=\"async\" width=\"1600\" height=\"1200\" src=\"https:\/\/static.tecnichenuove.it\/areaarch\/2023\/06\/Service-Station_-Zevaco_02.jpeg\" class=\"attachment-post-thumbnail size-post-thumbnail wp-post-image\" alt=\"\" srcset=\"https:\/\/static.tecnichenuove.it\/areaarch\/2023\/06\/Service-Station_-Zevaco_02.jpeg 1600w, https:\/\/static.tecnichenuove.it\/areaarch\/2023\/06\/Service-Station_-Zevaco_02-300x225.jpeg 300w, https:\/\/static.tecnichenuove.it\/areaarch\/2023\/06\/Service-Station_-Zevaco_02-1024x768.jpeg 1024w, https:\/\/static.tecnichenuove.it\/areaarch\/2023\/06\/Service-Station_-Zevaco_02-768x576.jpeg 768w, https:\/\/static.tecnichenuove.it\/areaarch\/2023\/06\/Service-Station_-Zevaco_02-1536x1152.jpeg 1536w, https:\/\/static.tecnichenuove.it\/areaarch\/2023\/06\/Service-Station_-Zevaco_02-80x60.jpeg 80w, https:\/\/static.tecnichenuove.it\/areaarch\/2023\/06\/Service-Station_-Zevaco_02-160x120.jpeg 160w, https:\/\/static.tecnichenuove.it\/areaarch\/2023\/06\/Service-Station_-Zevaco_02-265x198.jpeg 265w, https:\/\/static.tecnichenuove.it\/areaarch\/2023\/06\/Service-Station_-Zevaco_02-696x522.jpeg 696w, https:\/\/static.tecnichenuove.it\/areaarch\/2023\/06\/Service-Station_-Zevaco_02-1068x801.jpeg 1068w, https:\/\/static.tecnichenuove.it\/areaarch\/2023\/06\/Service-Station_-Zevaco_02-560x420.jpeg 560w\" sizes=\"auto, (max-width: 1600px) 100vw, 1600px\" \/>\n      \t<img decoding=\"async\" src=\"https:\/\/www.area-arch.it\/wp-content\/uploads\/sites\/6\/2023\/06\/ZEVA_002_20_07.jpg\" class=\"attachment-post-thumbnail\" \/>\n      \n\t<\/div>\n  \t<div class=\"entry-column\">\n      <h3 class=\"entry-title td-module-title\">Service Station<\/h3>\n      <div class=\"td-excerpt\">\n            <div id=\"wpcf-field-tipology\" class=\"wpcf-field-select wpcf-field-tipology\"><span class=\"wpcf-field-name wpcf-field-select-name wpcf-field-tipology-name\">tipology:<\/span> <span class=\"wpcf-field-value wpcf-field-select-value wpcf-field-tipology-value\">mixed use<\/span><\/div>\n            <div id=\"wpcf-field-architect\" class=\"wpcf-field-single-line wpcf-field-architect\"><span class=\"wpcf-field-name wpcf-field-single-line-name wpcf-field-architect-name\">architect:<\/span> <span class=\"wpcf-field-value wpcf-field-single-line-value wpcf-field-architect-value\">Jean-Francois Zevaco<\/span><\/div>\n            <div id=\"wpcf-field-realization\" class=\"wpcf-field-number wpcf-field-realization\"><span class=\"wpcf-field-name wpcf-field-number-name wpcf-field-realization-name\">realization:<\/span> <span class=\"wpcf-field-value wpcf-field-number-value wpcf-field-realization-value\">1958<\/span><\/div>\n            Av. Yacoub El Mansour, Marrakech 40000, Marocco\n          <\/div>\n  <\/div>\n<\/article>\n          <\/div>\n            <h4><a href=\"#\" onclick=\"cimap();\" class=\"link-marker js-wpv-addon-maps-focus-map js-toolset-maps-hover-map-map-1-marker-marker-135502 js-toolset-maps-open-infowindow-map-map-1-marker-marker-135502\" data-map=\"map-1\" data-marker=\"marker-135502\">08. Service Station<\/a><\/h4>\n            <div id=\"wpcf-field-tipology\" class=\"wpcf-field-select wpcf-field-tipology\"><span class=\"wpcf-field-name wpcf-field-select-name wpcf-field-tipology-name\">tipology:<\/span> <span class=\"wpcf-field-value wpcf-field-select-value wpcf-field-tipology-value\">mixed use<\/span><\/div> | <div id=\"wpcf-field-architect\" class=\"wpcf-field-single-line wpcf-field-architect\"><span class=\"wpcf-field-name wpcf-field-single-line-name wpcf-field-architect-name\">architect:<\/span> <span class=\"wpcf-field-value wpcf-field-single-line-value wpcf-field-architect-value\">Jean-Francois Zevaco<\/span><\/div> | <div id=\"wpcf-field-realization\" class=\"wpcf-field-number wpcf-field-realization\"><span class=\"wpcf-field-name wpcf-field-number-name wpcf-field-realization-name\">realization:<\/span> <span class=\"wpcf-field-value wpcf-field-number-value wpcf-field-realization-value\">1958<\/span><\/div>\n          <\/li>\n\t\t\n          <li>\n            \n          <div style=\"display:none\" class=\"wpv-addon-maps-marker js-wpv-addon-maps-marker js-wpv-addon-maps-marker-marker-135505 js-wpv-addon-maps-markerfor-map-1\" data-marker=\"marker-135505\" data-markertitle=\"Villa Oasis\" data-markerfor=\"map-1\" data-markerlat=\"31.6294723\" data-markerlon=\"-7.9810845\" data-markericon=\"\/wp-content\/uploads\/sites\/6\/2017\/11\/area_marker_10.png\" data-markericonhover=\"\" data-streetview=\"no\" data-fromview=\"\">\n            <article class=\"marker-itinerario\">\n\t<div class=\"entry-thumbnail\">\n      \n      \t<img loading=\"lazy\" decoding=\"async\" width=\"300\" height=\"200\" src=\"https:\/\/static.tecnichenuove.it\/areaarch\/2023\/06\/edc090118ysl01-1532965617-300x200.jpeg\" class=\"attachment-medium size-medium wp-post-image\" alt=\"\" srcset=\"https:\/\/static.tecnichenuove.it\/areaarch\/2023\/06\/edc090118ysl01-1532965617-300x200.jpeg 300w, https:\/\/static.tecnichenuove.it\/areaarch\/2023\/06\/edc090118ysl01-1532965617-150x100.jpeg 150w, https:\/\/static.tecnichenuove.it\/areaarch\/2023\/06\/edc090118ysl01-1532965617-631x420.jpeg 631w, https:\/\/static.tecnichenuove.it\/areaarch\/2023\/06\/edc090118ysl01-1532965617.jpeg 694w\" sizes=\"auto, (max-width: 300px) 100vw, 300px\" \/>\n      \n      \n\t<\/div>\n  \t<div class=\"entry-column\">\n      <h3 class=\"entry-title td-module-title\">Villa Oasis<\/h3>\n      <div class=\"td-excerpt\">\n            <div id=\"wpcf-field-tipology\" class=\"wpcf-field-select wpcf-field-tipology\"><span class=\"wpcf-field-name wpcf-field-select-name wpcf-field-tipology-name\">tipology:<\/span> <span class=\"wpcf-field-value wpcf-field-select-value wpcf-field-tipology-value\">museum<\/span><\/div>\n            <div id=\"wpcf-field-architect\" class=\"wpcf-field-single-line wpcf-field-architect\"><span class=\"wpcf-field-name wpcf-field-single-line-name wpcf-field-architect-name\">architect:<\/span> <span class=\"wpcf-field-value wpcf-field-single-line-value wpcf-field-architect-value\">Jacques Majorelle<\/span><\/div>\n            <div id=\"wpcf-field-realization\" class=\"wpcf-field-number wpcf-field-realization\"><span class=\"wpcf-field-name wpcf-field-number-name wpcf-field-realization-name\">realization:<\/span> <span class=\"wpcf-field-value wpcf-field-number-value wpcf-field-realization-value\">1931<\/span><\/div>\n            Marrakech, Marocco\n          <\/div>\n  <\/div>\n<\/article>\n          <\/div>\n            <h4><a href=\"#\" onclick=\"cimap();\" class=\"link-marker js-wpv-addon-maps-focus-map js-toolset-maps-hover-map-map-1-marker-marker-135505 js-toolset-maps-open-infowindow-map-map-1-marker-marker-135505\" data-map=\"map-1\" data-marker=\"marker-135505\">09. Villa Oasis<\/a><\/h4>\n            <div id=\"wpcf-field-tipology\" class=\"wpcf-field-select wpcf-field-tipology\"><span class=\"wpcf-field-name wpcf-field-select-name wpcf-field-tipology-name\">tipology:<\/span> <span class=\"wpcf-field-value wpcf-field-select-value wpcf-field-tipology-value\">museum<\/span><\/div> | <div id=\"wpcf-field-architect\" class=\"wpcf-field-single-line wpcf-field-architect\"><span class=\"wpcf-field-name wpcf-field-single-line-name wpcf-field-architect-name\">architect:<\/span> <span class=\"wpcf-field-value wpcf-field-single-line-value wpcf-field-architect-value\">Jacques Majorelle<\/span><\/div> | <div id=\"wpcf-field-realization\" class=\"wpcf-field-number wpcf-field-realization\"><span class=\"wpcf-field-name wpcf-field-number-name wpcf-field-realization-name\">realization:<\/span> <span class=\"wpcf-field-value wpcf-field-number-value wpcf-field-realization-value\">1931<\/span><\/div>\n          <\/li>\n\t\t\n          <li>\n            \n          <div style=\"display:none\" class=\"wpv-addon-maps-marker js-wpv-addon-maps-marker js-wpv-addon-maps-marker-marker-135507 js-wpv-addon-maps-markerfor-map-1\" data-marker=\"marker-135507\" data-markertitle=\"Maison Brummell Majorelle\" data-markerfor=\"map-1\" data-markerlat=\"31.6410334\" data-markerlon=\"-8.0039328\" data-markericon=\"\/wp-content\/uploads\/sites\/6\/2017\/11\/area_marker_13.png\" data-markericonhover=\"\" data-streetview=\"no\" data-fromview=\"\">\n            <article class=\"marker-itinerario\">\n\t<div class=\"entry-thumbnail\">\n      \n      \n      \t<img loading=\"lazy\" decoding=\"async\" width=\"1264\" height=\"1000\" src=\"https:\/\/static.tecnichenuove.it\/areaarch\/2023\/06\/maison-brummell-majorelle-bergendy-cooke_2.jpg\" class=\"attachment-post-thumbnail size-post-thumbnail wp-post-image\" alt=\"\" srcset=\"https:\/\/static.tecnichenuove.it\/areaarch\/2023\/06\/maison-brummell-majorelle-bergendy-cooke_2.jpg 1264w, https:\/\/static.tecnichenuove.it\/areaarch\/2023\/06\/maison-brummell-majorelle-bergendy-cooke_2-300x237.jpg 300w, https:\/\/static.tecnichenuove.it\/areaarch\/2023\/06\/maison-brummell-majorelle-bergendy-cooke_2-1024x810.jpg 1024w, https:\/\/static.tecnichenuove.it\/areaarch\/2023\/06\/maison-brummell-majorelle-bergendy-cooke_2-768x608.jpg 768w, https:\/\/static.tecnichenuove.it\/areaarch\/2023\/06\/maison-brummell-majorelle-bergendy-cooke_2-696x551.jpg 696w, https:\/\/static.tecnichenuove.it\/areaarch\/2023\/06\/maison-brummell-majorelle-bergendy-cooke_2-1068x845.jpg 1068w, https:\/\/static.tecnichenuove.it\/areaarch\/2023\/06\/maison-brummell-majorelle-bergendy-cooke_2-531x420.jpg 531w\" sizes=\"auto, (max-width: 1264px) 100vw, 1264px\" \/>\n      \t<img decoding=\"async\" src=\"https:\/\/www.area-arch.it\/wp-content\/uploads\/sites\/6\/2023\/06\/ground-floor-3.jpg\" class=\"attachment-post-thumbnail\" \/>\n      \n\t<\/div>\n  \t<div class=\"entry-column\">\n      <h3 class=\"entry-title td-module-title\">Maison Brummell Majorelle<\/h3>\n      <div class=\"td-excerpt\">\n            <div id=\"wpcf-field-tipology\" class=\"wpcf-field-select wpcf-field-tipology\"><span class=\"wpcf-field-name wpcf-field-select-name wpcf-field-tipology-name\">tipology:<\/span> <span class=\"wpcf-field-value wpcf-field-select-value wpcf-field-tipology-value\">residential<\/span><\/div>\n            <div id=\"wpcf-field-architect\" class=\"wpcf-field-single-line wpcf-field-architect\"><span class=\"wpcf-field-name wpcf-field-single-line-name wpcf-field-architect-name\">architect:<\/span> <span class=\"wpcf-field-value wpcf-field-single-line-value wpcf-field-architect-value\">Bergendy Cooke, Amine Abouraoui<\/span><\/div>\n            <div id=\"wpcf-field-realization\" class=\"wpcf-field-number wpcf-field-realization\"><span class=\"wpcf-field-name wpcf-field-number-name wpcf-field-realization-name\">realization:<\/span> <span class=\"wpcf-field-value wpcf-field-number-value wpcf-field-realization-value\">2023<\/span><\/div>\n            7 Rue Al Madina, Marrakesh 40000, Marocco\n          <\/div>\n  <\/div>\n<\/article>\n          <\/div>\n            <h4><a href=\"#\" onclick=\"cimap();\" class=\"link-marker js-wpv-addon-maps-focus-map js-toolset-maps-hover-map-map-1-marker-marker-135507 js-toolset-maps-open-infowindow-map-map-1-marker-marker-135507\" data-map=\"map-1\" data-marker=\"marker-135507\">10. Maison Brummell Majorelle<\/a><\/h4>\n            <div id=\"wpcf-field-tipology\" class=\"wpcf-field-select wpcf-field-tipology\"><span class=\"wpcf-field-name wpcf-field-select-name wpcf-field-tipology-name\">tipology:<\/span> <span class=\"wpcf-field-value wpcf-field-select-value wpcf-field-tipology-value\">residential<\/span><\/div> | <div id=\"wpcf-field-architect\" class=\"wpcf-field-single-line wpcf-field-architect\"><span class=\"wpcf-field-name wpcf-field-single-line-name wpcf-field-architect-name\">architect:<\/span> <span class=\"wpcf-field-value wpcf-field-single-line-value wpcf-field-architect-value\">Bergendy Cooke, Amine Abouraoui<\/span><\/div> | <div id=\"wpcf-field-realization\" class=\"wpcf-field-number wpcf-field-realization\"><span class=\"wpcf-field-name wpcf-field-number-name wpcf-field-realization-name\">realization:<\/span> <span class=\"wpcf-field-value wpcf-field-number-value wpcf-field-realization-value\">2023<\/span><\/div>\n          <\/li>\n\t\t\n          <li>\n            \n          <div style=\"display:none\" class=\"wpv-addon-maps-marker js-wpv-addon-maps-marker js-wpv-addon-maps-marker-marker-135510 js-wpv-addon-maps-markerfor-map-1\" data-marker=\"marker-135510\" data-markertitle=\"Jardin Majorelle\" data-markerfor=\"map-1\" data-markerlat=\"31.6416604\" data-markerlon=\"-8.0024175\" data-markericon=\"\/wp-content\/uploads\/sites\/6\/2017\/11\/area_marker_12.png\" data-markericonhover=\"\" data-streetview=\"no\" data-fromview=\"\">\n            <article class=\"marker-itinerario\">\n\t<div class=\"entry-thumbnail\">\n      \n      \n      \t<img loading=\"lazy\" decoding=\"async\" width=\"669\" height=\"446\" src=\"https:\/\/static.tecnichenuove.it\/areaarch\/2023\/06\/64.jpeg\" class=\"attachment-post-thumbnail size-post-thumbnail wp-post-image\" alt=\"\" srcset=\"https:\/\/static.tecnichenuove.it\/areaarch\/2023\/06\/64.jpeg 669w, https:\/\/static.tecnichenuove.it\/areaarch\/2023\/06\/64-300x200.jpeg 300w, https:\/\/static.tecnichenuove.it\/areaarch\/2023\/06\/64-150x100.jpeg 150w, https:\/\/static.tecnichenuove.it\/areaarch\/2023\/06\/64-630x420.jpeg 630w\" sizes=\"auto, (max-width: 669px) 100vw, 669px\" \/>\n      \t<img decoding=\"async\" src=\"https:\/\/www.area-arch.it\/wp-content\/uploads\/sites\/6\/2023\/06\/12-Plano-jardin-majorelle.jpg\" class=\"attachment-post-thumbnail\" \/>\n      \n\t<\/div>\n  \t<div class=\"entry-column\">\n      <h3 class=\"entry-title td-module-title\">Jardin Majorelle<\/h3>\n      <div class=\"td-excerpt\">\n            <div id=\"wpcf-field-tipology\" class=\"wpcf-field-select wpcf-field-tipology\"><span class=\"wpcf-field-name wpcf-field-select-name wpcf-field-tipology-name\">tipology:<\/span> <span class=\"wpcf-field-value wpcf-field-select-value wpcf-field-tipology-value\">public<\/span><\/div>\n            <div id=\"wpcf-field-architect\" class=\"wpcf-field-single-line wpcf-field-architect\"><span class=\"wpcf-field-name wpcf-field-single-line-name wpcf-field-architect-name\">architect:<\/span> <span class=\"wpcf-field-value wpcf-field-single-line-value wpcf-field-architect-value\">Jacques Majorelle<\/span><\/div>\n            <div id=\"wpcf-field-realization\" class=\"wpcf-field-number wpcf-field-realization\"><span class=\"wpcf-field-name wpcf-field-number-name wpcf-field-realization-name\">realization:<\/span> <span class=\"wpcf-field-value wpcf-field-number-value wpcf-field-realization-value\">1922<\/span><\/div>\n            Rue Yves St Laurent, Marrakech 40000, Marocco\n          <\/div>\n  <\/div>\n<\/article>\n          <\/div>\n            <h4><a href=\"#\" onclick=\"cimap();\" class=\"link-marker js-wpv-addon-maps-focus-map js-toolset-maps-hover-map-map-1-marker-marker-135510 js-toolset-maps-open-infowindow-map-map-1-marker-marker-135510\" data-map=\"map-1\" data-marker=\"marker-135510\">11. Jardin Majorelle<\/a><\/h4>\n            <div id=\"wpcf-field-tipology\" class=\"wpcf-field-select wpcf-field-tipology\"><span class=\"wpcf-field-name wpcf-field-select-name wpcf-field-tipology-name\">tipology:<\/span> <span class=\"wpcf-field-value wpcf-field-select-value wpcf-field-tipology-value\">public<\/span><\/div> | <div id=\"wpcf-field-architect\" class=\"wpcf-field-single-line wpcf-field-architect\"><span class=\"wpcf-field-name wpcf-field-single-line-name wpcf-field-architect-name\">architect:<\/span> <span class=\"wpcf-field-value wpcf-field-single-line-value wpcf-field-architect-value\">Jacques Majorelle<\/span><\/div> | <div id=\"wpcf-field-realization\" class=\"wpcf-field-number wpcf-field-realization\"><span class=\"wpcf-field-name wpcf-field-number-name wpcf-field-realization-name\">realization:<\/span> <span class=\"wpcf-field-value wpcf-field-number-value wpcf-field-realization-value\">1922<\/span><\/div>\n          <\/li>\n\t\t\n          <li>\n            \n          <div style=\"display:none\" class=\"wpv-addon-maps-marker js-wpv-addon-maps-marker js-wpv-addon-maps-marker-marker-135513 js-wpv-addon-maps-markerfor-map-1\" data-marker=\"marker-135513\" data-markertitle=\"Mus\u00e9e Pierre Berg\u00e9 des Arts Berb\u00e8res\" data-markerfor=\"map-1\" data-markerlat=\"31.6416604\" data-markerlon=\"-8.0024175\" data-markericon=\"\/wp-content\/uploads\/sites\/6\/2017\/11\/area_marker_10.png\" data-markericonhover=\"\" data-streetview=\"no\" data-fromview=\"\">\n            <article class=\"marker-itinerario\">\n\t<div class=\"entry-thumbnail\">\n      \n      \n      \t<img loading=\"lazy\" decoding=\"async\" width=\"1024\" height=\"768\" src=\"https:\/\/static.tecnichenuove.it\/areaarch\/2023\/06\/Mayorelle01.jpeg\" class=\"attachment-post-thumbnail size-post-thumbnail wp-post-image\" alt=\"\" srcset=\"https:\/\/static.tecnichenuove.it\/areaarch\/2023\/06\/Mayorelle01.jpeg 1024w, https:\/\/static.tecnichenuove.it\/areaarch\/2023\/06\/Mayorelle01-300x225.jpeg 300w, https:\/\/static.tecnichenuove.it\/areaarch\/2023\/06\/Mayorelle01-768x576.jpeg 768w, https:\/\/static.tecnichenuove.it\/areaarch\/2023\/06\/Mayorelle01-80x60.jpeg 80w, https:\/\/static.tecnichenuove.it\/areaarch\/2023\/06\/Mayorelle01-160x120.jpeg 160w, https:\/\/static.tecnichenuove.it\/areaarch\/2023\/06\/Mayorelle01-265x198.jpeg 265w, https:\/\/static.tecnichenuove.it\/areaarch\/2023\/06\/Mayorelle01-696x522.jpeg 696w, https:\/\/static.tecnichenuove.it\/areaarch\/2023\/06\/Mayorelle01-560x420.jpeg 560w\" sizes=\"auto, (max-width: 1024px) 100vw, 1024px\" \/>\n      \t<img decoding=\"async\" src=\"https:\/\/www.area-arch.it\/wp-content\/uploads\/sites\/6\/2023\/06\/berbero-copia.jpg\" class=\"attachment-post-thumbnail\" \/>\n      \n\t<\/div>\n  \t<div class=\"entry-column\">\n      <h3 class=\"entry-title td-module-title\">Mus\u00e9e Pierre Berg\u00e9 des Arts Berb\u00e8res<\/h3>\n      <div class=\"td-excerpt\">\n            <div id=\"wpcf-field-tipology\" class=\"wpcf-field-select wpcf-field-tipology\"><span class=\"wpcf-field-name wpcf-field-select-name wpcf-field-tipology-name\">tipology:<\/span> <span class=\"wpcf-field-value wpcf-field-select-value wpcf-field-tipology-value\">museum<\/span><\/div>\n            <div id=\"wpcf-field-architect\" class=\"wpcf-field-single-line wpcf-field-architect\"><span class=\"wpcf-field-name wpcf-field-single-line-name wpcf-field-architect-name\">architect:<\/span> <span class=\"wpcf-field-value wpcf-field-single-line-value wpcf-field-architect-value\">Paul Sinoir<\/span><\/div>\n            <div id=\"wpcf-field-realization\" class=\"wpcf-field-number wpcf-field-realization\"><span class=\"wpcf-field-name wpcf-field-number-name wpcf-field-realization-name\">realization:<\/span> <span class=\"wpcf-field-value wpcf-field-number-value wpcf-field-realization-value\">2011<\/span><\/div>\n            Rue Yves St Laurent, Marrakech 40000, Marocco\n          <\/div>\n  <\/div>\n<\/article>\n          <\/div>\n            <h4><a href=\"#\" onclick=\"cimap();\" class=\"link-marker js-wpv-addon-maps-focus-map js-toolset-maps-hover-map-map-1-marker-marker-135513 js-toolset-maps-open-infowindow-map-map-1-marker-marker-135513\" data-map=\"map-1\" data-marker=\"marker-135513\">12. Mus\u00e9e Pierre Berg\u00e9 des Arts Berb\u00e8res<\/a><\/h4>\n            <div id=\"wpcf-field-tipology\" class=\"wpcf-field-select wpcf-field-tipology\"><span class=\"wpcf-field-name wpcf-field-select-name wpcf-field-tipology-name\">tipology:<\/span> <span class=\"wpcf-field-value wpcf-field-select-value wpcf-field-tipology-value\">museum<\/span><\/div> | <div id=\"wpcf-field-architect\" class=\"wpcf-field-single-line wpcf-field-architect\"><span class=\"wpcf-field-name wpcf-field-single-line-name wpcf-field-architect-name\">architect:<\/span> <span class=\"wpcf-field-value wpcf-field-single-line-value wpcf-field-architect-value\">Paul Sinoir<\/span><\/div> | <div id=\"wpcf-field-realization\" class=\"wpcf-field-number wpcf-field-realization\"><span class=\"wpcf-field-name wpcf-field-number-name wpcf-field-realization-name\">realization:<\/span> <span class=\"wpcf-field-value wpcf-field-number-value wpcf-field-realization-value\">2011<\/span><\/div>\n          <\/li>\n\t\t\n          <li>\n            \n          <div style=\"display:none\" class=\"wpv-addon-maps-marker js-wpv-addon-maps-marker js-wpv-addon-maps-marker-marker-135516 js-wpv-addon-maps-markerfor-map-1\" data-marker=\"marker-135516\" data-markertitle=\"Yves Saint Laurent Museum\" data-markerfor=\"map-1\" data-markerlat=\"31.6416604\" data-markerlon=\"-8.0024175\" data-markericon=\"\/wp-content\/uploads\/sites\/6\/2017\/11\/area_marker_10.png\" data-markericonhover=\"\" data-streetview=\"no\" data-fromview=\"\">\n            <article class=\"marker-itinerario\">\n\t<div class=\"entry-thumbnail\">\n      \n      \n      \t<img loading=\"lazy\" decoding=\"async\" width=\"550\" height=\"366\" src=\"https:\/\/static.tecnichenuove.it\/areaarch\/2023\/06\/10131247466846.jpeg\" class=\"attachment-post-thumbnail size-post-thumbnail wp-post-image\" alt=\"\" srcset=\"https:\/\/static.tecnichenuove.it\/areaarch\/2023\/06\/10131247466846.jpeg 550w, https:\/\/static.tecnichenuove.it\/areaarch\/2023\/06\/10131247466846-300x200.jpeg 300w, https:\/\/static.tecnichenuove.it\/areaarch\/2023\/06\/10131247466846-150x100.jpeg 150w\" sizes=\"auto, (max-width: 550px) 100vw, 550px\" \/>\n      \t<img decoding=\"async\" src=\"https:\/\/www.area-arch.it\/wp-content\/uploads\/sites\/6\/2023\/06\/SKO-MSL-Coupe01.jpeg\" class=\"attachment-post-thumbnail\" \/>\n      \n\t<\/div>\n  \t<div class=\"entry-column\">\n      <h3 class=\"entry-title td-module-title\">Yves Saint Laurent Museum<\/h3>\n      <div class=\"td-excerpt\">\n            <div id=\"wpcf-field-tipology\" class=\"wpcf-field-select wpcf-field-tipology\"><span class=\"wpcf-field-name wpcf-field-select-name wpcf-field-tipology-name\">tipology:<\/span> <span class=\"wpcf-field-value wpcf-field-select-value wpcf-field-tipology-value\">museum<\/span><\/div>\n            <div id=\"wpcf-field-architect\" class=\"wpcf-field-single-line wpcf-field-architect\"><span class=\"wpcf-field-name wpcf-field-single-line-name wpcf-field-architect-name\">architect:<\/span> <span class=\"wpcf-field-value wpcf-field-single-line-value wpcf-field-architect-value\">Studio KO<\/span><\/div>\n            <div id=\"wpcf-field-realization\" class=\"wpcf-field-number wpcf-field-realization\"><span class=\"wpcf-field-name wpcf-field-number-name wpcf-field-realization-name\">realization:<\/span> <span class=\"wpcf-field-value wpcf-field-number-value wpcf-field-realization-value\">2017<\/span><\/div>\n            Rue Yves St Laurent, Marrakech 40000, Marocco\n          <\/div>\n  <\/div>\n<\/article>\n          <\/div>\n            <h4><a href=\"#\" onclick=\"cimap();\" class=\"link-marker js-wpv-addon-maps-focus-map js-toolset-maps-hover-map-map-1-marker-marker-135516 js-toolset-maps-open-infowindow-map-map-1-marker-marker-135516\" data-map=\"map-1\" data-marker=\"marker-135516\">13. Yves Saint Laurent Museum<\/a><\/h4>\n            <div id=\"wpcf-field-tipology\" class=\"wpcf-field-select wpcf-field-tipology\"><span class=\"wpcf-field-name wpcf-field-select-name wpcf-field-tipology-name\">tipology:<\/span> <span class=\"wpcf-field-value wpcf-field-select-value wpcf-field-tipology-value\">museum<\/span><\/div> | <div id=\"wpcf-field-architect\" class=\"wpcf-field-single-line wpcf-field-architect\"><span class=\"wpcf-field-name wpcf-field-single-line-name wpcf-field-architect-name\">architect:<\/span> <span class=\"wpcf-field-value wpcf-field-single-line-value wpcf-field-architect-value\">Studio KO<\/span><\/div> | <div id=\"wpcf-field-realization\" class=\"wpcf-field-number wpcf-field-realization\"><span class=\"wpcf-field-name wpcf-field-number-name wpcf-field-realization-name\">realization:<\/span> <span class=\"wpcf-field-value wpcf-field-number-value wpcf-field-realization-value\">2017<\/span><\/div>\n          <\/li>\n\t\t\n          <li>\n            \n          <div style=\"display:none\" class=\"wpv-addon-maps-marker js-wpv-addon-maps-marker js-wpv-addon-maps-marker-marker-135519 js-wpv-addon-maps-markerfor-map-1\" data-marker=\"marker-135519\" data-markertitle=\"Centre for Training and Qualification\" data-markerfor=\"map-1\" data-markerlat=\"31.6399309\" data-markerlon=\"-7.9931393\" data-markericon=\"\/wp-content\/uploads\/sites\/6\/2017\/11\/area_marker_9.png\" data-markericonhover=\"\" data-streetview=\"no\" data-fromview=\"\">\n            <article class=\"marker-itinerario\">\n\t<div class=\"entry-thumbnail\">\n      \n      \n      \t<img loading=\"lazy\" decoding=\"async\" width=\"1352\" height=\"952\" src=\"https:\/\/static.tecnichenuove.it\/areaarch\/2023\/06\/centre-for-training-and-qualification-in-marrakech-crafts-crafts-abdelhakim-guilmi-01.jpg\" class=\"attachment-post-thumbnail size-post-thumbnail wp-post-image\" alt=\"\" srcset=\"https:\/\/static.tecnichenuove.it\/areaarch\/2023\/06\/centre-for-training-and-qualification-in-marrakech-crafts-crafts-abdelhakim-guilmi-01.jpg 1352w, https:\/\/static.tecnichenuove.it\/areaarch\/2023\/06\/centre-for-training-and-qualification-in-marrakech-crafts-crafts-abdelhakim-guilmi-01-300x211.jpg 300w, https:\/\/static.tecnichenuove.it\/areaarch\/2023\/06\/centre-for-training-and-qualification-in-marrakech-crafts-crafts-abdelhakim-guilmi-01-1024x721.jpg 1024w, https:\/\/static.tecnichenuove.it\/areaarch\/2023\/06\/centre-for-training-and-qualification-in-marrakech-crafts-crafts-abdelhakim-guilmi-01-768x541.jpg 768w, https:\/\/static.tecnichenuove.it\/areaarch\/2023\/06\/centre-for-training-and-qualification-in-marrakech-crafts-crafts-abdelhakim-guilmi-01-100x70.jpg 100w, https:\/\/static.tecnichenuove.it\/areaarch\/2023\/06\/centre-for-training-and-qualification-in-marrakech-crafts-crafts-abdelhakim-guilmi-01-200x140.jpg 200w, https:\/\/static.tecnichenuove.it\/areaarch\/2023\/06\/centre-for-training-and-qualification-in-marrakech-crafts-crafts-abdelhakim-guilmi-01-696x490.jpg 696w, https:\/\/static.tecnichenuove.it\/areaarch\/2023\/06\/centre-for-training-and-qualification-in-marrakech-crafts-crafts-abdelhakim-guilmi-01-1068x752.jpg 1068w, https:\/\/static.tecnichenuove.it\/areaarch\/2023\/06\/centre-for-training-and-qualification-in-marrakech-crafts-crafts-abdelhakim-guilmi-01-596x420.jpg 596w\" sizes=\"auto, (max-width: 1352px) 100vw, 1352px\" \/>\n      \t<img decoding=\"async\" src=\"https:\/\/www.area-arch.it\/wp-content\/uploads\/sites\/6\/2023\/06\/centre-for-training-and-qualification-in-marrakech-crafts-crafts-abdelhakim-guilmi-plan.png\" class=\"attachment-post-thumbnail\" \/>\n      \n\t<\/div>\n  \t<div class=\"entry-column\">\n      <h3 class=\"entry-title td-module-title\">Centre for Training and Qualification<\/h3>\n      <div class=\"td-excerpt\">\n            <div id=\"wpcf-field-tipology\" class=\"wpcf-field-select wpcf-field-tipology\"><span class=\"wpcf-field-name wpcf-field-select-name wpcf-field-tipology-name\">tipology:<\/span> <span class=\"wpcf-field-value wpcf-field-select-value wpcf-field-tipology-value\">mixed use<\/span><\/div>\n            <div id=\"wpcf-field-architect\" class=\"wpcf-field-single-line wpcf-field-architect\"><span class=\"wpcf-field-name wpcf-field-single-line-name wpcf-field-architect-name\">architect:<\/span> <span class=\"wpcf-field-value wpcf-field-single-line-value wpcf-field-architect-value\">Abdelhakim Guilmi<\/span><\/div>\n            <div id=\"wpcf-field-realization\" class=\"wpcf-field-number wpcf-field-realization\"><span class=\"wpcf-field-name wpcf-field-number-name wpcf-field-realization-name\">realization:<\/span> <span class=\"wpcf-field-value wpcf-field-number-value wpcf-field-realization-value\">2013<\/span><\/div>\n            Rue Kbour Chou, Marrakesh 40000, Marocco\n          <\/div>\n  <\/div>\n<\/article>\n          <\/div>\n            <h4><a href=\"#\" onclick=\"cimap();\" class=\"link-marker js-wpv-addon-maps-focus-map js-toolset-maps-hover-map-map-1-marker-marker-135519 js-toolset-maps-open-infowindow-map-map-1-marker-marker-135519\" data-map=\"map-1\" data-marker=\"marker-135519\">14. Centre for Training and Qualification<\/a><\/h4>\n            <div id=\"wpcf-field-tipology\" class=\"wpcf-field-select wpcf-field-tipology\"><span class=\"wpcf-field-name wpcf-field-select-name wpcf-field-tipology-name\">tipology:<\/span> <span class=\"wpcf-field-value wpcf-field-select-value wpcf-field-tipology-value\">mixed use<\/span><\/div> | <div id=\"wpcf-field-architect\" class=\"wpcf-field-single-line wpcf-field-architect\"><span class=\"wpcf-field-name wpcf-field-single-line-name wpcf-field-architect-name\">architect:<\/span> <span class=\"wpcf-field-value wpcf-field-single-line-value wpcf-field-architect-value\">Abdelhakim Guilmi<\/span><\/div> | <div id=\"wpcf-field-realization\" class=\"wpcf-field-number wpcf-field-realization\"><span class=\"wpcf-field-name wpcf-field-number-name wpcf-field-realization-name\">realization:<\/span> <span class=\"wpcf-field-value wpcf-field-number-value wpcf-field-realization-value\">2013<\/span><\/div>\n          <\/li>\n\t\t\n          <li>\n            \n          <div style=\"display:none\" class=\"wpv-addon-maps-marker js-wpv-addon-maps-marker js-wpv-addon-maps-marker-marker-135522 js-wpv-addon-maps-markerfor-map-1\" data-marker=\"marker-135522\" data-markertitle=\"H\u00f4tel Marrakech\" data-markerfor=\"map-1\" data-markerlat=\"31.6416548\" data-markerlon=\"-7.9912413\" data-markericon=\"\/wp-content\/uploads\/sites\/6\/2017\/11\/area_marker_7.png\" data-markericonhover=\"\" data-streetview=\"no\" data-fromview=\"\">\n            <article class=\"marker-itinerario\">\n\t<div class=\"entry-thumbnail\">\n      \n      \t<img loading=\"lazy\" decoding=\"async\" width=\"300\" height=\"204\" src=\"https:\/\/static.tecnichenuove.it\/areaarch\/2023\/06\/4182315-lhotel-marrakech-marrakech-morocco-300x204.jpg\" class=\"attachment-medium size-medium wp-post-image\" alt=\"\" srcset=\"https:\/\/static.tecnichenuove.it\/areaarch\/2023\/06\/4182315-lhotel-marrakech-marrakech-morocco-300x204.jpg 300w, https:\/\/static.tecnichenuove.it\/areaarch\/2023\/06\/4182315-lhotel-marrakech-marrakech-morocco-768x523.jpg 768w, https:\/\/static.tecnichenuove.it\/areaarch\/2023\/06\/4182315-lhotel-marrakech-marrakech-morocco-696x474.jpg 696w, https:\/\/static.tecnichenuove.it\/areaarch\/2023\/06\/4182315-lhotel-marrakech-marrakech-morocco-617x420.jpg 617w, https:\/\/static.tecnichenuove.it\/areaarch\/2023\/06\/4182315-lhotel-marrakech-marrakech-morocco.jpg 960w\" sizes=\"auto, (max-width: 300px) 100vw, 300px\" \/>\n      \n      \n\t<\/div>\n  \t<div class=\"entry-column\">\n      <h3 class=\"entry-title td-module-title\">H\u00f4tel Marrakech<\/h3>\n      <div class=\"td-excerpt\">\n            <div id=\"wpcf-field-tipology\" class=\"wpcf-field-select wpcf-field-tipology\"><span class=\"wpcf-field-name wpcf-field-select-name wpcf-field-tipology-name\">tipology:<\/span> <span class=\"wpcf-field-value wpcf-field-select-value wpcf-field-tipology-value\">hotel<\/span><\/div>\n            <div id=\"wpcf-field-architect\" class=\"wpcf-field-single-line wpcf-field-architect\"><span class=\"wpcf-field-name wpcf-field-single-line-name wpcf-field-architect-name\">architect:<\/span> <span class=\"wpcf-field-value wpcf-field-single-line-value wpcf-field-architect-value\">Jasper Conran<\/span><\/div>\n            <div id=\"wpcf-field-realization\" class=\"wpcf-field-number wpcf-field-realization\"><span class=\"wpcf-field-name wpcf-field-number-name wpcf-field-realization-name\">realization:<\/span> <span class=\"wpcf-field-value wpcf-field-number-value wpcf-field-realization-value\">2016<\/span><\/div>\n            lwed 2, Douar al askar, Derb Abdelhamid, Marrakech 40000, Marocco\n          <\/div>\n  <\/div>\n<\/article>\n          <\/div>\n            <h4><a href=\"#\" onclick=\"cimap();\" class=\"link-marker js-wpv-addon-maps-focus-map js-toolset-maps-hover-map-map-1-marker-marker-135522 js-toolset-maps-open-infowindow-map-map-1-marker-marker-135522\" data-map=\"map-1\" data-marker=\"marker-135522\">15. H\u00f4tel Marrakech<\/a><\/h4>\n            <div id=\"wpcf-field-tipology\" class=\"wpcf-field-select wpcf-field-tipology\"><span class=\"wpcf-field-name wpcf-field-select-name wpcf-field-tipology-name\">tipology:<\/span> <span class=\"wpcf-field-value wpcf-field-select-value wpcf-field-tipology-value\">hotel<\/span><\/div> | <div id=\"wpcf-field-architect\" class=\"wpcf-field-single-line wpcf-field-architect\"><span class=\"wpcf-field-name wpcf-field-single-line-name wpcf-field-architect-name\">architect:<\/span> <span class=\"wpcf-field-value wpcf-field-single-line-value wpcf-field-architect-value\">Jasper Conran<\/span><\/div> | <div id=\"wpcf-field-realization\" class=\"wpcf-field-number wpcf-field-realization\"><span class=\"wpcf-field-name wpcf-field-number-name wpcf-field-realization-name\">realization:<\/span> <span class=\"wpcf-field-value wpcf-field-number-value wpcf-field-realization-value\">2016<\/span><\/div>\n          <\/li>\n\t\t\n          <li>\n            \n          <div style=\"display:none\" class=\"wpv-addon-maps-marker js-wpv-addon-maps-marker js-wpv-addon-maps-marker-marker-135524 js-wpv-addon-maps-markerfor-map-1\" data-marker=\"marker-135524\" data-markertitle=\"Dar El Bacha\" data-markerfor=\"map-1\" data-markerlat=\"31.6314376\" data-markerlon=\"-7.9922895\" data-markericon=\"\/wp-content\/uploads\/sites\/6\/2017\/11\/area_marker_10.png\" data-markericonhover=\"\" data-streetview=\"no\" data-fromview=\"\">\n            <article class=\"marker-itinerario\">\n\t<div class=\"entry-thumbnail\">\n      \n      \n      \t<img loading=\"lazy\" decoding=\"async\" width=\"1920\" height=\"1285\" src=\"https:\/\/static.tecnichenuove.it\/areaarch\/2023\/06\/584-Photo3.jpeg\" class=\"attachment-post-thumbnail size-post-thumbnail wp-post-image\" alt=\"\" srcset=\"https:\/\/static.tecnichenuove.it\/areaarch\/2023\/06\/584-Photo3.jpeg 1920w, https:\/\/static.tecnichenuove.it\/areaarch\/2023\/06\/584-Photo3-300x201.jpeg 300w, https:\/\/static.tecnichenuove.it\/areaarch\/2023\/06\/584-Photo3-1024x685.jpeg 1024w, https:\/\/static.tecnichenuove.it\/areaarch\/2023\/06\/584-Photo3-150x100.jpeg 150w, https:\/\/static.tecnichenuove.it\/areaarch\/2023\/06\/584-Photo3-768x514.jpeg 768w, https:\/\/static.tecnichenuove.it\/areaarch\/2023\/06\/584-Photo3-1536x1028.jpeg 1536w, https:\/\/static.tecnichenuove.it\/areaarch\/2023\/06\/584-Photo3-696x466.jpeg 696w, https:\/\/static.tecnichenuove.it\/areaarch\/2023\/06\/584-Photo3-1068x715.jpeg 1068w, https:\/\/static.tecnichenuove.it\/areaarch\/2023\/06\/584-Photo3-628x420.jpeg 628w\" sizes=\"auto, (max-width: 1920px) 100vw, 1920px\" \/>\n      \t<img decoding=\"async\" src=\"https:\/\/www.area-arch.it\/wp-content\/uploads\/sites\/6\/2023\/06\/Schermata-2023-05-25-alle-17.34.35.png\" class=\"attachment-post-thumbnail\" \/>\n      \n\t<\/div>\n  \t<div class=\"entry-column\">\n      <h3 class=\"entry-title td-module-title\">Dar El Bacha<\/h3>\n      <div class=\"td-excerpt\">\n            <div id=\"wpcf-field-tipology\" class=\"wpcf-field-select wpcf-field-tipology\"><span class=\"wpcf-field-name wpcf-field-select-name wpcf-field-tipology-name\">tipology:<\/span> <span class=\"wpcf-field-value wpcf-field-select-value wpcf-field-tipology-value\">museum<\/span><\/div>\n            <div id=\"wpcf-field-architect\" class=\"wpcf-field-single-line wpcf-field-architect\"><span class=\"wpcf-field-name wpcf-field-single-line-name wpcf-field-architect-name\">architect:<\/span> <span class=\"wpcf-field-value wpcf-field-single-line-value wpcf-field-architect-value\">OUALALOU+CHOI<\/span><\/div>\n            <div id=\"wpcf-field-realization\" class=\"wpcf-field-number wpcf-field-realization\"><span class=\"wpcf-field-name wpcf-field-number-name wpcf-field-realization-name\">realization:<\/span> <span class=\"wpcf-field-value wpcf-field-number-value wpcf-field-realization-value\">2006<\/span><\/div>\n            Dar El Bacha, Rue Fatima Zahra, Marrakech 40000, Marocco\n          <\/div>\n  <\/div>\n<\/article>\n          <\/div>\n            <h4><a href=\"#\" onclick=\"cimap();\" class=\"link-marker js-wpv-addon-maps-focus-map js-toolset-maps-hover-map-map-1-marker-marker-135524 js-toolset-maps-open-infowindow-map-map-1-marker-marker-135524\" data-map=\"map-1\" data-marker=\"marker-135524\">16. Dar El Bacha<\/a><\/h4>\n            <div id=\"wpcf-field-tipology\" class=\"wpcf-field-select wpcf-field-tipology\"><span class=\"wpcf-field-name wpcf-field-select-name wpcf-field-tipology-name\">tipology:<\/span> <span class=\"wpcf-field-value wpcf-field-select-value wpcf-field-tipology-value\">museum<\/span><\/div> | <div id=\"wpcf-field-architect\" class=\"wpcf-field-single-line wpcf-field-architect\"><span class=\"wpcf-field-name wpcf-field-single-line-name wpcf-field-architect-name\">architect:<\/span> <span class=\"wpcf-field-value wpcf-field-single-line-value wpcf-field-architect-value\">OUALALOU+CHOI<\/span><\/div> | <div id=\"wpcf-field-realization\" class=\"wpcf-field-number wpcf-field-realization\"><span class=\"wpcf-field-name wpcf-field-number-name wpcf-field-realization-name\">realization:<\/span> <span class=\"wpcf-field-value wpcf-field-number-value wpcf-field-realization-value\">2006<\/span><\/div>\n          <\/li>\n\t\t\n          <li>\n            \n          <div style=\"display:none\" class=\"wpv-addon-maps-marker js-wpv-addon-maps-marker js-wpv-addon-maps-marker-marker-135527 js-wpv-addon-maps-markerfor-map-1\" data-marker=\"marker-135527\" data-markertitle=\"Le Jardin Secret\" data-markerfor=\"map-1\" data-markerlat=\"31.630754\" data-markerlon=\"-7.989509\" data-markericon=\"\/wp-content\/uploads\/sites\/6\/2017\/11\/area_marker_9.png\" data-markericonhover=\"\" data-streetview=\"no\" data-fromview=\"\">\n            <article class=\"marker-itinerario\">\n\t<div class=\"entry-thumbnail\">\n      \n      \n      \t<img loading=\"lazy\" decoding=\"async\" width=\"1800\" height=\"1200\" src=\"https:\/\/static.tecnichenuove.it\/areaarch\/2023\/06\/gallery_1315604.jpeg\" class=\"attachment-post-thumbnail size-post-thumbnail wp-post-image\" alt=\"\" srcset=\"https:\/\/static.tecnichenuove.it\/areaarch\/2023\/06\/gallery_1315604.jpeg 1800w, https:\/\/static.tecnichenuove.it\/areaarch\/2023\/06\/gallery_1315604-300x200.jpeg 300w, https:\/\/static.tecnichenuove.it\/areaarch\/2023\/06\/gallery_1315604-1024x683.jpeg 1024w, https:\/\/static.tecnichenuove.it\/areaarch\/2023\/06\/gallery_1315604-150x100.jpeg 150w, https:\/\/static.tecnichenuove.it\/areaarch\/2023\/06\/gallery_1315604-768x512.jpeg 768w, https:\/\/static.tecnichenuove.it\/areaarch\/2023\/06\/gallery_1315604-1536x1024.jpeg 1536w, https:\/\/static.tecnichenuove.it\/areaarch\/2023\/06\/gallery_1315604-696x464.jpeg 696w, https:\/\/static.tecnichenuove.it\/areaarch\/2023\/06\/gallery_1315604-1068x712.jpeg 1068w, https:\/\/static.tecnichenuove.it\/areaarch\/2023\/06\/gallery_1315604-630x420.jpeg 630w\" sizes=\"auto, (max-width: 1800px) 100vw, 1800px\" \/>\n      \t<img decoding=\"async\" src=\"https:\/\/www.area-arch.it\/wp-content\/uploads\/sites\/6\/2023\/06\/Schermata-2023-05-25-alle-15.20.25.jpg\" class=\"attachment-post-thumbnail\" \/>\n      \n\t<\/div>\n  \t<div class=\"entry-column\">\n      <h3 class=\"entry-title td-module-title\">Le Jardin Secret<\/h3>\n      <div class=\"td-excerpt\">\n            <div id=\"wpcf-field-tipology\" class=\"wpcf-field-select wpcf-field-tipology\"><span class=\"wpcf-field-name wpcf-field-select-name wpcf-field-tipology-name\">tipology:<\/span> <span class=\"wpcf-field-value wpcf-field-select-value wpcf-field-tipology-value\">mixed use<\/span><\/div>\n            <div id=\"wpcf-field-architect\" class=\"wpcf-field-single-line wpcf-field-architect\"><span class=\"wpcf-field-name wpcf-field-single-line-name wpcf-field-architect-name\">architect:<\/span> <span class=\"wpcf-field-value wpcf-field-single-line-value wpcf-field-architect-value\">Tom Stuart-Smith, Andy Hamilton, Virginia Rossello, Karim El Achak<\/span><\/div>\n            <div id=\"wpcf-field-realization\" class=\"wpcf-field-number wpcf-field-realization\"><span class=\"wpcf-field-name wpcf-field-number-name wpcf-field-realization-name\">realization:<\/span> <span class=\"wpcf-field-value wpcf-field-number-value wpcf-field-realization-value\">2017<\/span><\/div>\n            121 Rue Mouassine, Marrakesh 40000, Marocco\n          <\/div>\n  <\/div>\n<\/article>\n          <\/div>\n            <h4><a href=\"#\" onclick=\"cimap();\" class=\"link-marker js-wpv-addon-maps-focus-map js-toolset-maps-hover-map-map-1-marker-marker-135527 js-toolset-maps-open-infowindow-map-map-1-marker-marker-135527\" data-map=\"map-1\" data-marker=\"marker-135527\">17. Le Jardin Secret<\/a><\/h4>\n            <div id=\"wpcf-field-tipology\" class=\"wpcf-field-select wpcf-field-tipology\"><span class=\"wpcf-field-name wpcf-field-select-name wpcf-field-tipology-name\">tipology:<\/span> <span class=\"wpcf-field-value wpcf-field-select-value wpcf-field-tipology-value\">mixed use<\/span><\/div> | <div id=\"wpcf-field-architect\" class=\"wpcf-field-single-line wpcf-field-architect\"><span class=\"wpcf-field-name wpcf-field-single-line-name wpcf-field-architect-name\">architect:<\/span> <span class=\"wpcf-field-value wpcf-field-single-line-value wpcf-field-architect-value\">Tom Stuart-Smith, Andy Hamilton, Virginia Rossello, Karim El Achak<\/span><\/div> | <div id=\"wpcf-field-realization\" class=\"wpcf-field-number wpcf-field-realization\"><span class=\"wpcf-field-name wpcf-field-number-name wpcf-field-realization-name\">realization:<\/span> <span class=\"wpcf-field-value wpcf-field-number-value wpcf-field-realization-value\">2017<\/span><\/div>\n          <\/li>\n\t\t\n          <li>\n            \n          <div style=\"display:none\" class=\"wpv-addon-maps-marker js-wpv-addon-maps-marker js-wpv-addon-maps-marker-marker-135530 js-wpv-addon-maps-markerfor-map-1\" data-marker=\"marker-135530\" data-markertitle=\"Koubba Ba&#8217;Adiyn\" data-markerfor=\"map-1\" data-markerlat=\"31.6294723\" data-markerlon=\"-7.9810845\" data-markericon=\"\/wp-content\/uploads\/sites\/6\/2017\/11\/area_marker_10.png\" data-markericonhover=\"\" data-streetview=\"no\" data-fromview=\"\">\n            <article class=\"marker-itinerario\">\n\t<div class=\"entry-thumbnail\">\n      \n      \n      \t<img loading=\"lazy\" decoding=\"async\" width=\"640\" height=\"480\" src=\"https:\/\/static.tecnichenuove.it\/areaarch\/2023\/06\/20211119_091902.jpg\" class=\"attachment-post-thumbnail size-post-thumbnail wp-post-image\" alt=\"\" srcset=\"https:\/\/static.tecnichenuove.it\/areaarch\/2023\/06\/20211119_091902.jpg 640w, https:\/\/static.tecnichenuove.it\/areaarch\/2023\/06\/20211119_091902-300x225.jpg 300w, https:\/\/static.tecnichenuove.it\/areaarch\/2023\/06\/20211119_091902-80x60.jpg 80w, https:\/\/static.tecnichenuove.it\/areaarch\/2023\/06\/20211119_091902-160x120.jpg 160w, https:\/\/static.tecnichenuove.it\/areaarch\/2023\/06\/20211119_091902-265x198.jpg 265w, https:\/\/static.tecnichenuove.it\/areaarch\/2023\/06\/20211119_091902-560x420.jpg 560w\" sizes=\"auto, (max-width: 640px) 100vw, 640px\" \/>\n      \t<img decoding=\"async\" src=\"https:\/\/www.area-arch.it\/wp-content\/uploads\/sites\/6\/2023\/06\/pianta-interno-qubba.png\" class=\"attachment-post-thumbnail\" \/>\n      \n\t<\/div>\n  \t<div class=\"entry-column\">\n      <h3 class=\"entry-title td-module-title\">Koubba Ba&#8217;Adiyn<\/h3>\n      <div class=\"td-excerpt\">\n            <div id=\"wpcf-field-tipology\" class=\"wpcf-field-select wpcf-field-tipology\"><span class=\"wpcf-field-name wpcf-field-select-name wpcf-field-tipology-name\">tipology:<\/span> <span class=\"wpcf-field-value wpcf-field-select-value wpcf-field-tipology-value\">museum<\/span><\/div>\n            <div id=\"wpcf-field-architect\" class=\"wpcf-field-single-line wpcf-field-architect\"><span class=\"wpcf-field-name wpcf-field-single-line-name wpcf-field-architect-name\">architect:<\/span> <span class=\"wpcf-field-value wpcf-field-single-line-value wpcf-field-architect-value\">-<\/span><\/div>\n            <div id=\"wpcf-field-realization\" class=\"wpcf-field-number wpcf-field-realization\"><span class=\"wpcf-field-name wpcf-field-number-name wpcf-field-realization-name\">realization:<\/span> <span class=\"wpcf-field-value wpcf-field-number-value wpcf-field-realization-value\">1117<\/span><\/div>\n            Marrakech, Marocco\n          <\/div>\n  <\/div>\n<\/article>\n          <\/div>\n            <h4><a href=\"#\" onclick=\"cimap();\" class=\"link-marker js-wpv-addon-maps-focus-map js-toolset-maps-hover-map-map-1-marker-marker-135530 js-toolset-maps-open-infowindow-map-map-1-marker-marker-135530\" data-map=\"map-1\" data-marker=\"marker-135530\">18. Koubba Ba&#8217;Adiyn<\/a><\/h4>\n            <div id=\"wpcf-field-tipology\" class=\"wpcf-field-select wpcf-field-tipology\"><span class=\"wpcf-field-name wpcf-field-select-name wpcf-field-tipology-name\">tipology:<\/span> <span class=\"wpcf-field-value wpcf-field-select-value wpcf-field-tipology-value\">museum<\/span><\/div> | <div id=\"wpcf-field-architect\" class=\"wpcf-field-single-line wpcf-field-architect\"><span class=\"wpcf-field-name wpcf-field-single-line-name wpcf-field-architect-name\">architect:<\/span> <span class=\"wpcf-field-value wpcf-field-single-line-value wpcf-field-architect-value\">-<\/span><\/div> | <div id=\"wpcf-field-realization\" class=\"wpcf-field-number wpcf-field-realization\"><span class=\"wpcf-field-name wpcf-field-number-name wpcf-field-realization-name\">realization:<\/span> <span class=\"wpcf-field-value wpcf-field-number-value wpcf-field-realization-value\">1117<\/span><\/div>\n          <\/li>\n\t\t\n          <li>\n            \n          <div style=\"display:none\" class=\"wpv-addon-maps-marker js-wpv-addon-maps-marker js-wpv-addon-maps-marker-marker-135533 js-wpv-addon-maps-markerfor-map-1\" data-marker=\"marker-135533\" data-markertitle=\"Fondation Dar Bellarj\" data-markerfor=\"map-1\" data-markerlat=\"31.6294723\" data-markerlon=\"-7.9810845\" data-markericon=\"\/wp-content\/uploads\/sites\/6\/2017\/11\/area_marker_9.png\" data-markericonhover=\"\" data-streetview=\"no\" data-fromview=\"\">\n            <article class=\"marker-itinerario\">\n\t<div class=\"entry-thumbnail\">\n      \n      \t<img loading=\"lazy\" decoding=\"async\" width=\"177\" height=\"300\" src=\"https:\/\/static.tecnichenuove.it\/areaarch\/2023\/06\/overzicht-over-de-binnenplaats-177x300.jpeg\" class=\"attachment-medium size-medium wp-post-image\" alt=\"\" srcset=\"https:\/\/static.tecnichenuove.it\/areaarch\/2023\/06\/overzicht-over-de-binnenplaats-177x300.jpeg 177w, https:\/\/static.tecnichenuove.it\/areaarch\/2023\/06\/overzicht-over-de-binnenplaats-603x1024.jpeg 603w, https:\/\/static.tecnichenuove.it\/areaarch\/2023\/06\/overzicht-over-de-binnenplaats-768x1304.jpeg 768w, https:\/\/static.tecnichenuove.it\/areaarch\/2023\/06\/overzicht-over-de-binnenplaats-905x1536.jpeg 905w, https:\/\/static.tecnichenuove.it\/areaarch\/2023\/06\/overzicht-over-de-binnenplaats-696x1182.jpeg 696w, https:\/\/static.tecnichenuove.it\/areaarch\/2023\/06\/overzicht-over-de-binnenplaats-1068x1813.jpeg 1068w, https:\/\/static.tecnichenuove.it\/areaarch\/2023\/06\/overzicht-over-de-binnenplaats-247x420.jpeg 247w, https:\/\/static.tecnichenuove.it\/areaarch\/2023\/06\/overzicht-over-de-binnenplaats.jpeg 1131w\" sizes=\"auto, (max-width: 177px) 100vw, 177px\" \/>\n      \n      \n\t<\/div>\n  \t<div class=\"entry-column\">\n      <h3 class=\"entry-title td-module-title\">Fondation Dar Bellarj<\/h3>\n      <div class=\"td-excerpt\">\n            <div id=\"wpcf-field-tipology\" class=\"wpcf-field-select wpcf-field-tipology\"><span class=\"wpcf-field-name wpcf-field-select-name wpcf-field-tipology-name\">tipology:<\/span> <span class=\"wpcf-field-value wpcf-field-select-value wpcf-field-tipology-value\">mixed use<\/span><\/div>\n            <div id=\"wpcf-field-architect\" class=\"wpcf-field-single-line wpcf-field-architect\"><span class=\"wpcf-field-name wpcf-field-single-line-name wpcf-field-architect-name\">architect:<\/span> <span class=\"wpcf-field-value wpcf-field-single-line-value wpcf-field-architect-value\">Susanna Biedermann, Max Alioth<\/span><\/div>\n            <div id=\"wpcf-field-realization\" class=\"wpcf-field-number wpcf-field-realization\"><span class=\"wpcf-field-name wpcf-field-number-name wpcf-field-realization-name\">realization:<\/span> <span class=\"wpcf-field-value wpcf-field-number-value wpcf-field-realization-value\">2000<\/span><\/div>\n            Marrakech, Marocco\n          <\/div>\n  <\/div>\n<\/article>\n          <\/div>\n            <h4><a href=\"#\" onclick=\"cimap();\" class=\"link-marker js-wpv-addon-maps-focus-map js-toolset-maps-hover-map-map-1-marker-marker-135533 js-toolset-maps-open-infowindow-map-map-1-marker-marker-135533\" data-map=\"map-1\" data-marker=\"marker-135533\">19. Fondation Dar Bellarj<\/a><\/h4>\n            <div id=\"wpcf-field-tipology\" class=\"wpcf-field-select wpcf-field-tipology\"><span class=\"wpcf-field-name wpcf-field-select-name wpcf-field-tipology-name\">tipology:<\/span> <span class=\"wpcf-field-value wpcf-field-select-value wpcf-field-tipology-value\">mixed use<\/span><\/div> | <div id=\"wpcf-field-architect\" class=\"wpcf-field-single-line wpcf-field-architect\"><span class=\"wpcf-field-name wpcf-field-single-line-name wpcf-field-architect-name\">architect:<\/span> <span class=\"wpcf-field-value wpcf-field-single-line-value wpcf-field-architect-value\">Susanna Biedermann, Max Alioth<\/span><\/div> | <div id=\"wpcf-field-realization\" class=\"wpcf-field-number wpcf-field-realization\"><span class=\"wpcf-field-name wpcf-field-number-name wpcf-field-realization-name\">realization:<\/span> <span class=\"wpcf-field-value wpcf-field-number-value wpcf-field-realization-value\">2000<\/span><\/div>\n          <\/li>\n\t\t\n          <li>\n            \n          <div style=\"display:none\" class=\"wpv-addon-maps-marker js-wpv-addon-maps-marker js-wpv-addon-maps-marker-marker-135535 js-wpv-addon-maps-markerfor-map-1\" data-marker=\"marker-135535\" data-markertitle=\"Ben Youssef Madrasa\" data-markerfor=\"map-1\" data-markerlat=\"31.6354444\" data-markerlon=\"-7.9868439\" data-markericon=\"\/wp-content\/uploads\/sites\/6\/2017\/11\/area_marker_10.png\" data-markericonhover=\"\" data-streetview=\"no\" data-fromview=\"\">\n            <article class=\"marker-itinerario\">\n\t<div class=\"entry-thumbnail\">\n      \n      \n      \t<img loading=\"lazy\" decoding=\"async\" width=\"960\" height=\"640\" src=\"https:\/\/static.tecnichenuove.it\/areaarch\/2023\/06\/300214.jpg\" class=\"attachment-post-thumbnail size-post-thumbnail wp-post-image\" alt=\"\" srcset=\"https:\/\/static.tecnichenuove.it\/areaarch\/2023\/06\/300214.jpg 960w, https:\/\/static.tecnichenuove.it\/areaarch\/2023\/06\/300214-300x200.jpg 300w, https:\/\/static.tecnichenuove.it\/areaarch\/2023\/06\/300214-150x100.jpg 150w, https:\/\/static.tecnichenuove.it\/areaarch\/2023\/06\/300214-768x512.jpg 768w, https:\/\/static.tecnichenuove.it\/areaarch\/2023\/06\/300214-696x464.jpg 696w, https:\/\/static.tecnichenuove.it\/areaarch\/2023\/06\/300214-630x420.jpg 630w\" sizes=\"auto, (max-width: 960px) 100vw, 960px\" \/>\n      \t<img decoding=\"async\" src=\"https:\/\/www.area-arch.it\/wp-content\/uploads\/sites\/6\/2023\/06\/from-left-to-right-plan-of-the-Ben-Youssef-Madrasa-in-Marrakech-Morocco.jpg\" class=\"attachment-post-thumbnail\" \/>\n      \n\t<\/div>\n  \t<div class=\"entry-column\">\n      <h3 class=\"entry-title td-module-title\">Ben Youssef Madrasa<\/h3>\n      <div class=\"td-excerpt\">\n            <div id=\"wpcf-field-tipology\" class=\"wpcf-field-select wpcf-field-tipology\"><span class=\"wpcf-field-name wpcf-field-select-name wpcf-field-tipology-name\">tipology:<\/span> <span class=\"wpcf-field-value wpcf-field-select-value wpcf-field-tipology-value\">museum<\/span><\/div>\n            <div id=\"wpcf-field-architect\" class=\"wpcf-field-single-line wpcf-field-architect\"><span class=\"wpcf-field-name wpcf-field-single-line-name wpcf-field-architect-name\">architect:<\/span> <span class=\"wpcf-field-value wpcf-field-single-line-value wpcf-field-architect-value\">Ben Youssef Madrasa<\/span><\/div>\n            <div id=\"wpcf-field-realization\" class=\"wpcf-field-number wpcf-field-realization\"><span class=\"wpcf-field-name wpcf-field-number-name wpcf-field-realization-name\">realization:<\/span> <span class=\"wpcf-field-value wpcf-field-number-value wpcf-field-realization-value\">1565<\/span><\/div>\n            Rue Assouel, Marrakech 40000, Marocco\n          <\/div>\n  <\/div>\n<\/article>\n          <\/div>\n            <h4><a href=\"#\" onclick=\"cimap();\" class=\"link-marker js-wpv-addon-maps-focus-map js-toolset-maps-hover-map-map-1-marker-marker-135535 js-toolset-maps-open-infowindow-map-map-1-marker-marker-135535\" data-map=\"map-1\" data-marker=\"marker-135535\">20. Ben Youssef Madrasa<\/a><\/h4>\n            <div id=\"wpcf-field-tipology\" class=\"wpcf-field-select wpcf-field-tipology\"><span class=\"wpcf-field-name wpcf-field-select-name wpcf-field-tipology-name\">tipology:<\/span> <span class=\"wpcf-field-value wpcf-field-select-value wpcf-field-tipology-value\">museum<\/span><\/div> | <div id=\"wpcf-field-architect\" class=\"wpcf-field-single-line wpcf-field-architect\"><span class=\"wpcf-field-name wpcf-field-single-line-name wpcf-field-architect-name\">architect:<\/span> <span class=\"wpcf-field-value wpcf-field-single-line-value wpcf-field-architect-value\">Ben Youssef Madrasa<\/span><\/div> | <div id=\"wpcf-field-realization\" class=\"wpcf-field-number wpcf-field-realization\"><span class=\"wpcf-field-name wpcf-field-number-name wpcf-field-realization-name\">realization:<\/span> <span class=\"wpcf-field-value wpcf-field-number-value wpcf-field-realization-value\">1565<\/span><\/div>\n          <\/li>\n\t\t\n          <li>\n            \n          <div style=\"display:none\" class=\"wpv-addon-maps-marker js-wpv-addon-maps-marker js-wpv-addon-maps-marker-marker-135538 js-wpv-addon-maps-markerfor-map-1\" data-marker=\"marker-135538\" data-markertitle=\"Dar El Qadi\" data-markerfor=\"map-1\" data-markerlat=\"31.6294958\" data-markerlon=\"-7.9846022\" data-markericon=\"\/wp-content\/uploads\/sites\/6\/2017\/11\/area_marker_7.png\" data-markericonhover=\"\" data-streetview=\"no\" data-fromview=\"\">\n            <article class=\"marker-itinerario\">\n\t<div class=\"entry-thumbnail\">\n      \n      \n      \t<img loading=\"lazy\" decoding=\"async\" width=\"1285\" height=\"1920\" src=\"https:\/\/static.tecnichenuove.it\/areaarch\/2023\/06\/dar_el_Qadi_00006.jpg\" class=\"attachment-post-thumbnail size-post-thumbnail wp-post-image\" alt=\"\" srcset=\"https:\/\/static.tecnichenuove.it\/areaarch\/2023\/06\/dar_el_Qadi_00006.jpg 1285w, https:\/\/static.tecnichenuove.it\/areaarch\/2023\/06\/dar_el_Qadi_00006-201x300.jpg 201w, https:\/\/static.tecnichenuove.it\/areaarch\/2023\/06\/dar_el_Qadi_00006-685x1024.jpg 685w, https:\/\/static.tecnichenuove.it\/areaarch\/2023\/06\/dar_el_Qadi_00006-768x1148.jpg 768w, https:\/\/static.tecnichenuove.it\/areaarch\/2023\/06\/dar_el_Qadi_00006-1028x1536.jpg 1028w, https:\/\/static.tecnichenuove.it\/areaarch\/2023\/06\/dar_el_Qadi_00006-696x1040.jpg 696w, https:\/\/static.tecnichenuove.it\/areaarch\/2023\/06\/dar_el_Qadi_00006-1068x1596.jpg 1068w, https:\/\/static.tecnichenuove.it\/areaarch\/2023\/06\/dar_el_Qadi_00006-281x420.jpg 281w\" sizes=\"auto, (max-width: 1285px) 100vw, 1285px\" \/>\n      \t<img decoding=\"async\" src=\"https:\/\/www.area-arch.it\/wp-content\/uploads\/sites\/6\/2023\/06\/1137_QuentinWilbaux_201.jpg\" class=\"attachment-post-thumbnail\" \/>\n      \n\t<\/div>\n  \t<div class=\"entry-column\">\n      <h3 class=\"entry-title td-module-title\">Dar El Qadi<\/h3>\n      <div class=\"td-excerpt\">\n            <div id=\"wpcf-field-tipology\" class=\"wpcf-field-select wpcf-field-tipology\"><span class=\"wpcf-field-name wpcf-field-select-name wpcf-field-tipology-name\">tipology:<\/span> <span class=\"wpcf-field-value wpcf-field-select-value wpcf-field-tipology-value\">hotel<\/span><\/div>\n            <div id=\"wpcf-field-architect\" class=\"wpcf-field-single-line wpcf-field-architect\"><span class=\"wpcf-field-name wpcf-field-single-line-name wpcf-field-architect-name\">architect:<\/span> <span class=\"wpcf-field-value wpcf-field-single-line-value wpcf-field-architect-value\">Quentin Wilbaux<\/span><\/div>\n            <div id=\"wpcf-field-realization\" class=\"wpcf-field-number wpcf-field-realization\"><span class=\"wpcf-field-name wpcf-field-number-name wpcf-field-realization-name\">realization:<\/span> <span class=\"wpcf-field-value wpcf-field-number-value wpcf-field-realization-value\">1993<\/span><\/div>\n            Derb el Cadi, Marrakech 40000, Marocco\n          <\/div>\n  <\/div>\n<\/article>\n          <\/div>\n            <h4><a href=\"#\" onclick=\"cimap();\" class=\"link-marker js-wpv-addon-maps-focus-map js-toolset-maps-hover-map-map-1-marker-marker-135538 js-toolset-maps-open-infowindow-map-map-1-marker-marker-135538\" data-map=\"map-1\" data-marker=\"marker-135538\">21. Dar El Qadi<\/a><\/h4>\n            <div id=\"wpcf-field-tipology\" class=\"wpcf-field-select wpcf-field-tipology\"><span class=\"wpcf-field-name wpcf-field-select-name wpcf-field-tipology-name\">tipology:<\/span> <span class=\"wpcf-field-value wpcf-field-select-value wpcf-field-tipology-value\">hotel<\/span><\/div> | <div id=\"wpcf-field-architect\" class=\"wpcf-field-single-line wpcf-field-architect\"><span class=\"wpcf-field-name wpcf-field-single-line-name wpcf-field-architect-name\">architect:<\/span> <span class=\"wpcf-field-value wpcf-field-single-line-value wpcf-field-architect-value\">Quentin Wilbaux<\/span><\/div> | <div id=\"wpcf-field-realization\" class=\"wpcf-field-number wpcf-field-realization\"><span class=\"wpcf-field-name wpcf-field-number-name wpcf-field-realization-name\">realization:<\/span> <span class=\"wpcf-field-value wpcf-field-number-value wpcf-field-realization-value\">1993<\/span><\/div>\n          <\/li>\n\t\t\n          <li>\n            \n          <div style=\"display:none\" class=\"wpv-addon-maps-marker js-wpv-addon-maps-marker js-wpv-addon-maps-marker-marker-135541 js-wpv-addon-maps-markerfor-map-1\" data-marker=\"marker-135541\" data-markertitle=\"Villa Loha\" data-markerfor=\"map-1\" data-markerlat=\"31.6312498\" data-markerlon=\"-7.9790647\" data-markericon=\"\/wp-content\/uploads\/sites\/6\/2017\/11\/area_marker_13.png\" data-markericonhover=\"\" data-streetview=\"no\" data-fromview=\"\">\n            <article class=\"marker-itinerario\">\n\t<div class=\"entry-thumbnail\">\n      \n      \n      \t<img loading=\"lazy\" decoding=\"async\" width=\"1500\" height=\"1275\" src=\"https:\/\/static.tecnichenuove.it\/areaarch\/2023\/06\/loha-hd-63.jpeg\" class=\"attachment-post-thumbnail size-post-thumbnail wp-post-image\" alt=\"\" srcset=\"https:\/\/static.tecnichenuove.it\/areaarch\/2023\/06\/loha-hd-63.jpeg 1500w, https:\/\/static.tecnichenuove.it\/areaarch\/2023\/06\/loha-hd-63-300x255.jpeg 300w, https:\/\/static.tecnichenuove.it\/areaarch\/2023\/06\/loha-hd-63-1024x870.jpeg 1024w, https:\/\/static.tecnichenuove.it\/areaarch\/2023\/06\/loha-hd-63-768x653.jpeg 768w, https:\/\/static.tecnichenuove.it\/areaarch\/2023\/06\/loha-hd-63-696x592.jpeg 696w, https:\/\/static.tecnichenuove.it\/areaarch\/2023\/06\/loha-hd-63-1068x908.jpeg 1068w, https:\/\/static.tecnichenuove.it\/areaarch\/2023\/06\/loha-hd-63-494x420.jpeg 494w\" sizes=\"auto, (max-width: 1500px) 100vw, 1500px\" \/>\n      \t<img decoding=\"async\" src=\"https:\/\/www.area-arch.it\/wp-content\/uploads\/sites\/6\/2023\/06\/plan2-e1687951488363.jpg\" class=\"attachment-post-thumbnail\" \/>\n      \n\t<\/div>\n  \t<div class=\"entry-column\">\n      <h3 class=\"entry-title td-module-title\">Villa Loha<\/h3>\n      <div class=\"td-excerpt\">\n            <div id=\"wpcf-field-tipology\" class=\"wpcf-field-select wpcf-field-tipology\"><span class=\"wpcf-field-name wpcf-field-select-name wpcf-field-tipology-name\">tipology:<\/span> <span class=\"wpcf-field-value wpcf-field-select-value wpcf-field-tipology-value\">residential<\/span><\/div>\n            <div id=\"wpcf-field-architect\" class=\"wpcf-field-single-line wpcf-field-architect\"><span class=\"wpcf-field-name wpcf-field-single-line-name wpcf-field-architect-name\">architect:<\/span> <span class=\"wpcf-field-value wpcf-field-single-line-value wpcf-field-architect-value\">E-H Atelier d'Architectures<\/span><\/div>\n            <div id=\"wpcf-field-realization\" class=\"wpcf-field-number wpcf-field-realization\"><span class=\"wpcf-field-name wpcf-field-number-name wpcf-field-realization-name\">realization:<\/span> <span class=\"wpcf-field-value wpcf-field-number-value wpcf-field-realization-value\">2021<\/span><\/div>\n            Rue Rachida, Marrakech 40000, Marocco\n          <\/div>\n  <\/div>\n<\/article>\n          <\/div>\n            <h4><a href=\"#\" onclick=\"cimap();\" class=\"link-marker js-wpv-addon-maps-focus-map js-toolset-maps-hover-map-map-1-marker-marker-135541 js-toolset-maps-open-infowindow-map-map-1-marker-marker-135541\" data-map=\"map-1\" data-marker=\"marker-135541\">22. Villa Loha<\/a><\/h4>\n            <div id=\"wpcf-field-tipology\" class=\"wpcf-field-select wpcf-field-tipology\"><span class=\"wpcf-field-name wpcf-field-select-name wpcf-field-tipology-name\">tipology:<\/span> <span class=\"wpcf-field-value wpcf-field-select-value wpcf-field-tipology-value\">residential<\/span><\/div> | <div id=\"wpcf-field-architect\" class=\"wpcf-field-single-line wpcf-field-architect\"><span class=\"wpcf-field-name wpcf-field-single-line-name wpcf-field-architect-name\">architect:<\/span> <span class=\"wpcf-field-value wpcf-field-single-line-value wpcf-field-architect-value\">E-H Atelier d'Architectures<\/span><\/div> | <div id=\"wpcf-field-realization\" class=\"wpcf-field-number wpcf-field-realization\"><span class=\"wpcf-field-name wpcf-field-number-name wpcf-field-realization-name\">realization:<\/span> <span class=\"wpcf-field-value wpcf-field-number-value wpcf-field-realization-value\">2021<\/span><\/div>\n          <\/li>\n\t\t\n          <li>\n            \n          <div style=\"display:none\" class=\"wpv-addon-maps-marker js-wpv-addon-maps-marker js-wpv-addon-maps-marker-marker-135544 js-wpv-addon-maps-markerfor-map-1\" data-marker=\"marker-135544\" data-markertitle=\"Amanjena\" data-markerfor=\"map-1\" data-markerlat=\"31.6051408\" data-markerlon=\"-7.9296252\" data-markericon=\"\/wp-content\/uploads\/sites\/6\/2017\/11\/area_marker_7.png\" data-markericonhover=\"\" data-streetview=\"no\" data-fromview=\"\">\n            <article class=\"marker-itinerario\">\n\t<div class=\"entry-thumbnail\">\n      \n      \t<img loading=\"lazy\" decoding=\"async\" width=\"300\" height=\"200\" src=\"https:\/\/static.tecnichenuove.it\/areaarch\/2023\/06\/8f2efdb0-7552-44e7-839b-105e0d3b1e78-300x200.jpg\" class=\"attachment-medium size-medium wp-post-image\" alt=\"\" srcset=\"https:\/\/static.tecnichenuove.it\/areaarch\/2023\/06\/8f2efdb0-7552-44e7-839b-105e0d3b1e78-300x200.jpg 300w, https:\/\/static.tecnichenuove.it\/areaarch\/2023\/06\/8f2efdb0-7552-44e7-839b-105e0d3b1e78-1024x683.jpg 1024w, https:\/\/static.tecnichenuove.it\/areaarch\/2023\/06\/8f2efdb0-7552-44e7-839b-105e0d3b1e78-150x100.jpg 150w, https:\/\/static.tecnichenuove.it\/areaarch\/2023\/06\/8f2efdb0-7552-44e7-839b-105e0d3b1e78-768x512.jpg 768w, https:\/\/static.tecnichenuove.it\/areaarch\/2023\/06\/8f2efdb0-7552-44e7-839b-105e0d3b1e78-1536x1025.jpg 1536w, https:\/\/static.tecnichenuove.it\/areaarch\/2023\/06\/8f2efdb0-7552-44e7-839b-105e0d3b1e78-696x464.jpg 696w, https:\/\/static.tecnichenuove.it\/areaarch\/2023\/06\/8f2efdb0-7552-44e7-839b-105e0d3b1e78-1068x712.jpg 1068w, https:\/\/static.tecnichenuove.it\/areaarch\/2023\/06\/8f2efdb0-7552-44e7-839b-105e0d3b1e78-630x420.jpg 630w, https:\/\/static.tecnichenuove.it\/areaarch\/2023\/06\/8f2efdb0-7552-44e7-839b-105e0d3b1e78.jpg 1919w\" sizes=\"auto, (max-width: 300px) 100vw, 300px\" \/>\n      \n      \n\t<\/div>\n  \t<div class=\"entry-column\">\n      <h3 class=\"entry-title td-module-title\">Amanjena<\/h3>\n      <div class=\"td-excerpt\">\n            <div id=\"wpcf-field-tipology\" class=\"wpcf-field-select wpcf-field-tipology\"><span class=\"wpcf-field-name wpcf-field-select-name wpcf-field-tipology-name\">tipology:<\/span> <span class=\"wpcf-field-value wpcf-field-select-value wpcf-field-tipology-value\">hotel<\/span><\/div>\n            <div id=\"wpcf-field-architect\" class=\"wpcf-field-single-line wpcf-field-architect\"><span class=\"wpcf-field-name wpcf-field-single-line-name wpcf-field-architect-name\">architect:<\/span> <span class=\"wpcf-field-value wpcf-field-single-line-value wpcf-field-architect-value\">Edward B. Tuttle<\/span><\/div>\n            <div id=\"wpcf-field-realization\" class=\"wpcf-field-number wpcf-field-realization\"><span class=\"wpcf-field-name wpcf-field-number-name wpcf-field-realization-name\">realization:<\/span> <span class=\"wpcf-field-value wpcf-field-number-value wpcf-field-realization-value\">2000<\/span><\/div>\n            Route de Ouarzazate\u060c Marrakech, Marocco\n          <\/div>\n  <\/div>\n<\/article>\n          <\/div>\n            <h4><a href=\"#\" onclick=\"cimap();\" class=\"link-marker js-wpv-addon-maps-focus-map js-toolset-maps-hover-map-map-1-marker-marker-135544 js-toolset-maps-open-infowindow-map-map-1-marker-marker-135544\" data-map=\"map-1\" data-marker=\"marker-135544\">23. Amanjena<\/a><\/h4>\n            <div id=\"wpcf-field-tipology\" class=\"wpcf-field-select wpcf-field-tipology\"><span class=\"wpcf-field-name wpcf-field-select-name wpcf-field-tipology-name\">tipology:<\/span> <span class=\"wpcf-field-value wpcf-field-select-value wpcf-field-tipology-value\">hotel<\/span><\/div> | <div id=\"wpcf-field-architect\" class=\"wpcf-field-single-line wpcf-field-architect\"><span class=\"wpcf-field-name wpcf-field-single-line-name wpcf-field-architect-name\">architect:<\/span> <span class=\"wpcf-field-value wpcf-field-single-line-value wpcf-field-architect-value\">Edward B. Tuttle<\/span><\/div> | <div id=\"wpcf-field-realization\" class=\"wpcf-field-number wpcf-field-realization\"><span class=\"wpcf-field-name wpcf-field-number-name wpcf-field-realization-name\">realization:<\/span> <span class=\"wpcf-field-value wpcf-field-number-value wpcf-field-realization-value\">2000<\/span><\/div>\n          <\/li>\n\t\t\n          <li>\n            \n          <div style=\"display:none\" class=\"wpv-addon-maps-marker js-wpv-addon-maps-marker js-wpv-addon-maps-marker-marker-135546 js-wpv-addon-maps-markerfor-map-1\" data-marker=\"marker-135546\" data-markertitle=\"Mandarin Oriental\" data-markerfor=\"map-1\" data-markerlat=\"31.6044096\" data-markerlon=\"-7.9588243\" data-markericon=\"\/wp-content\/uploads\/sites\/6\/2017\/11\/area_marker_7.png\" data-markericonhover=\"\" data-streetview=\"no\" data-fromview=\"\">\n            <article class=\"marker-itinerario\">\n\t<div class=\"entry-thumbnail\">\n      \n      \n      \t<img loading=\"lazy\" decoding=\"async\" width=\"1600\" height=\"900\" src=\"https:\/\/static.tecnichenuove.it\/areaarch\/2023\/06\/marrakech-resort-oasis2-MO-Marrakech-mar23-pr.jpg\" class=\"attachment-post-thumbnail size-post-thumbnail wp-post-image\" alt=\"\" srcset=\"https:\/\/static.tecnichenuove.it\/areaarch\/2023\/06\/marrakech-resort-oasis2-MO-Marrakech-mar23-pr.jpg 1600w, https:\/\/static.tecnichenuove.it\/areaarch\/2023\/06\/marrakech-resort-oasis2-MO-Marrakech-mar23-pr-300x169.jpg 300w, https:\/\/static.tecnichenuove.it\/areaarch\/2023\/06\/marrakech-resort-oasis2-MO-Marrakech-mar23-pr-1024x576.jpg 1024w, https:\/\/static.tecnichenuove.it\/areaarch\/2023\/06\/marrakech-resort-oasis2-MO-Marrakech-mar23-pr-768x432.jpg 768w, https:\/\/static.tecnichenuove.it\/areaarch\/2023\/06\/marrakech-resort-oasis2-MO-Marrakech-mar23-pr-1536x864.jpg 1536w, https:\/\/static.tecnichenuove.it\/areaarch\/2023\/06\/marrakech-resort-oasis2-MO-Marrakech-mar23-pr-696x392.jpg 696w, https:\/\/static.tecnichenuove.it\/areaarch\/2023\/06\/marrakech-resort-oasis2-MO-Marrakech-mar23-pr-1068x601.jpg 1068w, https:\/\/static.tecnichenuove.it\/areaarch\/2023\/06\/marrakech-resort-oasis2-MO-Marrakech-mar23-pr-747x420.jpg 747w\" sizes=\"auto, (max-width: 1600px) 100vw, 1600px\" \/>\n      \t<img decoding=\"async\" src=\"https:\/\/www.area-arch.it\/wp-content\/uploads\/sites\/6\/2023\/06\/0e78b939ee6958b7e4b52173680a60ba-e1687951767397.jpg\" class=\"attachment-post-thumbnail\" \/>\n      \n\t<\/div>\n  \t<div class=\"entry-column\">\n      <h3 class=\"entry-title td-module-title\">Mandarin Oriental<\/h3>\n      <div class=\"td-excerpt\">\n            <div id=\"wpcf-field-tipology\" class=\"wpcf-field-select wpcf-field-tipology\"><span class=\"wpcf-field-name wpcf-field-select-name wpcf-field-tipology-name\">tipology:<\/span> <span class=\"wpcf-field-value wpcf-field-select-value wpcf-field-tipology-value\">hotel<\/span><\/div>\n            <div id=\"wpcf-field-architect\" class=\"wpcf-field-single-line wpcf-field-architect\"><span class=\"wpcf-field-name wpcf-field-single-line-name wpcf-field-architect-name\">architect:<\/span> <span class=\"wpcf-field-value wpcf-field-single-line-value wpcf-field-architect-value\">Pascal Desprez + Gilles &amp; Boissier<\/span><\/div>\n            <div id=\"wpcf-field-realization\" class=\"wpcf-field-number wpcf-field-realization\"><span class=\"wpcf-field-name wpcf-field-number-name wpcf-field-realization-name\">realization:<\/span> <span class=\"wpcf-field-value wpcf-field-number-value wpcf-field-realization-value\">2015<\/span><\/div>\n            Rte Golf Royal, Marrakech, Marocco\n          <\/div>\n  <\/div>\n<\/article>\n          <\/div>\n            <h4><a href=\"#\" onclick=\"cimap();\" class=\"link-marker js-wpv-addon-maps-focus-map js-toolset-maps-hover-map-map-1-marker-marker-135546 js-toolset-maps-open-infowindow-map-map-1-marker-marker-135546\" data-map=\"map-1\" data-marker=\"marker-135546\">24. Mandarin Oriental<\/a><\/h4>\n            <div id=\"wpcf-field-tipology\" class=\"wpcf-field-select wpcf-field-tipology\"><span class=\"wpcf-field-name wpcf-field-select-name wpcf-field-tipology-name\">tipology:<\/span> <span class=\"wpcf-field-value wpcf-field-select-value wpcf-field-tipology-value\">hotel<\/span><\/div> | <div id=\"wpcf-field-architect\" class=\"wpcf-field-single-line wpcf-field-architect\"><span class=\"wpcf-field-name wpcf-field-single-line-name wpcf-field-architect-name\">architect:<\/span> <span class=\"wpcf-field-value wpcf-field-single-line-value wpcf-field-architect-value\">Pascal Desprez + Gilles &amp; Boissier<\/span><\/div> | <div id=\"wpcf-field-realization\" class=\"wpcf-field-number wpcf-field-realization\"><span class=\"wpcf-field-name wpcf-field-number-name wpcf-field-realization-name\">realization:<\/span> <span class=\"wpcf-field-value wpcf-field-number-value wpcf-field-realization-value\">2015<\/span><\/div>\n          <\/li>\n\t\t\n          <li>\n            \n          <div style=\"display:none\" class=\"wpv-addon-maps-marker js-wpv-addon-maps-marker js-wpv-addon-maps-marker-marker-135549 js-wpv-addon-maps-markerfor-map-1\" data-marker=\"marker-135549\" data-markertitle=\"MACAAL &#8211; Mus\u00e9e d&#8217;Art Contemporain Africain Al Maaden\" data-markerfor=\"map-1\" data-markerlat=\"31.6084373\" data-markerlon=\"-7.9653067\" data-markericon=\"\/wp-content\/uploads\/sites\/6\/2017\/11\/area_marker_10.png\" data-markericonhover=\"\" data-streetview=\"no\" data-fromview=\"\">\n            <article class=\"marker-itinerario\">\n\t<div class=\"entry-thumbnail\">\n      \n      \n      \t<img loading=\"lazy\" decoding=\"async\" width=\"1920\" height=\"1280\" src=\"https:\/\/static.tecnichenuove.it\/areaarch\/2023\/06\/Material-Insanity-%C2%A9-Omar-Tajmouati-5.jpeg\" class=\"attachment-post-thumbnail size-post-thumbnail wp-post-image\" alt=\"\" srcset=\"https:\/\/static.tecnichenuove.it\/areaarch\/2023\/06\/Material-Insanity-%C2%A9-Omar-Tajmouati-5.jpeg 1920w, https:\/\/static.tecnichenuove.it\/areaarch\/2023\/06\/Material-Insanity-%C2%A9-Omar-Tajmouati-5-300x200.jpeg 300w, https:\/\/static.tecnichenuove.it\/areaarch\/2023\/06\/Material-Insanity-%C2%A9-Omar-Tajmouati-5-1024x683.jpeg 1024w, https:\/\/static.tecnichenuove.it\/areaarch\/2023\/06\/Material-Insanity-%C2%A9-Omar-Tajmouati-5-150x100.jpeg 150w, https:\/\/static.tecnichenuove.it\/areaarch\/2023\/06\/Material-Insanity-%C2%A9-Omar-Tajmouati-5-768x512.jpeg 768w, https:\/\/static.tecnichenuove.it\/areaarch\/2023\/06\/Material-Insanity-%C2%A9-Omar-Tajmouati-5-1536x1024.jpeg 1536w, https:\/\/static.tecnichenuove.it\/areaarch\/2023\/06\/Material-Insanity-%C2%A9-Omar-Tajmouati-5-696x464.jpeg 696w, https:\/\/static.tecnichenuove.it\/areaarch\/2023\/06\/Material-Insanity-%C2%A9-Omar-Tajmouati-5-1068x712.jpeg 1068w, https:\/\/static.tecnichenuove.it\/areaarch\/2023\/06\/Material-Insanity-%C2%A9-Omar-Tajmouati-5-630x420.jpeg 630w\" sizes=\"auto, (max-width: 1920px) 100vw, 1920px\" \/>\n      \t<img decoding=\"async\" src=\"https:\/\/www.area-arch.it\/wp-content\/uploads\/sites\/6\/2023\/06\/Schermata-2023-06-28-alle-13.32.32.jpg\" class=\"attachment-post-thumbnail\" \/>\n      \n\t<\/div>\n  \t<div class=\"entry-column\">\n      <h3 class=\"entry-title td-module-title\">MACAAL &#8211; Mus\u00e9e d&#8217;Art Contemporain Africain Al Maaden<\/h3>\n      <div class=\"td-excerpt\">\n            <div id=\"wpcf-field-tipology\" class=\"wpcf-field-select wpcf-field-tipology\"><span class=\"wpcf-field-name wpcf-field-select-name wpcf-field-tipology-name\">tipology:<\/span> <span class=\"wpcf-field-value wpcf-field-select-value wpcf-field-tipology-value\">museum<\/span><\/div>\n            <div id=\"wpcf-field-architect\" class=\"wpcf-field-single-line wpcf-field-architect\"><span class=\"wpcf-field-name wpcf-field-single-line-name wpcf-field-architect-name\">architect:<\/span> <span class=\"wpcf-field-value wpcf-field-single-line-value wpcf-field-architect-value\">Jean-Francois Bodin<\/span><\/div>\n            <div id=\"wpcf-field-realization\" class=\"wpcf-field-number wpcf-field-realization\"><span class=\"wpcf-field-name wpcf-field-number-name wpcf-field-realization-name\">realization:<\/span> <span class=\"wpcf-field-value wpcf-field-number-value wpcf-field-realization-value\">2016<\/span><\/div>\n            Sidi Youssef Ben Ali, Marrakech, Marocco\n          <\/div>\n  <\/div>\n<\/article>\n          <\/div>\n            <h4><a href=\"#\" onclick=\"cimap();\" class=\"link-marker js-wpv-addon-maps-focus-map js-toolset-maps-hover-map-map-1-marker-marker-135549 js-toolset-maps-open-infowindow-map-map-1-marker-marker-135549\" data-map=\"map-1\" data-marker=\"marker-135549\">25. MACAAL &#8211; Mus\u00e9e d&#8217;Art Contemporain Africain Al Maaden<\/a><\/h4>\n            <div id=\"wpcf-field-tipology\" class=\"wpcf-field-select wpcf-field-tipology\"><span class=\"wpcf-field-name wpcf-field-select-name wpcf-field-tipology-name\">tipology:<\/span> <span class=\"wpcf-field-value wpcf-field-select-value wpcf-field-tipology-value\">museum<\/span><\/div> | <div id=\"wpcf-field-architect\" class=\"wpcf-field-single-line wpcf-field-architect\"><span class=\"wpcf-field-name wpcf-field-single-line-name wpcf-field-architect-name\">architect:<\/span> <span class=\"wpcf-field-value wpcf-field-single-line-value wpcf-field-architect-value\">Jean-Francois Bodin<\/span><\/div> | <div id=\"wpcf-field-realization\" class=\"wpcf-field-number wpcf-field-realization\"><span class=\"wpcf-field-name wpcf-field-number-name wpcf-field-realization-name\">realization:<\/span> <span class=\"wpcf-field-value wpcf-field-number-value wpcf-field-realization-value\">2016<\/span><\/div>\n          <\/li>\n\t\t\n          <li>\n            \n          <div style=\"display:none\" class=\"wpv-addon-maps-marker js-wpv-addon-maps-marker js-wpv-addon-maps-marker-marker-135552 js-wpv-addon-maps-markerfor-map-1\" data-marker=\"marker-135552\" data-markertitle=\"Agdal Gardens\" data-markerfor=\"map-1\" data-markerlat=\"31.6294723\" data-markerlon=\"-7.9810845\" data-markericon=\"\/wp-content\/uploads\/sites\/6\/2017\/11\/area_marker_12.png\" data-markericonhover=\"\" data-streetview=\"no\" data-fromview=\"\">\n            <article class=\"marker-itinerario\">\n\t<div class=\"entry-thumbnail\">\n      \n      \n      \t<img loading=\"lazy\" decoding=\"async\" width=\"1920\" height=\"1280\" src=\"https:\/\/static.tecnichenuove.it\/areaarch\/2023\/06\/agdal-new.jpeg\" class=\"attachment-post-thumbnail size-post-thumbnail wp-post-image\" alt=\"\" srcset=\"https:\/\/static.tecnichenuove.it\/areaarch\/2023\/06\/agdal-new.jpeg 1920w, https:\/\/static.tecnichenuove.it\/areaarch\/2023\/06\/agdal-new-300x200.jpeg 300w, https:\/\/static.tecnichenuove.it\/areaarch\/2023\/06\/agdal-new-1024x683.jpeg 1024w, https:\/\/static.tecnichenuove.it\/areaarch\/2023\/06\/agdal-new-150x100.jpeg 150w, https:\/\/static.tecnichenuove.it\/areaarch\/2023\/06\/agdal-new-768x512.jpeg 768w, https:\/\/static.tecnichenuove.it\/areaarch\/2023\/06\/agdal-new-1536x1024.jpeg 1536w, https:\/\/static.tecnichenuove.it\/areaarch\/2023\/06\/agdal-new-696x464.jpeg 696w, https:\/\/static.tecnichenuove.it\/areaarch\/2023\/06\/agdal-new-1068x712.jpeg 1068w, https:\/\/static.tecnichenuove.it\/areaarch\/2023\/06\/agdal-new-630x420.jpeg 630w\" sizes=\"auto, (max-width: 1920px) 100vw, 1920px\" \/>\n      \t<img decoding=\"async\" src=\"https:\/\/www.area-arch.it\/wp-content\/uploads\/sites\/6\/2023\/06\/zoom-e1687952549578.png\" class=\"attachment-post-thumbnail\" \/>\n      \n\t<\/div>\n  \t<div class=\"entry-column\">\n      <h3 class=\"entry-title td-module-title\">Agdal Gardens<\/h3>\n      <div class=\"td-excerpt\">\n            <div id=\"wpcf-field-tipology\" class=\"wpcf-field-select wpcf-field-tipology\"><span class=\"wpcf-field-name wpcf-field-select-name wpcf-field-tipology-name\">tipology:<\/span> <span class=\"wpcf-field-value wpcf-field-select-value wpcf-field-tipology-value\">public<\/span><\/div>\n            <div id=\"wpcf-field-architect\" class=\"wpcf-field-single-line wpcf-field-architect\"><span class=\"wpcf-field-name wpcf-field-single-line-name wpcf-field-architect-name\">architect:<\/span> <span class=\"wpcf-field-value wpcf-field-single-line-value wpcf-field-architect-value\">Abd al-Mu'min (ordered by)<\/span><\/div>\n            <div id=\"wpcf-field-realization\" class=\"wpcf-field-number wpcf-field-realization\"><span class=\"wpcf-field-name wpcf-field-number-name wpcf-field-realization-name\">realization:<\/span> <span class=\"wpcf-field-value wpcf-field-number-value wpcf-field-realization-value\">1157<\/span><\/div>\n            Marrakech, Marocco\n          <\/div>\n  <\/div>\n<\/article>\n          <\/div>\n            <h4><a href=\"#\" onclick=\"cimap();\" class=\"link-marker js-wpv-addon-maps-focus-map js-toolset-maps-hover-map-map-1-marker-marker-135552 js-toolset-maps-open-infowindow-map-map-1-marker-marker-135552\" data-map=\"map-1\" data-marker=\"marker-135552\">26. Agdal Gardens<\/a><\/h4>\n            <div id=\"wpcf-field-tipology\" class=\"wpcf-field-select wpcf-field-tipology\"><span class=\"wpcf-field-name wpcf-field-select-name wpcf-field-tipology-name\">tipology:<\/span> <span class=\"wpcf-field-value wpcf-field-select-value wpcf-field-tipology-value\">public<\/span><\/div> | <div id=\"wpcf-field-architect\" class=\"wpcf-field-single-line wpcf-field-architect\"><span class=\"wpcf-field-name wpcf-field-single-line-name wpcf-field-architect-name\">architect:<\/span> <span class=\"wpcf-field-value wpcf-field-single-line-value wpcf-field-architect-value\">Abd al-Mu'min (ordered by)<\/span><\/div> | <div id=\"wpcf-field-realization\" class=\"wpcf-field-number wpcf-field-realization\"><span class=\"wpcf-field-name wpcf-field-number-name wpcf-field-realization-name\">realization:<\/span> <span class=\"wpcf-field-value wpcf-field-number-value wpcf-field-realization-value\">1157<\/span><\/div>\n          <\/li>\n\t\t\n          <li>\n            \n          <div style=\"display:none\" class=\"wpv-addon-maps-marker js-wpv-addon-maps-marker js-wpv-addon-maps-marker-marker-135555 js-wpv-addon-maps-markerfor-map-1\" data-marker=\"marker-135555\" data-markertitle=\"Rawabi Hotel\" data-markerfor=\"map-1\" data-markerlat=\"31.5978654\" data-markerlon=\"-7.9868782\" data-markericon=\"\/wp-content\/uploads\/sites\/6\/2017\/11\/area_marker_7.png\" data-markericonhover=\"\" data-streetview=\"no\" data-fromview=\"\">\n            <article class=\"marker-itinerario\">\n\t<div class=\"entry-thumbnail\">\n      \n      \n      \t<img loading=\"lazy\" decoding=\"async\" width=\"1600\" height=\"1064\" src=\"https:\/\/static.tecnichenuove.it\/areaarch\/2023\/06\/4-17.jpg\" class=\"attachment-post-thumbnail size-post-thumbnail wp-post-image\" alt=\"\" srcset=\"https:\/\/static.tecnichenuove.it\/areaarch\/2023\/06\/4-17.jpg 1600w, https:\/\/static.tecnichenuove.it\/areaarch\/2023\/06\/4-17-300x200.jpg 300w, https:\/\/static.tecnichenuove.it\/areaarch\/2023\/06\/4-17-1024x681.jpg 1024w, https:\/\/static.tecnichenuove.it\/areaarch\/2023\/06\/4-17-150x100.jpg 150w, https:\/\/static.tecnichenuove.it\/areaarch\/2023\/06\/4-17-768x511.jpg 768w, https:\/\/static.tecnichenuove.it\/areaarch\/2023\/06\/4-17-1536x1021.jpg 1536w, https:\/\/static.tecnichenuove.it\/areaarch\/2023\/06\/4-17-696x463.jpg 696w, https:\/\/static.tecnichenuove.it\/areaarch\/2023\/06\/4-17-1068x710.jpg 1068w, https:\/\/static.tecnichenuove.it\/areaarch\/2023\/06\/4-17-632x420.jpg 632w\" sizes=\"auto, (max-width: 1600px) 100vw, 1600px\" \/>\n      \t<img decoding=\"async\" src=\"https:\/\/www.area-arch.it\/wp-content\/uploads\/sites\/6\/2023\/06\/carva.jpg\" class=\"attachment-post-thumbnail\" \/>\n      \n\t<\/div>\n  \t<div class=\"entry-column\">\n      <h3 class=\"entry-title td-module-title\">Rawabi Hotel<\/h3>\n      <div class=\"td-excerpt\">\n            <div id=\"wpcf-field-tipology\" class=\"wpcf-field-select wpcf-field-tipology\"><span class=\"wpcf-field-name wpcf-field-select-name wpcf-field-tipology-name\">tipology:<\/span> <span class=\"wpcf-field-value wpcf-field-select-value wpcf-field-tipology-value\">hotel<\/span><\/div>\n            <div id=\"wpcf-field-architect\" class=\"wpcf-field-single-line wpcf-field-architect\"><span class=\"wpcf-field-name wpcf-field-single-line-name wpcf-field-architect-name\">architect:<\/span> <span class=\"wpcf-field-value wpcf-field-single-line-value wpcf-field-architect-value\">OUALALOU+CHOI<\/span><\/div>\n            <div id=\"wpcf-field-realization\" class=\"wpcf-field-number wpcf-field-realization\"><span class=\"wpcf-field-name wpcf-field-number-name wpcf-field-realization-name\">realization:<\/span> <span class=\"wpcf-field-value wpcf-field-number-value wpcf-field-realization-value\">2010<\/span><\/div>\n            Rte d'Ourika, Marrakesh, Marocco\n          <\/div>\n  <\/div>\n<\/article>\n          <\/div>\n            <h4><a href=\"#\" onclick=\"cimap();\" class=\"link-marker js-wpv-addon-maps-focus-map js-toolset-maps-hover-map-map-1-marker-marker-135555 js-toolset-maps-open-infowindow-map-map-1-marker-marker-135555\" data-map=\"map-1\" data-marker=\"marker-135555\">27. Rawabi Hotel<\/a><\/h4>\n            <div id=\"wpcf-field-tipology\" class=\"wpcf-field-select wpcf-field-tipology\"><span class=\"wpcf-field-name wpcf-field-select-name wpcf-field-tipology-name\">tipology:<\/span> <span class=\"wpcf-field-value wpcf-field-select-value wpcf-field-tipology-value\">hotel<\/span><\/div> | <div id=\"wpcf-field-architect\" class=\"wpcf-field-single-line wpcf-field-architect\"><span class=\"wpcf-field-name wpcf-field-single-line-name wpcf-field-architect-name\">architect:<\/span> <span class=\"wpcf-field-value wpcf-field-single-line-value wpcf-field-architect-value\">OUALALOU+CHOI<\/span><\/div> | <div id=\"wpcf-field-realization\" class=\"wpcf-field-number wpcf-field-realization\"><span class=\"wpcf-field-name wpcf-field-number-name wpcf-field-realization-name\">realization:<\/span> <span class=\"wpcf-field-value wpcf-field-number-value wpcf-field-realization-value\">2010<\/span><\/div>\n          <\/li>\n\t\t\n          <li>\n            \n          <div style=\"display:none\" class=\"wpv-addon-maps-marker js-wpv-addon-maps-marker js-wpv-addon-maps-marker-marker-135558 js-wpv-addon-maps-markerfor-map-1\" data-marker=\"marker-135558\" data-markertitle=\"Four Season Resort Marrakech\" data-markerfor=\"map-1\" data-markerlat=\"31.6131686\" data-markerlon=\"-8.0162255\" data-markericon=\"\/wp-content\/uploads\/sites\/6\/2017\/11\/area_marker_7.png\" data-markericonhover=\"\" data-streetview=\"no\" data-fromview=\"\">\n            <article class=\"marker-itinerario\">\n\t<div class=\"entry-thumbnail\">\n      \n      \n      \t<img loading=\"lazy\" decoding=\"async\" width=\"1920\" height=\"1280\" src=\"https:\/\/static.tecnichenuove.it\/areaarch\/2023\/06\/DL2A-Four-Seasons-Marrakech-ok-10_0-1.jpg\" class=\"attachment-post-thumbnail size-post-thumbnail wp-post-image\" alt=\"\" srcset=\"https:\/\/static.tecnichenuove.it\/areaarch\/2023\/06\/DL2A-Four-Seasons-Marrakech-ok-10_0-1.jpg 1920w, https:\/\/static.tecnichenuove.it\/areaarch\/2023\/06\/DL2A-Four-Seasons-Marrakech-ok-10_0-1-300x200.jpg 300w, https:\/\/static.tecnichenuove.it\/areaarch\/2023\/06\/DL2A-Four-Seasons-Marrakech-ok-10_0-1-1024x683.jpg 1024w, https:\/\/static.tecnichenuove.it\/areaarch\/2023\/06\/DL2A-Four-Seasons-Marrakech-ok-10_0-1-150x100.jpg 150w, https:\/\/static.tecnichenuove.it\/areaarch\/2023\/06\/DL2A-Four-Seasons-Marrakech-ok-10_0-1-768x512.jpg 768w, https:\/\/static.tecnichenuove.it\/areaarch\/2023\/06\/DL2A-Four-Seasons-Marrakech-ok-10_0-1-1536x1024.jpg 1536w, https:\/\/static.tecnichenuove.it\/areaarch\/2023\/06\/DL2A-Four-Seasons-Marrakech-ok-10_0-1-696x464.jpg 696w, https:\/\/static.tecnichenuove.it\/areaarch\/2023\/06\/DL2A-Four-Seasons-Marrakech-ok-10_0-1-1068x712.jpg 1068w, https:\/\/static.tecnichenuove.it\/areaarch\/2023\/06\/DL2A-Four-Seasons-Marrakech-ok-10_0-1-630x420.jpg 630w\" sizes=\"auto, (max-width: 1920px) 100vw, 1920px\" \/>\n      \t<img decoding=\"async\" src=\"https:\/\/www.area-arch.it\/wp-content\/uploads\/sites\/6\/2023\/06\/FOUR-SEASON.jpg\" class=\"attachment-post-thumbnail\" \/>\n      \n\t<\/div>\n  \t<div class=\"entry-column\">\n      <h3 class=\"entry-title td-module-title\">Four Season Resort Marrakech<\/h3>\n      <div class=\"td-excerpt\">\n            <div id=\"wpcf-field-tipology\" class=\"wpcf-field-select wpcf-field-tipology\"><span class=\"wpcf-field-name wpcf-field-select-name wpcf-field-tipology-name\">tipology:<\/span> <span class=\"wpcf-field-value wpcf-field-select-value wpcf-field-tipology-value\">hotel<\/span><\/div>\n            <div id=\"wpcf-field-architect\" class=\"wpcf-field-single-line wpcf-field-architect\"><span class=\"wpcf-field-name wpcf-field-single-line-name wpcf-field-architect-name\">architect:<\/span> <span class=\"wpcf-field-value wpcf-field-single-line-value wpcf-field-architect-value\">DL2A - Didier Lefort Architectes Associ\u00e9s<\/span><\/div>\n            <div id=\"wpcf-field-realization\" class=\"wpcf-field-number wpcf-field-realization\"><span class=\"wpcf-field-name wpcf-field-number-name wpcf-field-realization-name\">realization:<\/span> <span class=\"wpcf-field-value wpcf-field-number-value wpcf-field-realization-value\">2011<\/span><\/div>\n            Av. de la M\u00e9nara, Marrakech, Marocco\n          <\/div>\n  <\/div>\n<\/article>\n          <\/div>\n            <h4><a href=\"#\" onclick=\"cimap();\" class=\"link-marker js-wpv-addon-maps-focus-map js-toolset-maps-hover-map-map-1-marker-marker-135558 js-toolset-maps-open-infowindow-map-map-1-marker-marker-135558\" data-map=\"map-1\" data-marker=\"marker-135558\">28. Four Season Resort Marrakech<\/a><\/h4>\n            <div id=\"wpcf-field-tipology\" class=\"wpcf-field-select wpcf-field-tipology\"><span class=\"wpcf-field-name wpcf-field-select-name wpcf-field-tipology-name\">tipology:<\/span> <span class=\"wpcf-field-value wpcf-field-select-value wpcf-field-tipology-value\">hotel<\/span><\/div> | <div id=\"wpcf-field-architect\" class=\"wpcf-field-single-line wpcf-field-architect\"><span class=\"wpcf-field-name wpcf-field-single-line-name wpcf-field-architect-name\">architect:<\/span> <span class=\"wpcf-field-value wpcf-field-single-line-value wpcf-field-architect-value\">DL2A - Didier Lefort Architectes Associ\u00e9s<\/span><\/div> | <div id=\"wpcf-field-realization\" class=\"wpcf-field-number wpcf-field-realization\"><span class=\"wpcf-field-name wpcf-field-number-name wpcf-field-realization-name\">realization:<\/span> <span class=\"wpcf-field-value wpcf-field-number-value wpcf-field-realization-value\">2011<\/span><\/div>\n          <\/li>\n\t\t\n          <li>\n            \n          <div style=\"display:none\" class=\"wpv-addon-maps-marker js-wpv-addon-maps-marker js-wpv-addon-maps-marker-marker-135561 js-wpv-addon-maps-markerfor-map-1\" data-marker=\"marker-135561\" data-markertitle=\"Menara Gardens\" data-markerfor=\"map-1\" data-markerlat=\"31.6119241\" data-markerlon=\"-7.9873228\" data-markericon=\"\/wp-content\/uploads\/sites\/6\/2017\/11\/area_marker_18.png\" data-markericonhover=\"\" data-streetview=\"no\" data-fromview=\"\">\n            <article class=\"marker-itinerario\">\n\t<div class=\"entry-thumbnail\">\n      \n      \n      \t<img loading=\"lazy\" decoding=\"async\" width=\"700\" height=\"465\" src=\"https:\/\/static.tecnichenuove.it\/areaarch\/2023\/06\/menara8_1038.jpg\" class=\"attachment-post-thumbnail size-post-thumbnail wp-post-image\" alt=\"\" srcset=\"https:\/\/static.tecnichenuove.it\/areaarch\/2023\/06\/menara8_1038.jpg 700w, https:\/\/static.tecnichenuove.it\/areaarch\/2023\/06\/menara8_1038-300x199.jpg 300w, https:\/\/static.tecnichenuove.it\/areaarch\/2023\/06\/menara8_1038-150x100.jpg 150w, https:\/\/static.tecnichenuove.it\/areaarch\/2023\/06\/menara8_1038-696x462.jpg 696w, https:\/\/static.tecnichenuove.it\/areaarch\/2023\/06\/menara8_1038-632x420.jpg 632w\" sizes=\"auto, (max-width: 700px) 100vw, 700px\" \/>\n      \t<img decoding=\"async\" src=\"https:\/\/www.area-arch.it\/wp-content\/uploads\/sites\/6\/2023\/06\/download.jpeg\" class=\"attachment-post-thumbnail\" \/>\n      \n\t<\/div>\n  \t<div class=\"entry-column\">\n      <h3 class=\"entry-title td-module-title\">Menara Gardens<\/h3>\n      <div class=\"td-excerpt\">\n            <div id=\"wpcf-field-tipology\" class=\"wpcf-field-select wpcf-field-tipology\"><span class=\"wpcf-field-name wpcf-field-select-name wpcf-field-tipology-name\">tipology:<\/span> <span class=\"wpcf-field-value wpcf-field-select-value wpcf-field-tipology-value\">parc<\/span><\/div>\n            <div id=\"wpcf-field-architect\" class=\"wpcf-field-single-line wpcf-field-architect\"><span class=\"wpcf-field-name wpcf-field-single-line-name wpcf-field-architect-name\">architect:<\/span> <span class=\"wpcf-field-value wpcf-field-single-line-value wpcf-field-architect-value\">-<\/span><\/div>\n            <div id=\"wpcf-field-realization\" class=\"wpcf-field-number wpcf-field-realization\"><span class=\"wpcf-field-name wpcf-field-number-name wpcf-field-realization-name\">realization:<\/span> <span class=\"wpcf-field-value wpcf-field-number-value wpcf-field-realization-value\">1600<\/span><\/div>\n            21 Derb Chtouka, Marrakesh 40000, Marocco\n          <\/div>\n  <\/div>\n<\/article>\n          <\/div>\n            <h4><a href=\"#\" onclick=\"cimap();\" class=\"link-marker js-wpv-addon-maps-focus-map js-toolset-maps-hover-map-map-1-marker-marker-135561 js-toolset-maps-open-infowindow-map-map-1-marker-marker-135561\" data-map=\"map-1\" data-marker=\"marker-135561\">29. Menara Gardens<\/a><\/h4>\n            <div id=\"wpcf-field-tipology\" class=\"wpcf-field-select wpcf-field-tipology\"><span class=\"wpcf-field-name wpcf-field-select-name wpcf-field-tipology-name\">tipology:<\/span> <span class=\"wpcf-field-value wpcf-field-select-value wpcf-field-tipology-value\">parc<\/span><\/div> | <div id=\"wpcf-field-architect\" class=\"wpcf-field-single-line wpcf-field-architect\"><span class=\"wpcf-field-name wpcf-field-single-line-name wpcf-field-architect-name\">architect:<\/span> <span class=\"wpcf-field-value wpcf-field-single-line-value wpcf-field-architect-value\">-<\/span><\/div> | <div id=\"wpcf-field-realization\" class=\"wpcf-field-number wpcf-field-realization\"><span class=\"wpcf-field-name wpcf-field-number-name wpcf-field-realization-name\">realization:<\/span> <span class=\"wpcf-field-value wpcf-field-number-value wpcf-field-realization-value\">1600<\/span><\/div>\n          <\/li>\n\t\t\n          <li>\n            \n          <div style=\"display:none\" class=\"wpv-addon-maps-marker js-wpv-addon-maps-marker js-wpv-addon-maps-marker-marker-135564 js-wpv-addon-maps-markerfor-map-1\" data-marker=\"marker-135564\" data-markertitle=\"Marrakesh Menara Airport\" data-markerfor=\"map-1\" data-markerlat=\"31.6639625\" data-markerlon=\"-8.0294844\" data-markericon=\"\/wp-content\/uploads\/sites\/6\/2017\/11\/area_marker_6.png\" data-markericonhover=\"\" data-streetview=\"no\" data-fromview=\"\">\n            <article class=\"marker-itinerario\">\n\t<div class=\"entry-thumbnail\">\n      \n      \n      \t<img loading=\"lazy\" decoding=\"async\" width=\"960\" height=\"720\" src=\"https:\/\/static.tecnichenuove.it\/areaarch\/2023\/06\/9046396_e2ovREnazvxNug0RvAEyAOonWb8_I6gK4c9G6Ss1MNY.jpg\" class=\"attachment-post-thumbnail size-post-thumbnail wp-post-image\" alt=\"\" srcset=\"https:\/\/static.tecnichenuove.it\/areaarch\/2023\/06\/9046396_e2ovREnazvxNug0RvAEyAOonWb8_I6gK4c9G6Ss1MNY.jpg 960w, https:\/\/static.tecnichenuove.it\/areaarch\/2023\/06\/9046396_e2ovREnazvxNug0RvAEyAOonWb8_I6gK4c9G6Ss1MNY-300x225.jpg 300w, https:\/\/static.tecnichenuove.it\/areaarch\/2023\/06\/9046396_e2ovREnazvxNug0RvAEyAOonWb8_I6gK4c9G6Ss1MNY-768x576.jpg 768w, https:\/\/static.tecnichenuove.it\/areaarch\/2023\/06\/9046396_e2ovREnazvxNug0RvAEyAOonWb8_I6gK4c9G6Ss1MNY-80x60.jpg 80w, https:\/\/static.tecnichenuove.it\/areaarch\/2023\/06\/9046396_e2ovREnazvxNug0RvAEyAOonWb8_I6gK4c9G6Ss1MNY-160x120.jpg 160w, https:\/\/static.tecnichenuove.it\/areaarch\/2023\/06\/9046396_e2ovREnazvxNug0RvAEyAOonWb8_I6gK4c9G6Ss1MNY-265x198.jpg 265w, https:\/\/static.tecnichenuove.it\/areaarch\/2023\/06\/9046396_e2ovREnazvxNug0RvAEyAOonWb8_I6gK4c9G6Ss1MNY-696x522.jpg 696w, https:\/\/static.tecnichenuove.it\/areaarch\/2023\/06\/9046396_e2ovREnazvxNug0RvAEyAOonWb8_I6gK4c9G6Ss1MNY-560x420.jpg 560w\" sizes=\"auto, (max-width: 960px) 100vw, 960px\" \/>\n      \t<img decoding=\"async\" src=\"https:\/\/www.area-arch.it\/wp-content\/uploads\/sites\/6\/2023\/06\/marrakech-menara-airport-extension_e2a-architecture_sections.jpg\" class=\"attachment-post-thumbnail\" \/>\n      \n\t<\/div>\n  \t<div class=\"entry-column\">\n      <h3 class=\"entry-title td-module-title\">Marrakesh Menara Airport<\/h3>\n      <div class=\"td-excerpt\">\n            <div id=\"wpcf-field-tipology\" class=\"wpcf-field-select wpcf-field-tipology\"><span class=\"wpcf-field-name wpcf-field-select-name wpcf-field-tipology-name\">tipology:<\/span> <span class=\"wpcf-field-value wpcf-field-select-value wpcf-field-tipology-value\">infrastructure<\/span><\/div>\n            <div id=\"wpcf-field-architect\" class=\"wpcf-field-single-line wpcf-field-architect\"><span class=\"wpcf-field-name wpcf-field-single-line-name wpcf-field-architect-name\">architect:<\/span> <span class=\"wpcf-field-value wpcf-field-single-line-value wpcf-field-architect-value\">E2A Architecture<\/span><\/div>\n            <div id=\"wpcf-field-realization\" class=\"wpcf-field-number wpcf-field-realization\"><span class=\"wpcf-field-name wpcf-field-number-name wpcf-field-realization-name\">realization:<\/span> <span class=\"wpcf-field-value wpcf-field-number-value wpcf-field-realization-value\">2008<\/span><\/div>\n            MX7C+H6J, Marrakech, Marocco\n          <\/div>\n  <\/div>\n<\/article>\n          <\/div>\n            <h4><a href=\"#\" onclick=\"cimap();\" class=\"link-marker js-wpv-addon-maps-focus-map js-toolset-maps-hover-map-map-1-marker-marker-135564 js-toolset-maps-open-infowindow-map-map-1-marker-marker-135564\" data-map=\"map-1\" data-marker=\"marker-135564\">30. Marrakesh Menara Airport<\/a><\/h4>\n            <div id=\"wpcf-field-tipology\" class=\"wpcf-field-select wpcf-field-tipology\"><span class=\"wpcf-field-name wpcf-field-select-name wpcf-field-tipology-name\">tipology:<\/span> <span class=\"wpcf-field-value wpcf-field-select-value wpcf-field-tipology-value\">infrastructure<\/span><\/div> | <div id=\"wpcf-field-architect\" class=\"wpcf-field-single-line wpcf-field-architect\"><span class=\"wpcf-field-name wpcf-field-single-line-name wpcf-field-architect-name\">architect:<\/span> <span class=\"wpcf-field-value wpcf-field-single-line-value wpcf-field-architect-value\">E2A Architecture<\/span><\/div> | <div id=\"wpcf-field-realization\" class=\"wpcf-field-number wpcf-field-realization\"><span class=\"wpcf-field-name wpcf-field-number-name wpcf-field-realization-name\">realization:<\/span> <span class=\"wpcf-field-value wpcf-field-number-value wpcf-field-realization-value\">2008<\/span><\/div>\n          <\/li>\n\t\t\n          <li>\n            \n          <div style=\"display:none\" class=\"wpv-addon-maps-marker js-wpv-addon-maps-marker js-wpv-addon-maps-marker-marker-135567 js-wpv-addon-maps-markerfor-map-1\" data-marker=\"marker-135567\" data-markertitle=\"Selman Marrakech\" data-markerfor=\"map-1\" data-markerlat=\"31.6294723\" data-markerlon=\"-7.9810845\" data-markericon=\"\/wp-content\/uploads\/sites\/6\/2017\/11\/area_marker_7.png\" data-markericonhover=\"\" data-streetview=\"no\" data-fromview=\"\">\n            <article class=\"marker-itinerario\">\n\t<div class=\"entry-thumbnail\">\n      \n      \n      \t<img loading=\"lazy\" decoding=\"async\" width=\"1920\" height=\"1441\" src=\"https:\/\/static.tecnichenuove.it\/areaarch\/2023\/06\/b8f9eb29-f0a6-45ac-9472-b8b92f2a30c8.jpeg\" class=\"attachment-post-thumbnail size-post-thumbnail wp-post-image\" alt=\"\" srcset=\"https:\/\/static.tecnichenuove.it\/areaarch\/2023\/06\/b8f9eb29-f0a6-45ac-9472-b8b92f2a30c8.jpeg 1920w, https:\/\/static.tecnichenuove.it\/areaarch\/2023\/06\/b8f9eb29-f0a6-45ac-9472-b8b92f2a30c8-300x225.jpeg 300w, https:\/\/static.tecnichenuove.it\/areaarch\/2023\/06\/b8f9eb29-f0a6-45ac-9472-b8b92f2a30c8-1024x769.jpeg 1024w, https:\/\/static.tecnichenuove.it\/areaarch\/2023\/06\/b8f9eb29-f0a6-45ac-9472-b8b92f2a30c8-768x576.jpeg 768w, https:\/\/static.tecnichenuove.it\/areaarch\/2023\/06\/b8f9eb29-f0a6-45ac-9472-b8b92f2a30c8-1536x1153.jpeg 1536w, https:\/\/static.tecnichenuove.it\/areaarch\/2023\/06\/b8f9eb29-f0a6-45ac-9472-b8b92f2a30c8-80x60.jpeg 80w, https:\/\/static.tecnichenuove.it\/areaarch\/2023\/06\/b8f9eb29-f0a6-45ac-9472-b8b92f2a30c8-160x120.jpeg 160w, https:\/\/static.tecnichenuove.it\/areaarch\/2023\/06\/b8f9eb29-f0a6-45ac-9472-b8b92f2a30c8-265x198.jpeg 265w, https:\/\/static.tecnichenuove.it\/areaarch\/2023\/06\/b8f9eb29-f0a6-45ac-9472-b8b92f2a30c8-696x522.jpeg 696w, https:\/\/static.tecnichenuove.it\/areaarch\/2023\/06\/b8f9eb29-f0a6-45ac-9472-b8b92f2a30c8-1068x802.jpeg 1068w, https:\/\/static.tecnichenuove.it\/areaarch\/2023\/06\/b8f9eb29-f0a6-45ac-9472-b8b92f2a30c8-560x420.jpeg 560w\" sizes=\"auto, (max-width: 1920px) 100vw, 1920px\" \/>\n      \t<img decoding=\"async\" src=\"https:\/\/www.area-arch.it\/wp-content\/uploads\/sites\/6\/2023\/06\/b7ac48d1072c8d3f003e6dfefad10ff0-e1687953878117.jpeg\" class=\"attachment-post-thumbnail\" \/>\n      \n\t<\/div>\n  \t<div class=\"entry-column\">\n      <h3 class=\"entry-title td-module-title\">Selman Marrakech<\/h3>\n      <div class=\"td-excerpt\">\n            <div id=\"wpcf-field-tipology\" class=\"wpcf-field-select wpcf-field-tipology\"><span class=\"wpcf-field-name wpcf-field-select-name wpcf-field-tipology-name\">tipology:<\/span> <span class=\"wpcf-field-value wpcf-field-select-value wpcf-field-tipology-value\">hotel<\/span><\/div>\n            <div id=\"wpcf-field-architect\" class=\"wpcf-field-single-line wpcf-field-architect\"><span class=\"wpcf-field-name wpcf-field-single-line-name wpcf-field-architect-name\">architect:<\/span> <span class=\"wpcf-field-value wpcf-field-single-line-value wpcf-field-architect-value\">Jacques Garcia<\/span><\/div>\n            <div id=\"wpcf-field-realization\" class=\"wpcf-field-number wpcf-field-realization\"><span class=\"wpcf-field-name wpcf-field-number-name wpcf-field-realization-name\">realization:<\/span> <span class=\"wpcf-field-value wpcf-field-number-value wpcf-field-realization-value\">2018<\/span><\/div>\n            Marrakech, Marocco\n          <\/div>\n  <\/div>\n<\/article>\n          <\/div>\n            <h4><a href=\"#\" onclick=\"cimap();\" class=\"link-marker js-wpv-addon-maps-focus-map js-toolset-maps-hover-map-map-1-marker-marker-135567 js-toolset-maps-open-infowindow-map-map-1-marker-marker-135567\" data-map=\"map-1\" data-marker=\"marker-135567\">31. Selman Marrakech<\/a><\/h4>\n            <div id=\"wpcf-field-tipology\" class=\"wpcf-field-select wpcf-field-tipology\"><span class=\"wpcf-field-name wpcf-field-select-name wpcf-field-tipology-name\">tipology:<\/span> <span class=\"wpcf-field-value wpcf-field-select-value wpcf-field-tipology-value\">hotel<\/span><\/div> | <div id=\"wpcf-field-architect\" class=\"wpcf-field-single-line wpcf-field-architect\"><span class=\"wpcf-field-name wpcf-field-single-line-name wpcf-field-architect-name\">architect:<\/span> <span class=\"wpcf-field-value wpcf-field-single-line-value wpcf-field-architect-value\">Jacques Garcia<\/span><\/div> | <div id=\"wpcf-field-realization\" class=\"wpcf-field-number wpcf-field-realization\"><span class=\"wpcf-field-name wpcf-field-number-name wpcf-field-realization-name\">realization:<\/span> <span class=\"wpcf-field-value wpcf-field-number-value wpcf-field-realization-value\">2018<\/span><\/div>\n          <\/li>\n\t\t\n          <li>\n            \n          <div style=\"display:none\" class=\"wpv-addon-maps-marker js-wpv-addon-maps-marker js-wpv-addon-maps-marker-marker-135570 js-wpv-addon-maps-markerfor-map-1\" data-marker=\"marker-135570\" data-markertitle=\"Fobe Home\" data-markerfor=\"map-1\" data-markerlat=\"31.6294723\" data-markerlon=\"-7.9810845\" data-markericon=\"\/wp-content\/uploads\/sites\/6\/2017\/11\/area_marker_13.png\" data-markericonhover=\"\" data-streetview=\"no\" data-fromview=\"\">\n            <article class=\"marker-itinerario\">\n\t<div class=\"entry-thumbnail\">\n      \n      \n      \t<img loading=\"lazy\" decoding=\"async\" width=\"1920\" height=\"1501\" src=\"https:\/\/static.tecnichenuove.it\/areaarch\/2023\/06\/Schermata-2023-05-25-alle-18.02.52.jpg\" class=\"attachment-post-thumbnail size-post-thumbnail wp-post-image\" alt=\"\" srcset=\"https:\/\/static.tecnichenuove.it\/areaarch\/2023\/06\/Schermata-2023-05-25-alle-18.02.52.jpg 1920w, https:\/\/static.tecnichenuove.it\/areaarch\/2023\/06\/Schermata-2023-05-25-alle-18.02.52-300x235.jpg 300w, https:\/\/static.tecnichenuove.it\/areaarch\/2023\/06\/Schermata-2023-05-25-alle-18.02.52-1024x801.jpg 1024w, https:\/\/static.tecnichenuove.it\/areaarch\/2023\/06\/Schermata-2023-05-25-alle-18.02.52-768x600.jpg 768w, https:\/\/static.tecnichenuove.it\/areaarch\/2023\/06\/Schermata-2023-05-25-alle-18.02.52-1536x1201.jpg 1536w, https:\/\/static.tecnichenuove.it\/areaarch\/2023\/06\/Schermata-2023-05-25-alle-18.02.52-696x544.jpg 696w, https:\/\/static.tecnichenuove.it\/areaarch\/2023\/06\/Schermata-2023-05-25-alle-18.02.52-1068x835.jpg 1068w, https:\/\/static.tecnichenuove.it\/areaarch\/2023\/06\/Schermata-2023-05-25-alle-18.02.52-537x420.jpg 537w\" sizes=\"auto, (max-width: 1920px) 100vw, 1920px\" \/>\n      \t<img decoding=\"async\" src=\"https:\/\/www.area-arch.it\/wp-content\/uploads\/sites\/6\/2023\/06\/Schermata-2023-06-28-alle-14.06.24.jpg\" class=\"attachment-post-thumbnail\" \/>\n      \n\t<\/div>\n  \t<div class=\"entry-column\">\n      <h3 class=\"entry-title td-module-title\">Fobe Home<\/h3>\n      <div class=\"td-excerpt\">\n            <div id=\"wpcf-field-tipology\" class=\"wpcf-field-select wpcf-field-tipology\"><span class=\"wpcf-field-name wpcf-field-select-name wpcf-field-tipology-name\">tipology:<\/span> <span class=\"wpcf-field-value wpcf-field-select-value wpcf-field-tipology-value\">residential<\/span><\/div>\n            <div id=\"wpcf-field-architect\" class=\"wpcf-field-single-line wpcf-field-architect\"><span class=\"wpcf-field-name wpcf-field-single-line-name wpcf-field-architect-name\">architect:<\/span> <span class=\"wpcf-field-value wpcf-field-single-line-value wpcf-field-architect-value\">Guilhem Eustache<\/span><\/div>\n            <div id=\"wpcf-field-realization\" class=\"wpcf-field-number wpcf-field-realization\"><span class=\"wpcf-field-name wpcf-field-number-name wpcf-field-realization-name\">realization:<\/span> <span class=\"wpcf-field-value wpcf-field-number-value wpcf-field-realization-value\">2007<\/span><\/div>\n            Marrakech, Marocco\n          <\/div>\n  <\/div>\n<\/article>\n          <\/div>\n            <h4><a href=\"#\" onclick=\"cimap();\" class=\"link-marker js-wpv-addon-maps-focus-map js-toolset-maps-hover-map-map-1-marker-marker-135570 js-toolset-maps-open-infowindow-map-map-1-marker-marker-135570\" data-map=\"map-1\" data-marker=\"marker-135570\">32. Fobe Home<\/a><\/h4>\n            <div id=\"wpcf-field-tipology\" class=\"wpcf-field-select wpcf-field-tipology\"><span class=\"wpcf-field-name wpcf-field-select-name wpcf-field-tipology-name\">tipology:<\/span> <span class=\"wpcf-field-value wpcf-field-select-value wpcf-field-tipology-value\">residential<\/span><\/div> | <div id=\"wpcf-field-architect\" class=\"wpcf-field-single-line wpcf-field-architect\"><span class=\"wpcf-field-name wpcf-field-single-line-name wpcf-field-architect-name\">architect:<\/span> <span class=\"wpcf-field-value wpcf-field-single-line-value wpcf-field-architect-value\">Guilhem Eustache<\/span><\/div> | <div id=\"wpcf-field-realization\" class=\"wpcf-field-number wpcf-field-realization\"><span class=\"wpcf-field-name wpcf-field-number-name wpcf-field-realization-name\">realization:<\/span> <span class=\"wpcf-field-value wpcf-field-number-value wpcf-field-realization-value\">2007<\/span><\/div>\n          <\/li>\n\t\t\n          <li>\n            \n          <div style=\"display:none\" class=\"wpv-addon-maps-marker js-wpv-addon-maps-marker js-wpv-addon-maps-marker-marker-135573 js-wpv-addon-maps-markerfor-map-1\" data-marker=\"marker-135573\" data-markertitle=\"Villa T\" data-markerfor=\"map-1\" data-markerlat=\"31.6294723\" data-markerlon=\"-7.9810845\" data-markericon=\"\/wp-content\/uploads\/sites\/6\/2017\/11\/area_marker_13.png\" data-markericonhover=\"\" data-streetview=\"no\" data-fromview=\"\">\n            <article class=\"marker-itinerario\">\n\t<div class=\"entry-thumbnail\">\n      \n      \t<img loading=\"lazy\" decoding=\"async\" width=\"300\" height=\"200\" src=\"https:\/\/static.tecnichenuove.it\/areaarch\/2023\/06\/IMG_2125-1-ok-300x200.jpg\" class=\"attachment-medium size-medium wp-post-image\" alt=\"\" srcset=\"https:\/\/static.tecnichenuove.it\/areaarch\/2023\/06\/IMG_2125-1-ok-300x200.jpg 300w, https:\/\/static.tecnichenuove.it\/areaarch\/2023\/06\/IMG_2125-1-ok-150x100.jpg 150w, https:\/\/static.tecnichenuove.it\/areaarch\/2023\/06\/IMG_2125-1-ok-768x512.jpg 768w, https:\/\/static.tecnichenuove.it\/areaarch\/2023\/06\/IMG_2125-1-ok-696x464.jpg 696w, https:\/\/static.tecnichenuove.it\/areaarch\/2023\/06\/IMG_2125-1-ok-630x420.jpg 630w, https:\/\/static.tecnichenuove.it\/areaarch\/2023\/06\/IMG_2125-1-ok.jpg 1000w\" sizes=\"auto, (max-width: 300px) 100vw, 300px\" \/>\n      \n      \n\t<\/div>\n  \t<div class=\"entry-column\">\n      <h3 class=\"entry-title td-module-title\">Villa T<\/h3>\n      <div class=\"td-excerpt\">\n            <div id=\"wpcf-field-tipology\" class=\"wpcf-field-select wpcf-field-tipology\"><span class=\"wpcf-field-name wpcf-field-select-name wpcf-field-tipology-name\">tipology:<\/span> <span class=\"wpcf-field-value wpcf-field-select-value wpcf-field-tipology-value\">residential<\/span><\/div>\n            <div id=\"wpcf-field-architect\" class=\"wpcf-field-single-line wpcf-field-architect\"><span class=\"wpcf-field-name wpcf-field-single-line-name wpcf-field-architect-name\">architect:<\/span> <span class=\"wpcf-field-value wpcf-field-single-line-value wpcf-field-architect-value\">Studio Beja Pujol<\/span><\/div>\n            <div id=\"wpcf-field-realization\" class=\"wpcf-field-number wpcf-field-realization\"><span class=\"wpcf-field-name wpcf-field-number-name wpcf-field-realization-name\">realization:<\/span> <span class=\"wpcf-field-value wpcf-field-number-value wpcf-field-realization-value\">2012<\/span><\/div>\n            Marrakech, Marocco\n          <\/div>\n  <\/div>\n<\/article>\n          <\/div>\n            <h4><a href=\"#\" onclick=\"cimap();\" class=\"link-marker js-wpv-addon-maps-focus-map js-toolset-maps-hover-map-map-1-marker-marker-135573 js-toolset-maps-open-infowindow-map-map-1-marker-marker-135573\" data-map=\"map-1\" data-marker=\"marker-135573\">33. Villa T<\/a><\/h4>\n            <div id=\"wpcf-field-tipology\" class=\"wpcf-field-select wpcf-field-tipology\"><span class=\"wpcf-field-name wpcf-field-select-name wpcf-field-tipology-name\">tipology:<\/span> <span class=\"wpcf-field-value wpcf-field-select-value wpcf-field-tipology-value\">residential<\/span><\/div> | <div id=\"wpcf-field-architect\" class=\"wpcf-field-single-line wpcf-field-architect\"><span class=\"wpcf-field-name wpcf-field-single-line-name wpcf-field-architect-name\">architect:<\/span> <span class=\"wpcf-field-value wpcf-field-single-line-value wpcf-field-architect-value\">Studio Beja Pujol<\/span><\/div> | <div id=\"wpcf-field-realization\" class=\"wpcf-field-number wpcf-field-realization\"><span class=\"wpcf-field-name wpcf-field-number-name wpcf-field-realization-name\">realization:<\/span> <span class=\"wpcf-field-value wpcf-field-number-value wpcf-field-realization-value\">2012<\/span><\/div>\n          <\/li>\n\t\t\n          <li>\n            \n          <div style=\"display:none\" class=\"wpv-addon-maps-marker js-wpv-addon-maps-marker js-wpv-addon-maps-marker-marker-135575 js-wpv-addon-maps-markerfor-map-1\" data-marker=\"marker-135575\" data-markertitle=\"Villa K\" data-markerfor=\"map-1\" data-markerlat=\"31.6294723\" data-markerlon=\"-7.9810845\" data-markericon=\"\/wp-content\/uploads\/sites\/6\/2017\/11\/area_marker_13.png\" data-markericonhover=\"\" data-streetview=\"no\" data-fromview=\"\">\n            <article class=\"marker-itinerario\">\n\t<div class=\"entry-thumbnail\">\n      \n      \n      \t<img loading=\"lazy\" decoding=\"async\" width=\"1000\" height=\"813\" src=\"https:\/\/static.tecnichenuove.it\/areaarch\/2023\/06\/villa-k_studio-ko-0112.jpg\" class=\"attachment-post-thumbnail size-post-thumbnail wp-post-image\" alt=\"\" srcset=\"https:\/\/static.tecnichenuove.it\/areaarch\/2023\/06\/villa-k_studio-ko-0112.jpg 1000w, https:\/\/static.tecnichenuove.it\/areaarch\/2023\/06\/villa-k_studio-ko-0112-300x244.jpg 300w, https:\/\/static.tecnichenuove.it\/areaarch\/2023\/06\/villa-k_studio-ko-0112-768x624.jpg 768w, https:\/\/static.tecnichenuove.it\/areaarch\/2023\/06\/villa-k_studio-ko-0112-696x566.jpg 696w, https:\/\/static.tecnichenuove.it\/areaarch\/2023\/06\/villa-k_studio-ko-0112-517x420.jpg 517w\" sizes=\"auto, (max-width: 1000px) 100vw, 1000px\" \/>\n      \t<img decoding=\"async\" src=\"https:\/\/www.area-arch.it\/wp-content\/uploads\/sites\/6\/2023\/06\/villa-k_studio-ko-plan.jpg\" class=\"attachment-post-thumbnail\" \/>\n      \n\t<\/div>\n  \t<div class=\"entry-column\">\n      <h3 class=\"entry-title td-module-title\">Villa K<\/h3>\n      <div class=\"td-excerpt\">\n            <div id=\"wpcf-field-tipology\" class=\"wpcf-field-select wpcf-field-tipology\"><span class=\"wpcf-field-name wpcf-field-select-name wpcf-field-tipology-name\">tipology:<\/span> <span class=\"wpcf-field-value wpcf-field-select-value wpcf-field-tipology-value\">residential<\/span><\/div>\n            <div id=\"wpcf-field-architect\" class=\"wpcf-field-single-line wpcf-field-architect\"><span class=\"wpcf-field-name wpcf-field-single-line-name wpcf-field-architect-name\">architect:<\/span> <span class=\"wpcf-field-value wpcf-field-single-line-value wpcf-field-architect-value\">Studio KO<\/span><\/div>\n            <div id=\"wpcf-field-realization\" class=\"wpcf-field-number wpcf-field-realization\"><span class=\"wpcf-field-name wpcf-field-number-name wpcf-field-realization-name\">realization:<\/span> <span class=\"wpcf-field-value wpcf-field-number-value wpcf-field-realization-value\">2016<\/span><\/div>\n            Marrakech, Marocco\n          <\/div>\n  <\/div>\n<\/article>\n          <\/div>\n            <h4><a href=\"#\" onclick=\"cimap();\" class=\"link-marker js-wpv-addon-maps-focus-map js-toolset-maps-hover-map-map-1-marker-marker-135575 js-toolset-maps-open-infowindow-map-map-1-marker-marker-135575\" data-map=\"map-1\" data-marker=\"marker-135575\">34. Villa K<\/a><\/h4>\n            <div id=\"wpcf-field-tipology\" class=\"wpcf-field-select wpcf-field-tipology\"><span class=\"wpcf-field-name wpcf-field-select-name wpcf-field-tipology-name\">tipology:<\/span> <span class=\"wpcf-field-value wpcf-field-select-value wpcf-field-tipology-value\">residential<\/span><\/div> | <div id=\"wpcf-field-architect\" class=\"wpcf-field-single-line wpcf-field-architect\"><span class=\"wpcf-field-name wpcf-field-single-line-name wpcf-field-architect-name\">architect:<\/span> <span class=\"wpcf-field-value wpcf-field-single-line-value wpcf-field-architect-value\">Studio KO<\/span><\/div> | <div id=\"wpcf-field-realization\" class=\"wpcf-field-number wpcf-field-realization\"><span class=\"wpcf-field-name wpcf-field-number-name wpcf-field-realization-name\">realization:<\/span> <span class=\"wpcf-field-value wpcf-field-number-value wpcf-field-realization-value\">2016<\/span><\/div>\n          <\/li>\n\t\t\n          <li>\n            \n          <div style=\"display:none\" class=\"wpv-addon-maps-marker js-wpv-addon-maps-marker js-wpv-addon-maps-marker-marker-135578 js-wpv-addon-maps-markerfor-map-1\" data-marker=\"marker-135578\" data-markertitle=\"Anima Garden\" data-markerfor=\"map-1\" data-markerlat=\"31.6591532\" data-markerlon=\"-8.0216329\" data-markericon=\"\/wp-content\/uploads\/sites\/6\/2017\/11\/area_marker_10.png\" data-markericonhover=\"\" data-streetview=\"no\" data-fromview=\"\">\n            <article class=\"marker-itinerario\">\n\t<div class=\"entry-thumbnail\">\n      \n      \t<img loading=\"lazy\" decoding=\"async\" width=\"300\" height=\"200\" src=\"https:\/\/static.tecnichenuove.it\/areaarch\/2023\/06\/06-ANIMA-%C2%A9-Stefan-Liewehr-1-1024x683-1-300x200.jpeg\" class=\"attachment-medium size-medium wp-post-image\" alt=\"\" srcset=\"https:\/\/static.tecnichenuove.it\/areaarch\/2023\/06\/06-ANIMA-%C2%A9-Stefan-Liewehr-1-1024x683-1-300x200.jpeg 300w, https:\/\/static.tecnichenuove.it\/areaarch\/2023\/06\/06-ANIMA-%C2%A9-Stefan-Liewehr-1-1024x683-1-150x100.jpeg 150w, https:\/\/static.tecnichenuove.it\/areaarch\/2023\/06\/06-ANIMA-%C2%A9-Stefan-Liewehr-1-1024x683-1-768x512.jpeg 768w, https:\/\/static.tecnichenuove.it\/areaarch\/2023\/06\/06-ANIMA-%C2%A9-Stefan-Liewehr-1-1024x683-1-696x464.jpeg 696w, https:\/\/static.tecnichenuove.it\/areaarch\/2023\/06\/06-ANIMA-%C2%A9-Stefan-Liewehr-1-1024x683-1-630x420.jpeg 630w, https:\/\/static.tecnichenuove.it\/areaarch\/2023\/06\/06-ANIMA-%C2%A9-Stefan-Liewehr-1-1024x683-1.jpeg 1024w\" sizes=\"auto, (max-width: 300px) 100vw, 300px\" \/>\n      \n      \n\t<\/div>\n  \t<div class=\"entry-column\">\n      <h3 class=\"entry-title td-module-title\">Anima Garden<\/h3>\n      <div class=\"td-excerpt\">\n            <div id=\"wpcf-field-tipology\" class=\"wpcf-field-select wpcf-field-tipology\"><span class=\"wpcf-field-name wpcf-field-select-name wpcf-field-tipology-name\">tipology:<\/span> <span class=\"wpcf-field-value wpcf-field-select-value wpcf-field-tipology-value\">museum<\/span><\/div>\n            <div id=\"wpcf-field-architect\" class=\"wpcf-field-single-line wpcf-field-architect\"><span class=\"wpcf-field-name wpcf-field-single-line-name wpcf-field-architect-name\">architect:<\/span> <span class=\"wpcf-field-value wpcf-field-single-line-value wpcf-field-architect-value\">Andr\u00e9 Heller<\/span><\/div>\n            <div id=\"wpcf-field-realization\" class=\"wpcf-field-number wpcf-field-realization\"><span class=\"wpcf-field-name wpcf-field-number-name wpcf-field-realization-name\">realization:<\/span> <span class=\"wpcf-field-value wpcf-field-number-value wpcf-field-realization-value\">2009<\/span><\/div>\n            Jnane Awrad, Marrakech, Marocco\n          <\/div>\n  <\/div>\n<\/article>\n          <\/div>\n            <h4><a href=\"#\" onclick=\"cimap();\" class=\"link-marker js-wpv-addon-maps-focus-map js-toolset-maps-hover-map-map-1-marker-marker-135578 js-toolset-maps-open-infowindow-map-map-1-marker-marker-135578\" data-map=\"map-1\" data-marker=\"marker-135578\">35. Anima Garden<\/a><\/h4>\n            <div id=\"wpcf-field-tipology\" class=\"wpcf-field-select wpcf-field-tipology\"><span class=\"wpcf-field-name wpcf-field-select-name wpcf-field-tipology-name\">tipology:<\/span> <span class=\"wpcf-field-value wpcf-field-select-value wpcf-field-tipology-value\">museum<\/span><\/div> | <div id=\"wpcf-field-architect\" class=\"wpcf-field-single-line wpcf-field-architect\"><span class=\"wpcf-field-name wpcf-field-single-line-name wpcf-field-architect-name\">architect:<\/span> <span class=\"wpcf-field-value wpcf-field-single-line-value wpcf-field-architect-value\">Andr\u00e9 Heller<\/span><\/div> | <div id=\"wpcf-field-realization\" class=\"wpcf-field-number wpcf-field-realization\"><span class=\"wpcf-field-name wpcf-field-number-name wpcf-field-realization-name\">realization:<\/span> <span class=\"wpcf-field-value wpcf-field-number-value wpcf-field-realization-value\">2009<\/span><\/div>\n          <\/li>\n\t\t\n          <li>\n            \n          <div style=\"display:none\" class=\"wpv-addon-maps-marker js-wpv-addon-maps-marker js-wpv-addon-maps-marker-marker-135581 js-wpv-addon-maps-markerfor-map-1\" data-marker=\"marker-135581\" data-markertitle=\"Villa L&#8217;Ourika\" data-markerfor=\"map-1\" data-markerlat=\"31.6294723\" data-markerlon=\"-7.9810845\" data-markericon=\"\/wp-content\/uploads\/sites\/6\/2017\/11\/area_marker_13.png\" data-markericonhover=\"\" data-streetview=\"no\" data-fromview=\"\">\n            <article class=\"marker-itinerario\">\n\t<div class=\"entry-thumbnail\">\n      \n      \t<img loading=\"lazy\" decoding=\"async\" width=\"300\" height=\"204\" src=\"https:\/\/static.tecnichenuove.it\/areaarch\/2023\/06\/971329_615213335178435_1532958390_n-300x204.jpg\" class=\"attachment-medium size-medium wp-post-image\" alt=\"\" srcset=\"https:\/\/static.tecnichenuove.it\/areaarch\/2023\/06\/971329_615213335178435_1532958390_n-300x204.jpg 300w, https:\/\/static.tecnichenuove.it\/areaarch\/2023\/06\/971329_615213335178435_1532958390_n-617x420.jpg 617w, https:\/\/static.tecnichenuove.it\/areaarch\/2023\/06\/971329_615213335178435_1532958390_n.jpg 646w\" sizes=\"auto, (max-width: 300px) 100vw, 300px\" \/>\n      \n      \n\t<\/div>\n  \t<div class=\"entry-column\">\n      <h3 class=\"entry-title td-module-title\">Villa L&#8217;Ourika<\/h3>\n      <div class=\"td-excerpt\">\n            <div id=\"wpcf-field-tipology\" class=\"wpcf-field-select wpcf-field-tipology\"><span class=\"wpcf-field-name wpcf-field-select-name wpcf-field-tipology-name\">tipology:<\/span> <span class=\"wpcf-field-value wpcf-field-select-value wpcf-field-tipology-value\">residential<\/span><\/div>\n            <div id=\"wpcf-field-architect\" class=\"wpcf-field-single-line wpcf-field-architect\"><span class=\"wpcf-field-name wpcf-field-single-line-name wpcf-field-architect-name\">architect:<\/span> <span class=\"wpcf-field-value wpcf-field-single-line-value wpcf-field-architect-value\">Imaad Rahmouni<\/span><\/div>\n            <div id=\"wpcf-field-realization\" class=\"wpcf-field-number wpcf-field-realization\"><span class=\"wpcf-field-name wpcf-field-number-name wpcf-field-realization-name\">realization:<\/span> <span class=\"wpcf-field-value wpcf-field-number-value wpcf-field-realization-value\">2013<\/span><\/div>\n            Marrakech, Marocco\n          <\/div>\n  <\/div>\n<\/article>\n          <\/div>\n            <h4><a href=\"#\" onclick=\"cimap();\" class=\"link-marker js-wpv-addon-maps-focus-map js-toolset-maps-hover-map-map-1-marker-marker-135581 js-toolset-maps-open-infowindow-map-map-1-marker-marker-135581\" data-map=\"map-1\" data-marker=\"marker-135581\">36. Villa L&#8217;Ourika<\/a><\/h4>\n            <div id=\"wpcf-field-tipology\" class=\"wpcf-field-select wpcf-field-tipology\"><span class=\"wpcf-field-name wpcf-field-select-name wpcf-field-tipology-name\">tipology:<\/span> <span class=\"wpcf-field-value wpcf-field-select-value wpcf-field-tipology-value\">residential<\/span><\/div> | <div id=\"wpcf-field-architect\" class=\"wpcf-field-single-line wpcf-field-architect\"><span class=\"wpcf-field-name wpcf-field-single-line-name wpcf-field-architect-name\">architect:<\/span> <span class=\"wpcf-field-value wpcf-field-single-line-value wpcf-field-architect-value\">Imaad Rahmouni<\/span><\/div> | <div id=\"wpcf-field-realization\" class=\"wpcf-field-number wpcf-field-realization\"><span class=\"wpcf-field-name wpcf-field-number-name wpcf-field-realization-name\">realization:<\/span> <span class=\"wpcf-field-value wpcf-field-number-value wpcf-field-realization-value\">2013<\/span><\/div>\n          <\/li>\n\t\t\n          <li>\n            \n          <div style=\"display:none\" class=\"wpv-addon-maps-marker js-wpv-addon-maps-marker js-wpv-addon-maps-marker-marker-135582 js-wpv-addon-maps-markerfor-map-1\" data-marker=\"marker-135582\" data-markertitle=\"Villa E\" data-markerfor=\"map-1\" data-markerlat=\"31.6294723\" data-markerlon=\"-7.9810845\" data-markericon=\"\/wp-content\/uploads\/sites\/6\/2017\/11\/area_marker_13.png\" data-markericonhover=\"\" data-streetview=\"no\" data-fromview=\"\">\n            <article class=\"marker-itinerario\">\n\t<div class=\"entry-thumbnail\">\n      \n      \t<img loading=\"lazy\" decoding=\"async\" width=\"300\" height=\"169\" src=\"https:\/\/static.tecnichenuove.it\/areaarch\/2023\/06\/MAG17-SEPT-MARRAKECH-MARTIEN-MULDER-300x169.jpg\" class=\"attachment-medium size-medium wp-post-image\" alt=\"\" srcset=\"https:\/\/static.tecnichenuove.it\/areaarch\/2023\/06\/MAG17-SEPT-MARRAKECH-MARTIEN-MULDER-300x169.jpg 300w, https:\/\/static.tecnichenuove.it\/areaarch\/2023\/06\/MAG17-SEPT-MARRAKECH-MARTIEN-MULDER-1024x576.jpg 1024w, https:\/\/static.tecnichenuove.it\/areaarch\/2023\/06\/MAG17-SEPT-MARRAKECH-MARTIEN-MULDER-768x432.jpg 768w, https:\/\/static.tecnichenuove.it\/areaarch\/2023\/06\/MAG17-SEPT-MARRAKECH-MARTIEN-MULDER-1536x864.jpg 1536w, https:\/\/static.tecnichenuove.it\/areaarch\/2023\/06\/MAG17-SEPT-MARRAKECH-MARTIEN-MULDER-696x392.jpg 696w, https:\/\/static.tecnichenuove.it\/areaarch\/2023\/06\/MAG17-SEPT-MARRAKECH-MARTIEN-MULDER-1068x601.jpg 1068w, https:\/\/static.tecnichenuove.it\/areaarch\/2023\/06\/MAG17-SEPT-MARRAKECH-MARTIEN-MULDER-747x420.jpg 747w, https:\/\/static.tecnichenuove.it\/areaarch\/2023\/06\/MAG17-SEPT-MARRAKECH-MARTIEN-MULDER.jpg 1920w\" sizes=\"auto, (max-width: 300px) 100vw, 300px\" \/>\n      \n      \n\t<\/div>\n  \t<div class=\"entry-column\">\n      <h3 class=\"entry-title td-module-title\">Villa E<\/h3>\n      <div class=\"td-excerpt\">\n            <div id=\"wpcf-field-tipology\" class=\"wpcf-field-select wpcf-field-tipology\"><span class=\"wpcf-field-name wpcf-field-select-name wpcf-field-tipology-name\">tipology:<\/span> <span class=\"wpcf-field-value wpcf-field-select-value wpcf-field-tipology-value\">residential<\/span><\/div>\n            <div id=\"wpcf-field-architect\" class=\"wpcf-field-single-line wpcf-field-architect\"><span class=\"wpcf-field-name wpcf-field-single-line-name wpcf-field-architect-name\">architect:<\/span> <span class=\"wpcf-field-value wpcf-field-single-line-value wpcf-field-architect-value\">Studio KO<\/span><\/div>\n            <div id=\"wpcf-field-realization\" class=\"wpcf-field-number wpcf-field-realization\"><span class=\"wpcf-field-name wpcf-field-number-name wpcf-field-realization-name\">realization:<\/span> <span class=\"wpcf-field-value wpcf-field-number-value wpcf-field-realization-value\">2013<\/span><\/div>\n            Marrakech, Marocco\n          <\/div>\n  <\/div>\n<\/article>\n          <\/div>\n            <h4><a href=\"#\" onclick=\"cimap();\" class=\"link-marker js-wpv-addon-maps-focus-map js-toolset-maps-hover-map-map-1-marker-marker-135582 js-toolset-maps-open-infowindow-map-map-1-marker-marker-135582\" data-map=\"map-1\" data-marker=\"marker-135582\">37. Villa E<\/a><\/h4>\n            <div id=\"wpcf-field-tipology\" class=\"wpcf-field-select wpcf-field-tipology\"><span class=\"wpcf-field-name wpcf-field-select-name wpcf-field-tipology-name\">tipology:<\/span> <span class=\"wpcf-field-value wpcf-field-select-value wpcf-field-tipology-value\">residential<\/span><\/div> | <div id=\"wpcf-field-architect\" class=\"wpcf-field-single-line wpcf-field-architect\"><span class=\"wpcf-field-name wpcf-field-single-line-name wpcf-field-architect-name\">architect:<\/span> <span class=\"wpcf-field-value wpcf-field-single-line-value wpcf-field-architect-value\">Studio KO<\/span><\/div> | <div id=\"wpcf-field-realization\" class=\"wpcf-field-number wpcf-field-realization\"><span class=\"wpcf-field-name wpcf-field-number-name wpcf-field-realization-name\">realization:<\/span> <span class=\"wpcf-field-value wpcf-field-number-value wpcf-field-realization-value\">2013<\/span><\/div>\n          <\/li>\n\t\t\n          <li>\n            \n          <div style=\"display:none\" class=\"wpv-addon-maps-marker js-wpv-addon-maps-marker js-wpv-addon-maps-marker-marker-135584 js-wpv-addon-maps-markerfor-map-1\" data-marker=\"marker-135584\" data-markertitle=\"Montresso* Art Fondation\" data-markerfor=\"map-1\" data-markerlat=\"31.6591532\" data-markerlon=\"-8.0216329\" data-markericon=\"\/wp-content\/uploads\/sites\/6\/2017\/11\/area_marker_10.png\" data-markericonhover=\"\" data-streetview=\"no\" data-fromview=\"\">\n            <article class=\"marker-itinerario\">\n\t<div class=\"entry-thumbnail\">\n      \n      \n      \t<img loading=\"lazy\" decoding=\"async\" width=\"1300\" height=\"983\" src=\"https:\/\/static.tecnichenuove.it\/areaarch\/2023\/06\/Montresso-Art-Foundation.-Jardin-rouge-agosto-2018.-Photo-%C2%A9-Cyril-Boixel.jpg\" class=\"attachment-post-thumbnail size-post-thumbnail wp-post-image\" alt=\"\" srcset=\"https:\/\/static.tecnichenuove.it\/areaarch\/2023\/06\/Montresso-Art-Foundation.-Jardin-rouge-agosto-2018.-Photo-%C2%A9-Cyril-Boixel.jpg 1300w, https:\/\/static.tecnichenuove.it\/areaarch\/2023\/06\/Montresso-Art-Foundation.-Jardin-rouge-agosto-2018.-Photo-%C2%A9-Cyril-Boixel-300x227.jpg 300w, https:\/\/static.tecnichenuove.it\/areaarch\/2023\/06\/Montresso-Art-Foundation.-Jardin-rouge-agosto-2018.-Photo-%C2%A9-Cyril-Boixel-1024x774.jpg 1024w, https:\/\/static.tecnichenuove.it\/areaarch\/2023\/06\/Montresso-Art-Foundation.-Jardin-rouge-agosto-2018.-Photo-%C2%A9-Cyril-Boixel-768x581.jpg 768w, https:\/\/static.tecnichenuove.it\/areaarch\/2023\/06\/Montresso-Art-Foundation.-Jardin-rouge-agosto-2018.-Photo-%C2%A9-Cyril-Boixel-80x60.jpg 80w, https:\/\/static.tecnichenuove.it\/areaarch\/2023\/06\/Montresso-Art-Foundation.-Jardin-rouge-agosto-2018.-Photo-%C2%A9-Cyril-Boixel-160x120.jpg 160w, https:\/\/static.tecnichenuove.it\/areaarch\/2023\/06\/Montresso-Art-Foundation.-Jardin-rouge-agosto-2018.-Photo-%C2%A9-Cyril-Boixel-696x526.jpg 696w, https:\/\/static.tecnichenuove.it\/areaarch\/2023\/06\/Montresso-Art-Foundation.-Jardin-rouge-agosto-2018.-Photo-%C2%A9-Cyril-Boixel-1068x808.jpg 1068w, https:\/\/static.tecnichenuove.it\/areaarch\/2023\/06\/Montresso-Art-Foundation.-Jardin-rouge-agosto-2018.-Photo-%C2%A9-Cyril-Boixel-555x420.jpg 555w\" sizes=\"auto, (max-width: 1300px) 100vw, 1300px\" \/>\n      \t<img decoding=\"async\" src=\"https:\/\/www.area-arch.it\/wp-content\/uploads\/sites\/6\/2023\/06\/Schermata-2023-05-25-alle-15.12.49.jpg\" class=\"attachment-post-thumbnail\" \/>\n      \n\t<\/div>\n  \t<div class=\"entry-column\">\n      <h3 class=\"entry-title td-module-title\">Montresso* Art Fondation<\/h3>\n      <div class=\"td-excerpt\">\n            <div id=\"wpcf-field-tipology\" class=\"wpcf-field-select wpcf-field-tipology\"><span class=\"wpcf-field-name wpcf-field-select-name wpcf-field-tipology-name\">tipology:<\/span> <span class=\"wpcf-field-value wpcf-field-select-value wpcf-field-tipology-value\">museum<\/span><\/div>\n            <div id=\"wpcf-field-architect\" class=\"wpcf-field-single-line wpcf-field-architect\"><span class=\"wpcf-field-name wpcf-field-single-line-name wpcf-field-architect-name\">architect:<\/span> <span class=\"wpcf-field-value wpcf-field-single-line-value wpcf-field-architect-value\">Virginia Rossello (extension)<\/span><\/div>\n            <div id=\"wpcf-field-realization\" class=\"wpcf-field-number wpcf-field-realization\"><span class=\"wpcf-field-name wpcf-field-number-name wpcf-field-realization-name\">realization:<\/span> <span class=\"wpcf-field-value wpcf-field-number-value wpcf-field-realization-value\">2009<\/span><\/div>\n            Jnane Awrad, Marrakech, Marocco\n          <\/div>\n  <\/div>\n<\/article>\n          <\/div>\n            <h4><a href=\"#\" onclick=\"cimap();\" class=\"link-marker js-wpv-addon-maps-focus-map js-toolset-maps-hover-map-map-1-marker-marker-135584 js-toolset-maps-open-infowindow-map-map-1-marker-marker-135584\" data-map=\"map-1\" data-marker=\"marker-135584\">38. Montresso* Art Fondation<\/a><\/h4>\n            <div id=\"wpcf-field-tipology\" class=\"wpcf-field-select wpcf-field-tipology\"><span class=\"wpcf-field-name wpcf-field-select-name wpcf-field-tipology-name\">tipology:<\/span> <span class=\"wpcf-field-value wpcf-field-select-value wpcf-field-tipology-value\">museum<\/span><\/div> | <div id=\"wpcf-field-architect\" class=\"wpcf-field-single-line wpcf-field-architect\"><span class=\"wpcf-field-name wpcf-field-single-line-name wpcf-field-architect-name\">architect:<\/span> <span class=\"wpcf-field-value wpcf-field-single-line-value wpcf-field-architect-value\">Virginia Rossello (extension)<\/span><\/div> | <div id=\"wpcf-field-realization\" class=\"wpcf-field-number wpcf-field-realization\"><span class=\"wpcf-field-name wpcf-field-number-name wpcf-field-realization-name\">realization:<\/span> <span class=\"wpcf-field-value wpcf-field-number-value wpcf-field-realization-value\">2009<\/span><\/div>\n          <\/li>\n\t\t\n          <li>\n            \n          <div style=\"display:none\" class=\"wpv-addon-maps-marker js-wpv-addon-maps-marker js-wpv-addon-maps-marker-marker-135587 js-wpv-addon-maps-markerfor-map-1\" data-marker=\"marker-135587\" data-markertitle=\"Palais Namaskar\" data-markerfor=\"map-1\" data-markerlat=\"31.6453375\" data-markerlon=\"-7.8868281\" data-markericon=\"\/wp-content\/uploads\/sites\/6\/2017\/11\/area_marker_7.png\" data-markericonhover=\"\" data-streetview=\"no\" data-fromview=\"\">\n            <article class=\"marker-itinerario\">\n\t<div class=\"entry-thumbnail\">\n      \n      \n      \t<img loading=\"lazy\" decoding=\"async\" width=\"1920\" height=\"1277\" src=\"https:\/\/static.tecnichenuove.it\/areaarch\/2023\/06\/PALAIS_NAMASKAR_MARRAKECH.jpeg\" class=\"attachment-post-thumbnail size-post-thumbnail wp-post-image\" alt=\"\" srcset=\"https:\/\/static.tecnichenuove.it\/areaarch\/2023\/06\/PALAIS_NAMASKAR_MARRAKECH.jpeg 1920w, https:\/\/static.tecnichenuove.it\/areaarch\/2023\/06\/PALAIS_NAMASKAR_MARRAKECH-300x200.jpeg 300w, https:\/\/static.tecnichenuove.it\/areaarch\/2023\/06\/PALAIS_NAMASKAR_MARRAKECH-1024x681.jpeg 1024w, https:\/\/static.tecnichenuove.it\/areaarch\/2023\/06\/PALAIS_NAMASKAR_MARRAKECH-150x100.jpeg 150w, https:\/\/static.tecnichenuove.it\/areaarch\/2023\/06\/PALAIS_NAMASKAR_MARRAKECH-768x511.jpeg 768w, https:\/\/static.tecnichenuove.it\/areaarch\/2023\/06\/PALAIS_NAMASKAR_MARRAKECH-1536x1022.jpeg 1536w, https:\/\/static.tecnichenuove.it\/areaarch\/2023\/06\/PALAIS_NAMASKAR_MARRAKECH-696x463.jpeg 696w, https:\/\/static.tecnichenuove.it\/areaarch\/2023\/06\/PALAIS_NAMASKAR_MARRAKECH-1068x710.jpeg 1068w, https:\/\/static.tecnichenuove.it\/areaarch\/2023\/06\/PALAIS_NAMASKAR_MARRAKECH-631x420.jpeg 631w\" sizes=\"auto, (max-width: 1920px) 100vw, 1920px\" \/>\n      \t<img decoding=\"async\" src=\"https:\/\/www.area-arch.it\/wp-content\/uploads\/sites\/6\/2023\/06\/Schermata-2023-05-27-alle-15.12.44.jpg\" class=\"attachment-post-thumbnail\" \/>\n      \n\t<\/div>\n  \t<div class=\"entry-column\">\n      <h3 class=\"entry-title td-module-title\">Palais Namaskar<\/h3>\n      <div class=\"td-excerpt\">\n            <div id=\"wpcf-field-tipology\" class=\"wpcf-field-select wpcf-field-tipology\"><span class=\"wpcf-field-name wpcf-field-select-name wpcf-field-tipology-name\">tipology:<\/span> <span class=\"wpcf-field-value wpcf-field-select-value wpcf-field-tipology-value\">hotel<\/span><\/div>\n            <div id=\"wpcf-field-architect\" class=\"wpcf-field-single-line wpcf-field-architect\"><span class=\"wpcf-field-name wpcf-field-single-line-name wpcf-field-architect-name\">architect:<\/span> <span class=\"wpcf-field-value wpcf-field-single-line-value wpcf-field-architect-value\">Imaad Rahmouni<\/span><\/div>\n            <div id=\"wpcf-field-realization\" class=\"wpcf-field-number wpcf-field-realization\"><span class=\"wpcf-field-name wpcf-field-number-name wpcf-field-realization-name\">realization:<\/span> <span class=\"wpcf-field-value wpcf-field-number-value wpcf-field-realization-value\">2012<\/span><\/div>\n            J4W7+47M, Marrakech 40000, Marocco\n          <\/div>\n  <\/div>\n<\/article>\n          <\/div>\n            <h4><a href=\"#\" onclick=\"cimap();\" class=\"link-marker js-wpv-addon-maps-focus-map js-toolset-maps-hover-map-map-1-marker-marker-135587 js-toolset-maps-open-infowindow-map-map-1-marker-marker-135587\" data-map=\"map-1\" data-marker=\"marker-135587\">39. Palais Namaskar<\/a><\/h4>\n            <div id=\"wpcf-field-tipology\" class=\"wpcf-field-select wpcf-field-tipology\"><span class=\"wpcf-field-name wpcf-field-select-name wpcf-field-tipology-name\">tipology:<\/span> <span class=\"wpcf-field-value wpcf-field-select-value wpcf-field-tipology-value\">hotel<\/span><\/div> | <div id=\"wpcf-field-architect\" class=\"wpcf-field-single-line wpcf-field-architect\"><span class=\"wpcf-field-name wpcf-field-single-line-name wpcf-field-architect-name\">architect:<\/span> <span class=\"wpcf-field-value wpcf-field-single-line-value wpcf-field-architect-value\">Imaad Rahmouni<\/span><\/div> | <div id=\"wpcf-field-realization\" class=\"wpcf-field-number wpcf-field-realization\"><span class=\"wpcf-field-name wpcf-field-number-name wpcf-field-realization-name\">realization:<\/span> <span class=\"wpcf-field-value wpcf-field-number-value wpcf-field-realization-value\">2012<\/span><\/div>\n          <\/li>\n\t\t\n          <li>\n            \n          <div style=\"display:none\" class=\"wpv-addon-maps-marker js-wpv-addon-maps-marker js-wpv-addon-maps-marker-marker-135590 js-wpv-addon-maps-markerfor-map-1\" data-marker=\"marker-135590\" data-markertitle=\"Sahara Palace Marrakech\" data-markerfor=\"map-1\" data-markerlat=\"31.6455639\" data-markerlon=\"-7.9803851\" data-markericon=\"\/wp-content\/uploads\/sites\/6\/2017\/11\/area_marker_7.png\" data-markericonhover=\"\" data-streetview=\"no\" data-fromview=\"\">\n            <article class=\"marker-itinerario\">\n\t<div class=\"entry-thumbnail\">\n      \n      \t<img loading=\"lazy\" decoding=\"async\" width=\"300\" height=\"177\" src=\"https:\/\/static.tecnichenuove.it\/areaarch\/2023\/06\/sahara-palace-marrakech-300x177.jpeg\" class=\"attachment-medium size-medium wp-post-image\" alt=\"\" srcset=\"https:\/\/static.tecnichenuove.it\/areaarch\/2023\/06\/sahara-palace-marrakech-300x177.jpeg 300w, https:\/\/static.tecnichenuove.it\/areaarch\/2023\/06\/sahara-palace-marrakech-768x453.jpeg 768w, https:\/\/static.tecnichenuove.it\/areaarch\/2023\/06\/sahara-palace-marrakech-696x411.jpeg 696w, https:\/\/static.tecnichenuove.it\/areaarch\/2023\/06\/sahara-palace-marrakech-711x420.jpeg 711w, https:\/\/static.tecnichenuove.it\/areaarch\/2023\/06\/sahara-palace-marrakech.jpeg 818w\" sizes=\"auto, (max-width: 300px) 100vw, 300px\" \/>\n      \n      \n\t<\/div>\n  \t<div class=\"entry-column\">\n      <h3 class=\"entry-title td-module-title\">Sahara Palace Marrakech<\/h3>\n      <div class=\"td-excerpt\">\n            <div id=\"wpcf-field-tipology\" class=\"wpcf-field-select wpcf-field-tipology\"><span class=\"wpcf-field-name wpcf-field-select-name wpcf-field-tipology-name\">tipology:<\/span> <span class=\"wpcf-field-value wpcf-field-select-value wpcf-field-tipology-value\">hotel<\/span><\/div>\n            <div id=\"wpcf-field-architect\" class=\"wpcf-field-single-line wpcf-field-architect\"><span class=\"wpcf-field-name wpcf-field-single-line-name wpcf-field-architect-name\">architect:<\/span> <span class=\"wpcf-field-value wpcf-field-single-line-value wpcf-field-architect-value\">Stuart Church<\/span><\/div>\n            <div id=\"wpcf-field-realization\" class=\"wpcf-field-number wpcf-field-realization\"><span class=\"wpcf-field-name wpcf-field-number-name wpcf-field-realization-name\">realization:<\/span> <span class=\"wpcf-field-value wpcf-field-number-value wpcf-field-realization-value\">2016<\/span><\/div>\n            12440 Annakhil, Palmeraie\n          <\/div>\n  <\/div>\n<\/article>\n          <\/div>\n            <h4><a href=\"#\" onclick=\"cimap();\" class=\"link-marker js-wpv-addon-maps-focus-map js-toolset-maps-hover-map-map-1-marker-marker-135590 js-toolset-maps-open-infowindow-map-map-1-marker-marker-135590\" data-map=\"map-1\" data-marker=\"marker-135590\">40. Sahara Palace Marrakech<\/a><\/h4>\n            <div id=\"wpcf-field-tipology\" class=\"wpcf-field-select wpcf-field-tipology\"><span class=\"wpcf-field-name wpcf-field-select-name wpcf-field-tipology-name\">tipology:<\/span> <span class=\"wpcf-field-value wpcf-field-select-value wpcf-field-tipology-value\">hotel<\/span><\/div> | <div id=\"wpcf-field-architect\" class=\"wpcf-field-single-line wpcf-field-architect\"><span class=\"wpcf-field-name wpcf-field-single-line-name wpcf-field-architect-name\">architect:<\/span> <span class=\"wpcf-field-value wpcf-field-single-line-value wpcf-field-architect-value\">Stuart Church<\/span><\/div> | <div id=\"wpcf-field-realization\" class=\"wpcf-field-number wpcf-field-realization\"><span class=\"wpcf-field-name wpcf-field-number-name wpcf-field-realization-name\">realization:<\/span> <span class=\"wpcf-field-value wpcf-field-number-value wpcf-field-realization-value\">2016<\/span><\/div>\n          <\/li>\n\t\t\n          <li>\n            \n          <div style=\"display:none\" class=\"wpv-addon-maps-marker js-wpv-addon-maps-marker js-wpv-addon-maps-marker-marker-135592 js-wpv-addon-maps-markerfor-map-1\" data-marker=\"marker-135592\" data-markertitle=\"Villa d&#8217;\u00d4\" data-markerfor=\"map-1\" data-markerlat=\"31.6294723\" data-markerlon=\"-7.9810845\" data-markericon=\"\/wp-content\/uploads\/sites\/6\/2017\/11\/area_marker_13.png\" data-markericonhover=\"\" data-streetview=\"no\" data-fromview=\"\">\n            <article class=\"marker-itinerario\">\n\t<div class=\"entry-thumbnail\">\n      \n      \t<img loading=\"lazy\" decoding=\"async\" width=\"300\" height=\"169\" src=\"https:\/\/static.tecnichenuove.it\/areaarch\/2023\/06\/g13-300x169.jpg\" class=\"attachment-medium size-medium wp-post-image\" alt=\"\" srcset=\"https:\/\/static.tecnichenuove.it\/areaarch\/2023\/06\/g13-300x169.jpg 300w, https:\/\/static.tecnichenuove.it\/areaarch\/2023\/06\/g13-768x432.jpg 768w, https:\/\/static.tecnichenuove.it\/areaarch\/2023\/06\/g13-696x392.jpg 696w, https:\/\/static.tecnichenuove.it\/areaarch\/2023\/06\/g13-747x420.jpg 747w, https:\/\/static.tecnichenuove.it\/areaarch\/2023\/06\/g13.jpg 960w\" sizes=\"auto, (max-width: 300px) 100vw, 300px\" \/>\n      \n      \n\t<\/div>\n  \t<div class=\"entry-column\">\n      <h3 class=\"entry-title td-module-title\">Villa d&#8217;\u00d4<\/h3>\n      <div class=\"td-excerpt\">\n            <div id=\"wpcf-field-tipology\" class=\"wpcf-field-select wpcf-field-tipology\"><span class=\"wpcf-field-name wpcf-field-select-name wpcf-field-tipology-name\">tipology:<\/span> <span class=\"wpcf-field-value wpcf-field-select-value wpcf-field-tipology-value\">residential<\/span><\/div>\n            <div id=\"wpcf-field-architect\" class=\"wpcf-field-single-line wpcf-field-architect\"><span class=\"wpcf-field-name wpcf-field-single-line-name wpcf-field-architect-name\">architect:<\/span> <span class=\"wpcf-field-value wpcf-field-single-line-value wpcf-field-architect-value\">Studio Beja Pujol<\/span><\/div>\n            <div id=\"wpcf-field-realization\" class=\"wpcf-field-number wpcf-field-realization\"><span class=\"wpcf-field-name wpcf-field-number-name wpcf-field-realization-name\">realization:<\/span> <span class=\"wpcf-field-value wpcf-field-number-value wpcf-field-realization-value\">2018<\/span><\/div>\n            Marrakech, Marocco\n          <\/div>\n  <\/div>\n<\/article>\n          <\/div>\n            <h4><a href=\"#\" onclick=\"cimap();\" class=\"link-marker js-wpv-addon-maps-focus-map js-toolset-maps-hover-map-map-1-marker-marker-135592 js-toolset-maps-open-infowindow-map-map-1-marker-marker-135592\" data-map=\"map-1\" data-marker=\"marker-135592\">41. Villa d&#8217;\u00d4<\/a><\/h4>\n            <div id=\"wpcf-field-tipology\" class=\"wpcf-field-select wpcf-field-tipology\"><span class=\"wpcf-field-name wpcf-field-select-name wpcf-field-tipology-name\">tipology:<\/span> <span class=\"wpcf-field-value wpcf-field-select-value wpcf-field-tipology-value\">residential<\/span><\/div> | <div id=\"wpcf-field-architect\" class=\"wpcf-field-single-line wpcf-field-architect\"><span class=\"wpcf-field-name wpcf-field-single-line-name wpcf-field-architect-name\">architect:<\/span> <span class=\"wpcf-field-value wpcf-field-single-line-value wpcf-field-architect-value\">Studio Beja Pujol<\/span><\/div> | <div id=\"wpcf-field-realization\" class=\"wpcf-field-number wpcf-field-realization\"><span class=\"wpcf-field-name wpcf-field-number-name wpcf-field-realization-name\">realization:<\/span> <span class=\"wpcf-field-value wpcf-field-number-value wpcf-field-realization-value\">2018<\/span><\/div>\n          <\/li>\n\t\t\n          <li>\n            \n          <div style=\"display:none\" class=\"wpv-addon-maps-marker js-wpv-addon-maps-marker js-wpv-addon-maps-marker-marker-135594 js-wpv-addon-maps-markerfor-map-1\" data-marker=\"marker-135594\" data-markertitle=\"Dar Sabra\" data-markerfor=\"map-1\" data-markerlat=\"31.6759095\" data-markerlon=\"-7.9583537\" data-markericon=\"\/wp-content\/uploads\/sites\/6\/2017\/11\/area_marker_7.png\" data-markericonhover=\"\" data-streetview=\"no\" data-fromview=\"\">\n            <article class=\"marker-itinerario\">\n\t<div class=\"entry-thumbnail\">\n      \n      \t<img loading=\"lazy\" decoding=\"async\" width=\"300\" height=\"200\" src=\"https:\/\/static.tecnichenuove.it\/areaarch\/2023\/06\/d71f6fbb25c59c40e3e91b4fcf5166d8-300x200.jpg\" class=\"attachment-medium size-medium wp-post-image\" alt=\"\" srcset=\"https:\/\/static.tecnichenuove.it\/areaarch\/2023\/06\/d71f6fbb25c59c40e3e91b4fcf5166d8-300x200.jpg 300w, https:\/\/static.tecnichenuove.it\/areaarch\/2023\/06\/d71f6fbb25c59c40e3e91b4fcf5166d8-1024x683.jpg 1024w, https:\/\/static.tecnichenuove.it\/areaarch\/2023\/06\/d71f6fbb25c59c40e3e91b4fcf5166d8-150x100.jpg 150w, https:\/\/static.tecnichenuove.it\/areaarch\/2023\/06\/d71f6fbb25c59c40e3e91b4fcf5166d8-768x512.jpg 768w, https:\/\/static.tecnichenuove.it\/areaarch\/2023\/06\/d71f6fbb25c59c40e3e91b4fcf5166d8-1536x1024.jpg 1536w, https:\/\/static.tecnichenuove.it\/areaarch\/2023\/06\/d71f6fbb25c59c40e3e91b4fcf5166d8-696x464.jpg 696w, https:\/\/static.tecnichenuove.it\/areaarch\/2023\/06\/d71f6fbb25c59c40e3e91b4fcf5166d8-1068x712.jpg 1068w, https:\/\/static.tecnichenuove.it\/areaarch\/2023\/06\/d71f6fbb25c59c40e3e91b4fcf5166d8-630x420.jpg 630w, https:\/\/static.tecnichenuove.it\/areaarch\/2023\/06\/d71f6fbb25c59c40e3e91b4fcf5166d8.jpg 1800w\" sizes=\"auto, (max-width: 300px) 100vw, 300px\" \/>\n      \n      \n\t<\/div>\n  \t<div class=\"entry-column\">\n      <h3 class=\"entry-title td-module-title\">Dar Sabra<\/h3>\n      <div class=\"td-excerpt\">\n            <div id=\"wpcf-field-tipology\" class=\"wpcf-field-select wpcf-field-tipology\"><span class=\"wpcf-field-name wpcf-field-select-name wpcf-field-tipology-name\">tipology:<\/span> <span class=\"wpcf-field-value wpcf-field-select-value wpcf-field-tipology-value\">hotel<\/span><\/div>\n            <div id=\"wpcf-field-architect\" class=\"wpcf-field-single-line wpcf-field-architect\"><span class=\"wpcf-field-name wpcf-field-single-line-name wpcf-field-architect-name\">architect:<\/span> <span class=\"wpcf-field-value wpcf-field-single-line-value wpcf-field-architect-value\">AW2<\/span><\/div>\n            <div id=\"wpcf-field-realization\" class=\"wpcf-field-number wpcf-field-realization\"><span class=\"wpcf-field-name wpcf-field-number-name wpcf-field-realization-name\">realization:<\/span> <span class=\"wpcf-field-value wpcf-field-number-value wpcf-field-realization-value\">2021<\/span><\/div>\n            {31.6759095,-7.9583537}\n          <\/div>\n  <\/div>\n<\/article>\n          <\/div>\n            <h4><a href=\"#\" onclick=\"cimap();\" class=\"link-marker js-wpv-addon-maps-focus-map js-toolset-maps-hover-map-map-1-marker-marker-135594 js-toolset-maps-open-infowindow-map-map-1-marker-marker-135594\" data-map=\"map-1\" data-marker=\"marker-135594\">42. Dar Sabra<\/a><\/h4>\n            <div id=\"wpcf-field-tipology\" class=\"wpcf-field-select wpcf-field-tipology\"><span class=\"wpcf-field-name wpcf-field-select-name wpcf-field-tipology-name\">tipology:<\/span> <span class=\"wpcf-field-value wpcf-field-select-value wpcf-field-tipology-value\">hotel<\/span><\/div> | <div id=\"wpcf-field-architect\" class=\"wpcf-field-single-line wpcf-field-architect\"><span class=\"wpcf-field-name wpcf-field-single-line-name wpcf-field-architect-name\">architect:<\/span> <span class=\"wpcf-field-value wpcf-field-single-line-value wpcf-field-architect-value\">AW2<\/span><\/div> | <div id=\"wpcf-field-realization\" class=\"wpcf-field-number wpcf-field-realization\"><span class=\"wpcf-field-name wpcf-field-number-name wpcf-field-realization-name\">realization:<\/span> <span class=\"wpcf-field-value wpcf-field-number-value wpcf-field-realization-value\">2021<\/span><\/div>\n          <\/li>\n\t\t\n          <li>\n            \n          <div style=\"display:none\" class=\"wpv-addon-maps-marker js-wpv-addon-maps-marker js-wpv-addon-maps-marker-marker-135596 js-wpv-addon-maps-markerfor-map-1\" data-marker=\"marker-135596\" data-markertitle=\"\u00c9SAV &#8211; \u00c9cole Sup\u00e9rioure des Arts Visuels de Marrakech\" data-markerfor=\"map-1\" data-markerlat=\"31.6294723\" data-markerlon=\"-7.9810845\" data-markericon=\"\/wp-content\/uploads\/sites\/6\/2017\/11\/area_marker_4.png\" data-markericonhover=\"\" data-streetview=\"no\" data-fromview=\"\">\n            <article class=\"marker-itinerario\">\n\t<div class=\"entry-thumbnail\">\n      \n      \n      \t<img loading=\"lazy\" decoding=\"async\" width=\"780\" height=\"622\" src=\"https:\/\/static.tecnichenuove.it\/areaarch\/2023\/06\/003609e274650092e93a2f376e09d99b.jpg\" class=\"attachment-post-thumbnail size-post-thumbnail wp-post-image\" alt=\"\" srcset=\"https:\/\/static.tecnichenuove.it\/areaarch\/2023\/06\/003609e274650092e93a2f376e09d99b.jpg 780w, https:\/\/static.tecnichenuove.it\/areaarch\/2023\/06\/003609e274650092e93a2f376e09d99b-300x239.jpg 300w, https:\/\/static.tecnichenuove.it\/areaarch\/2023\/06\/003609e274650092e93a2f376e09d99b-768x612.jpg 768w, https:\/\/static.tecnichenuove.it\/areaarch\/2023\/06\/003609e274650092e93a2f376e09d99b-696x555.jpg 696w, https:\/\/static.tecnichenuove.it\/areaarch\/2023\/06\/003609e274650092e93a2f376e09d99b-527x420.jpg 527w\" sizes=\"auto, (max-width: 780px) 100vw, 780px\" \/>\n      \t<img decoding=\"async\" src=\"https:\/\/www.area-arch.it\/wp-content\/uploads\/sites\/6\/2023\/06\/Schermata-2023-06-28-alle-14.50.05.jpg\" class=\"attachment-post-thumbnail\" \/>\n      \n\t<\/div>\n  \t<div class=\"entry-column\">\n      <h3 class=\"entry-title td-module-title\">\u00c9SAV &#8211; \u00c9cole Sup\u00e9rioure des Arts Visuels de Marrakech<\/h3>\n      <div class=\"td-excerpt\">\n            <div id=\"wpcf-field-tipology\" class=\"wpcf-field-select wpcf-field-tipology\"><span class=\"wpcf-field-name wpcf-field-select-name wpcf-field-tipology-name\">tipology:<\/span> <span class=\"wpcf-field-value wpcf-field-select-value wpcf-field-tipology-value\">education<\/span><\/div>\n            <div id=\"wpcf-field-architect\" class=\"wpcf-field-single-line wpcf-field-architect\"><span class=\"wpcf-field-name wpcf-field-single-line-name wpcf-field-architect-name\">architect:<\/span> <span class=\"wpcf-field-value wpcf-field-single-line-value wpcf-field-architect-value\">Max Alioth<\/span><\/div>\n            <div id=\"wpcf-field-realization\" class=\"wpcf-field-number wpcf-field-realization\"><span class=\"wpcf-field-name wpcf-field-number-name wpcf-field-realization-name\">realization:<\/span> <span class=\"wpcf-field-value wpcf-field-number-value wpcf-field-realization-value\">2006<\/span><\/div>\n            Marrakech, Marocco\n          <\/div>\n  <\/div>\n<\/article>\n          <\/div>\n            <h4><a href=\"#\" onclick=\"cimap();\" class=\"link-marker js-wpv-addon-maps-focus-map js-toolset-maps-hover-map-map-1-marker-marker-135596 js-toolset-maps-open-infowindow-map-map-1-marker-marker-135596\" data-map=\"map-1\" data-marker=\"marker-135596\">43. \u00c9SAV &#8211; \u00c9cole Sup\u00e9rioure des Arts Visuels de Marrakech<\/a><\/h4>\n            <div id=\"wpcf-field-tipology\" class=\"wpcf-field-select wpcf-field-tipology\"><span class=\"wpcf-field-name wpcf-field-select-name wpcf-field-tipology-name\">tipology:<\/span> <span class=\"wpcf-field-value wpcf-field-select-value wpcf-field-tipology-value\">education<\/span><\/div> | <div id=\"wpcf-field-architect\" class=\"wpcf-field-single-line wpcf-field-architect\"><span class=\"wpcf-field-name wpcf-field-single-line-name wpcf-field-architect-name\">architect:<\/span> <span class=\"wpcf-field-value wpcf-field-single-line-value wpcf-field-architect-value\">Max Alioth<\/span><\/div> | <div id=\"wpcf-field-realization\" class=\"wpcf-field-number wpcf-field-realization\"><span class=\"wpcf-field-name wpcf-field-number-name wpcf-field-realization-name\">realization:<\/span> <span class=\"wpcf-field-value wpcf-field-number-value wpcf-field-realization-value\">2006<\/span><\/div>\n          <\/li>\n\t\t\n          <li>\n            \n          <div style=\"display:none\" class=\"wpv-addon-maps-marker js-wpv-addon-maps-marker js-wpv-addon-maps-marker-marker-135599 js-wpv-addon-maps-markerfor-map-1\" data-marker=\"marker-135599\" data-markertitle=\"Villa Ouahidi\" data-markerfor=\"map-1\" data-markerlat=\"31.6666739\" data-markerlon=\"-8.009023\" data-markericon=\"\/wp-content\/uploads\/sites\/6\/2017\/11\/area_marker_13.png\" data-markericonhover=\"\" data-streetview=\"no\" data-fromview=\"\">\n            <article class=\"marker-itinerario\">\n\t<div class=\"entry-thumbnail\">\n      \n      \n      \t<img loading=\"lazy\" decoding=\"async\" width=\"960\" height=\"1200\" src=\"https:\/\/static.tecnichenuove.it\/areaarch\/2023\/06\/Villa-Marrakech_MOD.jpg\" class=\"attachment-post-thumbnail size-post-thumbnail wp-post-image\" alt=\"\" srcset=\"https:\/\/static.tecnichenuove.it\/areaarch\/2023\/06\/Villa-Marrakech_MOD.jpg 960w, https:\/\/static.tecnichenuove.it\/areaarch\/2023\/06\/Villa-Marrakech_MOD-240x300.jpg 240w, https:\/\/static.tecnichenuove.it\/areaarch\/2023\/06\/Villa-Marrakech_MOD-819x1024.jpg 819w, https:\/\/static.tecnichenuove.it\/areaarch\/2023\/06\/Villa-Marrakech_MOD-768x960.jpg 768w, https:\/\/static.tecnichenuove.it\/areaarch\/2023\/06\/Villa-Marrakech_MOD-696x870.jpg 696w, https:\/\/static.tecnichenuove.it\/areaarch\/2023\/06\/Villa-Marrakech_MOD-336x420.jpg 336w\" sizes=\"auto, (max-width: 960px) 100vw, 960px\" \/>\n      \t<img decoding=\"async\" src=\"https:\/\/www.area-arch.it\/wp-content\/uploads\/sites\/6\/2023\/06\/MAROCCO_VILLA-OUAHIDI_03_PIANO-PRIMO.jpg\" class=\"attachment-post-thumbnail\" \/>\n      \n\t<\/div>\n  \t<div class=\"entry-column\">\n      <h3 class=\"entry-title td-module-title\">Villa Ouahidi<\/h3>\n      <div class=\"td-excerpt\">\n            <div id=\"wpcf-field-tipology\" class=\"wpcf-field-select wpcf-field-tipology\"><span class=\"wpcf-field-name wpcf-field-select-name wpcf-field-tipology-name\">tipology:<\/span> <span class=\"wpcf-field-value wpcf-field-select-value wpcf-field-tipology-value\">residential<\/span><\/div>\n            <div id=\"wpcf-field-architect\" class=\"wpcf-field-single-line wpcf-field-architect\"><span class=\"wpcf-field-name wpcf-field-single-line-name wpcf-field-architect-name\">architect:<\/span> <span class=\"wpcf-field-value wpcf-field-single-line-value wpcf-field-architect-value\">Alex Romano<\/span><\/div>\n            <div id=\"wpcf-field-realization\" class=\"wpcf-field-number wpcf-field-realization\"><span class=\"wpcf-field-name wpcf-field-number-name wpcf-field-realization-name\">realization:<\/span> <span class=\"wpcf-field-value wpcf-field-number-value wpcf-field-realization-value\">2016<\/span><\/div>\n            Malizia, Marrakech 40000, Marocco\n          <\/div>\n  <\/div>\n<\/article>\n          <\/div>\n            <h4><a href=\"#\" onclick=\"cimap();\" class=\"link-marker js-wpv-addon-maps-focus-map js-toolset-maps-hover-map-map-1-marker-marker-135599 js-toolset-maps-open-infowindow-map-map-1-marker-marker-135599\" data-map=\"map-1\" data-marker=\"marker-135599\">44. Villa Ouahidi<\/a><\/h4>\n            <div id=\"wpcf-field-tipology\" class=\"wpcf-field-select wpcf-field-tipology\"><span class=\"wpcf-field-name wpcf-field-select-name wpcf-field-tipology-name\">tipology:<\/span> <span class=\"wpcf-field-value wpcf-field-select-value wpcf-field-tipology-value\">residential<\/span><\/div> | <div id=\"wpcf-field-architect\" class=\"wpcf-field-single-line wpcf-field-architect\"><span class=\"wpcf-field-name wpcf-field-single-line-name wpcf-field-architect-name\">architect:<\/span> <span class=\"wpcf-field-value wpcf-field-single-line-value wpcf-field-architect-value\">Alex Romano<\/span><\/div> | <div id=\"wpcf-field-realization\" class=\"wpcf-field-number wpcf-field-realization\"><span class=\"wpcf-field-name wpcf-field-number-name wpcf-field-realization-name\">realization:<\/span> <span class=\"wpcf-field-value wpcf-field-number-value wpcf-field-realization-value\">2016<\/span><\/div>\n          <\/li>\n\t\t\n          <li>\n            \n          <div style=\"display:none\" class=\"wpv-addon-maps-marker js-wpv-addon-maps-marker js-wpv-addon-maps-marker-marker-135603 js-wpv-addon-maps-markerfor-map-1\" data-marker=\"marker-135603\" data-markertitle=\"Grand Stadium of Marrakech\" data-markerfor=\"map-1\" data-markerlat=\"31.7094675\" data-markerlon=\"-7.9701846\" data-markericon=\"\/wp-content\/uploads\/sites\/6\/2017\/11\/area_marker_14.png\" data-markericonhover=\"\" data-streetview=\"no\" data-fromview=\"\">\n            <article class=\"marker-itinerario\">\n\t<div class=\"entry-thumbnail\">\n      \n      \n      \t<img loading=\"lazy\" decoding=\"async\" width=\"518\" height=\"388\" src=\"https:\/\/static.tecnichenuove.it\/areaarch\/2023\/06\/download-5.jpeg\" class=\"attachment-post-thumbnail size-post-thumbnail wp-post-image\" alt=\"\" srcset=\"https:\/\/static.tecnichenuove.it\/areaarch\/2023\/06\/download-5.jpeg 518w, https:\/\/static.tecnichenuove.it\/areaarch\/2023\/06\/download-5-300x225.jpeg 300w, https:\/\/static.tecnichenuove.it\/areaarch\/2023\/06\/download-5-80x60.jpeg 80w, https:\/\/static.tecnichenuove.it\/areaarch\/2023\/06\/download-5-160x120.jpeg 160w, https:\/\/static.tecnichenuove.it\/areaarch\/2023\/06\/download-5-265x198.jpeg 265w\" sizes=\"auto, (max-width: 518px) 100vw, 518px\" \/>\n      \t<img decoding=\"async\" src=\"https:\/\/www.area-arch.it\/wp-content\/uploads\/sites\/6\/2023\/06\/vittorio_gregotti_sad_benkirane_croquis_stade_marrakech.jpeg.png\" class=\"attachment-post-thumbnail\" \/>\n      \n\t<\/div>\n  \t<div class=\"entry-column\">\n      <h3 class=\"entry-title td-module-title\">Grand Stadium of Marrakech<\/h3>\n      <div class=\"td-excerpt\">\n            <div id=\"wpcf-field-tipology\" class=\"wpcf-field-select wpcf-field-tipology\"><span class=\"wpcf-field-name wpcf-field-select-name wpcf-field-tipology-name\">tipology:<\/span> <span class=\"wpcf-field-value wpcf-field-select-value wpcf-field-tipology-value\">sport<\/span><\/div>\n            <div id=\"wpcf-field-architect\" class=\"wpcf-field-single-line wpcf-field-architect\"><span class=\"wpcf-field-name wpcf-field-single-line-name wpcf-field-architect-name\">architect:<\/span> <span class=\"wpcf-field-value wpcf-field-single-line-value wpcf-field-architect-value\">Gregotti Associati International<\/span><\/div>\n            <div id=\"wpcf-field-realization\" class=\"wpcf-field-number wpcf-field-realization\"><span class=\"wpcf-field-name wpcf-field-number-name wpcf-field-realization-name\">realization:<\/span> <span class=\"wpcf-field-value wpcf-field-number-value wpcf-field-realization-value\">2012<\/span><\/div>\n            Ouahat Sidi Brahim, Marocco\n          <\/div>\n  <\/div>\n<\/article>\n          <\/div>\n            <h4><a href=\"#\" onclick=\"cimap();\" class=\"link-marker js-wpv-addon-maps-focus-map js-toolset-maps-hover-map-map-1-marker-marker-135603 js-toolset-maps-open-infowindow-map-map-1-marker-marker-135603\" data-map=\"map-1\" data-marker=\"marker-135603\">45. Grand Stadium of Marrakech<\/a><\/h4>\n            <div id=\"wpcf-field-tipology\" class=\"wpcf-field-select wpcf-field-tipology\"><span class=\"wpcf-field-name wpcf-field-select-name wpcf-field-tipology-name\">tipology:<\/span> <span class=\"wpcf-field-value wpcf-field-select-value wpcf-field-tipology-value\">sport<\/span><\/div> | <div id=\"wpcf-field-architect\" class=\"wpcf-field-single-line wpcf-field-architect\"><span class=\"wpcf-field-name wpcf-field-single-line-name wpcf-field-architect-name\">architect:<\/span> <span class=\"wpcf-field-value wpcf-field-single-line-value wpcf-field-architect-value\">Gregotti Associati International<\/span><\/div> | <div id=\"wpcf-field-realization\" class=\"wpcf-field-number wpcf-field-realization\"><span class=\"wpcf-field-name wpcf-field-number-name wpcf-field-realization-name\">realization:<\/span> <span class=\"wpcf-field-value wpcf-field-number-value wpcf-field-realization-value\">2012<\/span><\/div>\n          <\/li>\n\t\t\n          <li>\n            \n          <div style=\"display:none\" class=\"wpv-addon-maps-marker js-wpv-addon-maps-marker js-wpv-addon-maps-marker-marker-135606 js-wpv-addon-maps-markerfor-map-1\" data-marker=\"marker-135606\" data-markertitle=\"Mohammed VI Polytechnic University\" data-markerfor=\"map-1\" data-markerlat=\"32.2359364\" data-markerlon=\"-7.9538378\" data-markericon=\"\/wp-content\/uploads\/sites\/6\/2017\/11\/area_marker_4.png\" data-markericonhover=\"\" data-streetview=\"no\" data-fromview=\"\">\n            <article class=\"marker-itinerario\">\n\t<div class=\"entry-thumbnail\">\n      \n      \n      \t<img loading=\"lazy\" decoding=\"async\" width=\"751\" height=\"1000\" src=\"https:\/\/static.tecnichenuove.it\/areaarch\/2023\/06\/16.jpeg\" class=\"attachment-post-thumbnail size-post-thumbnail wp-post-image\" alt=\"\" srcset=\"https:\/\/static.tecnichenuove.it\/areaarch\/2023\/06\/16.jpeg 751w, https:\/\/static.tecnichenuove.it\/areaarch\/2023\/06\/16-225x300.jpeg 225w, https:\/\/static.tecnichenuove.it\/areaarch\/2023\/06\/16-696x927.jpeg 696w, https:\/\/static.tecnichenuove.it\/areaarch\/2023\/06\/16-315x420.jpeg 315w\" sizes=\"auto, (max-width: 751px) 100vw, 751px\" \/>\n      \t<img decoding=\"async\" src=\"https:\/\/www.area-arch.it\/wp-content\/uploads\/sites\/6\/2023\/06\/ELEVATION.jpeg\" class=\"attachment-post-thumbnail\" \/>\n      \n\t<\/div>\n  \t<div class=\"entry-column\">\n      <h3 class=\"entry-title td-module-title\">Mohammed VI Polytechnic University<\/h3>\n      <div class=\"td-excerpt\">\n            <div id=\"wpcf-field-tipology\" class=\"wpcf-field-select wpcf-field-tipology\"><span class=\"wpcf-field-name wpcf-field-select-name wpcf-field-tipology-name\">tipology:<\/span> <span class=\"wpcf-field-value wpcf-field-select-value wpcf-field-tipology-value\">education<\/span><\/div>\n            <div id=\"wpcf-field-architect\" class=\"wpcf-field-single-line wpcf-field-architect\"><span class=\"wpcf-field-name wpcf-field-single-line-name wpcf-field-architect-name\">architect:<\/span> <span class=\"wpcf-field-value wpcf-field-single-line-value wpcf-field-architect-value\">Ricardo Bofill Taller Architects<\/span><\/div>\n            <div id=\"wpcf-field-realization\" class=\"wpcf-field-number wpcf-field-realization\"><span class=\"wpcf-field-name wpcf-field-number-name wpcf-field-realization-name\">realization:<\/span> <span class=\"wpcf-field-value wpcf-field-number-value wpcf-field-realization-value\">2016<\/span><\/div>\n            Ben Guerir, Marocco\n          <\/div>\n  <\/div>\n<\/article>\n          <\/div>\n            <h4><a href=\"#\" onclick=\"cimap();\" class=\"link-marker js-wpv-addon-maps-focus-map js-toolset-maps-hover-map-map-1-marker-marker-135606 js-toolset-maps-open-infowindow-map-map-1-marker-marker-135606\" data-map=\"map-1\" data-marker=\"marker-135606\">46. Mohammed VI Polytechnic University<\/a><\/h4>\n            <div id=\"wpcf-field-tipology\" class=\"wpcf-field-select wpcf-field-tipology\"><span class=\"wpcf-field-name wpcf-field-select-name wpcf-field-tipology-name\">tipology:<\/span> <span class=\"wpcf-field-value wpcf-field-select-value wpcf-field-tipology-value\">education<\/span><\/div> | <div id=\"wpcf-field-architect\" class=\"wpcf-field-single-line wpcf-field-architect\"><span class=\"wpcf-field-name wpcf-field-single-line-name wpcf-field-architect-name\">architect:<\/span> <span class=\"wpcf-field-value wpcf-field-single-line-value wpcf-field-architect-value\">Ricardo Bofill Taller Architects<\/span><\/div> | <div id=\"wpcf-field-realization\" class=\"wpcf-field-number wpcf-field-realization\"><span class=\"wpcf-field-name wpcf-field-number-name wpcf-field-realization-name\">realization:<\/span> <span class=\"wpcf-field-value wpcf-field-number-value wpcf-field-realization-value\">2016<\/span><\/div>\n          <\/li>\n\t\t\n          <li>\n            \n          <div style=\"display:none\" class=\"wpv-addon-maps-marker js-wpv-addon-maps-marker js-wpv-addon-maps-marker-marker-135609 js-wpv-addon-maps-markerfor-map-1\" data-marker=\"marker-135609\" data-markertitle=\"Data Center Benguerir\" data-markerfor=\"map-1\" data-markerlat=\"32.2359364\" data-markerlon=\"-7.9538378\" data-markericon=\"\/wp-content\/uploads\/sites\/6\/2017\/11\/area_marker_11.png\" data-markericonhover=\"\" data-streetview=\"no\" data-fromview=\"\">\n            <article class=\"marker-itinerario\">\n\t<div class=\"entry-thumbnail\">\n      \n      \n      \t<img loading=\"lazy\" decoding=\"async\" width=\"1498\" height=\"1000\" src=\"https:\/\/static.tecnichenuove.it\/areaarch\/2023\/06\/data-center-benguerir-awm-architectes-urbanistes_9.jpg\" class=\"attachment-post-thumbnail size-post-thumbnail wp-post-image\" alt=\"\" srcset=\"https:\/\/static.tecnichenuove.it\/areaarch\/2023\/06\/data-center-benguerir-awm-architectes-urbanistes_9.jpg 1498w, https:\/\/static.tecnichenuove.it\/areaarch\/2023\/06\/data-center-benguerir-awm-architectes-urbanistes_9-300x200.jpg 300w, https:\/\/static.tecnichenuove.it\/areaarch\/2023\/06\/data-center-benguerir-awm-architectes-urbanistes_9-1024x684.jpg 1024w, https:\/\/static.tecnichenuove.it\/areaarch\/2023\/06\/data-center-benguerir-awm-architectes-urbanistes_9-150x100.jpg 150w, https:\/\/static.tecnichenuove.it\/areaarch\/2023\/06\/data-center-benguerir-awm-architectes-urbanistes_9-768x513.jpg 768w, https:\/\/static.tecnichenuove.it\/areaarch\/2023\/06\/data-center-benguerir-awm-architectes-urbanistes_9-696x465.jpg 696w, https:\/\/static.tecnichenuove.it\/areaarch\/2023\/06\/data-center-benguerir-awm-architectes-urbanistes_9-1068x713.jpg 1068w, https:\/\/static.tecnichenuove.it\/areaarch\/2023\/06\/data-center-benguerir-awm-architectes-urbanistes_9-629x420.jpg 629w\" sizes=\"auto, (max-width: 1498px) 100vw, 1498px\" \/>\n      \t<img decoding=\"async\" src=\"https:\/\/www.area-arch.it\/wp-content\/uploads\/sites\/6\/2023\/06\/3-data-center-ground-plan-awm-morocco-page-0001-1.jpg\" class=\"attachment-post-thumbnail\" \/>\n      \n\t<\/div>\n  \t<div class=\"entry-column\">\n      <h3 class=\"entry-title td-module-title\">Data Center Benguerir<\/h3>\n      <div class=\"td-excerpt\">\n            <div id=\"wpcf-field-tipology\" class=\"wpcf-field-select wpcf-field-tipology\"><span class=\"wpcf-field-name wpcf-field-select-name wpcf-field-tipology-name\">tipology:<\/span> <span class=\"wpcf-field-value wpcf-field-select-value wpcf-field-tipology-value\">office<\/span><\/div>\n            <div id=\"wpcf-field-architect\" class=\"wpcf-field-single-line wpcf-field-architect\"><span class=\"wpcf-field-name wpcf-field-single-line-name wpcf-field-architect-name\">architect:<\/span> <span class=\"wpcf-field-value wpcf-field-single-line-value wpcf-field-architect-value\">AWM Architectes Urbanistes<\/span><\/div>\n            <div id=\"wpcf-field-realization\" class=\"wpcf-field-number wpcf-field-realization\"><span class=\"wpcf-field-name wpcf-field-number-name wpcf-field-realization-name\">realization:<\/span> <span class=\"wpcf-field-value wpcf-field-number-value wpcf-field-realization-value\">2019<\/span><\/div>\n            Ben Guerir, Marocco\n          <\/div>\n  <\/div>\n<\/article>\n          <\/div>\n            <h4><a href=\"#\" onclick=\"cimap();\" class=\"link-marker js-wpv-addon-maps-focus-map js-toolset-maps-hover-map-map-1-marker-marker-135609 js-toolset-maps-open-infowindow-map-map-1-marker-marker-135609\" data-map=\"map-1\" data-marker=\"marker-135609\">47. Data Center Benguerir<\/a><\/h4>\n            <div id=\"wpcf-field-tipology\" class=\"wpcf-field-select wpcf-field-tipology\"><span class=\"wpcf-field-name wpcf-field-select-name wpcf-field-tipology-name\">tipology:<\/span> <span class=\"wpcf-field-value wpcf-field-select-value wpcf-field-tipology-value\">office<\/span><\/div> | <div id=\"wpcf-field-architect\" class=\"wpcf-field-single-line wpcf-field-architect\"><span class=\"wpcf-field-name wpcf-field-single-line-name wpcf-field-architect-name\">architect:<\/span> <span class=\"wpcf-field-value wpcf-field-single-line-value wpcf-field-architect-value\">AWM Architectes Urbanistes<\/span><\/div> | <div id=\"wpcf-field-realization\" class=\"wpcf-field-number wpcf-field-realization\"><span class=\"wpcf-field-name wpcf-field-number-name wpcf-field-realization-name\">realization:<\/span> <span class=\"wpcf-field-value wpcf-field-number-value wpcf-field-realization-value\">2019<\/span><\/div>\n          <\/li>\n\t\t\n          <li>\n            \n          <div style=\"display:none\" class=\"wpv-addon-maps-marker js-wpv-addon-maps-marker js-wpv-addon-maps-marker-marker-135612 js-wpv-addon-maps-markerfor-map-1\" data-marker=\"marker-135612\" data-markertitle=\"ReYard\" data-markerfor=\"map-1\" data-markerlat=\"32.2359364\" data-markerlon=\"-7.9538378\" data-markericon=\"\/wp-content\/uploads\/sites\/6\/2017\/11\/area_marker_13.png\" data-markericonhover=\"\" data-streetview=\"no\" data-fromview=\"\">\n            <article class=\"marker-itinerario\">\n\t<div class=\"entry-thumbnail\">\n      \n      \n      \t<img loading=\"lazy\" decoding=\"async\" width=\"1498\" height=\"1000\" src=\"https:\/\/static.tecnichenuove.it\/areaarch\/2023\/06\/exterior_04.jpg\" class=\"attachment-post-thumbnail size-post-thumbnail wp-post-image\" alt=\"\" srcset=\"https:\/\/static.tecnichenuove.it\/areaarch\/2023\/06\/exterior_04.jpg 1498w, https:\/\/static.tecnichenuove.it\/areaarch\/2023\/06\/exterior_04-300x200.jpg 300w, https:\/\/static.tecnichenuove.it\/areaarch\/2023\/06\/exterior_04-1024x684.jpg 1024w, https:\/\/static.tecnichenuove.it\/areaarch\/2023\/06\/exterior_04-150x100.jpg 150w, https:\/\/static.tecnichenuove.it\/areaarch\/2023\/06\/exterior_04-768x513.jpg 768w, https:\/\/static.tecnichenuove.it\/areaarch\/2023\/06\/exterior_04-696x465.jpg 696w, https:\/\/static.tecnichenuove.it\/areaarch\/2023\/06\/exterior_04-1068x713.jpg 1068w, https:\/\/static.tecnichenuove.it\/areaarch\/2023\/06\/exterior_04-629x420.jpg 629w\" sizes=\"auto, (max-width: 1498px) 100vw, 1498px\" \/>\n      \t<img decoding=\"async\" src=\"https:\/\/www.area-arch.it\/wp-content\/uploads\/sites\/6\/2023\/06\/Plan_of_REYARD.jpg\" class=\"attachment-post-thumbnail\" \/>\n      \n\t<\/div>\n  \t<div class=\"entry-column\">\n      <h3 class=\"entry-title td-module-title\">ReYard<\/h3>\n      <div class=\"td-excerpt\">\n            <div id=\"wpcf-field-tipology\" class=\"wpcf-field-select wpcf-field-tipology\"><span class=\"wpcf-field-name wpcf-field-select-name wpcf-field-tipology-name\">tipology:<\/span> <span class=\"wpcf-field-value wpcf-field-select-value wpcf-field-tipology-value\">residential<\/span><\/div>\n            <div id=\"wpcf-field-architect\" class=\"wpcf-field-single-line wpcf-field-architect\"><span class=\"wpcf-field-name wpcf-field-single-line-name wpcf-field-architect-name\">architect:<\/span> <span class=\"wpcf-field-value wpcf-field-single-line-value wpcf-field-architect-value\">Team Bosphorus from Turkey<\/span><\/div>\n            <div id=\"wpcf-field-realization\" class=\"wpcf-field-number wpcf-field-realization\"><span class=\"wpcf-field-name wpcf-field-number-name wpcf-field-realization-name\">realization:<\/span> <span class=\"wpcf-field-value wpcf-field-number-value wpcf-field-realization-value\">2019<\/span><\/div>\n            Ben Guerir, Marocco\n          <\/div>\n  <\/div>\n<\/article>\n          <\/div>\n            <h4><a href=\"#\" onclick=\"cimap();\" class=\"link-marker js-wpv-addon-maps-focus-map js-toolset-maps-hover-map-map-1-marker-marker-135612 js-toolset-maps-open-infowindow-map-map-1-marker-marker-135612\" data-map=\"map-1\" data-marker=\"marker-135612\">48. ReYard<\/a><\/h4>\n            <div id=\"wpcf-field-tipology\" class=\"wpcf-field-select wpcf-field-tipology\"><span class=\"wpcf-field-name wpcf-field-select-name wpcf-field-tipology-name\">tipology:<\/span> <span class=\"wpcf-field-value wpcf-field-select-value wpcf-field-tipology-value\">residential<\/span><\/div> | <div id=\"wpcf-field-architect\" class=\"wpcf-field-single-line wpcf-field-architect\"><span class=\"wpcf-field-name wpcf-field-single-line-name wpcf-field-architect-name\">architect:<\/span> <span class=\"wpcf-field-value wpcf-field-single-line-value wpcf-field-architect-value\">Team Bosphorus from Turkey<\/span><\/div> | <div id=\"wpcf-field-realization\" class=\"wpcf-field-number wpcf-field-realization\"><span class=\"wpcf-field-name wpcf-field-number-name wpcf-field-realization-name\">realization:<\/span> <span class=\"wpcf-field-value wpcf-field-number-value wpcf-field-realization-value\">2019<\/span><\/div>\n          <\/li>\n\t\t\n\t\n<\/ul>\n\t\n\t\n<\/div>\n<\/div>\n","protected":false},"excerpt":{"rendered":"search: tipology: all art gallery art studios commercial education health infrastructure hotel library mixed use museum office public residential sport theatre student accomodation church parc winery restaurant area 188 | By the water Download the map (PDF) Bahia Palace tipology: museum architect: Muhammad al-Makki realization: 1867 Marrakech, Marocco 01. Bahia Palace tipology: museum | architect:","protected":false},"author":1164,"featured_media":135479,"parent":29927,"menu_order":0,"comment_status":"closed","ping_status":"closed","template":"itinerary.php","meta":{"footnotes":""},"class_list":["post-135478","page","type-page","status-publish","has-post-thumbnail","hentry"],"yoast_head":"<!-- This site is optimized with the Yoast SEO plugin v27.5 - https:\/\/yoast.com\/product\/yoast-seo-wordpress\/ -->\n<title>Contemporary itinerary: Marrakech | Area<\/title>\n<meta name=\"description\" content=\"Area 188\" \/>\n<meta name=\"robots\" content=\"index, follow, max-snippet:-1, max-image-preview:large, max-video-preview:-1\" \/>\n<link rel=\"canonical\" href=\"https:\/\/www.area-arch.it\/en\/contemporary-itinerary\/contemporary-itinerary-marrakech\/\" \/>\n<meta property=\"og:locale\" content=\"en_US\" \/>\n<meta property=\"og:type\" content=\"article\" \/>\n<meta property=\"og:title\" content=\"Contemporary itinerary: Marrakech | Area\" \/>\n<meta property=\"og:description\" content=\"Area 188\" \/>\n<meta property=\"og:url\" content=\"https:\/\/www.area-arch.it\/en\/contemporary-itinerary\/contemporary-itinerary-marrakech\/\" \/>\n<meta property=\"og:site_name\" content=\"Area\" \/>\n<meta property=\"article:publisher\" content=\"https:\/\/www.facebook.com\/Area.Arch\" \/>\n<meta property=\"article:modified_time\" content=\"2023-06-28T13:11:36+00:00\" \/>\n<meta property=\"og:image\" content=\"https:\/\/static.tecnichenuove.it\/areaarch\/2023\/06\/Schermata-2023-06-28-alle-10.33.43.jpg\" \/>\n\t<meta property=\"og:image:width\" content=\"1920\" \/>\n\t<meta property=\"og:image:height\" content=\"1255\" \/>\n\t<meta property=\"og:image:type\" content=\"image\/jpeg\" \/>\n<script type=\"application\/ld+json\" class=\"yoast-schema-graph\">{\"@context\":\"https:\\\/\\\/schema.org\",\"@graph\":[{\"@type\":\"WebPage\",\"@id\":\"https:\\\/\\\/www.area-arch.it\\\/en\\\/contemporary-itinerary\\\/contemporary-itinerary-marrakech\\\/\",\"url\":\"https:\\\/\\\/www.area-arch.it\\\/en\\\/contemporary-itinerary\\\/contemporary-itinerary-marrakech\\\/\",\"name\":\"Contemporary itinerary: Marrakech | Area\",\"isPartOf\":{\"@id\":\"https:\\\/\\\/www.area-arch.it\\\/en\\\/#website\"},\"primaryImageOfPage\":{\"@id\":\"https:\\\/\\\/www.area-arch.it\\\/en\\\/contemporary-itinerary\\\/contemporary-itinerary-marrakech\\\/#primaryimage\"},\"image\":{\"@id\":\"https:\\\/\\\/www.area-arch.it\\\/en\\\/contemporary-itinerary\\\/contemporary-itinerary-marrakech\\\/#primaryimage\"},\"thumbnailUrl\":\"https:\\\/\\\/static.tecnichenuove.it\\\/areaarch\\\/2023\\\/06\\\/Schermata-2023-06-28-alle-10.33.43.jpg\",\"datePublished\":\"2023-06-28T13:07:04+00:00\",\"dateModified\":\"2023-06-28T13:11:36+00:00\",\"description\":\"Area 188\",\"breadcrumb\":{\"@id\":\"https:\\\/\\\/www.area-arch.it\\\/en\\\/contemporary-itinerary\\\/contemporary-itinerary-marrakech\\\/#breadcrumb\"},\"inLanguage\":\"en-US\",\"potentialAction\":[{\"@type\":\"ReadAction\",\"target\":[\"https:\\\/\\\/www.area-arch.it\\\/en\\\/contemporary-itinerary\\\/contemporary-itinerary-marrakech\\\/\"]}]},{\"@type\":\"ImageObject\",\"inLanguage\":\"en-US\",\"@id\":\"https:\\\/\\\/www.area-arch.it\\\/en\\\/contemporary-itinerary\\\/contemporary-itinerary-marrakech\\\/#primaryimage\",\"url\":\"https:\\\/\\\/static.tecnichenuove.it\\\/areaarch\\\/2023\\\/06\\\/Schermata-2023-06-28-alle-10.33.43.jpg\",\"contentUrl\":\"https:\\\/\\\/static.tecnichenuove.it\\\/areaarch\\\/2023\\\/06\\\/Schermata-2023-06-28-alle-10.33.43.jpg\",\"width\":1920,\"height\":1255},{\"@type\":\"BreadcrumbList\",\"@id\":\"https:\\\/\\\/www.area-arch.it\\\/en\\\/contemporary-itinerary\\\/contemporary-itinerary-marrakech\\\/#breadcrumb\",\"itemListElement\":[{\"@type\":\"ListItem\",\"position\":1,\"name\":\"Home\",\"item\":\"https:\\\/\\\/www.area-arch.it\\\/en\\\/homepage-24\\\/\"},{\"@type\":\"ListItem\",\"position\":2,\"name\":\"Itinerary\",\"item\":\"https:\\\/\\\/www.area-arch.it\\\/en\\\/contemporary-itinerary\\\/\"},{\"@type\":\"ListItem\",\"position\":3,\"name\":\"Contemporary itinerary: Marrakech\"}]},{\"@type\":\"WebSite\",\"@id\":\"https:\\\/\\\/www.area-arch.it\\\/en\\\/#website\",\"url\":\"https:\\\/\\\/www.area-arch.it\\\/en\\\/\",\"name\":\"Area\",\"description\":\"rivista di architettura e arti del progetto\",\"potentialAction\":[{\"@type\":\"SearchAction\",\"target\":{\"@type\":\"EntryPoint\",\"urlTemplate\":\"https:\\\/\\\/www.area-arch.it\\\/en\\\/?s={search_term_string}\"},\"query-input\":{\"@type\":\"PropertyValueSpecification\",\"valueRequired\":true,\"valueName\":\"search_term_string\"}}],\"inLanguage\":\"en-US\"}]}<\/script>\n<!-- \/ Yoast SEO plugin. -->","yoast_head_json":{"title":"Contemporary itinerary: Marrakech | Area","description":"Area 188","robots":{"index":"index","follow":"follow","max-snippet":"max-snippet:-1","max-image-preview":"max-image-preview:large","max-video-preview":"max-video-preview:-1"},"canonical":"https:\/\/www.area-arch.it\/en\/contemporary-itinerary\/contemporary-itinerary-marrakech\/","og_locale":"en_US","og_type":"article","og_title":"Contemporary itinerary: Marrakech | Area","og_description":"Area 188","og_url":"https:\/\/www.area-arch.it\/en\/contemporary-itinerary\/contemporary-itinerary-marrakech\/","og_site_name":"Area","article_publisher":"https:\/\/www.facebook.com\/Area.Arch","article_modified_time":"2023-06-28T13:11:36+00:00","og_image":[{"width":1920,"height":1255,"url":"https:\/\/static.tecnichenuove.it\/areaarch\/2023\/06\/Schermata-2023-06-28-alle-10.33.43.jpg","type":"image\/jpeg"}],"schema":{"@context":"https:\/\/schema.org","@graph":[{"@type":"WebPage","@id":"https:\/\/www.area-arch.it\/en\/contemporary-itinerary\/contemporary-itinerary-marrakech\/","url":"https:\/\/www.area-arch.it\/en\/contemporary-itinerary\/contemporary-itinerary-marrakech\/","name":"Contemporary itinerary: Marrakech | Area","isPartOf":{"@id":"https:\/\/www.area-arch.it\/en\/#website"},"primaryImageOfPage":{"@id":"https:\/\/www.area-arch.it\/en\/contemporary-itinerary\/contemporary-itinerary-marrakech\/#primaryimage"},"image":{"@id":"https:\/\/www.area-arch.it\/en\/contemporary-itinerary\/contemporary-itinerary-marrakech\/#primaryimage"},"thumbnailUrl":"https:\/\/static.tecnichenuove.it\/areaarch\/2023\/06\/Schermata-2023-06-28-alle-10.33.43.jpg","datePublished":"2023-06-28T13:07:04+00:00","dateModified":"2023-06-28T13:11:36+00:00","description":"Area 188","breadcrumb":{"@id":"https:\/\/www.area-arch.it\/en\/contemporary-itinerary\/contemporary-itinerary-marrakech\/#breadcrumb"},"inLanguage":"en-US","potentialAction":[{"@type":"ReadAction","target":["https:\/\/www.area-arch.it\/en\/contemporary-itinerary\/contemporary-itinerary-marrakech\/"]}]},{"@type":"ImageObject","inLanguage":"en-US","@id":"https:\/\/www.area-arch.it\/en\/contemporary-itinerary\/contemporary-itinerary-marrakech\/#primaryimage","url":"https:\/\/static.tecnichenuove.it\/areaarch\/2023\/06\/Schermata-2023-06-28-alle-10.33.43.jpg","contentUrl":"https:\/\/static.tecnichenuove.it\/areaarch\/2023\/06\/Schermata-2023-06-28-alle-10.33.43.jpg","width":1920,"height":1255},{"@type":"BreadcrumbList","@id":"https:\/\/www.area-arch.it\/en\/contemporary-itinerary\/contemporary-itinerary-marrakech\/#breadcrumb","itemListElement":[{"@type":"ListItem","position":1,"name":"Home","item":"https:\/\/www.area-arch.it\/en\/homepage-24\/"},{"@type":"ListItem","position":2,"name":"Itinerary","item":"https:\/\/www.area-arch.it\/en\/contemporary-itinerary\/"},{"@type":"ListItem","position":3,"name":"Contemporary itinerary: Marrakech"}]},{"@type":"WebSite","@id":"https:\/\/www.area-arch.it\/en\/#website","url":"https:\/\/www.area-arch.it\/en\/","name":"Area","description":"rivista di architettura e arti del progetto","potentialAction":[{"@type":"SearchAction","target":{"@type":"EntryPoint","urlTemplate":"https:\/\/www.area-arch.it\/en\/?s={search_term_string}"},"query-input":{"@type":"PropertyValueSpecification","valueRequired":true,"valueName":"search_term_string"}}],"inLanguage":"en-US"}]}},"_links":{"self":[{"href":"https:\/\/www.area-arch.it\/en\/wp-json\/wp\/v2\/pages\/135478","targetHints":{"allow":["GET"]}}],"collection":[{"href":"https:\/\/www.area-arch.it\/en\/wp-json\/wp\/v2\/pages"}],"about":[{"href":"https:\/\/www.area-arch.it\/en\/wp-json\/wp\/v2\/types\/page"}],"author":[{"embeddable":true,"href":"https:\/\/www.area-arch.it\/en\/wp-json\/wp\/v2\/users\/1164"}],"replies":[{"embeddable":true,"href":"https:\/\/www.area-arch.it\/en\/wp-json\/wp\/v2\/comments?post=135478"}],"version-history":[{"count":1,"href":"https:\/\/www.area-arch.it\/en\/wp-json\/wp\/v2\/pages\/135478\/revisions"}],"predecessor-version":[{"id":135616,"href":"https:\/\/www.area-arch.it\/en\/wp-json\/wp\/v2\/pages\/135478\/revisions\/135616"}],"up":[{"embeddable":true,"href":"https:\/\/www.area-arch.it\/en\/wp-json\/wp\/v2\/pages\/29927"}],"wp:featuredmedia":[{"embeddable":true,"href":"https:\/\/www.area-arch.it\/en\/wp-json\/wp\/v2\/media\/135479"}],"wp:attachment":[{"href":"https:\/\/www.area-arch.it\/en\/wp-json\/wp\/v2\/media?parent=135478"}],"curies":[{"name":"wp","href":"https:\/\/api.w.org\/{rel}","templated":true}]}}