{"id":118935,"date":"2022-04-20T14:19:55","date_gmt":"2022-04-20T12:19:55","guid":{"rendered":"https:\/\/www.area-arch.it\/?page_id=118935"},"modified":"2022-06-01T09:54:18","modified_gmt":"2022-06-01T07:54:18","slug":"contemporary-itinerary-paris","status":"publish","type":"page","link":"https:\/\/www.area-arch.it\/en\/contemporary-itinerary\/contemporary-itinerary-paris\/","title":{"rendered":"Contemporary itinerary: Paris"},"content":{"rendered":"<div class=\"area-mappa\">\n  <a name=\"mappa\" id=\"mappa\"><\/a>\n  <div id=\"js-wpv-addon-maps-render-map-1\" style=\"width:100%; height:500px;\" class=\"wpv-addon-maps-render js-wpv-addon-maps-render js-wpv-addon-maps-render-map-1 \" data-map=\"map-1\" data-generalzoom=\"5\" data-generalcenterlat=\"0\" data-generalcenterlon=\"0\" data-fitbounds=\"on\" data-singlezoom=\"14\" data-singlecenter=\"on\" data-osmlayer=\"standard\" data-maptype=\"roadmap\" data-showlayerinterests=\"false\" data-markericon=\"\" data-markericonhover=\"\" data-draggable=\"on\" data-scrollwheel=\"on\" data-doubleclickzoom=\"on\" data-maptypecontrol=\"on\" data-fullscreencontrol=\"on\" data-zoomcontrol=\"on\" data-streetviewcontrol=\"on\" data-backgroundcolor=\"\" data-cluster=\"on\" data-clustergridsize=\"60\" data-clustermaxzoom=\"\" data-clusterclickzoom=\"on\" data-clusterminsize=\"2\" data-stylejson=\"\/\/www.area-arch.it\/wp-content\/plugins\/toolset-maps\/resources\/json\/Standard.json\" data-spiderfy=\"off\" data-streetview=\"off\" data-markerid=\"\" data-location=\"\" data-lat=\"0\" data-long=\"0\" data-heading=\"\" data-pitch=\"\"><\/div>\n  \n\t<div class=\"sponsor\">\n    \n\t\t<a href=\"https:\/\/www.area-arch.it\/\" target=\"_blank\" rel=\"noopener noreferrer\">\n    \n          <img decoding=\"async\" src=\"https:\/\/www.area-arch.it\/wp-content\/uploads\/sites\/6\/2017\/10\/logo_area_369.png\" alt=\"sponsor\" class=\"attachment-full\" \/>\n    \n\t\t<\/a>\n    \n\t<\/div>\n  \n<\/div>\n<form autocomplete=\"off\" name=\"wpv-filter-28977-CATTR335225c552c93fabe7ce7be2e760d4c8\" action=\"\/en\/wp-json\/wp\/v2\/pages\/118935?wpv_view_count=28977-CATTR335225c552c93fabe7ce7be2e760d4c8\" method=\"get\" class=\"wpv-filter-form js-wpv-filter-form js-wpv-filter-form-28977-CATTR335225c552c93fabe7ce7be2e760d4c8 js-wpv-form-full\" data-viewnumber=\"28977-CATTR335225c552c93fabe7ce7be2e760d4c8\" data-viewid=\"28977\" data-viewhash=\"eyJuYW1lIjoiaXRpbmVyYXJpIiwid3B2Y2l0dGFpdGluZXJhcmlvIjoicGFyaXMifQ==\" data-viewwidgetid=\"0\" data-orderby=\"\" data-order=\"\" data-orderbyas=\"\" data-orderbysecond=\"\" data-ordersecond=\"\" data-parametric=\"{&quot;query&quot;:&quot;normal&quot;,&quot;id&quot;:28977,&quot;view_id&quot;:28977,&quot;widget_id&quot;:0,&quot;view_hash&quot;:&quot;28977-CATTR335225c552c93fabe7ce7be2e760d4c8&quot;,&quot;action&quot;:&quot;\\\/en\\\/wp-json\\\/wp\\\/v2\\\/pages\\\/118935?wpv_view_count=28977-CATTR335225c552c93fabe7ce7be2e760d4c8&quot;,&quot;sort&quot;:{&quot;orderby&quot;:&quot;&quot;,&quot;order&quot;:&quot;&quot;,&quot;orderby_as&quot;:&quot;&quot;,&quot;orderby_second&quot;:&quot;&quot;,&quot;order_second&quot;:&quot;&quot;},&quot;orderby&quot;:&quot;&quot;,&quot;order&quot;:&quot;&quot;,&quot;orderby_as&quot;:&quot;&quot;,&quot;orderby_second&quot;:&quot;&quot;,&quot;order_second&quot;:&quot;&quot;,&quot;ajax_form&quot;:&quot;&quot;,&quot;ajax_results&quot;:&quot;&quot;,&quot;effect&quot;:&quot;fade&quot;,&quot;prebefore&quot;:&quot;&quot;,&quot;before&quot;:&quot;&quot;,&quot;after&quot;:&quot;&quot;,&quot;attributes&quot;:{&quot;wpvcittaitinerario&quot;:&quot;paris&quot;},&quot;environment&quot;:{&quot;current_post_id&quot;:118935,&quot;parent_post_id&quot;:118935,&quot;parent_term_id&quot;:0,&quot;parent_user_id&quot;:0,&quot;archive&quot;:{&quot;type&quot;:&quot;&quot;,&quot;name&quot;:&quot;&quot;,&quot;data&quot;:[]}},&quot;loop&quot;:{&quot;type&quot;:&quot;&quot;,&quot;name&quot;:&quot;&quot;,&quot;data&quot;:[],&quot;id&quot;:0}}\" data-attributes=\"{&quot;wpvcittaitinerario&quot;:&quot;paris&quot;}\" data-environment=\"{&quot;current_post_id&quot;:118935,&quot;parent_post_id&quot;:118935,&quot;parent_term_id&quot;:0,&quot;parent_user_id&quot;:0,&quot;archive&quot;:{&quot;type&quot;:&quot;&quot;,&quot;name&quot;:&quot;&quot;,&quot;data&quot;:[]}}\"><input type=\"hidden\" class=\"js-wpv-dps-filter-data js-wpv-filter-data-for-this-form\" data-action=\"\/en\/wp-json\/wp\/v2\/pages\/118935?wpv_view_count=28977-CATTR335225c552c93fabe7ce7be2e760d4c8\" data-page=\"1\" data-ajax=\"disable\" data-effect=\"fade\" data-maxpages=\"0\" data-ajaxprebefore=\"\" data-ajaxbefore=\"\" data-ajaxafter=\"\" \/><input class=\"wpv_view_count wpv_view_count-28977-CATTR335225c552c93fabe7ce7be2e760d4c8\" type=\"hidden\" name=\"wpv_view_count\" value=\"28977-CATTR335225c552c93fabe7ce7be2e760d4c8\" \/>\n\n<div class=\"filtro-itinerario\">\n  \tsearch:\n\t<input type=\"text\" name=\"wpv_post_search\"  class=\"js-wpv-filter-trigger-delayed\" \/>\n\ttipology:\n  \t\r\n<select  id=\"wpv_control_select_tipology\" name=\"tipology[]\" style=\"\" class=\"js-wpv-filter-trigger  wpcf-form-select form-select select\">\r\n<option value=\"\" selected=\"selected\" class=\"js-wpv-filter-trigger wpcf-form-option form-option option\">all<\/option>\r\n<option value=\"1\" class=\"js-wpv-filter-trigger wpcf-form-option form-option option\">art gallery<\/option>\r\n<option value=\"2\" class=\"js-wpv-filter-trigger wpcf-form-option form-option option\">art studios<\/option>\r\n<option value=\"3\" class=\"js-wpv-filter-trigger wpcf-form-option form-option option\">commercial<\/option>\r\n<option value=\"4\" class=\"js-wpv-filter-trigger wpcf-form-option form-option option\">education<\/option>\r\n<option value=\"5\" class=\"js-wpv-filter-trigger wpcf-form-option form-option option\">health<\/option>\r\n<option value=\"6\" class=\"js-wpv-filter-trigger wpcf-form-option form-option option\">infrastructure<\/option>\r\n<option value=\"7\" class=\"js-wpv-filter-trigger wpcf-form-option form-option option\">hotel<\/option>\r\n<option value=\"8\" class=\"js-wpv-filter-trigger wpcf-form-option form-option option\">library<\/option>\r\n<option value=\"9\" class=\"js-wpv-filter-trigger wpcf-form-option form-option option\">mixed use<\/option>\r\n<option value=\"10\" class=\"js-wpv-filter-trigger wpcf-form-option form-option option\">museum<\/option>\r\n<option value=\"11\" class=\"js-wpv-filter-trigger wpcf-form-option form-option option\">office<\/option>\r\n<option value=\"12\" class=\"js-wpv-filter-trigger wpcf-form-option form-option option\">public<\/option>\r\n<option value=\"13\" class=\"js-wpv-filter-trigger wpcf-form-option form-option option\">residential<\/option>\r\n<option value=\"14\" class=\"js-wpv-filter-trigger wpcf-form-option form-option option\">sport<\/option>\r\n<option value=\"15\" class=\"js-wpv-filter-trigger wpcf-form-option form-option option\">theatre<\/option>\r\n<option value=\"16\" class=\"js-wpv-filter-trigger wpcf-form-option form-option option\">student accomodation<\/option>\r\n<option value=\"17\" class=\"js-wpv-filter-trigger wpcf-form-option form-option option\">church<\/option>\r\n<option value=\"18\" class=\"js-wpv-filter-trigger wpcf-form-option form-option option\">parc<\/option>\r\n<option value=\"19\" class=\"js-wpv-filter-trigger wpcf-form-option form-option option\">winery<\/option>\r\n<option value=\"20\" class=\"js-wpv-filter-trigger wpcf-form-option form-option option\">restaurant<\/option>\r\n<\/select>\r\n\n    <input type=\"submit\" class=\"wpv-submit-trigger js-wpv-submit-trigger\" name=\"wpv_filter_submit\" value=\"Search\" \/>\n    <input type=\"button\" class=\"wpv-reset-trigger js-wpv-reset-trigger\" name=\"wpv_filter_reset\" value=\"Reset\" \/>\n<\/div>\n\n<\/form>\n<div id=\"wpv-view-layout-28977-CATTR335225c552c93fabe7ce7be2e760d4c8\" class=\"js-wpv-view-layout js-wpv-layout-responsive js-wpv-view-layout-28977-CATTR335225c552c93fabe7ce7be2e760d4c8\" data-viewnumber=\"28977-CATTR335225c552c93fabe7ce7be2e760d4c8\" data-pagination=\"{&quot;id&quot;:28977,&quot;query&quot;:&quot;normal&quot;,&quot;type&quot;:&quot;disabled&quot;,&quot;effect&quot;:&quot;fade&quot;,&quot;duration&quot;:&quot;500&quot;,&quot;speed&quot;:5,&quot;pause_on_hover&quot;:&quot;disabled&quot;,&quot;stop_rollover&quot;:&quot;false&quot;,&quot;cache_pages&quot;:&quot;enabled&quot;,&quot;preload_images&quot;:&quot;enabled&quot;,&quot;preload_pages&quot;:&quot;enabled&quot;,&quot;preload_reach&quot;:&quot;1&quot;,&quot;spinner&quot;:&quot;builtin&quot;,&quot;spinner_image&quot;:&quot;https:\/\/test.area-arch.it\/wp-content\/plugins\/wp-views\/res\/img\/ajax-loader.gif&quot;,&quot;callback_next&quot;:&quot;&quot;,&quot;manage_history&quot;:&quot;enabled&quot;,&quot;has_controls_in_form&quot;:&quot;disabled&quot;,&quot;infinite_tolerance&quot;:&quot;0&quot;,&quot;max_pages&quot;:0,&quot;page&quot;:1,&quot;base_permalink&quot;:&quot;\/en\/wp-json\/wp\/v2\/pages\/118935?wpv_view_count=28977-CATTR335225c552c93fabe7ce7be2e760d4c8&amp;wpv_paged=WPV_PAGE_NUM&quot;,&quot;loop&quot;:{&quot;type&quot;:&quot;&quot;,&quot;name&quot;:&quot;&quot;,&quot;data&quot;:[],&quot;id&quot;:0}}\" data-permalink=\"\/en\/wp-json\/wp\/v2\/pages\/118935?wpv_view_count=28977-CATTR335225c552c93fabe7ce7be2e760d4c8\">\n\n<div class=\"entry-summary numero-area\">\n\n\t<span>area 181<\/span>\n\t\n  \t\t<span>|<\/span>\n  \t\n\n\n\t<span>Spaces for art<\/span>\n\n    <a href=\"https:\/\/share-eu1.hsforms.com\/1-8N7GglVTICUosdieEK9KA2b3nva\" class=\"download\" target=\"_blank\">Download the map (PDF)<\/a>\n<\/div>\n\n<div class=\"mappa-itinerario\">\n\t\n<ul>\n\t\n\t\t\n          <li>\n            \n          <div style=\"display:none\" class=\"wpv-addon-maps-marker js-wpv-addon-maps-marker js-wpv-addon-maps-marker-marker-118938 js-wpv-addon-maps-markerfor-map-1\" data-marker=\"marker-118938\" data-markertitle=\"Nursery in Paris\" data-markerfor=\"map-1\" data-markerlat=\"48.8880956\" data-markerlon=\"2.3612563\" data-markericon=\"\/wp-content\/uploads\/sites\/6\/2017\/11\/area_marker_5.png\" data-markericonhover=\"\" data-streetview=\"no\" data-fromview=\"\">\n            <article class=\"marker-itinerario\">\n\t<div class=\"entry-thumbnail\">\n      \n      \n      \t<img loading=\"lazy\" decoding=\"async\" width=\"528\" height=\"883\" src=\"https:\/\/static.tecnichenuove.it\/areaarch\/2022\/04\/1_photo-sergio-grazia-DE_ALZUA-creche-paris18_IMP-01.jpg\" class=\"attachment-post-thumbnail size-post-thumbnail wp-post-image\" alt=\"\" srcset=\"https:\/\/static.tecnichenuove.it\/areaarch\/2022\/04\/1_photo-sergio-grazia-DE_ALZUA-creche-paris18_IMP-01.jpg 528w, https:\/\/static.tecnichenuove.it\/areaarch\/2022\/04\/1_photo-sergio-grazia-DE_ALZUA-creche-paris18_IMP-01-179x300.jpg 179w, https:\/\/static.tecnichenuove.it\/areaarch\/2022\/04\/1_photo-sergio-grazia-DE_ALZUA-creche-paris18_IMP-01-251x420.jpg 251w\" sizes=\"auto, (max-width: 528px) 100vw, 528px\" \/>\n      \t<img decoding=\"async\" src=\"https:\/\/www.area-arch.it\/wp-content\/uploads\/sites\/6\/2022\/04\/72nursery_Paris_-_section_-_dealzua.jpeg\" class=\"attachment-post-thumbnail\" \/>\n      \n\t<\/div>\n  \t<div class=\"entry-column\">\n      <h3 class=\"entry-title td-module-title\">Nursery in Paris<\/h3>\n      <div class=\"td-excerpt\">\n            <div id=\"wpcf-field-tipology\" class=\"wpcf-field-select wpcf-field-tipology\"><span class=\"wpcf-field-name wpcf-field-select-name wpcf-field-tipology-name\">tipology:<\/span> <span class=\"wpcf-field-value wpcf-field-select-value wpcf-field-tipology-value\">health<\/span><\/div>\n            <div id=\"wpcf-field-architect\" class=\"wpcf-field-single-line wpcf-field-architect\"><span class=\"wpcf-field-name wpcf-field-single-line-name wpcf-field-architect-name\">architect:<\/span> <span class=\"wpcf-field-value wpcf-field-single-line-value wpcf-field-architect-value\">de Alzua+<\/span><\/div>\n            <div id=\"wpcf-field-realization\" class=\"wpcf-field-number wpcf-field-realization\"><span class=\"wpcf-field-name wpcf-field-number-name wpcf-field-realization-name\">realization:<\/span> <span class=\"wpcf-field-value wpcf-field-number-value wpcf-field-realization-value\">2021<\/span><\/div>\n            7 Rue Romy Schneider, Parigi, Francia\n          <\/div>\n  <\/div>\n<\/article>\n          <\/div>\n            <h4><a href=\"#\" onclick=\"cimap();\" class=\"link-marker js-wpv-addon-maps-focus-map js-toolset-maps-hover-map-map-1-marker-marker-118938 js-toolset-maps-open-infowindow-map-map-1-marker-marker-118938\" data-map=\"map-1\" data-marker=\"marker-118938\">01. Nursery in Paris<\/a><\/h4>\n            <div id=\"wpcf-field-tipology\" class=\"wpcf-field-select wpcf-field-tipology\"><span class=\"wpcf-field-name wpcf-field-select-name wpcf-field-tipology-name\">tipology:<\/span> <span class=\"wpcf-field-value wpcf-field-select-value wpcf-field-tipology-value\">health<\/span><\/div> | <div id=\"wpcf-field-architect\" class=\"wpcf-field-single-line wpcf-field-architect\"><span class=\"wpcf-field-name wpcf-field-single-line-name wpcf-field-architect-name\">architect:<\/span> <span class=\"wpcf-field-value wpcf-field-single-line-value wpcf-field-architect-value\">de Alzua+<\/span><\/div> | <div id=\"wpcf-field-realization\" class=\"wpcf-field-number wpcf-field-realization\"><span class=\"wpcf-field-name wpcf-field-number-name wpcf-field-realization-name\">realization:<\/span> <span class=\"wpcf-field-value wpcf-field-number-value wpcf-field-realization-value\">2021<\/span><\/div>\n          <\/li>\n\t\t\n          <li>\n            \n          <div style=\"display:none\" class=\"wpv-addon-maps-marker js-wpv-addon-maps-marker js-wpv-addon-maps-marker-marker-118942 js-wpv-addon-maps-markerfor-map-1\" data-marker=\"marker-118942\" data-markertitle=\"Ourcq\" data-markerfor=\"map-1\" data-markerlat=\"48.8897155\" data-markerlon=\"2.3831815\" data-markericon=\"\/wp-content\/uploads\/sites\/6\/2017\/11\/area_marker_13.png\" data-markericonhover=\"\" data-streetview=\"no\" data-fromview=\"\">\n            <article class=\"marker-itinerario\">\n\t<div class=\"entry-thumbnail\">\n      \n      \n      \t<img loading=\"lazy\" decoding=\"async\" width=\"1333\" height=\"1000\" src=\"https:\/\/static.tecnichenuove.it\/areaarch\/2022\/04\/SCRE_000275214_web.jpg\" class=\"attachment-post-thumbnail size-post-thumbnail wp-post-image\" alt=\"\" srcset=\"https:\/\/static.tecnichenuove.it\/areaarch\/2022\/04\/SCRE_000275214_web.jpg 1333w, https:\/\/static.tecnichenuove.it\/areaarch\/2022\/04\/SCRE_000275214_web-300x225.jpg 300w, https:\/\/static.tecnichenuove.it\/areaarch\/2022\/04\/SCRE_000275214_web-1024x768.jpg 1024w, https:\/\/static.tecnichenuove.it\/areaarch\/2022\/04\/SCRE_000275214_web-768x576.jpg 768w, https:\/\/static.tecnichenuove.it\/areaarch\/2022\/04\/SCRE_000275214_web-80x60.jpg 80w, https:\/\/static.tecnichenuove.it\/areaarch\/2022\/04\/SCRE_000275214_web-160x120.jpg 160w, https:\/\/static.tecnichenuove.it\/areaarch\/2022\/04\/SCRE_000275214_web-265x198.jpg 265w, https:\/\/static.tecnichenuove.it\/areaarch\/2022\/04\/SCRE_000275214_web-696x522.jpg 696w, https:\/\/static.tecnichenuove.it\/areaarch\/2022\/04\/SCRE_000275214_web-1068x801.jpg 1068w, https:\/\/static.tecnichenuove.it\/areaarch\/2022\/04\/SCRE_000275214_web-560x420.jpg 560w\" sizes=\"auto, (max-width: 1333px) 100vw, 1333px\" \/>\n      \t<img decoding=\"async\" src=\"https:\/\/www.area-arch.it\/wp-content\/uploads\/sites\/6\/2022\/04\/03_EX_COUPE.jpg\" class=\"attachment-post-thumbnail\" \/>\n      \n\t<\/div>\n  \t<div class=\"entry-column\">\n      <h3 class=\"entry-title td-module-title\">Ourcq<\/h3>\n      <div class=\"td-excerpt\">\n            <div id=\"wpcf-field-tipology\" class=\"wpcf-field-select wpcf-field-tipology\"><span class=\"wpcf-field-name wpcf-field-select-name wpcf-field-tipology-name\">tipology:<\/span> <span class=\"wpcf-field-value wpcf-field-select-value wpcf-field-tipology-value\">residential<\/span><\/div>\n            <div id=\"wpcf-field-architect\" class=\"wpcf-field-single-line wpcf-field-architect\"><span class=\"wpcf-field-name wpcf-field-single-line-name wpcf-field-architect-name\">architect:<\/span> <span class=\"wpcf-field-value wpcf-field-single-line-value wpcf-field-architect-value\">Karawitz Architecture<\/span><\/div>\n            <div id=\"wpcf-field-realization\" class=\"wpcf-field-number wpcf-field-realization\"><span class=\"wpcf-field-name wpcf-field-number-name wpcf-field-realization-name\">realization:<\/span> <span class=\"wpcf-field-value wpcf-field-number-value wpcf-field-realization-value\">2016<\/span><\/div>\n            45 Rue de l'Ourcq, Parigi, Francia\n          <\/div>\n  <\/div>\n<\/article>\n          <\/div>\n            <h4><a href=\"#\" onclick=\"cimap();\" class=\"link-marker js-wpv-addon-maps-focus-map js-toolset-maps-hover-map-map-1-marker-marker-118942 js-toolset-maps-open-infowindow-map-map-1-marker-marker-118942\" data-map=\"map-1\" data-marker=\"marker-118942\">02. Ourcq<\/a><\/h4>\n            <div id=\"wpcf-field-tipology\" class=\"wpcf-field-select wpcf-field-tipology\"><span class=\"wpcf-field-name wpcf-field-select-name wpcf-field-tipology-name\">tipology:<\/span> <span class=\"wpcf-field-value wpcf-field-select-value wpcf-field-tipology-value\">residential<\/span><\/div> | <div id=\"wpcf-field-architect\" class=\"wpcf-field-single-line wpcf-field-architect\"><span class=\"wpcf-field-name wpcf-field-single-line-name wpcf-field-architect-name\">architect:<\/span> <span class=\"wpcf-field-value wpcf-field-single-line-value wpcf-field-architect-value\">Karawitz Architecture<\/span><\/div> | <div id=\"wpcf-field-realization\" class=\"wpcf-field-number wpcf-field-realization\"><span class=\"wpcf-field-name wpcf-field-number-name wpcf-field-realization-name\">realization:<\/span> <span class=\"wpcf-field-value wpcf-field-number-value wpcf-field-realization-value\">2016<\/span><\/div>\n          <\/li>\n\t\t\n          <li>\n            \n          <div style=\"display:none\" class=\"wpv-addon-maps-marker js-wpv-addon-maps-marker js-wpv-addon-maps-marker-marker-118946 js-wpv-addon-maps-markerfor-map-1\" data-marker=\"marker-118946\" data-markertitle=\"Logements sociaux de la rue de Chaumont\" data-markerfor=\"map-1\" data-markerlat=\"48.8813335\" data-markerlon=\"2.3722046\" data-markericon=\"\/wp-content\/uploads\/sites\/6\/2017\/11\/area_marker_13.png\" data-markericonhover=\"\" data-streetview=\"no\" data-fromview=\"\">\n            <article class=\"marker-itinerario\">\n\t<div class=\"entry-thumbnail\">\n      \n      \n      \t<img loading=\"lazy\" decoding=\"async\" width=\"933\" height=\"1400\" src=\"https:\/\/static.tecnichenuove.it\/areaarch\/2022\/04\/300-PROJECTILES-CHAUMONT-143-VF.jpeg\" class=\"attachment-post-thumbnail size-post-thumbnail wp-post-image\" alt=\"\" srcset=\"https:\/\/static.tecnichenuove.it\/areaarch\/2022\/04\/300-PROJECTILES-CHAUMONT-143-VF.jpeg 933w, https:\/\/static.tecnichenuove.it\/areaarch\/2022\/04\/300-PROJECTILES-CHAUMONT-143-VF-200x300.jpeg 200w, https:\/\/static.tecnichenuove.it\/areaarch\/2022\/04\/300-PROJECTILES-CHAUMONT-143-VF-682x1024.jpeg 682w, https:\/\/static.tecnichenuove.it\/areaarch\/2022\/04\/300-PROJECTILES-CHAUMONT-143-VF-768x1152.jpeg 768w, https:\/\/static.tecnichenuove.it\/areaarch\/2022\/04\/300-PROJECTILES-CHAUMONT-143-VF-696x1044.jpeg 696w, https:\/\/static.tecnichenuove.it\/areaarch\/2022\/04\/300-PROJECTILES-CHAUMONT-143-VF-280x420.jpeg 280w\" sizes=\"auto, (max-width: 933px) 100vw, 933px\" \/>\n      \t<img decoding=\"async\" src=\"https:\/\/www.area-arch.it\/wp-content\/uploads\/sites\/6\/2022\/04\/150-Plan-RIVP_copy.jpeg\" class=\"attachment-post-thumbnail\" \/>\n      \n\t<\/div>\n  \t<div class=\"entry-column\">\n      <h3 class=\"entry-title td-module-title\">Logements sociaux de la rue de Chaumont<\/h3>\n      <div class=\"td-excerpt\">\n            <div id=\"wpcf-field-tipology\" class=\"wpcf-field-select wpcf-field-tipology\"><span class=\"wpcf-field-name wpcf-field-select-name wpcf-field-tipology-name\">tipology:<\/span> <span class=\"wpcf-field-value wpcf-field-select-value wpcf-field-tipology-value\">residential<\/span><\/div>\n            <div id=\"wpcf-field-architect\" class=\"wpcf-field-single-line wpcf-field-architect\"><span class=\"wpcf-field-name wpcf-field-single-line-name wpcf-field-architect-name\">architect:<\/span> <span class=\"wpcf-field-value wpcf-field-single-line-value wpcf-field-architect-value\">Projectiles<\/span><\/div>\n            <div id=\"wpcf-field-realization\" class=\"wpcf-field-number wpcf-field-realization\"><span class=\"wpcf-field-name wpcf-field-number-name wpcf-field-realization-name\">realization:<\/span> <span class=\"wpcf-field-value wpcf-field-number-value wpcf-field-realization-value\">2015<\/span><\/div>\n            5 Rue de Chaumont, Parigi, Francia\n          <\/div>\n  <\/div>\n<\/article>\n          <\/div>\n            <h4><a href=\"#\" onclick=\"cimap();\" class=\"link-marker js-wpv-addon-maps-focus-map js-toolset-maps-hover-map-map-1-marker-marker-118946 js-toolset-maps-open-infowindow-map-map-1-marker-marker-118946\" data-map=\"map-1\" data-marker=\"marker-118946\">03. Logements sociaux de la rue de Chaumont<\/a><\/h4>\n            <div id=\"wpcf-field-tipology\" class=\"wpcf-field-select wpcf-field-tipology\"><span class=\"wpcf-field-name wpcf-field-select-name wpcf-field-tipology-name\">tipology:<\/span> <span class=\"wpcf-field-value wpcf-field-select-value wpcf-field-tipology-value\">residential<\/span><\/div> | <div id=\"wpcf-field-architect\" class=\"wpcf-field-single-line wpcf-field-architect\"><span class=\"wpcf-field-name wpcf-field-single-line-name wpcf-field-architect-name\">architect:<\/span> <span class=\"wpcf-field-value wpcf-field-single-line-value wpcf-field-architect-value\">Projectiles<\/span><\/div> | <div id=\"wpcf-field-realization\" class=\"wpcf-field-number wpcf-field-realization\"><span class=\"wpcf-field-name wpcf-field-number-name wpcf-field-realization-name\">realization:<\/span> <span class=\"wpcf-field-value wpcf-field-number-value wpcf-field-realization-value\">2015<\/span><\/div>\n          <\/li>\n\t\t\n          <li>\n            \n          <div style=\"display:none\" class=\"wpv-addon-maps-marker js-wpv-addon-maps-marker js-wpv-addon-maps-marker-marker-118949 js-wpv-addon-maps-markerfor-map-1\" data-marker=\"marker-118949\" data-markertitle=\"Rue Paul Meurice\" data-markerfor=\"map-1\" data-markerlat=\"48.8740041\" data-markerlon=\"2.41217\" data-markericon=\"\/wp-content\/uploads\/sites\/6\/2017\/11\/area_marker_14.png\" data-markericonhover=\"\" data-streetview=\"no\" data-fromview=\"\">\n            <article class=\"marker-itinerario\">\n\t<div class=\"entry-thumbnail\">\n      \n      \n      \t<img loading=\"lazy\" decoding=\"async\" width=\"1065\" height=\"605\" src=\"https:\/\/static.tecnichenuove.it\/areaarch\/2022\/04\/67382172_073-01-IMG_3192.jpg\" class=\"attachment-post-thumbnail size-post-thumbnail wp-post-image\" alt=\"\" srcset=\"https:\/\/static.tecnichenuove.it\/areaarch\/2022\/04\/67382172_073-01-IMG_3192.jpg 1065w, https:\/\/static.tecnichenuove.it\/areaarch\/2022\/04\/67382172_073-01-IMG_3192-300x170.jpg 300w, https:\/\/static.tecnichenuove.it\/areaarch\/2022\/04\/67382172_073-01-IMG_3192-1024x582.jpg 1024w, https:\/\/static.tecnichenuove.it\/areaarch\/2022\/04\/67382172_073-01-IMG_3192-768x436.jpg 768w, https:\/\/static.tecnichenuove.it\/areaarch\/2022\/04\/67382172_073-01-IMG_3192-696x395.jpg 696w, https:\/\/static.tecnichenuove.it\/areaarch\/2022\/04\/67382172_073-01-IMG_3192-739x420.jpg 739w\" sizes=\"auto, (max-width: 1065px) 100vw, 1065px\" \/>\n      \t<img decoding=\"async\" src=\"https:\/\/www.area-arch.it\/wp-content\/uploads\/sites\/6\/2022\/04\/17229854_073-10-pianta-piano-0.jpg\" class=\"attachment-post-thumbnail\" \/>\n      \n\t<\/div>\n  \t<div class=\"entry-column\">\n      <h3 class=\"entry-title td-module-title\">Rue Paul Meurice<\/h3>\n      <div class=\"td-excerpt\">\n            <div id=\"wpcf-field-tipology\" class=\"wpcf-field-select wpcf-field-tipology\"><span class=\"wpcf-field-name wpcf-field-select-name wpcf-field-tipology-name\">tipology:<\/span> <span class=\"wpcf-field-value wpcf-field-select-value wpcf-field-tipology-value\">sport<\/span><\/div>\n            <div id=\"wpcf-field-architect\" class=\"wpcf-field-single-line wpcf-field-architect\"><span class=\"wpcf-field-name wpcf-field-single-line-name wpcf-field-architect-name\">architect:<\/span> <span class=\"wpcf-field-value wpcf-field-single-line-value wpcf-field-architect-value\">Scape<\/span><\/div>\n            <div id=\"wpcf-field-realization\" class=\"wpcf-field-number wpcf-field-realization\"><span class=\"wpcf-field-name wpcf-field-number-name wpcf-field-realization-name\">realization:<\/span> <span class=\"wpcf-field-value wpcf-field-number-value wpcf-field-realization-value\">2015<\/span><\/div>\n            28 Rue Paul Meurice, Parigi, Francia\n          <\/div>\n  <\/div>\n<\/article>\n          <\/div>\n            <h4><a href=\"#\" onclick=\"cimap();\" class=\"link-marker js-wpv-addon-maps-focus-map js-toolset-maps-hover-map-map-1-marker-marker-118949 js-toolset-maps-open-infowindow-map-map-1-marker-marker-118949\" data-map=\"map-1\" data-marker=\"marker-118949\">04. Rue Paul Meurice<\/a><\/h4>\n            <div id=\"wpcf-field-tipology\" class=\"wpcf-field-select wpcf-field-tipology\"><span class=\"wpcf-field-name wpcf-field-select-name wpcf-field-tipology-name\">tipology:<\/span> <span class=\"wpcf-field-value wpcf-field-select-value wpcf-field-tipology-value\">sport<\/span><\/div> | <div id=\"wpcf-field-architect\" class=\"wpcf-field-single-line wpcf-field-architect\"><span class=\"wpcf-field-name wpcf-field-single-line-name wpcf-field-architect-name\">architect:<\/span> <span class=\"wpcf-field-value wpcf-field-single-line-value wpcf-field-architect-value\">Scape<\/span><\/div> | <div id=\"wpcf-field-realization\" class=\"wpcf-field-number wpcf-field-realization\"><span class=\"wpcf-field-name wpcf-field-number-name wpcf-field-realization-name\">realization:<\/span> <span class=\"wpcf-field-value wpcf-field-number-value wpcf-field-realization-value\">2015<\/span><\/div>\n          <\/li>\n\t\t\n          <li>\n            \n          <div style=\"display:none\" class=\"wpv-addon-maps-marker js-wpv-addon-maps-marker js-wpv-addon-maps-marker-marker-118952 js-wpv-addon-maps-markerfor-map-1\" data-marker=\"marker-118952\" data-markertitle=\"Cultural and Sport Center in Saint Blaise\" data-markerfor=\"map-1\" data-markerlat=\"48.8551621\" data-markerlon=\"2.4077716\" data-markericon=\"\/wp-content\/uploads\/sites\/6\/2017\/11\/area_marker_14.png\" data-markericonhover=\"\" data-streetview=\"no\" data-fromview=\"\">\n            <article class=\"marker-itinerario\">\n\t<div class=\"entry-thumbnail\">\n      \n      \n      \t<img loading=\"lazy\" decoding=\"async\" width=\"1400\" height=\"953\" src=\"https:\/\/static.tecnichenuove.it\/areaarch\/2022\/04\/portada_BRUTHER_SAINT-BLAISE_PH_02_light.jpeg\" class=\"attachment-post-thumbnail size-post-thumbnail wp-post-image\" alt=\"\" srcset=\"https:\/\/static.tecnichenuove.it\/areaarch\/2022\/04\/portada_BRUTHER_SAINT-BLAISE_PH_02_light.jpeg 1400w, https:\/\/static.tecnichenuove.it\/areaarch\/2022\/04\/portada_BRUTHER_SAINT-BLAISE_PH_02_light-300x204.jpeg 300w, https:\/\/static.tecnichenuove.it\/areaarch\/2022\/04\/portada_BRUTHER_SAINT-BLAISE_PH_02_light-1024x697.jpeg 1024w, https:\/\/static.tecnichenuove.it\/areaarch\/2022\/04\/portada_BRUTHER_SAINT-BLAISE_PH_02_light-768x523.jpeg 768w, https:\/\/static.tecnichenuove.it\/areaarch\/2022\/04\/portada_BRUTHER_SAINT-BLAISE_PH_02_light-696x474.jpeg 696w, https:\/\/static.tecnichenuove.it\/areaarch\/2022\/04\/portada_BRUTHER_SAINT-BLAISE_PH_02_light-1068x727.jpeg 1068w, https:\/\/static.tecnichenuove.it\/areaarch\/2022\/04\/portada_BRUTHER_SAINT-BLAISE_PH_02_light-617x420.jpeg 617w\" sizes=\"auto, (max-width: 1400px) 100vw, 1400px\" \/>\n      \t<img decoding=\"async\" src=\"https:\/\/www.area-arch.it\/wp-content\/uploads\/sites\/6\/2022\/04\/section_1.jpeg\" class=\"attachment-post-thumbnail\" \/>\n      \n\t<\/div>\n  \t<div class=\"entry-column\">\n      <h3 class=\"entry-title td-module-title\">Cultural and Sport Center in Saint Blaise<\/h3>\n      <div class=\"td-excerpt\">\n            <div id=\"wpcf-field-tipology\" class=\"wpcf-field-select wpcf-field-tipology\"><span class=\"wpcf-field-name wpcf-field-select-name wpcf-field-tipology-name\">tipology:<\/span> <span class=\"wpcf-field-value wpcf-field-select-value wpcf-field-tipology-value\">sport<\/span><\/div>\n            <div id=\"wpcf-field-architect\" class=\"wpcf-field-single-line wpcf-field-architect\"><span class=\"wpcf-field-name wpcf-field-single-line-name wpcf-field-architect-name\">architect:<\/span> <span class=\"wpcf-field-value wpcf-field-single-line-value wpcf-field-architect-value\">Bruther<\/span><\/div>\n            <div id=\"wpcf-field-realization\" class=\"wpcf-field-number wpcf-field-realization\"><span class=\"wpcf-field-name wpcf-field-number-name wpcf-field-realization-name\">realization:<\/span> <span class=\"wpcf-field-value wpcf-field-number-value wpcf-field-realization-value\">2014<\/span><\/div>\n            14 Rue Mouraud, Parigi, Francia\n          <\/div>\n  <\/div>\n<\/article>\n          <\/div>\n            <h4><a href=\"#\" onclick=\"cimap();\" class=\"link-marker js-wpv-addon-maps-focus-map js-toolset-maps-hover-map-map-1-marker-marker-118952 js-toolset-maps-open-infowindow-map-map-1-marker-marker-118952\" data-map=\"map-1\" data-marker=\"marker-118952\">05. Cultural and Sport Center in Saint Blaise<\/a><\/h4>\n            <div id=\"wpcf-field-tipology\" class=\"wpcf-field-select wpcf-field-tipology\"><span class=\"wpcf-field-name wpcf-field-select-name wpcf-field-tipology-name\">tipology:<\/span> <span class=\"wpcf-field-value wpcf-field-select-value wpcf-field-tipology-value\">sport<\/span><\/div> | <div id=\"wpcf-field-architect\" class=\"wpcf-field-single-line wpcf-field-architect\"><span class=\"wpcf-field-name wpcf-field-single-line-name wpcf-field-architect-name\">architect:<\/span> <span class=\"wpcf-field-value wpcf-field-single-line-value wpcf-field-architect-value\">Bruther<\/span><\/div> | <div id=\"wpcf-field-realization\" class=\"wpcf-field-number wpcf-field-realization\"><span class=\"wpcf-field-name wpcf-field-number-name wpcf-field-realization-name\">realization:<\/span> <span class=\"wpcf-field-value wpcf-field-number-value wpcf-field-realization-value\">2014<\/span><\/div>\n          <\/li>\n\t\t\n          <li>\n            \n          <div style=\"display:none\" class=\"wpv-addon-maps-marker js-wpv-addon-maps-marker js-wpv-addon-maps-marker-marker-118955 js-wpv-addon-maps-markerfor-map-1\" data-marker=\"marker-118955\" data-markertitle=\"Apartment Building &amp; Nursery School\" data-markerfor=\"map-1\" data-markerlat=\"48.8472529\" data-markerlon=\"2.3846144\" data-markericon=\"\/wp-content\/uploads\/sites\/6\/2017\/11\/area_marker_13.png\" data-markericonhover=\"\" data-streetview=\"no\" data-fromview=\"\">\n            <article class=\"marker-itinerario\">\n\t<div class=\"entry-thumbnail\">\n      \n      \n      \t<img loading=\"lazy\" decoding=\"async\" width=\"1400\" height=\"1120\" src=\"https:\/\/static.tecnichenuove.it\/areaarch\/2022\/04\/062-ef-tetta-190919-010.jpeg\" class=\"attachment-post-thumbnail size-post-thumbnail wp-post-image\" alt=\"\" srcset=\"https:\/\/static.tecnichenuove.it\/areaarch\/2022\/04\/062-ef-tetta-190919-010.jpeg 1400w, https:\/\/static.tecnichenuove.it\/areaarch\/2022\/04\/062-ef-tetta-190919-010-300x240.jpeg 300w, https:\/\/static.tecnichenuove.it\/areaarch\/2022\/04\/062-ef-tetta-190919-010-1024x819.jpeg 1024w, https:\/\/static.tecnichenuove.it\/areaarch\/2022\/04\/062-ef-tetta-190919-010-768x614.jpeg 768w, https:\/\/static.tecnichenuove.it\/areaarch\/2022\/04\/062-ef-tetta-190919-010-696x557.jpeg 696w, https:\/\/static.tecnichenuove.it\/areaarch\/2022\/04\/062-ef-tetta-190919-010-1068x854.jpeg 1068w, https:\/\/static.tecnichenuove.it\/areaarch\/2022\/04\/062-ef-tetta-190919-010-525x420.jpeg 525w\" sizes=\"auto, (max-width: 1400px) 100vw, 1400px\" \/>\n      \t<img decoding=\"async\" src=\"https:\/\/www.area-arch.it\/wp-content\/uploads\/sites\/6\/2022\/04\/pub-062-pcr-coupe02-200.jpeg\" class=\"attachment-post-thumbnail\" \/>\n      \n\t<\/div>\n  \t<div class=\"entry-column\">\n      <h3 class=\"entry-title td-module-title\">Apartment Building &amp; Nursery School<\/h3>\n      <div class=\"td-excerpt\">\n            <div id=\"wpcf-field-tipology\" class=\"wpcf-field-select wpcf-field-tipology\"><span class=\"wpcf-field-name wpcf-field-select-name wpcf-field-tipology-name\">tipology:<\/span> <span class=\"wpcf-field-value wpcf-field-select-value wpcf-field-tipology-value\">residential<\/span><\/div>\n            <div id=\"wpcf-field-architect\" class=\"wpcf-field-single-line wpcf-field-architect\"><span class=\"wpcf-field-name wpcf-field-single-line-name wpcf-field-architect-name\">architect:<\/span> <span class=\"wpcf-field-value wpcf-field-single-line-value wpcf-field-architect-value\">Lacroix Chessex<\/span><\/div>\n            <div id=\"wpcf-field-realization\" class=\"wpcf-field-number wpcf-field-realization\"><span class=\"wpcf-field-name wpcf-field-number-name wpcf-field-realization-name\">realization:<\/span> <span class=\"wpcf-field-value wpcf-field-number-value wpcf-field-realization-value\">2019<\/span><\/div>\n            63 Bd Diderot, Parigi, Francia\n          <\/div>\n  <\/div>\n<\/article>\n          <\/div>\n            <h4><a href=\"#\" onclick=\"cimap();\" class=\"link-marker js-wpv-addon-maps-focus-map js-toolset-maps-hover-map-map-1-marker-marker-118955 js-toolset-maps-open-infowindow-map-map-1-marker-marker-118955\" data-map=\"map-1\" data-marker=\"marker-118955\">06. Apartment Building &amp; Nursery School<\/a><\/h4>\n            <div id=\"wpcf-field-tipology\" class=\"wpcf-field-select wpcf-field-tipology\"><span class=\"wpcf-field-name wpcf-field-select-name wpcf-field-tipology-name\">tipology:<\/span> <span class=\"wpcf-field-value wpcf-field-select-value wpcf-field-tipology-value\">residential<\/span><\/div> | <div id=\"wpcf-field-architect\" class=\"wpcf-field-single-line wpcf-field-architect\"><span class=\"wpcf-field-name wpcf-field-single-line-name wpcf-field-architect-name\">architect:<\/span> <span class=\"wpcf-field-value wpcf-field-single-line-value wpcf-field-architect-value\">Lacroix Chessex<\/span><\/div> | <div id=\"wpcf-field-realization\" class=\"wpcf-field-number wpcf-field-realization\"><span class=\"wpcf-field-name wpcf-field-number-name wpcf-field-realization-name\">realization:<\/span> <span class=\"wpcf-field-value wpcf-field-number-value wpcf-field-realization-value\">2019<\/span><\/div>\n          <\/li>\n\t\t\n          <li>\n            \n          <div style=\"display:none\" class=\"wpv-addon-maps-marker js-wpv-addon-maps-marker js-wpv-addon-maps-marker-marker-118958 js-wpv-addon-maps-markerfor-map-1\" data-marker=\"marker-118958\" data-markertitle=\"\u00celot Candle Saint-Bernard\" data-markerfor=\"map-1\" data-markerlat=\"48.8523987\" data-markerlon=\"2.3799414\" data-markericon=\"\/wp-content\/uploads\/sites\/6\/2017\/11\/area_marker_13.png\" data-markericonhover=\"\" data-streetview=\"no\" data-fromview=\"\">\n            <article class=\"marker-itinerario\">\n\t<div class=\"entry-thumbnail\">\n      \n      \t<img loading=\"lazy\" decoding=\"async\" width=\"300\" height=\"222\" src=\"https:\/\/static.tecnichenuove.it\/areaarch\/2022\/04\/%C2%A9AKI-FURUDATE-3-300x222.jpg\" class=\"attachment-medium size-medium wp-post-image\" alt=\"\" srcset=\"https:\/\/static.tecnichenuove.it\/areaarch\/2022\/04\/%C2%A9AKI-FURUDATE-3-300x222.jpg 300w, https:\/\/static.tecnichenuove.it\/areaarch\/2022\/04\/%C2%A9AKI-FURUDATE-3-1024x758.jpg 1024w, https:\/\/static.tecnichenuove.it\/areaarch\/2022\/04\/%C2%A9AKI-FURUDATE-3-768x568.jpg 768w, https:\/\/static.tecnichenuove.it\/areaarch\/2022\/04\/%C2%A9AKI-FURUDATE-3-80x60.jpg 80w, https:\/\/static.tecnichenuove.it\/areaarch\/2022\/04\/%C2%A9AKI-FURUDATE-3-696x515.jpg 696w, https:\/\/static.tecnichenuove.it\/areaarch\/2022\/04\/%C2%A9AKI-FURUDATE-3-1068x790.jpg 1068w, https:\/\/static.tecnichenuove.it\/areaarch\/2022\/04\/%C2%A9AKI-FURUDATE-3-568x420.jpg 568w, https:\/\/static.tecnichenuove.it\/areaarch\/2022\/04\/%C2%A9AKI-FURUDATE-3.jpg 1400w\" sizes=\"auto, (max-width: 300px) 100vw, 300px\" \/>\n      \n      \n\t<\/div>\n  \t<div class=\"entry-column\">\n      <h3 class=\"entry-title td-module-title\">\u00celot Candle Saint-Bernard<\/h3>\n      <div class=\"td-excerpt\">\n            <div id=\"wpcf-field-tipology\" class=\"wpcf-field-select wpcf-field-tipology\"><span class=\"wpcf-field-name wpcf-field-select-name wpcf-field-tipology-name\">tipology:<\/span> <span class=\"wpcf-field-value wpcf-field-select-value wpcf-field-tipology-value\">residential<\/span><\/div>\n            <div id=\"wpcf-field-architect\" class=\"wpcf-field-single-line wpcf-field-architect\"><span class=\"wpcf-field-name wpcf-field-single-line-name wpcf-field-architect-name\">architect:<\/span> <span class=\"wpcf-field-value wpcf-field-single-line-value wpcf-field-architect-value\">Studio Fuksas<\/span><\/div>\n            <div id=\"wpcf-field-realization\" class=\"wpcf-field-number wpcf-field-realization\"><span class=\"wpcf-field-name wpcf-field-number-name wpcf-field-realization-name\">realization:<\/span> <span class=\"wpcf-field-value wpcf-field-number-value wpcf-field-realization-value\">1996<\/span><\/div>\n            17-3 Passage Saint-Bernard, Parigi, Francia\n          <\/div>\n  <\/div>\n<\/article>\n          <\/div>\n            <h4><a href=\"#\" onclick=\"cimap();\" class=\"link-marker js-wpv-addon-maps-focus-map js-toolset-maps-hover-map-map-1-marker-marker-118958 js-toolset-maps-open-infowindow-map-map-1-marker-marker-118958\" data-map=\"map-1\" data-marker=\"marker-118958\">07. \u00celot Candle Saint-Bernard<\/a><\/h4>\n            <div id=\"wpcf-field-tipology\" class=\"wpcf-field-select wpcf-field-tipology\"><span class=\"wpcf-field-name wpcf-field-select-name wpcf-field-tipology-name\">tipology:<\/span> <span class=\"wpcf-field-value wpcf-field-select-value wpcf-field-tipology-value\">residential<\/span><\/div> | <div id=\"wpcf-field-architect\" class=\"wpcf-field-single-line wpcf-field-architect\"><span class=\"wpcf-field-name wpcf-field-single-line-name wpcf-field-architect-name\">architect:<\/span> <span class=\"wpcf-field-value wpcf-field-single-line-value wpcf-field-architect-value\">Studio Fuksas<\/span><\/div> | <div id=\"wpcf-field-realization\" class=\"wpcf-field-number wpcf-field-realization\"><span class=\"wpcf-field-name wpcf-field-number-name wpcf-field-realization-name\">realization:<\/span> <span class=\"wpcf-field-value wpcf-field-number-value wpcf-field-realization-value\">1996<\/span><\/div>\n          <\/li>\n\t\t\n          <li>\n            \n          <div style=\"display:none\" class=\"wpv-addon-maps-marker js-wpv-addon-maps-marker js-wpv-addon-maps-marker-marker-118960 js-wpv-addon-maps-markerfor-map-1\" data-marker=\"marker-118960\" data-markertitle=\"Place de la R\u00e8publique\" data-markerfor=\"map-1\" data-markerlat=\"48.8671839\" data-markerlon=\"2.3636427\" data-markericon=\"\/wp-content\/uploads\/sites\/6\/2017\/11\/area_marker_12.png\" data-markericonhover=\"\" data-streetview=\"no\" data-fromview=\"\">\n            <article class=\"marker-itinerario\">\n\t<div class=\"entry-thumbnail\">\n      \n      \n      \t<img loading=\"lazy\" decoding=\"async\" width=\"468\" height=\"334\" src=\"https:\/\/static.tecnichenuove.it\/areaarch\/2022\/04\/Place-de-la-Republique-and-Monde-Medias-Pavilion-by-TVK_dezeen_2.jpg\" class=\"attachment-post-thumbnail size-post-thumbnail wp-post-image\" alt=\"\" srcset=\"https:\/\/static.tecnichenuove.it\/areaarch\/2022\/04\/Place-de-la-Republique-and-Monde-Medias-Pavilion-by-TVK_dezeen_2.jpg 468w, https:\/\/static.tecnichenuove.it\/areaarch\/2022\/04\/Place-de-la-Republique-and-Monde-Medias-Pavilion-by-TVK_dezeen_2-300x214.jpg 300w, https:\/\/static.tecnichenuove.it\/areaarch\/2022\/04\/Place-de-la-Republique-and-Monde-Medias-Pavilion-by-TVK_dezeen_2-100x70.jpg 100w\" sizes=\"auto, (max-width: 468px) 100vw, 468px\" \/>\n      \t<img decoding=\"async\" src=\"https:\/\/www.area-arch.it\/wp-content\/uploads\/sites\/6\/2022\/04\/Place-de-la-Republique-and-Monde-Medias-Pavilion-by-TVK_dezeen_18.jpg\" class=\"attachment-post-thumbnail\" \/>\n      \n\t<\/div>\n  \t<div class=\"entry-column\">\n      <h3 class=\"entry-title td-module-title\">Place de la R\u00e8publique<\/h3>\n      <div class=\"td-excerpt\">\n            <div id=\"wpcf-field-tipology\" class=\"wpcf-field-select wpcf-field-tipology\"><span class=\"wpcf-field-name wpcf-field-select-name wpcf-field-tipology-name\">tipology:<\/span> <span class=\"wpcf-field-value wpcf-field-select-value wpcf-field-tipology-value\">public<\/span><\/div>\n            <div id=\"wpcf-field-architect\" class=\"wpcf-field-single-line wpcf-field-architect\"><span class=\"wpcf-field-name wpcf-field-single-line-name wpcf-field-architect-name\">architect:<\/span> <span class=\"wpcf-field-value wpcf-field-single-line-value wpcf-field-architect-value\">TVK<\/span><\/div>\n            <div id=\"wpcf-field-realization\" class=\"wpcf-field-number wpcf-field-realization\"><span class=\"wpcf-field-name wpcf-field-number-name wpcf-field-realization-name\">realization:<\/span> <span class=\"wpcf-field-value wpcf-field-number-value wpcf-field-realization-value\">2013<\/span><\/div>\n            Place de la R\u00e9publique, Parigi, Francia\n          <\/div>\n  <\/div>\n<\/article>\n          <\/div>\n            <h4><a href=\"#\" onclick=\"cimap();\" class=\"link-marker js-wpv-addon-maps-focus-map js-toolset-maps-hover-map-map-1-marker-marker-118960 js-toolset-maps-open-infowindow-map-map-1-marker-marker-118960\" data-map=\"map-1\" data-marker=\"marker-118960\">08. Place de la R\u00e8publique<\/a><\/h4>\n            <div id=\"wpcf-field-tipology\" class=\"wpcf-field-select wpcf-field-tipology\"><span class=\"wpcf-field-name wpcf-field-select-name wpcf-field-tipology-name\">tipology:<\/span> <span class=\"wpcf-field-value wpcf-field-select-value wpcf-field-tipology-value\">public<\/span><\/div> | <div id=\"wpcf-field-architect\" class=\"wpcf-field-single-line wpcf-field-architect\"><span class=\"wpcf-field-name wpcf-field-single-line-name wpcf-field-architect-name\">architect:<\/span> <span class=\"wpcf-field-value wpcf-field-single-line-value wpcf-field-architect-value\">TVK<\/span><\/div> | <div id=\"wpcf-field-realization\" class=\"wpcf-field-number wpcf-field-realization\"><span class=\"wpcf-field-name wpcf-field-number-name wpcf-field-realization-name\">realization:<\/span> <span class=\"wpcf-field-value wpcf-field-number-value wpcf-field-realization-value\">2013<\/span><\/div>\n          <\/li>\n\t\t\n          <li>\n            \n          <div style=\"display:none\" class=\"wpv-addon-maps-marker js-wpv-addon-maps-marker js-wpv-addon-maps-marker-marker-118963 js-wpv-addon-maps-markerfor-map-1\" data-marker=\"marker-118963\" data-markertitle=\"Fondation Galeries Lafayette\" data-markerfor=\"map-1\" data-markerlat=\"48.8591728\" data-markerlon=\"2.3548369\" data-markericon=\"\/wp-content\/uploads\/sites\/6\/2017\/11\/area_marker_10.png\" data-markericonhover=\"\" data-streetview=\"no\" data-fromview=\"\">\n            <article class=\"marker-itinerario\">\n\t<div class=\"entry-thumbnail\">\n      \n      \n      \t<img loading=\"lazy\" decoding=\"async\" width=\"1050\" height=\"1400\" src=\"https:\/\/static.tecnichenuove.it\/areaarch\/2022\/04\/03_Fondation-Galeries-Lafayette_Photo-by-Delfino-Sisto-Legnani-and-Marco-Cappelletti.jpg\" class=\"attachment-post-thumbnail size-post-thumbnail wp-post-image\" alt=\"\" srcset=\"https:\/\/static.tecnichenuove.it\/areaarch\/2022\/04\/03_Fondation-Galeries-Lafayette_Photo-by-Delfino-Sisto-Legnani-and-Marco-Cappelletti.jpg 1050w, https:\/\/static.tecnichenuove.it\/areaarch\/2022\/04\/03_Fondation-Galeries-Lafayette_Photo-by-Delfino-Sisto-Legnani-and-Marco-Cappelletti-225x300.jpg 225w, https:\/\/static.tecnichenuove.it\/areaarch\/2022\/04\/03_Fondation-Galeries-Lafayette_Photo-by-Delfino-Sisto-Legnani-and-Marco-Cappelletti-768x1024.jpg 768w, https:\/\/static.tecnichenuove.it\/areaarch\/2022\/04\/03_Fondation-Galeries-Lafayette_Photo-by-Delfino-Sisto-Legnani-and-Marco-Cappelletti-696x928.jpg 696w, https:\/\/static.tecnichenuove.it\/areaarch\/2022\/04\/03_Fondation-Galeries-Lafayette_Photo-by-Delfino-Sisto-Legnani-and-Marco-Cappelletti-315x420.jpg 315w\" sizes=\"auto, (max-width: 1050px) 100vw, 1050px\" \/>\n      \t<img decoding=\"async\" src=\"https:\/\/www.area-arch.it\/wp-content\/uploads\/sites\/6\/2022\/04\/6_\u00a9OMA-.jpg\" class=\"attachment-post-thumbnail\" \/>\n      \n\t<\/div>\n  \t<div class=\"entry-column\">\n      <h3 class=\"entry-title td-module-title\">Fondation Galeries Lafayette<\/h3>\n      <div class=\"td-excerpt\">\n            <div id=\"wpcf-field-tipology\" class=\"wpcf-field-select wpcf-field-tipology\"><span class=\"wpcf-field-name wpcf-field-select-name wpcf-field-tipology-name\">tipology:<\/span> <span class=\"wpcf-field-value wpcf-field-select-value wpcf-field-tipology-value\">museum<\/span><\/div>\n            <div id=\"wpcf-field-architect\" class=\"wpcf-field-single-line wpcf-field-architect\"><span class=\"wpcf-field-name wpcf-field-single-line-name wpcf-field-architect-name\">architect:<\/span> <span class=\"wpcf-field-value wpcf-field-single-line-value wpcf-field-architect-value\">OMA<\/span><\/div>\n            <div id=\"wpcf-field-realization\" class=\"wpcf-field-number wpcf-field-realization\"><span class=\"wpcf-field-name wpcf-field-number-name wpcf-field-realization-name\">realization:<\/span> <span class=\"wpcf-field-value wpcf-field-number-value wpcf-field-realization-value\">2018<\/span><\/div>\n            9 Rue du Pl\u00e2tre, Parigi, Francia\n          <\/div>\n  <\/div>\n<\/article>\n          <\/div>\n            <h4><a href=\"#\" onclick=\"cimap();\" class=\"link-marker js-wpv-addon-maps-focus-map js-toolset-maps-hover-map-map-1-marker-marker-118963 js-toolset-maps-open-infowindow-map-map-1-marker-marker-118963\" data-map=\"map-1\" data-marker=\"marker-118963\">09. Fondation Galeries Lafayette<\/a><\/h4>\n            <div id=\"wpcf-field-tipology\" class=\"wpcf-field-select wpcf-field-tipology\"><span class=\"wpcf-field-name wpcf-field-select-name wpcf-field-tipology-name\">tipology:<\/span> <span class=\"wpcf-field-value wpcf-field-select-value wpcf-field-tipology-value\">museum<\/span><\/div> | <div id=\"wpcf-field-architect\" class=\"wpcf-field-single-line wpcf-field-architect\"><span class=\"wpcf-field-name wpcf-field-single-line-name wpcf-field-architect-name\">architect:<\/span> <span class=\"wpcf-field-value wpcf-field-single-line-value wpcf-field-architect-value\">OMA<\/span><\/div> | <div id=\"wpcf-field-realization\" class=\"wpcf-field-number wpcf-field-realization\"><span class=\"wpcf-field-name wpcf-field-number-name wpcf-field-realization-name\">realization:<\/span> <span class=\"wpcf-field-value wpcf-field-number-value wpcf-field-realization-value\">2018<\/span><\/div>\n          <\/li>\n\t\t\n          <li>\n            \n          <div style=\"display:none\" class=\"wpv-addon-maps-marker js-wpv-addon-maps-marker js-wpv-addon-maps-marker-marker-118966 js-wpv-addon-maps-markerfor-map-1\" data-marker=\"marker-118966\" data-markertitle=\"La Samaritaine\" data-markerfor=\"map-1\" data-markerlat=\"48.8587526\" data-markerlon=\"2.3423136\" data-markericon=\"\/wp-content\/uploads\/sites\/6\/2017\/11\/area_marker_3.png\" data-markericonhover=\"\" data-streetview=\"no\" data-fromview=\"\">\n            <article class=\"marker-itinerario\">\n\t<div class=\"entry-thumbnail\">\n      \n      \n      \t<img loading=\"lazy\" decoding=\"async\" width=\"1400\" height=\"933\" src=\"https:\/\/static.tecnichenuove.it\/areaarch\/2022\/04\/la-samaritaine_paris_fr_jansen-ag_07_quer.jpg\" class=\"attachment-post-thumbnail size-post-thumbnail wp-post-image\" alt=\"\" srcset=\"https:\/\/static.tecnichenuove.it\/areaarch\/2022\/04\/la-samaritaine_paris_fr_jansen-ag_07_quer.jpg 1400w, https:\/\/static.tecnichenuove.it\/areaarch\/2022\/04\/la-samaritaine_paris_fr_jansen-ag_07_quer-300x200.jpg 300w, https:\/\/static.tecnichenuove.it\/areaarch\/2022\/04\/la-samaritaine_paris_fr_jansen-ag_07_quer-1024x682.jpg 1024w, https:\/\/static.tecnichenuove.it\/areaarch\/2022\/04\/la-samaritaine_paris_fr_jansen-ag_07_quer-150x100.jpg 150w, https:\/\/static.tecnichenuove.it\/areaarch\/2022\/04\/la-samaritaine_paris_fr_jansen-ag_07_quer-768x512.jpg 768w, https:\/\/static.tecnichenuove.it\/areaarch\/2022\/04\/la-samaritaine_paris_fr_jansen-ag_07_quer-696x464.jpg 696w, https:\/\/static.tecnichenuove.it\/areaarch\/2022\/04\/la-samaritaine_paris_fr_jansen-ag_07_quer-1068x712.jpg 1068w, https:\/\/static.tecnichenuove.it\/areaarch\/2022\/04\/la-samaritaine_paris_fr_jansen-ag_07_quer-630x420.jpg 630w\" sizes=\"auto, (max-width: 1400px) 100vw, 1400px\" \/>\n      \t<img decoding=\"async\" src=\"https:\/\/www.area-arch.it\/wp-content\/uploads\/sites\/6\/2022\/04\/av_184424.jpeg\" class=\"attachment-post-thumbnail\" \/>\n      \n\t<\/div>\n  \t<div class=\"entry-column\">\n      <h3 class=\"entry-title td-module-title\">La Samaritaine<\/h3>\n      <div class=\"td-excerpt\">\n            <div id=\"wpcf-field-tipology\" class=\"wpcf-field-select wpcf-field-tipology\"><span class=\"wpcf-field-name wpcf-field-select-name wpcf-field-tipology-name\">tipology:<\/span> <span class=\"wpcf-field-value wpcf-field-select-value wpcf-field-tipology-value\">commercial<\/span><\/div>\n            <div id=\"wpcf-field-architect\" class=\"wpcf-field-single-line wpcf-field-architect\"><span class=\"wpcf-field-name wpcf-field-single-line-name wpcf-field-architect-name\">architect:<\/span> <span class=\"wpcf-field-value wpcf-field-single-line-value wpcf-field-architect-value\">SANAA<\/span><\/div>\n            <div id=\"wpcf-field-realization\" class=\"wpcf-field-number wpcf-field-realization\"><span class=\"wpcf-field-name wpcf-field-number-name wpcf-field-realization-name\">realization:<\/span> <span class=\"wpcf-field-value wpcf-field-number-value wpcf-field-realization-value\">2020<\/span><\/div>\n            9 Rue de la Monnaie, Parigi, Francia\n          <\/div>\n  <\/div>\n<\/article>\n          <\/div>\n            <h4><a href=\"#\" onclick=\"cimap();\" class=\"link-marker js-wpv-addon-maps-focus-map js-toolset-maps-hover-map-map-1-marker-marker-118966 js-toolset-maps-open-infowindow-map-map-1-marker-marker-118966\" data-map=\"map-1\" data-marker=\"marker-118966\">10. La Samaritaine<\/a><\/h4>\n            <div id=\"wpcf-field-tipology\" class=\"wpcf-field-select wpcf-field-tipology\"><span class=\"wpcf-field-name wpcf-field-select-name wpcf-field-tipology-name\">tipology:<\/span> <span class=\"wpcf-field-value wpcf-field-select-value wpcf-field-tipology-value\">commercial<\/span><\/div> | <div id=\"wpcf-field-architect\" class=\"wpcf-field-single-line wpcf-field-architect\"><span class=\"wpcf-field-name wpcf-field-single-line-name wpcf-field-architect-name\">architect:<\/span> <span class=\"wpcf-field-value wpcf-field-single-line-value wpcf-field-architect-value\">SANAA<\/span><\/div> | <div id=\"wpcf-field-realization\" class=\"wpcf-field-number wpcf-field-realization\"><span class=\"wpcf-field-name wpcf-field-number-name wpcf-field-realization-name\">realization:<\/span> <span class=\"wpcf-field-value wpcf-field-number-value wpcf-field-realization-value\">2020<\/span><\/div>\n          <\/li>\n\t\t\n          <li>\n            \n          <div style=\"display:none\" class=\"wpv-addon-maps-marker js-wpv-addon-maps-marker js-wpv-addon-maps-marker-marker-118969 js-wpv-addon-maps-markerfor-map-1\" data-marker=\"marker-118969\" data-markertitle=\"La poste du Louvre\" data-markerfor=\"map-1\" data-markerlat=\"48.8647891\" data-markerlon=\"2.3431019\" data-markericon=\"\/wp-content\/uploads\/sites\/6\/2017\/11\/area_marker_11.png\" data-markericonhover=\"\" data-streetview=\"no\" data-fromview=\"\">\n            <article class=\"marker-itinerario\">\n\t<div class=\"entry-thumbnail\">\n      \n      \t<img loading=\"lazy\" decoding=\"async\" width=\"300\" height=\"151\" src=\"https:\/\/static.tecnichenuove.it\/areaarch\/2022\/04\/00-la-poste-du-louvre-perrault-1618236979-300x151.jpg\" class=\"attachment-medium size-medium wp-post-image\" alt=\"\" srcset=\"https:\/\/static.tecnichenuove.it\/areaarch\/2022\/04\/00-la-poste-du-louvre-perrault-1618236979-300x151.jpg 300w, https:\/\/static.tecnichenuove.it\/areaarch\/2022\/04\/00-la-poste-du-louvre-perrault-1618236979-1024x514.jpg 1024w, https:\/\/static.tecnichenuove.it\/areaarch\/2022\/04\/00-la-poste-du-louvre-perrault-1618236979-768x385.jpg 768w, https:\/\/static.tecnichenuove.it\/areaarch\/2022\/04\/00-la-poste-du-louvre-perrault-1618236979-696x349.jpg 696w, https:\/\/static.tecnichenuove.it\/areaarch\/2022\/04\/00-la-poste-du-louvre-perrault-1618236979-1068x536.jpg 1068w, https:\/\/static.tecnichenuove.it\/areaarch\/2022\/04\/00-la-poste-du-louvre-perrault-1618236979-837x420.jpg 837w, https:\/\/static.tecnichenuove.it\/areaarch\/2022\/04\/00-la-poste-du-louvre-perrault-1618236979.jpg 1200w\" sizes=\"auto, (max-width: 300px) 100vw, 300px\" \/>\n      \n      \n\t<\/div>\n  \t<div class=\"entry-column\">\n      <h3 class=\"entry-title td-module-title\">La poste du Louvre<\/h3>\n      <div class=\"td-excerpt\">\n            <div id=\"wpcf-field-tipology\" class=\"wpcf-field-select wpcf-field-tipology\"><span class=\"wpcf-field-name wpcf-field-select-name wpcf-field-tipology-name\">tipology:<\/span> <span class=\"wpcf-field-value wpcf-field-select-value wpcf-field-tipology-value\">office<\/span><\/div>\n            <div id=\"wpcf-field-architect\" class=\"wpcf-field-single-line wpcf-field-architect\"><span class=\"wpcf-field-name wpcf-field-single-line-name wpcf-field-architect-name\">architect:<\/span> <span class=\"wpcf-field-value wpcf-field-single-line-value wpcf-field-architect-value\">Dominique Perrault Architecture, Ga\u00eblle Lauriot-Pr\u00e9vost<\/span><\/div>\n            <div id=\"wpcf-field-realization\" class=\"wpcf-field-number wpcf-field-realization\"><span class=\"wpcf-field-name wpcf-field-number-name wpcf-field-realization-name\">realization:<\/span> <span class=\"wpcf-field-value wpcf-field-number-value wpcf-field-realization-value\">2021<\/span><\/div>\n            50 Rue du Louvre, Parigi, Francia\n          <\/div>\n  <\/div>\n<\/article>\n          <\/div>\n            <h4><a href=\"#\" onclick=\"cimap();\" class=\"link-marker js-wpv-addon-maps-focus-map js-toolset-maps-hover-map-map-1-marker-marker-118969 js-toolset-maps-open-infowindow-map-map-1-marker-marker-118969\" data-map=\"map-1\" data-marker=\"marker-118969\">11. La poste du Louvre<\/a><\/h4>\n            <div id=\"wpcf-field-tipology\" class=\"wpcf-field-select wpcf-field-tipology\"><span class=\"wpcf-field-name wpcf-field-select-name wpcf-field-tipology-name\">tipology:<\/span> <span class=\"wpcf-field-value wpcf-field-select-value wpcf-field-tipology-value\">office<\/span><\/div> | <div id=\"wpcf-field-architect\" class=\"wpcf-field-single-line wpcf-field-architect\"><span class=\"wpcf-field-name wpcf-field-single-line-name wpcf-field-architect-name\">architect:<\/span> <span class=\"wpcf-field-value wpcf-field-single-line-value wpcf-field-architect-value\">Dominique Perrault Architecture, Ga\u00eblle Lauriot-Pr\u00e9vost<\/span><\/div> | <div id=\"wpcf-field-realization\" class=\"wpcf-field-number wpcf-field-realization\"><span class=\"wpcf-field-name wpcf-field-number-name wpcf-field-realization-name\">realization:<\/span> <span class=\"wpcf-field-value wpcf-field-number-value wpcf-field-realization-value\">2021<\/span><\/div>\n          <\/li>\n\t\t\n          <li>\n            \n          <div style=\"display:none\" class=\"wpv-addon-maps-marker js-wpv-addon-maps-marker js-wpv-addon-maps-marker-marker-118972 js-wpv-addon-maps-markerfor-map-1\" data-marker=\"marker-118972\" data-markertitle=\"Bourse de Commerce &#8211; Pinault Collection\" data-markerfor=\"map-1\" data-markerlat=\"48.8629365\" data-markerlon=\"2.3423588\" data-markericon=\"\/wp-content\/uploads\/sites\/6\/2017\/11\/area_marker_10.png\" data-markericonhover=\"\" data-streetview=\"no\" data-fromview=\"\">\n            <article class=\"marker-itinerario\">\n\t<div class=\"entry-thumbnail\">\n      \n      \n      \t<img loading=\"lazy\" decoding=\"async\" width=\"960\" height=\"639\" src=\"https:\/\/static.tecnichenuove.it\/areaarch\/2022\/04\/domus-ando-bourse-14.jpg.foto_.rmedium.png.jpeg\" class=\"attachment-post-thumbnail size-post-thumbnail wp-post-image\" alt=\"\" srcset=\"https:\/\/static.tecnichenuove.it\/areaarch\/2022\/04\/domus-ando-bourse-14.jpg.foto_.rmedium.png.jpeg 960w, https:\/\/static.tecnichenuove.it\/areaarch\/2022\/04\/domus-ando-bourse-14.jpg.foto_.rmedium.png-300x200.jpeg 300w, https:\/\/static.tecnichenuove.it\/areaarch\/2022\/04\/domus-ando-bourse-14.jpg.foto_.rmedium.png-150x100.jpeg 150w, https:\/\/static.tecnichenuove.it\/areaarch\/2022\/04\/domus-ando-bourse-14.jpg.foto_.rmedium.png-768x511.jpeg 768w, https:\/\/static.tecnichenuove.it\/areaarch\/2022\/04\/domus-ando-bourse-14.jpg.foto_.rmedium.png-696x463.jpeg 696w, https:\/\/static.tecnichenuove.it\/areaarch\/2022\/04\/domus-ando-bourse-14.jpg.foto_.rmedium.png-631x420.jpeg 631w\" sizes=\"auto, (max-width: 960px) 100vw, 960px\" \/>\n      \t<img decoding=\"async\" src=\"https:\/\/www.area-arch.it\/wp-content\/uploads\/sites\/6\/2022\/04\/04-Collezione-Pinault-Tadao-Ando1.jpg\" class=\"attachment-post-thumbnail\" \/>\n      \n\t<\/div>\n  \t<div class=\"entry-column\">\n      <h3 class=\"entry-title td-module-title\">Bourse de Commerce &#8211; Pinault Collection<\/h3>\n      <div class=\"td-excerpt\">\n            <div id=\"wpcf-field-tipology\" class=\"wpcf-field-select wpcf-field-tipology\"><span class=\"wpcf-field-name wpcf-field-select-name wpcf-field-tipology-name\">tipology:<\/span> <span class=\"wpcf-field-value wpcf-field-select-value wpcf-field-tipology-value\">museum<\/span><\/div>\n            <div id=\"wpcf-field-architect\" class=\"wpcf-field-single-line wpcf-field-architect\"><span class=\"wpcf-field-name wpcf-field-single-line-name wpcf-field-architect-name\">architect:<\/span> <span class=\"wpcf-field-value wpcf-field-single-line-value wpcf-field-architect-value\">Tadao Ando Architect &amp; Associates<\/span><\/div>\n            <div id=\"wpcf-field-realization\" class=\"wpcf-field-number wpcf-field-realization\"><span class=\"wpcf-field-name wpcf-field-number-name wpcf-field-realization-name\">realization:<\/span> <span class=\"wpcf-field-value wpcf-field-number-value wpcf-field-realization-value\">2021<\/span><\/div>\n            2 Rue de Viarmes, Parigi, Francia\n          <\/div>\n  <\/div>\n<\/article>\n          <\/div>\n            <h4><a href=\"#\" onclick=\"cimap();\" class=\"link-marker js-wpv-addon-maps-focus-map js-toolset-maps-hover-map-map-1-marker-marker-118972 js-toolset-maps-open-infowindow-map-map-1-marker-marker-118972\" data-map=\"map-1\" data-marker=\"marker-118972\">12. Bourse de Commerce &#8211; Pinault Collection<\/a><\/h4>\n            <div id=\"wpcf-field-tipology\" class=\"wpcf-field-select wpcf-field-tipology\"><span class=\"wpcf-field-name wpcf-field-select-name wpcf-field-tipology-name\">tipology:<\/span> <span class=\"wpcf-field-value wpcf-field-select-value wpcf-field-tipology-value\">museum<\/span><\/div> | <div id=\"wpcf-field-architect\" class=\"wpcf-field-single-line wpcf-field-architect\"><span class=\"wpcf-field-name wpcf-field-single-line-name wpcf-field-architect-name\">architect:<\/span> <span class=\"wpcf-field-value wpcf-field-single-line-value wpcf-field-architect-value\">Tadao Ando Architect &amp; Associates<\/span><\/div> | <div id=\"wpcf-field-realization\" class=\"wpcf-field-number wpcf-field-realization\"><span class=\"wpcf-field-name wpcf-field-number-name wpcf-field-realization-name\">realization:<\/span> <span class=\"wpcf-field-value wpcf-field-number-value wpcf-field-realization-value\">2021<\/span><\/div>\n          <\/li>\n\t\t\n          <li>\n            \n          <div style=\"display:none\" class=\"wpv-addon-maps-marker js-wpv-addon-maps-marker js-wpv-addon-maps-marker-marker-118975 js-wpv-addon-maps-markerfor-map-1\" data-marker=\"marker-118975\" data-markertitle=\"Ala di arte islamica\" data-markerfor=\"map-1\" data-markerlat=\"48.8637214\" data-markerlon=\"2.3321668\" data-markericon=\"\/wp-content\/uploads\/sites\/6\/2017\/11\/area_marker_10.png\" data-markericonhover=\"\" data-streetview=\"no\" data-fromview=\"\">\n            <article class=\"marker-itinerario\">\n\t<div class=\"entry-thumbnail\">\n      \n      \n      \t<img loading=\"lazy\" decoding=\"async\" width=\"725\" height=\"535\" src=\"https:\/\/static.tecnichenuove.it\/areaarch\/2022\/04\/72Louvre-Museum-xRCipollettax.jpeg\" class=\"attachment-post-thumbnail size-post-thumbnail wp-post-image\" alt=\"\" srcset=\"https:\/\/static.tecnichenuove.it\/areaarch\/2022\/04\/72Louvre-Museum-xRCipollettax.jpeg 725w, https:\/\/static.tecnichenuove.it\/areaarch\/2022\/04\/72Louvre-Museum-xRCipollettax-300x221.jpeg 300w, https:\/\/static.tecnichenuove.it\/areaarch\/2022\/04\/72Louvre-Museum-xRCipollettax-80x60.jpeg 80w, https:\/\/static.tecnichenuove.it\/areaarch\/2022\/04\/72Louvre-Museum-xRCipollettax-696x514.jpeg 696w, https:\/\/static.tecnichenuove.it\/areaarch\/2022\/04\/72Louvre-Museum-xRCipollettax-569x420.jpeg 569w\" sizes=\"auto, (max-width: 725px) 100vw, 725px\" \/>\n      \t<img decoding=\"async\" src=\"https:\/\/www.area-arch.it\/wp-content\/uploads\/sites\/6\/2022\/04\/72Section-Louvre-Mario-Bellini.jpeg\" class=\"attachment-post-thumbnail\" \/>\n      \n\t<\/div>\n  \t<div class=\"entry-column\">\n      <h3 class=\"entry-title td-module-title\">Ala di arte islamica<\/h3>\n      <div class=\"td-excerpt\">\n            <div id=\"wpcf-field-tipology\" class=\"wpcf-field-select wpcf-field-tipology\"><span class=\"wpcf-field-name wpcf-field-select-name wpcf-field-tipology-name\">tipology:<\/span> <span class=\"wpcf-field-value wpcf-field-select-value wpcf-field-tipology-value\">museum<\/span><\/div>\n            <div id=\"wpcf-field-architect\" class=\"wpcf-field-single-line wpcf-field-architect\"><span class=\"wpcf-field-name wpcf-field-single-line-name wpcf-field-architect-name\">architect:<\/span> <span class=\"wpcf-field-value wpcf-field-single-line-value wpcf-field-architect-value\">Mario Bellini<\/span><\/div>\n            <div id=\"wpcf-field-realization\" class=\"wpcf-field-number wpcf-field-realization\"><span class=\"wpcf-field-name wpcf-field-number-name wpcf-field-realization-name\">realization:<\/span> <span class=\"wpcf-field-value wpcf-field-number-value wpcf-field-realization-value\">2012<\/span><\/div>\n            Rue de Rivoli, Parigi, Francia\n          <\/div>\n  <\/div>\n<\/article>\n          <\/div>\n            <h4><a href=\"#\" onclick=\"cimap();\" class=\"link-marker js-wpv-addon-maps-focus-map js-toolset-maps-hover-map-map-1-marker-marker-118975 js-toolset-maps-open-infowindow-map-map-1-marker-marker-118975\" data-map=\"map-1\" data-marker=\"marker-118975\">13. Ala di arte islamica<\/a><\/h4>\n            <div id=\"wpcf-field-tipology\" class=\"wpcf-field-select wpcf-field-tipology\"><span class=\"wpcf-field-name wpcf-field-select-name wpcf-field-tipology-name\">tipology:<\/span> <span class=\"wpcf-field-value wpcf-field-select-value wpcf-field-tipology-value\">museum<\/span><\/div> | <div id=\"wpcf-field-architect\" class=\"wpcf-field-single-line wpcf-field-architect\"><span class=\"wpcf-field-name wpcf-field-single-line-name wpcf-field-architect-name\">architect:<\/span> <span class=\"wpcf-field-value wpcf-field-single-line-value wpcf-field-architect-value\">Mario Bellini<\/span><\/div> | <div id=\"wpcf-field-realization\" class=\"wpcf-field-number wpcf-field-realization\"><span class=\"wpcf-field-name wpcf-field-number-name wpcf-field-realization-name\">realization:<\/span> <span class=\"wpcf-field-value wpcf-field-number-value wpcf-field-realization-value\">2012<\/span><\/div>\n          <\/li>\n\t\t\n          <li>\n            \n          <div style=\"display:none\" class=\"wpv-addon-maps-marker js-wpv-addon-maps-marker js-wpv-addon-maps-marker-marker-118978 js-wpv-addon-maps-markerfor-map-1\" data-marker=\"marker-118978\" data-markertitle=\"Off-White Flagship Store Paris\" data-markerfor=\"map-1\" data-markerlat=\"48.8657784\" data-markerlon=\"2.3279505\" data-markericon=\"\/wp-content\/uploads\/sites\/6\/2017\/11\/area_marker_3.png\" data-markericonhover=\"\" data-streetview=\"no\" data-fromview=\"\">\n            <article class=\"marker-itinerario\">\n\t<div class=\"entry-thumbnail\">\n      \n      \n      \t<img loading=\"lazy\" decoding=\"async\" width=\"1400\" height=\"933\" src=\"https:\/\/static.tecnichenuove.it\/areaarch\/2022\/04\/01-Off-White-Paris_Copyright-Benoit-Florenc%CC%A7on.jpg\" class=\"attachment-post-thumbnail size-post-thumbnail wp-post-image\" alt=\"\" srcset=\"https:\/\/static.tecnichenuove.it\/areaarch\/2022\/04\/01-Off-White-Paris_Copyright-Benoit-Florenc%CC%A7on.jpg 1400w, https:\/\/static.tecnichenuove.it\/areaarch\/2022\/04\/01-Off-White-Paris_Copyright-Benoit-Florenc%CC%A7on-300x200.jpg 300w, https:\/\/static.tecnichenuove.it\/areaarch\/2022\/04\/01-Off-White-Paris_Copyright-Benoit-Florenc%CC%A7on-1024x682.jpg 1024w, https:\/\/static.tecnichenuove.it\/areaarch\/2022\/04\/01-Off-White-Paris_Copyright-Benoit-Florenc%CC%A7on-150x100.jpg 150w, https:\/\/static.tecnichenuove.it\/areaarch\/2022\/04\/01-Off-White-Paris_Copyright-Benoit-Florenc%CC%A7on-768x512.jpg 768w, https:\/\/static.tecnichenuove.it\/areaarch\/2022\/04\/01-Off-White-Paris_Copyright-Benoit-Florenc%CC%A7on-696x464.jpg 696w, https:\/\/static.tecnichenuove.it\/areaarch\/2022\/04\/01-Off-White-Paris_Copyright-Benoit-Florenc%CC%A7on-1068x712.jpg 1068w, https:\/\/static.tecnichenuove.it\/areaarch\/2022\/04\/01-Off-White-Paris_Copyright-Benoit-Florenc%CC%A7on-630x420.jpg 630w\" sizes=\"auto, (max-width: 1400px) 100vw, 1400px\" \/>\n      \t<img decoding=\"async\" src=\"https:\/\/www.area-arch.it\/wp-content\/uploads\/sites\/6\/2022\/04\/26-Off-White-Paris_Copyright-OMA.jpg\" class=\"attachment-post-thumbnail\" \/>\n      \n\t<\/div>\n  \t<div class=\"entry-column\">\n      <h3 class=\"entry-title td-module-title\">Off-White Flagship Store Paris<\/h3>\n      <div class=\"td-excerpt\">\n            <div id=\"wpcf-field-tipology\" class=\"wpcf-field-select wpcf-field-tipology\"><span class=\"wpcf-field-name wpcf-field-select-name wpcf-field-tipology-name\">tipology:<\/span> <span class=\"wpcf-field-value wpcf-field-select-value wpcf-field-tipology-value\">commercial<\/span><\/div>\n            <div id=\"wpcf-field-architect\" class=\"wpcf-field-single-line wpcf-field-architect\"><span class=\"wpcf-field-name wpcf-field-single-line-name wpcf-field-architect-name\">architect:<\/span> <span class=\"wpcf-field-value wpcf-field-single-line-value wpcf-field-architect-value\">OMA<\/span><\/div>\n            <div id=\"wpcf-field-realization\" class=\"wpcf-field-number wpcf-field-realization\"><span class=\"wpcf-field-name wpcf-field-number-name wpcf-field-realization-name\">realization:<\/span> <span class=\"wpcf-field-value wpcf-field-number-value wpcf-field-realization-value\">2021<\/span><\/div>\n            8 Rue de Castiglione, Parigi, Francia\n          <\/div>\n  <\/div>\n<\/article>\n          <\/div>\n            <h4><a href=\"#\" onclick=\"cimap();\" class=\"link-marker js-wpv-addon-maps-focus-map js-toolset-maps-hover-map-map-1-marker-marker-118978 js-toolset-maps-open-infowindow-map-map-1-marker-marker-118978\" data-map=\"map-1\" data-marker=\"marker-118978\">14. Off-White Flagship Store Paris<\/a><\/h4>\n            <div id=\"wpcf-field-tipology\" class=\"wpcf-field-select wpcf-field-tipology\"><span class=\"wpcf-field-name wpcf-field-select-name wpcf-field-tipology-name\">tipology:<\/span> <span class=\"wpcf-field-value wpcf-field-select-value wpcf-field-tipology-value\">commercial<\/span><\/div> | <div id=\"wpcf-field-architect\" class=\"wpcf-field-single-line wpcf-field-architect\"><span class=\"wpcf-field-name wpcf-field-single-line-name wpcf-field-architect-name\">architect:<\/span> <span class=\"wpcf-field-value wpcf-field-single-line-value wpcf-field-architect-value\">OMA<\/span><\/div> | <div id=\"wpcf-field-realization\" class=\"wpcf-field-number wpcf-field-realization\"><span class=\"wpcf-field-name wpcf-field-number-name wpcf-field-realization-name\">realization:<\/span> <span class=\"wpcf-field-value wpcf-field-number-value wpcf-field-realization-value\">2021<\/span><\/div>\n          <\/li>\n\t\t\n          <li>\n            \n          <div style=\"display:none\" class=\"wpv-addon-maps-marker js-wpv-addon-maps-marker js-wpv-addon-maps-marker-marker-118981 js-wpv-addon-maps-markerfor-map-1\" data-marker=\"marker-118981\" data-markertitle=\"40 housing units\" data-markerfor=\"map-1\" data-markerlat=\"48.8876228\" data-markerlon=\"2.3111262\" data-markericon=\"\/wp-content\/uploads\/sites\/6\/2017\/11\/area_marker_13.png\" data-markericonhover=\"\" data-streetview=\"no\" data-fromview=\"\">\n            <article class=\"marker-itinerario\">\n\t<div class=\"entry-thumbnail\">\n      \n      \n      \t<img loading=\"lazy\" decoding=\"async\" width=\"1149\" height=\"1200\" src=\"https:\/\/static.tecnichenuove.it\/areaarch\/2022\/04\/wec1909_LAN_saussure_C6452_53-1149x1200-1.jpg\" class=\"attachment-post-thumbnail size-post-thumbnail wp-post-image\" alt=\"\" srcset=\"https:\/\/static.tecnichenuove.it\/areaarch\/2022\/04\/wec1909_LAN_saussure_C6452_53-1149x1200-1.jpg 1149w, https:\/\/static.tecnichenuove.it\/areaarch\/2022\/04\/wec1909_LAN_saussure_C6452_53-1149x1200-1-287x300.jpg 287w, https:\/\/static.tecnichenuove.it\/areaarch\/2022\/04\/wec1909_LAN_saussure_C6452_53-1149x1200-1-980x1024.jpg 980w, https:\/\/static.tecnichenuove.it\/areaarch\/2022\/04\/wec1909_LAN_saussure_C6452_53-1149x1200-1-768x802.jpg 768w, https:\/\/static.tecnichenuove.it\/areaarch\/2022\/04\/wec1909_LAN_saussure_C6452_53-1149x1200-1-696x727.jpg 696w, https:\/\/static.tecnichenuove.it\/areaarch\/2022\/04\/wec1909_LAN_saussure_C6452_53-1149x1200-1-1068x1115.jpg 1068w, https:\/\/static.tecnichenuove.it\/areaarch\/2022\/04\/wec1909_LAN_saussure_C6452_53-1149x1200-1-402x420.jpg 402w\" sizes=\"auto, (max-width: 1149px) 100vw, 1149px\" \/>\n      \t<img decoding=\"async\" src=\"https:\/\/www.area-arch.it\/wp-content\/uploads\/sites\/6\/2022\/04\/32c7cbac55c93ac85815912993a959fe.jpg\" class=\"attachment-post-thumbnail\" \/>\n      \n\t<\/div>\n  \t<div class=\"entry-column\">\n      <h3 class=\"entry-title td-module-title\">40 housing units<\/h3>\n      <div class=\"td-excerpt\">\n            <div id=\"wpcf-field-tipology\" class=\"wpcf-field-select wpcf-field-tipology\"><span class=\"wpcf-field-name wpcf-field-select-name wpcf-field-tipology-name\">tipology:<\/span> <span class=\"wpcf-field-value wpcf-field-select-value wpcf-field-tipology-value\">residential<\/span><\/div>\n            <div id=\"wpcf-field-architect\" class=\"wpcf-field-single-line wpcf-field-architect\"><span class=\"wpcf-field-name wpcf-field-single-line-name wpcf-field-architect-name\">architect:<\/span> <span class=\"wpcf-field-value wpcf-field-single-line-value wpcf-field-architect-value\">LAN<\/span><\/div>\n            <div id=\"wpcf-field-realization\" class=\"wpcf-field-number wpcf-field-realization\"><span class=\"wpcf-field-name wpcf-field-number-name wpcf-field-realization-name\">realization:<\/span> <span class=\"wpcf-field-value wpcf-field-number-value wpcf-field-realization-value\">2014<\/span><\/div>\n            43 Rue de la F\u00e9licit\u00e9, Parigi, Francia\n          <\/div>\n  <\/div>\n<\/article>\n          <\/div>\n            <h4><a href=\"#\" onclick=\"cimap();\" class=\"link-marker js-wpv-addon-maps-focus-map js-toolset-maps-hover-map-map-1-marker-marker-118981 js-toolset-maps-open-infowindow-map-map-1-marker-marker-118981\" data-map=\"map-1\" data-marker=\"marker-118981\">15. 40 housing units<\/a><\/h4>\n            <div id=\"wpcf-field-tipology\" class=\"wpcf-field-select wpcf-field-tipology\"><span class=\"wpcf-field-name wpcf-field-select-name wpcf-field-tipology-name\">tipology:<\/span> <span class=\"wpcf-field-value wpcf-field-select-value wpcf-field-tipology-value\">residential<\/span><\/div> | <div id=\"wpcf-field-architect\" class=\"wpcf-field-single-line wpcf-field-architect\"><span class=\"wpcf-field-name wpcf-field-single-line-name wpcf-field-architect-name\">architect:<\/span> <span class=\"wpcf-field-value wpcf-field-single-line-value wpcf-field-architect-value\">LAN<\/span><\/div> | <div id=\"wpcf-field-realization\" class=\"wpcf-field-number wpcf-field-realization\"><span class=\"wpcf-field-name wpcf-field-number-name wpcf-field-realization-name\">realization:<\/span> <span class=\"wpcf-field-value wpcf-field-number-value wpcf-field-realization-value\">2014<\/span><\/div>\n          <\/li>\n\t\t\n          <li>\n            \n          <div style=\"display:none\" class=\"wpv-addon-maps-marker js-wpv-addon-maps-marker js-wpv-addon-maps-marker-marker-118984 js-wpv-addon-maps-markerfor-map-1\" data-marker=\"marker-118984\" data-markertitle=\"UNIC apartment tower\" data-markerfor=\"map-1\" data-markerlat=\"48.8897478\" data-markerlon=\"2.3136421\" data-markericon=\"\/wp-content\/uploads\/sites\/6\/2017\/11\/area_marker_13.png\" data-markericonhover=\"\" data-streetview=\"no\" data-fromview=\"\">\n            <article class=\"marker-itinerario\">\n\t<div class=\"entry-thumbnail\">\n      \n      \n      \t<img loading=\"lazy\" decoding=\"async\" width=\"1400\" height=\"788\" src=\"https:\/\/static.tecnichenuove.it\/areaarch\/2022\/04\/av_imagen.jpeg\" class=\"attachment-post-thumbnail size-post-thumbnail wp-post-image\" alt=\"\" srcset=\"https:\/\/static.tecnichenuove.it\/areaarch\/2022\/04\/av_imagen.jpeg 1400w, https:\/\/static.tecnichenuove.it\/areaarch\/2022\/04\/av_imagen-300x169.jpeg 300w, https:\/\/static.tecnichenuove.it\/areaarch\/2022\/04\/av_imagen-1024x576.jpeg 1024w, https:\/\/static.tecnichenuove.it\/areaarch\/2022\/04\/av_imagen-768x432.jpeg 768w, https:\/\/static.tecnichenuove.it\/areaarch\/2022\/04\/av_imagen-696x392.jpeg 696w, https:\/\/static.tecnichenuove.it\/areaarch\/2022\/04\/av_imagen-1068x601.jpeg 1068w, https:\/\/static.tecnichenuove.it\/areaarch\/2022\/04\/av_imagen-746x420.jpeg 746w\" sizes=\"auto, (max-width: 1400px) 100vw, 1400px\" \/>\n      \t<img decoding=\"async\" src=\"https:\/\/www.area-arch.it\/wp-content\/uploads\/sites\/6\/2022\/04\/65c3c978bd4fb43dc6110fe751bc27cf.jpg\" class=\"attachment-post-thumbnail\" \/>\n      \n\t<\/div>\n  \t<div class=\"entry-column\">\n      <h3 class=\"entry-title td-module-title\">UNIC apartment tower<\/h3>\n      <div class=\"td-excerpt\">\n            <div id=\"wpcf-field-tipology\" class=\"wpcf-field-select wpcf-field-tipology\"><span class=\"wpcf-field-name wpcf-field-select-name wpcf-field-tipology-name\">tipology:<\/span> <span class=\"wpcf-field-value wpcf-field-select-value wpcf-field-tipology-value\">residential<\/span><\/div>\n            <div id=\"wpcf-field-architect\" class=\"wpcf-field-single-line wpcf-field-architect\"><span class=\"wpcf-field-name wpcf-field-single-line-name wpcf-field-architect-name\">architect:<\/span> <span class=\"wpcf-field-value wpcf-field-single-line-value wpcf-field-architect-value\">MAD+Biecher Architectes<\/span><\/div>\n            <div id=\"wpcf-field-realization\" class=\"wpcf-field-number wpcf-field-realization\"><span class=\"wpcf-field-name wpcf-field-number-name wpcf-field-realization-name\">realization:<\/span> <span class=\"wpcf-field-value wpcf-field-number-value wpcf-field-realization-value\">2019<\/span><\/div>\n            20 Rue Mstislav Rostropovitch, Parigi, Francia\n          <\/div>\n  <\/div>\n<\/article>\n          <\/div>\n            <h4><a href=\"#\" onclick=\"cimap();\" class=\"link-marker js-wpv-addon-maps-focus-map js-toolset-maps-hover-map-map-1-marker-marker-118984 js-toolset-maps-open-infowindow-map-map-1-marker-marker-118984\" data-map=\"map-1\" data-marker=\"marker-118984\">16. UNIC apartment tower<\/a><\/h4>\n            <div id=\"wpcf-field-tipology\" class=\"wpcf-field-select wpcf-field-tipology\"><span class=\"wpcf-field-name wpcf-field-select-name wpcf-field-tipology-name\">tipology:<\/span> <span class=\"wpcf-field-value wpcf-field-select-value wpcf-field-tipology-value\">residential<\/span><\/div> | <div id=\"wpcf-field-architect\" class=\"wpcf-field-single-line wpcf-field-architect\"><span class=\"wpcf-field-name wpcf-field-single-line-name wpcf-field-architect-name\">architect:<\/span> <span class=\"wpcf-field-value wpcf-field-single-line-value wpcf-field-architect-value\">MAD+Biecher Architectes<\/span><\/div> | <div id=\"wpcf-field-realization\" class=\"wpcf-field-number wpcf-field-realization\"><span class=\"wpcf-field-name wpcf-field-number-name wpcf-field-realization-name\">realization:<\/span> <span class=\"wpcf-field-value wpcf-field-number-value wpcf-field-realization-value\">2019<\/span><\/div>\n          <\/li>\n\t\t\n          <li>\n            \n          <div style=\"display:none\" class=\"wpv-addon-maps-marker js-wpv-addon-maps-marker js-wpv-addon-maps-marker-marker-118987 js-wpv-addon-maps-markerfor-map-1\" data-marker=\"marker-118987\" data-markertitle=\"BAT residential\" data-markerfor=\"map-1\" data-markerlat=\"48.8905272\" data-markerlon=\"2.3115\" data-markericon=\"\/wp-content\/uploads\/sites\/6\/2017\/11\/area_marker_13.png\" data-markericonhover=\"\" data-streetview=\"no\" data-fromview=\"\">\n            <article class=\"marker-itinerario\">\n\t<div class=\"entry-thumbnail\">\n      \n      \n      \t<img loading=\"lazy\" decoding=\"async\" width=\"414\" height=\"276\" src=\"https:\/\/static.tecnichenuove.it\/areaarch\/2022\/04\/querkraft-architekten-zt-gmbh-bat-residential-landscape-archello.1639982372.7347.jpg\" class=\"attachment-post-thumbnail size-post-thumbnail wp-post-image\" alt=\"\" srcset=\"https:\/\/static.tecnichenuove.it\/areaarch\/2022\/04\/querkraft-architekten-zt-gmbh-bat-residential-landscape-archello.1639982372.7347.jpg 414w, https:\/\/static.tecnichenuove.it\/areaarch\/2022\/04\/querkraft-architekten-zt-gmbh-bat-residential-landscape-archello.1639982372.7347-300x200.jpg 300w, https:\/\/static.tecnichenuove.it\/areaarch\/2022\/04\/querkraft-architekten-zt-gmbh-bat-residential-landscape-archello.1639982372.7347-150x100.jpg 150w\" sizes=\"auto, (max-width: 414px) 100vw, 414px\" \/>\n      \t<img decoding=\"async\" src=\"https:\/\/www.area-arch.it\/wp-content\/uploads\/sites\/6\/2022\/04\/querkraft-architekten-zt-gmbh-bat-residential-landscape-archello.1639982763.025.jpg\" class=\"attachment-post-thumbnail\" \/>\n      \n\t<\/div>\n  \t<div class=\"entry-column\">\n      <h3 class=\"entry-title td-module-title\">BAT residential<\/h3>\n      <div class=\"td-excerpt\">\n            <div id=\"wpcf-field-tipology\" class=\"wpcf-field-select wpcf-field-tipology\"><span class=\"wpcf-field-name wpcf-field-select-name wpcf-field-tipology-name\">tipology:<\/span> <span class=\"wpcf-field-value wpcf-field-select-value wpcf-field-tipology-value\">residential<\/span><\/div>\n            <div id=\"wpcf-field-architect\" class=\"wpcf-field-single-line wpcf-field-architect\"><span class=\"wpcf-field-name wpcf-field-single-line-name wpcf-field-architect-name\">architect:<\/span> <span class=\"wpcf-field-value wpcf-field-single-line-value wpcf-field-architect-value\">querkraft<\/span><\/div>\n            <div id=\"wpcf-field-realization\" class=\"wpcf-field-number wpcf-field-realization\"><span class=\"wpcf-field-name wpcf-field-number-name wpcf-field-realization-name\">realization:<\/span> <span class=\"wpcf-field-value wpcf-field-number-value wpcf-field-realization-value\">2019<\/span><\/div>\n            51 Rue Mstislav Rostropovitch, Parigi, Francia\n          <\/div>\n  <\/div>\n<\/article>\n          <\/div>\n            <h4><a href=\"#\" onclick=\"cimap();\" class=\"link-marker js-wpv-addon-maps-focus-map js-toolset-maps-hover-map-map-1-marker-marker-118987 js-toolset-maps-open-infowindow-map-map-1-marker-marker-118987\" data-map=\"map-1\" data-marker=\"marker-118987\">17. BAT residential<\/a><\/h4>\n            <div id=\"wpcf-field-tipology\" class=\"wpcf-field-select wpcf-field-tipology\"><span class=\"wpcf-field-name wpcf-field-select-name wpcf-field-tipology-name\">tipology:<\/span> <span class=\"wpcf-field-value wpcf-field-select-value wpcf-field-tipology-value\">residential<\/span><\/div> | <div id=\"wpcf-field-architect\" class=\"wpcf-field-single-line wpcf-field-architect\"><span class=\"wpcf-field-name wpcf-field-single-line-name wpcf-field-architect-name\">architect:<\/span> <span class=\"wpcf-field-value wpcf-field-single-line-value wpcf-field-architect-value\">querkraft<\/span><\/div> | <div id=\"wpcf-field-realization\" class=\"wpcf-field-number wpcf-field-realization\"><span class=\"wpcf-field-name wpcf-field-number-name wpcf-field-realization-name\">realization:<\/span> <span class=\"wpcf-field-value wpcf-field-number-value wpcf-field-realization-value\">2019<\/span><\/div>\n          <\/li>\n\t\t\n          <li>\n            \n          <div style=\"display:none\" class=\"wpv-addon-maps-marker js-wpv-addon-maps-marker js-wpv-addon-maps-marker-marker-118990 js-wpv-addon-maps-markerfor-map-1\" data-marker=\"marker-118990\" data-markertitle=\"Clichy-Botignolles\" data-markerfor=\"map-1\" data-markerlat=\"48.8915424\" data-markerlon=\"2.3101474\" data-markericon=\"\/wp-content\/uploads\/sites\/6\/2017\/11\/area_marker_9.png\" data-markericonhover=\"\" data-streetview=\"no\" data-fromview=\"\">\n            <article class=\"marker-itinerario\">\n\t<div class=\"entry-thumbnail\">\n      \n      \n      \t<img loading=\"lazy\" decoding=\"async\" width=\"1400\" height=\"1120\" src=\"https:\/\/static.tecnichenuove.it\/areaarch\/2022\/04\/22_cultural_block-tolila_gilliland_tvk_full.jpg\" class=\"attachment-post-thumbnail size-post-thumbnail wp-post-image\" alt=\"\" srcset=\"https:\/\/static.tecnichenuove.it\/areaarch\/2022\/04\/22_cultural_block-tolila_gilliland_tvk_full.jpg 1400w, https:\/\/static.tecnichenuove.it\/areaarch\/2022\/04\/22_cultural_block-tolila_gilliland_tvk_full-300x240.jpg 300w, https:\/\/static.tecnichenuove.it\/areaarch\/2022\/04\/22_cultural_block-tolila_gilliland_tvk_full-1024x819.jpg 1024w, https:\/\/static.tecnichenuove.it\/areaarch\/2022\/04\/22_cultural_block-tolila_gilliland_tvk_full-768x614.jpg 768w, https:\/\/static.tecnichenuove.it\/areaarch\/2022\/04\/22_cultural_block-tolila_gilliland_tvk_full-696x557.jpg 696w, https:\/\/static.tecnichenuove.it\/areaarch\/2022\/04\/22_cultural_block-tolila_gilliland_tvk_full-1068x854.jpg 1068w, https:\/\/static.tecnichenuove.it\/areaarch\/2022\/04\/22_cultural_block-tolila_gilliland_tvk_full-525x420.jpg 525w\" sizes=\"auto, (max-width: 1400px) 100vw, 1400px\" \/>\n      \t<img decoding=\"async\" src=\"https:\/\/www.area-arch.it\/wp-content\/uploads\/sites\/6\/2022\/04\/26_cultural_block-tolila_gilliland_tvk_full.jpg\" class=\"attachment-post-thumbnail\" \/>\n      \n\t<\/div>\n  \t<div class=\"entry-column\">\n      <h3 class=\"entry-title td-module-title\">Clichy-Botignolles<\/h3>\n      <div class=\"td-excerpt\">\n            <div id=\"wpcf-field-tipology\" class=\"wpcf-field-select wpcf-field-tipology\"><span class=\"wpcf-field-name wpcf-field-select-name wpcf-field-tipology-name\">tipology:<\/span> <span class=\"wpcf-field-value wpcf-field-select-value wpcf-field-tipology-value\">mixed use<\/span><\/div>\n            <div id=\"wpcf-field-architect\" class=\"wpcf-field-single-line wpcf-field-architect\"><span class=\"wpcf-field-name wpcf-field-single-line-name wpcf-field-architect-name\">architect:<\/span> <span class=\"wpcf-field-value wpcf-field-single-line-value wpcf-field-architect-value\">TVK<\/span><\/div>\n            <div id=\"wpcf-field-realization\" class=\"wpcf-field-number wpcf-field-realization\"><span class=\"wpcf-field-name wpcf-field-number-name wpcf-field-realization-name\">realization:<\/span> <span class=\"wpcf-field-value wpcf-field-number-value wpcf-field-realization-value\">2018<\/span><\/div>\n            73 Rue Mstislav Rostropovitch, Parigi, Francia\n          <\/div>\n  <\/div>\n<\/article>\n          <\/div>\n            <h4><a href=\"#\" onclick=\"cimap();\" class=\"link-marker js-wpv-addon-maps-focus-map js-toolset-maps-hover-map-map-1-marker-marker-118990 js-toolset-maps-open-infowindow-map-map-1-marker-marker-118990\" data-map=\"map-1\" data-marker=\"marker-118990\">18. Clichy-Botignolles<\/a><\/h4>\n            <div id=\"wpcf-field-tipology\" class=\"wpcf-field-select wpcf-field-tipology\"><span class=\"wpcf-field-name wpcf-field-select-name wpcf-field-tipology-name\">tipology:<\/span> <span class=\"wpcf-field-value wpcf-field-select-value wpcf-field-tipology-value\">mixed use<\/span><\/div> | <div id=\"wpcf-field-architect\" class=\"wpcf-field-single-line wpcf-field-architect\"><span class=\"wpcf-field-name wpcf-field-single-line-name wpcf-field-architect-name\">architect:<\/span> <span class=\"wpcf-field-value wpcf-field-single-line-value wpcf-field-architect-value\">TVK<\/span><\/div> | <div id=\"wpcf-field-realization\" class=\"wpcf-field-number wpcf-field-realization\"><span class=\"wpcf-field-name wpcf-field-number-name wpcf-field-realization-name\">realization:<\/span> <span class=\"wpcf-field-value wpcf-field-number-value wpcf-field-realization-value\">2018<\/span><\/div>\n          <\/li>\n\t\t\n          <li>\n            \n          <div style=\"display:none\" class=\"wpv-addon-maps-marker js-wpv-addon-maps-marker js-wpv-addon-maps-marker-marker-118993 js-wpv-addon-maps-markerfor-map-1\" data-marker=\"marker-118993\" data-markertitle=\"Lot 06A ZAC Clichy Botignolles\" data-markerfor=\"map-1\" data-markerlat=\"48.8908445\" data-markerlon=\"2.3112414\" data-markericon=\"\/wp-content\/uploads\/sites\/6\/2017\/11\/area_marker_13.png\" data-markericonhover=\"\" data-streetview=\"no\" data-fromview=\"\">\n            <article class=\"marker-itinerario\">\n\t<div class=\"entry-thumbnail\">\n      \n      \n      \t<img loading=\"lazy\" decoding=\"async\" width=\"933\" height=\"1400\" src=\"https:\/\/static.tecnichenuove.it\/areaarch\/2022\/04\/sam-architecture-querkraft-architekten-karawitz-architecture-schnepp-renou-social-housing-in-clichy-batignolles.jpg\" class=\"attachment-post-thumbnail size-post-thumbnail wp-post-image\" alt=\"\" srcset=\"https:\/\/static.tecnichenuove.it\/areaarch\/2022\/04\/sam-architecture-querkraft-architekten-karawitz-architecture-schnepp-renou-social-housing-in-clichy-batignolles.jpg 933w, https:\/\/static.tecnichenuove.it\/areaarch\/2022\/04\/sam-architecture-querkraft-architekten-karawitz-architecture-schnepp-renou-social-housing-in-clichy-batignolles-200x300.jpg 200w, https:\/\/static.tecnichenuove.it\/areaarch\/2022\/04\/sam-architecture-querkraft-architekten-karawitz-architecture-schnepp-renou-social-housing-in-clichy-batignolles-682x1024.jpg 682w, https:\/\/static.tecnichenuove.it\/areaarch\/2022\/04\/sam-architecture-querkraft-architekten-karawitz-architecture-schnepp-renou-social-housing-in-clichy-batignolles-768x1152.jpg 768w, https:\/\/static.tecnichenuove.it\/areaarch\/2022\/04\/sam-architecture-querkraft-architekten-karawitz-architecture-schnepp-renou-social-housing-in-clichy-batignolles-696x1044.jpg 696w, https:\/\/static.tecnichenuove.it\/areaarch\/2022\/04\/sam-architecture-querkraft-architekten-karawitz-architecture-schnepp-renou-social-housing-in-clichy-batignolles-280x420.jpg 280w\" sizes=\"auto, (max-width: 933px) 100vw, 933px\" \/>\n      \t<img decoding=\"async\" src=\"https:\/\/www.area-arch.it\/wp-content\/uploads\/sites\/6\/2022\/04\/stringio.jpg\" class=\"attachment-post-thumbnail\" \/>\n      \n\t<\/div>\n  \t<div class=\"entry-column\">\n      <h3 class=\"entry-title td-module-title\">Lot 06A ZAC Clichy Botignolles<\/h3>\n      <div class=\"td-excerpt\">\n            <div id=\"wpcf-field-tipology\" class=\"wpcf-field-select wpcf-field-tipology\"><span class=\"wpcf-field-name wpcf-field-select-name wpcf-field-tipology-name\">tipology:<\/span> <span class=\"wpcf-field-value wpcf-field-select-value wpcf-field-tipology-value\">residential<\/span><\/div>\n            <div id=\"wpcf-field-architect\" class=\"wpcf-field-single-line wpcf-field-architect\"><span class=\"wpcf-field-name wpcf-field-single-line-name wpcf-field-architect-name\">architect:<\/span> <span class=\"wpcf-field-value wpcf-field-single-line-value wpcf-field-architect-value\">sam architecture<\/span><\/div>\n            <div id=\"wpcf-field-realization\" class=\"wpcf-field-number wpcf-field-realization\"><span class=\"wpcf-field-name wpcf-field-number-name wpcf-field-realization-name\">realization:<\/span> <span class=\"wpcf-field-value wpcf-field-number-value wpcf-field-realization-value\">2019<\/span><\/div>\n            55 Rue Mstislav Rostropovitch, Parigi, Francia\n          <\/div>\n  <\/div>\n<\/article>\n          <\/div>\n            <h4><a href=\"#\" onclick=\"cimap();\" class=\"link-marker js-wpv-addon-maps-focus-map js-toolset-maps-hover-map-map-1-marker-marker-118993 js-toolset-maps-open-infowindow-map-map-1-marker-marker-118993\" data-map=\"map-1\" data-marker=\"marker-118993\">19. Lot 06A ZAC Clichy Botignolles<\/a><\/h4>\n            <div id=\"wpcf-field-tipology\" class=\"wpcf-field-select wpcf-field-tipology\"><span class=\"wpcf-field-name wpcf-field-select-name wpcf-field-tipology-name\">tipology:<\/span> <span class=\"wpcf-field-value wpcf-field-select-value wpcf-field-tipology-value\">residential<\/span><\/div> | <div id=\"wpcf-field-architect\" class=\"wpcf-field-single-line wpcf-field-architect\"><span class=\"wpcf-field-name wpcf-field-single-line-name wpcf-field-architect-name\">architect:<\/span> <span class=\"wpcf-field-value wpcf-field-single-line-value wpcf-field-architect-value\">sam architecture<\/span><\/div> | <div id=\"wpcf-field-realization\" class=\"wpcf-field-number wpcf-field-realization\"><span class=\"wpcf-field-name wpcf-field-number-name wpcf-field-realization-name\">realization:<\/span> <span class=\"wpcf-field-value wpcf-field-number-value wpcf-field-realization-value\">2019<\/span><\/div>\n          <\/li>\n\t\t\n          <li>\n            \n          <div style=\"display:none\" class=\"wpv-addon-maps-marker js-wpv-addon-maps-marker js-wpv-addon-maps-marker-marker-118996 js-wpv-addon-maps-markerfor-map-1\" data-marker=\"marker-118996\" data-markertitle=\"Palais de Justice\" data-markerfor=\"map-1\" data-markerlat=\"48.8945174\" data-markerlon=\"2.3105383\" data-markericon=\"\/wp-content\/uploads\/sites\/6\/2017\/11\/area_marker_11.png\" data-markericonhover=\"\" data-streetview=\"no\" data-fromview=\"\">\n            <article class=\"marker-itinerario\">\n\t<div class=\"entry-thumbnail\">\n      \n      \n      \t<img loading=\"lazy\" decoding=\"async\" width=\"1400\" height=\"932\" src=\"https:\/\/static.tecnichenuove.it\/areaarch\/2022\/04\/photo-sergio-grazia_IMP_2017-05-25_0740_TTT.jpg\" class=\"attachment-post-thumbnail size-post-thumbnail wp-post-image\" alt=\"\" srcset=\"https:\/\/static.tecnichenuove.it\/areaarch\/2022\/04\/photo-sergio-grazia_IMP_2017-05-25_0740_TTT.jpg 1400w, https:\/\/static.tecnichenuove.it\/areaarch\/2022\/04\/photo-sergio-grazia_IMP_2017-05-25_0740_TTT-300x200.jpg 300w, https:\/\/static.tecnichenuove.it\/areaarch\/2022\/04\/photo-sergio-grazia_IMP_2017-05-25_0740_TTT-1024x682.jpg 1024w, https:\/\/static.tecnichenuove.it\/areaarch\/2022\/04\/photo-sergio-grazia_IMP_2017-05-25_0740_TTT-150x100.jpg 150w, https:\/\/static.tecnichenuove.it\/areaarch\/2022\/04\/photo-sergio-grazia_IMP_2017-05-25_0740_TTT-768x511.jpg 768w, https:\/\/static.tecnichenuove.it\/areaarch\/2022\/04\/photo-sergio-grazia_IMP_2017-05-25_0740_TTT-696x463.jpg 696w, https:\/\/static.tecnichenuove.it\/areaarch\/2022\/04\/photo-sergio-grazia_IMP_2017-05-25_0740_TTT-1068x711.jpg 1068w, https:\/\/static.tecnichenuove.it\/areaarch\/2022\/04\/photo-sergio-grazia_IMP_2017-05-25_0740_TTT-631x420.jpg 631w\" sizes=\"auto, (max-width: 1400px) 100vw, 1400px\" \/>\n      \t<img decoding=\"async\" src=\"https:\/\/www.area-arch.it\/wp-content\/uploads\/sites\/6\/2022\/04\/08_rpbw_palais-de-justice_paris_schizzo_full.jpg\" class=\"attachment-post-thumbnail\" \/>\n      \n\t<\/div>\n  \t<div class=\"entry-column\">\n      <h3 class=\"entry-title td-module-title\">Palais de Justice<\/h3>\n      <div class=\"td-excerpt\">\n            <div id=\"wpcf-field-tipology\" class=\"wpcf-field-select wpcf-field-tipology\"><span class=\"wpcf-field-name wpcf-field-select-name wpcf-field-tipology-name\">tipology:<\/span> <span class=\"wpcf-field-value wpcf-field-select-value wpcf-field-tipology-value\">office<\/span><\/div>\n            <div id=\"wpcf-field-architect\" class=\"wpcf-field-single-line wpcf-field-architect\"><span class=\"wpcf-field-name wpcf-field-single-line-name wpcf-field-architect-name\">architect:<\/span> <span class=\"wpcf-field-value wpcf-field-single-line-value wpcf-field-architect-value\">RPBW - Renzo Piano<\/span><\/div>\n            <div id=\"wpcf-field-realization\" class=\"wpcf-field-number wpcf-field-realization\"><span class=\"wpcf-field-name wpcf-field-number-name wpcf-field-realization-name\">realization:<\/span> <span class=\"wpcf-field-value wpcf-field-number-value wpcf-field-realization-value\">2019<\/span><\/div>\n            6 Rue du Bastion, Parigi, Francia\n          <\/div>\n  <\/div>\n<\/article>\n          <\/div>\n            <h4><a href=\"#\" onclick=\"cimap();\" class=\"link-marker js-wpv-addon-maps-focus-map js-toolset-maps-hover-map-map-1-marker-marker-118996 js-toolset-maps-open-infowindow-map-map-1-marker-marker-118996\" data-map=\"map-1\" data-marker=\"marker-118996\">20. Palais de Justice<\/a><\/h4>\n            <div id=\"wpcf-field-tipology\" class=\"wpcf-field-select wpcf-field-tipology\"><span class=\"wpcf-field-name wpcf-field-select-name wpcf-field-tipology-name\">tipology:<\/span> <span class=\"wpcf-field-value wpcf-field-select-value wpcf-field-tipology-value\">office<\/span><\/div> | <div id=\"wpcf-field-architect\" class=\"wpcf-field-single-line wpcf-field-architect\"><span class=\"wpcf-field-name wpcf-field-single-line-name wpcf-field-architect-name\">architect:<\/span> <span class=\"wpcf-field-value wpcf-field-single-line-value wpcf-field-architect-value\">RPBW - Renzo Piano<\/span><\/div> | <div id=\"wpcf-field-realization\" class=\"wpcf-field-number wpcf-field-realization\"><span class=\"wpcf-field-name wpcf-field-number-name wpcf-field-realization-name\">realization:<\/span> <span class=\"wpcf-field-value wpcf-field-number-value wpcf-field-realization-value\">2019<\/span><\/div>\n          <\/li>\n\t\t\n          <li>\n            \n          <div style=\"display:none\" class=\"wpv-addon-maps-marker js-wpv-addon-maps-marker js-wpv-addon-maps-marker-marker-118999 js-wpv-addon-maps-markerfor-map-1\" data-marker=\"marker-118999\" data-markertitle=\"Torre Bois-le-Pr\u00eatre\" data-markerfor=\"map-1\" data-markerlat=\"48.898603\" data-markerlon=\"2.320836\" data-markericon=\"\/wp-content\/uploads\/sites\/6\/2017\/11\/area_marker_13.png\" data-markericonhover=\"\" data-streetview=\"no\" data-fromview=\"\">\n            <article class=\"marker-itinerario\">\n\t<div class=\"entry-thumbnail\">\n      \n      \n      \t<img loading=\"lazy\" decoding=\"async\" width=\"1400\" height=\"877\" src=\"https:\/\/static.tecnichenuove.it\/areaarch\/2022\/04\/av_189641.jpeg\" class=\"attachment-post-thumbnail size-post-thumbnail wp-post-image\" alt=\"\" srcset=\"https:\/\/static.tecnichenuove.it\/areaarch\/2022\/04\/av_189641.jpeg 1400w, https:\/\/static.tecnichenuove.it\/areaarch\/2022\/04\/av_189641-300x188.jpeg 300w, https:\/\/static.tecnichenuove.it\/areaarch\/2022\/04\/av_189641-1024x641.jpeg 1024w, https:\/\/static.tecnichenuove.it\/areaarch\/2022\/04\/av_189641-768x481.jpeg 768w, https:\/\/static.tecnichenuove.it\/areaarch\/2022\/04\/av_189641-696x436.jpeg 696w, https:\/\/static.tecnichenuove.it\/areaarch\/2022\/04\/av_189641-1068x669.jpeg 1068w, https:\/\/static.tecnichenuove.it\/areaarch\/2022\/04\/av_189641-670x420.jpeg 670w\" sizes=\"auto, (max-width: 1400px) 100vw, 1400px\" \/>\n      \t<img decoding=\"async\" src=\"https:\/\/www.area-arch.it\/wp-content\/uploads\/sites\/6\/2022\/04\/ATLAS-OF-PLACES-DRUOT-LACATON-VASSAL-TOUR-BOIS-LE-PRE\u0302TRE-GPH-1.png\" class=\"attachment-post-thumbnail\" \/>\n      \n\t<\/div>\n  \t<div class=\"entry-column\">\n      <h3 class=\"entry-title td-module-title\">Torre Bois-le-Pr\u00eatre<\/h3>\n      <div class=\"td-excerpt\">\n            <div id=\"wpcf-field-tipology\" class=\"wpcf-field-select wpcf-field-tipology\"><span class=\"wpcf-field-name wpcf-field-select-name wpcf-field-tipology-name\">tipology:<\/span> <span class=\"wpcf-field-value wpcf-field-select-value wpcf-field-tipology-value\">residential<\/span><\/div>\n            <div id=\"wpcf-field-architect\" class=\"wpcf-field-single-line wpcf-field-architect\"><span class=\"wpcf-field-name wpcf-field-single-line-name wpcf-field-architect-name\">architect:<\/span> <span class=\"wpcf-field-value wpcf-field-single-line-value wpcf-field-architect-value\">Lacaton &amp; Vassal<\/span><\/div>\n            <div id=\"wpcf-field-realization\" class=\"wpcf-field-number wpcf-field-realization\"><span class=\"wpcf-field-name wpcf-field-number-name wpcf-field-realization-name\">realization:<\/span> <span class=\"wpcf-field-value wpcf-field-number-value wpcf-field-realization-value\">2011<\/span><\/div>\n            10 Rue Pierre Rebi\u00e8re, Parigi, Francia\n          <\/div>\n  <\/div>\n<\/article>\n          <\/div>\n            <h4><a href=\"#\" onclick=\"cimap();\" class=\"link-marker js-wpv-addon-maps-focus-map js-toolset-maps-hover-map-map-1-marker-marker-118999 js-toolset-maps-open-infowindow-map-map-1-marker-marker-118999\" data-map=\"map-1\" data-marker=\"marker-118999\">21. Torre Bois-le-Pr\u00eatre<\/a><\/h4>\n            <div id=\"wpcf-field-tipology\" class=\"wpcf-field-select wpcf-field-tipology\"><span class=\"wpcf-field-name wpcf-field-select-name wpcf-field-tipology-name\">tipology:<\/span> <span class=\"wpcf-field-value wpcf-field-select-value wpcf-field-tipology-value\">residential<\/span><\/div> | <div id=\"wpcf-field-architect\" class=\"wpcf-field-single-line wpcf-field-architect\"><span class=\"wpcf-field-name wpcf-field-single-line-name wpcf-field-architect-name\">architect:<\/span> <span class=\"wpcf-field-value wpcf-field-single-line-value wpcf-field-architect-value\">Lacaton &amp; Vassal<\/span><\/div> | <div id=\"wpcf-field-realization\" class=\"wpcf-field-number wpcf-field-realization\"><span class=\"wpcf-field-name wpcf-field-number-name wpcf-field-realization-name\">realization:<\/span> <span class=\"wpcf-field-value wpcf-field-number-value wpcf-field-realization-value\">2011<\/span><\/div>\n          <\/li>\n\t\t\n          <li>\n            \n          <div style=\"display:none\" class=\"wpv-addon-maps-marker js-wpv-addon-maps-marker js-wpv-addon-maps-marker-marker-119003 js-wpv-addon-maps-markerfor-map-1\" data-marker=\"marker-119003\" data-markertitle=\"La Defense\" data-markerfor=\"map-1\" data-markerlat=\"48.892468\" data-markerlon=\"2.2360008\" data-markericon=\"\/wp-content\/uploads\/sites\/6\/2017\/11\/area_marker_12.png\" data-markericonhover=\"\" data-streetview=\"no\" data-fromview=\"\">\n            <article class=\"marker-itinerario\">\n\t<div class=\"entry-thumbnail\">\n      \n      \n      \t<img loading=\"lazy\" decoding=\"async\" width=\"1050\" height=\"1400\" src=\"https:\/\/static.tecnichenuove.it\/areaarch\/2022\/04\/722johann-otto-von-spreckelsen-hiepler-brunier-grande-arche-la-defense.jpeg\" class=\"attachment-post-thumbnail size-post-thumbnail wp-post-image\" alt=\"\" srcset=\"https:\/\/static.tecnichenuove.it\/areaarch\/2022\/04\/722johann-otto-von-spreckelsen-hiepler-brunier-grande-arche-la-defense.jpeg 1050w, https:\/\/static.tecnichenuove.it\/areaarch\/2022\/04\/722johann-otto-von-spreckelsen-hiepler-brunier-grande-arche-la-defense-225x300.jpeg 225w, https:\/\/static.tecnichenuove.it\/areaarch\/2022\/04\/722johann-otto-von-spreckelsen-hiepler-brunier-grande-arche-la-defense-768x1024.jpeg 768w, https:\/\/static.tecnichenuove.it\/areaarch\/2022\/04\/722johann-otto-von-spreckelsen-hiepler-brunier-grande-arche-la-defense-696x928.jpeg 696w, https:\/\/static.tecnichenuove.it\/areaarch\/2022\/04\/722johann-otto-von-spreckelsen-hiepler-brunier-grande-arche-la-defense-315x420.jpeg 315w\" sizes=\"auto, (max-width: 1050px) 100vw, 1050px\" \/>\n      \t<img decoding=\"async\" src=\"https:\/\/www.area-arch.it\/wp-content\/uploads\/sites\/6\/2022\/04\/1131-The-Grande-Arche-de-la-DEfense1131seccio.jpeg\" class=\"attachment-post-thumbnail\" \/>\n      \n\t<\/div>\n  \t<div class=\"entry-column\">\n      <h3 class=\"entry-title td-module-title\">La Defense<\/h3>\n      <div class=\"td-excerpt\">\n            <div id=\"wpcf-field-tipology\" class=\"wpcf-field-select wpcf-field-tipology\"><span class=\"wpcf-field-name wpcf-field-select-name wpcf-field-tipology-name\">tipology:<\/span> <span class=\"wpcf-field-value wpcf-field-select-value wpcf-field-tipology-value\">public<\/span><\/div>\n            <div id=\"wpcf-field-architect\" class=\"wpcf-field-single-line wpcf-field-architect\"><span class=\"wpcf-field-name wpcf-field-single-line-name wpcf-field-architect-name\">architect:<\/span> <span class=\"wpcf-field-value wpcf-field-single-line-value wpcf-field-architect-value\">Johann Otto van Spreckelsen<\/span><\/div>\n            <div id=\"wpcf-field-realization\" class=\"wpcf-field-number wpcf-field-realization\"><span class=\"wpcf-field-name wpcf-field-number-name wpcf-field-realization-name\">realization:<\/span> <span class=\"wpcf-field-value wpcf-field-number-value wpcf-field-realization-value\">1987<\/span><\/div>\n            1 Parvis de la D\u00e9fense, Puteaux, Francia\n          <\/div>\n  <\/div>\n<\/article>\n          <\/div>\n            <h4><a href=\"#\" onclick=\"cimap();\" class=\"link-marker js-wpv-addon-maps-focus-map js-toolset-maps-hover-map-map-1-marker-marker-119003 js-toolset-maps-open-infowindow-map-map-1-marker-marker-119003\" data-map=\"map-1\" data-marker=\"marker-119003\">22. La Defense<\/a><\/h4>\n            <div id=\"wpcf-field-tipology\" class=\"wpcf-field-select wpcf-field-tipology\"><span class=\"wpcf-field-name wpcf-field-select-name wpcf-field-tipology-name\">tipology:<\/span> <span class=\"wpcf-field-value wpcf-field-select-value wpcf-field-tipology-value\">public<\/span><\/div> | <div id=\"wpcf-field-architect\" class=\"wpcf-field-single-line wpcf-field-architect\"><span class=\"wpcf-field-name wpcf-field-single-line-name wpcf-field-architect-name\">architect:<\/span> <span class=\"wpcf-field-value wpcf-field-single-line-value wpcf-field-architect-value\">Johann Otto van Spreckelsen<\/span><\/div> | <div id=\"wpcf-field-realization\" class=\"wpcf-field-number wpcf-field-realization\"><span class=\"wpcf-field-name wpcf-field-number-name wpcf-field-realization-name\">realization:<\/span> <span class=\"wpcf-field-value wpcf-field-number-value wpcf-field-realization-value\">1987<\/span><\/div>\n          <\/li>\n\t\t\n          <li>\n            \n          <div style=\"display:none\" class=\"wpv-addon-maps-marker js-wpv-addon-maps-marker js-wpv-addon-maps-marker-marker-119006 js-wpv-addon-maps-markerfor-map-1\" data-marker=\"marker-119006\" data-markertitle=\"Fondation Louis Vuitton\" data-markerfor=\"map-1\" data-markerlat=\"48.8766484\" data-markerlon=\"2.2635254\" data-markericon=\"\/wp-content\/uploads\/sites\/6\/2017\/11\/area_marker_10.png\" data-markericonhover=\"\" data-streetview=\"no\" data-fromview=\"\">\n            <article class=\"marker-itinerario\">\n\t<div class=\"entry-thumbnail\">\n      \n      \n      \t<img loading=\"lazy\" decoding=\"async\" width=\"1400\" height=\"771\" src=\"https:\/\/static.tecnichenuove.it\/areaarch\/2022\/04\/cover_fondation-1584x872-1.jpg\" class=\"attachment-post-thumbnail size-post-thumbnail wp-post-image\" alt=\"\" srcset=\"https:\/\/static.tecnichenuove.it\/areaarch\/2022\/04\/cover_fondation-1584x872-1.jpg 1400w, https:\/\/static.tecnichenuove.it\/areaarch\/2022\/04\/cover_fondation-1584x872-1-300x165.jpg 300w, https:\/\/static.tecnichenuove.it\/areaarch\/2022\/04\/cover_fondation-1584x872-1-1024x564.jpg 1024w, https:\/\/static.tecnichenuove.it\/areaarch\/2022\/04\/cover_fondation-1584x872-1-768x423.jpg 768w, https:\/\/static.tecnichenuove.it\/areaarch\/2022\/04\/cover_fondation-1584x872-1-696x383.jpg 696w, https:\/\/static.tecnichenuove.it\/areaarch\/2022\/04\/cover_fondation-1584x872-1-1068x588.jpg 1068w, https:\/\/static.tecnichenuove.it\/areaarch\/2022\/04\/cover_fondation-1584x872-1-763x420.jpg 763w\" sizes=\"auto, (max-width: 1400px) 100vw, 1400px\" \/>\n      \t<img decoding=\"async\" src=\"https:\/\/www.area-arch.it\/wp-content\/uploads\/sites\/6\/2022\/04\/Fondation-Louis-Vuitton-Paris-Frank-Gehry-longitudinal-section.jpg\" class=\"attachment-post-thumbnail\" \/>\n      \n\t<\/div>\n  \t<div class=\"entry-column\">\n      <h3 class=\"entry-title td-module-title\">Fondation Louis Vuitton<\/h3>\n      <div class=\"td-excerpt\">\n            <div id=\"wpcf-field-tipology\" class=\"wpcf-field-select wpcf-field-tipology\"><span class=\"wpcf-field-name wpcf-field-select-name wpcf-field-tipology-name\">tipology:<\/span> <span class=\"wpcf-field-value wpcf-field-select-value wpcf-field-tipology-value\">museum<\/span><\/div>\n            <div id=\"wpcf-field-architect\" class=\"wpcf-field-single-line wpcf-field-architect\"><span class=\"wpcf-field-name wpcf-field-single-line-name wpcf-field-architect-name\">architect:<\/span> <span class=\"wpcf-field-value wpcf-field-single-line-value wpcf-field-architect-value\">Frank Gehry<\/span><\/div>\n            <div id=\"wpcf-field-realization\" class=\"wpcf-field-number wpcf-field-realization\"><span class=\"wpcf-field-name wpcf-field-number-name wpcf-field-realization-name\">realization:<\/span> <span class=\"wpcf-field-value wpcf-field-number-value wpcf-field-realization-value\">2014<\/span><\/div>\n            8 Avenue du Mahatma Gandhi, Parigi, Francia\n          <\/div>\n  <\/div>\n<\/article>\n          <\/div>\n            <h4><a href=\"#\" onclick=\"cimap();\" class=\"link-marker js-wpv-addon-maps-focus-map js-toolset-maps-hover-map-map-1-marker-marker-119006 js-toolset-maps-open-infowindow-map-map-1-marker-marker-119006\" data-map=\"map-1\" data-marker=\"marker-119006\">23. Fondation Louis Vuitton<\/a><\/h4>\n            <div id=\"wpcf-field-tipology\" class=\"wpcf-field-select wpcf-field-tipology\"><span class=\"wpcf-field-name wpcf-field-select-name wpcf-field-tipology-name\">tipology:<\/span> <span class=\"wpcf-field-value wpcf-field-select-value wpcf-field-tipology-value\">museum<\/span><\/div> | <div id=\"wpcf-field-architect\" class=\"wpcf-field-single-line wpcf-field-architect\"><span class=\"wpcf-field-name wpcf-field-single-line-name wpcf-field-architect-name\">architect:<\/span> <span class=\"wpcf-field-value wpcf-field-single-line-value wpcf-field-architect-value\">Frank Gehry<\/span><\/div> | <div id=\"wpcf-field-realization\" class=\"wpcf-field-number wpcf-field-realization\"><span class=\"wpcf-field-name wpcf-field-number-name wpcf-field-realization-name\">realization:<\/span> <span class=\"wpcf-field-value wpcf-field-number-value wpcf-field-realization-value\">2014<\/span><\/div>\n          <\/li>\n\t\t\n          <li>\n            \n          <div style=\"display:none\" class=\"wpv-addon-maps-marker js-wpv-addon-maps-marker js-wpv-addon-maps-marker-marker-119009 js-wpv-addon-maps-markerfor-map-1\" data-marker=\"marker-119009\" data-markertitle=\"Ave Mar\u00e9chal Fayolle\" data-markerfor=\"map-1\" data-markerlat=\"48.8679842\" data-markerlon=\"2.2711432\" data-markericon=\"\/wp-content\/uploads\/sites\/6\/2017\/11\/area_marker_13.png\" data-markericonhover=\"\" data-streetview=\"no\" data-fromview=\"\">\n            <article class=\"marker-itinerario\">\n\t<div class=\"entry-thumbnail\">\n      \n      \n      \t<img loading=\"lazy\" decoding=\"async\" width=\"1400\" height=\"927\" src=\"https:\/\/static.tecnichenuove.it\/areaarch\/2022\/04\/SANAA_2018_Apartments_Fayolle_exterior_05.jpg\" class=\"attachment-post-thumbnail size-post-thumbnail wp-post-image\" alt=\"\" srcset=\"https:\/\/static.tecnichenuove.it\/areaarch\/2022\/04\/SANAA_2018_Apartments_Fayolle_exterior_05.jpg 1400w, https:\/\/static.tecnichenuove.it\/areaarch\/2022\/04\/SANAA_2018_Apartments_Fayolle_exterior_05-300x199.jpg 300w, https:\/\/static.tecnichenuove.it\/areaarch\/2022\/04\/SANAA_2018_Apartments_Fayolle_exterior_05-1024x678.jpg 1024w, https:\/\/static.tecnichenuove.it\/areaarch\/2022\/04\/SANAA_2018_Apartments_Fayolle_exterior_05-150x100.jpg 150w, https:\/\/static.tecnichenuove.it\/areaarch\/2022\/04\/SANAA_2018_Apartments_Fayolle_exterior_05-768x509.jpg 768w, https:\/\/static.tecnichenuove.it\/areaarch\/2022\/04\/SANAA_2018_Apartments_Fayolle_exterior_05-696x461.jpg 696w, https:\/\/static.tecnichenuove.it\/areaarch\/2022\/04\/SANAA_2018_Apartments_Fayolle_exterior_05-1068x707.jpg 1068w, https:\/\/static.tecnichenuove.it\/areaarch\/2022\/04\/SANAA_2018_Apartments_Fayolle_exterior_05-634x420.jpg 634w\" sizes=\"auto, (max-width: 1400px) 100vw, 1400px\" \/>\n      \t<img decoding=\"async\" src=\"https:\/\/www.area-arch.it\/wp-content\/uploads\/sites\/6\/2022\/04\/SANAA_2018_Apartments_Fayolle_sections2.jpg\" class=\"attachment-post-thumbnail\" \/>\n      \n\t<\/div>\n  \t<div class=\"entry-column\">\n      <h3 class=\"entry-title td-module-title\">Ave Mar\u00e9chal Fayolle<\/h3>\n      <div class=\"td-excerpt\">\n            <div id=\"wpcf-field-tipology\" class=\"wpcf-field-select wpcf-field-tipology\"><span class=\"wpcf-field-name wpcf-field-select-name wpcf-field-tipology-name\">tipology:<\/span> <span class=\"wpcf-field-value wpcf-field-select-value wpcf-field-tipology-value\">residential<\/span><\/div>\n            <div id=\"wpcf-field-architect\" class=\"wpcf-field-single-line wpcf-field-architect\"><span class=\"wpcf-field-name wpcf-field-single-line-name wpcf-field-architect-name\">architect:<\/span> <span class=\"wpcf-field-value wpcf-field-single-line-value wpcf-field-architect-value\">SANAA<\/span><\/div>\n            <div id=\"wpcf-field-realization\" class=\"wpcf-field-number wpcf-field-realization\"><span class=\"wpcf-field-name wpcf-field-number-name wpcf-field-realization-name\">realization:<\/span> <span class=\"wpcf-field-value wpcf-field-number-value wpcf-field-realization-value\">2019<\/span><\/div>\n            45 Avenue du Mar\u00e9chal Fayolle, Parigi, Francia\n          <\/div>\n  <\/div>\n<\/article>\n          <\/div>\n            <h4><a href=\"#\" onclick=\"cimap();\" class=\"link-marker js-wpv-addon-maps-focus-map js-toolset-maps-hover-map-map-1-marker-marker-119009 js-toolset-maps-open-infowindow-map-map-1-marker-marker-119009\" data-map=\"map-1\" data-marker=\"marker-119009\">24. Ave Mar\u00e9chal Fayolle<\/a><\/h4>\n            <div id=\"wpcf-field-tipology\" class=\"wpcf-field-select wpcf-field-tipology\"><span class=\"wpcf-field-name wpcf-field-select-name wpcf-field-tipology-name\">tipology:<\/span> <span class=\"wpcf-field-value wpcf-field-select-value wpcf-field-tipology-value\">residential<\/span><\/div> | <div id=\"wpcf-field-architect\" class=\"wpcf-field-single-line wpcf-field-architect\"><span class=\"wpcf-field-name wpcf-field-single-line-name wpcf-field-architect-name\">architect:<\/span> <span class=\"wpcf-field-value wpcf-field-single-line-value wpcf-field-architect-value\">SANAA<\/span><\/div> | <div id=\"wpcf-field-realization\" class=\"wpcf-field-number wpcf-field-realization\"><span class=\"wpcf-field-name wpcf-field-number-name wpcf-field-realization-name\">realization:<\/span> <span class=\"wpcf-field-value wpcf-field-number-value wpcf-field-realization-value\">2019<\/span><\/div>\n          <\/li>\n\t\t\n          <li>\n            \n          <div style=\"display:none\" class=\"wpv-addon-maps-marker js-wpv-addon-maps-marker js-wpv-addon-maps-marker-marker-119012 js-wpv-addon-maps-markerfor-map-1\" data-marker=\"marker-119012\" data-markertitle=\"H\u00f4tel Fouquet&#8217;s Barri\u00e8re\" data-markerfor=\"map-1\" data-markerlat=\"48.8710564\" data-markerlon=\"2.3013784\" data-markericon=\"\/wp-content\/uploads\/sites\/6\/2017\/11\/area_marker_7.png\" data-markericonhover=\"\" data-streetview=\"no\" data-fromview=\"\">\n            <article class=\"marker-itinerario\">\n\t<div class=\"entry-thumbnail\">\n      \n      \n      \t<img loading=\"lazy\" decoding=\"async\" width=\"1024\" height=\"680\" src=\"https:\/\/static.tecnichenuove.it\/areaarch\/2022\/04\/5513159943_0ec94e0563_b.jpg\" class=\"attachment-post-thumbnail size-post-thumbnail wp-post-image\" alt=\"\" srcset=\"https:\/\/static.tecnichenuove.it\/areaarch\/2022\/04\/5513159943_0ec94e0563_b.jpg 1024w, https:\/\/static.tecnichenuove.it\/areaarch\/2022\/04\/5513159943_0ec94e0563_b-300x199.jpg 300w, https:\/\/static.tecnichenuove.it\/areaarch\/2022\/04\/5513159943_0ec94e0563_b-150x100.jpg 150w, https:\/\/static.tecnichenuove.it\/areaarch\/2022\/04\/5513159943_0ec94e0563_b-768x510.jpg 768w, https:\/\/static.tecnichenuove.it\/areaarch\/2022\/04\/5513159943_0ec94e0563_b-696x462.jpg 696w, https:\/\/static.tecnichenuove.it\/areaarch\/2022\/04\/5513159943_0ec94e0563_b-632x420.jpg 632w\" sizes=\"auto, (max-width: 1024px) 100vw, 1024px\" \/>\n      \t<img decoding=\"async\" src=\"https:\/\/www.area-arch.it\/wp-content\/uploads\/sites\/6\/2022\/04\/Fouquet_s-Barriere-Hotel_facade.jpg\" class=\"attachment-post-thumbnail\" \/>\n      \n\t<\/div>\n  \t<div class=\"entry-column\">\n      <h3 class=\"entry-title td-module-title\">H\u00f4tel Fouquet&#8217;s Barri\u00e8re<\/h3>\n      <div class=\"td-excerpt\">\n            <div id=\"wpcf-field-tipology\" class=\"wpcf-field-select wpcf-field-tipology\"><span class=\"wpcf-field-name wpcf-field-select-name wpcf-field-tipology-name\">tipology:<\/span> <span class=\"wpcf-field-value wpcf-field-select-value wpcf-field-tipology-value\">hotel<\/span><\/div>\n            <div id=\"wpcf-field-architect\" class=\"wpcf-field-single-line wpcf-field-architect\"><span class=\"wpcf-field-name wpcf-field-single-line-name wpcf-field-architect-name\">architect:<\/span> <span class=\"wpcf-field-value wpcf-field-single-line-value wpcf-field-architect-value\">Edouard Francois<\/span><\/div>\n            <div id=\"wpcf-field-realization\" class=\"wpcf-field-number wpcf-field-realization\"><span class=\"wpcf-field-name wpcf-field-number-name wpcf-field-realization-name\">realization:<\/span> <span class=\"wpcf-field-value wpcf-field-number-value wpcf-field-realization-value\">2006<\/span><\/div>\n            46 Av. George V, Parigi, Francia\n          <\/div>\n  <\/div>\n<\/article>\n          <\/div>\n            <h4><a href=\"#\" onclick=\"cimap();\" class=\"link-marker js-wpv-addon-maps-focus-map js-toolset-maps-hover-map-map-1-marker-marker-119012 js-toolset-maps-open-infowindow-map-map-1-marker-marker-119012\" data-map=\"map-1\" data-marker=\"marker-119012\">25. H\u00f4tel Fouquet&#8217;s Barri\u00e8re<\/a><\/h4>\n            <div id=\"wpcf-field-tipology\" class=\"wpcf-field-select wpcf-field-tipology\"><span class=\"wpcf-field-name wpcf-field-select-name wpcf-field-tipology-name\">tipology:<\/span> <span class=\"wpcf-field-value wpcf-field-select-value wpcf-field-tipology-value\">hotel<\/span><\/div> | <div id=\"wpcf-field-architect\" class=\"wpcf-field-single-line wpcf-field-architect\"><span class=\"wpcf-field-name wpcf-field-single-line-name wpcf-field-architect-name\">architect:<\/span> <span class=\"wpcf-field-value wpcf-field-single-line-value wpcf-field-architect-value\">Edouard Francois<\/span><\/div> | <div id=\"wpcf-field-realization\" class=\"wpcf-field-number wpcf-field-realization\"><span class=\"wpcf-field-name wpcf-field-number-name wpcf-field-realization-name\">realization:<\/span> <span class=\"wpcf-field-value wpcf-field-number-value wpcf-field-realization-value\">2006<\/span><\/div>\n          <\/li>\n\t\t\n          <li>\n            \n          <div style=\"display:none\" class=\"wpv-addon-maps-marker js-wpv-addon-maps-marker js-wpv-addon-maps-marker-marker-119015 js-wpv-addon-maps-markerfor-map-1\" data-marker=\"marker-119015\" data-markertitle=\"Palais de Tokyo\" data-markerfor=\"map-1\" data-markerlat=\"48.8645866\" data-markerlon=\"2.2966748\" data-markericon=\"\/wp-content\/uploads\/sites\/6\/2017\/11\/area_marker_10.png\" data-markericonhover=\"\" data-streetview=\"no\" data-fromview=\"\">\n            <article class=\"marker-itinerario\">\n\t<div class=\"entry-thumbnail\">\n      \n      \n      \t<img loading=\"lazy\" decoding=\"async\" width=\"1400\" height=\"1047\" src=\"https:\/\/static.tecnichenuove.it\/areaarch\/2022\/04\/av_94179.jpeg\" class=\"attachment-post-thumbnail size-post-thumbnail wp-post-image\" alt=\"\" srcset=\"https:\/\/static.tecnichenuove.it\/areaarch\/2022\/04\/av_94179.jpeg 1400w, https:\/\/static.tecnichenuove.it\/areaarch\/2022\/04\/av_94179-300x224.jpeg 300w, https:\/\/static.tecnichenuove.it\/areaarch\/2022\/04\/av_94179-1024x766.jpeg 1024w, https:\/\/static.tecnichenuove.it\/areaarch\/2022\/04\/av_94179-768x574.jpeg 768w, https:\/\/static.tecnichenuove.it\/areaarch\/2022\/04\/av_94179-80x60.jpeg 80w, https:\/\/static.tecnichenuove.it\/areaarch\/2022\/04\/av_94179-160x120.jpeg 160w, https:\/\/static.tecnichenuove.it\/areaarch\/2022\/04\/av_94179-265x198.jpeg 265w, https:\/\/static.tecnichenuove.it\/areaarch\/2022\/04\/av_94179-696x521.jpeg 696w, https:\/\/static.tecnichenuove.it\/areaarch\/2022\/04\/av_94179-1068x799.jpeg 1068w, https:\/\/static.tecnichenuove.it\/areaarch\/2022\/04\/av_94179-562x420.jpeg 562w\" sizes=\"auto, (max-width: 1400px) 100vw, 1400px\" \/>\n      \t<img decoding=\"async\" src=\"https:\/\/www.area-arch.it\/wp-content\/uploads\/sites\/6\/2022\/04\/av_94182.jpeg\" class=\"attachment-post-thumbnail\" \/>\n      \n\t<\/div>\n  \t<div class=\"entry-column\">\n      <h3 class=\"entry-title td-module-title\">Palais de Tokyo<\/h3>\n      <div class=\"td-excerpt\">\n            <div id=\"wpcf-field-tipology\" class=\"wpcf-field-select wpcf-field-tipology\"><span class=\"wpcf-field-name wpcf-field-select-name wpcf-field-tipology-name\">tipology:<\/span> <span class=\"wpcf-field-value wpcf-field-select-value wpcf-field-tipology-value\">museum<\/span><\/div>\n            <div id=\"wpcf-field-architect\" class=\"wpcf-field-single-line wpcf-field-architect\"><span class=\"wpcf-field-name wpcf-field-single-line-name wpcf-field-architect-name\">architect:<\/span> <span class=\"wpcf-field-value wpcf-field-single-line-value wpcf-field-architect-value\">Lacaton &amp; Vassal<\/span><\/div>\n            <div id=\"wpcf-field-realization\" class=\"wpcf-field-number wpcf-field-realization\"><span class=\"wpcf-field-name wpcf-field-number-name wpcf-field-realization-name\">realization:<\/span> <span class=\"wpcf-field-value wpcf-field-number-value wpcf-field-realization-value\">2013<\/span><\/div>\n            13 Avenue du Pr\u00e9sident Wilson, Parigi, Francia\n          <\/div>\n  <\/div>\n<\/article>\n          <\/div>\n            <h4><a href=\"#\" onclick=\"cimap();\" class=\"link-marker js-wpv-addon-maps-focus-map js-toolset-maps-hover-map-map-1-marker-marker-119015 js-toolset-maps-open-infowindow-map-map-1-marker-marker-119015\" data-map=\"map-1\" data-marker=\"marker-119015\">26. Palais de Tokyo<\/a><\/h4>\n            <div id=\"wpcf-field-tipology\" class=\"wpcf-field-select wpcf-field-tipology\"><span class=\"wpcf-field-name wpcf-field-select-name wpcf-field-tipology-name\">tipology:<\/span> <span class=\"wpcf-field-value wpcf-field-select-value wpcf-field-tipology-value\">museum<\/span><\/div> | <div id=\"wpcf-field-architect\" class=\"wpcf-field-single-line wpcf-field-architect\"><span class=\"wpcf-field-name wpcf-field-single-line-name wpcf-field-architect-name\">architect:<\/span> <span class=\"wpcf-field-value wpcf-field-single-line-value wpcf-field-architect-value\">Lacaton &amp; Vassal<\/span><\/div> | <div id=\"wpcf-field-realization\" class=\"wpcf-field-number wpcf-field-realization\"><span class=\"wpcf-field-name wpcf-field-number-name wpcf-field-realization-name\">realization:<\/span> <span class=\"wpcf-field-value wpcf-field-number-value wpcf-field-realization-value\">2013<\/span><\/div>\n          <\/li>\n\t\t\n          <li>\n            \n          <div style=\"display:none\" class=\"wpv-addon-maps-marker js-wpv-addon-maps-marker js-wpv-addon-maps-marker-marker-119018 js-wpv-addon-maps-markerfor-map-1\" data-marker=\"marker-119018\" data-markertitle=\"Maisons La Roche et Jeanneret\" data-markerfor=\"map-1\" data-markerlat=\"48.8519382\" data-markerlon=\"2.2651708\" data-markericon=\"\/wp-content\/uploads\/sites\/6\/2017\/11\/area_marker_13.png\" data-markericonhover=\"\" data-streetview=\"no\" data-fromview=\"\">\n            <article class=\"marker-itinerario\">\n\t<div class=\"entry-thumbnail\">\n      \n      \n      \t<img loading=\"lazy\" decoding=\"async\" width=\"1400\" height=\"1050\" src=\"https:\/\/static.tecnichenuove.it\/areaarch\/2022\/04\/723le-corbusier-hiepler-brunier-maison-la-roche-jeanneret.jpeg\" class=\"attachment-post-thumbnail size-post-thumbnail wp-post-image\" alt=\"\" srcset=\"https:\/\/static.tecnichenuove.it\/areaarch\/2022\/04\/723le-corbusier-hiepler-brunier-maison-la-roche-jeanneret.jpeg 1400w, https:\/\/static.tecnichenuove.it\/areaarch\/2022\/04\/723le-corbusier-hiepler-brunier-maison-la-roche-jeanneret-300x225.jpeg 300w, https:\/\/static.tecnichenuove.it\/areaarch\/2022\/04\/723le-corbusier-hiepler-brunier-maison-la-roche-jeanneret-1024x768.jpeg 1024w, https:\/\/static.tecnichenuove.it\/areaarch\/2022\/04\/723le-corbusier-hiepler-brunier-maison-la-roche-jeanneret-768x576.jpeg 768w, https:\/\/static.tecnichenuove.it\/areaarch\/2022\/04\/723le-corbusier-hiepler-brunier-maison-la-roche-jeanneret-80x60.jpeg 80w, https:\/\/static.tecnichenuove.it\/areaarch\/2022\/04\/723le-corbusier-hiepler-brunier-maison-la-roche-jeanneret-160x120.jpeg 160w, https:\/\/static.tecnichenuove.it\/areaarch\/2022\/04\/723le-corbusier-hiepler-brunier-maison-la-roche-jeanneret-265x198.jpeg 265w, https:\/\/static.tecnichenuove.it\/areaarch\/2022\/04\/723le-corbusier-hiepler-brunier-maison-la-roche-jeanneret-696x522.jpeg 696w, https:\/\/static.tecnichenuove.it\/areaarch\/2022\/04\/723le-corbusier-hiepler-brunier-maison-la-roche-jeanneret-1068x801.jpeg 1068w, https:\/\/static.tecnichenuove.it\/areaarch\/2022\/04\/723le-corbusier-hiepler-brunier-maison-la-roche-jeanneret-560x420.jpeg 560w\" sizes=\"auto, (max-width: 1400px) 100vw, 1400px\" \/>\n      \t<img decoding=\"async\" src=\"https:\/\/www.area-arch.it\/wp-content\/uploads\/sites\/6\/2022\/04\/Maison-Roche-plan.jpg\" class=\"attachment-post-thumbnail\" \/>\n      \n\t<\/div>\n  \t<div class=\"entry-column\">\n      <h3 class=\"entry-title td-module-title\">Maisons La Roche et Jeanneret<\/h3>\n      <div class=\"td-excerpt\">\n            <div id=\"wpcf-field-tipology\" class=\"wpcf-field-select wpcf-field-tipology\"><span class=\"wpcf-field-name wpcf-field-select-name wpcf-field-tipology-name\">tipology:<\/span> <span class=\"wpcf-field-value wpcf-field-select-value wpcf-field-tipology-value\">residential<\/span><\/div>\n            <div id=\"wpcf-field-architect\" class=\"wpcf-field-single-line wpcf-field-architect\"><span class=\"wpcf-field-name wpcf-field-single-line-name wpcf-field-architect-name\">architect:<\/span> <span class=\"wpcf-field-value wpcf-field-single-line-value wpcf-field-architect-value\">Le Corbusier<\/span><\/div>\n            <div id=\"wpcf-field-realization\" class=\"wpcf-field-number wpcf-field-realization\"><span class=\"wpcf-field-name wpcf-field-number-name wpcf-field-realization-name\">realization:<\/span> <span class=\"wpcf-field-value wpcf-field-number-value wpcf-field-realization-value\">1923<\/span><\/div>\n            8-10 Sq. du Dr Blanche, Parigi, Francia\n          <\/div>\n  <\/div>\n<\/article>\n          <\/div>\n            <h4><a href=\"#\" onclick=\"cimap();\" class=\"link-marker js-wpv-addon-maps-focus-map js-toolset-maps-hover-map-map-1-marker-marker-119018 js-toolset-maps-open-infowindow-map-map-1-marker-marker-119018\" data-map=\"map-1\" data-marker=\"marker-119018\">27. Maisons La Roche et Jeanneret<\/a><\/h4>\n            <div id=\"wpcf-field-tipology\" class=\"wpcf-field-select wpcf-field-tipology\"><span class=\"wpcf-field-name wpcf-field-select-name wpcf-field-tipology-name\">tipology:<\/span> <span class=\"wpcf-field-value wpcf-field-select-value wpcf-field-tipology-value\">residential<\/span><\/div> | <div id=\"wpcf-field-architect\" class=\"wpcf-field-single-line wpcf-field-architect\"><span class=\"wpcf-field-name wpcf-field-single-line-name wpcf-field-architect-name\">architect:<\/span> <span class=\"wpcf-field-value wpcf-field-single-line-value wpcf-field-architect-value\">Le Corbusier<\/span><\/div> | <div id=\"wpcf-field-realization\" class=\"wpcf-field-number wpcf-field-realization\"><span class=\"wpcf-field-name wpcf-field-number-name wpcf-field-realization-name\">realization:<\/span> <span class=\"wpcf-field-value wpcf-field-number-value wpcf-field-realization-value\">1923<\/span><\/div>\n          <\/li>\n\t\t\n          <li>\n            \n          <div style=\"display:none\" class=\"wpv-addon-maps-marker js-wpv-addon-maps-marker js-wpv-addon-maps-marker-marker-119021 js-wpv-addon-maps-markerfor-map-1\" data-marker=\"marker-119021\" data-markertitle=\"House\" data-markerfor=\"map-1\" data-markerlat=\"48.845966\" data-markerlon=\"2.294751\" data-markericon=\"\/wp-content\/uploads\/sites\/6\/2017\/11\/area_marker_13.png\" data-markericonhover=\"\" data-streetview=\"no\" data-fromview=\"\">\n            <article class=\"marker-itinerario\">\n\t<div class=\"entry-thumbnail\">\n      \n      \n      \t<img loading=\"lazy\" decoding=\"async\" width=\"854\" height=\"1281\" src=\"https:\/\/static.tecnichenuove.it\/areaarch\/2022\/04\/72-Image-1-apartment-Java-Architecture.jpeg\" class=\"attachment-post-thumbnail size-post-thumbnail wp-post-image\" alt=\"\" srcset=\"https:\/\/static.tecnichenuove.it\/areaarch\/2022\/04\/72-Image-1-apartment-Java-Architecture.jpeg 854w, https:\/\/static.tecnichenuove.it\/areaarch\/2022\/04\/72-Image-1-apartment-Java-Architecture-200x300.jpeg 200w, https:\/\/static.tecnichenuove.it\/areaarch\/2022\/04\/72-Image-1-apartment-Java-Architecture-683x1024.jpeg 683w, https:\/\/static.tecnichenuove.it\/areaarch\/2022\/04\/72-Image-1-apartment-Java-Architecture-768x1152.jpeg 768w, https:\/\/static.tecnichenuove.it\/areaarch\/2022\/04\/72-Image-1-apartment-Java-Architecture-696x1044.jpeg 696w, https:\/\/static.tecnichenuove.it\/areaarch\/2022\/04\/72-Image-1-apartment-Java-Architecture-280x420.jpeg 280w\" sizes=\"auto, (max-width: 854px) 100vw, 854px\" \/>\n      \t<img decoding=\"async\" src=\"https:\/\/www.area-arch.it\/wp-content\/uploads\/sites\/6\/2022\/04\/200-Drawing-apartment-Java-Architecture.jpeg\" class=\"attachment-post-thumbnail\" \/>\n      \n\t<\/div>\n  \t<div class=\"entry-column\">\n      <h3 class=\"entry-title td-module-title\">House<\/h3>\n      <div class=\"td-excerpt\">\n            <div id=\"wpcf-field-tipology\" class=\"wpcf-field-select wpcf-field-tipology\"><span class=\"wpcf-field-name wpcf-field-select-name wpcf-field-tipology-name\">tipology:<\/span> <span class=\"wpcf-field-value wpcf-field-select-value wpcf-field-tipology-value\">residential<\/span><\/div>\n            <div id=\"wpcf-field-architect\" class=\"wpcf-field-single-line wpcf-field-architect\"><span class=\"wpcf-field-name wpcf-field-single-line-name wpcf-field-architect-name\">architect:<\/span> <span class=\"wpcf-field-value wpcf-field-single-line-value wpcf-field-architect-value\">java architecture<\/span><\/div>\n            <div id=\"wpcf-field-realization\" class=\"wpcf-field-number wpcf-field-realization\"><span class=\"wpcf-field-name wpcf-field-number-name wpcf-field-realization-name\">realization:<\/span> <span class=\"wpcf-field-value wpcf-field-number-value wpcf-field-realization-value\">2020<\/span><\/div>\n            60 Rue du Commerce, Parigi, Francia\n          <\/div>\n  <\/div>\n<\/article>\n          <\/div>\n            <h4><a href=\"#\" onclick=\"cimap();\" class=\"link-marker js-wpv-addon-maps-focus-map js-toolset-maps-hover-map-map-1-marker-marker-119021 js-toolset-maps-open-infowindow-map-map-1-marker-marker-119021\" data-map=\"map-1\" data-marker=\"marker-119021\">28. House<\/a><\/h4>\n            <div id=\"wpcf-field-tipology\" class=\"wpcf-field-select wpcf-field-tipology\"><span class=\"wpcf-field-name wpcf-field-select-name wpcf-field-tipology-name\">tipology:<\/span> <span class=\"wpcf-field-value wpcf-field-select-value wpcf-field-tipology-value\">residential<\/span><\/div> | <div id=\"wpcf-field-architect\" class=\"wpcf-field-single-line wpcf-field-architect\"><span class=\"wpcf-field-name wpcf-field-single-line-name wpcf-field-architect-name\">architect:<\/span> <span class=\"wpcf-field-value wpcf-field-single-line-value wpcf-field-architect-value\">java architecture<\/span><\/div> | <div id=\"wpcf-field-realization\" class=\"wpcf-field-number wpcf-field-realization\"><span class=\"wpcf-field-name wpcf-field-number-name wpcf-field-realization-name\">realization:<\/span> <span class=\"wpcf-field-value wpcf-field-number-value wpcf-field-realization-value\">2020<\/span><\/div>\n          <\/li>\n\t\t\n          <li>\n            \n          <div style=\"display:none\" class=\"wpv-addon-maps-marker js-wpv-addon-maps-marker js-wpv-addon-maps-marker-marker-119024 js-wpv-addon-maps-markerfor-map-1\" data-marker=\"marker-119024\" data-markertitle=\"Grand Paris \u00c9ph\u00e9m\u00e8re\" data-markerfor=\"map-1\" data-markerlat=\"48.8544677\" data-markerlon=\"2.3047708\" data-markericon=\"\/wp-content\/uploads\/sites\/6\/2017\/11\/area_marker_10.png\" data-markericonhover=\"\" data-streetview=\"no\" data-fromview=\"\">\n            <article class=\"marker-itinerario\">\n\t<div class=\"entry-thumbnail\">\n      \n      \n      \t<img loading=\"lazy\" decoding=\"async\" width=\"1400\" height=\"933\" src=\"https:\/\/static.tecnichenuove.it\/areaarch\/2022\/04\/300-gpe-c-p-tourneboeuf-rmn-grand-palais-paris2024-6.jpeg\" class=\"attachment-post-thumbnail size-post-thumbnail wp-post-image\" alt=\"\" srcset=\"https:\/\/static.tecnichenuove.it\/areaarch\/2022\/04\/300-gpe-c-p-tourneboeuf-rmn-grand-palais-paris2024-6.jpeg 1400w, https:\/\/static.tecnichenuove.it\/areaarch\/2022\/04\/300-gpe-c-p-tourneboeuf-rmn-grand-palais-paris2024-6-300x200.jpeg 300w, https:\/\/static.tecnichenuove.it\/areaarch\/2022\/04\/300-gpe-c-p-tourneboeuf-rmn-grand-palais-paris2024-6-1024x682.jpeg 1024w, https:\/\/static.tecnichenuove.it\/areaarch\/2022\/04\/300-gpe-c-p-tourneboeuf-rmn-grand-palais-paris2024-6-150x100.jpeg 150w, https:\/\/static.tecnichenuove.it\/areaarch\/2022\/04\/300-gpe-c-p-tourneboeuf-rmn-grand-palais-paris2024-6-768x512.jpeg 768w, https:\/\/static.tecnichenuove.it\/areaarch\/2022\/04\/300-gpe-c-p-tourneboeuf-rmn-grand-palais-paris2024-6-696x464.jpeg 696w, https:\/\/static.tecnichenuove.it\/areaarch\/2022\/04\/300-gpe-c-p-tourneboeuf-rmn-grand-palais-paris2024-6-1068x712.jpeg 1068w, https:\/\/static.tecnichenuove.it\/areaarch\/2022\/04\/300-gpe-c-p-tourneboeuf-rmn-grand-palais-paris2024-6-630x420.jpeg 630w\" sizes=\"auto, (max-width: 1400px) 100vw, 1400px\" \/>\n      \t<img decoding=\"async\" src=\"https:\/\/www.area-arch.it\/wp-content\/uploads\/sites\/6\/2022\/04\/300-lobby-modeling-c-wilmotte-associes.jpeg\" class=\"attachment-post-thumbnail\" \/>\n      \n\t<\/div>\n  \t<div class=\"entry-column\">\n      <h3 class=\"entry-title td-module-title\">Grand Paris \u00c9ph\u00e9m\u00e8re<\/h3>\n      <div class=\"td-excerpt\">\n            <div id=\"wpcf-field-tipology\" class=\"wpcf-field-select wpcf-field-tipology\"><span class=\"wpcf-field-name wpcf-field-select-name wpcf-field-tipology-name\">tipology:<\/span> <span class=\"wpcf-field-value wpcf-field-select-value wpcf-field-tipology-value\">museum<\/span><\/div>\n            <div id=\"wpcf-field-architect\" class=\"wpcf-field-single-line wpcf-field-architect\"><span class=\"wpcf-field-name wpcf-field-single-line-name wpcf-field-architect-name\">architect:<\/span> <span class=\"wpcf-field-value wpcf-field-single-line-value wpcf-field-architect-value\">Wilmotte &amp; Associ\u00e9s<\/span><\/div>\n            <div id=\"wpcf-field-realization\" class=\"wpcf-field-number wpcf-field-realization\"><span class=\"wpcf-field-name wpcf-field-number-name wpcf-field-realization-name\">realization:<\/span> <span class=\"wpcf-field-value wpcf-field-number-value wpcf-field-realization-value\">2021<\/span><\/div>\n            2 Place Joffre, Parigi, Francia\n          <\/div>\n  <\/div>\n<\/article>\n          <\/div>\n            <h4><a href=\"#\" onclick=\"cimap();\" class=\"link-marker js-wpv-addon-maps-focus-map js-toolset-maps-hover-map-map-1-marker-marker-119024 js-toolset-maps-open-infowindow-map-map-1-marker-marker-119024\" data-map=\"map-1\" data-marker=\"marker-119024\">29. Grand Paris \u00c9ph\u00e9m\u00e8re<\/a><\/h4>\n            <div id=\"wpcf-field-tipology\" class=\"wpcf-field-select wpcf-field-tipology\"><span class=\"wpcf-field-name wpcf-field-select-name wpcf-field-tipology-name\">tipology:<\/span> <span class=\"wpcf-field-value wpcf-field-select-value wpcf-field-tipology-value\">museum<\/span><\/div> | <div id=\"wpcf-field-architect\" class=\"wpcf-field-single-line wpcf-field-architect\"><span class=\"wpcf-field-name wpcf-field-single-line-name wpcf-field-architect-name\">architect:<\/span> <span class=\"wpcf-field-value wpcf-field-single-line-value wpcf-field-architect-value\">Wilmotte &amp; Associ\u00e9s<\/span><\/div> | <div id=\"wpcf-field-realization\" class=\"wpcf-field-number wpcf-field-realization\"><span class=\"wpcf-field-name wpcf-field-number-name wpcf-field-realization-name\">realization:<\/span> <span class=\"wpcf-field-value wpcf-field-number-value wpcf-field-realization-value\">2021<\/span><\/div>\n          <\/li>\n\t\t\n          <li>\n            \n          <div style=\"display:none\" class=\"wpv-addon-maps-marker js-wpv-addon-maps-marker js-wpv-addon-maps-marker-marker-119027 js-wpv-addon-maps-markerfor-map-1\" data-marker=\"marker-119027\" data-markertitle=\"Villa M\" data-markerfor=\"map-1\" data-markerlat=\"48.8422208\" data-markerlon=\"2.3134302\" data-markericon=\"\/wp-content\/uploads\/sites\/6\/2017\/11\/area_marker_9.png\" data-markericonhover=\"\" data-streetview=\"no\" data-fromview=\"\">\n            <article class=\"marker-itinerario\">\n\t<div class=\"entry-thumbnail\">\n      \n      \n      \t<img loading=\"lazy\" decoding=\"async\" width=\"1400\" height=\"858\" src=\"https:\/\/static.tecnichenuove.it\/areaarch\/2022\/04\/72_triptyque_villa-m_210821_02.jpeg\" class=\"attachment-post-thumbnail size-post-thumbnail wp-post-image\" alt=\"\" srcset=\"https:\/\/static.tecnichenuove.it\/areaarch\/2022\/04\/72_triptyque_villa-m_210821_02.jpeg 1400w, https:\/\/static.tecnichenuove.it\/areaarch\/2022\/04\/72_triptyque_villa-m_210821_02-300x184.jpeg 300w, https:\/\/static.tecnichenuove.it\/areaarch\/2022\/04\/72_triptyque_villa-m_210821_02-1024x628.jpeg 1024w, https:\/\/static.tecnichenuove.it\/areaarch\/2022\/04\/72_triptyque_villa-m_210821_02-768x471.jpeg 768w, https:\/\/static.tecnichenuove.it\/areaarch\/2022\/04\/72_triptyque_villa-m_210821_02-696x427.jpeg 696w, https:\/\/static.tecnichenuove.it\/areaarch\/2022\/04\/72_triptyque_villa-m_210821_02-1068x655.jpeg 1068w, https:\/\/static.tecnichenuove.it\/areaarch\/2022\/04\/72_triptyque_villa-m_210821_02-685x420.jpeg 685w\" sizes=\"auto, (max-width: 1400px) 100vw, 1400px\" \/>\n      \t<img decoding=\"async\" src=\"https:\/\/www.area-arch.it\/wp-content\/uploads\/sites\/6\/2022\/04\/72DRW_Villa-M_Triptyque_08-1.jpeg\" class=\"attachment-post-thumbnail\" \/>\n      \n\t<\/div>\n  \t<div class=\"entry-column\">\n      <h3 class=\"entry-title td-module-title\">Villa M<\/h3>\n      <div class=\"td-excerpt\">\n            <div id=\"wpcf-field-tipology\" class=\"wpcf-field-select wpcf-field-tipology\"><span class=\"wpcf-field-name wpcf-field-select-name wpcf-field-tipology-name\">tipology:<\/span> <span class=\"wpcf-field-value wpcf-field-select-value wpcf-field-tipology-value\">mixed use<\/span><\/div>\n            <div id=\"wpcf-field-architect\" class=\"wpcf-field-single-line wpcf-field-architect\"><span class=\"wpcf-field-name wpcf-field-single-line-name wpcf-field-architect-name\">architect:<\/span> <span class=\"wpcf-field-value wpcf-field-single-line-value wpcf-field-architect-value\">Triptyque Architecture<\/span><\/div>\n            <div id=\"wpcf-field-realization\" class=\"wpcf-field-number wpcf-field-realization\"><span class=\"wpcf-field-name wpcf-field-number-name wpcf-field-realization-name\">realization:<\/span> <span class=\"wpcf-field-value wpcf-field-number-value wpcf-field-realization-value\">2021<\/span><\/div>\n            Boulevard Pasteur, Parigi, Francia\n          <\/div>\n  <\/div>\n<\/article>\n          <\/div>\n            <h4><a href=\"#\" onclick=\"cimap();\" class=\"link-marker js-wpv-addon-maps-focus-map js-toolset-maps-hover-map-map-1-marker-marker-119027 js-toolset-maps-open-infowindow-map-map-1-marker-marker-119027\" data-map=\"map-1\" data-marker=\"marker-119027\">30. Villa M<\/a><\/h4>\n            <div id=\"wpcf-field-tipology\" class=\"wpcf-field-select wpcf-field-tipology\"><span class=\"wpcf-field-name wpcf-field-select-name wpcf-field-tipology-name\">tipology:<\/span> <span class=\"wpcf-field-value wpcf-field-select-value wpcf-field-tipology-value\">mixed use<\/span><\/div> | <div id=\"wpcf-field-architect\" class=\"wpcf-field-single-line wpcf-field-architect\"><span class=\"wpcf-field-name wpcf-field-single-line-name wpcf-field-architect-name\">architect:<\/span> <span class=\"wpcf-field-value wpcf-field-single-line-value wpcf-field-architect-value\">Triptyque Architecture<\/span><\/div> | <div id=\"wpcf-field-realization\" class=\"wpcf-field-number wpcf-field-realization\"><span class=\"wpcf-field-name wpcf-field-number-name wpcf-field-realization-name\">realization:<\/span> <span class=\"wpcf-field-value wpcf-field-number-value wpcf-field-realization-value\">2021<\/span><\/div>\n          <\/li>\n\t\t\n          <li>\n            \n          <div style=\"display:none\" class=\"wpv-addon-maps-marker js-wpv-addon-maps-marker js-wpv-addon-maps-marker-marker-119031 js-wpv-addon-maps-markerfor-map-1\" data-marker=\"marker-119031\" data-markertitle=\"Living on the roof\" data-markerfor=\"map-1\" data-markerlat=\"48.8321905\" data-markerlon=\"2.3072386\" data-markericon=\"\/wp-content\/uploads\/sites\/6\/2017\/11\/area_marker_13.png\" data-markericonhover=\"\" data-streetview=\"no\" data-fromview=\"\">\n            <article class=\"marker-itinerario\">\n\t<div class=\"entry-thumbnail\">\n      \n      \n      \t<img loading=\"lazy\" decoding=\"async\" width=\"667\" height=\"1000\" src=\"https:\/\/static.tecnichenuove.it\/areaarch\/2022\/04\/mg-1769.jpeg\" class=\"attachment-post-thumbnail size-post-thumbnail wp-post-image\" alt=\"\" srcset=\"https:\/\/static.tecnichenuove.it\/areaarch\/2022\/04\/mg-1769.jpeg 667w, https:\/\/static.tecnichenuove.it\/areaarch\/2022\/04\/mg-1769-200x300.jpeg 200w, https:\/\/static.tecnichenuove.it\/areaarch\/2022\/04\/mg-1769-280x420.jpeg 280w\" sizes=\"auto, (max-width: 667px) 100vw, 667px\" \/>\n      \t<img decoding=\"async\" src=\"https:\/\/www.area-arch.it\/wp-content\/uploads\/sites\/6\/2022\/04\/plans-e1650462480672.jpeg\" class=\"attachment-post-thumbnail\" \/>\n      \n\t<\/div>\n  \t<div class=\"entry-column\">\n      <h3 class=\"entry-title td-module-title\">Living on the roof<\/h3>\n      <div class=\"td-excerpt\">\n            <div id=\"wpcf-field-tipology\" class=\"wpcf-field-select wpcf-field-tipology\"><span class=\"wpcf-field-name wpcf-field-select-name wpcf-field-tipology-name\">tipology:<\/span> <span class=\"wpcf-field-value wpcf-field-select-value wpcf-field-tipology-value\">residential<\/span><\/div>\n            <div id=\"wpcf-field-architect\" class=\"wpcf-field-single-line wpcf-field-architect\"><span class=\"wpcf-field-name wpcf-field-single-line-name wpcf-field-architect-name\">architect:<\/span> <span class=\"wpcf-field-value wpcf-field-single-line-value wpcf-field-architect-value\">rotunnojustman<\/span><\/div>\n            <div id=\"wpcf-field-realization\" class=\"wpcf-field-number wpcf-field-realization\"><span class=\"wpcf-field-name wpcf-field-number-name wpcf-field-realization-name\">realization:<\/span> <span class=\"wpcf-field-value wpcf-field-number-value wpcf-field-realization-value\">2021<\/span><\/div>\n            4 Rue de l'Harmonie, Paris, Francia\n          <\/div>\n  <\/div>\n<\/article>\n          <\/div>\n            <h4><a href=\"#\" onclick=\"cimap();\" class=\"link-marker js-wpv-addon-maps-focus-map js-toolset-maps-hover-map-map-1-marker-marker-119031 js-toolset-maps-open-infowindow-map-map-1-marker-marker-119031\" data-map=\"map-1\" data-marker=\"marker-119031\">31. Living on the roof<\/a><\/h4>\n            <div id=\"wpcf-field-tipology\" class=\"wpcf-field-select wpcf-field-tipology\"><span class=\"wpcf-field-name wpcf-field-select-name wpcf-field-tipology-name\">tipology:<\/span> <span class=\"wpcf-field-value wpcf-field-select-value wpcf-field-tipology-value\">residential<\/span><\/div> | <div id=\"wpcf-field-architect\" class=\"wpcf-field-single-line wpcf-field-architect\"><span class=\"wpcf-field-name wpcf-field-single-line-name wpcf-field-architect-name\">architect:<\/span> <span class=\"wpcf-field-value wpcf-field-single-line-value wpcf-field-architect-value\">rotunnojustman<\/span><\/div> | <div id=\"wpcf-field-realization\" class=\"wpcf-field-number wpcf-field-realization\"><span class=\"wpcf-field-name wpcf-field-number-name wpcf-field-realization-name\">realization:<\/span> <span class=\"wpcf-field-value wpcf-field-number-value wpcf-field-realization-value\">2021<\/span><\/div>\n          <\/li>\n\t\t\n          <li>\n            \n          <div style=\"display:none\" class=\"wpv-addon-maps-marker js-wpv-addon-maps-marker js-wpv-addon-maps-marker-marker-119034 js-wpv-addon-maps-markerfor-map-1\" data-marker=\"marker-119034\" data-markertitle=\"Rue des Cam\u00e9lias\" data-markerfor=\"map-1\" data-markerlat=\"48.8279708\" data-markerlon=\"2.3074628\" data-markericon=\"\/wp-content\/uploads\/sites\/6\/2017\/11\/area_marker_4.png\" data-markericonhover=\"\" data-streetview=\"no\" data-fromview=\"\">\n            <article class=\"marker-itinerario\">\n\t<div class=\"entry-thumbnail\">\n      \n      \n      \t<img loading=\"lazy\" decoding=\"async\" width=\"1400\" height=\"1050\" src=\"https:\/\/static.tecnichenuove.it\/areaarch\/2022\/04\/camelia-1.jpeg\" class=\"attachment-post-thumbnail size-post-thumbnail wp-post-image\" alt=\"\" srcset=\"https:\/\/static.tecnichenuove.it\/areaarch\/2022\/04\/camelia-1.jpeg 1400w, https:\/\/static.tecnichenuove.it\/areaarch\/2022\/04\/camelia-1-300x225.jpeg 300w, https:\/\/static.tecnichenuove.it\/areaarch\/2022\/04\/camelia-1-1024x768.jpeg 1024w, https:\/\/static.tecnichenuove.it\/areaarch\/2022\/04\/camelia-1-768x576.jpeg 768w, https:\/\/static.tecnichenuove.it\/areaarch\/2022\/04\/camelia-1-80x60.jpeg 80w, https:\/\/static.tecnichenuove.it\/areaarch\/2022\/04\/camelia-1-160x120.jpeg 160w, https:\/\/static.tecnichenuove.it\/areaarch\/2022\/04\/camelia-1-265x198.jpeg 265w, https:\/\/static.tecnichenuove.it\/areaarch\/2022\/04\/camelia-1-696x522.jpeg 696w, https:\/\/static.tecnichenuove.it\/areaarch\/2022\/04\/camelia-1-1068x801.jpeg 1068w, https:\/\/static.tecnichenuove.it\/areaarch\/2022\/04\/camelia-1-560x420.jpeg 560w\" sizes=\"auto, (max-width: 1400px) 100vw, 1400px\" \/>\n      \t<img decoding=\"async\" src=\"https:\/\/www.area-arch.it\/wp-content\/uploads\/sites\/6\/2022\/04\/camelia-2.jpeg\" class=\"attachment-post-thumbnail\" \/>\n      \n\t<\/div>\n  \t<div class=\"entry-column\">\n      <h3 class=\"entry-title td-module-title\">Rue des Cam\u00e9lias<\/h3>\n      <div class=\"td-excerpt\">\n            <div id=\"wpcf-field-tipology\" class=\"wpcf-field-select wpcf-field-tipology\"><span class=\"wpcf-field-name wpcf-field-select-name wpcf-field-tipology-name\">tipology:<\/span> <span class=\"wpcf-field-value wpcf-field-select-value wpcf-field-tipology-value\">education<\/span><\/div>\n            <div id=\"wpcf-field-architect\" class=\"wpcf-field-single-line wpcf-field-architect\"><span class=\"wpcf-field-name wpcf-field-single-line-name wpcf-field-architect-name\">architect:<\/span> <span class=\"wpcf-field-value wpcf-field-single-line-value wpcf-field-architect-value\">Karawitz Architecture<\/span><\/div>\n            <div id=\"wpcf-field-realization\" class=\"wpcf-field-number wpcf-field-realization\"><span class=\"wpcf-field-name wpcf-field-number-name wpcf-field-realization-name\">realization:<\/span> <span class=\"wpcf-field-value wpcf-field-number-value wpcf-field-realization-value\">2021<\/span><\/div>\n            1 Square Alain-Fournier, Parigi, Francia\n          <\/div>\n  <\/div>\n<\/article>\n          <\/div>\n            <h4><a href=\"#\" onclick=\"cimap();\" class=\"link-marker js-wpv-addon-maps-focus-map js-toolset-maps-hover-map-map-1-marker-marker-119034 js-toolset-maps-open-infowindow-map-map-1-marker-marker-119034\" data-map=\"map-1\" data-marker=\"marker-119034\">32. Rue des Cam\u00e9lias<\/a><\/h4>\n            <div id=\"wpcf-field-tipology\" class=\"wpcf-field-select wpcf-field-tipology\"><span class=\"wpcf-field-name wpcf-field-select-name wpcf-field-tipology-name\">tipology:<\/span> <span class=\"wpcf-field-value wpcf-field-select-value wpcf-field-tipology-value\">education<\/span><\/div> | <div id=\"wpcf-field-architect\" class=\"wpcf-field-single-line wpcf-field-architect\"><span class=\"wpcf-field-name wpcf-field-single-line-name wpcf-field-architect-name\">architect:<\/span> <span class=\"wpcf-field-value wpcf-field-single-line-value wpcf-field-architect-value\">Karawitz Architecture<\/span><\/div> | <div id=\"wpcf-field-realization\" class=\"wpcf-field-number wpcf-field-realization\"><span class=\"wpcf-field-name wpcf-field-number-name wpcf-field-realization-name\">realization:<\/span> <span class=\"wpcf-field-value wpcf-field-number-value wpcf-field-realization-value\">2021<\/span><\/div>\n          <\/li>\n\t\t\n          <li>\n            \n          <div style=\"display:none\" class=\"wpv-addon-maps-marker js-wpv-addon-maps-marker js-wpv-addon-maps-marker-marker-119049 js-wpv-addon-maps-markerfor-map-1\" data-marker=\"marker-119049\" data-markertitle=\"149 Rue des Suisses Apartment Buildings\" data-markerfor=\"map-1\" data-markerlat=\"48.8297644\" data-markerlon=\"2.3140967\" data-markericon=\"\/wp-content\/uploads\/sites\/6\/2017\/11\/area_marker_13.png\" data-markericonhover=\"\" data-streetview=\"no\" data-fromview=\"\">\n            <article class=\"marker-itinerario\">\n\t<div class=\"entry-thumbnail\">\n      \n      \n      \t<img loading=\"lazy\" decoding=\"async\" width=\"1131\" height=\"1400\" src=\"https:\/\/static.tecnichenuove.it\/areaarch\/2022\/04\/av_173262.jpeg\" class=\"attachment-post-thumbnail size-post-thumbnail wp-post-image\" alt=\"\" srcset=\"https:\/\/static.tecnichenuove.it\/areaarch\/2022\/04\/av_173262.jpeg 1131w, https:\/\/static.tecnichenuove.it\/areaarch\/2022\/04\/av_173262-242x300.jpeg 242w, https:\/\/static.tecnichenuove.it\/areaarch\/2022\/04\/av_173262-827x1024.jpeg 827w, https:\/\/static.tecnichenuove.it\/areaarch\/2022\/04\/av_173262-768x951.jpeg 768w, https:\/\/static.tecnichenuove.it\/areaarch\/2022\/04\/av_173262-324x400.jpeg 324w, https:\/\/static.tecnichenuove.it\/areaarch\/2022\/04\/av_173262-696x862.jpeg 696w, https:\/\/static.tecnichenuove.it\/areaarch\/2022\/04\/av_173262-1068x1322.jpeg 1068w, https:\/\/static.tecnichenuove.it\/areaarch\/2022\/04\/av_173262-339x420.jpeg 339w\" sizes=\"auto, (max-width: 1131px) 100vw, 1131px\" \/>\n      \t<img decoding=\"async\" src=\"https:\/\/www.area-arch.it\/wp-content\/uploads\/sites\/6\/2022\/04\/av_173256.jpeg\" class=\"attachment-post-thumbnail\" \/>\n      \n\t<\/div>\n  \t<div class=\"entry-column\">\n      <h3 class=\"entry-title td-module-title\">149 Rue des Suisses Apartment Buildings<\/h3>\n      <div class=\"td-excerpt\">\n            <div id=\"wpcf-field-tipology\" class=\"wpcf-field-select wpcf-field-tipology\"><span class=\"wpcf-field-name wpcf-field-select-name wpcf-field-tipology-name\">tipology:<\/span> <span class=\"wpcf-field-value wpcf-field-select-value wpcf-field-tipology-value\">residential<\/span><\/div>\n            <div id=\"wpcf-field-architect\" class=\"wpcf-field-single-line wpcf-field-architect\"><span class=\"wpcf-field-name wpcf-field-single-line-name wpcf-field-architect-name\">architect:<\/span> <span class=\"wpcf-field-value wpcf-field-single-line-value wpcf-field-architect-value\">Herzog &amp; de Meuron<\/span><\/div>\n            <div id=\"wpcf-field-realization\" class=\"wpcf-field-number wpcf-field-realization\"><span class=\"wpcf-field-name wpcf-field-number-name wpcf-field-realization-name\">realization:<\/span> <span class=\"wpcf-field-value wpcf-field-number-value wpcf-field-realization-value\">2000<\/span><\/div>\n            19 Rue des Suisses, Parigi, Francia\n          <\/div>\n  <\/div>\n<\/article>\n          <\/div>\n            <h4><a href=\"#\" onclick=\"cimap();\" class=\"link-marker js-wpv-addon-maps-focus-map js-toolset-maps-hover-map-map-1-marker-marker-119049 js-toolset-maps-open-infowindow-map-map-1-marker-marker-119049\" data-map=\"map-1\" data-marker=\"marker-119049\">33. 149 Rue des Suisses Apartment Buildings<\/a><\/h4>\n            <div id=\"wpcf-field-tipology\" class=\"wpcf-field-select wpcf-field-tipology\"><span class=\"wpcf-field-name wpcf-field-select-name wpcf-field-tipology-name\">tipology:<\/span> <span class=\"wpcf-field-value wpcf-field-select-value wpcf-field-tipology-value\">residential<\/span><\/div> | <div id=\"wpcf-field-architect\" class=\"wpcf-field-single-line wpcf-field-architect\"><span class=\"wpcf-field-name wpcf-field-single-line-name wpcf-field-architect-name\">architect:<\/span> <span class=\"wpcf-field-value wpcf-field-single-line-value wpcf-field-architect-value\">Herzog &amp; de Meuron<\/span><\/div> | <div id=\"wpcf-field-realization\" class=\"wpcf-field-number wpcf-field-realization\"><span class=\"wpcf-field-name wpcf-field-number-name wpcf-field-realization-name\">realization:<\/span> <span class=\"wpcf-field-value wpcf-field-number-value wpcf-field-realization-value\">2000<\/span><\/div>\n          <\/li>\n\t\t\n          <li>\n            \n          <div style=\"display:none\" class=\"wpv-addon-maps-marker js-wpv-addon-maps-marker js-wpv-addon-maps-marker-marker-119053 js-wpv-addon-maps-markerfor-map-1\" data-marker=\"marker-119053\" data-markertitle=\"Bon Secours\" data-markerfor=\"map-1\" data-markerlat=\"48.8271167\" data-markerlon=\"2.3187112\" data-markericon=\"\/wp-content\/uploads\/sites\/6\/2017\/11\/area_marker_13.png\" data-markericonhover=\"\" data-streetview=\"no\" data-fromview=\"\">\n            <article class=\"marker-itinerario\">\n\t<div class=\"entry-thumbnail\">\n      \n      \t<img loading=\"lazy\" decoding=\"async\" width=\"300\" height=\"200\" src=\"https:\/\/static.tecnichenuove.it\/areaarch\/2022\/04\/09203664655e43d89a4dd45a90bfa39d.6e7b65d0-300x200.jpg\" class=\"attachment-medium size-medium wp-post-image\" alt=\"\" srcset=\"https:\/\/static.tecnichenuove.it\/areaarch\/2022\/04\/09203664655e43d89a4dd45a90bfa39d.6e7b65d0-300x200.jpg 300w, https:\/\/static.tecnichenuove.it\/areaarch\/2022\/04\/09203664655e43d89a4dd45a90bfa39d.6e7b65d0-150x100.jpg 150w, https:\/\/static.tecnichenuove.it\/areaarch\/2022\/04\/09203664655e43d89a4dd45a90bfa39d.6e7b65d0-768x512.jpg 768w, https:\/\/static.tecnichenuove.it\/areaarch\/2022\/04\/09203664655e43d89a4dd45a90bfa39d.6e7b65d0-696x464.jpg 696w, https:\/\/static.tecnichenuove.it\/areaarch\/2022\/04\/09203664655e43d89a4dd45a90bfa39d.6e7b65d0-630x420.jpg 630w, https:\/\/static.tecnichenuove.it\/areaarch\/2022\/04\/09203664655e43d89a4dd45a90bfa39d.6e7b65d0.jpg 780w\" sizes=\"auto, (max-width: 300px) 100vw, 300px\" \/>\n      \n      \n\t<\/div>\n  \t<div class=\"entry-column\">\n      <h3 class=\"entry-title td-module-title\">Bon Secours<\/h3>\n      <div class=\"td-excerpt\">\n            <div id=\"wpcf-field-tipology\" class=\"wpcf-field-select wpcf-field-tipology\"><span class=\"wpcf-field-name wpcf-field-select-name wpcf-field-tipology-name\">tipology:<\/span> <span class=\"wpcf-field-value wpcf-field-select-value wpcf-field-tipology-value\">residential<\/span><\/div>\n            <div id=\"wpcf-field-architect\" class=\"wpcf-field-single-line wpcf-field-architect\"><span class=\"wpcf-field-name wpcf-field-single-line-name wpcf-field-architect-name\">architect:<\/span> <span class=\"wpcf-field-value wpcf-field-single-line-value wpcf-field-architect-value\">Atelier Z\u00fcndel, Cristea AZC<\/span><\/div>\n            <div id=\"wpcf-field-realization\" class=\"wpcf-field-number wpcf-field-realization\"><span class=\"wpcf-field-name wpcf-field-number-name wpcf-field-realization-name\">realization:<\/span> <span class=\"wpcf-field-value wpcf-field-number-value wpcf-field-realization-value\">2017<\/span><\/div>\n            68 Rue des Plantes, Parigi, Francia\n          <\/div>\n  <\/div>\n<\/article>\n          <\/div>\n            <h4><a href=\"#\" onclick=\"cimap();\" class=\"link-marker js-wpv-addon-maps-focus-map js-toolset-maps-hover-map-map-1-marker-marker-119053 js-toolset-maps-open-infowindow-map-map-1-marker-marker-119053\" data-map=\"map-1\" data-marker=\"marker-119053\">34. Bon Secours<\/a><\/h4>\n            <div id=\"wpcf-field-tipology\" class=\"wpcf-field-select wpcf-field-tipology\"><span class=\"wpcf-field-name wpcf-field-select-name wpcf-field-tipology-name\">tipology:<\/span> <span class=\"wpcf-field-value wpcf-field-select-value wpcf-field-tipology-value\">residential<\/span><\/div> | <div id=\"wpcf-field-architect\" class=\"wpcf-field-single-line wpcf-field-architect\"><span class=\"wpcf-field-name wpcf-field-single-line-name wpcf-field-architect-name\">architect:<\/span> <span class=\"wpcf-field-value wpcf-field-single-line-value wpcf-field-architect-value\">Atelier Z\u00fcndel, Cristea AZC<\/span><\/div> | <div id=\"wpcf-field-realization\" class=\"wpcf-field-number wpcf-field-realization\"><span class=\"wpcf-field-name wpcf-field-number-name wpcf-field-realization-name\">realization:<\/span> <span class=\"wpcf-field-value wpcf-field-number-value wpcf-field-realization-value\">2017<\/span><\/div>\n          <\/li>\n\t\t\n          <li>\n            \n          <div style=\"display:none\" class=\"wpv-addon-maps-marker js-wpv-addon-maps-marker js-wpv-addon-maps-marker-marker-119056 js-wpv-addon-maps-markerfor-map-1\" data-marker=\"marker-119056\" data-markertitle=\"Foundation Cartier\" data-markerfor=\"map-1\" data-markerlat=\"48.8373272\" data-markerlon=\"2.3319728\" data-markericon=\"\/wp-content\/uploads\/sites\/6\/2017\/11\/area_marker_10.png\" data-markericonhover=\"\" data-streetview=\"no\" data-fromview=\"\">\n            <article class=\"marker-itinerario\">\n\t<div class=\"entry-thumbnail\">\n      \n      \n      \t<img loading=\"lazy\" decoding=\"async\" width=\"640\" height=\"482\" src=\"https:\/\/static.tecnichenuove.it\/areaarch\/2022\/04\/10b37f9b-7538-475e-bc1d-ea15783b034a.jpg\" class=\"attachment-post-thumbnail size-post-thumbnail wp-post-image\" alt=\"\" srcset=\"https:\/\/static.tecnichenuove.it\/areaarch\/2022\/04\/10b37f9b-7538-475e-bc1d-ea15783b034a.jpg 640w, https:\/\/static.tecnichenuove.it\/areaarch\/2022\/04\/10b37f9b-7538-475e-bc1d-ea15783b034a-300x226.jpg 300w, https:\/\/static.tecnichenuove.it\/areaarch\/2022\/04\/10b37f9b-7538-475e-bc1d-ea15783b034a-80x60.jpg 80w, https:\/\/static.tecnichenuove.it\/areaarch\/2022\/04\/10b37f9b-7538-475e-bc1d-ea15783b034a-160x120.jpg 160w, https:\/\/static.tecnichenuove.it\/areaarch\/2022\/04\/10b37f9b-7538-475e-bc1d-ea15783b034a-558x420.jpg 558w\" sizes=\"auto, (max-width: 640px) 100vw, 640px\" \/>\n      \t<img decoding=\"async\" src=\"https:\/\/www.area-arch.it\/wp-content\/uploads\/sites\/6\/2022\/04\/Fondation-Cartier-Paris-Jean-Nouvel-section.jpg\" class=\"attachment-post-thumbnail\" \/>\n      \n\t<\/div>\n  \t<div class=\"entry-column\">\n      <h3 class=\"entry-title td-module-title\">Foundation Cartier<\/h3>\n      <div class=\"td-excerpt\">\n            <div id=\"wpcf-field-tipology\" class=\"wpcf-field-select wpcf-field-tipology\"><span class=\"wpcf-field-name wpcf-field-select-name wpcf-field-tipology-name\">tipology:<\/span> <span class=\"wpcf-field-value wpcf-field-select-value wpcf-field-tipology-value\">museum<\/span><\/div>\n            <div id=\"wpcf-field-architect\" class=\"wpcf-field-single-line wpcf-field-architect\"><span class=\"wpcf-field-name wpcf-field-single-line-name wpcf-field-architect-name\">architect:<\/span> <span class=\"wpcf-field-value wpcf-field-single-line-value wpcf-field-architect-value\">Jean Nouvel<\/span><\/div>\n            <div id=\"wpcf-field-realization\" class=\"wpcf-field-number wpcf-field-realization\"><span class=\"wpcf-field-name wpcf-field-number-name wpcf-field-realization-name\">realization:<\/span> <span class=\"wpcf-field-value wpcf-field-number-value wpcf-field-realization-value\">1994<\/span><\/div>\n            261 Boulevard Raspail, Parigi, Francia\n          <\/div>\n  <\/div>\n<\/article>\n          <\/div>\n            <h4><a href=\"#\" onclick=\"cimap();\" class=\"link-marker js-wpv-addon-maps-focus-map js-toolset-maps-hover-map-map-1-marker-marker-119056 js-toolset-maps-open-infowindow-map-map-1-marker-marker-119056\" data-map=\"map-1\" data-marker=\"marker-119056\">35. Foundation Cartier<\/a><\/h4>\n            <div id=\"wpcf-field-tipology\" class=\"wpcf-field-select wpcf-field-tipology\"><span class=\"wpcf-field-name wpcf-field-select-name wpcf-field-tipology-name\">tipology:<\/span> <span class=\"wpcf-field-value wpcf-field-select-value wpcf-field-tipology-value\">museum<\/span><\/div> | <div id=\"wpcf-field-architect\" class=\"wpcf-field-single-line wpcf-field-architect\"><span class=\"wpcf-field-name wpcf-field-single-line-name wpcf-field-architect-name\">architect:<\/span> <span class=\"wpcf-field-value wpcf-field-single-line-value wpcf-field-architect-value\">Jean Nouvel<\/span><\/div> | <div id=\"wpcf-field-realization\" class=\"wpcf-field-number wpcf-field-realization\"><span class=\"wpcf-field-name wpcf-field-number-name wpcf-field-realization-name\">realization:<\/span> <span class=\"wpcf-field-value wpcf-field-number-value wpcf-field-realization-value\">1994<\/span><\/div>\n          <\/li>\n\t\t\n          <li>\n            \n          <div style=\"display:none\" class=\"wpv-addon-maps-marker js-wpv-addon-maps-marker js-wpv-addon-maps-marker-marker-119060 js-wpv-addon-maps-markerfor-map-1\" data-marker=\"marker-119060\" data-markertitle=\"Denfert\" data-markerfor=\"map-1\" data-markerlat=\"48.8366725\" data-markerlon=\"2.3340449\" data-markericon=\"\/wp-content\/uploads\/sites\/6\/2017\/11\/area_marker_13.png\" data-markericonhover=\"\" data-streetview=\"no\" data-fromview=\"\">\n            <article class=\"marker-itinerario\">\n\t<div class=\"entry-thumbnail\">\n      \n      \t<img loading=\"lazy\" decoding=\"async\" width=\"300\" height=\"199\" src=\"https:\/\/static.tecnichenuove.it\/areaarch\/2022\/04\/azc-atelier-z-ndel-cristea-restructuring-the-site-of-the-uvre-des-jeunes-housing-archello.1642443930.7957-300x199.jpg\" class=\"attachment-medium size-medium wp-post-image\" alt=\"\" srcset=\"https:\/\/static.tecnichenuove.it\/areaarch\/2022\/04\/azc-atelier-z-ndel-cristea-restructuring-the-site-of-the-uvre-des-jeunes-housing-archello.1642443930.7957-300x199.jpg 300w, https:\/\/static.tecnichenuove.it\/areaarch\/2022\/04\/azc-atelier-z-ndel-cristea-restructuring-the-site-of-the-uvre-des-jeunes-housing-archello.1642443930.7957-150x100.jpg 150w, https:\/\/static.tecnichenuove.it\/areaarch\/2022\/04\/azc-atelier-z-ndel-cristea-restructuring-the-site-of-the-uvre-des-jeunes-housing-archello.1642443930.7957.jpg 546w\" sizes=\"auto, (max-width: 300px) 100vw, 300px\" \/>\n      \n      \n\t<\/div>\n  \t<div class=\"entry-column\">\n      <h3 class=\"entry-title td-module-title\">Denfert<\/h3>\n      <div class=\"td-excerpt\">\n            <div id=\"wpcf-field-tipology\" class=\"wpcf-field-select wpcf-field-tipology\"><span class=\"wpcf-field-name wpcf-field-select-name wpcf-field-tipology-name\">tipology:<\/span> <span class=\"wpcf-field-value wpcf-field-select-value wpcf-field-tipology-value\">residential<\/span><\/div>\n            <div id=\"wpcf-field-architect\" class=\"wpcf-field-single-line wpcf-field-architect\"><span class=\"wpcf-field-name wpcf-field-single-line-name wpcf-field-architect-name\">architect:<\/span> <span class=\"wpcf-field-value wpcf-field-single-line-value wpcf-field-architect-value\">Atelier Z\u00fcndel, Cristea AZC<\/span><\/div>\n            <div id=\"wpcf-field-realization\" class=\"wpcf-field-number wpcf-field-realization\"><span class=\"wpcf-field-name wpcf-field-number-name wpcf-field-realization-name\">realization:<\/span> <span class=\"wpcf-field-value wpcf-field-number-value wpcf-field-realization-value\">2020<\/span><\/div>\n            88 Avenue Denfert Rochereau, Parigi, Francia\n          <\/div>\n  <\/div>\n<\/article>\n          <\/div>\n            <h4><a href=\"#\" onclick=\"cimap();\" class=\"link-marker js-wpv-addon-maps-focus-map js-toolset-maps-hover-map-map-1-marker-marker-119060 js-toolset-maps-open-infowindow-map-map-1-marker-marker-119060\" data-map=\"map-1\" data-marker=\"marker-119060\">36. Denfert<\/a><\/h4>\n            <div id=\"wpcf-field-tipology\" class=\"wpcf-field-select wpcf-field-tipology\"><span class=\"wpcf-field-name wpcf-field-select-name wpcf-field-tipology-name\">tipology:<\/span> <span class=\"wpcf-field-value wpcf-field-select-value wpcf-field-tipology-value\">residential<\/span><\/div> | <div id=\"wpcf-field-architect\" class=\"wpcf-field-single-line wpcf-field-architect\"><span class=\"wpcf-field-name wpcf-field-single-line-name wpcf-field-architect-name\">architect:<\/span> <span class=\"wpcf-field-value wpcf-field-single-line-value wpcf-field-architect-value\">Atelier Z\u00fcndel, Cristea AZC<\/span><\/div> | <div id=\"wpcf-field-realization\" class=\"wpcf-field-number wpcf-field-realization\"><span class=\"wpcf-field-name wpcf-field-number-name wpcf-field-realization-name\">realization:<\/span> <span class=\"wpcf-field-value wpcf-field-number-value wpcf-field-realization-value\">2020<\/span><\/div>\n          <\/li>\n\t\t\n          <li>\n            \n          <div style=\"display:none\" class=\"wpv-addon-maps-marker js-wpv-addon-maps-marker js-wpv-addon-maps-marker-marker-119062 js-wpv-addon-maps-markerfor-map-1\" data-marker=\"marker-119062\" data-markertitle=\"Catacombs of Paris Entrance\" data-markerfor=\"map-1\" data-markerlat=\"48.8296297\" data-markerlon=\"2.3344762\" data-markericon=\"\/wp-content\/uploads\/sites\/6\/2017\/11\/area_marker_10.png\" data-markericonhover=\"\" data-streetview=\"no\" data-fromview=\"\">\n            <article class=\"marker-itinerario\">\n\t<div class=\"entry-thumbnail\">\n      \n      \n      \t<img loading=\"lazy\" decoding=\"async\" width=\"667\" height=\"1000\" src=\"https:\/\/static.tecnichenuove.it\/areaarch\/2022\/04\/200-piccola-PierreLExcellent-Yoonseux_Catacombes-20.jpeg\" class=\"attachment-post-thumbnail size-post-thumbnail wp-post-image\" alt=\"\" srcset=\"https:\/\/static.tecnichenuove.it\/areaarch\/2022\/04\/200-piccola-PierreLExcellent-Yoonseux_Catacombes-20.jpeg 667w, https:\/\/static.tecnichenuove.it\/areaarch\/2022\/04\/200-piccola-PierreLExcellent-Yoonseux_Catacombes-20-200x300.jpeg 200w, https:\/\/static.tecnichenuove.it\/areaarch\/2022\/04\/200-piccola-PierreLExcellent-Yoonseux_Catacombes-20-280x420.jpeg 280w\" sizes=\"auto, (max-width: 667px) 100vw, 667px\" \/>\n      \t<img decoding=\"async\" src=\"https:\/\/www.area-arch.it\/wp-content\/uploads\/sites\/6\/2022\/04\/200-piccola-coupeBB.jpeg\" class=\"attachment-post-thumbnail\" \/>\n      \n\t<\/div>\n  \t<div class=\"entry-column\">\n      <h3 class=\"entry-title td-module-title\">Catacombs of Paris Entrance<\/h3>\n      <div class=\"td-excerpt\">\n            <div id=\"wpcf-field-tipology\" class=\"wpcf-field-select wpcf-field-tipology\"><span class=\"wpcf-field-name wpcf-field-select-name wpcf-field-tipology-name\">tipology:<\/span> <span class=\"wpcf-field-value wpcf-field-select-value wpcf-field-tipology-value\">museum<\/span><\/div>\n            <div id=\"wpcf-field-architect\" class=\"wpcf-field-single-line wpcf-field-architect\"><span class=\"wpcf-field-name wpcf-field-single-line-name wpcf-field-architect-name\">architect:<\/span> <span class=\"wpcf-field-value wpcf-field-single-line-value wpcf-field-architect-value\">YOONSEUXarchitectes<\/span><\/div>\n            <div id=\"wpcf-field-realization\" class=\"wpcf-field-number wpcf-field-realization\"><span class=\"wpcf-field-name wpcf-field-number-name wpcf-field-realization-name\">realization:<\/span> <span class=\"wpcf-field-value wpcf-field-number-value wpcf-field-realization-value\">2017<\/span><\/div>\n            21 Avenue Ren\u00e9 Coty, Parigi, Francia\n          <\/div>\n  <\/div>\n<\/article>\n          <\/div>\n            <h4><a href=\"#\" onclick=\"cimap();\" class=\"link-marker js-wpv-addon-maps-focus-map js-toolset-maps-hover-map-map-1-marker-marker-119062 js-toolset-maps-open-infowindow-map-map-1-marker-marker-119062\" data-map=\"map-1\" data-marker=\"marker-119062\">37. Catacombs of Paris Entrance<\/a><\/h4>\n            <div id=\"wpcf-field-tipology\" class=\"wpcf-field-select wpcf-field-tipology\"><span class=\"wpcf-field-name wpcf-field-select-name wpcf-field-tipology-name\">tipology:<\/span> <span class=\"wpcf-field-value wpcf-field-select-value wpcf-field-tipology-value\">museum<\/span><\/div> | <div id=\"wpcf-field-architect\" class=\"wpcf-field-single-line wpcf-field-architect\"><span class=\"wpcf-field-name wpcf-field-single-line-name wpcf-field-architect-name\">architect:<\/span> <span class=\"wpcf-field-value wpcf-field-single-line-value wpcf-field-architect-value\">YOONSEUXarchitectes<\/span><\/div> | <div id=\"wpcf-field-realization\" class=\"wpcf-field-number wpcf-field-realization\"><span class=\"wpcf-field-name wpcf-field-number-name wpcf-field-realization-name\">realization:<\/span> <span class=\"wpcf-field-value wpcf-field-number-value wpcf-field-realization-value\">2017<\/span><\/div>\n          <\/li>\n\t\t\n          <li>\n            \n          <div style=\"display:none\" class=\"wpv-addon-maps-marker js-wpv-addon-maps-marker js-wpv-addon-maps-marker-marker-119065 js-wpv-addon-maps-markerfor-map-1\" data-marker=\"marker-119065\" data-markertitle=\"Pushed Slab\" data-markerfor=\"map-1\" data-markerlat=\"48.8215796\" data-markerlon=\"2.3514446\" data-markericon=\"\/wp-content\/uploads\/sites\/6\/2017\/11\/area_marker_11.png\" data-markericonhover=\"\" data-streetview=\"no\" data-fromview=\"\">\n            <article class=\"marker-itinerario\">\n\t<div class=\"entry-thumbnail\">\n      \n      \n      \t<img loading=\"lazy\" decoding=\"async\" width=\"1400\" height=\"961\" src=\"https:\/\/static.tecnichenuove.it\/areaarch\/2022\/04\/mvrdv-philippe-ruault-the-pushed-slab.jpg\" class=\"attachment-post-thumbnail size-post-thumbnail wp-post-image\" alt=\"\" srcset=\"https:\/\/static.tecnichenuove.it\/areaarch\/2022\/04\/mvrdv-philippe-ruault-the-pushed-slab.jpg 1400w, https:\/\/static.tecnichenuove.it\/areaarch\/2022\/04\/mvrdv-philippe-ruault-the-pushed-slab-300x206.jpg 300w, https:\/\/static.tecnichenuove.it\/areaarch\/2022\/04\/mvrdv-philippe-ruault-the-pushed-slab-1024x703.jpg 1024w, https:\/\/static.tecnichenuove.it\/areaarch\/2022\/04\/mvrdv-philippe-ruault-the-pushed-slab-768x527.jpg 768w, https:\/\/static.tecnichenuove.it\/areaarch\/2022\/04\/mvrdv-philippe-ruault-the-pushed-slab-100x70.jpg 100w, https:\/\/static.tecnichenuove.it\/areaarch\/2022\/04\/mvrdv-philippe-ruault-the-pushed-slab-218x150.jpg 218w, https:\/\/static.tecnichenuove.it\/areaarch\/2022\/04\/mvrdv-philippe-ruault-the-pushed-slab-436x300.jpg 436w, https:\/\/static.tecnichenuove.it\/areaarch\/2022\/04\/mvrdv-philippe-ruault-the-pushed-slab-696x478.jpg 696w, https:\/\/static.tecnichenuove.it\/areaarch\/2022\/04\/mvrdv-philippe-ruault-the-pushed-slab-1068x733.jpg 1068w, https:\/\/static.tecnichenuove.it\/areaarch\/2022\/04\/mvrdv-philippe-ruault-the-pushed-slab-612x420.jpg 612w\" sizes=\"auto, (max-width: 1400px) 100vw, 1400px\" \/>\n      \t<img decoding=\"async\" src=\"https:\/\/www.area-arch.it\/wp-content\/uploads\/sites\/6\/2022\/04\/mvrdv-philippe-ruault-the-pushed-slab.jpg\" class=\"attachment-post-thumbnail\" \/>\n      \n\t<\/div>\n  \t<div class=\"entry-column\">\n      <h3 class=\"entry-title td-module-title\">Pushed Slab<\/h3>\n      <div class=\"td-excerpt\">\n            <div id=\"wpcf-field-tipology\" class=\"wpcf-field-select wpcf-field-tipology\"><span class=\"wpcf-field-name wpcf-field-select-name wpcf-field-tipology-name\">tipology:<\/span> <span class=\"wpcf-field-value wpcf-field-select-value wpcf-field-tipology-value\">office<\/span><\/div>\n            <div id=\"wpcf-field-architect\" class=\"wpcf-field-single-line wpcf-field-architect\"><span class=\"wpcf-field-name wpcf-field-single-line-name wpcf-field-architect-name\">architect:<\/span> <span class=\"wpcf-field-value wpcf-field-single-line-value wpcf-field-architect-value\">MVRDV<\/span><\/div>\n            <div id=\"wpcf-field-realization\" class=\"wpcf-field-number wpcf-field-realization\"><span class=\"wpcf-field-name wpcf-field-number-name wpcf-field-realization-name\">realization:<\/span> <span class=\"wpcf-field-value wpcf-field-number-value wpcf-field-realization-value\">2014<\/span><\/div>\n            1-11 Rue Brillat Savarin, Parigi, Francia\n          <\/div>\n  <\/div>\n<\/article>\n          <\/div>\n            <h4><a href=\"#\" onclick=\"cimap();\" class=\"link-marker js-wpv-addon-maps-focus-map js-toolset-maps-hover-map-map-1-marker-marker-119065 js-toolset-maps-open-infowindow-map-map-1-marker-marker-119065\" data-map=\"map-1\" data-marker=\"marker-119065\">38. Pushed Slab<\/a><\/h4>\n            <div id=\"wpcf-field-tipology\" class=\"wpcf-field-select wpcf-field-tipology\"><span class=\"wpcf-field-name wpcf-field-select-name wpcf-field-tipology-name\">tipology:<\/span> <span class=\"wpcf-field-value wpcf-field-select-value wpcf-field-tipology-value\">office<\/span><\/div> | <div id=\"wpcf-field-architect\" class=\"wpcf-field-single-line wpcf-field-architect\"><span class=\"wpcf-field-name wpcf-field-single-line-name wpcf-field-architect-name\">architect:<\/span> <span class=\"wpcf-field-value wpcf-field-single-line-value wpcf-field-architect-value\">MVRDV<\/span><\/div> | <div id=\"wpcf-field-realization\" class=\"wpcf-field-number wpcf-field-realization\"><span class=\"wpcf-field-name wpcf-field-number-name wpcf-field-realization-name\">realization:<\/span> <span class=\"wpcf-field-value wpcf-field-number-value wpcf-field-realization-value\">2014<\/span><\/div>\n          <\/li>\n\t\t\n          <li>\n            \n          <div style=\"display:none\" class=\"wpv-addon-maps-marker js-wpv-addon-maps-marker js-wpv-addon-maps-marker-marker-119068 js-wpv-addon-maps-markerfor-map-1\" data-marker=\"marker-119068\" data-markertitle=\"Pavilion Suisse\" data-markerfor=\"map-1\" data-markerlat=\"48.8181876\" data-markerlon=\"2.3422583\" data-markericon=\"\/wp-content\/uploads\/sites\/6\/2017\/11\/area_marker_6.png\" data-markericonhover=\"\" data-streetview=\"no\" data-fromview=\"\">\n            <article class=\"marker-itinerario\">\n\t<div class=\"entry-thumbnail\">\n      \n      \n      \t<img loading=\"lazy\" decoding=\"async\" width=\"800\" height=\"1162\" src=\"https:\/\/static.tecnichenuove.it\/areaarch\/2022\/04\/72le-corbusier-cemal-emden-pavillon-suisse.jpeg\" class=\"attachment-post-thumbnail size-post-thumbnail wp-post-image\" alt=\"\" srcset=\"https:\/\/static.tecnichenuove.it\/areaarch\/2022\/04\/72le-corbusier-cemal-emden-pavillon-suisse.jpeg 800w, https:\/\/static.tecnichenuove.it\/areaarch\/2022\/04\/72le-corbusier-cemal-emden-pavillon-suisse-207x300.jpeg 207w, https:\/\/static.tecnichenuove.it\/areaarch\/2022\/04\/72le-corbusier-cemal-emden-pavillon-suisse-705x1024.jpeg 705w, https:\/\/static.tecnichenuove.it\/areaarch\/2022\/04\/72le-corbusier-cemal-emden-pavillon-suisse-768x1116.jpeg 768w, https:\/\/static.tecnichenuove.it\/areaarch\/2022\/04\/72le-corbusier-cemal-emden-pavillon-suisse-696x1011.jpeg 696w, https:\/\/static.tecnichenuove.it\/areaarch\/2022\/04\/72le-corbusier-cemal-emden-pavillon-suisse-289x420.jpeg 289w\" sizes=\"auto, (max-width: 800px) 100vw, 800px\" \/>\n      \t<img decoding=\"async\" src=\"https:\/\/www.area-arch.it\/wp-content\/uploads\/sites\/6\/2022\/04\/144Pavilion-Swisse-Plan.png\" class=\"attachment-post-thumbnail\" \/>\n      \n\t<\/div>\n  \t<div class=\"entry-column\">\n      <h3 class=\"entry-title td-module-title\">Pavilion Suisse<\/h3>\n      <div class=\"td-excerpt\">\n            <div id=\"wpcf-field-tipology\" class=\"wpcf-field-select wpcf-field-tipology\"><span class=\"wpcf-field-name wpcf-field-select-name wpcf-field-tipology-name\">tipology:<\/span> <span class=\"wpcf-field-value wpcf-field-select-value wpcf-field-tipology-value\">infrastructure<\/span><\/div>\n            <div id=\"wpcf-field-architect\" class=\"wpcf-field-single-line wpcf-field-architect\"><span class=\"wpcf-field-name wpcf-field-single-line-name wpcf-field-architect-name\">architect:<\/span> <span class=\"wpcf-field-value wpcf-field-single-line-value wpcf-field-architect-value\">Le Corbusier<\/span><\/div>\n            <div id=\"wpcf-field-realization\" class=\"wpcf-field-number wpcf-field-realization\"><span class=\"wpcf-field-name wpcf-field-number-name wpcf-field-realization-name\">realization:<\/span> <span class=\"wpcf-field-value wpcf-field-number-value wpcf-field-realization-value\">1933<\/span><\/div>\n            7k Boulevard Jourdan, Parigi, Francia\n          <\/div>\n  <\/div>\n<\/article>\n          <\/div>\n            <h4><a href=\"#\" onclick=\"cimap();\" class=\"link-marker js-wpv-addon-maps-focus-map js-toolset-maps-hover-map-map-1-marker-marker-119068 js-toolset-maps-open-infowindow-map-map-1-marker-marker-119068\" data-map=\"map-1\" data-marker=\"marker-119068\">39. Pavilion Suisse<\/a><\/h4>\n            <div id=\"wpcf-field-tipology\" class=\"wpcf-field-select wpcf-field-tipology\"><span class=\"wpcf-field-name wpcf-field-select-name wpcf-field-tipology-name\">tipology:<\/span> <span class=\"wpcf-field-value wpcf-field-select-value wpcf-field-tipology-value\">infrastructure<\/span><\/div> | <div id=\"wpcf-field-architect\" class=\"wpcf-field-single-line wpcf-field-architect\"><span class=\"wpcf-field-name wpcf-field-single-line-name wpcf-field-architect-name\">architect:<\/span> <span class=\"wpcf-field-value wpcf-field-single-line-value wpcf-field-architect-value\">Le Corbusier<\/span><\/div> | <div id=\"wpcf-field-realization\" class=\"wpcf-field-number wpcf-field-realization\"><span class=\"wpcf-field-name wpcf-field-number-name wpcf-field-realization-name\">realization:<\/span> <span class=\"wpcf-field-value wpcf-field-number-value wpcf-field-realization-value\">1933<\/span><\/div>\n          <\/li>\n\t\t\n          <li>\n            \n          <div style=\"display:none\" class=\"wpv-addon-maps-marker js-wpv-addon-maps-marker js-wpv-addon-maps-marker-marker-119071 js-wpv-addon-maps-markerfor-map-1\" data-marker=\"marker-119071\" data-markertitle=\"Maison du Bresil\" data-markerfor=\"map-1\" data-markerlat=\"48.817829\" data-markerlon=\"2.3436123\" data-markericon=\"\/wp-content\/uploads\/sites\/6\/2017\/11\/area_marker_13.png\" data-markericonhover=\"\" data-streetview=\"no\" data-fromview=\"\">\n            <article class=\"marker-itinerario\">\n\t<div class=\"entry-thumbnail\">\n      \n      \n      \t<img loading=\"lazy\" decoding=\"async\" width=\"935\" height=\"1400\" src=\"https:\/\/static.tecnichenuove.it\/areaarch\/2022\/04\/72le-corbusier-lorenzo-zandri-maison-du-bresil.jpeg\" class=\"attachment-post-thumbnail size-post-thumbnail wp-post-image\" alt=\"\" srcset=\"https:\/\/static.tecnichenuove.it\/areaarch\/2022\/04\/72le-corbusier-lorenzo-zandri-maison-du-bresil.jpeg 935w, https:\/\/static.tecnichenuove.it\/areaarch\/2022\/04\/72le-corbusier-lorenzo-zandri-maison-du-bresil-200x300.jpeg 200w, https:\/\/static.tecnichenuove.it\/areaarch\/2022\/04\/72le-corbusier-lorenzo-zandri-maison-du-bresil-684x1024.jpeg 684w, https:\/\/static.tecnichenuove.it\/areaarch\/2022\/04\/72le-corbusier-lorenzo-zandri-maison-du-bresil-768x1150.jpeg 768w, https:\/\/static.tecnichenuove.it\/areaarch\/2022\/04\/72le-corbusier-lorenzo-zandri-maison-du-bresil-696x1042.jpeg 696w, https:\/\/static.tecnichenuove.it\/areaarch\/2022\/04\/72le-corbusier-lorenzo-zandri-maison-du-bresil-281x420.jpeg 281w\" sizes=\"auto, (max-width: 935px) 100vw, 935px\" \/>\n      \t<img decoding=\"async\" src=\"https:\/\/www.area-arch.it\/wp-content\/uploads\/sites\/6\/2022\/04\/72Maison-du-Bresil-plan.jpeg\" class=\"attachment-post-thumbnail\" \/>\n      \n\t<\/div>\n  \t<div class=\"entry-column\">\n      <h3 class=\"entry-title td-module-title\">Maison du Bresil<\/h3>\n      <div class=\"td-excerpt\">\n            <div id=\"wpcf-field-tipology\" class=\"wpcf-field-select wpcf-field-tipology\"><span class=\"wpcf-field-name wpcf-field-select-name wpcf-field-tipology-name\">tipology:<\/span> <span class=\"wpcf-field-value wpcf-field-select-value wpcf-field-tipology-value\">residential<\/span><\/div>\n            <div id=\"wpcf-field-architect\" class=\"wpcf-field-single-line wpcf-field-architect\"><span class=\"wpcf-field-name wpcf-field-single-line-name wpcf-field-architect-name\">architect:<\/span> <span class=\"wpcf-field-value wpcf-field-single-line-value wpcf-field-architect-value\">Le Corbusier<\/span><\/div>\n            <div id=\"wpcf-field-realization\" class=\"wpcf-field-number wpcf-field-realization\"><span class=\"wpcf-field-name wpcf-field-number-name wpcf-field-realization-name\">realization:<\/span> <span class=\"wpcf-field-value wpcf-field-number-value wpcf-field-realization-value\">1959<\/span><\/div>\n            7l Boulevard Jourdan, Parigi, Francia\n          <\/div>\n  <\/div>\n<\/article>\n          <\/div>\n            <h4><a href=\"#\" onclick=\"cimap();\" class=\"link-marker js-wpv-addon-maps-focus-map js-toolset-maps-hover-map-map-1-marker-marker-119071 js-toolset-maps-open-infowindow-map-map-1-marker-marker-119071\" data-map=\"map-1\" data-marker=\"marker-119071\">40. Maison du Bresil<\/a><\/h4>\n            <div id=\"wpcf-field-tipology\" class=\"wpcf-field-select wpcf-field-tipology\"><span class=\"wpcf-field-name wpcf-field-select-name wpcf-field-tipology-name\">tipology:<\/span> <span class=\"wpcf-field-value wpcf-field-select-value wpcf-field-tipology-value\">residential<\/span><\/div> | <div id=\"wpcf-field-architect\" class=\"wpcf-field-single-line wpcf-field-architect\"><span class=\"wpcf-field-name wpcf-field-single-line-name wpcf-field-architect-name\">architect:<\/span> <span class=\"wpcf-field-value wpcf-field-single-line-value wpcf-field-architect-value\">Le Corbusier<\/span><\/div> | <div id=\"wpcf-field-realization\" class=\"wpcf-field-number wpcf-field-realization\"><span class=\"wpcf-field-name wpcf-field-number-name wpcf-field-realization-name\">realization:<\/span> <span class=\"wpcf-field-value wpcf-field-number-value wpcf-field-realization-value\">1959<\/span><\/div>\n          <\/li>\n\t\t\n          <li>\n            \n          <div style=\"display:none\" class=\"wpv-addon-maps-marker js-wpv-addon-maps-marker js-wpv-addon-maps-marker-marker-119074 js-wpv-addon-maps-markerfor-map-1\" data-marker=\"marker-119074\" data-markertitle=\"Istituto del Mondo Arabo\" data-markerfor=\"map-1\" data-markerlat=\"48.8489793\" data-markerlon=\"2.3564783\" data-markericon=\"\/wp-content\/uploads\/sites\/6\/2017\/11\/area_marker_10.png\" data-markericonhover=\"\" data-streetview=\"no\" data-fromview=\"\">\n            <article class=\"marker-itinerario\">\n\t<div class=\"entry-thumbnail\">\n      \n      \n      \t<img loading=\"lazy\" decoding=\"async\" width=\"1024\" height=\"654\" src=\"https:\/\/static.tecnichenuove.it\/areaarch\/2022\/04\/5a154ebda0d55638dc00154a.jpg\" class=\"attachment-post-thumbnail size-post-thumbnail wp-post-image\" alt=\"\" srcset=\"https:\/\/static.tecnichenuove.it\/areaarch\/2022\/04\/5a154ebda0d55638dc00154a.jpg 1024w, https:\/\/static.tecnichenuove.it\/areaarch\/2022\/04\/5a154ebda0d55638dc00154a-300x192.jpg 300w, https:\/\/static.tecnichenuove.it\/areaarch\/2022\/04\/5a154ebda0d55638dc00154a-768x491.jpg 768w, https:\/\/static.tecnichenuove.it\/areaarch\/2022\/04\/5a154ebda0d55638dc00154a-696x445.jpg 696w, https:\/\/static.tecnichenuove.it\/areaarch\/2022\/04\/5a154ebda0d55638dc00154a-658x420.jpg 658w\" sizes=\"auto, (max-width: 1024px) 100vw, 1024px\" \/>\n      \t<img decoding=\"async\" src=\"https:\/\/www.area-arch.it\/wp-content\/uploads\/sites\/6\/2022\/04\/Instituto_del_Mundo_Arabe3-500x446-1.jpg\" class=\"attachment-post-thumbnail\" \/>\n      \n\t<\/div>\n  \t<div class=\"entry-column\">\n      <h3 class=\"entry-title td-module-title\">Istituto del Mondo Arabo<\/h3>\n      <div class=\"td-excerpt\">\n            <div id=\"wpcf-field-tipology\" class=\"wpcf-field-select wpcf-field-tipology\"><span class=\"wpcf-field-name wpcf-field-select-name wpcf-field-tipology-name\">tipology:<\/span> <span class=\"wpcf-field-value wpcf-field-select-value wpcf-field-tipology-value\">museum<\/span><\/div>\n            <div id=\"wpcf-field-architect\" class=\"wpcf-field-single-line wpcf-field-architect\"><span class=\"wpcf-field-name wpcf-field-single-line-name wpcf-field-architect-name\">architect:<\/span> <span class=\"wpcf-field-value wpcf-field-single-line-value wpcf-field-architect-value\">Jean Nouvel<\/span><\/div>\n            <div id=\"wpcf-field-realization\" class=\"wpcf-field-number wpcf-field-realization\"><span class=\"wpcf-field-name wpcf-field-number-name wpcf-field-realization-name\">realization:<\/span> <span class=\"wpcf-field-value wpcf-field-number-value wpcf-field-realization-value\">1987<\/span><\/div>\n            1 Rue des Foss\u00e9s Saint-Bernard, Parigi, Francia\n          <\/div>\n  <\/div>\n<\/article>\n          <\/div>\n            <h4><a href=\"#\" onclick=\"cimap();\" class=\"link-marker js-wpv-addon-maps-focus-map js-toolset-maps-hover-map-map-1-marker-marker-119074 js-toolset-maps-open-infowindow-map-map-1-marker-marker-119074\" data-map=\"map-1\" data-marker=\"marker-119074\">41. Istituto del Mondo Arabo<\/a><\/h4>\n            <div id=\"wpcf-field-tipology\" class=\"wpcf-field-select wpcf-field-tipology\"><span class=\"wpcf-field-name wpcf-field-select-name wpcf-field-tipology-name\">tipology:<\/span> <span class=\"wpcf-field-value wpcf-field-select-value wpcf-field-tipology-value\">museum<\/span><\/div> | <div id=\"wpcf-field-architect\" class=\"wpcf-field-single-line wpcf-field-architect\"><span class=\"wpcf-field-name wpcf-field-single-line-name wpcf-field-architect-name\">architect:<\/span> <span class=\"wpcf-field-value wpcf-field-single-line-value wpcf-field-architect-value\">Jean Nouvel<\/span><\/div> | <div id=\"wpcf-field-realization\" class=\"wpcf-field-number wpcf-field-realization\"><span class=\"wpcf-field-name wpcf-field-number-name wpcf-field-realization-name\">realization:<\/span> <span class=\"wpcf-field-value wpcf-field-number-value wpcf-field-realization-value\">1987<\/span><\/div>\n          <\/li>\n\t\t\n          <li>\n            \n          <div style=\"display:none\" class=\"wpv-addon-maps-marker js-wpv-addon-maps-marker js-wpv-addon-maps-marker-marker-119077 js-wpv-addon-maps-markerfor-map-1\" data-marker=\"marker-119077\" data-markertitle=\"Bibliotheque Nationale de France\" data-markerfor=\"map-1\" data-markerlat=\"48.8339111\" data-markerlon=\"2.3776154\" data-markericon=\"\/wp-content\/uploads\/sites\/6\/2017\/11\/area_marker_12.png\" data-markericonhover=\"\" data-streetview=\"no\" data-fromview=\"\">\n            <article class=\"marker-itinerario\">\n\t<div class=\"entry-thumbnail\">\n      \n      \n      \t<img loading=\"lazy\" decoding=\"async\" width=\"1400\" height=\"1245\" src=\"https:\/\/static.tecnichenuove.it\/areaarch\/2022\/04\/72-dominique-perrault-architecture-hiepler-brunier-bibliotheque-nationale-de-france.jpeg\" class=\"attachment-post-thumbnail size-post-thumbnail wp-post-image\" alt=\"\" srcset=\"https:\/\/static.tecnichenuove.it\/areaarch\/2022\/04\/72-dominique-perrault-architecture-hiepler-brunier-bibliotheque-nationale-de-france.jpeg 1400w, https:\/\/static.tecnichenuove.it\/areaarch\/2022\/04\/72-dominique-perrault-architecture-hiepler-brunier-bibliotheque-nationale-de-france-300x267.jpeg 300w, https:\/\/static.tecnichenuove.it\/areaarch\/2022\/04\/72-dominique-perrault-architecture-hiepler-brunier-bibliotheque-nationale-de-france-1024x911.jpeg 1024w, https:\/\/static.tecnichenuove.it\/areaarch\/2022\/04\/72-dominique-perrault-architecture-hiepler-brunier-bibliotheque-nationale-de-france-768x683.jpeg 768w, https:\/\/static.tecnichenuove.it\/areaarch\/2022\/04\/72-dominique-perrault-architecture-hiepler-brunier-bibliotheque-nationale-de-france-696x619.jpeg 696w, https:\/\/static.tecnichenuove.it\/areaarch\/2022\/04\/72-dominique-perrault-architecture-hiepler-brunier-bibliotheque-nationale-de-france-1068x950.jpeg 1068w, https:\/\/static.tecnichenuove.it\/areaarch\/2022\/04\/72-dominique-perrault-architecture-hiepler-brunier-bibliotheque-nationale-de-france-472x420.jpeg 472w\" sizes=\"auto, (max-width: 1400px) 100vw, 1400px\" \/>\n      \t<img decoding=\"async\" src=\"https:\/\/www.area-arch.it\/wp-content\/uploads\/sites\/6\/2022\/04\/180av_112724.jpeg\" class=\"attachment-post-thumbnail\" \/>\n      \n\t<\/div>\n  \t<div class=\"entry-column\">\n      <h3 class=\"entry-title td-module-title\">Bibliotheque Nationale de France<\/h3>\n      <div class=\"td-excerpt\">\n            <div id=\"wpcf-field-tipology\" class=\"wpcf-field-select wpcf-field-tipology\"><span class=\"wpcf-field-name wpcf-field-select-name wpcf-field-tipology-name\">tipology:<\/span> <span class=\"wpcf-field-value wpcf-field-select-value wpcf-field-tipology-value\">public<\/span><\/div>\n            <div id=\"wpcf-field-architect\" class=\"wpcf-field-single-line wpcf-field-architect\"><span class=\"wpcf-field-name wpcf-field-single-line-name wpcf-field-architect-name\">architect:<\/span> <span class=\"wpcf-field-value wpcf-field-single-line-value wpcf-field-architect-value\">Dominique Perrault Architecture<\/span><\/div>\n            <div id=\"wpcf-field-realization\" class=\"wpcf-field-number wpcf-field-realization\"><span class=\"wpcf-field-name wpcf-field-number-name wpcf-field-realization-name\">realization:<\/span> <span class=\"wpcf-field-value wpcf-field-number-value wpcf-field-realization-value\">1995<\/span><\/div>\n            Quai Fran\u00e7ois Mauriac, Parigi, Francia\n          <\/div>\n  <\/div>\n<\/article>\n          <\/div>\n            <h4><a href=\"#\" onclick=\"cimap();\" class=\"link-marker js-wpv-addon-maps-focus-map js-toolset-maps-hover-map-map-1-marker-marker-119077 js-toolset-maps-open-infowindow-map-map-1-marker-marker-119077\" data-map=\"map-1\" data-marker=\"marker-119077\">42. Bibliotheque Nationale de France<\/a><\/h4>\n            <div id=\"wpcf-field-tipology\" class=\"wpcf-field-select wpcf-field-tipology\"><span class=\"wpcf-field-name wpcf-field-select-name wpcf-field-tipology-name\">tipology:<\/span> <span class=\"wpcf-field-value wpcf-field-select-value wpcf-field-tipology-value\">public<\/span><\/div> | <div id=\"wpcf-field-architect\" class=\"wpcf-field-single-line wpcf-field-architect\"><span class=\"wpcf-field-name wpcf-field-single-line-name wpcf-field-architect-name\">architect:<\/span> <span class=\"wpcf-field-value wpcf-field-single-line-value wpcf-field-architect-value\">Dominique Perrault Architecture<\/span><\/div> | <div id=\"wpcf-field-realization\" class=\"wpcf-field-number wpcf-field-realization\"><span class=\"wpcf-field-name wpcf-field-number-name wpcf-field-realization-name\">realization:<\/span> <span class=\"wpcf-field-value wpcf-field-number-value wpcf-field-realization-value\">1995<\/span><\/div>\n          <\/li>\n\t\t\n          <li>\n            \n          <div style=\"display:none\" class=\"wpv-addon-maps-marker js-wpv-addon-maps-marker js-wpv-addon-maps-marker-marker-119080 js-wpv-addon-maps-markerfor-map-1\" data-marker=\"marker-119080\" data-markertitle=\"Restructuring of Office Building\" data-markerfor=\"map-1\" data-markerlat=\"48.8296612\" data-markerlon=\"2.3753743\" data-markericon=\"\/wp-content\/uploads\/sites\/6\/2017\/11\/area_marker_11.png\" data-markericonhover=\"\" data-streetview=\"no\" data-fromview=\"\">\n            <article class=\"marker-itinerario\">\n\t<div class=\"entry-thumbnail\">\n      \n      \n      \t<img loading=\"lazy\" decoding=\"async\" width=\"1264\" height=\"1000\" src=\"https:\/\/static.tecnichenuove.it\/areaarch\/2022\/04\/08.jpeg\" class=\"attachment-post-thumbnail size-post-thumbnail wp-post-image\" alt=\"\" srcset=\"https:\/\/static.tecnichenuove.it\/areaarch\/2022\/04\/08.jpeg 1264w, https:\/\/static.tecnichenuove.it\/areaarch\/2022\/04\/08-300x237.jpeg 300w, https:\/\/static.tecnichenuove.it\/areaarch\/2022\/04\/08-1024x810.jpeg 1024w, https:\/\/static.tecnichenuove.it\/areaarch\/2022\/04\/08-768x608.jpeg 768w, https:\/\/static.tecnichenuove.it\/areaarch\/2022\/04\/08-696x551.jpeg 696w, https:\/\/static.tecnichenuove.it\/areaarch\/2022\/04\/08-1068x845.jpeg 1068w, https:\/\/static.tecnichenuove.it\/areaarch\/2022\/04\/08-531x420.jpeg 531w\" sizes=\"auto, (max-width: 1264px) 100vw, 1264px\" \/>\n      \t<img decoding=\"async\" src=\"https:\/\/www.area-arch.it\/wp-content\/uploads\/sites\/6\/2022\/04\/05_-_SECTION.jpeg\" class=\"attachment-post-thumbnail\" \/>\n      \n\t<\/div>\n  \t<div class=\"entry-column\">\n      <h3 class=\"entry-title td-module-title\">Restructuring of Office Building<\/h3>\n      <div class=\"td-excerpt\">\n            <div id=\"wpcf-field-tipology\" class=\"wpcf-field-select wpcf-field-tipology\"><span class=\"wpcf-field-name wpcf-field-select-name wpcf-field-tipology-name\">tipology:<\/span> <span class=\"wpcf-field-value wpcf-field-select-value wpcf-field-tipology-value\">office<\/span><\/div>\n            <div id=\"wpcf-field-architect\" class=\"wpcf-field-single-line wpcf-field-architect\"><span class=\"wpcf-field-name wpcf-field-single-line-name wpcf-field-architect-name\">architect:<\/span> <span class=\"wpcf-field-value wpcf-field-single-line-value wpcf-field-architect-value\">Monsieur Vilo Bach Architecture<\/span><\/div>\n            <div id=\"wpcf-field-realization\" class=\"wpcf-field-number wpcf-field-realization\"><span class=\"wpcf-field-name wpcf-field-number-name wpcf-field-realization-name\">realization:<\/span> <span class=\"wpcf-field-value wpcf-field-number-value wpcf-field-realization-value\">2020<\/span><\/div>\n            7 Rue de Tolbiac, Parigi, Francia\n          <\/div>\n  <\/div>\n<\/article>\n          <\/div>\n            <h4><a href=\"#\" onclick=\"cimap();\" class=\"link-marker js-wpv-addon-maps-focus-map js-toolset-maps-hover-map-map-1-marker-marker-119080 js-toolset-maps-open-infowindow-map-map-1-marker-marker-119080\" data-map=\"map-1\" data-marker=\"marker-119080\">43. Restructuring of Office Building<\/a><\/h4>\n            <div id=\"wpcf-field-tipology\" class=\"wpcf-field-select wpcf-field-tipology\"><span class=\"wpcf-field-name wpcf-field-select-name wpcf-field-tipology-name\">tipology:<\/span> <span class=\"wpcf-field-value wpcf-field-select-value wpcf-field-tipology-value\">office<\/span><\/div> | <div id=\"wpcf-field-architect\" class=\"wpcf-field-single-line wpcf-field-architect\"><span class=\"wpcf-field-name wpcf-field-single-line-name wpcf-field-architect-name\">architect:<\/span> <span class=\"wpcf-field-value wpcf-field-single-line-value wpcf-field-architect-value\">Monsieur Vilo Bach Architecture<\/span><\/div> | <div id=\"wpcf-field-realization\" class=\"wpcf-field-number wpcf-field-realization\"><span class=\"wpcf-field-name wpcf-field-number-name wpcf-field-realization-name\">realization:<\/span> <span class=\"wpcf-field-value wpcf-field-number-value wpcf-field-realization-value\">2020<\/span><\/div>\n          <\/li>\n\t\t\n          <li>\n            \n          <div style=\"display:none\" class=\"wpv-addon-maps-marker js-wpv-addon-maps-marker js-wpv-addon-maps-marker-marker-119083 js-wpv-addon-maps-markerfor-map-1\" data-marker=\"marker-119083\" data-markertitle=\"132 housing units\" data-markerfor=\"map-1\" data-markerlat=\"48.8254973\" data-markerlon=\"2.3812821\" data-markericon=\"\/wp-content\/uploads\/sites\/6\/2017\/11\/area_marker_13.png\" data-markericonhover=\"\" data-streetview=\"no\" data-fromview=\"\">\n            <article class=\"marker-itinerario\">\n\t<div class=\"entry-thumbnail\">\n      \n      \t<img loading=\"lazy\" decoding=\"async\" width=\"296\" height=\"300\" src=\"https:\/\/static.tecnichenuove.it\/areaarch\/2022\/04\/Schermata-2022-02-21-alle-16.12.30-296x300.jpg\" class=\"attachment-medium size-medium wp-post-image\" alt=\"\" srcset=\"https:\/\/static.tecnichenuove.it\/areaarch\/2022\/04\/Schermata-2022-02-21-alle-16.12.30-296x300.jpg 296w, https:\/\/static.tecnichenuove.it\/areaarch\/2022\/04\/Schermata-2022-02-21-alle-16.12.30-1012x1024.jpg 1012w, https:\/\/static.tecnichenuove.it\/areaarch\/2022\/04\/Schermata-2022-02-21-alle-16.12.30-768x777.jpg 768w, https:\/\/static.tecnichenuove.it\/areaarch\/2022\/04\/Schermata-2022-02-21-alle-16.12.30-696x705.jpg 696w, https:\/\/static.tecnichenuove.it\/areaarch\/2022\/04\/Schermata-2022-02-21-alle-16.12.30-1068x1081.jpg 1068w, https:\/\/static.tecnichenuove.it\/areaarch\/2022\/04\/Schermata-2022-02-21-alle-16.12.30-415x420.jpg 415w, https:\/\/static.tecnichenuove.it\/areaarch\/2022\/04\/Schermata-2022-02-21-alle-16.12.30.jpg 1383w\" sizes=\"auto, (max-width: 296px) 100vw, 296px\" \/>\n      \n      \n\t<\/div>\n  \t<div class=\"entry-column\">\n      <h3 class=\"entry-title td-module-title\">132 housing units<\/h3>\n      <div class=\"td-excerpt\">\n            <div id=\"wpcf-field-tipology\" class=\"wpcf-field-select wpcf-field-tipology\"><span class=\"wpcf-field-name wpcf-field-select-name wpcf-field-tipology-name\">tipology:<\/span> <span class=\"wpcf-field-value wpcf-field-select-value wpcf-field-tipology-value\">residential<\/span><\/div>\n            <div id=\"wpcf-field-architect\" class=\"wpcf-field-single-line wpcf-field-architect\"><span class=\"wpcf-field-name wpcf-field-single-line-name wpcf-field-architect-name\">architect:<\/span> <span class=\"wpcf-field-value wpcf-field-single-line-value wpcf-field-architect-value\">LAN Architecture<\/span><\/div>\n            <div id=\"wpcf-field-realization\" class=\"wpcf-field-number wpcf-field-realization\"><span class=\"wpcf-field-name wpcf-field-number-name wpcf-field-realization-name\">realization:<\/span> <span class=\"wpcf-field-value wpcf-field-number-value wpcf-field-realization-value\">2022<\/span><\/div>\n            Boulevard du G\u00e9n\u00e9ral d'Arm\u00e9e Jean Simon, Parigi, Francia\n          <\/div>\n  <\/div>\n<\/article>\n          <\/div>\n            <h4><a href=\"#\" onclick=\"cimap();\" class=\"link-marker js-wpv-addon-maps-focus-map js-toolset-maps-hover-map-map-1-marker-marker-119083 js-toolset-maps-open-infowindow-map-map-1-marker-marker-119083\" data-map=\"map-1\" data-marker=\"marker-119083\">44. 132 housing units<\/a><\/h4>\n            <div id=\"wpcf-field-tipology\" class=\"wpcf-field-select wpcf-field-tipology\"><span class=\"wpcf-field-name wpcf-field-select-name wpcf-field-tipology-name\">tipology:<\/span> <span class=\"wpcf-field-value wpcf-field-select-value wpcf-field-tipology-value\">residential<\/span><\/div> | <div id=\"wpcf-field-architect\" class=\"wpcf-field-single-line wpcf-field-architect\"><span class=\"wpcf-field-name wpcf-field-single-line-name wpcf-field-architect-name\">architect:<\/span> <span class=\"wpcf-field-value wpcf-field-single-line-value wpcf-field-architect-value\">LAN Architecture<\/span><\/div> | <div id=\"wpcf-field-realization\" class=\"wpcf-field-number wpcf-field-realization\"><span class=\"wpcf-field-name wpcf-field-number-name wpcf-field-realization-name\">realization:<\/span> <span class=\"wpcf-field-value wpcf-field-number-value wpcf-field-realization-value\">2022<\/span><\/div>\n          <\/li>\n\t\t\n          <li>\n            \n          <div style=\"display:none\" class=\"wpv-addon-maps-marker js-wpv-addon-maps-marker js-wpv-addon-maps-marker-marker-119085 js-wpv-addon-maps-markerfor-map-1\" data-marker=\"marker-119085\" data-markertitle=\"Groupe scolaire &#8211; Boulogne Billancourt\" data-markerfor=\"map-1\" data-markerlat=\"48.82666\" data-markerlon=\"2.2430685\" data-markericon=\"\/wp-content\/uploads\/sites\/6\/2017\/11\/area_marker_14.png\" data-markericonhover=\"\" data-streetview=\"no\" data-fromview=\"\">\n            <article class=\"marker-itinerario\">\n\t<div class=\"entry-thumbnail\">\n      \n      \n      \t<img loading=\"lazy\" decoding=\"async\" width=\"1120\" height=\"1400\" src=\"https:\/\/static.tecnichenuove.it\/areaarch\/2022\/04\/muoto-architectes-maxime-delvaux-school-group.jpeg\" class=\"attachment-post-thumbnail size-post-thumbnail wp-post-image\" alt=\"\" srcset=\"https:\/\/static.tecnichenuove.it\/areaarch\/2022\/04\/muoto-architectes-maxime-delvaux-school-group.jpeg 1120w, https:\/\/static.tecnichenuove.it\/areaarch\/2022\/04\/muoto-architectes-maxime-delvaux-school-group-240x300.jpeg 240w, https:\/\/static.tecnichenuove.it\/areaarch\/2022\/04\/muoto-architectes-maxime-delvaux-school-group-819x1024.jpeg 819w, https:\/\/static.tecnichenuove.it\/areaarch\/2022\/04\/muoto-architectes-maxime-delvaux-school-group-768x960.jpeg 768w, https:\/\/static.tecnichenuove.it\/areaarch\/2022\/04\/muoto-architectes-maxime-delvaux-school-group-696x870.jpeg 696w, https:\/\/static.tecnichenuove.it\/areaarch\/2022\/04\/muoto-architectes-maxime-delvaux-school-group-1068x1335.jpeg 1068w, https:\/\/static.tecnichenuove.it\/areaarch\/2022\/04\/muoto-architectes-maxime-delvaux-school-group-336x420.jpeg 336w\" sizes=\"auto, (max-width: 1120px) 100vw, 1120px\" \/>\n      \t<img decoding=\"async\" src=\"https:\/\/www.area-arch.it\/wp-content\/uploads\/sites\/6\/2022\/04\/plan-muoto.jpeg\" class=\"attachment-post-thumbnail\" \/>\n      \n\t<\/div>\n  \t<div class=\"entry-column\">\n      <h3 class=\"entry-title td-module-title\">Groupe scolaire &#8211; Boulogne Billancourt<\/h3>\n      <div class=\"td-excerpt\">\n            <div id=\"wpcf-field-tipology\" class=\"wpcf-field-select wpcf-field-tipology\"><span class=\"wpcf-field-name wpcf-field-select-name wpcf-field-tipology-name\">tipology:<\/span> <span class=\"wpcf-field-value wpcf-field-select-value wpcf-field-tipology-value\">sport<\/span><\/div>\n            <div id=\"wpcf-field-architect\" class=\"wpcf-field-single-line wpcf-field-architect\"><span class=\"wpcf-field-name wpcf-field-single-line-name wpcf-field-architect-name\">architect:<\/span> <span class=\"wpcf-field-value wpcf-field-single-line-value wpcf-field-architect-value\">MUOTO Studio d'architecture<\/span><\/div>\n            <div id=\"wpcf-field-realization\" class=\"wpcf-field-number wpcf-field-realization\"><span class=\"wpcf-field-name wpcf-field-number-name wpcf-field-realization-name\">realization:<\/span> <span class=\"wpcf-field-value wpcf-field-number-value wpcf-field-realization-value\">2018<\/span><\/div>\n            41-39 Rue Yves Kermen, Boulogne-Billancourt, Francia\n          <\/div>\n  <\/div>\n<\/article>\n          <\/div>\n            <h4><a href=\"#\" onclick=\"cimap();\" class=\"link-marker js-wpv-addon-maps-focus-map js-toolset-maps-hover-map-map-1-marker-marker-119085 js-toolset-maps-open-infowindow-map-map-1-marker-marker-119085\" data-map=\"map-1\" data-marker=\"marker-119085\">45. Groupe scolaire &#8211; Boulogne Billancourt<\/a><\/h4>\n            <div id=\"wpcf-field-tipology\" class=\"wpcf-field-select wpcf-field-tipology\"><span class=\"wpcf-field-name wpcf-field-select-name wpcf-field-tipology-name\">tipology:<\/span> <span class=\"wpcf-field-value wpcf-field-select-value wpcf-field-tipology-value\">sport<\/span><\/div> | <div id=\"wpcf-field-architect\" class=\"wpcf-field-single-line wpcf-field-architect\"><span class=\"wpcf-field-name wpcf-field-single-line-name wpcf-field-architect-name\">architect:<\/span> <span class=\"wpcf-field-value wpcf-field-single-line-value wpcf-field-architect-value\">MUOTO Studio d'architecture<\/span><\/div> | <div id=\"wpcf-field-realization\" class=\"wpcf-field-number wpcf-field-realization\"><span class=\"wpcf-field-name wpcf-field-number-name wpcf-field-realization-name\">realization:<\/span> <span class=\"wpcf-field-value wpcf-field-number-value wpcf-field-realization-value\">2018<\/span><\/div>\n          <\/li>\n\t\t\n          <li>\n            \n          <div style=\"display:none\" class=\"wpv-addon-maps-marker js-wpv-addon-maps-marker js-wpv-addon-maps-marker-marker-119088 js-wpv-addon-maps-markerfor-map-1\" data-marker=\"marker-119088\" data-markertitle=\"Campus di Paris-Saclay\" data-markerfor=\"map-1\" data-markerlat=\"48.7086253\" data-markerlon=\"2.1639892\" data-markericon=\"\/wp-content\/uploads\/sites\/6\/2017\/11\/area_marker_4.png\" data-markericonhover=\"\" data-streetview=\"no\" data-fromview=\"\">\n            <article class=\"marker-itinerario\">\n\t<div class=\"entry-thumbnail\">\n      \n      \n      \t<img loading=\"lazy\" decoding=\"async\" width=\"1400\" height=\"840\" src=\"https:\/\/static.tecnichenuove.it\/areaarch\/2022\/04\/BAUKUNST-BRUTHER-%E2%80%93-Saclay-Paris-%C2%A9-Maxime-Delvaux.jpeg\" class=\"attachment-post-thumbnail size-post-thumbnail wp-post-image\" alt=\"\" srcset=\"https:\/\/static.tecnichenuove.it\/areaarch\/2022\/04\/BAUKUNST-BRUTHER-%E2%80%93-Saclay-Paris-%C2%A9-Maxime-Delvaux.jpeg 1400w, https:\/\/static.tecnichenuove.it\/areaarch\/2022\/04\/BAUKUNST-BRUTHER-%E2%80%93-Saclay-Paris-%C2%A9-Maxime-Delvaux-300x180.jpeg 300w, https:\/\/static.tecnichenuove.it\/areaarch\/2022\/04\/BAUKUNST-BRUTHER-%E2%80%93-Saclay-Paris-%C2%A9-Maxime-Delvaux-1024x614.jpeg 1024w, https:\/\/static.tecnichenuove.it\/areaarch\/2022\/04\/BAUKUNST-BRUTHER-%E2%80%93-Saclay-Paris-%C2%A9-Maxime-Delvaux-768x461.jpeg 768w, https:\/\/static.tecnichenuove.it\/areaarch\/2022\/04\/BAUKUNST-BRUTHER-%E2%80%93-Saclay-Paris-%C2%A9-Maxime-Delvaux-696x418.jpeg 696w, https:\/\/static.tecnichenuove.it\/areaarch\/2022\/04\/BAUKUNST-BRUTHER-%E2%80%93-Saclay-Paris-%C2%A9-Maxime-Delvaux-1068x641.jpeg 1068w, https:\/\/static.tecnichenuove.it\/areaarch\/2022\/04\/BAUKUNST-BRUTHER-%E2%80%93-Saclay-Paris-%C2%A9-Maxime-Delvaux-700x420.jpeg 700w\" sizes=\"auto, (max-width: 1400px) 100vw, 1400px\" \/>\n      \t<img decoding=\"async\" src=\"https:\/\/www.area-arch.it\/wp-content\/uploads\/sites\/6\/2022\/04\/floorplans-1024x596-1.jpeg\" class=\"attachment-post-thumbnail\" \/>\n      \n\t<\/div>\n  \t<div class=\"entry-column\">\n      <h3 class=\"entry-title td-module-title\">Campus di Paris-Saclay<\/h3>\n      <div class=\"td-excerpt\">\n            <div id=\"wpcf-field-tipology\" class=\"wpcf-field-select wpcf-field-tipology\"><span class=\"wpcf-field-name wpcf-field-select-name wpcf-field-tipology-name\">tipology:<\/span> <span class=\"wpcf-field-value wpcf-field-select-value wpcf-field-tipology-value\">education<\/span><\/div>\n            <div id=\"wpcf-field-architect\" class=\"wpcf-field-single-line wpcf-field-architect\"><span class=\"wpcf-field-name wpcf-field-single-line-name wpcf-field-architect-name\">architect:<\/span> <span class=\"wpcf-field-value wpcf-field-single-line-value wpcf-field-architect-value\">Bruther+Baukunst<\/span><\/div>\n            <div id=\"wpcf-field-realization\" class=\"wpcf-field-number wpcf-field-realization\"><span class=\"wpcf-field-name wpcf-field-number-name wpcf-field-realization-name\">realization:<\/span> <span class=\"wpcf-field-value wpcf-field-number-value wpcf-field-realization-value\">2021<\/span><\/div>\n            3 Rue Joliot Curie, Gif-sur-Yvette, Francia\n          <\/div>\n  <\/div>\n<\/article>\n          <\/div>\n            <h4><a href=\"#\" onclick=\"cimap();\" class=\"link-marker js-wpv-addon-maps-focus-map js-toolset-maps-hover-map-map-1-marker-marker-119088 js-toolset-maps-open-infowindow-map-map-1-marker-marker-119088\" data-map=\"map-1\" data-marker=\"marker-119088\">46. Campus di Paris-Saclay<\/a><\/h4>\n            <div id=\"wpcf-field-tipology\" class=\"wpcf-field-select wpcf-field-tipology\"><span class=\"wpcf-field-name wpcf-field-select-name wpcf-field-tipology-name\">tipology:<\/span> <span class=\"wpcf-field-value wpcf-field-select-value wpcf-field-tipology-value\">education<\/span><\/div> | <div id=\"wpcf-field-architect\" class=\"wpcf-field-single-line wpcf-field-architect\"><span class=\"wpcf-field-name wpcf-field-single-line-name wpcf-field-architect-name\">architect:<\/span> <span class=\"wpcf-field-value wpcf-field-single-line-value wpcf-field-architect-value\">Bruther+Baukunst<\/span><\/div> | <div id=\"wpcf-field-realization\" class=\"wpcf-field-number wpcf-field-realization\"><span class=\"wpcf-field-name wpcf-field-number-name wpcf-field-realization-name\">realization:<\/span> <span class=\"wpcf-field-value wpcf-field-number-value wpcf-field-realization-value\">2021<\/span><\/div>\n          <\/li>\n\t\t\n          <li>\n            \n          <div style=\"display:none\" class=\"wpv-addon-maps-marker js-wpv-addon-maps-marker js-wpv-addon-maps-marker-marker-119092 js-wpv-addon-maps-markerfor-map-1\" data-marker=\"marker-119092\" data-markertitle=\"Institut Mines-T\u00e9l\u00e9com\" data-markerfor=\"map-1\" data-markerlat=\"48.7142498\" data-markerlon=\"2.2017888\" data-markericon=\"\/wp-content\/uploads\/sites\/6\/2017\/11\/area_marker_4.png\" data-markericonhover=\"\" data-streetview=\"no\" data-fromview=\"\">\n            <article class=\"marker-itinerario\">\n\t<div class=\"entry-thumbnail\">\n      \n      \n      \t<img loading=\"lazy\" decoding=\"async\" width=\"990\" height=\"1400\" src=\"https:\/\/static.tecnichenuove.it\/areaarch\/2022\/04\/grafton-architects-philippe-ruault-dennis-gilbert-institut-mines-telecom-paris-saclay.jpeg\" class=\"attachment-post-thumbnail size-post-thumbnail wp-post-image\" alt=\"\" srcset=\"https:\/\/static.tecnichenuove.it\/areaarch\/2022\/04\/grafton-architects-philippe-ruault-dennis-gilbert-institut-mines-telecom-paris-saclay.jpeg 990w, https:\/\/static.tecnichenuove.it\/areaarch\/2022\/04\/grafton-architects-philippe-ruault-dennis-gilbert-institut-mines-telecom-paris-saclay-212x300.jpeg 212w, https:\/\/static.tecnichenuove.it\/areaarch\/2022\/04\/grafton-architects-philippe-ruault-dennis-gilbert-institut-mines-telecom-paris-saclay-724x1024.jpeg 724w, https:\/\/static.tecnichenuove.it\/areaarch\/2022\/04\/grafton-architects-philippe-ruault-dennis-gilbert-institut-mines-telecom-paris-saclay-768x1086.jpeg 768w, https:\/\/static.tecnichenuove.it\/areaarch\/2022\/04\/grafton-architects-philippe-ruault-dennis-gilbert-institut-mines-telecom-paris-saclay-696x984.jpeg 696w, https:\/\/static.tecnichenuove.it\/areaarch\/2022\/04\/grafton-architects-philippe-ruault-dennis-gilbert-institut-mines-telecom-paris-saclay-297x420.jpeg 297w\" sizes=\"auto, (max-width: 990px) 100vw, 990px\" \/>\n      \t<img decoding=\"async\" src=\"https:\/\/www.area-arch.it\/wp-content\/uploads\/sites\/6\/2022\/04\/section-grafton-architects-philippe-ruault-dennis-gilbert-institut-mines-telecom-paris-saclay.jpeg\" class=\"attachment-post-thumbnail\" \/>\n      \n\t<\/div>\n  \t<div class=\"entry-column\">\n      <h3 class=\"entry-title td-module-title\">Institut Mines-T\u00e9l\u00e9com<\/h3>\n      <div class=\"td-excerpt\">\n            <div id=\"wpcf-field-tipology\" class=\"wpcf-field-select wpcf-field-tipology\"><span class=\"wpcf-field-name wpcf-field-select-name wpcf-field-tipology-name\">tipology:<\/span> <span class=\"wpcf-field-value wpcf-field-select-value wpcf-field-tipology-value\">education<\/span><\/div>\n            <div id=\"wpcf-field-architect\" class=\"wpcf-field-single-line wpcf-field-architect\"><span class=\"wpcf-field-name wpcf-field-single-line-name wpcf-field-architect-name\">architect:<\/span> <span class=\"wpcf-field-value wpcf-field-single-line-value wpcf-field-architect-value\">Grafton Architects<\/span><\/div>\n            <div id=\"wpcf-field-realization\" class=\"wpcf-field-number wpcf-field-realization\"><span class=\"wpcf-field-name wpcf-field-number-name wpcf-field-realization-name\">realization:<\/span> <span class=\"wpcf-field-value wpcf-field-number-value wpcf-field-realization-value\">2019<\/span><\/div>\n            19 Place Marguerite Perey, Palaiseau, Francia\n          <\/div>\n  <\/div>\n<\/article>\n          <\/div>\n            <h4><a href=\"#\" onclick=\"cimap();\" class=\"link-marker js-wpv-addon-maps-focus-map js-toolset-maps-hover-map-map-1-marker-marker-119092 js-toolset-maps-open-infowindow-map-map-1-marker-marker-119092\" data-map=\"map-1\" data-marker=\"marker-119092\">47. Institut Mines-T\u00e9l\u00e9com<\/a><\/h4>\n            <div id=\"wpcf-field-tipology\" class=\"wpcf-field-select wpcf-field-tipology\"><span class=\"wpcf-field-name wpcf-field-select-name wpcf-field-tipology-name\">tipology:<\/span> <span class=\"wpcf-field-value wpcf-field-select-value wpcf-field-tipology-value\">education<\/span><\/div> | <div id=\"wpcf-field-architect\" class=\"wpcf-field-single-line wpcf-field-architect\"><span class=\"wpcf-field-name wpcf-field-single-line-name wpcf-field-architect-name\">architect:<\/span> <span class=\"wpcf-field-value wpcf-field-single-line-value wpcf-field-architect-value\">Grafton Architects<\/span><\/div> | <div id=\"wpcf-field-realization\" class=\"wpcf-field-number wpcf-field-realization\"><span class=\"wpcf-field-name wpcf-field-number-name wpcf-field-realization-name\">realization:<\/span> <span class=\"wpcf-field-value wpcf-field-number-value wpcf-field-realization-value\">2019<\/span><\/div>\n          <\/li>\n\t\t\n          <li>\n            \n          <div style=\"display:none\" class=\"wpv-addon-maps-marker js-wpv-addon-maps-marker js-wpv-addon-maps-marker-marker-119095 js-wpv-addon-maps-markerfor-map-1\" data-marker=\"marker-119095\" data-markertitle=\"Lieu de vie &#8211; Campus universitaire Paris-Saclay\" data-markerfor=\"map-1\" data-markerlat=\"48.7086253\" data-markerlon=\"2.1639892\" data-markericon=\"\/wp-content\/uploads\/sites\/6\/2017\/11\/area_marker_4.png\" data-markericonhover=\"\" data-streetview=\"no\" data-fromview=\"\">\n            <article class=\"marker-itinerario\">\n\t<div class=\"entry-thumbnail\">\n      \n      \n      \t<img loading=\"lazy\" decoding=\"async\" width=\"512\" height=\"336\" src=\"https:\/\/static.tecnichenuove.it\/areaarch\/2022\/04\/Image-Saclay-muoto-.jpeg\" class=\"attachment-post-thumbnail size-post-thumbnail wp-post-image\" alt=\"\" srcset=\"https:\/\/static.tecnichenuove.it\/areaarch\/2022\/04\/Image-Saclay-muoto-.jpeg 512w, https:\/\/static.tecnichenuove.it\/areaarch\/2022\/04\/Image-Saclay-muoto--300x197.jpeg 300w\" sizes=\"auto, (max-width: 512px) 100vw, 512px\" \/>\n      \t<img decoding=\"async\" src=\"https:\/\/www.area-arch.it\/wp-content\/uploads\/sites\/6\/2022\/04\/Section-Saclay-Muoto.jpeg\" class=\"attachment-post-thumbnail\" \/>\n      \n\t<\/div>\n  \t<div class=\"entry-column\">\n      <h3 class=\"entry-title td-module-title\">Lieu de vie &#8211; Campus universitaire Paris-Saclay<\/h3>\n      <div class=\"td-excerpt\">\n            <div id=\"wpcf-field-tipology\" class=\"wpcf-field-select wpcf-field-tipology\"><span class=\"wpcf-field-name wpcf-field-select-name wpcf-field-tipology-name\">tipology:<\/span> <span class=\"wpcf-field-value wpcf-field-select-value wpcf-field-tipology-value\">education<\/span><\/div>\n            <div id=\"wpcf-field-architect\" class=\"wpcf-field-single-line wpcf-field-architect\"><span class=\"wpcf-field-name wpcf-field-single-line-name wpcf-field-architect-name\">architect:<\/span> <span class=\"wpcf-field-value wpcf-field-single-line-value wpcf-field-architect-value\">MUOTO Studio d'architecture<\/span><\/div>\n            <div id=\"wpcf-field-realization\" class=\"wpcf-field-number wpcf-field-realization\"><span class=\"wpcf-field-name wpcf-field-number-name wpcf-field-realization-name\">realization:<\/span> <span class=\"wpcf-field-value wpcf-field-number-value wpcf-field-realization-value\">2016<\/span><\/div>\n            3 Rue Joliot Curie, Gif-sur-Yvette, Francia\n          <\/div>\n  <\/div>\n<\/article>\n          <\/div>\n            <h4><a href=\"#\" onclick=\"cimap();\" class=\"link-marker js-wpv-addon-maps-focus-map js-toolset-maps-hover-map-map-1-marker-marker-119095 js-toolset-maps-open-infowindow-map-map-1-marker-marker-119095\" data-map=\"map-1\" data-marker=\"marker-119095\">48. Lieu de vie &#8211; Campus universitaire Paris-Saclay<\/a><\/h4>\n            <div id=\"wpcf-field-tipology\" class=\"wpcf-field-select wpcf-field-tipology\"><span class=\"wpcf-field-name wpcf-field-select-name wpcf-field-tipology-name\">tipology:<\/span> <span class=\"wpcf-field-value wpcf-field-select-value wpcf-field-tipology-value\">education<\/span><\/div> | <div id=\"wpcf-field-architect\" class=\"wpcf-field-single-line wpcf-field-architect\"><span class=\"wpcf-field-name wpcf-field-single-line-name wpcf-field-architect-name\">architect:<\/span> <span class=\"wpcf-field-value wpcf-field-single-line-value wpcf-field-architect-value\">MUOTO Studio d'architecture<\/span><\/div> | <div id=\"wpcf-field-realization\" class=\"wpcf-field-number wpcf-field-realization\"><span class=\"wpcf-field-name wpcf-field-number-name wpcf-field-realization-name\">realization:<\/span> <span class=\"wpcf-field-value wpcf-field-number-value wpcf-field-realization-value\">2016<\/span><\/div>\n          <\/li>\n\t\t\n\t\n<\/ul>\n\t\n\t\n<\/div>\n<\/div>\n","protected":false},"excerpt":{"rendered":"search: tipology: all art gallery art studios commercial education health infrastructure hotel library mixed use museum office public residential sport theatre student accomodation church parc winery restaurant area 181 | Spaces for art Download the map (PDF) Nursery in Paris tipology: health architect: de Alzua+ realization: 2021 7 Rue Romy Schneider, Parigi, Francia 01. Nursery","protected":false},"author":1164,"featured_media":118936,"parent":29927,"menu_order":0,"comment_status":"closed","ping_status":"closed","template":"itinerary.php","meta":{"footnotes":""},"class_list":["post-118935","page","type-page","status-publish","has-post-thumbnail","hentry"],"yoast_head":"<!-- This site is optimized with the Yoast SEO plugin v27.5 - https:\/\/yoast.com\/product\/yoast-seo-wordpress\/ -->\n<title>Contemporary itinerary: Paris | Area<\/title>\n<meta name=\"description\" content=\"Area 181\" \/>\n<meta name=\"robots\" content=\"index, follow, max-snippet:-1, max-image-preview:large, max-video-preview:-1\" \/>\n<link rel=\"canonical\" href=\"https:\/\/www.area-arch.it\/en\/contemporary-itinerary\/contemporary-itinerary-paris\/\" \/>\n<meta property=\"og:locale\" content=\"en_US\" \/>\n<meta property=\"og:type\" content=\"article\" \/>\n<meta property=\"og:title\" content=\"Contemporary itinerary: Paris | Area\" \/>\n<meta property=\"og:description\" content=\"Area 181\" \/>\n<meta property=\"og:url\" content=\"https:\/\/www.area-arch.it\/en\/contemporary-itinerary\/contemporary-itinerary-paris\/\" \/>\n<meta property=\"og:site_name\" content=\"Area\" \/>\n<meta property=\"article:publisher\" content=\"https:\/\/www.facebook.com\/Area.Arch\" \/>\n<meta property=\"article:modified_time\" content=\"2022-06-01T07:54:18+00:00\" \/>\n<meta property=\"og:image\" content=\"https:\/\/static.tecnichenuove.it\/areaarch\/2022\/04\/Schermata-2022-04-20-alle-14.18.41.jpg\" \/>\n\t<meta property=\"og:image:width\" content=\"1400\" \/>\n\t<meta property=\"og:image:height\" content=\"923\" \/>\n\t<meta property=\"og:image:type\" content=\"image\/jpeg\" \/>\n<script type=\"application\/ld+json\" class=\"yoast-schema-graph\">{\"@context\":\"https:\\\/\\\/schema.org\",\"@graph\":[{\"@type\":\"WebPage\",\"@id\":\"https:\\\/\\\/www.area-arch.it\\\/en\\\/contemporary-itinerary\\\/contemporary-itinerary-paris\\\/\",\"url\":\"https:\\\/\\\/www.area-arch.it\\\/en\\\/contemporary-itinerary\\\/contemporary-itinerary-paris\\\/\",\"name\":\"Contemporary itinerary: Paris | Area\",\"isPartOf\":{\"@id\":\"https:\\\/\\\/www.area-arch.it\\\/en\\\/#website\"},\"primaryImageOfPage\":{\"@id\":\"https:\\\/\\\/www.area-arch.it\\\/en\\\/contemporary-itinerary\\\/contemporary-itinerary-paris\\\/#primaryimage\"},\"image\":{\"@id\":\"https:\\\/\\\/www.area-arch.it\\\/en\\\/contemporary-itinerary\\\/contemporary-itinerary-paris\\\/#primaryimage\"},\"thumbnailUrl\":\"https:\\\/\\\/static.tecnichenuove.it\\\/areaarch\\\/2022\\\/04\\\/Schermata-2022-04-20-alle-14.18.41.jpg\",\"datePublished\":\"2022-04-20T12:19:55+00:00\",\"dateModified\":\"2022-06-01T07:54:18+00:00\",\"description\":\"Area 181\",\"breadcrumb\":{\"@id\":\"https:\\\/\\\/www.area-arch.it\\\/en\\\/contemporary-itinerary\\\/contemporary-itinerary-paris\\\/#breadcrumb\"},\"inLanguage\":\"en-US\",\"potentialAction\":[{\"@type\":\"ReadAction\",\"target\":[\"https:\\\/\\\/www.area-arch.it\\\/en\\\/contemporary-itinerary\\\/contemporary-itinerary-paris\\\/\"]}]},{\"@type\":\"ImageObject\",\"inLanguage\":\"en-US\",\"@id\":\"https:\\\/\\\/www.area-arch.it\\\/en\\\/contemporary-itinerary\\\/contemporary-itinerary-paris\\\/#primaryimage\",\"url\":\"https:\\\/\\\/static.tecnichenuove.it\\\/areaarch\\\/2022\\\/04\\\/Schermata-2022-04-20-alle-14.18.41.jpg\",\"contentUrl\":\"https:\\\/\\\/static.tecnichenuove.it\\\/areaarch\\\/2022\\\/04\\\/Schermata-2022-04-20-alle-14.18.41.jpg\",\"width\":1400,\"height\":923},{\"@type\":\"BreadcrumbList\",\"@id\":\"https:\\\/\\\/www.area-arch.it\\\/en\\\/contemporary-itinerary\\\/contemporary-itinerary-paris\\\/#breadcrumb\",\"itemListElement\":[{\"@type\":\"ListItem\",\"position\":1,\"name\":\"Home\",\"item\":\"https:\\\/\\\/www.area-arch.it\\\/en\\\/homepage-24\\\/\"},{\"@type\":\"ListItem\",\"position\":2,\"name\":\"Itinerary\",\"item\":\"https:\\\/\\\/www.area-arch.it\\\/en\\\/contemporary-itinerary\\\/\"},{\"@type\":\"ListItem\",\"position\":3,\"name\":\"Contemporary itinerary: Paris\"}]},{\"@type\":\"WebSite\",\"@id\":\"https:\\\/\\\/www.area-arch.it\\\/en\\\/#website\",\"url\":\"https:\\\/\\\/www.area-arch.it\\\/en\\\/\",\"name\":\"Area\",\"description\":\"rivista di architettura e arti del progetto\",\"potentialAction\":[{\"@type\":\"SearchAction\",\"target\":{\"@type\":\"EntryPoint\",\"urlTemplate\":\"https:\\\/\\\/www.area-arch.it\\\/en\\\/?s={search_term_string}\"},\"query-input\":{\"@type\":\"PropertyValueSpecification\",\"valueRequired\":true,\"valueName\":\"search_term_string\"}}],\"inLanguage\":\"en-US\"}]}<\/script>\n<!-- \/ Yoast SEO plugin. -->","yoast_head_json":{"title":"Contemporary itinerary: Paris | Area","description":"Area 181","robots":{"index":"index","follow":"follow","max-snippet":"max-snippet:-1","max-image-preview":"max-image-preview:large","max-video-preview":"max-video-preview:-1"},"canonical":"https:\/\/www.area-arch.it\/en\/contemporary-itinerary\/contemporary-itinerary-paris\/","og_locale":"en_US","og_type":"article","og_title":"Contemporary itinerary: Paris | Area","og_description":"Area 181","og_url":"https:\/\/www.area-arch.it\/en\/contemporary-itinerary\/contemporary-itinerary-paris\/","og_site_name":"Area","article_publisher":"https:\/\/www.facebook.com\/Area.Arch","article_modified_time":"2022-06-01T07:54:18+00:00","og_image":[{"width":1400,"height":923,"url":"https:\/\/static.tecnichenuove.it\/areaarch\/2022\/04\/Schermata-2022-04-20-alle-14.18.41.jpg","type":"image\/jpeg"}],"schema":{"@context":"https:\/\/schema.org","@graph":[{"@type":"WebPage","@id":"https:\/\/www.area-arch.it\/en\/contemporary-itinerary\/contemporary-itinerary-paris\/","url":"https:\/\/www.area-arch.it\/en\/contemporary-itinerary\/contemporary-itinerary-paris\/","name":"Contemporary itinerary: Paris | Area","isPartOf":{"@id":"https:\/\/www.area-arch.it\/en\/#website"},"primaryImageOfPage":{"@id":"https:\/\/www.area-arch.it\/en\/contemporary-itinerary\/contemporary-itinerary-paris\/#primaryimage"},"image":{"@id":"https:\/\/www.area-arch.it\/en\/contemporary-itinerary\/contemporary-itinerary-paris\/#primaryimage"},"thumbnailUrl":"https:\/\/static.tecnichenuove.it\/areaarch\/2022\/04\/Schermata-2022-04-20-alle-14.18.41.jpg","datePublished":"2022-04-20T12:19:55+00:00","dateModified":"2022-06-01T07:54:18+00:00","description":"Area 181","breadcrumb":{"@id":"https:\/\/www.area-arch.it\/en\/contemporary-itinerary\/contemporary-itinerary-paris\/#breadcrumb"},"inLanguage":"en-US","potentialAction":[{"@type":"ReadAction","target":["https:\/\/www.area-arch.it\/en\/contemporary-itinerary\/contemporary-itinerary-paris\/"]}]},{"@type":"ImageObject","inLanguage":"en-US","@id":"https:\/\/www.area-arch.it\/en\/contemporary-itinerary\/contemporary-itinerary-paris\/#primaryimage","url":"https:\/\/static.tecnichenuove.it\/areaarch\/2022\/04\/Schermata-2022-04-20-alle-14.18.41.jpg","contentUrl":"https:\/\/static.tecnichenuove.it\/areaarch\/2022\/04\/Schermata-2022-04-20-alle-14.18.41.jpg","width":1400,"height":923},{"@type":"BreadcrumbList","@id":"https:\/\/www.area-arch.it\/en\/contemporary-itinerary\/contemporary-itinerary-paris\/#breadcrumb","itemListElement":[{"@type":"ListItem","position":1,"name":"Home","item":"https:\/\/www.area-arch.it\/en\/homepage-24\/"},{"@type":"ListItem","position":2,"name":"Itinerary","item":"https:\/\/www.area-arch.it\/en\/contemporary-itinerary\/"},{"@type":"ListItem","position":3,"name":"Contemporary itinerary: Paris"}]},{"@type":"WebSite","@id":"https:\/\/www.area-arch.it\/en\/#website","url":"https:\/\/www.area-arch.it\/en\/","name":"Area","description":"rivista di architettura e arti del progetto","potentialAction":[{"@type":"SearchAction","target":{"@type":"EntryPoint","urlTemplate":"https:\/\/www.area-arch.it\/en\/?s={search_term_string}"},"query-input":{"@type":"PropertyValueSpecification","valueRequired":true,"valueName":"search_term_string"}}],"inLanguage":"en-US"}]}},"_links":{"self":[{"href":"https:\/\/www.area-arch.it\/en\/wp-json\/wp\/v2\/pages\/118935","targetHints":{"allow":["GET"]}}],"collection":[{"href":"https:\/\/www.area-arch.it\/en\/wp-json\/wp\/v2\/pages"}],"about":[{"href":"https:\/\/www.area-arch.it\/en\/wp-json\/wp\/v2\/types\/page"}],"author":[{"embeddable":true,"href":"https:\/\/www.area-arch.it\/en\/wp-json\/wp\/v2\/users\/1164"}],"replies":[{"embeddable":true,"href":"https:\/\/www.area-arch.it\/en\/wp-json\/wp\/v2\/comments?post=118935"}],"version-history":[{"count":1,"href":"https:\/\/www.area-arch.it\/en\/wp-json\/wp\/v2\/pages\/118935\/revisions"}],"predecessor-version":[{"id":119098,"href":"https:\/\/www.area-arch.it\/en\/wp-json\/wp\/v2\/pages\/118935\/revisions\/119098"}],"up":[{"embeddable":true,"href":"https:\/\/www.area-arch.it\/en\/wp-json\/wp\/v2\/pages\/29927"}],"wp:featuredmedia":[{"embeddable":true,"href":"https:\/\/www.area-arch.it\/en\/wp-json\/wp\/v2\/media\/118936"}],"wp:attachment":[{"href":"https:\/\/www.area-arch.it\/en\/wp-json\/wp\/v2\/media?parent=118935"}],"curies":[{"name":"wp","href":"https:\/\/api.w.org\/{rel}","templated":true}]}}