{"id":102716,"date":"2021-04-20T15:58:13","date_gmt":"2021-04-20T13:58:13","guid":{"rendered":"https:\/\/www.area-arch.it\/?page_id=102716"},"modified":"2021-06-28T12:12:08","modified_gmt":"2021-06-28T10:12:08","slug":"contemporary-itinerary-osaka","status":"publish","type":"page","link":"https:\/\/www.area-arch.it\/en\/contemporary-itinerary\/contemporary-itinerary-osaka\/","title":{"rendered":"Contemporary itinerary: Osaka"},"content":{"rendered":"<div class=\"area-mappa\">\n  <a name=\"mappa\" id=\"mappa\"><\/a>\n  <div id=\"js-wpv-addon-maps-render-map-1\" style=\"width:100%; height:500px;\" class=\"wpv-addon-maps-render js-wpv-addon-maps-render js-wpv-addon-maps-render-map-1 \" data-map=\"map-1\" data-generalzoom=\"5\" data-generalcenterlat=\"0\" data-generalcenterlon=\"0\" data-fitbounds=\"on\" data-singlezoom=\"14\" data-singlecenter=\"on\" data-osmlayer=\"standard\" data-maptype=\"roadmap\" data-showlayerinterests=\"false\" data-markericon=\"\" data-markericonhover=\"\" data-draggable=\"on\" data-scrollwheel=\"on\" data-doubleclickzoom=\"on\" data-maptypecontrol=\"on\" data-fullscreencontrol=\"on\" data-zoomcontrol=\"on\" data-streetviewcontrol=\"on\" data-backgroundcolor=\"\" data-cluster=\"on\" data-clustergridsize=\"60\" data-clustermaxzoom=\"\" data-clusterclickzoom=\"on\" data-clusterminsize=\"2\" data-stylejson=\"\/\/www.area-arch.it\/wp-content\/plugins\/toolset-maps\/resources\/json\/Standard.json\" data-spiderfy=\"off\" data-streetview=\"off\" data-markerid=\"\" data-location=\"\" data-lat=\"0\" data-long=\"0\" data-heading=\"\" data-pitch=\"\"><\/div>\n  \n\t<div class=\"sponsor\">\n    \n\t\t<a href=\"https:\/\/www.area-arch.it\/\" target=\"_blank\" rel=\"noopener noreferrer\">\n    \n          <img decoding=\"async\" src=\"https:\/\/www.area-arch.it\/wp-content\/uploads\/sites\/6\/2017\/10\/logo_area_369.png\" alt=\"sponsor\" class=\"attachment-full\" \/>\n    \n\t\t<\/a>\n    \n\t<\/div>\n  \n<\/div>\n<form autocomplete=\"off\" name=\"wpv-filter-28977-CATTR2c748c7c2a151dd5f7b86ea85e3d2f6b\" action=\"\/en\/wp-json\/wp\/v2\/pages\/102716?wpv_view_count=28977-CATTR2c748c7c2a151dd5f7b86ea85e3d2f6b\" method=\"get\" class=\"wpv-filter-form js-wpv-filter-form js-wpv-filter-form-28977-CATTR2c748c7c2a151dd5f7b86ea85e3d2f6b js-wpv-form-full\" data-viewnumber=\"28977-CATTR2c748c7c2a151dd5f7b86ea85e3d2f6b\" data-viewid=\"28977\" data-viewhash=\"eyJuYW1lIjoiaXRpbmVyYXJpIiwid3B2Y2l0dGFpdGluZXJhcmlvIjoiT3Nha2EifQ==\" data-viewwidgetid=\"0\" data-orderby=\"\" data-order=\"\" data-orderbyas=\"\" data-orderbysecond=\"\" data-ordersecond=\"\" data-parametric=\"{&quot;query&quot;:&quot;normal&quot;,&quot;id&quot;:28977,&quot;view_id&quot;:28977,&quot;widget_id&quot;:0,&quot;view_hash&quot;:&quot;28977-CATTR2c748c7c2a151dd5f7b86ea85e3d2f6b&quot;,&quot;action&quot;:&quot;\\\/en\\\/wp-json\\\/wp\\\/v2\\\/pages\\\/102716?wpv_view_count=28977-CATTR2c748c7c2a151dd5f7b86ea85e3d2f6b&quot;,&quot;sort&quot;:{&quot;orderby&quot;:&quot;&quot;,&quot;order&quot;:&quot;&quot;,&quot;orderby_as&quot;:&quot;&quot;,&quot;orderby_second&quot;:&quot;&quot;,&quot;order_second&quot;:&quot;&quot;},&quot;orderby&quot;:&quot;&quot;,&quot;order&quot;:&quot;&quot;,&quot;orderby_as&quot;:&quot;&quot;,&quot;orderby_second&quot;:&quot;&quot;,&quot;order_second&quot;:&quot;&quot;,&quot;ajax_form&quot;:&quot;&quot;,&quot;ajax_results&quot;:&quot;&quot;,&quot;effect&quot;:&quot;fade&quot;,&quot;prebefore&quot;:&quot;&quot;,&quot;before&quot;:&quot;&quot;,&quot;after&quot;:&quot;&quot;,&quot;attributes&quot;:{&quot;wpvcittaitinerario&quot;:&quot;Osaka&quot;},&quot;environment&quot;:{&quot;current_post_id&quot;:102716,&quot;parent_post_id&quot;:102716,&quot;parent_term_id&quot;:0,&quot;parent_user_id&quot;:0,&quot;archive&quot;:{&quot;type&quot;:&quot;&quot;,&quot;name&quot;:&quot;&quot;,&quot;data&quot;:[]}},&quot;loop&quot;:{&quot;type&quot;:&quot;&quot;,&quot;name&quot;:&quot;&quot;,&quot;data&quot;:[],&quot;id&quot;:0}}\" data-attributes=\"{&quot;wpvcittaitinerario&quot;:&quot;Osaka&quot;}\" data-environment=\"{&quot;current_post_id&quot;:102716,&quot;parent_post_id&quot;:102716,&quot;parent_term_id&quot;:0,&quot;parent_user_id&quot;:0,&quot;archive&quot;:{&quot;type&quot;:&quot;&quot;,&quot;name&quot;:&quot;&quot;,&quot;data&quot;:[]}}\"><input type=\"hidden\" class=\"js-wpv-dps-filter-data js-wpv-filter-data-for-this-form\" data-action=\"\/en\/wp-json\/wp\/v2\/pages\/102716?wpv_view_count=28977-CATTR2c748c7c2a151dd5f7b86ea85e3d2f6b\" data-page=\"1\" data-ajax=\"disable\" data-effect=\"fade\" data-maxpages=\"0\" data-ajaxprebefore=\"\" data-ajaxbefore=\"\" data-ajaxafter=\"\" \/><input class=\"wpv_view_count wpv_view_count-28977-CATTR2c748c7c2a151dd5f7b86ea85e3d2f6b\" type=\"hidden\" name=\"wpv_view_count\" value=\"28977-CATTR2c748c7c2a151dd5f7b86ea85e3d2f6b\" \/>\n\n<div class=\"filtro-itinerario\">\n  \tsearch:\n\t<input type=\"text\" name=\"wpv_post_search\"  class=\"js-wpv-filter-trigger-delayed\" \/>\n\ttipology:\n  \t\r\n<select  id=\"wpv_control_select_tipology\" name=\"tipology[]\" style=\"\" class=\"js-wpv-filter-trigger  wpcf-form-select form-select select\">\r\n<option value=\"\" selected=\"selected\" class=\"js-wpv-filter-trigger wpcf-form-option form-option option\">all<\/option>\r\n<option value=\"1\" class=\"js-wpv-filter-trigger wpcf-form-option form-option option\">art gallery<\/option>\r\n<option value=\"2\" class=\"js-wpv-filter-trigger wpcf-form-option form-option option\">art studios<\/option>\r\n<option value=\"3\" class=\"js-wpv-filter-trigger wpcf-form-option form-option option\">commercial<\/option>\r\n<option value=\"4\" class=\"js-wpv-filter-trigger wpcf-form-option form-option option\">education<\/option>\r\n<option value=\"5\" class=\"js-wpv-filter-trigger wpcf-form-option form-option option\">health<\/option>\r\n<option value=\"6\" class=\"js-wpv-filter-trigger wpcf-form-option form-option option\">infrastructure<\/option>\r\n<option value=\"7\" class=\"js-wpv-filter-trigger wpcf-form-option form-option option\">hotel<\/option>\r\n<option value=\"8\" class=\"js-wpv-filter-trigger wpcf-form-option form-option option\">library<\/option>\r\n<option value=\"9\" class=\"js-wpv-filter-trigger wpcf-form-option form-option option\">mixed use<\/option>\r\n<option value=\"10\" class=\"js-wpv-filter-trigger wpcf-form-option form-option option\">museum<\/option>\r\n<option value=\"11\" class=\"js-wpv-filter-trigger wpcf-form-option form-option option\">office<\/option>\r\n<option value=\"12\" class=\"js-wpv-filter-trigger wpcf-form-option form-option option\">public<\/option>\r\n<option value=\"13\" class=\"js-wpv-filter-trigger wpcf-form-option form-option option\">residential<\/option>\r\n<option value=\"14\" class=\"js-wpv-filter-trigger wpcf-form-option form-option option\">sport<\/option>\r\n<option value=\"15\" class=\"js-wpv-filter-trigger wpcf-form-option form-option option\">theatre<\/option>\r\n<option value=\"16\" class=\"js-wpv-filter-trigger wpcf-form-option form-option option\">student accomodation<\/option>\r\n<option value=\"17\" class=\"js-wpv-filter-trigger wpcf-form-option form-option option\">church<\/option>\r\n<option value=\"18\" class=\"js-wpv-filter-trigger wpcf-form-option form-option option\">parc<\/option>\r\n<option value=\"19\" class=\"js-wpv-filter-trigger wpcf-form-option form-option option\">winery<\/option>\r\n<option value=\"20\" class=\"js-wpv-filter-trigger wpcf-form-option form-option option\">restaurant<\/option>\r\n<\/select>\r\n\n    <input type=\"submit\" class=\"wpv-submit-trigger js-wpv-submit-trigger\" name=\"wpv_filter_submit\" value=\"Search\" \/>\n    <input type=\"button\" class=\"wpv-reset-trigger js-wpv-reset-trigger\" name=\"wpv_filter_reset\" value=\"Reset\" \/>\n<\/div>\n\n<\/form>\n<div id=\"wpv-view-layout-28977-CATTR2c748c7c2a151dd5f7b86ea85e3d2f6b\" class=\"js-wpv-view-layout js-wpv-layout-responsive js-wpv-view-layout-28977-CATTR2c748c7c2a151dd5f7b86ea85e3d2f6b\" data-viewnumber=\"28977-CATTR2c748c7c2a151dd5f7b86ea85e3d2f6b\" data-pagination=\"{&quot;id&quot;:28977,&quot;query&quot;:&quot;normal&quot;,&quot;type&quot;:&quot;disabled&quot;,&quot;effect&quot;:&quot;fade&quot;,&quot;duration&quot;:&quot;500&quot;,&quot;speed&quot;:5,&quot;pause_on_hover&quot;:&quot;disabled&quot;,&quot;stop_rollover&quot;:&quot;false&quot;,&quot;cache_pages&quot;:&quot;enabled&quot;,&quot;preload_images&quot;:&quot;enabled&quot;,&quot;preload_pages&quot;:&quot;enabled&quot;,&quot;preload_reach&quot;:&quot;1&quot;,&quot;spinner&quot;:&quot;builtin&quot;,&quot;spinner_image&quot;:&quot;https:\/\/test.area-arch.it\/wp-content\/plugins\/wp-views\/res\/img\/ajax-loader.gif&quot;,&quot;callback_next&quot;:&quot;&quot;,&quot;manage_history&quot;:&quot;enabled&quot;,&quot;has_controls_in_form&quot;:&quot;disabled&quot;,&quot;infinite_tolerance&quot;:&quot;0&quot;,&quot;max_pages&quot;:0,&quot;page&quot;:1,&quot;base_permalink&quot;:&quot;\/en\/wp-json\/wp\/v2\/pages\/102716?wpv_view_count=28977-CATTR2c748c7c2a151dd5f7b86ea85e3d2f6b&amp;wpv_paged=WPV_PAGE_NUM&quot;,&quot;loop&quot;:{&quot;type&quot;:&quot;&quot;,&quot;name&quot;:&quot;&quot;,&quot;data&quot;:[],&quot;id&quot;:0}}\" data-permalink=\"\/en\/wp-json\/wp\/v2\/pages\/102716?wpv_view_count=28977-CATTR2c748c7c2a151dd5f7b86ea85e3d2f6b\">\n\n<div class=\"entry-summary numero-area\">\n\n\t<span>area 175<\/span>\n\t\n  \t\t<span>|<\/span>\n  \t\n\n\n\t<span>Living Today<\/span>\n\n    <a href=\"https:\/\/share-eu1.hsforms.com\/1-8N7GglVTICUosdieEK9KA2b3nva\" class=\"download\" target=\"_blank\">Download the map (PDF)<\/a>\n<\/div>\n\n<div class=\"mappa-itinerario\">\n\t\n<ul>\n\t\n\t\t\n          <li>\n            \n          <div style=\"display:none\" class=\"wpv-addon-maps-marker js-wpv-addon-maps-marker js-wpv-addon-maps-marker-marker-102719 js-wpv-addon-maps-markerfor-map-1\" data-marker=\"marker-102719\" data-markertitle=\"Descente Innovation Studio Complex\" data-markerfor=\"map-1\" data-markerlat=\"34.8568945\" data-markerlon=\"135.5216615\" data-markericon=\"\/wp-content\/uploads\/sites\/6\/2017\/11\/area_marker_11.png\" data-markericonhover=\"\" data-streetview=\"no\" data-fromview=\"\">\n            <article class=\"marker-itinerario\">\n\t<div class=\"entry-thumbnail\">\n      \n      \n      \t<img loading=\"lazy\" decoding=\"async\" width=\"1400\" height=\"1032\" src=\"https:\/\/static.tecnichenuove.it\/areaarch\/2021\/04\/Descente_f2.jpg\" class=\"attachment-post-thumbnail size-post-thumbnail wp-post-image\" alt=\"\" srcset=\"https:\/\/static.tecnichenuove.it\/areaarch\/2021\/04\/Descente_f2.jpg 1400w, https:\/\/static.tecnichenuove.it\/areaarch\/2021\/04\/Descente_f2-300x221.jpg 300w, https:\/\/static.tecnichenuove.it\/areaarch\/2021\/04\/Descente_f2-1024x755.jpg 1024w, https:\/\/static.tecnichenuove.it\/areaarch\/2021\/04\/Descente_f2-768x566.jpg 768w, https:\/\/static.tecnichenuove.it\/areaarch\/2021\/04\/Descente_f2-80x60.jpg 80w, https:\/\/static.tecnichenuove.it\/areaarch\/2021\/04\/Descente_f2-696x513.jpg 696w, https:\/\/static.tecnichenuove.it\/areaarch\/2021\/04\/Descente_f2-1068x787.jpg 1068w, https:\/\/static.tecnichenuove.it\/areaarch\/2021\/04\/Descente_f2-570x420.jpg 570w\" sizes=\"auto, (max-width: 1400px) 100vw, 1400px\" \/>\n      \t<img decoding=\"async\" src=\"https:\/\/www.area-arch.it\/wp-content\/uploads\/sites\/6\/2021\/04\/Descente_d2.jpg\" class=\"attachment-post-thumbnail\" \/>\n      \n\t<\/div>\n  \t<div class=\"entry-column\">\n      <h3 class=\"entry-title td-module-title\">Descente Innovation Studio Complex<\/h3>\n      <div class=\"td-excerpt\">\n            <div id=\"wpcf-field-tipology\" class=\"wpcf-field-select wpcf-field-tipology\"><span class=\"wpcf-field-name wpcf-field-select-name wpcf-field-tipology-name\">tipology:<\/span> <span class=\"wpcf-field-value wpcf-field-select-value wpcf-field-tipology-value\">office<\/span><\/div>\n            <div id=\"wpcf-field-architect\" class=\"wpcf-field-single-line wpcf-field-architect\"><span class=\"wpcf-field-name wpcf-field-single-line-name wpcf-field-architect-name\">architect:<\/span> <span class=\"wpcf-field-value wpcf-field-single-line-value wpcf-field-architect-value\">Takenaka Corporation<\/span><\/div>\n            <div id=\"wpcf-field-realization\" class=\"wpcf-field-number wpcf-field-realization\"><span class=\"wpcf-field-name wpcf-field-number-name wpcf-field-realization-name\">realization:<\/span> <span class=\"wpcf-field-value wpcf-field-number-value wpcf-field-realization-value\">2018<\/span><\/div>\n            Saitoyamabuki, Ibaraki, Prefettura di Osaka, Giappone\n          <\/div>\n  <\/div>\n<\/article>\n          <\/div>\n            <h4><a href=\"#\" onclick=\"cimap();\" class=\"link-marker js-wpv-addon-maps-focus-map js-toolset-maps-hover-map-map-1-marker-marker-102719 js-toolset-maps-open-infowindow-map-map-1-marker-marker-102719\" data-map=\"map-1\" data-marker=\"marker-102719\">01. Descente Innovation Studio Complex<\/a><\/h4>\n            <div id=\"wpcf-field-tipology\" class=\"wpcf-field-select wpcf-field-tipology\"><span class=\"wpcf-field-name wpcf-field-select-name wpcf-field-tipology-name\">tipology:<\/span> <span class=\"wpcf-field-value wpcf-field-select-value wpcf-field-tipology-value\">office<\/span><\/div> | <div id=\"wpcf-field-architect\" class=\"wpcf-field-single-line wpcf-field-architect\"><span class=\"wpcf-field-name wpcf-field-single-line-name wpcf-field-architect-name\">architect:<\/span> <span class=\"wpcf-field-value wpcf-field-single-line-value wpcf-field-architect-value\">Takenaka Corporation<\/span><\/div> | <div id=\"wpcf-field-realization\" class=\"wpcf-field-number wpcf-field-realization\"><span class=\"wpcf-field-name wpcf-field-number-name wpcf-field-realization-name\">realization:<\/span> <span class=\"wpcf-field-value wpcf-field-number-value wpcf-field-realization-value\">2018<\/span><\/div>\n          <\/li>\n\t\t\n          <li>\n            \n          <div style=\"display:none\" class=\"wpv-addon-maps-marker js-wpv-addon-maps-marker js-wpv-addon-maps-marker-marker-102722 js-wpv-addon-maps-markerfor-map-1\" data-marker=\"marker-102722\" data-markertitle=\"White Rose English School\" data-markerfor=\"map-1\" data-markerlat=\"34.846193\" data-markerlon=\"135.6174134\" data-markericon=\"\/wp-content\/uploads\/sites\/6\/2017\/11\/area_marker_4.png\" data-markericonhover=\"\" data-streetview=\"no\" data-fromview=\"\">\n            <article class=\"marker-itinerario\">\n\t<div class=\"entry-thumbnail\">\n      \n      \n      \t<img loading=\"lazy\" decoding=\"async\" width=\"784\" height=\"560\" src=\"https:\/\/static.tecnichenuove.it\/areaarch\/2021\/04\/White-Rose-English-School_f.jpg\" class=\"attachment-post-thumbnail size-post-thumbnail wp-post-image\" alt=\"\" srcset=\"https:\/\/static.tecnichenuove.it\/areaarch\/2021\/04\/White-Rose-English-School_f.jpg 784w, https:\/\/static.tecnichenuove.it\/areaarch\/2021\/04\/White-Rose-English-School_f-300x214.jpg 300w, https:\/\/static.tecnichenuove.it\/areaarch\/2021\/04\/White-Rose-English-School_f-768x549.jpg 768w, https:\/\/static.tecnichenuove.it\/areaarch\/2021\/04\/White-Rose-English-School_f-100x70.jpg 100w, https:\/\/static.tecnichenuove.it\/areaarch\/2021\/04\/White-Rose-English-School_f-696x497.jpg 696w, https:\/\/static.tecnichenuove.it\/areaarch\/2021\/04\/White-Rose-English-School_f-588x420.jpg 588w\" sizes=\"auto, (max-width: 784px) 100vw, 784px\" \/>\n      \t<img decoding=\"async\" src=\"https:\/\/www.area-arch.it\/wp-content\/uploads\/sites\/6\/2021\/04\/Schermata-2021-04-20-alle-11.50.46.jpg\" class=\"attachment-post-thumbnail\" \/>\n      \n\t<\/div>\n  \t<div class=\"entry-column\">\n      <h3 class=\"entry-title td-module-title\">White Rose English School<\/h3>\n      <div class=\"td-excerpt\">\n            <div id=\"wpcf-field-tipology\" class=\"wpcf-field-select wpcf-field-tipology\"><span class=\"wpcf-field-name wpcf-field-select-name wpcf-field-tipology-name\">tipology:<\/span> <span class=\"wpcf-field-value wpcf-field-select-value wpcf-field-tipology-value\">education<\/span><\/div>\n            <div id=\"wpcf-field-architect\" class=\"wpcf-field-single-line wpcf-field-architect\"><span class=\"wpcf-field-name wpcf-field-single-line-name wpcf-field-architect-name\">architect:<\/span> <span class=\"wpcf-field-value wpcf-field-single-line-value wpcf-field-architect-value\">Horibe Associates<\/span><\/div>\n            <div id=\"wpcf-field-realization\" class=\"wpcf-field-number wpcf-field-realization\"><span class=\"wpcf-field-name wpcf-field-number-name wpcf-field-realization-name\">realization:<\/span> <span class=\"wpcf-field-value wpcf-field-number-value wpcf-field-realization-value\">2014<\/span><\/div>\n            Takatsuki, Prefettura di Osaka, Giappone\n          <\/div>\n  <\/div>\n<\/article>\n          <\/div>\n            <h4><a href=\"#\" onclick=\"cimap();\" class=\"link-marker js-wpv-addon-maps-focus-map js-toolset-maps-hover-map-map-1-marker-marker-102722 js-toolset-maps-open-infowindow-map-map-1-marker-marker-102722\" data-map=\"map-1\" data-marker=\"marker-102722\">02. White Rose English School<\/a><\/h4>\n            <div id=\"wpcf-field-tipology\" class=\"wpcf-field-select wpcf-field-tipology\"><span class=\"wpcf-field-name wpcf-field-select-name wpcf-field-tipology-name\">tipology:<\/span> <span class=\"wpcf-field-value wpcf-field-select-value wpcf-field-tipology-value\">education<\/span><\/div> | <div id=\"wpcf-field-architect\" class=\"wpcf-field-single-line wpcf-field-architect\"><span class=\"wpcf-field-name wpcf-field-single-line-name wpcf-field-architect-name\">architect:<\/span> <span class=\"wpcf-field-value wpcf-field-single-line-value wpcf-field-architect-value\">Horibe Associates<\/span><\/div> | <div id=\"wpcf-field-realization\" class=\"wpcf-field-number wpcf-field-realization\"><span class=\"wpcf-field-name wpcf-field-number-name wpcf-field-realization-name\">realization:<\/span> <span class=\"wpcf-field-value wpcf-field-number-value wpcf-field-realization-value\">2014<\/span><\/div>\n          <\/li>\n\t\t\n          <li>\n            \n          <div style=\"display:none\" class=\"wpv-addon-maps-marker js-wpv-addon-maps-marker js-wpv-addon-maps-marker-marker-102725 js-wpv-addon-maps-markerfor-map-1\" data-marker=\"marker-102725\" data-markertitle=\"Church of the Light\" data-markerfor=\"map-1\" data-markerlat=\"34.8200783\" data-markerlon=\"135.5381684\" data-markericon=\"\/wp-content\/uploads\/sites\/6\/2017\/11\/area_marker_17.png\" data-markericonhover=\"\" data-streetview=\"no\" data-fromview=\"\">\n            <article class=\"marker-itinerario\">\n\t<div class=\"entry-thumbnail\">\n      \n      \n      \t<img loading=\"lazy\" decoding=\"async\" width=\"1024\" height=\"673\" src=\"https:\/\/static.tecnichenuove.it\/areaarch\/2021\/04\/church-of-the-light_f2.jpg\" class=\"attachment-post-thumbnail size-post-thumbnail wp-post-image\" alt=\"\" srcset=\"https:\/\/static.tecnichenuove.it\/areaarch\/2021\/04\/church-of-the-light_f2.jpg 1024w, https:\/\/static.tecnichenuove.it\/areaarch\/2021\/04\/church-of-the-light_f2-300x197.jpg 300w, https:\/\/static.tecnichenuove.it\/areaarch\/2021\/04\/church-of-the-light_f2-150x100.jpg 150w, https:\/\/static.tecnichenuove.it\/areaarch\/2021\/04\/church-of-the-light_f2-768x505.jpg 768w, https:\/\/static.tecnichenuove.it\/areaarch\/2021\/04\/church-of-the-light_f2-696x457.jpg 696w, https:\/\/static.tecnichenuove.it\/areaarch\/2021\/04\/church-of-the-light_f2-741x486.jpg 741w, https:\/\/static.tecnichenuove.it\/areaarch\/2021\/04\/church-of-the-light_f2-639x420.jpg 639w\" sizes=\"auto, (max-width: 1024px) 100vw, 1024px\" \/>\n      \t<img decoding=\"async\" src=\"https:\/\/www.area-arch.it\/wp-content\/uploads\/sites\/6\/2021\/04\/church-of-the-light_d1.jpg\" class=\"attachment-post-thumbnail\" \/>\n      \n\t<\/div>\n  \t<div class=\"entry-column\">\n      <h3 class=\"entry-title td-module-title\">Church of the Light<\/h3>\n      <div class=\"td-excerpt\">\n            <div id=\"wpcf-field-tipology\" class=\"wpcf-field-select wpcf-field-tipology\"><span class=\"wpcf-field-name wpcf-field-select-name wpcf-field-tipology-name\">tipology:<\/span> <span class=\"wpcf-field-value wpcf-field-select-value wpcf-field-tipology-value\">church<\/span><\/div>\n            <div id=\"wpcf-field-architect\" class=\"wpcf-field-single-line wpcf-field-architect\"><span class=\"wpcf-field-name wpcf-field-single-line-name wpcf-field-architect-name\">architect:<\/span> <span class=\"wpcf-field-value wpcf-field-single-line-value wpcf-field-architect-value\">Tadao Ando Architect &amp; Associates<\/span><\/div>\n            <div id=\"wpcf-field-realization\" class=\"wpcf-field-number wpcf-field-realization\"><span class=\"wpcf-field-name wpcf-field-number-name wpcf-field-realization-name\">realization:<\/span> <span class=\"wpcf-field-value wpcf-field-number-value wpcf-field-realization-value\">1999<\/span><\/div>\n            Kitakasugaoka, Ibaraki, Prefettura di Osaka, Giappone\n          <\/div>\n  <\/div>\n<\/article>\n          <\/div>\n            <h4><a href=\"#\" onclick=\"cimap();\" class=\"link-marker js-wpv-addon-maps-focus-map js-toolset-maps-hover-map-map-1-marker-marker-102725 js-toolset-maps-open-infowindow-map-map-1-marker-marker-102725\" data-map=\"map-1\" data-marker=\"marker-102725\">03. Church of the Light<\/a><\/h4>\n            <div id=\"wpcf-field-tipology\" class=\"wpcf-field-select wpcf-field-tipology\"><span class=\"wpcf-field-name wpcf-field-select-name wpcf-field-tipology-name\">tipology:<\/span> <span class=\"wpcf-field-value wpcf-field-select-value wpcf-field-tipology-value\">church<\/span><\/div> | <div id=\"wpcf-field-architect\" class=\"wpcf-field-single-line wpcf-field-architect\"><span class=\"wpcf-field-name wpcf-field-single-line-name wpcf-field-architect-name\">architect:<\/span> <span class=\"wpcf-field-value wpcf-field-single-line-value wpcf-field-architect-value\">Tadao Ando Architect &amp; Associates<\/span><\/div> | <div id=\"wpcf-field-realization\" class=\"wpcf-field-number wpcf-field-realization\"><span class=\"wpcf-field-name wpcf-field-number-name wpcf-field-realization-name\">realization:<\/span> <span class=\"wpcf-field-value wpcf-field-number-value wpcf-field-realization-value\">1999<\/span><\/div>\n          <\/li>\n\t\t\n          <li>\n            \n          <div style=\"display:none\" class=\"wpv-addon-maps-marker js-wpv-addon-maps-marker js-wpv-addon-maps-marker-marker-102728 js-wpv-addon-maps-markerfor-map-1\" data-marker=\"marker-102728\" data-markertitle=\"Daikin Technology and Innovation Center\" data-markerfor=\"map-1\" data-markerlat=\"34.7773401\" data-markerlon=\"135.5617786\" data-markericon=\"\/wp-content\/uploads\/sites\/6\/2017\/11\/area_marker_11.png\" data-markericonhover=\"\" data-streetview=\"no\" data-fromview=\"\">\n            <article class=\"marker-itinerario\">\n\t<div class=\"entry-thumbnail\">\n      \n      \n      \t<img loading=\"lazy\" decoding=\"async\" width=\"1400\" height=\"1017\" src=\"https:\/\/static.tecnichenuove.it\/areaarch\/2021\/04\/DAIKIN_f1.jpg\" class=\"attachment-post-thumbnail size-post-thumbnail wp-post-image\" alt=\"\" srcset=\"https:\/\/static.tecnichenuove.it\/areaarch\/2021\/04\/DAIKIN_f1.jpg 1400w, https:\/\/static.tecnichenuove.it\/areaarch\/2021\/04\/DAIKIN_f1-300x218.jpg 300w, https:\/\/static.tecnichenuove.it\/areaarch\/2021\/04\/DAIKIN_f1-1024x744.jpg 1024w, https:\/\/static.tecnichenuove.it\/areaarch\/2021\/04\/DAIKIN_f1-768x558.jpg 768w, https:\/\/static.tecnichenuove.it\/areaarch\/2021\/04\/DAIKIN_f1-324x235.jpg 324w, https:\/\/static.tecnichenuove.it\/areaarch\/2021\/04\/DAIKIN_f1-648x470.jpg 648w, https:\/\/static.tecnichenuove.it\/areaarch\/2021\/04\/DAIKIN_f1-696x506.jpg 696w, https:\/\/static.tecnichenuove.it\/areaarch\/2021\/04\/DAIKIN_f1-1068x776.jpg 1068w, https:\/\/static.tecnichenuove.it\/areaarch\/2021\/04\/DAIKIN_f1-578x420.jpg 578w\" sizes=\"auto, (max-width: 1400px) 100vw, 1400px\" \/>\n      \t<img decoding=\"async\" src=\"https:\/\/www.area-arch.it\/wp-content\/uploads\/sites\/6\/2021\/04\/daikin_d1.jpg\" class=\"attachment-post-thumbnail\" \/>\n      \n\t<\/div>\n  \t<div class=\"entry-column\">\n      <h3 class=\"entry-title td-module-title\">Daikin Technology and Innovation Center<\/h3>\n      <div class=\"td-excerpt\">\n            <div id=\"wpcf-field-tipology\" class=\"wpcf-field-select wpcf-field-tipology\"><span class=\"wpcf-field-name wpcf-field-select-name wpcf-field-tipology-name\">tipology:<\/span> <span class=\"wpcf-field-value wpcf-field-select-value wpcf-field-tipology-value\">office<\/span><\/div>\n            <div id=\"wpcf-field-architect\" class=\"wpcf-field-single-line wpcf-field-architect\"><span class=\"wpcf-field-name wpcf-field-single-line-name wpcf-field-architect-name\">architect:<\/span> <span class=\"wpcf-field-value wpcf-field-single-line-value wpcf-field-architect-value\">Nikken Sekkei \/ NTT Facilities Inc.<\/span><\/div>\n            <div id=\"wpcf-field-realization\" class=\"wpcf-field-number wpcf-field-realization\"><span class=\"wpcf-field-name wpcf-field-number-name wpcf-field-realization-name\">realization:<\/span> <span class=\"wpcf-field-value wpcf-field-number-value wpcf-field-realization-value\">2015<\/span><\/div>\n            Settsu, Prefettura di Osaka, Giappone\n          <\/div>\n  <\/div>\n<\/article>\n          <\/div>\n            <h4><a href=\"#\" onclick=\"cimap();\" class=\"link-marker js-wpv-addon-maps-focus-map js-toolset-maps-hover-map-map-1-marker-marker-102728 js-toolset-maps-open-infowindow-map-map-1-marker-marker-102728\" data-map=\"map-1\" data-marker=\"marker-102728\">04. Daikin Technology and Innovation Center<\/a><\/h4>\n            <div id=\"wpcf-field-tipology\" class=\"wpcf-field-select wpcf-field-tipology\"><span class=\"wpcf-field-name wpcf-field-select-name wpcf-field-tipology-name\">tipology:<\/span> <span class=\"wpcf-field-value wpcf-field-select-value wpcf-field-tipology-value\">office<\/span><\/div> | <div id=\"wpcf-field-architect\" class=\"wpcf-field-single-line wpcf-field-architect\"><span class=\"wpcf-field-name wpcf-field-single-line-name wpcf-field-architect-name\">architect:<\/span> <span class=\"wpcf-field-value wpcf-field-single-line-value wpcf-field-architect-value\">Nikken Sekkei \/ NTT Facilities Inc.<\/span><\/div> | <div id=\"wpcf-field-realization\" class=\"wpcf-field-number wpcf-field-realization\"><span class=\"wpcf-field-name wpcf-field-number-name wpcf-field-realization-name\">realization:<\/span> <span class=\"wpcf-field-value wpcf-field-number-value wpcf-field-realization-value\">2015<\/span><\/div>\n          <\/li>\n\t\t\n          <li>\n            \n          <div style=\"display:none\" class=\"wpv-addon-maps-marker js-wpv-addon-maps-marker js-wpv-addon-maps-marker-marker-102731 js-wpv-addon-maps-markerfor-map-1\" data-marker=\"marker-102731\" data-markertitle=\"Toyota Corolla Shinosaka Meishin Ibaraki Showroom\" data-markerfor=\"map-1\" data-markerlat=\"34.8163589\" data-markerlon=\"135.5685016\" data-markericon=\"\/wp-content\/uploads\/sites\/6\/2017\/11\/area_marker_3.png\" data-markericonhover=\"\" data-streetview=\"no\" data-fromview=\"\">\n            <article class=\"marker-itinerario\">\n\t<div class=\"entry-thumbnail\">\n      \n      \n      \t<img loading=\"lazy\" decoding=\"async\" width=\"1400\" height=\"933\" src=\"https:\/\/static.tecnichenuove.it\/areaarch\/2021\/04\/Toyota_f1.jpg\" class=\"attachment-post-thumbnail size-post-thumbnail wp-post-image\" alt=\"\" srcset=\"https:\/\/static.tecnichenuove.it\/areaarch\/2021\/04\/Toyota_f1.jpg 1400w, https:\/\/static.tecnichenuove.it\/areaarch\/2021\/04\/Toyota_f1-300x200.jpg 300w, https:\/\/static.tecnichenuove.it\/areaarch\/2021\/04\/Toyota_f1-1024x682.jpg 1024w, https:\/\/static.tecnichenuove.it\/areaarch\/2021\/04\/Toyota_f1-150x100.jpg 150w, https:\/\/static.tecnichenuove.it\/areaarch\/2021\/04\/Toyota_f1-768x512.jpg 768w, https:\/\/static.tecnichenuove.it\/areaarch\/2021\/04\/Toyota_f1-696x464.jpg 696w, https:\/\/static.tecnichenuove.it\/areaarch\/2021\/04\/Toyota_f1-1068x712.jpg 1068w, https:\/\/static.tecnichenuove.it\/areaarch\/2021\/04\/Toyota_f1-630x420.jpg 630w\" sizes=\"auto, (max-width: 1400px) 100vw, 1400px\" \/>\n      \t<img decoding=\"async\" src=\"https:\/\/www.area-arch.it\/wp-content\/uploads\/sites\/6\/2021\/04\/Toyota_d2.jpg\" class=\"attachment-post-thumbnail\" \/>\n      \n\t<\/div>\n  \t<div class=\"entry-column\">\n      <h3 class=\"entry-title td-module-title\">Toyota Corolla Shinosaka Meishin Ibaraki Showroom<\/h3>\n      <div class=\"td-excerpt\">\n            <div id=\"wpcf-field-tipology\" class=\"wpcf-field-select wpcf-field-tipology\"><span class=\"wpcf-field-name wpcf-field-select-name wpcf-field-tipology-name\">tipology:<\/span> <span class=\"wpcf-field-value wpcf-field-select-value wpcf-field-tipology-value\">commercial<\/span><\/div>\n            <div id=\"wpcf-field-architect\" class=\"wpcf-field-single-line wpcf-field-architect\"><span class=\"wpcf-field-name wpcf-field-single-line-name wpcf-field-architect-name\">architect:<\/span> <span class=\"wpcf-field-value wpcf-field-single-line-value wpcf-field-architect-value\">Takenaka Corporation<\/span><\/div>\n            <div id=\"wpcf-field-realization\" class=\"wpcf-field-number wpcf-field-realization\"><span class=\"wpcf-field-name wpcf-field-number-name wpcf-field-realization-name\">realization:<\/span> <span class=\"wpcf-field-value wpcf-field-number-value wpcf-field-realization-value\">2018<\/span><\/div>\n            Ibaraki, Prefettura di Osaka, Giappone\n          <\/div>\n  <\/div>\n<\/article>\n          <\/div>\n            <h4><a href=\"#\" onclick=\"cimap();\" class=\"link-marker js-wpv-addon-maps-focus-map js-toolset-maps-hover-map-map-1-marker-marker-102731 js-toolset-maps-open-infowindow-map-map-1-marker-marker-102731\" data-map=\"map-1\" data-marker=\"marker-102731\">05. Toyota Corolla Shinosaka Meishin Ibaraki Showroom<\/a><\/h4>\n            <div id=\"wpcf-field-tipology\" class=\"wpcf-field-select wpcf-field-tipology\"><span class=\"wpcf-field-name wpcf-field-select-name wpcf-field-tipology-name\">tipology:<\/span> <span class=\"wpcf-field-value wpcf-field-select-value wpcf-field-tipology-value\">commercial<\/span><\/div> | <div id=\"wpcf-field-architect\" class=\"wpcf-field-single-line wpcf-field-architect\"><span class=\"wpcf-field-name wpcf-field-single-line-name wpcf-field-architect-name\">architect:<\/span> <span class=\"wpcf-field-value wpcf-field-single-line-value wpcf-field-architect-value\">Takenaka Corporation<\/span><\/div> | <div id=\"wpcf-field-realization\" class=\"wpcf-field-number wpcf-field-realization\"><span class=\"wpcf-field-name wpcf-field-number-name wpcf-field-realization-name\">realization:<\/span> <span class=\"wpcf-field-value wpcf-field-number-value wpcf-field-realization-value\">2018<\/span><\/div>\n          <\/li>\n\t\t\n          <li>\n            \n          <div style=\"display:none\" class=\"wpv-addon-maps-marker js-wpv-addon-maps-marker js-wpv-addon-maps-marker-marker-102734 js-wpv-addon-maps-markerfor-map-1\" data-marker=\"marker-102734\" data-markertitle=\"Senshukai New Head Office Building\" data-markerfor=\"map-1\" data-markerlat=\"34.7066033\" data-markerlon=\"135.5016253\" data-markericon=\"\/wp-content\/uploads\/sites\/6\/2017\/11\/area_marker_11.png\" data-markericonhover=\"\" data-streetview=\"no\" data-fromview=\"\">\n            <article class=\"marker-itinerario\">\n\t<div class=\"entry-thumbnail\">\n      \n      \t<img loading=\"lazy\" decoding=\"async\" width=\"189\" height=\"300\" src=\"https:\/\/static.tecnichenuove.it\/areaarch\/2021\/04\/SENSHUKAI-New-Head-Office-Building_f-189x300.jpg\" class=\"attachment-medium size-medium wp-post-image\" alt=\"\" srcset=\"https:\/\/static.tecnichenuove.it\/areaarch\/2021\/04\/SENSHUKAI-New-Head-Office-Building_f-189x300.jpg 189w, https:\/\/static.tecnichenuove.it\/areaarch\/2021\/04\/SENSHUKAI-New-Head-Office-Building_f-265x420.jpg 265w, https:\/\/static.tecnichenuove.it\/areaarch\/2021\/04\/SENSHUKAI-New-Head-Office-Building_f.jpg 268w\" sizes=\"auto, (max-width: 189px) 100vw, 189px\" \/>\n      \n      \n\t<\/div>\n  \t<div class=\"entry-column\">\n      <h3 class=\"entry-title td-module-title\">Senshukai New Head Office Building<\/h3>\n      <div class=\"td-excerpt\">\n            <div id=\"wpcf-field-tipology\" class=\"wpcf-field-select wpcf-field-tipology\"><span class=\"wpcf-field-name wpcf-field-select-name wpcf-field-tipology-name\">tipology:<\/span> <span class=\"wpcf-field-value wpcf-field-select-value wpcf-field-tipology-value\">office<\/span><\/div>\n            <div id=\"wpcf-field-architect\" class=\"wpcf-field-single-line wpcf-field-architect\"><span class=\"wpcf-field-name wpcf-field-single-line-name wpcf-field-architect-name\">architect:<\/span> <span class=\"wpcf-field-value wpcf-field-single-line-value wpcf-field-architect-value\">Takenaka Corporation<\/span><\/div>\n            <div id=\"wpcf-field-realization\" class=\"wpcf-field-number wpcf-field-realization\"><span class=\"wpcf-field-name wpcf-field-number-name wpcf-field-realization-name\">realization:<\/span> <span class=\"wpcf-field-value wpcf-field-number-value wpcf-field-realization-value\">2008<\/span><\/div>\n            Kita Ward, Osaka, Prefettura di Osaka, Giappone\n          <\/div>\n  <\/div>\n<\/article>\n          <\/div>\n            <h4><a href=\"#\" onclick=\"cimap();\" class=\"link-marker js-wpv-addon-maps-focus-map js-toolset-maps-hover-map-map-1-marker-marker-102734 js-toolset-maps-open-infowindow-map-map-1-marker-marker-102734\" data-map=\"map-1\" data-marker=\"marker-102734\">06. Senshukai New Head Office Building<\/a><\/h4>\n            <div id=\"wpcf-field-tipology\" class=\"wpcf-field-select wpcf-field-tipology\"><span class=\"wpcf-field-name wpcf-field-select-name wpcf-field-tipology-name\">tipology:<\/span> <span class=\"wpcf-field-value wpcf-field-select-value wpcf-field-tipology-value\">office<\/span><\/div> | <div id=\"wpcf-field-architect\" class=\"wpcf-field-single-line wpcf-field-architect\"><span class=\"wpcf-field-name wpcf-field-single-line-name wpcf-field-architect-name\">architect:<\/span> <span class=\"wpcf-field-value wpcf-field-single-line-value wpcf-field-architect-value\">Takenaka Corporation<\/span><\/div> | <div id=\"wpcf-field-realization\" class=\"wpcf-field-number wpcf-field-realization\"><span class=\"wpcf-field-name wpcf-field-number-name wpcf-field-realization-name\">realization:<\/span> <span class=\"wpcf-field-value wpcf-field-number-value wpcf-field-realization-value\">2008<\/span><\/div>\n          <\/li>\n\t\t\n          <li>\n            \n          <div style=\"display:none\" class=\"wpv-addon-maps-marker js-wpv-addon-maps-marker js-wpv-addon-maps-marker-marker-102736 js-wpv-addon-maps-markerfor-map-1\" data-marker=\"marker-102736\" data-markertitle=\"Ogimachi Global Dispensing Pharmacy\" data-markerfor=\"map-1\" data-markerlat=\"34.7066033\" data-markerlon=\"135.5016253\" data-markericon=\"\/wp-content\/uploads\/sites\/6\/2017\/11\/area_marker_3.png\" data-markericonhover=\"\" data-streetview=\"no\" data-fromview=\"\">\n            <article class=\"marker-itinerario\">\n\t<div class=\"entry-thumbnail\">\n      \n      \n      \t<img loading=\"lazy\" decoding=\"async\" width=\"933\" height=\"1400\" src=\"https:\/\/static.tecnichenuove.it\/areaarch\/2021\/04\/Ogimachi_f1.jpg\" class=\"attachment-post-thumbnail size-post-thumbnail wp-post-image\" alt=\"\" srcset=\"https:\/\/static.tecnichenuove.it\/areaarch\/2021\/04\/Ogimachi_f1.jpg 933w, https:\/\/static.tecnichenuove.it\/areaarch\/2021\/04\/Ogimachi_f1-200x300.jpg 200w, https:\/\/static.tecnichenuove.it\/areaarch\/2021\/04\/Ogimachi_f1-682x1024.jpg 682w, https:\/\/static.tecnichenuove.it\/areaarch\/2021\/04\/Ogimachi_f1-768x1152.jpg 768w, https:\/\/static.tecnichenuove.it\/areaarch\/2021\/04\/Ogimachi_f1-696x1044.jpg 696w, https:\/\/static.tecnichenuove.it\/areaarch\/2021\/04\/Ogimachi_f1-280x420.jpg 280w\" sizes=\"auto, (max-width: 933px) 100vw, 933px\" \/>\n      \t<img decoding=\"async\" src=\"https:\/\/www.area-arch.it\/wp-content\/uploads\/sites\/6\/2021\/04\/Ogimachi_d2.jpg\" class=\"attachment-post-thumbnail\" \/>\n      \n\t<\/div>\n  \t<div class=\"entry-column\">\n      <h3 class=\"entry-title td-module-title\">Ogimachi Global Dispensing Pharmacy<\/h3>\n      <div class=\"td-excerpt\">\n            <div id=\"wpcf-field-tipology\" class=\"wpcf-field-select wpcf-field-tipology\"><span class=\"wpcf-field-name wpcf-field-select-name wpcf-field-tipology-name\">tipology:<\/span> <span class=\"wpcf-field-value wpcf-field-select-value wpcf-field-tipology-value\">commercial<\/span><\/div>\n            <div id=\"wpcf-field-architect\" class=\"wpcf-field-single-line wpcf-field-architect\"><span class=\"wpcf-field-name wpcf-field-single-line-name wpcf-field-architect-name\">architect:<\/span> <span class=\"wpcf-field-value wpcf-field-single-line-value wpcf-field-architect-value\">ninkipen! + TKY JAPAN<\/span><\/div>\n            <div id=\"wpcf-field-realization\" class=\"wpcf-field-number wpcf-field-realization\"><span class=\"wpcf-field-name wpcf-field-number-name wpcf-field-realization-name\">realization:<\/span> <span class=\"wpcf-field-value wpcf-field-number-value wpcf-field-realization-value\">2015<\/span><\/div>\n            Kita Ward, Osaka, Prefettura di Osaka, Giappone\n          <\/div>\n  <\/div>\n<\/article>\n          <\/div>\n            <h4><a href=\"#\" onclick=\"cimap();\" class=\"link-marker js-wpv-addon-maps-focus-map js-toolset-maps-hover-map-map-1-marker-marker-102736 js-toolset-maps-open-infowindow-map-map-1-marker-marker-102736\" data-map=\"map-1\" data-marker=\"marker-102736\">07. Ogimachi Global Dispensing Pharmacy<\/a><\/h4>\n            <div id=\"wpcf-field-tipology\" class=\"wpcf-field-select wpcf-field-tipology\"><span class=\"wpcf-field-name wpcf-field-select-name wpcf-field-tipology-name\">tipology:<\/span> <span class=\"wpcf-field-value wpcf-field-select-value wpcf-field-tipology-value\">commercial<\/span><\/div> | <div id=\"wpcf-field-architect\" class=\"wpcf-field-single-line wpcf-field-architect\"><span class=\"wpcf-field-name wpcf-field-single-line-name wpcf-field-architect-name\">architect:<\/span> <span class=\"wpcf-field-value wpcf-field-single-line-value wpcf-field-architect-value\">ninkipen! + TKY JAPAN<\/span><\/div> | <div id=\"wpcf-field-realization\" class=\"wpcf-field-number wpcf-field-realization\"><span class=\"wpcf-field-name wpcf-field-number-name wpcf-field-realization-name\">realization:<\/span> <span class=\"wpcf-field-value wpcf-field-number-value wpcf-field-realization-value\">2015<\/span><\/div>\n          <\/li>\n\t\t\n          <li>\n            \n          <div style=\"display:none\" class=\"wpv-addon-maps-marker js-wpv-addon-maps-marker js-wpv-addon-maps-marker-marker-102740 js-wpv-addon-maps-markerfor-map-1\" data-marker=\"marker-102740\" data-markertitle=\"Hotel Il Monte\" data-markerfor=\"map-1\" data-markerlat=\"34.7035258\" data-markerlon=\"135.5033929\" data-markericon=\"\/wp-content\/uploads\/sites\/6\/2017\/11\/area_marker_7.png\" data-markericonhover=\"\" data-streetview=\"no\" data-fromview=\"\">\n            <article class=\"marker-itinerario\">\n\t<div class=\"entry-thumbnail\">\n      \n      \t<img loading=\"lazy\" decoding=\"async\" width=\"300\" height=\"300\" src=\"https:\/\/static.tecnichenuove.it\/areaarch\/2021\/04\/HOTEL-ILMONTE-OSAKA_f2-REV-300x300.jpg\" class=\"attachment-medium size-medium wp-post-image\" alt=\"\" srcset=\"https:\/\/static.tecnichenuove.it\/areaarch\/2021\/04\/HOTEL-ILMONTE-OSAKA_f2-REV-300x300.jpg 300w, https:\/\/static.tecnichenuove.it\/areaarch\/2021\/04\/HOTEL-ILMONTE-OSAKA_f2-REV-1024x1024.jpg 1024w, https:\/\/static.tecnichenuove.it\/areaarch\/2021\/04\/HOTEL-ILMONTE-OSAKA_f2-REV-768x768.jpg 768w, https:\/\/static.tecnichenuove.it\/areaarch\/2021\/04\/HOTEL-ILMONTE-OSAKA_f2-REV-696x696.jpg 696w, https:\/\/static.tecnichenuove.it\/areaarch\/2021\/04\/HOTEL-ILMONTE-OSAKA_f2-REV-1068x1068.jpg 1068w, https:\/\/static.tecnichenuove.it\/areaarch\/2021\/04\/HOTEL-ILMONTE-OSAKA_f2-REV-420x420.jpg 420w, https:\/\/static.tecnichenuove.it\/areaarch\/2021\/04\/HOTEL-ILMONTE-OSAKA_f2-REV.jpg 1378w\" sizes=\"auto, (max-width: 300px) 100vw, 300px\" \/>\n      \n      \n\t<\/div>\n  \t<div class=\"entry-column\">\n      <h3 class=\"entry-title td-module-title\">Hotel Il Monte<\/h3>\n      <div class=\"td-excerpt\">\n            <div id=\"wpcf-field-tipology\" class=\"wpcf-field-select wpcf-field-tipology\"><span class=\"wpcf-field-name wpcf-field-select-name wpcf-field-tipology-name\">tipology:<\/span> <span class=\"wpcf-field-value wpcf-field-select-value wpcf-field-tipology-value\">hotel<\/span><\/div>\n            <div id=\"wpcf-field-architect\" class=\"wpcf-field-single-line wpcf-field-architect\"><span class=\"wpcf-field-name wpcf-field-single-line-name wpcf-field-architect-name\">architect:<\/span> <span class=\"wpcf-field-value wpcf-field-single-line-value wpcf-field-architect-value\">Aldo Rossi<\/span><\/div>\n            <div id=\"wpcf-field-realization\" class=\"wpcf-field-number wpcf-field-realization\"><span class=\"wpcf-field-name wpcf-field-number-name wpcf-field-realization-name\">realization:<\/span> <span class=\"wpcf-field-value wpcf-field-number-value wpcf-field-realization-value\">1995<\/span><\/div>\n            Doyamacho, Kita-ku, Osaka, Prefettura di Osaka, Giappone\n          <\/div>\n  <\/div>\n<\/article>\n          <\/div>\n            <h4><a href=\"#\" onclick=\"cimap();\" class=\"link-marker js-wpv-addon-maps-focus-map js-toolset-maps-hover-map-map-1-marker-marker-102740 js-toolset-maps-open-infowindow-map-map-1-marker-marker-102740\" data-map=\"map-1\" data-marker=\"marker-102740\">08. Hotel Il Monte<\/a><\/h4>\n            <div id=\"wpcf-field-tipology\" class=\"wpcf-field-select wpcf-field-tipology\"><span class=\"wpcf-field-name wpcf-field-select-name wpcf-field-tipology-name\">tipology:<\/span> <span class=\"wpcf-field-value wpcf-field-select-value wpcf-field-tipology-value\">hotel<\/span><\/div> | <div id=\"wpcf-field-architect\" class=\"wpcf-field-single-line wpcf-field-architect\"><span class=\"wpcf-field-name wpcf-field-single-line-name wpcf-field-architect-name\">architect:<\/span> <span class=\"wpcf-field-value wpcf-field-single-line-value wpcf-field-architect-value\">Aldo Rossi<\/span><\/div> | <div id=\"wpcf-field-realization\" class=\"wpcf-field-number wpcf-field-realization\"><span class=\"wpcf-field-name wpcf-field-number-name wpcf-field-realization-name\">realization:<\/span> <span class=\"wpcf-field-value wpcf-field-number-value wpcf-field-realization-value\">1995<\/span><\/div>\n          <\/li>\n\t\t\n          <li>\n            \n          <div style=\"display:none\" class=\"wpv-addon-maps-marker js-wpv-addon-maps-marker js-wpv-addon-maps-marker-marker-102743 js-wpv-addon-maps-markerfor-map-1\" data-marker=\"marker-102743\" data-markertitle=\"Chaska Chayamachi Complex\" data-markerfor=\"map-1\" data-markerlat=\"34.7066033\" data-markerlon=\"135.5016253\" data-markericon=\"\/wp-content\/uploads\/sites\/6\/2017\/11\/area_marker_9.png\" data-markericonhover=\"\" data-streetview=\"no\" data-fromview=\"\">\n            <article class=\"marker-itinerario\">\n\t<div class=\"entry-thumbnail\">\n      \n      \n      \t<img loading=\"lazy\" decoding=\"async\" width=\"730\" height=\"1106\" src=\"https:\/\/static.tecnichenuove.it\/areaarch\/2021\/04\/Chaska-Chayamachi-Complex_f1.jpg\" class=\"attachment-post-thumbnail size-post-thumbnail wp-post-image\" alt=\"\" srcset=\"https:\/\/static.tecnichenuove.it\/areaarch\/2021\/04\/Chaska-Chayamachi-Complex_f1.jpg 730w, https:\/\/static.tecnichenuove.it\/areaarch\/2021\/04\/Chaska-Chayamachi-Complex_f1-198x300.jpg 198w, https:\/\/static.tecnichenuove.it\/areaarch\/2021\/04\/Chaska-Chayamachi-Complex_f1-676x1024.jpg 676w, https:\/\/static.tecnichenuove.it\/areaarch\/2021\/04\/Chaska-Chayamachi-Complex_f1-696x1054.jpg 696w, https:\/\/static.tecnichenuove.it\/areaarch\/2021\/04\/Chaska-Chayamachi-Complex_f1-277x420.jpg 277w\" sizes=\"auto, (max-width: 730px) 100vw, 730px\" \/>\n      \t<img decoding=\"async\" src=\"https:\/\/www.area-arch.it\/wp-content\/uploads\/sites\/6\/2021\/04\/Schermata-2021-04-20-alle-12.37.15.jpg\" class=\"attachment-post-thumbnail\" \/>\n      \n\t<\/div>\n  \t<div class=\"entry-column\">\n      <h3 class=\"entry-title td-module-title\">Chaska Chayamachi Complex<\/h3>\n      <div class=\"td-excerpt\">\n            <div id=\"wpcf-field-tipology\" class=\"wpcf-field-select wpcf-field-tipology\"><span class=\"wpcf-field-name wpcf-field-select-name wpcf-field-tipology-name\">tipology:<\/span> <span class=\"wpcf-field-value wpcf-field-select-value wpcf-field-tipology-value\">mixed use<\/span><\/div>\n            <div id=\"wpcf-field-architect\" class=\"wpcf-field-single-line wpcf-field-architect\"><span class=\"wpcf-field-name wpcf-field-single-line-name wpcf-field-architect-name\">architect:<\/span> <span class=\"wpcf-field-value wpcf-field-single-line-value wpcf-field-architect-value\">Tadao Ando Architect &amp; Associates<\/span><\/div>\n            <div id=\"wpcf-field-realization\" class=\"wpcf-field-number wpcf-field-realization\"><span class=\"wpcf-field-name wpcf-field-number-name wpcf-field-realization-name\">realization:<\/span> <span class=\"wpcf-field-value wpcf-field-number-value wpcf-field-realization-value\">2010<\/span><\/div>\n            Kita Ward, Osaka, Prefettura di Osaka, Giappone\n          <\/div>\n  <\/div>\n<\/article>\n          <\/div>\n            <h4><a href=\"#\" onclick=\"cimap();\" class=\"link-marker js-wpv-addon-maps-focus-map js-toolset-maps-hover-map-map-1-marker-marker-102743 js-toolset-maps-open-infowindow-map-map-1-marker-marker-102743\" data-map=\"map-1\" data-marker=\"marker-102743\">09. Chaska Chayamachi Complex<\/a><\/h4>\n            <div id=\"wpcf-field-tipology\" class=\"wpcf-field-select wpcf-field-tipology\"><span class=\"wpcf-field-name wpcf-field-select-name wpcf-field-tipology-name\">tipology:<\/span> <span class=\"wpcf-field-value wpcf-field-select-value wpcf-field-tipology-value\">mixed use<\/span><\/div> | <div id=\"wpcf-field-architect\" class=\"wpcf-field-single-line wpcf-field-architect\"><span class=\"wpcf-field-name wpcf-field-single-line-name wpcf-field-architect-name\">architect:<\/span> <span class=\"wpcf-field-value wpcf-field-single-line-value wpcf-field-architect-value\">Tadao Ando Architect &amp; Associates<\/span><\/div> | <div id=\"wpcf-field-realization\" class=\"wpcf-field-number wpcf-field-realization\"><span class=\"wpcf-field-name wpcf-field-number-name wpcf-field-realization-name\">realization:<\/span> <span class=\"wpcf-field-value wpcf-field-number-value wpcf-field-realization-value\">2010<\/span><\/div>\n          <\/li>\n\t\t\n          <li>\n            \n          <div style=\"display:none\" class=\"wpv-addon-maps-marker js-wpv-addon-maps-marker js-wpv-addon-maps-marker-marker-102746 js-wpv-addon-maps-markerfor-map-1\" data-marker=\"marker-102746\" data-markertitle=\"Umeda Sky Building\" data-markerfor=\"map-1\" data-markerlat=\"34.70403\" data-markerlon=\"135.4839534\" data-markericon=\"\/wp-content\/uploads\/sites\/6\/2017\/11\/area_marker_9.png\" data-markericonhover=\"\" data-streetview=\"no\" data-fromview=\"\">\n            <article class=\"marker-itinerario\">\n\t<div class=\"entry-thumbnail\">\n      \n      \n      \t<img loading=\"lazy\" decoding=\"async\" width=\"943\" height=\"1400\" src=\"https:\/\/static.tecnichenuove.it\/areaarch\/2021\/04\/Umeda_Sky_Building_f.jpg\" class=\"attachment-post-thumbnail size-post-thumbnail wp-post-image\" alt=\"\" srcset=\"https:\/\/static.tecnichenuove.it\/areaarch\/2021\/04\/Umeda_Sky_Building_f.jpg 943w, https:\/\/static.tecnichenuove.it\/areaarch\/2021\/04\/Umeda_Sky_Building_f-202x300.jpg 202w, https:\/\/static.tecnichenuove.it\/areaarch\/2021\/04\/Umeda_Sky_Building_f-690x1024.jpg 690w, https:\/\/static.tecnichenuove.it\/areaarch\/2021\/04\/Umeda_Sky_Building_f-768x1140.jpg 768w, https:\/\/static.tecnichenuove.it\/areaarch\/2021\/04\/Umeda_Sky_Building_f-696x1033.jpg 696w, https:\/\/static.tecnichenuove.it\/areaarch\/2021\/04\/Umeda_Sky_Building_f-283x420.jpg 283w\" sizes=\"auto, (max-width: 943px) 100vw, 943px\" \/>\n      \t<img decoding=\"async\" src=\"https:\/\/www.area-arch.it\/wp-content\/uploads\/sites\/6\/2021\/04\/umeda-sky-building.jpg\" class=\"attachment-post-thumbnail\" \/>\n      \n\t<\/div>\n  \t<div class=\"entry-column\">\n      <h3 class=\"entry-title td-module-title\">Umeda Sky Building<\/h3>\n      <div class=\"td-excerpt\">\n            <div id=\"wpcf-field-tipology\" class=\"wpcf-field-select wpcf-field-tipology\"><span class=\"wpcf-field-name wpcf-field-select-name wpcf-field-tipology-name\">tipology:<\/span> <span class=\"wpcf-field-value wpcf-field-select-value wpcf-field-tipology-value\">mixed use<\/span><\/div>\n            <div id=\"wpcf-field-architect\" class=\"wpcf-field-single-line wpcf-field-architect\"><span class=\"wpcf-field-name wpcf-field-single-line-name wpcf-field-architect-name\">architect:<\/span> <span class=\"wpcf-field-value wpcf-field-single-line-value wpcf-field-architect-value\">Hiroshi Hara &amp; Atelier Kimura Construction<\/span><\/div>\n            <div id=\"wpcf-field-realization\" class=\"wpcf-field-number wpcf-field-realization\"><span class=\"wpcf-field-name wpcf-field-number-name wpcf-field-realization-name\">realization:<\/span> <span class=\"wpcf-field-value wpcf-field-number-value wpcf-field-realization-value\">1993<\/span><\/div>\n            \u014cyodonaka, Kita-ku, Osaka, Prefettura di Osaka, Giappone\n          <\/div>\n  <\/div>\n<\/article>\n          <\/div>\n            <h4><a href=\"#\" onclick=\"cimap();\" class=\"link-marker js-wpv-addon-maps-focus-map js-toolset-maps-hover-map-map-1-marker-marker-102746 js-toolset-maps-open-infowindow-map-map-1-marker-marker-102746\" data-map=\"map-1\" data-marker=\"marker-102746\">10. Umeda Sky Building<\/a><\/h4>\n            <div id=\"wpcf-field-tipology\" class=\"wpcf-field-select wpcf-field-tipology\"><span class=\"wpcf-field-name wpcf-field-select-name wpcf-field-tipology-name\">tipology:<\/span> <span class=\"wpcf-field-value wpcf-field-select-value wpcf-field-tipology-value\">mixed use<\/span><\/div> | <div id=\"wpcf-field-architect\" class=\"wpcf-field-single-line wpcf-field-architect\"><span class=\"wpcf-field-name wpcf-field-single-line-name wpcf-field-architect-name\">architect:<\/span> <span class=\"wpcf-field-value wpcf-field-single-line-value wpcf-field-architect-value\">Hiroshi Hara &amp; Atelier Kimura Construction<\/span><\/div> | <div id=\"wpcf-field-realization\" class=\"wpcf-field-number wpcf-field-realization\"><span class=\"wpcf-field-name wpcf-field-number-name wpcf-field-realization-name\">realization:<\/span> <span class=\"wpcf-field-value wpcf-field-number-value wpcf-field-realization-value\">1993<\/span><\/div>\n          <\/li>\n\t\t\n          <li>\n            \n          <div style=\"display:none\" class=\"wpv-addon-maps-marker js-wpv-addon-maps-marker js-wpv-addon-maps-marker-marker-102749 js-wpv-addon-maps-markerfor-map-1\" data-marker=\"marker-102749\" data-markertitle=\"Umekita Ship Hall\" data-markerfor=\"map-1\" data-markerlat=\"34.7039208\" data-markerlon=\"135.4933776\" data-markericon=\"\/wp-content\/uploads\/sites\/6\/2017\/11\/area_marker_9.png\" data-markericonhover=\"\" data-streetview=\"no\" data-fromview=\"\">\n            <article class=\"marker-itinerario\">\n\t<div class=\"entry-thumbnail\">\n      \n      \n      \t<img loading=\"lazy\" decoding=\"async\" width=\"1024\" height=\"768\" src=\"https:\/\/static.tecnichenuove.it\/areaarch\/2021\/04\/umekita-ship-hall_f.jpg\" class=\"attachment-post-thumbnail size-post-thumbnail wp-post-image\" alt=\"\" srcset=\"https:\/\/static.tecnichenuove.it\/areaarch\/2021\/04\/umekita-ship-hall_f.jpg 1024w, https:\/\/static.tecnichenuove.it\/areaarch\/2021\/04\/umekita-ship-hall_f-300x225.jpg 300w, https:\/\/static.tecnichenuove.it\/areaarch\/2021\/04\/umekita-ship-hall_f-768x576.jpg 768w, https:\/\/static.tecnichenuove.it\/areaarch\/2021\/04\/umekita-ship-hall_f-80x60.jpg 80w, https:\/\/static.tecnichenuove.it\/areaarch\/2021\/04\/umekita-ship-hall_f-160x120.jpg 160w, https:\/\/static.tecnichenuove.it\/areaarch\/2021\/04\/umekita-ship-hall_f-265x198.jpg 265w, https:\/\/static.tecnichenuove.it\/areaarch\/2021\/04\/umekita-ship-hall_f-696x522.jpg 696w, https:\/\/static.tecnichenuove.it\/areaarch\/2021\/04\/umekita-ship-hall_f-560x420.jpg 560w\" sizes=\"auto, (max-width: 1024px) 100vw, 1024px\" \/>\n      \t<img decoding=\"async\" src=\"https:\/\/www.area-arch.it\/wp-content\/uploads\/sites\/6\/2021\/04\/Schermata-2021-04-20-alle-12.43.37.jpg\" class=\"attachment-post-thumbnail\" \/>\n      \n\t<\/div>\n  \t<div class=\"entry-column\">\n      <h3 class=\"entry-title td-module-title\">Umekita Ship Hall<\/h3>\n      <div class=\"td-excerpt\">\n            <div id=\"wpcf-field-tipology\" class=\"wpcf-field-select wpcf-field-tipology\"><span class=\"wpcf-field-name wpcf-field-select-name wpcf-field-tipology-name\">tipology:<\/span> <span class=\"wpcf-field-value wpcf-field-select-value wpcf-field-tipology-value\">mixed use<\/span><\/div>\n            <div id=\"wpcf-field-architect\" class=\"wpcf-field-single-line wpcf-field-architect\"><span class=\"wpcf-field-name wpcf-field-single-line-name wpcf-field-architect-name\">architect:<\/span> <span class=\"wpcf-field-value wpcf-field-single-line-value wpcf-field-architect-value\">Nikken Sekkei \/ NTT Facilities Inc.<\/span><\/div>\n            <div id=\"wpcf-field-realization\" class=\"wpcf-field-number wpcf-field-realization\"><span class=\"wpcf-field-name wpcf-field-number-name wpcf-field-realization-name\">realization:<\/span> <span class=\"wpcf-field-value wpcf-field-number-value wpcf-field-realization-value\">2013<\/span><\/div>\n            Ofuka-cho, Kita-ku, Osaka, Prefettura di Osaka, Giappone\n          <\/div>\n  <\/div>\n<\/article>\n          <\/div>\n            <h4><a href=\"#\" onclick=\"cimap();\" class=\"link-marker js-wpv-addon-maps-focus-map js-toolset-maps-hover-map-map-1-marker-marker-102749 js-toolset-maps-open-infowindow-map-map-1-marker-marker-102749\" data-map=\"map-1\" data-marker=\"marker-102749\">11. Umekita Ship Hall<\/a><\/h4>\n            <div id=\"wpcf-field-tipology\" class=\"wpcf-field-select wpcf-field-tipology\"><span class=\"wpcf-field-name wpcf-field-select-name wpcf-field-tipology-name\">tipology:<\/span> <span class=\"wpcf-field-value wpcf-field-select-value wpcf-field-tipology-value\">mixed use<\/span><\/div> | <div id=\"wpcf-field-architect\" class=\"wpcf-field-single-line wpcf-field-architect\"><span class=\"wpcf-field-name wpcf-field-single-line-name wpcf-field-architect-name\">architect:<\/span> <span class=\"wpcf-field-value wpcf-field-single-line-value wpcf-field-architect-value\">Nikken Sekkei \/ NTT Facilities Inc.<\/span><\/div> | <div id=\"wpcf-field-realization\" class=\"wpcf-field-number wpcf-field-realization\"><span class=\"wpcf-field-name wpcf-field-number-name wpcf-field-realization-name\">realization:<\/span> <span class=\"wpcf-field-value wpcf-field-number-value wpcf-field-realization-value\">2013<\/span><\/div>\n          <\/li>\n\t\t\n          <li>\n            \n          <div style=\"display:none\" class=\"wpv-addon-maps-marker js-wpv-addon-maps-marker js-wpv-addon-maps-marker-marker-102752 js-wpv-addon-maps-markerfor-map-1\" data-marker=\"marker-102752\" data-markertitle=\"Osaka Station City South Gate Building\" data-markerfor=\"map-1\" data-markerlat=\"34.7005588\" data-markerlon=\"135.4957339\" data-markericon=\"\/wp-content\/uploads\/sites\/6\/2017\/11\/area_marker_9.png\" data-markericonhover=\"\" data-streetview=\"no\" data-fromview=\"\">\n            <article class=\"marker-itinerario\">\n\t<div class=\"entry-thumbnail\">\n      \n      \n      \t<img loading=\"lazy\" decoding=\"async\" width=\"1313\" height=\"878\" src=\"https:\/\/static.tecnichenuove.it\/areaarch\/2021\/04\/Osaka-Station-City-South-Gate-Building.jpg\" class=\"attachment-post-thumbnail size-post-thumbnail wp-post-image\" alt=\"\" \/>\n      \t<img decoding=\"async\" src=\"https:\/\/www.area-arch.it\/wp-content\/uploads\/sites\/6\/2021\/04\/Osaka-Station-City-South-Gate-Building_d.jpg\" class=\"attachment-post-thumbnail\" \/>\n      \n\t<\/div>\n  \t<div class=\"entry-column\">\n      <h3 class=\"entry-title td-module-title\">Osaka Station City South Gate Building<\/h3>\n      <div class=\"td-excerpt\">\n            <div id=\"wpcf-field-tipology\" class=\"wpcf-field-select wpcf-field-tipology\"><span class=\"wpcf-field-name wpcf-field-select-name wpcf-field-tipology-name\">tipology:<\/span> <span class=\"wpcf-field-value wpcf-field-select-value wpcf-field-tipology-value\">mixed use<\/span><\/div>\n            <div id=\"wpcf-field-architect\" class=\"wpcf-field-single-line wpcf-field-architect\"><span class=\"wpcf-field-name wpcf-field-single-line-name wpcf-field-architect-name\">architect:<\/span> <span class=\"wpcf-field-value wpcf-field-single-line-value wpcf-field-architect-value\">Yasui architects &amp; engineers<\/span><\/div>\n            <div id=\"wpcf-field-realization\" class=\"wpcf-field-number wpcf-field-realization\"><span class=\"wpcf-field-name wpcf-field-number-name wpcf-field-realization-name\">realization:<\/span> <span class=\"wpcf-field-value wpcf-field-number-value wpcf-field-realization-value\">2011<\/span><\/div>\n            Umeda, Kita-ku, Osaka, Prefettura di Osaka, Giappone\n          <\/div>\n  <\/div>\n<\/article>\n          <\/div>\n            <h4><a href=\"#\" onclick=\"cimap();\" class=\"link-marker js-wpv-addon-maps-focus-map js-toolset-maps-hover-map-map-1-marker-marker-102752 js-toolset-maps-open-infowindow-map-map-1-marker-marker-102752\" data-map=\"map-1\" data-marker=\"marker-102752\">12. Osaka Station City South Gate Building<\/a><\/h4>\n            <div id=\"wpcf-field-tipology\" class=\"wpcf-field-select wpcf-field-tipology\"><span class=\"wpcf-field-name wpcf-field-select-name wpcf-field-tipology-name\">tipology:<\/span> <span class=\"wpcf-field-value wpcf-field-select-value wpcf-field-tipology-value\">mixed use<\/span><\/div> | <div id=\"wpcf-field-architect\" class=\"wpcf-field-single-line wpcf-field-architect\"><span class=\"wpcf-field-name wpcf-field-single-line-name wpcf-field-architect-name\">architect:<\/span> <span class=\"wpcf-field-value wpcf-field-single-line-value wpcf-field-architect-value\">Yasui architects &amp; engineers<\/span><\/div> | <div id=\"wpcf-field-realization\" class=\"wpcf-field-number wpcf-field-realization\"><span class=\"wpcf-field-name wpcf-field-number-name wpcf-field-realization-name\">realization:<\/span> <span class=\"wpcf-field-value wpcf-field-number-value wpcf-field-realization-value\">2011<\/span><\/div>\n          <\/li>\n\t\t\n          <li>\n            \n          <div style=\"display:none\" class=\"wpv-addon-maps-marker js-wpv-addon-maps-marker js-wpv-addon-maps-marker-marker-102755 js-wpv-addon-maps-markerfor-map-1\" data-marker=\"marker-102755\" data-markertitle=\"Fukoku Tower\" data-markerfor=\"map-1\" data-markerlat=\"34.7025843\" data-markerlon=\"135.5007416\" data-markericon=\"\/wp-content\/uploads\/sites\/6\/2017\/11\/area_marker_11.png\" data-markericonhover=\"\" data-streetview=\"no\" data-fromview=\"\">\n            <article class=\"marker-itinerario\">\n\t<div class=\"entry-thumbnail\">\n      \n      \n      \t<img loading=\"lazy\" decoding=\"async\" width=\"1292\" height=\"1400\" src=\"https:\/\/static.tecnichenuove.it\/areaarch\/2021\/04\/Fukoku-Tower_f.jpg\" class=\"attachment-post-thumbnail size-post-thumbnail wp-post-image\" alt=\"\" srcset=\"https:\/\/static.tecnichenuove.it\/areaarch\/2021\/04\/Fukoku-Tower_f.jpg 1292w, https:\/\/static.tecnichenuove.it\/areaarch\/2021\/04\/Fukoku-Tower_f-277x300.jpg 277w, https:\/\/static.tecnichenuove.it\/areaarch\/2021\/04\/Fukoku-Tower_f-945x1024.jpg 945w, https:\/\/static.tecnichenuove.it\/areaarch\/2021\/04\/Fukoku-Tower_f-768x832.jpg 768w, https:\/\/static.tecnichenuove.it\/areaarch\/2021\/04\/Fukoku-Tower_f-696x754.jpg 696w, https:\/\/static.tecnichenuove.it\/areaarch\/2021\/04\/Fukoku-Tower_f-1068x1157.jpg 1068w, https:\/\/static.tecnichenuove.it\/areaarch\/2021\/04\/Fukoku-Tower_f-388x420.jpg 388w\" sizes=\"auto, (max-width: 1292px) 100vw, 1292px\" \/>\n      \t<img decoding=\"async\" src=\"https:\/\/www.area-arch.it\/wp-content\/uploads\/sites\/6\/2021\/04\/Fukoku-Tower_d.jpg\" class=\"attachment-post-thumbnail\" \/>\n      \n\t<\/div>\n  \t<div class=\"entry-column\">\n      <h3 class=\"entry-title td-module-title\">Fukoku Tower<\/h3>\n      <div class=\"td-excerpt\">\n            <div id=\"wpcf-field-tipology\" class=\"wpcf-field-select wpcf-field-tipology\"><span class=\"wpcf-field-name wpcf-field-select-name wpcf-field-tipology-name\">tipology:<\/span> <span class=\"wpcf-field-value wpcf-field-select-value wpcf-field-tipology-value\">office<\/span><\/div>\n            <div id=\"wpcf-field-architect\" class=\"wpcf-field-single-line wpcf-field-architect\"><span class=\"wpcf-field-name wpcf-field-single-line-name wpcf-field-architect-name\">architect:<\/span> <span class=\"wpcf-field-value wpcf-field-single-line-value wpcf-field-architect-value\">Dominique Perrault Architecture<\/span><\/div>\n            <div id=\"wpcf-field-realization\" class=\"wpcf-field-number wpcf-field-realization\"><span class=\"wpcf-field-name wpcf-field-number-name wpcf-field-realization-name\">realization:<\/span> <span class=\"wpcf-field-value wpcf-field-number-value wpcf-field-realization-value\">2010<\/span><\/div>\n            Komatsubarach\u014d, Kita-ku, Osaka, Prefettura di Osaka, Giappone\n          <\/div>\n  <\/div>\n<\/article>\n          <\/div>\n            <h4><a href=\"#\" onclick=\"cimap();\" class=\"link-marker js-wpv-addon-maps-focus-map js-toolset-maps-hover-map-map-1-marker-marker-102755 js-toolset-maps-open-infowindow-map-map-1-marker-marker-102755\" data-map=\"map-1\" data-marker=\"marker-102755\">13. Fukoku Tower<\/a><\/h4>\n            <div id=\"wpcf-field-tipology\" class=\"wpcf-field-select wpcf-field-tipology\"><span class=\"wpcf-field-name wpcf-field-select-name wpcf-field-tipology-name\">tipology:<\/span> <span class=\"wpcf-field-value wpcf-field-select-value wpcf-field-tipology-value\">office<\/span><\/div> | <div id=\"wpcf-field-architect\" class=\"wpcf-field-single-line wpcf-field-architect\"><span class=\"wpcf-field-name wpcf-field-single-line-name wpcf-field-architect-name\">architect:<\/span> <span class=\"wpcf-field-value wpcf-field-single-line-value wpcf-field-architect-value\">Dominique Perrault Architecture<\/span><\/div> | <div id=\"wpcf-field-realization\" class=\"wpcf-field-number wpcf-field-realization\"><span class=\"wpcf-field-name wpcf-field-number-name wpcf-field-realization-name\">realization:<\/span> <span class=\"wpcf-field-value wpcf-field-number-value wpcf-field-realization-value\">2010<\/span><\/div>\n          <\/li>\n\t\t\n          <li>\n            \n          <div style=\"display:none\" class=\"wpv-addon-maps-marker js-wpv-addon-maps-marker js-wpv-addon-maps-marker-marker-102758 js-wpv-addon-maps-markerfor-map-1\" data-marker=\"marker-102758\" data-markertitle=\"Hotel Ritz Carlton Osaka\" data-markerfor=\"map-1\" data-markerlat=\"34.7005588\" data-markerlon=\"135.4957339\" data-markericon=\"\/wp-content\/uploads\/sites\/6\/2017\/11\/area_marker_7.png\" data-markericonhover=\"\" data-streetview=\"no\" data-fromview=\"\">\n            <article class=\"marker-itinerario\">\n\t<div class=\"entry-thumbnail\">\n      \n      \n      \t<img loading=\"lazy\" decoding=\"async\" width=\"1361\" height=\"1146\" src=\"https:\/\/static.tecnichenuove.it\/areaarch\/2021\/04\/Hotel-Ritz-Carlton_f.jpg\" class=\"attachment-post-thumbnail size-post-thumbnail wp-post-image\" alt=\"\" srcset=\"https:\/\/static.tecnichenuove.it\/areaarch\/2021\/04\/Hotel-Ritz-Carlton_f.jpg 1361w, https:\/\/static.tecnichenuove.it\/areaarch\/2021\/04\/Hotel-Ritz-Carlton_f-300x253.jpg 300w, https:\/\/static.tecnichenuove.it\/areaarch\/2021\/04\/Hotel-Ritz-Carlton_f-1024x862.jpg 1024w, https:\/\/static.tecnichenuove.it\/areaarch\/2021\/04\/Hotel-Ritz-Carlton_f-768x647.jpg 768w, https:\/\/static.tecnichenuove.it\/areaarch\/2021\/04\/Hotel-Ritz-Carlton_f-696x586.jpg 696w, https:\/\/static.tecnichenuove.it\/areaarch\/2021\/04\/Hotel-Ritz-Carlton_f-1068x899.jpg 1068w, https:\/\/static.tecnichenuove.it\/areaarch\/2021\/04\/Hotel-Ritz-Carlton_f-499x420.jpg 499w\" sizes=\"auto, (max-width: 1361px) 100vw, 1361px\" \/>\n      \t<img decoding=\"async\" src=\"https:\/\/www.area-arch.it\/wp-content\/uploads\/sites\/6\/2021\/04\/hotel-ritz-Carlton_d1.jpg\" class=\"attachment-post-thumbnail\" \/>\n      \n\t<\/div>\n  \t<div class=\"entry-column\">\n      <h3 class=\"entry-title td-module-title\">Hotel Ritz Carlton Osaka<\/h3>\n      <div class=\"td-excerpt\">\n            <div id=\"wpcf-field-tipology\" class=\"wpcf-field-select wpcf-field-tipology\"><span class=\"wpcf-field-name wpcf-field-select-name wpcf-field-tipology-name\">tipology:<\/span> <span class=\"wpcf-field-value wpcf-field-select-value wpcf-field-tipology-value\">hotel<\/span><\/div>\n            <div id=\"wpcf-field-architect\" class=\"wpcf-field-single-line wpcf-field-architect\"><span class=\"wpcf-field-name wpcf-field-single-line-name wpcf-field-architect-name\">architect:<\/span> <span class=\"wpcf-field-value wpcf-field-single-line-value wpcf-field-architect-value\">Takenaka Corporation \/ Hirsch Bedner Associates<\/span><\/div>\n            <div id=\"wpcf-field-realization\" class=\"wpcf-field-number wpcf-field-realization\"><span class=\"wpcf-field-name wpcf-field-number-name wpcf-field-realization-name\">realization:<\/span> <span class=\"wpcf-field-value wpcf-field-number-value wpcf-field-realization-value\">1997<\/span><\/div>\n            Umeda, Kita-ku, Osaka, Prefettura di Osaka, Giappone\n          <\/div>\n  <\/div>\n<\/article>\n          <\/div>\n            <h4><a href=\"#\" onclick=\"cimap();\" class=\"link-marker js-wpv-addon-maps-focus-map js-toolset-maps-hover-map-map-1-marker-marker-102758 js-toolset-maps-open-infowindow-map-map-1-marker-marker-102758\" data-map=\"map-1\" data-marker=\"marker-102758\">14. Hotel Ritz Carlton Osaka<\/a><\/h4>\n            <div id=\"wpcf-field-tipology\" class=\"wpcf-field-select wpcf-field-tipology\"><span class=\"wpcf-field-name wpcf-field-select-name wpcf-field-tipology-name\">tipology:<\/span> <span class=\"wpcf-field-value wpcf-field-select-value wpcf-field-tipology-value\">hotel<\/span><\/div> | <div id=\"wpcf-field-architect\" class=\"wpcf-field-single-line wpcf-field-architect\"><span class=\"wpcf-field-name wpcf-field-single-line-name wpcf-field-architect-name\">architect:<\/span> <span class=\"wpcf-field-value wpcf-field-single-line-value wpcf-field-architect-value\">Takenaka Corporation \/ Hirsch Bedner Associates<\/span><\/div> | <div id=\"wpcf-field-realization\" class=\"wpcf-field-number wpcf-field-realization\"><span class=\"wpcf-field-name wpcf-field-number-name wpcf-field-realization-name\">realization:<\/span> <span class=\"wpcf-field-value wpcf-field-number-value wpcf-field-realization-value\">1997<\/span><\/div>\n          <\/li>\n\t\t\n          <li>\n            \n          <div style=\"display:none\" class=\"wpv-addon-maps-marker js-wpv-addon-maps-marker js-wpv-addon-maps-marker-marker-102763 js-wpv-addon-maps-markerfor-map-1\" data-marker=\"marker-102763\" data-markertitle=\"Umeshin Dai-ichi\" data-markerfor=\"map-1\" data-markerlat=\"34.7002187\" data-markerlon=\"135.5010362\" data-markericon=\"\/wp-content\/uploads\/sites\/6\/2017\/11\/area_marker_11.png\" data-markericonhover=\"\" data-streetview=\"no\" data-fromview=\"\">\n            <article class=\"marker-itinerario\">\n\t<div class=\"entry-thumbnail\">\n      \n      \t<img loading=\"lazy\" decoding=\"async\" width=\"194\" height=\"300\" src=\"https:\/\/static.tecnichenuove.it\/areaarch\/2021\/04\/Umeshin-Dai-ichi-Seimei-Building_f-194x300.jpg\" class=\"attachment-medium size-medium wp-post-image\" alt=\"\" srcset=\"https:\/\/static.tecnichenuove.it\/areaarch\/2021\/04\/Umeshin-Dai-ichi-Seimei-Building_f-194x300.jpg 194w, https:\/\/static.tecnichenuove.it\/areaarch\/2021\/04\/Umeshin-Dai-ichi-Seimei-Building_f.jpg 259w\" sizes=\"auto, (max-width: 194px) 100vw, 194px\" \/>\n      \n      \n\t<\/div>\n  \t<div class=\"entry-column\">\n      <h3 class=\"entry-title td-module-title\">Umeshin Dai-ichi<\/h3>\n      <div class=\"td-excerpt\">\n            <div id=\"wpcf-field-tipology\" class=\"wpcf-field-select wpcf-field-tipology\"><span class=\"wpcf-field-name wpcf-field-select-name wpcf-field-tipology-name\">tipology:<\/span> <span class=\"wpcf-field-value wpcf-field-select-value wpcf-field-tipology-value\">office<\/span><\/div>\n            <div id=\"wpcf-field-architect\" class=\"wpcf-field-single-line wpcf-field-architect\"><span class=\"wpcf-field-name wpcf-field-single-line-name wpcf-field-architect-name\">architect:<\/span> <span class=\"wpcf-field-value wpcf-field-single-line-value wpcf-field-architect-value\">Takenaka Corporation<\/span><\/div>\n            <div id=\"wpcf-field-realization\" class=\"wpcf-field-number wpcf-field-realization\"><span class=\"wpcf-field-name wpcf-field-number-name wpcf-field-realization-name\">realization:<\/span> <span class=\"wpcf-field-value wpcf-field-number-value wpcf-field-realization-value\">2007<\/span><\/div>\n            Sonezaki, Kita-ku, Osaka, Prefettura di Osaka, Giappone\n          <\/div>\n  <\/div>\n<\/article>\n          <\/div>\n            <h4><a href=\"#\" onclick=\"cimap();\" class=\"link-marker js-wpv-addon-maps-focus-map js-toolset-maps-hover-map-map-1-marker-marker-102763 js-toolset-maps-open-infowindow-map-map-1-marker-marker-102763\" data-map=\"map-1\" data-marker=\"marker-102763\">15. Umeshin Dai-ichi<\/a><\/h4>\n            <div id=\"wpcf-field-tipology\" class=\"wpcf-field-select wpcf-field-tipology\"><span class=\"wpcf-field-name wpcf-field-select-name wpcf-field-tipology-name\">tipology:<\/span> <span class=\"wpcf-field-value wpcf-field-select-value wpcf-field-tipology-value\">office<\/span><\/div> | <div id=\"wpcf-field-architect\" class=\"wpcf-field-single-line wpcf-field-architect\"><span class=\"wpcf-field-name wpcf-field-single-line-name wpcf-field-architect-name\">architect:<\/span> <span class=\"wpcf-field-value wpcf-field-single-line-value wpcf-field-architect-value\">Takenaka Corporation<\/span><\/div> | <div id=\"wpcf-field-realization\" class=\"wpcf-field-number wpcf-field-realization\"><span class=\"wpcf-field-name wpcf-field-number-name wpcf-field-realization-name\">realization:<\/span> <span class=\"wpcf-field-value wpcf-field-number-value wpcf-field-realization-value\">2007<\/span><\/div>\n          <\/li>\n\t\t\n          <li>\n            \n          <div style=\"display:none\" class=\"wpv-addon-maps-marker js-wpv-addon-maps-marker js-wpv-addon-maps-marker-marker-102765 js-wpv-addon-maps-markerfor-map-1\" data-marker=\"marker-102765\" data-markertitle=\"Breez\u00e9 Tower Seimei Building\" data-markerfor=\"map-1\" data-markerlat=\"34.7005588\" data-markerlon=\"135.4957339\" data-markericon=\"\/wp-content\/uploads\/sites\/6\/2017\/11\/area_marker_9.png\" data-markericonhover=\"\" data-streetview=\"no\" data-fromview=\"\">\n            <article class=\"marker-itinerario\">\n\t<div class=\"entry-thumbnail\">\n      \n      \n      \t<img loading=\"lazy\" decoding=\"async\" width=\"951\" height=\"1400\" src=\"https:\/\/static.tecnichenuove.it\/areaarch\/2021\/04\/Schermata-2021-04-20-alle-13.00.54.jpg\" class=\"attachment-post-thumbnail size-post-thumbnail wp-post-image\" alt=\"\" srcset=\"https:\/\/static.tecnichenuove.it\/areaarch\/2021\/04\/Schermata-2021-04-20-alle-13.00.54.jpg 951w, https:\/\/static.tecnichenuove.it\/areaarch\/2021\/04\/Schermata-2021-04-20-alle-13.00.54-204x300.jpg 204w, https:\/\/static.tecnichenuove.it\/areaarch\/2021\/04\/Schermata-2021-04-20-alle-13.00.54-696x1025.jpg 696w, https:\/\/static.tecnichenuove.it\/areaarch\/2021\/04\/Schermata-2021-04-20-alle-13.00.54-768x1131.jpg 768w, https:\/\/static.tecnichenuove.it\/areaarch\/2021\/04\/Schermata-2021-04-20-alle-13.00.54-285x420.jpg 285w\" sizes=\"auto, (max-width: 951px) 100vw, 951px\" \/>\n      \t<img decoding=\"async\" src=\"https:\/\/www.area-arch.it\/wp-content\/uploads\/sites\/6\/2021\/04\/\u00a9-ingenhoven-architects.jpg\" class=\"attachment-post-thumbnail\" \/>\n      \n\t<\/div>\n  \t<div class=\"entry-column\">\n      <h3 class=\"entry-title td-module-title\">Breez\u00e9 Tower Seimei Building<\/h3>\n      <div class=\"td-excerpt\">\n            <div id=\"wpcf-field-tipology\" class=\"wpcf-field-select wpcf-field-tipology\"><span class=\"wpcf-field-name wpcf-field-select-name wpcf-field-tipology-name\">tipology:<\/span> <span class=\"wpcf-field-value wpcf-field-select-value wpcf-field-tipology-value\">mixed use<\/span><\/div>\n            <div id=\"wpcf-field-architect\" class=\"wpcf-field-single-line wpcf-field-architect\"><span class=\"wpcf-field-name wpcf-field-single-line-name wpcf-field-architect-name\">architect:<\/span> <span class=\"wpcf-field-value wpcf-field-single-line-value wpcf-field-architect-value\">Ingenhoven architects<\/span><\/div>\n            <div id=\"wpcf-field-realization\" class=\"wpcf-field-number wpcf-field-realization\"><span class=\"wpcf-field-name wpcf-field-number-name wpcf-field-realization-name\">realization:<\/span> <span class=\"wpcf-field-value wpcf-field-number-value wpcf-field-realization-value\">2008<\/span><\/div>\n            Umeda, Kita-ku, Osaka, Prefettura di Osaka, Giappone\n          <\/div>\n  <\/div>\n<\/article>\n          <\/div>\n            <h4><a href=\"#\" onclick=\"cimap();\" class=\"link-marker js-wpv-addon-maps-focus-map js-toolset-maps-hover-map-map-1-marker-marker-102765 js-toolset-maps-open-infowindow-map-map-1-marker-marker-102765\" data-map=\"map-1\" data-marker=\"marker-102765\">16. Breez\u00e9 Tower Seimei Building<\/a><\/h4>\n            <div id=\"wpcf-field-tipology\" class=\"wpcf-field-select wpcf-field-tipology\"><span class=\"wpcf-field-name wpcf-field-select-name wpcf-field-tipology-name\">tipology:<\/span> <span class=\"wpcf-field-value wpcf-field-select-value wpcf-field-tipology-value\">mixed use<\/span><\/div> | <div id=\"wpcf-field-architect\" class=\"wpcf-field-single-line wpcf-field-architect\"><span class=\"wpcf-field-name wpcf-field-single-line-name wpcf-field-architect-name\">architect:<\/span> <span class=\"wpcf-field-value wpcf-field-single-line-value wpcf-field-architect-value\">Ingenhoven architects<\/span><\/div> | <div id=\"wpcf-field-realization\" class=\"wpcf-field-number wpcf-field-realization\"><span class=\"wpcf-field-name wpcf-field-number-name wpcf-field-realization-name\">realization:<\/span> <span class=\"wpcf-field-value wpcf-field-number-value wpcf-field-realization-value\">2008<\/span><\/div>\n          <\/li>\n\t\t\n          <li>\n            \n          <div style=\"display:none\" class=\"wpv-addon-maps-marker js-wpv-addon-maps-marker js-wpv-addon-maps-marker-marker-102768 js-wpv-addon-maps-markerfor-map-1\" data-marker=\"marker-102768\" data-markertitle=\"Osaka Bar Association Building\" data-markerfor=\"map-1\" data-markerlat=\"34.6960013\" data-markerlon=\"135.5051605\" data-markericon=\"\/wp-content\/uploads\/sites\/6\/2017\/11\/area_marker_11.png\" data-markericonhover=\"\" data-streetview=\"no\" data-fromview=\"\">\n            <article class=\"marker-itinerario\">\n\t<div class=\"entry-thumbnail\">\n      \n      \t<img loading=\"lazy\" decoding=\"async\" width=\"300\" height=\"202\" src=\"https:\/\/static.tecnichenuove.it\/areaarch\/2021\/04\/Osaka-Bar-Association-Building_f2-300x202.jpg\" class=\"attachment-medium size-medium wp-post-image\" alt=\"\" srcset=\"https:\/\/static.tecnichenuove.it\/areaarch\/2021\/04\/Osaka-Bar-Association-Building_f2-300x202.jpg 300w, https:\/\/static.tecnichenuove.it\/areaarch\/2021\/04\/Osaka-Bar-Association-Building_f2-1024x691.jpg 1024w, https:\/\/static.tecnichenuove.it\/areaarch\/2021\/04\/Osaka-Bar-Association-Building_f2-150x100.jpg 150w, https:\/\/static.tecnichenuove.it\/areaarch\/2021\/04\/Osaka-Bar-Association-Building_f2-768x518.jpg 768w, https:\/\/static.tecnichenuove.it\/areaarch\/2021\/04\/Osaka-Bar-Association-Building_f2-696x470.jpg 696w, https:\/\/static.tecnichenuove.it\/areaarch\/2021\/04\/Osaka-Bar-Association-Building_f2-1068x720.jpg 1068w, https:\/\/static.tecnichenuove.it\/areaarch\/2021\/04\/Osaka-Bar-Association-Building_f2-623x420.jpg 623w, https:\/\/static.tecnichenuove.it\/areaarch\/2021\/04\/Osaka-Bar-Association-Building_f2.jpg 1134w\" sizes=\"auto, (max-width: 300px) 100vw, 300px\" \/>\n      \n      \n\t<\/div>\n  \t<div class=\"entry-column\">\n      <h3 class=\"entry-title td-module-title\">Osaka Bar Association Building<\/h3>\n      <div class=\"td-excerpt\">\n            <div id=\"wpcf-field-tipology\" class=\"wpcf-field-select wpcf-field-tipology\"><span class=\"wpcf-field-name wpcf-field-select-name wpcf-field-tipology-name\">tipology:<\/span> <span class=\"wpcf-field-value wpcf-field-select-value wpcf-field-tipology-value\">office<\/span><\/div>\n            <div id=\"wpcf-field-architect\" class=\"wpcf-field-single-line wpcf-field-architect\"><span class=\"wpcf-field-name wpcf-field-single-line-name wpcf-field-architect-name\">architect:<\/span> <span class=\"wpcf-field-value wpcf-field-single-line-value wpcf-field-architect-value\">Nikken Sekkei<\/span><\/div>\n            <div id=\"wpcf-field-realization\" class=\"wpcf-field-number wpcf-field-realization\"><span class=\"wpcf-field-name wpcf-field-number-name wpcf-field-realization-name\">realization:<\/span> <span class=\"wpcf-field-value wpcf-field-number-value wpcf-field-realization-value\">2006<\/span><\/div>\n            Nishitenma, Kita-ku, Osaka, Prefettura di Osaka, Giappone\n          <\/div>\n  <\/div>\n<\/article>\n          <\/div>\n            <h4><a href=\"#\" onclick=\"cimap();\" class=\"link-marker js-wpv-addon-maps-focus-map js-toolset-maps-hover-map-map-1-marker-marker-102768 js-toolset-maps-open-infowindow-map-map-1-marker-marker-102768\" data-map=\"map-1\" data-marker=\"marker-102768\">17. Osaka Bar Association Building<\/a><\/h4>\n            <div id=\"wpcf-field-tipology\" class=\"wpcf-field-select wpcf-field-tipology\"><span class=\"wpcf-field-name wpcf-field-select-name wpcf-field-tipology-name\">tipology:<\/span> <span class=\"wpcf-field-value wpcf-field-select-value wpcf-field-tipology-value\">office<\/span><\/div> | <div id=\"wpcf-field-architect\" class=\"wpcf-field-single-line wpcf-field-architect\"><span class=\"wpcf-field-name wpcf-field-single-line-name wpcf-field-architect-name\">architect:<\/span> <span class=\"wpcf-field-value wpcf-field-single-line-value wpcf-field-architect-value\">Nikken Sekkei<\/span><\/div> | <div id=\"wpcf-field-realization\" class=\"wpcf-field-number wpcf-field-realization\"><span class=\"wpcf-field-name wpcf-field-number-name wpcf-field-realization-name\">realization:<\/span> <span class=\"wpcf-field-value wpcf-field-number-value wpcf-field-realization-value\">2006<\/span><\/div>\n          <\/li>\n\t\t\n          <li>\n            \n          <div style=\"display:none\" class=\"wpv-addon-maps-marker js-wpv-addon-maps-marker js-wpv-addon-maps-marker-marker-102770 js-wpv-addon-maps-markerfor-map-1\" data-marker=\"marker-102770\" data-markertitle=\"Dojima River Forum Cafe\" data-markerfor=\"map-1\" data-markerlat=\"34.6935945\" data-markerlon=\"135.4733534\" data-markericon=\"\/wp-content\/uploads\/sites\/6\/2017\/11\/area_marker_3.png\" data-markericonhover=\"\" data-streetview=\"no\" data-fromview=\"\">\n            <article class=\"marker-itinerario\">\n\t<div class=\"entry-thumbnail\">\n      \n      \n      \t<img loading=\"lazy\" decoding=\"async\" width=\"800\" height=\"608\" src=\"https:\/\/static.tecnichenuove.it\/areaarch\/2021\/04\/Dojima-River-Forum-Cafe_f1.jpg\" class=\"attachment-post-thumbnail size-post-thumbnail wp-post-image\" alt=\"\" srcset=\"https:\/\/static.tecnichenuove.it\/areaarch\/2021\/04\/Dojima-River-Forum-Cafe_f1.jpg 800w, https:\/\/static.tecnichenuove.it\/areaarch\/2021\/04\/Dojima-River-Forum-Cafe_f1-300x228.jpg 300w, https:\/\/static.tecnichenuove.it\/areaarch\/2021\/04\/Dojima-River-Forum-Cafe_f1-768x584.jpg 768w, https:\/\/static.tecnichenuove.it\/areaarch\/2021\/04\/Dojima-River-Forum-Cafe_f1-80x60.jpg 80w, https:\/\/static.tecnichenuove.it\/areaarch\/2021\/04\/Dojima-River-Forum-Cafe_f1-696x529.jpg 696w, https:\/\/static.tecnichenuove.it\/areaarch\/2021\/04\/Dojima-River-Forum-Cafe_f1-553x420.jpg 553w\" sizes=\"auto, (max-width: 800px) 100vw, 800px\" \/>\n      \t<img decoding=\"async\" src=\"https:\/\/www.area-arch.it\/wp-content\/uploads\/sites\/6\/2021\/04\/Dojima-River-Forum-Cafe_d1.jpg\" class=\"attachment-post-thumbnail\" \/>\n      \n\t<\/div>\n  \t<div class=\"entry-column\">\n      <h3 class=\"entry-title td-module-title\">Dojima River Forum Cafe<\/h3>\n      <div class=\"td-excerpt\">\n            <div id=\"wpcf-field-tipology\" class=\"wpcf-field-select wpcf-field-tipology\"><span class=\"wpcf-field-name wpcf-field-select-name wpcf-field-tipology-name\">tipology:<\/span> <span class=\"wpcf-field-value wpcf-field-select-value wpcf-field-tipology-value\">commercial<\/span><\/div>\n            <div id=\"wpcf-field-architect\" class=\"wpcf-field-single-line wpcf-field-architect\"><span class=\"wpcf-field-name wpcf-field-single-line-name wpcf-field-architect-name\">architect:<\/span> <span class=\"wpcf-field-value wpcf-field-single-line-value wpcf-field-architect-value\">Terminal 01<\/span><\/div>\n            <div id=\"wpcf-field-realization\" class=\"wpcf-field-number wpcf-field-realization\"><span class=\"wpcf-field-name wpcf-field-number-name wpcf-field-realization-name\">realization:<\/span> <span class=\"wpcf-field-value wpcf-field-number-value wpcf-field-realization-value\">2010<\/span><\/div>\n            Fukushima Ward, Osaka, Prefettura di Osaka, Giappone\n          <\/div>\n  <\/div>\n<\/article>\n          <\/div>\n            <h4><a href=\"#\" onclick=\"cimap();\" class=\"link-marker js-wpv-addon-maps-focus-map js-toolset-maps-hover-map-map-1-marker-marker-102770 js-toolset-maps-open-infowindow-map-map-1-marker-marker-102770\" data-map=\"map-1\" data-marker=\"marker-102770\">18. Dojima River Forum Cafe<\/a><\/h4>\n            <div id=\"wpcf-field-tipology\" class=\"wpcf-field-select wpcf-field-tipology\"><span class=\"wpcf-field-name wpcf-field-select-name wpcf-field-tipology-name\">tipology:<\/span> <span class=\"wpcf-field-value wpcf-field-select-value wpcf-field-tipology-value\">commercial<\/span><\/div> | <div id=\"wpcf-field-architect\" class=\"wpcf-field-single-line wpcf-field-architect\"><span class=\"wpcf-field-name wpcf-field-single-line-name wpcf-field-architect-name\">architect:<\/span> <span class=\"wpcf-field-value wpcf-field-single-line-value wpcf-field-architect-value\">Terminal 01<\/span><\/div> | <div id=\"wpcf-field-realization\" class=\"wpcf-field-number wpcf-field-realization\"><span class=\"wpcf-field-name wpcf-field-number-name wpcf-field-realization-name\">realization:<\/span> <span class=\"wpcf-field-value wpcf-field-number-value wpcf-field-realization-value\">2010<\/span><\/div>\n          <\/li>\n\t\t\n          <li>\n            \n          <div style=\"display:none\" class=\"wpv-addon-maps-marker js-wpv-addon-maps-marker js-wpv-addon-maps-marker-marker-102773 js-wpv-addon-maps-markerfor-map-1\" data-marker=\"marker-102773\" data-markertitle=\"Asahi Broadcasting Corporation\" data-markerfor=\"map-1\" data-markerlat=\"34.6935945\" data-markerlon=\"135.4733534\" data-markericon=\"\/wp-content\/uploads\/sites\/6\/2017\/11\/area_marker_11.png\" data-markericonhover=\"\" data-streetview=\"no\" data-fromview=\"\">\n            <article class=\"marker-itinerario\">\n\t<div class=\"entry-thumbnail\">\n      \n      \t<img loading=\"lazy\" decoding=\"async\" width=\"300\" height=\"190\" src=\"https:\/\/static.tecnichenuove.it\/areaarch\/2021\/04\/Asahi-Broadcasting-Corporation_f2-300x190.jpg\" class=\"attachment-medium size-medium wp-post-image\" alt=\"\" srcset=\"https:\/\/static.tecnichenuove.it\/areaarch\/2021\/04\/Asahi-Broadcasting-Corporation_f2-300x190.jpg 300w, https:\/\/static.tecnichenuove.it\/areaarch\/2021\/04\/Asahi-Broadcasting-Corporation_f2-1024x648.jpg 1024w, https:\/\/static.tecnichenuove.it\/areaarch\/2021\/04\/Asahi-Broadcasting-Corporation_f2-768x486.jpg 768w, https:\/\/static.tecnichenuove.it\/areaarch\/2021\/04\/Asahi-Broadcasting-Corporation_f2-696x440.jpg 696w, https:\/\/static.tecnichenuove.it\/areaarch\/2021\/04\/Asahi-Broadcasting-Corporation_f2-1068x676.jpg 1068w, https:\/\/static.tecnichenuove.it\/areaarch\/2021\/04\/Asahi-Broadcasting-Corporation_f2-664x420.jpg 664w, https:\/\/static.tecnichenuove.it\/areaarch\/2021\/04\/Asahi-Broadcasting-Corporation_f2.jpg 1400w\" sizes=\"auto, (max-width: 300px) 100vw, 300px\" \/>\n      \n      \n\t<\/div>\n  \t<div class=\"entry-column\">\n      <h3 class=\"entry-title td-module-title\">Asahi Broadcasting Corporation<\/h3>\n      <div class=\"td-excerpt\">\n            <div id=\"wpcf-field-tipology\" class=\"wpcf-field-select wpcf-field-tipology\"><span class=\"wpcf-field-name wpcf-field-select-name wpcf-field-tipology-name\">tipology:<\/span> <span class=\"wpcf-field-value wpcf-field-select-value wpcf-field-tipology-value\">office<\/span><\/div>\n            <div id=\"wpcf-field-architect\" class=\"wpcf-field-single-line wpcf-field-architect\"><span class=\"wpcf-field-name wpcf-field-single-line-name wpcf-field-architect-name\">architect:<\/span> <span class=\"wpcf-field-value wpcf-field-single-line-value wpcf-field-architect-value\">Kengo Kuma and Associates<\/span><\/div>\n            <div id=\"wpcf-field-realization\" class=\"wpcf-field-number wpcf-field-realization\"><span class=\"wpcf-field-name wpcf-field-number-name wpcf-field-realization-name\">realization:<\/span> <span class=\"wpcf-field-value wpcf-field-number-value wpcf-field-realization-value\">2008<\/span><\/div>\n            Fukushima Ward, Osaka, Prefettura di Osaka, Giappone\n          <\/div>\n  <\/div>\n<\/article>\n          <\/div>\n            <h4><a href=\"#\" onclick=\"cimap();\" class=\"link-marker js-wpv-addon-maps-focus-map js-toolset-maps-hover-map-map-1-marker-marker-102773 js-toolset-maps-open-infowindow-map-map-1-marker-marker-102773\" data-map=\"map-1\" data-marker=\"marker-102773\">19. Asahi Broadcasting Corporation<\/a><\/h4>\n            <div id=\"wpcf-field-tipology\" class=\"wpcf-field-select wpcf-field-tipology\"><span class=\"wpcf-field-name wpcf-field-select-name wpcf-field-tipology-name\">tipology:<\/span> <span class=\"wpcf-field-value wpcf-field-select-value wpcf-field-tipology-value\">office<\/span><\/div> | <div id=\"wpcf-field-architect\" class=\"wpcf-field-single-line wpcf-field-architect\"><span class=\"wpcf-field-name wpcf-field-single-line-name wpcf-field-architect-name\">architect:<\/span> <span class=\"wpcf-field-value wpcf-field-single-line-value wpcf-field-architect-value\">Kengo Kuma and Associates<\/span><\/div> | <div id=\"wpcf-field-realization\" class=\"wpcf-field-number wpcf-field-realization\"><span class=\"wpcf-field-name wpcf-field-number-name wpcf-field-realization-name\">realization:<\/span> <span class=\"wpcf-field-value wpcf-field-number-value wpcf-field-realization-value\">2008<\/span><\/div>\n          <\/li>\n\t\t\n          <li>\n            \n          <div style=\"display:none\" class=\"wpv-addon-maps-marker js-wpv-addon-maps-marker js-wpv-addon-maps-marker-marker-102775 js-wpv-addon-maps-markerfor-map-1\" data-marker=\"marker-102775\" data-markertitle=\"The Blend Inn Hotel\" data-markerfor=\"map-1\" data-markerlat=\"34.6764557\" data-markerlon=\"135.4168607\" data-markericon=\"\/wp-content\/uploads\/sites\/6\/2017\/11\/area_marker_7.png\" data-markericonhover=\"\" data-streetview=\"no\" data-fromview=\"\">\n            <article class=\"marker-itinerario\">\n\t<div class=\"entry-thumbnail\">\n      \n      \n      \t<img loading=\"lazy\" decoding=\"async\" width=\"1400\" height=\"933\" src=\"https:\/\/static.tecnichenuove.it\/areaarch\/2021\/04\/The-blend-inn_f1.jpg\" class=\"attachment-post-thumbnail size-post-thumbnail wp-post-image\" alt=\"\" srcset=\"https:\/\/static.tecnichenuove.it\/areaarch\/2021\/04\/The-blend-inn_f1.jpg 1400w, https:\/\/static.tecnichenuove.it\/areaarch\/2021\/04\/The-blend-inn_f1-300x200.jpg 300w, https:\/\/static.tecnichenuove.it\/areaarch\/2021\/04\/The-blend-inn_f1-1024x682.jpg 1024w, https:\/\/static.tecnichenuove.it\/areaarch\/2021\/04\/The-blend-inn_f1-150x100.jpg 150w, https:\/\/static.tecnichenuove.it\/areaarch\/2021\/04\/The-blend-inn_f1-768x512.jpg 768w, https:\/\/static.tecnichenuove.it\/areaarch\/2021\/04\/The-blend-inn_f1-696x464.jpg 696w, https:\/\/static.tecnichenuove.it\/areaarch\/2021\/04\/The-blend-inn_f1-1068x712.jpg 1068w, https:\/\/static.tecnichenuove.it\/areaarch\/2021\/04\/The-blend-inn_f1-630x420.jpg 630w\" sizes=\"auto, (max-width: 1400px) 100vw, 1400px\" \/>\n      \t<img decoding=\"async\" src=\"https:\/\/www.area-arch.it\/wp-content\/uploads\/sites\/6\/2021\/04\/The-blend-inn_d1-BIS.jpg\" class=\"attachment-post-thumbnail\" \/>\n      \n\t<\/div>\n  \t<div class=\"entry-column\">\n      <h3 class=\"entry-title td-module-title\">The Blend Inn Hotel<\/h3>\n      <div class=\"td-excerpt\">\n            <div id=\"wpcf-field-tipology\" class=\"wpcf-field-select wpcf-field-tipology\"><span class=\"wpcf-field-name wpcf-field-select-name wpcf-field-tipology-name\">tipology:<\/span> <span class=\"wpcf-field-value wpcf-field-select-value wpcf-field-tipology-value\">hotel<\/span><\/div>\n            <div id=\"wpcf-field-architect\" class=\"wpcf-field-single-line wpcf-field-architect\"><span class=\"wpcf-field-name wpcf-field-single-line-name wpcf-field-architect-name\">architect:<\/span> <span class=\"wpcf-field-value wpcf-field-single-line-value wpcf-field-architect-value\">Tato Architects<\/span><\/div>\n            <div id=\"wpcf-field-realization\" class=\"wpcf-field-number wpcf-field-realization\"><span class=\"wpcf-field-name wpcf-field-number-name wpcf-field-realization-name\">realization:<\/span> <span class=\"wpcf-field-value wpcf-field-number-value wpcf-field-realization-value\">2017<\/span><\/div>\n            Konohana Ward, Osaka, Prefettura di Osaka, Giappone\n          <\/div>\n  <\/div>\n<\/article>\n          <\/div>\n            <h4><a href=\"#\" onclick=\"cimap();\" class=\"link-marker js-wpv-addon-maps-focus-map js-toolset-maps-hover-map-map-1-marker-marker-102775 js-toolset-maps-open-infowindow-map-map-1-marker-marker-102775\" data-map=\"map-1\" data-marker=\"marker-102775\">20. The Blend Inn Hotel<\/a><\/h4>\n            <div id=\"wpcf-field-tipology\" class=\"wpcf-field-select wpcf-field-tipology\"><span class=\"wpcf-field-name wpcf-field-select-name wpcf-field-tipology-name\">tipology:<\/span> <span class=\"wpcf-field-value wpcf-field-select-value wpcf-field-tipology-value\">hotel<\/span><\/div> | <div id=\"wpcf-field-architect\" class=\"wpcf-field-single-line wpcf-field-architect\"><span class=\"wpcf-field-name wpcf-field-single-line-name wpcf-field-architect-name\">architect:<\/span> <span class=\"wpcf-field-value wpcf-field-single-line-value wpcf-field-architect-value\">Tato Architects<\/span><\/div> | <div id=\"wpcf-field-realization\" class=\"wpcf-field-number wpcf-field-realization\"><span class=\"wpcf-field-name wpcf-field-number-name wpcf-field-realization-name\">realization:<\/span> <span class=\"wpcf-field-value wpcf-field-number-value wpcf-field-realization-value\">2017<\/span><\/div>\n          <\/li>\n\t\t\n          <li>\n            \n          <div style=\"display:none\" class=\"wpv-addon-maps-marker js-wpv-addon-maps-marker js-wpv-addon-maps-marker-marker-102778 js-wpv-addon-maps-markerfor-map-1\" data-marker=\"marker-102778\" data-markertitle=\"Grand Cube Osaka (Osaka International Convention Center)\" data-markerfor=\"map-1\" data-markerlat=\"34.6917217\" data-markerlon=\"135.4910214\" data-markericon=\"\/wp-content\/uploads\/sites\/6\/2017\/11\/area_marker_9.png\" data-markericonhover=\"\" data-streetview=\"no\" data-fromview=\"\">\n            <article class=\"marker-itinerario\">\n\t<div class=\"entry-thumbnail\">\n      \n      \n      \t<img loading=\"lazy\" decoding=\"async\" width=\"1400\" height=\"933\" src=\"https:\/\/static.tecnichenuove.it\/areaarch\/2021\/04\/Grand-Cube-Osaka_f.jpg\" class=\"attachment-post-thumbnail size-post-thumbnail wp-post-image\" alt=\"\" srcset=\"https:\/\/static.tecnichenuove.it\/areaarch\/2021\/04\/Grand-Cube-Osaka_f.jpg 1400w, https:\/\/static.tecnichenuove.it\/areaarch\/2021\/04\/Grand-Cube-Osaka_f-300x200.jpg 300w, https:\/\/static.tecnichenuove.it\/areaarch\/2021\/04\/Grand-Cube-Osaka_f-1024x682.jpg 1024w, https:\/\/static.tecnichenuove.it\/areaarch\/2021\/04\/Grand-Cube-Osaka_f-150x100.jpg 150w, https:\/\/static.tecnichenuove.it\/areaarch\/2021\/04\/Grand-Cube-Osaka_f-768x512.jpg 768w, https:\/\/static.tecnichenuove.it\/areaarch\/2021\/04\/Grand-Cube-Osaka_f-696x464.jpg 696w, https:\/\/static.tecnichenuove.it\/areaarch\/2021\/04\/Grand-Cube-Osaka_f-1068x712.jpg 1068w, https:\/\/static.tecnichenuove.it\/areaarch\/2021\/04\/Grand-Cube-Osaka_f-630x420.jpg 630w\" sizes=\"auto, (max-width: 1400px) 100vw, 1400px\" \/>\n      \t<img decoding=\"async\" src=\"https:\/\/www.area-arch.it\/wp-content\/uploads\/sites\/6\/2021\/04\/Grand-Cube-Osaka.jpg\" class=\"attachment-post-thumbnail\" \/>\n      \n\t<\/div>\n  \t<div class=\"entry-column\">\n      <h3 class=\"entry-title td-module-title\">Grand Cube Osaka (Osaka International Convention Center)<\/h3>\n      <div class=\"td-excerpt\">\n            <div id=\"wpcf-field-tipology\" class=\"wpcf-field-select wpcf-field-tipology\"><span class=\"wpcf-field-name wpcf-field-select-name wpcf-field-tipology-name\">tipology:<\/span> <span class=\"wpcf-field-value wpcf-field-select-value wpcf-field-tipology-value\">mixed use<\/span><\/div>\n            <div id=\"wpcf-field-architect\" class=\"wpcf-field-single-line wpcf-field-architect\"><span class=\"wpcf-field-name wpcf-field-single-line-name wpcf-field-architect-name\">architect:<\/span> <span class=\"wpcf-field-value wpcf-field-single-line-value wpcf-field-architect-value\">Kisho Kurakawa Architect &amp; Associates<\/span><\/div>\n            <div id=\"wpcf-field-realization\" class=\"wpcf-field-number wpcf-field-realization\"><span class=\"wpcf-field-name wpcf-field-number-name wpcf-field-realization-name\">realization:<\/span> <span class=\"wpcf-field-value wpcf-field-number-value wpcf-field-realization-value\">2000<\/span><\/div>\n            Nakanoshima, Kita-ku, Osaka, Prefettura di Osaka, Giappone\n          <\/div>\n  <\/div>\n<\/article>\n          <\/div>\n            <h4><a href=\"#\" onclick=\"cimap();\" class=\"link-marker js-wpv-addon-maps-focus-map js-toolset-maps-hover-map-map-1-marker-marker-102778 js-toolset-maps-open-infowindow-map-map-1-marker-marker-102778\" data-map=\"map-1\" data-marker=\"marker-102778\">21. Grand Cube Osaka (Osaka International Convention Center)<\/a><\/h4>\n            <div id=\"wpcf-field-tipology\" class=\"wpcf-field-select wpcf-field-tipology\"><span class=\"wpcf-field-name wpcf-field-select-name wpcf-field-tipology-name\">tipology:<\/span> <span class=\"wpcf-field-value wpcf-field-select-value wpcf-field-tipology-value\">mixed use<\/span><\/div> | <div id=\"wpcf-field-architect\" class=\"wpcf-field-single-line wpcf-field-architect\"><span class=\"wpcf-field-name wpcf-field-single-line-name wpcf-field-architect-name\">architect:<\/span> <span class=\"wpcf-field-value wpcf-field-single-line-value wpcf-field-architect-value\">Kisho Kurakawa Architect &amp; Associates<\/span><\/div> | <div id=\"wpcf-field-realization\" class=\"wpcf-field-number wpcf-field-realization\"><span class=\"wpcf-field-name wpcf-field-number-name wpcf-field-realization-name\">realization:<\/span> <span class=\"wpcf-field-value wpcf-field-number-value wpcf-field-realization-value\">2000<\/span><\/div>\n          <\/li>\n\t\t\n          <li>\n            \n          <div style=\"display:none\" class=\"wpv-addon-maps-marker js-wpv-addon-maps-marker js-wpv-addon-maps-marker-marker-102781 js-wpv-addon-maps-markerfor-map-1\" data-marker=\"marker-102781\" data-markertitle=\"National Museum of Art\" data-markerfor=\"map-1\" data-markerlat=\"34.6917217\" data-markerlon=\"135.4910214\" data-markericon=\"\/wp-content\/uploads\/sites\/6\/2017\/11\/area_marker_10.png\" data-markericonhover=\"\" data-streetview=\"no\" data-fromview=\"\">\n            <article class=\"marker-itinerario\">\n\t<div class=\"entry-thumbnail\">\n      \n      \n      \t<img loading=\"lazy\" decoding=\"async\" width=\"977\" height=\"977\" src=\"https:\/\/static.tecnichenuove.it\/areaarch\/2021\/04\/National-Museum-of-Art_f1.jpg\" class=\"attachment-post-thumbnail size-post-thumbnail wp-post-image\" alt=\"\" srcset=\"https:\/\/static.tecnichenuove.it\/areaarch\/2021\/04\/National-Museum-of-Art_f1.jpg 977w, https:\/\/static.tecnichenuove.it\/areaarch\/2021\/04\/National-Museum-of-Art_f1-300x300.jpg 300w, https:\/\/static.tecnichenuove.it\/areaarch\/2021\/04\/National-Museum-of-Art_f1-768x768.jpg 768w, https:\/\/static.tecnichenuove.it\/areaarch\/2021\/04\/National-Museum-of-Art_f1-696x696.jpg 696w, https:\/\/static.tecnichenuove.it\/areaarch\/2021\/04\/National-Museum-of-Art_f1-420x420.jpg 420w\" sizes=\"auto, (max-width: 977px) 100vw, 977px\" \/>\n      \t<img decoding=\"async\" src=\"https:\/\/www.area-arch.it\/wp-content\/uploads\/sites\/6\/2021\/04\/Schermata-2021-04-20-alle-13.17.18.jpg\" class=\"attachment-post-thumbnail\" \/>\n      \n\t<\/div>\n  \t<div class=\"entry-column\">\n      <h3 class=\"entry-title td-module-title\">National Museum of Art<\/h3>\n      <div class=\"td-excerpt\">\n            <div id=\"wpcf-field-tipology\" class=\"wpcf-field-select wpcf-field-tipology\"><span class=\"wpcf-field-name wpcf-field-select-name wpcf-field-tipology-name\">tipology:<\/span> <span class=\"wpcf-field-value wpcf-field-select-value wpcf-field-tipology-value\">museum<\/span><\/div>\n            <div id=\"wpcf-field-architect\" class=\"wpcf-field-single-line wpcf-field-architect\"><span class=\"wpcf-field-name wpcf-field-single-line-name wpcf-field-architect-name\">architect:<\/span> <span class=\"wpcf-field-value wpcf-field-single-line-value wpcf-field-architect-value\">Pelli Clarke Pelli<\/span><\/div>\n            <div id=\"wpcf-field-realization\" class=\"wpcf-field-number wpcf-field-realization\"><span class=\"wpcf-field-name wpcf-field-number-name wpcf-field-realization-name\">realization:<\/span> <span class=\"wpcf-field-value wpcf-field-number-value wpcf-field-realization-value\">2004<\/span><\/div>\n            Nakanoshima, Kita-ku, Osaka, Prefettura di Osaka, Giappone\n          <\/div>\n  <\/div>\n<\/article>\n          <\/div>\n            <h4><a href=\"#\" onclick=\"cimap();\" class=\"link-marker js-wpv-addon-maps-focus-map js-toolset-maps-hover-map-map-1-marker-marker-102781 js-toolset-maps-open-infowindow-map-map-1-marker-marker-102781\" data-map=\"map-1\" data-marker=\"marker-102781\">22. National Museum of Art<\/a><\/h4>\n            <div id=\"wpcf-field-tipology\" class=\"wpcf-field-select wpcf-field-tipology\"><span class=\"wpcf-field-name wpcf-field-select-name wpcf-field-tipology-name\">tipology:<\/span> <span class=\"wpcf-field-value wpcf-field-select-value wpcf-field-tipology-value\">museum<\/span><\/div> | <div id=\"wpcf-field-architect\" class=\"wpcf-field-single-line wpcf-field-architect\"><span class=\"wpcf-field-name wpcf-field-single-line-name wpcf-field-architect-name\">architect:<\/span> <span class=\"wpcf-field-value wpcf-field-single-line-value wpcf-field-architect-value\">Pelli Clarke Pelli<\/span><\/div> | <div id=\"wpcf-field-realization\" class=\"wpcf-field-number wpcf-field-realization\"><span class=\"wpcf-field-name wpcf-field-number-name wpcf-field-realization-name\">realization:<\/span> <span class=\"wpcf-field-value wpcf-field-number-value wpcf-field-realization-value\">2004<\/span><\/div>\n          <\/li>\n\t\t\n          <li>\n            \n          <div style=\"display:none\" class=\"wpv-addon-maps-marker js-wpv-addon-maps-marker js-wpv-addon-maps-marker-marker-102784 js-wpv-addon-maps-markerfor-map-1\" data-marker=\"marker-102784\" data-markertitle=\"Nakanoshima Mitsui Building\" data-markerfor=\"map-1\" data-markerlat=\"34.6917217\" data-markerlon=\"135.4910214\" data-markericon=\"\/wp-content\/uploads\/sites\/6\/2017\/11\/area_marker_11.png\" data-markericonhover=\"\" data-streetview=\"no\" data-fromview=\"\">\n            <article class=\"marker-itinerario\">\n\t<div class=\"entry-thumbnail\">\n      \n      \n      \t<img loading=\"lazy\" decoding=\"async\" width=\"1016\" height=\"1400\" src=\"https:\/\/static.tecnichenuove.it\/areaarch\/2021\/04\/Nakanoshima-Mitsui-Building_f.jpg\" class=\"attachment-post-thumbnail size-post-thumbnail wp-post-image\" alt=\"\" srcset=\"https:\/\/static.tecnichenuove.it\/areaarch\/2021\/04\/Nakanoshima-Mitsui-Building_f.jpg 1016w, https:\/\/static.tecnichenuove.it\/areaarch\/2021\/04\/Nakanoshima-Mitsui-Building_f-218x300.jpg 218w, https:\/\/static.tecnichenuove.it\/areaarch\/2021\/04\/Nakanoshima-Mitsui-Building_f-743x1024.jpg 743w, https:\/\/static.tecnichenuove.it\/areaarch\/2021\/04\/Nakanoshima-Mitsui-Building_f-768x1058.jpg 768w, https:\/\/static.tecnichenuove.it\/areaarch\/2021\/04\/Nakanoshima-Mitsui-Building_f-696x959.jpg 696w, https:\/\/static.tecnichenuove.it\/areaarch\/2021\/04\/Nakanoshima-Mitsui-Building_f-305x420.jpg 305w\" sizes=\"auto, (max-width: 1016px) 100vw, 1016px\" \/>\n      \t<img decoding=\"async\" src=\"https:\/\/www.area-arch.it\/wp-content\/uploads\/sites\/6\/2021\/04\/Nakanoshima-Mitsui-Building.jpg\" class=\"attachment-post-thumbnail\" \/>\n      \n\t<\/div>\n  \t<div class=\"entry-column\">\n      <h3 class=\"entry-title td-module-title\">Nakanoshima Mitsui Building<\/h3>\n      <div class=\"td-excerpt\">\n            <div id=\"wpcf-field-tipology\" class=\"wpcf-field-select wpcf-field-tipology\"><span class=\"wpcf-field-name wpcf-field-select-name wpcf-field-tipology-name\">tipology:<\/span> <span class=\"wpcf-field-value wpcf-field-select-value wpcf-field-tipology-value\">office<\/span><\/div>\n            <div id=\"wpcf-field-architect\" class=\"wpcf-field-single-line wpcf-field-architect\"><span class=\"wpcf-field-name wpcf-field-single-line-name wpcf-field-architect-name\">architect:<\/span> <span class=\"wpcf-field-value wpcf-field-single-line-value wpcf-field-architect-value\">Pelli Clarke Pelli<\/span><\/div>\n            <div id=\"wpcf-field-realization\" class=\"wpcf-field-number wpcf-field-realization\"><span class=\"wpcf-field-name wpcf-field-number-name wpcf-field-realization-name\">realization:<\/span> <span class=\"wpcf-field-value wpcf-field-number-value wpcf-field-realization-value\">2002<\/span><\/div>\n            Nakanoshima, Kita-ku, Osaka, Prefettura di Osaka, Giappone\n          <\/div>\n  <\/div>\n<\/article>\n          <\/div>\n            <h4><a href=\"#\" onclick=\"cimap();\" class=\"link-marker js-wpv-addon-maps-focus-map js-toolset-maps-hover-map-map-1-marker-marker-102784 js-toolset-maps-open-infowindow-map-map-1-marker-marker-102784\" data-map=\"map-1\" data-marker=\"marker-102784\">23. Nakanoshima Mitsui Building<\/a><\/h4>\n            <div id=\"wpcf-field-tipology\" class=\"wpcf-field-select wpcf-field-tipology\"><span class=\"wpcf-field-name wpcf-field-select-name wpcf-field-tipology-name\">tipology:<\/span> <span class=\"wpcf-field-value wpcf-field-select-value wpcf-field-tipology-value\">office<\/span><\/div> | <div id=\"wpcf-field-architect\" class=\"wpcf-field-single-line wpcf-field-architect\"><span class=\"wpcf-field-name wpcf-field-single-line-name wpcf-field-architect-name\">architect:<\/span> <span class=\"wpcf-field-value wpcf-field-single-line-value wpcf-field-architect-value\">Pelli Clarke Pelli<\/span><\/div> | <div id=\"wpcf-field-realization\" class=\"wpcf-field-number wpcf-field-realization\"><span class=\"wpcf-field-name wpcf-field-number-name wpcf-field-realization-name\">realization:<\/span> <span class=\"wpcf-field-value wpcf-field-number-value wpcf-field-realization-value\">2002<\/span><\/div>\n          <\/li>\n\t\t\n          <li>\n            \n          <div style=\"display:none\" class=\"wpv-addon-maps-marker js-wpv-addon-maps-marker js-wpv-addon-maps-marker-marker-102787 js-wpv-addon-maps-markerfor-map-1\" data-marker=\"marker-102787\" data-markertitle=\"Nakanoshima Twin Towers\" data-markerfor=\"map-1\" data-markerlat=\"34.6917217\" data-markerlon=\"135.4910214\" data-markericon=\"\/wp-content\/uploads\/sites\/6\/2017\/11\/area_marker_9.png\" data-markericonhover=\"\" data-streetview=\"no\" data-fromview=\"\">\n            <article class=\"marker-itinerario\">\n\t<div class=\"entry-thumbnail\">\n      \n      \n      \t<img loading=\"lazy\" decoding=\"async\" width=\"1392\" height=\"1400\" src=\"https:\/\/static.tecnichenuove.it\/areaarch\/2021\/04\/Nakanoshima-Twin-Towers_f1.jpg\" class=\"attachment-post-thumbnail size-post-thumbnail wp-post-image\" alt=\"\" srcset=\"https:\/\/static.tecnichenuove.it\/areaarch\/2021\/04\/Nakanoshima-Twin-Towers_f1.jpg 1392w, https:\/\/static.tecnichenuove.it\/areaarch\/2021\/04\/Nakanoshima-Twin-Towers_f1-298x300.jpg 298w, https:\/\/static.tecnichenuove.it\/areaarch\/2021\/04\/Nakanoshima-Twin-Towers_f1-1018x1024.jpg 1018w, https:\/\/static.tecnichenuove.it\/areaarch\/2021\/04\/Nakanoshima-Twin-Towers_f1-768x772.jpg 768w, https:\/\/static.tecnichenuove.it\/areaarch\/2021\/04\/Nakanoshima-Twin-Towers_f1-696x700.jpg 696w, https:\/\/static.tecnichenuove.it\/areaarch\/2021\/04\/Nakanoshima-Twin-Towers_f1-1068x1074.jpg 1068w, https:\/\/static.tecnichenuove.it\/areaarch\/2021\/04\/Nakanoshima-Twin-Towers_f1-418x420.jpg 418w\" sizes=\"auto, (max-width: 1392px) 100vw, 1392px\" \/>\n      \t<img decoding=\"async\" src=\"https:\/\/www.area-arch.it\/wp-content\/uploads\/sites\/6\/2021\/04\/Schermata-2021-04-20-alle-13.23.32.jpg\" class=\"attachment-post-thumbnail\" \/>\n      \n\t<\/div>\n  \t<div class=\"entry-column\">\n      <h3 class=\"entry-title td-module-title\">Nakanoshima Twin Towers<\/h3>\n      <div class=\"td-excerpt\">\n            <div id=\"wpcf-field-tipology\" class=\"wpcf-field-select wpcf-field-tipology\"><span class=\"wpcf-field-name wpcf-field-select-name wpcf-field-tipology-name\">tipology:<\/span> <span class=\"wpcf-field-value wpcf-field-select-value wpcf-field-tipology-value\">mixed use<\/span><\/div>\n            <div id=\"wpcf-field-architect\" class=\"wpcf-field-single-line wpcf-field-architect\"><span class=\"wpcf-field-name wpcf-field-single-line-name wpcf-field-architect-name\">architect:<\/span> <span class=\"wpcf-field-value wpcf-field-single-line-value wpcf-field-architect-value\">Nikken Sekkei \/ Yukio Hashimoto<\/span><\/div>\n            <div id=\"wpcf-field-realization\" class=\"wpcf-field-number wpcf-field-realization\"><span class=\"wpcf-field-name wpcf-field-number-name wpcf-field-realization-name\">realization:<\/span> <span class=\"wpcf-field-value wpcf-field-number-value wpcf-field-realization-value\">2017<\/span><\/div>\n            Nakanoshima, Kita-ku, Osaka, Prefettura di Osaka, Giappone\n          <\/div>\n  <\/div>\n<\/article>\n          <\/div>\n            <h4><a href=\"#\" onclick=\"cimap();\" class=\"link-marker js-wpv-addon-maps-focus-map js-toolset-maps-hover-map-map-1-marker-marker-102787 js-toolset-maps-open-infowindow-map-map-1-marker-marker-102787\" data-map=\"map-1\" data-marker=\"marker-102787\">24. Nakanoshima Twin Towers<\/a><\/h4>\n            <div id=\"wpcf-field-tipology\" class=\"wpcf-field-select wpcf-field-tipology\"><span class=\"wpcf-field-name wpcf-field-select-name wpcf-field-tipology-name\">tipology:<\/span> <span class=\"wpcf-field-value wpcf-field-select-value wpcf-field-tipology-value\">mixed use<\/span><\/div> | <div id=\"wpcf-field-architect\" class=\"wpcf-field-single-line wpcf-field-architect\"><span class=\"wpcf-field-name wpcf-field-single-line-name wpcf-field-architect-name\">architect:<\/span> <span class=\"wpcf-field-value wpcf-field-single-line-value wpcf-field-architect-value\">Nikken Sekkei \/ Yukio Hashimoto<\/span><\/div> | <div id=\"wpcf-field-realization\" class=\"wpcf-field-number wpcf-field-realization\"><span class=\"wpcf-field-name wpcf-field-number-name wpcf-field-realization-name\">realization:<\/span> <span class=\"wpcf-field-value wpcf-field-number-value wpcf-field-realization-value\">2017<\/span><\/div>\n          <\/li>\n\t\t\n          <li>\n            \n          <div style=\"display:none\" class=\"wpv-addon-maps-marker js-wpv-addon-maps-marker js-wpv-addon-maps-marker-marker-102790 js-wpv-addon-maps-markerfor-map-1\" data-marker=\"marker-102790\" data-markertitle=\"Nakanoshima children&#8217;s book forest\" data-markerfor=\"map-1\" data-markerlat=\"34.6917217\" data-markerlon=\"135.4910214\" data-markericon=\"\/wp-content\/uploads\/sites\/6\/2017\/11\/area_marker_9.png\" data-markericonhover=\"\" data-streetview=\"no\" data-fromview=\"\">\n            <article class=\"marker-itinerario\">\n\t<div class=\"entry-thumbnail\">\n      \n      \n      \t<img loading=\"lazy\" decoding=\"async\" width=\"900\" height=\"550\" src=\"https:\/\/static.tecnichenuove.it\/areaarch\/2021\/04\/nakanoshima-childrens-book-forest_f2.jpg\" class=\"attachment-post-thumbnail size-post-thumbnail wp-post-image\" alt=\"\" srcset=\"https:\/\/static.tecnichenuove.it\/areaarch\/2021\/04\/nakanoshima-childrens-book-forest_f2.jpg 900w, https:\/\/static.tecnichenuove.it\/areaarch\/2021\/04\/nakanoshima-childrens-book-forest_f2-300x183.jpg 300w, https:\/\/static.tecnichenuove.it\/areaarch\/2021\/04\/nakanoshima-childrens-book-forest_f2-768x469.jpg 768w, https:\/\/static.tecnichenuove.it\/areaarch\/2021\/04\/nakanoshima-childrens-book-forest_f2-696x425.jpg 696w, https:\/\/static.tecnichenuove.it\/areaarch\/2021\/04\/nakanoshima-childrens-book-forest_f2-687x420.jpg 687w\" sizes=\"auto, (max-width: 900px) 100vw, 900px\" \/>\n      \t<img decoding=\"async\" src=\"https:\/\/www.area-arch.it\/wp-content\/uploads\/sites\/6\/2021\/04\/nakanoshima-childrens-book-forest_d1.jpg\" class=\"attachment-post-thumbnail\" \/>\n      \n\t<\/div>\n  \t<div class=\"entry-column\">\n      <h3 class=\"entry-title td-module-title\">Nakanoshima children&#8217;s book forest<\/h3>\n      <div class=\"td-excerpt\">\n            <div id=\"wpcf-field-tipology\" class=\"wpcf-field-select wpcf-field-tipology\"><span class=\"wpcf-field-name wpcf-field-select-name wpcf-field-tipology-name\">tipology:<\/span> <span class=\"wpcf-field-value wpcf-field-select-value wpcf-field-tipology-value\">mixed use<\/span><\/div>\n            <div id=\"wpcf-field-architect\" class=\"wpcf-field-single-line wpcf-field-architect\"><span class=\"wpcf-field-name wpcf-field-single-line-name wpcf-field-architect-name\">architect:<\/span> <span class=\"wpcf-field-value wpcf-field-single-line-value wpcf-field-architect-value\">Tadao Ando Architect &amp; Associates<\/span><\/div>\n            <div id=\"wpcf-field-realization\" class=\"wpcf-field-number wpcf-field-realization\"><span class=\"wpcf-field-name wpcf-field-number-name wpcf-field-realization-name\">realization:<\/span> <span class=\"wpcf-field-value wpcf-field-number-value wpcf-field-realization-value\">2020<\/span><\/div>\n            Nakanoshima, Kita-ku, Osaka, Prefettura di Osaka, Giappone\n          <\/div>\n  <\/div>\n<\/article>\n          <\/div>\n            <h4><a href=\"#\" onclick=\"cimap();\" class=\"link-marker js-wpv-addon-maps-focus-map js-toolset-maps-hover-map-map-1-marker-marker-102790 js-toolset-maps-open-infowindow-map-map-1-marker-marker-102790\" data-map=\"map-1\" data-marker=\"marker-102790\">25. Nakanoshima children&#8217;s book forest<\/a><\/h4>\n            <div id=\"wpcf-field-tipology\" class=\"wpcf-field-select wpcf-field-tipology\"><span class=\"wpcf-field-name wpcf-field-select-name wpcf-field-tipology-name\">tipology:<\/span> <span class=\"wpcf-field-value wpcf-field-select-value wpcf-field-tipology-value\">mixed use<\/span><\/div> | <div id=\"wpcf-field-architect\" class=\"wpcf-field-single-line wpcf-field-architect\"><span class=\"wpcf-field-name wpcf-field-single-line-name wpcf-field-architect-name\">architect:<\/span> <span class=\"wpcf-field-value wpcf-field-single-line-value wpcf-field-architect-value\">Tadao Ando Architect &amp; Associates<\/span><\/div> | <div id=\"wpcf-field-realization\" class=\"wpcf-field-number wpcf-field-realization\"><span class=\"wpcf-field-name wpcf-field-number-name wpcf-field-realization-name\">realization:<\/span> <span class=\"wpcf-field-value wpcf-field-number-value wpcf-field-realization-value\">2020<\/span><\/div>\n          <\/li>\n\t\t\n          <li>\n            \n          <div style=\"display:none\" class=\"wpv-addon-maps-marker js-wpv-addon-maps-marker js-wpv-addon-maps-marker-marker-102793 js-wpv-addon-maps-markerfor-map-1\" data-marker=\"marker-102793\" data-markertitle=\"The Kitahama\" data-markerfor=\"map-1\" data-markerlat=\"34.6898284\" data-markerlon=\"135.498385\" data-markericon=\"\/wp-content\/uploads\/sites\/6\/2017\/11\/area_marker_13.png\" data-markericonhover=\"\" data-streetview=\"no\" data-fromview=\"\">\n            <article class=\"marker-itinerario\">\n\t<div class=\"entry-thumbnail\">\n      \n      \t<img loading=\"lazy\" decoding=\"async\" width=\"187\" height=\"300\" src=\"https:\/\/static.tecnichenuove.it\/areaarch\/2021\/04\/The-Kitahama_f-187x300.jpg\" class=\"attachment-medium size-medium wp-post-image\" alt=\"\" srcset=\"https:\/\/static.tecnichenuove.it\/areaarch\/2021\/04\/The-Kitahama_f-187x300.jpg 187w, https:\/\/static.tecnichenuove.it\/areaarch\/2021\/04\/The-Kitahama_f-639x1024.jpg 639w, https:\/\/static.tecnichenuove.it\/areaarch\/2021\/04\/The-Kitahama_f-768x1232.jpg 768w, https:\/\/static.tecnichenuove.it\/areaarch\/2021\/04\/The-Kitahama_f-696x1116.jpg 696w, https:\/\/static.tecnichenuove.it\/areaarch\/2021\/04\/The-Kitahama_f-262x420.jpg 262w, https:\/\/static.tecnichenuove.it\/areaarch\/2021\/04\/The-Kitahama_f.jpg 873w\" sizes=\"auto, (max-width: 187px) 100vw, 187px\" \/>\n      \n      \n\t<\/div>\n  \t<div class=\"entry-column\">\n      <h3 class=\"entry-title td-module-title\">The Kitahama<\/h3>\n      <div class=\"td-excerpt\">\n            <div id=\"wpcf-field-tipology\" class=\"wpcf-field-select wpcf-field-tipology\"><span class=\"wpcf-field-name wpcf-field-select-name wpcf-field-tipology-name\">tipology:<\/span> <span class=\"wpcf-field-value wpcf-field-select-value wpcf-field-tipology-value\">residential<\/span><\/div>\n            <div id=\"wpcf-field-architect\" class=\"wpcf-field-single-line wpcf-field-architect\"><span class=\"wpcf-field-name wpcf-field-single-line-name wpcf-field-architect-name\">architect:<\/span> <span class=\"wpcf-field-value wpcf-field-single-line-value wpcf-field-architect-value\">Mitsubishi Estate Company<\/span><\/div>\n            <div id=\"wpcf-field-realization\" class=\"wpcf-field-number wpcf-field-realization\"><span class=\"wpcf-field-name wpcf-field-number-name wpcf-field-realization-name\">realization:<\/span> <span class=\"wpcf-field-value wpcf-field-number-value wpcf-field-realization-value\">2009<\/span><\/div>\n            Koraibashi, Ch\u016b\u014d-ku, Osaka, Prefettura di Osaka, Giappone\n          <\/div>\n  <\/div>\n<\/article>\n          <\/div>\n            <h4><a href=\"#\" onclick=\"cimap();\" class=\"link-marker js-wpv-addon-maps-focus-map js-toolset-maps-hover-map-map-1-marker-marker-102793 js-toolset-maps-open-infowindow-map-map-1-marker-marker-102793\" data-map=\"map-1\" data-marker=\"marker-102793\">26. The Kitahama<\/a><\/h4>\n            <div id=\"wpcf-field-tipology\" class=\"wpcf-field-select wpcf-field-tipology\"><span class=\"wpcf-field-name wpcf-field-select-name wpcf-field-tipology-name\">tipology:<\/span> <span class=\"wpcf-field-value wpcf-field-select-value wpcf-field-tipology-value\">residential<\/span><\/div> | <div id=\"wpcf-field-architect\" class=\"wpcf-field-single-line wpcf-field-architect\"><span class=\"wpcf-field-name wpcf-field-single-line-name wpcf-field-architect-name\">architect:<\/span> <span class=\"wpcf-field-value wpcf-field-single-line-value wpcf-field-architect-value\">Mitsubishi Estate Company<\/span><\/div> | <div id=\"wpcf-field-realization\" class=\"wpcf-field-number wpcf-field-realization\"><span class=\"wpcf-field-name wpcf-field-number-name wpcf-field-realization-name\">realization:<\/span> <span class=\"wpcf-field-value wpcf-field-number-value wpcf-field-realization-value\">2009<\/span><\/div>\n          <\/li>\n\t\t\n          <li>\n            \n          <div style=\"display:none\" class=\"wpv-addon-maps-marker js-wpv-addon-maps-marker js-wpv-addon-maps-marker-marker-102795 js-wpv-addon-maps-markerfor-map-1\" data-marker=\"marker-102795\" data-markertitle=\"ORIX Hommachi Building\" data-markerfor=\"map-1\" data-markerlat=\"34.6823873\" data-markerlon=\"135.4930831\" data-markericon=\"\/wp-content\/uploads\/sites\/6\/2017\/11\/area_marker_9.png\" data-markericonhover=\"\" data-streetview=\"no\" data-fromview=\"\">\n            <article class=\"marker-itinerario\">\n\t<div class=\"entry-thumbnail\">\n      \n      \t<img loading=\"lazy\" decoding=\"async\" width=\"187\" height=\"300\" src=\"https:\/\/static.tecnichenuove.it\/areaarch\/2021\/04\/The-Kitahama_f-187x300.jpg\" class=\"attachment-medium size-medium wp-post-image\" alt=\"\" srcset=\"https:\/\/static.tecnichenuove.it\/areaarch\/2021\/04\/The-Kitahama_f-187x300.jpg 187w, https:\/\/static.tecnichenuove.it\/areaarch\/2021\/04\/The-Kitahama_f-639x1024.jpg 639w, https:\/\/static.tecnichenuove.it\/areaarch\/2021\/04\/The-Kitahama_f-768x1232.jpg 768w, https:\/\/static.tecnichenuove.it\/areaarch\/2021\/04\/The-Kitahama_f-696x1116.jpg 696w, https:\/\/static.tecnichenuove.it\/areaarch\/2021\/04\/The-Kitahama_f-262x420.jpg 262w, https:\/\/static.tecnichenuove.it\/areaarch\/2021\/04\/The-Kitahama_f.jpg 873w\" sizes=\"auto, (max-width: 187px) 100vw, 187px\" \/>\n      \n      \n\t<\/div>\n  \t<div class=\"entry-column\">\n      <h3 class=\"entry-title td-module-title\">ORIX Hommachi Building<\/h3>\n      <div class=\"td-excerpt\">\n            <div id=\"wpcf-field-tipology\" class=\"wpcf-field-select wpcf-field-tipology\"><span class=\"wpcf-field-name wpcf-field-select-name wpcf-field-tipology-name\">tipology:<\/span> <span class=\"wpcf-field-value wpcf-field-select-value wpcf-field-tipology-value\">mixed use<\/span><\/div>\n            <div id=\"wpcf-field-architect\" class=\"wpcf-field-single-line wpcf-field-architect\"><span class=\"wpcf-field-name wpcf-field-single-line-name wpcf-field-architect-name\">architect:<\/span> <span class=\"wpcf-field-value wpcf-field-single-line-value wpcf-field-architect-value\">Takenaka Corporation<\/span><\/div>\n            <div id=\"wpcf-field-realization\" class=\"wpcf-field-number wpcf-field-realization\"><span class=\"wpcf-field-name wpcf-field-number-name wpcf-field-realization-name\">realization:<\/span> <span class=\"wpcf-field-value wpcf-field-number-value wpcf-field-realization-value\">2011<\/span><\/div>\n            Nishihonmachi, Nishi-ku, Osaka, Prefettura di Osaka, Giappone\n          <\/div>\n  <\/div>\n<\/article>\n          <\/div>\n            <h4><a href=\"#\" onclick=\"cimap();\" class=\"link-marker js-wpv-addon-maps-focus-map js-toolset-maps-hover-map-map-1-marker-marker-102795 js-toolset-maps-open-infowindow-map-map-1-marker-marker-102795\" data-map=\"map-1\" data-marker=\"marker-102795\">27. ORIX Hommachi Building<\/a><\/h4>\n            <div id=\"wpcf-field-tipology\" class=\"wpcf-field-select wpcf-field-tipology\"><span class=\"wpcf-field-name wpcf-field-select-name wpcf-field-tipology-name\">tipology:<\/span> <span class=\"wpcf-field-value wpcf-field-select-value wpcf-field-tipology-value\">mixed use<\/span><\/div> | <div id=\"wpcf-field-architect\" class=\"wpcf-field-single-line wpcf-field-architect\"><span class=\"wpcf-field-name wpcf-field-single-line-name wpcf-field-architect-name\">architect:<\/span> <span class=\"wpcf-field-value wpcf-field-single-line-value wpcf-field-architect-value\">Takenaka Corporation<\/span><\/div> | <div id=\"wpcf-field-realization\" class=\"wpcf-field-number wpcf-field-realization\"><span class=\"wpcf-field-name wpcf-field-number-name wpcf-field-realization-name\">realization:<\/span> <span class=\"wpcf-field-value wpcf-field-number-value wpcf-field-realization-value\">2011<\/span><\/div>\n          <\/li>\n\t\t\n          <li>\n            \n          <div style=\"display:none\" class=\"wpv-addon-maps-marker js-wpv-addon-maps-marker js-wpv-addon-maps-marker-marker-102796 js-wpv-addon-maps-markerfor-map-1\" data-marker=\"marker-102796\" data-markertitle=\"Osaka Heavy Ion Therapy Center\" data-markerfor=\"map-1\" data-markerlat=\"34.6855401\" data-markerlon=\"135.5198933\" data-markericon=\"\/wp-content\/uploads\/sites\/6\/2017\/11\/area_marker_5.png\" data-markericonhover=\"\" data-streetview=\"no\" data-fromview=\"\">\n            <article class=\"marker-itinerario\">\n\t<div class=\"entry-thumbnail\">\n      \n      \n      \t<img loading=\"lazy\" decoding=\"async\" width=\"673\" height=\"451\" src=\"https:\/\/static.tecnichenuove.it\/areaarch\/2021\/04\/OSAKA-HEAVY-ION-THERAPY-CENTER_f2.jpg\" class=\"attachment-post-thumbnail size-post-thumbnail wp-post-image\" alt=\"\" srcset=\"https:\/\/static.tecnichenuove.it\/areaarch\/2021\/04\/OSAKA-HEAVY-ION-THERAPY-CENTER_f2.jpg 673w, https:\/\/static.tecnichenuove.it\/areaarch\/2021\/04\/OSAKA-HEAVY-ION-THERAPY-CENTER_f2-300x201.jpg 300w, https:\/\/static.tecnichenuove.it\/areaarch\/2021\/04\/OSAKA-HEAVY-ION-THERAPY-CENTER_f2-150x100.jpg 150w, https:\/\/static.tecnichenuove.it\/areaarch\/2021\/04\/OSAKA-HEAVY-ION-THERAPY-CENTER_f2-627x420.jpg 627w\" sizes=\"auto, (max-width: 673px) 100vw, 673px\" \/>\n      \t<img decoding=\"async\" src=\"https:\/\/www.area-arch.it\/wp-content\/uploads\/sites\/6\/2021\/04\/Osaka-Heavy-Ion-Therapy-Center.jpg\" class=\"attachment-post-thumbnail\" \/>\n      \n\t<\/div>\n  \t<div class=\"entry-column\">\n      <h3 class=\"entry-title td-module-title\">Osaka Heavy Ion Therapy Center<\/h3>\n      <div class=\"td-excerpt\">\n            <div id=\"wpcf-field-tipology\" class=\"wpcf-field-select wpcf-field-tipology\"><span class=\"wpcf-field-name wpcf-field-select-name wpcf-field-tipology-name\">tipology:<\/span> <span class=\"wpcf-field-value wpcf-field-select-value wpcf-field-tipology-value\">health<\/span><\/div>\n            <div id=\"wpcf-field-architect\" class=\"wpcf-field-single-line wpcf-field-architect\"><span class=\"wpcf-field-name wpcf-field-single-line-name wpcf-field-architect-name\">architect:<\/span> <span class=\"wpcf-field-value wpcf-field-single-line-value wpcf-field-architect-value\">Nikken Sekkei<\/span><\/div>\n            <div id=\"wpcf-field-realization\" class=\"wpcf-field-number wpcf-field-realization\"><span class=\"wpcf-field-name wpcf-field-number-name wpcf-field-realization-name\">realization:<\/span> <span class=\"wpcf-field-value wpcf-field-number-value wpcf-field-realization-value\">2017<\/span><\/div>\n            \u014ctemae, Ch\u016b\u014d-ku, Osaka, Prefettura di Osaka, Giappone\n          <\/div>\n  <\/div>\n<\/article>\n          <\/div>\n            <h4><a href=\"#\" onclick=\"cimap();\" class=\"link-marker js-wpv-addon-maps-focus-map js-toolset-maps-hover-map-map-1-marker-marker-102796 js-toolset-maps-open-infowindow-map-map-1-marker-marker-102796\" data-map=\"map-1\" data-marker=\"marker-102796\">28. Osaka Heavy Ion Therapy Center<\/a><\/h4>\n            <div id=\"wpcf-field-tipology\" class=\"wpcf-field-select wpcf-field-tipology\"><span class=\"wpcf-field-name wpcf-field-select-name wpcf-field-tipology-name\">tipology:<\/span> <span class=\"wpcf-field-value wpcf-field-select-value wpcf-field-tipology-value\">health<\/span><\/div> | <div id=\"wpcf-field-architect\" class=\"wpcf-field-single-line wpcf-field-architect\"><span class=\"wpcf-field-name wpcf-field-single-line-name wpcf-field-architect-name\">architect:<\/span> <span class=\"wpcf-field-value wpcf-field-single-line-value wpcf-field-architect-value\">Nikken Sekkei<\/span><\/div> | <div id=\"wpcf-field-realization\" class=\"wpcf-field-number wpcf-field-realization\"><span class=\"wpcf-field-name wpcf-field-number-name wpcf-field-realization-name\">realization:<\/span> <span class=\"wpcf-field-value wpcf-field-number-value wpcf-field-realization-value\">2017<\/span><\/div>\n          <\/li>\n\t\t\n          <li>\n            \n          <div style=\"display:none\" class=\"wpv-addon-maps-marker js-wpv-addon-maps-marker js-wpv-addon-maps-marker-marker-102799 js-wpv-addon-maps-markerfor-map-1\" data-marker=\"marker-102799\" data-markertitle=\"NHK Osaka Broadcasting Center\" data-markerfor=\"map-1\" data-markerlat=\"34.6855401\" data-markerlon=\"135.5198933\" data-markericon=\"\/wp-content\/uploads\/sites\/6\/2017\/11\/area_marker_11.png\" data-markericonhover=\"\" data-streetview=\"no\" data-fromview=\"\">\n            <article class=\"marker-itinerario\">\n\t<div class=\"entry-thumbnail\">\n      \n      \t<img loading=\"lazy\" decoding=\"async\" width=\"300\" height=\"195\" src=\"https:\/\/static.tecnichenuove.it\/areaarch\/2021\/04\/NHK-Osaka-Broadcasting-Center_f1-300x195.jpg\" class=\"attachment-medium size-medium wp-post-image\" alt=\"\" srcset=\"https:\/\/static.tecnichenuove.it\/areaarch\/2021\/04\/NHK-Osaka-Broadcasting-Center_f1-300x195.jpg 300w, https:\/\/static.tecnichenuove.it\/areaarch\/2021\/04\/NHK-Osaka-Broadcasting-Center_f1-1024x665.jpg 1024w, https:\/\/static.tecnichenuove.it\/areaarch\/2021\/04\/NHK-Osaka-Broadcasting-Center_f1-768x499.jpg 768w, https:\/\/static.tecnichenuove.it\/areaarch\/2021\/04\/NHK-Osaka-Broadcasting-Center_f1-696x452.jpg 696w, https:\/\/static.tecnichenuove.it\/areaarch\/2021\/04\/NHK-Osaka-Broadcasting-Center_f1-1068x694.jpg 1068w, https:\/\/static.tecnichenuove.it\/areaarch\/2021\/04\/NHK-Osaka-Broadcasting-Center_f1-646x420.jpg 646w, https:\/\/static.tecnichenuove.it\/areaarch\/2021\/04\/NHK-Osaka-Broadcasting-Center_f1.jpg 1385w\" sizes=\"auto, (max-width: 300px) 100vw, 300px\" \/>\n      \n      \n\t<\/div>\n  \t<div class=\"entry-column\">\n      <h3 class=\"entry-title td-module-title\">NHK Osaka Broadcasting Center<\/h3>\n      <div class=\"td-excerpt\">\n            <div id=\"wpcf-field-tipology\" class=\"wpcf-field-select wpcf-field-tipology\"><span class=\"wpcf-field-name wpcf-field-select-name wpcf-field-tipology-name\">tipology:<\/span> <span class=\"wpcf-field-value wpcf-field-select-value wpcf-field-tipology-value\">office<\/span><\/div>\n            <div id=\"wpcf-field-architect\" class=\"wpcf-field-single-line wpcf-field-architect\"><span class=\"wpcf-field-name wpcf-field-single-line-name wpcf-field-architect-name\">architect:<\/span> <span class=\"wpcf-field-value wpcf-field-single-line-value wpcf-field-architect-value\">Pelli Clarke Pelli<\/span><\/div>\n            <div id=\"wpcf-field-realization\" class=\"wpcf-field-number wpcf-field-realization\"><span class=\"wpcf-field-name wpcf-field-number-name wpcf-field-realization-name\">realization:<\/span> <span class=\"wpcf-field-value wpcf-field-number-value wpcf-field-realization-value\">2000<\/span><\/div>\n            \u014ctemae, Ch\u016b\u014d-ku, Osaka, Prefettura di Osaka, Giappone\n          <\/div>\n  <\/div>\n<\/article>\n          <\/div>\n            <h4><a href=\"#\" onclick=\"cimap();\" class=\"link-marker js-wpv-addon-maps-focus-map js-toolset-maps-hover-map-map-1-marker-marker-102799 js-toolset-maps-open-infowindow-map-map-1-marker-marker-102799\" data-map=\"map-1\" data-marker=\"marker-102799\">29. NHK Osaka Broadcasting Center<\/a><\/h4>\n            <div id=\"wpcf-field-tipology\" class=\"wpcf-field-select wpcf-field-tipology\"><span class=\"wpcf-field-name wpcf-field-select-name wpcf-field-tipology-name\">tipology:<\/span> <span class=\"wpcf-field-value wpcf-field-select-value wpcf-field-tipology-value\">office<\/span><\/div> | <div id=\"wpcf-field-architect\" class=\"wpcf-field-single-line wpcf-field-architect\"><span class=\"wpcf-field-name wpcf-field-single-line-name wpcf-field-architect-name\">architect:<\/span> <span class=\"wpcf-field-value wpcf-field-single-line-value wpcf-field-architect-value\">Pelli Clarke Pelli<\/span><\/div> | <div id=\"wpcf-field-realization\" class=\"wpcf-field-number wpcf-field-realization\"><span class=\"wpcf-field-name wpcf-field-number-name wpcf-field-realization-name\">realization:<\/span> <span class=\"wpcf-field-value wpcf-field-number-value wpcf-field-realization-value\">2000<\/span><\/div>\n          <\/li>\n\t\t\n          <li>\n            \n          <div style=\"display:none\" class=\"wpv-addon-maps-marker js-wpv-addon-maps-marker js-wpv-addon-maps-marker-marker-102801 js-wpv-addon-maps-markerfor-map-1\" data-marker=\"marker-102801\" data-markertitle=\"Next 21 housing\" data-markerfor=\"map-1\" data-markerlat=\"34.6738201\" data-markerlon=\"135.5234298\" data-markericon=\"\/wp-content\/uploads\/sites\/6\/2017\/11\/area_marker_13.png\" data-markericonhover=\"\" data-streetview=\"no\" data-fromview=\"\">\n            <article class=\"marker-itinerario\">\n\t<div class=\"entry-thumbnail\">\n      \n      \n      \t<img loading=\"lazy\" decoding=\"async\" width=\"740\" height=\"512\" src=\"https:\/\/static.tecnichenuove.it\/areaarch\/2021\/04\/NEXT21_f.jpg\" class=\"attachment-post-thumbnail size-post-thumbnail wp-post-image\" alt=\"\" srcset=\"https:\/\/static.tecnichenuove.it\/areaarch\/2021\/04\/NEXT21_f.jpg 740w, https:\/\/static.tecnichenuove.it\/areaarch\/2021\/04\/NEXT21_f-300x208.jpg 300w, https:\/\/static.tecnichenuove.it\/areaarch\/2021\/04\/NEXT21_f-100x70.jpg 100w, https:\/\/static.tecnichenuove.it\/areaarch\/2021\/04\/NEXT21_f-218x150.jpg 218w, https:\/\/static.tecnichenuove.it\/areaarch\/2021\/04\/NEXT21_f-696x482.jpg 696w, https:\/\/static.tecnichenuove.it\/areaarch\/2021\/04\/NEXT21_f-607x420.jpg 607w\" sizes=\"auto, (max-width: 740px) 100vw, 740px\" \/>\n      \t<img decoding=\"async\" src=\"https:\/\/www.area-arch.it\/wp-content\/uploads\/sites\/6\/2021\/04\/Schermata-2021-04-20-alle-13.50.30.jpg\" class=\"attachment-post-thumbnail\" \/>\n      \n\t<\/div>\n  \t<div class=\"entry-column\">\n      <h3 class=\"entry-title td-module-title\">Next 21 housing<\/h3>\n      <div class=\"td-excerpt\">\n            <div id=\"wpcf-field-tipology\" class=\"wpcf-field-select wpcf-field-tipology\"><span class=\"wpcf-field-name wpcf-field-select-name wpcf-field-tipology-name\">tipology:<\/span> <span class=\"wpcf-field-value wpcf-field-select-value wpcf-field-tipology-value\">residential<\/span><\/div>\n            <div id=\"wpcf-field-architect\" class=\"wpcf-field-single-line wpcf-field-architect\"><span class=\"wpcf-field-name wpcf-field-single-line-name wpcf-field-architect-name\">architect:<\/span> <span class=\"wpcf-field-value wpcf-field-single-line-value wpcf-field-architect-value\">NEXT 21<\/span><\/div>\n            <div id=\"wpcf-field-realization\" class=\"wpcf-field-number wpcf-field-realization\"><span class=\"wpcf-field-name wpcf-field-number-name wpcf-field-realization-name\">realization:<\/span> <span class=\"wpcf-field-value wpcf-field-number-value wpcf-field-realization-value\">1993<\/span><\/div>\n            Shimizudanich\u014d, Tennoji, Osaka, Prefettura di Osaka, Giappone\n          <\/div>\n  <\/div>\n<\/article>\n          <\/div>\n            <h4><a href=\"#\" onclick=\"cimap();\" class=\"link-marker js-wpv-addon-maps-focus-map js-toolset-maps-hover-map-map-1-marker-marker-102801 js-toolset-maps-open-infowindow-map-map-1-marker-marker-102801\" data-map=\"map-1\" data-marker=\"marker-102801\">30. Next 21 housing<\/a><\/h4>\n            <div id=\"wpcf-field-tipology\" class=\"wpcf-field-select wpcf-field-tipology\"><span class=\"wpcf-field-name wpcf-field-select-name wpcf-field-tipology-name\">tipology:<\/span> <span class=\"wpcf-field-value wpcf-field-select-value wpcf-field-tipology-value\">residential<\/span><\/div> | <div id=\"wpcf-field-architect\" class=\"wpcf-field-single-line wpcf-field-architect\"><span class=\"wpcf-field-name wpcf-field-single-line-name wpcf-field-architect-name\">architect:<\/span> <span class=\"wpcf-field-value wpcf-field-single-line-value wpcf-field-architect-value\">NEXT 21<\/span><\/div> | <div id=\"wpcf-field-realization\" class=\"wpcf-field-number wpcf-field-realization\"><span class=\"wpcf-field-name wpcf-field-number-name wpcf-field-realization-name\">realization:<\/span> <span class=\"wpcf-field-value wpcf-field-number-value wpcf-field-realization-value\">1993<\/span><\/div>\n          <\/li>\n\t\t\n          <li>\n            \n          <div style=\"display:none\" class=\"wpv-addon-maps-marker js-wpv-addon-maps-marker js-wpv-addon-maps-marker-marker-102804 js-wpv-addon-maps-markerfor-map-1\" data-marker=\"marker-102804\" data-markertitle=\"LVMH Osaka\" data-markerfor=\"map-1\" data-markerlat=\"34.6724248\" data-markerlon=\"135.5010362\" data-markericon=\"\/wp-content\/uploads\/sites\/6\/2017\/11\/area_marker_9.png\" data-markericonhover=\"\" data-streetview=\"no\" data-fromview=\"\">\n            <article class=\"marker-itinerario\">\n\t<div class=\"entry-thumbnail\">\n      \n      \n      \t<img loading=\"lazy\" decoding=\"async\" width=\"1050\" height=\"1400\" src=\"https:\/\/static.tecnichenuove.it\/areaarch\/2021\/04\/LVMH-Osaka_f1.jpg\" class=\"attachment-post-thumbnail size-post-thumbnail wp-post-image\" alt=\"\" srcset=\"https:\/\/static.tecnichenuove.it\/areaarch\/2021\/04\/LVMH-Osaka_f1.jpg 1050w, https:\/\/static.tecnichenuove.it\/areaarch\/2021\/04\/LVMH-Osaka_f1-225x300.jpg 225w, https:\/\/static.tecnichenuove.it\/areaarch\/2021\/04\/LVMH-Osaka_f1-768x1024.jpg 768w, https:\/\/static.tecnichenuove.it\/areaarch\/2021\/04\/LVMH-Osaka_f1-696x928.jpg 696w, https:\/\/static.tecnichenuove.it\/areaarch\/2021\/04\/LVMH-Osaka_f1-315x420.jpg 315w\" sizes=\"auto, (max-width: 1050px) 100vw, 1050px\" \/>\n      \t<img decoding=\"async\" src=\"https:\/\/www.area-arch.it\/wp-content\/uploads\/sites\/6\/2021\/04\/LVMH-Osaka_d.jpg\" class=\"attachment-post-thumbnail\" \/>\n      \n\t<\/div>\n  \t<div class=\"entry-column\">\n      <h3 class=\"entry-title td-module-title\">LVMH Osaka<\/h3>\n      <div class=\"td-excerpt\">\n            <div id=\"wpcf-field-tipology\" class=\"wpcf-field-select wpcf-field-tipology\"><span class=\"wpcf-field-name wpcf-field-select-name wpcf-field-tipology-name\">tipology:<\/span> <span class=\"wpcf-field-value wpcf-field-select-value wpcf-field-tipology-value\">mixed use<\/span><\/div>\n            <div id=\"wpcf-field-architect\" class=\"wpcf-field-single-line wpcf-field-architect\"><span class=\"wpcf-field-name wpcf-field-single-line-name wpcf-field-architect-name\">architect:<\/span> <span class=\"wpcf-field-value wpcf-field-single-line-value wpcf-field-architect-value\">Kengo Kuma and Associates<\/span><\/div>\n            <div id=\"wpcf-field-realization\" class=\"wpcf-field-number wpcf-field-realization\"><span class=\"wpcf-field-name wpcf-field-number-name wpcf-field-realization-name\">realization:<\/span> <span class=\"wpcf-field-value wpcf-field-number-value wpcf-field-realization-value\">2004<\/span><\/div>\n            Shinsaibashisuji, Ch\u016b\u014d-ku, Osaka, Prefettura di Osaka, Giappone\n          <\/div>\n  <\/div>\n<\/article>\n          <\/div>\n            <h4><a href=\"#\" onclick=\"cimap();\" class=\"link-marker js-wpv-addon-maps-focus-map js-toolset-maps-hover-map-map-1-marker-marker-102804 js-toolset-maps-open-infowindow-map-map-1-marker-marker-102804\" data-map=\"map-1\" data-marker=\"marker-102804\">31. LVMH Osaka<\/a><\/h4>\n            <div id=\"wpcf-field-tipology\" class=\"wpcf-field-select wpcf-field-tipology\"><span class=\"wpcf-field-name wpcf-field-select-name wpcf-field-tipology-name\">tipology:<\/span> <span class=\"wpcf-field-value wpcf-field-select-value wpcf-field-tipology-value\">mixed use<\/span><\/div> | <div id=\"wpcf-field-architect\" class=\"wpcf-field-single-line wpcf-field-architect\"><span class=\"wpcf-field-name wpcf-field-single-line-name wpcf-field-architect-name\">architect:<\/span> <span class=\"wpcf-field-value wpcf-field-single-line-value wpcf-field-architect-value\">Kengo Kuma and Associates<\/span><\/div> | <div id=\"wpcf-field-realization\" class=\"wpcf-field-number wpcf-field-realization\"><span class=\"wpcf-field-name wpcf-field-number-name wpcf-field-realization-name\">realization:<\/span> <span class=\"wpcf-field-value wpcf-field-number-value wpcf-field-realization-value\">2004<\/span><\/div>\n          <\/li>\n\t\t\n          <li>\n            \n          <div style=\"display:none\" class=\"wpv-addon-maps-marker js-wpv-addon-maps-marker js-wpv-addon-maps-marker-marker-102808 js-wpv-addon-maps-markerfor-map-1\" data-marker=\"marker-102808\" data-markertitle=\"Louis Vuitton Maison Osaka Midosuji\" data-markerfor=\"map-1\" data-markerlat=\"34.6724248\" data-markerlon=\"135.5010362\" data-markericon=\"\/wp-content\/uploads\/sites\/6\/2017\/11\/area_marker_3.png\" data-markericonhover=\"\" data-streetview=\"no\" data-fromview=\"\">\n            <article class=\"marker-itinerario\">\n\t<div class=\"entry-thumbnail\">\n      \n      \n      \t<img loading=\"lazy\" decoding=\"async\" width=\"1171\" height=\"1400\" src=\"https:\/\/static.tecnichenuove.it\/areaarch\/2021\/04\/Louis-Vuitton_f1.jpg\" class=\"attachment-post-thumbnail size-post-thumbnail wp-post-image\" alt=\"\" srcset=\"https:\/\/static.tecnichenuove.it\/areaarch\/2021\/04\/Louis-Vuitton_f1.jpg 1171w, https:\/\/static.tecnichenuove.it\/areaarch\/2021\/04\/Louis-Vuitton_f1-251x300.jpg 251w, https:\/\/static.tecnichenuove.it\/areaarch\/2021\/04\/Louis-Vuitton_f1-857x1024.jpg 857w, https:\/\/static.tecnichenuove.it\/areaarch\/2021\/04\/Louis-Vuitton_f1-768x918.jpg 768w, https:\/\/static.tecnichenuove.it\/areaarch\/2021\/04\/Louis-Vuitton_f1-696x832.jpg 696w, https:\/\/static.tecnichenuove.it\/areaarch\/2021\/04\/Louis-Vuitton_f1-1068x1277.jpg 1068w, https:\/\/static.tecnichenuove.it\/areaarch\/2021\/04\/Louis-Vuitton_f1-351x420.jpg 351w\" sizes=\"auto, (max-width: 1171px) 100vw, 1171px\" \/>\n      \t<img decoding=\"async\" src=\"https:\/\/www.area-arch.it\/wp-content\/uploads\/sites\/6\/2021\/04\/Louis-Vuitton_d1.jpg\" class=\"attachment-post-thumbnail\" \/>\n      \n\t<\/div>\n  \t<div class=\"entry-column\">\n      <h3 class=\"entry-title td-module-title\">Louis Vuitton Maison Osaka Midosuji<\/h3>\n      <div class=\"td-excerpt\">\n            <div id=\"wpcf-field-tipology\" class=\"wpcf-field-select wpcf-field-tipology\"><span class=\"wpcf-field-name wpcf-field-select-name wpcf-field-tipology-name\">tipology:<\/span> <span class=\"wpcf-field-value wpcf-field-select-value wpcf-field-tipology-value\">commercial<\/span><\/div>\n            <div id=\"wpcf-field-architect\" class=\"wpcf-field-single-line wpcf-field-architect\"><span class=\"wpcf-field-name wpcf-field-single-line-name wpcf-field-architect-name\">architect:<\/span> <span class=\"wpcf-field-value wpcf-field-single-line-value wpcf-field-architect-value\">Jun Aoki &amp; associates \/ Peter Marino<\/span><\/div>\n            <div id=\"wpcf-field-realization\" class=\"wpcf-field-number wpcf-field-realization\"><span class=\"wpcf-field-name wpcf-field-number-name wpcf-field-realization-name\">realization:<\/span> <span class=\"wpcf-field-value wpcf-field-number-value wpcf-field-realization-value\">2019<\/span><\/div>\n            Shinsaibashisuji, Ch\u016b\u014d-ku, Osaka, Prefettura di Osaka, Giappone\n          <\/div>\n  <\/div>\n<\/article>\n          <\/div>\n            <h4><a href=\"#\" onclick=\"cimap();\" class=\"link-marker js-wpv-addon-maps-focus-map js-toolset-maps-hover-map-map-1-marker-marker-102808 js-toolset-maps-open-infowindow-map-map-1-marker-marker-102808\" data-map=\"map-1\" data-marker=\"marker-102808\">32. Louis Vuitton Maison Osaka Midosuji<\/a><\/h4>\n            <div id=\"wpcf-field-tipology\" class=\"wpcf-field-select wpcf-field-tipology\"><span class=\"wpcf-field-name wpcf-field-select-name wpcf-field-tipology-name\">tipology:<\/span> <span class=\"wpcf-field-value wpcf-field-select-value wpcf-field-tipology-value\">commercial<\/span><\/div> | <div id=\"wpcf-field-architect\" class=\"wpcf-field-single-line wpcf-field-architect\"><span class=\"wpcf-field-name wpcf-field-single-line-name wpcf-field-architect-name\">architect:<\/span> <span class=\"wpcf-field-value wpcf-field-single-line-value wpcf-field-architect-value\">Jun Aoki &amp; associates \/ Peter Marino<\/span><\/div> | <div id=\"wpcf-field-realization\" class=\"wpcf-field-number wpcf-field-realization\"><span class=\"wpcf-field-name wpcf-field-number-name wpcf-field-realization-name\">realization:<\/span> <span class=\"wpcf-field-value wpcf-field-number-value wpcf-field-realization-value\">2019<\/span><\/div>\n          <\/li>\n\t\t\n          <li>\n            \n          <div style=\"display:none\" class=\"wpv-addon-maps-marker js-wpv-addon-maps-marker js-wpv-addon-maps-marker-marker-102811 js-wpv-addon-maps-markerfor-map-1\" data-marker=\"marker-102811\" data-markertitle=\"Osaka Dome\" data-markerfor=\"map-1\" data-markerlat=\"34.6729631\" data-markerlon=\"135.479242\" data-markericon=\"\/wp-content\/uploads\/sites\/6\/2017\/11\/area_marker_14.png\" data-markericonhover=\"\" data-streetview=\"no\" data-fromview=\"\">\n            <article class=\"marker-itinerario\">\n\t<div class=\"entry-thumbnail\">\n      \n      \n      \t<img loading=\"lazy\" decoding=\"async\" width=\"1400\" height=\"1040\" src=\"https:\/\/static.tecnichenuove.it\/areaarch\/2021\/04\/osaka-dome_f.jpg\" class=\"attachment-post-thumbnail size-post-thumbnail wp-post-image\" alt=\"\" srcset=\"https:\/\/static.tecnichenuove.it\/areaarch\/2021\/04\/osaka-dome_f.jpg 1400w, https:\/\/static.tecnichenuove.it\/areaarch\/2021\/04\/osaka-dome_f-300x223.jpg 300w, https:\/\/static.tecnichenuove.it\/areaarch\/2021\/04\/osaka-dome_f-1024x761.jpg 1024w, https:\/\/static.tecnichenuove.it\/areaarch\/2021\/04\/osaka-dome_f-768x571.jpg 768w, https:\/\/static.tecnichenuove.it\/areaarch\/2021\/04\/osaka-dome_f-80x60.jpg 80w, https:\/\/static.tecnichenuove.it\/areaarch\/2021\/04\/osaka-dome_f-160x120.jpg 160w, https:\/\/static.tecnichenuove.it\/areaarch\/2021\/04\/osaka-dome_f-265x198.jpg 265w, https:\/\/static.tecnichenuove.it\/areaarch\/2021\/04\/osaka-dome_f-696x517.jpg 696w, https:\/\/static.tecnichenuove.it\/areaarch\/2021\/04\/osaka-dome_f-1068x793.jpg 1068w, https:\/\/static.tecnichenuove.it\/areaarch\/2021\/04\/osaka-dome_f-565x420.jpg 565w\" sizes=\"auto, (max-width: 1400px) 100vw, 1400px\" \/>\n      \t<img decoding=\"async\" src=\"https:\/\/www.area-arch.it\/wp-content\/uploads\/sites\/6\/2021\/04\/Osaka-Dome.jpg\" class=\"attachment-post-thumbnail\" \/>\n      \n\t<\/div>\n  \t<div class=\"entry-column\">\n      <h3 class=\"entry-title td-module-title\">Osaka Dome<\/h3>\n      <div class=\"td-excerpt\">\n            <div id=\"wpcf-field-tipology\" class=\"wpcf-field-select wpcf-field-tipology\"><span class=\"wpcf-field-name wpcf-field-select-name wpcf-field-tipology-name\">tipology:<\/span> <span class=\"wpcf-field-value wpcf-field-select-value wpcf-field-tipology-value\">sport<\/span><\/div>\n            <div id=\"wpcf-field-architect\" class=\"wpcf-field-single-line wpcf-field-architect\"><span class=\"wpcf-field-name wpcf-field-single-line-name wpcf-field-architect-name\">architect:<\/span> <span class=\"wpcf-field-value wpcf-field-single-line-value wpcf-field-architect-value\">Nikken Sekkei \/ Takenaka Corporation<\/span><\/div>\n            <div id=\"wpcf-field-realization\" class=\"wpcf-field-number wpcf-field-realization\"><span class=\"wpcf-field-name wpcf-field-number-name wpcf-field-realization-name\">realization:<\/span> <span class=\"wpcf-field-value wpcf-field-number-value wpcf-field-realization-value\">1997<\/span><\/div>\n            Chiyozaki, Nishi-ku, Osaka, Prefettura di Osaka, Giappone\n          <\/div>\n  <\/div>\n<\/article>\n          <\/div>\n            <h4><a href=\"#\" onclick=\"cimap();\" class=\"link-marker js-wpv-addon-maps-focus-map js-toolset-maps-hover-map-map-1-marker-marker-102811 js-toolset-maps-open-infowindow-map-map-1-marker-marker-102811\" data-map=\"map-1\" data-marker=\"marker-102811\">33. Osaka Dome<\/a><\/h4>\n            <div id=\"wpcf-field-tipology\" class=\"wpcf-field-select wpcf-field-tipology\"><span class=\"wpcf-field-name wpcf-field-select-name wpcf-field-tipology-name\">tipology:<\/span> <span class=\"wpcf-field-value wpcf-field-select-value wpcf-field-tipology-value\">sport<\/span><\/div> | <div id=\"wpcf-field-architect\" class=\"wpcf-field-single-line wpcf-field-architect\"><span class=\"wpcf-field-name wpcf-field-single-line-name wpcf-field-architect-name\">architect:<\/span> <span class=\"wpcf-field-value wpcf-field-single-line-value wpcf-field-architect-value\">Nikken Sekkei \/ Takenaka Corporation<\/span><\/div> | <div id=\"wpcf-field-realization\" class=\"wpcf-field-number wpcf-field-realization\"><span class=\"wpcf-field-name wpcf-field-number-name wpcf-field-realization-name\">realization:<\/span> <span class=\"wpcf-field-value wpcf-field-number-value wpcf-field-realization-value\">1997<\/span><\/div>\n          <\/li>\n\t\t\n          <li>\n            \n          <div style=\"display:none\" class=\"wpv-addon-maps-marker js-wpv-addon-maps-marker js-wpv-addon-maps-marker-marker-102814 js-wpv-addon-maps-markerfor-map-1\" data-marker=\"marker-102814\" data-markertitle=\"Namba Hatch\" data-markerfor=\"map-1\" data-markerlat=\"34.6663804\" data-markerlon=\"135.4951449\" data-markericon=\"\/wp-content\/uploads\/sites\/6\/2017\/11\/area_marker_9.png\" data-markericonhover=\"\" data-streetview=\"no\" data-fromview=\"\">\n            <article class=\"marker-itinerario\">\n\t<div class=\"entry-thumbnail\">\n      \n      \t<img loading=\"lazy\" decoding=\"async\" width=\"300\" height=\"200\" src=\"https:\/\/static.tecnichenuove.it\/areaarch\/2021\/04\/Namba-Hatch_f1-300x200.jpg\" class=\"attachment-medium size-medium wp-post-image\" alt=\"\" srcset=\"https:\/\/static.tecnichenuove.it\/areaarch\/2021\/04\/Namba-Hatch_f1-300x200.jpg 300w, https:\/\/static.tecnichenuove.it\/areaarch\/2021\/04\/Namba-Hatch_f1-150x100.jpg 150w, https:\/\/static.tecnichenuove.it\/areaarch\/2021\/04\/Namba-Hatch_f1-768x512.jpg 768w, https:\/\/static.tecnichenuove.it\/areaarch\/2021\/04\/Namba-Hatch_f1-696x464.jpg 696w, https:\/\/static.tecnichenuove.it\/areaarch\/2021\/04\/Namba-Hatch_f1-630x420.jpg 630w, https:\/\/static.tecnichenuove.it\/areaarch\/2021\/04\/Namba-Hatch_f1.jpg 780w\" sizes=\"auto, (max-width: 300px) 100vw, 300px\" \/>\n      \n      \n\t<\/div>\n  \t<div class=\"entry-column\">\n      <h3 class=\"entry-title td-module-title\">Namba Hatch<\/h3>\n      <div class=\"td-excerpt\">\n            <div id=\"wpcf-field-tipology\" class=\"wpcf-field-select wpcf-field-tipology\"><span class=\"wpcf-field-name wpcf-field-select-name wpcf-field-tipology-name\">tipology:<\/span> <span class=\"wpcf-field-value wpcf-field-select-value wpcf-field-tipology-value\">mixed use<\/span><\/div>\n            <div id=\"wpcf-field-architect\" class=\"wpcf-field-single-line wpcf-field-architect\"><span class=\"wpcf-field-name wpcf-field-single-line-name wpcf-field-architect-name\">architect:<\/span> <span class=\"wpcf-field-value wpcf-field-single-line-value wpcf-field-architect-value\">Yasui architects &amp; engineers<\/span><\/div>\n            <div id=\"wpcf-field-realization\" class=\"wpcf-field-number wpcf-field-realization\"><span class=\"wpcf-field-name wpcf-field-number-name wpcf-field-realization-name\">realization:<\/span> <span class=\"wpcf-field-value wpcf-field-number-value wpcf-field-realization-value\">2002<\/span><\/div>\n            Minatomachi, Naniwa-ku, Osaka, Prefettura di Osaka, Giappone\n          <\/div>\n  <\/div>\n<\/article>\n          <\/div>\n            <h4><a href=\"#\" onclick=\"cimap();\" class=\"link-marker js-wpv-addon-maps-focus-map js-toolset-maps-hover-map-map-1-marker-marker-102814 js-toolset-maps-open-infowindow-map-map-1-marker-marker-102814\" data-map=\"map-1\" data-marker=\"marker-102814\">34. Namba Hatch<\/a><\/h4>\n            <div id=\"wpcf-field-tipology\" class=\"wpcf-field-select wpcf-field-tipology\"><span class=\"wpcf-field-name wpcf-field-select-name wpcf-field-tipology-name\">tipology:<\/span> <span class=\"wpcf-field-value wpcf-field-select-value wpcf-field-tipology-value\">mixed use<\/span><\/div> | <div id=\"wpcf-field-architect\" class=\"wpcf-field-single-line wpcf-field-architect\"><span class=\"wpcf-field-name wpcf-field-single-line-name wpcf-field-architect-name\">architect:<\/span> <span class=\"wpcf-field-value wpcf-field-single-line-value wpcf-field-architect-value\">Yasui architects &amp; engineers<\/span><\/div> | <div id=\"wpcf-field-realization\" class=\"wpcf-field-number wpcf-field-realization\"><span class=\"wpcf-field-name wpcf-field-number-name wpcf-field-realization-name\">realization:<\/span> <span class=\"wpcf-field-value wpcf-field-number-value wpcf-field-realization-value\">2002<\/span><\/div>\n          <\/li>\n\t\t\n          <li>\n            \n          <div style=\"display:none\" class=\"wpv-addon-maps-marker js-wpv-addon-maps-marker js-wpv-addon-maps-marker-marker-102816 js-wpv-addon-maps-markerfor-map-1\" data-marker=\"marker-102816\" data-markertitle=\"Namba Hips\" data-markerfor=\"map-1\" data-markerlat=\"34.6657531\" data-markerlon=\"135.5010362\" data-markericon=\"\/wp-content\/uploads\/sites\/6\/2017\/11\/area_marker_9.png\" data-markericonhover=\"\" data-streetview=\"no\" data-fromview=\"\">\n            <article class=\"marker-itinerario\">\n\t<div class=\"entry-thumbnail\">\n      \n      \t<img loading=\"lazy\" decoding=\"async\" width=\"203\" height=\"300\" src=\"https:\/\/static.tecnichenuove.it\/areaarch\/2021\/04\/Namba-Hips_f1-203x300.jpg\" class=\"attachment-medium size-medium wp-post-image\" alt=\"\" srcset=\"https:\/\/static.tecnichenuove.it\/areaarch\/2021\/04\/Namba-Hips_f1-203x300.jpg 203w, https:\/\/static.tecnichenuove.it\/areaarch\/2021\/04\/Namba-Hips_f1-694x1024.jpg 694w, https:\/\/static.tecnichenuove.it\/areaarch\/2021\/04\/Namba-Hips_f1-768x1133.jpg 768w, https:\/\/static.tecnichenuove.it\/areaarch\/2021\/04\/Namba-Hips_f1-696x1027.jpg 696w, https:\/\/static.tecnichenuove.it\/areaarch\/2021\/04\/Namba-Hips_f1-285x420.jpg 285w, https:\/\/static.tecnichenuove.it\/areaarch\/2021\/04\/Namba-Hips_f1.jpg 865w\" sizes=\"auto, (max-width: 203px) 100vw, 203px\" \/>\n      \n      \n\t<\/div>\n  \t<div class=\"entry-column\">\n      <h3 class=\"entry-title td-module-title\">Namba Hips<\/h3>\n      <div class=\"td-excerpt\">\n            <div id=\"wpcf-field-tipology\" class=\"wpcf-field-select wpcf-field-tipology\"><span class=\"wpcf-field-name wpcf-field-select-name wpcf-field-tipology-name\">tipology:<\/span> <span class=\"wpcf-field-value wpcf-field-select-value wpcf-field-tipology-value\">mixed use<\/span><\/div>\n            <div id=\"wpcf-field-architect\" class=\"wpcf-field-single-line wpcf-field-architect\"><span class=\"wpcf-field-name wpcf-field-single-line-name wpcf-field-architect-name\">architect:<\/span> <span class=\"wpcf-field-value wpcf-field-single-line-value wpcf-field-architect-value\">Shin Takamatsu Architectes &amp; Associates<\/span><\/div>\n            <div id=\"wpcf-field-realization\" class=\"wpcf-field-number wpcf-field-realization\"><span class=\"wpcf-field-name wpcf-field-number-name wpcf-field-realization-name\">realization:<\/span> <span class=\"wpcf-field-value wpcf-field-number-value wpcf-field-realization-value\">2007<\/span><\/div>\n            Namba, Ch\u016b\u014d-ku, Osaka, Prefettura di Osaka, Giappone\n          <\/div>\n  <\/div>\n<\/article>\n          <\/div>\n            <h4><a href=\"#\" onclick=\"cimap();\" class=\"link-marker js-wpv-addon-maps-focus-map js-toolset-maps-hover-map-map-1-marker-marker-102816 js-toolset-maps-open-infowindow-map-map-1-marker-marker-102816\" data-map=\"map-1\" data-marker=\"marker-102816\">35. Namba Hips<\/a><\/h4>\n            <div id=\"wpcf-field-tipology\" class=\"wpcf-field-select wpcf-field-tipology\"><span class=\"wpcf-field-name wpcf-field-select-name wpcf-field-tipology-name\">tipology:<\/span> <span class=\"wpcf-field-value wpcf-field-select-value wpcf-field-tipology-value\">mixed use<\/span><\/div> | <div id=\"wpcf-field-architect\" class=\"wpcf-field-single-line wpcf-field-architect\"><span class=\"wpcf-field-name wpcf-field-single-line-name wpcf-field-architect-name\">architect:<\/span> <span class=\"wpcf-field-value wpcf-field-single-line-value wpcf-field-architect-value\">Shin Takamatsu Architectes &amp; Associates<\/span><\/div> | <div id=\"wpcf-field-realization\" class=\"wpcf-field-number wpcf-field-realization\"><span class=\"wpcf-field-name wpcf-field-number-name wpcf-field-realization-name\">realization:<\/span> <span class=\"wpcf-field-value wpcf-field-number-value wpcf-field-realization-value\">2007<\/span><\/div>\n          <\/li>\n\t\t\n          <li>\n            \n          <div style=\"display:none\" class=\"wpv-addon-maps-marker js-wpv-addon-maps-marker js-wpv-addon-maps-marker-marker-102818 js-wpv-addon-maps-markerfor-map-1\" data-marker=\"marker-102818\" data-markertitle=\"Hotel Royal Classic Osaka\" data-markerfor=\"map-1\" data-markerlat=\"34.6657531\" data-markerlon=\"135.5010362\" data-markericon=\"\/wp-content\/uploads\/sites\/6\/2017\/11\/area_marker_7.png\" data-markericonhover=\"\" data-streetview=\"no\" data-fromview=\"\">\n            <article class=\"marker-itinerario\">\n\t<div class=\"entry-thumbnail\">\n      \n      \n      \t<img loading=\"lazy\" decoding=\"async\" width=\"479\" height=\"698\" src=\"https:\/\/static.tecnichenuove.it\/areaarch\/2021\/04\/Hotel-Royal-Classic-Osaka_f.jpg\" class=\"attachment-post-thumbnail size-post-thumbnail wp-post-image\" alt=\"\" srcset=\"https:\/\/static.tecnichenuove.it\/areaarch\/2021\/04\/Hotel-Royal-Classic-Osaka_f.jpg 479w, https:\/\/static.tecnichenuove.it\/areaarch\/2021\/04\/Hotel-Royal-Classic-Osaka_f-206x300.jpg 206w, https:\/\/static.tecnichenuove.it\/areaarch\/2021\/04\/Hotel-Royal-Classic-Osaka_f-288x420.jpg 288w\" sizes=\"auto, (max-width: 479px) 100vw, 479px\" \/>\n      \t<img decoding=\"async\" src=\"https:\/\/www.area-arch.it\/wp-content\/uploads\/sites\/6\/2021\/04\/Hotel-Royal-Classic-Osaka.png\" class=\"attachment-post-thumbnail\" \/>\n      \n\t<\/div>\n  \t<div class=\"entry-column\">\n      <h3 class=\"entry-title td-module-title\">Hotel Royal Classic Osaka<\/h3>\n      <div class=\"td-excerpt\">\n            <div id=\"wpcf-field-tipology\" class=\"wpcf-field-select wpcf-field-tipology\"><span class=\"wpcf-field-name wpcf-field-select-name wpcf-field-tipology-name\">tipology:<\/span> <span class=\"wpcf-field-value wpcf-field-select-value wpcf-field-tipology-value\">hotel<\/span><\/div>\n            <div id=\"wpcf-field-architect\" class=\"wpcf-field-single-line wpcf-field-architect\"><span class=\"wpcf-field-name wpcf-field-single-line-name wpcf-field-architect-name\">architect:<\/span> <span class=\"wpcf-field-value wpcf-field-single-line-value wpcf-field-architect-value\">Kengo Kuma and Associates<\/span><\/div>\n            <div id=\"wpcf-field-realization\" class=\"wpcf-field-number wpcf-field-realization\"><span class=\"wpcf-field-name wpcf-field-number-name wpcf-field-realization-name\">realization:<\/span> <span class=\"wpcf-field-value wpcf-field-number-value wpcf-field-realization-value\">2020<\/span><\/div>\n            Namba, Ch\u016b\u014d-ku, Osaka, Prefettura di Osaka, Giappone\n          <\/div>\n  <\/div>\n<\/article>\n          <\/div>\n            <h4><a href=\"#\" onclick=\"cimap();\" class=\"link-marker js-wpv-addon-maps-focus-map js-toolset-maps-hover-map-map-1-marker-marker-102818 js-toolset-maps-open-infowindow-map-map-1-marker-marker-102818\" data-map=\"map-1\" data-marker=\"marker-102818\">36. Hotel Royal Classic Osaka<\/a><\/h4>\n            <div id=\"wpcf-field-tipology\" class=\"wpcf-field-select wpcf-field-tipology\"><span class=\"wpcf-field-name wpcf-field-select-name wpcf-field-tipology-name\">tipology:<\/span> <span class=\"wpcf-field-value wpcf-field-select-value wpcf-field-tipology-value\">hotel<\/span><\/div> | <div id=\"wpcf-field-architect\" class=\"wpcf-field-single-line wpcf-field-architect\"><span class=\"wpcf-field-name wpcf-field-single-line-name wpcf-field-architect-name\">architect:<\/span> <span class=\"wpcf-field-value wpcf-field-single-line-value wpcf-field-architect-value\">Kengo Kuma and Associates<\/span><\/div> | <div id=\"wpcf-field-realization\" class=\"wpcf-field-number wpcf-field-realization\"><span class=\"wpcf-field-name wpcf-field-number-name wpcf-field-realization-name\">realization:<\/span> <span class=\"wpcf-field-value wpcf-field-number-value wpcf-field-realization-value\">2020<\/span><\/div>\n          <\/li>\n\t\t\n          <li>\n            \n          <div style=\"display:none\" class=\"wpv-addon-maps-marker js-wpv-addon-maps-marker js-wpv-addon-maps-marker-marker-102821 js-wpv-addon-maps-markerfor-map-1\" data-marker=\"marker-102821\" data-markertitle=\"Le Baron Vert\" data-markerfor=\"map-1\" data-markerlat=\"34.6750189\" data-markerlon=\"135.516357\" data-markericon=\"\/wp-content\/uploads\/sites\/6\/2017\/11\/area_marker_11.png\" data-markericonhover=\"\" data-streetview=\"no\" data-fromview=\"\">\n            <article class=\"marker-itinerario\">\n\t<div class=\"entry-thumbnail\">\n      \n      \t<img loading=\"lazy\" decoding=\"async\" width=\"207\" height=\"300\" src=\"https:\/\/static.tecnichenuove.it\/areaarch\/2021\/04\/Le-Baron-Vert_f-207x300.jpg\" class=\"attachment-medium size-medium wp-post-image\" alt=\"\" srcset=\"https:\/\/static.tecnichenuove.it\/areaarch\/2021\/04\/Le-Baron-Vert_f-207x300.jpg 207w, https:\/\/static.tecnichenuove.it\/areaarch\/2021\/04\/Le-Baron-Vert_f-707x1024.jpg 707w, https:\/\/static.tecnichenuove.it\/areaarch\/2021\/04\/Le-Baron-Vert_f-768x1113.jpg 768w, https:\/\/static.tecnichenuove.it\/areaarch\/2021\/04\/Le-Baron-Vert_f-696x1009.jpg 696w, https:\/\/static.tecnichenuove.it\/areaarch\/2021\/04\/Le-Baron-Vert_f-290x420.jpg 290w, https:\/\/static.tecnichenuove.it\/areaarch\/2021\/04\/Le-Baron-Vert_f.jpg 966w\" sizes=\"auto, (max-width: 207px) 100vw, 207px\" \/>\n      \n      \n\t<\/div>\n  \t<div class=\"entry-column\">\n      <h3 class=\"entry-title td-module-title\">Le Baron Vert<\/h3>\n      <div class=\"td-excerpt\">\n            <div id=\"wpcf-field-tipology\" class=\"wpcf-field-select wpcf-field-tipology\"><span class=\"wpcf-field-name wpcf-field-select-name wpcf-field-tipology-name\">tipology:<\/span> <span class=\"wpcf-field-value wpcf-field-select-value wpcf-field-tipology-value\">office<\/span><\/div>\n            <div id=\"wpcf-field-architect\" class=\"wpcf-field-single-line wpcf-field-architect\"><span class=\"wpcf-field-name wpcf-field-single-line-name wpcf-field-architect-name\">architect:<\/span> <span class=\"wpcf-field-value wpcf-field-single-line-value wpcf-field-architect-value\">Philippe Starck<\/span><\/div>\n            <div id=\"wpcf-field-realization\" class=\"wpcf-field-number wpcf-field-realization\"><span class=\"wpcf-field-name wpcf-field-number-name wpcf-field-realization-name\">realization:<\/span> <span class=\"wpcf-field-value wpcf-field-number-value wpcf-field-realization-value\">1992<\/span><\/div>\n            Tanimachi, Ch\u016b\u014d-ku, Osaka, Prefettura di Osaka, Giappone\n          <\/div>\n  <\/div>\n<\/article>\n          <\/div>\n            <h4><a href=\"#\" onclick=\"cimap();\" class=\"link-marker js-wpv-addon-maps-focus-map js-toolset-maps-hover-map-map-1-marker-marker-102821 js-toolset-maps-open-infowindow-map-map-1-marker-marker-102821\" data-map=\"map-1\" data-marker=\"marker-102821\">37. Le Baron Vert<\/a><\/h4>\n            <div id=\"wpcf-field-tipology\" class=\"wpcf-field-select wpcf-field-tipology\"><span class=\"wpcf-field-name wpcf-field-select-name wpcf-field-tipology-name\">tipology:<\/span> <span class=\"wpcf-field-value wpcf-field-select-value wpcf-field-tipology-value\">office<\/span><\/div> | <div id=\"wpcf-field-architect\" class=\"wpcf-field-single-line wpcf-field-architect\"><span class=\"wpcf-field-name wpcf-field-single-line-name wpcf-field-architect-name\">architect:<\/span> <span class=\"wpcf-field-value wpcf-field-single-line-value wpcf-field-architect-value\">Philippe Starck<\/span><\/div> | <div id=\"wpcf-field-realization\" class=\"wpcf-field-number wpcf-field-realization\"><span class=\"wpcf-field-name wpcf-field-number-name wpcf-field-realization-name\">realization:<\/span> <span class=\"wpcf-field-value wpcf-field-number-value wpcf-field-realization-value\">1992<\/span><\/div>\n          <\/li>\n\t\t\n          <li>\n            \n          <div style=\"display:none\" class=\"wpv-addon-maps-marker js-wpv-addon-maps-marker js-wpv-addon-maps-marker-marker-102823 js-wpv-addon-maps-markerfor-map-1\" data-marker=\"marker-102823\" data-markertitle=\"Namba Parks\" data-markerfor=\"map-1\" data-markerlat=\"34.6624171\" data-markerlon=\"135.5010362\" data-markericon=\"\/wp-content\/uploads\/sites\/6\/2017\/11\/area_marker_3.png\" data-markericonhover=\"\" data-streetview=\"no\" data-fromview=\"\">\n            <article class=\"marker-itinerario\">\n\t<div class=\"entry-thumbnail\">\n      \n      \n      \t\n      \t<img decoding=\"async\" src=\"https:\/\/www.area-arch.it\/wp-content\/uploads\/sites\/6\/2021\/04\/Namba-parks_d.jpg\" class=\"attachment-post-thumbnail\" \/>\n      \n\t<\/div>\n  \t<div class=\"entry-column\">\n      <h3 class=\"entry-title td-module-title\">Namba Parks<\/h3>\n      <div class=\"td-excerpt\">\n            <div id=\"wpcf-field-tipology\" class=\"wpcf-field-select wpcf-field-tipology\"><span class=\"wpcf-field-name wpcf-field-select-name wpcf-field-tipology-name\">tipology:<\/span> <span class=\"wpcf-field-value wpcf-field-select-value wpcf-field-tipology-value\">commercial<\/span><\/div>\n            <div id=\"wpcf-field-architect\" class=\"wpcf-field-single-line wpcf-field-architect\"><span class=\"wpcf-field-name wpcf-field-single-line-name wpcf-field-architect-name\">architect:<\/span> <span class=\"wpcf-field-value wpcf-field-single-line-value wpcf-field-architect-value\">The Jerde Partnership<\/span><\/div>\n            <div id=\"wpcf-field-realization\" class=\"wpcf-field-number wpcf-field-realization\"><span class=\"wpcf-field-name wpcf-field-number-name wpcf-field-realization-name\">realization:<\/span> <span class=\"wpcf-field-value wpcf-field-number-value wpcf-field-realization-value\">2007<\/span><\/div>\n            Nanbanaka, Naniwa-ku, Osaka, Prefettura di Osaka, Giappone\n          <\/div>\n  <\/div>\n<\/article>\n          <\/div>\n            <h4><a href=\"#\" onclick=\"cimap();\" class=\"link-marker js-wpv-addon-maps-focus-map js-toolset-maps-hover-map-map-1-marker-marker-102823 js-toolset-maps-open-infowindow-map-map-1-marker-marker-102823\" data-map=\"map-1\" data-marker=\"marker-102823\">38. Namba Parks<\/a><\/h4>\n            <div id=\"wpcf-field-tipology\" class=\"wpcf-field-select wpcf-field-tipology\"><span class=\"wpcf-field-name wpcf-field-select-name wpcf-field-tipology-name\">tipology:<\/span> <span class=\"wpcf-field-value wpcf-field-select-value wpcf-field-tipology-value\">commercial<\/span><\/div> | <div id=\"wpcf-field-architect\" class=\"wpcf-field-single-line wpcf-field-architect\"><span class=\"wpcf-field-name wpcf-field-single-line-name wpcf-field-architect-name\">architect:<\/span> <span class=\"wpcf-field-value wpcf-field-single-line-value wpcf-field-architect-value\">The Jerde Partnership<\/span><\/div> | <div id=\"wpcf-field-realization\" class=\"wpcf-field-number wpcf-field-realization\"><span class=\"wpcf-field-name wpcf-field-number-name wpcf-field-realization-name\">realization:<\/span> <span class=\"wpcf-field-value wpcf-field-number-value wpcf-field-realization-value\">2007<\/span><\/div>\n          <\/li>\n\t\t\n          <li>\n            \n          <div style=\"display:none\" class=\"wpv-addon-maps-marker js-wpv-addon-maps-marker js-wpv-addon-maps-marker-marker-102826 js-wpv-addon-maps-markerfor-map-1\" data-marker=\"marker-102826\" data-markertitle=\"Abeno Harukas (Abenobashi Terminal Building)\" data-markerfor=\"map-1\" data-markerlat=\"34.6414248\" data-markerlon=\"135.5122317\" data-markericon=\"\/wp-content\/uploads\/sites\/6\/2017\/11\/area_marker_9.png\" data-markericonhover=\"\" data-streetview=\"no\" data-fromview=\"\">\n            <article class=\"marker-itinerario\">\n\t<div class=\"entry-thumbnail\">\n      \n      \n      \t<img loading=\"lazy\" decoding=\"async\" width=\"775\" height=\"977\" src=\"https:\/\/static.tecnichenuove.it\/areaarch\/2021\/04\/Abeno-Harukas_f3.jpg\" class=\"attachment-post-thumbnail size-post-thumbnail wp-post-image\" alt=\"\" srcset=\"https:\/\/static.tecnichenuove.it\/areaarch\/2021\/04\/Abeno-Harukas_f3.jpg 775w, https:\/\/static.tecnichenuove.it\/areaarch\/2021\/04\/Abeno-Harukas_f3-238x300.jpg 238w, https:\/\/static.tecnichenuove.it\/areaarch\/2021\/04\/Abeno-Harukas_f3-768x968.jpg 768w, https:\/\/static.tecnichenuove.it\/areaarch\/2021\/04\/Abeno-Harukas_f3-696x877.jpg 696w, https:\/\/static.tecnichenuove.it\/areaarch\/2021\/04\/Abeno-Harukas_f3-333x420.jpg 333w\" sizes=\"auto, (max-width: 775px) 100vw, 775px\" \/>\n      \t<img decoding=\"async\" src=\"https:\/\/www.area-arch.it\/wp-content\/uploads\/sites\/6\/2021\/04\/Abeno-Harukas-01.jpeg\" class=\"attachment-post-thumbnail\" \/>\n      \n\t<\/div>\n  \t<div class=\"entry-column\">\n      <h3 class=\"entry-title td-module-title\">Abeno Harukas (Abenobashi Terminal Building)<\/h3>\n      <div class=\"td-excerpt\">\n            <div id=\"wpcf-field-tipology\" class=\"wpcf-field-select wpcf-field-tipology\"><span class=\"wpcf-field-name wpcf-field-select-name wpcf-field-tipology-name\">tipology:<\/span> <span class=\"wpcf-field-value wpcf-field-select-value wpcf-field-tipology-value\">mixed use<\/span><\/div>\n            <div id=\"wpcf-field-architect\" class=\"wpcf-field-single-line wpcf-field-architect\"><span class=\"wpcf-field-name wpcf-field-single-line-name wpcf-field-architect-name\">architect:<\/span> <span class=\"wpcf-field-value wpcf-field-single-line-value wpcf-field-architect-value\">Pelli Clarke Pelli<\/span><\/div>\n            <div id=\"wpcf-field-realization\" class=\"wpcf-field-number wpcf-field-realization\"><span class=\"wpcf-field-name wpcf-field-number-name wpcf-field-realization-name\">realization:<\/span> <span class=\"wpcf-field-value wpcf-field-number-value wpcf-field-realization-value\">2014<\/span><\/div>\n            Abenosuji, Abeno Ward, Osaka, Prefettura di Osaka, Giappone\n          <\/div>\n  <\/div>\n<\/article>\n          <\/div>\n            <h4><a href=\"#\" onclick=\"cimap();\" class=\"link-marker js-wpv-addon-maps-focus-map js-toolset-maps-hover-map-map-1-marker-marker-102826 js-toolset-maps-open-infowindow-map-map-1-marker-marker-102826\" data-map=\"map-1\" data-marker=\"marker-102826\">39. Abeno Harukas (Abenobashi Terminal Building)<\/a><\/h4>\n            <div id=\"wpcf-field-tipology\" class=\"wpcf-field-select wpcf-field-tipology\"><span class=\"wpcf-field-name wpcf-field-select-name wpcf-field-tipology-name\">tipology:<\/span> <span class=\"wpcf-field-value wpcf-field-select-value wpcf-field-tipology-value\">mixed use<\/span><\/div> | <div id=\"wpcf-field-architect\" class=\"wpcf-field-single-line wpcf-field-architect\"><span class=\"wpcf-field-name wpcf-field-single-line-name wpcf-field-architect-name\">architect:<\/span> <span class=\"wpcf-field-value wpcf-field-single-line-value wpcf-field-architect-value\">Pelli Clarke Pelli<\/span><\/div> | <div id=\"wpcf-field-realization\" class=\"wpcf-field-number wpcf-field-realization\"><span class=\"wpcf-field-name wpcf-field-number-name wpcf-field-realization-name\">realization:<\/span> <span class=\"wpcf-field-value wpcf-field-number-value wpcf-field-realization-value\">2014<\/span><\/div>\n          <\/li>\n\t\t\n          <li>\n            \n          <div style=\"display:none\" class=\"wpv-addon-maps-marker js-wpv-addon-maps-marker js-wpv-addon-maps-marker-marker-102829 js-wpv-addon-maps-markerfor-map-1\" data-marker=\"marker-102829\" data-markertitle=\"Kishimoto Building\" data-markerfor=\"map-1\" data-markerlat=\"34.6414248\" data-markerlon=\"135.5122317\" data-markericon=\"\/wp-content\/uploads\/sites\/6\/2017\/11\/area_marker_9.png\" data-markericonhover=\"\" data-streetview=\"no\" data-fromview=\"\">\n            <article class=\"marker-itinerario\">\n\t<div class=\"entry-thumbnail\">\n      \n      \t<img loading=\"lazy\" decoding=\"async\" width=\"203\" height=\"300\" src=\"https:\/\/static.tecnichenuove.it\/areaarch\/2021\/04\/Kishimoto-Building_f2-203x300.jpg\" class=\"attachment-medium size-medium wp-post-image\" alt=\"\" srcset=\"https:\/\/static.tecnichenuove.it\/areaarch\/2021\/04\/Kishimoto-Building_f2-203x300.jpg 203w, https:\/\/static.tecnichenuove.it\/areaarch\/2021\/04\/Kishimoto-Building_f2.jpg 259w\" sizes=\"auto, (max-width: 203px) 100vw, 203px\" \/>\n      \n      \n\t<\/div>\n  \t<div class=\"entry-column\">\n      <h3 class=\"entry-title td-module-title\">Kishimoto Building<\/h3>\n      <div class=\"td-excerpt\">\n            <div id=\"wpcf-field-tipology\" class=\"wpcf-field-select wpcf-field-tipology\"><span class=\"wpcf-field-name wpcf-field-select-name wpcf-field-tipology-name\">tipology:<\/span> <span class=\"wpcf-field-value wpcf-field-select-value wpcf-field-tipology-value\">mixed use<\/span><\/div>\n            <div id=\"wpcf-field-architect\" class=\"wpcf-field-single-line wpcf-field-architect\"><span class=\"wpcf-field-name wpcf-field-single-line-name wpcf-field-architect-name\">architect:<\/span> <span class=\"wpcf-field-value wpcf-field-single-line-value wpcf-field-architect-value\">Takenaka Corporation<\/span><\/div>\n            <div id=\"wpcf-field-realization\" class=\"wpcf-field-number wpcf-field-realization\"><span class=\"wpcf-field-name wpcf-field-number-name wpcf-field-realization-name\">realization:<\/span> <span class=\"wpcf-field-value wpcf-field-number-value wpcf-field-realization-value\">2013<\/span><\/div>\n            Abenosuji, Abeno Ward, Osaka, Prefettura di Osaka, Giappone\n          <\/div>\n  <\/div>\n<\/article>\n          <\/div>\n            <h4><a href=\"#\" onclick=\"cimap();\" class=\"link-marker js-wpv-addon-maps-focus-map js-toolset-maps-hover-map-map-1-marker-marker-102829 js-toolset-maps-open-infowindow-map-map-1-marker-marker-102829\" data-map=\"map-1\" data-marker=\"marker-102829\">40. Kishimoto Building<\/a><\/h4>\n            <div id=\"wpcf-field-tipology\" class=\"wpcf-field-select wpcf-field-tipology\"><span class=\"wpcf-field-name wpcf-field-select-name wpcf-field-tipology-name\">tipology:<\/span> <span class=\"wpcf-field-value wpcf-field-select-value wpcf-field-tipology-value\">mixed use<\/span><\/div> | <div id=\"wpcf-field-architect\" class=\"wpcf-field-single-line wpcf-field-architect\"><span class=\"wpcf-field-name wpcf-field-single-line-name wpcf-field-architect-name\">architect:<\/span> <span class=\"wpcf-field-value wpcf-field-single-line-value wpcf-field-architect-value\">Takenaka Corporation<\/span><\/div> | <div id=\"wpcf-field-realization\" class=\"wpcf-field-number wpcf-field-realization\"><span class=\"wpcf-field-name wpcf-field-number-name wpcf-field-realization-name\">realization:<\/span> <span class=\"wpcf-field-value wpcf-field-number-value wpcf-field-realization-value\">2013<\/span><\/div>\n          <\/li>\n\t\t\n          <li>\n            \n          <div style=\"display:none\" class=\"wpv-addon-maps-marker js-wpv-addon-maps-marker js-wpv-addon-maps-marker-marker-102831 js-wpv-addon-maps-markerfor-map-1\" data-marker=\"marker-102831\" data-markertitle=\"Maishima Waste Disposal Plant\" data-markerfor=\"map-1\" data-markerlat=\"34.6764557\" data-markerlon=\"135.4168607\" data-markericon=\"\/wp-content\/uploads\/sites\/6\/2017\/11\/area_marker_3.png\" data-markericonhover=\"\" data-streetview=\"no\" data-fromview=\"\">\n            <article class=\"marker-itinerario\">\n\t<div class=\"entry-thumbnail\">\n      \n      \n      \t<img loading=\"lazy\" decoding=\"async\" width=\"1200\" height=\"900\" src=\"https:\/\/static.tecnichenuove.it\/areaarch\/2021\/04\/Maishima-Waste-Disposal-Plant_f3.jpeg\" class=\"attachment-post-thumbnail size-post-thumbnail wp-post-image\" alt=\"\" srcset=\"https:\/\/static.tecnichenuove.it\/areaarch\/2021\/04\/Maishima-Waste-Disposal-Plant_f3.jpeg 1200w, https:\/\/static.tecnichenuove.it\/areaarch\/2021\/04\/Maishima-Waste-Disposal-Plant_f3-300x225.jpeg 300w, https:\/\/static.tecnichenuove.it\/areaarch\/2021\/04\/Maishima-Waste-Disposal-Plant_f3-1024x768.jpeg 1024w, https:\/\/static.tecnichenuove.it\/areaarch\/2021\/04\/Maishima-Waste-Disposal-Plant_f3-768x576.jpeg 768w, https:\/\/static.tecnichenuove.it\/areaarch\/2021\/04\/Maishima-Waste-Disposal-Plant_f3-80x60.jpeg 80w, https:\/\/static.tecnichenuove.it\/areaarch\/2021\/04\/Maishima-Waste-Disposal-Plant_f3-160x120.jpeg 160w, https:\/\/static.tecnichenuove.it\/areaarch\/2021\/04\/Maishima-Waste-Disposal-Plant_f3-265x198.jpeg 265w, https:\/\/static.tecnichenuove.it\/areaarch\/2021\/04\/Maishima-Waste-Disposal-Plant_f3-696x522.jpeg 696w, https:\/\/static.tecnichenuove.it\/areaarch\/2021\/04\/Maishima-Waste-Disposal-Plant_f3-1068x801.jpeg 1068w, https:\/\/static.tecnichenuove.it\/areaarch\/2021\/04\/Maishima-Waste-Disposal-Plant_f3-560x420.jpeg 560w\" sizes=\"auto, (max-width: 1200px) 100vw, 1200px\" \/>\n      \t<img decoding=\"async\" src=\"https:\/\/www.area-arch.it\/wp-content\/uploads\/sites\/6\/2021\/04\/Maishima-Waste-Disposal-Plant.jpeg\" class=\"attachment-post-thumbnail\" \/>\n      \n\t<\/div>\n  \t<div class=\"entry-column\">\n      <h3 class=\"entry-title td-module-title\">Maishima Waste Disposal Plant<\/h3>\n      <div class=\"td-excerpt\">\n            <div id=\"wpcf-field-tipology\" class=\"wpcf-field-select wpcf-field-tipology\"><span class=\"wpcf-field-name wpcf-field-select-name wpcf-field-tipology-name\">tipology:<\/span> <span class=\"wpcf-field-value wpcf-field-select-value wpcf-field-tipology-value\">commercial<\/span><\/div>\n            <div id=\"wpcf-field-architect\" class=\"wpcf-field-single-line wpcf-field-architect\"><span class=\"wpcf-field-name wpcf-field-single-line-name wpcf-field-architect-name\">architect:<\/span> <span class=\"wpcf-field-value wpcf-field-single-line-value wpcf-field-architect-value\">Friedensreich Hunderwasser<\/span><\/div>\n            <div id=\"wpcf-field-realization\" class=\"wpcf-field-number wpcf-field-realization\"><span class=\"wpcf-field-name wpcf-field-number-name wpcf-field-realization-name\">realization:<\/span> <span class=\"wpcf-field-value wpcf-field-number-value wpcf-field-realization-value\">2001<\/span><\/div>\n            Konohana Ward, Osaka, Prefettura di Osaka, Giappone\n          <\/div>\n  <\/div>\n<\/article>\n          <\/div>\n            <h4><a href=\"#\" onclick=\"cimap();\" class=\"link-marker js-wpv-addon-maps-focus-map js-toolset-maps-hover-map-map-1-marker-marker-102831 js-toolset-maps-open-infowindow-map-map-1-marker-marker-102831\" data-map=\"map-1\" data-marker=\"marker-102831\">41. Maishima Waste Disposal Plant<\/a><\/h4>\n            <div id=\"wpcf-field-tipology\" class=\"wpcf-field-select wpcf-field-tipology\"><span class=\"wpcf-field-name wpcf-field-select-name wpcf-field-tipology-name\">tipology:<\/span> <span class=\"wpcf-field-value wpcf-field-select-value wpcf-field-tipology-value\">commercial<\/span><\/div> | <div id=\"wpcf-field-architect\" class=\"wpcf-field-single-line wpcf-field-architect\"><span class=\"wpcf-field-name wpcf-field-single-line-name wpcf-field-architect-name\">architect:<\/span> <span class=\"wpcf-field-value wpcf-field-single-line-value wpcf-field-architect-value\">Friedensreich Hunderwasser<\/span><\/div> | <div id=\"wpcf-field-realization\" class=\"wpcf-field-number wpcf-field-realization\"><span class=\"wpcf-field-name wpcf-field-number-name wpcf-field-realization-name\">realization:<\/span> <span class=\"wpcf-field-value wpcf-field-number-value wpcf-field-realization-value\">2001<\/span><\/div>\n          <\/li>\n\t\t\n          <li>\n            \n          <div style=\"display:none\" class=\"wpv-addon-maps-marker js-wpv-addon-maps-marker js-wpv-addon-maps-marker-marker-102834 js-wpv-addon-maps-markerfor-map-1\" data-marker=\"marker-102834\" data-markertitle=\"Suntory Museum (Osaka Culturarium)\" data-markerfor=\"map-1\" data-markerlat=\"34.6503831\" data-markerlon=\"135.4418083\" data-markericon=\"\/wp-content\/uploads\/sites\/6\/2017\/11\/area_marker_10.png\" data-markericonhover=\"\" data-streetview=\"no\" data-fromview=\"\">\n            <article class=\"marker-itinerario\">\n\t<div class=\"entry-thumbnail\">\n      \n      \n      \t<img loading=\"lazy\" decoding=\"async\" width=\"1400\" height=\"933\" src=\"https:\/\/static.tecnichenuove.it\/areaarch\/2021\/04\/Suntory-Museum_f.jpg\" class=\"attachment-post-thumbnail size-post-thumbnail wp-post-image\" alt=\"\" srcset=\"https:\/\/static.tecnichenuove.it\/areaarch\/2021\/04\/Suntory-Museum_f.jpg 1400w, https:\/\/static.tecnichenuove.it\/areaarch\/2021\/04\/Suntory-Museum_f-300x200.jpg 300w, https:\/\/static.tecnichenuove.it\/areaarch\/2021\/04\/Suntory-Museum_f-1024x682.jpg 1024w, https:\/\/static.tecnichenuove.it\/areaarch\/2021\/04\/Suntory-Museum_f-150x100.jpg 150w, https:\/\/static.tecnichenuove.it\/areaarch\/2021\/04\/Suntory-Museum_f-768x512.jpg 768w, https:\/\/static.tecnichenuove.it\/areaarch\/2021\/04\/Suntory-Museum_f-696x464.jpg 696w, https:\/\/static.tecnichenuove.it\/areaarch\/2021\/04\/Suntory-Museum_f-1068x712.jpg 1068w, https:\/\/static.tecnichenuove.it\/areaarch\/2021\/04\/Suntory-Museum_f-630x420.jpg 630w\" sizes=\"auto, (max-width: 1400px) 100vw, 1400px\" \/>\n      \t<img decoding=\"async\" src=\"https:\/\/www.area-arch.it\/wp-content\/uploads\/sites\/6\/2021\/04\/Suntory-Museum-Osaka-Culturarium.jpg\" class=\"attachment-post-thumbnail\" \/>\n      \n\t<\/div>\n  \t<div class=\"entry-column\">\n      <h3 class=\"entry-title td-module-title\">Suntory Museum (Osaka Culturarium)<\/h3>\n      <div class=\"td-excerpt\">\n            <div id=\"wpcf-field-tipology\" class=\"wpcf-field-select wpcf-field-tipology\"><span class=\"wpcf-field-name wpcf-field-select-name wpcf-field-tipology-name\">tipology:<\/span> <span class=\"wpcf-field-value wpcf-field-select-value wpcf-field-tipology-value\">museum<\/span><\/div>\n            <div id=\"wpcf-field-architect\" class=\"wpcf-field-single-line wpcf-field-architect\"><span class=\"wpcf-field-name wpcf-field-single-line-name wpcf-field-architect-name\">architect:<\/span> <span class=\"wpcf-field-value wpcf-field-single-line-value wpcf-field-architect-value\">Tadao Ando Architect &amp; Associates<\/span><\/div>\n            <div id=\"wpcf-field-realization\" class=\"wpcf-field-number wpcf-field-realization\"><span class=\"wpcf-field-name wpcf-field-number-name wpcf-field-realization-name\">realization:<\/span> <span class=\"wpcf-field-value wpcf-field-number-value wpcf-field-realization-value\">1994<\/span><\/div>\n            Kaigand\u014dri, Minato-ku, Osaka, Prefettura di Osaka, Giappone\n          <\/div>\n  <\/div>\n<\/article>\n          <\/div>\n            <h4><a href=\"#\" onclick=\"cimap();\" class=\"link-marker js-wpv-addon-maps-focus-map js-toolset-maps-hover-map-map-1-marker-marker-102834 js-toolset-maps-open-infowindow-map-map-1-marker-marker-102834\" data-map=\"map-1\" data-marker=\"marker-102834\">42. Suntory Museum (Osaka Culturarium)<\/a><\/h4>\n            <div id=\"wpcf-field-tipology\" class=\"wpcf-field-select wpcf-field-tipology\"><span class=\"wpcf-field-name wpcf-field-select-name wpcf-field-tipology-name\">tipology:<\/span> <span class=\"wpcf-field-value wpcf-field-select-value wpcf-field-tipology-value\">museum<\/span><\/div> | <div id=\"wpcf-field-architect\" class=\"wpcf-field-single-line wpcf-field-architect\"><span class=\"wpcf-field-name wpcf-field-single-line-name wpcf-field-architect-name\">architect:<\/span> <span class=\"wpcf-field-value wpcf-field-single-line-value wpcf-field-architect-value\">Tadao Ando Architect &amp; Associates<\/span><\/div> | <div id=\"wpcf-field-realization\" class=\"wpcf-field-number wpcf-field-realization\"><span class=\"wpcf-field-name wpcf-field-number-name wpcf-field-realization-name\">realization:<\/span> <span class=\"wpcf-field-value wpcf-field-number-value wpcf-field-realization-value\">1994<\/span><\/div>\n          <\/li>\n\t\t\n          <li>\n            \n          <div style=\"display:none\" class=\"wpv-addon-maps-marker js-wpv-addon-maps-marker js-wpv-addon-maps-marker-marker-102837 js-wpv-addon-maps-markerfor-map-1\" data-marker=\"marker-102837\" data-markertitle=\"Sakihima Building (Osaka World Trade Center Building)\" data-markerfor=\"map-1\" data-markerlat=\"34.6398713\" data-markerlon=\"135.4098039\" data-markericon=\"\/wp-content\/uploads\/sites\/6\/2017\/11\/area_marker_9.png\" data-markericonhover=\"\" data-streetview=\"no\" data-fromview=\"\">\n            <article class=\"marker-itinerario\">\n\t<div class=\"entry-thumbnail\">\n      \n      \t<img loading=\"lazy\" decoding=\"async\" width=\"200\" height=\"300\" src=\"https:\/\/static.tecnichenuove.it\/areaarch\/2021\/04\/Sakishima-Building_f-200x300.jpg\" class=\"attachment-medium size-medium wp-post-image\" alt=\"\" srcset=\"https:\/\/static.tecnichenuove.it\/areaarch\/2021\/04\/Sakishima-Building_f-200x300.jpg 200w, https:\/\/static.tecnichenuove.it\/areaarch\/2021\/04\/Sakishima-Building_f-683x1024.jpg 683w, https:\/\/static.tecnichenuove.it\/areaarch\/2021\/04\/Sakishima-Building_f-768x1151.jpg 768w, https:\/\/static.tecnichenuove.it\/areaarch\/2021\/04\/Sakishima-Building_f-696x1043.jpg 696w, https:\/\/static.tecnichenuove.it\/areaarch\/2021\/04\/Sakishima-Building_f-280x420.jpg 280w, https:\/\/static.tecnichenuove.it\/areaarch\/2021\/04\/Sakishima-Building_f.jpg 934w\" sizes=\"auto, (max-width: 200px) 100vw, 200px\" \/>\n      \n      \n\t<\/div>\n  \t<div class=\"entry-column\">\n      <h3 class=\"entry-title td-module-title\">Sakihima Building (Osaka World Trade Center Building)<\/h3>\n      <div class=\"td-excerpt\">\n            <div id=\"wpcf-field-tipology\" class=\"wpcf-field-select wpcf-field-tipology\"><span class=\"wpcf-field-name wpcf-field-select-name wpcf-field-tipology-name\">tipology:<\/span> <span class=\"wpcf-field-value wpcf-field-select-value wpcf-field-tipology-value\">mixed use<\/span><\/div>\n            <div id=\"wpcf-field-architect\" class=\"wpcf-field-single-line wpcf-field-architect\"><span class=\"wpcf-field-name wpcf-field-single-line-name wpcf-field-architect-name\">architect:<\/span> <span class=\"wpcf-field-value wpcf-field-single-line-value wpcf-field-architect-value\">Nikken Sekkei \/ Mancini Duffy Associates<\/span><\/div>\n            <div id=\"wpcf-field-realization\" class=\"wpcf-field-number wpcf-field-realization\"><span class=\"wpcf-field-name wpcf-field-number-name wpcf-field-realization-name\">realization:<\/span> <span class=\"wpcf-field-value wpcf-field-number-value wpcf-field-realization-value\">1995<\/span><\/div>\n            Nankokita, Suminoe Ward, Osaka, Prefettura di Osaka, Giappone\n          <\/div>\n  <\/div>\n<\/article>\n          <\/div>\n            <h4><a href=\"#\" onclick=\"cimap();\" class=\"link-marker js-wpv-addon-maps-focus-map js-toolset-maps-hover-map-map-1-marker-marker-102837 js-toolset-maps-open-infowindow-map-map-1-marker-marker-102837\" data-map=\"map-1\" data-marker=\"marker-102837\">43. Sakihima Building (Osaka World Trade Center Building)<\/a><\/h4>\n            <div id=\"wpcf-field-tipology\" class=\"wpcf-field-select wpcf-field-tipology\"><span class=\"wpcf-field-name wpcf-field-select-name wpcf-field-tipology-name\">tipology:<\/span> <span class=\"wpcf-field-value wpcf-field-select-value wpcf-field-tipology-value\">mixed use<\/span><\/div> | <div id=\"wpcf-field-architect\" class=\"wpcf-field-single-line wpcf-field-architect\"><span class=\"wpcf-field-name wpcf-field-single-line-name wpcf-field-architect-name\">architect:<\/span> <span class=\"wpcf-field-value wpcf-field-single-line-value wpcf-field-architect-value\">Nikken Sekkei \/ Mancini Duffy Associates<\/span><\/div> | <div id=\"wpcf-field-realization\" class=\"wpcf-field-number wpcf-field-realization\"><span class=\"wpcf-field-name wpcf-field-number-name wpcf-field-realization-name\">realization:<\/span> <span class=\"wpcf-field-value wpcf-field-number-value wpcf-field-realization-value\">1995<\/span><\/div>\n          <\/li>\n\t\t\n          <li>\n            \n          \n            <h4><a href=\"#\" onclick=\"cimap();\" class=\"link-marker js-wpv-addon-maps-focus-map js-toolset-maps-hover-map-map-1-marker-marker-102839 js-toolset-maps-open-infowindow-map-map-1-marker-marker-102839\" data-map=\"map-1\" data-marker=\"marker-102839\">44. Maritime Museum<\/a><\/h4>\n            <div id=\"wpcf-field-tipology\" class=\"wpcf-field-select wpcf-field-tipology\"><span class=\"wpcf-field-name wpcf-field-select-name wpcf-field-tipology-name\">tipology:<\/span> <span class=\"wpcf-field-value wpcf-field-select-value wpcf-field-tipology-value\">museum<\/span><\/div> | <div id=\"wpcf-field-architect\" class=\"wpcf-field-single-line wpcf-field-architect\"><span class=\"wpcf-field-name wpcf-field-single-line-name wpcf-field-architect-name\">architect:<\/span> <span class=\"wpcf-field-value wpcf-field-single-line-value wpcf-field-architect-value\">Paul Andreu<\/span><\/div> | <div id=\"wpcf-field-realization\" class=\"wpcf-field-number wpcf-field-realization\"><span class=\"wpcf-field-name wpcf-field-number-name wpcf-field-realization-name\">realization:<\/span> <span class=\"wpcf-field-value wpcf-field-number-value wpcf-field-realization-value\">2000<\/span><\/div>\n          <\/li>\n\t\t\n          <li>\n            \n          <div style=\"display:none\" class=\"wpv-addon-maps-marker js-wpv-addon-maps-marker js-wpv-addon-maps-marker-marker-102842 js-wpv-addon-maps-markerfor-map-1\" data-marker=\"marker-102842\" data-markertitle=\"Osaka Prefectural Sayamaike Museum\" data-markerfor=\"map-1\" data-markerlat=\"34.5036838\" data-markerlon=\"135.5557281\" data-markericon=\"\/wp-content\/uploads\/sites\/6\/2017\/11\/area_marker_10.png\" data-markericonhover=\"\" data-streetview=\"no\" data-fromview=\"\">\n            <article class=\"marker-itinerario\">\n\t<div class=\"entry-thumbnail\">\n      \n      \n      \t<img loading=\"lazy\" decoding=\"async\" width=\"800\" height=\"533\" src=\"https:\/\/static.tecnichenuove.it\/areaarch\/2021\/04\/Osaka-Prefectural-Sayamaike-Museum_f1.jpg\" class=\"attachment-post-thumbnail size-post-thumbnail wp-post-image\" alt=\"\" srcset=\"https:\/\/static.tecnichenuove.it\/areaarch\/2021\/04\/Osaka-Prefectural-Sayamaike-Museum_f1.jpg 800w, https:\/\/static.tecnichenuove.it\/areaarch\/2021\/04\/Osaka-Prefectural-Sayamaike-Museum_f1-300x200.jpg 300w, https:\/\/static.tecnichenuove.it\/areaarch\/2021\/04\/Osaka-Prefectural-Sayamaike-Museum_f1-150x100.jpg 150w, https:\/\/static.tecnichenuove.it\/areaarch\/2021\/04\/Osaka-Prefectural-Sayamaike-Museum_f1-768x512.jpg 768w, https:\/\/static.tecnichenuove.it\/areaarch\/2021\/04\/Osaka-Prefectural-Sayamaike-Museum_f1-696x464.jpg 696w, https:\/\/static.tecnichenuove.it\/areaarch\/2021\/04\/Osaka-Prefectural-Sayamaike-Museum_f1-630x420.jpg 630w\" sizes=\"auto, (max-width: 800px) 100vw, 800px\" \/>\n      \t<img decoding=\"async\" src=\"https:\/\/www.area-arch.it\/wp-content\/uploads\/sites\/6\/2021\/04\/Osaka-Prefectural-Sayamaike-Museum_d.jpg\" class=\"attachment-post-thumbnail\" \/>\n      \n\t<\/div>\n  \t<div class=\"entry-column\">\n      <h3 class=\"entry-title td-module-title\">Osaka Prefectural Sayamaike Museum<\/h3>\n      <div class=\"td-excerpt\">\n            <div id=\"wpcf-field-tipology\" class=\"wpcf-field-select wpcf-field-tipology\"><span class=\"wpcf-field-name wpcf-field-select-name wpcf-field-tipology-name\">tipology:<\/span> <span class=\"wpcf-field-value wpcf-field-select-value wpcf-field-tipology-value\">museum<\/span><\/div>\n            <div id=\"wpcf-field-architect\" class=\"wpcf-field-single-line wpcf-field-architect\"><span class=\"wpcf-field-name wpcf-field-single-line-name wpcf-field-architect-name\">architect:<\/span> <span class=\"wpcf-field-value wpcf-field-single-line-value wpcf-field-architect-value\">Tadao Ando Architect &amp; Associates<\/span><\/div>\n            <div id=\"wpcf-field-realization\" class=\"wpcf-field-number wpcf-field-realization\"><span class=\"wpcf-field-name wpcf-field-number-name wpcf-field-realization-name\">realization:<\/span> <span class=\"wpcf-field-value wpcf-field-number-value wpcf-field-realization-value\">2001<\/span><\/div>\n            \u014csakasayama, Prefettura di Osaka, Giappone\n          <\/div>\n  <\/div>\n<\/article>\n          <\/div>\n            <h4><a href=\"#\" onclick=\"cimap();\" class=\"link-marker js-wpv-addon-maps-focus-map js-toolset-maps-hover-map-map-1-marker-marker-102842 js-toolset-maps-open-infowindow-map-map-1-marker-marker-102842\" data-map=\"map-1\" data-marker=\"marker-102842\">45. Osaka Prefectural Sayamaike Museum<\/a><\/h4>\n            <div id=\"wpcf-field-tipology\" class=\"wpcf-field-select wpcf-field-tipology\"><span class=\"wpcf-field-name wpcf-field-select-name wpcf-field-tipology-name\">tipology:<\/span> <span class=\"wpcf-field-value wpcf-field-select-value wpcf-field-tipology-value\">museum<\/span><\/div> | <div id=\"wpcf-field-architect\" class=\"wpcf-field-single-line wpcf-field-architect\"><span class=\"wpcf-field-name wpcf-field-single-line-name wpcf-field-architect-name\">architect:<\/span> <span class=\"wpcf-field-value wpcf-field-single-line-value wpcf-field-architect-value\">Tadao Ando Architect &amp; Associates<\/span><\/div> | <div id=\"wpcf-field-realization\" class=\"wpcf-field-number wpcf-field-realization\"><span class=\"wpcf-field-name wpcf-field-number-name wpcf-field-realization-name\">realization:<\/span> <span class=\"wpcf-field-value wpcf-field-number-value wpcf-field-realization-value\">2001<\/span><\/div>\n          <\/li>\n\t\t\n          <li>\n            \n          <div style=\"display:none\" class=\"wpv-addon-maps-marker js-wpv-addon-maps-marker js-wpv-addon-maps-marker-marker-102845 js-wpv-addon-maps-markerfor-map-1\" data-marker=\"marker-102845\" data-markertitle=\"Osaka University of Arts\" data-markerfor=\"map-1\" data-markerlat=\"34.4526881\" data-markerlon=\"135.6574246\" data-markericon=\"\/wp-content\/uploads\/sites\/6\/2017\/11\/area_marker_4.png\" data-markericonhover=\"\" data-streetview=\"no\" data-fromview=\"\">\n            <article class=\"marker-itinerario\">\n\t<div class=\"entry-thumbnail\">\n      \n      \n      \t<img loading=\"lazy\" decoding=\"async\" width=\"1400\" height=\"1120\" src=\"https:\/\/static.tecnichenuove.it\/areaarch\/2021\/04\/Osaka-University-of-Arts_f1.jpg\" class=\"attachment-post-thumbnail size-post-thumbnail wp-post-image\" alt=\"\" srcset=\"https:\/\/static.tecnichenuove.it\/areaarch\/2021\/04\/Osaka-University-of-Arts_f1.jpg 1400w, https:\/\/static.tecnichenuove.it\/areaarch\/2021\/04\/Osaka-University-of-Arts_f1-300x240.jpg 300w, https:\/\/static.tecnichenuove.it\/areaarch\/2021\/04\/Osaka-University-of-Arts_f1-1024x819.jpg 1024w, https:\/\/static.tecnichenuove.it\/areaarch\/2021\/04\/Osaka-University-of-Arts_f1-768x614.jpg 768w, https:\/\/static.tecnichenuove.it\/areaarch\/2021\/04\/Osaka-University-of-Arts_f1-696x557.jpg 696w, https:\/\/static.tecnichenuove.it\/areaarch\/2021\/04\/Osaka-University-of-Arts_f1-1068x854.jpg 1068w, https:\/\/static.tecnichenuove.it\/areaarch\/2021\/04\/Osaka-University-of-Arts_f1-525x420.jpg 525w\" sizes=\"auto, (max-width: 1400px) 100vw, 1400px\" \/>\n      \t<img decoding=\"async\" src=\"https:\/\/www.area-arch.it\/wp-content\/uploads\/sites\/6\/2021\/04\/Osaka-University-of-Arts_d1.jpg\" class=\"attachment-post-thumbnail\" \/>\n      \n\t<\/div>\n  \t<div class=\"entry-column\">\n      <h3 class=\"entry-title td-module-title\">Osaka University of Arts<\/h3>\n      <div class=\"td-excerpt\">\n            <div id=\"wpcf-field-tipology\" class=\"wpcf-field-select wpcf-field-tipology\"><span class=\"wpcf-field-name wpcf-field-select-name wpcf-field-tipology-name\">tipology:<\/span> <span class=\"wpcf-field-value wpcf-field-select-value wpcf-field-tipology-value\">education<\/span><\/div>\n            <div id=\"wpcf-field-architect\" class=\"wpcf-field-single-line wpcf-field-architect\"><span class=\"wpcf-field-name wpcf-field-single-line-name wpcf-field-architect-name\">architect:<\/span> <span class=\"wpcf-field-value wpcf-field-single-line-value wpcf-field-architect-value\">Kazuyo Sejima<\/span><\/div>\n            <div id=\"wpcf-field-realization\" class=\"wpcf-field-number wpcf-field-realization\"><span class=\"wpcf-field-name wpcf-field-number-name wpcf-field-realization-name\">realization:<\/span> <span class=\"wpcf-field-value wpcf-field-number-value wpcf-field-realization-value\">2019<\/span><\/div>\n            Minamikawachi District, Prefettura di Osaka, Giappone\n          <\/div>\n  <\/div>\n<\/article>\n          <\/div>\n            <h4><a href=\"#\" onclick=\"cimap();\" class=\"link-marker js-wpv-addon-maps-focus-map js-toolset-maps-hover-map-map-1-marker-marker-102845 js-toolset-maps-open-infowindow-map-map-1-marker-marker-102845\" data-map=\"map-1\" data-marker=\"marker-102845\">46. Osaka University of Arts<\/a><\/h4>\n            <div id=\"wpcf-field-tipology\" class=\"wpcf-field-select wpcf-field-tipology\"><span class=\"wpcf-field-name wpcf-field-select-name wpcf-field-tipology-name\">tipology:<\/span> <span class=\"wpcf-field-value wpcf-field-select-value wpcf-field-tipology-value\">education<\/span><\/div> | <div id=\"wpcf-field-architect\" class=\"wpcf-field-single-line wpcf-field-architect\"><span class=\"wpcf-field-name wpcf-field-single-line-name wpcf-field-architect-name\">architect:<\/span> <span class=\"wpcf-field-value wpcf-field-single-line-value wpcf-field-architect-value\">Kazuyo Sejima<\/span><\/div> | <div id=\"wpcf-field-realization\" class=\"wpcf-field-number wpcf-field-realization\"><span class=\"wpcf-field-name wpcf-field-number-name wpcf-field-realization-name\">realization:<\/span> <span class=\"wpcf-field-value wpcf-field-number-value wpcf-field-realization-value\">2019<\/span><\/div>\n          <\/li>\n\t\t\n          <li>\n            \n          <div style=\"display:none\" class=\"wpv-addon-maps-marker js-wpv-addon-maps-marker js-wpv-addon-maps-marker-marker-102848 js-wpv-addon-maps-markerfor-map-1\" data-marker=\"marker-102848\" data-markertitle=\"Chikatsu Asuka Museum\" data-markerfor=\"map-1\" data-markerlat=\"34.4526881\" data-markerlon=\"135.6574246\" data-markericon=\"\/wp-content\/uploads\/sites\/6\/2017\/11\/area_marker_10.png\" data-markericonhover=\"\" data-streetview=\"no\" data-fromview=\"\">\n            <article class=\"marker-itinerario\">\n\t<div class=\"entry-thumbnail\">\n      \n      \n      \t<img loading=\"lazy\" decoding=\"async\" width=\"1280\" height=\"720\" src=\"https:\/\/static.tecnichenuove.it\/areaarch\/2021\/04\/Chikatsu-Asuka-Museum_f1.jpg\" class=\"attachment-post-thumbnail size-post-thumbnail wp-post-image\" alt=\"\" srcset=\"https:\/\/static.tecnichenuove.it\/areaarch\/2021\/04\/Chikatsu-Asuka-Museum_f1.jpg 1280w, https:\/\/static.tecnichenuove.it\/areaarch\/2021\/04\/Chikatsu-Asuka-Museum_f1-300x169.jpg 300w, https:\/\/static.tecnichenuove.it\/areaarch\/2021\/04\/Chikatsu-Asuka-Museum_f1-1024x576.jpg 1024w, https:\/\/static.tecnichenuove.it\/areaarch\/2021\/04\/Chikatsu-Asuka-Museum_f1-768x432.jpg 768w, https:\/\/static.tecnichenuove.it\/areaarch\/2021\/04\/Chikatsu-Asuka-Museum_f1-696x392.jpg 696w, https:\/\/static.tecnichenuove.it\/areaarch\/2021\/04\/Chikatsu-Asuka-Museum_f1-1068x601.jpg 1068w, https:\/\/static.tecnichenuove.it\/areaarch\/2021\/04\/Chikatsu-Asuka-Museum_f1-747x420.jpg 747w\" sizes=\"auto, (max-width: 1280px) 100vw, 1280px\" \/>\n      \t<img decoding=\"async\" src=\"https:\/\/www.area-arch.it\/wp-content\/uploads\/sites\/6\/2021\/04\/Chikatsu-Asuka-Museum_d1.jpg\" class=\"attachment-post-thumbnail\" \/>\n      \n\t<\/div>\n  \t<div class=\"entry-column\">\n      <h3 class=\"entry-title td-module-title\">Chikatsu Asuka Museum<\/h3>\n      <div class=\"td-excerpt\">\n            <div id=\"wpcf-field-tipology\" class=\"wpcf-field-select wpcf-field-tipology\"><span class=\"wpcf-field-name wpcf-field-select-name wpcf-field-tipology-name\">tipology:<\/span> <span class=\"wpcf-field-value wpcf-field-select-value wpcf-field-tipology-value\">museum<\/span><\/div>\n            <div id=\"wpcf-field-architect\" class=\"wpcf-field-single-line wpcf-field-architect\"><span class=\"wpcf-field-name wpcf-field-single-line-name wpcf-field-architect-name\">architect:<\/span> <span class=\"wpcf-field-value wpcf-field-single-line-value wpcf-field-architect-value\">Tadao Ando Architect &amp; Associates<\/span><\/div>\n            <div id=\"wpcf-field-realization\" class=\"wpcf-field-number wpcf-field-realization\"><span class=\"wpcf-field-name wpcf-field-number-name wpcf-field-realization-name\">realization:<\/span> <span class=\"wpcf-field-value wpcf-field-number-value wpcf-field-realization-value\">1994<\/span><\/div>\n            Minamikawachi District, Prefettura di Osaka, Giappone\n          <\/div>\n  <\/div>\n<\/article>\n          <\/div>\n            <h4><a href=\"#\" onclick=\"cimap();\" class=\"link-marker js-wpv-addon-maps-focus-map js-toolset-maps-hover-map-map-1-marker-marker-102848 js-toolset-maps-open-infowindow-map-map-1-marker-marker-102848\" data-map=\"map-1\" data-marker=\"marker-102848\">47. Chikatsu Asuka Museum<\/a><\/h4>\n            <div id=\"wpcf-field-tipology\" class=\"wpcf-field-select wpcf-field-tipology\"><span class=\"wpcf-field-name wpcf-field-select-name wpcf-field-tipology-name\">tipology:<\/span> <span class=\"wpcf-field-value wpcf-field-select-value wpcf-field-tipology-value\">museum<\/span><\/div> | <div id=\"wpcf-field-architect\" class=\"wpcf-field-single-line wpcf-field-architect\"><span class=\"wpcf-field-name wpcf-field-single-line-name wpcf-field-architect-name\">architect:<\/span> <span class=\"wpcf-field-value wpcf-field-single-line-value wpcf-field-architect-value\">Tadao Ando Architect &amp; Associates<\/span><\/div> | <div id=\"wpcf-field-realization\" class=\"wpcf-field-number wpcf-field-realization\"><span class=\"wpcf-field-name wpcf-field-number-name wpcf-field-realization-name\">realization:<\/span> <span class=\"wpcf-field-value wpcf-field-number-value wpcf-field-realization-value\">1994<\/span><\/div>\n          <\/li>\n\t\t\n          <li>\n            \n          <div style=\"display:none\" class=\"wpv-addon-maps-marker js-wpv-addon-maps-marker js-wpv-addon-maps-marker-marker-102851 js-wpv-addon-maps-markerfor-map-1\" data-marker=\"marker-102851\" data-markertitle=\"Kansai international airport\" data-markerfor=\"map-1\" data-markerlat=\"34.4416819\" data-markerlon=\"135.2501351\" data-markericon=\"\/wp-content\/uploads\/sites\/6\/2017\/11\/area_marker_6.png\" data-markericonhover=\"\" data-streetview=\"no\" data-fromview=\"\">\n            <article class=\"marker-itinerario\">\n\t<div class=\"entry-thumbnail\">\n      \n      \n      \t<img loading=\"lazy\" decoding=\"async\" width=\"1024\" height=\"576\" src=\"https:\/\/static.tecnichenuove.it\/areaarch\/2021\/04\/kansai-international-airport_f1.jpg\" class=\"attachment-post-thumbnail size-post-thumbnail wp-post-image\" alt=\"\" srcset=\"https:\/\/static.tecnichenuove.it\/areaarch\/2021\/04\/kansai-international-airport_f1.jpg 1024w, https:\/\/static.tecnichenuove.it\/areaarch\/2021\/04\/kansai-international-airport_f1-300x169.jpg 300w, https:\/\/static.tecnichenuove.it\/areaarch\/2021\/04\/kansai-international-airport_f1-768x432.jpg 768w, https:\/\/static.tecnichenuove.it\/areaarch\/2021\/04\/kansai-international-airport_f1-696x392.jpg 696w, https:\/\/static.tecnichenuove.it\/areaarch\/2021\/04\/kansai-international-airport_f1-747x420.jpg 747w\" sizes=\"auto, (max-width: 1024px) 100vw, 1024px\" \/>\n      \t<img decoding=\"async\" src=\"https:\/\/www.area-arch.it\/wp-content\/uploads\/sites\/6\/2021\/04\/kansai-international-airport_d3.jpg\" class=\"attachment-post-thumbnail\" \/>\n      \n\t<\/div>\n  \t<div class=\"entry-column\">\n      <h3 class=\"entry-title td-module-title\">Kansai international airport<\/h3>\n      <div class=\"td-excerpt\">\n            <div id=\"wpcf-field-tipology\" class=\"wpcf-field-select wpcf-field-tipology\"><span class=\"wpcf-field-name wpcf-field-select-name wpcf-field-tipology-name\">tipology:<\/span> <span class=\"wpcf-field-value wpcf-field-select-value wpcf-field-tipology-value\">infrastructure<\/span><\/div>\n            <div id=\"wpcf-field-architect\" class=\"wpcf-field-single-line wpcf-field-architect\"><span class=\"wpcf-field-name wpcf-field-single-line-name wpcf-field-architect-name\">architect:<\/span> <span class=\"wpcf-field-value wpcf-field-single-line-value wpcf-field-architect-value\">Renzo Piano Building Workshop<\/span><\/div>\n            <div id=\"wpcf-field-realization\" class=\"wpcf-field-number wpcf-field-realization\"><span class=\"wpcf-field-name wpcf-field-number-name wpcf-field-realization-name\">realization:<\/span> <span class=\"wpcf-field-value wpcf-field-number-value wpcf-field-realization-value\">1994<\/span><\/div>\n            Sensh\u016bk\u016bk\u014dkita, Izumisano, Prefettura di Osaka, Giappone\n          <\/div>\n  <\/div>\n<\/article>\n          <\/div>\n            <h4><a href=\"#\" onclick=\"cimap();\" class=\"link-marker js-wpv-addon-maps-focus-map js-toolset-maps-hover-map-map-1-marker-marker-102851 js-toolset-maps-open-infowindow-map-map-1-marker-marker-102851\" data-map=\"map-1\" data-marker=\"marker-102851\">48. Kansai international airport<\/a><\/h4>\n            <div id=\"wpcf-field-tipology\" class=\"wpcf-field-select wpcf-field-tipology\"><span class=\"wpcf-field-name wpcf-field-select-name wpcf-field-tipology-name\">tipology:<\/span> <span class=\"wpcf-field-value wpcf-field-select-value wpcf-field-tipology-value\">infrastructure<\/span><\/div> | <div id=\"wpcf-field-architect\" class=\"wpcf-field-single-line wpcf-field-architect\"><span class=\"wpcf-field-name wpcf-field-single-line-name wpcf-field-architect-name\">architect:<\/span> <span class=\"wpcf-field-value wpcf-field-single-line-value wpcf-field-architect-value\">Renzo Piano Building Workshop<\/span><\/div> | <div id=\"wpcf-field-realization\" class=\"wpcf-field-number wpcf-field-realization\"><span class=\"wpcf-field-name wpcf-field-number-name wpcf-field-realization-name\">realization:<\/span> <span class=\"wpcf-field-value wpcf-field-number-value wpcf-field-realization-value\">1994<\/span><\/div>\n          <\/li>\n\t\t\n\t\n<\/ul>\n\t\n\t\n<\/div>\n<\/div>\n","protected":false},"excerpt":{"rendered":"search: tipology: all art gallery art studios commercial education health infrastructure hotel library mixed use museum office public residential sport theatre student accomodation church parc winery restaurant area 175 | Living Today Download the map (PDF) Descente Innovation Studio Complex tipology: office architect: Takenaka Corporation realization: 2018 Saitoyamabuki, Ibaraki, Prefettura di Osaka, Giappone 01. Descente","protected":false},"author":1164,"featured_media":102717,"parent":29927,"menu_order":0,"comment_status":"closed","ping_status":"closed","template":"itinerary.php","meta":{"footnotes":""},"class_list":["post-102716","page","type-page","status-publish","has-post-thumbnail","hentry"],"yoast_head":"<!-- This site is optimized with the Yoast SEO plugin v27.5 - https:\/\/yoast.com\/product\/yoast-seo-wordpress\/ -->\n<title>Contemporary itinerary: Osaka | Area<\/title>\n<meta name=\"description\" content=\"Area 175\" \/>\n<meta name=\"robots\" content=\"index, follow, max-snippet:-1, max-image-preview:large, max-video-preview:-1\" \/>\n<link rel=\"canonical\" href=\"https:\/\/www.area-arch.it\/en\/contemporary-itinerary\/contemporary-itinerary-osaka\/\" \/>\n<meta property=\"og:locale\" content=\"en_US\" \/>\n<meta property=\"og:type\" content=\"article\" \/>\n<meta property=\"og:title\" content=\"Contemporary itinerary: Osaka | Area\" \/>\n<meta property=\"og:description\" content=\"Area 175\" \/>\n<meta property=\"og:url\" content=\"https:\/\/www.area-arch.it\/en\/contemporary-itinerary\/contemporary-itinerary-osaka\/\" \/>\n<meta property=\"og:site_name\" content=\"Area\" \/>\n<meta property=\"article:publisher\" content=\"https:\/\/www.facebook.com\/Area.Arch\" \/>\n<meta property=\"article:modified_time\" content=\"2021-06-28T10:12:08+00:00\" \/>\n<meta property=\"og:image\" content=\"https:\/\/static.tecnichenuove.it\/areaarch\/2021\/04\/Schermata-2021-04-20-alle-11.41.21.jpg\" \/>\n\t<meta property=\"og:image:width\" content=\"1400\" \/>\n\t<meta property=\"og:image:height\" content=\"923\" \/>\n\t<meta property=\"og:image:type\" content=\"image\/jpeg\" \/>\n<script type=\"application\/ld+json\" class=\"yoast-schema-graph\">{\"@context\":\"https:\\\/\\\/schema.org\",\"@graph\":[{\"@type\":\"WebPage\",\"@id\":\"https:\\\/\\\/www.area-arch.it\\\/en\\\/contemporary-itinerary\\\/contemporary-itinerary-osaka\\\/\",\"url\":\"https:\\\/\\\/www.area-arch.it\\\/en\\\/contemporary-itinerary\\\/contemporary-itinerary-osaka\\\/\",\"name\":\"Contemporary itinerary: Osaka | Area\",\"isPartOf\":{\"@id\":\"https:\\\/\\\/www.area-arch.it\\\/en\\\/#website\"},\"primaryImageOfPage\":{\"@id\":\"https:\\\/\\\/www.area-arch.it\\\/en\\\/contemporary-itinerary\\\/contemporary-itinerary-osaka\\\/#primaryimage\"},\"image\":{\"@id\":\"https:\\\/\\\/www.area-arch.it\\\/en\\\/contemporary-itinerary\\\/contemporary-itinerary-osaka\\\/#primaryimage\"},\"thumbnailUrl\":\"https:\\\/\\\/static.tecnichenuove.it\\\/areaarch\\\/2021\\\/04\\\/Schermata-2021-04-20-alle-11.41.21.jpg\",\"datePublished\":\"2021-04-20T13:58:13+00:00\",\"dateModified\":\"2021-06-28T10:12:08+00:00\",\"description\":\"Area 175\",\"breadcrumb\":{\"@id\":\"https:\\\/\\\/www.area-arch.it\\\/en\\\/contemporary-itinerary\\\/contemporary-itinerary-osaka\\\/#breadcrumb\"},\"inLanguage\":\"en-US\",\"potentialAction\":[{\"@type\":\"ReadAction\",\"target\":[\"https:\\\/\\\/www.area-arch.it\\\/en\\\/contemporary-itinerary\\\/contemporary-itinerary-osaka\\\/\"]}]},{\"@type\":\"ImageObject\",\"inLanguage\":\"en-US\",\"@id\":\"https:\\\/\\\/www.area-arch.it\\\/en\\\/contemporary-itinerary\\\/contemporary-itinerary-osaka\\\/#primaryimage\",\"url\":\"https:\\\/\\\/static.tecnichenuove.it\\\/areaarch\\\/2021\\\/04\\\/Schermata-2021-04-20-alle-11.41.21.jpg\",\"contentUrl\":\"https:\\\/\\\/static.tecnichenuove.it\\\/areaarch\\\/2021\\\/04\\\/Schermata-2021-04-20-alle-11.41.21.jpg\",\"width\":1400,\"height\":923},{\"@type\":\"BreadcrumbList\",\"@id\":\"https:\\\/\\\/www.area-arch.it\\\/en\\\/contemporary-itinerary\\\/contemporary-itinerary-osaka\\\/#breadcrumb\",\"itemListElement\":[{\"@type\":\"ListItem\",\"position\":1,\"name\":\"Home\",\"item\":\"https:\\\/\\\/www.area-arch.it\\\/en\\\/homepage-24\\\/\"},{\"@type\":\"ListItem\",\"position\":2,\"name\":\"Itinerary\",\"item\":\"https:\\\/\\\/www.area-arch.it\\\/en\\\/contemporary-itinerary\\\/\"},{\"@type\":\"ListItem\",\"position\":3,\"name\":\"Contemporary itinerary: Osaka\"}]},{\"@type\":\"WebSite\",\"@id\":\"https:\\\/\\\/www.area-arch.it\\\/en\\\/#website\",\"url\":\"https:\\\/\\\/www.area-arch.it\\\/en\\\/\",\"name\":\"Area\",\"description\":\"rivista di architettura e arti del progetto\",\"potentialAction\":[{\"@type\":\"SearchAction\",\"target\":{\"@type\":\"EntryPoint\",\"urlTemplate\":\"https:\\\/\\\/www.area-arch.it\\\/en\\\/?s={search_term_string}\"},\"query-input\":{\"@type\":\"PropertyValueSpecification\",\"valueRequired\":true,\"valueName\":\"search_term_string\"}}],\"inLanguage\":\"en-US\"}]}<\/script>\n<!-- \/ Yoast SEO plugin. -->","yoast_head_json":{"title":"Contemporary itinerary: Osaka | Area","description":"Area 175","robots":{"index":"index","follow":"follow","max-snippet":"max-snippet:-1","max-image-preview":"max-image-preview:large","max-video-preview":"max-video-preview:-1"},"canonical":"https:\/\/www.area-arch.it\/en\/contemporary-itinerary\/contemporary-itinerary-osaka\/","og_locale":"en_US","og_type":"article","og_title":"Contemporary itinerary: Osaka | Area","og_description":"Area 175","og_url":"https:\/\/www.area-arch.it\/en\/contemporary-itinerary\/contemporary-itinerary-osaka\/","og_site_name":"Area","article_publisher":"https:\/\/www.facebook.com\/Area.Arch","article_modified_time":"2021-06-28T10:12:08+00:00","og_image":[{"width":1400,"height":923,"url":"https:\/\/static.tecnichenuove.it\/areaarch\/2021\/04\/Schermata-2021-04-20-alle-11.41.21.jpg","type":"image\/jpeg"}],"schema":{"@context":"https:\/\/schema.org","@graph":[{"@type":"WebPage","@id":"https:\/\/www.area-arch.it\/en\/contemporary-itinerary\/contemporary-itinerary-osaka\/","url":"https:\/\/www.area-arch.it\/en\/contemporary-itinerary\/contemporary-itinerary-osaka\/","name":"Contemporary itinerary: Osaka | Area","isPartOf":{"@id":"https:\/\/www.area-arch.it\/en\/#website"},"primaryImageOfPage":{"@id":"https:\/\/www.area-arch.it\/en\/contemporary-itinerary\/contemporary-itinerary-osaka\/#primaryimage"},"image":{"@id":"https:\/\/www.area-arch.it\/en\/contemporary-itinerary\/contemporary-itinerary-osaka\/#primaryimage"},"thumbnailUrl":"https:\/\/static.tecnichenuove.it\/areaarch\/2021\/04\/Schermata-2021-04-20-alle-11.41.21.jpg","datePublished":"2021-04-20T13:58:13+00:00","dateModified":"2021-06-28T10:12:08+00:00","description":"Area 175","breadcrumb":{"@id":"https:\/\/www.area-arch.it\/en\/contemporary-itinerary\/contemporary-itinerary-osaka\/#breadcrumb"},"inLanguage":"en-US","potentialAction":[{"@type":"ReadAction","target":["https:\/\/www.area-arch.it\/en\/contemporary-itinerary\/contemporary-itinerary-osaka\/"]}]},{"@type":"ImageObject","inLanguage":"en-US","@id":"https:\/\/www.area-arch.it\/en\/contemporary-itinerary\/contemporary-itinerary-osaka\/#primaryimage","url":"https:\/\/static.tecnichenuove.it\/areaarch\/2021\/04\/Schermata-2021-04-20-alle-11.41.21.jpg","contentUrl":"https:\/\/static.tecnichenuove.it\/areaarch\/2021\/04\/Schermata-2021-04-20-alle-11.41.21.jpg","width":1400,"height":923},{"@type":"BreadcrumbList","@id":"https:\/\/www.area-arch.it\/en\/contemporary-itinerary\/contemporary-itinerary-osaka\/#breadcrumb","itemListElement":[{"@type":"ListItem","position":1,"name":"Home","item":"https:\/\/www.area-arch.it\/en\/homepage-24\/"},{"@type":"ListItem","position":2,"name":"Itinerary","item":"https:\/\/www.area-arch.it\/en\/contemporary-itinerary\/"},{"@type":"ListItem","position":3,"name":"Contemporary itinerary: Osaka"}]},{"@type":"WebSite","@id":"https:\/\/www.area-arch.it\/en\/#website","url":"https:\/\/www.area-arch.it\/en\/","name":"Area","description":"rivista di architettura e arti del progetto","potentialAction":[{"@type":"SearchAction","target":{"@type":"EntryPoint","urlTemplate":"https:\/\/www.area-arch.it\/en\/?s={search_term_string}"},"query-input":{"@type":"PropertyValueSpecification","valueRequired":true,"valueName":"search_term_string"}}],"inLanguage":"en-US"}]}},"_links":{"self":[{"href":"https:\/\/www.area-arch.it\/en\/wp-json\/wp\/v2\/pages\/102716","targetHints":{"allow":["GET"]}}],"collection":[{"href":"https:\/\/www.area-arch.it\/en\/wp-json\/wp\/v2\/pages"}],"about":[{"href":"https:\/\/www.area-arch.it\/en\/wp-json\/wp\/v2\/types\/page"}],"author":[{"embeddable":true,"href":"https:\/\/www.area-arch.it\/en\/wp-json\/wp\/v2\/users\/1164"}],"replies":[{"embeddable":true,"href":"https:\/\/www.area-arch.it\/en\/wp-json\/wp\/v2\/comments?post=102716"}],"version-history":[{"count":1,"href":"https:\/\/www.area-arch.it\/en\/wp-json\/wp\/v2\/pages\/102716\/revisions"}],"predecessor-version":[{"id":102855,"href":"https:\/\/www.area-arch.it\/en\/wp-json\/wp\/v2\/pages\/102716\/revisions\/102855"}],"up":[{"embeddable":true,"href":"https:\/\/www.area-arch.it\/en\/wp-json\/wp\/v2\/pages\/29927"}],"wp:featuredmedia":[{"embeddable":true,"href":"https:\/\/www.area-arch.it\/en\/wp-json\/wp\/v2\/media\/102717"}],"wp:attachment":[{"href":"https:\/\/www.area-arch.it\/en\/wp-json\/wp\/v2\/media?parent=102716"}],"curies":[{"name":"wp","href":"https:\/\/api.w.org\/{rel}","templated":true}]}}